{"id":1169802,"date":"2025-07-06T17:42:38","date_gmt":"2025-07-06T17:42:38","guid":{"rendered":"https:\/\/talkpal.ai\/grammar_exercises\/almanca-dilbilgisi-icin-refleksif-verben-alistirmalari\/"},"modified":"2025-07-06T17:42:38","modified_gmt":"2025-07-06T17:42:38","slug":"almanca-dilbilgisi-icin-refleksif-verben-alistirmalari","status":"publish","type":"grammar_exercises","link":"https:\/\/talkpal.ai\/tr\/grammar_exercises\/almanca-dilbilgisi-icin-refleksif-verben-alistirmalari\/","title":{"rendered":"Almanca Dilbilgisi i\u00e7in Refleksif Verben Al\u0131\u015ft\u0131rmalar\u0131"},"content":{"rendered":"<p>Almanca&#8217;da refleksif fiiller g\u00fcnl\u00fck konu\u015fmada s\u0131k\u00e7a kullan\u0131l\u0131r ve \u00f6znenin yapt\u0131\u011f\u0131 eylemin do\u011frudan kendisine y\u00f6nelik oldu\u011funu g\u00f6sterir. Bu al\u0131\u015ft\u0131rmalar, refleksif fiillerin do\u011fru \u00e7ekimini ve kullan\u0131m\u0131n\u0131 peki\u015ftirmenize yard\u0131mc\u0131 olacakt\u0131r.<\/p>\n<h3>Refleksif Fiillerin \u015eimdiki Zaman \u00c7ekimi<\/h3>\n<div class=\"input_sentences\">\n1. Ich *wasche mich* jeden Morgen. (Kendini y\u0131kamak &#8211; \u015fimdiki zaman)<br \/>\n2. Du *ziehst dich* schnell an. (Kendini giydirmek &#8211; \u015fimdiki zaman)<br \/>\n3. Er *k\u00e4mmt sich* vor dem Spiegel. (Kendini taramak &#8211; \u015fimdiki zaman)<br \/>\n4. Wir *freuen uns* auf das Wochenende. (Sevinmek, d\u00f6rt g\u00f6zle beklemek &#8211; \u015fimdiki zaman)<br \/>\n5. Ihr *ruht euch* nach der Arbeit aus. (Dinlenmek &#8211; \u015fimdiki zaman)<br \/>\n6. Sie *setzen sich* auf die Bank. (Oturmak &#8211; \u015fimdiki zaman)<br \/>\n7. Ich *bedanke mich* f\u00fcr das Geschenk. (Te\u015fekk\u00fcr etmek &#8211; \u015fimdiki zaman)<br \/>\n8. Du *entschuldigst dich* bei deinem <a href=\"https:\/\/talkpal.ai\/talkpal-discount-for-teachers\/\">Lehrer<\/a>. (\u00d6z\u00fcr dilemek &#8211; \u015fimdiki zaman)<br \/>\n9. Er *\u00e4rgert sich* \u00fcber den Fehler. (K\u0131zmak &#8211; \u015fimdiki zaman)<br \/>\n10. Wir *treffen uns* um acht Uhr. (Bulu\u015fmak &#8211; \u015fimdiki zaman)\n<\/div>\n<div class=\"exercise\"><\/div>\n<h3>Refleksif Fiillerin Ge\u00e7mi\u015f Zaman (Perfekt) Kullan\u0131m\u0131<\/h3>\n<div class=\"input_sentences\">\n1. Ich *habe mich geduscht*. (Kendini du\u015f almak &#8211; perfekt)<br \/>\n2. Du *hast dich angezogen*. (Kendini giydirmek &#8211; perfekt)<br \/>\n3. Er *hat sich rasiert*. (Kendini t\u0131ra\u015f etmek &#8211; perfekt)<br \/>\n4. Wir *haben uns vorbereitet*. (Haz\u0131rlanmak &#8211; perfekt)<br \/>\n5. Ihr *habt euch ausgeruht*. (Dinlenmek &#8211; perfekt)<br \/>\n6. Sie *haben sich getroffen*. (Bulu\u015fmak &#8211; perfekt)<br \/>\n7. Ich *habe mich gewundert*. (\u015ea\u015f\u0131rmak &#8211; perfekt)<br \/>\n8. Du *hast dich entschuldigt*. (\u00d6z\u00fcr dilemek &#8211; perfekt)<br \/>\n9. Er *hat sich verletzt*. (Yaralanmak &#8211; perfekt)<br \/>\n10. Wir *haben uns am\u00fcsiert*. (E\u011flenmek &#8211; perfekt)\n<\/div>\n<div class=\"exercise\"><\/div>\n","protected":false},"featured_media":1527660,"parent":0,"menu_order":0,"template":"","exercise_language":[20854,20900],"class_list":["post-1169802","grammar_exercises","type-grammar_exercises","status-publish","has-post-thumbnail","hentry","exercise_language-almanca-alistirmalar","exercise_language-fiiller-almanca-dilbilgisi"],"acf":[],"yoast_head":"<!-- This site is optimized with the Yoast SEO Premium plugin v27.2 (Yoast SEO v27.2) - https:\/\/yoast.com\/product\/yoast-seo-premium-wordpress\/ -->\n<title>Almanca Dilbilgisi i\u00e7in Refleksif Verben Al\u0131\u015ft\u0131rmalar\u0131 - Talkpal<\/title>\n<meta name=\"description\" content=\"Almanca&#039;da refleksif fiiller g\u00fcnl\u00fck konu\u015fmada s\u0131k\u00e7a kullan\u0131l\u0131r ve \u00f6znenin yapt\u0131\u011f\u0131 eylemin do\u011frudan kendisine y\u00f6nelik oldu\u011funu g\u00f6sterir. Bu al\u0131\u015ft\u0131rmalar,\" \/>\n<meta name=\"robots\" content=\"index, follow, max-snippet:-1, max-image-preview:large, max-video-preview:-1\" \/>\n<link rel=\"canonical\" href=\"https:\/\/talkpal.ai\/tr\/grammar_exercises\/almanca-dilbilgisi-icin-refleksif-verben-alistirmalari\/\" \/>\n<meta property=\"og:locale\" content=\"tr_TR\" \/>\n<meta property=\"og:type\" content=\"article\" \/>\n<meta property=\"og:title\" content=\"Almanca Dilbilgisi i\u00e7in Refleksif Verben Al\u0131\u015ft\u0131rmalar\u0131\" \/>\n<meta property=\"og:description\" content=\"Almanca&#039;da refleksif fiiller g\u00fcnl\u00fck konu\u015fmada s\u0131k\u00e7a kullan\u0131l\u0131r ve \u00f6znenin yapt\u0131\u011f\u0131 eylemin do\u011frudan kendisine y\u00f6nelik oldu\u011funu g\u00f6sterir. Bu al\u0131\u015ft\u0131rmalar,\" \/>\n<meta property=\"og:url\" content=\"https:\/\/talkpal.ai\/tr\/grammar_exercises\/almanca-dilbilgisi-icin-refleksif-verben-alistirmalari\/\" \/>\n<meta property=\"og:site_name\" content=\"Talkpal\" \/>\n<meta property=\"article:publisher\" content=\"https:\/\/www.facebook.com\/profile.php?id=100090733639311\" \/>\n<meta property=\"og:image\" content=\"https:\/\/talkpal.ai\/wp-content\/uploads\/2025\/02\/Progress-tab-16_9.png\" \/>\n\t<meta property=\"og:image:width\" content=\"2880\" \/>\n\t<meta property=\"og:image:height\" content=\"1620\" \/>\n\t<meta property=\"og:image:type\" content=\"image\/png\" \/>\n<meta name=\"twitter:card\" content=\"summary_large_image\" \/>\n<meta name=\"twitter:site\" content=\"@talkpalai\" \/>\n<meta name=\"twitter:label1\" content=\"Tahmini okuma s\u00fcresi\" \/>\n\t<meta name=\"twitter:data1\" content=\"1 dakika\" \/>\n<script type=\"application\/ld+json\" class=\"yoast-schema-graph\">{\"@context\":\"https:\/\/schema.org\",\"@graph\":[{\"@type\":\"WebPage\",\"@id\":\"https:\/\/talkpal.ai\/tr\/grammar_exercises\/almanca-dilbilgisi-icin-refleksif-verben-alistirmalari\/\",\"url\":\"https:\/\/talkpal.ai\/tr\/grammar_exercises\/almanca-dilbilgisi-icin-refleksif-verben-alistirmalari\/\",\"name\":\"Almanca Dilbilgisi i\u00e7in Refleksif Verben Al\u0131\u015ft\u0131rmalar\u0131 - Talkpal\",\"isPartOf\":{\"@id\":\"https:\/\/talkpal.ai\/tr\/#website\"},\"primaryImageOfPage\":{\"@id\":\"https:\/\/talkpal.ai\/tr\/grammar_exercises\/almanca-dilbilgisi-icin-refleksif-verben-alistirmalari\/#primaryimage\"},\"image\":{\"@id\":\"https:\/\/talkpal.ai\/tr\/grammar_exercises\/almanca-dilbilgisi-icin-refleksif-verben-alistirmalari\/#primaryimage\"},\"thumbnailUrl\":\"https:\/\/talkpal.ai\/wp-content\/uploads\/2025\/12\/friends-open-laptops-to-learn-languages.webp\",\"datePublished\":\"2025-07-06T17:42:38+00:00\",\"description\":\"Almanca'da refleksif fiiller g\u00fcnl\u00fck konu\u015fmada s\u0131k\u00e7a kullan\u0131l\u0131r ve \u00f6znenin yapt\u0131\u011f\u0131 eylemin do\u011frudan kendisine y\u00f6nelik oldu\u011funu g\u00f6sterir. Bu al\u0131\u015ft\u0131rmalar,\",\"breadcrumb\":{\"@id\":\"https:\/\/talkpal.ai\/tr\/grammar_exercises\/almanca-dilbilgisi-icin-refleksif-verben-alistirmalari\/#breadcrumb\"},\"inLanguage\":\"tr\",\"potentialAction\":[{\"@type\":\"ReadAction\",\"target\":[\"https:\/\/talkpal.ai\/tr\/grammar_exercises\/almanca-dilbilgisi-icin-refleksif-verben-alistirmalari\/\"]}]},{\"@type\":\"ImageObject\",\"inLanguage\":\"tr\",\"@id\":\"https:\/\/talkpal.ai\/tr\/grammar_exercises\/almanca-dilbilgisi-icin-refleksif-verben-alistirmalari\/#primaryimage\",\"url\":\"https:\/\/talkpal.ai\/wp-content\/uploads\/2025\/12\/friends-open-laptops-to-learn-languages.webp\",\"contentUrl\":\"https:\/\/talkpal.ai\/wp-content\/uploads\/2025\/12\/friends-open-laptops-to-learn-languages.webp\",\"width\":1200,\"height\":896,\"caption\":\"Three friends sit at a table with laptops and workbooks while learning languages at sunset.\"},{\"@type\":\"BreadcrumbList\",\"@id\":\"https:\/\/talkpal.ai\/tr\/grammar_exercises\/almanca-dilbilgisi-icin-refleksif-verben-alistirmalari\/#breadcrumb\",\"itemListElement\":[{\"@type\":\"ListItem\",\"position\":1,\"name\":\"Homepage\",\"item\":\"https:\/\/talkpal.ai\/tr\/\"},{\"@type\":\"ListItem\",\"position\":2,\"name\":\"Almanca Dilbilgisi i\u00e7in Refleksif Verben Al\u0131\u015ft\u0131rmalar\u0131\"}]},{\"@type\":\"WebSite\",\"@id\":\"https:\/\/talkpal.ai\/tr\/#website\",\"url\":\"https:\/\/talkpal.ai\/tr\/\",\"name\":\"Talkpal\",\"description\":\"AI Language Learning\",\"publisher\":{\"@id\":\"https:\/\/talkpal.ai\/tr\/#organization\"},\"alternateName\":\"Talkpal AI\",\"potentialAction\":[{\"@type\":\"SearchAction\",\"target\":{\"@type\":\"EntryPoint\",\"urlTemplate\":\"https:\/\/talkpal.ai\/tr\/?s={search_term_string}\"},\"query-input\":{\"@type\":\"PropertyValueSpecification\",\"valueRequired\":true,\"valueName\":\"search_term_string\"}}],\"inLanguage\":\"tr\"},{\"@type\":\"Organization\",\"@id\":\"https:\/\/talkpal.ai\/tr\/#organization\",\"name\":\"Talkpal, Inc.\",\"alternateName\":\"Talkpal AI\",\"url\":\"https:\/\/talkpal.ai\/tr\/\",\"logo\":{\"@type\":\"ImageObject\",\"inLanguage\":\"tr\",\"@id\":\"https:\/\/talkpal.ai\/tr\/#\/schema\/logo\/image\/\",\"url\":\"https:\/\/talkpal.ai\/wp-content\/uploads\/2024\/03\/Talkpal-Logo-Icon.png\",\"contentUrl\":\"https:\/\/talkpal.ai\/wp-content\/uploads\/2024\/03\/Talkpal-Logo-Icon.png\",\"width\":2880,\"height\":2880,\"caption\":\"Talkpal, Inc.\"},\"image\":{\"@id\":\"https:\/\/talkpal.ai\/tr\/#\/schema\/logo\/image\/\"},\"sameAs\":[\"https:\/\/www.facebook.com\/profile.php?id=100090733639311\",\"https:\/\/x.com\/talkpalai\",\"https:\/\/www.linkedin.com\/company\/talkpal\/\",\"https:\/\/www.youtube.com\/@TalkPal\/\",\"https:\/\/www.tiktok.com\/@talkpal\",\"https:\/\/www.instagram.com\/talkpal_ai\/\",\"https:\/\/www.crunchbase.com\/organization\/talkpal-9cde\",\"https:\/\/www.g2.com\/products\/talkpal-for-business\/\",\"https:\/\/www.trustpilot.com\/review\/talkpal.ai\",\"https:\/\/www.capterra.com\/p\/10006800\/TalkPal\/\"],\"description\":\"Talkpal is a language learning web and mobile education app, powered by the latest AI technologies, that provides engaging experiences to its customers in many different languages to help them improve their language skills. Users can chat about unlimited amount of topics with the app and use other modes to practice their language learning.\",\"email\":\"support@talkpal.ai\",\"legalName\":\"Talkpal, Inc.\",\"foundingDate\":\"2023-04-03\",\"duns\":\"118989042\",\"numberOfEmployees\":{\"@type\":\"QuantitativeValue\",\"minValue\":\"11\",\"maxValue\":\"50\"},\"publishingPrinciples\":\"https:\/\/talkpal.ai\/publishing-principles\/\",\"actionableFeedbackPolicy\":\"https:\/\/talkpal.ai\/actionable-feedback-policy\/\",\"correctionsPolicy\":\"https:\/\/talkpal.ai\/corrections-policy\/\",\"ethicsPolicy\":\"https:\/\/talkpal.ai\/ethics-policy\/\",\"diversityPolicy\":\"https:\/\/talkpal.ai\/diversity-policy\/\",\"diversityStaffingReport\":\"https:\/\/talkpal.ai\/diversity-policy\/\"}]}<\/script>\n<!-- \/ Yoast SEO Premium plugin. -->","yoast_head_json":{"title":"Almanca Dilbilgisi i\u00e7in Refleksif Verben Al\u0131\u015ft\u0131rmalar\u0131 - Talkpal","description":"Almanca'da refleksif fiiller g\u00fcnl\u00fck konu\u015fmada s\u0131k\u00e7a kullan\u0131l\u0131r ve \u00f6znenin yapt\u0131\u011f\u0131 eylemin do\u011frudan kendisine y\u00f6nelik oldu\u011funu g\u00f6sterir. Bu al\u0131\u015ft\u0131rmalar,","robots":{"index":"index","follow":"follow","max-snippet":"max-snippet:-1","max-image-preview":"max-image-preview:large","max-video-preview":"max-video-preview:-1"},"canonical":"https:\/\/talkpal.ai\/tr\/grammar_exercises\/almanca-dilbilgisi-icin-refleksif-verben-alistirmalari\/","og_locale":"tr_TR","og_type":"article","og_title":"Almanca Dilbilgisi i\u00e7in Refleksif Verben Al\u0131\u015ft\u0131rmalar\u0131","og_description":"Almanca'da refleksif fiiller g\u00fcnl\u00fck konu\u015fmada s\u0131k\u00e7a kullan\u0131l\u0131r ve \u00f6znenin yapt\u0131\u011f\u0131 eylemin do\u011frudan kendisine y\u00f6nelik oldu\u011funu g\u00f6sterir. Bu al\u0131\u015ft\u0131rmalar,","og_url":"https:\/\/talkpal.ai\/tr\/grammar_exercises\/almanca-dilbilgisi-icin-refleksif-verben-alistirmalari\/","og_site_name":"Talkpal","article_publisher":"https:\/\/www.facebook.com\/profile.php?id=100090733639311","og_image":[{"width":2880,"height":1620,"url":"https:\/\/talkpal.ai\/wp-content\/uploads\/2025\/02\/Progress-tab-16_9.png","type":"image\/png"}],"twitter_card":"summary_large_image","twitter_site":"@talkpalai","twitter_misc":{"Tahmini okuma s\u00fcresi":"1 dakika"},"schema":{"@context":"https:\/\/schema.org","@graph":[{"@type":"WebPage","@id":"https:\/\/talkpal.ai\/tr\/grammar_exercises\/almanca-dilbilgisi-icin-refleksif-verben-alistirmalari\/","url":"https:\/\/talkpal.ai\/tr\/grammar_exercises\/almanca-dilbilgisi-icin-refleksif-verben-alistirmalari\/","name":"Almanca Dilbilgisi i\u00e7in Refleksif Verben Al\u0131\u015ft\u0131rmalar\u0131 - Talkpal","isPartOf":{"@id":"https:\/\/talkpal.ai\/tr\/#website"},"primaryImageOfPage":{"@id":"https:\/\/talkpal.ai\/tr\/grammar_exercises\/almanca-dilbilgisi-icin-refleksif-verben-alistirmalari\/#primaryimage"},"image":{"@id":"https:\/\/talkpal.ai\/tr\/grammar_exercises\/almanca-dilbilgisi-icin-refleksif-verben-alistirmalari\/#primaryimage"},"thumbnailUrl":"https:\/\/talkpal.ai\/wp-content\/uploads\/2025\/12\/friends-open-laptops-to-learn-languages.webp","datePublished":"2025-07-06T17:42:38+00:00","description":"Almanca'da refleksif fiiller g\u00fcnl\u00fck konu\u015fmada s\u0131k\u00e7a kullan\u0131l\u0131r ve \u00f6znenin yapt\u0131\u011f\u0131 eylemin do\u011frudan kendisine y\u00f6nelik oldu\u011funu g\u00f6sterir. Bu al\u0131\u015ft\u0131rmalar,","breadcrumb":{"@id":"https:\/\/talkpal.ai\/tr\/grammar_exercises\/almanca-dilbilgisi-icin-refleksif-verben-alistirmalari\/#breadcrumb"},"inLanguage":"tr","potentialAction":[{"@type":"ReadAction","target":["https:\/\/talkpal.ai\/tr\/grammar_exercises\/almanca-dilbilgisi-icin-refleksif-verben-alistirmalari\/"]}]},{"@type":"ImageObject","inLanguage":"tr","@id":"https:\/\/talkpal.ai\/tr\/grammar_exercises\/almanca-dilbilgisi-icin-refleksif-verben-alistirmalari\/#primaryimage","url":"https:\/\/talkpal.ai\/wp-content\/uploads\/2025\/12\/friends-open-laptops-to-learn-languages.webp","contentUrl":"https:\/\/talkpal.ai\/wp-content\/uploads\/2025\/12\/friends-open-laptops-to-learn-languages.webp","width":1200,"height":896,"caption":"Three friends sit at a table with laptops and workbooks while learning languages at sunset."},{"@type":"BreadcrumbList","@id":"https:\/\/talkpal.ai\/tr\/grammar_exercises\/almanca-dilbilgisi-icin-refleksif-verben-alistirmalari\/#breadcrumb","itemListElement":[{"@type":"ListItem","position":1,"name":"Homepage","item":"https:\/\/talkpal.ai\/tr\/"},{"@type":"ListItem","position":2,"name":"Almanca Dilbilgisi i\u00e7in Refleksif Verben Al\u0131\u015ft\u0131rmalar\u0131"}]},{"@type":"WebSite","@id":"https:\/\/talkpal.ai\/tr\/#website","url":"https:\/\/talkpal.ai\/tr\/","name":"Talkpal","description":"AI Language Learning","publisher":{"@id":"https:\/\/talkpal.ai\/tr\/#organization"},"alternateName":"Talkpal AI","potentialAction":[{"@type":"SearchAction","target":{"@type":"EntryPoint","urlTemplate":"https:\/\/talkpal.ai\/tr\/?s={search_term_string}"},"query-input":{"@type":"PropertyValueSpecification","valueRequired":true,"valueName":"search_term_string"}}],"inLanguage":"tr"},{"@type":"Organization","@id":"https:\/\/talkpal.ai\/tr\/#organization","name":"Talkpal, Inc.","alternateName":"Talkpal AI","url":"https:\/\/talkpal.ai\/tr\/","logo":{"@type":"ImageObject","inLanguage":"tr","@id":"https:\/\/talkpal.ai\/tr\/#\/schema\/logo\/image\/","url":"https:\/\/talkpal.ai\/wp-content\/uploads\/2024\/03\/Talkpal-Logo-Icon.png","contentUrl":"https:\/\/talkpal.ai\/wp-content\/uploads\/2024\/03\/Talkpal-Logo-Icon.png","width":2880,"height":2880,"caption":"Talkpal, Inc."},"image":{"@id":"https:\/\/talkpal.ai\/tr\/#\/schema\/logo\/image\/"},"sameAs":["https:\/\/www.facebook.com\/profile.php?id=100090733639311","https:\/\/x.com\/talkpalai","https:\/\/www.linkedin.com\/company\/talkpal\/","https:\/\/www.youtube.com\/@TalkPal\/","https:\/\/www.tiktok.com\/@talkpal","https:\/\/www.instagram.com\/talkpal_ai\/","https:\/\/www.crunchbase.com\/organization\/talkpal-9cde","https:\/\/www.g2.com\/products\/talkpal-for-business\/","https:\/\/www.trustpilot.com\/review\/talkpal.ai","https:\/\/www.capterra.com\/p\/10006800\/TalkPal\/"],"description":"Talkpal is a language learning web and mobile education app, powered by the latest AI technologies, that provides engaging experiences to its customers in many different languages to help them improve their language skills. Users can chat about unlimited amount of topics with the app and use other modes to practice their language learning.","email":"support@talkpal.ai","legalName":"Talkpal, Inc.","foundingDate":"2023-04-03","duns":"118989042","numberOfEmployees":{"@type":"QuantitativeValue","minValue":"11","maxValue":"50"},"publishingPrinciples":"https:\/\/talkpal.ai\/publishing-principles\/","actionableFeedbackPolicy":"https:\/\/talkpal.ai\/actionable-feedback-policy\/","correctionsPolicy":"https:\/\/talkpal.ai\/corrections-policy\/","ethicsPolicy":"https:\/\/talkpal.ai\/ethics-policy\/","diversityPolicy":"https:\/\/talkpal.ai\/diversity-policy\/","diversityStaffingReport":"https:\/\/talkpal.ai\/diversity-policy\/"}]}},"_links":{"self":[{"href":"https:\/\/talkpal.ai\/tr\/wp-json\/wp\/v2\/grammar_exercises\/1169802","targetHints":{"allow":["GET"]}}],"collection":[{"href":"https:\/\/talkpal.ai\/tr\/wp-json\/wp\/v2\/grammar_exercises"}],"about":[{"href":"https:\/\/talkpal.ai\/tr\/wp-json\/wp\/v2\/types\/grammar_exercises"}],"wp:featuredmedia":[{"embeddable":true,"href":"https:\/\/talkpal.ai\/tr\/wp-json\/wp\/v2\/media\/1527660"}],"wp:attachment":[{"href":"https:\/\/talkpal.ai\/tr\/wp-json\/wp\/v2\/media?parent=1169802"}],"wp:term":[{"taxonomy":"exercise_language","embeddable":true,"href":"https:\/\/talkpal.ai\/tr\/wp-json\/wp\/v2\/exercise_language?post=1169802"}],"curies":[{"name":"wp","href":"https:\/\/api.w.org\/{rel}","templated":true}]}}