{"id":1081052,"date":"2025-07-02T01:03:50","date_gmt":"2025-07-02T01:03:50","guid":{"rendered":"https:\/\/talkpal.ai\/grammar\/ispanyolca-dilbilgisinde-imperfecto\/"},"modified":"2025-07-02T01:03:50","modified_gmt":"2025-07-02T01:03:50","slug":"ispanyolca-dilbilgisinde-imperfecto","status":"publish","type":"grammar","link":"https:\/\/talkpal.ai\/tr\/grammar\/ispanyolca-dilbilgisinde-imperfecto\/","title":{"rendered":"\u0130spanyolca Dilbilgisinde Imperfecto"},"content":{"rendered":"<p>\u0130spanyolca dilbilgisinde zamanlar, dili etkili bir \u015fekilde kullanmak ve anlamak i\u00e7in temel bir yere sahiptir. Bu zamanlardan biri olan &#8220;Imperfecto&#8221;, ge\u00e7mi\u015fteki al\u0131\u015fkanl\u0131klar\u0131, devam eden eylemleri veya arka plan a\u00e7\u0131klamalar\u0131n\u0131 ifade etmek i\u00e7in kullan\u0131l\u0131r. \u0130spanyolca \u00f6\u011frenenler i\u00e7in Imperfecto&#8217;yu do\u011fru anlamak ve uygulamak, ileti\u015fimde ak\u0131c\u0131l\u0131\u011f\u0131 art\u0131r\u0131r ve anlat\u0131m\u0131 zenginle\u015ftirir. \u00d6zellikle Talkpal gibi etkile\u015fimli dil \u00f6\u011frenme platformlar\u0131yla Imperfecto zaman\u0131n\u0131 uygulayarak, ger\u00e7ek hayatta bu zaman\u0131 do\u011fru kullanmak m\u00fcmk\u00fcnd\u00fcr. Bu makalede, \u0130spanyolca dilbilgisinde Imperfecto&#8217;nun kullan\u0131m\u0131, kurallar\u0131, \u00f6rnekleri ve s\u0131k yap\u0131lan hatalar detayl\u0131 bir \u015fekilde ele al\u0131nacakt\u0131r.<\/p>\n<h2>\u0130spanyolca Imperfecto Zaman\u0131n\u0131n Tan\u0131m\u0131<\/h2>\n<p>\u0130spanyolca&#8217;da Imperfecto, ge\u00e7mi\u015fte s\u0131k\u00e7a tekrar eden, devam eden veya al\u0131\u015fkanl\u0131k haline gelmi\u015f eylemleri anlatmak i\u00e7in kullan\u0131lan bir ge\u00e7mi\u015f zaman t\u00fcr\u00fcd\u00fcr. &#8220;Imperfect tense&#8221; olarak da bilinir ve \u0130ngilizce\u2019deki &#8220;used to&#8221; ya da &#8220;was\/were + -ing&#8221; yap\u0131lar\u0131na benzer bir i\u015flev g\u00f6r\u00fcr.<\/p>\n<h3>\u0130mperfecto&#8217;nun Temel \u00d6zellikleri<\/h3>\n<ul>\n<li>Ge\u00e7mi\u015fte tekrar eden veya al\u0131\u015fkanl\u0131k haline gelmi\u015f eylemleri anlat\u0131r.<\/li>\n<li>Olaylar\u0131n arka plan\u0131n\u0131, ortam\u0131n\u0131 veya ko\u015fullar\u0131n\u0131 betimler.<\/li>\n<li>Eylemin ne zaman ba\u015flad\u0131\u011f\u0131 ya da bitti\u011fi \u00f6nemli de\u011fildir, \u00f6nemli olan eylemin devam eden niteli\u011fidir.<\/li>\n<\/ul>\n<h3>\u0130mperfecto&#8217;nun Kullan\u0131ld\u0131\u011f\u0131 Durumlar<\/h3>\n<ul>\n<li>Ge\u00e7mi\u015fteki al\u0131\u015fkanl\u0131klar: <em>Cuando era ni\u00f1o, jugaba en el parque.<\/em> (\u00c7ocukken parkta oynard\u0131m.)<\/li>\n<li>Devam eden ge\u00e7mi\u015f eylemler: <em>Mientras estudiaba, escuchaba m\u00fasica.<\/em> (Ders \u00e7al\u0131\u015f\u0131rken m\u00fczik dinliyordum.)<\/li>\n<li>Arka plan veya ortam betimlemesi: <em>Hac\u00eda calor y el sol brillaba.<\/em> (Hava s\u0131cakt\u0131 ve g\u00fcne\u015f parl\u0131yordu.)<\/li>\n<li>Ge\u00e7mi\u015fteki ruh hali, sa\u011fl\u0131k durumu, ya\u015f gibi bilgiler: <em>Ten\u00eda diez a\u00f1os.<\/em> (On ya\u015f\u0131ndayd\u0131m.)<\/li>\n<\/ul>\n<h2>\u0130spanyolca Imperfecto Zaman\u0131n\u0131n Olu\u015fumu<\/h2>\n<p>\u0130mperfecto, d\u00fczenli ve d\u00fczensiz fiillerde farkl\u0131 eklerle \u00e7ekimlenir. Temelde \u00fc\u00e7 fiil tipi vard\u0131r: -ar, -er ve -ir ile biten fiiller. <\/p>\n<h3>D\u00fczenli Fiillerde Imperfecto \u00c7ekimi<\/h3>\n<p><b>-ar ile biten fiiller (\u00f6rnek: hablar &#8211; konu\u015fmak)<\/b><\/p>\n<ul>\n<li>yo hablaba<\/li>\n<li>t\u00fa hablabas<\/li>\n<li>\u00e9l\/ella\/usted hablaba<\/li>\n<li>nosotros\/nosotras habl\u00e1bamos<\/li>\n<li>vosotros\/vosotras hablabais<\/li>\n<li>ellos\/ellas\/ustedes hablaban<\/li>\n<\/ul>\n<p><b>-er ile biten fiiller (\u00f6rnek: comer &#8211; yemek)<\/b><\/p>\n<ul>\n<li>yo com\u00eda<\/li>\n<li>t\u00fa com\u00edas<\/li>\n<li>\u00e9l\/ella\/usted com\u00eda<\/li>\n<li>nosotros\/nosotras com\u00edamos<\/li>\n<li>vosotros\/vosotras com\u00edais<\/li>\n<li>ellos\/ellas\/ustedes com\u00edan<\/li>\n<\/ul>\n<p><b>-ir ile biten fiiller (\u00f6rnek: vivir &#8211; ya\u015famak)<\/b><\/p>\n<ul>\n<li>yo viv\u00eda<\/li>\n<li>t\u00fa viv\u00edas<\/li>\n<li>\u00e9l\/ella\/usted viv\u00eda<\/li>\n<li>nosotros\/nosotras viv\u00edamos<\/li>\n<li>vosotros\/vosotras viv\u00edais<\/li>\n<li>ellos\/ellas\/ustedes viv\u00edan<\/li>\n<\/ul>\n<h3>D\u00fczensiz Fiillerde Imperfecto \u00c7ekimi<\/h3>\n<p>\u0130spanyolca\u2019da Imperfecto zaman\u0131nda sadece \u00fc\u00e7 d\u00fczensiz fiil bulunur:<\/p>\n<ul>\n<li><b>ser (olmak)<\/b>\n<ul>\n<li>yo era<\/li>\n<li>t\u00fa eras<\/li>\n<li>\u00e9l\/ella\/usted era<\/li>\n<li>nosotros\/nosotras \u00e9ramos<\/li>\n<li>vosotros\/vosotras erais<\/li>\n<li>ellos\/ellas\/ustedes eran<\/li>\n<\/ul>\n<\/li>\n<li><b>ir (gitmek)<\/b>\n<ul>\n<li>yo iba<\/li>\n<li>t\u00fa ibas<\/li>\n<li>\u00e9l\/ella\/usted iba<\/li>\n<li>nosotros\/nosotras \u00edbamos<\/li>\n<li>vosotros\/vosotras ibais<\/li>\n<li>ellos\/ellas\/ustedes iban<\/li>\n<\/ul>\n<\/li>\n<li><b>ver (g\u00f6rmek)<\/b>\n<ul>\n<li>yo ve\u00eda<\/li>\n<li>t\u00fa ve\u00edas<\/li>\n<li>\u00e9l\/ella\/usted ve\u00eda<\/li>\n<li>nosotros\/nosotras ve\u00edamos<\/li>\n<li>vosotros\/vosotras ve\u00edais<\/li>\n<li>ellos\/ellas\/ustedes ve\u00edan<\/li>\n<\/ul>\n<\/li>\n<\/ul>\n<h2>\u0130mperfecto\u2019nun Kullan\u0131m Alanlar\u0131<\/h2>\n<p>\u0130spanyolca dilbilgisinde Imperfecto zaman\u0131n\u0131n \u00e7ok y\u00f6nl\u00fc kullan\u0131m alanlar\u0131 vard\u0131r. A\u015fa\u011f\u0131da bu zaman\u0131n en yayg\u0131n kullan\u0131m \u015fekilleri detayl\u0131 olarak a\u00e7\u0131klanm\u0131\u015ft\u0131r.<\/p>\n<h3>1. Ge\u00e7mi\u015fteki Al\u0131\u015fkanl\u0131klar ve Rutinler<\/h3>\n<ul>\n<li><b>Her g\u00fcn yap\u0131lan eylemler:<\/b> <em>Siempre desayunaba a las ocho.<\/em> (Her zaman saat sekizde kahvalt\u0131 yapard\u0131m.)<\/li>\n<li><b>\u00c7ocukluk an\u0131lar\u0131:<\/b> <em>De peque\u00f1o, jugaba con mis amigos.<\/em> (K\u00fc\u00e7\u00fckken arkada\u015flar\u0131mla oynard\u0131m.)<\/li>\n<\/ul>\n<h3>2. Devam Eden Ge\u00e7mi\u015f Eylemler<\/h3>\n<ul>\n<li><b>Belli bir anda devam eden bir eylem:<\/b> <em>Estudiaba cuando me llamaste.<\/em> (Sen arad\u0131\u011f\u0131nda ders \u00e7al\u0131\u015f\u0131yordum.)<\/li>\n<li><b>Bir arka plan olu\u015fturma:<\/b> <em>Mientras llov\u00eda, le\u00eda un libro.<\/em> (Ya\u011fmur ya\u011farken kitap okuyordum.)<\/li>\n<\/ul>\n<h3>3. Zaman, Ya\u015f, Hava Durumu ve Ruh Hali<\/h3>\n<ul>\n<li><b>Zaman belirtme:<\/b> <em>Eran las cinco de la tarde.<\/em> (Saat \u00f6\u011fleden sonra be\u015fti.)<\/li>\n<li><b>Ya\u015f belirtme:<\/b> <em>Ten\u00eda veinte a\u00f1os.<\/em> (Yirmi ya\u015f\u0131ndayd\u0131m.)<\/li>\n<li><b>Hava durumu:<\/b> <em>Hac\u00eda fr\u00edo.<\/em> (Hava so\u011fuktu.)<\/li>\n<li><b>Duygular ve ruh hali:<\/b> <em>Estaba triste.<\/em> (\u00dczg\u00fcnd\u00fcm.)<\/li>\n<\/ul>\n<h3>4. Hikaye ve Anlat\u0131larda Arka Plan Betimlemesi<\/h3>\n<ul>\n<li><b>Olaylar\u0131n ger\u00e7ekle\u015fti\u011fi ortam\u0131 tan\u0131mlama:<\/b> <em>La casa era grande y antigua.<\/em> (Ev b\u00fcy\u00fck ve eskiydi.)<\/li>\n<li><b>K\u0131sa s\u00fcrede bitmeyen eylemler:<\/b> <em>Viv\u00edamos en Madrid en esa \u00e9poca.<\/em> (O zamanlar Madrid\u2019de ya\u015f\u0131yorduk.)<\/li>\n<\/ul>\n<h2>\u0130mperfecto ile Indefinido Aras\u0131ndaki Farklar<\/h2>\n<p>\u0130spanyolca dilbilgisinde, ge\u00e7mi\u015f zamanlarda en \u00e7ok kar\u0131\u015ft\u0131r\u0131lan iki zaman Imperfecto ve Indefinido\u2019dur. Bu iki zaman, anlam ve kullan\u0131m a\u00e7\u0131s\u0131ndan belirgin farklara sahiptir.<\/p>\n<h3>\u0130mperfecto<\/h3>\n<ul>\n<li>Ge\u00e7mi\u015fte devam eden, al\u0131\u015fkanl\u0131k veya tekrar eden eylemler i\u00e7in kullan\u0131l\u0131r.<\/li>\n<li>Eylemin ba\u015flang\u0131\u00e7 veya biti\u015f zaman\u0131 \u00f6nemli de\u011fildir.<\/li>\n<li>\u00c7o\u011funlukla bir olay\u0131n arka plan\u0131n\u0131, ortam\u0131n\u0131 tan\u0131mlar.<\/li>\n<\/ul>\n<h3>Indefinido<\/h3>\n<ul>\n<li>Ge\u00e7mi\u015fte tamamlanm\u0131\u015f, bitmi\u015f eylemler i\u00e7in kullan\u0131l\u0131r.<\/li>\n<li>Ba\u015flang\u0131\u00e7 ve biti\u015f noktas\u0131 bellidir.<\/li>\n<li>Belli bir anda ger\u00e7ekle\u015fmi\u015f olaylar\u0131 anlat\u0131r.<\/li>\n<\/ul>\n<p><b>\u00d6rneklerle Kar\u015f\u0131la\u015ft\u0131rma:<\/b><\/p>\n<ul>\n<li><em>Cuando era ni\u00f1o, jugaba al f\u00fatbol cada d\u00eda.<\/em> (Imperfecto) &#8211; \u00c7ocukken her g\u00fcn futbol oynard\u0131m.<\/li>\n<li><em>Ayer jugu\u00e9 al f\u00fatbol.<\/em> (Indefinido) &#8211; D\u00fcn futbol oynad\u0131m.<\/li>\n<\/ul>\n<h2>\u0130mperfecto Zaman\u0131nda S\u0131k Yap\u0131lan Hatalar<\/h2>\n<p>\u0130spanyolca Imperfecto zaman\u0131n\u0131 \u00f6\u011frenirken yap\u0131lan en yayg\u0131n hatalar\u0131n ba\u015f\u0131nda, Indefinido ile kar\u0131\u015ft\u0131r\u0131lmas\u0131 gelir. Bunun d\u0131\u015f\u0131nda a\u015fa\u011f\u0131daki hatalar da s\u0131k\u00e7a g\u00f6r\u00fcl\u00fcr:<\/p>\n<ul>\n<li><b>Zaman uyumsuzlu\u011fu:<\/b> Ge\u00e7mi\u015fte tek seferlik bir eylemde Imperfecto kullanmak.<\/li>\n<li><b>Yanl\u0131\u015f fiil \u00e7ekimi:<\/b> D\u00fczensiz fiillerde do\u011fru \u00e7ekim eklerini kullanmamak.<\/li>\n<li><b>Yanl\u0131\u015f kullan\u0131m:<\/b> Al\u0131\u015fkanl\u0131k veya arka plan anlat\u0131mlar\u0131nda Indefinido kullanmak.<\/li>\n<\/ul>\n<h2>\u0130mperfecto Kullan\u0131m\u0131n\u0131 Geli\u015ftirmek i\u00e7in \u0130pu\u00e7lar\u0131<\/h2>\n<p>\u0130spanyolca&#8217;da Imperfecto zaman\u0131n\u0131 etkili ve do\u011fru bir \u015fekilde kullanmak i\u00e7in a\u015fa\u011f\u0131daki ipu\u00e7lar\u0131ndan faydalanabilirsiniz:<\/p>\n<ul>\n<li><b>\u00c7ok\u00e7a pratik yap\u0131n:<\/b> G\u00fcnl\u00fck ya\u015fant\u0131n\u0131zdan ge\u00e7mi\u015fte yapt\u0131\u011f\u0131n\u0131z al\u0131\u015fkanl\u0131klar\u0131 anlatan c\u00fcmleler kurun.<\/li>\n<li><b>Dinleme ve okuma \u00e7al\u0131\u015fmalar\u0131 yap\u0131n:<\/b> \u0130spanyolca hikaye ve diyaloglarda Imperfecto\u2019nun kullan\u0131m\u0131na dikkat edin.<\/li>\n<li><b>Fiil \u00e7ekimlerini ezberleyin:<\/b> D\u00fczenli ve d\u00fczensiz fiillerin Imperfecto \u00e7ekimlerini \u00e7al\u0131\u015f\u0131n.<\/li>\n<li><b>Talkpal gibi interaktif uygulamalardan yararlan\u0131n:<\/b> Ger\u00e7ek diyaloglarda Imperfecto\u2019yu pratik yapma f\u0131rsat\u0131 bulun.<\/li>\n<\/ul>\n<h2>\u0130mperfecto Zaman\u0131nda Kullan\u0131lan S\u0131k Zarflar ve \u0130fadeler<\/h2>\n<p>\u0130mperfecto zaman\u0131nda s\u0131k\u00e7a kar\u015f\u0131la\u015f\u0131lan baz\u0131 zaman zarflar\u0131 ve ifadeler \u015funlard\u0131r:<\/p>\n<ul>\n<li>siempre (her zaman)<\/li>\n<li>generalmente (genellikle)<\/li>\n<li>normalmente (normalde)<\/li>\n<li>a menudo (s\u0131k s\u0131k)<\/li>\n<li>cada d\u00eda\/semana\/a\u00f1o (her g\u00fcn\/hafta\/y\u0131l)<\/li>\n<li>antes (\u00f6nceden)<\/li>\n<li>de peque\u00f1o\/de ni\u00f1o (k\u00fc\u00e7\u00fckken\/\u00e7ocukken)<\/li>\n<li>mientras (\u2026iken)<\/li>\n<\/ul>\n<h2>\u0130mperfecto ile \u0130lgili Detayl\u0131 \u00d6rnek C\u00fcmleler<\/h2>\n<p>A\u015fa\u011f\u0131da, Imperfecto zaman\u0131n\u0131n farkl\u0131 kullan\u0131mlar\u0131n\u0131 g\u00f6steren \u00f6rnek c\u00fcmleler bulabilirsiniz:<\/p>\n<ul>\n<li><b>Al\u0131\u015fkanl\u0131k:<\/b> <em>Siempre le\u00eda antes de dormir.<\/em> (Her zaman uyumadan \u00f6nce kitap okurdum.)<\/li>\n<li><b>Devam eden eylem:<\/b> <em>Mientras cocinaba, hablaba por tel\u00e9fono.<\/em> (Yemek yaparken telefonda konu\u015fuyordum.)<\/li>\n<li><b>Arka plan:<\/b> <em>La ciudad estaba tranquila y no hab\u00eda tr\u00e1fico.<\/em> (\u015eehir sakindi ve trafik yoktu.)<\/li>\n<li><b>Ya\u015f belirtme:<\/b> <em>Cuando ten\u00eda quince a\u00f1os, empec\u00e9 a aprender espa\u00f1ol.<\/em> (On be\u015f ya\u015f\u0131ndayken \u0130spanyolca \u00f6\u011frenmeye ba\u015flad\u0131m.)<\/li>\n<\/ul>\n<h2>\u0130mperfecto ile Pratik Yapmak \u0130\u00e7in Tavsiyeler<\/h2>\n<p>\u0130spanyolca Imperfecto zaman\u0131n\u0131 peki\u015ftirmek i\u00e7in a\u015fa\u011f\u0131daki y\u00f6ntemleri kullanabilirsiniz:<\/p>\n<ul>\n<li><b>G\u00fcnl\u00fck tutun:<\/b> Ge\u00e7mi\u015fteki al\u0131\u015fkanl\u0131klar\u0131n\u0131z\u0131 ve \u00e7ocuklu\u011funuzu yaz\u0131n.<\/li>\n<li><b>Hikaye yazma al\u0131\u015ft\u0131rmalar\u0131 yap\u0131n:<\/b> K\u0131sa hikayelerde arka plan betimlemelerini Imperfecto ile kurun.<\/li>\n<li><b>\u0130spanyolca dizi ve filmleri izleyin:<\/b> Karakterlerin ge\u00e7mi\u015fe y\u00f6nelik konu\u015fmalar\u0131na dikkat edin.<\/li>\n<li><b>Online uygulamalar\u0131 kullan\u0131n:<\/b> Talkpal gibi platformlarda interaktif al\u0131\u015ft\u0131rmalarla Imperfecto\u2019yu peki\u015ftirin.<\/li>\n<\/ul>\n<h2>Sonu\u00e7: \u0130spanyolca Dilbilgisinde Imperfecto\u2019yu Etkili Kullanmak<\/h2>\n<p>\u0130spanyolca dilbilgisinde Imperfecto zaman\u0131, anlat\u0131m\u0131 zenginle\u015ftiren ve ileti\u015fimi daha do\u011fal hale getiren \u00f6nemli bir ge\u00e7mi\u015f zaman formudur. Al\u0131\u015fkanl\u0131klar, devam eden olaylar ve arka plan betimlemeleri i\u00e7in vazge\u00e7ilmezdir. Imperfecto\u2019yu do\u011fru ve etkili kullanmak i\u00e7in bolca pratik yapmak, fiil \u00e7ekimlerini \u00f6\u011frenmek ve \u00f6rnek c\u00fcmlelerle peki\u015ftirmek gereklidir. \u00d6zellikle Talkpal gibi yenilik\u00e7i dil \u00f6\u011frenme ara\u00e7lar\u0131yla, Imperfecto\u2019yu ger\u00e7ek diyaloglar i\u00e7inde uygulayarak h\u0131zl\u0131 bir \u015fekilde \u00f6\u011frenmek m\u00fcmk\u00fcnd\u00fcr. \u0130spanyolca\u2019da ak\u0131c\u0131 ve do\u011fru bir anlat\u0131m i\u00e7in Imperfecto zaman\u0131n\u0131n ustaca kullan\u0131lmas\u0131 b\u00fcy\u00fck avantaj sa\u011flar.<\/p>\n","protected":false},"featured_media":1529608,"template":"","language":[13039,13040],"class_list":["post-1081052","grammar","type-grammar","status-publish","has-post-thumbnail","hentry","language-ispanyolca","language-zaman-gostergesi-ispanyolca-dilbilgisi"],"acf":[],"yoast_head":"<!-- This site is optimized with the Yoast SEO Premium plugin v27.2 (Yoast SEO v27.2) - https:\/\/yoast.com\/product\/yoast-seo-premium-wordpress\/ -->\n<title>\u0130spanyolca Dilbilgisinde Imperfecto - Talkpal<\/title>\n<meta name=\"description\" content=\"\u0130spanyolca dilbilgisinde zamanlar, dili etkili bir \u015fekilde kullanmak ve anlamak i\u00e7in temel bir yere sahiptir. Bu zamanlardan biri olan &quot;Imperfecto&quot;,\" \/>\n<meta name=\"robots\" content=\"index, follow, max-snippet:-1, max-image-preview:large, max-video-preview:-1\" \/>\n<link rel=\"canonical\" href=\"https:\/\/talkpal.ai\/tr\/grammar\/ispanyolca-dilbilgisinde-imperfecto\/\" \/>\n<meta property=\"og:locale\" content=\"tr_TR\" \/>\n<meta property=\"og:type\" content=\"article\" \/>\n<meta property=\"og:title\" content=\"\u0130spanyolca Dilbilgisinde Imperfecto\" \/>\n<meta property=\"og:description\" content=\"\u0130spanyolca dilbilgisinde zamanlar, dili etkili bir \u015fekilde kullanmak ve anlamak i\u00e7in temel bir yere sahiptir. Bu zamanlardan biri olan &quot;Imperfecto&quot;,\" \/>\n<meta property=\"og:url\" content=\"https:\/\/talkpal.ai\/tr\/grammar\/ispanyolca-dilbilgisinde-imperfecto\/\" \/>\n<meta property=\"og:site_name\" content=\"Talkpal\" \/>\n<meta property=\"article:publisher\" content=\"https:\/\/www.facebook.com\/profile.php?id=100090733639311\" \/>\n<meta property=\"og:image\" content=\"https:\/\/talkpal.ai\/wp-content\/uploads\/2025\/02\/Progress-tab-16_9.png\" \/>\n\t<meta property=\"og:image:width\" content=\"2880\" \/>\n\t<meta property=\"og:image:height\" content=\"1620\" \/>\n\t<meta property=\"og:image:type\" content=\"image\/png\" \/>\n<meta name=\"twitter:card\" content=\"summary_large_image\" \/>\n<meta name=\"twitter:site\" content=\"@talkpalai\" \/>\n<meta name=\"twitter:label1\" content=\"Tahmini okuma s\u00fcresi\" \/>\n\t<meta name=\"twitter:data1\" content=\"7 dakika\" \/>\n<script type=\"application\/ld+json\" class=\"yoast-schema-graph\">{\"@context\":\"https:\/\/schema.org\",\"@graph\":[{\"@type\":\"WebPage\",\"@id\":\"https:\/\/talkpal.ai\/tr\/grammar\/ispanyolca-dilbilgisinde-imperfecto\/\",\"url\":\"https:\/\/talkpal.ai\/tr\/grammar\/ispanyolca-dilbilgisinde-imperfecto\/\",\"name\":\"\u0130spanyolca Dilbilgisinde Imperfecto - Talkpal\",\"isPartOf\":{\"@id\":\"https:\/\/talkpal.ai\/tr\/#website\"},\"primaryImageOfPage\":{\"@id\":\"https:\/\/talkpal.ai\/tr\/grammar\/ispanyolca-dilbilgisinde-imperfecto\/#primaryimage\"},\"image\":{\"@id\":\"https:\/\/talkpal.ai\/tr\/grammar\/ispanyolca-dilbilgisinde-imperfecto\/#primaryimage\"},\"thumbnailUrl\":\"https:\/\/talkpal.ai\/wp-content\/uploads\/2025\/12\/three-people-are-learning-languages.webp\",\"datePublished\":\"2025-07-02T01:03:50+00:00\",\"description\":\"\u0130spanyolca dilbilgisinde zamanlar, dili etkili bir \u015fekilde kullanmak ve anlamak i\u00e7in temel bir yere sahiptir. Bu zamanlardan biri olan \\\"Imperfecto\\\",\",\"breadcrumb\":{\"@id\":\"https:\/\/talkpal.ai\/tr\/grammar\/ispanyolca-dilbilgisinde-imperfecto\/#breadcrumb\"},\"inLanguage\":\"tr\",\"potentialAction\":[{\"@type\":\"ReadAction\",\"target\":[\"https:\/\/talkpal.ai\/tr\/grammar\/ispanyolca-dilbilgisinde-imperfecto\/\"]}]},{\"@type\":\"ImageObject\",\"inLanguage\":\"tr\",\"@id\":\"https:\/\/talkpal.ai\/tr\/grammar\/ispanyolca-dilbilgisinde-imperfecto\/#primaryimage\",\"url\":\"https:\/\/talkpal.ai\/wp-content\/uploads\/2025\/12\/three-people-are-learning-languages.webp\",\"contentUrl\":\"https:\/\/talkpal.ai\/wp-content\/uploads\/2025\/12\/three-people-are-learning-languages.webp\",\"width\":1200,\"height\":896,\"caption\":\"A young woman and two seniors sit in a living room while learning languages from books and tablets.\"},{\"@type\":\"BreadcrumbList\",\"@id\":\"https:\/\/talkpal.ai\/tr\/grammar\/ispanyolca-dilbilgisinde-imperfecto\/#breadcrumb\",\"itemListElement\":[{\"@type\":\"ListItem\",\"position\":1,\"name\":\"Homepage\",\"item\":\"https:\/\/talkpal.ai\/tr\/\"},{\"@type\":\"ListItem\",\"position\":2,\"name\":\"\u0130spanyolca Dilbilgisinde Imperfecto\"}]},{\"@type\":\"WebSite\",\"@id\":\"https:\/\/talkpal.ai\/tr\/#website\",\"url\":\"https:\/\/talkpal.ai\/tr\/\",\"name\":\"Talkpal\",\"description\":\"AI Language Learning\",\"publisher\":{\"@id\":\"https:\/\/talkpal.ai\/tr\/#organization\"},\"alternateName\":\"Talkpal AI\",\"potentialAction\":[{\"@type\":\"SearchAction\",\"target\":{\"@type\":\"EntryPoint\",\"urlTemplate\":\"https:\/\/talkpal.ai\/tr\/?s={search_term_string}\"},\"query-input\":{\"@type\":\"PropertyValueSpecification\",\"valueRequired\":true,\"valueName\":\"search_term_string\"}}],\"inLanguage\":\"tr\"},{\"@type\":\"Organization\",\"@id\":\"https:\/\/talkpal.ai\/tr\/#organization\",\"name\":\"Talkpal, Inc.\",\"alternateName\":\"Talkpal AI\",\"url\":\"https:\/\/talkpal.ai\/tr\/\",\"logo\":{\"@type\":\"ImageObject\",\"inLanguage\":\"tr\",\"@id\":\"https:\/\/talkpal.ai\/tr\/#\/schema\/logo\/image\/\",\"url\":\"https:\/\/talkpal.ai\/wp-content\/uploads\/2024\/03\/Talkpal-Logo-Icon.png\",\"contentUrl\":\"https:\/\/talkpal.ai\/wp-content\/uploads\/2024\/03\/Talkpal-Logo-Icon.png\",\"width\":2880,\"height\":2880,\"caption\":\"Talkpal, Inc.\"},\"image\":{\"@id\":\"https:\/\/talkpal.ai\/tr\/#\/schema\/logo\/image\/\"},\"sameAs\":[\"https:\/\/www.facebook.com\/profile.php?id=100090733639311\",\"https:\/\/x.com\/talkpalai\",\"https:\/\/www.linkedin.com\/company\/talkpal\/\",\"https:\/\/www.youtube.com\/@TalkPal\/\",\"https:\/\/www.tiktok.com\/@talkpal\",\"https:\/\/www.instagram.com\/talkpal_ai\/\",\"https:\/\/www.crunchbase.com\/organization\/talkpal-9cde\",\"https:\/\/www.g2.com\/products\/talkpal-for-business\/\",\"https:\/\/www.trustpilot.com\/review\/talkpal.ai\",\"https:\/\/www.capterra.com\/p\/10006800\/TalkPal\/\"],\"description\":\"Talkpal is a language learning web and mobile education app, powered by the latest AI technologies, that provides engaging experiences to its customers in many different languages to help them improve their language skills. Users can chat about unlimited amount of topics with the app and use other modes to practice their language learning.\",\"email\":\"support@talkpal.ai\",\"legalName\":\"Talkpal, Inc.\",\"foundingDate\":\"2023-04-03\",\"duns\":\"118989042\",\"numberOfEmployees\":{\"@type\":\"QuantitativeValue\",\"minValue\":\"11\",\"maxValue\":\"50\"},\"publishingPrinciples\":\"https:\/\/talkpal.ai\/publishing-principles\/\",\"actionableFeedbackPolicy\":\"https:\/\/talkpal.ai\/actionable-feedback-policy\/\",\"correctionsPolicy\":\"https:\/\/talkpal.ai\/corrections-policy\/\",\"ethicsPolicy\":\"https:\/\/talkpal.ai\/ethics-policy\/\",\"diversityPolicy\":\"https:\/\/talkpal.ai\/diversity-policy\/\",\"diversityStaffingReport\":\"https:\/\/talkpal.ai\/diversity-policy\/\"}]}<\/script>\n<!-- \/ Yoast SEO Premium plugin. -->","yoast_head_json":{"title":"\u0130spanyolca Dilbilgisinde Imperfecto - Talkpal","description":"\u0130spanyolca dilbilgisinde zamanlar, dili etkili bir \u015fekilde kullanmak ve anlamak i\u00e7in temel bir yere sahiptir. Bu zamanlardan biri olan \"Imperfecto\",","robots":{"index":"index","follow":"follow","max-snippet":"max-snippet:-1","max-image-preview":"max-image-preview:large","max-video-preview":"max-video-preview:-1"},"canonical":"https:\/\/talkpal.ai\/tr\/grammar\/ispanyolca-dilbilgisinde-imperfecto\/","og_locale":"tr_TR","og_type":"article","og_title":"\u0130spanyolca Dilbilgisinde Imperfecto","og_description":"\u0130spanyolca dilbilgisinde zamanlar, dili etkili bir \u015fekilde kullanmak ve anlamak i\u00e7in temel bir yere sahiptir. Bu zamanlardan biri olan \"Imperfecto\",","og_url":"https:\/\/talkpal.ai\/tr\/grammar\/ispanyolca-dilbilgisinde-imperfecto\/","og_site_name":"Talkpal","article_publisher":"https:\/\/www.facebook.com\/profile.php?id=100090733639311","og_image":[{"width":2880,"height":1620,"url":"https:\/\/talkpal.ai\/wp-content\/uploads\/2025\/02\/Progress-tab-16_9.png","type":"image\/png"}],"twitter_card":"summary_large_image","twitter_site":"@talkpalai","twitter_misc":{"Tahmini okuma s\u00fcresi":"7 dakika"},"schema":{"@context":"https:\/\/schema.org","@graph":[{"@type":"WebPage","@id":"https:\/\/talkpal.ai\/tr\/grammar\/ispanyolca-dilbilgisinde-imperfecto\/","url":"https:\/\/talkpal.ai\/tr\/grammar\/ispanyolca-dilbilgisinde-imperfecto\/","name":"\u0130spanyolca Dilbilgisinde Imperfecto - Talkpal","isPartOf":{"@id":"https:\/\/talkpal.ai\/tr\/#website"},"primaryImageOfPage":{"@id":"https:\/\/talkpal.ai\/tr\/grammar\/ispanyolca-dilbilgisinde-imperfecto\/#primaryimage"},"image":{"@id":"https:\/\/talkpal.ai\/tr\/grammar\/ispanyolca-dilbilgisinde-imperfecto\/#primaryimage"},"thumbnailUrl":"https:\/\/talkpal.ai\/wp-content\/uploads\/2025\/12\/three-people-are-learning-languages.webp","datePublished":"2025-07-02T01:03:50+00:00","description":"\u0130spanyolca dilbilgisinde zamanlar, dili etkili bir \u015fekilde kullanmak ve anlamak i\u00e7in temel bir yere sahiptir. Bu zamanlardan biri olan \"Imperfecto\",","breadcrumb":{"@id":"https:\/\/talkpal.ai\/tr\/grammar\/ispanyolca-dilbilgisinde-imperfecto\/#breadcrumb"},"inLanguage":"tr","potentialAction":[{"@type":"ReadAction","target":["https:\/\/talkpal.ai\/tr\/grammar\/ispanyolca-dilbilgisinde-imperfecto\/"]}]},{"@type":"ImageObject","inLanguage":"tr","@id":"https:\/\/talkpal.ai\/tr\/grammar\/ispanyolca-dilbilgisinde-imperfecto\/#primaryimage","url":"https:\/\/talkpal.ai\/wp-content\/uploads\/2025\/12\/three-people-are-learning-languages.webp","contentUrl":"https:\/\/talkpal.ai\/wp-content\/uploads\/2025\/12\/three-people-are-learning-languages.webp","width":1200,"height":896,"caption":"A young woman and two seniors sit in a living room while learning languages from books and tablets."},{"@type":"BreadcrumbList","@id":"https:\/\/talkpal.ai\/tr\/grammar\/ispanyolca-dilbilgisinde-imperfecto\/#breadcrumb","itemListElement":[{"@type":"ListItem","position":1,"name":"Homepage","item":"https:\/\/talkpal.ai\/tr\/"},{"@type":"ListItem","position":2,"name":"\u0130spanyolca Dilbilgisinde Imperfecto"}]},{"@type":"WebSite","@id":"https:\/\/talkpal.ai\/tr\/#website","url":"https:\/\/talkpal.ai\/tr\/","name":"Talkpal","description":"AI Language Learning","publisher":{"@id":"https:\/\/talkpal.ai\/tr\/#organization"},"alternateName":"Talkpal AI","potentialAction":[{"@type":"SearchAction","target":{"@type":"EntryPoint","urlTemplate":"https:\/\/talkpal.ai\/tr\/?s={search_term_string}"},"query-input":{"@type":"PropertyValueSpecification","valueRequired":true,"valueName":"search_term_string"}}],"inLanguage":"tr"},{"@type":"Organization","@id":"https:\/\/talkpal.ai\/tr\/#organization","name":"Talkpal, Inc.","alternateName":"Talkpal AI","url":"https:\/\/talkpal.ai\/tr\/","logo":{"@type":"ImageObject","inLanguage":"tr","@id":"https:\/\/talkpal.ai\/tr\/#\/schema\/logo\/image\/","url":"https:\/\/talkpal.ai\/wp-content\/uploads\/2024\/03\/Talkpal-Logo-Icon.png","contentUrl":"https:\/\/talkpal.ai\/wp-content\/uploads\/2024\/03\/Talkpal-Logo-Icon.png","width":2880,"height":2880,"caption":"Talkpal, Inc."},"image":{"@id":"https:\/\/talkpal.ai\/tr\/#\/schema\/logo\/image\/"},"sameAs":["https:\/\/www.facebook.com\/profile.php?id=100090733639311","https:\/\/x.com\/talkpalai","https:\/\/www.linkedin.com\/company\/talkpal\/","https:\/\/www.youtube.com\/@TalkPal\/","https:\/\/www.tiktok.com\/@talkpal","https:\/\/www.instagram.com\/talkpal_ai\/","https:\/\/www.crunchbase.com\/organization\/talkpal-9cde","https:\/\/www.g2.com\/products\/talkpal-for-business\/","https:\/\/www.trustpilot.com\/review\/talkpal.ai","https:\/\/www.capterra.com\/p\/10006800\/TalkPal\/"],"description":"Talkpal is a language learning web and mobile education app, powered by the latest AI technologies, that provides engaging experiences to its customers in many different languages to help them improve their language skills. Users can chat about unlimited amount of topics with the app and use other modes to practice their language learning.","email":"support@talkpal.ai","legalName":"Talkpal, Inc.","foundingDate":"2023-04-03","duns":"118989042","numberOfEmployees":{"@type":"QuantitativeValue","minValue":"11","maxValue":"50"},"publishingPrinciples":"https:\/\/talkpal.ai\/publishing-principles\/","actionableFeedbackPolicy":"https:\/\/talkpal.ai\/actionable-feedback-policy\/","correctionsPolicy":"https:\/\/talkpal.ai\/corrections-policy\/","ethicsPolicy":"https:\/\/talkpal.ai\/ethics-policy\/","diversityPolicy":"https:\/\/talkpal.ai\/diversity-policy\/","diversityStaffingReport":"https:\/\/talkpal.ai\/diversity-policy\/"}]}},"_links":{"self":[{"href":"https:\/\/talkpal.ai\/tr\/wp-json\/wp\/v2\/grammar\/1081052","targetHints":{"allow":["GET"]}}],"collection":[{"href":"https:\/\/talkpal.ai\/tr\/wp-json\/wp\/v2\/grammar"}],"about":[{"href":"https:\/\/talkpal.ai\/tr\/wp-json\/wp\/v2\/types\/grammar"}],"wp:featuredmedia":[{"embeddable":true,"href":"https:\/\/talkpal.ai\/tr\/wp-json\/wp\/v2\/media\/1529608"}],"wp:attachment":[{"href":"https:\/\/talkpal.ai\/tr\/wp-json\/wp\/v2\/media?parent=1081052"}],"wp:term":[{"taxonomy":"language","embeddable":true,"href":"https:\/\/talkpal.ai\/tr\/wp-json\/wp\/v2\/language?post=1081052"}],"curies":[{"name":"wp","href":"https:\/\/api.w.org\/{rel}","templated":true}]}}