{"id":1080950,"date":"2025-07-02T00:55:19","date_gmt":"2025-07-02T00:55:19","guid":{"rendered":"https:\/\/talkpal.ai\/grammar\/almanca-gramerinde-en-iyi-50-deutsche-verben\/"},"modified":"2025-07-02T00:55:19","modified_gmt":"2025-07-02T00:55:19","slug":"almanca-gramerinde-en-iyi-50-deutsche-verben","status":"publish","type":"grammar","link":"https:\/\/talkpal.ai\/tr\/grammar\/almanca-gramerinde-en-iyi-50-deutsche-verben\/","title":{"rendered":"Almanca Gramerinde En \u0130yi 50 Deutsche Verben"},"content":{"rendered":"<p><a href=\"https:\/\/talkpal.ai\/learn-german\/\">Almanca<\/a> \u00f6\u011freniminde en \u00f6nemli ad\u0131mlardan biri, g\u00fcnl\u00fck konu\u015fma ve yaz\u0131\u015fmalarda en s\u0131k kullan\u0131lan fiilleri do\u011fru bir \u015fekilde bilmek ve kullanmakt\u0131r. Almanca gramerinde fiiller (Verben), c\u00fcmlelerin temelini olu\u015fturur ve bu fiillerin do\u011fru \u00e7ekimlenmesi ileti\u015fimi kolayla\u015ft\u0131r\u0131r. Almanca\u2019da en \u00e7ok ihtiya\u00e7 duyulan 50 temel fiili \u00f6\u011frenmek, hem yeni ba\u015flayanlar hem de ileri seviyedekiler i\u00e7in b\u00fcy\u00fck bir avantaj sa\u011flar. Ayr\u0131ca, bu fiillerin gramerdeki i\u015flevlerini kavramak, <a href=\"https:\/\/talkpal.ai\/tr\/almanca-dil-kurslari\/\">Almanca dil<\/a> yeterlili\u011finizi h\u0131zla geli\u015ftirir. \u00d6zellikle <a href=\"https:\/\/talkpal.ai\/ko\/ai-%ec%96%b8%ec%96%b4-%ea%b5%90%ec%82%ac\/\">Talkpal<\/a> gibi interaktif platformlar sayesinde, bu fiilleri pratik ederek kal\u0131c\u0131 bir \u015fekilde \u00f6\u011frenebilirsiniz. Bu makalede, Almanca gramerinde en \u00e7ok kullan\u0131lan ve en \u00f6nemli 50 fiili tan\u0131yacak, \u00f6rnek c\u00fcmlelerle ve gramer a\u00e7\u0131klamalar\u0131yla birlikte verimli bir \u00f6\u011frenme deneyimi ya\u015fayacaks\u0131n\u0131z.<\/p>\n<h2>Almanca Fiillerin Gramerdeki \u00d6nemi<\/h2>\n<p>Fiiller, Almanca c\u00fcmlelerin \u00e7ekirde\u011fini olu\u015fturur. Bir c\u00fcmlenin zaman\u0131n\u0131, \u00f6znesini ve anlam\u0131n\u0131 belirlemede anahtar rol oynarlar. Almanca\u2019da fiillerin farkl\u0131 \u00e7ekim \u015fekilleri, kipleri ve zamanlar\u0131 vard\u0131r. Bu nedenle, en s\u0131k kullan\u0131lan fiilleri ezberlemek kadar, onlar\u0131n gramer \u00f6zelliklerini de bilmek gereklidir.<\/p>\n<ul>\n<li>Almanca\u2019da fiiller, c\u00fcmlede \u00f6znenin kim oldu\u011funu ve ne yapt\u0131\u011f\u0131n\u0131 belirtir.<\/li>\n<li>\u00c7ekimlenmi\u015f fiiller, c\u00fcmleye zaman (ge\u00e7mi\u015f, \u015fimdiki, gelecek) ve kip (istek, zorunluluk, olas\u0131l\u0131k) kazand\u0131r\u0131r.<\/li>\n<li>Fiillerin do\u011fru kullan\u0131m\u0131n\u0131 \u00f6\u011frenmek, ak\u0131c\u0131 konu\u015fman\u0131n temelidir.<\/li>\n<\/ul>\n<h2>En S\u0131k Kullan\u0131lan 50 Almanca Fiil ve Anlamlar\u0131<\/h2>\n<p>A\u015fa\u011f\u0131da, Almanca\u2019da g\u00fcnl\u00fck hayatta en \u00e7ok kar\u015f\u0131la\u015faca\u011f\u0131n\u0131z 50 fiili ve <a href=\"https:\/\/talkpal.ai\/learn-turkish\/\">T\u00fcrk\u00e7e<\/a> anlamlar\u0131n\u0131 bulabilirsiniz. Bu fiiller, ister ba\u015flang\u0131\u00e7 ister ileri seviyede olun, ileti\u015fimde en \u00e7ok ihtiyac\u0131n\u0131z olacak kelimelerdir.<\/p>\n<ol>\n<li><b>sein<\/b> \u2013 olmak<\/li>\n<li><b>haben<\/b> \u2013 sahip olmak<\/li>\n<li><b>werden<\/b> \u2013 olmak (d\u00f6n\u00fc\u015fmek)<\/li>\n<li><b>k\u00f6nnen<\/b> \u2013 -ebilmek (yetenek, olas\u0131l\u0131k)<\/li>\n<li><b>m\u00fcssen<\/b> \u2013 zorunda olmak<\/li>\n<li><b>sagen<\/b> \u2013 s\u00f6ylemek<\/li>\n<li><b>machen<\/b> \u2013 yapmak<\/li>\n<li><b>geben<\/b> \u2013 vermek<\/li>\n<li><b>kommen<\/b> \u2013 gelmek<\/li>\n<li><b>sollen<\/b> \u2013 -meli, -mal\u0131 (gereklilik)<\/li>\n<li><b>wollen<\/b> \u2013 istemek<\/li>\n<li><b>gehen<\/b> \u2013 gitmek<\/li>\n<li><b>wissen<\/b> \u2013 bilmek<\/li>\n<li><b>sehen<\/b> \u2013 g\u00f6rmek<\/li>\n<li><b>lassen<\/b> \u2013 b\u0131rakmak, izin vermek<\/li>\n<li><b>stehen<\/b> \u2013 ayakta durmak<\/li>\n<li><b>finden<\/b> \u2013 bulmak<\/li>\n<li><b>bleiben<\/b> \u2013 kalmak<\/li>\n<li><b>liegen<\/b> \u2013 yatmak, bulunmak<\/li>\n<li><b>hei\u00dfen<\/b> \u2013 adland\u0131r\u0131lmak<\/li>\n<li><b>denken<\/b> \u2013 d\u00fc\u015f\u00fcnmek<\/li>\n<li><b>nehmen<\/b> \u2013 almak<\/li>\n<li><b>tun<\/b> \u2013 yapmak<\/li>\n<li><b>d\u00fcrfen<\/b> \u2013 -ebilmek (izin)<\/li>\n<li><b>glauben<\/b> \u2013 inanmak, d\u00fc\u015f\u00fcnmek<\/li>\n<li><b>halten<\/b> \u2013 tutmak, durmak<\/li>\n<li><b>nennen<\/b> \u2013 adland\u0131rmak<\/li>\n<li><b>m\u00f6gen<\/b> \u2013 sevmek, ho\u015flanmak<\/li>\n<li><b>zeigen<\/b> \u2013 g\u00f6stermek<\/li>\n<li><b>f\u00fchren<\/b> \u2013 y\u00f6netmek, g\u00f6t\u00fcrmek<\/li>\n<li><b>sprechen<\/b> \u2013 konu\u015fmak<\/li>\n<li><b>bringen<\/b> \u2013 getirmek<\/li>\n<li><b>leben<\/b> \u2013 ya\u015famak<\/li>\n<li><b>fahren<\/b> \u2013 ara\u00e7la gitmek<\/li>\n<li><b>meinen<\/b> \u2013 sanmak, d\u00fc\u015f\u00fcnmek<\/li>\n<li><b>fragen<\/b> \u2013 sormak<\/li>\n<li><b>kennen<\/b> \u2013 tan\u0131mak, bilmek<\/li>\n<li><b>gelten<\/b> \u2013 ge\u00e7erli olmak<\/li>\n<li><b>stellen<\/b> \u2013 koymak, yerle\u015ftirmek<\/li>\n<li><b>spielen<\/b> \u2013 oynamak<\/li>\n<li><b>arbeiten<\/b> \u2013 \u00e7al\u0131\u015fmak<\/li>\n<li><b>brauchen<\/b> \u2013 ihtiya\u00e7 duymak<\/li>\n<li><b>folgen<\/b> \u2013 takip etmek<\/li>\n<li><b>lernen<\/b> \u2013 \u00f6\u011frenmek<\/li>\n<li><b>bestehen<\/b> \u2013 ba\u015farmak, var olmak<\/li>\n<li><b>verstehen<\/b> \u2013 anlamak<\/li>\n<li><b>setzen<\/b> \u2013 oturtmak, koymak<\/li>\n<li><b>bekommen<\/b> \u2013 almak, elde etmek<\/li>\n<li><b>beginnen<\/b> \u2013 <a href=\"https:\/\/talkpal.ai\/ko\/ai-%ec%96%b8%ec%96%b4-%ea%b5%90%ec%82%ac\/\">ba\u015flamak<\/a><\/li>\n<li><b>erz\u00e4hlen<\/b> \u2013 anlatmak<\/li>\n<\/ol>\n<h2>Almanca Fiillerin \u00c7ekimleri: Temel Kurallar<\/h2>\n<p>Almanca fiillerin do\u011fru kullan\u0131m\u0131 i\u00e7in \u00e7ekim kurallar\u0131n\u0131 bilmek gerekir. Fiiller ki\u015fi zamirlerine (ich, du, er\/sie\/es, wir, ihr, sie\/Sie) g\u00f6re \u00e7ekimlenir. Ayr\u0131ca, fiiller d\u00fczenli (<a href=\"https:\/\/talkpal.ai\/de\/grammar\/regelmasige-verben-in-der-slowakischen-grammatik\/\">regelm\u00e4\u00dfige Verben<\/a>) ve d\u00fczensiz (<a href=\"https:\/\/talkpal.ai\/de\/grammar\/unregelmaessige-verben-in-der-deutschen-grammatik\/\">unregelm\u00e4\u00dfige Verben<\/a>) olarak iki gruba ayr\u0131l\u0131r.<\/p>\n<h3>D\u00fczenli Fiillerin \u00c7ekimi<\/h3>\n<p>D\u00fczenli fiillerde k\u00f6ke belirli ekler getirilir:<\/p>\n<ul>\n<li><b>lernen (\u00f6\u011frenmek)<\/b><\/li>\n<li>ich lerne<\/li>\n<li>du lernst<\/li>\n<li>er\/sie\/es lernt<\/li>\n<li>wir lernen<\/li>\n<li>ihr lernt<\/li>\n<li>sie\/Sie lernen<\/li>\n<\/ul>\n<h3>D\u00fczensiz Fiillerin \u00c7ekimi<\/h3>\n<p>D\u00fczensiz fiillerde k\u00f6k harflerinde de\u011fi\u015fim olabilir:<\/p>\n<ul>\n<li><b>sehen (g\u00f6rmek)<\/b><\/li>\n<li>ich sehe<\/li>\n<li>du siehst<\/li>\n<li>er\/sie\/es sieht<\/li>\n<li>wir sehen<\/li>\n<li>ihr seht<\/li>\n<li>sie\/Sie sehen<\/li>\n<\/ul>\n<h2>Modal Fiillerin Kullan\u0131m\u0131<\/h2>\n<p>Almanca\u2019da en \u00f6nemli fiil gruplar\u0131ndan biri modal fiillerdir. Modal fiiller, ba\u015fka bir fiilin anlam\u0131n\u0131 de\u011fi\u015ftirir veya ona yard\u0131mc\u0131 olur. Genellikle mastar h\u00e2linde ba\u015fka bir fiille birlikte kullan\u0131l\u0131rlar.<\/p>\n<ul>\n<li><b>k\u00f6nnen<\/b> (yetenek): Ich kann <a href=\"https:\/\/talkpal.ai\/speaking-german\/\">Deutsch sprechen<\/a>. (Almanca konu\u015fabiliyorum.)<\/li>\n<li><b>d\u00fcrfen<\/b> (izin): Du darfst gehen. (Gidebilirsin.)<\/li>\n<li><b>m\u00fcssen<\/b> (zorunluluk): Wir m\u00fcssen lernen. (\u00c7al\u0131\u015fmak zorunday\u0131z.)<\/li>\n<li><b>wollen<\/b> (istek): Sie will kommen. (Gelmek istiyor.)<\/li>\n<li><b>sollen<\/b> (gereklilik): Ihr sollt helfen. (Yard\u0131m etmelisiniz.)<\/li>\n<li><b>m\u00f6gen<\/b> (ho\u015flanmak): Ich mag Musik h\u00f6ren. (M\u00fczik dinlemeyi severim.)<\/li>\n<\/ul>\n<h2>Almanca Fiil Kullan\u0131m\u0131nda S\u0131k Yap\u0131lan Hatalar<\/h2>\n<p>Almanca fiillerin do\u011fru \u00e7ekimi ve anlam\u0131, <a href=\"https:\/\/talkpal.ai\/talkpal-discount-for-students\/\">\u00f6\u011frenciler<\/a> i\u00e7in bazen kafa kar\u0131\u015ft\u0131r\u0131c\u0131 olabilir. En s\u0131k yap\u0131lan hatalardan baz\u0131lar\u0131 \u015funlard\u0131r:<\/p>\n<ul>\n<li>Fiil \u00e7ekimlerini zamire g\u00f6re yanl\u0131\u015f yapmak<\/li>\n<li>D\u00fczensiz fiillerin k\u00f6k harf de\u011fi\u015fikliklerini g\u00f6z ard\u0131 etmek<\/li>\n<li>Modal fiillerle ana fiili mastar h\u00e2linde kullanmamak<\/li>\n<li>Fiilleri yanl\u0131\u015f zamanlarda (Pr\u00e4sens, Pr\u00e4teritum, Perfekt) kullanmak<\/li>\n<\/ul>\n<p>Bu hatalardan ka\u00e7\u0131nmak i\u00e7in d\u00fczenli tekrar ve pratik yapmak \u00f6nemlidir. Talkpal gibi uygulamalar, fiil \u00e7ekimlerini ve kullan\u0131mlar\u0131n\u0131 peki\u015ftirmenizde b\u00fcy\u00fck fayda sa\u011flar.<\/p>\n<h2>\u00d6rnek C\u00fcmlelerle Almanca Fiillerin Kullan\u0131m\u0131<\/h2>\n<p>A\u015fa\u011f\u0131da, en \u00e7ok kullan\u0131lan fiillerin c\u00fcmle i\u00e7inde nas\u0131l kullan\u0131ld\u0131\u011f\u0131n\u0131 g\u00f6steren \u00f6rnekler bulabilirsiniz:<\/p>\n<ul>\n<li><b>sein<\/b>: Ich bin m\u00fcde. (Yorgunum.)<\/li>\n<li><b>haben<\/b>: Sie hat ein neues Auto. (Onun yeni bir arabas\u0131 var.)<\/li>\n<li><b>machen<\/b>: Wir machen Hausaufgaben. (\u00d6dev yap\u0131yoruz.)<\/li>\n<li><b>gehen<\/b>: Er geht zur Schule. (Okula gidiyor.)<\/li>\n<li><b>sehen<\/b>: Ich sehe den Film. (Filmi izliyorum.)<\/li>\n<li><b>lernen<\/b>: Du lernst Deutsch. (Sen Almanca \u00f6\u011freniyorsun.)<\/li>\n<li><b>spielen<\/b>: Die Kinder spielen im Garten. (\u00c7ocuklar bah\u00e7ede oynuyor.)<\/li>\n<li><b>kommen<\/b>: Kommt ihr heute? (Bug\u00fcn geliyor musunuz?)<\/li>\n<li><b>sprechen<\/b>: Wir sprechen \u00fcber das Buch. (Kitap hakk\u0131nda konu\u015fuyoruz.)<\/li>\n<li><b>beginnen<\/b>: Der Kurs beginnt um 9 Uhr. (Kurs saat 9&#8217;da ba\u015fl\u0131yor.)<\/li>\n<\/ul>\n<h2>Almanca Fiil \u00d6\u011frenimini Kolayla\u015ft\u0131racak \u0130pu\u00e7lar\u0131<\/h2>\n<p>Ba\u015far\u0131l\u0131 ve kal\u0131c\u0131 bir \u00f6\u011frenme i\u00e7in a\u015fa\u011f\u0131daki y\u00f6ntemleri kullanabilirsiniz:<\/p>\n<ul>\n<li>G\u00fcnl\u00fck olarak en az 5 fiil \u00f6\u011frenmeye \u00e7al\u0131\u015f\u0131n.<\/li>\n<li>Her fiili farkl\u0131 zamanlarda (\u015fimdiki, ge\u00e7mi\u015f, gelecek) c\u00fcmle i\u00e7inde kullan\u0131n.<\/li>\n<li>Modal fiillerle birlikte kullan\u0131m\u0131na dikkat edin.<\/li>\n<li>Takip etti\u011finiz bir dizi veya Almanca kitapta ge\u00e7en fiilleri not al\u0131n.<\/li>\n<li>Talkpal gibi uygulamalarda anl\u0131k al\u0131\u015ft\u0131rmalar yaparak fiil bilgilerinizi peki\u015ftirin.<\/li>\n<\/ul>\n<h2>Almanca\u2019da Fiillerle \u0130lgili S\u0131k Sorulan Sorular<\/h2>\n<h3>Almanca\u2019da en \u00e7ok hangi fiiller kullan\u0131l\u0131r?<\/h3>\n<p>En \u00e7ok kullan\u0131lan fiiller; sein, haben, machen, gehen, kommen, sprechen, essen, trinken, sehen ve lernen gibi g\u00fcnl\u00fck ya\u015fant\u0131da s\u0131k\u00e7a kar\u015f\u0131la\u015f\u0131lan fiillerdir.<\/p>\n<h3>Modal fiiller ile ana fiil nas\u0131l kullan\u0131l\u0131r?<\/h3>\n<p>Modal fiil \u00e7ekimlenir, ana fiil ise c\u00fcmlenin sonuna mastar olarak (\u00f6rn. gehen, machen) yaz\u0131l\u0131r: Ich kann schwimmen. (Y\u00fczebilirim.)<\/p>\n<h3>Fiil \u00e7ekimlerini h\u0131zl\u0131 \u00f6\u011frenmenin yolu nedir?<\/h3>\n<p>D\u00fczenli tekrar, c\u00fcmle kurma \u00e7al\u0131\u015fmalar\u0131 ve dijital uygulamalar (\u00f6rne\u011fin Talkpal) ile pratik yapmak en h\u0131zl\u0131 \u00f6\u011frenme y\u00f6ntemlerindendir.<\/p>\n<h2>Sonu\u00e7: Almanca\u2019daki En \u0130yi 50 Fiil ile Pratik Yap\u0131n<\/h2>\n<p>Almanca gramerinde en iyi 50 Deutsche Verben\u2019i \u00f6\u011frenmek, dilin temellerini sa\u011flam atmak ve kendinizi rahat\u00e7a ifade etmek i\u00e7in vazge\u00e7ilmezdir. Bu fiillerin anlamlar\u0131n\u0131, \u00e7ekimlerini ve c\u00fcmle i\u00e7indeki kullan\u0131mlar\u0131n\u0131 \u00f6\u011frendik\u00e7e, Almanca konu\u015fma ve yazma beceriniz h\u0131zl\u0131ca geli\u015fecektir. D\u00fczenli tekrar ve pratikle, k\u0131sa s\u00fcrede b\u00fcy\u00fck bir ilerleme kaydedebilirsiniz. Unutmay\u0131n, Talkpal gibi modern uygulamalarla \u00f6\u011frendiklerinizi peki\u015ftirmek ve g\u00fcnl\u00fck pratik yapmak, ba\u015far\u0131ya giden yolu k\u0131saltacakt\u0131r. Almanca fiillerle ilgili bu kapsaml\u0131 rehber, dil \u00f6\u011frenme ser\u00fcveninizde size g\u00fcvenli bir yol arkada\u015f\u0131 olacak!<\/p>\n","protected":false},"featured_media":1527891,"template":"","language":[13051,13054],"class_list":["post-1080950","grammar","type-grammar","status-publish","has-post-thumbnail","hentry","language-alman","language-fiiller-almanca-dilbilgisi"],"acf":[],"yoast_head":"<!-- This site is optimized with the Yoast SEO Premium plugin v27.2 (Yoast SEO v27.2) - https:\/\/yoast.com\/product\/yoast-seo-premium-wordpress\/ -->\n<title>Almanca Gramerinde En \u0130yi 50 Deutsche Verben - Talkpal<\/title>\n<meta name=\"description\" content=\"Almanca \u00f6\u011freniminde en \u00f6nemli ad\u0131mlardan biri, g\u00fcnl\u00fck konu\u015fma ve yaz\u0131\u015fmalarda en s\u0131k kullan\u0131lan fiilleri do\u011fru bir \u015fekilde bilmek ve kullanmakt\u0131r. Almanca\" \/>\n<meta name=\"robots\" content=\"index, follow, max-snippet:-1, max-image-preview:large, max-video-preview:-1\" \/>\n<link rel=\"canonical\" href=\"https:\/\/talkpal.ai\/tr\/grammar\/almanca-gramerinde-en-iyi-50-deutsche-verben\/\" \/>\n<meta property=\"og:locale\" content=\"tr_TR\" \/>\n<meta property=\"og:type\" content=\"article\" \/>\n<meta property=\"og:title\" content=\"Almanca Gramerinde En \u0130yi 50 Deutsche Verben\" \/>\n<meta property=\"og:description\" content=\"Almanca \u00f6\u011freniminde en \u00f6nemli ad\u0131mlardan biri, g\u00fcnl\u00fck konu\u015fma ve yaz\u0131\u015fmalarda en s\u0131k kullan\u0131lan fiilleri do\u011fru bir \u015fekilde bilmek ve kullanmakt\u0131r. Almanca\" \/>\n<meta property=\"og:url\" content=\"https:\/\/talkpal.ai\/tr\/grammar\/almanca-gramerinde-en-iyi-50-deutsche-verben\/\" \/>\n<meta property=\"og:site_name\" content=\"Talkpal\" \/>\n<meta property=\"article:publisher\" content=\"https:\/\/www.facebook.com\/profile.php?id=100090733639311\" \/>\n<meta property=\"og:image\" content=\"https:\/\/talkpal.ai\/wp-content\/uploads\/2025\/02\/Progress-tab-16_9.png\" \/>\n\t<meta property=\"og:image:width\" content=\"2880\" \/>\n\t<meta property=\"og:image:height\" content=\"1620\" \/>\n\t<meta property=\"og:image:type\" content=\"image\/png\" \/>\n<meta name=\"twitter:card\" content=\"summary_large_image\" \/>\n<meta name=\"twitter:site\" content=\"@talkpalai\" \/>\n<meta name=\"twitter:label1\" content=\"Tahmini okuma s\u00fcresi\" \/>\n\t<meta name=\"twitter:data1\" content=\"6 dakika\" \/>\n<script type=\"application\/ld+json\" class=\"yoast-schema-graph\">{\"@context\":\"https:\/\/schema.org\",\"@graph\":[{\"@type\":\"WebPage\",\"@id\":\"https:\/\/talkpal.ai\/tr\/grammar\/almanca-gramerinde-en-iyi-50-deutsche-verben\/\",\"url\":\"https:\/\/talkpal.ai\/tr\/grammar\/almanca-gramerinde-en-iyi-50-deutsche-verben\/\",\"name\":\"Almanca Gramerinde En \u0130yi 50 Deutsche Verben - Talkpal\",\"isPartOf\":{\"@id\":\"https:\/\/talkpal.ai\/tr\/#website\"},\"primaryImageOfPage\":{\"@id\":\"https:\/\/talkpal.ai\/tr\/grammar\/almanca-gramerinde-en-iyi-50-deutsche-verben\/#primaryimage\"},\"image\":{\"@id\":\"https:\/\/talkpal.ai\/tr\/grammar\/almanca-gramerinde-en-iyi-50-deutsche-verben\/#primaryimage\"},\"thumbnailUrl\":\"https:\/\/talkpal.ai\/wp-content\/uploads\/2025\/12\/student-is-learning-languages-at-cafe.webp\",\"datePublished\":\"2025-07-02T00:55:19+00:00\",\"description\":\"Almanca \u00f6\u011freniminde en \u00f6nemli ad\u0131mlardan biri, g\u00fcnl\u00fck konu\u015fma ve yaz\u0131\u015fmalarda en s\u0131k kullan\u0131lan fiilleri do\u011fru bir \u015fekilde bilmek ve kullanmakt\u0131r. Almanca\",\"breadcrumb\":{\"@id\":\"https:\/\/talkpal.ai\/tr\/grammar\/almanca-gramerinde-en-iyi-50-deutsche-verben\/#breadcrumb\"},\"inLanguage\":\"tr\",\"potentialAction\":[{\"@type\":\"ReadAction\",\"target\":[\"https:\/\/talkpal.ai\/tr\/grammar\/almanca-gramerinde-en-iyi-50-deutsche-verben\/\"]}]},{\"@type\":\"ImageObject\",\"inLanguage\":\"tr\",\"@id\":\"https:\/\/talkpal.ai\/tr\/grammar\/almanca-gramerinde-en-iyi-50-deutsche-verben\/#primaryimage\",\"url\":\"https:\/\/talkpal.ai\/wp-content\/uploads\/2025\/12\/student-is-learning-languages-at-cafe.webp\",\"contentUrl\":\"https:\/\/talkpal.ai\/wp-content\/uploads\/2025\/12\/student-is-learning-languages-at-cafe.webp\",\"width\":1200,\"height\":896,\"caption\":\"A man with a top-knot writes in a notebook while learning languages in a sunny coffee shop.\"},{\"@type\":\"BreadcrumbList\",\"@id\":\"https:\/\/talkpal.ai\/tr\/grammar\/almanca-gramerinde-en-iyi-50-deutsche-verben\/#breadcrumb\",\"itemListElement\":[{\"@type\":\"ListItem\",\"position\":1,\"name\":\"Homepage\",\"item\":\"https:\/\/talkpal.ai\/tr\/\"},{\"@type\":\"ListItem\",\"position\":2,\"name\":\"Almanca Gramerinde En \u0130yi 50 Deutsche Verben\"}]},{\"@type\":\"WebSite\",\"@id\":\"https:\/\/talkpal.ai\/tr\/#website\",\"url\":\"https:\/\/talkpal.ai\/tr\/\",\"name\":\"Talkpal\",\"description\":\"AI Language Learning\",\"publisher\":{\"@id\":\"https:\/\/talkpal.ai\/tr\/#organization\"},\"alternateName\":\"Talkpal AI\",\"potentialAction\":[{\"@type\":\"SearchAction\",\"target\":{\"@type\":\"EntryPoint\",\"urlTemplate\":\"https:\/\/talkpal.ai\/tr\/?s={search_term_string}\"},\"query-input\":{\"@type\":\"PropertyValueSpecification\",\"valueRequired\":true,\"valueName\":\"search_term_string\"}}],\"inLanguage\":\"tr\"},{\"@type\":\"Organization\",\"@id\":\"https:\/\/talkpal.ai\/tr\/#organization\",\"name\":\"Talkpal, Inc.\",\"alternateName\":\"Talkpal AI\",\"url\":\"https:\/\/talkpal.ai\/tr\/\",\"logo\":{\"@type\":\"ImageObject\",\"inLanguage\":\"tr\",\"@id\":\"https:\/\/talkpal.ai\/tr\/#\/schema\/logo\/image\/\",\"url\":\"https:\/\/talkpal.ai\/wp-content\/uploads\/2024\/03\/Talkpal-Logo-Icon.png\",\"contentUrl\":\"https:\/\/talkpal.ai\/wp-content\/uploads\/2024\/03\/Talkpal-Logo-Icon.png\",\"width\":2880,\"height\":2880,\"caption\":\"Talkpal, Inc.\"},\"image\":{\"@id\":\"https:\/\/talkpal.ai\/tr\/#\/schema\/logo\/image\/\"},\"sameAs\":[\"https:\/\/www.facebook.com\/profile.php?id=100090733639311\",\"https:\/\/x.com\/talkpalai\",\"https:\/\/www.linkedin.com\/company\/talkpal\/\",\"https:\/\/www.youtube.com\/@TalkPal\/\",\"https:\/\/www.tiktok.com\/@talkpal\",\"https:\/\/www.instagram.com\/talkpal_ai\/\",\"https:\/\/www.crunchbase.com\/organization\/talkpal-9cde\",\"https:\/\/www.g2.com\/products\/talkpal-for-business\/\",\"https:\/\/www.trustpilot.com\/review\/talkpal.ai\",\"https:\/\/www.capterra.com\/p\/10006800\/TalkPal\/\"],\"description\":\"Talkpal is a language learning web and mobile education app, powered by the latest AI technologies, that provides engaging experiences to its customers in many different languages to help them improve their language skills. Users can chat about unlimited amount of topics with the app and use other modes to practice their language learning.\",\"email\":\"support@talkpal.ai\",\"legalName\":\"Talkpal, Inc.\",\"foundingDate\":\"2023-04-03\",\"duns\":\"118989042\",\"numberOfEmployees\":{\"@type\":\"QuantitativeValue\",\"minValue\":\"11\",\"maxValue\":\"50\"},\"publishingPrinciples\":\"https:\/\/talkpal.ai\/publishing-principles\/\",\"actionableFeedbackPolicy\":\"https:\/\/talkpal.ai\/actionable-feedback-policy\/\",\"correctionsPolicy\":\"https:\/\/talkpal.ai\/corrections-policy\/\",\"ethicsPolicy\":\"https:\/\/talkpal.ai\/ethics-policy\/\",\"diversityPolicy\":\"https:\/\/talkpal.ai\/diversity-policy\/\",\"diversityStaffingReport\":\"https:\/\/talkpal.ai\/diversity-policy\/\"}]}<\/script>\n<!-- \/ Yoast SEO Premium plugin. -->","yoast_head_json":{"title":"Almanca Gramerinde En \u0130yi 50 Deutsche Verben - Talkpal","description":"Almanca \u00f6\u011freniminde en \u00f6nemli ad\u0131mlardan biri, g\u00fcnl\u00fck konu\u015fma ve yaz\u0131\u015fmalarda en s\u0131k kullan\u0131lan fiilleri do\u011fru bir \u015fekilde bilmek ve kullanmakt\u0131r. Almanca","robots":{"index":"index","follow":"follow","max-snippet":"max-snippet:-1","max-image-preview":"max-image-preview:large","max-video-preview":"max-video-preview:-1"},"canonical":"https:\/\/talkpal.ai\/tr\/grammar\/almanca-gramerinde-en-iyi-50-deutsche-verben\/","og_locale":"tr_TR","og_type":"article","og_title":"Almanca Gramerinde En \u0130yi 50 Deutsche Verben","og_description":"Almanca \u00f6\u011freniminde en \u00f6nemli ad\u0131mlardan biri, g\u00fcnl\u00fck konu\u015fma ve yaz\u0131\u015fmalarda en s\u0131k kullan\u0131lan fiilleri do\u011fru bir \u015fekilde bilmek ve kullanmakt\u0131r. Almanca","og_url":"https:\/\/talkpal.ai\/tr\/grammar\/almanca-gramerinde-en-iyi-50-deutsche-verben\/","og_site_name":"Talkpal","article_publisher":"https:\/\/www.facebook.com\/profile.php?id=100090733639311","og_image":[{"width":2880,"height":1620,"url":"https:\/\/talkpal.ai\/wp-content\/uploads\/2025\/02\/Progress-tab-16_9.png","type":"image\/png"}],"twitter_card":"summary_large_image","twitter_site":"@talkpalai","twitter_misc":{"Tahmini okuma s\u00fcresi":"6 dakika"},"schema":{"@context":"https:\/\/schema.org","@graph":[{"@type":"WebPage","@id":"https:\/\/talkpal.ai\/tr\/grammar\/almanca-gramerinde-en-iyi-50-deutsche-verben\/","url":"https:\/\/talkpal.ai\/tr\/grammar\/almanca-gramerinde-en-iyi-50-deutsche-verben\/","name":"Almanca Gramerinde En \u0130yi 50 Deutsche Verben - Talkpal","isPartOf":{"@id":"https:\/\/talkpal.ai\/tr\/#website"},"primaryImageOfPage":{"@id":"https:\/\/talkpal.ai\/tr\/grammar\/almanca-gramerinde-en-iyi-50-deutsche-verben\/#primaryimage"},"image":{"@id":"https:\/\/talkpal.ai\/tr\/grammar\/almanca-gramerinde-en-iyi-50-deutsche-verben\/#primaryimage"},"thumbnailUrl":"https:\/\/talkpal.ai\/wp-content\/uploads\/2025\/12\/student-is-learning-languages-at-cafe.webp","datePublished":"2025-07-02T00:55:19+00:00","description":"Almanca \u00f6\u011freniminde en \u00f6nemli ad\u0131mlardan biri, g\u00fcnl\u00fck konu\u015fma ve yaz\u0131\u015fmalarda en s\u0131k kullan\u0131lan fiilleri do\u011fru bir \u015fekilde bilmek ve kullanmakt\u0131r. Almanca","breadcrumb":{"@id":"https:\/\/talkpal.ai\/tr\/grammar\/almanca-gramerinde-en-iyi-50-deutsche-verben\/#breadcrumb"},"inLanguage":"tr","potentialAction":[{"@type":"ReadAction","target":["https:\/\/talkpal.ai\/tr\/grammar\/almanca-gramerinde-en-iyi-50-deutsche-verben\/"]}]},{"@type":"ImageObject","inLanguage":"tr","@id":"https:\/\/talkpal.ai\/tr\/grammar\/almanca-gramerinde-en-iyi-50-deutsche-verben\/#primaryimage","url":"https:\/\/talkpal.ai\/wp-content\/uploads\/2025\/12\/student-is-learning-languages-at-cafe.webp","contentUrl":"https:\/\/talkpal.ai\/wp-content\/uploads\/2025\/12\/student-is-learning-languages-at-cafe.webp","width":1200,"height":896,"caption":"A man with a top-knot writes in a notebook while learning languages in a sunny coffee shop."},{"@type":"BreadcrumbList","@id":"https:\/\/talkpal.ai\/tr\/grammar\/almanca-gramerinde-en-iyi-50-deutsche-verben\/#breadcrumb","itemListElement":[{"@type":"ListItem","position":1,"name":"Homepage","item":"https:\/\/talkpal.ai\/tr\/"},{"@type":"ListItem","position":2,"name":"Almanca Gramerinde En \u0130yi 50 Deutsche Verben"}]},{"@type":"WebSite","@id":"https:\/\/talkpal.ai\/tr\/#website","url":"https:\/\/talkpal.ai\/tr\/","name":"Talkpal","description":"AI Language Learning","publisher":{"@id":"https:\/\/talkpal.ai\/tr\/#organization"},"alternateName":"Talkpal AI","potentialAction":[{"@type":"SearchAction","target":{"@type":"EntryPoint","urlTemplate":"https:\/\/talkpal.ai\/tr\/?s={search_term_string}"},"query-input":{"@type":"PropertyValueSpecification","valueRequired":true,"valueName":"search_term_string"}}],"inLanguage":"tr"},{"@type":"Organization","@id":"https:\/\/talkpal.ai\/tr\/#organization","name":"Talkpal, Inc.","alternateName":"Talkpal AI","url":"https:\/\/talkpal.ai\/tr\/","logo":{"@type":"ImageObject","inLanguage":"tr","@id":"https:\/\/talkpal.ai\/tr\/#\/schema\/logo\/image\/","url":"https:\/\/talkpal.ai\/wp-content\/uploads\/2024\/03\/Talkpal-Logo-Icon.png","contentUrl":"https:\/\/talkpal.ai\/wp-content\/uploads\/2024\/03\/Talkpal-Logo-Icon.png","width":2880,"height":2880,"caption":"Talkpal, Inc."},"image":{"@id":"https:\/\/talkpal.ai\/tr\/#\/schema\/logo\/image\/"},"sameAs":["https:\/\/www.facebook.com\/profile.php?id=100090733639311","https:\/\/x.com\/talkpalai","https:\/\/www.linkedin.com\/company\/talkpal\/","https:\/\/www.youtube.com\/@TalkPal\/","https:\/\/www.tiktok.com\/@talkpal","https:\/\/www.instagram.com\/talkpal_ai\/","https:\/\/www.crunchbase.com\/organization\/talkpal-9cde","https:\/\/www.g2.com\/products\/talkpal-for-business\/","https:\/\/www.trustpilot.com\/review\/talkpal.ai","https:\/\/www.capterra.com\/p\/10006800\/TalkPal\/"],"description":"Talkpal is a language learning web and mobile education app, powered by the latest AI technologies, that provides engaging experiences to its customers in many different languages to help them improve their language skills. Users can chat about unlimited amount of topics with the app and use other modes to practice their language learning.","email":"support@talkpal.ai","legalName":"Talkpal, Inc.","foundingDate":"2023-04-03","duns":"118989042","numberOfEmployees":{"@type":"QuantitativeValue","minValue":"11","maxValue":"50"},"publishingPrinciples":"https:\/\/talkpal.ai\/publishing-principles\/","actionableFeedbackPolicy":"https:\/\/talkpal.ai\/actionable-feedback-policy\/","correctionsPolicy":"https:\/\/talkpal.ai\/corrections-policy\/","ethicsPolicy":"https:\/\/talkpal.ai\/ethics-policy\/","diversityPolicy":"https:\/\/talkpal.ai\/diversity-policy\/","diversityStaffingReport":"https:\/\/talkpal.ai\/diversity-policy\/"}]}},"_links":{"self":[{"href":"https:\/\/talkpal.ai\/tr\/wp-json\/wp\/v2\/grammar\/1080950","targetHints":{"allow":["GET"]}}],"collection":[{"href":"https:\/\/talkpal.ai\/tr\/wp-json\/wp\/v2\/grammar"}],"about":[{"href":"https:\/\/talkpal.ai\/tr\/wp-json\/wp\/v2\/types\/grammar"}],"wp:featuredmedia":[{"embeddable":true,"href":"https:\/\/talkpal.ai\/tr\/wp-json\/wp\/v2\/media\/1527891"}],"wp:attachment":[{"href":"https:\/\/talkpal.ai\/tr\/wp-json\/wp\/v2\/media?parent=1080950"}],"wp:term":[{"taxonomy":"language","embeddable":true,"href":"https:\/\/talkpal.ai\/tr\/wp-json\/wp\/v2\/language?post=1080950"}],"curies":[{"name":"wp","href":"https:\/\/api.w.org\/{rel}","templated":true}]}}