{"id":857637,"date":"2024-06-29T22:40:28","date_gmt":"2024-06-29T22:40:28","guid":{"rendered":"https:\/\/talkpal.ai\/vocabulary\/tidsrelaterat-ordforrad-pa-det-slovenska-spraket\/"},"modified":"2024-06-29T22:40:28","modified_gmt":"2024-06-29T22:40:28","slug":"tidsrelaterat-ordforrad-pa-det-slovenska-spraket","status":"publish","type":"vocabulary","link":"https:\/\/talkpal.ai\/sv\/vocabulary\/tidsrelaterat-ordforrad-pa-det-slovenska-spraket\/","title":{"rendered":"Tidsrelaterat ordf\u00f6rr\u00e5d p\u00e5 det slovenska spr\u00e5ket"},"content":{"rendered":"<p>Att l\u00e4ra sig ett nytt spr\u00e5k inneb\u00e4r att bem\u00e4stra olika aspekter av detta spr\u00e5k, och en av de mest grundl\u00e4ggande och viktiga aspekterna \u00e4r ordf\u00f6rr\u00e5det. F\u00f6r att kunna kommunicera effektivt beh\u00f6ver man ett starkt grepp om de ord som beskriver tid. I denna artikel kommer vi att utforska det tidsrelaterade ordf\u00f6rr\u00e5det p\u00e5 det slovenska spr\u00e5ket. Genom att f\u00f6rst\u00e5 och anv\u00e4nda dessa ord korrekt kan du f\u00f6rb\u00e4ttra din f\u00f6rm\u00e5ga att uttrycka dig p\u00e5 slovenska.<\/p>\n<h2>Grundl\u00e4ggande tidsord<\/h2>\n<p>N\u00e4r du b\u00f6rjar l\u00e4ra dig om tid p\u00e5 slovenska \u00e4r det viktigt att du k\u00e4nner till de grundl\u00e4ggande tidsorden. H\u00e4r \u00e4r n\u00e5gra av de mest grundl\u00e4ggande orden:<\/p>\n<p>&#8211; <b>Dan<\/b> (dag)<br \/>\n&#8211; <b>Mesec<\/b> (m\u00e5nad)<br \/>\n&#8211; <b>Leto<\/b> (\u00e5r)<br \/>\n&#8211; <b>Ura<\/b> (timme)<br \/>\n&#8211; <b>Minuta<\/b> (minut)<br \/>\n&#8211; <b>Sekunda<\/b> (sekund)<\/p>\n<p>Dessa ord \u00e4r fundamentala n\u00e4r man talar om tid. L\u00e5t <a href=\"https:\/\/talkpal.ai\/locations\/language-courses-in-oss\/\">oss<\/a> nu titta n\u00e4rmare p\u00e5 hur dessa anv\u00e4nds i olika sammanhang.<\/p>\n<h3>Veckodagar<\/h3>\n<p>Veckodagarna p\u00e5 slovenska \u00e4r som f\u00f6ljer:<\/p>\n<p>&#8211; <b>Ponedeljek<\/b> (m\u00e5ndag)<br \/>\n&#8211; <b>Torek<\/b> (tisdag)<br \/>\n&#8211; <b>Sreda<\/b> (onsdag)<br \/>\n&#8211; <b>\u010cetrtek<\/b> (torsdag)<br \/>\n&#8211; <b>Petek<\/b> (fredag)<br \/>\n&#8211; <b>Sobota<\/b> (l\u00f6rdag)<br \/>\n&#8211; <b>Nedelja<\/b> (s\u00f6ndag)<\/p>\n<p>Dessa ord \u00e4r viktiga att kunna n\u00e4r man planerar eller pratar om aktiviteter som sker under veckan.<\/p>\n<h3>M\u00e5nader<\/h3>\n<p>M\u00e5naderna p\u00e5 slovenska \u00e4r:<\/p>\n<p>&#8211; <b>Januar<\/b> (januari)<br \/>\n&#8211; <b>Februar<\/b> (februari)<br \/>\n&#8211; <b>Marec<\/b> (mars)<br \/>\n&#8211; <b>April<\/b> (april)<br \/>\n&#8211; <b>Maj<\/b> (maj)<br \/>\n&#8211; <b>Junij<\/b> (juni)<br \/>\n&#8211; <b>Julij<\/b> (juli)<br \/>\n&#8211; <b>Avgust<\/b> (augusti)<br \/>\n&#8211; <b>September<\/b> (september)<br \/>\n&#8211; <b>Oktober<\/b> (oktober)<br \/>\n&#8211; <b>November<\/b> (november)<br \/>\n&#8211; <b>December<\/b> (december)<\/p>\n<p>Precis som veckodagarna \u00e4r m\u00e5naderna viktiga att k\u00e4nna till f\u00f6r att kunna diskutera datum och planera framtida h\u00e4ndelser.<\/p>\n<h2>Uttryck f\u00f6r tidpunkter<\/h2>\n<p>Att kunna ange specifika tidpunkter \u00e4r en annan viktig f\u00e4rdighet. H\u00e4r \u00e4r n\u00e5gra vanliga uttryck:<\/p>\n<p>&#8211; <b>Zdaj<\/b> (nu)<br \/>\n&#8211; <b>Kmalu<\/b> (snart)<br \/>\n&#8211; <b>Danes<\/b> (idag)<br \/>\n&#8211; <b>Jutri<\/b> (imorgon)<br \/>\n&#8211; <b>V\u010deraj<\/b> (ig\u00e5r)<\/p>\n<p>Dessa ord hj\u00e4lper dig att uttrycka n\u00e4r n\u00e5got h\u00e4nder, vilket \u00e4r avg\u00f6rande f\u00f6r att kunna f\u00f6ra en konversation om tidsrelaterade \u00e4mnen.<\/p>\n<h3>Klockslag<\/h3>\n<p>N\u00e4r du vill ange en specifik tid p\u00e5 dagen, anv\u00e4nder du f\u00f6ljande struktur:<\/p>\n<p>&#8211; <b>Ura<\/b> (timme) + <b>Minuta<\/b> (minut)<\/p>\n<p>Exempel:<br \/>\n&#8211; 14:30 &#8211; <b>\u0160tirinajst<\/b> (fjorton) <b>in trideset minut<\/b> (och trettio minuter)<br \/>\n&#8211; 7:15 &#8211; <b>Sedem<\/b> (sju) <b>in petnajst minut<\/b> (och femton minuter)<\/p>\n<p>Att kunna s\u00e4ga tiden korrekt \u00e4r viktigt f\u00f6r att kunna komma \u00f6verens om m\u00f6ten och f\u00f6rst\u00e5 tidsangivelser.<\/p>\n<h2>Frekvens och tidsperioder<\/h2>\n<p>F\u00f6r att uttrycka hur ofta n\u00e5got h\u00e4nder eller hur l\u00e4nge n\u00e5got varar, beh\u00f6ver du k\u00e4nna till n\u00e5gra viktiga ord och uttryck:<\/p>\n<p>&#8211; <b>Vsak dan<\/b> (varje dag)<br \/>\n&#8211; <b>Enkrat na teden<\/b> (en g\u00e5ng i veckan)<br \/>\n&#8211; <b>Vsak mesec<\/b> (varje m\u00e5nad)<br \/>\n&#8211; <b>Vsako leto<\/b> (varje \u00e5r)<br \/>\n&#8211; <b>Cel dan<\/b> (hela dagen)<br \/>\n&#8211; <b>Ve\u010d ur<\/b> (flera timmar)<\/p>\n<p>Dessa uttryck \u00e4r mycket anv\u00e4ndbara n\u00e4r du beskriver vanor, scheman och tidsperioder.<\/p>\n<h3>Specifika tidsuttryck<\/h3>\n<p>F\u00f6r att bli \u00e4nnu mer exakt kan du anv\u00e4nda f\u00f6ljande uttryck:<\/p>\n<p>&#8211; <b>Pred<\/b> (f\u00f6re)<br \/>\n&#8211; <b>Po<\/b> (efter)<br \/>\n&#8211; <b>Med<\/b> (under)<br \/>\n&#8211; <b>Od<\/b> (fr\u00e5n)<br \/>\n&#8211; <b>Do<\/b> (till)<\/p>\n<p>Exempel:<\/p>\n<p>&#8211; Pred kosilom (f\u00f6re lunchen)<br \/>\n&#8211; Po ve\u010derji (efter middagen)<br \/>\n&#8211; Med po\u010ditnicami (under semestern)<br \/>\n&#8211; Od jutra do ve\u010dera (fr\u00e5n morgon till kv\u00e4ll)<\/p>\n<p>Dessa ord och uttryck hj\u00e4lper dig att precisera n\u00e4r n\u00e5got h\u00e4nder i f\u00f6rh\u00e5llande till andra h\u00e4ndelser.<\/p>\n<h2>Framtid, nutid och d\u00e5tid<\/h2>\n<p>Att kunna <a href=\"https:\/\/talkpal.ai\/locations\/language-courses-in-prata\/\">prata<\/a> om h\u00e4ndelser i olika tidsramar \u00e4r ocks\u00e5 viktigt. H\u00e4r \u00e4r n\u00e5gra grundl\u00e4ggande ord och uttryck f\u00f6r att prata om framtid, nutid och d\u00e5tid:<\/p>\n<p>&#8211; <b>Preteklost<\/b> (d\u00e5tid)<br \/>\n&#8211; <b>Sedanjost<\/b> (nutid)<br \/>\n&#8211; <b>Prihodnost<\/b> (framtid)<\/p>\n<p>Dessa ord anv\u00e4nds ofta n\u00e4r du diskuterar olika tidsperioder. H\u00e4r \u00e4r n\u00e5gra exempel p\u00e5 hur du kan anv\u00e4nda dem:<\/p>\n<p>&#8211; V preteklosti (i det f\u00f6rflutna)<br \/>\n&#8211; V sedanjosti (i nuet)<br \/>\n&#8211; V prihodnosti (i framtiden)<\/p>\n<h3>Verbb\u00f6jning<\/h3>\n<p>P\u00e5 slovenska, precis som p\u00e5 m\u00e5nga andra spr\u00e5k, f\u00f6r\u00e4ndras verb beroende p\u00e5 vilken tidsform du anv\u00e4nder. H\u00e4r \u00e4r n\u00e5gra exempel p\u00e5 verbet &#8217;delati&#8217; (att arbeta) i olika tidsformer:<\/p>\n<p>&#8211; Preteklik (d\u00e5tid): <b>Delal<\/b> sem (jag arbetade)<br \/>\n&#8211; Sedanjik (nutid): <b>Delam<\/b> (jag arbetar)<br \/>\n&#8211; Prihodnjik (framtid): <b>Bom delal<\/b> (jag kommer att arbeta)<\/p>\n<p>Det \u00e4r viktigt att du l\u00e4r dig dessa b\u00f6jningar f\u00f6r att kunna prata om handlingar som sker vid olika tidpunkter.<\/p>\n<h2>Sammanfattning<\/h2>\n<p>Att f\u00f6rst\u00e5 och anv\u00e4nda tidsrelaterat ordf\u00f6rr\u00e5d p\u00e5 slovenska \u00e4r avg\u00f6rande f\u00f6r att kunna kommunicera effektivt. Genom att bem\u00e4stra grundl\u00e4ggande tidsord, veckodagar, m\u00e5nader, uttryck f\u00f6r tidpunkter, frekvens och tidsperioder, samt att kunna prata om framtid, nutid och d\u00e5tid, kan du f\u00f6rb\u00e4ttra din f\u00f6rm\u00e5ga att uttrycka dig p\u00e5 slovenska. \u00d6va regelbundet och anv\u00e4nd dessa ord och uttryck i dina dagliga konversationer f\u00f6r att bli mer bekv\u00e4m med dem. Lycka till med din <a href=\"https:\/\/talkpal.ai\/sv\/hur-lar-man-sig-ett-sprak-via-talkpal-chat\/\">spr\u00e5kinl\u00e4rning<\/a>!<\/p>\n","protected":false},"featured_media":1527686,"template":"","vocabulary_language":[4206],"class_list":["post-857637","vocabulary","type-vocabulary","status-publish","has-post-thumbnail","hentry","vocabulary_language-slovenska"],"acf":[],"yoast_head":"<!-- This site is optimized with the Yoast SEO Premium plugin v27.2 (Yoast SEO v27.2) - https:\/\/yoast.com\/product\/yoast-seo-premium-wordpress\/ -->\n<title>Tidsrelaterat ordf\u00f6rr\u00e5d p\u00e5 det slovenska spr\u00e5ket - Talkpal<\/title>\n<meta name=\"description\" content=\"Att l\u00e4ra sig ett nytt spr\u00e5k inneb\u00e4r att bem\u00e4stra olika aspekter av detta spr\u00e5k, och en av de mest grundl\u00e4ggande och viktiga aspekterna \u00e4r ordf\u00f6rr\u00e5det. F\u00f6r\" \/>\n<meta name=\"robots\" content=\"index, follow, max-snippet:-1, max-image-preview:large, max-video-preview:-1\" \/>\n<link rel=\"canonical\" href=\"https:\/\/talkpal.ai\/sv\/vocabulary\/tidsrelaterat-ordforrad-pa-det-slovenska-spraket\/\" \/>\n<meta property=\"og:locale\" content=\"sv_SE\" \/>\n<meta property=\"og:type\" content=\"article\" \/>\n<meta property=\"og:title\" content=\"Tidsrelaterat ordf\u00f6rr\u00e5d p\u00e5 det slovenska spr\u00e5ket\" \/>\n<meta property=\"og:description\" content=\"Att l\u00e4ra sig ett nytt spr\u00e5k inneb\u00e4r att bem\u00e4stra olika aspekter av detta spr\u00e5k, och en av de mest grundl\u00e4ggande och viktiga aspekterna \u00e4r ordf\u00f6rr\u00e5det. F\u00f6r\" \/>\n<meta property=\"og:url\" content=\"https:\/\/talkpal.ai\/sv\/vocabulary\/tidsrelaterat-ordforrad-pa-det-slovenska-spraket\/\" \/>\n<meta property=\"og:site_name\" content=\"Talkpal\" \/>\n<meta property=\"article:publisher\" content=\"https:\/\/www.facebook.com\/profile.php?id=100090733639311\" \/>\n<meta property=\"og:image\" content=\"https:\/\/talkpal.ai\/wp-content\/uploads\/2024\/10\/talkpal_flat_illustration_of_a_employees_working_together_happi_c674ff77-e477-4e09-835a-01d30e561e99.png\" \/>\n\t<meta property=\"og:image:width\" content=\"1024\" \/>\n\t<meta property=\"og:image:height\" content=\"1024\" \/>\n\t<meta property=\"og:image:type\" content=\"image\/png\" \/>\n<meta name=\"twitter:card\" content=\"summary_large_image\" \/>\n<meta name=\"twitter:site\" content=\"@talkpalai\" \/>\n<meta name=\"twitter:label1\" content=\"Ber\u00e4knad l\u00e4stid\" \/>\n\t<meta name=\"twitter:data1\" content=\"4 minuter\" \/>\n<script type=\"application\/ld+json\" class=\"yoast-schema-graph\">{\"@context\":\"https:\/\/schema.org\",\"@graph\":[{\"@type\":\"WebPage\",\"@id\":\"https:\/\/talkpal.ai\/sv\/vocabulary\/tidsrelaterat-ordforrad-pa-det-slovenska-spraket\/\",\"url\":\"https:\/\/talkpal.ai\/sv\/vocabulary\/tidsrelaterat-ordforrad-pa-det-slovenska-spraket\/\",\"name\":\"Tidsrelaterat ordf\u00f6rr\u00e5d p\u00e5 det slovenska spr\u00e5ket - Talkpal\",\"isPartOf\":{\"@id\":\"https:\/\/talkpal.ai\/sv\/#website\"},\"primaryImageOfPage\":{\"@id\":\"https:\/\/talkpal.ai\/sv\/vocabulary\/tidsrelaterat-ordforrad-pa-det-slovenska-spraket\/#primaryimage\"},\"image\":{\"@id\":\"https:\/\/talkpal.ai\/sv\/vocabulary\/tidsrelaterat-ordforrad-pa-det-slovenska-spraket\/#primaryimage\"},\"thumbnailUrl\":\"https:\/\/talkpal.ai\/wp-content\/uploads\/2025\/12\/group-of-students-learning-languages-together.webp\",\"datePublished\":\"2024-06-29T22:40:28+00:00\",\"description\":\"Att l\u00e4ra sig ett nytt spr\u00e5k inneb\u00e4r att bem\u00e4stra olika aspekter av detta spr\u00e5k, och en av de mest grundl\u00e4ggande och viktiga aspekterna \u00e4r ordf\u00f6rr\u00e5det. F\u00f6r\",\"breadcrumb\":{\"@id\":\"https:\/\/talkpal.ai\/sv\/vocabulary\/tidsrelaterat-ordforrad-pa-det-slovenska-spraket\/#breadcrumb\"},\"inLanguage\":\"sv-SE\",\"potentialAction\":[{\"@type\":\"ReadAction\",\"target\":[\"https:\/\/talkpal.ai\/sv\/vocabulary\/tidsrelaterat-ordforrad-pa-det-slovenska-spraket\/\"]}]},{\"@type\":\"ImageObject\",\"inLanguage\":\"sv-SE\",\"@id\":\"https:\/\/talkpal.ai\/sv\/vocabulary\/tidsrelaterat-ordforrad-pa-det-slovenska-spraket\/#primaryimage\",\"url\":\"https:\/\/talkpal.ai\/wp-content\/uploads\/2025\/12\/group-of-students-learning-languages-together.webp\",\"contentUrl\":\"https:\/\/talkpal.ai\/wp-content\/uploads\/2025\/12\/group-of-students-learning-languages-together.webp\",\"width\":1200,\"height\":896,\"caption\":\"A close-knit group of students studies books and digital notes for learning languages at a library table.\"},{\"@type\":\"BreadcrumbList\",\"@id\":\"https:\/\/talkpal.ai\/sv\/vocabulary\/tidsrelaterat-ordforrad-pa-det-slovenska-spraket\/#breadcrumb\",\"itemListElement\":[{\"@type\":\"ListItem\",\"position\":1,\"name\":\"Homepage\",\"item\":\"https:\/\/talkpal.ai\/sv\/\"},{\"@type\":\"ListItem\",\"position\":2,\"name\":\"Tidsrelaterat ordf\u00f6rr\u00e5d p\u00e5 det slovenska spr\u00e5ket\"}]},{\"@type\":\"WebSite\",\"@id\":\"https:\/\/talkpal.ai\/sv\/#website\",\"url\":\"https:\/\/talkpal.ai\/sv\/\",\"name\":\"Talkpal\",\"description\":\"AI Language Learning\",\"publisher\":{\"@id\":\"https:\/\/talkpal.ai\/sv\/#organization\"},\"alternateName\":\"Talkpal AI\",\"potentialAction\":[{\"@type\":\"SearchAction\",\"target\":{\"@type\":\"EntryPoint\",\"urlTemplate\":\"https:\/\/talkpal.ai\/sv\/?s={search_term_string}\"},\"query-input\":{\"@type\":\"PropertyValueSpecification\",\"valueRequired\":true,\"valueName\":\"search_term_string\"}}],\"inLanguage\":\"sv-SE\"},{\"@type\":\"Organization\",\"@id\":\"https:\/\/talkpal.ai\/sv\/#organization\",\"name\":\"Talkpal, Inc.\",\"alternateName\":\"Talkpal AI\",\"url\":\"https:\/\/talkpal.ai\/sv\/\",\"logo\":{\"@type\":\"ImageObject\",\"inLanguage\":\"sv-SE\",\"@id\":\"https:\/\/talkpal.ai\/sv\/#\/schema\/logo\/image\/\",\"url\":\"https:\/\/talkpal.ai\/wp-content\/uploads\/2024\/03\/Talkpal-Logo-Icon.png\",\"contentUrl\":\"https:\/\/talkpal.ai\/wp-content\/uploads\/2024\/03\/Talkpal-Logo-Icon.png\",\"width\":2880,\"height\":2880,\"caption\":\"Talkpal, Inc.\"},\"image\":{\"@id\":\"https:\/\/talkpal.ai\/sv\/#\/schema\/logo\/image\/\"},\"sameAs\":[\"https:\/\/www.facebook.com\/profile.php?id=100090733639311\",\"https:\/\/x.com\/talkpalai\",\"https:\/\/www.linkedin.com\/company\/talkpal\/\",\"https:\/\/www.youtube.com\/@TalkPal\/\",\"https:\/\/www.tiktok.com\/@talkpal\",\"https:\/\/www.instagram.com\/talkpal_ai\/\",\"https:\/\/www.crunchbase.com\/organization\/talkpal-9cde\",\"https:\/\/www.g2.com\/products\/talkpal-for-business\/\",\"https:\/\/www.trustpilot.com\/review\/talkpal.ai\",\"https:\/\/www.capterra.com\/p\/10006800\/TalkPal\/\"],\"description\":\"Talkpal is a language learning web and mobile education app, powered by the latest AI technologies, that provides engaging experiences to its customers in many different languages to help them improve their language skills. Users can chat about unlimited amount of topics with the app and use other modes to practice their language learning.\",\"email\":\"support@talkpal.ai\",\"legalName\":\"Talkpal, Inc.\",\"foundingDate\":\"2023-04-03\",\"duns\":\"118989042\",\"numberOfEmployees\":{\"@type\":\"QuantitativeValue\",\"minValue\":\"11\",\"maxValue\":\"50\"},\"publishingPrinciples\":\"https:\/\/talkpal.ai\/publishing-principles\/\",\"actionableFeedbackPolicy\":\"https:\/\/talkpal.ai\/actionable-feedback-policy\/\",\"correctionsPolicy\":\"https:\/\/talkpal.ai\/corrections-policy\/\",\"ethicsPolicy\":\"https:\/\/talkpal.ai\/ethics-policy\/\",\"diversityPolicy\":\"https:\/\/talkpal.ai\/diversity-policy\/\",\"diversityStaffingReport\":\"https:\/\/talkpal.ai\/diversity-policy\/\"}]}<\/script>\n<!-- \/ Yoast SEO Premium plugin. -->","yoast_head_json":{"title":"Tidsrelaterat ordf\u00f6rr\u00e5d p\u00e5 det slovenska spr\u00e5ket - Talkpal","description":"Att l\u00e4ra sig ett nytt spr\u00e5k inneb\u00e4r att bem\u00e4stra olika aspekter av detta spr\u00e5k, och en av de mest grundl\u00e4ggande och viktiga aspekterna \u00e4r ordf\u00f6rr\u00e5det. F\u00f6r","robots":{"index":"index","follow":"follow","max-snippet":"max-snippet:-1","max-image-preview":"max-image-preview:large","max-video-preview":"max-video-preview:-1"},"canonical":"https:\/\/talkpal.ai\/sv\/vocabulary\/tidsrelaterat-ordforrad-pa-det-slovenska-spraket\/","og_locale":"sv_SE","og_type":"article","og_title":"Tidsrelaterat ordf\u00f6rr\u00e5d p\u00e5 det slovenska spr\u00e5ket","og_description":"Att l\u00e4ra sig ett nytt spr\u00e5k inneb\u00e4r att bem\u00e4stra olika aspekter av detta spr\u00e5k, och en av de mest grundl\u00e4ggande och viktiga aspekterna \u00e4r ordf\u00f6rr\u00e5det. F\u00f6r","og_url":"https:\/\/talkpal.ai\/sv\/vocabulary\/tidsrelaterat-ordforrad-pa-det-slovenska-spraket\/","og_site_name":"Talkpal","article_publisher":"https:\/\/www.facebook.com\/profile.php?id=100090733639311","og_image":[{"width":1024,"height":1024,"url":"https:\/\/talkpal.ai\/wp-content\/uploads\/2024\/10\/talkpal_flat_illustration_of_a_employees_working_together_happi_c674ff77-e477-4e09-835a-01d30e561e99.png","type":"image\/png"}],"twitter_card":"summary_large_image","twitter_site":"@talkpalai","twitter_misc":{"Ber\u00e4knad l\u00e4stid":"4 minuter"},"schema":{"@context":"https:\/\/schema.org","@graph":[{"@type":"WebPage","@id":"https:\/\/talkpal.ai\/sv\/vocabulary\/tidsrelaterat-ordforrad-pa-det-slovenska-spraket\/","url":"https:\/\/talkpal.ai\/sv\/vocabulary\/tidsrelaterat-ordforrad-pa-det-slovenska-spraket\/","name":"Tidsrelaterat ordf\u00f6rr\u00e5d p\u00e5 det slovenska spr\u00e5ket - Talkpal","isPartOf":{"@id":"https:\/\/talkpal.ai\/sv\/#website"},"primaryImageOfPage":{"@id":"https:\/\/talkpal.ai\/sv\/vocabulary\/tidsrelaterat-ordforrad-pa-det-slovenska-spraket\/#primaryimage"},"image":{"@id":"https:\/\/talkpal.ai\/sv\/vocabulary\/tidsrelaterat-ordforrad-pa-det-slovenska-spraket\/#primaryimage"},"thumbnailUrl":"https:\/\/talkpal.ai\/wp-content\/uploads\/2025\/12\/group-of-students-learning-languages-together.webp","datePublished":"2024-06-29T22:40:28+00:00","description":"Att l\u00e4ra sig ett nytt spr\u00e5k inneb\u00e4r att bem\u00e4stra olika aspekter av detta spr\u00e5k, och en av de mest grundl\u00e4ggande och viktiga aspekterna \u00e4r ordf\u00f6rr\u00e5det. F\u00f6r","breadcrumb":{"@id":"https:\/\/talkpal.ai\/sv\/vocabulary\/tidsrelaterat-ordforrad-pa-det-slovenska-spraket\/#breadcrumb"},"inLanguage":"sv-SE","potentialAction":[{"@type":"ReadAction","target":["https:\/\/talkpal.ai\/sv\/vocabulary\/tidsrelaterat-ordforrad-pa-det-slovenska-spraket\/"]}]},{"@type":"ImageObject","inLanguage":"sv-SE","@id":"https:\/\/talkpal.ai\/sv\/vocabulary\/tidsrelaterat-ordforrad-pa-det-slovenska-spraket\/#primaryimage","url":"https:\/\/talkpal.ai\/wp-content\/uploads\/2025\/12\/group-of-students-learning-languages-together.webp","contentUrl":"https:\/\/talkpal.ai\/wp-content\/uploads\/2025\/12\/group-of-students-learning-languages-together.webp","width":1200,"height":896,"caption":"A close-knit group of students studies books and digital notes for learning languages at a library table."},{"@type":"BreadcrumbList","@id":"https:\/\/talkpal.ai\/sv\/vocabulary\/tidsrelaterat-ordforrad-pa-det-slovenska-spraket\/#breadcrumb","itemListElement":[{"@type":"ListItem","position":1,"name":"Homepage","item":"https:\/\/talkpal.ai\/sv\/"},{"@type":"ListItem","position":2,"name":"Tidsrelaterat ordf\u00f6rr\u00e5d p\u00e5 det slovenska spr\u00e5ket"}]},{"@type":"WebSite","@id":"https:\/\/talkpal.ai\/sv\/#website","url":"https:\/\/talkpal.ai\/sv\/","name":"Talkpal","description":"AI Language Learning","publisher":{"@id":"https:\/\/talkpal.ai\/sv\/#organization"},"alternateName":"Talkpal AI","potentialAction":[{"@type":"SearchAction","target":{"@type":"EntryPoint","urlTemplate":"https:\/\/talkpal.ai\/sv\/?s={search_term_string}"},"query-input":{"@type":"PropertyValueSpecification","valueRequired":true,"valueName":"search_term_string"}}],"inLanguage":"sv-SE"},{"@type":"Organization","@id":"https:\/\/talkpal.ai\/sv\/#organization","name":"Talkpal, Inc.","alternateName":"Talkpal AI","url":"https:\/\/talkpal.ai\/sv\/","logo":{"@type":"ImageObject","inLanguage":"sv-SE","@id":"https:\/\/talkpal.ai\/sv\/#\/schema\/logo\/image\/","url":"https:\/\/talkpal.ai\/wp-content\/uploads\/2024\/03\/Talkpal-Logo-Icon.png","contentUrl":"https:\/\/talkpal.ai\/wp-content\/uploads\/2024\/03\/Talkpal-Logo-Icon.png","width":2880,"height":2880,"caption":"Talkpal, Inc."},"image":{"@id":"https:\/\/talkpal.ai\/sv\/#\/schema\/logo\/image\/"},"sameAs":["https:\/\/www.facebook.com\/profile.php?id=100090733639311","https:\/\/x.com\/talkpalai","https:\/\/www.linkedin.com\/company\/talkpal\/","https:\/\/www.youtube.com\/@TalkPal\/","https:\/\/www.tiktok.com\/@talkpal","https:\/\/www.instagram.com\/talkpal_ai\/","https:\/\/www.crunchbase.com\/organization\/talkpal-9cde","https:\/\/www.g2.com\/products\/talkpal-for-business\/","https:\/\/www.trustpilot.com\/review\/talkpal.ai","https:\/\/www.capterra.com\/p\/10006800\/TalkPal\/"],"description":"Talkpal is a language learning web and mobile education app, powered by the latest AI technologies, that provides engaging experiences to its customers in many different languages to help them improve their language skills. Users can chat about unlimited amount of topics with the app and use other modes to practice their language learning.","email":"support@talkpal.ai","legalName":"Talkpal, Inc.","foundingDate":"2023-04-03","duns":"118989042","numberOfEmployees":{"@type":"QuantitativeValue","minValue":"11","maxValue":"50"},"publishingPrinciples":"https:\/\/talkpal.ai\/publishing-principles\/","actionableFeedbackPolicy":"https:\/\/talkpal.ai\/actionable-feedback-policy\/","correctionsPolicy":"https:\/\/talkpal.ai\/corrections-policy\/","ethicsPolicy":"https:\/\/talkpal.ai\/ethics-policy\/","diversityPolicy":"https:\/\/talkpal.ai\/diversity-policy\/","diversityStaffingReport":"https:\/\/talkpal.ai\/diversity-policy\/"}]}},"_links":{"self":[{"href":"https:\/\/talkpal.ai\/sv\/wp-json\/wp\/v2\/vocabulary\/857637","targetHints":{"allow":["GET"]}}],"collection":[{"href":"https:\/\/talkpal.ai\/sv\/wp-json\/wp\/v2\/vocabulary"}],"about":[{"href":"https:\/\/talkpal.ai\/sv\/wp-json\/wp\/v2\/types\/vocabulary"}],"wp:featuredmedia":[{"embeddable":true,"href":"https:\/\/talkpal.ai\/sv\/wp-json\/wp\/v2\/media\/1527686"}],"wp:attachment":[{"href":"https:\/\/talkpal.ai\/sv\/wp-json\/wp\/v2\/media?parent=857637"}],"wp:term":[{"taxonomy":"vocabulary_language","embeddable":true,"href":"https:\/\/talkpal.ai\/sv\/wp-json\/wp\/v2\/vocabulary_language?post=857637"}],"curies":[{"name":"wp","href":"https:\/\/api.w.org\/{rel}","templated":true}]}}