{"id":857618,"date":"2024-06-29T22:38:55","date_gmt":"2024-06-29T22:38:55","guid":{"rendered":"https:\/\/talkpal.ai\/vocabulary\/tidsrelaterad-ordforrad-pa-det-ungerska-spraket\/"},"modified":"2024-06-29T22:38:55","modified_gmt":"2024-06-29T22:38:55","slug":"tidsrelaterad-ordforrad-pa-det-ungerska-spraket","status":"publish","type":"vocabulary","link":"https:\/\/talkpal.ai\/sv\/vocabulary\/tidsrelaterad-ordforrad-pa-det-ungerska-spraket\/","title":{"rendered":"Tidsrelaterad ordf\u00f6rr\u00e5d p\u00e5 det ungerska spr\u00e5ket"},"content":{"rendered":"<p>N\u00e4r man l\u00e4r sig ett nytt spr\u00e5k \u00e4r det viktigt att f\u00f6rst\u00e5 och kunna anv\u00e4nda ord och uttryck relaterade till tid. Detta g\u00e4ller s\u00e4rskilt f\u00f6r det <a href=\"https:\/\/talkpal.ai\/learn-hungarian\/\">ungerska<\/a> spr\u00e5ket, som har sin egen unika struktur och ordf\u00f6rr\u00e5d. Att f\u00f6rst\u00e5 tidsrelaterat ordf\u00f6rr\u00e5d kan hj\u00e4lpa dig att navigera genom dagliga konversationer och f\u00f6rst\u00e5 kulturella nyanser b\u00e4ttre. I denna artikel kommer vi att utforska olika aspekter av tidsrelaterat ordf\u00f6rr\u00e5d p\u00e5 ungerska, inklusive ord f\u00f6r dagar, m\u00e5nader, \u00e5rstider, och andra tidsuttryck.<\/p>\n<h2>Dagar och Veckodagar<\/h2>\n<p>Att kunna veckodagarna \u00e4r grundl\u00e4ggande n\u00e4r man l\u00e4r sig ett nytt spr\u00e5k. P\u00e5 ungerska heter veckodagarna:<\/p>\n<p>&#8211; M\u00e5ndag: <b>h\u00e9tf\u0151<\/b><br \/>\n&#8211; Tisdag: <b>kedd<\/b><br \/>\n&#8211; Onsdag: <b>szerda<\/b><br \/>\n&#8211; Torsdag: <b>cs\u00fct\u00f6rt\u00f6k<\/b><br \/>\n&#8211; Fredag: <b>p\u00e9ntek<\/b><br \/>\n&#8211; L\u00f6rdag: <b>szombat<\/b><br \/>\n&#8211; S\u00f6ndag: <b>vas\u00e1rnap<\/b><\/p>\n<p>N\u00e4r man pratar om specifika dagar i veckan kan det vara anv\u00e4ndbart att k\u00e4nna till n\u00e5gra fraser:<br \/>\n&#8211; &#8221;p\u00e5 m\u00e5ndag&#8221;: <b>h\u00e9tf\u0151n<\/b><br \/>\n&#8211; &#8221;n\u00e4sta m\u00e5ndag&#8221;: <b>k\u00f6vetkez\u0151 h\u00e9tf\u0151n<\/b><br \/>\n&#8211; &#8221;f\u00f6rra m\u00e5ndagen&#8221;: <b>m\u00falt h\u00e9tf\u0151n<\/b><\/p>\n<h2>M\u00e5nader<\/h2>\n<p>Att kunna m\u00e5naderna \u00e4r ocks\u00e5 viktigt f\u00f6r att f\u00f6rst\u00e5 och kommunicera tidsrelaterad information. H\u00e4r \u00e4r de ungerska m\u00e5naderna:<\/p>\n<p>&#8211; Januari: <b>janu\u00e1r<\/b><br \/>\n&#8211; Februari: <b>febru\u00e1r<\/b><br \/>\n&#8211; Mars: <b>m\u00e1rcius<\/b><br \/>\n&#8211; April: <b>\u00e1prilis<\/b><br \/>\n&#8211; Maj: <b>m\u00e1jus<\/b><br \/>\n&#8211; Juni: <b>j\u00fanius<\/b><br \/>\n&#8211; Juli: <b>j\u00falius<\/b><br \/>\n&#8211; Augusti: <b>augusztus<\/b><br \/>\n&#8211; September: <b>szeptember<\/b><br \/>\n&#8211; Oktober: <b>okt\u00f3ber<\/b><br \/>\n&#8211; November: <b>november<\/b><br \/>\n&#8211; December: <b>december<\/b><\/p>\n<p>N\u00e4r du pratar om m\u00e5nader \u00e4r det ocks\u00e5 <a href=\"https:\/\/talkpal.ai\/locations\/learn-english-in-bra\/\">bra<\/a> att kunna uttrycka tid i form av datum:<br \/>\n&#8211; &#8221;i januari&#8221;: <b>janu\u00e1rban<\/b><br \/>\n&#8211; &#8221;n\u00e4sta januari&#8221;: <b>k\u00f6vetkez\u0151 janu\u00e1rban<\/b><br \/>\n&#8211; &#8221;f\u00f6rra januari&#8221;: <b>m\u00falt janu\u00e1rban<\/b><\/p>\n<h2>\u00c5rstider<\/h2>\n<p>\u00c5rstiderna kan ocks\u00e5 vara en viktig del av det tidsrelaterade ordf\u00f6rr\u00e5det. P\u00e5 ungerska heter de:<\/p>\n<p>&#8211; V\u00e5r: <b>tavasz<\/b><br \/>\n&#8211; Sommar: <b>ny\u00e1r<\/b><br \/>\n&#8211; H\u00f6st: <b>\u0151sz<\/b><br \/>\n&#8211; Vinter: <b>t\u00e9l<\/b><\/p>\n<p>F\u00f6r att uttrycka att n\u00e5got sker under en specifik \u00e5rstid kan du anv\u00e4nda:<br \/>\n&#8211; &#8221;p\u00e5 v\u00e5ren&#8221;: <b>tavasszal<\/b><br \/>\n&#8211; &#8221;p\u00e5 sommaren&#8221;: <b>ny\u00e1ron<\/b><br \/>\n&#8211; &#8221;p\u00e5 h\u00f6sten&#8221;: <b>\u0151sszel<\/b><br \/>\n&#8211; &#8221;p\u00e5 vintern&#8221;: <b>t\u00e9len<\/b><\/p>\n<h2>Tidsuttryck<\/h2>\n<p>F\u00f6rutom specifika ord f\u00f6r dagar, m\u00e5nader och \u00e5rstider, finns det m\u00e5nga andra tidsuttryck som kan vara anv\u00e4ndbara. H\u00e4r \u00e4r n\u00e5gra av dem:<\/p>\n<p>&#8211; &#8221;idag&#8221;: <b>ma<\/b><br \/>\n&#8211; &#8221;ig\u00e5r&#8221;: <b>tegnap<\/b><br \/>\n&#8211; &#8221;imorgon&#8221;: <b>holnap<\/b><br \/>\n&#8211; &#8221;just nu&#8221;: <b>jelenleg<\/b><br \/>\n&#8211; &#8221;senare&#8221;: <b>k\u00e9s\u0151bb<\/b><br \/>\n&#8211; &#8221;tidigare&#8221;: <b>kor\u00e1bban<\/b><br \/>\n&#8211; &#8221;snart&#8221;: <b>hamarosan<\/b><\/p>\n<p>F\u00f6r att uttrycka frekvens kan du anv\u00e4nda:<br \/>\n&#8211; &#8221;alltid&#8221;: <b>mindig<\/b><br \/>\n&#8211; &#8221;ofta&#8221;: <b>gyakran<\/b><br \/>\n&#8211; &#8221;s\u00e4llan&#8221;: <b>ritk\u00e1n<\/b><br \/>\n&#8211; &#8221;aldrig&#8221;: <b>soha<\/b><\/p>\n<h3>Tidsuttryck i Framtiden<\/h3>\n<p>N\u00e4r du talar om framtiden, kan f\u00f6ljande uttryck vara anv\u00e4ndbara:<br \/>\n&#8211; &#8221;n\u00e4sta vecka&#8221;: <b>j\u00f6v\u0151 h\u00e9ten<\/b><br \/>\n&#8211; &#8221;n\u00e4sta m\u00e5nad&#8221;: <b>j\u00f6v\u0151 h\u00f3napban<\/b><br \/>\n&#8211; &#8221;n\u00e4sta \u00e5r&#8221;: <b>j\u00f6v\u0151 \u00e9vben<\/b><\/p>\n<h3>Tidsuttryck i D\u00e5tid<\/h3>\n<p>F\u00f6r att <a href=\"https:\/\/talkpal.ai\/locations\/language-courses-in-tala\/\">tala<\/a> om det f\u00f6rflutna, kan du anv\u00e4nda:<br \/>\n&#8211; &#8221;f\u00f6rra veckan&#8221;: <b>m\u00falt h\u00e9ten<\/b><br \/>\n&#8211; &#8221;f\u00f6rra m\u00e5naden&#8221;: <b>m\u00falt h\u00f3napban<\/b><br \/>\n&#8211; &#8221;f\u00f6rra \u00e5ret&#8221;: <b>m\u00falt \u00e9vben<\/b><\/p>\n<h2>Tidsrelaterade Verb<\/h2>\n<p>Verb spelar en stor roll i att uttrycka tid p\u00e5 ungerska. H\u00e4r \u00e4r n\u00e5gra <a href=\"https:\/\/talkpal.ai\/sv\/grammar\/vanliga-verb-i-maori-grammatik\/\">vanliga verb<\/a> relaterade till tid och deras betydelser:<\/p>\n<p>&#8211; &#8221;att b\u00f6rja&#8221;: <b>kezdeni<\/b><br \/>\n&#8211; &#8221;att sluta&#8221;: <b>befejezni<\/b><br \/>\n&#8211; &#8221;att forts\u00e4tta&#8221;: <b>folytatni<\/b><br \/>\n&#8211; &#8221;att v\u00e4nta&#8221;: <b>v\u00e1rni<\/b><br \/>\n&#8211; &#8221;att skynda&#8221;: <b>sietni<\/b><br \/>\n&#8211; &#8221;att f\u00f6rsena&#8221;: <b>k\u00e9sni<\/b><\/p>\n<h2>Sammanfattning<\/h2>\n<p>Att l\u00e4ra sig tidsrelaterat ordf\u00f6rr\u00e5d p\u00e5 ungerska \u00e4r en viktig del av att beh\u00e4rska spr\u00e5ket. Genom att f\u00f6rst\u00e5 och kunna anv\u00e4nda ord f\u00f6r dagar, m\u00e5nader, \u00e5rstider och andra tidsuttryck kan du b\u00e4ttre navigera i konversationer och f\u00f6rb\u00e4ttra din spr\u00e5kf\u00f6rm\u00e5ga. Kom ih\u00e5g att \u00f6vning g\u00f6r m\u00e4stare, s\u00e5 anv\u00e4nd dessa ord och uttryck i dina dagliga samtal f\u00f6r att bli mer bekv\u00e4m med dem. Lycka till med dina spr\u00e5kstudier!<\/p>\n","protected":false},"featured_media":1528103,"template":"","vocabulary_language":[4187],"class_list":["post-857618","vocabulary","type-vocabulary","status-publish","has-post-thumbnail","hentry","vocabulary_language-ungerska"],"acf":[],"yoast_head":"<!-- This site is optimized with the Yoast SEO Premium plugin v27.2 (Yoast SEO v27.2) - https:\/\/yoast.com\/product\/yoast-seo-premium-wordpress\/ -->\n<title>Tidsrelaterad ordf\u00f6rr\u00e5d p\u00e5 det ungerska spr\u00e5ket - Talkpal<\/title>\n<meta name=\"description\" content=\"N\u00e4r man l\u00e4r sig ett nytt spr\u00e5k \u00e4r det viktigt att f\u00f6rst\u00e5 och kunna anv\u00e4nda ord och uttryck relaterade till tid. Detta g\u00e4ller s\u00e4rskilt f\u00f6r det ungerska\" \/>\n<meta name=\"robots\" content=\"index, follow, max-snippet:-1, max-image-preview:large, max-video-preview:-1\" \/>\n<link rel=\"canonical\" href=\"https:\/\/talkpal.ai\/sv\/vocabulary\/tidsrelaterad-ordforrad-pa-det-ungerska-spraket\/\" \/>\n<meta property=\"og:locale\" content=\"sv_SE\" \/>\n<meta property=\"og:type\" content=\"article\" \/>\n<meta property=\"og:title\" content=\"Tidsrelaterad ordf\u00f6rr\u00e5d p\u00e5 det ungerska spr\u00e5ket\" \/>\n<meta property=\"og:description\" content=\"N\u00e4r man l\u00e4r sig ett nytt spr\u00e5k \u00e4r det viktigt att f\u00f6rst\u00e5 och kunna anv\u00e4nda ord och uttryck relaterade till tid. Detta g\u00e4ller s\u00e4rskilt f\u00f6r det ungerska\" \/>\n<meta property=\"og:url\" content=\"https:\/\/talkpal.ai\/sv\/vocabulary\/tidsrelaterad-ordforrad-pa-det-ungerska-spraket\/\" \/>\n<meta property=\"og:site_name\" content=\"Talkpal\" \/>\n<meta property=\"article:publisher\" content=\"https:\/\/www.facebook.com\/profile.php?id=100090733639311\" \/>\n<meta property=\"og:image\" content=\"https:\/\/talkpal.ai\/wp-content\/uploads\/2024\/10\/talkpal_flat_illustration_of_a_employees_working_together_happi_c674ff77-e477-4e09-835a-01d30e561e99.png\" \/>\n\t<meta property=\"og:image:width\" content=\"1024\" \/>\n\t<meta property=\"og:image:height\" content=\"1024\" \/>\n\t<meta property=\"og:image:type\" content=\"image\/png\" \/>\n<meta name=\"twitter:card\" content=\"summary_large_image\" \/>\n<meta name=\"twitter:site\" content=\"@talkpalai\" \/>\n<meta name=\"twitter:label1\" content=\"Ber\u00e4knad l\u00e4stid\" \/>\n\t<meta name=\"twitter:data1\" content=\"3 minuter\" \/>\n<script type=\"application\/ld+json\" class=\"yoast-schema-graph\">{\"@context\":\"https:\/\/schema.org\",\"@graph\":[{\"@type\":\"WebPage\",\"@id\":\"https:\/\/talkpal.ai\/sv\/vocabulary\/tidsrelaterad-ordforrad-pa-det-ungerska-spraket\/\",\"url\":\"https:\/\/talkpal.ai\/sv\/vocabulary\/tidsrelaterad-ordforrad-pa-det-ungerska-spraket\/\",\"name\":\"Tidsrelaterad ordf\u00f6rr\u00e5d p\u00e5 det ungerska spr\u00e5ket - Talkpal\",\"isPartOf\":{\"@id\":\"https:\/\/talkpal.ai\/sv\/#website\"},\"primaryImageOfPage\":{\"@id\":\"https:\/\/talkpal.ai\/sv\/vocabulary\/tidsrelaterad-ordforrad-pa-det-ungerska-spraket\/#primaryimage\"},\"image\":{\"@id\":\"https:\/\/talkpal.ai\/sv\/vocabulary\/tidsrelaterad-ordforrad-pa-det-ungerska-spraket\/#primaryimage\"},\"thumbnailUrl\":\"https:\/\/talkpal.ai\/wp-content\/uploads\/2025\/12\/women-discuss-lessons-to-learn-languages.webp\",\"datePublished\":\"2024-06-29T22:38:55+00:00\",\"description\":\"N\u00e4r man l\u00e4r sig ett nytt spr\u00e5k \u00e4r det viktigt att f\u00f6rst\u00e5 och kunna anv\u00e4nda ord och uttryck relaterade till tid. Detta g\u00e4ller s\u00e4rskilt f\u00f6r det ungerska\",\"breadcrumb\":{\"@id\":\"https:\/\/talkpal.ai\/sv\/vocabulary\/tidsrelaterad-ordforrad-pa-det-ungerska-spraket\/#breadcrumb\"},\"inLanguage\":\"sv-SE\",\"potentialAction\":[{\"@type\":\"ReadAction\",\"target\":[\"https:\/\/talkpal.ai\/sv\/vocabulary\/tidsrelaterad-ordforrad-pa-det-ungerska-spraket\/\"]}]},{\"@type\":\"ImageObject\",\"inLanguage\":\"sv-SE\",\"@id\":\"https:\/\/talkpal.ai\/sv\/vocabulary\/tidsrelaterad-ordforrad-pa-det-ungerska-spraket\/#primaryimage\",\"url\":\"https:\/\/talkpal.ai\/wp-content\/uploads\/2025\/12\/women-discuss-lessons-to-learn-languages.webp\",\"contentUrl\":\"https:\/\/talkpal.ai\/wp-content\/uploads\/2025\/12\/women-discuss-lessons-to-learn-languages.webp\",\"width\":1200,\"height\":896,\"caption\":\"Two women wearing earrings discuss their lessons for learning languages at a shared table.\"},{\"@type\":\"BreadcrumbList\",\"@id\":\"https:\/\/talkpal.ai\/sv\/vocabulary\/tidsrelaterad-ordforrad-pa-det-ungerska-spraket\/#breadcrumb\",\"itemListElement\":[{\"@type\":\"ListItem\",\"position\":1,\"name\":\"Homepage\",\"item\":\"https:\/\/talkpal.ai\/sv\/\"},{\"@type\":\"ListItem\",\"position\":2,\"name\":\"Tidsrelaterad ordf\u00f6rr\u00e5d p\u00e5 det ungerska spr\u00e5ket\"}]},{\"@type\":\"WebSite\",\"@id\":\"https:\/\/talkpal.ai\/sv\/#website\",\"url\":\"https:\/\/talkpal.ai\/sv\/\",\"name\":\"Talkpal\",\"description\":\"AI Language Learning\",\"publisher\":{\"@id\":\"https:\/\/talkpal.ai\/sv\/#organization\"},\"alternateName\":\"Talkpal AI\",\"potentialAction\":[{\"@type\":\"SearchAction\",\"target\":{\"@type\":\"EntryPoint\",\"urlTemplate\":\"https:\/\/talkpal.ai\/sv\/?s={search_term_string}\"},\"query-input\":{\"@type\":\"PropertyValueSpecification\",\"valueRequired\":true,\"valueName\":\"search_term_string\"}}],\"inLanguage\":\"sv-SE\"},{\"@type\":\"Organization\",\"@id\":\"https:\/\/talkpal.ai\/sv\/#organization\",\"name\":\"Talkpal, Inc.\",\"alternateName\":\"Talkpal AI\",\"url\":\"https:\/\/talkpal.ai\/sv\/\",\"logo\":{\"@type\":\"ImageObject\",\"inLanguage\":\"sv-SE\",\"@id\":\"https:\/\/talkpal.ai\/sv\/#\/schema\/logo\/image\/\",\"url\":\"https:\/\/talkpal.ai\/wp-content\/uploads\/2024\/03\/Talkpal-Logo-Icon.png\",\"contentUrl\":\"https:\/\/talkpal.ai\/wp-content\/uploads\/2024\/03\/Talkpal-Logo-Icon.png\",\"width\":2880,\"height\":2880,\"caption\":\"Talkpal, Inc.\"},\"image\":{\"@id\":\"https:\/\/talkpal.ai\/sv\/#\/schema\/logo\/image\/\"},\"sameAs\":[\"https:\/\/www.facebook.com\/profile.php?id=100090733639311\",\"https:\/\/x.com\/talkpalai\",\"https:\/\/www.linkedin.com\/company\/talkpal\/\",\"https:\/\/www.youtube.com\/@TalkPal\/\",\"https:\/\/www.tiktok.com\/@talkpal\",\"https:\/\/www.instagram.com\/talkpal_ai\/\",\"https:\/\/www.crunchbase.com\/organization\/talkpal-9cde\",\"https:\/\/www.g2.com\/products\/talkpal-for-business\/\",\"https:\/\/www.trustpilot.com\/review\/talkpal.ai\",\"https:\/\/www.capterra.com\/p\/10006800\/TalkPal\/\"],\"description\":\"Talkpal is a language learning web and mobile education app, powered by the latest AI technologies, that provides engaging experiences to its customers in many different languages to help them improve their language skills. Users can chat about unlimited amount of topics with the app and use other modes to practice their language learning.\",\"email\":\"support@talkpal.ai\",\"legalName\":\"Talkpal, Inc.\",\"foundingDate\":\"2023-04-03\",\"duns\":\"118989042\",\"numberOfEmployees\":{\"@type\":\"QuantitativeValue\",\"minValue\":\"11\",\"maxValue\":\"50\"},\"publishingPrinciples\":\"https:\/\/talkpal.ai\/publishing-principles\/\",\"actionableFeedbackPolicy\":\"https:\/\/talkpal.ai\/actionable-feedback-policy\/\",\"correctionsPolicy\":\"https:\/\/talkpal.ai\/corrections-policy\/\",\"ethicsPolicy\":\"https:\/\/talkpal.ai\/ethics-policy\/\",\"diversityPolicy\":\"https:\/\/talkpal.ai\/diversity-policy\/\",\"diversityStaffingReport\":\"https:\/\/talkpal.ai\/diversity-policy\/\"}]}<\/script>\n<!-- \/ Yoast SEO Premium plugin. -->","yoast_head_json":{"title":"Tidsrelaterad ordf\u00f6rr\u00e5d p\u00e5 det ungerska spr\u00e5ket - Talkpal","description":"N\u00e4r man l\u00e4r sig ett nytt spr\u00e5k \u00e4r det viktigt att f\u00f6rst\u00e5 och kunna anv\u00e4nda ord och uttryck relaterade till tid. Detta g\u00e4ller s\u00e4rskilt f\u00f6r det ungerska","robots":{"index":"index","follow":"follow","max-snippet":"max-snippet:-1","max-image-preview":"max-image-preview:large","max-video-preview":"max-video-preview:-1"},"canonical":"https:\/\/talkpal.ai\/sv\/vocabulary\/tidsrelaterad-ordforrad-pa-det-ungerska-spraket\/","og_locale":"sv_SE","og_type":"article","og_title":"Tidsrelaterad ordf\u00f6rr\u00e5d p\u00e5 det ungerska spr\u00e5ket","og_description":"N\u00e4r man l\u00e4r sig ett nytt spr\u00e5k \u00e4r det viktigt att f\u00f6rst\u00e5 och kunna anv\u00e4nda ord och uttryck relaterade till tid. Detta g\u00e4ller s\u00e4rskilt f\u00f6r det ungerska","og_url":"https:\/\/talkpal.ai\/sv\/vocabulary\/tidsrelaterad-ordforrad-pa-det-ungerska-spraket\/","og_site_name":"Talkpal","article_publisher":"https:\/\/www.facebook.com\/profile.php?id=100090733639311","og_image":[{"width":1024,"height":1024,"url":"https:\/\/talkpal.ai\/wp-content\/uploads\/2024\/10\/talkpal_flat_illustration_of_a_employees_working_together_happi_c674ff77-e477-4e09-835a-01d30e561e99.png","type":"image\/png"}],"twitter_card":"summary_large_image","twitter_site":"@talkpalai","twitter_misc":{"Ber\u00e4knad l\u00e4stid":"3 minuter"},"schema":{"@context":"https:\/\/schema.org","@graph":[{"@type":"WebPage","@id":"https:\/\/talkpal.ai\/sv\/vocabulary\/tidsrelaterad-ordforrad-pa-det-ungerska-spraket\/","url":"https:\/\/talkpal.ai\/sv\/vocabulary\/tidsrelaterad-ordforrad-pa-det-ungerska-spraket\/","name":"Tidsrelaterad ordf\u00f6rr\u00e5d p\u00e5 det ungerska spr\u00e5ket - Talkpal","isPartOf":{"@id":"https:\/\/talkpal.ai\/sv\/#website"},"primaryImageOfPage":{"@id":"https:\/\/talkpal.ai\/sv\/vocabulary\/tidsrelaterad-ordforrad-pa-det-ungerska-spraket\/#primaryimage"},"image":{"@id":"https:\/\/talkpal.ai\/sv\/vocabulary\/tidsrelaterad-ordforrad-pa-det-ungerska-spraket\/#primaryimage"},"thumbnailUrl":"https:\/\/talkpal.ai\/wp-content\/uploads\/2025\/12\/women-discuss-lessons-to-learn-languages.webp","datePublished":"2024-06-29T22:38:55+00:00","description":"N\u00e4r man l\u00e4r sig ett nytt spr\u00e5k \u00e4r det viktigt att f\u00f6rst\u00e5 och kunna anv\u00e4nda ord och uttryck relaterade till tid. Detta g\u00e4ller s\u00e4rskilt f\u00f6r det ungerska","breadcrumb":{"@id":"https:\/\/talkpal.ai\/sv\/vocabulary\/tidsrelaterad-ordforrad-pa-det-ungerska-spraket\/#breadcrumb"},"inLanguage":"sv-SE","potentialAction":[{"@type":"ReadAction","target":["https:\/\/talkpal.ai\/sv\/vocabulary\/tidsrelaterad-ordforrad-pa-det-ungerska-spraket\/"]}]},{"@type":"ImageObject","inLanguage":"sv-SE","@id":"https:\/\/talkpal.ai\/sv\/vocabulary\/tidsrelaterad-ordforrad-pa-det-ungerska-spraket\/#primaryimage","url":"https:\/\/talkpal.ai\/wp-content\/uploads\/2025\/12\/women-discuss-lessons-to-learn-languages.webp","contentUrl":"https:\/\/talkpal.ai\/wp-content\/uploads\/2025\/12\/women-discuss-lessons-to-learn-languages.webp","width":1200,"height":896,"caption":"Two women wearing earrings discuss their lessons for learning languages at a shared table."},{"@type":"BreadcrumbList","@id":"https:\/\/talkpal.ai\/sv\/vocabulary\/tidsrelaterad-ordforrad-pa-det-ungerska-spraket\/#breadcrumb","itemListElement":[{"@type":"ListItem","position":1,"name":"Homepage","item":"https:\/\/talkpal.ai\/sv\/"},{"@type":"ListItem","position":2,"name":"Tidsrelaterad ordf\u00f6rr\u00e5d p\u00e5 det ungerska spr\u00e5ket"}]},{"@type":"WebSite","@id":"https:\/\/talkpal.ai\/sv\/#website","url":"https:\/\/talkpal.ai\/sv\/","name":"Talkpal","description":"AI Language Learning","publisher":{"@id":"https:\/\/talkpal.ai\/sv\/#organization"},"alternateName":"Talkpal AI","potentialAction":[{"@type":"SearchAction","target":{"@type":"EntryPoint","urlTemplate":"https:\/\/talkpal.ai\/sv\/?s={search_term_string}"},"query-input":{"@type":"PropertyValueSpecification","valueRequired":true,"valueName":"search_term_string"}}],"inLanguage":"sv-SE"},{"@type":"Organization","@id":"https:\/\/talkpal.ai\/sv\/#organization","name":"Talkpal, Inc.","alternateName":"Talkpal AI","url":"https:\/\/talkpal.ai\/sv\/","logo":{"@type":"ImageObject","inLanguage":"sv-SE","@id":"https:\/\/talkpal.ai\/sv\/#\/schema\/logo\/image\/","url":"https:\/\/talkpal.ai\/wp-content\/uploads\/2024\/03\/Talkpal-Logo-Icon.png","contentUrl":"https:\/\/talkpal.ai\/wp-content\/uploads\/2024\/03\/Talkpal-Logo-Icon.png","width":2880,"height":2880,"caption":"Talkpal, Inc."},"image":{"@id":"https:\/\/talkpal.ai\/sv\/#\/schema\/logo\/image\/"},"sameAs":["https:\/\/www.facebook.com\/profile.php?id=100090733639311","https:\/\/x.com\/talkpalai","https:\/\/www.linkedin.com\/company\/talkpal\/","https:\/\/www.youtube.com\/@TalkPal\/","https:\/\/www.tiktok.com\/@talkpal","https:\/\/www.instagram.com\/talkpal_ai\/","https:\/\/www.crunchbase.com\/organization\/talkpal-9cde","https:\/\/www.g2.com\/products\/talkpal-for-business\/","https:\/\/www.trustpilot.com\/review\/talkpal.ai","https:\/\/www.capterra.com\/p\/10006800\/TalkPal\/"],"description":"Talkpal is a language learning web and mobile education app, powered by the latest AI technologies, that provides engaging experiences to its customers in many different languages to help them improve their language skills. Users can chat about unlimited amount of topics with the app and use other modes to practice their language learning.","email":"support@talkpal.ai","legalName":"Talkpal, Inc.","foundingDate":"2023-04-03","duns":"118989042","numberOfEmployees":{"@type":"QuantitativeValue","minValue":"11","maxValue":"50"},"publishingPrinciples":"https:\/\/talkpal.ai\/publishing-principles\/","actionableFeedbackPolicy":"https:\/\/talkpal.ai\/actionable-feedback-policy\/","correctionsPolicy":"https:\/\/talkpal.ai\/corrections-policy\/","ethicsPolicy":"https:\/\/talkpal.ai\/ethics-policy\/","diversityPolicy":"https:\/\/talkpal.ai\/diversity-policy\/","diversityStaffingReport":"https:\/\/talkpal.ai\/diversity-policy\/"}]}},"_links":{"self":[{"href":"https:\/\/talkpal.ai\/sv\/wp-json\/wp\/v2\/vocabulary\/857618","targetHints":{"allow":["GET"]}}],"collection":[{"href":"https:\/\/talkpal.ai\/sv\/wp-json\/wp\/v2\/vocabulary"}],"about":[{"href":"https:\/\/talkpal.ai\/sv\/wp-json\/wp\/v2\/types\/vocabulary"}],"wp:featuredmedia":[{"embeddable":true,"href":"https:\/\/talkpal.ai\/sv\/wp-json\/wp\/v2\/media\/1528103"}],"wp:attachment":[{"href":"https:\/\/talkpal.ai\/sv\/wp-json\/wp\/v2\/media?parent=857618"}],"wp:term":[{"taxonomy":"vocabulary_language","embeddable":true,"href":"https:\/\/talkpal.ai\/sv\/wp-json\/wp\/v2\/vocabulary_language?post=857618"}],"curies":[{"name":"wp","href":"https:\/\/api.w.org\/{rel}","templated":true}]}}