{"id":857617,"date":"2024-06-29T22:38:52","date_gmt":"2024-06-29T22:38:52","guid":{"rendered":"https:\/\/talkpal.ai\/vocabulary\/tidsrelaterat-ordforrad-pa-det-galiciska-spraket\/"},"modified":"2024-06-29T22:38:52","modified_gmt":"2024-06-29T22:38:52","slug":"tidsrelaterat-ordforrad-pa-det-galiciska-spraket","status":"publish","type":"vocabulary","link":"https:\/\/talkpal.ai\/sv\/vocabulary\/tidsrelaterat-ordforrad-pa-det-galiciska-spraket\/","title":{"rendered":"Tidsrelaterat ordf\u00f6rr\u00e5d p\u00e5 det galiciska spr\u00e5ket"},"content":{"rendered":"<p><a href=\"https:\/\/talkpal.ai\/learn-galician\/\">Galiciska<\/a>, eller <a href=\"https:\/\/talkpal.ai\/learn-galician\/\">galego<\/a>, \u00e4r ett romanskt spr\u00e5k som <a href=\"https:\/\/talkpal.ai\/locations\/language-courses-in-talas\/\">talas<\/a> i regionen Galicien i nordv\u00e4stra Spanien. Det \u00e4r n\u00e4ra besl\u00e4ktat med <a href=\"https:\/\/talkpal.ai\/learn-portuguese\/\">portugisiska<\/a>, och m\u00e5nga ord och fraser kan vara mycket lika de som finns i portugisiska. F\u00f6r de som l\u00e4r sig galiciska \u00e4r det viktigt att ha ett gediget ordf\u00f6rr\u00e5d f\u00f6r att kunna <a href=\"https:\/\/talkpal.ai\/locations\/language-courses-in-tala\/\">tala<\/a> om tid. Tidsrelaterat ordf\u00f6rr\u00e5d \u00e4r avg\u00f6rande f\u00f6r att kunna planera, ber\u00e4tta historier och f\u00f6rst\u00e5 andra. I <a href=\"https:\/\/talkpal.ai\/culture\/how-do-i-use-den-har-and-det-har\/\">den h\u00e4r<\/a> artikeln kommer vi att utforska viktiga tidsrelaterade ord och fraser p\u00e5 galiciska, fr\u00e5n grundl\u00e4ggande tidsenheter till mer komplexa uttryck.<\/p>\n<h2>Grundl\u00e4ggande tidsenheter<\/h2>\n<p>F\u00f6r att b\u00f6rja, l\u00e5t <a href=\"https:\/\/talkpal.ai\/locations\/language-courses-in-oss\/\">oss<\/a> titta p\u00e5 n\u00e5gra av de mest grundl\u00e4ggande tidsenheterna p\u00e5 galiciska:<\/p>\n<p>&#8211; <b>Segundo<\/b> &#8211; Sekund<br \/>\n&#8211; <b>Minuto<\/b> &#8211; Minut<br \/>\n&#8211; <b>Hora<\/b> &#8211; Timme<br \/>\n&#8211; <b>D\u00eda<\/b> &#8211; Dag<br \/>\n&#8211; <b>Semana<\/b> &#8211; Vecka<br \/>\n&#8211; <b>Mes<\/b> &#8211; M\u00e5nad<br \/>\n&#8211; <b>Ano<\/b> &#8211; \u00c5r<\/p>\n<p>Dessa ord \u00e4r grunden f\u00f6r att kunna tala om tid p\u00e5 galiciska. N\u00e4r du har bem\u00e4strat dessa grundl\u00e4ggande tidsenheter kan du b\u00f6rja bygga mer komplexa meningar och fraser.<\/p>\n<h2>Dagar i veckan och m\u00e5nader<\/h2>\n<p>Att kunna namnen p\u00e5 veckodagarna och m\u00e5naderna \u00e4r viktigt f\u00f6r att kunna diskutera datum och scheman. H\u00e4r \u00e4r en lista \u00f6ver veckodagarna p\u00e5 galiciska:<\/p>\n<p>&#8211; <b>Luns<\/b> &#8211; M\u00e5ndag<br \/>\n&#8211; <b>Martes<\/b> &#8211; Tisdag<br \/>\n&#8211; <b>M\u00e9rcores<\/b> &#8211; Onsdag<br \/>\n&#8211; <b>Xoves<\/b> &#8211; Torsdag<br \/>\n&#8211; <b>Venres<\/b> &#8211; Fredag<br \/>\n&#8211; <b>S\u00e1bado<\/b> &#8211; L\u00f6rdag<br \/>\n&#8211; <b>Domingo<\/b> &#8211; S\u00f6ndag<\/p>\n<p>Och h\u00e4r \u00e4r m\u00e5naderna:<\/p>\n<p>&#8211; <b>Xaneiro<\/b> &#8211; Januari<br \/>\n&#8211; <b>Febreiro<\/b> &#8211; Februari<br \/>\n&#8211; <b>Marzo<\/b> &#8211; Mars<br \/>\n&#8211; <b>Abril<\/b> &#8211; April<br \/>\n&#8211; <b>Maio<\/b> &#8211; Maj<br \/>\n&#8211; <b>Xu\u00f1o<\/b> &#8211; Juni<br \/>\n&#8211; <b>Xullo<\/b> &#8211; Juli<br \/>\n&#8211; <b>Agosto<\/b> &#8211; Augusti<br \/>\n&#8211; <b>Setembro<\/b> &#8211; September<br \/>\n&#8211; <b>Outubro<\/b> &#8211; Oktober<br \/>\n&#8211; <b>Novembro<\/b> &#8211; November<br \/>\n&#8211; <b>Decembro<\/b> &#8211; December<\/p>\n<h2>Uttal av datum<\/h2>\n<p>Att kunna uttala datum korrekt \u00e4r en annan viktig aspekt av att beh\u00e4rska tidsrelaterat ordf\u00f6rr\u00e5d. H\u00e4r \u00e4r n\u00e5gra exempel p\u00e5 hur du kan uttrycka datum p\u00e5 galiciska:<\/p>\n<p>&#8211; 1 januari 2023 &#8211; Primeiro de xaneiro de dous mil vinte e tres<br \/>\n&#8211; 15 februari 2024 &#8211; Quince de febreiro de dous mil vinte e catro<br \/>\n&#8211; 30 mars 2025 &#8211; Trinta de marzo de dous mil vinte e cinco<\/p>\n<p>Observera att galiciska, liksom <a href=\"https:\/\/talkpal.ai\/learn-spanish\/\">spanska<\/a>, anv\u00e4nder ordningen dag-m\u00e5nad-\u00e5r f\u00f6r datum.<\/p>\n<h2>Klockslag<\/h2>\n<p>F\u00f6r att kunna tala om specifika tider p\u00e5 dagen \u00e4r det viktigt att kunna klockslag. H\u00e4r \u00e4r n\u00e5gra exempel p\u00e5 hur man s\u00e4ger olika tider p\u00e5 galiciska:<\/p>\n<p>&#8211; 1:00 &#8211; Unha en punto<br \/>\n&#8211; 2:15 &#8211; D\u00faas e cuarto<br \/>\n&#8211; 3:30 &#8211; Tres e media<br \/>\n&#8211; 4:45 &#8211; Cuarto para as cinco<br \/>\n&#8211; 5:00 &#8211; Cinco en punto<\/p>\n<p>N\u00e4r du pratar om tid p\u00e5 galiciska, \u00e4r det ocks\u00e5 viktigt att k\u00e4nna till termerna f\u00f6r olika delar av dagen:<\/p>\n<p>&#8211; <b>Mediod\u00eda<\/b> &#8211; Middag<br \/>\n&#8211; <b>Media noite<\/b> &#8211; Midnatt<br \/>\n&#8211; <b>Ma\u00f1\u00e1<\/b> &#8211; Morgon<br \/>\n&#8211; <b>Tarde<\/b> &#8211; Eftermiddag<br \/>\n&#8211; <b>Noite<\/b> &#8211; Kv\u00e4ll<\/p>\n<h2>Uttryck f\u00f6r frekvens<\/h2>\n<p>F\u00f6r att kunna tala om hur ofta n\u00e5got h\u00e4nder, beh\u00f6ver du k\u00e4nna till n\u00e5gra vanliga uttryck f\u00f6r frekvens:<\/p>\n<p>&#8211; <b>Siempre<\/b> &#8211; Alltid<br \/>\n&#8211; <b>Frecuentemente<\/b> &#8211; Ofta<br \/>\n&#8211; <b>\u00c1s veces<\/b> &#8211; Ibland<br \/>\n&#8211; <b>Raramente<\/b> &#8211; S\u00e4llan<br \/>\n&#8211; <b>Nunca<\/b> &#8211; Aldrig<\/p>\n<p>Dessa ord \u00e4r mycket anv\u00e4ndbara n\u00e4r du beskriver vanor eller rutiner.<\/p>\n<h2>Tidsuttryck och tidsfraser<\/h2>\n<p>Ut\u00f6ver de grundl\u00e4ggande tidsenheterna och frekvensuttrycken finns det m\u00e5nga andra tidsuttryck och fraser som kan vara mycket anv\u00e4ndbara. H\u00e4r \u00e4r n\u00e5gra exempel:<\/p>\n<p>&#8211; <b>A semana pasada<\/b> &#8211; F\u00f6rra veckan<br \/>\n&#8211; <b>A semana que v\u00e9n<\/b> &#8211; N\u00e4sta vecka<br \/>\n&#8211; <b>O mes pasado<\/b> &#8211; F\u00f6rra m\u00e5naden<br \/>\n&#8211; <b>O mes que v\u00e9n<\/b> &#8211; N\u00e4sta m\u00e5nad<br \/>\n&#8211; <b>O ano pasado<\/b> &#8211; F\u00f6rra \u00e5ret<br \/>\n&#8211; <b>O ano que v\u00e9n<\/b> &#8211; N\u00e4sta \u00e5r<br \/>\n&#8211; <b>Hai dous d\u00edas<\/b> &#8211; F\u00f6r tv\u00e5 dagar sedan<br \/>\n&#8211; <b>En tres d\u00edas<\/b> &#8211; Om tre dagar<\/p>\n<h3>Tidsuttryck f\u00f6r framtid och d\u00e5tid<\/h3>\n<p>F\u00f6r att tala om h\u00e4ndelser i d\u00e5tid och framtid \u00e4r det viktigt att k\u00e4nna till n\u00e5gra specifika tidsuttryck:<\/p>\n<p>&#8211; <b>Onte<\/b> &#8211; Ig\u00e5r<br \/>\n&#8211; <b>Hoxe<\/b> &#8211; Idag<br \/>\n&#8211; <b>Ma\u00f1\u00e1<\/b> &#8211; Imorgon<br \/>\n&#8211; <b>Pasado ma\u00f1\u00e1<\/b> &#8211; I \u00f6vermorgon<br \/>\n&#8211; <b>Anteonte<\/b> &#8211; I f\u00f6rrg\u00e5r<\/p>\n<p>Dessa uttryck hj\u00e4lper dig att placera h\u00e4ndelser i tid och ger klarhet i dina ber\u00e4ttelser.<\/p>\n<h2>Uttryck f\u00f6r att m\u00e4ta tid<\/h2>\n<p>N\u00e4r du beh\u00f6ver m\u00e4ta tid eller tala om tidsintervaller, kan f\u00f6ljande uttryck vara anv\u00e4ndbara:<\/p>\n<p>&#8211; <b>Duraci\u00f3n<\/b> &#8211; Varaktighet<br \/>\n&#8211; <b>Per\u00edodo<\/b> &#8211; Period<br \/>\n&#8211; <b>Intervalo<\/b> &#8211; Intervall<br \/>\n&#8211; <b>Momento<\/b> &#8211; \u00d6gonblick<br \/>\n&#8211; <b>Instante<\/b> &#8211; \u00d6gonblick<\/p>\n<p>H\u00e4r \u00e4r n\u00e5gra exempel p\u00e5 hur dessa ord kan anv\u00e4ndas i meningar:<\/p>\n<p>&#8211; A duraci\u00f3n da pel\u00edcula \u00e9 d\u00faas horas. &#8211; Filmens varaktighet \u00e4r tv\u00e5 timmar.<br \/>\n&#8211; Houbo un intervalo de dez minutos entre as clases. &#8211; Det var ett tio minuters intervall mellan lektionerna.<br \/>\n&#8211; Chegou no momento exacto. &#8211; Han kom i precis r\u00e4tt \u00f6gonblick.<\/p>\n<h2>Vanliga fraser och idiomatiska uttryck<\/h2>\n<p>Precis som p\u00e5 andra spr\u00e5k, finns det p\u00e5 galiciska m\u00e5nga idiomatiska uttryck som handlar om tid. Att k\u00e4nna till dessa kan hj\u00e4lpa dig att f\u00f6rst\u00e5 och anv\u00e4nda spr\u00e5ket mer naturligt. H\u00e4r \u00e4r n\u00e5gra exempel:<\/p>\n<p>&#8211; <b>De vez en cando<\/b> &#8211; D\u00e5 och d\u00e5<br \/>\n&#8211; <b>\u00c1s pr\u00e9sas<\/b> &#8211; I all hast<br \/>\n&#8211; <b>En tempo<\/b> &#8211; I tid<br \/>\n&#8211; <b>A tempo<\/b> &#8211; I r\u00e4tt tid<br \/>\n&#8211; <b>Co tempo<\/b> &#8211; Med tiden<br \/>\n&#8211; <b>Perder o tempo<\/b> &#8211; Sl\u00f6sa tid<\/p>\n<p>Exempel p\u00e5 anv\u00e4ndning i meningar:<\/p>\n<p>&#8211; El vai ao ximnasio de vez en cando. &#8211; Han g\u00e5r till gymmet d\u00e5 och d\u00e5.<br \/>\n&#8211; Sa\u00edron \u00e1s pr\u00e9sas para coller o tren. &#8211; De l\u00e4mnade i all hast f\u00f6r att hinna med t\u00e5get.<br \/>\n&#8211; Cheguei en tempo para a reuni\u00f3n. &#8211; Jag kom i tid till m\u00f6tet.<\/p>\n<h2>Sammanfattning<\/h2>\n<p>Att beh\u00e4rska tidsrelaterat ordf\u00f6rr\u00e5d p\u00e5 galiciska \u00e4r en viktig del av att l\u00e4ra sig spr\u00e5ket. Genom att k\u00e4nna till grundl\u00e4ggande tidsenheter, dagar i veckan, m\u00e5nader, klockslag, uttryck f\u00f6r frekvens, tidsuttryck och idiomatiska uttryck, kan du bli mycket mer flytande och exakt i ditt tal. \u00d6va dessa ord och fraser regelbundet, och f\u00f6rs\u00f6k att anv\u00e4nda dem i dina samtal och skriftliga uppgifter. Med tid och \u00f6vning kommer du att m\u00e4rka en stor f\u00f6rb\u00e4ttring i din f\u00f6rm\u00e5ga att tala om tid p\u00e5 galiciska.<\/p>\n","protected":false},"featured_media":1527756,"template":"","vocabulary_language":[4184],"class_list":["post-857617","vocabulary","type-vocabulary","status-publish","has-post-thumbnail","hentry","vocabulary_language-galiciska"],"acf":[],"yoast_head":"<!-- This site is optimized with the Yoast SEO Premium plugin v27.2 (Yoast SEO v27.2) - https:\/\/yoast.com\/product\/yoast-seo-premium-wordpress\/ -->\n<title>Tidsrelaterat ordf\u00f6rr\u00e5d p\u00e5 det galiciska spr\u00e5ket - Talkpal<\/title>\n<meta name=\"description\" content=\"Galiciska, eller galego, \u00e4r ett romanskt spr\u00e5k som talas i regionen Galicien i nordv\u00e4stra Spanien. Det \u00e4r n\u00e4ra besl\u00e4ktat med portugisiska, och m\u00e5nga ord\" \/>\n<meta name=\"robots\" content=\"index, follow, max-snippet:-1, max-image-preview:large, max-video-preview:-1\" \/>\n<link rel=\"canonical\" href=\"https:\/\/talkpal.ai\/sv\/vocabulary\/tidsrelaterat-ordforrad-pa-det-galiciska-spraket\/\" \/>\n<meta property=\"og:locale\" content=\"sv_SE\" \/>\n<meta property=\"og:type\" content=\"article\" \/>\n<meta property=\"og:title\" content=\"Tidsrelaterat ordf\u00f6rr\u00e5d p\u00e5 det galiciska spr\u00e5ket\" \/>\n<meta property=\"og:description\" content=\"Galiciska, eller galego, \u00e4r ett romanskt spr\u00e5k som talas i regionen Galicien i nordv\u00e4stra Spanien. Det \u00e4r n\u00e4ra besl\u00e4ktat med portugisiska, och m\u00e5nga ord\" \/>\n<meta property=\"og:url\" content=\"https:\/\/talkpal.ai\/sv\/vocabulary\/tidsrelaterat-ordforrad-pa-det-galiciska-spraket\/\" \/>\n<meta property=\"og:site_name\" content=\"Talkpal\" \/>\n<meta property=\"article:publisher\" content=\"https:\/\/www.facebook.com\/profile.php?id=100090733639311\" \/>\n<meta property=\"og:image\" content=\"https:\/\/talkpal.ai\/wp-content\/uploads\/2024\/10\/talkpal_flat_illustration_of_a_employees_working_together_happi_c674ff77-e477-4e09-835a-01d30e561e99.png\" \/>\n\t<meta property=\"og:image:width\" content=\"1024\" \/>\n\t<meta property=\"og:image:height\" content=\"1024\" \/>\n\t<meta property=\"og:image:type\" content=\"image\/png\" \/>\n<meta name=\"twitter:card\" content=\"summary_large_image\" \/>\n<meta name=\"twitter:site\" content=\"@talkpalai\" \/>\n<meta name=\"twitter:label1\" content=\"Ber\u00e4knad l\u00e4stid\" \/>\n\t<meta name=\"twitter:data1\" content=\"6 minuter\" \/>\n<script type=\"application\/ld+json\" class=\"yoast-schema-graph\">{\"@context\":\"https:\/\/schema.org\",\"@graph\":[{\"@type\":\"WebPage\",\"@id\":\"https:\/\/talkpal.ai\/sv\/vocabulary\/tidsrelaterat-ordforrad-pa-det-galiciska-spraket\/\",\"url\":\"https:\/\/talkpal.ai\/sv\/vocabulary\/tidsrelaterat-ordforrad-pa-det-galiciska-spraket\/\",\"name\":\"Tidsrelaterat ordf\u00f6rr\u00e5d p\u00e5 det galiciska spr\u00e5ket - Talkpal\",\"isPartOf\":{\"@id\":\"https:\/\/talkpal.ai\/sv\/#website\"},\"primaryImageOfPage\":{\"@id\":\"https:\/\/talkpal.ai\/sv\/vocabulary\/tidsrelaterat-ordforrad-pa-det-galiciska-spraket\/#primaryimage\"},\"image\":{\"@id\":\"https:\/\/talkpal.ai\/sv\/vocabulary\/tidsrelaterat-ordforrad-pa-det-galiciska-spraket\/#primaryimage\"},\"thumbnailUrl\":\"https:\/\/talkpal.ai\/wp-content\/uploads\/2025\/12\/library-is-visited-learning-languages.webp\",\"datePublished\":\"2024-06-29T22:38:52+00:00\",\"description\":\"Galiciska, eller galego, \u00e4r ett romanskt spr\u00e5k som talas i regionen Galicien i nordv\u00e4stra Spanien. Det \u00e4r n\u00e4ra besl\u00e4ktat med portugisiska, och m\u00e5nga ord\",\"breadcrumb\":{\"@id\":\"https:\/\/talkpal.ai\/sv\/vocabulary\/tidsrelaterat-ordforrad-pa-det-galiciska-spraket\/#breadcrumb\"},\"inLanguage\":\"sv-SE\",\"potentialAction\":[{\"@type\":\"ReadAction\",\"target\":[\"https:\/\/talkpal.ai\/sv\/vocabulary\/tidsrelaterat-ordforrad-pa-det-galiciska-spraket\/\"]}]},{\"@type\":\"ImageObject\",\"inLanguage\":\"sv-SE\",\"@id\":\"https:\/\/talkpal.ai\/sv\/vocabulary\/tidsrelaterat-ordforrad-pa-det-galiciska-spraket\/#primaryimage\",\"url\":\"https:\/\/talkpal.ai\/wp-content\/uploads\/2025\/12\/library-is-visited-learning-languages.webp\",\"contentUrl\":\"https:\/\/talkpal.ai\/wp-content\/uploads\/2025\/12\/library-is-visited-learning-languages.webp\",\"width\":1200,\"height\":896,\"caption\":\"Students sit in partitioned study booths with laptops and books for learning languages in a quiet library.\"},{\"@type\":\"BreadcrumbList\",\"@id\":\"https:\/\/talkpal.ai\/sv\/vocabulary\/tidsrelaterat-ordforrad-pa-det-galiciska-spraket\/#breadcrumb\",\"itemListElement\":[{\"@type\":\"ListItem\",\"position\":1,\"name\":\"Homepage\",\"item\":\"https:\/\/talkpal.ai\/sv\/\"},{\"@type\":\"ListItem\",\"position\":2,\"name\":\"Tidsrelaterat ordf\u00f6rr\u00e5d p\u00e5 det galiciska spr\u00e5ket\"}]},{\"@type\":\"WebSite\",\"@id\":\"https:\/\/talkpal.ai\/sv\/#website\",\"url\":\"https:\/\/talkpal.ai\/sv\/\",\"name\":\"Talkpal\",\"description\":\"AI Language Learning\",\"publisher\":{\"@id\":\"https:\/\/talkpal.ai\/sv\/#organization\"},\"alternateName\":\"Talkpal AI\",\"potentialAction\":[{\"@type\":\"SearchAction\",\"target\":{\"@type\":\"EntryPoint\",\"urlTemplate\":\"https:\/\/talkpal.ai\/sv\/?s={search_term_string}\"},\"query-input\":{\"@type\":\"PropertyValueSpecification\",\"valueRequired\":true,\"valueName\":\"search_term_string\"}}],\"inLanguage\":\"sv-SE\"},{\"@type\":\"Organization\",\"@id\":\"https:\/\/talkpal.ai\/sv\/#organization\",\"name\":\"Talkpal, Inc.\",\"alternateName\":\"Talkpal AI\",\"url\":\"https:\/\/talkpal.ai\/sv\/\",\"logo\":{\"@type\":\"ImageObject\",\"inLanguage\":\"sv-SE\",\"@id\":\"https:\/\/talkpal.ai\/sv\/#\/schema\/logo\/image\/\",\"url\":\"https:\/\/talkpal.ai\/wp-content\/uploads\/2024\/03\/Talkpal-Logo-Icon.png\",\"contentUrl\":\"https:\/\/talkpal.ai\/wp-content\/uploads\/2024\/03\/Talkpal-Logo-Icon.png\",\"width\":2880,\"height\":2880,\"caption\":\"Talkpal, Inc.\"},\"image\":{\"@id\":\"https:\/\/talkpal.ai\/sv\/#\/schema\/logo\/image\/\"},\"sameAs\":[\"https:\/\/www.facebook.com\/profile.php?id=100090733639311\",\"https:\/\/x.com\/talkpalai\",\"https:\/\/www.linkedin.com\/company\/talkpal\/\",\"https:\/\/www.youtube.com\/@TalkPal\/\",\"https:\/\/www.tiktok.com\/@talkpal\",\"https:\/\/www.instagram.com\/talkpal_ai\/\",\"https:\/\/www.crunchbase.com\/organization\/talkpal-9cde\",\"https:\/\/www.g2.com\/products\/talkpal-for-business\/\",\"https:\/\/www.trustpilot.com\/review\/talkpal.ai\",\"https:\/\/www.capterra.com\/p\/10006800\/TalkPal\/\"],\"description\":\"Talkpal is a language learning web and mobile education app, powered by the latest AI technologies, that provides engaging experiences to its customers in many different languages to help them improve their language skills. Users can chat about unlimited amount of topics with the app and use other modes to practice their language learning.\",\"email\":\"support@talkpal.ai\",\"legalName\":\"Talkpal, Inc.\",\"foundingDate\":\"2023-04-03\",\"duns\":\"118989042\",\"numberOfEmployees\":{\"@type\":\"QuantitativeValue\",\"minValue\":\"11\",\"maxValue\":\"50\"},\"publishingPrinciples\":\"https:\/\/talkpal.ai\/publishing-principles\/\",\"actionableFeedbackPolicy\":\"https:\/\/talkpal.ai\/actionable-feedback-policy\/\",\"correctionsPolicy\":\"https:\/\/talkpal.ai\/corrections-policy\/\",\"ethicsPolicy\":\"https:\/\/talkpal.ai\/ethics-policy\/\",\"diversityPolicy\":\"https:\/\/talkpal.ai\/diversity-policy\/\",\"diversityStaffingReport\":\"https:\/\/talkpal.ai\/diversity-policy\/\"}]}<\/script>\n<!-- \/ Yoast SEO Premium plugin. -->","yoast_head_json":{"title":"Tidsrelaterat ordf\u00f6rr\u00e5d p\u00e5 det galiciska spr\u00e5ket - Talkpal","description":"Galiciska, eller galego, \u00e4r ett romanskt spr\u00e5k som talas i regionen Galicien i nordv\u00e4stra Spanien. Det \u00e4r n\u00e4ra besl\u00e4ktat med portugisiska, och m\u00e5nga ord","robots":{"index":"index","follow":"follow","max-snippet":"max-snippet:-1","max-image-preview":"max-image-preview:large","max-video-preview":"max-video-preview:-1"},"canonical":"https:\/\/talkpal.ai\/sv\/vocabulary\/tidsrelaterat-ordforrad-pa-det-galiciska-spraket\/","og_locale":"sv_SE","og_type":"article","og_title":"Tidsrelaterat ordf\u00f6rr\u00e5d p\u00e5 det galiciska spr\u00e5ket","og_description":"Galiciska, eller galego, \u00e4r ett romanskt spr\u00e5k som talas i regionen Galicien i nordv\u00e4stra Spanien. Det \u00e4r n\u00e4ra besl\u00e4ktat med portugisiska, och m\u00e5nga ord","og_url":"https:\/\/talkpal.ai\/sv\/vocabulary\/tidsrelaterat-ordforrad-pa-det-galiciska-spraket\/","og_site_name":"Talkpal","article_publisher":"https:\/\/www.facebook.com\/profile.php?id=100090733639311","og_image":[{"width":1024,"height":1024,"url":"https:\/\/talkpal.ai\/wp-content\/uploads\/2024\/10\/talkpal_flat_illustration_of_a_employees_working_together_happi_c674ff77-e477-4e09-835a-01d30e561e99.png","type":"image\/png"}],"twitter_card":"summary_large_image","twitter_site":"@talkpalai","twitter_misc":{"Ber\u00e4knad l\u00e4stid":"6 minuter"},"schema":{"@context":"https:\/\/schema.org","@graph":[{"@type":"WebPage","@id":"https:\/\/talkpal.ai\/sv\/vocabulary\/tidsrelaterat-ordforrad-pa-det-galiciska-spraket\/","url":"https:\/\/talkpal.ai\/sv\/vocabulary\/tidsrelaterat-ordforrad-pa-det-galiciska-spraket\/","name":"Tidsrelaterat ordf\u00f6rr\u00e5d p\u00e5 det galiciska spr\u00e5ket - Talkpal","isPartOf":{"@id":"https:\/\/talkpal.ai\/sv\/#website"},"primaryImageOfPage":{"@id":"https:\/\/talkpal.ai\/sv\/vocabulary\/tidsrelaterat-ordforrad-pa-det-galiciska-spraket\/#primaryimage"},"image":{"@id":"https:\/\/talkpal.ai\/sv\/vocabulary\/tidsrelaterat-ordforrad-pa-det-galiciska-spraket\/#primaryimage"},"thumbnailUrl":"https:\/\/talkpal.ai\/wp-content\/uploads\/2025\/12\/library-is-visited-learning-languages.webp","datePublished":"2024-06-29T22:38:52+00:00","description":"Galiciska, eller galego, \u00e4r ett romanskt spr\u00e5k som talas i regionen Galicien i nordv\u00e4stra Spanien. Det \u00e4r n\u00e4ra besl\u00e4ktat med portugisiska, och m\u00e5nga ord","breadcrumb":{"@id":"https:\/\/talkpal.ai\/sv\/vocabulary\/tidsrelaterat-ordforrad-pa-det-galiciska-spraket\/#breadcrumb"},"inLanguage":"sv-SE","potentialAction":[{"@type":"ReadAction","target":["https:\/\/talkpal.ai\/sv\/vocabulary\/tidsrelaterat-ordforrad-pa-det-galiciska-spraket\/"]}]},{"@type":"ImageObject","inLanguage":"sv-SE","@id":"https:\/\/talkpal.ai\/sv\/vocabulary\/tidsrelaterat-ordforrad-pa-det-galiciska-spraket\/#primaryimage","url":"https:\/\/talkpal.ai\/wp-content\/uploads\/2025\/12\/library-is-visited-learning-languages.webp","contentUrl":"https:\/\/talkpal.ai\/wp-content\/uploads\/2025\/12\/library-is-visited-learning-languages.webp","width":1200,"height":896,"caption":"Students sit in partitioned study booths with laptops and books for learning languages in a quiet library."},{"@type":"BreadcrumbList","@id":"https:\/\/talkpal.ai\/sv\/vocabulary\/tidsrelaterat-ordforrad-pa-det-galiciska-spraket\/#breadcrumb","itemListElement":[{"@type":"ListItem","position":1,"name":"Homepage","item":"https:\/\/talkpal.ai\/sv\/"},{"@type":"ListItem","position":2,"name":"Tidsrelaterat ordf\u00f6rr\u00e5d p\u00e5 det galiciska spr\u00e5ket"}]},{"@type":"WebSite","@id":"https:\/\/talkpal.ai\/sv\/#website","url":"https:\/\/talkpal.ai\/sv\/","name":"Talkpal","description":"AI Language Learning","publisher":{"@id":"https:\/\/talkpal.ai\/sv\/#organization"},"alternateName":"Talkpal AI","potentialAction":[{"@type":"SearchAction","target":{"@type":"EntryPoint","urlTemplate":"https:\/\/talkpal.ai\/sv\/?s={search_term_string}"},"query-input":{"@type":"PropertyValueSpecification","valueRequired":true,"valueName":"search_term_string"}}],"inLanguage":"sv-SE"},{"@type":"Organization","@id":"https:\/\/talkpal.ai\/sv\/#organization","name":"Talkpal, Inc.","alternateName":"Talkpal AI","url":"https:\/\/talkpal.ai\/sv\/","logo":{"@type":"ImageObject","inLanguage":"sv-SE","@id":"https:\/\/talkpal.ai\/sv\/#\/schema\/logo\/image\/","url":"https:\/\/talkpal.ai\/wp-content\/uploads\/2024\/03\/Talkpal-Logo-Icon.png","contentUrl":"https:\/\/talkpal.ai\/wp-content\/uploads\/2024\/03\/Talkpal-Logo-Icon.png","width":2880,"height":2880,"caption":"Talkpal, Inc."},"image":{"@id":"https:\/\/talkpal.ai\/sv\/#\/schema\/logo\/image\/"},"sameAs":["https:\/\/www.facebook.com\/profile.php?id=100090733639311","https:\/\/x.com\/talkpalai","https:\/\/www.linkedin.com\/company\/talkpal\/","https:\/\/www.youtube.com\/@TalkPal\/","https:\/\/www.tiktok.com\/@talkpal","https:\/\/www.instagram.com\/talkpal_ai\/","https:\/\/www.crunchbase.com\/organization\/talkpal-9cde","https:\/\/www.g2.com\/products\/talkpal-for-business\/","https:\/\/www.trustpilot.com\/review\/talkpal.ai","https:\/\/www.capterra.com\/p\/10006800\/TalkPal\/"],"description":"Talkpal is a language learning web and mobile education app, powered by the latest AI technologies, that provides engaging experiences to its customers in many different languages to help them improve their language skills. Users can chat about unlimited amount of topics with the app and use other modes to practice their language learning.","email":"support@talkpal.ai","legalName":"Talkpal, Inc.","foundingDate":"2023-04-03","duns":"118989042","numberOfEmployees":{"@type":"QuantitativeValue","minValue":"11","maxValue":"50"},"publishingPrinciples":"https:\/\/talkpal.ai\/publishing-principles\/","actionableFeedbackPolicy":"https:\/\/talkpal.ai\/actionable-feedback-policy\/","correctionsPolicy":"https:\/\/talkpal.ai\/corrections-policy\/","ethicsPolicy":"https:\/\/talkpal.ai\/ethics-policy\/","diversityPolicy":"https:\/\/talkpal.ai\/diversity-policy\/","diversityStaffingReport":"https:\/\/talkpal.ai\/diversity-policy\/"}]}},"_links":{"self":[{"href":"https:\/\/talkpal.ai\/sv\/wp-json\/wp\/v2\/vocabulary\/857617","targetHints":{"allow":["GET"]}}],"collection":[{"href":"https:\/\/talkpal.ai\/sv\/wp-json\/wp\/v2\/vocabulary"}],"about":[{"href":"https:\/\/talkpal.ai\/sv\/wp-json\/wp\/v2\/types\/vocabulary"}],"wp:featuredmedia":[{"embeddable":true,"href":"https:\/\/talkpal.ai\/sv\/wp-json\/wp\/v2\/media\/1527756"}],"wp:attachment":[{"href":"https:\/\/talkpal.ai\/sv\/wp-json\/wp\/v2\/media?parent=857617"}],"wp:term":[{"taxonomy":"vocabulary_language","embeddable":true,"href":"https:\/\/talkpal.ai\/sv\/wp-json\/wp\/v2\/vocabulary_language?post=857617"}],"curies":[{"name":"wp","href":"https:\/\/api.w.org\/{rel}","templated":true}]}}