{"id":857613,"date":"2024-06-29T22:38:38","date_gmt":"2024-06-29T22:38:38","guid":{"rendered":"https:\/\/talkpal.ai\/vocabulary\/tidsrelaterat-ordforrad-pa-det-katalanska-spraket\/"},"modified":"2024-06-29T22:38:38","modified_gmt":"2024-06-29T22:38:38","slug":"tidsrelaterat-ordforrad-pa-det-katalanska-spraket","status":"publish","type":"vocabulary","link":"https:\/\/talkpal.ai\/sv\/vocabulary\/tidsrelaterat-ordforrad-pa-det-katalanska-spraket\/","title":{"rendered":"Tidsrelaterat ordf\u00f6rr\u00e5d p\u00e5 det katalanska spr\u00e5ket"},"content":{"rendered":"<p>Att l\u00e4ra sig ett nytt spr\u00e5k inneb\u00e4r ofta att man m\u00e5ste bem\u00e4stra en m\u00e4ngd olika ordf\u00f6rr\u00e5d och grammatiska regler. Ett av de mest grundl\u00e4ggande och samtidigt viktiga omr\u00e5dena \u00e4r tidsrelaterat ordf\u00f6rr\u00e5d. I denna artikel kommer vi att fokusera p\u00e5 hur man hanterar tidsrelaterat ordf\u00f6rr\u00e5d p\u00e5 det <a href=\"https:\/\/talkpal.ai\/learn-catalan\/\">katalanska<\/a> spr\u00e5ket. <a href=\"https:\/\/talkpal.ai\/learn-catalan\/\">Katalanska<\/a> \u00e4r ett romanskt spr\u00e5k som <a href=\"https:\/\/talkpal.ai\/locations\/language-courses-in-talas\/\">talas<\/a> i Katalonien, Balearerna, Valencia-regionen, Andorra och delar av Frankrike och <a href=\"https:\/\/talkpal.ai\/learn-italian\/\">Italien<\/a>. Att ha en god f\u00f6rst\u00e5else f\u00f6r tidsrelaterade ord och uttryck \u00e4r avg\u00f6rande f\u00f6r att kunna kommunicera effektivt p\u00e5 katalanska.<\/p>\n<h2>Grundl\u00e4ggande tidsord p\u00e5 katalanska<\/h2>\n<p>F\u00f6r att b\u00f6rja med grunderna, l\u00e5t <a href=\"https:\/\/talkpal.ai\/locations\/language-courses-in-oss\/\">oss<\/a> titta p\u00e5 n\u00e5gra av de mest grundl\u00e4ggande tidsorden p\u00e5 katalanska. Dessa ord kommer att vara till stor hj\u00e4lp n\u00e4r man konstruerar meningar och beskriver h\u00e4ndelser i tid.<\/p>\n<p>&#8211; <b>Avui<\/b> &#8211; Idag<br \/>\n&#8211; <b>Dem\u00e0<\/b> &#8211; Imorgon<br \/>\n&#8211; <b>Ahir<\/b> &#8211; Ig\u00e5r<br \/>\n&#8211; <b>Ara<\/b> &#8211; Nu<br \/>\n&#8211; <b>Despr\u00e9s<\/b> &#8211; Senare<br \/>\n&#8211; <b>Abans<\/b> &#8211; F\u00f6re<br \/>\n&#8211; <b>Sempre<\/b> &#8211; Alltid<br \/>\n&#8211; <b>Mai<\/b> &#8211; Aldrig<br \/>\n&#8211; <b>Ara mateix<\/b> &#8211; Just nu<br \/>\n&#8211; <b>Tot seguit<\/b> &#8211; Omedelbart<\/p>\n<p>Dessa ord \u00e4r grundl\u00e4ggande och kommer att vara anv\u00e4ndbara i m\u00e5nga olika sammanhang. Till exempel kan du s\u00e4ga &#8221;Avui vaig a la platja&#8221; (Idag ska jag till stranden) eller &#8221;Dem\u00e0 treballar\u00e9 des de casa&#8221; (Imorgon kommer jag att arbeta hemifr\u00e5n).<\/p>\n<h2>Tidsuttryck f\u00f6r veckodagar och m\u00e5nader<\/h2>\n<p>F\u00f6r att uttrycka specifika dagar och m\u00e5nader p\u00e5 katalanska \u00e4r det viktigt att l\u00e4ra sig veckodagarna och m\u00e5nadernas namn. H\u00e4r \u00e4r en lista \u00f6ver dem:<\/p>\n<h3>Veckodagar<\/h3>\n<p>&#8211; <b>Dilluns<\/b> &#8211; M\u00e5ndag<br \/>\n&#8211; <b>Dimarts<\/b> &#8211; Tisdag<br \/>\n&#8211; <b>Dimecres<\/b> &#8211; Onsdag<br \/>\n&#8211; <b>Dijous<\/b> &#8211; Torsdag<br \/>\n&#8211; <b>Divendres<\/b> &#8211; Fredag<br \/>\n&#8211; <b>Dissabte<\/b> &#8211; L\u00f6rdag<br \/>\n&#8211; <b>Diumenge<\/b> &#8211; S\u00f6ndag<\/p>\n<h3>M\u00e5nader<\/h3>\n<p>&#8211; <b>Gener<\/b> &#8211; Januari<br \/>\n&#8211; <b>Febrer<\/b> &#8211; Februari<br \/>\n&#8211; <b>Mar\u00e7<\/b> &#8211; Mars<br \/>\n&#8211; <b>Abril<\/b> &#8211; April<br \/>\n&#8211; <b>Maig<\/b> &#8211; Maj<br \/>\n&#8211; <b>Juny<\/b> &#8211; Juni<br \/>\n&#8211; <b>Juliol<\/b> &#8211; Juli<br \/>\n&#8211; <b>Agost<\/b> &#8211; Augusti<br \/>\n&#8211; <b>Setembre<\/b> &#8211; September<br \/>\n&#8211; <b>Octubre<\/b> &#8211; Oktober<br \/>\n&#8211; <b>Novembre<\/b> &#8211; November<br \/>\n&#8211; <b>Desembre<\/b> &#8211; December<\/p>\n<p>F\u00f6r att s\u00e4ga vilken dag i veckan det \u00e4r, kan du anv\u00e4nda frasen &#8221;\u00c9s&#8221; f\u00f6ljt av veckodagen. Till exempel, &#8221;\u00c9s dilluns&#8221; (Det \u00e4r m\u00e5ndag). P\u00e5 samma s\u00e4tt kan du s\u00e4ga vilken m\u00e5nad det \u00e4r med frasen &#8221;Som al&#8221; f\u00f6ljt av m\u00e5naden, till exempel &#8221;Som al gener&#8221; (Det \u00e4r januari).<\/p>\n<h2>Tidsuttryck f\u00f6r klockslag<\/h2>\n<p>Att kunna uttrycka tid p\u00e5 dagen \u00e4r en annan viktig aspekt av tidsrelaterat ordf\u00f6rr\u00e5d. H\u00e4r \u00e4r n\u00e5gra nyckeluttryck f\u00f6r att <a href=\"https:\/\/talkpal.ai\/locations\/language-courses-in-tala\/\">tala<\/a> om tid p\u00e5 katalanska:<\/p>\n<p>&#8211; <b>L\u2019hora<\/b> &#8211; Timmen<br \/>\n&#8211; <b>El minut<\/b> &#8211; Minuten<br \/>\n&#8211; <b>El segon<\/b> &#8211; Sekunden<br \/>\n&#8211; <b>\u00c9s la una<\/b> &#8211; Klockan \u00e4r ett<br \/>\n&#8211; <b>S\u00f3n les dues<\/b> &#8211; Klockan \u00e4r tv\u00e5<br \/>\n&#8211; <b>\u00c9s migdia<\/b> &#8211; Det \u00e4r middagstid (12:00)<br \/>\n&#8211; <b>\u00c9s mitjanit<\/b> &#8211; Det \u00e4r midnatt (00:00)<\/p>\n<p>F\u00f6r att s\u00e4ga en exakt tid, kan du anv\u00e4nda frasen &#8221;S\u00f3n les&#8221; f\u00f6ljt av timmen och minuterna. Till exempel, &#8221;S\u00f3n les tres i deu&#8221; (Klockan \u00e4r tio \u00f6ver tre) eller &#8221;S\u00f3n les cinc menys quart&#8221; (Klockan \u00e4r kvart i fem).<\/p>\n<h2>Relativa tidsuttryck<\/h2>\n<p>F\u00f6rutom de grundl\u00e4ggande tidsorden och klockslagen, \u00e4r det ocks\u00e5 viktigt att kunna anv\u00e4nda relativa tidsuttryck. Dessa hj\u00e4lper dig att beskriva n\u00e4r n\u00e5got h\u00e4nder i f\u00f6rh\u00e5llande till en annan h\u00e4ndelse.<\/p>\n<p>&#8211; <b>Fa una estona<\/b> &#8211; F\u00f6r en stund sedan<br \/>\n&#8211; <b>Fa una hora<\/b> &#8211; F\u00f6r en timme sedan<br \/>\n&#8211; <b>Fa un dia<\/b> &#8211; F\u00f6r en dag sedan<br \/>\n&#8211; <b>Fa una setmana<\/b> &#8211; F\u00f6r en vecka sedan<br \/>\n&#8211; <b>Fa un mes<\/b> &#8211; F\u00f6r en m\u00e5nad sedan<br \/>\n&#8211; <b>Fa un any<\/b> &#8211; F\u00f6r ett \u00e5r sedan<br \/>\n&#8211; <b>D&#8217;aqu\u00ed a una estona<\/b> &#8211; Om en stund<br \/>\n&#8211; <b>D&#8217;aqu\u00ed a una hora<\/b> &#8211; Om en timme<br \/>\n&#8211; <b>D&#8217;aqu\u00ed a un dia<\/b> &#8211; Om en dag<br \/>\n&#8211; <b>D&#8217;aqu\u00ed a una setmana<\/b> &#8211; Om en vecka<br \/>\n&#8211; <b>D&#8217;aqu\u00ed a un mes<\/b> &#8211; Om en m\u00e5nad<br \/>\n&#8211; <b>D&#8217;aqu\u00ed a un any<\/b> &#8211; Om ett \u00e5r<\/p>\n<p>Dessa uttryck kan anv\u00e4ndas f\u00f6r att beskriva n\u00e4r n\u00e5got h\u00e4nde eller kommer att h\u00e4nda. Till exempel, &#8221;Fa una estona vaig veure un amic&#8221; (F\u00f6r en stund sedan s\u00e5g jag en v\u00e4n) eller &#8221;D&#8217;aqu\u00ed a una setmana anirem de vacances&#8221; (Om en vecka \u00e5ker vi p\u00e5 semester).<\/p>\n<h2>Adverb f\u00f6r frekvens<\/h2>\n<p>F\u00f6r att beskriva hur ofta n\u00e5got h\u00e4nder, kan du anv\u00e4nda adverb f\u00f6r frekvens. H\u00e4r \u00e4r n\u00e5gra vanliga adverb f\u00f6r frekvens p\u00e5 katalanska:<\/p>\n<p>&#8211; <b>Normalment<\/b> &#8211; Vanligtvis<br \/>\n&#8211; <b>Freq\u00fcentment<\/b> &#8211; Ofta<br \/>\n&#8211; <b>De tant en tant<\/b> &#8211; D\u00e5 och d\u00e5<br \/>\n&#8211; <b>Poc sovint<\/b> &#8211; S\u00e4llan<br \/>\n&#8211; <b>Gaireb\u00e9 mai<\/b> &#8211; N\u00e4stan aldrig<\/p>\n<p>Dessa adverb kan anv\u00e4ndas f\u00f6r att beskriva hur ofta en h\u00e4ndelse intr\u00e4ffar. Till exempel, &#8221;Normalment estudio cada dia&#8221; (Vanligtvis studerar jag varje dag) eller &#8221;De tant en tant anem al cinema&#8221; (D\u00e5 och d\u00e5 g\u00e5r vi p\u00e5 bio).<\/p>\n<h2>Uttryck f\u00f6r specifika tidpunkter<\/h2>\n<p>Det \u00e4r ocks\u00e5 viktigt att kunna uttrycka specifika tidpunkter och perioder. H\u00e4r \u00e4r n\u00e5gra vanliga uttryck f\u00f6r specifika tidpunkter p\u00e5 katalanska:<\/p>\n<p>&#8211; <b>Al mat\u00ed<\/b> &#8211; P\u00e5 morgonen<br \/>\n&#8211; <b>A la tarda<\/b> &#8211; P\u00e5 eftermiddagen<br \/>\n&#8211; <b>Al vespre<\/b> &#8211; P\u00e5 kv\u00e4llen<br \/>\n&#8211; <b>A la nit<\/b> &#8211; P\u00e5 natten<br \/>\n&#8211; <b>El cap de setmana<\/b> &#8211; Helgen<br \/>\n&#8211; <b>Entre setmana<\/b> &#8211; P\u00e5 vardagar<\/p>\n<p>Dessa uttryck kan anv\u00e4ndas f\u00f6r att beskriva n\u00e4r n\u00e5got h\u00e4nder under dagen eller veckan. Till exempel, &#8221;Al mat\u00ed vaig al gimn\u00e0s&#8221; (P\u00e5 morgonen g\u00e5r jag till gymmet) eller &#8221;El cap de setmana descanso&#8221; (P\u00e5 helgen vilar jag).<\/p>\n<h2>Verbformer f\u00f6r att uttrycka tid<\/h2>\n<p>F\u00f6rutom att anv\u00e4nda tidsrelaterade ord, \u00e4r det ocks\u00e5 viktigt att kunna anv\u00e4nda r\u00e4tt verbformer f\u00f6r att uttrycka tid. P\u00e5 katalanska, precis som p\u00e5 m\u00e5nga andra spr\u00e5k, finns det olika verbformer f\u00f6r att uttrycka tid.<\/p>\n<h3>Presens<\/h3>\n<p>Presens anv\u00e4nds f\u00f6r att beskriva n\u00e5got som h\u00e4nder nu eller n\u00e5got som \u00e4r en generell sanning.<\/p>\n<p>&#8211; <b>Jo estudio<\/b> &#8211; Jag studerar<br \/>\n&#8211; <b>Tu estudies<\/b> &#8211; Du studerar<br \/>\n&#8211; <b>Ell\/Ella estudia<\/b> &#8211; Han\/Hon studerar<\/p>\n<h3>Perfekt<\/h3>\n<p>Perfekt anv\u00e4nds f\u00f6r att beskriva n\u00e5got som har h\u00e4nt nyligen och har relevans f\u00f6r nuet.<\/p>\n<p>&#8211; <b>Jo he estudiat<\/b> &#8211; Jag har studerat<br \/>\n&#8211; <b>Tu has estudiat<\/b> &#8211; Du har studerat<br \/>\n&#8211; <b>Ell\/Ella ha estudiat<\/b> &#8211; Han\/Hon har studerat<\/p>\n<h3>Imperfekt<\/h3>\n<p>Imperfekt anv\u00e4nds f\u00f6r att beskriva n\u00e5got som h\u00e4nde regelbundet i det f\u00f6rflutna eller n\u00e5got som var p\u00e5g\u00e5ende i det f\u00f6rflutna.<\/p>\n<p>&#8211; <b>Jo estudiava<\/b> &#8211; Jag studerade<br \/>\n&#8211; <b>Tu estudiaves<\/b> &#8211; Du studerade<br \/>\n&#8211; <b>Ell\/Ella estudiava<\/b> &#8211; Han\/Hon studerade<\/p>\n<h3>Futurum<\/h3>\n<p>Futurum anv\u00e4nds f\u00f6r att beskriva n\u00e5got som kommer att h\u00e4nda i framtiden.<\/p>\n<p>&#8211; <b>Jo estudiar\u00e9<\/b> &#8211; Jag kommer att studera<br \/>\n&#8211; <b>Tu estudiar\u00e0s<\/b> &#8211; Du kommer att studera<br \/>\n&#8211; <b>Ell\/Ella estudiar\u00e0<\/b> &#8211; Han\/Hon kommer att studera<\/p>\n<h2>Vanliga fraser med tidsrelaterat ordf\u00f6rr\u00e5d<\/h2>\n<p>F\u00f6r att avsluta, l\u00e5t oss titta p\u00e5 n\u00e5gra vanliga fraser som anv\u00e4nder tidsrelaterat ordf\u00f6rr\u00e5d p\u00e5 katalanska. Dessa fraser kan vara mycket anv\u00e4ndbara i vardagliga samtal.<\/p>\n<p>&#8211; <b>Quina hora \u00e9s?<\/b> &#8211; Vad \u00e4r klockan?<br \/>\n&#8211; <b>A quina hora comen\u00e7a la pel\u00b7l\u00edcula?<\/b> &#8211; Vilken tid b\u00f6rjar filmen?<br \/>\n&#8211; <b>Quant temps dura la reuni\u00f3?<\/b> &#8211; Hur l\u00e4nge varar m\u00f6tet?<br \/>\n&#8211; <b>Quan vas arribar?<\/b> &#8211; N\u00e4r kom du?<br \/>\n&#8211; <b>Des de quan est\u00e0s aqu\u00ed?<\/b> &#8211; Hur l\u00e4nge har du varit h\u00e4r?<\/p>\n<p>Genom att bem\u00e4stra dessa fraser och det tidsrelaterade ordf\u00f6rr\u00e5det kan du f\u00f6rb\u00e4ttra din f\u00f6rm\u00e5ga att kommunicera effektivt p\u00e5 katalanska. Tidsrelaterat ordf\u00f6rr\u00e5d \u00e4r en grundl\u00e4ggande del av <a href=\"https:\/\/talkpal.ai\/sv\/hur-lar-man-sig-ett-sprak-via-talkpal-chat\/\">spr\u00e5kinl\u00e4rning<\/a> och kommer att hj\u00e4lpa dig att f\u00f6rst\u00e5 och bli f\u00f6rst\u00e5dd i m\u00e5nga olika sammanhang.<\/p>\n<p>Sammanfattningsvis \u00e4r det viktigt att l\u00e4ra sig de grundl\u00e4ggande tidsorden, veckodagarna, m\u00e5naderna, klockslagen, relativa tidsuttryck, adverb f\u00f6r frekvens, uttryck f\u00f6r specifika tidpunkter, och verbformer f\u00f6r att uttrycka tid. Genom att \u00f6va och anv\u00e4nda dessa ord och uttryck i ditt dagliga liv kan du f\u00f6rb\u00e4ttra din katalanska och bli mer flytande i spr\u00e5ket.<\/p>\n","protected":false},"featured_media":1528084,"template":"","vocabulary_language":[4179],"class_list":["post-857613","vocabulary","type-vocabulary","status-publish","has-post-thumbnail","hentry","vocabulary_language-katalanska"],"acf":[],"yoast_head":"<!-- This site is optimized with the Yoast SEO Premium plugin v27.2 (Yoast SEO v27.2) - https:\/\/yoast.com\/product\/yoast-seo-premium-wordpress\/ -->\n<title>Tidsrelaterat ordf\u00f6rr\u00e5d p\u00e5 det katalanska spr\u00e5ket - Talkpal<\/title>\n<meta name=\"description\" content=\"Att l\u00e4ra sig ett nytt spr\u00e5k inneb\u00e4r ofta att man m\u00e5ste bem\u00e4stra en m\u00e4ngd olika ordf\u00f6rr\u00e5d och grammatiska regler. Ett av de mest grundl\u00e4ggande och\" \/>\n<meta name=\"robots\" content=\"index, follow, max-snippet:-1, max-image-preview:large, max-video-preview:-1\" \/>\n<link rel=\"canonical\" href=\"https:\/\/talkpal.ai\/sv\/vocabulary\/tidsrelaterat-ordforrad-pa-det-katalanska-spraket\/\" \/>\n<meta property=\"og:locale\" content=\"sv_SE\" \/>\n<meta property=\"og:type\" content=\"article\" \/>\n<meta property=\"og:title\" content=\"Tidsrelaterat ordf\u00f6rr\u00e5d p\u00e5 det katalanska spr\u00e5ket\" \/>\n<meta property=\"og:description\" content=\"Att l\u00e4ra sig ett nytt spr\u00e5k inneb\u00e4r ofta att man m\u00e5ste bem\u00e4stra en m\u00e4ngd olika ordf\u00f6rr\u00e5d och grammatiska regler. Ett av de mest grundl\u00e4ggande och\" \/>\n<meta property=\"og:url\" content=\"https:\/\/talkpal.ai\/sv\/vocabulary\/tidsrelaterat-ordforrad-pa-det-katalanska-spraket\/\" \/>\n<meta property=\"og:site_name\" content=\"Talkpal\" \/>\n<meta property=\"article:publisher\" content=\"https:\/\/www.facebook.com\/profile.php?id=100090733639311\" \/>\n<meta property=\"og:image\" content=\"https:\/\/talkpal.ai\/wp-content\/uploads\/2024\/10\/talkpal_flat_illustration_of_a_employees_working_together_happi_c674ff77-e477-4e09-835a-01d30e561e99.png\" \/>\n\t<meta property=\"og:image:width\" content=\"1024\" \/>\n\t<meta property=\"og:image:height\" content=\"1024\" \/>\n\t<meta property=\"og:image:type\" content=\"image\/png\" \/>\n<meta name=\"twitter:card\" content=\"summary_large_image\" \/>\n<meta name=\"twitter:site\" content=\"@talkpalai\" \/>\n<meta name=\"twitter:label1\" content=\"Ber\u00e4knad l\u00e4stid\" \/>\n\t<meta name=\"twitter:data1\" content=\"7 minuter\" \/>\n<script type=\"application\/ld+json\" class=\"yoast-schema-graph\">{\"@context\":\"https:\/\/schema.org\",\"@graph\":[{\"@type\":\"WebPage\",\"@id\":\"https:\/\/talkpal.ai\/sv\/vocabulary\/tidsrelaterat-ordforrad-pa-det-katalanska-spraket\/\",\"url\":\"https:\/\/talkpal.ai\/sv\/vocabulary\/tidsrelaterat-ordforrad-pa-det-katalanska-spraket\/\",\"name\":\"Tidsrelaterat ordf\u00f6rr\u00e5d p\u00e5 det katalanska spr\u00e5ket - Talkpal\",\"isPartOf\":{\"@id\":\"https:\/\/talkpal.ai\/sv\/#website\"},\"primaryImageOfPage\":{\"@id\":\"https:\/\/talkpal.ai\/sv\/vocabulary\/tidsrelaterat-ordforrad-pa-det-katalanska-spraket\/#primaryimage\"},\"image\":{\"@id\":\"https:\/\/talkpal.ai\/sv\/vocabulary\/tidsrelaterat-ordforrad-pa-det-katalanska-spraket\/#primaryimage\"},\"thumbnailUrl\":\"https:\/\/talkpal.ai\/wp-content\/uploads\/2025\/12\/woman-is-practicing-to-learn-languages.webp\",\"datePublished\":\"2024-06-29T22:38:38+00:00\",\"description\":\"Att l\u00e4ra sig ett nytt spr\u00e5k inneb\u00e4r ofta att man m\u00e5ste bem\u00e4stra en m\u00e4ngd olika ordf\u00f6rr\u00e5d och grammatiska regler. Ett av de mest grundl\u00e4ggande och\",\"breadcrumb\":{\"@id\":\"https:\/\/talkpal.ai\/sv\/vocabulary\/tidsrelaterat-ordforrad-pa-det-katalanska-spraket\/#breadcrumb\"},\"inLanguage\":\"sv-SE\",\"potentialAction\":[{\"@type\":\"ReadAction\",\"target\":[\"https:\/\/talkpal.ai\/sv\/vocabulary\/tidsrelaterat-ordforrad-pa-det-katalanska-spraket\/\"]}]},{\"@type\":\"ImageObject\",\"inLanguage\":\"sv-SE\",\"@id\":\"https:\/\/talkpal.ai\/sv\/vocabulary\/tidsrelaterat-ordforrad-pa-det-katalanska-spraket\/#primaryimage\",\"url\":\"https:\/\/talkpal.ai\/wp-content\/uploads\/2025\/12\/woman-is-practicing-to-learn-languages.webp\",\"contentUrl\":\"https:\/\/talkpal.ai\/wp-content\/uploads\/2025\/12\/woman-is-practicing-to-learn-languages.webp\",\"width\":1200,\"height\":896,\"caption\":\"An older woman wearing headphones writes notes for learning languages at a messy desk.\"},{\"@type\":\"BreadcrumbList\",\"@id\":\"https:\/\/talkpal.ai\/sv\/vocabulary\/tidsrelaterat-ordforrad-pa-det-katalanska-spraket\/#breadcrumb\",\"itemListElement\":[{\"@type\":\"ListItem\",\"position\":1,\"name\":\"Homepage\",\"item\":\"https:\/\/talkpal.ai\/sv\/\"},{\"@type\":\"ListItem\",\"position\":2,\"name\":\"Tidsrelaterat ordf\u00f6rr\u00e5d p\u00e5 det katalanska spr\u00e5ket\"}]},{\"@type\":\"WebSite\",\"@id\":\"https:\/\/talkpal.ai\/sv\/#website\",\"url\":\"https:\/\/talkpal.ai\/sv\/\",\"name\":\"Talkpal\",\"description\":\"AI Language Learning\",\"publisher\":{\"@id\":\"https:\/\/talkpal.ai\/sv\/#organization\"},\"alternateName\":\"Talkpal AI\",\"potentialAction\":[{\"@type\":\"SearchAction\",\"target\":{\"@type\":\"EntryPoint\",\"urlTemplate\":\"https:\/\/talkpal.ai\/sv\/?s={search_term_string}\"},\"query-input\":{\"@type\":\"PropertyValueSpecification\",\"valueRequired\":true,\"valueName\":\"search_term_string\"}}],\"inLanguage\":\"sv-SE\"},{\"@type\":\"Organization\",\"@id\":\"https:\/\/talkpal.ai\/sv\/#organization\",\"name\":\"Talkpal, Inc.\",\"alternateName\":\"Talkpal AI\",\"url\":\"https:\/\/talkpal.ai\/sv\/\",\"logo\":{\"@type\":\"ImageObject\",\"inLanguage\":\"sv-SE\",\"@id\":\"https:\/\/talkpal.ai\/sv\/#\/schema\/logo\/image\/\",\"url\":\"https:\/\/talkpal.ai\/wp-content\/uploads\/2024\/03\/Talkpal-Logo-Icon.png\",\"contentUrl\":\"https:\/\/talkpal.ai\/wp-content\/uploads\/2024\/03\/Talkpal-Logo-Icon.png\",\"width\":2880,\"height\":2880,\"caption\":\"Talkpal, Inc.\"},\"image\":{\"@id\":\"https:\/\/talkpal.ai\/sv\/#\/schema\/logo\/image\/\"},\"sameAs\":[\"https:\/\/www.facebook.com\/profile.php?id=100090733639311\",\"https:\/\/x.com\/talkpalai\",\"https:\/\/www.linkedin.com\/company\/talkpal\/\",\"https:\/\/www.youtube.com\/@TalkPal\/\",\"https:\/\/www.tiktok.com\/@talkpal\",\"https:\/\/www.instagram.com\/talkpal_ai\/\",\"https:\/\/www.crunchbase.com\/organization\/talkpal-9cde\",\"https:\/\/www.g2.com\/products\/talkpal-for-business\/\",\"https:\/\/www.trustpilot.com\/review\/talkpal.ai\",\"https:\/\/www.capterra.com\/p\/10006800\/TalkPal\/\"],\"description\":\"Talkpal is a language learning web and mobile education app, powered by the latest AI technologies, that provides engaging experiences to its customers in many different languages to help them improve their language skills. Users can chat about unlimited amount of topics with the app and use other modes to practice their language learning.\",\"email\":\"support@talkpal.ai\",\"legalName\":\"Talkpal, Inc.\",\"foundingDate\":\"2023-04-03\",\"duns\":\"118989042\",\"numberOfEmployees\":{\"@type\":\"QuantitativeValue\",\"minValue\":\"11\",\"maxValue\":\"50\"},\"publishingPrinciples\":\"https:\/\/talkpal.ai\/publishing-principles\/\",\"actionableFeedbackPolicy\":\"https:\/\/talkpal.ai\/actionable-feedback-policy\/\",\"correctionsPolicy\":\"https:\/\/talkpal.ai\/corrections-policy\/\",\"ethicsPolicy\":\"https:\/\/talkpal.ai\/ethics-policy\/\",\"diversityPolicy\":\"https:\/\/talkpal.ai\/diversity-policy\/\",\"diversityStaffingReport\":\"https:\/\/talkpal.ai\/diversity-policy\/\"}]}<\/script>\n<!-- \/ Yoast SEO Premium plugin. -->","yoast_head_json":{"title":"Tidsrelaterat ordf\u00f6rr\u00e5d p\u00e5 det katalanska spr\u00e5ket - Talkpal","description":"Att l\u00e4ra sig ett nytt spr\u00e5k inneb\u00e4r ofta att man m\u00e5ste bem\u00e4stra en m\u00e4ngd olika ordf\u00f6rr\u00e5d och grammatiska regler. Ett av de mest grundl\u00e4ggande och","robots":{"index":"index","follow":"follow","max-snippet":"max-snippet:-1","max-image-preview":"max-image-preview:large","max-video-preview":"max-video-preview:-1"},"canonical":"https:\/\/talkpal.ai\/sv\/vocabulary\/tidsrelaterat-ordforrad-pa-det-katalanska-spraket\/","og_locale":"sv_SE","og_type":"article","og_title":"Tidsrelaterat ordf\u00f6rr\u00e5d p\u00e5 det katalanska spr\u00e5ket","og_description":"Att l\u00e4ra sig ett nytt spr\u00e5k inneb\u00e4r ofta att man m\u00e5ste bem\u00e4stra en m\u00e4ngd olika ordf\u00f6rr\u00e5d och grammatiska regler. Ett av de mest grundl\u00e4ggande och","og_url":"https:\/\/talkpal.ai\/sv\/vocabulary\/tidsrelaterat-ordforrad-pa-det-katalanska-spraket\/","og_site_name":"Talkpal","article_publisher":"https:\/\/www.facebook.com\/profile.php?id=100090733639311","og_image":[{"width":1024,"height":1024,"url":"https:\/\/talkpal.ai\/wp-content\/uploads\/2024\/10\/talkpal_flat_illustration_of_a_employees_working_together_happi_c674ff77-e477-4e09-835a-01d30e561e99.png","type":"image\/png"}],"twitter_card":"summary_large_image","twitter_site":"@talkpalai","twitter_misc":{"Ber\u00e4knad l\u00e4stid":"7 minuter"},"schema":{"@context":"https:\/\/schema.org","@graph":[{"@type":"WebPage","@id":"https:\/\/talkpal.ai\/sv\/vocabulary\/tidsrelaterat-ordforrad-pa-det-katalanska-spraket\/","url":"https:\/\/talkpal.ai\/sv\/vocabulary\/tidsrelaterat-ordforrad-pa-det-katalanska-spraket\/","name":"Tidsrelaterat ordf\u00f6rr\u00e5d p\u00e5 det katalanska spr\u00e5ket - Talkpal","isPartOf":{"@id":"https:\/\/talkpal.ai\/sv\/#website"},"primaryImageOfPage":{"@id":"https:\/\/talkpal.ai\/sv\/vocabulary\/tidsrelaterat-ordforrad-pa-det-katalanska-spraket\/#primaryimage"},"image":{"@id":"https:\/\/talkpal.ai\/sv\/vocabulary\/tidsrelaterat-ordforrad-pa-det-katalanska-spraket\/#primaryimage"},"thumbnailUrl":"https:\/\/talkpal.ai\/wp-content\/uploads\/2025\/12\/woman-is-practicing-to-learn-languages.webp","datePublished":"2024-06-29T22:38:38+00:00","description":"Att l\u00e4ra sig ett nytt spr\u00e5k inneb\u00e4r ofta att man m\u00e5ste bem\u00e4stra en m\u00e4ngd olika ordf\u00f6rr\u00e5d och grammatiska regler. Ett av de mest grundl\u00e4ggande och","breadcrumb":{"@id":"https:\/\/talkpal.ai\/sv\/vocabulary\/tidsrelaterat-ordforrad-pa-det-katalanska-spraket\/#breadcrumb"},"inLanguage":"sv-SE","potentialAction":[{"@type":"ReadAction","target":["https:\/\/talkpal.ai\/sv\/vocabulary\/tidsrelaterat-ordforrad-pa-det-katalanska-spraket\/"]}]},{"@type":"ImageObject","inLanguage":"sv-SE","@id":"https:\/\/talkpal.ai\/sv\/vocabulary\/tidsrelaterat-ordforrad-pa-det-katalanska-spraket\/#primaryimage","url":"https:\/\/talkpal.ai\/wp-content\/uploads\/2025\/12\/woman-is-practicing-to-learn-languages.webp","contentUrl":"https:\/\/talkpal.ai\/wp-content\/uploads\/2025\/12\/woman-is-practicing-to-learn-languages.webp","width":1200,"height":896,"caption":"An older woman wearing headphones writes notes for learning languages at a messy desk."},{"@type":"BreadcrumbList","@id":"https:\/\/talkpal.ai\/sv\/vocabulary\/tidsrelaterat-ordforrad-pa-det-katalanska-spraket\/#breadcrumb","itemListElement":[{"@type":"ListItem","position":1,"name":"Homepage","item":"https:\/\/talkpal.ai\/sv\/"},{"@type":"ListItem","position":2,"name":"Tidsrelaterat ordf\u00f6rr\u00e5d p\u00e5 det katalanska spr\u00e5ket"}]},{"@type":"WebSite","@id":"https:\/\/talkpal.ai\/sv\/#website","url":"https:\/\/talkpal.ai\/sv\/","name":"Talkpal","description":"AI Language Learning","publisher":{"@id":"https:\/\/talkpal.ai\/sv\/#organization"},"alternateName":"Talkpal AI","potentialAction":[{"@type":"SearchAction","target":{"@type":"EntryPoint","urlTemplate":"https:\/\/talkpal.ai\/sv\/?s={search_term_string}"},"query-input":{"@type":"PropertyValueSpecification","valueRequired":true,"valueName":"search_term_string"}}],"inLanguage":"sv-SE"},{"@type":"Organization","@id":"https:\/\/talkpal.ai\/sv\/#organization","name":"Talkpal, Inc.","alternateName":"Talkpal AI","url":"https:\/\/talkpal.ai\/sv\/","logo":{"@type":"ImageObject","inLanguage":"sv-SE","@id":"https:\/\/talkpal.ai\/sv\/#\/schema\/logo\/image\/","url":"https:\/\/talkpal.ai\/wp-content\/uploads\/2024\/03\/Talkpal-Logo-Icon.png","contentUrl":"https:\/\/talkpal.ai\/wp-content\/uploads\/2024\/03\/Talkpal-Logo-Icon.png","width":2880,"height":2880,"caption":"Talkpal, Inc."},"image":{"@id":"https:\/\/talkpal.ai\/sv\/#\/schema\/logo\/image\/"},"sameAs":["https:\/\/www.facebook.com\/profile.php?id=100090733639311","https:\/\/x.com\/talkpalai","https:\/\/www.linkedin.com\/company\/talkpal\/","https:\/\/www.youtube.com\/@TalkPal\/","https:\/\/www.tiktok.com\/@talkpal","https:\/\/www.instagram.com\/talkpal_ai\/","https:\/\/www.crunchbase.com\/organization\/talkpal-9cde","https:\/\/www.g2.com\/products\/talkpal-for-business\/","https:\/\/www.trustpilot.com\/review\/talkpal.ai","https:\/\/www.capterra.com\/p\/10006800\/TalkPal\/"],"description":"Talkpal is a language learning web and mobile education app, powered by the latest AI technologies, that provides engaging experiences to its customers in many different languages to help them improve their language skills. Users can chat about unlimited amount of topics with the app and use other modes to practice their language learning.","email":"support@talkpal.ai","legalName":"Talkpal, Inc.","foundingDate":"2023-04-03","duns":"118989042","numberOfEmployees":{"@type":"QuantitativeValue","minValue":"11","maxValue":"50"},"publishingPrinciples":"https:\/\/talkpal.ai\/publishing-principles\/","actionableFeedbackPolicy":"https:\/\/talkpal.ai\/actionable-feedback-policy\/","correctionsPolicy":"https:\/\/talkpal.ai\/corrections-policy\/","ethicsPolicy":"https:\/\/talkpal.ai\/ethics-policy\/","diversityPolicy":"https:\/\/talkpal.ai\/diversity-policy\/","diversityStaffingReport":"https:\/\/talkpal.ai\/diversity-policy\/"}]}},"_links":{"self":[{"href":"https:\/\/talkpal.ai\/sv\/wp-json\/wp\/v2\/vocabulary\/857613","targetHints":{"allow":["GET"]}}],"collection":[{"href":"https:\/\/talkpal.ai\/sv\/wp-json\/wp\/v2\/vocabulary"}],"about":[{"href":"https:\/\/talkpal.ai\/sv\/wp-json\/wp\/v2\/types\/vocabulary"}],"wp:featuredmedia":[{"embeddable":true,"href":"https:\/\/talkpal.ai\/sv\/wp-json\/wp\/v2\/media\/1528084"}],"wp:attachment":[{"href":"https:\/\/talkpal.ai\/sv\/wp-json\/wp\/v2\/media?parent=857613"}],"wp:term":[{"taxonomy":"vocabulary_language","embeddable":true,"href":"https:\/\/talkpal.ai\/sv\/wp-json\/wp\/v2\/vocabulary_language?post=857613"}],"curies":[{"name":"wp","href":"https:\/\/api.w.org\/{rel}","templated":true}]}}