{"id":857612,"date":"2024-06-29T22:38:30","date_gmt":"2024-06-29T22:38:30","guid":{"rendered":"https:\/\/talkpal.ai\/vocabulary\/tidsrelaterad-ordforrad-pa-det-tjeckiska-spraket\/"},"modified":"2024-06-29T22:38:30","modified_gmt":"2024-06-29T22:38:30","slug":"tidsrelaterad-ordforrad-pa-det-tjeckiska-spraket","status":"publish","type":"vocabulary","link":"https:\/\/talkpal.ai\/sv\/vocabulary\/tidsrelaterad-ordforrad-pa-det-tjeckiska-spraket\/","title":{"rendered":"Tidsrelaterad ordf\u00f6rr\u00e5d p\u00e5 det tjeckiska spr\u00e5ket"},"content":{"rendered":"<p>Att l\u00e4ra sig ett nytt spr\u00e5k inneb\u00e4r ofta att man m\u00e5ste f\u00f6rst\u00e5 och kunna anv\u00e4nda tidsrelaterade ord och uttryck. Dessa ord hj\u00e4lper <a href=\"https:\/\/talkpal.ai\/locations\/language-courses-in-oss\/\">oss<\/a> att beskriva n\u00e4r en h\u00e4ndelse intr\u00e4ffar, hur l\u00e4nge den varar och hur den f\u00f6rh\u00e5ller sig till andra h\u00e4ndelser i tiden. I denna artikel kommer vi att utforska tidsrelaterad ordf\u00f6rr\u00e5d p\u00e5 det <a href=\"https:\/\/talkpal.ai\/learn-czech\/\">tjeckiska<\/a> spr\u00e5ket. Vi kommer att g\u00e5 igenom grundl\u00e4ggande tidsuttryck, veckodagar, m\u00e5nader, \u00e5rstider och andra relevanta termer. Genom att l\u00e4ra dig dessa ord och uttryck kommer du att kunna <a href=\"https:\/\/talkpal.ai\/locations\/language-courses-in-tala\/\">tala<\/a> om tid p\u00e5 tjeckiska med st\u00f6rre s\u00e4kerhet och precision.<\/p>\n<h2>Grundl\u00e4ggande tidsuttryck<\/h2>\n<p>F\u00f6r att b\u00f6rja med, l\u00e5t oss titta p\u00e5 n\u00e5gra av de mest grundl\u00e4ggande tidsuttrycken p\u00e5 tjeckiska. Dessa ord och fraser \u00e4r nyckeln till att f\u00f6rst\u00e5 och uttrycka tid.<\/p>\n<p>&#8211; <b>Dnes<\/b> &#8211; Idag<br \/>\n&#8211; <b>V\u010dera<\/b> &#8211; Ig\u00e5r<br \/>\n&#8211; <b>Z\u00edtra<\/b> &#8211; Imorgon<br \/>\n&#8211; <b>R\u00e1no<\/b> &#8211; Morgon<br \/>\n&#8211; <b>Odpoledne<\/b> &#8211; Eftermiddag<br \/>\n&#8211; <b>Ve\u010der<\/b> &#8211; Kv\u00e4ll<br \/>\n&#8211; <b>Noc<\/b> &#8211; Natt<\/p>\n<p>Dessa ord \u00e4r utm\u00e4rkta utg\u00e5ngspunkter f\u00f6r att bygga upp ditt tidsrelaterade ordf\u00f6rr\u00e5d. Till exempel, om du vill s\u00e4ga &#8221;Jag ska g\u00e5 till aff\u00e4ren imorgon&#8221;, skulle du s\u00e4ga &#8221;P\u016fjdu do obchodu <b>z\u00edtra<\/b>&#8221;.<\/p>\n<h3>Veckodagar<\/h3>\n<p>Veckodagarna \u00e4r ocks\u00e5 grundl\u00e4ggande komponenter i tidsrelaterad kommunikation. H\u00e4r \u00e4r veckodagarna p\u00e5 tjeckiska:<\/p>\n<p>&#8211; <b>Pond\u011bl\u00ed<\/b> &#8211; M\u00e5ndag<br \/>\n&#8211; <b>\u00dater\u00fd<\/b> &#8211; Tisdag<br \/>\n&#8211; <b>St\u0159eda<\/b> &#8211; Onsdag<br \/>\n&#8211; <b>\u010ctvrtek<\/b> &#8211; Torsdag<br \/>\n&#8211; <b>P\u00e1tek<\/b> &#8211; Fredag<br \/>\n&#8211; <b>Sobota<\/b> &#8211; L\u00f6rdag<br \/>\n&#8211; <b>Ned\u011ble<\/b> &#8211; S\u00f6ndag<\/p>\n<p>F\u00f6r att fr\u00e5ga n\u00e5gon vilken dag det \u00e4r, kan du s\u00e4ga &#8221;Jak\u00fd je dnes den?&#8221; och om du vill svara att det \u00e4r m\u00e5ndag, kan du s\u00e4ga &#8221;<b>Pond\u011bl\u00ed<\/b>.&#8221;<\/p>\n<h3>M\u00e5nader<\/h3>\n<p>N\u00e4sta steg \u00e4r att l\u00e4ra sig namnen p\u00e5 m\u00e5naderna. Dessa \u00e4r viktiga f\u00f6r att tala om specifika datum och h\u00e4ndelser under \u00e5ret.<\/p>\n<p>&#8211; <b>Leden<\/b> &#8211; Januari<br \/>\n&#8211; <b>\u00danor<\/b> &#8211; Februari<br \/>\n&#8211; <b>B\u0159ezen<\/b> &#8211; Mars<br \/>\n&#8211; <b>Duben<\/b> &#8211; April<br \/>\n&#8211; <b>Kv\u011bten<\/b> &#8211; Maj<br \/>\n&#8211; <b>\u010cerven<\/b> &#8211; Juni<br \/>\n&#8211; <b>\u010cervenec<\/b> &#8211; Juli<br \/>\n&#8211; <b>Srpen<\/b> &#8211; Augusti<br \/>\n&#8211; <b>Z\u00e1\u0159\u00ed<\/b> &#8211; September<br \/>\n&#8211; <b>\u0158\u00edjen<\/b> &#8211; Oktober<br \/>\n&#8211; <b>Listopad<\/b> &#8211; November<br \/>\n&#8211; <b>Prosinec<\/b> &#8211; December<\/p>\n<p>Exempelvis, om du vill s\u00e4ga &#8221;Jag \u00e4r f\u00f6dd i mars&#8221;, skulle du s\u00e4ga &#8221;Narodil jsem se v <b>B\u0159eznu<\/b>.&#8221;<\/p>\n<h3>\u00c5rstider<\/h3>\n<p>F\u00f6r att kunna tala om v\u00e4der och specifika perioder under \u00e5ret beh\u00f6ver du ocks\u00e5 k\u00e4nna till de fyra \u00e5rstiderna.<\/p>\n<p>&#8211; <b>Jaro<\/b> &#8211; V\u00e5r<br \/>\n&#8211; <b>L\u00e9to<\/b> &#8211; Sommar<br \/>\n&#8211; <b>Podzim<\/b> &#8211; H\u00f6st<br \/>\n&#8211; <b>Zima<\/b> &#8211; Vinter<\/p>\n<p>Om du vill ber\u00e4tta att du \u00e4lskar sommaren, kan du s\u00e4ga &#8221;Miluji <b>l\u00e9to<\/b>.&#8221;<\/p>\n<h2>Specifika tidsuttryck och fraser<\/h2>\n<p>Ut\u00f6ver de grundl\u00e4ggande tidsuttrycken, veckodagarna, m\u00e5naderna och \u00e5rstiderna, finns det ocks\u00e5 specifika tidsuttryck och fraser som kan vara anv\u00e4ndbara.<\/p>\n<p>&#8211; <b>Minul\u00fd t\u00fdden<\/b> &#8211; F\u00f6rra veckan<br \/>\n&#8211; <b>Tento t\u00fdden<\/b> &#8211; Denna vecka<br \/>\n&#8211; <b>P\u0159\u00ed\u0161t\u00ed t\u00fdden<\/b> &#8211; N\u00e4sta vecka<br \/>\n&#8211; <b>Minul\u00fd m\u011bs\u00edc<\/b> &#8211; F\u00f6rra m\u00e5naden<br \/>\n&#8211; <b>Tento m\u011bs\u00edc<\/b> &#8211; Denna m\u00e5nad<br \/>\n&#8211; <b>P\u0159\u00ed\u0161t\u00ed m\u011bs\u00edc<\/b> &#8211; N\u00e4sta m\u00e5nad<br \/>\n&#8211; <b>Minul\u00fd rok<\/b> &#8211; F\u00f6rra \u00e5ret<br \/>\n&#8211; <b>Tento rok<\/b> &#8211; Detta \u00e5r<br \/>\n&#8211; <b>P\u0159\u00ed\u0161t\u00ed rok<\/b> &#8211; N\u00e4sta \u00e5r<\/p>\n<p>Dessa uttryck \u00e4r mycket anv\u00e4ndbara n\u00e4r du vill tala om saker som har h\u00e4nt i det f\u00f6rflutna eller som kommer att h\u00e4nda i framtiden. Till exempel, om du vill s\u00e4ga &#8221;Jag reste till Prag f\u00f6rra veckan&#8221;, kan du s\u00e4ga &#8221;Cestoval jsem do Prahy <b>minul\u00fd t\u00fdden<\/b>.&#8221;<\/p>\n<h3>Klockslag<\/h3>\n<p>Att kunna fr\u00e5ga och ber\u00e4tta om klockslag \u00e4r ocks\u00e5 en viktig del av att f\u00f6rst\u00e5 och anv\u00e4nda tidsrelaterat ordf\u00f6rr\u00e5d. H\u00e4r \u00e4r n\u00e5gra grundl\u00e4ggande uttryck f\u00f6r att <a href=\"https:\/\/talkpal.ai\/locations\/language-courses-in-prata\/\">prata<\/a> om tid p\u00e5 dagen:<\/p>\n<p>&#8211; <b>Hodina<\/b> &#8211; Timme<br \/>\n&#8211; <b>Minuta<\/b> &#8211; Minut<br \/>\n&#8211; <b>Vte\u0159ina<\/b> &#8211; Sekund<br \/>\n&#8211; <b>R\u00e1no<\/b> &#8211; Morgon<br \/>\n&#8211; <b>Dopoledne<\/b> &#8211; F\u00f6rmiddag<br \/>\n&#8211; <b>Odpoledne<\/b> &#8211; Eftermiddag<br \/>\n&#8211; <b>Ve\u010der<\/b> &#8211; Kv\u00e4ll<br \/>\n&#8211; <b>Noc<\/b> &#8211; Natt<\/p>\n<p>F\u00f6r att fr\u00e5ga vad klockan \u00e4r, kan du s\u00e4ga &#8221;Kolik je hodin?&#8221; och om du vill svara att klockan \u00e4r tre p\u00e5 eftermiddagen, kan du s\u00e4ga &#8221;Je t\u0159i <b>odpoledne<\/b>.&#8221;<\/p>\n<h2>Vanliga tidsuttryck i meningar<\/h2>\n<p>Att kunna s\u00e4tta ihop tidsuttryck i meningar \u00e4r nyckeln till att kunna kommunicera effektivt p\u00e5 tjeckiska. H\u00e4r \u00e4r n\u00e5gra exempelmeningar som kan hj\u00e4lpa dig att f\u00f6rst\u00e5 hur man anv\u00e4nder tidsrelaterade ord i kontext.<\/p>\n<p>&#8211; &#8221;Co d\u011bl\u00e1\u0161 <b>z\u00edtra<\/b>?&#8221; &#8211; Vad g\u00f6r du imorgon?<br \/>\n&#8211; &#8221;\u0160el jsem do kina <b>v\u010dera ve\u010der<\/b>.&#8221; &#8211; Jag gick p\u00e5 bio ig\u00e5r kv\u00e4ll.<br \/>\n&#8211; &#8221;Budeme m\u00edt sch\u016fzku <b>p\u0159\u00ed\u0161t\u00ed t\u00fdden<\/b>.&#8221; &#8211; Vi kommer att ha ett m\u00f6te n\u00e4sta vecka.<br \/>\n&#8211; &#8221;M\u016fj obl\u00edben\u00fd m\u011bs\u00edc je <b>\u0159\u00edjen<\/b>.&#8221; &#8211; Min favoritm\u00e5nad \u00e4r oktober.<br \/>\n&#8211; &#8221;Narodil jsem se v <b>zim\u011b<\/b>.&#8221; &#8211; Jag f\u00f6ddes p\u00e5 vintern.<\/p>\n<h3>Framtidsplaner<\/h3>\n<p>F\u00f6r att tala om framtidsplaner kan du anv\u00e4nda tidsuttryck i kombination med framtidsformen av verb. H\u00e4r \u00e4r n\u00e5gra exempel:<\/p>\n<p>&#8211; &#8221;Pojedu na dovolenou <b>p\u0159\u00ed\u0161t\u00ed m\u011bs\u00edc<\/b>.&#8221; &#8211; Jag kommer att \u00e5ka p\u00e5 semester n\u00e4sta m\u00e5nad.<br \/>\n&#8211; &#8221;Za\u010dnu nov\u00fd kurz <b>p\u0159\u00ed\u0161t\u00ed rok<\/b>.&#8221; &#8211; Jag kommer att b\u00f6rja en <a href=\"https:\/\/talkpal.ai\/talkpal-new-years-discount\/\">ny<\/a> <a href=\"https:\/\/talkpal.ai\/courses\/\">kurs<\/a> n\u00e4sta \u00e5r.<br \/>\n&#8211; &#8221;Budeme m\u00edt rodinnou oslavu <b>tento v\u00edkend<\/b>.&#8221; &#8211; Vi kommer att ha en familjefest denna helg.<\/p>\n<h3>Historiska h\u00e4ndelser<\/h3>\n<p>N\u00e4r du talar om historiska h\u00e4ndelser, \u00e4r det ocks\u00e5 viktigt att kunna anv\u00e4nda tidsuttryck korrekt. H\u00e4r \u00e4r n\u00e5gra exempel:<\/p>\n<p>&#8211; &#8221;Karl\u016fv most byl postaven ve 14. <b>stolet\u00ed<\/b>.&#8221; &#8211; Karlsbron byggdes p\u00e5 1300-talet.<br \/>\n&#8211; &#8221;\u010cesk\u00e1 republika se stala nez\u00e1vislou v roce 1993.&#8221; &#8211; Tjeckiska republiken blev sj\u00e4lvst\u00e4ndig \u00e5r 1993.<br \/>\n&#8211; &#8221;Sametov\u00e1 revoluce se stala <b>na podzim<\/b> roku 1989.&#8221; &#8211; Sammetsrevolutionen \u00e4gde rum p\u00e5 h\u00f6sten 1989.<\/p>\n<h2>Sammanfattning<\/h2>\n<p>Att beh\u00e4rska tidsrelaterad ordf\u00f6rr\u00e5d p\u00e5 tjeckiska \u00e4r en viktig del av att kunna kommunicera effektivt. Genom att l\u00e4ra dig grundl\u00e4ggande tidsuttryck, veckodagar, m\u00e5nader, \u00e5rstider och specifika tidsfraser, kommer du att kunna tala om tid p\u00e5 ett tydligt och korrekt s\u00e4tt. \u00d6vning och repetition \u00e4r nyckeln till att bli bekv\u00e4m med dessa ord och uttryck. B\u00f6rja med att anv\u00e4nda dem i dina dagliga konversationer och skriv\u00f6vningar, och snart kommer du att m\u00e4rka en f\u00f6rb\u00e4ttring i din f\u00f6rm\u00e5ga att uttrycka tid p\u00e5 tjeckiska. Lycka till!<\/p>\n","protected":false},"featured_media":1527919,"template":"","vocabulary_language":[4181],"class_list":["post-857612","vocabulary","type-vocabulary","status-publish","has-post-thumbnail","hentry","vocabulary_language-tjeckiska"],"acf":[],"yoast_head":"<!-- This site is optimized with the Yoast SEO Premium plugin v27.2 (Yoast SEO v27.2) - https:\/\/yoast.com\/product\/yoast-seo-premium-wordpress\/ -->\n<title>Tidsrelaterad ordf\u00f6rr\u00e5d p\u00e5 det tjeckiska spr\u00e5ket - Talkpal<\/title>\n<meta name=\"description\" content=\"Att l\u00e4ra sig ett nytt spr\u00e5k inneb\u00e4r ofta att man m\u00e5ste f\u00f6rst\u00e5 och kunna anv\u00e4nda tidsrelaterade ord och uttryck. Dessa ord hj\u00e4lper oss att beskriva n\u00e4r en\" \/>\n<meta name=\"robots\" content=\"index, follow, max-snippet:-1, max-image-preview:large, max-video-preview:-1\" \/>\n<link rel=\"canonical\" href=\"https:\/\/talkpal.ai\/sv\/vocabulary\/tidsrelaterad-ordforrad-pa-det-tjeckiska-spraket\/\" \/>\n<meta property=\"og:locale\" content=\"sv_SE\" \/>\n<meta property=\"og:type\" content=\"article\" \/>\n<meta property=\"og:title\" content=\"Tidsrelaterad ordf\u00f6rr\u00e5d p\u00e5 det tjeckiska spr\u00e5ket\" \/>\n<meta property=\"og:description\" content=\"Att l\u00e4ra sig ett nytt spr\u00e5k inneb\u00e4r ofta att man m\u00e5ste f\u00f6rst\u00e5 och kunna anv\u00e4nda tidsrelaterade ord och uttryck. Dessa ord hj\u00e4lper oss att beskriva n\u00e4r en\" \/>\n<meta property=\"og:url\" content=\"https:\/\/talkpal.ai\/sv\/vocabulary\/tidsrelaterad-ordforrad-pa-det-tjeckiska-spraket\/\" \/>\n<meta property=\"og:site_name\" content=\"Talkpal\" \/>\n<meta property=\"article:publisher\" content=\"https:\/\/www.facebook.com\/profile.php?id=100090733639311\" \/>\n<meta property=\"og:image\" content=\"https:\/\/talkpal.ai\/wp-content\/uploads\/2024\/10\/talkpal_flat_illustration_of_a_employees_working_together_happi_c674ff77-e477-4e09-835a-01d30e561e99.png\" \/>\n\t<meta property=\"og:image:width\" content=\"1024\" \/>\n\t<meta property=\"og:image:height\" content=\"1024\" \/>\n\t<meta property=\"og:image:type\" content=\"image\/png\" \/>\n<meta name=\"twitter:card\" content=\"summary_large_image\" \/>\n<meta name=\"twitter:site\" content=\"@talkpalai\" \/>\n<meta name=\"twitter:label1\" content=\"Ber\u00e4knad l\u00e4stid\" \/>\n\t<meta name=\"twitter:data1\" content=\"6 minuter\" \/>\n<script type=\"application\/ld+json\" class=\"yoast-schema-graph\">{\"@context\":\"https:\/\/schema.org\",\"@graph\":[{\"@type\":\"WebPage\",\"@id\":\"https:\/\/talkpal.ai\/sv\/vocabulary\/tidsrelaterad-ordforrad-pa-det-tjeckiska-spraket\/\",\"url\":\"https:\/\/talkpal.ai\/sv\/vocabulary\/tidsrelaterad-ordforrad-pa-det-tjeckiska-spraket\/\",\"name\":\"Tidsrelaterad ordf\u00f6rr\u00e5d p\u00e5 det tjeckiska spr\u00e5ket - Talkpal\",\"isPartOf\":{\"@id\":\"https:\/\/talkpal.ai\/sv\/#website\"},\"primaryImageOfPage\":{\"@id\":\"https:\/\/talkpal.ai\/sv\/vocabulary\/tidsrelaterad-ordforrad-pa-det-tjeckiska-spraket\/#primaryimage\"},\"image\":{\"@id\":\"https:\/\/talkpal.ai\/sv\/vocabulary\/tidsrelaterad-ordforrad-pa-det-tjeckiska-spraket\/#primaryimage\"},\"thumbnailUrl\":\"https:\/\/talkpal.ai\/wp-content\/uploads\/2025\/12\/student-taking-notes-to-learn-languages.webp\",\"datePublished\":\"2024-06-29T22:38:30+00:00\",\"description\":\"Att l\u00e4ra sig ett nytt spr\u00e5k inneb\u00e4r ofta att man m\u00e5ste f\u00f6rst\u00e5 och kunna anv\u00e4nda tidsrelaterade ord och uttryck. Dessa ord hj\u00e4lper oss att beskriva n\u00e4r en\",\"breadcrumb\":{\"@id\":\"https:\/\/talkpal.ai\/sv\/vocabulary\/tidsrelaterad-ordforrad-pa-det-tjeckiska-spraket\/#breadcrumb\"},\"inLanguage\":\"sv-SE\",\"potentialAction\":[{\"@type\":\"ReadAction\",\"target\":[\"https:\/\/talkpal.ai\/sv\/vocabulary\/tidsrelaterad-ordforrad-pa-det-tjeckiska-spraket\/\"]}]},{\"@type\":\"ImageObject\",\"inLanguage\":\"sv-SE\",\"@id\":\"https:\/\/talkpal.ai\/sv\/vocabulary\/tidsrelaterad-ordforrad-pa-det-tjeckiska-spraket\/#primaryimage\",\"url\":\"https:\/\/talkpal.ai\/wp-content\/uploads\/2025\/12\/student-taking-notes-to-learn-languages.webp\",\"contentUrl\":\"https:\/\/talkpal.ai\/wp-content\/uploads\/2025\/12\/student-taking-notes-to-learn-languages.webp\",\"width\":1200,\"height\":896,\"caption\":\"A student with blonde hair writes in her notebook for learning languages at a school desk.\"},{\"@type\":\"BreadcrumbList\",\"@id\":\"https:\/\/talkpal.ai\/sv\/vocabulary\/tidsrelaterad-ordforrad-pa-det-tjeckiska-spraket\/#breadcrumb\",\"itemListElement\":[{\"@type\":\"ListItem\",\"position\":1,\"name\":\"Homepage\",\"item\":\"https:\/\/talkpal.ai\/sv\/\"},{\"@type\":\"ListItem\",\"position\":2,\"name\":\"Tidsrelaterad ordf\u00f6rr\u00e5d p\u00e5 det tjeckiska spr\u00e5ket\"}]},{\"@type\":\"WebSite\",\"@id\":\"https:\/\/talkpal.ai\/sv\/#website\",\"url\":\"https:\/\/talkpal.ai\/sv\/\",\"name\":\"Talkpal\",\"description\":\"AI Language Learning\",\"publisher\":{\"@id\":\"https:\/\/talkpal.ai\/sv\/#organization\"},\"alternateName\":\"Talkpal AI\",\"potentialAction\":[{\"@type\":\"SearchAction\",\"target\":{\"@type\":\"EntryPoint\",\"urlTemplate\":\"https:\/\/talkpal.ai\/sv\/?s={search_term_string}\"},\"query-input\":{\"@type\":\"PropertyValueSpecification\",\"valueRequired\":true,\"valueName\":\"search_term_string\"}}],\"inLanguage\":\"sv-SE\"},{\"@type\":\"Organization\",\"@id\":\"https:\/\/talkpal.ai\/sv\/#organization\",\"name\":\"Talkpal, Inc.\",\"alternateName\":\"Talkpal AI\",\"url\":\"https:\/\/talkpal.ai\/sv\/\",\"logo\":{\"@type\":\"ImageObject\",\"inLanguage\":\"sv-SE\",\"@id\":\"https:\/\/talkpal.ai\/sv\/#\/schema\/logo\/image\/\",\"url\":\"https:\/\/talkpal.ai\/wp-content\/uploads\/2024\/03\/Talkpal-Logo-Icon.png\",\"contentUrl\":\"https:\/\/talkpal.ai\/wp-content\/uploads\/2024\/03\/Talkpal-Logo-Icon.png\",\"width\":2880,\"height\":2880,\"caption\":\"Talkpal, Inc.\"},\"image\":{\"@id\":\"https:\/\/talkpal.ai\/sv\/#\/schema\/logo\/image\/\"},\"sameAs\":[\"https:\/\/www.facebook.com\/profile.php?id=100090733639311\",\"https:\/\/x.com\/talkpalai\",\"https:\/\/www.linkedin.com\/company\/talkpal\/\",\"https:\/\/www.youtube.com\/@TalkPal\/\",\"https:\/\/www.tiktok.com\/@talkpal\",\"https:\/\/www.instagram.com\/talkpal_ai\/\",\"https:\/\/www.crunchbase.com\/organization\/talkpal-9cde\",\"https:\/\/www.g2.com\/products\/talkpal-for-business\/\",\"https:\/\/www.trustpilot.com\/review\/talkpal.ai\",\"https:\/\/www.capterra.com\/p\/10006800\/TalkPal\/\"],\"description\":\"Talkpal is a language learning web and mobile education app, powered by the latest AI technologies, that provides engaging experiences to its customers in many different languages to help them improve their language skills. Users can chat about unlimited amount of topics with the app and use other modes to practice their language learning.\",\"email\":\"support@talkpal.ai\",\"legalName\":\"Talkpal, Inc.\",\"foundingDate\":\"2023-04-03\",\"duns\":\"118989042\",\"numberOfEmployees\":{\"@type\":\"QuantitativeValue\",\"minValue\":\"11\",\"maxValue\":\"50\"},\"publishingPrinciples\":\"https:\/\/talkpal.ai\/publishing-principles\/\",\"actionableFeedbackPolicy\":\"https:\/\/talkpal.ai\/actionable-feedback-policy\/\",\"correctionsPolicy\":\"https:\/\/talkpal.ai\/corrections-policy\/\",\"ethicsPolicy\":\"https:\/\/talkpal.ai\/ethics-policy\/\",\"diversityPolicy\":\"https:\/\/talkpal.ai\/diversity-policy\/\",\"diversityStaffingReport\":\"https:\/\/talkpal.ai\/diversity-policy\/\"}]}<\/script>\n<!-- \/ Yoast SEO Premium plugin. -->","yoast_head_json":{"title":"Tidsrelaterad ordf\u00f6rr\u00e5d p\u00e5 det tjeckiska spr\u00e5ket - Talkpal","description":"Att l\u00e4ra sig ett nytt spr\u00e5k inneb\u00e4r ofta att man m\u00e5ste f\u00f6rst\u00e5 och kunna anv\u00e4nda tidsrelaterade ord och uttryck. Dessa ord hj\u00e4lper oss att beskriva n\u00e4r en","robots":{"index":"index","follow":"follow","max-snippet":"max-snippet:-1","max-image-preview":"max-image-preview:large","max-video-preview":"max-video-preview:-1"},"canonical":"https:\/\/talkpal.ai\/sv\/vocabulary\/tidsrelaterad-ordforrad-pa-det-tjeckiska-spraket\/","og_locale":"sv_SE","og_type":"article","og_title":"Tidsrelaterad ordf\u00f6rr\u00e5d p\u00e5 det tjeckiska spr\u00e5ket","og_description":"Att l\u00e4ra sig ett nytt spr\u00e5k inneb\u00e4r ofta att man m\u00e5ste f\u00f6rst\u00e5 och kunna anv\u00e4nda tidsrelaterade ord och uttryck. Dessa ord hj\u00e4lper oss att beskriva n\u00e4r en","og_url":"https:\/\/talkpal.ai\/sv\/vocabulary\/tidsrelaterad-ordforrad-pa-det-tjeckiska-spraket\/","og_site_name":"Talkpal","article_publisher":"https:\/\/www.facebook.com\/profile.php?id=100090733639311","og_image":[{"width":1024,"height":1024,"url":"https:\/\/talkpal.ai\/wp-content\/uploads\/2024\/10\/talkpal_flat_illustration_of_a_employees_working_together_happi_c674ff77-e477-4e09-835a-01d30e561e99.png","type":"image\/png"}],"twitter_card":"summary_large_image","twitter_site":"@talkpalai","twitter_misc":{"Ber\u00e4knad l\u00e4stid":"6 minuter"},"schema":{"@context":"https:\/\/schema.org","@graph":[{"@type":"WebPage","@id":"https:\/\/talkpal.ai\/sv\/vocabulary\/tidsrelaterad-ordforrad-pa-det-tjeckiska-spraket\/","url":"https:\/\/talkpal.ai\/sv\/vocabulary\/tidsrelaterad-ordforrad-pa-det-tjeckiska-spraket\/","name":"Tidsrelaterad ordf\u00f6rr\u00e5d p\u00e5 det tjeckiska spr\u00e5ket - Talkpal","isPartOf":{"@id":"https:\/\/talkpal.ai\/sv\/#website"},"primaryImageOfPage":{"@id":"https:\/\/talkpal.ai\/sv\/vocabulary\/tidsrelaterad-ordforrad-pa-det-tjeckiska-spraket\/#primaryimage"},"image":{"@id":"https:\/\/talkpal.ai\/sv\/vocabulary\/tidsrelaterad-ordforrad-pa-det-tjeckiska-spraket\/#primaryimage"},"thumbnailUrl":"https:\/\/talkpal.ai\/wp-content\/uploads\/2025\/12\/student-taking-notes-to-learn-languages.webp","datePublished":"2024-06-29T22:38:30+00:00","description":"Att l\u00e4ra sig ett nytt spr\u00e5k inneb\u00e4r ofta att man m\u00e5ste f\u00f6rst\u00e5 och kunna anv\u00e4nda tidsrelaterade ord och uttryck. Dessa ord hj\u00e4lper oss att beskriva n\u00e4r en","breadcrumb":{"@id":"https:\/\/talkpal.ai\/sv\/vocabulary\/tidsrelaterad-ordforrad-pa-det-tjeckiska-spraket\/#breadcrumb"},"inLanguage":"sv-SE","potentialAction":[{"@type":"ReadAction","target":["https:\/\/talkpal.ai\/sv\/vocabulary\/tidsrelaterad-ordforrad-pa-det-tjeckiska-spraket\/"]}]},{"@type":"ImageObject","inLanguage":"sv-SE","@id":"https:\/\/talkpal.ai\/sv\/vocabulary\/tidsrelaterad-ordforrad-pa-det-tjeckiska-spraket\/#primaryimage","url":"https:\/\/talkpal.ai\/wp-content\/uploads\/2025\/12\/student-taking-notes-to-learn-languages.webp","contentUrl":"https:\/\/talkpal.ai\/wp-content\/uploads\/2025\/12\/student-taking-notes-to-learn-languages.webp","width":1200,"height":896,"caption":"A student with blonde hair writes in her notebook for learning languages at a school desk."},{"@type":"BreadcrumbList","@id":"https:\/\/talkpal.ai\/sv\/vocabulary\/tidsrelaterad-ordforrad-pa-det-tjeckiska-spraket\/#breadcrumb","itemListElement":[{"@type":"ListItem","position":1,"name":"Homepage","item":"https:\/\/talkpal.ai\/sv\/"},{"@type":"ListItem","position":2,"name":"Tidsrelaterad ordf\u00f6rr\u00e5d p\u00e5 det tjeckiska spr\u00e5ket"}]},{"@type":"WebSite","@id":"https:\/\/talkpal.ai\/sv\/#website","url":"https:\/\/talkpal.ai\/sv\/","name":"Talkpal","description":"AI Language Learning","publisher":{"@id":"https:\/\/talkpal.ai\/sv\/#organization"},"alternateName":"Talkpal AI","potentialAction":[{"@type":"SearchAction","target":{"@type":"EntryPoint","urlTemplate":"https:\/\/talkpal.ai\/sv\/?s={search_term_string}"},"query-input":{"@type":"PropertyValueSpecification","valueRequired":true,"valueName":"search_term_string"}}],"inLanguage":"sv-SE"},{"@type":"Organization","@id":"https:\/\/talkpal.ai\/sv\/#organization","name":"Talkpal, Inc.","alternateName":"Talkpal AI","url":"https:\/\/talkpal.ai\/sv\/","logo":{"@type":"ImageObject","inLanguage":"sv-SE","@id":"https:\/\/talkpal.ai\/sv\/#\/schema\/logo\/image\/","url":"https:\/\/talkpal.ai\/wp-content\/uploads\/2024\/03\/Talkpal-Logo-Icon.png","contentUrl":"https:\/\/talkpal.ai\/wp-content\/uploads\/2024\/03\/Talkpal-Logo-Icon.png","width":2880,"height":2880,"caption":"Talkpal, Inc."},"image":{"@id":"https:\/\/talkpal.ai\/sv\/#\/schema\/logo\/image\/"},"sameAs":["https:\/\/www.facebook.com\/profile.php?id=100090733639311","https:\/\/x.com\/talkpalai","https:\/\/www.linkedin.com\/company\/talkpal\/","https:\/\/www.youtube.com\/@TalkPal\/","https:\/\/www.tiktok.com\/@talkpal","https:\/\/www.instagram.com\/talkpal_ai\/","https:\/\/www.crunchbase.com\/organization\/talkpal-9cde","https:\/\/www.g2.com\/products\/talkpal-for-business\/","https:\/\/www.trustpilot.com\/review\/talkpal.ai","https:\/\/www.capterra.com\/p\/10006800\/TalkPal\/"],"description":"Talkpal is a language learning web and mobile education app, powered by the latest AI technologies, that provides engaging experiences to its customers in many different languages to help them improve their language skills. Users can chat about unlimited amount of topics with the app and use other modes to practice their language learning.","email":"support@talkpal.ai","legalName":"Talkpal, Inc.","foundingDate":"2023-04-03","duns":"118989042","numberOfEmployees":{"@type":"QuantitativeValue","minValue":"11","maxValue":"50"},"publishingPrinciples":"https:\/\/talkpal.ai\/publishing-principles\/","actionableFeedbackPolicy":"https:\/\/talkpal.ai\/actionable-feedback-policy\/","correctionsPolicy":"https:\/\/talkpal.ai\/corrections-policy\/","ethicsPolicy":"https:\/\/talkpal.ai\/ethics-policy\/","diversityPolicy":"https:\/\/talkpal.ai\/diversity-policy\/","diversityStaffingReport":"https:\/\/talkpal.ai\/diversity-policy\/"}]}},"_links":{"self":[{"href":"https:\/\/talkpal.ai\/sv\/wp-json\/wp\/v2\/vocabulary\/857612","targetHints":{"allow":["GET"]}}],"collection":[{"href":"https:\/\/talkpal.ai\/sv\/wp-json\/wp\/v2\/vocabulary"}],"about":[{"href":"https:\/\/talkpal.ai\/sv\/wp-json\/wp\/v2\/types\/vocabulary"}],"wp:featuredmedia":[{"embeddable":true,"href":"https:\/\/talkpal.ai\/sv\/wp-json\/wp\/v2\/media\/1527919"}],"wp:attachment":[{"href":"https:\/\/talkpal.ai\/sv\/wp-json\/wp\/v2\/media?parent=857612"}],"wp:term":[{"taxonomy":"vocabulary_language","embeddable":true,"href":"https:\/\/talkpal.ai\/sv\/wp-json\/wp\/v2\/vocabulary_language?post=857612"}],"curies":[{"name":"wp","href":"https:\/\/api.w.org\/{rel}","templated":true}]}}