{"id":857610,"date":"2024-06-29T22:38:16","date_gmt":"2024-06-29T22:38:16","guid":{"rendered":"https:\/\/talkpal.ai\/vocabulary\/tidsrelaterat-ordforrad-pa-det-bosniska-spraket\/"},"modified":"2024-06-29T22:38:16","modified_gmt":"2024-06-29T22:38:16","slug":"tidsrelaterat-ordforrad-pa-det-bosniska-spraket","status":"publish","type":"vocabulary","link":"https:\/\/talkpal.ai\/sv\/vocabulary\/tidsrelaterat-ordforrad-pa-det-bosniska-spraket\/","title":{"rendered":"Tidsrelaterat ordf\u00f6rr\u00e5d p\u00e5 det bosniska spr\u00e5ket"},"content":{"rendered":"<p>Att l\u00e4ra sig ett nytt spr\u00e5k \u00e4r alltid en utmaning, men samtidigt en mycket berikande upplevelse. En av de mest grundl\u00e4ggande aspekterna av <a href=\"https:\/\/talkpal.ai\/sv\/hur-lar-man-sig-ett-sprak-via-talkpal-chat\/\">spr\u00e5kinl\u00e4rning<\/a> \u00e4r att f\u00f6rst\u00e5 och anv\u00e4nda tidsrelaterat ordf\u00f6rr\u00e5d korrekt. I denna artikel kommer vi att fokusera p\u00e5 tidsrelaterat ordf\u00f6rr\u00e5d p\u00e5 det <a href=\"https:\/\/talkpal.ai\/learn-bosnian\/\">bosniska<\/a> spr\u00e5ket. Vi kommer att g\u00e5 igenom olika kategorier av tidsrelaterade ord och fraser, fr\u00e5n grundl\u00e4ggande tidpunkter till mer komplexa uttryck som anv\u00e4nds i vardagligt tal.<\/p>\n<h2>Grundl\u00e4ggande tidsrelaterade ord<\/h2>\n<p>Det f\u00f6rsta steget i att bem\u00e4stra tidsrelaterat ordf\u00f6rr\u00e5d p\u00e5 bosniska \u00e4r att l\u00e4ra sig de mest grundl\u00e4ggande orden och fraserna. H\u00e4r \u00e4r n\u00e5gra av de viktigaste:<\/p>\n<p>&#8211; <b>Danas<\/b> (idag)<br \/>\n&#8211; <b>Sutra<\/b> (imorgon)<br \/>\n&#8211; <b>Ju\u010der<\/b> (ig\u00e5r)<br \/>\n&#8211; <b>Sada<\/b> (nu)<br \/>\n&#8211; <b>Prije<\/b> (f\u00f6re)<br \/>\n&#8211; <b>Poslije<\/b> (efter)<\/p>\n<p>Dessa ord \u00e4r grundl\u00e4ggande byggstenar som hj\u00e4lper dig att konstruera meningar som beskriver tid.<\/p>\n<h3>Veckodagar<\/h3>\n<p>Att kunna veckodagarna \u00e4r ocks\u00e5 mycket viktigt. H\u00e4r \u00e4r en lista \u00f6ver veckodagarna p\u00e5 bosniska:<\/p>\n<p>&#8211; <b>Ponedjeljak<\/b> (m\u00e5ndag)<br \/>\n&#8211; <b>Utorak<\/b> (tisdag)<br \/>\n&#8211; <b>Srijeda<\/b> (onsdag)<br \/>\n&#8211; <b>\u010cetvrtak<\/b> (torsdag)<br \/>\n&#8211; <b>Petak<\/b> (fredag)<br \/>\n&#8211; <b>Subota<\/b> (l\u00f6rdag)<br \/>\n&#8211; <b>Nedjelja<\/b> (s\u00f6ndag)<\/p>\n<p>Att kunna dessa ord hj\u00e4lper dig att planera och diskutera scheman och aktiviteter.<\/p>\n<h3>M\u00e5nader<\/h3>\n<p>N\u00e4sta steg \u00e4r att l\u00e4ra sig m\u00e5naderna p\u00e5 \u00e5ret:<\/p>\n<p>&#8211; <b>Januar<\/b> (januari)<br \/>\n&#8211; <b>Februar<\/b> (februari)<br \/>\n&#8211; <b>Mart<\/b> (mars)<br \/>\n&#8211; <b>April<\/b> (april)<br \/>\n&#8211; <b>Maj<\/b> (maj)<br \/>\n&#8211; <b>Juni<\/b> (juni)<br \/>\n&#8211; <b>Juli<\/b> (juli)<br \/>\n&#8211; <b>Avgust<\/b> (augusti)<br \/>\n&#8211; <b>Septembar<\/b> (september)<br \/>\n&#8211; <b>Oktobar<\/b> (oktober)<br \/>\n&#8211; <b>Novembar<\/b> (november)<br \/>\n&#8211; <b>Decembar<\/b> (december)<\/p>\n<p>Dessa \u00e4r anv\u00e4ndbara n\u00e4r du diskuterar f\u00f6delsedagar, h\u00f6gtider och andra viktiga datum.<\/p>\n<h2>Komplexa tidsuttryck<\/h2>\n<p>F\u00f6rutom grundl\u00e4ggande tidsord \u00e4r det viktigt att kunna anv\u00e4nda mer komplexa tidsuttryck. Dessa uttryck kan hj\u00e4lpa dig att vara mer specifik och exakt i dina tidsangivelser.<\/p>\n<h3>Delar av dagen<\/h3>\n<p>Att kunna beskriva olika delar av dagen \u00e4r ocks\u00e5 viktigt:<\/p>\n<p>&#8211; <b>Jutro<\/b> (morgon)<br \/>\n&#8211; <b>Podne<\/b> (middag)<br \/>\n&#8211; <b>Poslijepodne<\/b> (eftermiddag)<br \/>\n&#8211; <b>Ve\u010de<\/b> (kv\u00e4ll)<br \/>\n&#8211; <b>No\u0107<\/b> (natt)<\/p>\n<p>Dessa ord hj\u00e4lper dig att skapa en mer detaljerad tidslinje i dina samtal.<\/p>\n<h3>Frekvens<\/h3>\n<p>F\u00f6r att diskutera hur ofta n\u00e5got h\u00e4nder kan dessa ord och fraser vara anv\u00e4ndbara:<\/p>\n<p>&#8211; <b>Uvijek<\/b> (alltid)<br \/>\n&#8211; <b>\u010cesto<\/b> (ofta)<br \/>\n&#8211; <b>Ponekad<\/b> (ibland)<br \/>\n&#8211; <b>Rijetko<\/b> (s\u00e4llan)<br \/>\n&#8211; <b>Nikada<\/b> (aldrig)<\/p>\n<p>Dessa frekvensord kan ge mer djup till dina samtal och g\u00f6ra dem mer intressanta.<\/p>\n<h3>Tidsuttryck med prepositioner<\/h3>\n<p>Prepositioner spelar en viktig roll i tidsuttryck. H\u00e4r \u00e4r n\u00e5gra <a href=\"https:\/\/talkpal.ai\/sv\/grammar\/vanliga-prepositioner-i-hollandsk-grammatik\/\">vanliga prepositioner<\/a> och hur de anv\u00e4nds:<\/p>\n<p>&#8211; <b>Prije<\/b> (f\u00f6re): &#8221;Prije dva dana&#8221; (f\u00f6r tv\u00e5 dagar sedan)<br \/>\n&#8211; <b>Poslije<\/b> (efter): &#8221;Poslije sastanka&#8221; (efter m\u00f6tet)<br \/>\n&#8211; <b>Za<\/b> (om): &#8221;Za <a href=\"https:\/\/talkpal.ai\/talkpal-discount-for-test-takers-e-g-toefl-ielts\/\">sat<\/a> vremena&#8221; (om en timme)<br \/>\n&#8211; <b>Od<\/b> (sedan): &#8221;Od jutra&#8221; (sedan morgonen)<br \/>\n&#8211; <b>Do<\/b> (till): &#8221;Do ve\u010deri&#8221; (till kv\u00e4llen)<\/p>\n<p>Att anv\u00e4nda dessa prepositioner korrekt kan hj\u00e4lpa dig att skapa mer precisa tidsangivelser.<\/p>\n<h2>Praktiska exempel och \u00f6vningar<\/h2>\n<p>F\u00f6r att verkligen bem\u00e4stra tidsrelaterat ordf\u00f6rr\u00e5d p\u00e5 bosniska \u00e4r det viktigt att \u00f6va. H\u00e4r \u00e4r n\u00e5gra praktiska exempel och \u00f6vningar som kan hj\u00e4lpa dig att f\u00f6rb\u00e4ttra din f\u00f6rst\u00e5else och anv\u00e4ndning av dessa ord och fraser.<\/p>\n<h3>Exempelmeningar<\/h3>\n<p>1. &#8221;Idem u \u0161kolu <b>svakog ponedjeljka<\/b>.&#8221; (Jag g\u00e5r till skolan varje m\u00e5ndag.)<br \/>\n2. &#8221;Moji prijatelji dolaze <b>sutra<\/b>.&#8221; (Mina v\u00e4nner kommer imorgon.)<br \/>\n3. &#8221;Bio sam tamo <b>ju\u010der<\/b>.&#8221; (Jag var d\u00e4r ig\u00e5r.)<br \/>\n4. &#8221;Radit \u0107u na projektu <b>do ve\u010deri<\/b>.&#8221; (Jag kommer att arbeta p\u00e5 projektet till kv\u00e4llen.)<br \/>\n5. &#8221;Sastanak je <b>poslije podne<\/b>.&#8221; (M\u00f6tet \u00e4r p\u00e5 eftermiddagen.)<\/p>\n<h3>\u00d6vningar<\/h3>\n<p>1. \u00d6vers\u00e4tt f\u00f6ljande meningar till bosniska:<br \/>\n   &#8211; Jag ska tr\u00e4ffa mina v\u00e4nner p\u00e5 l\u00f6rdag.<br \/>\n   &#8211; Vi \u00e5ker p\u00e5 semester i juni.<br \/>\n   &#8211; Hon kommer alltid f\u00f6r sent.<br \/>\n   &#8211; Kan vi tr\u00e4ffas om en timme?<br \/>\n   &#8211; Jag har inte sett honom sedan f\u00f6rra veckan.<\/p>\n<p>2. Fyll i r\u00e4tt tidsuttryck i meningarna:<br \/>\n   &#8211; ______ idem u teretanu. (Jag g\u00e5r alltid till gymmet.)<br \/>\n   &#8211; Vidimo se ______. (Vi ses imorgon.)<br \/>\n   &#8211; Bio sam na odmoru ______. (Jag var p\u00e5 semester f\u00f6rra m\u00e5naden.)<br \/>\n   &#8211; Sastanak je ______. (M\u00f6tet \u00e4r p\u00e5 morgonen.)<br \/>\n   &#8211; Zavr\u0161it \u0107emo zadatak ______. (Vi kommer att avsluta uppgiften till kv\u00e4llen.)<\/p>\n<h2>Kulturella aspekter av tid i Bosnien<\/h2>\n<p>Att f\u00f6rst\u00e5 kulturella aspekter av tid kan ocks\u00e5 vara mycket hj\u00e4lpsamt n\u00e4r man l\u00e4r sig ett nytt spr\u00e5k. I Bosnien kan tidsuppfattningen skilja sig n\u00e5got fr\u00e5n den i Sverige. H\u00e4r \u00e4r n\u00e5gra kulturella insikter som kan vara anv\u00e4ndbara:<\/p>\n<h3>Punktlighet<\/h3>\n<p>I Bosnien \u00e4r punktlighet inte alltid lika strikt som i Sverige. Det \u00e4r inte ovanligt att m\u00e4nniskor kommer n\u00e5gra minuter f\u00f6r sent till m\u00f6ten och sociala evenemang. Men det \u00e4r alltid en <a href=\"https:\/\/talkpal.ai\/locations\/learn-english-in-bra\/\">bra<\/a> id\u00e9 att f\u00f6rs\u00f6ka vara i tid, s\u00e4rskilt i formella sammanhang.<\/p>\n<h3>Sociala evenemang<\/h3>\n<p>Vid sociala evenemang som fester och familjesammankomster \u00e4r det ofta en mer avslappnad inst\u00e4llning till tid. Det \u00e4r inte ovanligt att g\u00e4ster kommer och g\u00e5r under hela evenemanget, och det f\u00f6rv\u00e4ntas att man stannar l\u00e4nge och umg\u00e5s.<\/p>\n<h3>Arbetstid<\/h3>\n<p>Arbetstider i Bosnien kan ocks\u00e5 skilja sig n\u00e5got fr\u00e5n <a href=\"https:\/\/talkpal.ai\/learn-swedish\/\">svenska<\/a> arbetstider. Det \u00e4r vanligt med en l\u00e4ngre lunchpaus mitt p\u00e5 dagen, och arbetsdagarna kan vara n\u00e5got l\u00e4ngre. Flexibilitet och anpassningsf\u00f6rm\u00e5ga \u00e4r nyckeln h\u00e4r.<\/p>\n<h2>Slutsats<\/h2>\n<p>Att l\u00e4ra sig tidsrelaterat ordf\u00f6rr\u00e5d p\u00e5 bosniska \u00e4r en viktig del av spr\u00e5kinl\u00e4rningen. Genom att f\u00f6rst\u00e5 och anv\u00e4nda dessa ord och fraser kan du f\u00f6rb\u00e4ttra din f\u00f6rm\u00e5ga att kommunicera effektivt och exakt. Kom ih\u00e5g att \u00f6va regelbundet och att inte vara r\u00e4dd f\u00f6r att g\u00f6ra misstag \u2013 det \u00e4r en naturlig del av inl\u00e4rningsprocessen. Med tid och t\u00e5lamod kommer du att bem\u00e4stra dessa viktiga spr\u00e5kelement och kunna anv\u00e4nda dem med sj\u00e4lvf\u00f6rtroende i dina dagliga samtal.<\/p>\n","protected":false},"featured_media":1529202,"template":"","vocabulary_language":[4177],"class_list":["post-857610","vocabulary","type-vocabulary","status-publish","has-post-thumbnail","hentry","vocabulary_language-bosniska"],"acf":[],"yoast_head":"<!-- This site is optimized with the Yoast SEO Premium plugin v27.2 (Yoast SEO v27.2) - https:\/\/yoast.com\/product\/yoast-seo-premium-wordpress\/ -->\n<title>Tidsrelaterat ordf\u00f6rr\u00e5d p\u00e5 det bosniska spr\u00e5ket - Talkpal<\/title>\n<meta name=\"description\" content=\"Att l\u00e4ra sig ett nytt spr\u00e5k \u00e4r alltid en utmaning, men samtidigt en mycket berikande upplevelse. En av de mest grundl\u00e4ggande aspekterna av spr\u00e5kinl\u00e4rning\" \/>\n<meta name=\"robots\" content=\"index, follow, max-snippet:-1, max-image-preview:large, max-video-preview:-1\" \/>\n<link rel=\"canonical\" href=\"https:\/\/talkpal.ai\/sv\/vocabulary\/tidsrelaterat-ordforrad-pa-det-bosniska-spraket\/\" \/>\n<meta property=\"og:locale\" content=\"sv_SE\" \/>\n<meta property=\"og:type\" content=\"article\" \/>\n<meta property=\"og:title\" content=\"Tidsrelaterat ordf\u00f6rr\u00e5d p\u00e5 det bosniska spr\u00e5ket\" \/>\n<meta property=\"og:description\" content=\"Att l\u00e4ra sig ett nytt spr\u00e5k \u00e4r alltid en utmaning, men samtidigt en mycket berikande upplevelse. En av de mest grundl\u00e4ggande aspekterna av spr\u00e5kinl\u00e4rning\" \/>\n<meta property=\"og:url\" content=\"https:\/\/talkpal.ai\/sv\/vocabulary\/tidsrelaterat-ordforrad-pa-det-bosniska-spraket\/\" \/>\n<meta property=\"og:site_name\" content=\"Talkpal\" \/>\n<meta property=\"article:publisher\" content=\"https:\/\/www.facebook.com\/profile.php?id=100090733639311\" \/>\n<meta property=\"og:image\" content=\"https:\/\/talkpal.ai\/wp-content\/uploads\/2024\/10\/talkpal_flat_illustration_of_a_employees_working_together_happi_c674ff77-e477-4e09-835a-01d30e561e99.png\" \/>\n\t<meta property=\"og:image:width\" content=\"1024\" \/>\n\t<meta property=\"og:image:height\" content=\"1024\" \/>\n\t<meta property=\"og:image:type\" content=\"image\/png\" \/>\n<meta name=\"twitter:card\" content=\"summary_large_image\" \/>\n<meta name=\"twitter:site\" content=\"@talkpalai\" \/>\n<meta name=\"twitter:label1\" content=\"Ber\u00e4knad l\u00e4stid\" \/>\n\t<meta name=\"twitter:data1\" content=\"5 minuter\" \/>\n<script type=\"application\/ld+json\" class=\"yoast-schema-graph\">{\"@context\":\"https:\/\/schema.org\",\"@graph\":[{\"@type\":\"WebPage\",\"@id\":\"https:\/\/talkpal.ai\/sv\/vocabulary\/tidsrelaterat-ordforrad-pa-det-bosniska-spraket\/\",\"url\":\"https:\/\/talkpal.ai\/sv\/vocabulary\/tidsrelaterat-ordforrad-pa-det-bosniska-spraket\/\",\"name\":\"Tidsrelaterat ordf\u00f6rr\u00e5d p\u00e5 det bosniska spr\u00e5ket - Talkpal\",\"isPartOf\":{\"@id\":\"https:\/\/talkpal.ai\/sv\/#website\"},\"primaryImageOfPage\":{\"@id\":\"https:\/\/talkpal.ai\/sv\/vocabulary\/tidsrelaterat-ordforrad-pa-det-bosniska-spraket\/#primaryimage\"},\"image\":{\"@id\":\"https:\/\/talkpal.ai\/sv\/vocabulary\/tidsrelaterat-ordforrad-pa-det-bosniska-spraket\/#primaryimage\"},\"thumbnailUrl\":\"https:\/\/talkpal.ai\/wp-content\/uploads\/2025\/12\/three-people-on-couch-learning-languages.webp\",\"datePublished\":\"2024-06-29T22:38:16+00:00\",\"description\":\"Att l\u00e4ra sig ett nytt spr\u00e5k \u00e4r alltid en utmaning, men samtidigt en mycket berikande upplevelse. En av de mest grundl\u00e4ggande aspekterna av spr\u00e5kinl\u00e4rning\",\"breadcrumb\":{\"@id\":\"https:\/\/talkpal.ai\/sv\/vocabulary\/tidsrelaterat-ordforrad-pa-det-bosniska-spraket\/#breadcrumb\"},\"inLanguage\":\"sv-SE\",\"potentialAction\":[{\"@type\":\"ReadAction\",\"target\":[\"https:\/\/talkpal.ai\/sv\/vocabulary\/tidsrelaterat-ordforrad-pa-det-bosniska-spraket\/\"]}]},{\"@type\":\"ImageObject\",\"inLanguage\":\"sv-SE\",\"@id\":\"https:\/\/talkpal.ai\/sv\/vocabulary\/tidsrelaterat-ordforrad-pa-det-bosniska-spraket\/#primaryimage\",\"url\":\"https:\/\/talkpal.ai\/wp-content\/uploads\/2025\/12\/three-people-on-couch-learning-languages.webp\",\"contentUrl\":\"https:\/\/talkpal.ai\/wp-content\/uploads\/2025\/12\/three-people-on-couch-learning-languages.webp\",\"width\":1200,\"height\":896,\"caption\":\"Three students sit on a brown couch with laptops and books for learning languages.\"},{\"@type\":\"BreadcrumbList\",\"@id\":\"https:\/\/talkpal.ai\/sv\/vocabulary\/tidsrelaterat-ordforrad-pa-det-bosniska-spraket\/#breadcrumb\",\"itemListElement\":[{\"@type\":\"ListItem\",\"position\":1,\"name\":\"Homepage\",\"item\":\"https:\/\/talkpal.ai\/sv\/\"},{\"@type\":\"ListItem\",\"position\":2,\"name\":\"Tidsrelaterat ordf\u00f6rr\u00e5d p\u00e5 det bosniska spr\u00e5ket\"}]},{\"@type\":\"WebSite\",\"@id\":\"https:\/\/talkpal.ai\/sv\/#website\",\"url\":\"https:\/\/talkpal.ai\/sv\/\",\"name\":\"Talkpal\",\"description\":\"AI Language Learning\",\"publisher\":{\"@id\":\"https:\/\/talkpal.ai\/sv\/#organization\"},\"alternateName\":\"Talkpal AI\",\"potentialAction\":[{\"@type\":\"SearchAction\",\"target\":{\"@type\":\"EntryPoint\",\"urlTemplate\":\"https:\/\/talkpal.ai\/sv\/?s={search_term_string}\"},\"query-input\":{\"@type\":\"PropertyValueSpecification\",\"valueRequired\":true,\"valueName\":\"search_term_string\"}}],\"inLanguage\":\"sv-SE\"},{\"@type\":\"Organization\",\"@id\":\"https:\/\/talkpal.ai\/sv\/#organization\",\"name\":\"Talkpal, Inc.\",\"alternateName\":\"Talkpal AI\",\"url\":\"https:\/\/talkpal.ai\/sv\/\",\"logo\":{\"@type\":\"ImageObject\",\"inLanguage\":\"sv-SE\",\"@id\":\"https:\/\/talkpal.ai\/sv\/#\/schema\/logo\/image\/\",\"url\":\"https:\/\/talkpal.ai\/wp-content\/uploads\/2024\/03\/Talkpal-Logo-Icon.png\",\"contentUrl\":\"https:\/\/talkpal.ai\/wp-content\/uploads\/2024\/03\/Talkpal-Logo-Icon.png\",\"width\":2880,\"height\":2880,\"caption\":\"Talkpal, Inc.\"},\"image\":{\"@id\":\"https:\/\/talkpal.ai\/sv\/#\/schema\/logo\/image\/\"},\"sameAs\":[\"https:\/\/www.facebook.com\/profile.php?id=100090733639311\",\"https:\/\/x.com\/talkpalai\",\"https:\/\/www.linkedin.com\/company\/talkpal\/\",\"https:\/\/www.youtube.com\/@TalkPal\/\",\"https:\/\/www.tiktok.com\/@talkpal\",\"https:\/\/www.instagram.com\/talkpal_ai\/\",\"https:\/\/www.crunchbase.com\/organization\/talkpal-9cde\",\"https:\/\/www.g2.com\/products\/talkpal-for-business\/\",\"https:\/\/www.trustpilot.com\/review\/talkpal.ai\",\"https:\/\/www.capterra.com\/p\/10006800\/TalkPal\/\"],\"description\":\"Talkpal is a language learning web and mobile education app, powered by the latest AI technologies, that provides engaging experiences to its customers in many different languages to help them improve their language skills. Users can chat about unlimited amount of topics with the app and use other modes to practice their language learning.\",\"email\":\"support@talkpal.ai\",\"legalName\":\"Talkpal, Inc.\",\"foundingDate\":\"2023-04-03\",\"duns\":\"118989042\",\"numberOfEmployees\":{\"@type\":\"QuantitativeValue\",\"minValue\":\"11\",\"maxValue\":\"50\"},\"publishingPrinciples\":\"https:\/\/talkpal.ai\/publishing-principles\/\",\"actionableFeedbackPolicy\":\"https:\/\/talkpal.ai\/actionable-feedback-policy\/\",\"correctionsPolicy\":\"https:\/\/talkpal.ai\/corrections-policy\/\",\"ethicsPolicy\":\"https:\/\/talkpal.ai\/ethics-policy\/\",\"diversityPolicy\":\"https:\/\/talkpal.ai\/diversity-policy\/\",\"diversityStaffingReport\":\"https:\/\/talkpal.ai\/diversity-policy\/\"}]}<\/script>\n<!-- \/ Yoast SEO Premium plugin. -->","yoast_head_json":{"title":"Tidsrelaterat ordf\u00f6rr\u00e5d p\u00e5 det bosniska spr\u00e5ket - Talkpal","description":"Att l\u00e4ra sig ett nytt spr\u00e5k \u00e4r alltid en utmaning, men samtidigt en mycket berikande upplevelse. En av de mest grundl\u00e4ggande aspekterna av spr\u00e5kinl\u00e4rning","robots":{"index":"index","follow":"follow","max-snippet":"max-snippet:-1","max-image-preview":"max-image-preview:large","max-video-preview":"max-video-preview:-1"},"canonical":"https:\/\/talkpal.ai\/sv\/vocabulary\/tidsrelaterat-ordforrad-pa-det-bosniska-spraket\/","og_locale":"sv_SE","og_type":"article","og_title":"Tidsrelaterat ordf\u00f6rr\u00e5d p\u00e5 det bosniska spr\u00e5ket","og_description":"Att l\u00e4ra sig ett nytt spr\u00e5k \u00e4r alltid en utmaning, men samtidigt en mycket berikande upplevelse. En av de mest grundl\u00e4ggande aspekterna av spr\u00e5kinl\u00e4rning","og_url":"https:\/\/talkpal.ai\/sv\/vocabulary\/tidsrelaterat-ordforrad-pa-det-bosniska-spraket\/","og_site_name":"Talkpal","article_publisher":"https:\/\/www.facebook.com\/profile.php?id=100090733639311","og_image":[{"width":1024,"height":1024,"url":"https:\/\/talkpal.ai\/wp-content\/uploads\/2024\/10\/talkpal_flat_illustration_of_a_employees_working_together_happi_c674ff77-e477-4e09-835a-01d30e561e99.png","type":"image\/png"}],"twitter_card":"summary_large_image","twitter_site":"@talkpalai","twitter_misc":{"Ber\u00e4knad l\u00e4stid":"5 minuter"},"schema":{"@context":"https:\/\/schema.org","@graph":[{"@type":"WebPage","@id":"https:\/\/talkpal.ai\/sv\/vocabulary\/tidsrelaterat-ordforrad-pa-det-bosniska-spraket\/","url":"https:\/\/talkpal.ai\/sv\/vocabulary\/tidsrelaterat-ordforrad-pa-det-bosniska-spraket\/","name":"Tidsrelaterat ordf\u00f6rr\u00e5d p\u00e5 det bosniska spr\u00e5ket - Talkpal","isPartOf":{"@id":"https:\/\/talkpal.ai\/sv\/#website"},"primaryImageOfPage":{"@id":"https:\/\/talkpal.ai\/sv\/vocabulary\/tidsrelaterat-ordforrad-pa-det-bosniska-spraket\/#primaryimage"},"image":{"@id":"https:\/\/talkpal.ai\/sv\/vocabulary\/tidsrelaterat-ordforrad-pa-det-bosniska-spraket\/#primaryimage"},"thumbnailUrl":"https:\/\/talkpal.ai\/wp-content\/uploads\/2025\/12\/three-people-on-couch-learning-languages.webp","datePublished":"2024-06-29T22:38:16+00:00","description":"Att l\u00e4ra sig ett nytt spr\u00e5k \u00e4r alltid en utmaning, men samtidigt en mycket berikande upplevelse. En av de mest grundl\u00e4ggande aspekterna av spr\u00e5kinl\u00e4rning","breadcrumb":{"@id":"https:\/\/talkpal.ai\/sv\/vocabulary\/tidsrelaterat-ordforrad-pa-det-bosniska-spraket\/#breadcrumb"},"inLanguage":"sv-SE","potentialAction":[{"@type":"ReadAction","target":["https:\/\/talkpal.ai\/sv\/vocabulary\/tidsrelaterat-ordforrad-pa-det-bosniska-spraket\/"]}]},{"@type":"ImageObject","inLanguage":"sv-SE","@id":"https:\/\/talkpal.ai\/sv\/vocabulary\/tidsrelaterat-ordforrad-pa-det-bosniska-spraket\/#primaryimage","url":"https:\/\/talkpal.ai\/wp-content\/uploads\/2025\/12\/three-people-on-couch-learning-languages.webp","contentUrl":"https:\/\/talkpal.ai\/wp-content\/uploads\/2025\/12\/three-people-on-couch-learning-languages.webp","width":1200,"height":896,"caption":"Three students sit on a brown couch with laptops and books for learning languages."},{"@type":"BreadcrumbList","@id":"https:\/\/talkpal.ai\/sv\/vocabulary\/tidsrelaterat-ordforrad-pa-det-bosniska-spraket\/#breadcrumb","itemListElement":[{"@type":"ListItem","position":1,"name":"Homepage","item":"https:\/\/talkpal.ai\/sv\/"},{"@type":"ListItem","position":2,"name":"Tidsrelaterat ordf\u00f6rr\u00e5d p\u00e5 det bosniska spr\u00e5ket"}]},{"@type":"WebSite","@id":"https:\/\/talkpal.ai\/sv\/#website","url":"https:\/\/talkpal.ai\/sv\/","name":"Talkpal","description":"AI Language Learning","publisher":{"@id":"https:\/\/talkpal.ai\/sv\/#organization"},"alternateName":"Talkpal AI","potentialAction":[{"@type":"SearchAction","target":{"@type":"EntryPoint","urlTemplate":"https:\/\/talkpal.ai\/sv\/?s={search_term_string}"},"query-input":{"@type":"PropertyValueSpecification","valueRequired":true,"valueName":"search_term_string"}}],"inLanguage":"sv-SE"},{"@type":"Organization","@id":"https:\/\/talkpal.ai\/sv\/#organization","name":"Talkpal, Inc.","alternateName":"Talkpal AI","url":"https:\/\/talkpal.ai\/sv\/","logo":{"@type":"ImageObject","inLanguage":"sv-SE","@id":"https:\/\/talkpal.ai\/sv\/#\/schema\/logo\/image\/","url":"https:\/\/talkpal.ai\/wp-content\/uploads\/2024\/03\/Talkpal-Logo-Icon.png","contentUrl":"https:\/\/talkpal.ai\/wp-content\/uploads\/2024\/03\/Talkpal-Logo-Icon.png","width":2880,"height":2880,"caption":"Talkpal, Inc."},"image":{"@id":"https:\/\/talkpal.ai\/sv\/#\/schema\/logo\/image\/"},"sameAs":["https:\/\/www.facebook.com\/profile.php?id=100090733639311","https:\/\/x.com\/talkpalai","https:\/\/www.linkedin.com\/company\/talkpal\/","https:\/\/www.youtube.com\/@TalkPal\/","https:\/\/www.tiktok.com\/@talkpal","https:\/\/www.instagram.com\/talkpal_ai\/","https:\/\/www.crunchbase.com\/organization\/talkpal-9cde","https:\/\/www.g2.com\/products\/talkpal-for-business\/","https:\/\/www.trustpilot.com\/review\/talkpal.ai","https:\/\/www.capterra.com\/p\/10006800\/TalkPal\/"],"description":"Talkpal is a language learning web and mobile education app, powered by the latest AI technologies, that provides engaging experiences to its customers in many different languages to help them improve their language skills. Users can chat about unlimited amount of topics with the app and use other modes to practice their language learning.","email":"support@talkpal.ai","legalName":"Talkpal, Inc.","foundingDate":"2023-04-03","duns":"118989042","numberOfEmployees":{"@type":"QuantitativeValue","minValue":"11","maxValue":"50"},"publishingPrinciples":"https:\/\/talkpal.ai\/publishing-principles\/","actionableFeedbackPolicy":"https:\/\/talkpal.ai\/actionable-feedback-policy\/","correctionsPolicy":"https:\/\/talkpal.ai\/corrections-policy\/","ethicsPolicy":"https:\/\/talkpal.ai\/ethics-policy\/","diversityPolicy":"https:\/\/talkpal.ai\/diversity-policy\/","diversityStaffingReport":"https:\/\/talkpal.ai\/diversity-policy\/"}]}},"_links":{"self":[{"href":"https:\/\/talkpal.ai\/sv\/wp-json\/wp\/v2\/vocabulary\/857610","targetHints":{"allow":["GET"]}}],"collection":[{"href":"https:\/\/talkpal.ai\/sv\/wp-json\/wp\/v2\/vocabulary"}],"about":[{"href":"https:\/\/talkpal.ai\/sv\/wp-json\/wp\/v2\/types\/vocabulary"}],"wp:featuredmedia":[{"embeddable":true,"href":"https:\/\/talkpal.ai\/sv\/wp-json\/wp\/v2\/media\/1529202"}],"wp:attachment":[{"href":"https:\/\/talkpal.ai\/sv\/wp-json\/wp\/v2\/media?parent=857610"}],"wp:term":[{"taxonomy":"vocabulary_language","embeddable":true,"href":"https:\/\/talkpal.ai\/sv\/wp-json\/wp\/v2\/vocabulary_language?post=857610"}],"curies":[{"name":"wp","href":"https:\/\/api.w.org\/{rel}","templated":true}]}}