{"id":857500,"date":"2024-06-29T22:28:58","date_gmt":"2024-06-29T22:28:58","guid":{"rendered":"https:\/\/talkpal.ai\/vocabulary\/akronymer-och-forkortningar-vokabular-pa-det-katalanska-spraket\/"},"modified":"2025-12-26T13:46:25","modified_gmt":"2025-12-26T13:46:25","slug":"akronymer-och-forkortningar-vokabular-pa-det-katalanska-spraket","status":"publish","type":"vocabulary","link":"https:\/\/talkpal.ai\/sv\/vocabulary\/akronymer-och-forkortningar-vokabular-pa-det-katalanska-spraket\/","title":{"rendered":"Akronymer och f\u00f6rkortningar vokabul\u00e4r p\u00e5 det katalanska spr\u00e5ket"},"content":{"rendered":"<p>Att l\u00e4ra sig ett nytt spr\u00e5k kan vara b\u00e5de sp\u00e4nnande och utmanande. En aspekt som ofta f\u00f6rbises men som kan vara mycket anv\u00e4ndbar \u00e4r att f\u00f6rst\u00e5 och anv\u00e4nda sig av akronymer och f\u00f6rkortningar. I denna artikel kommer vi att fokusera p\u00e5 akronymer och f\u00f6rkortningar i det <a href=\"https:\/\/talkpal.ai\/learn-catalan\/\">katalanska<\/a> spr\u00e5ket. <a href=\"https:\/\/talkpal.ai\/learn-catalan\/\">Katalanska<\/a>, ett romerskt spr\u00e5k som <a href=\"https:\/\/talkpal.ai\/locations\/language-courses-in-talas\/\">talas<\/a> i Katalonien, Balearerna, <a href=\"https:\/\/talkpal.ai\/locations\/language-courses-in-valencia\/\">Valencia<\/a> och delar av Aragonien samt Andorra, har sina egna unika s\u00e4tt att f\u00f6rkorta ord och fraser. Att l\u00e4ra sig dessa kan g\u00f6ra ditt spr\u00e5kbruk mer flytande och naturligt. <\/p>\n<h2>Vad \u00e4r akronymer och f\u00f6rkortningar?<\/h2>\n<p>Akronymer \u00e4r ord som bildas av initialerna i en fras eller ett namn. Till exempel, NATO \u00e4r en akronym f\u00f6r North Atlantic Treaty <a href=\"https:\/\/talkpal.ai\/talkpal-discount-for-cultural-organization-members\/\">Organization<\/a>. F\u00f6rkortningar, \u00e5 <a href=\"https:\/\/talkpal.ai\/culture\/what-does-a-andra-sidan-mean\/\">andra sidan<\/a>, \u00e4r kortare former av ord eller fraser som anv\u00e4nds f\u00f6r att spara tid och utrymme. B\u00e5da dessa spr\u00e5kfenomen \u00e4r vanliga i katalanska och anv\u00e4nds i b\u00e5de formella och informella sammanhang.<\/p>\n<h3>Vanliga akronymer p\u00e5 katalanska<\/h3>\n<p>1. <b>TV3<\/b> &#8211; Televisi\u00f3 de Catalunya<br \/>\n   TV3 \u00e4r en av de mest popul\u00e4ra TV-kanalerna i Katalonien. Denna akronym st\u00e5r f\u00f6r Televisi\u00f3 de Catalunya och anv\u00e4nds ofta i vardagligt tal.<\/p>\n<p>2. <b>UPC<\/b> &#8211; <a href=\"https:\/\/talkpal.ai\/mt\/skont-talkpal-ghall-istaff-tal-universita\/\">Universitat<\/a> Polit\u00e8cnica de Catalunya<br \/>\n   En av de mest prestigefyllda tekniska universiteten i Katalonien \u00e4r Universitat Polit\u00e8cnica de Catalunya, ofta f\u00f6rkortad till UPC.<\/p>\n<p>3. <b>FGC<\/b> &#8211; Ferrocarrils de la Generalitat de Catalunya<br \/>\n   FGC \u00e4r akronymen f\u00f6r det katalanska j\u00e4rnv\u00e4gsbolaget Ferrocarrils de la Generalitat de Catalunya, som erbjuder b\u00e5de pendelt\u00e5g och tunnelbanetj\u00e4nster.<\/p>\n<p>4. <b>CUP<\/b> &#8211; Candidatura d&#8217;Unitat Popular<br \/>\n   CUP \u00e4r en politisk akronym som st\u00e5r f\u00f6r Candidatura d&#8217;Unitat Popular, ett v\u00e4nsterorienterat politiskt parti i Katalonien.<\/p>\n<p>5. <b>ANC<\/b> &#8211; Assemblea Nacional Catalana<br \/>\n   ANC st\u00e5r f\u00f6r Assemblea Nacional Catalana, en <a href=\"https:\/\/talkpal.ai\/talkpal-discount-for-cultural-organization-members\/\">organisation<\/a> som arbetar f\u00f6r Kataloniens sj\u00e4lvst\u00e4ndighet.<\/p>\n<h3>Vanliga f\u00f6rkortningar p\u00e5 katalanska<\/h3>\n<p>1. <b>Sr. och Sra.<\/b> &#8211; Senyor och Senyora<br \/>\n   Dessa f\u00f6rkortningar motsvarar svenskans Herr och Fru och anv\u00e4nds f\u00f6r att adressera personer p\u00e5 ett respektfullt s\u00e4tt.<\/p>\n<p>2. <b>c\/<\/b> &#8211; Carrer<br \/>\n   F\u00f6rkortningen c\/ anv\u00e4nds f\u00f6r att ange en gata i en adress. Till exempel, c\/ Balmes betyder Balmesgatan.<\/p>\n<p>3. <b>Av.<\/b> &#8211; Avinguda<br \/>\n   Av. \u00e4r f\u00f6rkortningen f\u00f6r Avinguda, vilket betyder aveny. Exempelvis, Av. Diagonal.<\/p>\n<p>4. <b>NIF<\/b> &#8211; N\u00famero d&#8217;Identificaci\u00f3 Fiscal<br \/>\n   NIF \u00e4r en viktig f\u00f6rkortning i Katalonien och anv\u00e4nds f\u00f6r att beteckna skatteidentifikationsnummer.<\/p>\n<p>5. <b>pg.<\/b> &#8211; Passeig<br \/>\n   F\u00f6rkortningen pg. anv\u00e4nds f\u00f6r att beteckna en promenadstr\u00e5k eller boulevard, som i pg. de Gr\u00e0cia.<\/p>\n<h2>Branschspecificerade akronymer och f\u00f6rkortningar<\/h2>\n<p>Precis som i andra spr\u00e5k finns det m\u00e5nga akronymer och f\u00f6rkortningar som \u00e4r specifika f\u00f6r olika branscher och omr\u00e5den i Katalonien. H\u00e4r \u00e4r n\u00e5gra exempel fr\u00e5n olika sektorer:<\/p>\n<h3>Medicinsk terminologi<\/h3>\n<p>1. <b>CAP<\/b> &#8211; Centre d&#8217;Atenci\u00f3 Prim\u00e0ria<br \/>\n   CAP st\u00e5r f\u00f6r Centre d&#8217;Atenci\u00f3 Prim\u00e0ria, vilket \u00e4r den katalanska motsvarigheten till en v\u00e5rdcentral.<\/p>\n<p>2. <b>ICU<\/b> &#8211; Unitat de Cures Intensives<br \/>\n   F\u00f6rkortningen ICU st\u00e5r f\u00f6r Unitat de Cures Intensives, vilket \u00e4r intensivv\u00e5rdsavdelningen p\u00e5 ett sjukhus.<\/p>\n<p>3. <b>MRI<\/b> &#8211; Imatge per Resson\u00e0ncia Magn\u00e8tica<br \/>\n   MRI \u00e4r en akronym f\u00f6r Imatge per Resson\u00e0ncia Magn\u00e8tica, vilket \u00e4r en magnetisk resonanstomografi.<\/p>\n<h3>Utbildning<\/h3>\n<p>1. <b>ESO<\/b> &#8211; Educaci\u00f3 Secund\u00e0ria Obligat\u00f2ria<br \/>\n   ESO st\u00e5r f\u00f6r Educaci\u00f3 Secund\u00e0ria Obligat\u00f2ria, vilket motsvarar den obligatoriska grundskolan i Katalonien.<\/p>\n<p>2. <b>UB<\/b> &#8211; Universitat de Barcelona<br \/>\n   UB \u00e4r f\u00f6rkortningen f\u00f6r Universitat de Barcelona, ett av de st\u00f6rsta och mest prestigefyllda universiteten i Katalonien.<\/p>\n<p>3. <b>EGB<\/b> &#8211; Educaci\u00f3 General B\u00e0sica<br \/>\n   EGB st\u00e5r f\u00f6r Educaci\u00f3 General B\u00e0sica, vilket var den grundl\u00e4ggande utbildningen innan den nuvarande ESO inf\u00f6rdes.<\/p>\n<h3>Teknologi och IT<\/h3>\n<p>1. <b>IT<\/b> &#8211; Tecnologia de la Informaci\u00f3<br \/>\n   IT st\u00e5r f\u00f6r Tecnologia de la Informaci\u00f3, vilket \u00e4r den katalanska termen f\u00f6r informationsteknologi.<\/p>\n<p>2. <b>VPN<\/b> &#8211; Xarxa Privada Virtual<br \/>\n   VPN \u00e4r en akronym f\u00f6r Xarxa Privada Virtual, vilket \u00e4r en virtuell privat n\u00e4tverk.<\/p>\n<p>3. <b>AI<\/b> &#8211; Intel\u00b7lig\u00e8ncia Artificial<br \/>\n   AI st\u00e5r f\u00f6r Intel\u00b7lig\u00e8ncia Artificial, vilket \u00e4r den katalanska termen f\u00f6r artificiell intelligens.<\/p>\n<h2>Sociala medier och informell kommunikation<\/h2>\n<p>Precis som i andra spr\u00e5k finns det m\u00e5nga f\u00f6rkortningar och akronymer som anv\u00e4nds i informell kommunikation, s\u00e4rskilt p\u00e5 sociala medier. H\u00e4r \u00e4r n\u00e5gra exempel:<\/p>\n<p>1. <b>PT<\/b> &#8211; Per Tant<br \/>\n   PT \u00e4r en f\u00f6rkortning f\u00f6r Per Tant, vilket betyder &#8221;d\u00e4rf\u00f6r&#8221; eller &#8221;s\u00e5ledes&#8221;.<\/p>\n<p>2. <b>TB<\/b> &#8211; Tamb\u00e9<br \/>\n   TB st\u00e5r f\u00f6r Tamb\u00e9, vilket betyder &#8221;ocks\u00e5&#8221;.<\/p>\n<p>3. <b>K<\/b> &#8211; Qu\u00e8<br \/>\n   I informella sammanhang och p\u00e5 sociala medier anv\u00e4nds ofta bokstaven K f\u00f6r att f\u00f6rkorta ordet Qu\u00e8, vilket betyder &#8221;vad&#8221;.<\/p>\n<p>4. <b>X<\/b> &#8211; Per<br \/>\n   Bokstaven X anv\u00e4nds ofta f\u00f6r att f\u00f6rkorta ordet Per, vilket betyder &#8221;f\u00f6r&#8221; eller &#8221;genom&#8221;.<\/p>\n<p>5. <b>TQM<\/b> &#8211; T&#8217;estimo molt<br \/>\n   TQM \u00e4r en popul\u00e4r akronym som st\u00e5r f\u00f6r T&#8217;estimo molt, vilket betyder &#8221;jag \u00e4lskar dig mycket&#8221;.<\/p>\n<h2>Tips f\u00f6r att l\u00e4ra sig akronymer och f\u00f6rkortningar<\/h2>\n<p>Att l\u00e4ra sig och komma ih\u00e5g akronymer och f\u00f6rkortningar kan vara en utmaning, men h\u00e4r \u00e4r n\u00e5gra tips som kan hj\u00e4lpa:<\/p>\n<p>1. <b>Anv\u00e4nd flashcards<\/b>: Skriv ner akronymer och f\u00f6rkortningar p\u00e5 ena sidan av ett kort och deras betydelser p\u00e5 den andra sidan. Detta kan vara ett effektivt s\u00e4tt att memorera dem.<\/p>\n<p>2. <b>Skapa meningar<\/b>: F\u00f6rs\u00f6k att anv\u00e4nda akronymer och f\u00f6rkortningar i meningar. Detta kan hj\u00e4lpa dig att f\u00f6rst\u00e5 hur de anv\u00e4nds i verkliga sammanhang.<\/p>\n<p>3. <b>L\u00e4s mycket<\/b>: Ju mer du l\u00e4ser p\u00e5 katalanska, desto fler akronymer och f\u00f6rkortningar kommer du att st\u00f6ta p\u00e5. Detta kan hj\u00e4lpa dig att bli mer bekant med dem.<\/p>\n<p>4. <b>Anv\u00e4nd appar<\/b>: Det finns m\u00e5nga appar som kan hj\u00e4lpa dig att l\u00e4ra dig nya ord och fraser, inklusive akronymer och f\u00f6rkortningar.<\/p>\n<p>5. <b>\u00d6va med en v\u00e4n<\/b>: Om du har en v\u00e4n som ocks\u00e5 l\u00e4r sig katalanska, kan ni \u00f6va tillsammans genom att anv\u00e4nda akronymer och f\u00f6rkortningar i era konversationer.<\/p>\n<h2>Slutsats<\/h2>\n<p>Akronymer och f\u00f6rkortningar \u00e4r en viktig del av det katalanska spr\u00e5ket och att beh\u00e4rska dem kan hj\u00e4lpa dig att bli mer flytande och naturlig i ditt spr\u00e5kbruk. Genom att f\u00f6rst\u00e5 och anv\u00e4nda dessa spr\u00e5kliga verktyg kan du ocks\u00e5 f\u00e5 en djupare f\u00f6rst\u00e5else f\u00f6r kulturen och samh\u00e4llet i Katalonien. S\u00e5 n\u00e4sta g\u00e5ng du ser en akronym eller f\u00f6rkortning p\u00e5 katalanska, ta dig tid att l\u00e4ra dig vad den betyder \u2013 det kommer att vara v\u00e4rt besv\u00e4ret!<\/p>\n","protected":false},"featured_media":1528078,"template":"","vocabulary_language":[4179],"class_list":["post-857500","vocabulary","type-vocabulary","status-publish","has-post-thumbnail","hentry","vocabulary_language-katalanska"],"acf":[],"yoast_head":"<!-- This site is optimized with the Yoast SEO Premium plugin v27.2 (Yoast SEO v27.2) - https:\/\/yoast.com\/product\/yoast-seo-premium-wordpress\/ -->\n<title>Akronymer och f\u00f6rkortningar vokabul\u00e4r p\u00e5 det katalanska spr\u00e5ket - Talkpal<\/title>\n<meta name=\"description\" content=\"Att l\u00e4ra sig ett nytt spr\u00e5k kan vara b\u00e5de sp\u00e4nnande och utmanande. En aspekt som ofta f\u00f6rbises men som kan vara mycket anv\u00e4ndbar \u00e4r att f\u00f6rst\u00e5 och anv\u00e4nda\" \/>\n<meta name=\"robots\" content=\"index, follow, max-snippet:-1, max-image-preview:large, max-video-preview:-1\" \/>\n<link rel=\"canonical\" href=\"https:\/\/talkpal.ai\/sv\/vocabulary\/akronymer-och-forkortningar-vokabular-pa-det-katalanska-spraket\/\" \/>\n<meta property=\"og:locale\" content=\"sv_SE\" \/>\n<meta property=\"og:type\" content=\"article\" \/>\n<meta property=\"og:title\" content=\"Akronymer och f\u00f6rkortningar vokabul\u00e4r p\u00e5 det katalanska spr\u00e5ket\" \/>\n<meta property=\"og:description\" content=\"Att l\u00e4ra sig ett nytt spr\u00e5k kan vara b\u00e5de sp\u00e4nnande och utmanande. En aspekt som ofta f\u00f6rbises men som kan vara mycket anv\u00e4ndbar \u00e4r att f\u00f6rst\u00e5 och anv\u00e4nda\" \/>\n<meta property=\"og:url\" content=\"https:\/\/talkpal.ai\/sv\/vocabulary\/akronymer-och-forkortningar-vokabular-pa-det-katalanska-spraket\/\" \/>\n<meta property=\"og:site_name\" content=\"Talkpal\" \/>\n<meta property=\"article:publisher\" content=\"https:\/\/www.facebook.com\/profile.php?id=100090733639311\" \/>\n<meta property=\"article:modified_time\" content=\"2025-12-26T13:46:25+00:00\" \/>\n<meta property=\"og:image\" content=\"https:\/\/talkpal.ai\/wp-content\/uploads\/2024\/10\/talkpal_flat_illustration_of_a_employees_working_together_happi_c674ff77-e477-4e09-835a-01d30e561e99.png\" \/>\n\t<meta property=\"og:image:width\" content=\"1024\" \/>\n\t<meta property=\"og:image:height\" content=\"1024\" \/>\n\t<meta property=\"og:image:type\" content=\"image\/png\" \/>\n<meta name=\"twitter:card\" content=\"summary_large_image\" \/>\n<meta name=\"twitter:site\" content=\"@talkpalai\" \/>\n<meta name=\"twitter:label1\" content=\"Ber\u00e4knad l\u00e4stid\" \/>\n\t<meta name=\"twitter:data1\" content=\"6 minuter\" \/>\n<script type=\"application\/ld+json\" class=\"yoast-schema-graph\">{\"@context\":\"https:\/\/schema.org\",\"@graph\":[{\"@type\":\"WebPage\",\"@id\":\"https:\/\/talkpal.ai\/sv\/vocabulary\/akronymer-och-forkortningar-vokabular-pa-det-katalanska-spraket\/\",\"url\":\"https:\/\/talkpal.ai\/sv\/vocabulary\/akronymer-och-forkortningar-vokabular-pa-det-katalanska-spraket\/\",\"name\":\"Akronymer och f\u00f6rkortningar vokabul\u00e4r p\u00e5 det katalanska spr\u00e5ket - Talkpal\",\"isPartOf\":{\"@id\":\"https:\/\/talkpal.ai\/sv\/#website\"},\"primaryImageOfPage\":{\"@id\":\"https:\/\/talkpal.ai\/sv\/vocabulary\/akronymer-och-forkortningar-vokabular-pa-det-katalanska-spraket\/#primaryimage\"},\"image\":{\"@id\":\"https:\/\/talkpal.ai\/sv\/vocabulary\/akronymer-och-forkortningar-vokabular-pa-det-katalanska-spraket\/#primaryimage\"},\"thumbnailUrl\":\"https:\/\/talkpal.ai\/wp-content\/uploads\/2025\/12\/woman-at-cafe-learning-languages-sunset.webp\",\"datePublished\":\"2024-06-29T22:28:58+00:00\",\"dateModified\":\"2025-12-26T13:46:25+00:00\",\"description\":\"Att l\u00e4ra sig ett nytt spr\u00e5k kan vara b\u00e5de sp\u00e4nnande och utmanande. En aspekt som ofta f\u00f6rbises men som kan vara mycket anv\u00e4ndbar \u00e4r att f\u00f6rst\u00e5 och anv\u00e4nda\",\"breadcrumb\":{\"@id\":\"https:\/\/talkpal.ai\/sv\/vocabulary\/akronymer-och-forkortningar-vokabular-pa-det-katalanska-spraket\/#breadcrumb\"},\"inLanguage\":\"sv-SE\",\"potentialAction\":[{\"@type\":\"ReadAction\",\"target\":[\"https:\/\/talkpal.ai\/sv\/vocabulary\/akronymer-och-forkortningar-vokabular-pa-det-katalanska-spraket\/\"]}]},{\"@type\":\"ImageObject\",\"inLanguage\":\"sv-SE\",\"@id\":\"https:\/\/talkpal.ai\/sv\/vocabulary\/akronymer-och-forkortningar-vokabular-pa-det-katalanska-spraket\/#primaryimage\",\"url\":\"https:\/\/talkpal.ai\/wp-content\/uploads\/2025\/12\/woman-at-cafe-learning-languages-sunset.webp\",\"contentUrl\":\"https:\/\/talkpal.ai\/wp-content\/uploads\/2025\/12\/woman-at-cafe-learning-languages-sunset.webp\",\"width\":1200,\"height\":896,\"caption\":\"A student wears headphones and takes notes while learning languages at a cafe during sunset.\"},{\"@type\":\"BreadcrumbList\",\"@id\":\"https:\/\/talkpal.ai\/sv\/vocabulary\/akronymer-och-forkortningar-vokabular-pa-det-katalanska-spraket\/#breadcrumb\",\"itemListElement\":[{\"@type\":\"ListItem\",\"position\":1,\"name\":\"Homepage\",\"item\":\"https:\/\/talkpal.ai\/sv\/\"},{\"@type\":\"ListItem\",\"position\":2,\"name\":\"Akronymer och f\u00f6rkortningar vokabul\u00e4r p\u00e5 det katalanska spr\u00e5ket\"}]},{\"@type\":\"WebSite\",\"@id\":\"https:\/\/talkpal.ai\/sv\/#website\",\"url\":\"https:\/\/talkpal.ai\/sv\/\",\"name\":\"Talkpal\",\"description\":\"AI Language Learning\",\"publisher\":{\"@id\":\"https:\/\/talkpal.ai\/sv\/#organization\"},\"alternateName\":\"Talkpal AI\",\"potentialAction\":[{\"@type\":\"SearchAction\",\"target\":{\"@type\":\"EntryPoint\",\"urlTemplate\":\"https:\/\/talkpal.ai\/sv\/?s={search_term_string}\"},\"query-input\":{\"@type\":\"PropertyValueSpecification\",\"valueRequired\":true,\"valueName\":\"search_term_string\"}}],\"inLanguage\":\"sv-SE\"},{\"@type\":\"Organization\",\"@id\":\"https:\/\/talkpal.ai\/sv\/#organization\",\"name\":\"Talkpal, Inc.\",\"alternateName\":\"Talkpal AI\",\"url\":\"https:\/\/talkpal.ai\/sv\/\",\"logo\":{\"@type\":\"ImageObject\",\"inLanguage\":\"sv-SE\",\"@id\":\"https:\/\/talkpal.ai\/sv\/#\/schema\/logo\/image\/\",\"url\":\"https:\/\/talkpal.ai\/wp-content\/uploads\/2024\/03\/Talkpal-Logo-Icon.png\",\"contentUrl\":\"https:\/\/talkpal.ai\/wp-content\/uploads\/2024\/03\/Talkpal-Logo-Icon.png\",\"width\":2880,\"height\":2880,\"caption\":\"Talkpal, Inc.\"},\"image\":{\"@id\":\"https:\/\/talkpal.ai\/sv\/#\/schema\/logo\/image\/\"},\"sameAs\":[\"https:\/\/www.facebook.com\/profile.php?id=100090733639311\",\"https:\/\/x.com\/talkpalai\",\"https:\/\/www.linkedin.com\/company\/talkpal\/\",\"https:\/\/www.youtube.com\/@TalkPal\/\",\"https:\/\/www.tiktok.com\/@talkpal\",\"https:\/\/www.instagram.com\/talkpal_ai\/\",\"https:\/\/www.crunchbase.com\/organization\/talkpal-9cde\",\"https:\/\/www.g2.com\/products\/talkpal-for-business\/\",\"https:\/\/www.trustpilot.com\/review\/talkpal.ai\",\"https:\/\/www.capterra.com\/p\/10006800\/TalkPal\/\"],\"description\":\"Talkpal is a language learning web and mobile education app, powered by the latest AI technologies, that provides engaging experiences to its customers in many different languages to help them improve their language skills. Users can chat about unlimited amount of topics with the app and use other modes to practice their language learning.\",\"email\":\"support@talkpal.ai\",\"legalName\":\"Talkpal, Inc.\",\"foundingDate\":\"2023-04-03\",\"duns\":\"118989042\",\"numberOfEmployees\":{\"@type\":\"QuantitativeValue\",\"minValue\":\"11\",\"maxValue\":\"50\"},\"publishingPrinciples\":\"https:\/\/talkpal.ai\/publishing-principles\/\",\"actionableFeedbackPolicy\":\"https:\/\/talkpal.ai\/actionable-feedback-policy\/\",\"correctionsPolicy\":\"https:\/\/talkpal.ai\/corrections-policy\/\",\"ethicsPolicy\":\"https:\/\/talkpal.ai\/ethics-policy\/\",\"diversityPolicy\":\"https:\/\/talkpal.ai\/diversity-policy\/\",\"diversityStaffingReport\":\"https:\/\/talkpal.ai\/diversity-policy\/\"}]}<\/script>\n<!-- \/ Yoast SEO Premium plugin. -->","yoast_head_json":{"title":"Akronymer och f\u00f6rkortningar vokabul\u00e4r p\u00e5 det katalanska spr\u00e5ket - Talkpal","description":"Att l\u00e4ra sig ett nytt spr\u00e5k kan vara b\u00e5de sp\u00e4nnande och utmanande. En aspekt som ofta f\u00f6rbises men som kan vara mycket anv\u00e4ndbar \u00e4r att f\u00f6rst\u00e5 och anv\u00e4nda","robots":{"index":"index","follow":"follow","max-snippet":"max-snippet:-1","max-image-preview":"max-image-preview:large","max-video-preview":"max-video-preview:-1"},"canonical":"https:\/\/talkpal.ai\/sv\/vocabulary\/akronymer-och-forkortningar-vokabular-pa-det-katalanska-spraket\/","og_locale":"sv_SE","og_type":"article","og_title":"Akronymer och f\u00f6rkortningar vokabul\u00e4r p\u00e5 det katalanska spr\u00e5ket","og_description":"Att l\u00e4ra sig ett nytt spr\u00e5k kan vara b\u00e5de sp\u00e4nnande och utmanande. En aspekt som ofta f\u00f6rbises men som kan vara mycket anv\u00e4ndbar \u00e4r att f\u00f6rst\u00e5 och anv\u00e4nda","og_url":"https:\/\/talkpal.ai\/sv\/vocabulary\/akronymer-och-forkortningar-vokabular-pa-det-katalanska-spraket\/","og_site_name":"Talkpal","article_publisher":"https:\/\/www.facebook.com\/profile.php?id=100090733639311","article_modified_time":"2025-12-26T13:46:25+00:00","og_image":[{"width":1024,"height":1024,"url":"https:\/\/talkpal.ai\/wp-content\/uploads\/2024\/10\/talkpal_flat_illustration_of_a_employees_working_together_happi_c674ff77-e477-4e09-835a-01d30e561e99.png","type":"image\/png"}],"twitter_card":"summary_large_image","twitter_site":"@talkpalai","twitter_misc":{"Ber\u00e4knad l\u00e4stid":"6 minuter"},"schema":{"@context":"https:\/\/schema.org","@graph":[{"@type":"WebPage","@id":"https:\/\/talkpal.ai\/sv\/vocabulary\/akronymer-och-forkortningar-vokabular-pa-det-katalanska-spraket\/","url":"https:\/\/talkpal.ai\/sv\/vocabulary\/akronymer-och-forkortningar-vokabular-pa-det-katalanska-spraket\/","name":"Akronymer och f\u00f6rkortningar vokabul\u00e4r p\u00e5 det katalanska spr\u00e5ket - Talkpal","isPartOf":{"@id":"https:\/\/talkpal.ai\/sv\/#website"},"primaryImageOfPage":{"@id":"https:\/\/talkpal.ai\/sv\/vocabulary\/akronymer-och-forkortningar-vokabular-pa-det-katalanska-spraket\/#primaryimage"},"image":{"@id":"https:\/\/talkpal.ai\/sv\/vocabulary\/akronymer-och-forkortningar-vokabular-pa-det-katalanska-spraket\/#primaryimage"},"thumbnailUrl":"https:\/\/talkpal.ai\/wp-content\/uploads\/2025\/12\/woman-at-cafe-learning-languages-sunset.webp","datePublished":"2024-06-29T22:28:58+00:00","dateModified":"2025-12-26T13:46:25+00:00","description":"Att l\u00e4ra sig ett nytt spr\u00e5k kan vara b\u00e5de sp\u00e4nnande och utmanande. En aspekt som ofta f\u00f6rbises men som kan vara mycket anv\u00e4ndbar \u00e4r att f\u00f6rst\u00e5 och anv\u00e4nda","breadcrumb":{"@id":"https:\/\/talkpal.ai\/sv\/vocabulary\/akronymer-och-forkortningar-vokabular-pa-det-katalanska-spraket\/#breadcrumb"},"inLanguage":"sv-SE","potentialAction":[{"@type":"ReadAction","target":["https:\/\/talkpal.ai\/sv\/vocabulary\/akronymer-och-forkortningar-vokabular-pa-det-katalanska-spraket\/"]}]},{"@type":"ImageObject","inLanguage":"sv-SE","@id":"https:\/\/talkpal.ai\/sv\/vocabulary\/akronymer-och-forkortningar-vokabular-pa-det-katalanska-spraket\/#primaryimage","url":"https:\/\/talkpal.ai\/wp-content\/uploads\/2025\/12\/woman-at-cafe-learning-languages-sunset.webp","contentUrl":"https:\/\/talkpal.ai\/wp-content\/uploads\/2025\/12\/woman-at-cafe-learning-languages-sunset.webp","width":1200,"height":896,"caption":"A student wears headphones and takes notes while learning languages at a cafe during sunset."},{"@type":"BreadcrumbList","@id":"https:\/\/talkpal.ai\/sv\/vocabulary\/akronymer-och-forkortningar-vokabular-pa-det-katalanska-spraket\/#breadcrumb","itemListElement":[{"@type":"ListItem","position":1,"name":"Homepage","item":"https:\/\/talkpal.ai\/sv\/"},{"@type":"ListItem","position":2,"name":"Akronymer och f\u00f6rkortningar vokabul\u00e4r p\u00e5 det katalanska spr\u00e5ket"}]},{"@type":"WebSite","@id":"https:\/\/talkpal.ai\/sv\/#website","url":"https:\/\/talkpal.ai\/sv\/","name":"Talkpal","description":"AI Language Learning","publisher":{"@id":"https:\/\/talkpal.ai\/sv\/#organization"},"alternateName":"Talkpal AI","potentialAction":[{"@type":"SearchAction","target":{"@type":"EntryPoint","urlTemplate":"https:\/\/talkpal.ai\/sv\/?s={search_term_string}"},"query-input":{"@type":"PropertyValueSpecification","valueRequired":true,"valueName":"search_term_string"}}],"inLanguage":"sv-SE"},{"@type":"Organization","@id":"https:\/\/talkpal.ai\/sv\/#organization","name":"Talkpal, Inc.","alternateName":"Talkpal AI","url":"https:\/\/talkpal.ai\/sv\/","logo":{"@type":"ImageObject","inLanguage":"sv-SE","@id":"https:\/\/talkpal.ai\/sv\/#\/schema\/logo\/image\/","url":"https:\/\/talkpal.ai\/wp-content\/uploads\/2024\/03\/Talkpal-Logo-Icon.png","contentUrl":"https:\/\/talkpal.ai\/wp-content\/uploads\/2024\/03\/Talkpal-Logo-Icon.png","width":2880,"height":2880,"caption":"Talkpal, Inc."},"image":{"@id":"https:\/\/talkpal.ai\/sv\/#\/schema\/logo\/image\/"},"sameAs":["https:\/\/www.facebook.com\/profile.php?id=100090733639311","https:\/\/x.com\/talkpalai","https:\/\/www.linkedin.com\/company\/talkpal\/","https:\/\/www.youtube.com\/@TalkPal\/","https:\/\/www.tiktok.com\/@talkpal","https:\/\/www.instagram.com\/talkpal_ai\/","https:\/\/www.crunchbase.com\/organization\/talkpal-9cde","https:\/\/www.g2.com\/products\/talkpal-for-business\/","https:\/\/www.trustpilot.com\/review\/talkpal.ai","https:\/\/www.capterra.com\/p\/10006800\/TalkPal\/"],"description":"Talkpal is a language learning web and mobile education app, powered by the latest AI technologies, that provides engaging experiences to its customers in many different languages to help them improve their language skills. Users can chat about unlimited amount of topics with the app and use other modes to practice their language learning.","email":"support@talkpal.ai","legalName":"Talkpal, Inc.","foundingDate":"2023-04-03","duns":"118989042","numberOfEmployees":{"@type":"QuantitativeValue","minValue":"11","maxValue":"50"},"publishingPrinciples":"https:\/\/talkpal.ai\/publishing-principles\/","actionableFeedbackPolicy":"https:\/\/talkpal.ai\/actionable-feedback-policy\/","correctionsPolicy":"https:\/\/talkpal.ai\/corrections-policy\/","ethicsPolicy":"https:\/\/talkpal.ai\/ethics-policy\/","diversityPolicy":"https:\/\/talkpal.ai\/diversity-policy\/","diversityStaffingReport":"https:\/\/talkpal.ai\/diversity-policy\/"}]}},"_links":{"self":[{"href":"https:\/\/talkpal.ai\/sv\/wp-json\/wp\/v2\/vocabulary\/857500","targetHints":{"allow":["GET"]}}],"collection":[{"href":"https:\/\/talkpal.ai\/sv\/wp-json\/wp\/v2\/vocabulary"}],"about":[{"href":"https:\/\/talkpal.ai\/sv\/wp-json\/wp\/v2\/types\/vocabulary"}],"wp:featuredmedia":[{"embeddable":true,"href":"https:\/\/talkpal.ai\/sv\/wp-json\/wp\/v2\/media\/1528078"}],"wp:attachment":[{"href":"https:\/\/talkpal.ai\/sv\/wp-json\/wp\/v2\/media?parent=857500"}],"wp:term":[{"taxonomy":"vocabulary_language","embeddable":true,"href":"https:\/\/talkpal.ai\/sv\/wp-json\/wp\/v2\/vocabulary_language?post=857500"}],"curies":[{"name":"wp","href":"https:\/\/api.w.org\/{rel}","templated":true}]}}