{"id":857349,"date":"2024-06-29T22:16:40","date_gmt":"2024-06-29T22:16:40","guid":{"rendered":"https:\/\/talkpal.ai\/vocabulary\/emotionellt-ordforrad-i-det-makedonska-spraket\/"},"modified":"2025-12-26T13:46:25","modified_gmt":"2025-12-26T13:46:25","slug":"emotionellt-ordforrad-i-det-makedonska-spraket","status":"publish","type":"vocabulary","link":"https:\/\/talkpal.ai\/sv\/vocabulary\/emotionellt-ordforrad-i-det-makedonska-spraket\/","title":{"rendered":"Emotionellt ordf\u00f6rr\u00e5d i det makedonska spr\u00e5ket"},"content":{"rendered":"<p>Att l\u00e4ra sig ett nytt spr\u00e5k inneb\u00e4r inte bara att bem\u00e4stra <a href=\"https:\/\/talkpal.ai\/fr\/les\/\">grammatik<\/a> och ordf\u00f6rr\u00e5d, utan ocks\u00e5 att f\u00f6rst\u00e5 de kulturella och emotionella nyanser som spr\u00e5ket f\u00f6rmedlar. N\u00e4r det g\u00e4ller det makedonska spr\u00e5ket, \u00e4r det s\u00e4rskilt viktigt att f\u00f6rst\u00e5 hur k\u00e4nslor uttrycks. Emotionellt ordf\u00f6rr\u00e5d i makedonska kan vara en utmaning f\u00f6r spr\u00e5kinl\u00e4rare, men det \u00e4r ocks\u00e5 en nyckel till att verkligen f\u00f6rst\u00e5 och kommunicera p\u00e5 ett djupare plan.<\/p>\n<h2>Uttryck f\u00f6r k\u00e4rlek och tillgivenhet<\/h2>\n<p>Makedonska, liksom m\u00e5nga andra spr\u00e5k, har en rik upps\u00e4ttning ord och fraser f\u00f6r att uttrycka k\u00e4rlek och tillgivenhet. H\u00e4r \u00e4r n\u00e5gra vanliga uttryck:<\/p>\n<p>&#8211; <b>Te sakam<\/b> (\u0422\u0435 \u0441\u0430\u043a\u0430\u043c) \u2013 <a href=\"https:\/\/talkpal.ai\/culture\/how-do-i-say-i-love-you-in-swedish\/\">Jag \u00e4lskar dig<\/a>.<br \/>\n&#8211; <b>Mi nedostigas<\/b> (\u041c\u0438 \u043d\u0435\u0434\u043e\u0441\u0442\u0438\u0433\u0430\u0448) \u2013 <a href=\"https:\/\/talkpal.ai\/culture\/how-do-i-say-i-miss-you-in-swedish\/\">Jag saknar dig<\/a>.<br \/>\n&#8211; <b>Srce moje<\/b> (\u0421\u0440\u0446\u0435 \u043c\u043e\u0435) \u2013 Mitt hj\u00e4rta.<br \/>\n&#8211; <b>Du\u0161a moja<\/b> (\u0414\u0443\u0448\u0430 \u043c\u043e\u0458\u0430) \u2013 Min sj\u00e4l.<\/p>\n<p>Dessa uttryck anv\u00e4nds inte bara mellan romantiska partners, utan ocks\u00e5 mellan familjemedlemmar och n\u00e4ra v\u00e4nner. Att anv\u00e4nda dessa uttryck p\u00e5 r\u00e4tt s\u00e4tt kan hj\u00e4lpa dig att bygga starkare relationer med makedonsktalande personer.<\/p>\n<h3>Formella och informella uttryck<\/h3>\n<p>Precis som i m\u00e5nga spr\u00e5k finns det i makedonska b\u00e5de formella och informella s\u00e4tt att uttrycka k\u00e4nslor. Till exempel:<\/p>\n<p>&#8211; Formellt: <b>Po\u010dituvani<\/b> (\u041f\u043e\u0447\u0438\u0442\u0443\u0432\u0430\u043d\u0438) \u2013 \u00c4rade (anv\u00e4nds ofta i brev och formella sammanhang).<br \/>\n&#8211; Informellt: <b>Dragi<\/b> (\u0414\u0440\u0430\u0433\u0438) \u2013 K\u00e4ra (anv\u00e4nds mellan v\u00e4nner och familj).<\/p>\n<p>Att kunna skilja mellan formella och informella uttryck \u00e4r viktigt f\u00f6r att undvika missf\u00f6rst\u00e5nd och f\u00f6r att visa respekt i olika sociala sammanhang.<\/p>\n<h2>Uttryck f\u00f6r ilska och frustration<\/h2>\n<p>Ilska och frustration \u00e4r ocks\u00e5 viktiga k\u00e4nslor att kunna uttrycka, s\u00e4rskilt om du vill kunna kommunicera effektivt i stressiga situationer. N\u00e5gra vanliga uttryck inkluderar:<\/p>\n<p>&#8211; <b>Besen sum<\/b> (\u0411\u0435\u0441\u0435\u043d \u0441\u0443\u043c) \u2013 Jag \u00e4r arg.<br \/>\n&#8211; <b>Odam da puknam<\/b> (\u041e\u0434\u0430\u043c \u0434\u0430 \u043f\u0443\u043a\u043d\u0430\u043c) \u2013 Jag h\u00e5ller p\u00e5 att explodera.<br \/>\n&#8211; <b>Ne mo\u017eam pove\u1e31e<\/b> (<a href=\"https:\/\/talkpal.ai\/talkpal-new-years-discount\/\">\u041d\u0435<\/a> \u043c\u043e\u0436\u0430\u043c \u043f\u043e\u0432\u0435\u045c\u0435) \u2013 Jag orkar inte mer.<\/p>\n<p>Dessa uttryck kan vara mycket anv\u00e4ndbara i vardagliga situationer, men det \u00e4r ocks\u00e5 viktigt att anv\u00e4nda dem med f\u00f6rsiktighet f\u00f6r att undvika att s\u00e5ra n\u00e5gon.<\/p>\n<h3>Vardagliga uttryck<\/h3>\n<p>F\u00f6rutom specifika k\u00e4nslouttryck, finns det ocks\u00e5 m\u00e5nga vardagliga fraser som kan f\u00f6rmedla en m\u00e4ngd olika k\u00e4nslor. H\u00e4r \u00e4r n\u00e5gra exempel:<\/p>\n<p>&#8211; <b>\u0160to ima?<\/b> (\u0428\u0442\u043e \u0438\u043c\u0430?) \u2013 Vad h\u00e4nder? (anv\u00e4nds som en h\u00e4lsningsfras).<br \/>\n&#8211; <b>Kako si?<\/b> (\u041a\u0430\u043a\u043e \u0441\u0438?) \u2013 Hur m\u00e5r du?<br \/>\n&#8211; <b>Dobro sum<\/b> (\u0414\u043e\u0431\u0440\u043e \u0441\u0443\u043c) \u2013 Jag m\u00e5r <a href=\"https:\/\/talkpal.ai\/locations\/learn-english-in-bra\/\">bra<\/a>.<\/p>\n<p>Dessa vardagliga uttryck \u00e4r grundl\u00e4ggande f\u00f6r att kunna f\u00f6ra enkla konversationer och f\u00f6r att bygga relationer med makedonsktalande personer.<\/p>\n<h2>Uttryck f\u00f6r gl\u00e4dje och lycka<\/h2>\n<p>Gl\u00e4dje och lycka \u00e4r k\u00e4nslor som vi alla vill kunna uttrycka. Makedonska har m\u00e5nga s\u00e4tt att uttrycka dessa k\u00e4nslor:<\/p>\n<p>&#8211; <b>Srekjen sum<\/b> (\u0421\u0440\u0435\u045c\u0435\u043d \u0441\u0443\u043c) \u2013 Jag \u00e4r lycklig.<br \/>\n&#8211; <b>Mnogo mi e drago<\/b> (\u041c\u043d\u043e\u0433\u0443 \u043c\u0438 \u0435 \u0434\u0440\u0430\u0433\u043e) \u2013 Jag \u00e4r mycket glad.<br \/>\n&#8211; <b>Prekrasno<\/b> (\u041f\u0440\u0435\u043a\u0440\u0430\u0441\u043d\u043e) \u2013 Underbart.<\/p>\n<p>Dessa uttryck kan anv\u00e4ndas i m\u00e5nga olika sammanhang, fr\u00e5n att fira en speciell h\u00e4ndelse till att bara uttrycka daglig gl\u00e4dje.<\/p>\n<h3>Fira speciella h\u00e4ndelser<\/h3>\n<p>N\u00e4r det g\u00e4ller att fira speciella h\u00e4ndelser, finns det ocks\u00e5 specifika uttryck i makedonska. Till exempel:<\/p>\n<p>&#8211; <b>\u010cestitki!<\/b> (\u0427\u0435\u0441\u0442\u0438\u0442\u043a\u0438!) \u2013 Grattis!<br \/>\n&#8211; <b>Na mnogu godini!<\/b> (\u041d\u0430 \u043c\u043d\u043e\u0433\u0443 \u0433\u043e\u0434\u0438\u043d\u0438!) \u2013 M\u00e5nga \u00e5r fram\u00f6ver! (anv\u00e4nds ofta vid f\u00f6delsedagar och andra firanden).<br \/>\n&#8211; <b>\u017divej!<\/b> (\u0416\u0438\u0432\u0435\u0458!) \u2013 Lev! (en \u00f6nskan om ett l\u00e5ngt och lyckligt liv).<\/p>\n<p>Att kunna anv\u00e4nda dessa uttryck p\u00e5 r\u00e4tt s\u00e4tt kan hj\u00e4lpa dig att <a href=\"https:\/\/talkpal.ai\/locations\/language-courses-in-delta\/\">delta<\/a> i firanden och att visa uppskattning f\u00f6r andras gl\u00e4dje.<\/p>\n<h2>Tr\u00f6st och uppmuntran<\/h2>\n<p>Att kunna tr\u00f6sta och uppmuntra n\u00e5gon \u00e4r en viktig del av att bygga starka relationer. H\u00e4r \u00e4r n\u00e5gra s\u00e4tt att uttrycka tr\u00f6st och uppmuntran p\u00e5 makedonska:<\/p>\n<p>&#8211; <b>Ne se sekiraj<\/b> (\u041d\u0435 \u0441\u0435 \u0441\u0435\u043a\u0438\u0440\u0430\u0458) \u2013 Oroa dig inte.<br \/>\n&#8211; <b>Se \u1e31e bide vo red<\/b> (\u0421\u0435 \u045c\u0435 \u0431\u0438\u0434\u0435 \u0432\u043e \u0440\u0435\u0434) \u2013 Allt kommer att bli bra.<br \/>\n&#8211; <b>Imam vera vo tebe<\/b> (\u0418\u043c\u0430\u043c \u0432\u0435\u0440\u0430 \u0432\u043e \u0442\u0435\u0431\u0435) \u2013 Jag tror p\u00e5 dig.<\/p>\n<p>Dessa uttryck kan vara mycket kraftfulla och kan hj\u00e4lpa till att lyfta n\u00e5gons hum\u00f6r i sv\u00e5ra tider.<\/p>\n<h3>St\u00f6dja v\u00e4nner och familj<\/h3>\n<p>F\u00f6r att uttrycka st\u00f6d till v\u00e4nner och familj, kan du anv\u00e4nda fraser som:<\/p>\n<p>&#8211; <b>Tu sum za tebe<\/b> (\u0422\u0443 \u0441\u0443\u043c \u0437\u0430 \u0442\u0435\u0431\u0435) \u2013 Jag \u00e4r h\u00e4r f\u00f6r dig.<br \/>\n&#8211; <b>Ne si sam\/sama<\/b> (\u041d\u0435 \u0441\u0438 \u0441\u0430\u043c\/\u0441\u0430\u043c\u0430) \u2013 Du \u00e4r inte ensam.<br \/>\n&#8211; <b>Poddr\u0161ka<\/b> (\u041f\u043e\u0434\u0434\u0440\u0448\u043a\u0430) \u2013 St\u00f6d.<\/p>\n<p>Dessa uttryck kan hj\u00e4lpa dig att visa att du bryr dig och att du \u00e4r redo att hj\u00e4lpa till.<\/p>\n<h2>Uttryck f\u00f6r sorg och f\u00f6rlust<\/h2>\n<p>Att uttrycka sorg och f\u00f6rlust \u00e4r en annan viktig aspekt av emotionellt ordf\u00f6rr\u00e5d. H\u00e4r \u00e4r n\u00e5gra vanliga uttryck:<\/p>\n<p>&#8211; <b>Ta\u017ena sum<\/b> (\u0422\u0430\u0436\u043d\u0430 \u0441\u0443\u043c) \u2013 Jag \u00e4r ledsen.<br \/>\n&#8211; <b>\u017dal mi e<\/b> (\u0416\u0430\u043b \u043c\u0438 \u0435) \u2013 Jag \u00e4r ledsen (anv\u00e4nds f\u00f6r att uttrycka medk\u00e4nsla).<br \/>\n&#8211; <b>Ne mo\u017eam da veruvam<\/b> (\u041d\u0435 \u043c\u043e\u0436\u0430\u043c \u0434\u0430 \u0432\u0435\u0440\u0443\u0432\u0430\u043c) \u2013 Jag kan inte tro det.<\/p>\n<p>Dessa uttryck kan hj\u00e4lpa dig att uttrycka dina k\u00e4nslor p\u00e5 ett respektfullt och empatiskt s\u00e4tt.<\/p>\n<h3>Uttryck f\u00f6r sympati<\/h3>\n<p>Att uttrycka sympati f\u00f6r n\u00e5gon som har f\u00f6rlorat en \u00e4lskad \u00e4r en viktig del av att visa medk\u00e4nsla. H\u00e4r \u00e4r n\u00e5gra s\u00e4tt att uttrycka sympati p\u00e5 makedonska:<\/p>\n<p>&#8211; <b>Moite so\u010duvstva<\/b> (\u041c\u043e\u0438\u0442\u0435 \u0441\u043e\u0447\u0443\u0432\u0441\u0442\u0432\u0430) \u2013 Mina kondoleanser.<br \/>\n&#8211; <b>So tebe sum vo ovie te\u0161ki momenti<\/b> (\u0421\u043e \u0442\u0435\u0431\u0435 \u0441\u0443\u043c \u0432\u043e \u043e\u0432\u0438\u0435 \u0442\u0435\u0448\u043a\u0438 \u043c\u043e\u043c\u0435\u043d\u0442\u0438) \u2013 Jag \u00e4r med dig i dessa sv\u00e5ra tider.<br \/>\n&#8211; <b>Da po\u010diva vo mir<\/b> (\u0414\u0430 \u043f\u043e\u0447\u0438\u0432\u0430 \u0432\u043e \u043c\u0438\u0440) \u2013 M\u00e5 han\/hon vila i frid.<\/p>\n<p>Att kunna anv\u00e4nda dessa uttryck p\u00e5 r\u00e4tt s\u00e4tt kan hj\u00e4lpa dig att visa st\u00f6d och medk\u00e4nsla i sv\u00e5ra tider.<\/p>\n<h2>Emotionellt ordf\u00f6rr\u00e5d i kontext<\/h2>\n<p>F\u00f6r att verkligen f\u00f6rst\u00e5 och anv\u00e4nda emotionellt ordf\u00f6rr\u00e5d p\u00e5 makedonska, \u00e4r det viktigt att h\u00f6ra och se dessa uttryck i deras naturliga sammanhang. Titta p\u00e5 makedonska filmer, lyssna p\u00e5 musik och l\u00e4s litteratur f\u00f6r att f\u00e5 en b\u00e4ttre f\u00f6rst\u00e5else f\u00f6r hur dessa uttryck anv\u00e4nds i vardagen.<\/p>\n<h3>Praktiska \u00f6vningar<\/h3>\n<p>F\u00f6r att f\u00f6rb\u00e4ttra din f\u00f6rst\u00e5else och anv\u00e4ndning av emotionellt ordf\u00f6rr\u00e5d, h\u00e4r \u00e4r n\u00e5gra praktiska \u00f6vningar:<\/p>\n<p>1. <b>Rollspel<\/b>: \u00d6va p\u00e5 att anv\u00e4nda olika k\u00e4nslouttryck i olika scenarier med en spr\u00e5kkamrat.<br \/>\n2. <b>Dagbok<\/b>: Skriv dagbok p\u00e5 makedonska och beskriv dina k\u00e4nslor varje dag.<br \/>\n3. <b>Lyssna och repetera<\/b>: Lyssna p\u00e5 makedonska poddar eller radioprogram och repetera k\u00e4nslouttrycken du h\u00f6r.<\/p>\n<p>Genom att aktivt \u00f6va och anv\u00e4nda emotionellt ordf\u00f6rr\u00e5d, kommer du att bli mer bekv\u00e4m med att uttrycka dina k\u00e4nslor p\u00e5 makedonska.<\/p>\n<h2>Sammanfattning<\/h2>\n<p>Att beh\u00e4rska emotionellt ordf\u00f6rr\u00e5d i det makedonska spr\u00e5ket \u00e4r en viktig del av att bli flytande och att kunna kommunicera effektivt. Genom att f\u00f6rst\u00e5 och anv\u00e4nda olika uttryck f\u00f6r k\u00e4rlek, ilska, gl\u00e4dje, sorg och st\u00f6d, kan du bygga starkare relationer och b\u00e4ttre f\u00f6rst\u00e5 den makedonska kulturen. Kom ih\u00e5g att praktisera regelbundet och att s\u00f6ka efter autentiska k\u00e4llor f\u00f6r att f\u00f6rb\u00e4ttra din f\u00f6rst\u00e5else och anv\u00e4ndning av dessa uttryck. Lycka till med din <a href=\"https:\/\/talkpal.ai\/sv\/hur-lar-man-sig-ett-sprak-via-talkpal-chat\/\">spr\u00e5kinl\u00e4rning<\/a>!<\/p>\n","protected":false},"featured_media":1527925,"template":"","vocabulary_language":[4194],"class_list":["post-857349","vocabulary","type-vocabulary","status-publish","has-post-thumbnail","hentry","vocabulary_language-makedonska"],"acf":[],"yoast_head":"<!-- This site is optimized with the Yoast SEO Premium plugin v27.2 (Yoast SEO v27.2) - https:\/\/yoast.com\/product\/yoast-seo-premium-wordpress\/ -->\n<title>Emotionellt ordf\u00f6rr\u00e5d i det makedonska spr\u00e5ket - Talkpal<\/title>\n<meta name=\"description\" content=\"Att l\u00e4ra sig ett nytt spr\u00e5k inneb\u00e4r inte bara att bem\u00e4stra grammatik och ordf\u00f6rr\u00e5d, utan ocks\u00e5 att f\u00f6rst\u00e5 de kulturella och emotionella nyanser som\" \/>\n<meta name=\"robots\" content=\"index, follow, max-snippet:-1, max-image-preview:large, max-video-preview:-1\" \/>\n<link rel=\"canonical\" href=\"https:\/\/talkpal.ai\/sv\/vocabulary\/emotionellt-ordforrad-i-det-makedonska-spraket\/\" \/>\n<meta property=\"og:locale\" content=\"sv_SE\" \/>\n<meta property=\"og:type\" content=\"article\" \/>\n<meta property=\"og:title\" content=\"Emotionellt ordf\u00f6rr\u00e5d i det makedonska spr\u00e5ket\" \/>\n<meta property=\"og:description\" content=\"Att l\u00e4ra sig ett nytt spr\u00e5k inneb\u00e4r inte bara att bem\u00e4stra grammatik och ordf\u00f6rr\u00e5d, utan ocks\u00e5 att f\u00f6rst\u00e5 de kulturella och emotionella nyanser som\" \/>\n<meta property=\"og:url\" content=\"https:\/\/talkpal.ai\/sv\/vocabulary\/emotionellt-ordforrad-i-det-makedonska-spraket\/\" \/>\n<meta property=\"og:site_name\" content=\"Talkpal\" \/>\n<meta property=\"article:publisher\" content=\"https:\/\/www.facebook.com\/profile.php?id=100090733639311\" \/>\n<meta property=\"article:modified_time\" content=\"2025-12-26T13:46:25+00:00\" \/>\n<meta property=\"og:image\" content=\"https:\/\/talkpal.ai\/wp-content\/uploads\/2024\/10\/talkpal_flat_illustration_of_a_employees_working_together_happi_c674ff77-e477-4e09-835a-01d30e561e99.png\" \/>\n\t<meta property=\"og:image:width\" content=\"1024\" \/>\n\t<meta property=\"og:image:height\" content=\"1024\" \/>\n\t<meta property=\"og:image:type\" content=\"image\/png\" \/>\n<meta name=\"twitter:card\" content=\"summary_large_image\" \/>\n<meta name=\"twitter:site\" content=\"@talkpalai\" \/>\n<meta name=\"twitter:label1\" content=\"Ber\u00e4knad l\u00e4stid\" \/>\n\t<meta name=\"twitter:data1\" content=\"6 minuter\" \/>\n<script type=\"application\/ld+json\" class=\"yoast-schema-graph\">{\"@context\":\"https:\/\/schema.org\",\"@graph\":[{\"@type\":\"WebPage\",\"@id\":\"https:\/\/talkpal.ai\/sv\/vocabulary\/emotionellt-ordforrad-i-det-makedonska-spraket\/\",\"url\":\"https:\/\/talkpal.ai\/sv\/vocabulary\/emotionellt-ordforrad-i-det-makedonska-spraket\/\",\"name\":\"Emotionellt ordf\u00f6rr\u00e5d i det makedonska spr\u00e5ket - Talkpal\",\"isPartOf\":{\"@id\":\"https:\/\/talkpal.ai\/sv\/#website\"},\"primaryImageOfPage\":{\"@id\":\"https:\/\/talkpal.ai\/sv\/vocabulary\/emotionellt-ordforrad-i-det-makedonska-spraket\/#primaryimage\"},\"image\":{\"@id\":\"https:\/\/talkpal.ai\/sv\/vocabulary\/emotionellt-ordforrad-i-det-makedonska-spraket\/#primaryimage\"},\"thumbnailUrl\":\"https:\/\/talkpal.ai\/wp-content\/uploads\/2025\/12\/students-are-taking-notes-to-learning-languages.webp\",\"datePublished\":\"2024-06-29T22:16:40+00:00\",\"dateModified\":\"2025-12-26T13:46:25+00:00\",\"description\":\"Att l\u00e4ra sig ett nytt spr\u00e5k inneb\u00e4r inte bara att bem\u00e4stra grammatik och ordf\u00f6rr\u00e5d, utan ocks\u00e5 att f\u00f6rst\u00e5 de kulturella och emotionella nyanser som\",\"breadcrumb\":{\"@id\":\"https:\/\/talkpal.ai\/sv\/vocabulary\/emotionellt-ordforrad-i-det-makedonska-spraket\/#breadcrumb\"},\"inLanguage\":\"sv-SE\",\"potentialAction\":[{\"@type\":\"ReadAction\",\"target\":[\"https:\/\/talkpal.ai\/sv\/vocabulary\/emotionellt-ordforrad-i-det-makedonska-spraket\/\"]}]},{\"@type\":\"ImageObject\",\"inLanguage\":\"sv-SE\",\"@id\":\"https:\/\/talkpal.ai\/sv\/vocabulary\/emotionellt-ordforrad-i-det-makedonska-spraket\/#primaryimage\",\"url\":\"https:\/\/talkpal.ai\/wp-content\/uploads\/2025\/12\/students-are-taking-notes-to-learning-languages.webp\",\"contentUrl\":\"https:\/\/talkpal.ai\/wp-content\/uploads\/2025\/12\/students-are-taking-notes-to-learning-languages.webp\",\"width\":1200,\"height\":896,\"caption\":\"A group of people sit at a wooden table while learning languages in a bright room with tall windows.\"},{\"@type\":\"BreadcrumbList\",\"@id\":\"https:\/\/talkpal.ai\/sv\/vocabulary\/emotionellt-ordforrad-i-det-makedonska-spraket\/#breadcrumb\",\"itemListElement\":[{\"@type\":\"ListItem\",\"position\":1,\"name\":\"Homepage\",\"item\":\"https:\/\/talkpal.ai\/sv\/\"},{\"@type\":\"ListItem\",\"position\":2,\"name\":\"Emotionellt ordf\u00f6rr\u00e5d i det makedonska spr\u00e5ket\"}]},{\"@type\":\"WebSite\",\"@id\":\"https:\/\/talkpal.ai\/sv\/#website\",\"url\":\"https:\/\/talkpal.ai\/sv\/\",\"name\":\"Talkpal\",\"description\":\"AI Language Learning\",\"publisher\":{\"@id\":\"https:\/\/talkpal.ai\/sv\/#organization\"},\"alternateName\":\"Talkpal AI\",\"potentialAction\":[{\"@type\":\"SearchAction\",\"target\":{\"@type\":\"EntryPoint\",\"urlTemplate\":\"https:\/\/talkpal.ai\/sv\/?s={search_term_string}\"},\"query-input\":{\"@type\":\"PropertyValueSpecification\",\"valueRequired\":true,\"valueName\":\"search_term_string\"}}],\"inLanguage\":\"sv-SE\"},{\"@type\":\"Organization\",\"@id\":\"https:\/\/talkpal.ai\/sv\/#organization\",\"name\":\"Talkpal, Inc.\",\"alternateName\":\"Talkpal AI\",\"url\":\"https:\/\/talkpal.ai\/sv\/\",\"logo\":{\"@type\":\"ImageObject\",\"inLanguage\":\"sv-SE\",\"@id\":\"https:\/\/talkpal.ai\/sv\/#\/schema\/logo\/image\/\",\"url\":\"https:\/\/talkpal.ai\/wp-content\/uploads\/2024\/03\/Talkpal-Logo-Icon.png\",\"contentUrl\":\"https:\/\/talkpal.ai\/wp-content\/uploads\/2024\/03\/Talkpal-Logo-Icon.png\",\"width\":2880,\"height\":2880,\"caption\":\"Talkpal, Inc.\"},\"image\":{\"@id\":\"https:\/\/talkpal.ai\/sv\/#\/schema\/logo\/image\/\"},\"sameAs\":[\"https:\/\/www.facebook.com\/profile.php?id=100090733639311\",\"https:\/\/x.com\/talkpalai\",\"https:\/\/www.linkedin.com\/company\/talkpal\/\",\"https:\/\/www.youtube.com\/@TalkPal\/\",\"https:\/\/www.tiktok.com\/@talkpal\",\"https:\/\/www.instagram.com\/talkpal_ai\/\",\"https:\/\/www.crunchbase.com\/organization\/talkpal-9cde\",\"https:\/\/www.g2.com\/products\/talkpal-for-business\/\",\"https:\/\/www.trustpilot.com\/review\/talkpal.ai\",\"https:\/\/www.capterra.com\/p\/10006800\/TalkPal\/\"],\"description\":\"Talkpal is a language learning web and mobile education app, powered by the latest AI technologies, that provides engaging experiences to its customers in many different languages to help them improve their language skills. Users can chat about unlimited amount of topics with the app and use other modes to practice their language learning.\",\"email\":\"support@talkpal.ai\",\"legalName\":\"Talkpal, Inc.\",\"foundingDate\":\"2023-04-03\",\"duns\":\"118989042\",\"numberOfEmployees\":{\"@type\":\"QuantitativeValue\",\"minValue\":\"11\",\"maxValue\":\"50\"},\"publishingPrinciples\":\"https:\/\/talkpal.ai\/publishing-principles\/\",\"actionableFeedbackPolicy\":\"https:\/\/talkpal.ai\/actionable-feedback-policy\/\",\"correctionsPolicy\":\"https:\/\/talkpal.ai\/corrections-policy\/\",\"ethicsPolicy\":\"https:\/\/talkpal.ai\/ethics-policy\/\",\"diversityPolicy\":\"https:\/\/talkpal.ai\/diversity-policy\/\",\"diversityStaffingReport\":\"https:\/\/talkpal.ai\/diversity-policy\/\"}]}<\/script>\n<!-- \/ Yoast SEO Premium plugin. -->","yoast_head_json":{"title":"Emotionellt ordf\u00f6rr\u00e5d i det makedonska spr\u00e5ket - Talkpal","description":"Att l\u00e4ra sig ett nytt spr\u00e5k inneb\u00e4r inte bara att bem\u00e4stra grammatik och ordf\u00f6rr\u00e5d, utan ocks\u00e5 att f\u00f6rst\u00e5 de kulturella och emotionella nyanser som","robots":{"index":"index","follow":"follow","max-snippet":"max-snippet:-1","max-image-preview":"max-image-preview:large","max-video-preview":"max-video-preview:-1"},"canonical":"https:\/\/talkpal.ai\/sv\/vocabulary\/emotionellt-ordforrad-i-det-makedonska-spraket\/","og_locale":"sv_SE","og_type":"article","og_title":"Emotionellt ordf\u00f6rr\u00e5d i det makedonska spr\u00e5ket","og_description":"Att l\u00e4ra sig ett nytt spr\u00e5k inneb\u00e4r inte bara att bem\u00e4stra grammatik och ordf\u00f6rr\u00e5d, utan ocks\u00e5 att f\u00f6rst\u00e5 de kulturella och emotionella nyanser som","og_url":"https:\/\/talkpal.ai\/sv\/vocabulary\/emotionellt-ordforrad-i-det-makedonska-spraket\/","og_site_name":"Talkpal","article_publisher":"https:\/\/www.facebook.com\/profile.php?id=100090733639311","article_modified_time":"2025-12-26T13:46:25+00:00","og_image":[{"width":1024,"height":1024,"url":"https:\/\/talkpal.ai\/wp-content\/uploads\/2024\/10\/talkpal_flat_illustration_of_a_employees_working_together_happi_c674ff77-e477-4e09-835a-01d30e561e99.png","type":"image\/png"}],"twitter_card":"summary_large_image","twitter_site":"@talkpalai","twitter_misc":{"Ber\u00e4knad l\u00e4stid":"6 minuter"},"schema":{"@context":"https:\/\/schema.org","@graph":[{"@type":"WebPage","@id":"https:\/\/talkpal.ai\/sv\/vocabulary\/emotionellt-ordforrad-i-det-makedonska-spraket\/","url":"https:\/\/talkpal.ai\/sv\/vocabulary\/emotionellt-ordforrad-i-det-makedonska-spraket\/","name":"Emotionellt ordf\u00f6rr\u00e5d i det makedonska spr\u00e5ket - Talkpal","isPartOf":{"@id":"https:\/\/talkpal.ai\/sv\/#website"},"primaryImageOfPage":{"@id":"https:\/\/talkpal.ai\/sv\/vocabulary\/emotionellt-ordforrad-i-det-makedonska-spraket\/#primaryimage"},"image":{"@id":"https:\/\/talkpal.ai\/sv\/vocabulary\/emotionellt-ordforrad-i-det-makedonska-spraket\/#primaryimage"},"thumbnailUrl":"https:\/\/talkpal.ai\/wp-content\/uploads\/2025\/12\/students-are-taking-notes-to-learning-languages.webp","datePublished":"2024-06-29T22:16:40+00:00","dateModified":"2025-12-26T13:46:25+00:00","description":"Att l\u00e4ra sig ett nytt spr\u00e5k inneb\u00e4r inte bara att bem\u00e4stra grammatik och ordf\u00f6rr\u00e5d, utan ocks\u00e5 att f\u00f6rst\u00e5 de kulturella och emotionella nyanser som","breadcrumb":{"@id":"https:\/\/talkpal.ai\/sv\/vocabulary\/emotionellt-ordforrad-i-det-makedonska-spraket\/#breadcrumb"},"inLanguage":"sv-SE","potentialAction":[{"@type":"ReadAction","target":["https:\/\/talkpal.ai\/sv\/vocabulary\/emotionellt-ordforrad-i-det-makedonska-spraket\/"]}]},{"@type":"ImageObject","inLanguage":"sv-SE","@id":"https:\/\/talkpal.ai\/sv\/vocabulary\/emotionellt-ordforrad-i-det-makedonska-spraket\/#primaryimage","url":"https:\/\/talkpal.ai\/wp-content\/uploads\/2025\/12\/students-are-taking-notes-to-learning-languages.webp","contentUrl":"https:\/\/talkpal.ai\/wp-content\/uploads\/2025\/12\/students-are-taking-notes-to-learning-languages.webp","width":1200,"height":896,"caption":"A group of people sit at a wooden table while learning languages in a bright room with tall windows."},{"@type":"BreadcrumbList","@id":"https:\/\/talkpal.ai\/sv\/vocabulary\/emotionellt-ordforrad-i-det-makedonska-spraket\/#breadcrumb","itemListElement":[{"@type":"ListItem","position":1,"name":"Homepage","item":"https:\/\/talkpal.ai\/sv\/"},{"@type":"ListItem","position":2,"name":"Emotionellt ordf\u00f6rr\u00e5d i det makedonska spr\u00e5ket"}]},{"@type":"WebSite","@id":"https:\/\/talkpal.ai\/sv\/#website","url":"https:\/\/talkpal.ai\/sv\/","name":"Talkpal","description":"AI Language Learning","publisher":{"@id":"https:\/\/talkpal.ai\/sv\/#organization"},"alternateName":"Talkpal AI","potentialAction":[{"@type":"SearchAction","target":{"@type":"EntryPoint","urlTemplate":"https:\/\/talkpal.ai\/sv\/?s={search_term_string}"},"query-input":{"@type":"PropertyValueSpecification","valueRequired":true,"valueName":"search_term_string"}}],"inLanguage":"sv-SE"},{"@type":"Organization","@id":"https:\/\/talkpal.ai\/sv\/#organization","name":"Talkpal, Inc.","alternateName":"Talkpal AI","url":"https:\/\/talkpal.ai\/sv\/","logo":{"@type":"ImageObject","inLanguage":"sv-SE","@id":"https:\/\/talkpal.ai\/sv\/#\/schema\/logo\/image\/","url":"https:\/\/talkpal.ai\/wp-content\/uploads\/2024\/03\/Talkpal-Logo-Icon.png","contentUrl":"https:\/\/talkpal.ai\/wp-content\/uploads\/2024\/03\/Talkpal-Logo-Icon.png","width":2880,"height":2880,"caption":"Talkpal, Inc."},"image":{"@id":"https:\/\/talkpal.ai\/sv\/#\/schema\/logo\/image\/"},"sameAs":["https:\/\/www.facebook.com\/profile.php?id=100090733639311","https:\/\/x.com\/talkpalai","https:\/\/www.linkedin.com\/company\/talkpal\/","https:\/\/www.youtube.com\/@TalkPal\/","https:\/\/www.tiktok.com\/@talkpal","https:\/\/www.instagram.com\/talkpal_ai\/","https:\/\/www.crunchbase.com\/organization\/talkpal-9cde","https:\/\/www.g2.com\/products\/talkpal-for-business\/","https:\/\/www.trustpilot.com\/review\/talkpal.ai","https:\/\/www.capterra.com\/p\/10006800\/TalkPal\/"],"description":"Talkpal is a language learning web and mobile education app, powered by the latest AI technologies, that provides engaging experiences to its customers in many different languages to help them improve their language skills. Users can chat about unlimited amount of topics with the app and use other modes to practice their language learning.","email":"support@talkpal.ai","legalName":"Talkpal, Inc.","foundingDate":"2023-04-03","duns":"118989042","numberOfEmployees":{"@type":"QuantitativeValue","minValue":"11","maxValue":"50"},"publishingPrinciples":"https:\/\/talkpal.ai\/publishing-principles\/","actionableFeedbackPolicy":"https:\/\/talkpal.ai\/actionable-feedback-policy\/","correctionsPolicy":"https:\/\/talkpal.ai\/corrections-policy\/","ethicsPolicy":"https:\/\/talkpal.ai\/ethics-policy\/","diversityPolicy":"https:\/\/talkpal.ai\/diversity-policy\/","diversityStaffingReport":"https:\/\/talkpal.ai\/diversity-policy\/"}]}},"_links":{"self":[{"href":"https:\/\/talkpal.ai\/sv\/wp-json\/wp\/v2\/vocabulary\/857349","targetHints":{"allow":["GET"]}}],"collection":[{"href":"https:\/\/talkpal.ai\/sv\/wp-json\/wp\/v2\/vocabulary"}],"about":[{"href":"https:\/\/talkpal.ai\/sv\/wp-json\/wp\/v2\/types\/vocabulary"}],"wp:featuredmedia":[{"embeddable":true,"href":"https:\/\/talkpal.ai\/sv\/wp-json\/wp\/v2\/media\/1527925"}],"wp:attachment":[{"href":"https:\/\/talkpal.ai\/sv\/wp-json\/wp\/v2\/media?parent=857349"}],"wp:term":[{"taxonomy":"vocabulary_language","embeddable":true,"href":"https:\/\/talkpal.ai\/sv\/wp-json\/wp\/v2\/vocabulary_language?post=857349"}],"curies":[{"name":"wp","href":"https:\/\/api.w.org\/{rel}","templated":true}]}}