{"id":857330,"date":"2024-06-29T22:15:05","date_gmt":"2024-06-29T22:15:05","guid":{"rendered":"https:\/\/talkpal.ai\/vocabulary\/emotionell-vokabular-pa-det-katalanska-spraket\/"},"modified":"2025-12-26T13:46:25","modified_gmt":"2025-12-26T13:46:25","slug":"emotionell-vokabular-pa-det-katalanska-spraket","status":"publish","type":"vocabulary","link":"https:\/\/talkpal.ai\/sv\/vocabulary\/emotionell-vokabular-pa-det-katalanska-spraket\/","title":{"rendered":"Emotionell vokabul\u00e4r p\u00e5 det katalanska spr\u00e5ket"},"content":{"rendered":"<p>Att l\u00e4ra sig ett nytt spr\u00e5k inneb\u00e4r ofta att man l\u00e4r sig mer \u00e4n bara <a href=\"https:\/\/talkpal.ai\/fr\/les\/\">grammatik<\/a> och ordf\u00f6rr\u00e5d. Det inneb\u00e4r ocks\u00e5 att dyka in i en <a href=\"https:\/\/talkpal.ai\/talkpal-new-years-discount\/\">ny<\/a> kultur och f\u00f6rst\u00e5 hur m\u00e4nniskor uttrycker sina k\u00e4nslor. I det <a href=\"https:\/\/talkpal.ai\/learn-catalan\/\">katalanska<\/a> spr\u00e5ket, precis som i m\u00e5nga andra spr\u00e5k, \u00e4r emotionellt spr\u00e5kbruk en viktig del av kommunikationen. I denna artikel kommer vi att utforska det emotionella vokabul\u00e4ret p\u00e5 katalanska, fr\u00e5n de mest grundl\u00e4ggande k\u00e4nslorna till mer komplexa emotionella uttryck.<\/p>\n<h2>Grundl\u00e4ggande k\u00e4nslor<\/h2>\n<p>N\u00e4r man l\u00e4r sig ett nytt spr\u00e5k \u00e4r det viktigt att b\u00f6rja med de mest grundl\u00e4ggande k\u00e4nslorna. Dessa ord hj\u00e4lper dig att uttrycka hur du k\u00e4nner i enkla termer och \u00e4r en <a href=\"https:\/\/talkpal.ai\/locations\/learn-english-in-bra\/\">bra<\/a> grund f\u00f6r att bygga ett mer omfattande emotionellt vokabul\u00e4r.<\/p>\n<p>&#8211; <b>Felicitat<\/b> (gl\u00e4dje) \u2013 Gl\u00e4dje \u00e4r en av de mest grundl\u00e4ggande och universella k\u00e4nslorna. P\u00e5 katalanska kan man s\u00e4ga &#8221;Estic feli\u00e7&#8221; f\u00f6r att uttrycka att man \u00e4r glad.<br \/>\n&#8211; <b>Tristesa<\/b> (sorg) \u2013 F\u00f6r att uttrycka sorg kan man anv\u00e4nda frasen &#8221;Estic trist&#8221;. Detta ord anv\u00e4nds ofta i vardagliga sammanhang.<br \/>\n&#8211; <b>Por<\/b> (r\u00e4dsla) \u2013 Om du vill uttrycka r\u00e4dsla kan du s\u00e4ga &#8221;Tinc por&#8221;. Detta \u00e4r ett mycket vanligt uttryck p\u00e5 katalanska.<br \/>\n&#8211; <b>Enuig<\/b> (ilska) \u2013 Ilska kan uttryckas med frasen &#8221;Estic enfadat&#8221; (om du \u00e4r man) eller &#8221;Estic enfadada&#8221; (om du \u00e4r kvinna).<\/p>\n<h2>Nyansrika k\u00e4nslor<\/h2>\n<p>N\u00e4r du har l\u00e4rt dig de grundl\u00e4ggande k\u00e4nslorna, kan du b\u00f6rja utforska mer nyansrika k\u00e4nslor. Dessa ord och fraser hj\u00e4lper dig att b\u00e4ttre uttrycka specifika emotionella tillst\u00e5nd.<\/p>\n<p>&#8211; <b>Emoci\u00f3<\/b> (upphetsning) \u2013 F\u00f6r att uttrycka upphetsning kan man s\u00e4ga &#8221;Estic emocionat&#8221; (man) eller &#8221;Estic emocionada&#8221; (kvinna).<br \/>\n&#8211; <b>Nerviosisme<\/b> (nervositet) \u2013 Nervositet kan uttryckas med frasen &#8221;Estic nervi\u00f3s&#8221; (man) eller &#8221;Estic nerviosa&#8221; (kvinna).<br \/>\n&#8211; <b>Desesperaci\u00f3<\/b> (f\u00f6rtvivlan) \u2013 F\u00f6r att uttrycka f\u00f6rtvivlan kan man anv\u00e4nda &#8221;Estic desesperat&#8221; (man) eller &#8221;Estic desesperada&#8221; (kvinna).<br \/>\n&#8211; <b>Orgull<\/b> (stolthet) \u2013 Stolthet kan uttryckas med frasen &#8221;Estic orgull\u00f3s&#8221; (man) eller &#8221;Estic orgullosa&#8221; (kvinna).<\/p>\n<h3>Uttryck av k\u00e4rlek och tillgivenhet<\/h3>\n<p>K\u00e4rlek och tillgivenhet \u00e4r grundl\u00e4ggande m\u00e4nskliga k\u00e4nslor som ofta uttrycks i dagligt tal. P\u00e5 katalanska finns det flera s\u00e4tt att uttrycka dessa k\u00e4nslor.<\/p>\n<p>&#8211; <b>Amor<\/b> (k\u00e4rlek) \u2013 Ett av de mest grundl\u00e4ggande orden f\u00f6r k\u00e4rlek \u00e4r &#8221;amor&#8221;. Man kan s\u00e4ga &#8221;T&#8217;estimo&#8221; f\u00f6r att uttrycka &#8221;<a href=\"https:\/\/talkpal.ai\/culture\/how-do-i-say-i-love-you-in-swedish\/\">Jag \u00e4lskar dig<\/a>&#8221;.<br \/>\n&#8211; <b>Afecte<\/b> (tillgivenhet) \u2013 Tillgivenhet kan uttryckas med &#8221;Tinc afecte per tu&#8221; som betyder &#8221;Jag har tillgivenhet f\u00f6r dig&#8221;.<br \/>\n&#8211; <b>Encant<\/b> (f\u00f6rtjusning) \u2013 F\u00f6r att uttrycka f\u00f6rtjusning kan man s\u00e4ga &#8221;Estic encantat&#8221; (man) eller &#8221;Estic encantada&#8221; (kvinna).<\/p>\n<h3>Uttryck av sorg och melankoli<\/h3>\n<p>Det \u00e4r ocks\u00e5 viktigt att kunna uttrycka negativa k\u00e4nslor som sorg och melankoli. Dessa k\u00e4nslor \u00e4r en del av livet och att kunna uttrycka dem korrekt kan vara v\u00e4ldigt befriande.<\/p>\n<p>&#8211; <b>Melancolia<\/b> (melankoli) \u2013 Melankoli kan uttryckas med &#8221;Estic melanc\u00f2lic&#8221; (man) eller &#8221;Estic melanc\u00f2lica&#8221; (kvinna).<br \/>\n&#8211; <b>Desesperan\u00e7a<\/b> (hoppl\u00f6shet) \u2013 F\u00f6r att uttrycka hoppl\u00f6shet kan man s\u00e4ga &#8221;Estic desesperan\u00e7at&#8221; (man) eller &#8221;Estic desesperan\u00e7ada&#8221; (kvinna).<br \/>\n&#8211; <b>Nost\u00e0lgia<\/b> (nostalgi) \u2013 Nostalgi kan uttryckas med &#8221;Tinc nost\u00e0lgia&#8221;.<\/p>\n<h2>Uttryck av \u00f6verraskning och chock<\/h2>\n<p>\u00d6verraskning och chock \u00e4r k\u00e4nslor som ofta uppst\u00e5r pl\u00f6tsligt och kan vara b\u00e5de positiva och negativa. H\u00e4r \u00e4r n\u00e5gra katalanska uttryck f\u00f6r att hantera dessa k\u00e4nslor.<\/p>\n<p>&#8211; <b>Sorpresa<\/b> (\u00f6verraskning) \u2013 F\u00f6r att uttrycka \u00f6verraskning kan man s\u00e4ga &#8221;Quina <a href=\"https:\/\/talkpal.ai\/es\/locations\/cursos-de-idiomas-en-sorpresa\/\">sorpresa<\/a>!&#8221; som betyder &#8221;Vilken \u00f6verraskning!&#8221;.<br \/>\n&#8211; <b>Choc<\/b> (chock) \u2013 Chock kan uttryckas med &#8221;Estic en xoc&#8221;.<\/p>\n<h2>Uttryck av l\u00e4ttnad och tillfredsst\u00e4llelse<\/h2>\n<p>L\u00e4ttnad och tillfredsst\u00e4llelse \u00e4r k\u00e4nslor som ofta upplevs efter en period av stress eller oro. P\u00e5 katalanska finns det flera s\u00e4tt att uttrycka dessa k\u00e4nslor.<\/p>\n<p>&#8211; <b>Alleujament<\/b> (l\u00e4ttnad) \u2013 F\u00f6r att uttrycka l\u00e4ttnad kan man s\u00e4ga &#8221;Quin alleujament!&#8221;.<br \/>\n&#8211; <b>Satisfacci\u00f3<\/b> (tillfredsst\u00e4llelse) \u2013 Tillfredsst\u00e4llelse kan uttryckas med &#8221;Estic satisfet&#8221; (man) eller &#8221;Estic satisfeta&#8221; (kvinna).<\/p>\n<h3>Uttryck av \u00e5nger och skuld<\/h3>\n<p>\u00c5nger och skuld \u00e4r k\u00e4nslor som ofta \u00e4r sv\u00e5ra att uttrycka, men det \u00e4r viktigt att kunna g\u00f6ra det f\u00f6r att kommunicera effektivt.<\/p>\n<p>&#8211; <b>Penedit<\/b> (\u00e5nger) \u2013 \u00c5nger kan uttryckas med &#8221;Estic penedit&#8221; (man) eller &#8221;Estic penedida&#8221; (kvinna).<br \/>\n&#8211; <b>Culpabilitat<\/b> (skuld) \u2013 Skuld kan uttryckas med &#8221;Tinc culpabilitat&#8221;.<\/p>\n<h2>Emotionell intelligens och socialt sammanhang<\/h2>\n<p>Att kunna uttrycka k\u00e4nslor p\u00e5 ett korrekt s\u00e4tt \u00e4r en viktig del av emotionell intelligens. Det handlar inte bara om att k\u00e4nna till r\u00e4tt ord, utan ocks\u00e5 om att f\u00f6rst\u00e5 det sociala sammanhanget d\u00e4r dessa k\u00e4nslor uttrycks. P\u00e5 katalanska, precis som p\u00e5 andra spr\u00e5k, kan samma ord ha olika betydelser beroende p\u00e5 tonfall, kroppsspr\u00e5k och sammanhang.<\/p>\n<h3>Kulturella nyanser<\/h3>\n<p>Det \u00e4r ocks\u00e5 viktigt att f\u00f6rst\u00e5 de kulturella nyanser som p\u00e5verkar hur k\u00e4nslor uttrycks. I katalansk kultur kan vissa k\u00e4nslor uttryckas mer \u00f6ppet \u00e4n i andra kulturer, medan andra k\u00e4nslor kan vara mer tabubelagda. Till exempel, medan gl\u00e4dje och stolthet ofta uttrycks \u00f6ppet, kan k\u00e4nslor som \u00e5nger och skuld vara mer privata.<\/p>\n<h3>Praktiska \u00f6vningar<\/h3>\n<p>F\u00f6r att verkligen beh\u00e4rska det emotionella vokabul\u00e4ret p\u00e5 katalanska \u00e4r det viktigt att \u00f6va. H\u00e4r \u00e4r n\u00e5gra praktiska \u00f6vningar som kan hj\u00e4lpa dig att f\u00f6rb\u00e4ttra din f\u00f6rm\u00e5ga att uttrycka k\u00e4nslor p\u00e5 katalanska:<\/p>\n<p>1. <b>Dagbok<\/b>: Skriv en dagbok d\u00e4r du varje dag noterar hur du k\u00e4nner och anv\u00e4nder de katalanska ord och fraser du har l\u00e4rt dig.<br \/>\n2. <b>Rollspel<\/b>: <a href=\"https:\/\/talkpal.ai\/locations\/language-courses-in-delta\/\">Delta<\/a> i rollspel d\u00e4r du och en partner turas om att uttrycka olika k\u00e4nslor p\u00e5 katalanska.<br \/>\n3. <b>Lyssna och observera<\/b>: Titta p\u00e5 katalanska filmer eller TV-serier och notera hur karakt\u00e4rerna uttrycker sina k\u00e4nslor. F\u00f6rs\u00f6k att imitera deras s\u00e4tt att <a href=\"https:\/\/talkpal.ai\/locations\/language-courses-in-tala\/\">tala<\/a> och anv\u00e4nda kroppsspr\u00e5k.<br \/>\n4. <b>Spr\u00e5kutbyte<\/b>: Delta i ett spr\u00e5kutbyte med en katalansktalande person d\u00e4r ni fokuserar p\u00e5 att uttrycka k\u00e4nslor. Detta kan ge dig v\u00e4rdefull feedback och hj\u00e4lpa dig att bli mer s\u00e4ker i ditt spr\u00e5kbruk.<\/p>\n<h2>Avslutande tankar<\/h2>\n<p>Att l\u00e4ra sig det emotionella vokabul\u00e4ret p\u00e5 ett nytt spr\u00e5k som katalanska kan vara en utmaning, men det \u00e4r ocks\u00e5 en mycket givande upplevelse. Det ger dig inte bara m\u00f6jlighet att b\u00e4ttre f\u00f6rst\u00e5 och kommunicera med m\u00e4nniskor fr\u00e5n en annan kultur, utan det hj\u00e4lper dig ocks\u00e5 att utveckla din egen emotionella intelligens. Genom att anv\u00e4nda de ord och fraser vi har g\u00e5tt igenom i denna artikel, samt genom att \u00f6va regelbundet, kan du f\u00f6rb\u00e4ttra din f\u00f6rm\u00e5ga att uttrycka k\u00e4nslor p\u00e5 katalanska och d\u00e4rmed bli en mer effektiv och nyanserad kommunikat\u00f6r.<\/p>\n","protected":false},"featured_media":1527825,"template":"","vocabulary_language":[4179],"class_list":["post-857330","vocabulary","type-vocabulary","status-publish","has-post-thumbnail","hentry","vocabulary_language-katalanska"],"acf":[],"yoast_head":"<!-- This site is optimized with the Yoast SEO Premium plugin v27.2 (Yoast SEO v27.2) - https:\/\/yoast.com\/product\/yoast-seo-premium-wordpress\/ -->\n<title>Emotionell vokabul\u00e4r p\u00e5 det katalanska spr\u00e5ket - Talkpal<\/title>\n<meta name=\"description\" content=\"Att l\u00e4ra sig ett nytt spr\u00e5k inneb\u00e4r ofta att man l\u00e4r sig mer \u00e4n bara grammatik och ordf\u00f6rr\u00e5d. Det inneb\u00e4r ocks\u00e5 att dyka in i en ny kultur och f\u00f6rst\u00e5 hur\" \/>\n<meta name=\"robots\" content=\"index, follow, max-snippet:-1, max-image-preview:large, max-video-preview:-1\" \/>\n<link rel=\"canonical\" href=\"https:\/\/talkpal.ai\/sv\/vocabulary\/emotionell-vokabular-pa-det-katalanska-spraket\/\" \/>\n<meta property=\"og:locale\" content=\"sv_SE\" \/>\n<meta property=\"og:type\" content=\"article\" \/>\n<meta property=\"og:title\" content=\"Emotionell vokabul\u00e4r p\u00e5 det katalanska spr\u00e5ket\" \/>\n<meta property=\"og:description\" content=\"Att l\u00e4ra sig ett nytt spr\u00e5k inneb\u00e4r ofta att man l\u00e4r sig mer \u00e4n bara grammatik och ordf\u00f6rr\u00e5d. Det inneb\u00e4r ocks\u00e5 att dyka in i en ny kultur och f\u00f6rst\u00e5 hur\" \/>\n<meta property=\"og:url\" content=\"https:\/\/talkpal.ai\/sv\/vocabulary\/emotionell-vokabular-pa-det-katalanska-spraket\/\" \/>\n<meta property=\"og:site_name\" content=\"Talkpal\" \/>\n<meta property=\"article:publisher\" content=\"https:\/\/www.facebook.com\/profile.php?id=100090733639311\" \/>\n<meta property=\"article:modified_time\" content=\"2025-12-26T13:46:25+00:00\" \/>\n<meta property=\"og:image\" content=\"https:\/\/talkpal.ai\/wp-content\/uploads\/2024\/10\/talkpal_flat_illustration_of_a_employees_working_together_happi_c674ff77-e477-4e09-835a-01d30e561e99.png\" \/>\n\t<meta property=\"og:image:width\" content=\"1024\" \/>\n\t<meta property=\"og:image:height\" content=\"1024\" \/>\n\t<meta property=\"og:image:type\" content=\"image\/png\" \/>\n<meta name=\"twitter:card\" content=\"summary_large_image\" \/>\n<meta name=\"twitter:site\" content=\"@talkpalai\" \/>\n<meta name=\"twitter:label1\" content=\"Ber\u00e4knad l\u00e4stid\" \/>\n\t<meta name=\"twitter:data1\" content=\"6 minuter\" \/>\n<script type=\"application\/ld+json\" class=\"yoast-schema-graph\">{\"@context\":\"https:\/\/schema.org\",\"@graph\":[{\"@type\":\"WebPage\",\"@id\":\"https:\/\/talkpal.ai\/sv\/vocabulary\/emotionell-vokabular-pa-det-katalanska-spraket\/\",\"url\":\"https:\/\/talkpal.ai\/sv\/vocabulary\/emotionell-vokabular-pa-det-katalanska-spraket\/\",\"name\":\"Emotionell vokabul\u00e4r p\u00e5 det katalanska spr\u00e5ket - Talkpal\",\"isPartOf\":{\"@id\":\"https:\/\/talkpal.ai\/sv\/#website\"},\"primaryImageOfPage\":{\"@id\":\"https:\/\/talkpal.ai\/sv\/vocabulary\/emotionell-vokabular-pa-det-katalanska-spraket\/#primaryimage\"},\"image\":{\"@id\":\"https:\/\/talkpal.ai\/sv\/vocabulary\/emotionell-vokabular-pa-det-katalanska-spraket\/#primaryimage\"},\"thumbnailUrl\":\"https:\/\/talkpal.ai\/wp-content\/uploads\/2025\/12\/pair-uses-headphones-to-learn-languages.webp\",\"datePublished\":\"2024-06-29T22:15:05+00:00\",\"dateModified\":\"2025-12-26T13:46:25+00:00\",\"description\":\"Att l\u00e4ra sig ett nytt spr\u00e5k inneb\u00e4r ofta att man l\u00e4r sig mer \u00e4n bara grammatik och ordf\u00f6rr\u00e5d. Det inneb\u00e4r ocks\u00e5 att dyka in i en ny kultur och f\u00f6rst\u00e5 hur\",\"breadcrumb\":{\"@id\":\"https:\/\/talkpal.ai\/sv\/vocabulary\/emotionell-vokabular-pa-det-katalanska-spraket\/#breadcrumb\"},\"inLanguage\":\"sv-SE\",\"potentialAction\":[{\"@type\":\"ReadAction\",\"target\":[\"https:\/\/talkpal.ai\/sv\/vocabulary\/emotionell-vokabular-pa-det-katalanska-spraket\/\"]}]},{\"@type\":\"ImageObject\",\"inLanguage\":\"sv-SE\",\"@id\":\"https:\/\/talkpal.ai\/sv\/vocabulary\/emotionell-vokabular-pa-det-katalanska-spraket\/#primaryimage\",\"url\":\"https:\/\/talkpal.ai\/wp-content\/uploads\/2025\/12\/pair-uses-headphones-to-learn-languages.webp\",\"contentUrl\":\"https:\/\/talkpal.ai\/wp-content\/uploads\/2025\/12\/pair-uses-headphones-to-learn-languages.webp\",\"width\":1200,\"height\":896,\"caption\":\"A pair of students wearing headphones looks surprised while learning languages in a library.\"},{\"@type\":\"BreadcrumbList\",\"@id\":\"https:\/\/talkpal.ai\/sv\/vocabulary\/emotionell-vokabular-pa-det-katalanska-spraket\/#breadcrumb\",\"itemListElement\":[{\"@type\":\"ListItem\",\"position\":1,\"name\":\"Homepage\",\"item\":\"https:\/\/talkpal.ai\/sv\/\"},{\"@type\":\"ListItem\",\"position\":2,\"name\":\"Emotionell vokabul\u00e4r p\u00e5 det katalanska spr\u00e5ket\"}]},{\"@type\":\"WebSite\",\"@id\":\"https:\/\/talkpal.ai\/sv\/#website\",\"url\":\"https:\/\/talkpal.ai\/sv\/\",\"name\":\"Talkpal\",\"description\":\"AI Language Learning\",\"publisher\":{\"@id\":\"https:\/\/talkpal.ai\/sv\/#organization\"},\"alternateName\":\"Talkpal AI\",\"potentialAction\":[{\"@type\":\"SearchAction\",\"target\":{\"@type\":\"EntryPoint\",\"urlTemplate\":\"https:\/\/talkpal.ai\/sv\/?s={search_term_string}\"},\"query-input\":{\"@type\":\"PropertyValueSpecification\",\"valueRequired\":true,\"valueName\":\"search_term_string\"}}],\"inLanguage\":\"sv-SE\"},{\"@type\":\"Organization\",\"@id\":\"https:\/\/talkpal.ai\/sv\/#organization\",\"name\":\"Talkpal, Inc.\",\"alternateName\":\"Talkpal AI\",\"url\":\"https:\/\/talkpal.ai\/sv\/\",\"logo\":{\"@type\":\"ImageObject\",\"inLanguage\":\"sv-SE\",\"@id\":\"https:\/\/talkpal.ai\/sv\/#\/schema\/logo\/image\/\",\"url\":\"https:\/\/talkpal.ai\/wp-content\/uploads\/2024\/03\/Talkpal-Logo-Icon.png\",\"contentUrl\":\"https:\/\/talkpal.ai\/wp-content\/uploads\/2024\/03\/Talkpal-Logo-Icon.png\",\"width\":2880,\"height\":2880,\"caption\":\"Talkpal, Inc.\"},\"image\":{\"@id\":\"https:\/\/talkpal.ai\/sv\/#\/schema\/logo\/image\/\"},\"sameAs\":[\"https:\/\/www.facebook.com\/profile.php?id=100090733639311\",\"https:\/\/x.com\/talkpalai\",\"https:\/\/www.linkedin.com\/company\/talkpal\/\",\"https:\/\/www.youtube.com\/@TalkPal\/\",\"https:\/\/www.tiktok.com\/@talkpal\",\"https:\/\/www.instagram.com\/talkpal_ai\/\",\"https:\/\/www.crunchbase.com\/organization\/talkpal-9cde\",\"https:\/\/www.g2.com\/products\/talkpal-for-business\/\",\"https:\/\/www.trustpilot.com\/review\/talkpal.ai\",\"https:\/\/www.capterra.com\/p\/10006800\/TalkPal\/\"],\"description\":\"Talkpal is a language learning web and mobile education app, powered by the latest AI technologies, that provides engaging experiences to its customers in many different languages to help them improve their language skills. Users can chat about unlimited amount of topics with the app and use other modes to practice their language learning.\",\"email\":\"support@talkpal.ai\",\"legalName\":\"Talkpal, Inc.\",\"foundingDate\":\"2023-04-03\",\"duns\":\"118989042\",\"numberOfEmployees\":{\"@type\":\"QuantitativeValue\",\"minValue\":\"11\",\"maxValue\":\"50\"},\"publishingPrinciples\":\"https:\/\/talkpal.ai\/publishing-principles\/\",\"actionableFeedbackPolicy\":\"https:\/\/talkpal.ai\/actionable-feedback-policy\/\",\"correctionsPolicy\":\"https:\/\/talkpal.ai\/corrections-policy\/\",\"ethicsPolicy\":\"https:\/\/talkpal.ai\/ethics-policy\/\",\"diversityPolicy\":\"https:\/\/talkpal.ai\/diversity-policy\/\",\"diversityStaffingReport\":\"https:\/\/talkpal.ai\/diversity-policy\/\"}]}<\/script>\n<!-- \/ Yoast SEO Premium plugin. -->","yoast_head_json":{"title":"Emotionell vokabul\u00e4r p\u00e5 det katalanska spr\u00e5ket - Talkpal","description":"Att l\u00e4ra sig ett nytt spr\u00e5k inneb\u00e4r ofta att man l\u00e4r sig mer \u00e4n bara grammatik och ordf\u00f6rr\u00e5d. Det inneb\u00e4r ocks\u00e5 att dyka in i en ny kultur och f\u00f6rst\u00e5 hur","robots":{"index":"index","follow":"follow","max-snippet":"max-snippet:-1","max-image-preview":"max-image-preview:large","max-video-preview":"max-video-preview:-1"},"canonical":"https:\/\/talkpal.ai\/sv\/vocabulary\/emotionell-vokabular-pa-det-katalanska-spraket\/","og_locale":"sv_SE","og_type":"article","og_title":"Emotionell vokabul\u00e4r p\u00e5 det katalanska spr\u00e5ket","og_description":"Att l\u00e4ra sig ett nytt spr\u00e5k inneb\u00e4r ofta att man l\u00e4r sig mer \u00e4n bara grammatik och ordf\u00f6rr\u00e5d. Det inneb\u00e4r ocks\u00e5 att dyka in i en ny kultur och f\u00f6rst\u00e5 hur","og_url":"https:\/\/talkpal.ai\/sv\/vocabulary\/emotionell-vokabular-pa-det-katalanska-spraket\/","og_site_name":"Talkpal","article_publisher":"https:\/\/www.facebook.com\/profile.php?id=100090733639311","article_modified_time":"2025-12-26T13:46:25+00:00","og_image":[{"width":1024,"height":1024,"url":"https:\/\/talkpal.ai\/wp-content\/uploads\/2024\/10\/talkpal_flat_illustration_of_a_employees_working_together_happi_c674ff77-e477-4e09-835a-01d30e561e99.png","type":"image\/png"}],"twitter_card":"summary_large_image","twitter_site":"@talkpalai","twitter_misc":{"Ber\u00e4knad l\u00e4stid":"6 minuter"},"schema":{"@context":"https:\/\/schema.org","@graph":[{"@type":"WebPage","@id":"https:\/\/talkpal.ai\/sv\/vocabulary\/emotionell-vokabular-pa-det-katalanska-spraket\/","url":"https:\/\/talkpal.ai\/sv\/vocabulary\/emotionell-vokabular-pa-det-katalanska-spraket\/","name":"Emotionell vokabul\u00e4r p\u00e5 det katalanska spr\u00e5ket - Talkpal","isPartOf":{"@id":"https:\/\/talkpal.ai\/sv\/#website"},"primaryImageOfPage":{"@id":"https:\/\/talkpal.ai\/sv\/vocabulary\/emotionell-vokabular-pa-det-katalanska-spraket\/#primaryimage"},"image":{"@id":"https:\/\/talkpal.ai\/sv\/vocabulary\/emotionell-vokabular-pa-det-katalanska-spraket\/#primaryimage"},"thumbnailUrl":"https:\/\/talkpal.ai\/wp-content\/uploads\/2025\/12\/pair-uses-headphones-to-learn-languages.webp","datePublished":"2024-06-29T22:15:05+00:00","dateModified":"2025-12-26T13:46:25+00:00","description":"Att l\u00e4ra sig ett nytt spr\u00e5k inneb\u00e4r ofta att man l\u00e4r sig mer \u00e4n bara grammatik och ordf\u00f6rr\u00e5d. Det inneb\u00e4r ocks\u00e5 att dyka in i en ny kultur och f\u00f6rst\u00e5 hur","breadcrumb":{"@id":"https:\/\/talkpal.ai\/sv\/vocabulary\/emotionell-vokabular-pa-det-katalanska-spraket\/#breadcrumb"},"inLanguage":"sv-SE","potentialAction":[{"@type":"ReadAction","target":["https:\/\/talkpal.ai\/sv\/vocabulary\/emotionell-vokabular-pa-det-katalanska-spraket\/"]}]},{"@type":"ImageObject","inLanguage":"sv-SE","@id":"https:\/\/talkpal.ai\/sv\/vocabulary\/emotionell-vokabular-pa-det-katalanska-spraket\/#primaryimage","url":"https:\/\/talkpal.ai\/wp-content\/uploads\/2025\/12\/pair-uses-headphones-to-learn-languages.webp","contentUrl":"https:\/\/talkpal.ai\/wp-content\/uploads\/2025\/12\/pair-uses-headphones-to-learn-languages.webp","width":1200,"height":896,"caption":"A pair of students wearing headphones looks surprised while learning languages in a library."},{"@type":"BreadcrumbList","@id":"https:\/\/talkpal.ai\/sv\/vocabulary\/emotionell-vokabular-pa-det-katalanska-spraket\/#breadcrumb","itemListElement":[{"@type":"ListItem","position":1,"name":"Homepage","item":"https:\/\/talkpal.ai\/sv\/"},{"@type":"ListItem","position":2,"name":"Emotionell vokabul\u00e4r p\u00e5 det katalanska spr\u00e5ket"}]},{"@type":"WebSite","@id":"https:\/\/talkpal.ai\/sv\/#website","url":"https:\/\/talkpal.ai\/sv\/","name":"Talkpal","description":"AI Language Learning","publisher":{"@id":"https:\/\/talkpal.ai\/sv\/#organization"},"alternateName":"Talkpal AI","potentialAction":[{"@type":"SearchAction","target":{"@type":"EntryPoint","urlTemplate":"https:\/\/talkpal.ai\/sv\/?s={search_term_string}"},"query-input":{"@type":"PropertyValueSpecification","valueRequired":true,"valueName":"search_term_string"}}],"inLanguage":"sv-SE"},{"@type":"Organization","@id":"https:\/\/talkpal.ai\/sv\/#organization","name":"Talkpal, Inc.","alternateName":"Talkpal AI","url":"https:\/\/talkpal.ai\/sv\/","logo":{"@type":"ImageObject","inLanguage":"sv-SE","@id":"https:\/\/talkpal.ai\/sv\/#\/schema\/logo\/image\/","url":"https:\/\/talkpal.ai\/wp-content\/uploads\/2024\/03\/Talkpal-Logo-Icon.png","contentUrl":"https:\/\/talkpal.ai\/wp-content\/uploads\/2024\/03\/Talkpal-Logo-Icon.png","width":2880,"height":2880,"caption":"Talkpal, Inc."},"image":{"@id":"https:\/\/talkpal.ai\/sv\/#\/schema\/logo\/image\/"},"sameAs":["https:\/\/www.facebook.com\/profile.php?id=100090733639311","https:\/\/x.com\/talkpalai","https:\/\/www.linkedin.com\/company\/talkpal\/","https:\/\/www.youtube.com\/@TalkPal\/","https:\/\/www.tiktok.com\/@talkpal","https:\/\/www.instagram.com\/talkpal_ai\/","https:\/\/www.crunchbase.com\/organization\/talkpal-9cde","https:\/\/www.g2.com\/products\/talkpal-for-business\/","https:\/\/www.trustpilot.com\/review\/talkpal.ai","https:\/\/www.capterra.com\/p\/10006800\/TalkPal\/"],"description":"Talkpal is a language learning web and mobile education app, powered by the latest AI technologies, that provides engaging experiences to its customers in many different languages to help them improve their language skills. Users can chat about unlimited amount of topics with the app and use other modes to practice their language learning.","email":"support@talkpal.ai","legalName":"Talkpal, Inc.","foundingDate":"2023-04-03","duns":"118989042","numberOfEmployees":{"@type":"QuantitativeValue","minValue":"11","maxValue":"50"},"publishingPrinciples":"https:\/\/talkpal.ai\/publishing-principles\/","actionableFeedbackPolicy":"https:\/\/talkpal.ai\/actionable-feedback-policy\/","correctionsPolicy":"https:\/\/talkpal.ai\/corrections-policy\/","ethicsPolicy":"https:\/\/talkpal.ai\/ethics-policy\/","diversityPolicy":"https:\/\/talkpal.ai\/diversity-policy\/","diversityStaffingReport":"https:\/\/talkpal.ai\/diversity-policy\/"}]}},"_links":{"self":[{"href":"https:\/\/talkpal.ai\/sv\/wp-json\/wp\/v2\/vocabulary\/857330","targetHints":{"allow":["GET"]}}],"collection":[{"href":"https:\/\/talkpal.ai\/sv\/wp-json\/wp\/v2\/vocabulary"}],"about":[{"href":"https:\/\/talkpal.ai\/sv\/wp-json\/wp\/v2\/types\/vocabulary"}],"wp:featuredmedia":[{"embeddable":true,"href":"https:\/\/talkpal.ai\/sv\/wp-json\/wp\/v2\/media\/1527825"}],"wp:attachment":[{"href":"https:\/\/talkpal.ai\/sv\/wp-json\/wp\/v2\/media?parent=857330"}],"wp:term":[{"taxonomy":"vocabulary_language","embeddable":true,"href":"https:\/\/talkpal.ai\/sv\/wp-json\/wp\/v2\/vocabulary_language?post=857330"}],"curies":[{"name":"wp","href":"https:\/\/api.w.org\/{rel}","templated":true}]}}