{"id":857277,"date":"2024-06-29T22:10:30","date_gmt":"2024-06-29T22:10:30","guid":{"rendered":"https:\/\/talkpal.ai\/vocabulary\/roliga-figurativa-uttryck-pa-det-katalanska-spraket\/"},"modified":"2024-06-29T22:10:30","modified_gmt":"2024-06-29T22:10:30","slug":"roliga-figurativa-uttryck-pa-det-katalanska-spraket","status":"publish","type":"vocabulary","link":"https:\/\/talkpal.ai\/sv\/vocabulary\/roliga-figurativa-uttryck-pa-det-katalanska-spraket\/","title":{"rendered":"Roliga figurativa uttryck p\u00e5 det katalanska spr\u00e5ket"},"content":{"rendered":"<p>Att l\u00e4ra sig ett nytt spr\u00e5k \u00e4r en fascinerande resa, och ett av de mest sp\u00e4nnande aspekterna \u00e4r att uppt\u00e4cka de figurativa uttrycken som ger spr\u00e5ket dess liv och karakt\u00e4r. <a href=\"https:\/\/talkpal.ai\/learn-catalan\/\">Katalanska<\/a>, ett spr\u00e5k som <a href=\"https:\/\/talkpal.ai\/locations\/language-courses-in-talas\/\">talas<\/a> i Katalonien, <a href=\"https:\/\/talkpal.ai\/locations\/language-courses-in-valencia\/\">Valencia<\/a> och Balearerna, \u00e4r inget undantag. Det \u00e4r fyllt med roliga och m\u00e5lande uttryck som kan f\u00f6rbrylla och underh\u00e5lla nyb\u00f6rjare. I denna artikel ska vi utforska n\u00e5gra av dessa uttryck och f\u00f6rklara deras betydelser och anv\u00e4ndningar.<\/p>\n<h2>Vad \u00e4r figurativa uttryck?<\/h2>\n<p>Figurativa uttryck, eller idiomatiska uttryck, \u00e4r fraser som inte kan \u00f6vers\u00e4ttas ordagrant till andra spr\u00e5k eftersom deras betydelse inte \u00e4r direkt kopplad till de enskilda orden. Dessa uttryck \u00e4r ofta kulturellt specifika och kan ge insikt i hur m\u00e4nniskor i en viss region t\u00e4nker och lever.<\/p>\n<h2>Katalanska uttryck som f\u00e5r dig att le<\/h2>\n<p>L\u00e5t <a href=\"https:\/\/talkpal.ai\/locations\/language-courses-in-oss\/\">oss<\/a> dyka in i n\u00e5gra av de mest charmiga och roliga katalanska uttrycken:<\/p>\n<h3>&#8221;Aix\u00f2 \u00e9s l\u2019\u00f2stia!&#8221;<\/h3>\n<p>Detta uttryck kan \u00f6vers\u00e4ttas till &#8221;Det h\u00e4r \u00e4r fantastiskt!&#8221; eller &#8221;Det h\u00e4r \u00e4r otroligt!&#8221;. Ordet &#8221;\u00f2stia&#8221; kommer fr\u00e5n det latinska ordet &#8221;hostia&#8221;, som betyder &#8221;offer&#8221; och anv\u00e4nds ocks\u00e5 f\u00f6r att referera till nattvardsg\u00e5vor inom den katolska kyrkan. I vardagligt katalanskt tal har det dock f\u00e5tt en mer f\u00e4rgstark betydelse och anv\u00e4nds f\u00f6r att uttrycka \u00f6verraskning eller beundran.<\/p>\n<h3>&#8221;Ploure a bots i barrals&#8221;<\/h3>\n<p>Detta uttryck betyder &#8221;att regna hinkar och tunnor&#8221;, vilket \u00e4r motsvarigheten till det <a href=\"https:\/\/talkpal.ai\/learn-swedish\/\">svenska<\/a> uttrycket &#8221;det regnar katter och hundar&#8221;. Det anv\u00e4nds f\u00f6r att beskriva ett kraftigt regnfall. Precis som p\u00e5 svenska, m\u00e5lar detta uttryck upp en bild av hur intensivt regnet \u00e4r.<\/p>\n<h3>&#8221;Fer el salt&#8221;<\/h3>\n<p>Att &#8221;g\u00f6ra ett hopp&#8221; kan l\u00e5ta positivt, men detta uttryck betyder att vara otrogen. Om n\u00e5gon s\u00e4ger att deras partner &#8221;ha fet el salt&#8221;, inneb\u00e4r det att partnern <a href=\"https:\/\/talkpal.ai\/culture\/when-do-i-use-har-varit-versus-var\/\">har varit<\/a> otrogen. Detta uttryck \u00e4r ett bra exempel p\u00e5 hur figurativa uttryck kan b\u00e4ra en betydelse som \u00e4r helt annorlunda \u00e4n vad de enskilda orden antyder.<\/p>\n<h3>&#8221;Ser faves comptades&#8221;<\/h3>\n<p>Bokstavligen \u00f6versatt betyder detta uttryck &#8221;att vara r\u00e4knade b\u00f6nor&#8221;. Det anv\u00e4nds f\u00f6r att beskriva n\u00e5got som \u00e4r mycket enkelt eller uppenbart. Det kan j\u00e4mf\u00f6ras med det svenska uttrycket &#8221;att vara en barnlek&#8221;. Om n\u00e5gon s\u00e4ger &#8221;Aix\u00f2 s\u00f3n faves comptades&#8221;, menar de att uppgiften eller situationen \u00e4r enkel och okomplicerad.<\/p>\n<h3>&#8221;Anar-se\u2019n en orris&#8221;<\/h3>\n<p>Detta uttryck betyder &#8221;att g\u00e5 \u00e5t skogen&#8221; eller &#8221;att misslyckas&#8221;. Om ett projekt eller en plan g\u00e5r helt fel, kan man s\u00e4ga att det &#8221;ha anat en orris&#8221;. Det \u00e4r ett anv\u00e4ndbart uttryck att k\u00e4nna till f\u00f6r att beskriva misslyckanden p\u00e5 ett f\u00e4rgstarkt s\u00e4tt.<\/p>\n<h2>Uttryck med djur<\/h2>\n<p>Djur \u00e4r ofta en k\u00e4lla till inspiration f\u00f6r figurativa uttryck, och katalanska har sin besk\u00e4rda del av dessa. H\u00e4r \u00e4r n\u00e5gra av de mest intressanta:<\/p>\n<h3>&#8221;Estar com una cabra&#8221;<\/h3>\n<p>Detta uttryck \u00f6vers\u00e4tts till &#8221;att vara som en get&#8221; och anv\u00e4nds f\u00f6r att beskriva n\u00e5gon som \u00e4r lite galen eller excentrisk. Precis som p\u00e5 svenska kan man s\u00e4ga &#8221;att vara som en get&#8221; f\u00f6r att m\u00e5la upp en bild av n\u00e5gon som beter sig p\u00e5 ett m\u00e4rkligt eller ovanligt s\u00e4tt.<\/p>\n<h3>&#8221;Tenir la pell de gallina&#8221;<\/h3>\n<p>Bokstavligen betyder detta &#8221;att ha h\u00f6nshud&#8221;, vilket motsvarar det svenska uttrycket &#8221;att f\u00e5 g\u00e5shud&#8221;. Det anv\u00e4nds f\u00f6r att beskriva den fysiska reaktionen n\u00e4r man blir r\u00e4dd eller starkt ber\u00f6rd av n\u00e5got. Detta \u00e4r ett av m\u00e5nga exempel p\u00e5 hur olika spr\u00e5k anv\u00e4nder olika djur f\u00f6r att beskriva liknande k\u00e4nslor.<\/p>\n<h3>&#8221;Fer el cor fort com un bou&#8221;<\/h3>\n<p>Detta uttryck betyder &#8221;att ha ett hj\u00e4rta starkt som en oxe&#8221; och anv\u00e4nds f\u00f6r att beskriva n\u00e5gon som \u00e4r mycket modig eller uth\u00e5llig. Precis som i m\u00e5nga andra kulturer, symboliserar oxen styrka och uth\u00e5llighet i katalanskan.<\/p>\n<h3>&#8221;Estar com un peix a l\u2019aigua&#8221;<\/h3>\n<p>\u00d6versatt betyder detta &#8221;att vara som en fisk i vattnet&#8221; och anv\u00e4nds f\u00f6r att beskriva n\u00e5gon som k\u00e4nner sig mycket bekv\u00e4m i en viss situation. Det \u00e4r motsvarigheten till det svenska uttrycket &#8221;att vara i sitt r\u00e4tta element&#8221;. Om n\u00e5gon \u00e4r &#8221;com un peix a l\u2019aigua&#8221;, \u00e4r de helt i sitt esse.<\/p>\n<h2>Matrelaterade uttryck<\/h2>\n<p>Mat \u00e4r en central del av m\u00e5nga kulturer, och katalanska \u00e4r inget undantag. H\u00e4r \u00e4r n\u00e5gra matrelaterade uttryck som kan vara b\u00e5de anv\u00e4ndbara och underh\u00e5llande:<\/p>\n<h3>&#8221;Ser m\u00e9s llest que la fam&#8221;<\/h3>\n<p>Detta uttryck betyder &#8221;att vara smartare \u00e4n hungern&#8221; och anv\u00e4nds f\u00f6r att beskriva n\u00e5gon som \u00e4r mycket smart eller slug. Precis som p\u00e5 svenska, d\u00e4r man kan s\u00e4ga att n\u00e5gon &#8221;\u00e4r smartare \u00e4n en genomsnittlig bj\u00f6rn&#8221;, anv\u00e4nder katalanskan hungern som en m\u00e5ttstock f\u00f6r intelligens.<\/p>\n<h3>&#8221;Anar de vint-i-un bot\u00f3&#8221;<\/h3>\n<p>Bokstavligen betyder detta &#8221;att g\u00e5 med tjugoen knappar&#8221; och anv\u00e4nds f\u00f6r att beskriva n\u00e5gon som \u00e4r mycket v\u00e4lkl\u00e4dd eller elegant. Det \u00e4r ett charmigt s\u00e4tt att s\u00e4ga att n\u00e5gon har kl\u00e4tt upp sig och ser mycket fin ut.<\/p>\n<h3>&#8221;Estar com un all&#8221;<\/h3>\n<p>Detta uttryck betyder &#8221;att vara som en vitl\u00f6k&#8221; och anv\u00e4nds f\u00f6r att beskriva n\u00e5gon som \u00e4r mycket frisk och energisk. Precis som vitl\u00f6ken \u00e4r en symbol f\u00f6r h\u00e4lsa i m\u00e5nga kulturer, anv\u00e4nds den i katalanskan f\u00f6r att beskriva n\u00e5gon som m\u00e5r bra och har mycket energi.<\/p>\n<h3>&#8221;Tenir molta barra&#8221;<\/h3>\n<p>Bokstavligen \u00f6versatt betyder detta &#8221;att ha mycket disk&#8221; och anv\u00e4nds f\u00f6r att beskriva n\u00e5gon som \u00e4r mycket fr\u00e4ck eller har mycket nerver. Om n\u00e5gon &#8221;t\u00e9 molta barra&#8221;, betyder det att de inte \u00e4r r\u00e4dda f\u00f6r att s\u00e4ga eller g\u00f6ra saker som andra kanske skulle tveka inf\u00f6r.<\/p>\n<h2>Uttryck med f\u00e4rg<\/h2>\n<p>F\u00e4rger spelar ocks\u00e5 en stor roll i m\u00e5nga idiomatiska uttryck. H\u00e4r \u00e4r n\u00e5gra f\u00e4rgglada exempel fr\u00e5n katalanskan:<\/p>\n<h3>&#8221;Veure-ho tot negre&#8221;<\/h3>\n<p>Detta uttryck betyder &#8221;att se allt svart&#8221; och anv\u00e4nds f\u00f6r att beskriva n\u00e5gon som \u00e4r mycket pessimistisk. Precis som p\u00e5 svenska, d\u00e4r man kan s\u00e4ga &#8221;att se allt i svart&#8221;, anv\u00e4nder katalanskan f\u00e4rgen svart f\u00f6r att beskriva en negativ syn p\u00e5 livet.<\/p>\n<h3>&#8221;Passar-les magres&#8221;<\/h3>\n<p>Bokstavligen betyder detta &#8221;att g\u00e5 igenom magra tider&#8221; och anv\u00e4nds f\u00f6r att beskriva en period av sv\u00e5righeter eller knapphet. Det kan j\u00e4mf\u00f6ras med det svenska uttrycket &#8221;att ha det k\u00e4rvt&#8221;. Om n\u00e5gon &#8221;les passa magres&#8221;, betyder det att de g\u00e5r igenom en sv\u00e5r period.<\/p>\n<h3>&#8221;Estar verd&#8221;<\/h3>\n<p>Detta uttryck betyder &#8221;att vara gr\u00f6n&#8221; och anv\u00e4nds f\u00f6r att beskriva n\u00e5gon som \u00e4r oerfaren eller inte redo f\u00f6r n\u00e5got. Precis som p\u00e5 svenska, d\u00e4r man kan s\u00e4ga &#8221;att vara gr\u00f6n bakom \u00f6ronen&#8221;, anv\u00e4nder katalanskan f\u00e4rgen gr\u00f6n f\u00f6r att beskriva n\u00e5gon som saknar erfarenhet.<\/p>\n<h3>&#8221;Donar-se-les de blau&#8221;<\/h3>\n<p>Bokstavligen \u00f6versatt betyder detta &#8221;att ge sig sj\u00e4lv bl\u00e5tt&#8221; och anv\u00e4nds f\u00f6r att beskriva n\u00e5gon som f\u00f6rs\u00f6ker framst\u00e5 som viktigare eller b\u00e4ttre \u00e4n de egentligen \u00e4r. Det kan j\u00e4mf\u00f6ras med det svenska uttrycket &#8221;att f\u00f6rs\u00f6ka bl\u00e5sa upp sig&#8221;. Om n\u00e5gon &#8221;se les d\u00f3na de blau&#8221;, betyder det att de f\u00f6rs\u00f6ker imponera p\u00e5 andra utan att ha t\u00e4ckning f\u00f6r det.<\/p>\n<h2>Uttryck med naturen<\/h2>\n<p>Naturen och dess element har alltid varit en rik k\u00e4lla till inspiration f\u00f6r idiomatiska uttryck. H\u00e4r \u00e4r n\u00e5gra exempel fr\u00e5n katalanskan:<\/p>\n<h3>&#8221;Fer una muntanya d\u2019un gra de sorra&#8221;<\/h3>\n<p>Detta uttryck betyder &#8221;att g\u00f6ra en berg av ett sandkorn&#8221; och anv\u00e4nds f\u00f6r att beskriva n\u00e5gon som \u00f6verdriver eller g\u00f6r en stor sak av n\u00e5got litet. Det \u00e4r motsvarigheten till det svenska uttrycket &#8221;att g\u00f6ra en h\u00f6na av en fj\u00e4der&#8221;. Om n\u00e5gon &#8221;fa una muntanya d\u2019un gra de sorra&#8221;, betyder det att de g\u00f6r en stor sak av n\u00e5got obetydligt.<\/p>\n<h3>&#8221;Estar entre l\u2019espasa i la paret&#8221;<\/h3>\n<p>Bokstavligen \u00f6versatt betyder detta &#8221;att vara mellan sv\u00e4rdet och v\u00e4ggen&#8221; och anv\u00e4nds f\u00f6r att beskriva en situation d\u00e4r man \u00e4r fast mellan tv\u00e5 sv\u00e5ra val. Det kan j\u00e4mf\u00f6ras med det svenska uttrycket &#8221;att vara mellan hammaren och st\u00e4det&#8221;. Om n\u00e5gon &#8221;est\u00e0 entre l\u2019espasa i la paret&#8221;, betyder det att de \u00e4r i en mycket sv\u00e5r situation.<\/p>\n<h3>&#8221;Ser un cul de sac&#8221;<\/h3>\n<p>Detta uttryck betyder &#8221;att vara en blindgata&#8221; och anv\u00e4nds f\u00f6r att beskriva en situation som inte leder n\u00e5gonstans eller inte har n\u00e5gon l\u00f6sning. Precis som p\u00e5 svenska, d\u00e4r man kan s\u00e4ga &#8221;att vara en \u00e5terv\u00e4ndsgr\u00e4nd&#8221;, anv\u00e4nder katalanskan detta uttryck f\u00f6r att beskriva en hoppl\u00f6s situation.<\/p>\n<h3>&#8221;Tenir el cap als n\u00favols&#8221;<\/h3>\n<p>Bokstavligen betyder detta &#8221;att ha huvudet i molnen&#8221; och anv\u00e4nds f\u00f6r att beskriva n\u00e5gon som \u00e4r distr\u00e4 eller dr\u00f6mmande. Precis som p\u00e5 svenska, d\u00e4r man kan s\u00e4ga &#8221;att ha huvudet i molnen&#8221;, anv\u00e4nder katalanskan detta uttryck f\u00f6r att beskriva n\u00e5gon som inte \u00e4r helt n\u00e4rvarande eller realistisk.<\/p>\n<h2>Slutsats<\/h2>\n<p>Att l\u00e4ra sig ett spr\u00e5k handlar inte bara om att f\u00f6rst\u00e5 grammatik och ordf\u00f6rr\u00e5d, utan ocks\u00e5 om att dyka in i de kulturella nyanserna som ger spr\u00e5ket dess sj\u00e4l. Katalanska, med sina rika och f\u00e4rgstarka idiomatiska uttryck, \u00e4r ett utm\u00e4rkt exempel p\u00e5 hur spr\u00e5k kan vara b\u00e5de roligt och insiktsfullt. Genom att f\u00f6rst\u00e5 och anv\u00e4nda dessa uttryck, kan du inte bara f\u00f6rb\u00e4ttra din spr\u00e5kliga kompetens, utan ocks\u00e5 f\u00e5 en djupare f\u00f6rst\u00e5else f\u00f6r den katalanska kulturen.<\/p>\n<p>S\u00e5 n\u00e4sta g\u00e5ng du l\u00e4r dig ett nytt uttryck p\u00e5 katalanska, t\u00e4nk p\u00e5 dess bildspr\u00e5k och kulturella kontext. Det kommer inte bara att g\u00f6ra ditt spr\u00e5kbruk mer autentiskt, utan ocks\u00e5 ge dig en rikare och mer nyanserad f\u00f6rst\u00e5else av detta vackra spr\u00e5k.<\/p>\n","protected":false},"featured_media":1527873,"template":"","vocabulary_language":[4179],"class_list":["post-857277","vocabulary","type-vocabulary","status-publish","has-post-thumbnail","hentry","vocabulary_language-katalanska"],"acf":[],"yoast_head":"<!-- This site is optimized with the Yoast SEO Premium plugin v27.2 (Yoast SEO v27.2) - https:\/\/yoast.com\/product\/yoast-seo-premium-wordpress\/ -->\n<title>Roliga figurativa uttryck p\u00e5 det katalanska spr\u00e5ket - Talkpal<\/title>\n<meta name=\"description\" content=\"Att l\u00e4ra sig ett nytt spr\u00e5k \u00e4r en fascinerande resa, och ett av de mest sp\u00e4nnande aspekterna \u00e4r att uppt\u00e4cka de figurativa uttrycken som ger spr\u00e5ket dess\" \/>\n<meta name=\"robots\" content=\"index, follow, max-snippet:-1, max-image-preview:large, max-video-preview:-1\" \/>\n<link rel=\"canonical\" href=\"https:\/\/talkpal.ai\/sv\/vocabulary\/roliga-figurativa-uttryck-pa-det-katalanska-spraket\/\" \/>\n<meta property=\"og:locale\" content=\"sv_SE\" \/>\n<meta property=\"og:type\" content=\"article\" \/>\n<meta property=\"og:title\" content=\"Roliga figurativa uttryck p\u00e5 det katalanska spr\u00e5ket\" \/>\n<meta property=\"og:description\" content=\"Att l\u00e4ra sig ett nytt spr\u00e5k \u00e4r en fascinerande resa, och ett av de mest sp\u00e4nnande aspekterna \u00e4r att uppt\u00e4cka de figurativa uttrycken som ger spr\u00e5ket dess\" \/>\n<meta property=\"og:url\" content=\"https:\/\/talkpal.ai\/sv\/vocabulary\/roliga-figurativa-uttryck-pa-det-katalanska-spraket\/\" \/>\n<meta property=\"og:site_name\" content=\"Talkpal\" \/>\n<meta property=\"article:publisher\" content=\"https:\/\/www.facebook.com\/profile.php?id=100090733639311\" \/>\n<meta property=\"og:image\" content=\"https:\/\/talkpal.ai\/wp-content\/uploads\/2024\/10\/talkpal_flat_illustration_of_a_employees_working_together_happi_c674ff77-e477-4e09-835a-01d30e561e99.png\" \/>\n\t<meta property=\"og:image:width\" content=\"1024\" \/>\n\t<meta property=\"og:image:height\" content=\"1024\" \/>\n\t<meta property=\"og:image:type\" content=\"image\/png\" \/>\n<meta name=\"twitter:card\" content=\"summary_large_image\" \/>\n<meta name=\"twitter:site\" content=\"@talkpalai\" \/>\n<meta name=\"twitter:label1\" content=\"Ber\u00e4knad l\u00e4stid\" \/>\n\t<meta name=\"twitter:data1\" content=\"9 minuter\" \/>\n<script type=\"application\/ld+json\" class=\"yoast-schema-graph\">{\"@context\":\"https:\/\/schema.org\",\"@graph\":[{\"@type\":\"WebPage\",\"@id\":\"https:\/\/talkpal.ai\/sv\/vocabulary\/roliga-figurativa-uttryck-pa-det-katalanska-spraket\/\",\"url\":\"https:\/\/talkpal.ai\/sv\/vocabulary\/roliga-figurativa-uttryck-pa-det-katalanska-spraket\/\",\"name\":\"Roliga figurativa uttryck p\u00e5 det katalanska spr\u00e5ket - Talkpal\",\"isPartOf\":{\"@id\":\"https:\/\/talkpal.ai\/sv\/#website\"},\"primaryImageOfPage\":{\"@id\":\"https:\/\/talkpal.ai\/sv\/vocabulary\/roliga-figurativa-uttryck-pa-det-katalanska-spraket\/#primaryimage\"},\"image\":{\"@id\":\"https:\/\/talkpal.ai\/sv\/vocabulary\/roliga-figurativa-uttryck-pa-det-katalanska-spraket\/#primaryimage\"},\"thumbnailUrl\":\"https:\/\/talkpal.ai\/wp-content\/uploads\/2025\/12\/practicing-lessons-to-learn-languages-daily.webp\",\"datePublished\":\"2024-06-29T22:10:30+00:00\",\"description\":\"Att l\u00e4ra sig ett nytt spr\u00e5k \u00e4r en fascinerande resa, och ett av de mest sp\u00e4nnande aspekterna \u00e4r att uppt\u00e4cka de figurativa uttrycken som ger spr\u00e5ket dess\",\"breadcrumb\":{\"@id\":\"https:\/\/talkpal.ai\/sv\/vocabulary\/roliga-figurativa-uttryck-pa-det-katalanska-spraket\/#breadcrumb\"},\"inLanguage\":\"sv-SE\",\"potentialAction\":[{\"@type\":\"ReadAction\",\"target\":[\"https:\/\/talkpal.ai\/sv\/vocabulary\/roliga-figurativa-uttryck-pa-det-katalanska-spraket\/\"]}]},{\"@type\":\"ImageObject\",\"inLanguage\":\"sv-SE\",\"@id\":\"https:\/\/talkpal.ai\/sv\/vocabulary\/roliga-figurativa-uttryck-pa-det-katalanska-spraket\/#primaryimage\",\"url\":\"https:\/\/talkpal.ai\/wp-content\/uploads\/2025\/12\/practicing-lessons-to-learn-languages-daily.webp\",\"contentUrl\":\"https:\/\/talkpal.ai\/wp-content\/uploads\/2025\/12\/practicing-lessons-to-learn-languages-daily.webp\",\"width\":1200,\"height\":896,\"caption\":\"A boy in a hoodie writes in a workbook while learning languages at a table during sunset.\"},{\"@type\":\"BreadcrumbList\",\"@id\":\"https:\/\/talkpal.ai\/sv\/vocabulary\/roliga-figurativa-uttryck-pa-det-katalanska-spraket\/#breadcrumb\",\"itemListElement\":[{\"@type\":\"ListItem\",\"position\":1,\"name\":\"Homepage\",\"item\":\"https:\/\/talkpal.ai\/sv\/\"},{\"@type\":\"ListItem\",\"position\":2,\"name\":\"Roliga figurativa uttryck p\u00e5 det katalanska spr\u00e5ket\"}]},{\"@type\":\"WebSite\",\"@id\":\"https:\/\/talkpal.ai\/sv\/#website\",\"url\":\"https:\/\/talkpal.ai\/sv\/\",\"name\":\"Talkpal\",\"description\":\"AI Language Learning\",\"publisher\":{\"@id\":\"https:\/\/talkpal.ai\/sv\/#organization\"},\"alternateName\":\"Talkpal AI\",\"potentialAction\":[{\"@type\":\"SearchAction\",\"target\":{\"@type\":\"EntryPoint\",\"urlTemplate\":\"https:\/\/talkpal.ai\/sv\/?s={search_term_string}\"},\"query-input\":{\"@type\":\"PropertyValueSpecification\",\"valueRequired\":true,\"valueName\":\"search_term_string\"}}],\"inLanguage\":\"sv-SE\"},{\"@type\":\"Organization\",\"@id\":\"https:\/\/talkpal.ai\/sv\/#organization\",\"name\":\"Talkpal, Inc.\",\"alternateName\":\"Talkpal AI\",\"url\":\"https:\/\/talkpal.ai\/sv\/\",\"logo\":{\"@type\":\"ImageObject\",\"inLanguage\":\"sv-SE\",\"@id\":\"https:\/\/talkpal.ai\/sv\/#\/schema\/logo\/image\/\",\"url\":\"https:\/\/talkpal.ai\/wp-content\/uploads\/2024\/03\/Talkpal-Logo-Icon.png\",\"contentUrl\":\"https:\/\/talkpal.ai\/wp-content\/uploads\/2024\/03\/Talkpal-Logo-Icon.png\",\"width\":2880,\"height\":2880,\"caption\":\"Talkpal, Inc.\"},\"image\":{\"@id\":\"https:\/\/talkpal.ai\/sv\/#\/schema\/logo\/image\/\"},\"sameAs\":[\"https:\/\/www.facebook.com\/profile.php?id=100090733639311\",\"https:\/\/x.com\/talkpalai\",\"https:\/\/www.linkedin.com\/company\/talkpal\/\",\"https:\/\/www.youtube.com\/@TalkPal\/\",\"https:\/\/www.tiktok.com\/@talkpal\",\"https:\/\/www.instagram.com\/talkpal_ai\/\",\"https:\/\/www.crunchbase.com\/organization\/talkpal-9cde\",\"https:\/\/www.g2.com\/products\/talkpal-for-business\/\",\"https:\/\/www.trustpilot.com\/review\/talkpal.ai\",\"https:\/\/www.capterra.com\/p\/10006800\/TalkPal\/\"],\"description\":\"Talkpal is a language learning web and mobile education app, powered by the latest AI technologies, that provides engaging experiences to its customers in many different languages to help them improve their language skills. Users can chat about unlimited amount of topics with the app and use other modes to practice their language learning.\",\"email\":\"support@talkpal.ai\",\"legalName\":\"Talkpal, Inc.\",\"foundingDate\":\"2023-04-03\",\"duns\":\"118989042\",\"numberOfEmployees\":{\"@type\":\"QuantitativeValue\",\"minValue\":\"11\",\"maxValue\":\"50\"},\"publishingPrinciples\":\"https:\/\/talkpal.ai\/publishing-principles\/\",\"actionableFeedbackPolicy\":\"https:\/\/talkpal.ai\/actionable-feedback-policy\/\",\"correctionsPolicy\":\"https:\/\/talkpal.ai\/corrections-policy\/\",\"ethicsPolicy\":\"https:\/\/talkpal.ai\/ethics-policy\/\",\"diversityPolicy\":\"https:\/\/talkpal.ai\/diversity-policy\/\",\"diversityStaffingReport\":\"https:\/\/talkpal.ai\/diversity-policy\/\"}]}<\/script>\n<!-- \/ Yoast SEO Premium plugin. -->","yoast_head_json":{"title":"Roliga figurativa uttryck p\u00e5 det katalanska spr\u00e5ket - Talkpal","description":"Att l\u00e4ra sig ett nytt spr\u00e5k \u00e4r en fascinerande resa, och ett av de mest sp\u00e4nnande aspekterna \u00e4r att uppt\u00e4cka de figurativa uttrycken som ger spr\u00e5ket dess","robots":{"index":"index","follow":"follow","max-snippet":"max-snippet:-1","max-image-preview":"max-image-preview:large","max-video-preview":"max-video-preview:-1"},"canonical":"https:\/\/talkpal.ai\/sv\/vocabulary\/roliga-figurativa-uttryck-pa-det-katalanska-spraket\/","og_locale":"sv_SE","og_type":"article","og_title":"Roliga figurativa uttryck p\u00e5 det katalanska spr\u00e5ket","og_description":"Att l\u00e4ra sig ett nytt spr\u00e5k \u00e4r en fascinerande resa, och ett av de mest sp\u00e4nnande aspekterna \u00e4r att uppt\u00e4cka de figurativa uttrycken som ger spr\u00e5ket dess","og_url":"https:\/\/talkpal.ai\/sv\/vocabulary\/roliga-figurativa-uttryck-pa-det-katalanska-spraket\/","og_site_name":"Talkpal","article_publisher":"https:\/\/www.facebook.com\/profile.php?id=100090733639311","og_image":[{"width":1024,"height":1024,"url":"https:\/\/talkpal.ai\/wp-content\/uploads\/2024\/10\/talkpal_flat_illustration_of_a_employees_working_together_happi_c674ff77-e477-4e09-835a-01d30e561e99.png","type":"image\/png"}],"twitter_card":"summary_large_image","twitter_site":"@talkpalai","twitter_misc":{"Ber\u00e4knad l\u00e4stid":"9 minuter"},"schema":{"@context":"https:\/\/schema.org","@graph":[{"@type":"WebPage","@id":"https:\/\/talkpal.ai\/sv\/vocabulary\/roliga-figurativa-uttryck-pa-det-katalanska-spraket\/","url":"https:\/\/talkpal.ai\/sv\/vocabulary\/roliga-figurativa-uttryck-pa-det-katalanska-spraket\/","name":"Roliga figurativa uttryck p\u00e5 det katalanska spr\u00e5ket - Talkpal","isPartOf":{"@id":"https:\/\/talkpal.ai\/sv\/#website"},"primaryImageOfPage":{"@id":"https:\/\/talkpal.ai\/sv\/vocabulary\/roliga-figurativa-uttryck-pa-det-katalanska-spraket\/#primaryimage"},"image":{"@id":"https:\/\/talkpal.ai\/sv\/vocabulary\/roliga-figurativa-uttryck-pa-det-katalanska-spraket\/#primaryimage"},"thumbnailUrl":"https:\/\/talkpal.ai\/wp-content\/uploads\/2025\/12\/practicing-lessons-to-learn-languages-daily.webp","datePublished":"2024-06-29T22:10:30+00:00","description":"Att l\u00e4ra sig ett nytt spr\u00e5k \u00e4r en fascinerande resa, och ett av de mest sp\u00e4nnande aspekterna \u00e4r att uppt\u00e4cka de figurativa uttrycken som ger spr\u00e5ket dess","breadcrumb":{"@id":"https:\/\/talkpal.ai\/sv\/vocabulary\/roliga-figurativa-uttryck-pa-det-katalanska-spraket\/#breadcrumb"},"inLanguage":"sv-SE","potentialAction":[{"@type":"ReadAction","target":["https:\/\/talkpal.ai\/sv\/vocabulary\/roliga-figurativa-uttryck-pa-det-katalanska-spraket\/"]}]},{"@type":"ImageObject","inLanguage":"sv-SE","@id":"https:\/\/talkpal.ai\/sv\/vocabulary\/roliga-figurativa-uttryck-pa-det-katalanska-spraket\/#primaryimage","url":"https:\/\/talkpal.ai\/wp-content\/uploads\/2025\/12\/practicing-lessons-to-learn-languages-daily.webp","contentUrl":"https:\/\/talkpal.ai\/wp-content\/uploads\/2025\/12\/practicing-lessons-to-learn-languages-daily.webp","width":1200,"height":896,"caption":"A boy in a hoodie writes in a workbook while learning languages at a table during sunset."},{"@type":"BreadcrumbList","@id":"https:\/\/talkpal.ai\/sv\/vocabulary\/roliga-figurativa-uttryck-pa-det-katalanska-spraket\/#breadcrumb","itemListElement":[{"@type":"ListItem","position":1,"name":"Homepage","item":"https:\/\/talkpal.ai\/sv\/"},{"@type":"ListItem","position":2,"name":"Roliga figurativa uttryck p\u00e5 det katalanska spr\u00e5ket"}]},{"@type":"WebSite","@id":"https:\/\/talkpal.ai\/sv\/#website","url":"https:\/\/talkpal.ai\/sv\/","name":"Talkpal","description":"AI Language Learning","publisher":{"@id":"https:\/\/talkpal.ai\/sv\/#organization"},"alternateName":"Talkpal AI","potentialAction":[{"@type":"SearchAction","target":{"@type":"EntryPoint","urlTemplate":"https:\/\/talkpal.ai\/sv\/?s={search_term_string}"},"query-input":{"@type":"PropertyValueSpecification","valueRequired":true,"valueName":"search_term_string"}}],"inLanguage":"sv-SE"},{"@type":"Organization","@id":"https:\/\/talkpal.ai\/sv\/#organization","name":"Talkpal, Inc.","alternateName":"Talkpal AI","url":"https:\/\/talkpal.ai\/sv\/","logo":{"@type":"ImageObject","inLanguage":"sv-SE","@id":"https:\/\/talkpal.ai\/sv\/#\/schema\/logo\/image\/","url":"https:\/\/talkpal.ai\/wp-content\/uploads\/2024\/03\/Talkpal-Logo-Icon.png","contentUrl":"https:\/\/talkpal.ai\/wp-content\/uploads\/2024\/03\/Talkpal-Logo-Icon.png","width":2880,"height":2880,"caption":"Talkpal, Inc."},"image":{"@id":"https:\/\/talkpal.ai\/sv\/#\/schema\/logo\/image\/"},"sameAs":["https:\/\/www.facebook.com\/profile.php?id=100090733639311","https:\/\/x.com\/talkpalai","https:\/\/www.linkedin.com\/company\/talkpal\/","https:\/\/www.youtube.com\/@TalkPal\/","https:\/\/www.tiktok.com\/@talkpal","https:\/\/www.instagram.com\/talkpal_ai\/","https:\/\/www.crunchbase.com\/organization\/talkpal-9cde","https:\/\/www.g2.com\/products\/talkpal-for-business\/","https:\/\/www.trustpilot.com\/review\/talkpal.ai","https:\/\/www.capterra.com\/p\/10006800\/TalkPal\/"],"description":"Talkpal is a language learning web and mobile education app, powered by the latest AI technologies, that provides engaging experiences to its customers in many different languages to help them improve their language skills. Users can chat about unlimited amount of topics with the app and use other modes to practice their language learning.","email":"support@talkpal.ai","legalName":"Talkpal, Inc.","foundingDate":"2023-04-03","duns":"118989042","numberOfEmployees":{"@type":"QuantitativeValue","minValue":"11","maxValue":"50"},"publishingPrinciples":"https:\/\/talkpal.ai\/publishing-principles\/","actionableFeedbackPolicy":"https:\/\/talkpal.ai\/actionable-feedback-policy\/","correctionsPolicy":"https:\/\/talkpal.ai\/corrections-policy\/","ethicsPolicy":"https:\/\/talkpal.ai\/ethics-policy\/","diversityPolicy":"https:\/\/talkpal.ai\/diversity-policy\/","diversityStaffingReport":"https:\/\/talkpal.ai\/diversity-policy\/"}]}},"_links":{"self":[{"href":"https:\/\/talkpal.ai\/sv\/wp-json\/wp\/v2\/vocabulary\/857277","targetHints":{"allow":["GET"]}}],"collection":[{"href":"https:\/\/talkpal.ai\/sv\/wp-json\/wp\/v2\/vocabulary"}],"about":[{"href":"https:\/\/talkpal.ai\/sv\/wp-json\/wp\/v2\/types\/vocabulary"}],"wp:featuredmedia":[{"embeddable":true,"href":"https:\/\/talkpal.ai\/sv\/wp-json\/wp\/v2\/media\/1527873"}],"wp:attachment":[{"href":"https:\/\/talkpal.ai\/sv\/wp-json\/wp\/v2\/media?parent=857277"}],"wp:term":[{"taxonomy":"vocabulary_language","embeddable":true,"href":"https:\/\/talkpal.ai\/sv\/wp-json\/wp\/v2\/vocabulary_language?post=857277"}],"curies":[{"name":"wp","href":"https:\/\/api.w.org\/{rel}","templated":true}]}}