{"id":856609,"date":"2024-06-29T21:14:51","date_gmt":"2024-06-29T21:14:51","guid":{"rendered":"https:\/\/talkpal.ai\/vocabulary\/galiciska-ord-att-kanna-till-for-mellanniva\/"},"modified":"2024-06-29T21:14:51","modified_gmt":"2024-06-29T21:14:51","slug":"galiciska-ord-att-kanna-till-for-mellanniva","status":"publish","type":"vocabulary","link":"https:\/\/talkpal.ai\/sv\/vocabulary\/galiciska-ord-att-kanna-till-for-mellanniva\/","title":{"rendered":"Galiciska ord att k\u00e4nna till f\u00f6r mellanniv\u00e5"},"content":{"rendered":"<p>Att l\u00e4ra sig ett nytt spr\u00e5k kan vara en utmanande men ocks\u00e5 mycket givande upplevelse. <a href=\"https:\/\/talkpal.ai\/learn-galician\/\">Galiciska<\/a>, ett spr\u00e5k som <a href=\"https:\/\/talkpal.ai\/locations\/language-courses-in-talas\/\">talas<\/a> i regionen <a href=\"https:\/\/talkpal.ai\/learn-galician\/\">Galicien<\/a> i nordv\u00e4stra Spanien, erbjuder en rik kultur och historia som g\u00f6r spr\u00e5kinl\u00e4rningen \u00e4nnu mer fascinerande. F\u00f6r dem som <a href=\"https:\/\/talkpal.ai\/locations\/learn-english-in-redan\/\">redan<\/a> har en grundl\u00e4ggande f\u00f6rst\u00e5else f\u00f6r galiciska och vill ta sitt ordf\u00f6rr\u00e5d till n\u00e4sta niv\u00e5, \u00e4r det viktigt att k\u00e4nna till n\u00e5gra mellanniv\u00e5ord och uttryck. <a href=\"https:\/\/talkpal.ai\/culture\/how-do-i-use-den-har-and-det-har\/\">Den h\u00e4r<\/a> artikeln kommer att utforska en rad galiciska ord och fraser som kan hj\u00e4lpa dig att kommunicera mer effektivt och f\u00f6rst\u00e5 spr\u00e5ket b\u00e4ttre.<\/p>\n<h2>Vanliga Mellanniv\u00e5ord p\u00e5 Galiciska<\/h2>\n<p>Att ut\u00f6ka sitt ordf\u00f6rr\u00e5d \u00e4r avg\u00f6rande f\u00f6r att bli flytande i ett nytt spr\u00e5k. H\u00e4r \u00e4r n\u00e5gra galiciska ord som kan vara s\u00e4rskilt anv\u00e4ndbara f\u00f6r mellanniv\u00e5elever.<\/p>\n<h3>Substantiv<\/h3>\n<p>1. <b>Costume<\/b> &#8211; &#8221;Kostym&#8221; eller &#8221;dr\u00e4kt&#8221;. Detta ord anv\u00e4nds ofta i formella sammanhang eller n\u00e4r man beskriver traditionella dr\u00e4kter.<\/p>\n<p>2. <b>Ferramenta<\/b> &#8211; &#8221;Verktyg&#8221;. Ett viktigt ord f\u00f6r alla som gillar att arbeta med h\u00e4nderna eller \u00e4r intresserade av g\u00f6r-det-sj\u00e4lv-projekt.<\/p>\n<p>3. <b>Biblioteca<\/b> &#8211; &#8221;Bibliotek&#8221;. En plats d\u00e4r du kan l\u00e5na b\u00f6cker och andra resurser f\u00f6r att f\u00f6rb\u00e4ttra din galiciska.<\/p>\n<p>4. <b>Amizade<\/b> &#8211; &#8221;V\u00e4nskap&#8221;. Ett grundl\u00e4ggande begrepp i <a href=\"https:\/\/talkpal.ai\/fr\/langues\/\">alla spr\u00e5k<\/a> och kulturer.<\/p>\n<p>5. <b>Sa\u00fade<\/b> &#8211; &#8221;H\u00e4lsa&#8221;. Ett viktigt ord, speciellt i dessa tider d\u00e5 h\u00e4lsa och v\u00e4lm\u00e5ende \u00e4r i fokus.<\/p>\n<h3>Verb<\/h3>\n<p>1. <b>Aprender<\/b> &#8211; &#8221;Att l\u00e4ra sig&#8221;. Ett verb som du kommer att anv\u00e4nda ofta n\u00e4r du pratar om din spr\u00e5kinl\u00e4rningsresa.<\/p>\n<p>2. <b>Compreender<\/b> &#8211; &#8221;Att f\u00f6rst\u00e5&#8221;. Att f\u00f6rst\u00e5 \u00e4r nyckeln till att bem\u00e4stra ett nytt spr\u00e5k.<\/p>\n<p>3. <b>Viaxar<\/b> &#8211; &#8221;Att resa&#8221;. Galicien \u00e4r en vacker region, och detta verb kan vara mycket anv\u00e4ndbart n\u00e4r du planerar att utforska omr\u00e5det.<\/p>\n<p>4. <b>Escribir<\/b> &#8211; &#8221;Att skriva&#8221;. Ett viktigt verb f\u00f6r alla som vill f\u00f6rb\u00e4ttra sina skriftliga f\u00e4rdigheter p\u00e5 galiciska.<\/p>\n<p>5. <b>Coci\u00f1ar<\/b> &#8211; &#8221;Att laga mat&#8221;. Mat \u00e4r en stor del av kulturen, och detta verb kommer att hj\u00e4lpa dig att <a href=\"https:\/\/talkpal.ai\/locations\/language-courses-in-prata\/\">prata<\/a> om galiciska r\u00e4tter och recept.<\/p>\n<h3>Adjektiv<\/h3>\n<p>1. <b>Bonito\/a<\/b> &#8211; &#8221;Vacker&#8221;. Ett vanligt adjektiv som anv\u00e4nds f\u00f6r att beskriva m\u00e4nniskor, platser och saker.<\/p>\n<p>2. <b>Dif\u00edcil<\/b> &#8211; &#8221;Sv\u00e5r&#8221;. Att beskriva n\u00e5got som \u00e4r utmanande eller komplicerat.<\/p>\n<p>3. <b>Interesante<\/b> &#8211; &#8221;Intressant&#8221;. Ett <a href=\"https:\/\/talkpal.ai\/locations\/learn-english-in-bra\/\">bra<\/a> ord att anv\u00e4nda n\u00e4r du vill uttrycka ditt intresse f\u00f6r n\u00e5got.<\/p>\n<p>4. <b>Lento\/a<\/b> &#8211; &#8221;L\u00e5ngsam&#8221;. Anv\u00e4nds f\u00f6r att beskriva n\u00e5got som inte g\u00e5r fort.<\/p>\n<p>5. <b>R\u00e1pido\/a<\/b> &#8211; &#8221;Snabb&#8221;. Motsatsen till l\u00e5ngsam, och mycket anv\u00e4ndbart i m\u00e5nga sammanhang.<\/p>\n<h2>Uttryck och Fraser<\/h2>\n<p>Ut\u00f6ver enskilda ord \u00e4r det ocks\u00e5 viktigt att l\u00e4ra sig n\u00e5gra vanliga uttryck och fraser som anv\u00e4nds i dagligt tal. H\u00e4r \u00e4r n\u00e5gra exempel som kan vara s\u00e4rskilt anv\u00e4ndbara.<\/p>\n<h3>H\u00e4lsningsfraser<\/h3>\n<p>1. <b>Bo d\u00eda<\/b> &#8211; &#8221;God dag&#8221;. En vanlig h\u00e4lsning som anv\u00e4nds under dagen.<\/p>\n<p>2. <b>Boas noites<\/b> &#8211; &#8221;God natt&#8221;. Anv\u00e4nds n\u00e4r man s\u00e4ger adj\u00f6 p\u00e5 kv\u00e4llen eller innan man g\u00e5r och l\u00e4gger sig.<\/p>\n<p>3. <b>Que tal?<\/b> &#8211; &#8221;Hur m\u00e5r du?&#8221;. En vanlig fr\u00e5ga n\u00e4r man vill veta hur n\u00e5gon m\u00e5r.<\/p>\n<p>4. <b>Ben, grazas<\/b> &#8211; &#8221;Bra, tack&#8221;. Ett enkelt svar n\u00e4r n\u00e5gon fr\u00e5gar hur du m\u00e5r.<\/p>\n<p>5. <b>At\u00e9 logo<\/b> &#8211; &#8221;Vi ses senare&#8221;. En avslappnad fras f\u00f6r att s\u00e4ga adj\u00f6.<\/p>\n<h3>Fr\u00e5gor och Svar<\/h3>\n<p>1. <b>Onde est\u00e1&#8230;?<\/b> &#8211; &#8221;Var \u00e4r&#8230;?&#8221;. En mycket anv\u00e4ndbar fras n\u00e4r du letar efter n\u00e5got eller n\u00e5gon.<\/p>\n<p>2. <b>Como te chamas?<\/b> &#8211; &#8221;Vad heter du?&#8221;. En grundl\u00e4ggande fr\u00e5ga f\u00f6r att l\u00e4ra k\u00e4nna n\u00e5gon.<\/p>\n<p>3. <b>Que fas?<\/b> &#8211; &#8221;Vad g\u00f6r du?&#8221;. En fr\u00e5ga som kan \u00f6ppna upp f\u00f6r vidare samtal.<\/p>\n<p>4. <b>Por favor<\/b> &#8211; &#8221;Sn\u00e4lla&#8221;. Ett artigt ord som \u00e4r bra att anv\u00e4nda i m\u00e5nga sammanhang.<\/p>\n<p>5. <b>Grazas<\/b> &#8211; &#8221;Tack&#8221;. Ett grundl\u00e4ggande ord f\u00f6r att uttrycka tacksamhet.<\/p>\n<h2>Att F\u00f6rst\u00e5 och Anv\u00e4nda Galiciska i Sammanhang<\/h2>\n<p>F\u00f6r att verkligen bem\u00e4stra ett spr\u00e5k \u00e4r det viktigt att kunna anv\u00e4nda det i olika sammanhang. H\u00e4r \u00e4r n\u00e5gra exempel p\u00e5 hur du kan anv\u00e4nda de ovan n\u00e4mnda orden och fraserna i konversationer och andra situationer.<\/p>\n<h3>Konversationer<\/h3>\n<p>Att delta i konversationer \u00e4r ett utm\u00e4rkt s\u00e4tt att f\u00f6rb\u00e4ttra din galiciska. H\u00e4r \u00e4r ett exempel p\u00e5 en enkel konversation som anv\u00e4nder n\u00e5gra av de ord och fraser vi har diskuterat.<\/p>\n<p>Person 1: Bo d\u00eda! Que tal?<br \/>\nPerson 2: Bo d\u00eda! Ben, grazas. E ti?<br \/>\nPerson 1: Estou ben, grazas. Onde est\u00e1 a biblioteca?<br \/>\nPerson 2: A biblioteca est\u00e1 ao lado da escola.<br \/>\nPerson 1: Grazas! At\u00e9 logo!<br \/>\nPerson 2: At\u00e9 logo!<\/p>\n<h3>Formella Sammanhang<\/h3>\n<p>I formella sammanhang, som m\u00f6ten eller presentationer, kan det vara bra att anv\u00e4nda mer avancerade ord och fraser. H\u00e4r \u00e4r ett exempel p\u00e5 hur du kan anv\u00e4nda n\u00e5gra av de mellanniv\u00e5ord vi har l\u00e4rt oss.<\/p>\n<p>&#8221;Boa tarde a todos. Hoxe imos falar sobre a importancia da <b>sa\u00fade<\/b> e do benestar. \u00c9 crucial que todos coidemos a nosa sa\u00fade para vivir unha vida <b>plena<\/b> e <b>feliz<\/b>. Ademais, gustar\u00edame <b>compreender<\/b> as vosas opini\u00f3ns sobre este tema. Por favor, non dubidedes en <b>compartir<\/b> as vosas ideas.&#8221;<\/p>\n<h3>Dagligt Tal<\/h3>\n<p>I vardagliga samtal \u00e4r det viktigt att kunna uttrycka sig naturligt och flytande. H\u00e4r \u00e4r ett exempel p\u00e5 hur du kan anv\u00e4nda n\u00e5gra av de ord och fraser vi har l\u00e4rt oss.<\/p>\n<p>&#8221;Onte fun \u00e1 <b>biblioteca<\/b> para <b>aprender<\/b> m\u00e1is sobre a historia de Galiza. Foi moi <b>interesante<\/b>! Despois, fun a un restaurante onde coci\u00f1an pratos t\u00edpicos galegos. A comida estaba <b>deliciosa<\/b>!&#8221;<\/p>\n<h2>Tips f\u00f6r att F\u00f6rb\u00e4ttra Din Galiciska<\/h2>\n<p>Att l\u00e4ra sig ett nytt spr\u00e5k tar tid och t\u00e5lamod. H\u00e4r \u00e4r n\u00e5gra tips som kan hj\u00e4lpa dig att f\u00f6rb\u00e4ttra din galiciska och bli mer sj\u00e4lvs\u00e4ker i din spr\u00e5kinl\u00e4rning.<\/p>\n<h3>\u00d6va Regelbundet<\/h3>\n<p>Den b\u00e4sta s\u00e4ttet att f\u00f6rb\u00e4ttra din galiciska \u00e4r att \u00f6va regelbundet. F\u00f6rs\u00f6k att avs\u00e4tta tid varje dag f\u00f6r att l\u00e4sa, skriva, lyssna p\u00e5 och prata galiciska. Ju mer du \u00f6var, desto b\u00e4ttre kommer du att bli.<\/p>\n<h3>Anv\u00e4nd Resurser<\/h3>\n<p>Det finns m\u00e5nga resurser tillg\u00e4ngliga f\u00f6r att hj\u00e4lpa dig att l\u00e4ra dig galiciska. Du kan anv\u00e4nda l\u00e4rob\u00f6cker, onlinekurser, appar och till och med spr\u00e5kpartners f\u00f6r att f\u00f6rb\u00e4ttra dina f\u00e4rdigheter. F\u00f6rs\u00f6k att anv\u00e4nda en kombination av olika resurser f\u00f6r att f\u00e5 en v\u00e4l avrundad inl\u00e4rningsupplevelse.<\/p>\n<h3>Dyk In i Kulturen<\/h3>\n<p>Att f\u00f6rst\u00e5 kulturen bakom ett spr\u00e5k kan g\u00f6ra inl\u00e4rningen mycket mer meningsfull. F\u00f6rs\u00f6k att l\u00e4ra dig mer om Galiciens kultur, traditioner och historia. Detta kan hj\u00e4lpa dig att f\u00f6rst\u00e5 spr\u00e5ket b\u00e4ttre och g\u00f6ra det roligare att l\u00e4ra sig.<\/p>\n<h3>Se p\u00e5 Galiciska Filmer och TV-Program<\/h3>\n<p>Ett utm\u00e4rkt s\u00e4tt att f\u00f6rb\u00e4ttra din h\u00f6rf\u00f6rst\u00e5else och l\u00e4ra dig nya ord och fraser \u00e4r att titta p\u00e5 filmer och TV-program p\u00e5 galiciska. F\u00f6rs\u00f6k att titta p\u00e5 dem med undertexter f\u00f6rst och sedan utan n\u00e4r du blir mer sj\u00e4lvs\u00e4ker.<\/p>\n<h3>Prata med Modersm\u00e5lstalare<\/h3>\n<p>Om du har m\u00f6jlighet, f\u00f6rs\u00f6k att prata med modersm\u00e5lstalare s\u00e5 mycket som m\u00f6jligt. Detta kan hj\u00e4lpa dig att bli mer bekv\u00e4m med att anv\u00e4nda spr\u00e5ket i verkliga situationer och ge dig chansen att l\u00e4ra dig mer naturliga uttryck och fraser.<\/p>\n<h2>Slutsats<\/h2>\n<p>Att l\u00e4ra sig galiciska kan vara en berikande och givande upplevelse. Genom att ut\u00f6ka ditt ordf\u00f6rr\u00e5d med dessa mellanniv\u00e5ord och fraser, och genom att anv\u00e4nda dem i olika sammanhang, kan du ta ett stort steg mot att bli flytande i spr\u00e5ket. Kom ih\u00e5g att \u00f6va regelbundet, anv\u00e4nda olika resurser och dyka in i kulturen f\u00f6r att f\u00e5 en s\u00e5 komplett inl\u00e4rningsupplevelse som m\u00f6jligt. Lycka till med din spr\u00e5kinl\u00e4rning!<\/p>\n","protected":false},"featured_media":1527753,"template":"","vocabulary_language":[4184],"class_list":["post-856609","vocabulary","type-vocabulary","status-publish","has-post-thumbnail","hentry","vocabulary_language-galiciska"],"acf":[],"yoast_head":"<!-- This site is optimized with the Yoast SEO Premium plugin v27.2 (Yoast SEO v27.2) - https:\/\/yoast.com\/product\/yoast-seo-premium-wordpress\/ -->\n<title>Galiciska ord att k\u00e4nna till f\u00f6r mellanniv\u00e5 - Talkpal<\/title>\n<meta name=\"description\" content=\"Att l\u00e4ra sig ett nytt spr\u00e5k kan vara en utmanande men ocks\u00e5 mycket givande upplevelse. Galiciska, ett spr\u00e5k som talas i regionen Galicien i nordv\u00e4stra\" \/>\n<meta name=\"robots\" content=\"index, follow, max-snippet:-1, max-image-preview:large, max-video-preview:-1\" \/>\n<link rel=\"canonical\" href=\"https:\/\/talkpal.ai\/sv\/vocabulary\/galiciska-ord-att-kanna-till-for-mellanniva\/\" \/>\n<meta property=\"og:locale\" content=\"sv_SE\" \/>\n<meta property=\"og:type\" content=\"article\" \/>\n<meta property=\"og:title\" content=\"Galiciska ord att k\u00e4nna till f\u00f6r mellanniv\u00e5\" \/>\n<meta property=\"og:description\" content=\"Att l\u00e4ra sig ett nytt spr\u00e5k kan vara en utmanande men ocks\u00e5 mycket givande upplevelse. Galiciska, ett spr\u00e5k som talas i regionen Galicien i nordv\u00e4stra\" \/>\n<meta property=\"og:url\" content=\"https:\/\/talkpal.ai\/sv\/vocabulary\/galiciska-ord-att-kanna-till-for-mellanniva\/\" \/>\n<meta property=\"og:site_name\" content=\"Talkpal\" \/>\n<meta property=\"article:publisher\" content=\"https:\/\/www.facebook.com\/profile.php?id=100090733639311\" \/>\n<meta property=\"og:image\" content=\"https:\/\/talkpal.ai\/wp-content\/uploads\/2024\/10\/talkpal_flat_illustration_of_a_employees_working_together_happi_c674ff77-e477-4e09-835a-01d30e561e99.png\" \/>\n\t<meta property=\"og:image:width\" content=\"1024\" \/>\n\t<meta property=\"og:image:height\" content=\"1024\" \/>\n\t<meta property=\"og:image:type\" content=\"image\/png\" \/>\n<meta name=\"twitter:card\" content=\"summary_large_image\" \/>\n<meta name=\"twitter:site\" content=\"@talkpalai\" \/>\n<meta name=\"twitter:label1\" content=\"Ber\u00e4knad l\u00e4stid\" \/>\n\t<meta name=\"twitter:data1\" content=\"7 minuter\" \/>\n<script type=\"application\/ld+json\" class=\"yoast-schema-graph\">{\"@context\":\"https:\/\/schema.org\",\"@graph\":[{\"@type\":\"WebPage\",\"@id\":\"https:\/\/talkpal.ai\/sv\/vocabulary\/galiciska-ord-att-kanna-till-for-mellanniva\/\",\"url\":\"https:\/\/talkpal.ai\/sv\/vocabulary\/galiciska-ord-att-kanna-till-for-mellanniva\/\",\"name\":\"Galiciska ord att k\u00e4nna till f\u00f6r mellanniv\u00e5 - Talkpal\",\"isPartOf\":{\"@id\":\"https:\/\/talkpal.ai\/sv\/#website\"},\"primaryImageOfPage\":{\"@id\":\"https:\/\/talkpal.ai\/sv\/vocabulary\/galiciska-ord-att-kanna-till-for-mellanniva\/#primaryimage\"},\"image\":{\"@id\":\"https:\/\/talkpal.ai\/sv\/vocabulary\/galiciska-ord-att-kanna-till-for-mellanniva\/#primaryimage\"},\"thumbnailUrl\":\"https:\/\/talkpal.ai\/wp-content\/uploads\/2025\/12\/library-is-entered-to-learn-languages.webp\",\"datePublished\":\"2024-06-29T21:14:51+00:00\",\"description\":\"Att l\u00e4ra sig ett nytt spr\u00e5k kan vara en utmanande men ocks\u00e5 mycket givande upplevelse. Galiciska, ett spr\u00e5k som talas i regionen Galicien i nordv\u00e4stra\",\"breadcrumb\":{\"@id\":\"https:\/\/talkpal.ai\/sv\/vocabulary\/galiciska-ord-att-kanna-till-for-mellanniva\/#breadcrumb\"},\"inLanguage\":\"sv-SE\",\"potentialAction\":[{\"@type\":\"ReadAction\",\"target\":[\"https:\/\/talkpal.ai\/sv\/vocabulary\/galiciska-ord-att-kanna-till-for-mellanniva\/\"]}]},{\"@type\":\"ImageObject\",\"inLanguage\":\"sv-SE\",\"@id\":\"https:\/\/talkpal.ai\/sv\/vocabulary\/galiciska-ord-att-kanna-till-for-mellanniva\/#primaryimage\",\"url\":\"https:\/\/talkpal.ai\/wp-content\/uploads\/2025\/12\/library-is-entered-to-learn-languages.webp\",\"contentUrl\":\"https:\/\/talkpal.ai\/wp-content\/uploads\/2025\/12\/library-is-entered-to-learn-languages.webp\",\"width\":1200,\"height\":896,\"caption\":\"Students sit at small tables in a cozy library while learning languages.\"},{\"@type\":\"BreadcrumbList\",\"@id\":\"https:\/\/talkpal.ai\/sv\/vocabulary\/galiciska-ord-att-kanna-till-for-mellanniva\/#breadcrumb\",\"itemListElement\":[{\"@type\":\"ListItem\",\"position\":1,\"name\":\"Homepage\",\"item\":\"https:\/\/talkpal.ai\/sv\/\"},{\"@type\":\"ListItem\",\"position\":2,\"name\":\"Galiciska ord att k\u00e4nna till f\u00f6r mellanniv\u00e5\"}]},{\"@type\":\"WebSite\",\"@id\":\"https:\/\/talkpal.ai\/sv\/#website\",\"url\":\"https:\/\/talkpal.ai\/sv\/\",\"name\":\"Talkpal\",\"description\":\"AI Language Learning\",\"publisher\":{\"@id\":\"https:\/\/talkpal.ai\/sv\/#organization\"},\"alternateName\":\"Talkpal AI\",\"potentialAction\":[{\"@type\":\"SearchAction\",\"target\":{\"@type\":\"EntryPoint\",\"urlTemplate\":\"https:\/\/talkpal.ai\/sv\/?s={search_term_string}\"},\"query-input\":{\"@type\":\"PropertyValueSpecification\",\"valueRequired\":true,\"valueName\":\"search_term_string\"}}],\"inLanguage\":\"sv-SE\"},{\"@type\":\"Organization\",\"@id\":\"https:\/\/talkpal.ai\/sv\/#organization\",\"name\":\"Talkpal, Inc.\",\"alternateName\":\"Talkpal AI\",\"url\":\"https:\/\/talkpal.ai\/sv\/\",\"logo\":{\"@type\":\"ImageObject\",\"inLanguage\":\"sv-SE\",\"@id\":\"https:\/\/talkpal.ai\/sv\/#\/schema\/logo\/image\/\",\"url\":\"https:\/\/talkpal.ai\/wp-content\/uploads\/2024\/03\/Talkpal-Logo-Icon.png\",\"contentUrl\":\"https:\/\/talkpal.ai\/wp-content\/uploads\/2024\/03\/Talkpal-Logo-Icon.png\",\"width\":2880,\"height\":2880,\"caption\":\"Talkpal, Inc.\"},\"image\":{\"@id\":\"https:\/\/talkpal.ai\/sv\/#\/schema\/logo\/image\/\"},\"sameAs\":[\"https:\/\/www.facebook.com\/profile.php?id=100090733639311\",\"https:\/\/x.com\/talkpalai\",\"https:\/\/www.linkedin.com\/company\/talkpal\/\",\"https:\/\/www.youtube.com\/@TalkPal\/\",\"https:\/\/www.tiktok.com\/@talkpal\",\"https:\/\/www.instagram.com\/talkpal_ai\/\",\"https:\/\/www.crunchbase.com\/organization\/talkpal-9cde\",\"https:\/\/www.g2.com\/products\/talkpal-for-business\/\",\"https:\/\/www.trustpilot.com\/review\/talkpal.ai\",\"https:\/\/www.capterra.com\/p\/10006800\/TalkPal\/\"],\"description\":\"Talkpal is a language learning web and mobile education app, powered by the latest AI technologies, that provides engaging experiences to its customers in many different languages to help them improve their language skills. Users can chat about unlimited amount of topics with the app and use other modes to practice their language learning.\",\"email\":\"support@talkpal.ai\",\"legalName\":\"Talkpal, Inc.\",\"foundingDate\":\"2023-04-03\",\"duns\":\"118989042\",\"numberOfEmployees\":{\"@type\":\"QuantitativeValue\",\"minValue\":\"11\",\"maxValue\":\"50\"},\"publishingPrinciples\":\"https:\/\/talkpal.ai\/publishing-principles\/\",\"actionableFeedbackPolicy\":\"https:\/\/talkpal.ai\/actionable-feedback-policy\/\",\"correctionsPolicy\":\"https:\/\/talkpal.ai\/corrections-policy\/\",\"ethicsPolicy\":\"https:\/\/talkpal.ai\/ethics-policy\/\",\"diversityPolicy\":\"https:\/\/talkpal.ai\/diversity-policy\/\",\"diversityStaffingReport\":\"https:\/\/talkpal.ai\/diversity-policy\/\"}]}<\/script>\n<!-- \/ Yoast SEO Premium plugin. -->","yoast_head_json":{"title":"Galiciska ord att k\u00e4nna till f\u00f6r mellanniv\u00e5 - Talkpal","description":"Att l\u00e4ra sig ett nytt spr\u00e5k kan vara en utmanande men ocks\u00e5 mycket givande upplevelse. Galiciska, ett spr\u00e5k som talas i regionen Galicien i nordv\u00e4stra","robots":{"index":"index","follow":"follow","max-snippet":"max-snippet:-1","max-image-preview":"max-image-preview:large","max-video-preview":"max-video-preview:-1"},"canonical":"https:\/\/talkpal.ai\/sv\/vocabulary\/galiciska-ord-att-kanna-till-for-mellanniva\/","og_locale":"sv_SE","og_type":"article","og_title":"Galiciska ord att k\u00e4nna till f\u00f6r mellanniv\u00e5","og_description":"Att l\u00e4ra sig ett nytt spr\u00e5k kan vara en utmanande men ocks\u00e5 mycket givande upplevelse. Galiciska, ett spr\u00e5k som talas i regionen Galicien i nordv\u00e4stra","og_url":"https:\/\/talkpal.ai\/sv\/vocabulary\/galiciska-ord-att-kanna-till-for-mellanniva\/","og_site_name":"Talkpal","article_publisher":"https:\/\/www.facebook.com\/profile.php?id=100090733639311","og_image":[{"width":1024,"height":1024,"url":"https:\/\/talkpal.ai\/wp-content\/uploads\/2024\/10\/talkpal_flat_illustration_of_a_employees_working_together_happi_c674ff77-e477-4e09-835a-01d30e561e99.png","type":"image\/png"}],"twitter_card":"summary_large_image","twitter_site":"@talkpalai","twitter_misc":{"Ber\u00e4knad l\u00e4stid":"7 minuter"},"schema":{"@context":"https:\/\/schema.org","@graph":[{"@type":"WebPage","@id":"https:\/\/talkpal.ai\/sv\/vocabulary\/galiciska-ord-att-kanna-till-for-mellanniva\/","url":"https:\/\/talkpal.ai\/sv\/vocabulary\/galiciska-ord-att-kanna-till-for-mellanniva\/","name":"Galiciska ord att k\u00e4nna till f\u00f6r mellanniv\u00e5 - Talkpal","isPartOf":{"@id":"https:\/\/talkpal.ai\/sv\/#website"},"primaryImageOfPage":{"@id":"https:\/\/talkpal.ai\/sv\/vocabulary\/galiciska-ord-att-kanna-till-for-mellanniva\/#primaryimage"},"image":{"@id":"https:\/\/talkpal.ai\/sv\/vocabulary\/galiciska-ord-att-kanna-till-for-mellanniva\/#primaryimage"},"thumbnailUrl":"https:\/\/talkpal.ai\/wp-content\/uploads\/2025\/12\/library-is-entered-to-learn-languages.webp","datePublished":"2024-06-29T21:14:51+00:00","description":"Att l\u00e4ra sig ett nytt spr\u00e5k kan vara en utmanande men ocks\u00e5 mycket givande upplevelse. Galiciska, ett spr\u00e5k som talas i regionen Galicien i nordv\u00e4stra","breadcrumb":{"@id":"https:\/\/talkpal.ai\/sv\/vocabulary\/galiciska-ord-att-kanna-till-for-mellanniva\/#breadcrumb"},"inLanguage":"sv-SE","potentialAction":[{"@type":"ReadAction","target":["https:\/\/talkpal.ai\/sv\/vocabulary\/galiciska-ord-att-kanna-till-for-mellanniva\/"]}]},{"@type":"ImageObject","inLanguage":"sv-SE","@id":"https:\/\/talkpal.ai\/sv\/vocabulary\/galiciska-ord-att-kanna-till-for-mellanniva\/#primaryimage","url":"https:\/\/talkpal.ai\/wp-content\/uploads\/2025\/12\/library-is-entered-to-learn-languages.webp","contentUrl":"https:\/\/talkpal.ai\/wp-content\/uploads\/2025\/12\/library-is-entered-to-learn-languages.webp","width":1200,"height":896,"caption":"Students sit at small tables in a cozy library while learning languages."},{"@type":"BreadcrumbList","@id":"https:\/\/talkpal.ai\/sv\/vocabulary\/galiciska-ord-att-kanna-till-for-mellanniva\/#breadcrumb","itemListElement":[{"@type":"ListItem","position":1,"name":"Homepage","item":"https:\/\/talkpal.ai\/sv\/"},{"@type":"ListItem","position":2,"name":"Galiciska ord att k\u00e4nna till f\u00f6r mellanniv\u00e5"}]},{"@type":"WebSite","@id":"https:\/\/talkpal.ai\/sv\/#website","url":"https:\/\/talkpal.ai\/sv\/","name":"Talkpal","description":"AI Language Learning","publisher":{"@id":"https:\/\/talkpal.ai\/sv\/#organization"},"alternateName":"Talkpal AI","potentialAction":[{"@type":"SearchAction","target":{"@type":"EntryPoint","urlTemplate":"https:\/\/talkpal.ai\/sv\/?s={search_term_string}"},"query-input":{"@type":"PropertyValueSpecification","valueRequired":true,"valueName":"search_term_string"}}],"inLanguage":"sv-SE"},{"@type":"Organization","@id":"https:\/\/talkpal.ai\/sv\/#organization","name":"Talkpal, Inc.","alternateName":"Talkpal AI","url":"https:\/\/talkpal.ai\/sv\/","logo":{"@type":"ImageObject","inLanguage":"sv-SE","@id":"https:\/\/talkpal.ai\/sv\/#\/schema\/logo\/image\/","url":"https:\/\/talkpal.ai\/wp-content\/uploads\/2024\/03\/Talkpal-Logo-Icon.png","contentUrl":"https:\/\/talkpal.ai\/wp-content\/uploads\/2024\/03\/Talkpal-Logo-Icon.png","width":2880,"height":2880,"caption":"Talkpal, Inc."},"image":{"@id":"https:\/\/talkpal.ai\/sv\/#\/schema\/logo\/image\/"},"sameAs":["https:\/\/www.facebook.com\/profile.php?id=100090733639311","https:\/\/x.com\/talkpalai","https:\/\/www.linkedin.com\/company\/talkpal\/","https:\/\/www.youtube.com\/@TalkPal\/","https:\/\/www.tiktok.com\/@talkpal","https:\/\/www.instagram.com\/talkpal_ai\/","https:\/\/www.crunchbase.com\/organization\/talkpal-9cde","https:\/\/www.g2.com\/products\/talkpal-for-business\/","https:\/\/www.trustpilot.com\/review\/talkpal.ai","https:\/\/www.capterra.com\/p\/10006800\/TalkPal\/"],"description":"Talkpal is a language learning web and mobile education app, powered by the latest AI technologies, that provides engaging experiences to its customers in many different languages to help them improve their language skills. Users can chat about unlimited amount of topics with the app and use other modes to practice their language learning.","email":"support@talkpal.ai","legalName":"Talkpal, Inc.","foundingDate":"2023-04-03","duns":"118989042","numberOfEmployees":{"@type":"QuantitativeValue","minValue":"11","maxValue":"50"},"publishingPrinciples":"https:\/\/talkpal.ai\/publishing-principles\/","actionableFeedbackPolicy":"https:\/\/talkpal.ai\/actionable-feedback-policy\/","correctionsPolicy":"https:\/\/talkpal.ai\/corrections-policy\/","ethicsPolicy":"https:\/\/talkpal.ai\/ethics-policy\/","diversityPolicy":"https:\/\/talkpal.ai\/diversity-policy\/","diversityStaffingReport":"https:\/\/talkpal.ai\/diversity-policy\/"}]}},"_links":{"self":[{"href":"https:\/\/talkpal.ai\/sv\/wp-json\/wp\/v2\/vocabulary\/856609","targetHints":{"allow":["GET"]}}],"collection":[{"href":"https:\/\/talkpal.ai\/sv\/wp-json\/wp\/v2\/vocabulary"}],"about":[{"href":"https:\/\/talkpal.ai\/sv\/wp-json\/wp\/v2\/types\/vocabulary"}],"wp:featuredmedia":[{"embeddable":true,"href":"https:\/\/talkpal.ai\/sv\/wp-json\/wp\/v2\/media\/1527753"}],"wp:attachment":[{"href":"https:\/\/talkpal.ai\/sv\/wp-json\/wp\/v2\/media?parent=856609"}],"wp:term":[{"taxonomy":"vocabulary_language","embeddable":true,"href":"https:\/\/talkpal.ai\/sv\/wp-json\/wp\/v2\/vocabulary_language?post=856609"}],"curies":[{"name":"wp","href":"https:\/\/api.w.org\/{rel}","templated":true}]}}