{"id":856252,"date":"2024-06-29T20:45:07","date_gmt":"2024-06-29T20:45:07","guid":{"rendered":"https:\/\/talkpal.ai\/vocabulary\/portugisiska-ord-att-veta-for-a2-niva\/"},"modified":"2025-12-26T13:46:24","modified_gmt":"2025-12-26T13:46:24","slug":"portugisiska-ord-att-veta-for-a2-niva","status":"publish","type":"vocabulary","link":"https:\/\/talkpal.ai\/sv\/vocabulary\/portugisiska-ord-att-veta-for-a2-niva\/","title":{"rendered":"Portugisiska ord att veta f\u00f6r A2-niv\u00e5"},"content":{"rendered":"<p>Att l\u00e4ra sig ett nytt spr\u00e5k kan vara b\u00e5de sp\u00e4nnande och utmanande. N\u00e4r man n\u00e5r A2-niv\u00e5n i <a href=\"https:\/\/talkpal.ai\/learn-portuguese\/\">portugisiska<\/a>, har man <a href=\"https:\/\/talkpal.ai\/locations\/learn-english-in-redan\/\">redan<\/a> en grundl\u00e4ggande f\u00f6rst\u00e5else f\u00f6r spr\u00e5ket och kan b\u00f6rja bygga vidare p\u00e5 den. P\u00e5 denna niv\u00e5 \u00e4r det viktigt att ut\u00f6ka sitt ordf\u00f6rr\u00e5d och f\u00f6rst\u00e5 anv\u00e4ndningen av vanliga ord och fraser. Denna artikel kommer att presentera n\u00e5gra viktiga portugisiska ord och uttryck som \u00e4r n\u00f6dv\u00e4ndiga f\u00f6r A2-niv\u00e5n, tillsammans med exempel och f\u00f6rklaringar.<\/p>\n<h2>H\u00e4lsningar och artighetsfraser<\/h2>\n<p>Att kunna h\u00e4lsa och visa artighet \u00e4r grundl\u00e4ggande i <a href=\"https:\/\/talkpal.ai\/fr\/langues\/\">alla spr\u00e5k<\/a>. H\u00e4r \u00e4r n\u00e5gra vanliga h\u00e4lsningar och artighetsfraser p\u00e5 portugisiska:<\/p>\n<p>&#8211; <b>Bom dia<\/b> \u2013 <a href=\"https:\/\/talkpal.ai\/culture\/what-is-the-difference-between-god-morgon-and-god-dag\/\">God morgon<\/a><br \/>\n&#8211; <b>Boa tarde<\/b> \u2013 God eftermiddag<br \/>\n&#8211; <b>Boa noite<\/b> \u2013 God kv\u00e4ll\/natt<br \/>\n&#8211; <b>Ol\u00e1<\/b> \u2013 Hej<br \/>\n&#8211; <b>Oi<\/b> \u2013 Hej (informellt)<br \/>\n&#8211; <b>Como est\u00e1?<\/b> \u2013 Hur m\u00e5r du? (formellt)<br \/>\n&#8211; <b>Como est\u00e1s?<\/b> \u2013 Hur m\u00e5r du? (informellt)<br \/>\n&#8211; <b>Obrigado<\/b> \/ <b>Obrigada<\/b> \u2013 Tack (beroende p\u00e5 talarens k\u00f6n)<br \/>\n&#8211; <b>Por favor<\/b> \u2013 Sn\u00e4lla, var s\u00e5 god<br \/>\n&#8211; <b>Desculpe<\/b> \u2013 Urs\u00e4kta<br \/>\n&#8211; <b>Sim<\/b> \u2013 Ja<br \/>\n&#8211; <b>N\u00e3o<\/b> \u2013 Nej<\/p>\n<h2>Vanliga substantiv<\/h2>\n<p>Substantiv \u00e4r grundl\u00e4ggande byggstenar i ett spr\u00e5k. H\u00e4r \u00e4r n\u00e5gra <a href=\"https:\/\/talkpal.ai\/sv\/grammar\/vanliga-substantiv-i-galicisk-grammatik\/\">vanliga substantiv<\/a> som anv\u00e4nds ofta p\u00e5 A2-niv\u00e5:<\/p>\n<p>&#8211; <b>Casa<\/b> \u2013 Hus<br \/>\n&#8211; <b>Carro<\/b> \u2013 Bil<br \/>\n&#8211; <b>Escola<\/b> \u2013 Skola<br \/>\n&#8211; <b>Trabalho<\/b> \u2013 Arbete<br \/>\n&#8211; <b>Comida<\/b> \u2013 Mat<br \/>\n&#8211; <b>Bebida<\/b> \u2013 Dryck<br \/>\n&#8211; <b>Amigo<\/b> \/ <b>Amiga<\/b> \u2013 V\u00e4n (beroende p\u00e5 k\u00f6n)<br \/>\n&#8211; <b>Fam\u00edlia<\/b> \u2013 Familj<br \/>\n&#8211; <b>Cidade<\/b> \u2013 Stad<br \/>\n&#8211; <b>Pa\u00eds<\/b> \u2013 Land<\/p>\n<h2>Adjektiv<\/h2>\n<p>Adjektiv hj\u00e4lper till att beskriva substantiv och ger mer detaljerad information. H\u00e4r \u00e4r n\u00e5gra vanliga adjektiv:<\/p>\n<p>&#8211; <b>Grande<\/b> \u2013 Stor<br \/>\n&#8211; <b>Pequeno<\/b> \u2013 Liten<br \/>\n&#8211; <b>Bonito<\/b> \/ <b>Bonita<\/b> \u2013 Vacker (beroende p\u00e5 k\u00f6n)<br \/>\n&#8211; <b>Feio<\/b> \/ <b>Feia<\/b> \u2013 Ful (beroende p\u00e5 k\u00f6n)<br \/>\n&#8211; <b>R\u00e1pido<\/b> \u2013 Snabb<br \/>\n&#8211; <b>Devagar<\/b> \u2013 L\u00e5ngsam<br \/>\n&#8211; <b>Calor<\/b> \u2013 V\u00e4rme<br \/>\n&#8211; <b>Frio<\/b> \u2013 Kyla<br \/>\n&#8211; <b>Feliz<\/b> \u2013 Glad<br \/>\n&#8211; <b>Triste<\/b> \u2013 Ledsen<\/p>\n<h2>Verb<\/h2>\n<p>Verb \u00e4r viktiga f\u00f6r att uttrycka handlingar och tillst\u00e5nd. H\u00e4r \u00e4r n\u00e5gra vanliga verb som \u00e4r anv\u00e4ndbara p\u00e5 A2-niv\u00e5:<\/p>\n<p>&#8211; <b>Ser<\/b> \u2013 Att vara<br \/>\n&#8211; <b>Estar<\/b> \u2013 Att vara (tillf\u00e4lligt)<br \/>\n&#8211; <b>Ter<\/b> \u2013 Att ha<br \/>\n&#8211; <b>Ir<\/b> \u2013 Att g\u00e5\/\u00e5ka<br \/>\n&#8211; <b>Fazer<\/b> \u2013 Att g\u00f6ra<br \/>\n&#8211; <b>Comer<\/b> \u2013 Att \u00e4ta<br \/>\n&#8211; <b>Beber<\/b> \u2013 Att dricka<br \/>\n&#8211; <b>Falar<\/b> \u2013 Att prata<br \/>\n&#8211; <b>Ver<\/b> \u2013 Att se<br \/>\n&#8211; <b>Ouvir<\/b> \u2013 Att h\u00f6ra<\/p>\n<h2>Fr\u00e5geord<\/h2>\n<p>F\u00f6r att kunna st\u00e4lla fr\u00e5gor \u00e4r det viktigt att k\u00e4nna till n\u00e5gra grundl\u00e4ggande fr\u00e5geord:<\/p>\n<p>&#8211; <b>O que<\/b> \u2013 Vad<br \/>\n&#8211; <b>Quem<\/b> \u2013 Vem<br \/>\n&#8211; <b>Onde<\/b> \u2013 Var<br \/>\n&#8211; <b>Quando<\/b> \u2013 N\u00e4r<br \/>\n&#8211; <b>Por que<\/b> \u2013 Varf\u00f6r<br \/>\n&#8211; <b>Como<\/b> \u2013 Hur<br \/>\n&#8211; <b>Qual<\/b> \u2013 Vilken\/Vilket<\/p>\n<h2>Prepositioner<\/h2>\n<p>Prepositioner hj\u00e4lper till att ange relationer mellan olika ord i en mening. H\u00e4r \u00e4r n\u00e5gra vanliga prepositioner:<\/p>\n<p>&#8211; <b>Em<\/b> \u2013 I\/p\u00e5<br \/>\n&#8211; <b>De<\/b> \u2013 Fr\u00e5n\/av<br \/>\n&#8211; <b>Para<\/b> \u2013 F\u00f6r\/till<br \/>\n&#8211; <b>Com<\/b> \u2013 Med<br \/>\n&#8211; <b>Sem<\/b> \u2013 Utan<br \/>\n&#8211; <b>Sobre<\/b> \u2013 Om\/p\u00e5<br \/>\n&#8211; <b>At\u00e9<\/b> \u2013 Till\/fram till<\/p>\n<h2>Anv\u00e4ndbara fraser<\/h2>\n<p>Att k\u00e4nna till n\u00e5gra vanliga fraser kan underl\u00e4tta kommunikation i vardagliga situationer:<\/p>\n<p>&#8211; <b>Como se chama?<\/b> \u2013 Vad heter du?<br \/>\n&#8211; <b>Eu me chamo&#8230;<\/b> \u2013 Jag heter&#8230;<br \/>\n&#8211; <b>Onde fica&#8230;?<\/b> \u2013 Var ligger&#8230;?<br \/>\n&#8211; <b>Quanto custa?<\/b> \u2013 Hur mycket kostar det?<br \/>\n&#8211; <b>Eu n\u00e3o entendo<\/b> \u2013 Jag f\u00f6rst\u00e5r inte<br \/>\n&#8211; <b>Voc\u00ea pode repetir, por favor?<\/b> \u2013 Kan du upprepa, sn\u00e4lla?<br \/>\n&#8211; <b>Eu gosto de&#8230;<\/b> \u2013 Jag gillar&#8230;<br \/>\n&#8211; <b>Eu n\u00e3o gosto de&#8230;<\/b> \u2013 Jag gillar inte&#8230;<\/p>\n<h2>Nummer<\/h2>\n<p>Att kunna r\u00e4kna \u00e4r en grundl\u00e4ggande f\u00e4rdighet. H\u00e4r \u00e4r de portugisiska numren fr\u00e5n 1 till 20:<\/p>\n<p>1. Um<br \/>\n2. Dois<br \/>\n3. Tr\u00eas<br \/>\n4. Quatro<br \/>\n5. Cinco<br \/>\n6. Seis<br \/>\n7. Sete<br \/>\n8. Oito<br \/>\n9. Nove<br \/>\n10. Dez<br \/>\n11. Onze<br \/>\n12. Doze<br \/>\n13. Treze<br \/>\n14. Catorze<br \/>\n15. Quinze<br \/>\n16. Dezesseis<br \/>\n17. Dezessete<br \/>\n18. Dezoito<br \/>\n19. Dezenove<br \/>\n20. Vinte<\/p>\n<h2>Dagar och m\u00e5nader<\/h2>\n<p>Att k\u00e4nna till dagarna i veckan och m\u00e5naderna p\u00e5 \u00e5ret \u00e4r ocks\u00e5 viktigt:<\/p>\n<p>Dagar i veckan:<br \/>\n&#8211; <b>Segunda-feira<\/b> \u2013 M\u00e5ndag<br \/>\n&#8211; <b>Ter\u00e7a-feira<\/b> \u2013 Tisdag<br \/>\n&#8211; <b>Quarta-feira<\/b> \u2013 Onsdag<br \/>\n&#8211; <b>Quinta-feira<\/b> \u2013 Torsdag<br \/>\n&#8211; <b>Sexta-feira<\/b> \u2013 Fredag<br \/>\n&#8211; <b>S\u00e1bado<\/b> \u2013 L\u00f6rdag<br \/>\n&#8211; <b>Domingo<\/b> \u2013 S\u00f6ndag<\/p>\n<p>M\u00e5nader p\u00e5 \u00e5ret:<br \/>\n&#8211; <b>Janeiro<\/b> \u2013 Januari<br \/>\n&#8211; <b>Fevereiro<\/b> \u2013 Februari<br \/>\n&#8211; <b>Mar\u00e7o<\/b> \u2013 Mars<br \/>\n&#8211; <b>Abril<\/b> \u2013 April<br \/>\n&#8211; <b>Maio<\/b> \u2013 Maj<br \/>\n&#8211; <b>Junho<\/b> \u2013 Juni<br \/>\n&#8211; <b>Julho<\/b> \u2013 Juli<br \/>\n&#8211; <b>Agosto<\/b> \u2013 Augusti<br \/>\n&#8211; <b>Setembro<\/b> \u2013 September<br \/>\n&#8211; <b>Outubro<\/b> \u2013 Oktober<br \/>\n&#8211; <b>Novembro<\/b> \u2013 November<br \/>\n&#8211; <b>Dezembro<\/b> \u2013 December<\/p>\n<h2>Viktiga uttryck f\u00f6r daglig anv\u00e4ndning<\/h2>\n<p>Det finns vissa uttryck som \u00e4r s\u00e4rskilt anv\u00e4ndbara i dagliga konversationer:<\/p>\n<p>&#8211; <b>Tudo bem?<\/b> \u2013 Hur st\u00e5r det till?<br \/>\n&#8211; <b>Estou bem<\/b> \u2013 Jag m\u00e5r bra<br \/>\n&#8211; <b>Estou cansado<\/b> \/ <b>Estou cansada<\/b> \u2013 Jag \u00e4r tr\u00f6tt (beroende p\u00e5 k\u00f6n)<br \/>\n&#8211; <b>Estou com fome<\/b> \u2013 Jag \u00e4r hungrig<br \/>\n&#8211; <b>Estou com sede<\/b> \u2013 Jag \u00e4r t\u00f6rstig<br \/>\n&#8211; <b>Que horas s\u00e3o?<\/b> \u2013 Vad \u00e4r klockan?<br \/>\n&#8211; <b>Preciso de ajuda<\/b> \u2013 Jag beh\u00f6ver hj\u00e4lp<br \/>\n&#8211; <b>Pode me ajudar?<\/b> \u2013 Kan du hj\u00e4lpa mig?<\/p>\n<h2>Vanliga fraser f\u00f6r resor<\/h2>\n<p>N\u00e4r man reser \u00e4r det bra att kunna n\u00e5gra specifika fraser:<\/p>\n<p>&#8211; <b>Onde est\u00e1 o banheiro?<\/b> \u2013 Var \u00e4r toaletten?<br \/>\n&#8211; <b>Eu gostaria de reservar um quarto<\/b> \u2013 Jag skulle vilja boka ett rum<br \/>\n&#8211; <b>Tem um mapa?<\/b> \u2013 Har du en karta?<br \/>\n&#8211; <b>Quanto tempo leva para chegar?<\/b> \u2013 Hur l\u00e5ng tid tar det att komma fram?<br \/>\n&#8211; <b>Eu estou perdido<\/b> \/ <b>Eu estou perdida<\/b> \u2013 Jag \u00e4r vilse (beroende p\u00e5 k\u00f6n)<br \/>\n&#8211; <b>Posso pagar com cart\u00e3o?<\/b> \u2013 Kan jag betala med kort?<br \/>\n&#8211; <b>Qual \u00e9 o caminho para&#8230;?<\/b> \u2013 Vilken v\u00e4g \u00e4r det till&#8230;?<\/p>\n<h2>Avslutande tips<\/h2>\n<p>F\u00f6r att bli b\u00e4ttre p\u00e5 portugisiska och n\u00e5 A2-niv\u00e5n \u00e4r det viktigt att:<\/p>\n<p>1. <b>\u00d6va regelbundet:<\/b> F\u00f6rs\u00f6k att anv\u00e4nda spr\u00e5ket dagligen, \u00e4ven om det bara \u00e4r n\u00e5gra minuter.<br \/>\n2. <b>Lyssna p\u00e5 portugisiska:<\/b> Titta p\u00e5 filmer, lyssna p\u00e5 musik eller poddar p\u00e5 portugisiska f\u00f6r att f\u00f6rb\u00e4ttra din h\u00f6rf\u00f6rst\u00e5else.<br \/>\n3. <b>L\u00e4s:<\/b> L\u00e4s enkla b\u00f6cker, artiklar eller nyheter p\u00e5 portugisiska.<br \/>\n4. <b>Skriv:<\/b> F\u00f6rs\u00f6k att skriva dagbok eller korta texter p\u00e5 portugisiska f\u00f6r att f\u00f6rb\u00e4ttra din skrivf\u00f6rm\u00e5ga.<br \/>\n5. <b>Tala:<\/b> F\u00f6rs\u00f6k att prata med inf\u00f6dda talare eller andra som l\u00e4r sig portugisiska.<\/p>\n<p>Genom att f\u00f6lja dessa tips och anv\u00e4nda de ord och fraser som presenterats i denna artikel, kommer du att kunna f\u00f6rb\u00e4ttra din portugisiska och n\u00e5 A2-niv\u00e5n snabbare. Boa sorte! (Lycka till!)<\/p>\n","protected":false},"featured_media":1527979,"template":"","vocabulary_language":[3489],"class_list":["post-856252","vocabulary","type-vocabulary","status-publish","has-post-thumbnail","hentry","vocabulary_language-portugisiska"],"acf":[],"yoast_head":"<!-- This site is optimized with the Yoast SEO Premium plugin v27.2 (Yoast SEO v27.2) - https:\/\/yoast.com\/product\/yoast-seo-premium-wordpress\/ -->\n<title>Portugisiska ord att veta f\u00f6r A2-niv\u00e5 - Talkpal<\/title>\n<meta name=\"description\" content=\"Att l\u00e4ra sig ett nytt spr\u00e5k kan vara b\u00e5de sp\u00e4nnande och utmanande. N\u00e4r man n\u00e5r A2-niv\u00e5n i portugisiska, har man redan en grundl\u00e4ggande f\u00f6rst\u00e5else f\u00f6r\" \/>\n<meta name=\"robots\" content=\"index, follow, max-snippet:-1, max-image-preview:large, max-video-preview:-1\" \/>\n<link rel=\"canonical\" href=\"https:\/\/talkpal.ai\/sv\/vocabulary\/portugisiska-ord-att-veta-for-a2-niva\/\" \/>\n<meta property=\"og:locale\" content=\"sv_SE\" \/>\n<meta property=\"og:type\" content=\"article\" \/>\n<meta property=\"og:title\" content=\"Portugisiska ord att veta f\u00f6r A2-niv\u00e5\" \/>\n<meta property=\"og:description\" content=\"Att l\u00e4ra sig ett nytt spr\u00e5k kan vara b\u00e5de sp\u00e4nnande och utmanande. N\u00e4r man n\u00e5r A2-niv\u00e5n i portugisiska, har man redan en grundl\u00e4ggande f\u00f6rst\u00e5else f\u00f6r\" \/>\n<meta property=\"og:url\" content=\"https:\/\/talkpal.ai\/sv\/vocabulary\/portugisiska-ord-att-veta-for-a2-niva\/\" \/>\n<meta property=\"og:site_name\" content=\"Talkpal\" \/>\n<meta property=\"article:publisher\" content=\"https:\/\/www.facebook.com\/profile.php?id=100090733639311\" \/>\n<meta property=\"article:modified_time\" content=\"2025-12-26T13:46:24+00:00\" \/>\n<meta property=\"og:image\" content=\"https:\/\/talkpal.ai\/wp-content\/uploads\/2024\/10\/talkpal_flat_illustration_of_a_employees_working_together_happi_c674ff77-e477-4e09-835a-01d30e561e99.png\" \/>\n\t<meta property=\"og:image:width\" content=\"1024\" \/>\n\t<meta property=\"og:image:height\" content=\"1024\" \/>\n\t<meta property=\"og:image:type\" content=\"image\/png\" \/>\n<meta name=\"twitter:card\" content=\"summary_large_image\" \/>\n<meta name=\"twitter:site\" content=\"@talkpalai\" \/>\n<meta name=\"twitter:label1\" content=\"Ber\u00e4knad l\u00e4stid\" \/>\n\t<meta name=\"twitter:data1\" content=\"5 minuter\" \/>\n<script type=\"application\/ld+json\" class=\"yoast-schema-graph\">{\"@context\":\"https:\/\/schema.org\",\"@graph\":[{\"@type\":\"WebPage\",\"@id\":\"https:\/\/talkpal.ai\/sv\/vocabulary\/portugisiska-ord-att-veta-for-a2-niva\/\",\"url\":\"https:\/\/talkpal.ai\/sv\/vocabulary\/portugisiska-ord-att-veta-for-a2-niva\/\",\"name\":\"Portugisiska ord att veta f\u00f6r A2-niv\u00e5 - Talkpal\",\"isPartOf\":{\"@id\":\"https:\/\/talkpal.ai\/sv\/#website\"},\"primaryImageOfPage\":{\"@id\":\"https:\/\/talkpal.ai\/sv\/vocabulary\/portugisiska-ord-att-veta-for-a2-niva\/#primaryimage\"},\"image\":{\"@id\":\"https:\/\/talkpal.ai\/sv\/vocabulary\/portugisiska-ord-att-veta-for-a2-niva\/#primaryimage\"},\"thumbnailUrl\":\"https:\/\/talkpal.ai\/wp-content\/uploads\/2025\/12\/students-study-together-learning-languages.webp\",\"datePublished\":\"2024-06-29T20:45:07+00:00\",\"dateModified\":\"2025-12-26T13:46:24+00:00\",\"description\":\"Att l\u00e4ra sig ett nytt spr\u00e5k kan vara b\u00e5de sp\u00e4nnande och utmanande. N\u00e4r man n\u00e5r A2-niv\u00e5n i portugisiska, har man redan en grundl\u00e4ggande f\u00f6rst\u00e5else f\u00f6r\",\"breadcrumb\":{\"@id\":\"https:\/\/talkpal.ai\/sv\/vocabulary\/portugisiska-ord-att-veta-for-a2-niva\/#breadcrumb\"},\"inLanguage\":\"sv-SE\",\"potentialAction\":[{\"@type\":\"ReadAction\",\"target\":[\"https:\/\/talkpal.ai\/sv\/vocabulary\/portugisiska-ord-att-veta-for-a2-niva\/\"]}]},{\"@type\":\"ImageObject\",\"inLanguage\":\"sv-SE\",\"@id\":\"https:\/\/talkpal.ai\/sv\/vocabulary\/portugisiska-ord-att-veta-for-a2-niva\/#primaryimage\",\"url\":\"https:\/\/talkpal.ai\/wp-content\/uploads\/2025\/12\/students-study-together-learning-languages.webp\",\"contentUrl\":\"https:\/\/talkpal.ai\/wp-content\/uploads\/2025\/12\/students-study-together-learning-languages.webp\",\"width\":1200,\"height\":896,\"caption\":\"A group of four students sit at a table with books while focused on learning languages.\"},{\"@type\":\"BreadcrumbList\",\"@id\":\"https:\/\/talkpal.ai\/sv\/vocabulary\/portugisiska-ord-att-veta-for-a2-niva\/#breadcrumb\",\"itemListElement\":[{\"@type\":\"ListItem\",\"position\":1,\"name\":\"Homepage\",\"item\":\"https:\/\/talkpal.ai\/sv\/\"},{\"@type\":\"ListItem\",\"position\":2,\"name\":\"Portugisiska ord att veta f\u00f6r A2-niv\u00e5\"}]},{\"@type\":\"WebSite\",\"@id\":\"https:\/\/talkpal.ai\/sv\/#website\",\"url\":\"https:\/\/talkpal.ai\/sv\/\",\"name\":\"Talkpal\",\"description\":\"AI Language Learning\",\"publisher\":{\"@id\":\"https:\/\/talkpal.ai\/sv\/#organization\"},\"alternateName\":\"Talkpal AI\",\"potentialAction\":[{\"@type\":\"SearchAction\",\"target\":{\"@type\":\"EntryPoint\",\"urlTemplate\":\"https:\/\/talkpal.ai\/sv\/?s={search_term_string}\"},\"query-input\":{\"@type\":\"PropertyValueSpecification\",\"valueRequired\":true,\"valueName\":\"search_term_string\"}}],\"inLanguage\":\"sv-SE\"},{\"@type\":\"Organization\",\"@id\":\"https:\/\/talkpal.ai\/sv\/#organization\",\"name\":\"Talkpal, Inc.\",\"alternateName\":\"Talkpal AI\",\"url\":\"https:\/\/talkpal.ai\/sv\/\",\"logo\":{\"@type\":\"ImageObject\",\"inLanguage\":\"sv-SE\",\"@id\":\"https:\/\/talkpal.ai\/sv\/#\/schema\/logo\/image\/\",\"url\":\"https:\/\/talkpal.ai\/wp-content\/uploads\/2024\/03\/Talkpal-Logo-Icon.png\",\"contentUrl\":\"https:\/\/talkpal.ai\/wp-content\/uploads\/2024\/03\/Talkpal-Logo-Icon.png\",\"width\":2880,\"height\":2880,\"caption\":\"Talkpal, Inc.\"},\"image\":{\"@id\":\"https:\/\/talkpal.ai\/sv\/#\/schema\/logo\/image\/\"},\"sameAs\":[\"https:\/\/www.facebook.com\/profile.php?id=100090733639311\",\"https:\/\/x.com\/talkpalai\",\"https:\/\/www.linkedin.com\/company\/talkpal\/\",\"https:\/\/www.youtube.com\/@TalkPal\/\",\"https:\/\/www.tiktok.com\/@talkpal\",\"https:\/\/www.instagram.com\/talkpal_ai\/\",\"https:\/\/www.crunchbase.com\/organization\/talkpal-9cde\",\"https:\/\/www.g2.com\/products\/talkpal-for-business\/\",\"https:\/\/www.trustpilot.com\/review\/talkpal.ai\",\"https:\/\/www.capterra.com\/p\/10006800\/TalkPal\/\"],\"description\":\"Talkpal is a language learning web and mobile education app, powered by the latest AI technologies, that provides engaging experiences to its customers in many different languages to help them improve their language skills. Users can chat about unlimited amount of topics with the app and use other modes to practice their language learning.\",\"email\":\"support@talkpal.ai\",\"legalName\":\"Talkpal, Inc.\",\"foundingDate\":\"2023-04-03\",\"duns\":\"118989042\",\"numberOfEmployees\":{\"@type\":\"QuantitativeValue\",\"minValue\":\"11\",\"maxValue\":\"50\"},\"publishingPrinciples\":\"https:\/\/talkpal.ai\/publishing-principles\/\",\"actionableFeedbackPolicy\":\"https:\/\/talkpal.ai\/actionable-feedback-policy\/\",\"correctionsPolicy\":\"https:\/\/talkpal.ai\/corrections-policy\/\",\"ethicsPolicy\":\"https:\/\/talkpal.ai\/ethics-policy\/\",\"diversityPolicy\":\"https:\/\/talkpal.ai\/diversity-policy\/\",\"diversityStaffingReport\":\"https:\/\/talkpal.ai\/diversity-policy\/\"}]}<\/script>\n<!-- \/ Yoast SEO Premium plugin. -->","yoast_head_json":{"title":"Portugisiska ord att veta f\u00f6r A2-niv\u00e5 - Talkpal","description":"Att l\u00e4ra sig ett nytt spr\u00e5k kan vara b\u00e5de sp\u00e4nnande och utmanande. N\u00e4r man n\u00e5r A2-niv\u00e5n i portugisiska, har man redan en grundl\u00e4ggande f\u00f6rst\u00e5else f\u00f6r","robots":{"index":"index","follow":"follow","max-snippet":"max-snippet:-1","max-image-preview":"max-image-preview:large","max-video-preview":"max-video-preview:-1"},"canonical":"https:\/\/talkpal.ai\/sv\/vocabulary\/portugisiska-ord-att-veta-for-a2-niva\/","og_locale":"sv_SE","og_type":"article","og_title":"Portugisiska ord att veta f\u00f6r A2-niv\u00e5","og_description":"Att l\u00e4ra sig ett nytt spr\u00e5k kan vara b\u00e5de sp\u00e4nnande och utmanande. N\u00e4r man n\u00e5r A2-niv\u00e5n i portugisiska, har man redan en grundl\u00e4ggande f\u00f6rst\u00e5else f\u00f6r","og_url":"https:\/\/talkpal.ai\/sv\/vocabulary\/portugisiska-ord-att-veta-for-a2-niva\/","og_site_name":"Talkpal","article_publisher":"https:\/\/www.facebook.com\/profile.php?id=100090733639311","article_modified_time":"2025-12-26T13:46:24+00:00","og_image":[{"width":1024,"height":1024,"url":"https:\/\/talkpal.ai\/wp-content\/uploads\/2024\/10\/talkpal_flat_illustration_of_a_employees_working_together_happi_c674ff77-e477-4e09-835a-01d30e561e99.png","type":"image\/png"}],"twitter_card":"summary_large_image","twitter_site":"@talkpalai","twitter_misc":{"Ber\u00e4knad l\u00e4stid":"5 minuter"},"schema":{"@context":"https:\/\/schema.org","@graph":[{"@type":"WebPage","@id":"https:\/\/talkpal.ai\/sv\/vocabulary\/portugisiska-ord-att-veta-for-a2-niva\/","url":"https:\/\/talkpal.ai\/sv\/vocabulary\/portugisiska-ord-att-veta-for-a2-niva\/","name":"Portugisiska ord att veta f\u00f6r A2-niv\u00e5 - Talkpal","isPartOf":{"@id":"https:\/\/talkpal.ai\/sv\/#website"},"primaryImageOfPage":{"@id":"https:\/\/talkpal.ai\/sv\/vocabulary\/portugisiska-ord-att-veta-for-a2-niva\/#primaryimage"},"image":{"@id":"https:\/\/talkpal.ai\/sv\/vocabulary\/portugisiska-ord-att-veta-for-a2-niva\/#primaryimage"},"thumbnailUrl":"https:\/\/talkpal.ai\/wp-content\/uploads\/2025\/12\/students-study-together-learning-languages.webp","datePublished":"2024-06-29T20:45:07+00:00","dateModified":"2025-12-26T13:46:24+00:00","description":"Att l\u00e4ra sig ett nytt spr\u00e5k kan vara b\u00e5de sp\u00e4nnande och utmanande. N\u00e4r man n\u00e5r A2-niv\u00e5n i portugisiska, har man redan en grundl\u00e4ggande f\u00f6rst\u00e5else f\u00f6r","breadcrumb":{"@id":"https:\/\/talkpal.ai\/sv\/vocabulary\/portugisiska-ord-att-veta-for-a2-niva\/#breadcrumb"},"inLanguage":"sv-SE","potentialAction":[{"@type":"ReadAction","target":["https:\/\/talkpal.ai\/sv\/vocabulary\/portugisiska-ord-att-veta-for-a2-niva\/"]}]},{"@type":"ImageObject","inLanguage":"sv-SE","@id":"https:\/\/talkpal.ai\/sv\/vocabulary\/portugisiska-ord-att-veta-for-a2-niva\/#primaryimage","url":"https:\/\/talkpal.ai\/wp-content\/uploads\/2025\/12\/students-study-together-learning-languages.webp","contentUrl":"https:\/\/talkpal.ai\/wp-content\/uploads\/2025\/12\/students-study-together-learning-languages.webp","width":1200,"height":896,"caption":"A group of four students sit at a table with books while focused on learning languages."},{"@type":"BreadcrumbList","@id":"https:\/\/talkpal.ai\/sv\/vocabulary\/portugisiska-ord-att-veta-for-a2-niva\/#breadcrumb","itemListElement":[{"@type":"ListItem","position":1,"name":"Homepage","item":"https:\/\/talkpal.ai\/sv\/"},{"@type":"ListItem","position":2,"name":"Portugisiska ord att veta f\u00f6r A2-niv\u00e5"}]},{"@type":"WebSite","@id":"https:\/\/talkpal.ai\/sv\/#website","url":"https:\/\/talkpal.ai\/sv\/","name":"Talkpal","description":"AI Language Learning","publisher":{"@id":"https:\/\/talkpal.ai\/sv\/#organization"},"alternateName":"Talkpal AI","potentialAction":[{"@type":"SearchAction","target":{"@type":"EntryPoint","urlTemplate":"https:\/\/talkpal.ai\/sv\/?s={search_term_string}"},"query-input":{"@type":"PropertyValueSpecification","valueRequired":true,"valueName":"search_term_string"}}],"inLanguage":"sv-SE"},{"@type":"Organization","@id":"https:\/\/talkpal.ai\/sv\/#organization","name":"Talkpal, Inc.","alternateName":"Talkpal AI","url":"https:\/\/talkpal.ai\/sv\/","logo":{"@type":"ImageObject","inLanguage":"sv-SE","@id":"https:\/\/talkpal.ai\/sv\/#\/schema\/logo\/image\/","url":"https:\/\/talkpal.ai\/wp-content\/uploads\/2024\/03\/Talkpal-Logo-Icon.png","contentUrl":"https:\/\/talkpal.ai\/wp-content\/uploads\/2024\/03\/Talkpal-Logo-Icon.png","width":2880,"height":2880,"caption":"Talkpal, Inc."},"image":{"@id":"https:\/\/talkpal.ai\/sv\/#\/schema\/logo\/image\/"},"sameAs":["https:\/\/www.facebook.com\/profile.php?id=100090733639311","https:\/\/x.com\/talkpalai","https:\/\/www.linkedin.com\/company\/talkpal\/","https:\/\/www.youtube.com\/@TalkPal\/","https:\/\/www.tiktok.com\/@talkpal","https:\/\/www.instagram.com\/talkpal_ai\/","https:\/\/www.crunchbase.com\/organization\/talkpal-9cde","https:\/\/www.g2.com\/products\/talkpal-for-business\/","https:\/\/www.trustpilot.com\/review\/talkpal.ai","https:\/\/www.capterra.com\/p\/10006800\/TalkPal\/"],"description":"Talkpal is a language learning web and mobile education app, powered by the latest AI technologies, that provides engaging experiences to its customers in many different languages to help them improve their language skills. Users can chat about unlimited amount of topics with the app and use other modes to practice their language learning.","email":"support@talkpal.ai","legalName":"Talkpal, Inc.","foundingDate":"2023-04-03","duns":"118989042","numberOfEmployees":{"@type":"QuantitativeValue","minValue":"11","maxValue":"50"},"publishingPrinciples":"https:\/\/talkpal.ai\/publishing-principles\/","actionableFeedbackPolicy":"https:\/\/talkpal.ai\/actionable-feedback-policy\/","correctionsPolicy":"https:\/\/talkpal.ai\/corrections-policy\/","ethicsPolicy":"https:\/\/talkpal.ai\/ethics-policy\/","diversityPolicy":"https:\/\/talkpal.ai\/diversity-policy\/","diversityStaffingReport":"https:\/\/talkpal.ai\/diversity-policy\/"}]}},"_links":{"self":[{"href":"https:\/\/talkpal.ai\/sv\/wp-json\/wp\/v2\/vocabulary\/856252","targetHints":{"allow":["GET"]}}],"collection":[{"href":"https:\/\/talkpal.ai\/sv\/wp-json\/wp\/v2\/vocabulary"}],"about":[{"href":"https:\/\/talkpal.ai\/sv\/wp-json\/wp\/v2\/types\/vocabulary"}],"wp:featuredmedia":[{"embeddable":true,"href":"https:\/\/talkpal.ai\/sv\/wp-json\/wp\/v2\/media\/1527979"}],"wp:attachment":[{"href":"https:\/\/talkpal.ai\/sv\/wp-json\/wp\/v2\/media?parent=856252"}],"wp:term":[{"taxonomy":"vocabulary_language","embeddable":true,"href":"https:\/\/talkpal.ai\/sv\/wp-json\/wp\/v2\/vocabulary_language?post=856252"}],"curies":[{"name":"wp","href":"https:\/\/api.w.org\/{rel}","templated":true}]}}