{"id":782944,"date":"2024-06-12T22:48:14","date_gmt":"2024-06-12T22:48:14","guid":{"rendered":"https:\/\/talkpal.ai\/vocabulary\/%e0%a4%aa%e0%a5%8d%e0%a4%b0%e0%a5%87%e0%a4%ae-prem-vs-%e0%a4%a6%e0%a5%8d%e0%a4%b5%e0%a5%87%e0%a4%b7-dvesh-karlek-vs-hat-pa-marathi\/"},"modified":"2024-06-12T22:48:14","modified_gmt":"2024-06-12T22:48:14","slug":"%e0%a4%aa%e0%a5%8d%e0%a4%b0%e0%a5%87%e0%a4%ae-prem-vs-%e0%a4%a6%e0%a5%8d%e0%a4%b5%e0%a5%87%e0%a4%b7-dvesh-karlek-vs-hat-pa-marathi","status":"publish","type":"vocabulary","link":"https:\/\/talkpal.ai\/sv\/vocabulary\/%e0%a4%aa%e0%a5%8d%e0%a4%b0%e0%a5%87%e0%a4%ae-prem-vs-%e0%a4%a6%e0%a5%8d%e0%a4%b5%e0%a5%87%e0%a4%b7-dvesh-karlek-vs-hat-pa-marathi\/","title":{"rendered":"\u092a\u094d\u0930\u0947\u092e (prem) vs. \u0926\u094d\u0935\u0947\u0937 (dvesh) &#8211; K\u00e4rlek vs hat p\u00e5 marathi"},"content":{"rendered":"<p>Att f\u00f6rst\u00e5 och l\u00e4ra sig ett nytt spr\u00e5k inneb\u00e4r att dyka djupt ner i b\u00e5de dess kulturella och spr\u00e5kliga nyanser. <a href=\"https:\/\/talkpal.ai\/learn-marathi\/\">Marathi<\/a>, ett av <a href=\"https:\/\/talkpal.ai\/the-10-most-spoken-languages-in-the-world\/\">de mest talade spr\u00e5ken<\/a> i Indien, \u00e4r rikt p\u00e5 s\u00e5dana nyanser. Ett intressant s\u00e4tt att utforska <a href=\"https:\/\/talkpal.ai\/learn-marathi\/\">marathi<\/a> \u00e4r genom att j\u00e4mf\u00f6ra ord som uttrycker starka k\u00e4nslor. Tv\u00e5 s\u00e5dana ord \u00e4r <b>\u092a\u094d\u0930\u0947\u092e<\/b> (<b>prem<\/b>) och <b>\u0926\u094d\u0935\u0947\u0937<\/b> (<b>dvesh<\/b>), vilket betyder <b>k\u00e4rlek<\/b> och <b>hat<\/b> respektive. I denna artikel kommer vi att f\u00f6rdjupa <a href=\"https:\/\/talkpal.ai\/locations\/language-courses-in-oss\/\">oss<\/a> i deras betydelser, anv\u00e4ndningar och kulturella konnotationer.<\/p>\n<h2>\u092a\u094d\u0930\u0947\u092e (prem) &#8211; K\u00e4rlek<\/h2>\n<p><b>\u092a\u094d\u0930\u0947\u092e<\/b> \u00e4r ett ord som b\u00e4r med sig en enorm tyngd och djup i marathi. Det anv\u00e4nds f\u00f6r att beskriva en bred upps\u00e4ttning k\u00e4nslor fr\u00e5n romantisk <b>k\u00e4rlek<\/b> till v\u00e4nskaplig <b>tillgivenhet<\/b>.<\/p>\n<h3>Romantisk K\u00e4rlek<\/h3>\n<p>N\u00e4r man talar om romantisk <b>k\u00e4rlek<\/b> p\u00e5 marathi, anv\u00e4nds ofta ordet <b>\u092a\u094d\u0930\u0947\u092e<\/b>. Exempelvis:<br \/>\n&#8211; &#8221;\u092e\u093e\u091d\u0902 \u0924\u0941\u091d\u094d\u092f\u093e\u0935\u0930 <b>\u092a\u094d\u0930\u0947\u092e<\/b> \u0906\u0939\u0947.&#8221; (<a href=\"https:\/\/talkpal.ai\/culture\/how-do-i-say-i-love-you-in-swedish\/\">Jag \u00e4lskar dig<\/a>.)<br \/>\n&#8211; &#8221;\u0924\u094d\u092f\u093e\u0902\u091a\u0902 <b>\u092a\u094d\u0930\u0947\u092e<\/b> \u0916\u0942\u092a \u0917\u094b\u0921 \u0906\u0939\u0947.&#8221; (Deras k\u00e4rlek \u00e4r v\u00e4ldigt s\u00f6t.)<\/p>\n<p>H\u00e4r ser vi hur ordet <b>\u092a\u094d\u0930\u0947\u092e<\/b> anv\u00e4nds f\u00f6r att beskriva den djupa, k\u00e4nslom\u00e4ssiga anknytningen mellan tv\u00e5 personer.<\/p>\n<h3>V\u00e4nskaplig Tillgivenhet<\/h3>\n<p><b>\u092a\u094d\u0930\u0947\u092e<\/b> anv\u00e4nds inte bara f\u00f6r romantiska relationer utan \u00e4ven f\u00f6r att beskriva k\u00e4nslan av <b>k\u00e4rlek<\/b> och <b>tillgivenhet<\/b> mellan v\u00e4nner och familjemedlemmar.<br \/>\n&#8211; &#8221;\u092e\u093e\u091d\u0902 <b>\u092a\u094d\u0930\u0947\u092e<\/b> \u092e\u093e\u091d\u094d\u092f\u093e \u092e\u093f\u0924\u094d\u0930\u093e\u0902\u0938\u093e\u0920\u0940 \u0906\u0939\u0947.&#8221; (Jag har k\u00e4rlek till mina v\u00e4nner.)<br \/>\n&#8211; &#8221;\u0906\u0908\u091a\u0902 <b>\u092a\u094d\u0930\u0947\u092e<\/b> \u0938\u0930\u094d\u0935\u093e\u0924 \u092e\u094b\u0920\u0902 \u0905\u0938\u0924\u0902.&#8221; (En mammas k\u00e4rlek \u00e4r st\u00f6rst.)<\/p>\n<p>Detta visar hur m\u00e5ngsidigt ordet <b>\u092a\u094d\u0930\u0947\u092e<\/b> \u00e4r i marathi och hur det kan anv\u00e4ndas i olika kontexter.<\/p>\n<h2>\u0926\u094d\u0935\u0947\u0937 (dvesh) &#8211; Hat<\/h2>\n<p>P\u00e5 <a href=\"https:\/\/talkpal.ai\/culture\/what-does-a-andra-sidan-mean\/\">andra sidan<\/a> av k\u00e4nslospektrumet har vi <b>\u0926\u094d\u0935\u0947\u0937<\/b>, som betyder <b>hat<\/b>. Detta ord anv\u00e4nds f\u00f6r att uttrycka starka negativa k\u00e4nslor och har en mycket kraftfull betydelse.<\/p>\n<h3>Personligt Hat<\/h3>\n<p><b>\u0926\u094d\u0935\u0947\u0937<\/b> anv\u00e4nds ofta f\u00f6r att uttrycka personligt <b>hat<\/b> mot n\u00e5gon:<br \/>\n&#8211; &#8221;\u092e\u093e\u091d\u093e \u0924\u0941\u091d\u094d\u092f\u093e\u0935\u0930 <b>\u0926\u094d\u0935\u0947\u0937<\/b> \u0906\u0939\u0947.&#8221; (Jag hatar dig.)<br \/>\n&#8211; &#8221;\u0924\u094d\u092f\u093e\u0902\u091a\u094d\u092f\u093e \u092e\u0927\u094d\u092f\u0947 <b>\u0926\u094d\u0935\u0947\u0937<\/b> \u0906\u0939\u0947.&#8221; (<a href=\"https:\/\/talkpal.ai\/culture\/how-do-i-use-det-finns-correctly\/\">Det finns<\/a> hat mellan dem.)<\/p>\n<p>Dessa exempel visar den intensiva k\u00e4nslom\u00e4ssiga laddningen som ordet <b>\u0926\u094d\u0935\u0947\u0937<\/b> b\u00e4r med sig.<\/p>\n<h3>Socialt och Kulturellt Hat<\/h3>\n<p><b>\u0926\u094d\u0935\u0947\u0937<\/b> kan ocks\u00e5 anv\u00e4ndas f\u00f6r att beskriva kollektivt <b>hat<\/b> mot grupper eller samh\u00e4llsfenomen:<br \/>\n&#8211; &#8221;\u091c\u093e\u0924\u0940\u092f <b>\u0926\u094d\u0935\u0947\u0937<\/b> \u0938\u092e\u093e\u091c\u093e\u0938\u093e\u0920\u0940 \u0939\u093e\u0928\u093f\u0915\u093e\u0930\u0915 \u0906\u0939\u0947.&#8221; (Etniskt hat \u00e4r skadligt f\u00f6r samh\u00e4llet.)<br \/>\n&#8211; &#8221;\u0927\u093e\u0930\u094d\u092e\u093f\u0915 <b>\u0926\u094d\u0935\u0947\u0937<\/b> \u0935\u093e\u0922\u0924 \u0906\u0939\u0947.&#8221; (Religi\u00f6st hat \u00f6kar.)<\/p>\n<p>Detta visar hur <b>\u0926\u094d\u0935\u0947\u0937<\/b> kan ha en bredare, samh\u00e4llelig p\u00e5verkan och inte bara begr\u00e4nsas till individuella k\u00e4nslor.<\/p>\n<h2>Spr\u00e5kliga och Kulturella Skillnader<\/h2>\n<p>Att f\u00f6rst\u00e5 skillnaden mellan <b>\u092a\u094d\u0930\u0947\u092e<\/b> och <b>\u0926\u094d\u0935\u0947\u0937<\/b> p\u00e5 marathi ger oss en inblick i de spr\u00e5kliga och kulturella nyanserna. Marathi, liksom m\u00e5nga andra indiska spr\u00e5k, har en rik tradition av litteratur, poesi och folklore som utforskar dessa k\u00e4nslor.<\/p>\n<h3>Marathi Litteratur och Poesi<\/h3>\n<p>Marathi litteratur och poesi \u00e4r fylld med exempel p\u00e5 <b>\u092a\u094d\u0930\u0947\u092e<\/b> och <b>\u0926\u094d\u0935\u0947\u0937<\/b>. Klassiska verk av poeter som Sant Tukaram och moderna f\u00f6rfattare som P.L. Deshpande utforskar dessa k\u00e4nslor p\u00e5 djupet.<\/p>\n<p>&#8211; Sant Tukaram skrev m\u00e5nga abhangas (devotionella s\u00e5nger) d\u00e4r han uttrycker sin <b>k\u00e4rlek<\/b> till Gud.<br \/>\n&#8211; P.L. Deshpande, en av de mest \u00e4lskade f\u00f6rfattarna i marathi litteratur, skrev ofta om de m\u00e4nskliga relationernas komplexitet, inklusive <b>k\u00e4rlek<\/b> och <b>hat<\/b>.<\/p>\n<h3>Folklore och Traditioner<\/h3>\n<p>Marathis folklore och traditioner \u00e4r ocks\u00e5 rika p\u00e5 ber\u00e4ttelser om <b>\u092a\u094d\u0930\u0947\u092e<\/b> och <b>\u0926\u094d\u0935\u0947\u0937<\/b>. M\u00e5nga folkvisor och ber\u00e4ttelser handlar om k\u00e4rlekens triumfer och hatets tragedier.<\/p>\n<p>&#8211; I de traditionella Lavani-danserna, som \u00e4r popul\u00e4ra i Maharashtra, utforskas ofta teman om romantisk <b>k\u00e4rlek<\/b>.<br \/>\n&#8211; Historiska ber\u00e4ttelser om kungar och krigare i Maharashtra inkluderar ofta element av <b>k\u00e4rlek<\/b> och <b>hat<\/b>, vilket ger en djupare f\u00f6rst\u00e5else f\u00f6r dessa k\u00e4nslor i en kulturell kontext.<\/p>\n<h2>Praktiska \u00d6vningar f\u00f6r Spr\u00e5kinl\u00e4rning<\/h2>\n<p>F\u00f6r att hj\u00e4lpa dig att b\u00e4ttre f\u00f6rst\u00e5 och anv\u00e4nda dessa ord i marathi, h\u00e4r \u00e4r n\u00e5gra praktiska \u00f6vningar:<\/p>\n<h3>Ordf\u00f6rr\u00e5ds\u00f6vningar<\/h3>\n<p>1. Skriv ner meningar d\u00e4r du anv\u00e4nder ordet <b>\u092a\u094d\u0930\u0947\u092e<\/b> i olika sammanhang (romantisk, v\u00e4nskaplig, familj\u00e4r).<br \/>\n2. G\u00f6r samma sak med ordet <b>\u0926\u094d\u0935\u0947\u0937<\/b>, och f\u00f6rs\u00f6k att anv\u00e4nda det i b\u00e5de personliga och sociala kontexter.<\/p>\n<h3>Dialog\u00f6vningar<\/h3>\n<p>1. Skapa en dialog mellan tv\u00e5 personer d\u00e4r de diskuterar sina k\u00e4nslor av <b>\u092a\u094d\u0930\u0947\u092e<\/b> och <b>\u0926\u094d\u0935\u0947\u0937<\/b> mot varandra.<br \/>\n2. \u00d6va p\u00e5 att l\u00e4sa dialogen h\u00f6gt och fokusera p\u00e5 uttalet av dessa viktiga k\u00e4nslom\u00e4ssiga ord.<\/p>\n<h3>L\u00e4sning och Tolkning<\/h3>\n<p>1. L\u00e4s marathi poesi eller korta ber\u00e4ttelser som inneh\u00e5ller teman av <b>\u092a\u094d\u0930\u0947\u092e<\/b> och <b>\u0926\u094d\u0935\u0947\u0937<\/b>.<br \/>\n2. F\u00f6rs\u00f6k att tolka och \u00f6vers\u00e4tta dessa texter till <a href=\"https:\/\/talkpal.ai\/learn-swedish\/\">svenska<\/a>, vilket hj\u00e4lper dig att f\u00f6rst\u00e5 de kulturella nyanserna.<\/p>\n<h2>Slutsats<\/h2>\n<p>Att f\u00f6rst\u00e5 och anv\u00e4nda orden <b>\u092a\u094d\u0930\u0947\u092e<\/b> och <b>\u0926\u094d\u0935\u0947\u0937<\/b> p\u00e5 marathi ger en djupare inblick i spr\u00e5kets rika kulturella och k\u00e4nslom\u00e4ssiga v\u00e4rld. Genom att utforska dessa ord och deras anv\u00e4ndningar kan du f\u00f6rb\u00e4ttra din spr\u00e5kkunskap och f\u00e5 en b\u00e4ttre f\u00f6rst\u00e5else f\u00f6r de k\u00e4nslor och relationer som formar m\u00e4nskliga upplevelser. Marathi erbjuder en fascinerande resa in i hj\u00e4rtat av m\u00e4nskliga k\u00e4nslor, och genom att l\u00e4ra sig dessa ord och deras kontexter kan du berika din egen spr\u00e5kliga och kulturella f\u00f6rst\u00e5else.<\/p>\n<p>S\u00e5 n\u00e4sta g\u00e5ng du h\u00f6r n\u00e5gon s\u00e4ga &#8221;\u092e\u093e\u091d\u0902 \u0924\u0941\u091d\u094d\u092f\u093e\u0935\u0930 <b>\u092a\u094d\u0930\u0947\u092e<\/b> \u0906\u0939\u0947&#8221; eller &#8221;\u092e\u093e\u091d\u093e \u0924\u0941\u091d\u094d\u092f\u093e\u0935\u0930 <b>\u0926\u094d\u0935\u0947\u0937<\/b> \u0906\u0939\u0947&#8221;, kommer du att veta precis vad de menar, b\u00e5de spr\u00e5kligt och kulturellt.<\/p>\n","protected":false},"featured_media":1528061,"template":"","vocabulary_language":[4197],"class_list":["post-782944","vocabulary","type-vocabulary","status-publish","has-post-thumbnail","hentry","vocabulary_language-marathi-sv"],"acf":[],"yoast_head":"<!-- This site is optimized with the Yoast SEO Premium plugin v27.2 (Yoast SEO v27.2) - https:\/\/yoast.com\/product\/yoast-seo-premium-wordpress\/ -->\n<title>\u092a\u094d\u0930\u0947\u092e (prem) vs. \u0926\u094d\u0935\u0947\u0937 (dvesh) - K\u00e4rlek vs hat p\u00e5 marathi - Talkpal<\/title>\n<meta name=\"description\" content=\"Att f\u00f6rst\u00e5 och l\u00e4ra sig ett nytt spr\u00e5k inneb\u00e4r att dyka djupt ner i b\u00e5de dess kulturella och spr\u00e5kliga nyanser. Marathi, ett av de mest talade spr\u00e5ken i\" \/>\n<meta name=\"robots\" content=\"index, follow, max-snippet:-1, max-image-preview:large, max-video-preview:-1\" \/>\n<link rel=\"canonical\" href=\"https:\/\/talkpal.ai\/sv\/vocabulary\/%e0%a4%aa%e0%a5%8d%e0%a4%b0%e0%a5%87%e0%a4%ae-prem-vs-%e0%a4%a6%e0%a5%8d%e0%a4%b5%e0%a5%87%e0%a4%b7-dvesh-karlek-vs-hat-pa-marathi\/\" \/>\n<meta property=\"og:locale\" content=\"sv_SE\" \/>\n<meta property=\"og:type\" content=\"article\" \/>\n<meta property=\"og:title\" content=\"\u092a\u094d\u0930\u0947\u092e (prem) vs. \u0926\u094d\u0935\u0947\u0937 (dvesh) - K\u00e4rlek vs hat p\u00e5 marathi\" \/>\n<meta property=\"og:description\" content=\"Att f\u00f6rst\u00e5 och l\u00e4ra sig ett nytt spr\u00e5k inneb\u00e4r att dyka djupt ner i b\u00e5de dess kulturella och spr\u00e5kliga nyanser. Marathi, ett av de mest talade spr\u00e5ken i\" \/>\n<meta property=\"og:url\" content=\"https:\/\/talkpal.ai\/sv\/vocabulary\/%e0%a4%aa%e0%a5%8d%e0%a4%b0%e0%a5%87%e0%a4%ae-prem-vs-%e0%a4%a6%e0%a5%8d%e0%a4%b5%e0%a5%87%e0%a4%b7-dvesh-karlek-vs-hat-pa-marathi\/\" \/>\n<meta property=\"og:site_name\" content=\"Talkpal\" \/>\n<meta property=\"article:publisher\" content=\"https:\/\/www.facebook.com\/profile.php?id=100090733639311\" \/>\n<meta property=\"og:image\" content=\"https:\/\/talkpal.ai\/wp-content\/uploads\/2024\/10\/talkpal_flat_illustration_of_a_employees_working_together_happi_c674ff77-e477-4e09-835a-01d30e561e99.png\" \/>\n\t<meta property=\"og:image:width\" content=\"1024\" \/>\n\t<meta property=\"og:image:height\" content=\"1024\" \/>\n\t<meta property=\"og:image:type\" content=\"image\/png\" \/>\n<meta name=\"twitter:card\" content=\"summary_large_image\" \/>\n<meta name=\"twitter:site\" content=\"@talkpalai\" \/>\n<meta name=\"twitter:label1\" content=\"Ber\u00e4knad l\u00e4stid\" \/>\n\t<meta name=\"twitter:data1\" content=\"4 minuter\" \/>\n<script type=\"application\/ld+json\" class=\"yoast-schema-graph\">{\"@context\":\"https:\/\/schema.org\",\"@graph\":[{\"@type\":\"WebPage\",\"@id\":\"https:\/\/talkpal.ai\/sv\/vocabulary\/%e0%a4%aa%e0%a5%8d%e0%a4%b0%e0%a5%87%e0%a4%ae-prem-vs-%e0%a4%a6%e0%a5%8d%e0%a4%b5%e0%a5%87%e0%a4%b7-dvesh-karlek-vs-hat-pa-marathi\/\",\"url\":\"https:\/\/talkpal.ai\/sv\/vocabulary\/%e0%a4%aa%e0%a5%8d%e0%a4%b0%e0%a5%87%e0%a4%ae-prem-vs-%e0%a4%a6%e0%a5%8d%e0%a4%b5%e0%a5%87%e0%a4%b7-dvesh-karlek-vs-hat-pa-marathi\/\",\"name\":\"\u092a\u094d\u0930\u0947\u092e (prem) vs. \u0926\u094d\u0935\u0947\u0937 (dvesh) - K\u00e4rlek vs hat p\u00e5 marathi - Talkpal\",\"isPartOf\":{\"@id\":\"https:\/\/talkpal.ai\/sv\/#website\"},\"primaryImageOfPage\":{\"@id\":\"https:\/\/talkpal.ai\/sv\/vocabulary\/%e0%a4%aa%e0%a5%8d%e0%a4%b0%e0%a5%87%e0%a4%ae-prem-vs-%e0%a4%a6%e0%a5%8d%e0%a4%b5%e0%a5%87%e0%a4%b7-dvesh-karlek-vs-hat-pa-marathi\/#primaryimage\"},\"image\":{\"@id\":\"https:\/\/talkpal.ai\/sv\/vocabulary\/%e0%a4%aa%e0%a5%8d%e0%a4%b0%e0%a5%87%e0%a4%ae-prem-vs-%e0%a4%a6%e0%a5%8d%e0%a4%b5%e0%a5%87%e0%a4%b7-dvesh-karlek-vs-hat-pa-marathi\/#primaryimage\"},\"thumbnailUrl\":\"https:\/\/talkpal.ai\/wp-content\/uploads\/2025\/12\/trio-uses-laptops-to-learn-languages.webp\",\"datePublished\":\"2024-06-12T22:48:14+00:00\",\"description\":\"Att f\u00f6rst\u00e5 och l\u00e4ra sig ett nytt spr\u00e5k inneb\u00e4r att dyka djupt ner i b\u00e5de dess kulturella och spr\u00e5kliga nyanser. Marathi, ett av de mest talade spr\u00e5ken i\",\"breadcrumb\":{\"@id\":\"https:\/\/talkpal.ai\/sv\/vocabulary\/%e0%a4%aa%e0%a5%8d%e0%a4%b0%e0%a5%87%e0%a4%ae-prem-vs-%e0%a4%a6%e0%a5%8d%e0%a4%b5%e0%a5%87%e0%a4%b7-dvesh-karlek-vs-hat-pa-marathi\/#breadcrumb\"},\"inLanguage\":\"sv-SE\",\"potentialAction\":[{\"@type\":\"ReadAction\",\"target\":[\"https:\/\/talkpal.ai\/sv\/vocabulary\/%e0%a4%aa%e0%a5%8d%e0%a4%b0%e0%a5%87%e0%a4%ae-prem-vs-%e0%a4%a6%e0%a5%8d%e0%a4%b5%e0%a5%87%e0%a4%b7-dvesh-karlek-vs-hat-pa-marathi\/\"]}]},{\"@type\":\"ImageObject\",\"inLanguage\":\"sv-SE\",\"@id\":\"https:\/\/talkpal.ai\/sv\/vocabulary\/%e0%a4%aa%e0%a5%8d%e0%a4%b0%e0%a5%87%e0%a4%ae-prem-vs-%e0%a4%a6%e0%a5%8d%e0%a4%b5%e0%a5%87%e0%a4%b7-dvesh-karlek-vs-hat-pa-marathi\/#primaryimage\",\"url\":\"https:\/\/talkpal.ai\/wp-content\/uploads\/2025\/12\/trio-uses-laptops-to-learn-languages.webp\",\"contentUrl\":\"https:\/\/talkpal.ai\/wp-content\/uploads\/2025\/12\/trio-uses-laptops-to-learn-languages.webp\",\"width\":1200,\"height\":896,\"caption\":\"Three students use individual laptops and books for learning languages at a shared desk.\"},{\"@type\":\"BreadcrumbList\",\"@id\":\"https:\/\/talkpal.ai\/sv\/vocabulary\/%e0%a4%aa%e0%a5%8d%e0%a4%b0%e0%a5%87%e0%a4%ae-prem-vs-%e0%a4%a6%e0%a5%8d%e0%a4%b5%e0%a5%87%e0%a4%b7-dvesh-karlek-vs-hat-pa-marathi\/#breadcrumb\",\"itemListElement\":[{\"@type\":\"ListItem\",\"position\":1,\"name\":\"Homepage\",\"item\":\"https:\/\/talkpal.ai\/sv\/\"},{\"@type\":\"ListItem\",\"position\":2,\"name\":\"\u092a\u094d\u0930\u0947\u092e (prem) vs. \u0926\u094d\u0935\u0947\u0937 (dvesh) &#8211; K\u00e4rlek vs hat p\u00e5 marathi\"}]},{\"@type\":\"WebSite\",\"@id\":\"https:\/\/talkpal.ai\/sv\/#website\",\"url\":\"https:\/\/talkpal.ai\/sv\/\",\"name\":\"Talkpal\",\"description\":\"AI Language Learning\",\"publisher\":{\"@id\":\"https:\/\/talkpal.ai\/sv\/#organization\"},\"alternateName\":\"Talkpal AI\",\"potentialAction\":[{\"@type\":\"SearchAction\",\"target\":{\"@type\":\"EntryPoint\",\"urlTemplate\":\"https:\/\/talkpal.ai\/sv\/?s={search_term_string}\"},\"query-input\":{\"@type\":\"PropertyValueSpecification\",\"valueRequired\":true,\"valueName\":\"search_term_string\"}}],\"inLanguage\":\"sv-SE\"},{\"@type\":\"Organization\",\"@id\":\"https:\/\/talkpal.ai\/sv\/#organization\",\"name\":\"Talkpal, Inc.\",\"alternateName\":\"Talkpal AI\",\"url\":\"https:\/\/talkpal.ai\/sv\/\",\"logo\":{\"@type\":\"ImageObject\",\"inLanguage\":\"sv-SE\",\"@id\":\"https:\/\/talkpal.ai\/sv\/#\/schema\/logo\/image\/\",\"url\":\"https:\/\/talkpal.ai\/wp-content\/uploads\/2024\/03\/Talkpal-Logo-Icon.png\",\"contentUrl\":\"https:\/\/talkpal.ai\/wp-content\/uploads\/2024\/03\/Talkpal-Logo-Icon.png\",\"width\":2880,\"height\":2880,\"caption\":\"Talkpal, Inc.\"},\"image\":{\"@id\":\"https:\/\/talkpal.ai\/sv\/#\/schema\/logo\/image\/\"},\"sameAs\":[\"https:\/\/www.facebook.com\/profile.php?id=100090733639311\",\"https:\/\/x.com\/talkpalai\",\"https:\/\/www.linkedin.com\/company\/talkpal\/\",\"https:\/\/www.youtube.com\/@TalkPal\/\",\"https:\/\/www.tiktok.com\/@talkpal\",\"https:\/\/www.instagram.com\/talkpal_ai\/\",\"https:\/\/www.crunchbase.com\/organization\/talkpal-9cde\",\"https:\/\/www.g2.com\/products\/talkpal-for-business\/\",\"https:\/\/www.trustpilot.com\/review\/talkpal.ai\",\"https:\/\/www.capterra.com\/p\/10006800\/TalkPal\/\"],\"description\":\"Talkpal is a language learning web and mobile education app, powered by the latest AI technologies, that provides engaging experiences to its customers in many different languages to help them improve their language skills. Users can chat about unlimited amount of topics with the app and use other modes to practice their language learning.\",\"email\":\"support@talkpal.ai\",\"legalName\":\"Talkpal, Inc.\",\"foundingDate\":\"2023-04-03\",\"duns\":\"118989042\",\"numberOfEmployees\":{\"@type\":\"QuantitativeValue\",\"minValue\":\"11\",\"maxValue\":\"50\"},\"publishingPrinciples\":\"https:\/\/talkpal.ai\/publishing-principles\/\",\"actionableFeedbackPolicy\":\"https:\/\/talkpal.ai\/actionable-feedback-policy\/\",\"correctionsPolicy\":\"https:\/\/talkpal.ai\/corrections-policy\/\",\"ethicsPolicy\":\"https:\/\/talkpal.ai\/ethics-policy\/\",\"diversityPolicy\":\"https:\/\/talkpal.ai\/diversity-policy\/\",\"diversityStaffingReport\":\"https:\/\/talkpal.ai\/diversity-policy\/\"}]}<\/script>\n<!-- \/ Yoast SEO Premium plugin. -->","yoast_head_json":{"title":"\u092a\u094d\u0930\u0947\u092e (prem) vs. \u0926\u094d\u0935\u0947\u0937 (dvesh) - K\u00e4rlek vs hat p\u00e5 marathi - Talkpal","description":"Att f\u00f6rst\u00e5 och l\u00e4ra sig ett nytt spr\u00e5k inneb\u00e4r att dyka djupt ner i b\u00e5de dess kulturella och spr\u00e5kliga nyanser. Marathi, ett av de mest talade spr\u00e5ken i","robots":{"index":"index","follow":"follow","max-snippet":"max-snippet:-1","max-image-preview":"max-image-preview:large","max-video-preview":"max-video-preview:-1"},"canonical":"https:\/\/talkpal.ai\/sv\/vocabulary\/%e0%a4%aa%e0%a5%8d%e0%a4%b0%e0%a5%87%e0%a4%ae-prem-vs-%e0%a4%a6%e0%a5%8d%e0%a4%b5%e0%a5%87%e0%a4%b7-dvesh-karlek-vs-hat-pa-marathi\/","og_locale":"sv_SE","og_type":"article","og_title":"\u092a\u094d\u0930\u0947\u092e (prem) vs. \u0926\u094d\u0935\u0947\u0937 (dvesh) - K\u00e4rlek vs hat p\u00e5 marathi","og_description":"Att f\u00f6rst\u00e5 och l\u00e4ra sig ett nytt spr\u00e5k inneb\u00e4r att dyka djupt ner i b\u00e5de dess kulturella och spr\u00e5kliga nyanser. Marathi, ett av de mest talade spr\u00e5ken i","og_url":"https:\/\/talkpal.ai\/sv\/vocabulary\/%e0%a4%aa%e0%a5%8d%e0%a4%b0%e0%a5%87%e0%a4%ae-prem-vs-%e0%a4%a6%e0%a5%8d%e0%a4%b5%e0%a5%87%e0%a4%b7-dvesh-karlek-vs-hat-pa-marathi\/","og_site_name":"Talkpal","article_publisher":"https:\/\/www.facebook.com\/profile.php?id=100090733639311","og_image":[{"width":1024,"height":1024,"url":"https:\/\/talkpal.ai\/wp-content\/uploads\/2024\/10\/talkpal_flat_illustration_of_a_employees_working_together_happi_c674ff77-e477-4e09-835a-01d30e561e99.png","type":"image\/png"}],"twitter_card":"summary_large_image","twitter_site":"@talkpalai","twitter_misc":{"Ber\u00e4knad l\u00e4stid":"4 minuter"},"schema":{"@context":"https:\/\/schema.org","@graph":[{"@type":"WebPage","@id":"https:\/\/talkpal.ai\/sv\/vocabulary\/%e0%a4%aa%e0%a5%8d%e0%a4%b0%e0%a5%87%e0%a4%ae-prem-vs-%e0%a4%a6%e0%a5%8d%e0%a4%b5%e0%a5%87%e0%a4%b7-dvesh-karlek-vs-hat-pa-marathi\/","url":"https:\/\/talkpal.ai\/sv\/vocabulary\/%e0%a4%aa%e0%a5%8d%e0%a4%b0%e0%a5%87%e0%a4%ae-prem-vs-%e0%a4%a6%e0%a5%8d%e0%a4%b5%e0%a5%87%e0%a4%b7-dvesh-karlek-vs-hat-pa-marathi\/","name":"\u092a\u094d\u0930\u0947\u092e (prem) vs. \u0926\u094d\u0935\u0947\u0937 (dvesh) - K\u00e4rlek vs hat p\u00e5 marathi - Talkpal","isPartOf":{"@id":"https:\/\/talkpal.ai\/sv\/#website"},"primaryImageOfPage":{"@id":"https:\/\/talkpal.ai\/sv\/vocabulary\/%e0%a4%aa%e0%a5%8d%e0%a4%b0%e0%a5%87%e0%a4%ae-prem-vs-%e0%a4%a6%e0%a5%8d%e0%a4%b5%e0%a5%87%e0%a4%b7-dvesh-karlek-vs-hat-pa-marathi\/#primaryimage"},"image":{"@id":"https:\/\/talkpal.ai\/sv\/vocabulary\/%e0%a4%aa%e0%a5%8d%e0%a4%b0%e0%a5%87%e0%a4%ae-prem-vs-%e0%a4%a6%e0%a5%8d%e0%a4%b5%e0%a5%87%e0%a4%b7-dvesh-karlek-vs-hat-pa-marathi\/#primaryimage"},"thumbnailUrl":"https:\/\/talkpal.ai\/wp-content\/uploads\/2025\/12\/trio-uses-laptops-to-learn-languages.webp","datePublished":"2024-06-12T22:48:14+00:00","description":"Att f\u00f6rst\u00e5 och l\u00e4ra sig ett nytt spr\u00e5k inneb\u00e4r att dyka djupt ner i b\u00e5de dess kulturella och spr\u00e5kliga nyanser. Marathi, ett av de mest talade spr\u00e5ken i","breadcrumb":{"@id":"https:\/\/talkpal.ai\/sv\/vocabulary\/%e0%a4%aa%e0%a5%8d%e0%a4%b0%e0%a5%87%e0%a4%ae-prem-vs-%e0%a4%a6%e0%a5%8d%e0%a4%b5%e0%a5%87%e0%a4%b7-dvesh-karlek-vs-hat-pa-marathi\/#breadcrumb"},"inLanguage":"sv-SE","potentialAction":[{"@type":"ReadAction","target":["https:\/\/talkpal.ai\/sv\/vocabulary\/%e0%a4%aa%e0%a5%8d%e0%a4%b0%e0%a5%87%e0%a4%ae-prem-vs-%e0%a4%a6%e0%a5%8d%e0%a4%b5%e0%a5%87%e0%a4%b7-dvesh-karlek-vs-hat-pa-marathi\/"]}]},{"@type":"ImageObject","inLanguage":"sv-SE","@id":"https:\/\/talkpal.ai\/sv\/vocabulary\/%e0%a4%aa%e0%a5%8d%e0%a4%b0%e0%a5%87%e0%a4%ae-prem-vs-%e0%a4%a6%e0%a5%8d%e0%a4%b5%e0%a5%87%e0%a4%b7-dvesh-karlek-vs-hat-pa-marathi\/#primaryimage","url":"https:\/\/talkpal.ai\/wp-content\/uploads\/2025\/12\/trio-uses-laptops-to-learn-languages.webp","contentUrl":"https:\/\/talkpal.ai\/wp-content\/uploads\/2025\/12\/trio-uses-laptops-to-learn-languages.webp","width":1200,"height":896,"caption":"Three students use individual laptops and books for learning languages at a shared desk."},{"@type":"BreadcrumbList","@id":"https:\/\/talkpal.ai\/sv\/vocabulary\/%e0%a4%aa%e0%a5%8d%e0%a4%b0%e0%a5%87%e0%a4%ae-prem-vs-%e0%a4%a6%e0%a5%8d%e0%a4%b5%e0%a5%87%e0%a4%b7-dvesh-karlek-vs-hat-pa-marathi\/#breadcrumb","itemListElement":[{"@type":"ListItem","position":1,"name":"Homepage","item":"https:\/\/talkpal.ai\/sv\/"},{"@type":"ListItem","position":2,"name":"\u092a\u094d\u0930\u0947\u092e (prem) vs. \u0926\u094d\u0935\u0947\u0937 (dvesh) &#8211; K\u00e4rlek vs hat p\u00e5 marathi"}]},{"@type":"WebSite","@id":"https:\/\/talkpal.ai\/sv\/#website","url":"https:\/\/talkpal.ai\/sv\/","name":"Talkpal","description":"AI Language Learning","publisher":{"@id":"https:\/\/talkpal.ai\/sv\/#organization"},"alternateName":"Talkpal AI","potentialAction":[{"@type":"SearchAction","target":{"@type":"EntryPoint","urlTemplate":"https:\/\/talkpal.ai\/sv\/?s={search_term_string}"},"query-input":{"@type":"PropertyValueSpecification","valueRequired":true,"valueName":"search_term_string"}}],"inLanguage":"sv-SE"},{"@type":"Organization","@id":"https:\/\/talkpal.ai\/sv\/#organization","name":"Talkpal, Inc.","alternateName":"Talkpal AI","url":"https:\/\/talkpal.ai\/sv\/","logo":{"@type":"ImageObject","inLanguage":"sv-SE","@id":"https:\/\/talkpal.ai\/sv\/#\/schema\/logo\/image\/","url":"https:\/\/talkpal.ai\/wp-content\/uploads\/2024\/03\/Talkpal-Logo-Icon.png","contentUrl":"https:\/\/talkpal.ai\/wp-content\/uploads\/2024\/03\/Talkpal-Logo-Icon.png","width":2880,"height":2880,"caption":"Talkpal, Inc."},"image":{"@id":"https:\/\/talkpal.ai\/sv\/#\/schema\/logo\/image\/"},"sameAs":["https:\/\/www.facebook.com\/profile.php?id=100090733639311","https:\/\/x.com\/talkpalai","https:\/\/www.linkedin.com\/company\/talkpal\/","https:\/\/www.youtube.com\/@TalkPal\/","https:\/\/www.tiktok.com\/@talkpal","https:\/\/www.instagram.com\/talkpal_ai\/","https:\/\/www.crunchbase.com\/organization\/talkpal-9cde","https:\/\/www.g2.com\/products\/talkpal-for-business\/","https:\/\/www.trustpilot.com\/review\/talkpal.ai","https:\/\/www.capterra.com\/p\/10006800\/TalkPal\/"],"description":"Talkpal is a language learning web and mobile education app, powered by the latest AI technologies, that provides engaging experiences to its customers in many different languages to help them improve their language skills. Users can chat about unlimited amount of topics with the app and use other modes to practice their language learning.","email":"support@talkpal.ai","legalName":"Talkpal, Inc.","foundingDate":"2023-04-03","duns":"118989042","numberOfEmployees":{"@type":"QuantitativeValue","minValue":"11","maxValue":"50"},"publishingPrinciples":"https:\/\/talkpal.ai\/publishing-principles\/","actionableFeedbackPolicy":"https:\/\/talkpal.ai\/actionable-feedback-policy\/","correctionsPolicy":"https:\/\/talkpal.ai\/corrections-policy\/","ethicsPolicy":"https:\/\/talkpal.ai\/ethics-policy\/","diversityPolicy":"https:\/\/talkpal.ai\/diversity-policy\/","diversityStaffingReport":"https:\/\/talkpal.ai\/diversity-policy\/"}]}},"_links":{"self":[{"href":"https:\/\/talkpal.ai\/sv\/wp-json\/wp\/v2\/vocabulary\/782944","targetHints":{"allow":["GET"]}}],"collection":[{"href":"https:\/\/talkpal.ai\/sv\/wp-json\/wp\/v2\/vocabulary"}],"about":[{"href":"https:\/\/talkpal.ai\/sv\/wp-json\/wp\/v2\/types\/vocabulary"}],"wp:featuredmedia":[{"embeddable":true,"href":"https:\/\/talkpal.ai\/sv\/wp-json\/wp\/v2\/media\/1528061"}],"wp:attachment":[{"href":"https:\/\/talkpal.ai\/sv\/wp-json\/wp\/v2\/media?parent=782944"}],"wp:term":[{"taxonomy":"vocabulary_language","embeddable":true,"href":"https:\/\/talkpal.ai\/sv\/wp-json\/wp\/v2\/vocabulary_language?post=782944"}],"curies":[{"name":"wp","href":"https:\/\/api.w.org\/{rel}","templated":true}]}}