{"id":782930,"date":"2024-06-12T22:46:50","date_gmt":"2024-06-12T22:46:50","guid":{"rendered":"https:\/\/talkpal.ai\/vocabulary\/%e0%a4%89%e0%a4%a6%e0%a5%8d%e0%a4%af%e0%a4%be-udya-vs-%e0%a4%95%e0%a4%be%e0%a4%b2-kal-imorgon-mot-gardagen-i-marathi\/"},"modified":"2024-06-12T22:46:50","modified_gmt":"2024-06-12T22:46:50","slug":"%e0%a4%89%e0%a4%a6%e0%a5%8d%e0%a4%af%e0%a4%be-udya-vs-%e0%a4%95%e0%a4%be%e0%a4%b2-kal-imorgon-mot-gardagen-i-marathi","status":"publish","type":"vocabulary","link":"https:\/\/talkpal.ai\/sv\/vocabulary\/%e0%a4%89%e0%a4%a6%e0%a5%8d%e0%a4%af%e0%a4%be-udya-vs-%e0%a4%95%e0%a4%be%e0%a4%b2-kal-imorgon-mot-gardagen-i-marathi\/","title":{"rendered":"\u0909\u0926\u094d\u092f\u093e (udya) vs. \u0915\u093e\u0932 (kal) &#8211; Imorgon mot g\u00e5rdagen i Marathi"},"content":{"rendered":"<p>Att l\u00e4ra sig ett nytt spr\u00e5k \u00e4r alltid en sp\u00e4nnande och utmanande uppgift. F\u00f6r dem som \u00e4r intresserade av <a href=\"https:\/\/talkpal.ai\/learn-marathi\/\">marathi<\/a>, ett indoeuropeiskt spr\u00e5k som <a href=\"https:\/\/talkpal.ai\/locations\/language-courses-in-talas\/\">talas<\/a> i Maharashtra, Indien, \u00e4r det viktigt att f\u00f6rst\u00e5 vissa grundl\u00e4ggande termer och deras anv\u00e4ndning i vardagsspr\u00e5ket. Tv\u00e5 av de mest grundl\u00e4ggande och samtidigt f\u00f6rvirrande termerna \u00e4r <b>\u0909\u0926\u094d\u092f\u093e<\/b> (udya) och <b>\u0915\u093e\u0932<\/b> (kal). P\u00e5 <a href=\"https:\/\/talkpal.ai\/learn-swedish\/\">svenska<\/a> betyder dessa ord &#8221;imorgon&#8221; och &#8221;g\u00e5rdagen&#8221; respektive. L\u00e5t <a href=\"https:\/\/talkpal.ai\/locations\/language-courses-in-oss\/\">oss<\/a> dyka djupare in i dessa termer och deras anv\u00e4ndning i marathi.<\/p>\n<h2>Grundl\u00e4ggande betydelser<\/h2>\n<p>I marathi anv\u00e4nds <b>\u0909\u0926\u094d\u092f\u093e<\/b> f\u00f6r att referera till framtiden, specifikt dagen efter idag. Ordet kan anv\u00e4ndas i olika sammanhang f\u00f6r att uttrycka planer eller f\u00f6rv\u00e4ntningar f\u00f6r den kommande dagen.<\/p>\n<p>Exempel:<br \/>\n<b>\u092e\u0940 \u0909\u0926\u094d\u092f\u093e \u0915\u093e\u092e\u093e\u0932\u093e \u091c\u093e\u0908\u0928.<\/b> (M\u012b udya k\u0101m\u0101l\u0101 j\u0101\u012bn.) \u2013 Jag kommer att g\u00e5 till jobbet imorgon.<\/p>\n<p>\u00c5 <a href=\"https:\/\/talkpal.ai\/culture\/what-does-a-andra-sidan-mean\/\">andra sidan<\/a>, <b>\u0915\u093e\u0932<\/b> anv\u00e4nds f\u00f6r att referera till det f\u00f6rflutna, specifikt dagen f\u00f6re idag. Detta ord anv\u00e4nds ofta n\u00e4r man pratar om n\u00e5got som h\u00e4nde ig\u00e5r.<\/p>\n<p>Exempel:<br \/>\n<b>\u092e\u0940 \u0915\u093e\u0932 \u091a\u093f\u0924\u094d\u0930\u092a\u091f \u092a\u093e\u0939\u093f\u0932\u093e.<\/b> (M\u012b k\u0101l citr\u0101pa\u1e6d p\u0101hil\u0101.) \u2013 Jag s\u00e5g en film ig\u00e5r.<\/p>\n<h3>Nyansskillnader och kulturell betydelse<\/h3>\n<p>I marathi, precis som i m\u00e5nga andra spr\u00e5k, b\u00e4r orden <b>\u0909\u0926\u094d\u092f\u093e<\/b> och <b>\u0915\u093e\u0932<\/b> ofta med sig kulturella och emotionella nyanser ut\u00f6ver deras grundl\u00e4ggande betydelser. <\/p>\n<p><b>\u0909\u0926\u094d\u092f\u093e<\/b> kan symbolisera hopp, f\u00f6rv\u00e4ntan och framtida m\u00f6jligheter. N\u00e4r n\u00e5gon s\u00e4ger <b>\u0909\u0926\u094d\u092f\u093e<\/b>, finns det ofta en k\u00e4nsla av optimism och f\u00f6rv\u00e4ntan p\u00e5 vad framtiden kan f\u00f6ra med sig.<\/p>\n<p>Exempel:<br \/>\n<b>\u0909\u0926\u094d\u092f\u093e \u0928\u0935\u0940\u0928 \u0926\u093f\u0935\u0938 \u0905\u0938\u0947\u0932.<\/b> (Udy\u0101 nav\u012bn divas asel.) \u2013 Imorgon kommer att vara en <a href=\"https:\/\/talkpal.ai\/talkpal-new-years-discount\/\">ny<\/a> dag.<\/p>\n<p>P\u00e5 samma s\u00e4tt kan <b>\u0915\u093e\u0932<\/b> representera minnen, nostalgi eller ibland \u00e5nger. N\u00e4r n\u00e5gon n\u00e4mner <b>\u0915\u093e\u0932<\/b>, kan det vara f\u00f6r att minnas n\u00e5got trevligt eller f\u00f6r att reflektera \u00f6ver n\u00e5got som kunde ha gjorts annorlunda.<\/p>\n<p>Exempel:<br \/>\n<b>\u0915\u093e\u0932\u091a\u0947 \u0926\u093f\u0935\u0938 \u0916\u0942\u092a \u091b\u093e\u0928 \u0939\u094b\u0924\u0947.<\/b> (K\u0101lce divas kh\u016bp ch\u0101n hote.) \u2013 G\u00e5rdagens dagar var v\u00e4ldigt <a href=\"https:\/\/talkpal.ai\/locations\/learn-english-in-bra\/\">bra<\/a>.<\/p>\n<h2>Grammatiska aspekter<\/h2>\n<p>N\u00e4r det g\u00e4ller <a href=\"https:\/\/talkpal.ai\/fr\/les\/\">grammatik<\/a>, anv\u00e4nds b\u00e5de <b>\u0909\u0926\u094d\u092f\u093e<\/b> och <b>\u0915\u093e\u0932<\/b> som adverb f\u00f6r att ange tid. I en mening placeras de oftast i b\u00f6rjan eller slutet, beroende p\u00e5 vad som betonas.<\/p>\n<p>Exempel:<br \/>\n<b>\u0909\u0926\u094d\u092f\u093e<\/b> <b>\u092e\u0940<\/b> <b>\u0915\u093e\u092e\u093e\u0932\u093e<\/b> <b>\u091c\u093e\u0908\u0928.<\/b> (Udy\u0101 m\u012b k\u0101m\u0101l\u0101 j\u0101\u012bn.) \u2013 Imorgon kommer jag att g\u00e5 till jobbet.<br \/>\n<b>\u092e\u0940<\/b> <b>\u0915\u093e\u092e\u093e\u0932\u093e<\/b> <b>\u091c\u093e\u0908\u0928<\/b> <b>\u0909\u0926\u094d\u092f\u093e.<\/b> (M\u012b k\u0101m\u0101l\u0101 j\u0101\u012bn udy\u0101.) \u2013 Jag kommer att g\u00e5 till jobbet imorgon.<\/p>\n<p>Liknande, f\u00f6r <b>\u0915\u093e\u0932<\/b>:<br \/>\n<b>\u0915\u093e\u0932<\/b> <b>\u092e\u0940<\/b> <b>\u091a\u093f\u0924\u094d\u0930\u092a\u091f<\/b> <b>\u092a\u093e\u0939\u093f\u0932\u093e.<\/b> (K\u0101l m\u012b citr\u0101pa\u1e6d p\u0101hil\u0101.) \u2013 Ig\u00e5r s\u00e5g jag en film.<br \/>\n<b>\u092e\u0940<\/b> <b>\u091a\u093f\u0924\u094d\u0930\u092a\u091f<\/b> <b>\u092a\u093e\u0939\u093f\u0932\u093e<\/b> <b>\u0915\u093e\u0932.<\/b> (M\u012b citr\u0101pa\u1e6d p\u0101hil\u0101 k\u0101l.) \u2013 Jag s\u00e5g en film ig\u00e5r.<\/p>\n<h3>J\u00e4mf\u00f6relser med svenska<\/h3>\n<p>I svenska anv\u00e4nds &#8221;imorgon&#8221; och &#8221;g\u00e5rdagen&#8221; p\u00e5 ett liknande s\u00e4tt, men marathi har vissa specifika nyanser och anv\u00e4ndningar som kan vara intressanta att utforska. Till exempel, medan man i svenska kanske s\u00e4ger &#8221;imorgon&#8221; f\u00f6r att uttrycka en viss vaghet om framtiden, kan <b>\u0909\u0926\u094d\u092f\u093e<\/b> i marathi ofta b\u00e4ra med sig en starkare k\u00e4nsla av konkret planering och f\u00f6rv\u00e4ntan.<\/p>\n<h2>Praktiska \u00f6vningar<\/h2>\n<p>F\u00f6r att verkligen f\u00f6rst\u00e5 och internalisera anv\u00e4ndningen av <b>\u0909\u0926\u094d\u092f\u093e<\/b> och <b>\u0915\u093e\u0932<\/b>, \u00e4r det bra att \u00f6va p\u00e5 att skapa meningar och anv\u00e4nda orden i olika sammanhang. H\u00e4r \u00e4r n\u00e5gra \u00f6vningar som kan hj\u00e4lpa:<\/p>\n<p>1. Skriv fem meningar om dina planer f\u00f6r <b>\u0909\u0926\u094d\u092f\u093e<\/b>.<br \/>\n2. Skriv fem meningar om vad du gjorde <b>\u0915\u093e\u0932<\/b>.<br \/>\n3. F\u00f6rs\u00f6k att anv\u00e4nda b\u00e5da orden i en och samma mening f\u00f6r att beskriva en j\u00e4mf\u00f6relse mellan g\u00e5rdagen och imorgon.<\/p>\n<p>Exempel:<br \/>\n<b>\u0915\u093e\u0932 \u092e\u0940 \u0905\u092d\u094d\u092f\u093e\u0938 \u0915\u0947\u0932\u093e \u0906\u0923\u093f \u0909\u0926\u094d\u092f\u093e \u092e\u0940 \u092a\u0930\u0940\u0915\u094d\u0937\u093e \u0926\u0947\u0908\u0928.<\/b> (K\u0101l m\u012b abhy\u0101s kel\u0101 \u0101\u1e47i udy\u0101 m\u012b par\u012bk\u1e63\u0101 de\u012bn.) \u2013 Ig\u00e5r studerade jag och imorgon ska jag g\u00f6ra provet.<\/p>\n<h3>F\u00f6rdjupad f\u00f6rst\u00e5else<\/h3>\n<p>F\u00f6r att f\u00e5 en djupare f\u00f6rst\u00e5else f\u00f6r hur dessa ord anv\u00e4nds, kan det vara bra att lyssna p\u00e5 samtal p\u00e5 marathi, titta p\u00e5 marathiska filmer eller l\u00e4sa b\u00f6cker och artiklar p\u00e5 spr\u00e5ket. Genom att exponera dig f\u00f6r spr\u00e5ket i dess naturliga sammanhang, kommer du att b\u00f6rja m\u00e4rka subtila nyanser och anv\u00e4ndningsm\u00f6nster som inte alltid framg\u00e5r av en enkel ordlista.<\/p>\n<h2>Vanliga misstag<\/h2>\n<p>Som med alla spr\u00e5k, finns det vissa vanliga misstag som nyb\u00f6rjare ofta g\u00f6r n\u00e4r de l\u00e4r sig marathi. Ett vanligt misstag \u00e4r att f\u00f6rv\u00e4xla <b>\u0909\u0926\u094d\u092f\u093e<\/b> och <b>\u0915\u093e\u0932<\/b> p\u00e5 grund av deras liknande anv\u00e4ndning i andra spr\u00e5k. Ett annat misstag kan vara att inte anv\u00e4nda r\u00e4tt verbb\u00f6jning n\u00e4r man pratar om framtiden eller det f\u00f6rflutna.<\/p>\n<p>Exempel p\u00e5 felaktig anv\u00e4ndning:<br \/>\n<b>\u092e\u0940 \u0909\u0926\u094d\u092f\u093e \u091a\u093f\u0924\u094d\u0930\u092a\u091f \u092a\u093e\u0939\u093f\u0932\u093e.<\/b> (M\u012b udya citr\u0101pa\u1e6d p\u0101hil\u0101.) \u2013 Jag s\u00e5g en film imorgon. (felaktig verbb\u00f6jning)<\/p>\n<p>Korrekt anv\u00e4ndning:<br \/>\n<b>\u092e\u0940 \u0909\u0926\u094d\u092f\u093e \u091a\u093f\u0924\u094d\u0930\u092a\u091f \u092a\u093e\u0939\u0940\u0928.<\/b> (M\u012b udya citr\u0101pa\u1e6d p\u0101h\u012bn.) \u2013 Jag kommer att se en film imorgon.<\/p>\n<h3>Anv\u00e4ndning i vardagsspr\u00e5k<\/h3>\n<p>I vardagligt tal anv\u00e4nds <b>\u0909\u0926\u094d\u092f\u093e<\/b> och <b>\u0915\u093e\u0932<\/b> ofta i kombination med andra tidsuttryck f\u00f6r att ge en mer exakt tidsram.<\/p>\n<p>Exempel:<br \/>\n<b>\u0909\u0926\u094d\u092f\u093e \u0938\u0915\u093e\u0933\u0940<\/b> (udya sak\u0101\u1e37\u012b) \u2013 imorgon morgon<br \/>\n<b>\u0915\u093e\u0932 \u0930\u093e\u0924\u094d\u0930\u0940<\/b> (k\u0101l r\u0101tr\u012b) \u2013 ig\u00e5r natt<\/p>\n<p>Genom att kombinera dessa ord med andra tidsuttryck kan man skapa mer detaljerade och exakta meningar.<\/p>\n<p>Exempel:<br \/>\n<b>\u092e\u0940 \u0909\u0926\u094d\u092f\u093e \u0938\u0915\u093e\u0933\u0940 \u0906\u0920 \u0935\u093e\u091c\u0924\u093e \u0909\u0920\u0947\u0928.<\/b> (M\u012b udya sak\u0101\u1e37\u012b \u0101\u1e6dh v\u0101jat\u0101 u\u1e6dhen.) \u2013 Jag kommer att g\u00e5 upp klockan \u00e5tta imorgon morgon.<br \/>\n<b>\u092e\u0940 \u0915\u093e\u0932 \u0930\u093e\u0924\u094d\u0930\u0940 \u0909\u0936\u093f\u0930\u093e \u091d\u094b\u092a\u0932\u094b.<\/b> (M\u012b k\u0101l r\u0101tr\u012b u\u015bir\u0101 jhoplo.) \u2013 Jag gick och lade mig sent ig\u00e5r natt.<\/p>\n<h2>Kulturella skillnader<\/h2>\n<p>Det \u00e4r ocks\u00e5 intressant att notera att i marathisk kultur, precis som i m\u00e5nga andra kulturer, kan begreppen framtid och f\u00f6rflutet ha olika betydelser och vikt beroende p\u00e5 sammanhanget. Att prata om <b>\u0909\u0926\u094d\u092f\u093e<\/b> kan ofta inneb\u00e4ra att man diskuterar framtida m\u00e5l och ambitioner, medan att prata om <b>\u0915\u093e\u0932<\/b> kan inneb\u00e4ra att man reflekterar \u00f6ver tidigare erfarenheter och l\u00e4rdomar.<\/p>\n<p>Exempel:<br \/>\n<b>\u0909\u0926\u094d\u092f\u093e \u092e\u0940 \u0928\u0935\u0940\u0928 \u0915\u093e\u092e \u0938\u0941\u0930\u0942 \u0915\u0930\u0940\u0928.<\/b> (Udy\u0101 m\u012b nav\u012bn k\u0101m sur\u016b kar\u012bn.) \u2013 Imorgon kommer jag att b\u00f6rja ett nytt jobb.<br \/>\n<b>\u0915\u093e\u0932\u091a\u094d\u092f\u093e \u091a\u0941\u0915\u093e \u0938\u0941\u0927\u093e\u0930\u093e\u092f\u0932\u093e \u0939\u0935\u094d\u092f\u093e\u0924.<\/b> (K\u0101lcy\u0101 cuk\u0101 sudh\u0101ry\u0101l\u0101 havy\u0101t.) \u2013 Vi m\u00e5ste r\u00e4tta till g\u00e5rdagens misstag.<\/p>\n<h3>\u00d6vers\u00e4ttning och tolkning<\/h3>\n<p>N\u00e4r man \u00f6vers\u00e4tter fr\u00e5n marathi till svenska, eller vice versa, \u00e4r det viktigt att inte bara \u00f6vers\u00e4tta orden direkt, utan ocks\u00e5 att f\u00f6rst\u00e5 och f\u00e5nga upp de kulturella och kontextuella nyanserna. En direkt \u00f6vers\u00e4ttning av <b>\u0909\u0926\u094d\u092f\u093e<\/b> och <b>\u0915\u093e\u0932<\/b> kan ibland missa de subtila betydelser som dessa ord kan b\u00e4ra med sig i marathisktalande samh\u00e4llen.<\/p>\n<h2>Sammanfattning<\/h2>\n<p>Att l\u00e4ra sig skillnaderna mellan <b>\u0909\u0926\u094d\u092f\u093e<\/b> och <b>\u0915\u093e\u0932<\/b> \u00e4r en viktig del av att bem\u00e4stra marathi. Genom att f\u00f6rst\u00e5 deras grundl\u00e4ggande betydelser, kulturella nyanser, grammatiska anv\u00e4ndningar och vanliga misstag, kan du f\u00f6rb\u00e4ttra din f\u00f6rm\u00e5ga att kommunicera effektivt p\u00e5 marathi. \u00d6vning, exponering f\u00f6r spr\u00e5ket i naturliga sammanhang och en medvetenhet om kulturella skillnader kommer alla att bidra till en djupare f\u00f6rst\u00e5else och uppskattning av dessa tv\u00e5 viktiga tidsuttryck.<\/p>\n","protected":false},"featured_media":1528103,"template":"","vocabulary_language":[4197],"class_list":["post-782930","vocabulary","type-vocabulary","status-publish","has-post-thumbnail","hentry","vocabulary_language-marathi-sv"],"acf":[],"yoast_head":"<!-- This site is optimized with the Yoast SEO Premium plugin v27.2 (Yoast SEO v27.2) - https:\/\/yoast.com\/product\/yoast-seo-premium-wordpress\/ -->\n<title>\u0909\u0926\u094d\u092f\u093e (udya) vs. \u0915\u093e\u0932 (kal) - Imorgon mot g\u00e5rdagen i Marathi - Talkpal<\/title>\n<meta name=\"description\" content=\"Att l\u00e4ra sig ett nytt spr\u00e5k \u00e4r alltid en sp\u00e4nnande och utmanande uppgift. F\u00f6r dem som \u00e4r intresserade av marathi, ett indoeuropeiskt spr\u00e5k som talas i\" \/>\n<meta name=\"robots\" content=\"index, follow, max-snippet:-1, max-image-preview:large, max-video-preview:-1\" \/>\n<link rel=\"canonical\" href=\"https:\/\/talkpal.ai\/sv\/vocabulary\/%e0%a4%89%e0%a4%a6%e0%a5%8d%e0%a4%af%e0%a4%be-udya-vs-%e0%a4%95%e0%a4%be%e0%a4%b2-kal-imorgon-mot-gardagen-i-marathi\/\" \/>\n<meta property=\"og:locale\" content=\"sv_SE\" \/>\n<meta property=\"og:type\" content=\"article\" \/>\n<meta property=\"og:title\" content=\"\u0909\u0926\u094d\u092f\u093e (udya) vs. \u0915\u093e\u0932 (kal) - Imorgon mot g\u00e5rdagen i Marathi\" \/>\n<meta property=\"og:description\" content=\"Att l\u00e4ra sig ett nytt spr\u00e5k \u00e4r alltid en sp\u00e4nnande och utmanande uppgift. F\u00f6r dem som \u00e4r intresserade av marathi, ett indoeuropeiskt spr\u00e5k som talas i\" \/>\n<meta property=\"og:url\" content=\"https:\/\/talkpal.ai\/sv\/vocabulary\/%e0%a4%89%e0%a4%a6%e0%a5%8d%e0%a4%af%e0%a4%be-udya-vs-%e0%a4%95%e0%a4%be%e0%a4%b2-kal-imorgon-mot-gardagen-i-marathi\/\" \/>\n<meta property=\"og:site_name\" content=\"Talkpal\" \/>\n<meta property=\"article:publisher\" content=\"https:\/\/www.facebook.com\/profile.php?id=100090733639311\" \/>\n<meta property=\"og:image\" content=\"https:\/\/talkpal.ai\/wp-content\/uploads\/2024\/10\/talkpal_flat_illustration_of_a_employees_working_together_happi_c674ff77-e477-4e09-835a-01d30e561e99.png\" \/>\n\t<meta property=\"og:image:width\" content=\"1024\" \/>\n\t<meta property=\"og:image:height\" content=\"1024\" \/>\n\t<meta property=\"og:image:type\" content=\"image\/png\" \/>\n<meta name=\"twitter:card\" content=\"summary_large_image\" \/>\n<meta name=\"twitter:site\" content=\"@talkpalai\" \/>\n<meta name=\"twitter:label1\" content=\"Ber\u00e4knad l\u00e4stid\" \/>\n\t<meta name=\"twitter:data1\" content=\"6 minuter\" \/>\n<script type=\"application\/ld+json\" class=\"yoast-schema-graph\">{\"@context\":\"https:\/\/schema.org\",\"@graph\":[{\"@type\":\"WebPage\",\"@id\":\"https:\/\/talkpal.ai\/sv\/vocabulary\/%e0%a4%89%e0%a4%a6%e0%a5%8d%e0%a4%af%e0%a4%be-udya-vs-%e0%a4%95%e0%a4%be%e0%a4%b2-kal-imorgon-mot-gardagen-i-marathi\/\",\"url\":\"https:\/\/talkpal.ai\/sv\/vocabulary\/%e0%a4%89%e0%a4%a6%e0%a5%8d%e0%a4%af%e0%a4%be-udya-vs-%e0%a4%95%e0%a4%be%e0%a4%b2-kal-imorgon-mot-gardagen-i-marathi\/\",\"name\":\"\u0909\u0926\u094d\u092f\u093e (udya) vs. \u0915\u093e\u0932 (kal) - Imorgon mot g\u00e5rdagen i Marathi - Talkpal\",\"isPartOf\":{\"@id\":\"https:\/\/talkpal.ai\/sv\/#website\"},\"primaryImageOfPage\":{\"@id\":\"https:\/\/talkpal.ai\/sv\/vocabulary\/%e0%a4%89%e0%a4%a6%e0%a5%8d%e0%a4%af%e0%a4%be-udya-vs-%e0%a4%95%e0%a4%be%e0%a4%b2-kal-imorgon-mot-gardagen-i-marathi\/#primaryimage\"},\"image\":{\"@id\":\"https:\/\/talkpal.ai\/sv\/vocabulary\/%e0%a4%89%e0%a4%a6%e0%a5%8d%e0%a4%af%e0%a4%be-udya-vs-%e0%a4%95%e0%a4%be%e0%a4%b2-kal-imorgon-mot-gardagen-i-marathi\/#primaryimage\"},\"thumbnailUrl\":\"https:\/\/talkpal.ai\/wp-content\/uploads\/2025\/12\/women-discuss-lessons-to-learn-languages.webp\",\"datePublished\":\"2024-06-12T22:46:50+00:00\",\"description\":\"Att l\u00e4ra sig ett nytt spr\u00e5k \u00e4r alltid en sp\u00e4nnande och utmanande uppgift. F\u00f6r dem som \u00e4r intresserade av marathi, ett indoeuropeiskt spr\u00e5k som talas i\",\"breadcrumb\":{\"@id\":\"https:\/\/talkpal.ai\/sv\/vocabulary\/%e0%a4%89%e0%a4%a6%e0%a5%8d%e0%a4%af%e0%a4%be-udya-vs-%e0%a4%95%e0%a4%be%e0%a4%b2-kal-imorgon-mot-gardagen-i-marathi\/#breadcrumb\"},\"inLanguage\":\"sv-SE\",\"potentialAction\":[{\"@type\":\"ReadAction\",\"target\":[\"https:\/\/talkpal.ai\/sv\/vocabulary\/%e0%a4%89%e0%a4%a6%e0%a5%8d%e0%a4%af%e0%a4%be-udya-vs-%e0%a4%95%e0%a4%be%e0%a4%b2-kal-imorgon-mot-gardagen-i-marathi\/\"]}]},{\"@type\":\"ImageObject\",\"inLanguage\":\"sv-SE\",\"@id\":\"https:\/\/talkpal.ai\/sv\/vocabulary\/%e0%a4%89%e0%a4%a6%e0%a5%8d%e0%a4%af%e0%a4%be-udya-vs-%e0%a4%95%e0%a4%be%e0%a4%b2-kal-imorgon-mot-gardagen-i-marathi\/#primaryimage\",\"url\":\"https:\/\/talkpal.ai\/wp-content\/uploads\/2025\/12\/women-discuss-lessons-to-learn-languages.webp\",\"contentUrl\":\"https:\/\/talkpal.ai\/wp-content\/uploads\/2025\/12\/women-discuss-lessons-to-learn-languages.webp\",\"width\":1200,\"height\":896,\"caption\":\"Two women wearing earrings discuss their lessons for learning languages at a shared table.\"},{\"@type\":\"BreadcrumbList\",\"@id\":\"https:\/\/talkpal.ai\/sv\/vocabulary\/%e0%a4%89%e0%a4%a6%e0%a5%8d%e0%a4%af%e0%a4%be-udya-vs-%e0%a4%95%e0%a4%be%e0%a4%b2-kal-imorgon-mot-gardagen-i-marathi\/#breadcrumb\",\"itemListElement\":[{\"@type\":\"ListItem\",\"position\":1,\"name\":\"Homepage\",\"item\":\"https:\/\/talkpal.ai\/sv\/\"},{\"@type\":\"ListItem\",\"position\":2,\"name\":\"\u0909\u0926\u094d\u092f\u093e (udya) vs. \u0915\u093e\u0932 (kal) &#8211; Imorgon mot g\u00e5rdagen i Marathi\"}]},{\"@type\":\"WebSite\",\"@id\":\"https:\/\/talkpal.ai\/sv\/#website\",\"url\":\"https:\/\/talkpal.ai\/sv\/\",\"name\":\"Talkpal\",\"description\":\"AI Language Learning\",\"publisher\":{\"@id\":\"https:\/\/talkpal.ai\/sv\/#organization\"},\"alternateName\":\"Talkpal AI\",\"potentialAction\":[{\"@type\":\"SearchAction\",\"target\":{\"@type\":\"EntryPoint\",\"urlTemplate\":\"https:\/\/talkpal.ai\/sv\/?s={search_term_string}\"},\"query-input\":{\"@type\":\"PropertyValueSpecification\",\"valueRequired\":true,\"valueName\":\"search_term_string\"}}],\"inLanguage\":\"sv-SE\"},{\"@type\":\"Organization\",\"@id\":\"https:\/\/talkpal.ai\/sv\/#organization\",\"name\":\"Talkpal, Inc.\",\"alternateName\":\"Talkpal AI\",\"url\":\"https:\/\/talkpal.ai\/sv\/\",\"logo\":{\"@type\":\"ImageObject\",\"inLanguage\":\"sv-SE\",\"@id\":\"https:\/\/talkpal.ai\/sv\/#\/schema\/logo\/image\/\",\"url\":\"https:\/\/talkpal.ai\/wp-content\/uploads\/2024\/03\/Talkpal-Logo-Icon.png\",\"contentUrl\":\"https:\/\/talkpal.ai\/wp-content\/uploads\/2024\/03\/Talkpal-Logo-Icon.png\",\"width\":2880,\"height\":2880,\"caption\":\"Talkpal, Inc.\"},\"image\":{\"@id\":\"https:\/\/talkpal.ai\/sv\/#\/schema\/logo\/image\/\"},\"sameAs\":[\"https:\/\/www.facebook.com\/profile.php?id=100090733639311\",\"https:\/\/x.com\/talkpalai\",\"https:\/\/www.linkedin.com\/company\/talkpal\/\",\"https:\/\/www.youtube.com\/@TalkPal\/\",\"https:\/\/www.tiktok.com\/@talkpal\",\"https:\/\/www.instagram.com\/talkpal_ai\/\",\"https:\/\/www.crunchbase.com\/organization\/talkpal-9cde\",\"https:\/\/www.g2.com\/products\/talkpal-for-business\/\",\"https:\/\/www.trustpilot.com\/review\/talkpal.ai\",\"https:\/\/www.capterra.com\/p\/10006800\/TalkPal\/\"],\"description\":\"Talkpal is a language learning web and mobile education app, powered by the latest AI technologies, that provides engaging experiences to its customers in many different languages to help them improve their language skills. Users can chat about unlimited amount of topics with the app and use other modes to practice their language learning.\",\"email\":\"support@talkpal.ai\",\"legalName\":\"Talkpal, Inc.\",\"foundingDate\":\"2023-04-03\",\"duns\":\"118989042\",\"numberOfEmployees\":{\"@type\":\"QuantitativeValue\",\"minValue\":\"11\",\"maxValue\":\"50\"},\"publishingPrinciples\":\"https:\/\/talkpal.ai\/publishing-principles\/\",\"actionableFeedbackPolicy\":\"https:\/\/talkpal.ai\/actionable-feedback-policy\/\",\"correctionsPolicy\":\"https:\/\/talkpal.ai\/corrections-policy\/\",\"ethicsPolicy\":\"https:\/\/talkpal.ai\/ethics-policy\/\",\"diversityPolicy\":\"https:\/\/talkpal.ai\/diversity-policy\/\",\"diversityStaffingReport\":\"https:\/\/talkpal.ai\/diversity-policy\/\"}]}<\/script>\n<!-- \/ Yoast SEO Premium plugin. -->","yoast_head_json":{"title":"\u0909\u0926\u094d\u092f\u093e (udya) vs. \u0915\u093e\u0932 (kal) - Imorgon mot g\u00e5rdagen i Marathi - Talkpal","description":"Att l\u00e4ra sig ett nytt spr\u00e5k \u00e4r alltid en sp\u00e4nnande och utmanande uppgift. F\u00f6r dem som \u00e4r intresserade av marathi, ett indoeuropeiskt spr\u00e5k som talas i","robots":{"index":"index","follow":"follow","max-snippet":"max-snippet:-1","max-image-preview":"max-image-preview:large","max-video-preview":"max-video-preview:-1"},"canonical":"https:\/\/talkpal.ai\/sv\/vocabulary\/%e0%a4%89%e0%a4%a6%e0%a5%8d%e0%a4%af%e0%a4%be-udya-vs-%e0%a4%95%e0%a4%be%e0%a4%b2-kal-imorgon-mot-gardagen-i-marathi\/","og_locale":"sv_SE","og_type":"article","og_title":"\u0909\u0926\u094d\u092f\u093e (udya) vs. \u0915\u093e\u0932 (kal) - Imorgon mot g\u00e5rdagen i Marathi","og_description":"Att l\u00e4ra sig ett nytt spr\u00e5k \u00e4r alltid en sp\u00e4nnande och utmanande uppgift. F\u00f6r dem som \u00e4r intresserade av marathi, ett indoeuropeiskt spr\u00e5k som talas i","og_url":"https:\/\/talkpal.ai\/sv\/vocabulary\/%e0%a4%89%e0%a4%a6%e0%a5%8d%e0%a4%af%e0%a4%be-udya-vs-%e0%a4%95%e0%a4%be%e0%a4%b2-kal-imorgon-mot-gardagen-i-marathi\/","og_site_name":"Talkpal","article_publisher":"https:\/\/www.facebook.com\/profile.php?id=100090733639311","og_image":[{"width":1024,"height":1024,"url":"https:\/\/talkpal.ai\/wp-content\/uploads\/2024\/10\/talkpal_flat_illustration_of_a_employees_working_together_happi_c674ff77-e477-4e09-835a-01d30e561e99.png","type":"image\/png"}],"twitter_card":"summary_large_image","twitter_site":"@talkpalai","twitter_misc":{"Ber\u00e4knad l\u00e4stid":"6 minuter"},"schema":{"@context":"https:\/\/schema.org","@graph":[{"@type":"WebPage","@id":"https:\/\/talkpal.ai\/sv\/vocabulary\/%e0%a4%89%e0%a4%a6%e0%a5%8d%e0%a4%af%e0%a4%be-udya-vs-%e0%a4%95%e0%a4%be%e0%a4%b2-kal-imorgon-mot-gardagen-i-marathi\/","url":"https:\/\/talkpal.ai\/sv\/vocabulary\/%e0%a4%89%e0%a4%a6%e0%a5%8d%e0%a4%af%e0%a4%be-udya-vs-%e0%a4%95%e0%a4%be%e0%a4%b2-kal-imorgon-mot-gardagen-i-marathi\/","name":"\u0909\u0926\u094d\u092f\u093e (udya) vs. \u0915\u093e\u0932 (kal) - Imorgon mot g\u00e5rdagen i Marathi - Talkpal","isPartOf":{"@id":"https:\/\/talkpal.ai\/sv\/#website"},"primaryImageOfPage":{"@id":"https:\/\/talkpal.ai\/sv\/vocabulary\/%e0%a4%89%e0%a4%a6%e0%a5%8d%e0%a4%af%e0%a4%be-udya-vs-%e0%a4%95%e0%a4%be%e0%a4%b2-kal-imorgon-mot-gardagen-i-marathi\/#primaryimage"},"image":{"@id":"https:\/\/talkpal.ai\/sv\/vocabulary\/%e0%a4%89%e0%a4%a6%e0%a5%8d%e0%a4%af%e0%a4%be-udya-vs-%e0%a4%95%e0%a4%be%e0%a4%b2-kal-imorgon-mot-gardagen-i-marathi\/#primaryimage"},"thumbnailUrl":"https:\/\/talkpal.ai\/wp-content\/uploads\/2025\/12\/women-discuss-lessons-to-learn-languages.webp","datePublished":"2024-06-12T22:46:50+00:00","description":"Att l\u00e4ra sig ett nytt spr\u00e5k \u00e4r alltid en sp\u00e4nnande och utmanande uppgift. F\u00f6r dem som \u00e4r intresserade av marathi, ett indoeuropeiskt spr\u00e5k som talas i","breadcrumb":{"@id":"https:\/\/talkpal.ai\/sv\/vocabulary\/%e0%a4%89%e0%a4%a6%e0%a5%8d%e0%a4%af%e0%a4%be-udya-vs-%e0%a4%95%e0%a4%be%e0%a4%b2-kal-imorgon-mot-gardagen-i-marathi\/#breadcrumb"},"inLanguage":"sv-SE","potentialAction":[{"@type":"ReadAction","target":["https:\/\/talkpal.ai\/sv\/vocabulary\/%e0%a4%89%e0%a4%a6%e0%a5%8d%e0%a4%af%e0%a4%be-udya-vs-%e0%a4%95%e0%a4%be%e0%a4%b2-kal-imorgon-mot-gardagen-i-marathi\/"]}]},{"@type":"ImageObject","inLanguage":"sv-SE","@id":"https:\/\/talkpal.ai\/sv\/vocabulary\/%e0%a4%89%e0%a4%a6%e0%a5%8d%e0%a4%af%e0%a4%be-udya-vs-%e0%a4%95%e0%a4%be%e0%a4%b2-kal-imorgon-mot-gardagen-i-marathi\/#primaryimage","url":"https:\/\/talkpal.ai\/wp-content\/uploads\/2025\/12\/women-discuss-lessons-to-learn-languages.webp","contentUrl":"https:\/\/talkpal.ai\/wp-content\/uploads\/2025\/12\/women-discuss-lessons-to-learn-languages.webp","width":1200,"height":896,"caption":"Two women wearing earrings discuss their lessons for learning languages at a shared table."},{"@type":"BreadcrumbList","@id":"https:\/\/talkpal.ai\/sv\/vocabulary\/%e0%a4%89%e0%a4%a6%e0%a5%8d%e0%a4%af%e0%a4%be-udya-vs-%e0%a4%95%e0%a4%be%e0%a4%b2-kal-imorgon-mot-gardagen-i-marathi\/#breadcrumb","itemListElement":[{"@type":"ListItem","position":1,"name":"Homepage","item":"https:\/\/talkpal.ai\/sv\/"},{"@type":"ListItem","position":2,"name":"\u0909\u0926\u094d\u092f\u093e (udya) vs. \u0915\u093e\u0932 (kal) &#8211; Imorgon mot g\u00e5rdagen i Marathi"}]},{"@type":"WebSite","@id":"https:\/\/talkpal.ai\/sv\/#website","url":"https:\/\/talkpal.ai\/sv\/","name":"Talkpal","description":"AI Language Learning","publisher":{"@id":"https:\/\/talkpal.ai\/sv\/#organization"},"alternateName":"Talkpal AI","potentialAction":[{"@type":"SearchAction","target":{"@type":"EntryPoint","urlTemplate":"https:\/\/talkpal.ai\/sv\/?s={search_term_string}"},"query-input":{"@type":"PropertyValueSpecification","valueRequired":true,"valueName":"search_term_string"}}],"inLanguage":"sv-SE"},{"@type":"Organization","@id":"https:\/\/talkpal.ai\/sv\/#organization","name":"Talkpal, Inc.","alternateName":"Talkpal AI","url":"https:\/\/talkpal.ai\/sv\/","logo":{"@type":"ImageObject","inLanguage":"sv-SE","@id":"https:\/\/talkpal.ai\/sv\/#\/schema\/logo\/image\/","url":"https:\/\/talkpal.ai\/wp-content\/uploads\/2024\/03\/Talkpal-Logo-Icon.png","contentUrl":"https:\/\/talkpal.ai\/wp-content\/uploads\/2024\/03\/Talkpal-Logo-Icon.png","width":2880,"height":2880,"caption":"Talkpal, Inc."},"image":{"@id":"https:\/\/talkpal.ai\/sv\/#\/schema\/logo\/image\/"},"sameAs":["https:\/\/www.facebook.com\/profile.php?id=100090733639311","https:\/\/x.com\/talkpalai","https:\/\/www.linkedin.com\/company\/talkpal\/","https:\/\/www.youtube.com\/@TalkPal\/","https:\/\/www.tiktok.com\/@talkpal","https:\/\/www.instagram.com\/talkpal_ai\/","https:\/\/www.crunchbase.com\/organization\/talkpal-9cde","https:\/\/www.g2.com\/products\/talkpal-for-business\/","https:\/\/www.trustpilot.com\/review\/talkpal.ai","https:\/\/www.capterra.com\/p\/10006800\/TalkPal\/"],"description":"Talkpal is a language learning web and mobile education app, powered by the latest AI technologies, that provides engaging experiences to its customers in many different languages to help them improve their language skills. Users can chat about unlimited amount of topics with the app and use other modes to practice their language learning.","email":"support@talkpal.ai","legalName":"Talkpal, Inc.","foundingDate":"2023-04-03","duns":"118989042","numberOfEmployees":{"@type":"QuantitativeValue","minValue":"11","maxValue":"50"},"publishingPrinciples":"https:\/\/talkpal.ai\/publishing-principles\/","actionableFeedbackPolicy":"https:\/\/talkpal.ai\/actionable-feedback-policy\/","correctionsPolicy":"https:\/\/talkpal.ai\/corrections-policy\/","ethicsPolicy":"https:\/\/talkpal.ai\/ethics-policy\/","diversityPolicy":"https:\/\/talkpal.ai\/diversity-policy\/","diversityStaffingReport":"https:\/\/talkpal.ai\/diversity-policy\/"}]}},"_links":{"self":[{"href":"https:\/\/talkpal.ai\/sv\/wp-json\/wp\/v2\/vocabulary\/782930","targetHints":{"allow":["GET"]}}],"collection":[{"href":"https:\/\/talkpal.ai\/sv\/wp-json\/wp\/v2\/vocabulary"}],"about":[{"href":"https:\/\/talkpal.ai\/sv\/wp-json\/wp\/v2\/types\/vocabulary"}],"wp:featuredmedia":[{"embeddable":true,"href":"https:\/\/talkpal.ai\/sv\/wp-json\/wp\/v2\/media\/1528103"}],"wp:attachment":[{"href":"https:\/\/talkpal.ai\/sv\/wp-json\/wp\/v2\/media?parent=782930"}],"wp:term":[{"taxonomy":"vocabulary_language","embeddable":true,"href":"https:\/\/talkpal.ai\/sv\/wp-json\/wp\/v2\/vocabulary_language?post=782930"}],"curies":[{"name":"wp","href":"https:\/\/api.w.org\/{rel}","templated":true}]}}