{"id":782479,"date":"2024-06-12T22:22:00","date_gmt":"2024-06-12T22:22:00","guid":{"rendered":"https:\/\/talkpal.ai\/vocabulary\/%d0%b7%d0%b8%d0%bc%d0%b0-vs-%d0%bb%d0%b5%d1%82%d0%be-vinter-vs-sommar-pa-makedonska\/"},"modified":"2024-06-12T22:22:00","modified_gmt":"2024-06-12T22:22:00","slug":"%d0%b7%d0%b8%d0%bc%d0%b0-vs-%d0%bb%d0%b5%d1%82%d0%be-vinter-vs-sommar-pa-makedonska","status":"publish","type":"vocabulary","link":"https:\/\/talkpal.ai\/sv\/vocabulary\/%d0%b7%d0%b8%d0%bc%d0%b0-vs-%d0%bb%d0%b5%d1%82%d0%be-vinter-vs-sommar-pa-makedonska\/","title":{"rendered":"\u0417\u0438\u043c\u0430 vs. \u041b\u0435\u0442\u043e &#8211; Vinter vs. sommar p\u00e5 makedonska"},"content":{"rendered":"<p>Det \u00e4r alltid intressant att j\u00e4mf\u00f6ra olika spr\u00e5k och hur de uttrycker vardagliga koncept. I <a href=\"https:\/\/talkpal.ai\/culture\/how-do-i-use-den-har-and-det-har\/\">den h\u00e4r<\/a> artikeln ska vi titta p\u00e5 hur man talar om <b>vinter<\/b> och <b>sommar<\/b> p\u00e5 <b>makedonska<\/b>. Vi kommer att utforska olika ord, fraser och kulturella aspekter som \u00e4r kopplade till dessa \u00e5rstider. F\u00f6r svensktalande \u00e4r det en sp\u00e4nnande m\u00f6jlighet att l\u00e4ra sig n\u00e5got nytt och samtidigt f\u00e5 en b\u00e4ttre f\u00f6rst\u00e5else f\u00f6r hur olika spr\u00e5k kan skilja sig \u00e5t.<\/p>\n<h2>Vinter p\u00e5 makedonska<\/h2>\n<p>N\u00e4r vi talar om <b>vinter<\/b> p\u00e5 <b>makedonska<\/b>, anv\u00e4nder vi ordet <b>\u0437\u0438\u043c\u0430<\/b> (uttalas <i>zima<\/i>). H\u00e4r \u00e4r n\u00e5gra vanliga ord och fraser som \u00e4r relaterade till <b>vinter<\/b>:<\/p>\n<p><b>Sn\u00f6<\/b>: <b>\u0441\u043d\u0435\u0433<\/b> (uttalas <i>sneg<\/i>)<br \/>\n<b>Kallt<\/b>: <b>\u0441\u0442\u0443\u0434\u0435\u043d\u043e<\/b> (uttalas <i>studeno<\/i>)<br \/>\n<b>Is<\/b>: <b>\u043c\u0440\u0430\u0437<\/b> (uttalas <i>mraz<\/i>)<br \/>\n<b>Vinterjacka<\/b>: <b>\u0437\u0438\u043c\u0441\u043a\u0430 \u0458\u0430\u043a\u043d\u0430<\/b> (uttalas <i>zimska jakna<\/i>)<br \/>\n<b>Vinterst\u00f6vlar<\/b>: <b>\u0437\u0438\u043c\u0441\u043a\u0438 \u0447\u0438\u0437\u043c\u0438<\/b> (uttalas <i>zimski \u010dizmi<\/i>)  <\/p>\n<h3>Kulturella aspekter av vintern<\/h3>\n<p>I <b>Nordmakedonien<\/b> \u00e4r <b>vintern<\/b> en tid f\u00f6r familj och firande. En av de mest k\u00e4nda h\u00f6gtiderna \u00e4r <b>jul<\/b>, som firas den 7 januari enligt den ortodoxa kalendern. Julen kallas <b>\u0411\u043e\u0436\u0438\u045c<\/b> (uttalas <i>Bo\u017eik<\/i>). Traditionella matr\u00e4tter under denna period inkluderar <b>pitka<\/b> (en sorts br\u00f6d) och olika typer av <b>soppor<\/b> och <b>grytr\u00e4tter<\/b>.<\/p>\n<h2>Sommar p\u00e5 makedonska<\/h2>\n<p>N\u00e4r vi talar om <b>sommar<\/b> p\u00e5 <b>makedonska<\/b>, anv\u00e4nder vi ordet <b>\u043b\u0435\u0442\u043e<\/b> (uttalas <i>leto<\/i>). H\u00e4r \u00e4r n\u00e5gra vanliga ord och fraser som \u00e4r relaterade till <b>sommar<\/b>:<\/p>\n<p><b>Sol<\/b>: <b>\u0441\u043e\u043d\u0446\u0435<\/b> (uttalas <i>sonce<\/i>)<br \/>\n<b>Varmt<\/b>: <b>\u0442\u043e\u043f\u043b\u043e<\/b> (uttalas <i>toplo<\/i>)<br \/>\n<b>Strand<\/b>: <b>\u043f\u043b\u0430\u0436\u0430<\/b> (uttalas <i>pla\u017ea<\/i>)<br \/>\n<b>Badkl\u00e4der<\/b>: <b>\u043a\u043e\u0441\u0442\u0438\u043c \u0437\u0430 \u043a\u0430\u043f\u0435\u045a\u0435<\/b> (uttalas <i>kostim za kapanje<\/i>)<br \/>\n<b>Glass<\/b>: <b>\u0441\u043b\u0430\u0434\u043e\u043b\u0435\u0434<\/b> (uttalas <i>sladoled<\/i>)  <\/p>\n<h3>Kulturella aspekter av sommaren<\/h3>\n<p>I <b>Nordmakedonien<\/b> \u00e4r <b>sommar<\/b> en tid f\u00f6r <b>semester<\/b> och <b>utomhusaktiviteter<\/b>. M\u00e5nga familjer reser till <b>Ohrid<\/b>, en stad k\u00e4nd f\u00f6r sin vackra sj\u00f6 och historiska sev\u00e4rdheter. En popul\u00e4r aktivitet \u00e4r att spendera tid vid <b>sj\u00f6n<\/b> och njuta av <b>vattensporter<\/b> som <b>simning<\/b> och <b>kajakpaddling<\/b>.<\/p>\n<h2>J\u00e4mf\u00f6relse mellan vinter och sommar<\/h2>\n<p>Att j\u00e4mf\u00f6ra <b>vinter<\/b> och <b>sommar<\/b> p\u00e5 <b>makedonska<\/b> ger <a href=\"https:\/\/talkpal.ai\/locations\/language-courses-in-oss\/\">oss<\/a> en inblick i hur spr\u00e5ket anpassar sig till olika \u00e5rstider. Till exempel, medan vi p\u00e5 <b>vintern<\/b> s\u00e4ger <b>\u0441\u0442\u0443\u0434\u0435\u043d\u043e<\/b> (<i>studeno<\/i>) f\u00f6r <b>kallt<\/b>, s\u00e4ger vi p\u00e5 <b>sommaren<\/b> <b>\u0442\u043e\u043f\u043b\u043e<\/b> (<i>toplo<\/i>) f\u00f6r <b>varmt<\/b>. <\/p>\n<p>En annan intressant aspekt \u00e4r hur <b>kl\u00e4der<\/b> och <b>tillbeh\u00f6r<\/b> f\u00f6r\u00e4ndras med \u00e5rstiderna. P\u00e5 <b>vintern<\/b> b\u00e4r vi <b>\u0437\u0438\u043c\u0441\u043a\u0430 \u0458\u0430\u043a\u043d\u0430<\/b> (<i>zimska jakna<\/i>) och <b>\u0437\u0438\u043c\u0441\u043a\u0438 \u0447\u0438\u0437\u043c\u0438<\/b> (<i>zimski \u010dizmi<\/i>), medan vi p\u00e5 <b>sommaren<\/b> f\u00f6redrar <b>\u043a\u043e\u0441\u0442\u0438\u043c \u0437\u0430 \u043a\u0430\u043f\u0435\u045a\u0435<\/b> (<i>kostim za kapanje<\/i>) och <b>\u043b\u0435\u043a\u0438 \u0441\u0430\u043d\u0434\u0430\u043b\u0438<\/b> (<i>leki sandali<\/i>).<\/p>\n<h3>Mat och dryck<\/h3>\n<p><b>Mat<\/b> och <b>dryck<\/b> \u00e4r ocks\u00e5 n\u00e5got som varierar mellan <b>vinter<\/b> och <b>sommar<\/b>. Under <b>vintern<\/b> \u00e4r varma <b>soppor<\/b> och <b>grytr\u00e4tter<\/b> popul\u00e4ra, medan <b>sommaren<\/b> erbjuder en m\u00e4ngd olika <b>frukter<\/b> och <b>kalla drycker<\/b>. Ett exempel p\u00e5 en popul\u00e4r <b>vinterdryck<\/b> \u00e4r <b>\u0442\u043e\u043f\u043b\u043e \u0432\u0438\u043d\u043e<\/b> (<i>toplo vino<\/i>), vilket \u00e4r <b>gl\u00f6gg<\/b>. P\u00e5 <b>sommaren<\/b> \u00e4r <b>\u0441\u043b\u0430\u0434\u043e\u043b\u0435\u0434<\/b> (<i>sladoled<\/i>) och <b>\u0441\u0442\u0443\u0434\u0435\u043d \u0447\u0430\u0458<\/b> (<i>studen \u010daj<\/i>) (<b>iskall te<\/b>) mycket omtyckta.<\/p>\n<h2>Specifika fraser och uttryck<\/h2>\n<p>L\u00e5t oss nu titta p\u00e5 n\u00e5gra specifika <b>fraser<\/b> och <b>uttryck<\/b> som \u00e4r anv\u00e4ndbara n\u00e4r man talar om <b>vinter<\/b> och <b>sommar<\/b> p\u00e5 <b>makedonska<\/b>.<\/p>\n<h3>Vinterfraser<\/h3>\n<p><b>Det sn\u00f6ar<\/b>: <b>\u041f\u0430\u0453\u0430 \u0441\u043d\u0435\u0433<\/b> (uttalas <i>Pa\u01f5a sneg<\/i>)<br \/>\n<b>Jag fryser<\/b>: <b>\u041c\u0438 \u0435 \u0441\u0442\u0443\u0434\u0435\u043d\u043e<\/b> (uttalas <i>Mi e studeno<\/i>)<br \/>\n<b>Har du sett sn\u00f6gubben?<\/b>: <b>\u0413\u043e \u0432\u0438\u0434\u0435 \u043b\u0438 \u0441\u043d\u0435\u0448\u043a\u043e\u0442\u043e?<\/b> (uttalas <i>Go vide li sne\u0161koto?<\/i>)  <\/p>\n<h3>Sommarfraser<\/h3>\n<p><b>Det \u00e4r varmt idag<\/b>: <b>\u0414\u0435\u043d\u0435\u0441 \u0435 \u0442\u043e\u043f\u043b\u043e<\/b> (uttalas <i>Denes e toplo<\/i>)<br \/>\n<b>Vi g\u00e5r till stranden<\/b>: <b>\u041e\u0434\u0438\u043c\u0435 \u043d\u0430 \u043f\u043b\u0430\u0436\u0430<\/b> (uttalas <i>Odime na pla\u017ea<\/i>)<br \/>\n<b>Vill du ha glass?<\/b>: <b>\u0421\u0430\u043a\u0430\u0448 \u0441\u043b\u0430\u0434\u043e\u043b\u0435\u0434?<\/b> (uttalas <i>Saka\u0161 sladoled?<\/i>)  <\/p>\n<h2>Spr\u00e5kets p\u00e5verkan p\u00e5 kultur och livsstil<\/h2>\n<p>Spr\u00e5k och kultur \u00e4r t\u00e4tt sammanfl\u00e4tade. N\u00e4r vi l\u00e4r oss om <b>vinter<\/b> och <b>sommar<\/b> p\u00e5 <b>makedonska<\/b>, f\u00e5r vi ocks\u00e5 en inblick i hur m\u00e4nniskor i <b>Nordmakedonien<\/b> lever och firar dessa \u00e5rstider. <\/p>\n<h3>Vinterliv<\/h3>\n<p>Under <b>vintern<\/b> \u00e4r det vanligt att man spenderar mycket tid inomhus med familjen. Aktiviteter som <b>br\u00e4dspel<\/b> och <b>filmkv\u00e4llar<\/b> \u00e4r popul\u00e4ra. Dessutom \u00e4r <b>vinter<\/b> en tid f\u00f6r <b>reflektion<\/b> och <b>planering<\/b> inf\u00f6r det kommande \u00e5ret. M\u00e5nga familjer ser ocks\u00e5 fram emot <b>jul<\/b> och <b>ny\u00e5r<\/b>, som \u00e4r stora h\u00f6gtider i <b>Nordmakedonien<\/b>.<\/p>\n<h3>Sommaraktiviteter<\/h3>\n<p><b>Sommaren<\/b> \u00e4r en tid f\u00f6r <b>\u00e4ventyr<\/b> och <b>utflykter<\/b>. M\u00e5nga m\u00e4nniskor reser till <b>kusten<\/b> eller till <b>bergen<\/b> f\u00f6r att njuta av naturen. <b>Fester<\/b> och <b>musikfestivaler<\/b> \u00e4r ocks\u00e5 vanliga, och <a href=\"https:\/\/talkpal.ai\/culture\/how-do-i-use-det-finns-correctly\/\">det finns<\/a> m\u00e5nga tillf\u00e4llen att <a href=\"https:\/\/talkpal.ai\/locations\/language-courses-in-delta\/\">delta<\/a> i <b>kulturella evenemang<\/b>.<\/p>\n<h2>F\u00f6rdelar med att l\u00e4ra sig makedonska<\/h2>\n<p>Att l\u00e4ra sig <b>makedonska<\/b> kan \u00f6ppna d\u00f6rrar till en rik <b>kultur<\/b> och ett intressant <b>spr\u00e5k<\/b>. Det \u00e4r ocks\u00e5 en m\u00f6jlighet att b\u00e4ttre f\u00f6rst\u00e5 hur olika spr\u00e5k uttrycker liknande koncept p\u00e5 olika s\u00e4tt. Genom att l\u00e4ra sig ord och fraser relaterade till <b>vinter<\/b> och <b>sommar<\/b>, kan man f\u00e5 en djupare f\u00f6rst\u00e5else f\u00f6r b\u00e5de spr\u00e5ket och kulturen i <b>Nordmakedonien<\/b>.<\/p>\n<h3>Praktiska tips f\u00f6r att l\u00e4ra sig makedonska<\/h3>\n<p>H\u00e4r \u00e4r n\u00e5gra tips f\u00f6r att f\u00f6rb\u00e4ttra din <b>makedonska<\/b>:<\/p>\n<p>1. <b>Lyssna<\/b> p\u00e5 <b>makedonsk musik<\/b> och <b>poddar<\/b>.<br \/>\n2. <b>L\u00e4s<\/b> <b>b\u00f6cker<\/b> och <b>artiklar<\/b> p\u00e5 <b>makedonska<\/b>.<br \/>\n3. <b>\u00d6va<\/b> att tala med <b>modersm\u00e5lstalare<\/b> eller andra som l\u00e4r sig <b>spr\u00e5ket<\/b>.<br \/>\n4. <b>Anv\u00e4nd<\/b> <b>spr\u00e5kappar<\/b> och <b>onlinekurser<\/b> f\u00f6r att f\u00f6rb\u00e4ttra din <b>grammatik<\/b> och ditt <b>ordf\u00f6rr\u00e5d<\/b>.<\/p>\n<h2>Sammanfattning<\/h2>\n<p>Att l\u00e4ra sig om <b>vinter<\/b> och <b>sommar<\/b> p\u00e5 <b>makedonska<\/b> \u00e4r ett utm\u00e4rkt s\u00e4tt att f\u00f6rb\u00e4ttra ditt <b>spr\u00e5k<\/b> och din <b>kulturella f\u00f6rst\u00e5else<\/b>. Genom att utforska olika ord, fraser och kulturella aspekter kan du f\u00e5 en djupare insikt i hur m\u00e4nniskor i <b>Nordmakedonien<\/b> lever och firar dessa \u00e5rstider. Oavsett om du \u00e4r nyb\u00f6rjare eller redan har viss kunskap i <b>makedonska<\/b>, hoppas vi att denna artikel har gett dig v\u00e4rdefull information och inspiration att forts\u00e4tta din spr\u00e5kinl\u00e4rning.<\/p>\n","protected":false},"featured_media":1527699,"template":"","vocabulary_language":[4194],"class_list":["post-782479","vocabulary","type-vocabulary","status-publish","has-post-thumbnail","hentry","vocabulary_language-makedonska"],"acf":[],"yoast_head":"<!-- This site is optimized with the Yoast SEO Premium plugin v27.2 (Yoast SEO v27.2) - https:\/\/yoast.com\/product\/yoast-seo-premium-wordpress\/ -->\n<title>\u0417\u0438\u043c\u0430 vs. \u041b\u0435\u0442\u043e - Vinter vs. sommar p\u00e5 makedonska - Talkpal<\/title>\n<meta name=\"description\" content=\"Det \u00e4r alltid intressant att j\u00e4mf\u00f6ra olika spr\u00e5k och hur de uttrycker vardagliga koncept. I den h\u00e4r artikeln ska vi titta p\u00e5 hur man talar om vinter och\" \/>\n<meta name=\"robots\" content=\"index, follow, max-snippet:-1, max-image-preview:large, max-video-preview:-1\" \/>\n<link rel=\"canonical\" href=\"https:\/\/talkpal.ai\/sv\/vocabulary\/%d0%b7%d0%b8%d0%bc%d0%b0-vs-%d0%bb%d0%b5%d1%82%d0%be-vinter-vs-sommar-pa-makedonska\/\" \/>\n<meta property=\"og:locale\" content=\"sv_SE\" \/>\n<meta property=\"og:type\" content=\"article\" \/>\n<meta property=\"og:title\" content=\"\u0417\u0438\u043c\u0430 vs. \u041b\u0435\u0442\u043e - Vinter vs. sommar p\u00e5 makedonska\" \/>\n<meta property=\"og:description\" content=\"Det \u00e4r alltid intressant att j\u00e4mf\u00f6ra olika spr\u00e5k och hur de uttrycker vardagliga koncept. I den h\u00e4r artikeln ska vi titta p\u00e5 hur man talar om vinter och\" \/>\n<meta property=\"og:url\" content=\"https:\/\/talkpal.ai\/sv\/vocabulary\/%d0%b7%d0%b8%d0%bc%d0%b0-vs-%d0%bb%d0%b5%d1%82%d0%be-vinter-vs-sommar-pa-makedonska\/\" \/>\n<meta property=\"og:site_name\" content=\"Talkpal\" \/>\n<meta property=\"article:publisher\" content=\"https:\/\/www.facebook.com\/profile.php?id=100090733639311\" \/>\n<meta property=\"og:image\" content=\"https:\/\/talkpal.ai\/wp-content\/uploads\/2024\/10\/talkpal_flat_illustration_of_a_employees_working_together_happi_c674ff77-e477-4e09-835a-01d30e561e99.png\" \/>\n\t<meta property=\"og:image:width\" content=\"1024\" \/>\n\t<meta property=\"og:image:height\" content=\"1024\" \/>\n\t<meta property=\"og:image:type\" content=\"image\/png\" \/>\n<meta name=\"twitter:card\" content=\"summary_large_image\" \/>\n<meta name=\"twitter:site\" content=\"@talkpalai\" \/>\n<meta name=\"twitter:label1\" content=\"Ber\u00e4knad l\u00e4stid\" \/>\n\t<meta name=\"twitter:data1\" content=\"5 minuter\" \/>\n<script type=\"application\/ld+json\" class=\"yoast-schema-graph\">{\"@context\":\"https:\/\/schema.org\",\"@graph\":[{\"@type\":\"WebPage\",\"@id\":\"https:\/\/talkpal.ai\/sv\/vocabulary\/%d0%b7%d0%b8%d0%bc%d0%b0-vs-%d0%bb%d0%b5%d1%82%d0%be-vinter-vs-sommar-pa-makedonska\/\",\"url\":\"https:\/\/talkpal.ai\/sv\/vocabulary\/%d0%b7%d0%b8%d0%bc%d0%b0-vs-%d0%bb%d0%b5%d1%82%d0%be-vinter-vs-sommar-pa-makedonska\/\",\"name\":\"\u0417\u0438\u043c\u0430 vs. \u041b\u0435\u0442\u043e - Vinter vs. sommar p\u00e5 makedonska - Talkpal\",\"isPartOf\":{\"@id\":\"https:\/\/talkpal.ai\/sv\/#website\"},\"primaryImageOfPage\":{\"@id\":\"https:\/\/talkpal.ai\/sv\/vocabulary\/%d0%b7%d0%b8%d0%bc%d0%b0-vs-%d0%bb%d0%b5%d1%82%d0%be-vinter-vs-sommar-pa-makedonska\/#primaryimage\"},\"image\":{\"@id\":\"https:\/\/talkpal.ai\/sv\/vocabulary\/%d0%b7%d0%b8%d0%bc%d0%b0-vs-%d0%bb%d0%b5%d1%82%d0%be-vinter-vs-sommar-pa-makedonska\/#primaryimage\"},\"thumbnailUrl\":\"https:\/\/talkpal.ai\/wp-content\/uploads\/2025\/12\/group-uses-laptops-to-learn-languages.webp\",\"datePublished\":\"2024-06-12T22:22:00+00:00\",\"description\":\"Det \u00e4r alltid intressant att j\u00e4mf\u00f6ra olika spr\u00e5k och hur de uttrycker vardagliga koncept. I den h\u00e4r artikeln ska vi titta p\u00e5 hur man talar om vinter och\",\"breadcrumb\":{\"@id\":\"https:\/\/talkpal.ai\/sv\/vocabulary\/%d0%b7%d0%b8%d0%bc%d0%b0-vs-%d0%bb%d0%b5%d1%82%d0%be-vinter-vs-sommar-pa-makedonska\/#breadcrumb\"},\"inLanguage\":\"sv-SE\",\"potentialAction\":[{\"@type\":\"ReadAction\",\"target\":[\"https:\/\/talkpal.ai\/sv\/vocabulary\/%d0%b7%d0%b8%d0%bc%d0%b0-vs-%d0%bb%d0%b5%d1%82%d0%be-vinter-vs-sommar-pa-makedonska\/\"]}]},{\"@type\":\"ImageObject\",\"inLanguage\":\"sv-SE\",\"@id\":\"https:\/\/talkpal.ai\/sv\/vocabulary\/%d0%b7%d0%b8%d0%bc%d0%b0-vs-%d0%bb%d0%b5%d1%82%d0%be-vinter-vs-sommar-pa-makedonska\/#primaryimage\",\"url\":\"https:\/\/talkpal.ai\/wp-content\/uploads\/2025\/12\/group-uses-laptops-to-learn-languages.webp\",\"contentUrl\":\"https:\/\/talkpal.ai\/wp-content\/uploads\/2025\/12\/group-uses-laptops-to-learn-languages.webp\",\"width\":1200,\"height\":896,\"caption\":\"A diverse group of people sit at a long table using laptops for learning languages in a quiet office.\"},{\"@type\":\"BreadcrumbList\",\"@id\":\"https:\/\/talkpal.ai\/sv\/vocabulary\/%d0%b7%d0%b8%d0%bc%d0%b0-vs-%d0%bb%d0%b5%d1%82%d0%be-vinter-vs-sommar-pa-makedonska\/#breadcrumb\",\"itemListElement\":[{\"@type\":\"ListItem\",\"position\":1,\"name\":\"Homepage\",\"item\":\"https:\/\/talkpal.ai\/sv\/\"},{\"@type\":\"ListItem\",\"position\":2,\"name\":\"\u0417\u0438\u043c\u0430 vs. \u041b\u0435\u0442\u043e &#8211; Vinter vs. sommar p\u00e5 makedonska\"}]},{\"@type\":\"WebSite\",\"@id\":\"https:\/\/talkpal.ai\/sv\/#website\",\"url\":\"https:\/\/talkpal.ai\/sv\/\",\"name\":\"Talkpal\",\"description\":\"AI Language Learning\",\"publisher\":{\"@id\":\"https:\/\/talkpal.ai\/sv\/#organization\"},\"alternateName\":\"Talkpal AI\",\"potentialAction\":[{\"@type\":\"SearchAction\",\"target\":{\"@type\":\"EntryPoint\",\"urlTemplate\":\"https:\/\/talkpal.ai\/sv\/?s={search_term_string}\"},\"query-input\":{\"@type\":\"PropertyValueSpecification\",\"valueRequired\":true,\"valueName\":\"search_term_string\"}}],\"inLanguage\":\"sv-SE\"},{\"@type\":\"Organization\",\"@id\":\"https:\/\/talkpal.ai\/sv\/#organization\",\"name\":\"Talkpal, Inc.\",\"alternateName\":\"Talkpal AI\",\"url\":\"https:\/\/talkpal.ai\/sv\/\",\"logo\":{\"@type\":\"ImageObject\",\"inLanguage\":\"sv-SE\",\"@id\":\"https:\/\/talkpal.ai\/sv\/#\/schema\/logo\/image\/\",\"url\":\"https:\/\/talkpal.ai\/wp-content\/uploads\/2024\/03\/Talkpal-Logo-Icon.png\",\"contentUrl\":\"https:\/\/talkpal.ai\/wp-content\/uploads\/2024\/03\/Talkpal-Logo-Icon.png\",\"width\":2880,\"height\":2880,\"caption\":\"Talkpal, Inc.\"},\"image\":{\"@id\":\"https:\/\/talkpal.ai\/sv\/#\/schema\/logo\/image\/\"},\"sameAs\":[\"https:\/\/www.facebook.com\/profile.php?id=100090733639311\",\"https:\/\/x.com\/talkpalai\",\"https:\/\/www.linkedin.com\/company\/talkpal\/\",\"https:\/\/www.youtube.com\/@TalkPal\/\",\"https:\/\/www.tiktok.com\/@talkpal\",\"https:\/\/www.instagram.com\/talkpal_ai\/\",\"https:\/\/www.crunchbase.com\/organization\/talkpal-9cde\",\"https:\/\/www.g2.com\/products\/talkpal-for-business\/\",\"https:\/\/www.trustpilot.com\/review\/talkpal.ai\",\"https:\/\/www.capterra.com\/p\/10006800\/TalkPal\/\"],\"description\":\"Talkpal is a language learning web and mobile education app, powered by the latest AI technologies, that provides engaging experiences to its customers in many different languages to help them improve their language skills. Users can chat about unlimited amount of topics with the app and use other modes to practice their language learning.\",\"email\":\"support@talkpal.ai\",\"legalName\":\"Talkpal, Inc.\",\"foundingDate\":\"2023-04-03\",\"duns\":\"118989042\",\"numberOfEmployees\":{\"@type\":\"QuantitativeValue\",\"minValue\":\"11\",\"maxValue\":\"50\"},\"publishingPrinciples\":\"https:\/\/talkpal.ai\/publishing-principles\/\",\"actionableFeedbackPolicy\":\"https:\/\/talkpal.ai\/actionable-feedback-policy\/\",\"correctionsPolicy\":\"https:\/\/talkpal.ai\/corrections-policy\/\",\"ethicsPolicy\":\"https:\/\/talkpal.ai\/ethics-policy\/\",\"diversityPolicy\":\"https:\/\/talkpal.ai\/diversity-policy\/\",\"diversityStaffingReport\":\"https:\/\/talkpal.ai\/diversity-policy\/\"}]}<\/script>\n<!-- \/ Yoast SEO Premium plugin. -->","yoast_head_json":{"title":"\u0417\u0438\u043c\u0430 vs. \u041b\u0435\u0442\u043e - Vinter vs. sommar p\u00e5 makedonska - Talkpal","description":"Det \u00e4r alltid intressant att j\u00e4mf\u00f6ra olika spr\u00e5k och hur de uttrycker vardagliga koncept. I den h\u00e4r artikeln ska vi titta p\u00e5 hur man talar om vinter och","robots":{"index":"index","follow":"follow","max-snippet":"max-snippet:-1","max-image-preview":"max-image-preview:large","max-video-preview":"max-video-preview:-1"},"canonical":"https:\/\/talkpal.ai\/sv\/vocabulary\/%d0%b7%d0%b8%d0%bc%d0%b0-vs-%d0%bb%d0%b5%d1%82%d0%be-vinter-vs-sommar-pa-makedonska\/","og_locale":"sv_SE","og_type":"article","og_title":"\u0417\u0438\u043c\u0430 vs. \u041b\u0435\u0442\u043e - Vinter vs. sommar p\u00e5 makedonska","og_description":"Det \u00e4r alltid intressant att j\u00e4mf\u00f6ra olika spr\u00e5k och hur de uttrycker vardagliga koncept. I den h\u00e4r artikeln ska vi titta p\u00e5 hur man talar om vinter och","og_url":"https:\/\/talkpal.ai\/sv\/vocabulary\/%d0%b7%d0%b8%d0%bc%d0%b0-vs-%d0%bb%d0%b5%d1%82%d0%be-vinter-vs-sommar-pa-makedonska\/","og_site_name":"Talkpal","article_publisher":"https:\/\/www.facebook.com\/profile.php?id=100090733639311","og_image":[{"width":1024,"height":1024,"url":"https:\/\/talkpal.ai\/wp-content\/uploads\/2024\/10\/talkpal_flat_illustration_of_a_employees_working_together_happi_c674ff77-e477-4e09-835a-01d30e561e99.png","type":"image\/png"}],"twitter_card":"summary_large_image","twitter_site":"@talkpalai","twitter_misc":{"Ber\u00e4knad l\u00e4stid":"5 minuter"},"schema":{"@context":"https:\/\/schema.org","@graph":[{"@type":"WebPage","@id":"https:\/\/talkpal.ai\/sv\/vocabulary\/%d0%b7%d0%b8%d0%bc%d0%b0-vs-%d0%bb%d0%b5%d1%82%d0%be-vinter-vs-sommar-pa-makedonska\/","url":"https:\/\/talkpal.ai\/sv\/vocabulary\/%d0%b7%d0%b8%d0%bc%d0%b0-vs-%d0%bb%d0%b5%d1%82%d0%be-vinter-vs-sommar-pa-makedonska\/","name":"\u0417\u0438\u043c\u0430 vs. \u041b\u0435\u0442\u043e - Vinter vs. sommar p\u00e5 makedonska - Talkpal","isPartOf":{"@id":"https:\/\/talkpal.ai\/sv\/#website"},"primaryImageOfPage":{"@id":"https:\/\/talkpal.ai\/sv\/vocabulary\/%d0%b7%d0%b8%d0%bc%d0%b0-vs-%d0%bb%d0%b5%d1%82%d0%be-vinter-vs-sommar-pa-makedonska\/#primaryimage"},"image":{"@id":"https:\/\/talkpal.ai\/sv\/vocabulary\/%d0%b7%d0%b8%d0%bc%d0%b0-vs-%d0%bb%d0%b5%d1%82%d0%be-vinter-vs-sommar-pa-makedonska\/#primaryimage"},"thumbnailUrl":"https:\/\/talkpal.ai\/wp-content\/uploads\/2025\/12\/group-uses-laptops-to-learn-languages.webp","datePublished":"2024-06-12T22:22:00+00:00","description":"Det \u00e4r alltid intressant att j\u00e4mf\u00f6ra olika spr\u00e5k och hur de uttrycker vardagliga koncept. I den h\u00e4r artikeln ska vi titta p\u00e5 hur man talar om vinter och","breadcrumb":{"@id":"https:\/\/talkpal.ai\/sv\/vocabulary\/%d0%b7%d0%b8%d0%bc%d0%b0-vs-%d0%bb%d0%b5%d1%82%d0%be-vinter-vs-sommar-pa-makedonska\/#breadcrumb"},"inLanguage":"sv-SE","potentialAction":[{"@type":"ReadAction","target":["https:\/\/talkpal.ai\/sv\/vocabulary\/%d0%b7%d0%b8%d0%bc%d0%b0-vs-%d0%bb%d0%b5%d1%82%d0%be-vinter-vs-sommar-pa-makedonska\/"]}]},{"@type":"ImageObject","inLanguage":"sv-SE","@id":"https:\/\/talkpal.ai\/sv\/vocabulary\/%d0%b7%d0%b8%d0%bc%d0%b0-vs-%d0%bb%d0%b5%d1%82%d0%be-vinter-vs-sommar-pa-makedonska\/#primaryimage","url":"https:\/\/talkpal.ai\/wp-content\/uploads\/2025\/12\/group-uses-laptops-to-learn-languages.webp","contentUrl":"https:\/\/talkpal.ai\/wp-content\/uploads\/2025\/12\/group-uses-laptops-to-learn-languages.webp","width":1200,"height":896,"caption":"A diverse group of people sit at a long table using laptops for learning languages in a quiet office."},{"@type":"BreadcrumbList","@id":"https:\/\/talkpal.ai\/sv\/vocabulary\/%d0%b7%d0%b8%d0%bc%d0%b0-vs-%d0%bb%d0%b5%d1%82%d0%be-vinter-vs-sommar-pa-makedonska\/#breadcrumb","itemListElement":[{"@type":"ListItem","position":1,"name":"Homepage","item":"https:\/\/talkpal.ai\/sv\/"},{"@type":"ListItem","position":2,"name":"\u0417\u0438\u043c\u0430 vs. \u041b\u0435\u0442\u043e &#8211; Vinter vs. sommar p\u00e5 makedonska"}]},{"@type":"WebSite","@id":"https:\/\/talkpal.ai\/sv\/#website","url":"https:\/\/talkpal.ai\/sv\/","name":"Talkpal","description":"AI Language Learning","publisher":{"@id":"https:\/\/talkpal.ai\/sv\/#organization"},"alternateName":"Talkpal AI","potentialAction":[{"@type":"SearchAction","target":{"@type":"EntryPoint","urlTemplate":"https:\/\/talkpal.ai\/sv\/?s={search_term_string}"},"query-input":{"@type":"PropertyValueSpecification","valueRequired":true,"valueName":"search_term_string"}}],"inLanguage":"sv-SE"},{"@type":"Organization","@id":"https:\/\/talkpal.ai\/sv\/#organization","name":"Talkpal, Inc.","alternateName":"Talkpal AI","url":"https:\/\/talkpal.ai\/sv\/","logo":{"@type":"ImageObject","inLanguage":"sv-SE","@id":"https:\/\/talkpal.ai\/sv\/#\/schema\/logo\/image\/","url":"https:\/\/talkpal.ai\/wp-content\/uploads\/2024\/03\/Talkpal-Logo-Icon.png","contentUrl":"https:\/\/talkpal.ai\/wp-content\/uploads\/2024\/03\/Talkpal-Logo-Icon.png","width":2880,"height":2880,"caption":"Talkpal, Inc."},"image":{"@id":"https:\/\/talkpal.ai\/sv\/#\/schema\/logo\/image\/"},"sameAs":["https:\/\/www.facebook.com\/profile.php?id=100090733639311","https:\/\/x.com\/talkpalai","https:\/\/www.linkedin.com\/company\/talkpal\/","https:\/\/www.youtube.com\/@TalkPal\/","https:\/\/www.tiktok.com\/@talkpal","https:\/\/www.instagram.com\/talkpal_ai\/","https:\/\/www.crunchbase.com\/organization\/talkpal-9cde","https:\/\/www.g2.com\/products\/talkpal-for-business\/","https:\/\/www.trustpilot.com\/review\/talkpal.ai","https:\/\/www.capterra.com\/p\/10006800\/TalkPal\/"],"description":"Talkpal is a language learning web and mobile education app, powered by the latest AI technologies, that provides engaging experiences to its customers in many different languages to help them improve their language skills. Users can chat about unlimited amount of topics with the app and use other modes to practice their language learning.","email":"support@talkpal.ai","legalName":"Talkpal, Inc.","foundingDate":"2023-04-03","duns":"118989042","numberOfEmployees":{"@type":"QuantitativeValue","minValue":"11","maxValue":"50"},"publishingPrinciples":"https:\/\/talkpal.ai\/publishing-principles\/","actionableFeedbackPolicy":"https:\/\/talkpal.ai\/actionable-feedback-policy\/","correctionsPolicy":"https:\/\/talkpal.ai\/corrections-policy\/","ethicsPolicy":"https:\/\/talkpal.ai\/ethics-policy\/","diversityPolicy":"https:\/\/talkpal.ai\/diversity-policy\/","diversityStaffingReport":"https:\/\/talkpal.ai\/diversity-policy\/"}]}},"_links":{"self":[{"href":"https:\/\/talkpal.ai\/sv\/wp-json\/wp\/v2\/vocabulary\/782479","targetHints":{"allow":["GET"]}}],"collection":[{"href":"https:\/\/talkpal.ai\/sv\/wp-json\/wp\/v2\/vocabulary"}],"about":[{"href":"https:\/\/talkpal.ai\/sv\/wp-json\/wp\/v2\/types\/vocabulary"}],"wp:featuredmedia":[{"embeddable":true,"href":"https:\/\/talkpal.ai\/sv\/wp-json\/wp\/v2\/media\/1527699"}],"wp:attachment":[{"href":"https:\/\/talkpal.ai\/sv\/wp-json\/wp\/v2\/media?parent=782479"}],"wp:term":[{"taxonomy":"vocabulary_language","embeddable":true,"href":"https:\/\/talkpal.ai\/sv\/wp-json\/wp\/v2\/vocabulary_language?post=782479"}],"curies":[{"name":"wp","href":"https:\/\/api.w.org\/{rel}","templated":true}]}}