{"id":781556,"date":"2024-06-12T21:21:26","date_gmt":"2024-06-12T21:21:26","guid":{"rendered":"https:\/\/talkpal.ai\/vocabulary\/melyik-vs-amelyik-att-forsta-ungerska-relativa-pronomen\/"},"modified":"2024-06-12T21:21:26","modified_gmt":"2024-06-12T21:21:26","slug":"melyik-vs-amelyik-att-forsta-ungerska-relativa-pronomen","status":"publish","type":"vocabulary","link":"https:\/\/talkpal.ai\/sv\/vocabulary\/melyik-vs-amelyik-att-forsta-ungerska-relativa-pronomen\/","title":{"rendered":"Melyik vs. Amelyik &#8211; Att f\u00f6rst\u00e5 ungerska relativa pronomen"},"content":{"rendered":"<p>Att f\u00f6rst\u00e5 de <a href=\"https:\/\/talkpal.ai\/learn-hungarian\/\">ungerska<\/a> relativa pronomenen kan vara en utmaning f\u00f6r svensktalande som l\u00e4r sig ungerska. Tv\u00e5 av de mest f\u00f6rvirrande relativa pronomenerna \u00e4r <b>melyik<\/b> och <b>amelyik<\/b>. Dessa ord anv\u00e4nds i olika sammanhang och har specifika funktioner som \u00e4r viktiga att f\u00f6rst\u00e5 f\u00f6r att kunna <a href=\"https:\/\/talkpal.ai\/locations\/language-courses-in-tala\/\">tala<\/a> och skriva korrekt ungerska. I denna artikel kommer vi att utforska skillnaderna mellan dessa tv\u00e5 relativa pronomen och ge exempel p\u00e5 hur de anv\u00e4nds.<\/p>\n<h2>Grundl\u00e4ggande f\u00f6rst\u00e5else av relativa pronomen<\/h2>\n<p>Relativa pronomen \u00e4r ord som anv\u00e4nds f\u00f6r att introducera en relativsats, vilket \u00e4r en bisats som beskriver eller definierar n\u00e5got i huvudsatsen. P\u00e5 <a href=\"https:\/\/talkpal.ai\/learn-swedish\/\">svenska<\/a> anv\u00e4nder vi ord som <b>som<\/b>, <b>vilket<\/b>, <b>vilken<\/b>, <b>vilka<\/b> f\u00f6r att introducera relativsatser. I ungerska har vi flera relativa pronomen, men de som ofta f\u00f6rv\u00e4xlas \u00e4r <b>melyik<\/b> och <b>amelyik<\/b>.<\/p>\n<h3>Melyik<\/h3>\n<p><b>Melyik<\/b> \u00e4r ett relativt pronomen som oftast anv\u00e4nds f\u00f6r att st\u00e4lla fr\u00e5gor eller g\u00f6ra val mellan flera alternativ. Det kan \u00f6vers\u00e4ttas till svenska som <b>vilken<\/b> eller <b>vilket<\/b>. H\u00e4r \u00e4r n\u00e5gra exempel f\u00f6r att illustrera anv\u00e4ndningen av <b>melyik<\/b>:<\/p>\n<p>&#8211; <b>Melyik<\/b> k\u00f6nyvet olvastad? (Vilken bok l\u00e4ste du?)<br \/>\n&#8211; <b>Melyik<\/b> aut\u00f3t szeretn\u00e9d megvenni? (Vilken bil vill du k\u00f6pa?)<br \/>\n&#8211; <b>Melyik<\/b> filmet n\u00e9zz\u00fck meg ma este? (Vilken film ska vi titta p\u00e5 ikv\u00e4ll?)<\/p>\n<p>I dessa exempel anv\u00e4nds <b>melyik<\/b> f\u00f6r att fr\u00e5ga om specifika alternativ inom en given kategori. Det \u00e4r viktigt att notera att <b>melyik<\/b> alltid f\u00f6ljs av ett substantiv.<\/p>\n<h3>Amelyik<\/h3>\n<p><b>Amelyik<\/b> \u00e4r ocks\u00e5 ett relativt pronomen, men det anv\u00e4nds f\u00f6r att introducera relativsatser som definierar eller beskriver n\u00e5got mer specifikt. Det kan \u00f6vers\u00e4ttas till svenska som <b>den som<\/b>, <b>det som<\/b> eller <b>vilket<\/b> beroende p\u00e5 sammanhanget. H\u00e4r \u00e4r n\u00e5gra exempel f\u00f6r att illustrera anv\u00e4ndningen av <b>amelyik<\/b>:<\/p>\n<p>&#8211; Az a h\u00e1z, <b>amelyik<\/b> a sarokban <a href=\"https:\/\/talkpal.ai\/locations\/language-courses-in-van\/\">van<\/a>, nagyon r\u00e9gi. (Huset som ligger p\u00e5 h\u00f6rnet \u00e4r v\u00e4ldigt gammalt.)<br \/>\n&#8211; Az a kutya, <b>amelyik<\/b> a kertben j\u00e1tszik, nagyon bar\u00e1ts\u00e1gos. (Hunden som leker i tr\u00e4dg\u00e5rden \u00e4r v\u00e4ldigt v\u00e4nlig.)<br \/>\n&#8211; A k\u00f6nyv, <b>amelyik<\/b> az asztalon van, az eny\u00e9m. (Boken som ligger p\u00e5 bordet \u00e4r min.)<\/p>\n<p>I dessa exempel anv\u00e4nds <b>amelyik<\/b> f\u00f6r att ge ytterligare information om ett specifikt objekt eller en specifik person. Det fungerar som en brygga mellan huvudsatsen och relativsatsen och ger mer detaljerad information.<\/p>\n<h2>Skillnader mellan Melyik och Amelyik<\/h2>\n<p>Nu n\u00e4r vi har en grundl\u00e4ggande f\u00f6rst\u00e5else f\u00f6r hur <b>melyik<\/b> och <b>amelyik<\/b> anv\u00e4nds, l\u00e5t <a href=\"https:\/\/talkpal.ai\/locations\/language-courses-in-oss\/\">oss<\/a> titta n\u00e4rmare p\u00e5 skillnaderna mellan dessa tv\u00e5 relativa pronomen.<\/p>\n<h3>Anv\u00e4ndning i fr\u00e5gor och p\u00e5st\u00e5enden<\/h3>\n<p>En av de st\u00f6rsta skillnaderna mellan <b>melyik<\/b> och <b>amelyik<\/b> \u00e4r hur de anv\u00e4nds i fr\u00e5gor och p\u00e5st\u00e5enden. <b>Melyik<\/b> anv\u00e4nds fr\u00e4mst i fr\u00e5gor f\u00f6r att v\u00e4lja mellan flera alternativ, medan <b>amelyik<\/b> anv\u00e4nds i p\u00e5st\u00e5enden f\u00f6r att ge mer detaljerad information.<\/p>\n<p>Exempel:<br \/>\n&#8211; <b>Melyik<\/b> filmet n\u00e9zz\u00fck meg ma este? (Vilken film ska vi titta p\u00e5 ikv\u00e4ll?) &#8211; Fr\u00e5ga<br \/>\n&#8211; A film, <b>amelyik<\/b> ma este j\u00e1tszik, nagyon j\u00f3. (Filmen som visas ikv\u00e4ll \u00e4r v\u00e4ldigt <a href=\"https:\/\/talkpal.ai\/locations\/learn-english-in-bra\/\">bra<\/a>.) &#8211; P\u00e5st\u00e5ende<\/p>\n<h3>F\u00f6ljande ord<\/h3>\n<p>En annan viktig skillnad \u00e4r att <b>melyik<\/b> alltid f\u00f6ljs av ett substantiv, medan <b>amelyik<\/b> kan f\u00f6ljas av b\u00e5de substantiv och verb. Detta \u00e4r en viktig regel att komma ih\u00e5g n\u00e4r man anv\u00e4nder dessa relativa pronomen.<\/p>\n<p>Exempel:<br \/>\n&#8211; <b>Melyik<\/b> k\u00f6nyvet olvastad? (Vilken bok l\u00e4ste du?) &#8211; Substantiv<br \/>\n&#8211; A k\u00f6nyv, <b>amelyik<\/b> az asztalon van, az eny\u00e9m. (Boken som ligger p\u00e5 bordet \u00e4r min.) &#8211; Substantiv<br \/>\n&#8211; A h\u00e1z, <b>amelyik<\/b> a sarokban van, nagyon r\u00e9gi. (Huset som ligger p\u00e5 h\u00f6rnet \u00e4r v\u00e4ldigt gammalt.) &#8211; Verb<\/p>\n<h3>Specifik information<\/h3>\n<p><b>Amelyik<\/b> anv\u00e4nds ofta f\u00f6r att ge mer specifik information om n\u00e5got som <a href=\"https:\/\/talkpal.ai\/locations\/learn-english-in-redan\/\">redan<\/a> n\u00e4mnts, medan <b>melyik<\/b> anv\u00e4nds f\u00f6r att g\u00f6ra ett val mellan flera alternativ. Detta g\u00f6r <b>amelyik<\/b> mer l\u00e4mpligt f\u00f6r att skapa detaljerade beskrivningar och f\u00f6rklaringar.<\/p>\n<p>Exempel:<br \/>\n&#8211; A kutya, <b>amelyik<\/b> a kertben j\u00e1tszik, nagyon bar\u00e1ts\u00e1gos. (Hunden som leker i tr\u00e4dg\u00e5rden \u00e4r v\u00e4ldigt v\u00e4nlig.) &#8211; Specifik information<br \/>\n&#8211; <b>Melyik<\/b> kuty\u00e1t v\u00e1lasztod? (Vilken hund v\u00e4ljer du?) &#8211; Val mellan alternativ<\/p>\n<h2>Vanliga misstag och hur man undviker dem<\/h2>\n<p>L\u00e4r sig ungerska kan vara utmanande, och det \u00e4r vanligt att g\u00f6ra misstag n\u00e4r man anv\u00e4nder <b>melyik<\/b> och <b>amelyik<\/b>. H\u00e4r \u00e4r n\u00e5gra vanliga misstag och tips p\u00e5 hur man undviker dem.<\/p>\n<h3>F\u00f6rv\u00e4xling av anv\u00e4ndning<\/h3>\n<p>Ett vanligt misstag \u00e4r att anv\u00e4nda <b>melyik<\/b> n\u00e4r man borde anv\u00e4nda <b>amelyik<\/b> och vice versa. F\u00f6r att undvika detta \u00e4r det viktigt att komma ih\u00e5g skillnaden i anv\u00e4ndning: <b>melyik<\/b> anv\u00e4nds i fr\u00e5gor f\u00f6r att g\u00f6ra val, medan <b>amelyik<\/b> anv\u00e4nds i p\u00e5st\u00e5enden f\u00f6r att ge detaljerad information.<\/p>\n<p>Fel:<br \/>\n&#8211; A k\u00f6nyv, <b>melyik<\/b> az asztalon van, az eny\u00e9m. (Felaktigt: Boken, vilken ligger p\u00e5 bordet, \u00e4r min.)<br \/>\nKorrekt:<br \/>\n&#8211; A k\u00f6nyv, <b>amelyik<\/b> az asztalon van, az eny\u00e9m. (R\u00e4tt: Boken som ligger p\u00e5 bordet \u00e4r min.)<\/p>\n<h3>Felaktig ordning<\/h3>\n<p>Ett annat vanligt misstag \u00e4r att placera ord i fel ordning n\u00e4r man anv\u00e4nder dessa relativa pronomen. Det \u00e4r viktigt att f\u00f6lja den grammatiska strukturen i ungerska f\u00f6r att meningarna ska vara korrekta.<\/p>\n<p>Fel:<br \/>\n&#8211; <b>Amelyik<\/b> k\u00f6nyvet olvastad? (Felaktigt: Den som bok l\u00e4ste du?)<br \/>\nKorrekt:<br \/>\n&#8211; <b>Melyik<\/b> k\u00f6nyvet olvastad? (R\u00e4tt: Vilken bok l\u00e4ste du?)<\/p>\n<h2>Praktiska \u00f6vningar<\/h2>\n<p>F\u00f6r att verkligen f\u00f6rst\u00e5 och beh\u00e4rska anv\u00e4ndningen av <b>melyik<\/b> och <b>amelyik<\/b> \u00e4r det viktigt att \u00f6va regelbundet. H\u00e4r \u00e4r n\u00e5gra praktiska \u00f6vningar som kan hj\u00e4lpa dig att f\u00f6rb\u00e4ttra dina kunskaper.<\/p>\n<h3>\u00d6vning 1: Fyll i r\u00e4tt relativt pronomen<\/h3>\n<p>Fyll i meningarna med antingen <b>melyik<\/b> eller <b>amelyik<\/b> beroende p\u00e5 sammanhanget.<\/p>\n<p>1. _____ aut\u00f3t szeretn\u00e9d megvenni? (Vilken bil vill du k\u00f6pa?)<br \/>\n2. A h\u00e1z, _____ a sarokban van, nagyon r\u00e9gi. (Huset som ligger p\u00e5 h\u00f6rnet \u00e4r v\u00e4ldigt gammalt.)<br \/>\n3. _____ filmet n\u00e9zz\u00fck meg ma este? (Vilken film ska vi titta p\u00e5 ikv\u00e4ll?)<br \/>\n4. A kutya, _____ a kertben j\u00e1tszik, nagyon bar\u00e1ts\u00e1gos. (Hunden som leker i tr\u00e4dg\u00e5rden \u00e4r v\u00e4ldigt v\u00e4nlig.)<\/p>\n<h3>\u00d6vning 2: \u00d6vers\u00e4tt fr\u00e5n svenska till ungerska<\/h3>\n<p>\u00d6vers\u00e4tt f\u00f6ljande meningar fr\u00e5n svenska till ungerska och anv\u00e4nd r\u00e4tt relativt pronomen.<\/p>\n<p>1. Vilken bok l\u00e4ste du?<br \/>\n2. Huset som ligger p\u00e5 h\u00f6rnet \u00e4r v\u00e4ldigt gammalt.<br \/>\n3. Vilken film ska vi titta p\u00e5 ikv\u00e4ll?<br \/>\n4. Hunden som leker i tr\u00e4dg\u00e5rden \u00e4r v\u00e4ldigt v\u00e4nlig.<\/p>\n<h2>Sammanfattning<\/h2>\n<p>Att f\u00f6rst\u00e5 skillnaderna mellan <b>melyik<\/b> och <b>amelyik<\/b> \u00e4r avg\u00f6rande f\u00f6r att kunna tala och skriva korrekt ungerska. Genom att komma ih\u00e5g att <b>melyik<\/b> anv\u00e4nds f\u00f6r att st\u00e4lla fr\u00e5gor och g\u00f6ra val mellan flera alternativ, och att <b>amelyik<\/b> anv\u00e4nds f\u00f6r att ge mer specifik information i p\u00e5st\u00e5enden, kan du undvika vanliga misstag och f\u00f6rb\u00e4ttra din spr\u00e5kkunskap. Regelbunden \u00f6vning och till\u00e4mpning av dessa principer i praktiska sammanhang kommer att hj\u00e4lpa dig att bem\u00e4stra anv\u00e4ndningen av dessa relativa pronomen.<\/p>\n<p>Kom ih\u00e5g att \u00f6vning ger f\u00e4rdighet, s\u00e5 tveka inte att anv\u00e4nda <b>melyik<\/b> och <b>amelyik<\/b> i dina dagliga konversationer och skriv\u00f6vningar. Lycka till med dina studier i ungerska!<\/p>\n","protected":false},"featured_media":1527948,"template":"","vocabulary_language":[4187],"class_list":["post-781556","vocabulary","type-vocabulary","status-publish","has-post-thumbnail","hentry","vocabulary_language-ungerska"],"acf":[],"yoast_head":"<!-- This site is optimized with the Yoast SEO Premium plugin v27.2 (Yoast SEO v27.2) - https:\/\/yoast.com\/product\/yoast-seo-premium-wordpress\/ -->\n<title>Melyik vs. Amelyik - Att f\u00f6rst\u00e5 ungerska relativa pronomen - Talkpal<\/title>\n<meta name=\"description\" content=\"Att f\u00f6rst\u00e5 de ungerska relativa pronomenen kan vara en utmaning f\u00f6r svensktalande som l\u00e4r sig ungerska. Tv\u00e5 av de mest f\u00f6rvirrande relativa pronomenerna\" \/>\n<meta name=\"robots\" content=\"index, follow, max-snippet:-1, max-image-preview:large, max-video-preview:-1\" \/>\n<link rel=\"canonical\" href=\"https:\/\/talkpal.ai\/sv\/vocabulary\/melyik-vs-amelyik-att-forsta-ungerska-relativa-pronomen\/\" \/>\n<meta property=\"og:locale\" content=\"sv_SE\" \/>\n<meta property=\"og:type\" content=\"article\" \/>\n<meta property=\"og:title\" content=\"Melyik vs. Amelyik - Att f\u00f6rst\u00e5 ungerska relativa pronomen\" \/>\n<meta property=\"og:description\" content=\"Att f\u00f6rst\u00e5 de ungerska relativa pronomenen kan vara en utmaning f\u00f6r svensktalande som l\u00e4r sig ungerska. Tv\u00e5 av de mest f\u00f6rvirrande relativa pronomenerna\" \/>\n<meta property=\"og:url\" content=\"https:\/\/talkpal.ai\/sv\/vocabulary\/melyik-vs-amelyik-att-forsta-ungerska-relativa-pronomen\/\" \/>\n<meta property=\"og:site_name\" content=\"Talkpal\" \/>\n<meta property=\"article:publisher\" content=\"https:\/\/www.facebook.com\/profile.php?id=100090733639311\" \/>\n<meta property=\"og:image\" content=\"https:\/\/talkpal.ai\/wp-content\/uploads\/2024\/10\/talkpal_flat_illustration_of_a_employees_working_together_happi_c674ff77-e477-4e09-835a-01d30e561e99.png\" \/>\n\t<meta property=\"og:image:width\" content=\"1024\" \/>\n\t<meta property=\"og:image:height\" content=\"1024\" \/>\n\t<meta property=\"og:image:type\" content=\"image\/png\" \/>\n<meta name=\"twitter:card\" content=\"summary_large_image\" \/>\n<meta name=\"twitter:site\" content=\"@talkpalai\" \/>\n<meta name=\"twitter:label1\" content=\"Ber\u00e4knad l\u00e4stid\" \/>\n\t<meta name=\"twitter:data1\" content=\"6 minuter\" \/>\n<script type=\"application\/ld+json\" class=\"yoast-schema-graph\">{\"@context\":\"https:\/\/schema.org\",\"@graph\":[{\"@type\":\"WebPage\",\"@id\":\"https:\/\/talkpal.ai\/sv\/vocabulary\/melyik-vs-amelyik-att-forsta-ungerska-relativa-pronomen\/\",\"url\":\"https:\/\/talkpal.ai\/sv\/vocabulary\/melyik-vs-amelyik-att-forsta-ungerska-relativa-pronomen\/\",\"name\":\"Melyik vs. Amelyik - Att f\u00f6rst\u00e5 ungerska relativa pronomen - Talkpal\",\"isPartOf\":{\"@id\":\"https:\/\/talkpal.ai\/sv\/#website\"},\"primaryImageOfPage\":{\"@id\":\"https:\/\/talkpal.ai\/sv\/vocabulary\/melyik-vs-amelyik-att-forsta-ungerska-relativa-pronomen\/#primaryimage\"},\"image\":{\"@id\":\"https:\/\/talkpal.ai\/sv\/vocabulary\/melyik-vs-amelyik-att-forsta-ungerska-relativa-pronomen\/#primaryimage\"},\"thumbnailUrl\":\"https:\/\/talkpal.ai\/wp-content\/uploads\/2025\/12\/students-order-coffee-to-learn-languages.webp\",\"datePublished\":\"2024-06-12T21:21:26+00:00\",\"description\":\"Att f\u00f6rst\u00e5 de ungerska relativa pronomenen kan vara en utmaning f\u00f6r svensktalande som l\u00e4r sig ungerska. Tv\u00e5 av de mest f\u00f6rvirrande relativa pronomenerna\",\"breadcrumb\":{\"@id\":\"https:\/\/talkpal.ai\/sv\/vocabulary\/melyik-vs-amelyik-att-forsta-ungerska-relativa-pronomen\/#breadcrumb\"},\"inLanguage\":\"sv-SE\",\"potentialAction\":[{\"@type\":\"ReadAction\",\"target\":[\"https:\/\/talkpal.ai\/sv\/vocabulary\/melyik-vs-amelyik-att-forsta-ungerska-relativa-pronomen\/\"]}]},{\"@type\":\"ImageObject\",\"inLanguage\":\"sv-SE\",\"@id\":\"https:\/\/talkpal.ai\/sv\/vocabulary\/melyik-vs-amelyik-att-forsta-ungerska-relativa-pronomen\/#primaryimage\",\"url\":\"https:\/\/talkpal.ai\/wp-content\/uploads\/2025\/12\/students-order-coffee-to-learn-languages.webp\",\"contentUrl\":\"https:\/\/talkpal.ai\/wp-content\/uploads\/2025\/12\/students-order-coffee-to-learn-languages.webp\",\"width\":1200,\"height\":896,\"caption\":\"A diverse trio of students studies with a laptop and croissant in a sunlit caf\u00e9 while learning languages.\"},{\"@type\":\"BreadcrumbList\",\"@id\":\"https:\/\/talkpal.ai\/sv\/vocabulary\/melyik-vs-amelyik-att-forsta-ungerska-relativa-pronomen\/#breadcrumb\",\"itemListElement\":[{\"@type\":\"ListItem\",\"position\":1,\"name\":\"Homepage\",\"item\":\"https:\/\/talkpal.ai\/sv\/\"},{\"@type\":\"ListItem\",\"position\":2,\"name\":\"Melyik vs. Amelyik &#8211; Att f\u00f6rst\u00e5 ungerska relativa pronomen\"}]},{\"@type\":\"WebSite\",\"@id\":\"https:\/\/talkpal.ai\/sv\/#website\",\"url\":\"https:\/\/talkpal.ai\/sv\/\",\"name\":\"Talkpal\",\"description\":\"AI Language Learning\",\"publisher\":{\"@id\":\"https:\/\/talkpal.ai\/sv\/#organization\"},\"alternateName\":\"Talkpal AI\",\"potentialAction\":[{\"@type\":\"SearchAction\",\"target\":{\"@type\":\"EntryPoint\",\"urlTemplate\":\"https:\/\/talkpal.ai\/sv\/?s={search_term_string}\"},\"query-input\":{\"@type\":\"PropertyValueSpecification\",\"valueRequired\":true,\"valueName\":\"search_term_string\"}}],\"inLanguage\":\"sv-SE\"},{\"@type\":\"Organization\",\"@id\":\"https:\/\/talkpal.ai\/sv\/#organization\",\"name\":\"Talkpal, Inc.\",\"alternateName\":\"Talkpal AI\",\"url\":\"https:\/\/talkpal.ai\/sv\/\",\"logo\":{\"@type\":\"ImageObject\",\"inLanguage\":\"sv-SE\",\"@id\":\"https:\/\/talkpal.ai\/sv\/#\/schema\/logo\/image\/\",\"url\":\"https:\/\/talkpal.ai\/wp-content\/uploads\/2024\/03\/Talkpal-Logo-Icon.png\",\"contentUrl\":\"https:\/\/talkpal.ai\/wp-content\/uploads\/2024\/03\/Talkpal-Logo-Icon.png\",\"width\":2880,\"height\":2880,\"caption\":\"Talkpal, Inc.\"},\"image\":{\"@id\":\"https:\/\/talkpal.ai\/sv\/#\/schema\/logo\/image\/\"},\"sameAs\":[\"https:\/\/www.facebook.com\/profile.php?id=100090733639311\",\"https:\/\/x.com\/talkpalai\",\"https:\/\/www.linkedin.com\/company\/talkpal\/\",\"https:\/\/www.youtube.com\/@TalkPal\/\",\"https:\/\/www.tiktok.com\/@talkpal\",\"https:\/\/www.instagram.com\/talkpal_ai\/\",\"https:\/\/www.crunchbase.com\/organization\/talkpal-9cde\",\"https:\/\/www.g2.com\/products\/talkpal-for-business\/\",\"https:\/\/www.trustpilot.com\/review\/talkpal.ai\",\"https:\/\/www.capterra.com\/p\/10006800\/TalkPal\/\"],\"description\":\"Talkpal is a language learning web and mobile education app, powered by the latest AI technologies, that provides engaging experiences to its customers in many different languages to help them improve their language skills. Users can chat about unlimited amount of topics with the app and use other modes to practice their language learning.\",\"email\":\"support@talkpal.ai\",\"legalName\":\"Talkpal, Inc.\",\"foundingDate\":\"2023-04-03\",\"duns\":\"118989042\",\"numberOfEmployees\":{\"@type\":\"QuantitativeValue\",\"minValue\":\"11\",\"maxValue\":\"50\"},\"publishingPrinciples\":\"https:\/\/talkpal.ai\/publishing-principles\/\",\"actionableFeedbackPolicy\":\"https:\/\/talkpal.ai\/actionable-feedback-policy\/\",\"correctionsPolicy\":\"https:\/\/talkpal.ai\/corrections-policy\/\",\"ethicsPolicy\":\"https:\/\/talkpal.ai\/ethics-policy\/\",\"diversityPolicy\":\"https:\/\/talkpal.ai\/diversity-policy\/\",\"diversityStaffingReport\":\"https:\/\/talkpal.ai\/diversity-policy\/\"}]}<\/script>\n<!-- \/ Yoast SEO Premium plugin. -->","yoast_head_json":{"title":"Melyik vs. Amelyik - Att f\u00f6rst\u00e5 ungerska relativa pronomen - Talkpal","description":"Att f\u00f6rst\u00e5 de ungerska relativa pronomenen kan vara en utmaning f\u00f6r svensktalande som l\u00e4r sig ungerska. Tv\u00e5 av de mest f\u00f6rvirrande relativa pronomenerna","robots":{"index":"index","follow":"follow","max-snippet":"max-snippet:-1","max-image-preview":"max-image-preview:large","max-video-preview":"max-video-preview:-1"},"canonical":"https:\/\/talkpal.ai\/sv\/vocabulary\/melyik-vs-amelyik-att-forsta-ungerska-relativa-pronomen\/","og_locale":"sv_SE","og_type":"article","og_title":"Melyik vs. Amelyik - Att f\u00f6rst\u00e5 ungerska relativa pronomen","og_description":"Att f\u00f6rst\u00e5 de ungerska relativa pronomenen kan vara en utmaning f\u00f6r svensktalande som l\u00e4r sig ungerska. Tv\u00e5 av de mest f\u00f6rvirrande relativa pronomenerna","og_url":"https:\/\/talkpal.ai\/sv\/vocabulary\/melyik-vs-amelyik-att-forsta-ungerska-relativa-pronomen\/","og_site_name":"Talkpal","article_publisher":"https:\/\/www.facebook.com\/profile.php?id=100090733639311","og_image":[{"width":1024,"height":1024,"url":"https:\/\/talkpal.ai\/wp-content\/uploads\/2024\/10\/talkpal_flat_illustration_of_a_employees_working_together_happi_c674ff77-e477-4e09-835a-01d30e561e99.png","type":"image\/png"}],"twitter_card":"summary_large_image","twitter_site":"@talkpalai","twitter_misc":{"Ber\u00e4knad l\u00e4stid":"6 minuter"},"schema":{"@context":"https:\/\/schema.org","@graph":[{"@type":"WebPage","@id":"https:\/\/talkpal.ai\/sv\/vocabulary\/melyik-vs-amelyik-att-forsta-ungerska-relativa-pronomen\/","url":"https:\/\/talkpal.ai\/sv\/vocabulary\/melyik-vs-amelyik-att-forsta-ungerska-relativa-pronomen\/","name":"Melyik vs. Amelyik - Att f\u00f6rst\u00e5 ungerska relativa pronomen - Talkpal","isPartOf":{"@id":"https:\/\/talkpal.ai\/sv\/#website"},"primaryImageOfPage":{"@id":"https:\/\/talkpal.ai\/sv\/vocabulary\/melyik-vs-amelyik-att-forsta-ungerska-relativa-pronomen\/#primaryimage"},"image":{"@id":"https:\/\/talkpal.ai\/sv\/vocabulary\/melyik-vs-amelyik-att-forsta-ungerska-relativa-pronomen\/#primaryimage"},"thumbnailUrl":"https:\/\/talkpal.ai\/wp-content\/uploads\/2025\/12\/students-order-coffee-to-learn-languages.webp","datePublished":"2024-06-12T21:21:26+00:00","description":"Att f\u00f6rst\u00e5 de ungerska relativa pronomenen kan vara en utmaning f\u00f6r svensktalande som l\u00e4r sig ungerska. Tv\u00e5 av de mest f\u00f6rvirrande relativa pronomenerna","breadcrumb":{"@id":"https:\/\/talkpal.ai\/sv\/vocabulary\/melyik-vs-amelyik-att-forsta-ungerska-relativa-pronomen\/#breadcrumb"},"inLanguage":"sv-SE","potentialAction":[{"@type":"ReadAction","target":["https:\/\/talkpal.ai\/sv\/vocabulary\/melyik-vs-amelyik-att-forsta-ungerska-relativa-pronomen\/"]}]},{"@type":"ImageObject","inLanguage":"sv-SE","@id":"https:\/\/talkpal.ai\/sv\/vocabulary\/melyik-vs-amelyik-att-forsta-ungerska-relativa-pronomen\/#primaryimage","url":"https:\/\/talkpal.ai\/wp-content\/uploads\/2025\/12\/students-order-coffee-to-learn-languages.webp","contentUrl":"https:\/\/talkpal.ai\/wp-content\/uploads\/2025\/12\/students-order-coffee-to-learn-languages.webp","width":1200,"height":896,"caption":"A diverse trio of students studies with a laptop and croissant in a sunlit caf\u00e9 while learning languages."},{"@type":"BreadcrumbList","@id":"https:\/\/talkpal.ai\/sv\/vocabulary\/melyik-vs-amelyik-att-forsta-ungerska-relativa-pronomen\/#breadcrumb","itemListElement":[{"@type":"ListItem","position":1,"name":"Homepage","item":"https:\/\/talkpal.ai\/sv\/"},{"@type":"ListItem","position":2,"name":"Melyik vs. Amelyik &#8211; Att f\u00f6rst\u00e5 ungerska relativa pronomen"}]},{"@type":"WebSite","@id":"https:\/\/talkpal.ai\/sv\/#website","url":"https:\/\/talkpal.ai\/sv\/","name":"Talkpal","description":"AI Language Learning","publisher":{"@id":"https:\/\/talkpal.ai\/sv\/#organization"},"alternateName":"Talkpal AI","potentialAction":[{"@type":"SearchAction","target":{"@type":"EntryPoint","urlTemplate":"https:\/\/talkpal.ai\/sv\/?s={search_term_string}"},"query-input":{"@type":"PropertyValueSpecification","valueRequired":true,"valueName":"search_term_string"}}],"inLanguage":"sv-SE"},{"@type":"Organization","@id":"https:\/\/talkpal.ai\/sv\/#organization","name":"Talkpal, Inc.","alternateName":"Talkpal AI","url":"https:\/\/talkpal.ai\/sv\/","logo":{"@type":"ImageObject","inLanguage":"sv-SE","@id":"https:\/\/talkpal.ai\/sv\/#\/schema\/logo\/image\/","url":"https:\/\/talkpal.ai\/wp-content\/uploads\/2024\/03\/Talkpal-Logo-Icon.png","contentUrl":"https:\/\/talkpal.ai\/wp-content\/uploads\/2024\/03\/Talkpal-Logo-Icon.png","width":2880,"height":2880,"caption":"Talkpal, Inc."},"image":{"@id":"https:\/\/talkpal.ai\/sv\/#\/schema\/logo\/image\/"},"sameAs":["https:\/\/www.facebook.com\/profile.php?id=100090733639311","https:\/\/x.com\/talkpalai","https:\/\/www.linkedin.com\/company\/talkpal\/","https:\/\/www.youtube.com\/@TalkPal\/","https:\/\/www.tiktok.com\/@talkpal","https:\/\/www.instagram.com\/talkpal_ai\/","https:\/\/www.crunchbase.com\/organization\/talkpal-9cde","https:\/\/www.g2.com\/products\/talkpal-for-business\/","https:\/\/www.trustpilot.com\/review\/talkpal.ai","https:\/\/www.capterra.com\/p\/10006800\/TalkPal\/"],"description":"Talkpal is a language learning web and mobile education app, powered by the latest AI technologies, that provides engaging experiences to its customers in many different languages to help them improve their language skills. Users can chat about unlimited amount of topics with the app and use other modes to practice their language learning.","email":"support@talkpal.ai","legalName":"Talkpal, Inc.","foundingDate":"2023-04-03","duns":"118989042","numberOfEmployees":{"@type":"QuantitativeValue","minValue":"11","maxValue":"50"},"publishingPrinciples":"https:\/\/talkpal.ai\/publishing-principles\/","actionableFeedbackPolicy":"https:\/\/talkpal.ai\/actionable-feedback-policy\/","correctionsPolicy":"https:\/\/talkpal.ai\/corrections-policy\/","ethicsPolicy":"https:\/\/talkpal.ai\/ethics-policy\/","diversityPolicy":"https:\/\/talkpal.ai\/diversity-policy\/","diversityStaffingReport":"https:\/\/talkpal.ai\/diversity-policy\/"}]}},"_links":{"self":[{"href":"https:\/\/talkpal.ai\/sv\/wp-json\/wp\/v2\/vocabulary\/781556","targetHints":{"allow":["GET"]}}],"collection":[{"href":"https:\/\/talkpal.ai\/sv\/wp-json\/wp\/v2\/vocabulary"}],"about":[{"href":"https:\/\/talkpal.ai\/sv\/wp-json\/wp\/v2\/types\/vocabulary"}],"wp:featuredmedia":[{"embeddable":true,"href":"https:\/\/talkpal.ai\/sv\/wp-json\/wp\/v2\/media\/1527948"}],"wp:attachment":[{"href":"https:\/\/talkpal.ai\/sv\/wp-json\/wp\/v2\/media?parent=781556"}],"wp:term":[{"taxonomy":"vocabulary_language","embeddable":true,"href":"https:\/\/talkpal.ai\/sv\/wp-json\/wp\/v2\/vocabulary_language?post=781556"}],"curies":[{"name":"wp","href":"https:\/\/api.w.org\/{rel}","templated":true}]}}