{"id":781454,"date":"2024-06-12T21:13:04","date_gmt":"2024-06-12T21:13:04","guid":{"rendered":"https:\/\/talkpal.ai\/vocabulary\/%ce%b1%cf%81%cf%87%ce%af%ce%b6%cf%89-archizo-vs-%cf%84%ce%b5%ce%bb%ce%b5%ce%b9%cf%8e%ce%bd%cf%89-teleiono-start-mot-mal-pa-grekiska\/"},"modified":"2024-06-12T21:13:04","modified_gmt":"2024-06-12T21:13:04","slug":"%ce%b1%cf%81%cf%87%ce%af%ce%b6%cf%89-archizo-vs-%cf%84%ce%b5%ce%bb%ce%b5%ce%b9%cf%8e%ce%bd%cf%89-teleiono-start-mot-mal-pa-grekiska","status":"publish","type":"vocabulary","link":"https:\/\/talkpal.ai\/sv\/vocabulary\/%ce%b1%cf%81%cf%87%ce%af%ce%b6%cf%89-archizo-vs-%cf%84%ce%b5%ce%bb%ce%b5%ce%b9%cf%8e%ce%bd%cf%89-teleiono-start-mot-mal-pa-grekiska\/","title":{"rendered":"\u0391\u03c1\u03c7\u03af\u03b6\u03c9 (Arch\u00edzo) vs. \u03a4\u03b5\u03bb\u03b5\u03b9\u03ce\u03bd\u03c9 (Telei\u00f3no) &#8211; Start mot m\u00e5l p\u00e5 grekiska"},"content":{"rendered":"<p>N\u00e4r man l\u00e4r sig <a href=\"https:\/\/talkpal.ai\/learn-greek\/\">grekiska<\/a>, st\u00f6ter man ofta p\u00e5 tv\u00e5 mycket viktiga verb: <b>\u03b1\u03c1\u03c7\u03af\u03b6\u03c9<\/b> (<b>arch\u00edzo<\/b>) och <b>\u03c4\u03b5\u03bb\u03b5\u03b9\u03ce\u03bd\u03c9<\/b> (<b>telei\u00f3no<\/b>). Dessa verb representerar tv\u00e5 motsatta begrepp &#8211; att b\u00f6rja och att sluta. F\u00f6r <a href=\"https:\/\/talkpal.ai\/learn-swedish\/\">svenska<\/a> talare som vill bem\u00e4stra grekiska, \u00e4r det viktigt att f\u00f6rst\u00e5 hur dessa verb anv\u00e4nds i olika sammanhang. I denna artikel kommer vi att utforska dessa verb i detalj och ge exempel p\u00e5 deras anv\u00e4ndning f\u00f6r att hj\u00e4lpa dig att f\u00f6rb\u00e4ttra din grekiska.<\/p>\n<h2>Betydelsen av \u0391\u03c1\u03c7\u03af\u03b6\u03c9 (Arch\u00edzo)<\/h2>\n<p>Verbet <b>\u03b1\u03c1\u03c7\u03af\u03b6\u03c9<\/b> (<b>arch\u00edzo<\/b>) betyder &#8221;att b\u00f6rja&#8221; eller &#8221;att starta&#8221;. Detta verb anv\u00e4nds i en m\u00e4ngd olika sammanhang f\u00f6r att indikera b\u00f6rjan p\u00e5 en handling, aktivitet eller process. H\u00e4r \u00e4r n\u00e5gra exempel p\u00e5 hur <b>\u03b1\u03c1\u03c7\u03af\u03b6\u03c9<\/b> kan anv\u00e4ndas:<\/p>\n<p>1. <b>\u0391\u03c1\u03c7\u03af\u03b6\u03c9<\/b> <b>\u03bd\u03b1<\/b> <b>\u03b4\u03b9\u03b1\u03b2\u03ac\u03b6\u03c9<\/b> <b>\u03ad\u03bd\u03b1<\/b> <b>\u03b2\u03b9\u03b2\u03bb\u03af\u03bf<\/b> &#8211; Jag b\u00f6rjar l\u00e4sa en bok.<br \/>\n2. <b>\u0391\u03c1\u03c7\u03af\u03b6\u03c9<\/b> <b>\u03c4\u03b7<\/b> <b>\u03b4\u03bf\u03c5\u03bb\u03b5\u03b9\u03ac<\/b> <b>\u03bc\u03bf\u03c5<\/b> <b>\u03c3\u03c4\u03b9\u03c2<\/b> <b>\u03bf\u03ba\u03c4\u03ce<\/b> &#8211; Jag b\u00f6rjar mitt arbete klockan \u00e5tta.<br \/>\n3. <b>\u0391\u03c1\u03c7\u03af\u03b6\u03c9<\/b> <b>\u03bd\u03b1<\/b> <b>\u03bc\u03b1\u03b8\u03b1\u03af\u03bd\u03c9<\/b> <b>\u03b5\u03bb\u03bb\u03b7\u03bd\u03b9\u03ba\u03ac<\/b> &#8211; Jag b\u00f6rjar l\u00e4ra mig grekiska.<\/p>\n<p>Som ni ser anv\u00e4nds <b>\u03b1\u03c1\u03c7\u03af\u03b6\u03c9<\/b> ofta tillsammans med infinitivformen av ett annat verb f\u00f6r att indikera att man p\u00e5b\u00f6rjar en viss aktivitet.<\/p>\n<h3>\u0391\u03c1\u03c7\u03af\u03b6\u03c9 i olika tempus<\/h3>\n<p>Det \u00e4r ocks\u00e5 viktigt att kunna konjugera <b>\u03b1\u03c1\u03c7\u03af\u03b6\u03c9<\/b> i olika tempus f\u00f6r att uttrycka b\u00f6rjan av en handling vid olika tidpunkter. H\u00e4r \u00e4r n\u00e5gra exempel:<\/p>\n<p><b>Presens:<\/b><br \/>\n&#8211; \u0395\u03b3\u03ce <b>\u03b1\u03c1\u03c7\u03af\u03b6\u03c9<\/b> &#8211; Jag b\u00f6rjar<br \/>\n&#8211; \u0395\u03c3\u03cd <b>\u03b1\u03c1\u03c7\u03af\u03b6\u03b5\u03b9\u03c2<\/b> &#8211; Du b\u00f6rjar<br \/>\n&#8211; \u0391\u03c5\u03c4\u03cc\u03c2\/\u0391\u03c5\u03c4\u03ae\/\u0391\u03c5\u03c4\u03cc <b>\u03b1\u03c1\u03c7\u03af\u03b6\u03b5\u03b9<\/b> &#8211; Han\/Hon\/Det b\u00f6rjar<br \/>\n&#8211; \u0395\u03bc\u03b5\u03af\u03c2 <b>\u03b1\u03c1\u03c7\u03af\u03b6\u03bf\u03c5\u03bc\u03b5<\/b> &#8211; Vi b\u00f6rjar<br \/>\n&#8211; \u0395\u03c3\u03b5\u03af\u03c2 <b>\u03b1\u03c1\u03c7\u03af\u03b6\u03b5\u03c4\u03b5<\/b> &#8211; Ni b\u00f6rjar<br \/>\n&#8211; \u0391\u03c5\u03c4\u03bf\u03af\/\u0391\u03c5\u03c4\u03ad\u03c2\/\u0391\u03c5\u03c4\u03ac <b>\u03b1\u03c1\u03c7\u03af\u03b6\u03bf\u03c5\u03bd<\/b> &#8211; De b\u00f6rjar<\/p>\n<p><b>Imperfekt:<\/b><br \/>\n&#8211; \u0395\u03b3\u03ce <b>\u03ac\u03c1\u03c7\u03b9\u03b6\u03b1<\/b> &#8211; Jag b\u00f6rjade<br \/>\n&#8211; \u0395\u03c3\u03cd <b>\u03ac\u03c1\u03c7\u03b9\u03b6\u03b5\u03c2<\/b> &#8211; Du b\u00f6rjade<br \/>\n&#8211; \u0391\u03c5\u03c4\u03cc\u03c2\/\u0391\u03c5\u03c4\u03ae\/\u0391\u03c5\u03c4\u03cc <b>\u03ac\u03c1\u03c7\u03b9\u03b6\u03b5<\/b> &#8211; Han\/Hon\/Det b\u00f6rjade<br \/>\n&#8211; \u0395\u03bc\u03b5\u03af\u03c2 <b>\u03b1\u03c1\u03c7\u03af\u03b6\u03b1\u03bc\u03b5<\/b> &#8211; Vi b\u00f6rjade<br \/>\n&#8211; \u0395\u03c3\u03b5\u03af\u03c2 <b>\u03b1\u03c1\u03c7\u03af\u03b6\u03b1\u03c4\u03b5<\/b> &#8211; Ni b\u00f6rjade<br \/>\n&#8211; \u0391\u03c5\u03c4\u03bf\u03af\/\u0391\u03c5\u03c4\u03ad\u03c2\/\u0391\u03c5\u03c4\u03ac <b>\u03ac\u03c1\u03c7\u03b9\u03b6\u03b1\u03bd<\/b> &#8211; De b\u00f6rjade<\/p>\n<p><b>Futurum:<\/b><br \/>\n&#8211; \u0395\u03b3\u03ce <b>\u03b8\u03b1<\/b> <b>\u03b1\u03c1\u03c7\u03af\u03c3\u03c9<\/b> &#8211; Jag kommer att b\u00f6rja<br \/>\n&#8211; \u0395\u03c3\u03cd <b>\u03b8\u03b1<\/b> <b>\u03b1\u03c1\u03c7\u03af\u03c3\u03b5\u03b9\u03c2<\/b> &#8211; Du kommer att b\u00f6rja<br \/>\n&#8211; \u0391\u03c5\u03c4\u03cc\u03c2\/\u0391\u03c5\u03c4\u03ae\/\u0391\u03c5\u03c4\u03cc <b>\u03b8\u03b1<\/b> <b>\u03b1\u03c1\u03c7\u03af\u03c3\u03b5\u03b9<\/b> &#8211; Han\/Hon\/Det kommer att b\u00f6rja<br \/>\n&#8211; \u0395\u03bc\u03b5\u03af\u03c2 <b>\u03b8\u03b1<\/b> <b>\u03b1\u03c1\u03c7\u03af\u03c3\u03bf\u03c5\u03bc\u03b5<\/b> &#8211; Vi kommer att b\u00f6rja<br \/>\n&#8211; \u0395\u03c3\u03b5\u03af\u03c2 <b>\u03b8\u03b1<\/b> <b>\u03b1\u03c1\u03c7\u03af\u03c3\u03b5\u03c4\u03b5<\/b> &#8211; Ni kommer att b\u00f6rja<br \/>\n&#8211; \u0391\u03c5\u03c4\u03bf\u03af\/\u0391\u03c5\u03c4\u03ad\u03c2\/\u0391\u03c5\u03c4\u03ac <b>\u03b8\u03b1<\/b> <b>\u03b1\u03c1\u03c7\u03af\u03c3\u03bf\u03c5\u03bd<\/b> &#8211; De kommer att b\u00f6rja<\/p>\n<h2>Betydelsen av \u03a4\u03b5\u03bb\u03b5\u03b9\u03ce\u03bd\u03c9 (Telei\u00f3no)<\/h2>\n<p>Verbet <b>\u03c4\u03b5\u03bb\u03b5\u03b9\u03ce\u03bd\u03c9<\/b> (<b>telei\u00f3no<\/b>) betyder &#8221;att sluta&#8221;, &#8221;att avsluta&#8221; eller &#8221;att fullborda&#8221;. Detta verb anv\u00e4nds f\u00f6r att beskriva slutet av en handling, aktivitet eller process. H\u00e4r \u00e4r n\u00e5gra exempel p\u00e5 hur <b>\u03c4\u03b5\u03bb\u03b5\u03b9\u03ce\u03bd\u03c9<\/b> kan anv\u00e4ndas:<\/p>\n<p>1. <b>\u03a4\u03b5\u03bb\u03b5\u03b9\u03ce\u03bd\u03c9<\/b> <b>\u03c4\u03bf<\/b> <b>\u03b2\u03b9\u03b2\u03bb\u03af\u03bf<\/b> <b>\u03bc\u03bf\u03c5<\/b> &#8211; Jag avslutar min bok.<br \/>\n2. <b>\u03a4\u03b5\u03bb\u03b5\u03b9\u03ce\u03bd\u03c9<\/b> <b>\u03c4\u03b7<\/b> <b>\u03b4\u03bf\u03c5\u03bb\u03b5\u03b9\u03ac<\/b> <b>\u03bc\u03bf\u03c5<\/b> <b>\u03c3\u03c4\u03b9\u03c2<\/b> <b>\u03c0\u03ad\u03bd\u03c4\u03b5<\/b> &#8211; Jag slutar mitt arbete klockan fem.<br \/>\n3. <b>\u03a4\u03b5\u03bb\u03b5\u03b9\u03ce\u03bd\u03c9<\/b> <b>\u03c4\u03b9\u03c2<\/b> <b>\u03c3\u03c0\u03bf\u03c5\u03b4\u03ad\u03c2<\/b> <b>\u03bc\u03bf\u03c5<\/b> <b>\u03c6\u03ad\u03c4\u03bf\u03c2<\/b> &#8211; Jag avslutar mina studier i \u00e5r.<\/p>\n<p>Precis som med <b>\u03b1\u03c1\u03c7\u03af\u03b6\u03c9<\/b>, anv\u00e4nds <b>\u03c4\u03b5\u03bb\u03b5\u03b9\u03ce\u03bd\u03c9<\/b> ofta tillsammans med substantiv eller infinitivformen av ett annat verb f\u00f6r att uttrycka att man avslutar en aktivitet.<\/p>\n<h3>\u03a4\u03b5\u03bb\u03b5\u03b9\u03ce\u03bd\u03c9 i olika tempus<\/h3>\n<p>Det \u00e4r lika viktigt att kunna konjugera <b>\u03c4\u03b5\u03bb\u03b5\u03b9\u03ce\u03bd\u03c9<\/b> i olika tempus f\u00f6r att uttrycka slutet av en handling vid olika tidpunkter. H\u00e4r \u00e4r n\u00e5gra exempel:<\/p>\n<p><b>Presens:<\/b><br \/>\n&#8211; \u0395\u03b3\u03ce <b>\u03c4\u03b5\u03bb\u03b5\u03b9\u03ce\u03bd\u03c9<\/b> &#8211; Jag slutar<br \/>\n&#8211; \u0395\u03c3\u03cd <b>\u03c4\u03b5\u03bb\u03b5\u03b9\u03ce\u03bd\u03b5\u03b9\u03c2<\/b> &#8211; Du slutar<br \/>\n&#8211; \u0391\u03c5\u03c4\u03cc\u03c2\/\u0391\u03c5\u03c4\u03ae\/\u0391\u03c5\u03c4\u03cc <b>\u03c4\u03b5\u03bb\u03b5\u03b9\u03ce\u03bd\u03b5\u03b9<\/b> &#8211; Han\/Hon\/Det slutar<br \/>\n&#8211; \u0395\u03bc\u03b5\u03af\u03c2 <b>\u03c4\u03b5\u03bb\u03b5\u03b9\u03ce\u03bd\u03bf\u03c5\u03bc\u03b5<\/b> &#8211; Vi slutar<br \/>\n&#8211; \u0395\u03c3\u03b5\u03af\u03c2 <b>\u03c4\u03b5\u03bb\u03b5\u03b9\u03ce\u03bd\u03b5\u03c4\u03b5<\/b> &#8211; Ni slutar<br \/>\n&#8211; \u0391\u03c5\u03c4\u03bf\u03af\/\u0391\u03c5\u03c4\u03ad\u03c2\/\u0391\u03c5\u03c4\u03ac <b>\u03c4\u03b5\u03bb\u03b5\u03b9\u03ce\u03bd\u03bf\u03c5\u03bd<\/b> &#8211; De slutar<\/p>\n<p><b>Imperfekt:<\/b><br \/>\n&#8211; \u0395\u03b3\u03ce <b>\u03c4\u03b5\u03bb\u03b5\u03af\u03c9\u03bd\u03b1<\/b> &#8211; Jag slutade<br \/>\n&#8211; \u0395\u03c3\u03cd <b>\u03c4\u03b5\u03bb\u03b5\u03af\u03c9\u03bd\u03b5\u03c2<\/b> &#8211; Du slutade<br \/>\n&#8211; \u0391\u03c5\u03c4\u03cc\u03c2\/\u0391\u03c5\u03c4\u03ae\/\u0391\u03c5\u03c4\u03cc <b>\u03c4\u03b5\u03bb\u03b5\u03af\u03c9\u03bd\u03b5<\/b> &#8211; Han\/Hon\/Det slutade<br \/>\n&#8211; \u0395\u03bc\u03b5\u03af\u03c2 <b>\u03c4\u03b5\u03bb\u03b5\u03b9\u03ce\u03bd\u03b1\u03bc\u03b5<\/b> &#8211; Vi slutade<br \/>\n&#8211; \u0395\u03c3\u03b5\u03af\u03c2 <b>\u03c4\u03b5\u03bb\u03b5\u03b9\u03ce\u03bd\u03b1\u03c4\u03b5<\/b> &#8211; Ni slutade<br \/>\n&#8211; \u0391\u03c5\u03c4\u03bf\u03af\/\u0391\u03c5\u03c4\u03ad\u03c2\/\u0391\u03c5\u03c4\u03ac <b>\u03c4\u03b5\u03bb\u03b5\u03af\u03c9\u03bd\u03b1\u03bd<\/b> &#8211; De slutade<\/p>\n<p><b>Futurum:<\/b><br \/>\n&#8211; \u0395\u03b3\u03ce <b>\u03b8\u03b1<\/b> <b>\u03c4\u03b5\u03bb\u03b5\u03b9\u03ce\u03c3\u03c9<\/b> &#8211; Jag kommer att sluta<br \/>\n&#8211; \u0395\u03c3\u03cd <b>\u03b8\u03b1<\/b> <b>\u03c4\u03b5\u03bb\u03b5\u03b9\u03ce\u03c3\u03b5\u03b9\u03c2<\/b> &#8211; Du kommer att sluta<br \/>\n&#8211; \u0391\u03c5\u03c4\u03cc\u03c2\/\u0391\u03c5\u03c4\u03ae\/\u0391\u03c5\u03c4\u03cc <b>\u03b8\u03b1<\/b> <b>\u03c4\u03b5\u03bb\u03b5\u03b9\u03ce\u03c3\u03b5\u03b9<\/b> &#8211; Han\/Hon\/Det kommer att sluta<br \/>\n&#8211; \u0395\u03bc\u03b5\u03af\u03c2 <b>\u03b8\u03b1<\/b> <b>\u03c4\u03b5\u03bb\u03b5\u03b9\u03ce\u03c3\u03bf\u03c5\u03bc\u03b5<\/b> &#8211; Vi kommer att sluta<br \/>\n&#8211; \u0395\u03c3\u03b5\u03af\u03c2 <b>\u03b8\u03b1<\/b> <b>\u03c4\u03b5\u03bb\u03b5\u03b9\u03ce\u03c3\u03b5\u03c4\u03b5<\/b> &#8211; Ni kommer att sluta<br \/>\n&#8211; \u0391\u03c5\u03c4\u03bf\u03af\/\u0391\u03c5\u03c4\u03ad\u03c2\/\u0391\u03c5\u03c4\u03ac <b>\u03b8\u03b1<\/b> <b>\u03c4\u03b5\u03bb\u03b5\u03b9\u03ce\u03c3\u03bf\u03c5\u03bd<\/b> &#8211; De kommer att sluta<\/p>\n<h2>Anv\u00e4ndning i olika sammanhang<\/h2>\n<p>F\u00f6r att verkligen f\u00f6rst\u00e5 hur dessa verb anv\u00e4nds, \u00e4r det <a href=\"https:\/\/talkpal.ai\/locations\/learn-english-in-bra\/\">bra<\/a> att se dem i olika sammanhang och meningar. H\u00e4r \u00e4r n\u00e5gra exempel som kan hj\u00e4lpa dig att f\u00f6rst\u00e5 skillnaderna och likheterna mellan <b>\u03b1\u03c1\u03c7\u03af\u03b6\u03c9<\/b> och <b>\u03c4\u03b5\u03bb\u03b5\u03b9\u03ce\u03bd\u03c9<\/b>:<\/p>\n<p>&#8211; \u039c\u03bf\u03c5 <b>\u03b1\u03c1\u03ad\u03c3\u03b5\u03b9<\/b> <b>\u03bd\u03b1<\/b> <b>\u03b1\u03c1\u03c7\u03af\u03b6\u03c9<\/b> <b>\u03c4\u03b7<\/b> <b>\u03bc\u03ad\u03c1\u03b1<\/b> <b>\u03bc\u03bf\u03c5<\/b> <b>\u03bc\u03b5<\/b> <b>\u03ad\u03bd\u03b1<\/b> <b>\u03ba\u03b1\u03bb\u03cc<\/b> <b>\u03c0\u03c1\u03c9\u03b9\u03bd\u03cc<\/b>. &#8211; Jag gillar att b\u00f6rja min dag med en bra frukost.<br \/>\n&#8211; \u03a0\u03c1\u03ad\u03c0\u03b5\u03b9 <b>\u03bd\u03b1<\/b> <b>\u03c4\u03b5\u03bb\u03b5\u03b9\u03ce\u03c3\u03c9<\/b> <b>\u03b1\u03c5\u03c4\u03cc<\/b> <b>\u03c4\u03bf<\/b> <b>\u03ad\u03c1\u03b3\u03bf<\/b> <b>\u03c0\u03c1\u03b9\u03bd<\/b> <b>\u03c4\u03bf<\/b> <b>\u03c4\u03ad\u03bb\u03bf\u03c2<\/b> <b>\u03c4\u03b7\u03c2<\/b> <b>\u03b5\u03b2\u03b4\u03bf\u03bc\u03ac\u03b4\u03b1\u03c2<\/b>. &#8211; Jag m\u00e5ste avsluta detta projekt innan slutet av veckan<\/p>\n","protected":false},"featured_media":1527637,"template":"","vocabulary_language":[4185],"class_list":["post-781454","vocabulary","type-vocabulary","status-publish","has-post-thumbnail","hentry","vocabulary_language-grekisk"],"acf":[],"yoast_head":"<!-- This site is optimized with the Yoast SEO Premium plugin v27.2 (Yoast SEO v27.2) - https:\/\/yoast.com\/product\/yoast-seo-premium-wordpress\/ -->\n<title>\u0391\u03c1\u03c7\u03af\u03b6\u03c9 (Arch\u00edzo) vs. \u03a4\u03b5\u03bb\u03b5\u03b9\u03ce\u03bd\u03c9 (Telei\u00f3no) - Start mot m\u00e5l p\u00e5 grekiska - Talkpal<\/title>\n<meta name=\"description\" content=\"N\u00e4r man l\u00e4r sig grekiska, st\u00f6ter man ofta p\u00e5 tv\u00e5 mycket viktiga verb: \u03b1\u03c1\u03c7\u03af\u03b6\u03c9 (arch\u00edzo) och \u03c4\u03b5\u03bb\u03b5\u03b9\u03ce\u03bd\u03c9 (telei\u00f3no). Dessa verb representerar tv\u00e5 motsatta\" \/>\n<meta name=\"robots\" content=\"index, follow, max-snippet:-1, max-image-preview:large, max-video-preview:-1\" \/>\n<link rel=\"canonical\" href=\"https:\/\/talkpal.ai\/sv\/vocabulary\/%ce%b1%cf%81%cf%87%ce%af%ce%b6%cf%89-archizo-vs-%cf%84%ce%b5%ce%bb%ce%b5%ce%b9%cf%8e%ce%bd%cf%89-teleiono-start-mot-mal-pa-grekiska\/\" \/>\n<meta property=\"og:locale\" content=\"sv_SE\" \/>\n<meta property=\"og:type\" content=\"article\" \/>\n<meta property=\"og:title\" content=\"\u0391\u03c1\u03c7\u03af\u03b6\u03c9 (Arch\u00edzo) vs. \u03a4\u03b5\u03bb\u03b5\u03b9\u03ce\u03bd\u03c9 (Telei\u00f3no) - Start mot m\u00e5l p\u00e5 grekiska\" \/>\n<meta property=\"og:description\" content=\"N\u00e4r man l\u00e4r sig grekiska, st\u00f6ter man ofta p\u00e5 tv\u00e5 mycket viktiga verb: \u03b1\u03c1\u03c7\u03af\u03b6\u03c9 (arch\u00edzo) och \u03c4\u03b5\u03bb\u03b5\u03b9\u03ce\u03bd\u03c9 (telei\u00f3no). Dessa verb representerar tv\u00e5 motsatta\" \/>\n<meta property=\"og:url\" content=\"https:\/\/talkpal.ai\/sv\/vocabulary\/%ce%b1%cf%81%cf%87%ce%af%ce%b6%cf%89-archizo-vs-%cf%84%ce%b5%ce%bb%ce%b5%ce%b9%cf%8e%ce%bd%cf%89-teleiono-start-mot-mal-pa-grekiska\/\" \/>\n<meta property=\"og:site_name\" content=\"Talkpal\" \/>\n<meta property=\"article:publisher\" content=\"https:\/\/www.facebook.com\/profile.php?id=100090733639311\" \/>\n<meta property=\"og:image\" content=\"https:\/\/talkpal.ai\/wp-content\/uploads\/2024\/10\/talkpal_flat_illustration_of_a_employees_working_together_happi_c674ff77-e477-4e09-835a-01d30e561e99.png\" \/>\n\t<meta property=\"og:image:width\" content=\"1024\" \/>\n\t<meta property=\"og:image:height\" content=\"1024\" \/>\n\t<meta property=\"og:image:type\" content=\"image\/png\" \/>\n<meta name=\"twitter:card\" content=\"summary_large_image\" \/>\n<meta name=\"twitter:site\" content=\"@talkpalai\" \/>\n<meta name=\"twitter:label1\" content=\"Ber\u00e4knad l\u00e4stid\" \/>\n\t<meta name=\"twitter:data1\" content=\"3 minuter\" \/>\n<script type=\"application\/ld+json\" class=\"yoast-schema-graph\">{\"@context\":\"https:\/\/schema.org\",\"@graph\":[{\"@type\":\"WebPage\",\"@id\":\"https:\/\/talkpal.ai\/sv\/vocabulary\/%ce%b1%cf%81%cf%87%ce%af%ce%b6%cf%89-archizo-vs-%cf%84%ce%b5%ce%bb%ce%b5%ce%b9%cf%8e%ce%bd%cf%89-teleiono-start-mot-mal-pa-grekiska\/\",\"url\":\"https:\/\/talkpal.ai\/sv\/vocabulary\/%ce%b1%cf%81%cf%87%ce%af%ce%b6%cf%89-archizo-vs-%cf%84%ce%b5%ce%bb%ce%b5%ce%b9%cf%8e%ce%bd%cf%89-teleiono-start-mot-mal-pa-grekiska\/\",\"name\":\"\u0391\u03c1\u03c7\u03af\u03b6\u03c9 (Arch\u00edzo) vs. \u03a4\u03b5\u03bb\u03b5\u03b9\u03ce\u03bd\u03c9 (Telei\u00f3no) - Start mot m\u00e5l p\u00e5 grekiska - Talkpal\",\"isPartOf\":{\"@id\":\"https:\/\/talkpal.ai\/sv\/#website\"},\"primaryImageOfPage\":{\"@id\":\"https:\/\/talkpal.ai\/sv\/vocabulary\/%ce%b1%cf%81%cf%87%ce%af%ce%b6%cf%89-archizo-vs-%cf%84%ce%b5%ce%bb%ce%b5%ce%b9%cf%8e%ce%bd%cf%89-teleiono-start-mot-mal-pa-grekiska\/#primaryimage\"},\"image\":{\"@id\":\"https:\/\/talkpal.ai\/sv\/vocabulary\/%ce%b1%cf%81%cf%87%ce%af%ce%b6%cf%89-archizo-vs-%cf%84%ce%b5%ce%bb%ce%b5%ce%b9%cf%8e%ce%bd%cf%89-teleiono-start-mot-mal-pa-grekiska\/#primaryimage\"},\"thumbnailUrl\":\"https:\/\/talkpal.ai\/wp-content\/uploads\/2025\/12\/diverse-group-at-library-learning-languages.webp\",\"datePublished\":\"2024-06-12T21:13:04+00:00\",\"description\":\"N\u00e4r man l\u00e4r sig grekiska, st\u00f6ter man ofta p\u00e5 tv\u00e5 mycket viktiga verb: \u03b1\u03c1\u03c7\u03af\u03b6\u03c9 (arch\u00edzo) och \u03c4\u03b5\u03bb\u03b5\u03b9\u03ce\u03bd\u03c9 (telei\u00f3no). Dessa verb representerar tv\u00e5 motsatta\",\"breadcrumb\":{\"@id\":\"https:\/\/talkpal.ai\/sv\/vocabulary\/%ce%b1%cf%81%cf%87%ce%af%ce%b6%cf%89-archizo-vs-%cf%84%ce%b5%ce%bb%ce%b5%ce%b9%cf%8e%ce%bd%cf%89-teleiono-start-mot-mal-pa-grekiska\/#breadcrumb\"},\"inLanguage\":\"sv-SE\",\"potentialAction\":[{\"@type\":\"ReadAction\",\"target\":[\"https:\/\/talkpal.ai\/sv\/vocabulary\/%ce%b1%cf%81%cf%87%ce%af%ce%b6%cf%89-archizo-vs-%cf%84%ce%b5%ce%bb%ce%b5%ce%b9%cf%8e%ce%bd%cf%89-teleiono-start-mot-mal-pa-grekiska\/\"]}]},{\"@type\":\"ImageObject\",\"inLanguage\":\"sv-SE\",\"@id\":\"https:\/\/talkpal.ai\/sv\/vocabulary\/%ce%b1%cf%81%cf%87%ce%af%ce%b6%cf%89-archizo-vs-%cf%84%ce%b5%ce%bb%ce%b5%ce%b9%cf%8e%ce%bd%cf%89-teleiono-start-mot-mal-pa-grekiska\/#primaryimage\",\"url\":\"https:\/\/talkpal.ai\/wp-content\/uploads\/2025\/12\/diverse-group-at-library-learning-languages.webp\",\"contentUrl\":\"https:\/\/talkpal.ai\/wp-content\/uploads\/2025\/12\/diverse-group-at-library-learning-languages.webp\",\"width\":1200,\"height\":896,\"caption\":\"A large diverse group of students fills a library hall while focused on learning languages at their desks.\"},{\"@type\":\"BreadcrumbList\",\"@id\":\"https:\/\/talkpal.ai\/sv\/vocabulary\/%ce%b1%cf%81%cf%87%ce%af%ce%b6%cf%89-archizo-vs-%cf%84%ce%b5%ce%bb%ce%b5%ce%b9%cf%8e%ce%bd%cf%89-teleiono-start-mot-mal-pa-grekiska\/#breadcrumb\",\"itemListElement\":[{\"@type\":\"ListItem\",\"position\":1,\"name\":\"Homepage\",\"item\":\"https:\/\/talkpal.ai\/sv\/\"},{\"@type\":\"ListItem\",\"position\":2,\"name\":\"\u0391\u03c1\u03c7\u03af\u03b6\u03c9 (Arch\u00edzo) vs. \u03a4\u03b5\u03bb\u03b5\u03b9\u03ce\u03bd\u03c9 (Telei\u00f3no) &#8211; Start mot m\u00e5l p\u00e5 grekiska\"}]},{\"@type\":\"WebSite\",\"@id\":\"https:\/\/talkpal.ai\/sv\/#website\",\"url\":\"https:\/\/talkpal.ai\/sv\/\",\"name\":\"Talkpal\",\"description\":\"AI Language Learning\",\"publisher\":{\"@id\":\"https:\/\/talkpal.ai\/sv\/#organization\"},\"alternateName\":\"Talkpal AI\",\"potentialAction\":[{\"@type\":\"SearchAction\",\"target\":{\"@type\":\"EntryPoint\",\"urlTemplate\":\"https:\/\/talkpal.ai\/sv\/?s={search_term_string}\"},\"query-input\":{\"@type\":\"PropertyValueSpecification\",\"valueRequired\":true,\"valueName\":\"search_term_string\"}}],\"inLanguage\":\"sv-SE\"},{\"@type\":\"Organization\",\"@id\":\"https:\/\/talkpal.ai\/sv\/#organization\",\"name\":\"Talkpal, Inc.\",\"alternateName\":\"Talkpal AI\",\"url\":\"https:\/\/talkpal.ai\/sv\/\",\"logo\":{\"@type\":\"ImageObject\",\"inLanguage\":\"sv-SE\",\"@id\":\"https:\/\/talkpal.ai\/sv\/#\/schema\/logo\/image\/\",\"url\":\"https:\/\/talkpal.ai\/wp-content\/uploads\/2024\/03\/Talkpal-Logo-Icon.png\",\"contentUrl\":\"https:\/\/talkpal.ai\/wp-content\/uploads\/2024\/03\/Talkpal-Logo-Icon.png\",\"width\":2880,\"height\":2880,\"caption\":\"Talkpal, Inc.\"},\"image\":{\"@id\":\"https:\/\/talkpal.ai\/sv\/#\/schema\/logo\/image\/\"},\"sameAs\":[\"https:\/\/www.facebook.com\/profile.php?id=100090733639311\",\"https:\/\/x.com\/talkpalai\",\"https:\/\/www.linkedin.com\/company\/talkpal\/\",\"https:\/\/www.youtube.com\/@TalkPal\/\",\"https:\/\/www.tiktok.com\/@talkpal\",\"https:\/\/www.instagram.com\/talkpal_ai\/\",\"https:\/\/www.crunchbase.com\/organization\/talkpal-9cde\",\"https:\/\/www.g2.com\/products\/talkpal-for-business\/\",\"https:\/\/www.trustpilot.com\/review\/talkpal.ai\",\"https:\/\/www.capterra.com\/p\/10006800\/TalkPal\/\"],\"description\":\"Talkpal is a language learning web and mobile education app, powered by the latest AI technologies, that provides engaging experiences to its customers in many different languages to help them improve their language skills. Users can chat about unlimited amount of topics with the app and use other modes to practice their language learning.\",\"email\":\"support@talkpal.ai\",\"legalName\":\"Talkpal, Inc.\",\"foundingDate\":\"2023-04-03\",\"duns\":\"118989042\",\"numberOfEmployees\":{\"@type\":\"QuantitativeValue\",\"minValue\":\"11\",\"maxValue\":\"50\"},\"publishingPrinciples\":\"https:\/\/talkpal.ai\/publishing-principles\/\",\"actionableFeedbackPolicy\":\"https:\/\/talkpal.ai\/actionable-feedback-policy\/\",\"correctionsPolicy\":\"https:\/\/talkpal.ai\/corrections-policy\/\",\"ethicsPolicy\":\"https:\/\/talkpal.ai\/ethics-policy\/\",\"diversityPolicy\":\"https:\/\/talkpal.ai\/diversity-policy\/\",\"diversityStaffingReport\":\"https:\/\/talkpal.ai\/diversity-policy\/\"}]}<\/script>\n<!-- \/ Yoast SEO Premium plugin. -->","yoast_head_json":{"title":"\u0391\u03c1\u03c7\u03af\u03b6\u03c9 (Arch\u00edzo) vs. \u03a4\u03b5\u03bb\u03b5\u03b9\u03ce\u03bd\u03c9 (Telei\u00f3no) - Start mot m\u00e5l p\u00e5 grekiska - Talkpal","description":"N\u00e4r man l\u00e4r sig grekiska, st\u00f6ter man ofta p\u00e5 tv\u00e5 mycket viktiga verb: \u03b1\u03c1\u03c7\u03af\u03b6\u03c9 (arch\u00edzo) och \u03c4\u03b5\u03bb\u03b5\u03b9\u03ce\u03bd\u03c9 (telei\u00f3no). Dessa verb representerar tv\u00e5 motsatta","robots":{"index":"index","follow":"follow","max-snippet":"max-snippet:-1","max-image-preview":"max-image-preview:large","max-video-preview":"max-video-preview:-1"},"canonical":"https:\/\/talkpal.ai\/sv\/vocabulary\/%ce%b1%cf%81%cf%87%ce%af%ce%b6%cf%89-archizo-vs-%cf%84%ce%b5%ce%bb%ce%b5%ce%b9%cf%8e%ce%bd%cf%89-teleiono-start-mot-mal-pa-grekiska\/","og_locale":"sv_SE","og_type":"article","og_title":"\u0391\u03c1\u03c7\u03af\u03b6\u03c9 (Arch\u00edzo) vs. \u03a4\u03b5\u03bb\u03b5\u03b9\u03ce\u03bd\u03c9 (Telei\u00f3no) - Start mot m\u00e5l p\u00e5 grekiska","og_description":"N\u00e4r man l\u00e4r sig grekiska, st\u00f6ter man ofta p\u00e5 tv\u00e5 mycket viktiga verb: \u03b1\u03c1\u03c7\u03af\u03b6\u03c9 (arch\u00edzo) och \u03c4\u03b5\u03bb\u03b5\u03b9\u03ce\u03bd\u03c9 (telei\u00f3no). Dessa verb representerar tv\u00e5 motsatta","og_url":"https:\/\/talkpal.ai\/sv\/vocabulary\/%ce%b1%cf%81%cf%87%ce%af%ce%b6%cf%89-archizo-vs-%cf%84%ce%b5%ce%bb%ce%b5%ce%b9%cf%8e%ce%bd%cf%89-teleiono-start-mot-mal-pa-grekiska\/","og_site_name":"Talkpal","article_publisher":"https:\/\/www.facebook.com\/profile.php?id=100090733639311","og_image":[{"width":1024,"height":1024,"url":"https:\/\/talkpal.ai\/wp-content\/uploads\/2024\/10\/talkpal_flat_illustration_of_a_employees_working_together_happi_c674ff77-e477-4e09-835a-01d30e561e99.png","type":"image\/png"}],"twitter_card":"summary_large_image","twitter_site":"@talkpalai","twitter_misc":{"Ber\u00e4knad l\u00e4stid":"3 minuter"},"schema":{"@context":"https:\/\/schema.org","@graph":[{"@type":"WebPage","@id":"https:\/\/talkpal.ai\/sv\/vocabulary\/%ce%b1%cf%81%cf%87%ce%af%ce%b6%cf%89-archizo-vs-%cf%84%ce%b5%ce%bb%ce%b5%ce%b9%cf%8e%ce%bd%cf%89-teleiono-start-mot-mal-pa-grekiska\/","url":"https:\/\/talkpal.ai\/sv\/vocabulary\/%ce%b1%cf%81%cf%87%ce%af%ce%b6%cf%89-archizo-vs-%cf%84%ce%b5%ce%bb%ce%b5%ce%b9%cf%8e%ce%bd%cf%89-teleiono-start-mot-mal-pa-grekiska\/","name":"\u0391\u03c1\u03c7\u03af\u03b6\u03c9 (Arch\u00edzo) vs. \u03a4\u03b5\u03bb\u03b5\u03b9\u03ce\u03bd\u03c9 (Telei\u00f3no) - Start mot m\u00e5l p\u00e5 grekiska - Talkpal","isPartOf":{"@id":"https:\/\/talkpal.ai\/sv\/#website"},"primaryImageOfPage":{"@id":"https:\/\/talkpal.ai\/sv\/vocabulary\/%ce%b1%cf%81%cf%87%ce%af%ce%b6%cf%89-archizo-vs-%cf%84%ce%b5%ce%bb%ce%b5%ce%b9%cf%8e%ce%bd%cf%89-teleiono-start-mot-mal-pa-grekiska\/#primaryimage"},"image":{"@id":"https:\/\/talkpal.ai\/sv\/vocabulary\/%ce%b1%cf%81%cf%87%ce%af%ce%b6%cf%89-archizo-vs-%cf%84%ce%b5%ce%bb%ce%b5%ce%b9%cf%8e%ce%bd%cf%89-teleiono-start-mot-mal-pa-grekiska\/#primaryimage"},"thumbnailUrl":"https:\/\/talkpal.ai\/wp-content\/uploads\/2025\/12\/diverse-group-at-library-learning-languages.webp","datePublished":"2024-06-12T21:13:04+00:00","description":"N\u00e4r man l\u00e4r sig grekiska, st\u00f6ter man ofta p\u00e5 tv\u00e5 mycket viktiga verb: \u03b1\u03c1\u03c7\u03af\u03b6\u03c9 (arch\u00edzo) och \u03c4\u03b5\u03bb\u03b5\u03b9\u03ce\u03bd\u03c9 (telei\u00f3no). Dessa verb representerar tv\u00e5 motsatta","breadcrumb":{"@id":"https:\/\/talkpal.ai\/sv\/vocabulary\/%ce%b1%cf%81%cf%87%ce%af%ce%b6%cf%89-archizo-vs-%cf%84%ce%b5%ce%bb%ce%b5%ce%b9%cf%8e%ce%bd%cf%89-teleiono-start-mot-mal-pa-grekiska\/#breadcrumb"},"inLanguage":"sv-SE","potentialAction":[{"@type":"ReadAction","target":["https:\/\/talkpal.ai\/sv\/vocabulary\/%ce%b1%cf%81%cf%87%ce%af%ce%b6%cf%89-archizo-vs-%cf%84%ce%b5%ce%bb%ce%b5%ce%b9%cf%8e%ce%bd%cf%89-teleiono-start-mot-mal-pa-grekiska\/"]}]},{"@type":"ImageObject","inLanguage":"sv-SE","@id":"https:\/\/talkpal.ai\/sv\/vocabulary\/%ce%b1%cf%81%cf%87%ce%af%ce%b6%cf%89-archizo-vs-%cf%84%ce%b5%ce%bb%ce%b5%ce%b9%cf%8e%ce%bd%cf%89-teleiono-start-mot-mal-pa-grekiska\/#primaryimage","url":"https:\/\/talkpal.ai\/wp-content\/uploads\/2025\/12\/diverse-group-at-library-learning-languages.webp","contentUrl":"https:\/\/talkpal.ai\/wp-content\/uploads\/2025\/12\/diverse-group-at-library-learning-languages.webp","width":1200,"height":896,"caption":"A large diverse group of students fills a library hall while focused on learning languages at their desks."},{"@type":"BreadcrumbList","@id":"https:\/\/talkpal.ai\/sv\/vocabulary\/%ce%b1%cf%81%cf%87%ce%af%ce%b6%cf%89-archizo-vs-%cf%84%ce%b5%ce%bb%ce%b5%ce%b9%cf%8e%ce%bd%cf%89-teleiono-start-mot-mal-pa-grekiska\/#breadcrumb","itemListElement":[{"@type":"ListItem","position":1,"name":"Homepage","item":"https:\/\/talkpal.ai\/sv\/"},{"@type":"ListItem","position":2,"name":"\u0391\u03c1\u03c7\u03af\u03b6\u03c9 (Arch\u00edzo) vs. \u03a4\u03b5\u03bb\u03b5\u03b9\u03ce\u03bd\u03c9 (Telei\u00f3no) &#8211; Start mot m\u00e5l p\u00e5 grekiska"}]},{"@type":"WebSite","@id":"https:\/\/talkpal.ai\/sv\/#website","url":"https:\/\/talkpal.ai\/sv\/","name":"Talkpal","description":"AI Language Learning","publisher":{"@id":"https:\/\/talkpal.ai\/sv\/#organization"},"alternateName":"Talkpal AI","potentialAction":[{"@type":"SearchAction","target":{"@type":"EntryPoint","urlTemplate":"https:\/\/talkpal.ai\/sv\/?s={search_term_string}"},"query-input":{"@type":"PropertyValueSpecification","valueRequired":true,"valueName":"search_term_string"}}],"inLanguage":"sv-SE"},{"@type":"Organization","@id":"https:\/\/talkpal.ai\/sv\/#organization","name":"Talkpal, Inc.","alternateName":"Talkpal AI","url":"https:\/\/talkpal.ai\/sv\/","logo":{"@type":"ImageObject","inLanguage":"sv-SE","@id":"https:\/\/talkpal.ai\/sv\/#\/schema\/logo\/image\/","url":"https:\/\/talkpal.ai\/wp-content\/uploads\/2024\/03\/Talkpal-Logo-Icon.png","contentUrl":"https:\/\/talkpal.ai\/wp-content\/uploads\/2024\/03\/Talkpal-Logo-Icon.png","width":2880,"height":2880,"caption":"Talkpal, Inc."},"image":{"@id":"https:\/\/talkpal.ai\/sv\/#\/schema\/logo\/image\/"},"sameAs":["https:\/\/www.facebook.com\/profile.php?id=100090733639311","https:\/\/x.com\/talkpalai","https:\/\/www.linkedin.com\/company\/talkpal\/","https:\/\/www.youtube.com\/@TalkPal\/","https:\/\/www.tiktok.com\/@talkpal","https:\/\/www.instagram.com\/talkpal_ai\/","https:\/\/www.crunchbase.com\/organization\/talkpal-9cde","https:\/\/www.g2.com\/products\/talkpal-for-business\/","https:\/\/www.trustpilot.com\/review\/talkpal.ai","https:\/\/www.capterra.com\/p\/10006800\/TalkPal\/"],"description":"Talkpal is a language learning web and mobile education app, powered by the latest AI technologies, that provides engaging experiences to its customers in many different languages to help them improve their language skills. Users can chat about unlimited amount of topics with the app and use other modes to practice their language learning.","email":"support@talkpal.ai","legalName":"Talkpal, Inc.","foundingDate":"2023-04-03","duns":"118989042","numberOfEmployees":{"@type":"QuantitativeValue","minValue":"11","maxValue":"50"},"publishingPrinciples":"https:\/\/talkpal.ai\/publishing-principles\/","actionableFeedbackPolicy":"https:\/\/talkpal.ai\/actionable-feedback-policy\/","correctionsPolicy":"https:\/\/talkpal.ai\/corrections-policy\/","ethicsPolicy":"https:\/\/talkpal.ai\/ethics-policy\/","diversityPolicy":"https:\/\/talkpal.ai\/diversity-policy\/","diversityStaffingReport":"https:\/\/talkpal.ai\/diversity-policy\/"}]}},"_links":{"self":[{"href":"https:\/\/talkpal.ai\/sv\/wp-json\/wp\/v2\/vocabulary\/781454","targetHints":{"allow":["GET"]}}],"collection":[{"href":"https:\/\/talkpal.ai\/sv\/wp-json\/wp\/v2\/vocabulary"}],"about":[{"href":"https:\/\/talkpal.ai\/sv\/wp-json\/wp\/v2\/types\/vocabulary"}],"wp:featuredmedia":[{"embeddable":true,"href":"https:\/\/talkpal.ai\/sv\/wp-json\/wp\/v2\/media\/1527637"}],"wp:attachment":[{"href":"https:\/\/talkpal.ai\/sv\/wp-json\/wp\/v2\/media?parent=781454"}],"wp:term":[{"taxonomy":"vocabulary_language","embeddable":true,"href":"https:\/\/talkpal.ai\/sv\/wp-json\/wp\/v2\/vocabulary_language?post=781454"}],"curies":[{"name":"wp","href":"https:\/\/api.w.org\/{rel}","templated":true}]}}