{"id":781384,"date":"2024-06-12T21:06:57","date_gmt":"2024-06-12T21:06:57","guid":{"rendered":"https:\/\/talkpal.ai\/vocabulary\/%ce%ae%ce%bb%ce%b9%ce%bf%cf%82-ilios-vs-%cf%83%ce%b5%ce%bb%ce%ae%ce%bd%ce%b7-selini-solen-mot-manen-pa-grekiska\/"},"modified":"2024-06-12T21:06:57","modified_gmt":"2024-06-12T21:06:57","slug":"%ce%ae%ce%bb%ce%b9%ce%bf%cf%82-ilios-vs-%cf%83%ce%b5%ce%bb%ce%ae%ce%bd%ce%b7-selini-solen-mot-manen-pa-grekiska","status":"publish","type":"vocabulary","link":"https:\/\/talkpal.ai\/sv\/vocabulary\/%ce%ae%ce%bb%ce%b9%ce%bf%cf%82-ilios-vs-%cf%83%ce%b5%ce%bb%ce%ae%ce%bd%ce%b7-selini-solen-mot-manen-pa-grekiska\/","title":{"rendered":"\u0389\u03bb\u03b9\u03bf\u03c2 (\u00cdlios) vs. \u03a3\u03b5\u03bb\u03ae\u03bd\u03b7 (Sel\u00edni) &#8211; Solen mot m\u00e5nen p\u00e5 grekiska"},"content":{"rendered":"<p><a href=\"https:\/\/talkpal.ai\/learn-greek\/\">Grekiska<\/a> \u00e4r ett fascinerande spr\u00e5k med en rik historia och en m\u00e4ngd kulturella referenser. Tv\u00e5 av de mest grundl\u00e4ggande och symboliska orden i grekiskan \u00e4r <b>\u0389\u03bb\u03b9\u03bf\u03c2<\/b> (<b>\u00cdlios<\/b>, solen) och <b>\u03a3\u03b5\u03bb\u03ae\u03bd\u03b7<\/b> (<b>Sel\u00edni<\/b>, m\u00e5nen). Dessa ord \u00e4r inte bara viktiga f\u00f6r att beskriva naturfenomen, utan de b\u00e4r ocks\u00e5 p\u00e5 djupa mytologiska och kulturella betydelser. I denna artikel ska vi utforska dessa tv\u00e5 ord, deras etymologi, anv\u00e4ndning, samt deras kulturella och mytologiska konnotationer.<\/p>\n<h2>Etymologi och grundl\u00e4ggande betydelser<\/h2>\n<p><b>\u0389\u03bb\u03b9\u03bf\u03c2<\/b> (<b>\u00cdlios<\/b>) \u00e4r det <a href=\"https:\/\/talkpal.ai\/learn-greek\/\">grekiska<\/a> ordet f\u00f6r solen. Det h\u00e4rstammar fr\u00e5n den antika grekiskan och har anv\u00e4nts i tusentals \u00e5r f\u00f6r att beskriva det ljusa objekt som lyser upp himlen under dagen. Ordet <b>\u00cdlios<\/b> \u00e4r ocks\u00e5 rot till m\u00e5nga andra ord och begrepp relaterade till solen, s\u00e5som <b>\u03b7\u03bb\u03b9\u03b1\u03ba\u03cc\u03c2<\/b> (<b>iliak\u00f3s<\/b>, solenergi) och <b>\u03b7\u03bb\u03b9\u03bf\u03b8\u03b5\u03c1\u03b1\u03c0\u03b5\u03af\u03b1<\/b> (<b>iliotherape\u00eda<\/b>, solterapi).<\/p>\n<p><b>\u03a3\u03b5\u03bb\u03ae\u03bd\u03b7<\/b> (<b>Sel\u00edni<\/b>) \u00e4r ordet f\u00f6r m\u00e5nen. Det har ocks\u00e5 sitt ursprung i den antika grekiskan och \u00e4r rot till ord som <b>\u03c3\u03b5\u03bb\u03b7\u03bd\u03b9\u03b1\u03ba\u03cc\u03c2<\/b> (<b>seliniak\u00f3s<\/b>, m\u00e5ngalen) och <b>\u03c3\u03b5\u03bb\u03b7\u03bd\u03b9\u03b1\u03c3\u03bc\u03cc\u03c2<\/b> (<b>seliniasm\u00f3s<\/b>, m\u00e5nlandning). Precis som <b>\u00cdlios<\/b> \u00e4r <b>Sel\u00edni<\/b> ett ord fyllt med kulturell och mytologisk betydelse.<\/p>\n<h2>Anv\u00e4ndning i dagligt tal<\/h2>\n<p>I modernt grekiskt vardagsspr\u00e5k anv\u00e4nds <b>\u0389\u03bb\u03b9\u03bf\u03c2<\/b> och <b>\u03a3\u03b5\u03bb\u03ae\u03bd\u03b7<\/b> p\u00e5 samma s\u00e4tt som vi anv\u00e4nder &#8221;solen&#8221; och &#8221;m\u00e5nen&#8221; p\u00e5 <a href=\"https:\/\/talkpal.ai\/learn-swedish\/\">svenska<\/a>. H\u00e4r \u00e4r n\u00e5gra exempel p\u00e5 hur dessa ord kan anv\u00e4ndas i meningar:<\/p>\n<p><b>\u0389\u03bb\u03b9\u03bf\u03c2<\/b> (<b>\u00cdlios<\/b>):<br \/>\n&#8211; <b>\u039f \u03ae\u03bb\u03b9\u03bf\u03c2 \u03bb\u03ac\u03bc\u03c0\u03b5\u03b9<\/b> (<b>O \u00edlios l\u00e1mpei<\/b>) &#8211; Solen skiner.<br \/>\n&#8211; <b>\u0397 \u03b1\u03bd\u03b1\u03c4\u03bf\u03bb\u03ae \u03c4\u03bf\u03c5 \u03b7\u03bb\u03af\u03bf\u03c5<\/b> (<b>\u00cd anatol\u00ed tou il\u00edou<\/b>) &#8211; Soluppg\u00e5ng.<br \/>\n&#8211; <b>\u0397 \u03b4\u03cd\u03c3\u03b7 \u03c4\u03bf\u03c5 \u03b7\u03bb\u03af\u03bf\u03c5<\/b> (<b>\u00cd d\u00edsi tou il\u00edou<\/b>) &#8211; Solnedg\u00e5ng.<\/p>\n<p><b>\u03a3\u03b5\u03bb\u03ae\u03bd\u03b7<\/b> (<b>Sel\u00edni<\/b>):<br \/>\n&#8211; <b>\u0397 \u03c3\u03b5\u03bb\u03ae\u03bd\u03b7 \u03b5\u03af\u03bd\u03b1\u03b9 \u03cc\u03bc\u03bf\u03c1\u03c6\u03b7 \u03b1\u03c0\u03cc\u03c8\u03b5<\/b> (<b>\u00cd sel\u00edni e\u00ednai \u00f3morfi ap\u00f3pse<\/b>) &#8211; M\u00e5nen \u00e4r vacker ikv\u00e4ll.<br \/>\n&#8211; <b>\u03a0\u03b1\u03bd\u03c3\u03ad\u03bb\u03b7\u03bd\u03bf\u03c2<\/b> (<b>Pan-s\u00e9linos<\/b>) &#8211; Fullm\u00e5ne.<br \/>\n&#8211; <b>\u039d\u03ad\u03b1 \u03c3\u03b5\u03bb\u03ae\u03bd\u03b7<\/b> (<b>N\u00e9a sel\u00edni<\/b>) &#8211; Nym\u00e5ne.<\/p>\n<h3>Kulturella och mytologiska konnotationer<\/h3>\n<p>I antik grekisk mytologi har b\u00e5de solen och m\u00e5nen gudomliga representationer. <b>\u00cdlios<\/b> var personifierad som solguden Helios, som f\u00e4rdades \u00f6ver himlen i en vagn dragen av fyrspann h\u00e4star. Helios var en viktig figur i mytologin, och hans dagliga resa \u00f6ver himlen symboliserade solens r\u00f6relse.<\/p>\n<p><b>Sel\u00edni<\/b> var representerad av m\u00e5ngudinnan Selene, som ocks\u00e5 f\u00e4rdades \u00f6ver himlen i en vagn, men drogs av tv\u00e5 h\u00e4star. Selene var en symbol f\u00f6r sk\u00f6nhet och mystik, och hon hade m\u00e5nga mytologiska ber\u00e4ttelser kopplade till sig, ofta relaterade till natten och dr\u00f6mmar.<\/p>\n<p>Dessa gudomliga representationer visar hur djupt rotade <b>\u00cdlios<\/b> och <b>Sel\u00edni<\/b> \u00e4r i den grekiska kulturen. De \u00e4r mer \u00e4n bara ord f\u00f6r naturfenomen; de \u00e4r symboler f\u00f6r m\u00e4nskliga erfarenheter och k\u00e4nslor.<\/p>\n<h3>Symbolisk betydelse<\/h3>\n<p><b>\u00cdlios<\/b> och <b>Sel\u00edni<\/b> har ocks\u00e5 en rik symbolik i den grekiska kulturen. <b>\u00cdlios<\/b> symboliserar ofta ljus, v\u00e4rme, och liv. Solen \u00e4r en k\u00e4lla till energi och tillv\u00e4xt, och den \u00e4r n\u00f6dv\u00e4ndig f\u00f6r jordbruket, vilket <a href=\"https:\/\/talkpal.ai\/culture\/when-do-i-use-har-varit-versus-var\/\">har varit<\/a> en <a href=\"https:\/\/talkpal.ai\/locations\/language-courses-in-central\/\">central<\/a> del av grekisk kultur i tusentals \u00e5r.<\/p>\n<p><b>Sel\u00edni<\/b> symboliserar \u00e5 <a href=\"https:\/\/talkpal.ai\/culture\/what-does-a-andra-sidan-mean\/\">andra sidan<\/a> natt, mystik, och f\u00f6r\u00e4ndring. M\u00e5nen har alltid fascinerat m\u00e4nniskor med sin f\u00f6r\u00e4nderliga natur och sin sk\u00f6nhet. Den anv\u00e4nds ofta som en symbol f\u00f6r det ok\u00e4nda och det dr\u00f6mska, och har en stark koppling till kvinnlighet och fertilitet i m\u00e5nga kulturer, inklusive den grekiska.<\/p>\n<h3>Moderna referenser<\/h3>\n<p>I modern grekisk kultur anv\u00e4nds <b>\u00cdlios<\/b> och <b>Sel\u00edni<\/b> ocks\u00e5 i litteratur, musik, och konst. M\u00e5nga grekiska poeter och f\u00f6rfattare har skrivit om solen och m\u00e5nen, och de anv\u00e4nds ofta som metaforer f\u00f6r olika m\u00e4nskliga k\u00e4nslor och upplevelser. H\u00e4r \u00e4r n\u00e5gra exempel:<\/p>\n<p>&#8211; I den k\u00e4nda grekiska s\u00e5ngen &#8221;<b>\u0389\u03bb\u03b9\u03bf\u03c2 \u0398\u03b5\u03cc\u03c2<\/b>&#8221; (<b>\u00cdlios The\u00f3s<\/b>, Solguden) av Manos Hadjidakis, anv\u00e4nds solen som en metafor f\u00f6r en \u00e4lskad person.<br \/>\n&#8211; I Odysseus Elytis poesi, en nobelpristagare i litteratur, \u00e5terkommer solen ofta som en central symbol f\u00f6r hopp och renhet.<\/p>\n<p><b>Sel\u00edni<\/b> har ocks\u00e5 en stark n\u00e4rvaro i grekisk konst och litteratur. M\u00e5nen \u00e4r ofta en symbol f\u00f6r romantik och mystik, och anv\u00e4nds f\u00f6r att skapa en dr\u00f6mlik och ibland melankolisk st\u00e4mning.<\/p>\n<h2>Spr\u00e5kliga konstruktioner och uttryck<\/h2>\n<p>F\u00f6r att verkligen f\u00f6rst\u00e5 och anv\u00e4nda <b>\u00cdlios<\/b> och <b>Sel\u00edni<\/b> p\u00e5 ett naturligt s\u00e4tt i grekiskan, \u00e4r det viktigt att k\u00e4nna till n\u00e5gra vanliga spr\u00e5kliga konstruktioner och idiomatiska uttryck d\u00e4r dessa ord f\u00f6rekommer. H\u00e4r \u00e4r n\u00e5gra exempel:<\/p>\n<p><b>\u0389\u03bb\u03b9\u03bf\u03c2<\/b> (<b>\u00cdlios<\/b>):<br \/>\n&#8211; <b>\u0395\u03af\u03bc\u03b1\u03b9 \u03c0\u03b1\u03b9\u03b4\u03af \u03c4\u03bf\u03c5 \u03ae\u03bb\u03b9\u03bf\u03c5<\/b> (<b>E\u00edmai paid\u00ed tou \u00edliou<\/b>) &#8211; Jag \u00e4r ett barn av solen (anv\u00e4nds f\u00f6r att beskriva n\u00e5gon som \u00e4lskar solen och v\u00e4rme).<br \/>\n&#8211; <b>\u0392\u03bb\u03ad\u03c0\u03c9 \u03c4\u03bf\u03bd \u03ae\u03bb\u03b9\u03bf \u03bc\u03b5 \u03c4\u03b1 \u03bc\u03ac\u03c4\u03b9\u03b1 \u03bc\u03bf\u03c5<\/b> (<b>Vl\u00e9po ton \u00edlio me ta m\u00e1tia mou<\/b>) &#8211; Jag ser solen med egna \u00f6gon (anv\u00e4nds f\u00f6r att beskriva att se n\u00e5got med egna \u00f6gon).<br \/>\n&#8211; <b>\u039c\u03b7\u03bd \u03b1\u03c6\u03ae\u03c3\u03b5\u03b9\u03c2 \u03c4\u03bf\u03bd \u03ae\u03bb\u03b9\u03bf \u03bd\u03b1 \u03b4\u03cd\u03c3\u03b5\u03b9<\/b> (<b>M\u00edn af\u00edseis ton \u00edlio na d\u00edsei<\/b>) &#8211; L\u00e5t inte solen g\u00e5 ner (anv\u00e4nds f\u00f6r att uppmuntra n\u00e5gon att inte ge upp).<\/p>\n<p><b>\u03a3\u03b5\u03bb\u03ae\u03bd\u03b7<\/b> (<b>Sel\u00edni<\/b>):<br \/>\n&#8211; <b>\u0395\u03af\u03bc\u03b1\u03b9 \u03c3\u03c4\u03b7 \u03c3\u03b5\u03bb\u03ae\u03bd\u03b7<\/b> (<b>E\u00edmai sti sel\u00edni<\/b>) &#8211; Jag \u00e4r p\u00e5 m\u00e5nen (anv\u00e4nds f\u00f6r att beskriva att n\u00e5gon \u00e4r fr\u00e5nvarande eller dr\u00f6mmande).<br \/>\n&#8211; <b>\u03a3\u03b1\u03bd \u03c4\u03b7 \u03c3\u03b5\u03bb\u03ae\u03bd\u03b7 \u03b5\u03af\u03c3\u03b1\u03b9<\/b> (<b>San ti sel\u00edni e\u00edsai<\/b>) &#8211; Du \u00e4r som m\u00e5nen (anv\u00e4nds f\u00f6r att beskriva n\u00e5gon som \u00e4r vacker och mystisk).<br \/>\n&#8211; <b>\u03a7\u03bf\u03c1\u03b5\u03cd\u03c9 \u03bc\u03b5 \u03c4\u03b7 \u03c3\u03b5\u03bb\u03ae\u03bd\u03b7<\/b> (<b>Chor\u00e9vo me ti sel\u00edni<\/b>) &#8211; Jag dansar med m\u00e5nen (anv\u00e4nds f\u00f6r att beskriva en k\u00e4nsla av frihet och romantik).<\/p>\n<h3>Historiska och vetenskapliga aspekter<\/h3>\n<p>Historiskt sett har b\u00e5de solen och m\u00e5nen haft stor betydelse f\u00f6r grekerna, b\u00e5de i praktisk och filosofisk bem\u00e4rkelse. Antikens grekiska astronomer, som Aristarchus och Ptolemaios, studerade solens och m\u00e5nens r\u00f6relser noggrant. De utvecklade tidiga modeller av solsystemet och bidrog till v\u00e5r f\u00f6rst\u00e5else av himlakropparna.<\/p>\n<p>Vetenskapligt sett har solen alltid varit en central punkt i grekisk astronomi och matematik. Grekiska forskare var bland de f\u00f6rsta att f\u00f6rst\u00e5 solens roll i att skapa skuggor och att m\u00e4ta tid genom solens r\u00f6relse \u00f6ver himlen. M\u00e5nen har ocks\u00e5 varit f\u00f6rem\u00e5l f\u00f6r intensiv studie, s\u00e4rskilt i relation till tidvattnet och m\u00e5nens faser.<\/p>\n<p>I modern tid forts\u00e4tter Grekland att ha en stark koppling till astronomi. Landet har flera observatorier och \u00e4r aktivt involverat i internationell rymdforskning. Solen och m\u00e5nen f\u00f6rblir symboler f\u00f6r vetenskaplig utforskning och m\u00e4nskligt framsteg.<\/p>\n<h2>Sammanfattning<\/h2>\n<p><b>\u0389\u03bb\u03b9\u03bf\u03c2<\/b> (<b>\u00cdlios<\/b>) och <b>\u03a3\u03b5\u03bb\u03ae\u03bd\u03b7<\/b> (<b>Sel\u00edni<\/b>) \u00e4r mer \u00e4n bara grekiska ord f\u00f6r solen och m\u00e5nen. De \u00e4r f\u00f6nster in i den grekiska kulturen, mytologin och spr\u00e5ket. Genom att f\u00f6rst\u00e5 dessa ord och deras konnotationer kan vi f\u00e5 en djupare f\u00f6rst\u00e5else f\u00f6r det grekiska spr\u00e5ket och den rika kulturella tradition som det representerar. Oavsett om du \u00e4r en nyb\u00f6rjare i grekiska eller en erfaren talare, finns det alltid n\u00e5got nytt att uppt\u00e4cka om <b>\u00cdlios<\/b> och <b>Sel\u00edni<\/b> och deras plats i den grekiska v\u00e4rlden.<\/p>\n<p>S\u00e5 n\u00e4sta g\u00e5ng du ser solen g\u00e5 upp eller m\u00e5nen lysa p\u00e5 natthimlen, kanske du t\u00e4nker p\u00e5 de grekiska orden <b>\u00cdlios<\/b> och <b>Sel\u00edni<\/b> och deras djupa kulturella betydelser. Kanske kommer du att anv\u00e4nda dessa ord i ditt eget spr\u00e5kbruk, och p\u00e5 s\u00e5 s\u00e4tt b\u00e4ra med dig en bit av den grekiska kulturen i ditt dagliga liv.<\/p>\n","protected":false},"featured_media":1527661,"template":"","vocabulary_language":[4185],"class_list":["post-781384","vocabulary","type-vocabulary","status-publish","has-post-thumbnail","hentry","vocabulary_language-grekisk"],"acf":[],"yoast_head":"<!-- This site is optimized with the Yoast SEO Premium plugin v27.2 (Yoast SEO v27.2) - https:\/\/yoast.com\/product\/yoast-seo-premium-wordpress\/ -->\n<title>\u0389\u03bb\u03b9\u03bf\u03c2 (\u00cdlios) vs. \u03a3\u03b5\u03bb\u03ae\u03bd\u03b7 (Sel\u00edni) - Solen mot m\u00e5nen p\u00e5 grekiska - Talkpal<\/title>\n<meta name=\"description\" content=\"Grekiska \u00e4r ett fascinerande spr\u00e5k med en rik historia och en m\u00e4ngd kulturella referenser. Tv\u00e5 av de mest grundl\u00e4ggande och symboliska orden i grekiskan\" \/>\n<meta name=\"robots\" content=\"index, follow, max-snippet:-1, max-image-preview:large, max-video-preview:-1\" \/>\n<link rel=\"canonical\" href=\"https:\/\/talkpal.ai\/sv\/vocabulary\/%ce%ae%ce%bb%ce%b9%ce%bf%cf%82-ilios-vs-%cf%83%ce%b5%ce%bb%ce%ae%ce%bd%ce%b7-selini-solen-mot-manen-pa-grekiska\/\" \/>\n<meta property=\"og:locale\" content=\"sv_SE\" \/>\n<meta property=\"og:type\" content=\"article\" \/>\n<meta property=\"og:title\" content=\"\u0389\u03bb\u03b9\u03bf\u03c2 (\u00cdlios) vs. \u03a3\u03b5\u03bb\u03ae\u03bd\u03b7 (Sel\u00edni) - Solen mot m\u00e5nen p\u00e5 grekiska\" \/>\n<meta property=\"og:description\" content=\"Grekiska \u00e4r ett fascinerande spr\u00e5k med en rik historia och en m\u00e4ngd kulturella referenser. Tv\u00e5 av de mest grundl\u00e4ggande och symboliska orden i grekiskan\" \/>\n<meta property=\"og:url\" content=\"https:\/\/talkpal.ai\/sv\/vocabulary\/%ce%ae%ce%bb%ce%b9%ce%bf%cf%82-ilios-vs-%cf%83%ce%b5%ce%bb%ce%ae%ce%bd%ce%b7-selini-solen-mot-manen-pa-grekiska\/\" \/>\n<meta property=\"og:site_name\" content=\"Talkpal\" \/>\n<meta property=\"article:publisher\" content=\"https:\/\/www.facebook.com\/profile.php?id=100090733639311\" \/>\n<meta property=\"og:image\" content=\"https:\/\/talkpal.ai\/wp-content\/uploads\/2024\/10\/talkpal_flat_illustration_of_a_employees_working_together_happi_c674ff77-e477-4e09-835a-01d30e561e99.png\" \/>\n\t<meta property=\"og:image:width\" content=\"1024\" \/>\n\t<meta property=\"og:image:height\" content=\"1024\" \/>\n\t<meta property=\"og:image:type\" content=\"image\/png\" \/>\n<meta name=\"twitter:card\" content=\"summary_large_image\" \/>\n<meta name=\"twitter:site\" content=\"@talkpalai\" \/>\n<meta name=\"twitter:label1\" content=\"Ber\u00e4knad l\u00e4stid\" \/>\n\t<meta name=\"twitter:data1\" content=\"6 minuter\" \/>\n<script type=\"application\/ld+json\" class=\"yoast-schema-graph\">{\"@context\":\"https:\/\/schema.org\",\"@graph\":[{\"@type\":\"WebPage\",\"@id\":\"https:\/\/talkpal.ai\/sv\/vocabulary\/%ce%ae%ce%bb%ce%b9%ce%bf%cf%82-ilios-vs-%cf%83%ce%b5%ce%bb%ce%ae%ce%bd%ce%b7-selini-solen-mot-manen-pa-grekiska\/\",\"url\":\"https:\/\/talkpal.ai\/sv\/vocabulary\/%ce%ae%ce%bb%ce%b9%ce%bf%cf%82-ilios-vs-%cf%83%ce%b5%ce%bb%ce%ae%ce%bd%ce%b7-selini-solen-mot-manen-pa-grekiska\/\",\"name\":\"\u0389\u03bb\u03b9\u03bf\u03c2 (\u00cdlios) vs. \u03a3\u03b5\u03bb\u03ae\u03bd\u03b7 (Sel\u00edni) - Solen mot m\u00e5nen p\u00e5 grekiska - Talkpal\",\"isPartOf\":{\"@id\":\"https:\/\/talkpal.ai\/sv\/#website\"},\"primaryImageOfPage\":{\"@id\":\"https:\/\/talkpal.ai\/sv\/vocabulary\/%ce%ae%ce%bb%ce%b9%ce%bf%cf%82-ilios-vs-%cf%83%ce%b5%ce%bb%ce%ae%ce%bd%ce%b7-selini-solen-mot-manen-pa-grekiska\/#primaryimage\"},\"image\":{\"@id\":\"https:\/\/talkpal.ai\/sv\/vocabulary\/%ce%ae%ce%bb%ce%b9%ce%bf%cf%82-ilios-vs-%cf%83%ce%b5%ce%bb%ce%ae%ce%bd%ce%b7-selini-solen-mot-manen-pa-grekiska\/#primaryimage\"},\"thumbnailUrl\":\"https:\/\/talkpal.ai\/wp-content\/uploads\/2025\/12\/friends-review-workbook-learning-languages.webp\",\"datePublished\":\"2024-06-12T21:06:57+00:00\",\"description\":\"Grekiska \u00e4r ett fascinerande spr\u00e5k med en rik historia och en m\u00e4ngd kulturella referenser. Tv\u00e5 av de mest grundl\u00e4ggande och symboliska orden i grekiskan\",\"breadcrumb\":{\"@id\":\"https:\/\/talkpal.ai\/sv\/vocabulary\/%ce%ae%ce%bb%ce%b9%ce%bf%cf%82-ilios-vs-%cf%83%ce%b5%ce%bb%ce%ae%ce%bd%ce%b7-selini-solen-mot-manen-pa-grekiska\/#breadcrumb\"},\"inLanguage\":\"sv-SE\",\"potentialAction\":[{\"@type\":\"ReadAction\",\"target\":[\"https:\/\/talkpal.ai\/sv\/vocabulary\/%ce%ae%ce%bb%ce%b9%ce%bf%cf%82-ilios-vs-%cf%83%ce%b5%ce%bb%ce%ae%ce%bd%ce%b7-selini-solen-mot-manen-pa-grekiska\/\"]}]},{\"@type\":\"ImageObject\",\"inLanguage\":\"sv-SE\",\"@id\":\"https:\/\/talkpal.ai\/sv\/vocabulary\/%ce%ae%ce%bb%ce%b9%ce%bf%cf%82-ilios-vs-%cf%83%ce%b5%ce%bb%ce%ae%ce%bd%ce%b7-selini-solen-mot-manen-pa-grekiska\/#primaryimage\",\"url\":\"https:\/\/talkpal.ai\/wp-content\/uploads\/2025\/12\/friends-review-workbook-learning-languages.webp\",\"contentUrl\":\"https:\/\/talkpal.ai\/wp-content\/uploads\/2025\/12\/friends-review-workbook-learning-languages.webp\",\"width\":1200,\"height\":896,\"caption\":\"Two friends with curly hair review an open workbook while learning languages together.\"},{\"@type\":\"BreadcrumbList\",\"@id\":\"https:\/\/talkpal.ai\/sv\/vocabulary\/%ce%ae%ce%bb%ce%b9%ce%bf%cf%82-ilios-vs-%cf%83%ce%b5%ce%bb%ce%ae%ce%bd%ce%b7-selini-solen-mot-manen-pa-grekiska\/#breadcrumb\",\"itemListElement\":[{\"@type\":\"ListItem\",\"position\":1,\"name\":\"Homepage\",\"item\":\"https:\/\/talkpal.ai\/sv\/\"},{\"@type\":\"ListItem\",\"position\":2,\"name\":\"\u0389\u03bb\u03b9\u03bf\u03c2 (\u00cdlios) vs. \u03a3\u03b5\u03bb\u03ae\u03bd\u03b7 (Sel\u00edni) &#8211; Solen mot m\u00e5nen p\u00e5 grekiska\"}]},{\"@type\":\"WebSite\",\"@id\":\"https:\/\/talkpal.ai\/sv\/#website\",\"url\":\"https:\/\/talkpal.ai\/sv\/\",\"name\":\"Talkpal\",\"description\":\"AI Language Learning\",\"publisher\":{\"@id\":\"https:\/\/talkpal.ai\/sv\/#organization\"},\"alternateName\":\"Talkpal AI\",\"potentialAction\":[{\"@type\":\"SearchAction\",\"target\":{\"@type\":\"EntryPoint\",\"urlTemplate\":\"https:\/\/talkpal.ai\/sv\/?s={search_term_string}\"},\"query-input\":{\"@type\":\"PropertyValueSpecification\",\"valueRequired\":true,\"valueName\":\"search_term_string\"}}],\"inLanguage\":\"sv-SE\"},{\"@type\":\"Organization\",\"@id\":\"https:\/\/talkpal.ai\/sv\/#organization\",\"name\":\"Talkpal, Inc.\",\"alternateName\":\"Talkpal AI\",\"url\":\"https:\/\/talkpal.ai\/sv\/\",\"logo\":{\"@type\":\"ImageObject\",\"inLanguage\":\"sv-SE\",\"@id\":\"https:\/\/talkpal.ai\/sv\/#\/schema\/logo\/image\/\",\"url\":\"https:\/\/talkpal.ai\/wp-content\/uploads\/2024\/03\/Talkpal-Logo-Icon.png\",\"contentUrl\":\"https:\/\/talkpal.ai\/wp-content\/uploads\/2024\/03\/Talkpal-Logo-Icon.png\",\"width\":2880,\"height\":2880,\"caption\":\"Talkpal, Inc.\"},\"image\":{\"@id\":\"https:\/\/talkpal.ai\/sv\/#\/schema\/logo\/image\/\"},\"sameAs\":[\"https:\/\/www.facebook.com\/profile.php?id=100090733639311\",\"https:\/\/x.com\/talkpalai\",\"https:\/\/www.linkedin.com\/company\/talkpal\/\",\"https:\/\/www.youtube.com\/@TalkPal\/\",\"https:\/\/www.tiktok.com\/@talkpal\",\"https:\/\/www.instagram.com\/talkpal_ai\/\",\"https:\/\/www.crunchbase.com\/organization\/talkpal-9cde\",\"https:\/\/www.g2.com\/products\/talkpal-for-business\/\",\"https:\/\/www.trustpilot.com\/review\/talkpal.ai\",\"https:\/\/www.capterra.com\/p\/10006800\/TalkPal\/\"],\"description\":\"Talkpal is a language learning web and mobile education app, powered by the latest AI technologies, that provides engaging experiences to its customers in many different languages to help them improve their language skills. Users can chat about unlimited amount of topics with the app and use other modes to practice their language learning.\",\"email\":\"support@talkpal.ai\",\"legalName\":\"Talkpal, Inc.\",\"foundingDate\":\"2023-04-03\",\"duns\":\"118989042\",\"numberOfEmployees\":{\"@type\":\"QuantitativeValue\",\"minValue\":\"11\",\"maxValue\":\"50\"},\"publishingPrinciples\":\"https:\/\/talkpal.ai\/publishing-principles\/\",\"actionableFeedbackPolicy\":\"https:\/\/talkpal.ai\/actionable-feedback-policy\/\",\"correctionsPolicy\":\"https:\/\/talkpal.ai\/corrections-policy\/\",\"ethicsPolicy\":\"https:\/\/talkpal.ai\/ethics-policy\/\",\"diversityPolicy\":\"https:\/\/talkpal.ai\/diversity-policy\/\",\"diversityStaffingReport\":\"https:\/\/talkpal.ai\/diversity-policy\/\"}]}<\/script>\n<!-- \/ Yoast SEO Premium plugin. -->","yoast_head_json":{"title":"\u0389\u03bb\u03b9\u03bf\u03c2 (\u00cdlios) vs. \u03a3\u03b5\u03bb\u03ae\u03bd\u03b7 (Sel\u00edni) - Solen mot m\u00e5nen p\u00e5 grekiska - Talkpal","description":"Grekiska \u00e4r ett fascinerande spr\u00e5k med en rik historia och en m\u00e4ngd kulturella referenser. Tv\u00e5 av de mest grundl\u00e4ggande och symboliska orden i grekiskan","robots":{"index":"index","follow":"follow","max-snippet":"max-snippet:-1","max-image-preview":"max-image-preview:large","max-video-preview":"max-video-preview:-1"},"canonical":"https:\/\/talkpal.ai\/sv\/vocabulary\/%ce%ae%ce%bb%ce%b9%ce%bf%cf%82-ilios-vs-%cf%83%ce%b5%ce%bb%ce%ae%ce%bd%ce%b7-selini-solen-mot-manen-pa-grekiska\/","og_locale":"sv_SE","og_type":"article","og_title":"\u0389\u03bb\u03b9\u03bf\u03c2 (\u00cdlios) vs. \u03a3\u03b5\u03bb\u03ae\u03bd\u03b7 (Sel\u00edni) - Solen mot m\u00e5nen p\u00e5 grekiska","og_description":"Grekiska \u00e4r ett fascinerande spr\u00e5k med en rik historia och en m\u00e4ngd kulturella referenser. Tv\u00e5 av de mest grundl\u00e4ggande och symboliska orden i grekiskan","og_url":"https:\/\/talkpal.ai\/sv\/vocabulary\/%ce%ae%ce%bb%ce%b9%ce%bf%cf%82-ilios-vs-%cf%83%ce%b5%ce%bb%ce%ae%ce%bd%ce%b7-selini-solen-mot-manen-pa-grekiska\/","og_site_name":"Talkpal","article_publisher":"https:\/\/www.facebook.com\/profile.php?id=100090733639311","og_image":[{"width":1024,"height":1024,"url":"https:\/\/talkpal.ai\/wp-content\/uploads\/2024\/10\/talkpal_flat_illustration_of_a_employees_working_together_happi_c674ff77-e477-4e09-835a-01d30e561e99.png","type":"image\/png"}],"twitter_card":"summary_large_image","twitter_site":"@talkpalai","twitter_misc":{"Ber\u00e4knad l\u00e4stid":"6 minuter"},"schema":{"@context":"https:\/\/schema.org","@graph":[{"@type":"WebPage","@id":"https:\/\/talkpal.ai\/sv\/vocabulary\/%ce%ae%ce%bb%ce%b9%ce%bf%cf%82-ilios-vs-%cf%83%ce%b5%ce%bb%ce%ae%ce%bd%ce%b7-selini-solen-mot-manen-pa-grekiska\/","url":"https:\/\/talkpal.ai\/sv\/vocabulary\/%ce%ae%ce%bb%ce%b9%ce%bf%cf%82-ilios-vs-%cf%83%ce%b5%ce%bb%ce%ae%ce%bd%ce%b7-selini-solen-mot-manen-pa-grekiska\/","name":"\u0389\u03bb\u03b9\u03bf\u03c2 (\u00cdlios) vs. \u03a3\u03b5\u03bb\u03ae\u03bd\u03b7 (Sel\u00edni) - Solen mot m\u00e5nen p\u00e5 grekiska - Talkpal","isPartOf":{"@id":"https:\/\/talkpal.ai\/sv\/#website"},"primaryImageOfPage":{"@id":"https:\/\/talkpal.ai\/sv\/vocabulary\/%ce%ae%ce%bb%ce%b9%ce%bf%cf%82-ilios-vs-%cf%83%ce%b5%ce%bb%ce%ae%ce%bd%ce%b7-selini-solen-mot-manen-pa-grekiska\/#primaryimage"},"image":{"@id":"https:\/\/talkpal.ai\/sv\/vocabulary\/%ce%ae%ce%bb%ce%b9%ce%bf%cf%82-ilios-vs-%cf%83%ce%b5%ce%bb%ce%ae%ce%bd%ce%b7-selini-solen-mot-manen-pa-grekiska\/#primaryimage"},"thumbnailUrl":"https:\/\/talkpal.ai\/wp-content\/uploads\/2025\/12\/friends-review-workbook-learning-languages.webp","datePublished":"2024-06-12T21:06:57+00:00","description":"Grekiska \u00e4r ett fascinerande spr\u00e5k med en rik historia och en m\u00e4ngd kulturella referenser. Tv\u00e5 av de mest grundl\u00e4ggande och symboliska orden i grekiskan","breadcrumb":{"@id":"https:\/\/talkpal.ai\/sv\/vocabulary\/%ce%ae%ce%bb%ce%b9%ce%bf%cf%82-ilios-vs-%cf%83%ce%b5%ce%bb%ce%ae%ce%bd%ce%b7-selini-solen-mot-manen-pa-grekiska\/#breadcrumb"},"inLanguage":"sv-SE","potentialAction":[{"@type":"ReadAction","target":["https:\/\/talkpal.ai\/sv\/vocabulary\/%ce%ae%ce%bb%ce%b9%ce%bf%cf%82-ilios-vs-%cf%83%ce%b5%ce%bb%ce%ae%ce%bd%ce%b7-selini-solen-mot-manen-pa-grekiska\/"]}]},{"@type":"ImageObject","inLanguage":"sv-SE","@id":"https:\/\/talkpal.ai\/sv\/vocabulary\/%ce%ae%ce%bb%ce%b9%ce%bf%cf%82-ilios-vs-%cf%83%ce%b5%ce%bb%ce%ae%ce%bd%ce%b7-selini-solen-mot-manen-pa-grekiska\/#primaryimage","url":"https:\/\/talkpal.ai\/wp-content\/uploads\/2025\/12\/friends-review-workbook-learning-languages.webp","contentUrl":"https:\/\/talkpal.ai\/wp-content\/uploads\/2025\/12\/friends-review-workbook-learning-languages.webp","width":1200,"height":896,"caption":"Two friends with curly hair review an open workbook while learning languages together."},{"@type":"BreadcrumbList","@id":"https:\/\/talkpal.ai\/sv\/vocabulary\/%ce%ae%ce%bb%ce%b9%ce%bf%cf%82-ilios-vs-%cf%83%ce%b5%ce%bb%ce%ae%ce%bd%ce%b7-selini-solen-mot-manen-pa-grekiska\/#breadcrumb","itemListElement":[{"@type":"ListItem","position":1,"name":"Homepage","item":"https:\/\/talkpal.ai\/sv\/"},{"@type":"ListItem","position":2,"name":"\u0389\u03bb\u03b9\u03bf\u03c2 (\u00cdlios) vs. \u03a3\u03b5\u03bb\u03ae\u03bd\u03b7 (Sel\u00edni) &#8211; Solen mot m\u00e5nen p\u00e5 grekiska"}]},{"@type":"WebSite","@id":"https:\/\/talkpal.ai\/sv\/#website","url":"https:\/\/talkpal.ai\/sv\/","name":"Talkpal","description":"AI Language Learning","publisher":{"@id":"https:\/\/talkpal.ai\/sv\/#organization"},"alternateName":"Talkpal AI","potentialAction":[{"@type":"SearchAction","target":{"@type":"EntryPoint","urlTemplate":"https:\/\/talkpal.ai\/sv\/?s={search_term_string}"},"query-input":{"@type":"PropertyValueSpecification","valueRequired":true,"valueName":"search_term_string"}}],"inLanguage":"sv-SE"},{"@type":"Organization","@id":"https:\/\/talkpal.ai\/sv\/#organization","name":"Talkpal, Inc.","alternateName":"Talkpal AI","url":"https:\/\/talkpal.ai\/sv\/","logo":{"@type":"ImageObject","inLanguage":"sv-SE","@id":"https:\/\/talkpal.ai\/sv\/#\/schema\/logo\/image\/","url":"https:\/\/talkpal.ai\/wp-content\/uploads\/2024\/03\/Talkpal-Logo-Icon.png","contentUrl":"https:\/\/talkpal.ai\/wp-content\/uploads\/2024\/03\/Talkpal-Logo-Icon.png","width":2880,"height":2880,"caption":"Talkpal, Inc."},"image":{"@id":"https:\/\/talkpal.ai\/sv\/#\/schema\/logo\/image\/"},"sameAs":["https:\/\/www.facebook.com\/profile.php?id=100090733639311","https:\/\/x.com\/talkpalai","https:\/\/www.linkedin.com\/company\/talkpal\/","https:\/\/www.youtube.com\/@TalkPal\/","https:\/\/www.tiktok.com\/@talkpal","https:\/\/www.instagram.com\/talkpal_ai\/","https:\/\/www.crunchbase.com\/organization\/talkpal-9cde","https:\/\/www.g2.com\/products\/talkpal-for-business\/","https:\/\/www.trustpilot.com\/review\/talkpal.ai","https:\/\/www.capterra.com\/p\/10006800\/TalkPal\/"],"description":"Talkpal is a language learning web and mobile education app, powered by the latest AI technologies, that provides engaging experiences to its customers in many different languages to help them improve their language skills. Users can chat about unlimited amount of topics with the app and use other modes to practice their language learning.","email":"support@talkpal.ai","legalName":"Talkpal, Inc.","foundingDate":"2023-04-03","duns":"118989042","numberOfEmployees":{"@type":"QuantitativeValue","minValue":"11","maxValue":"50"},"publishingPrinciples":"https:\/\/talkpal.ai\/publishing-principles\/","actionableFeedbackPolicy":"https:\/\/talkpal.ai\/actionable-feedback-policy\/","correctionsPolicy":"https:\/\/talkpal.ai\/corrections-policy\/","ethicsPolicy":"https:\/\/talkpal.ai\/ethics-policy\/","diversityPolicy":"https:\/\/talkpal.ai\/diversity-policy\/","diversityStaffingReport":"https:\/\/talkpal.ai\/diversity-policy\/"}]}},"_links":{"self":[{"href":"https:\/\/talkpal.ai\/sv\/wp-json\/wp\/v2\/vocabulary\/781384","targetHints":{"allow":["GET"]}}],"collection":[{"href":"https:\/\/talkpal.ai\/sv\/wp-json\/wp\/v2\/vocabulary"}],"about":[{"href":"https:\/\/talkpal.ai\/sv\/wp-json\/wp\/v2\/types\/vocabulary"}],"wp:featuredmedia":[{"embeddable":true,"href":"https:\/\/talkpal.ai\/sv\/wp-json\/wp\/v2\/media\/1527661"}],"wp:attachment":[{"href":"https:\/\/talkpal.ai\/sv\/wp-json\/wp\/v2\/media?parent=781384"}],"wp:term":[{"taxonomy":"vocabulary_language","embeddable":true,"href":"https:\/\/talkpal.ai\/sv\/wp-json\/wp\/v2\/vocabulary_language?post=781384"}],"curies":[{"name":"wp","href":"https:\/\/api.w.org\/{rel}","templated":true}]}}