{"id":781331,"date":"2024-06-12T21:02:47","date_gmt":"2024-06-12T21:02:47","guid":{"rendered":"https:\/\/talkpal.ai\/vocabulary\/perfecto-vs-imperfecto-perfekt-kontra-imperfekt-pa-galiciska\/"},"modified":"2024-06-12T21:02:47","modified_gmt":"2024-06-12T21:02:47","slug":"perfecto-vs-imperfecto-perfekt-kontra-imperfekt-pa-galiciska","status":"publish","type":"vocabulary","link":"https:\/\/talkpal.ai\/sv\/vocabulary\/perfecto-vs-imperfecto-perfekt-kontra-imperfekt-pa-galiciska\/","title":{"rendered":"Perfecto vs. Imperfecto &#8211; Perfekt kontra imperfekt p\u00e5 galiciska"},"content":{"rendered":"<p>Att l\u00e4ra sig ett nytt spr\u00e5k kan vara en utmaning, och en av de vanligaste sv\u00e5righeterna \u00e4r att f\u00f6rst\u00e5 hur man korrekt anv\u00e4nder olika verbformer. P\u00e5 <a href=\"https:\/\/talkpal.ai\/learn-galician\/\">galiciska<\/a>, precis som p\u00e5 m\u00e5nga andra romanska spr\u00e5k, \u00e4r skillnaden mellan <b>perfekt<\/b> och <b>imperfekt<\/b> en viktig aspekt att beh\u00e4rska. Denna artikel kommer att g\u00e5 igenom dessa tv\u00e5 verbformer och ge exempel f\u00f6r att hj\u00e4lpa dig att f\u00f6rst\u00e5 n\u00e4r och hur du ska anv\u00e4nda dem.<\/p>\n<h2>Vad \u00e4r perfekt?<\/h2>\n<p><b>Perfekt<\/b> anv\u00e4nds f\u00f6r att beskriva handlingar som har avslutats vid en viss tidpunkt i det f\u00f6rflutna. Det markerar n\u00e5got som har h\u00e4nt och som har en tydlig koppling till nuet eller en definierad tidpunkt. P\u00e5 galiciska bildas perfekt med hj\u00e4lp av hj\u00e4lpverbet &#8221;haber&#8221; i presens och huvudverbets participform.<\/p>\n<p>Exempel:<br \/>\n&#8211; Eu <b>he<\/b> comido (Jag har \u00e4tit)<br \/>\n&#8211; El <b>ha<\/b> estudiado (Han har studerat)<\/p>\n<h3>Bildning av perfekt<\/h3>\n<p>F\u00f6r att bilda perfekt p\u00e5 galiciska anv\u00e4nder man f\u00f6ljande struktur:<br \/>\n<b>haber<\/b> (i presens) + <b>participio<\/b> (av h<\/p>\n","protected":false},"featured_media":1527902,"template":"","vocabulary_language":[4184],"class_list":["post-781331","vocabulary","type-vocabulary","status-publish","has-post-thumbnail","hentry","vocabulary_language-galiciska"],"acf":[],"yoast_head":"<!-- This site is optimized with the Yoast SEO Premium plugin v27.2 (Yoast SEO v27.2) - https:\/\/yoast.com\/product\/yoast-seo-premium-wordpress\/ -->\n<title>Perfecto vs. Imperfecto - Perfekt kontra imperfekt p\u00e5 galiciska - Talkpal<\/title>\n<meta name=\"description\" content=\"Att l\u00e4ra sig ett nytt spr\u00e5k kan vara en utmaning, och en av de vanligaste sv\u00e5righeterna \u00e4r att f\u00f6rst\u00e5 hur man korrekt anv\u00e4nder olika verbformer. P\u00e5\" \/>\n<meta name=\"robots\" content=\"index, follow, max-snippet:-1, max-image-preview:large, max-video-preview:-1\" \/>\n<link rel=\"canonical\" href=\"https:\/\/talkpal.ai\/sv\/vocabulary\/perfecto-vs-imperfecto-perfekt-kontra-imperfekt-pa-galiciska\/\" \/>\n<meta property=\"og:locale\" content=\"sv_SE\" \/>\n<meta property=\"og:type\" content=\"article\" \/>\n<meta property=\"og:title\" content=\"Perfecto vs. Imperfecto - Perfekt kontra imperfekt p\u00e5 galiciska\" \/>\n<meta property=\"og:description\" content=\"Att l\u00e4ra sig ett nytt spr\u00e5k kan vara en utmaning, och en av de vanligaste sv\u00e5righeterna \u00e4r att f\u00f6rst\u00e5 hur man korrekt anv\u00e4nder olika verbformer. P\u00e5\" \/>\n<meta property=\"og:url\" content=\"https:\/\/talkpal.ai\/sv\/vocabulary\/perfecto-vs-imperfecto-perfekt-kontra-imperfekt-pa-galiciska\/\" \/>\n<meta property=\"og:site_name\" content=\"Talkpal\" \/>\n<meta property=\"article:publisher\" content=\"https:\/\/www.facebook.com\/profile.php?id=100090733639311\" \/>\n<meta property=\"og:image\" content=\"https:\/\/talkpal.ai\/wp-content\/uploads\/2024\/10\/talkpal_flat_illustration_of_a_employees_working_together_happi_c674ff77-e477-4e09-835a-01d30e561e99.png\" \/>\n\t<meta property=\"og:image:width\" content=\"1024\" \/>\n\t<meta property=\"og:image:height\" content=\"1024\" \/>\n\t<meta property=\"og:image:type\" content=\"image\/png\" \/>\n<meta name=\"twitter:card\" content=\"summary_large_image\" \/>\n<meta name=\"twitter:site\" content=\"@talkpalai\" \/>\n<meta name=\"twitter:label1\" content=\"Ber\u00e4knad l\u00e4stid\" \/>\n\t<meta name=\"twitter:data1\" content=\"1 minut\" \/>\n<script type=\"application\/ld+json\" class=\"yoast-schema-graph\">{\"@context\":\"https:\/\/schema.org\",\"@graph\":[{\"@type\":\"WebPage\",\"@id\":\"https:\/\/talkpal.ai\/sv\/vocabulary\/perfecto-vs-imperfecto-perfekt-kontra-imperfekt-pa-galiciska\/\",\"url\":\"https:\/\/talkpal.ai\/sv\/vocabulary\/perfecto-vs-imperfecto-perfekt-kontra-imperfekt-pa-galiciska\/\",\"name\":\"Perfecto vs. Imperfecto - Perfekt kontra imperfekt p\u00e5 galiciska - Talkpal\",\"isPartOf\":{\"@id\":\"https:\/\/talkpal.ai\/sv\/#website\"},\"primaryImageOfPage\":{\"@id\":\"https:\/\/talkpal.ai\/sv\/vocabulary\/perfecto-vs-imperfecto-perfekt-kontra-imperfekt-pa-galiciska\/#primaryimage\"},\"image\":{\"@id\":\"https:\/\/talkpal.ai\/sv\/vocabulary\/perfecto-vs-imperfecto-perfekt-kontra-imperfekt-pa-galiciska\/#primaryimage\"},\"thumbnailUrl\":\"https:\/\/talkpal.ai\/wp-content\/uploads\/2025\/12\/student-is-practicing-phonetics-to-learn-languages.webp\",\"datePublished\":\"2024-06-12T21:02:47+00:00\",\"description\":\"Att l\u00e4ra sig ett nytt spr\u00e5k kan vara en utmaning, och en av de vanligaste sv\u00e5righeterna \u00e4r att f\u00f6rst\u00e5 hur man korrekt anv\u00e4nder olika verbformer. P\u00e5\",\"breadcrumb\":{\"@id\":\"https:\/\/talkpal.ai\/sv\/vocabulary\/perfecto-vs-imperfecto-perfekt-kontra-imperfekt-pa-galiciska\/#breadcrumb\"},\"inLanguage\":\"sv-SE\",\"potentialAction\":[{\"@type\":\"ReadAction\",\"target\":[\"https:\/\/talkpal.ai\/sv\/vocabulary\/perfecto-vs-imperfecto-perfekt-kontra-imperfekt-pa-galiciska\/\"]}]},{\"@type\":\"ImageObject\",\"inLanguage\":\"sv-SE\",\"@id\":\"https:\/\/talkpal.ai\/sv\/vocabulary\/perfecto-vs-imperfecto-perfekt-kontra-imperfekt-pa-galiciska\/#primaryimage\",\"url\":\"https:\/\/talkpal.ai\/wp-content\/uploads\/2025\/12\/student-is-practicing-phonetics-to-learn-languages.webp\",\"contentUrl\":\"https:\/\/talkpal.ai\/wp-content\/uploads\/2025\/12\/student-is-practicing-phonetics-to-learn-languages.webp\",\"width\":1200,\"height\":896,\"caption\":\"A student wearing headphones writes notes while learning languages at a library desk with twin lamps.\"},{\"@type\":\"BreadcrumbList\",\"@id\":\"https:\/\/talkpal.ai\/sv\/vocabulary\/perfecto-vs-imperfecto-perfekt-kontra-imperfekt-pa-galiciska\/#breadcrumb\",\"itemListElement\":[{\"@type\":\"ListItem\",\"position\":1,\"name\":\"Homepage\",\"item\":\"https:\/\/talkpal.ai\/sv\/\"},{\"@type\":\"ListItem\",\"position\":2,\"name\":\"Perfecto vs. Imperfecto &#8211; Perfekt kontra imperfekt p\u00e5 galiciska\"}]},{\"@type\":\"WebSite\",\"@id\":\"https:\/\/talkpal.ai\/sv\/#website\",\"url\":\"https:\/\/talkpal.ai\/sv\/\",\"name\":\"Talkpal\",\"description\":\"AI Language Learning\",\"publisher\":{\"@id\":\"https:\/\/talkpal.ai\/sv\/#organization\"},\"alternateName\":\"Talkpal AI\",\"potentialAction\":[{\"@type\":\"SearchAction\",\"target\":{\"@type\":\"EntryPoint\",\"urlTemplate\":\"https:\/\/talkpal.ai\/sv\/?s={search_term_string}\"},\"query-input\":{\"@type\":\"PropertyValueSpecification\",\"valueRequired\":true,\"valueName\":\"search_term_string\"}}],\"inLanguage\":\"sv-SE\"},{\"@type\":\"Organization\",\"@id\":\"https:\/\/talkpal.ai\/sv\/#organization\",\"name\":\"Talkpal, Inc.\",\"alternateName\":\"Talkpal AI\",\"url\":\"https:\/\/talkpal.ai\/sv\/\",\"logo\":{\"@type\":\"ImageObject\",\"inLanguage\":\"sv-SE\",\"@id\":\"https:\/\/talkpal.ai\/sv\/#\/schema\/logo\/image\/\",\"url\":\"https:\/\/talkpal.ai\/wp-content\/uploads\/2024\/03\/Talkpal-Logo-Icon.png\",\"contentUrl\":\"https:\/\/talkpal.ai\/wp-content\/uploads\/2024\/03\/Talkpal-Logo-Icon.png\",\"width\":2880,\"height\":2880,\"caption\":\"Talkpal, Inc.\"},\"image\":{\"@id\":\"https:\/\/talkpal.ai\/sv\/#\/schema\/logo\/image\/\"},\"sameAs\":[\"https:\/\/www.facebook.com\/profile.php?id=100090733639311\",\"https:\/\/x.com\/talkpalai\",\"https:\/\/www.linkedin.com\/company\/talkpal\/\",\"https:\/\/www.youtube.com\/@TalkPal\/\",\"https:\/\/www.tiktok.com\/@talkpal\",\"https:\/\/www.instagram.com\/talkpal_ai\/\",\"https:\/\/www.crunchbase.com\/organization\/talkpal-9cde\",\"https:\/\/www.g2.com\/products\/talkpal-for-business\/\",\"https:\/\/www.trustpilot.com\/review\/talkpal.ai\",\"https:\/\/www.capterra.com\/p\/10006800\/TalkPal\/\"],\"description\":\"Talkpal is a language learning web and mobile education app, powered by the latest AI technologies, that provides engaging experiences to its customers in many different languages to help them improve their language skills. Users can chat about unlimited amount of topics with the app and use other modes to practice their language learning.\",\"email\":\"support@talkpal.ai\",\"legalName\":\"Talkpal, Inc.\",\"foundingDate\":\"2023-04-03\",\"duns\":\"118989042\",\"numberOfEmployees\":{\"@type\":\"QuantitativeValue\",\"minValue\":\"11\",\"maxValue\":\"50\"},\"publishingPrinciples\":\"https:\/\/talkpal.ai\/publishing-principles\/\",\"actionableFeedbackPolicy\":\"https:\/\/talkpal.ai\/actionable-feedback-policy\/\",\"correctionsPolicy\":\"https:\/\/talkpal.ai\/corrections-policy\/\",\"ethicsPolicy\":\"https:\/\/talkpal.ai\/ethics-policy\/\",\"diversityPolicy\":\"https:\/\/talkpal.ai\/diversity-policy\/\",\"diversityStaffingReport\":\"https:\/\/talkpal.ai\/diversity-policy\/\"}]}<\/script>\n<!-- \/ Yoast SEO Premium plugin. -->","yoast_head_json":{"title":"Perfecto vs. Imperfecto - Perfekt kontra imperfekt p\u00e5 galiciska - Talkpal","description":"Att l\u00e4ra sig ett nytt spr\u00e5k kan vara en utmaning, och en av de vanligaste sv\u00e5righeterna \u00e4r att f\u00f6rst\u00e5 hur man korrekt anv\u00e4nder olika verbformer. P\u00e5","robots":{"index":"index","follow":"follow","max-snippet":"max-snippet:-1","max-image-preview":"max-image-preview:large","max-video-preview":"max-video-preview:-1"},"canonical":"https:\/\/talkpal.ai\/sv\/vocabulary\/perfecto-vs-imperfecto-perfekt-kontra-imperfekt-pa-galiciska\/","og_locale":"sv_SE","og_type":"article","og_title":"Perfecto vs. Imperfecto - Perfekt kontra imperfekt p\u00e5 galiciska","og_description":"Att l\u00e4ra sig ett nytt spr\u00e5k kan vara en utmaning, och en av de vanligaste sv\u00e5righeterna \u00e4r att f\u00f6rst\u00e5 hur man korrekt anv\u00e4nder olika verbformer. P\u00e5","og_url":"https:\/\/talkpal.ai\/sv\/vocabulary\/perfecto-vs-imperfecto-perfekt-kontra-imperfekt-pa-galiciska\/","og_site_name":"Talkpal","article_publisher":"https:\/\/www.facebook.com\/profile.php?id=100090733639311","og_image":[{"width":1024,"height":1024,"url":"https:\/\/talkpal.ai\/wp-content\/uploads\/2024\/10\/talkpal_flat_illustration_of_a_employees_working_together_happi_c674ff77-e477-4e09-835a-01d30e561e99.png","type":"image\/png"}],"twitter_card":"summary_large_image","twitter_site":"@talkpalai","twitter_misc":{"Ber\u00e4knad l\u00e4stid":"1 minut"},"schema":{"@context":"https:\/\/schema.org","@graph":[{"@type":"WebPage","@id":"https:\/\/talkpal.ai\/sv\/vocabulary\/perfecto-vs-imperfecto-perfekt-kontra-imperfekt-pa-galiciska\/","url":"https:\/\/talkpal.ai\/sv\/vocabulary\/perfecto-vs-imperfecto-perfekt-kontra-imperfekt-pa-galiciska\/","name":"Perfecto vs. Imperfecto - Perfekt kontra imperfekt p\u00e5 galiciska - Talkpal","isPartOf":{"@id":"https:\/\/talkpal.ai\/sv\/#website"},"primaryImageOfPage":{"@id":"https:\/\/talkpal.ai\/sv\/vocabulary\/perfecto-vs-imperfecto-perfekt-kontra-imperfekt-pa-galiciska\/#primaryimage"},"image":{"@id":"https:\/\/talkpal.ai\/sv\/vocabulary\/perfecto-vs-imperfecto-perfekt-kontra-imperfekt-pa-galiciska\/#primaryimage"},"thumbnailUrl":"https:\/\/talkpal.ai\/wp-content\/uploads\/2025\/12\/student-is-practicing-phonetics-to-learn-languages.webp","datePublished":"2024-06-12T21:02:47+00:00","description":"Att l\u00e4ra sig ett nytt spr\u00e5k kan vara en utmaning, och en av de vanligaste sv\u00e5righeterna \u00e4r att f\u00f6rst\u00e5 hur man korrekt anv\u00e4nder olika verbformer. P\u00e5","breadcrumb":{"@id":"https:\/\/talkpal.ai\/sv\/vocabulary\/perfecto-vs-imperfecto-perfekt-kontra-imperfekt-pa-galiciska\/#breadcrumb"},"inLanguage":"sv-SE","potentialAction":[{"@type":"ReadAction","target":["https:\/\/talkpal.ai\/sv\/vocabulary\/perfecto-vs-imperfecto-perfekt-kontra-imperfekt-pa-galiciska\/"]}]},{"@type":"ImageObject","inLanguage":"sv-SE","@id":"https:\/\/talkpal.ai\/sv\/vocabulary\/perfecto-vs-imperfecto-perfekt-kontra-imperfekt-pa-galiciska\/#primaryimage","url":"https:\/\/talkpal.ai\/wp-content\/uploads\/2025\/12\/student-is-practicing-phonetics-to-learn-languages.webp","contentUrl":"https:\/\/talkpal.ai\/wp-content\/uploads\/2025\/12\/student-is-practicing-phonetics-to-learn-languages.webp","width":1200,"height":896,"caption":"A student wearing headphones writes notes while learning languages at a library desk with twin lamps."},{"@type":"BreadcrumbList","@id":"https:\/\/talkpal.ai\/sv\/vocabulary\/perfecto-vs-imperfecto-perfekt-kontra-imperfekt-pa-galiciska\/#breadcrumb","itemListElement":[{"@type":"ListItem","position":1,"name":"Homepage","item":"https:\/\/talkpal.ai\/sv\/"},{"@type":"ListItem","position":2,"name":"Perfecto vs. Imperfecto &#8211; Perfekt kontra imperfekt p\u00e5 galiciska"}]},{"@type":"WebSite","@id":"https:\/\/talkpal.ai\/sv\/#website","url":"https:\/\/talkpal.ai\/sv\/","name":"Talkpal","description":"AI Language Learning","publisher":{"@id":"https:\/\/talkpal.ai\/sv\/#organization"},"alternateName":"Talkpal AI","potentialAction":[{"@type":"SearchAction","target":{"@type":"EntryPoint","urlTemplate":"https:\/\/talkpal.ai\/sv\/?s={search_term_string}"},"query-input":{"@type":"PropertyValueSpecification","valueRequired":true,"valueName":"search_term_string"}}],"inLanguage":"sv-SE"},{"@type":"Organization","@id":"https:\/\/talkpal.ai\/sv\/#organization","name":"Talkpal, Inc.","alternateName":"Talkpal AI","url":"https:\/\/talkpal.ai\/sv\/","logo":{"@type":"ImageObject","inLanguage":"sv-SE","@id":"https:\/\/talkpal.ai\/sv\/#\/schema\/logo\/image\/","url":"https:\/\/talkpal.ai\/wp-content\/uploads\/2024\/03\/Talkpal-Logo-Icon.png","contentUrl":"https:\/\/talkpal.ai\/wp-content\/uploads\/2024\/03\/Talkpal-Logo-Icon.png","width":2880,"height":2880,"caption":"Talkpal, Inc."},"image":{"@id":"https:\/\/talkpal.ai\/sv\/#\/schema\/logo\/image\/"},"sameAs":["https:\/\/www.facebook.com\/profile.php?id=100090733639311","https:\/\/x.com\/talkpalai","https:\/\/www.linkedin.com\/company\/talkpal\/","https:\/\/www.youtube.com\/@TalkPal\/","https:\/\/www.tiktok.com\/@talkpal","https:\/\/www.instagram.com\/talkpal_ai\/","https:\/\/www.crunchbase.com\/organization\/talkpal-9cde","https:\/\/www.g2.com\/products\/talkpal-for-business\/","https:\/\/www.trustpilot.com\/review\/talkpal.ai","https:\/\/www.capterra.com\/p\/10006800\/TalkPal\/"],"description":"Talkpal is a language learning web and mobile education app, powered by the latest AI technologies, that provides engaging experiences to its customers in many different languages to help them improve their language skills. Users can chat about unlimited amount of topics with the app and use other modes to practice their language learning.","email":"support@talkpal.ai","legalName":"Talkpal, Inc.","foundingDate":"2023-04-03","duns":"118989042","numberOfEmployees":{"@type":"QuantitativeValue","minValue":"11","maxValue":"50"},"publishingPrinciples":"https:\/\/talkpal.ai\/publishing-principles\/","actionableFeedbackPolicy":"https:\/\/talkpal.ai\/actionable-feedback-policy\/","correctionsPolicy":"https:\/\/talkpal.ai\/corrections-policy\/","ethicsPolicy":"https:\/\/talkpal.ai\/ethics-policy\/","diversityPolicy":"https:\/\/talkpal.ai\/diversity-policy\/","diversityStaffingReport":"https:\/\/talkpal.ai\/diversity-policy\/"}]}},"_links":{"self":[{"href":"https:\/\/talkpal.ai\/sv\/wp-json\/wp\/v2\/vocabulary\/781331","targetHints":{"allow":["GET"]}}],"collection":[{"href":"https:\/\/talkpal.ai\/sv\/wp-json\/wp\/v2\/vocabulary"}],"about":[{"href":"https:\/\/talkpal.ai\/sv\/wp-json\/wp\/v2\/types\/vocabulary"}],"wp:featuredmedia":[{"embeddable":true,"href":"https:\/\/talkpal.ai\/sv\/wp-json\/wp\/v2\/media\/1527902"}],"wp:attachment":[{"href":"https:\/\/talkpal.ai\/sv\/wp-json\/wp\/v2\/media?parent=781331"}],"wp:term":[{"taxonomy":"vocabulary_language","embeddable":true,"href":"https:\/\/talkpal.ai\/sv\/wp-json\/wp\/v2\/vocabulary_language?post=781331"}],"curies":[{"name":"wp","href":"https:\/\/api.w.org\/{rel}","templated":true}]}}