{"id":781329,"date":"2024-06-12T21:02:22","date_gmt":"2024-06-12T21:02:22","guid":{"rendered":"https:\/\/talkpal.ai\/vocabulary\/grande-vs-pequeno-stor-vs-liten-pa-galiciska\/"},"modified":"2024-06-12T21:02:22","modified_gmt":"2024-06-12T21:02:22","slug":"grande-vs-pequeno-stor-vs-liten-pa-galiciska","status":"publish","type":"vocabulary","link":"https:\/\/talkpal.ai\/sv\/vocabulary\/grande-vs-pequeno-stor-vs-liten-pa-galiciska\/","title":{"rendered":"Grande vs. Pequeno &#8211; Stor vs. Liten p\u00e5 galiciska"},"content":{"rendered":"<p>N\u00e4r man l\u00e4r sig ett nytt spr\u00e5k \u00e4r det viktigt att f\u00f6rst\u00e5 de grundl\u00e4ggande adjektiven som beskriver storlek. P\u00e5 <a href=\"https:\/\/talkpal.ai\/learn-galician\/\">galiciska<\/a>, ett spr\u00e5k som <a href=\"https:\/\/talkpal.ai\/locations\/language-courses-in-talas\/\">talas<\/a> i nordv\u00e4stra Spanien, finns det tv\u00e5 vanliga adjektiv som anv\u00e4nds f\u00f6r att beskriva storlek: <b>grande<\/b> (stor) och <b>pequeno<\/b> (liten). I denna artikel kommer vi att j\u00e4mf\u00f6ra dessa ord och deras <a href=\"https:\/\/talkpal.ai\/learn-swedish\/\">svenska<\/a> motsvarigheter, <b>stor<\/b> och <b>liten<\/b>, samt ge exempel p\u00e5 hur de anv\u00e4nds i meningar.<\/p>\n<h2>Grundl\u00e4ggande betydelser<\/h2>\n<p>P\u00e5 galiciska betyder <b>grande<\/b> &#8221;stor&#8221; och <b>pequeno<\/b> &#8221;liten&#8221;. Dessa ord anv\u00e4nds f\u00f6r att beskriva fysiska storlekar, men ocks\u00e5 abstrakta begrepp som kan ha olika grad av storlek eller betydelse.<\/p>\n<h3>Grande<\/h3>\n<p>Ordet <b>grande<\/b> anv\u00e4nds f\u00f6r att beskriva n\u00e5got som \u00e4r st\u00f6rre \u00e4n genomsnittet. Det kan anv\u00e4ndas f\u00f6r att beskriva b\u00e5de konkreta och abstrakta saker. H\u00e4r \u00e4r n\u00e5gra exempel:<\/p>\n<p>&#8211; <b>Unha casa grande<\/b> (Ett stort hus)<br \/>\n&#8211; <b>Un coche grande<\/b> (En stor bil)<br \/>\n&#8211; <b>Un problema grande<\/b> (Ett stort problem)<\/p>\n<p>Som du kan se kan <b>grande<\/b> anv\u00e4ndas b\u00e5de f\u00f6r att beskriva fysiska objekt som hus och bilar, men ocks\u00e5 f\u00f6r att beskriva n\u00e5got abstrakt som ett problem.<\/p>\n<h3>Pequeno<\/h3>\n<p>Ordet <b>pequeno<\/b> anv\u00e4nds f\u00f6r att beskriva n\u00e5got som \u00e4r mindre \u00e4n genomsnittet. Precis som <b>grande<\/b> kan <b>pequeno<\/b> anv\u00e4ndas b\u00e5de f\u00f6r konkreta och abstrakta saker. H\u00e4r \u00e4r n\u00e5gra exempel:<\/p>\n<p>&#8211; <b>Unha casa pequena<\/b> (Ett litet hus)<br \/>\n&#8211; <b>Un coche pequeno<\/b> (En liten bil)<br \/>\n&#8211; <b>Un problema pequeno<\/b> (Ett litet problem)<\/p>\n<p><b>Pequeno<\/b> har samma flexibilitet som <b>grande<\/b> och kan anv\u00e4ndas i m\u00e5nga olika sammanhang.<\/p>\n<h2>Anv\u00e4ndning i meningar<\/h2>\n<p>F\u00f6r att verkligen f\u00f6rst\u00e5 hur <b>grande<\/b> och <b>pequeno<\/b> anv\u00e4nds i galiciska meningar, l\u00e5t <a href=\"https:\/\/talkpal.ai\/locations\/language-courses-in-oss\/\">oss<\/a> titta p\u00e5 n\u00e5gra exempel som j\u00e4mf\u00f6r med svenska meningar.<\/p>\n<h3>Exempel med Grande<\/h3>\n<p>1. <b>Galiciska:<\/b> <b>Ela ten un libro grande.<\/b><br \/>\n   <b>Svenska:<\/b> Hon har en stor bok.<\/p>\n<p>2. <b>Galiciska:<\/b> <b>O parque \u00e9 moi grande.<\/b><br \/>\n   <b>Svenska:<\/b> Parken \u00e4r mycket stor.<\/p>\n<p>3. <b>Galiciska:<\/b> <b>\u00c9 un gran d\u00eda para unha cami\u00f1ada.<\/b><br \/>\n   <b>Svenska:<\/b> Det \u00e4r en stor dag f\u00f6r en vandring.<\/p>\n<h3>Exempel med Pequeno<\/h3>\n<p>1. <b>Galiciska:<\/b> <b>O gato \u00e9 moi pequeno.<\/b><br \/>\n   <b>Svenska:<\/b> Katten \u00e4r mycket liten.<\/p>\n<p>2. <b>Galiciska:<\/b> <b>Ela vive nun apartamento pequeno.<\/b><br \/>\n   <b>Svenska:<\/b> Hon <a href=\"https:\/\/talkpal.ai\/locations\/language-courses-in-bor\/\">bor<\/a> i en liten l\u00e4genhet.<\/p>\n<p>3. <b>Galiciska:<\/b> <b>Hai un pequeno erro no informe.<\/b><br \/>\n   <b>Svenska:<\/b> <a href=\"https:\/\/talkpal.ai\/culture\/how-do-i-use-det-finns-correctly\/\">Det finns<\/a> ett litet fel i rapporten.<\/p>\n<h2>Komparativ och superlativ<\/h2>\n<p>I b\u00e5de galiciska och svenska kan adjektiv b\u00f6jas i komparativ och superlativ f\u00f6r att uttrycka j\u00e4mf\u00f6relser och extremiteter.<\/p>\n<h3>Komparativ av Grande och Pequeno<\/h3>\n<p>F\u00f6r att uttrycka att n\u00e5got \u00e4r st\u00f6rre eller mindre \u00e4n n\u00e5got annat anv\u00e4nds komparativformen.<\/p>\n<p><b>Grande:<\/b><br \/>\n&#8211; <b>Galiciska:<\/b> <b>m\u00e1is grande<\/b> eller <b>maior<\/b><br \/>\n&#8211; <b>Svenska:<\/b> st\u00f6rre<\/p>\n<p><b>Pequeno:<\/b><br \/>\n&#8211; <b>Galiciska:<\/b> <b>m\u00e1is pequeno<\/b> eller <b>menor<\/b><br \/>\n&#8211; <b>Svenska:<\/b> mindre<\/p>\n<h3>Superlativ av Grande och Pequeno<\/h3>\n<p>F\u00f6r att uttrycka att n\u00e5got \u00e4r st\u00f6rst eller minst anv\u00e4nds superlativformen.<\/p>\n<p><b>Grande:<\/b><br \/>\n&#8211; <b>Galiciska:<\/b> <b>o m\u00e1is grande<\/b> eller <b>o maior<\/b><br \/>\n&#8211; <b>Svenska:<\/b> st\u00f6rst<\/p>\n<p><b>Pequeno:<\/b><br \/>\n&#8211; <b>Galiciska:<\/b> <b>o m\u00e1is pequeno<\/b> eller <b>o menor<\/b><br \/>\n&#8211; <b>Svenska:<\/b> minst<\/p>\n<h2>Idiomatisk anv\u00e4ndning<\/h2>\n<p>Precis som i svenska finns det idiomatiska uttryck p\u00e5 galiciska som anv\u00e4nder <b>grande<\/b> och <b>pequeno<\/b>. H\u00e4r \u00e4r n\u00e5gra exempel:<\/p>\n<h3>Idiomer med Grande<\/h3>\n<p>1. <b>Galiciska:<\/b> <b>Facer algo a grande<\/b><br \/>\n   <b>Svenska:<\/b> G\u00f6ra n\u00e5got stort (g\u00f6ra n\u00e5got i stor stil)<\/p>\n<p>2. <b>Galiciska:<\/b> <b>De grande coraz\u00f3n<\/b><br \/>\n   <b>Svenska:<\/b> Av stort hj\u00e4rta (gener\u00f6s)<\/p>\n<h3>Idiomer med Pequeno<\/h3>\n<p>1. <b>Galiciska:<\/b> <b>Un pequeno detalle<\/b><br \/>\n   <b>Svenska:<\/b> En liten detalj (n\u00e5got obetydligt)<\/p>\n<p>2. <b>Galiciska:<\/b> <b>Pequeno pero mat\u00f3n<\/b><br \/>\n   <b>Svenska:<\/b> Liten men tuff (n\u00e5gon som \u00e4r liten men stark eller best\u00e4md)<\/p>\n<h2>Kulturella skillnader<\/h2>\n<p>Det \u00e4r ocks\u00e5 v\u00e4rt att n\u00e4mna att kulturella skillnader kan p\u00e5verka hur adjektiv som <b>grande<\/b> och <b>pequeno<\/b> uppfattas och anv\u00e4nds. I vissa kulturer kan det vara mer vanligt att \u00f6verdriva eller underdriva storleken p\u00e5 n\u00e5got f\u00f6r att g\u00f6ra en po\u00e4ng eller f\u00f6r att vara artig.<\/p>\n<h3>\u00d6verdrifter<\/h3>\n<p>I galiciska kan man ibland anv\u00e4nda <b>grande<\/b> och <b>pequeno<\/b> f\u00f6r att \u00f6verdriva och skapa en mer dramatisk effekt.<\/p>\n<p>&#8211; <b>Galiciska:<\/b> <b>Foi un gran fracaso.<\/b><br \/>\n   <b>Svenska:<\/b> Det var ett stort misslyckande.<\/p>\n<p>&#8211; <b>Galiciska:<\/b> <b>\u00c9 un pequeno xenio.<\/b><br \/>\n   <b>Svenska:<\/b> Han \u00e4r ett litet geni (mycket beg\u00e5vad trots sin unga \u00e5lder).<\/p>\n<h3>Underdrifter<\/h3>\n<p>I vissa sammanhang kan man ocks\u00e5 anv\u00e4nda dessa adjektiv f\u00f6r att underdriva och d\u00e4rmed framst\u00e5 som \u00f6dmjuk eller artig.<\/p>\n<p>&#8211; <b>Galiciska:<\/b> <b>Te\u00f1o un pequeno favor que pedir.<\/b><br \/>\n   <b>Svenska:<\/b> Jag har en liten tj\u00e4nst att be om (egentligen kan det vara en stor tj\u00e4nst).<\/p>\n<p>&#8211; <b>Galiciska:<\/b> <b>\u00c9 unha gran responsabilidade.<\/b><br \/>\n   <b>Svenska:<\/b> Det \u00e4r ett stort ansvar (kan anv\u00e4ndas f\u00f6r att framh\u00e4va vikten av n\u00e5got).<\/p>\n<h2>Slutsats<\/h2>\n<p>Att f\u00f6rst\u00e5 och kunna anv\u00e4nda de grundl\u00e4ggande adjektiven <b>grande<\/b> och <b>pequeno<\/b> p\u00e5 galiciska \u00e4r en viktig del av att beh\u00e4rska spr\u00e5ket. Genom att j\u00e4mf\u00f6ra dessa med deras svenska motsvarigheter <b>stor<\/b> och <b>liten<\/b> kan man f\u00e5 en djupare f\u00f6rst\u00e5else f\u00f6r hur storlek och proportioner uttrycks i olika sammanhang. Oavsett om du beskriver konkreta objekt, abstrakta begrepp eller anv\u00e4nder idiomatiska uttryck, kommer dessa adjektiv att vara ov\u00e4rderliga verktyg i din <a href=\"https:\/\/talkpal.ai\/sv\/hur-lar-man-sig-ett-sprak-via-talkpal-chat\/\">spr\u00e5kinl\u00e4rning<\/a>.<\/p>\n","protected":false},"featured_media":1527677,"template":"","vocabulary_language":[4184],"class_list":["post-781329","vocabulary","type-vocabulary","status-publish","has-post-thumbnail","hentry","vocabulary_language-galiciska"],"acf":[],"yoast_head":"<!-- This site is optimized with the Yoast SEO Premium plugin v27.2 (Yoast SEO v27.2) - https:\/\/yoast.com\/product\/yoast-seo-premium-wordpress\/ -->\n<title>Grande vs. Pequeno - Stor vs. Liten p\u00e5 galiciska - Talkpal<\/title>\n<meta name=\"description\" content=\"N\u00e4r man l\u00e4r sig ett nytt spr\u00e5k \u00e4r det viktigt att f\u00f6rst\u00e5 de grundl\u00e4ggande adjektiven som beskriver storlek. P\u00e5 galiciska, ett spr\u00e5k som talas i nordv\u00e4stra\" \/>\n<meta name=\"robots\" content=\"index, follow, max-snippet:-1, max-image-preview:large, max-video-preview:-1\" \/>\n<link rel=\"canonical\" href=\"https:\/\/talkpal.ai\/sv\/vocabulary\/grande-vs-pequeno-stor-vs-liten-pa-galiciska\/\" \/>\n<meta property=\"og:locale\" content=\"sv_SE\" \/>\n<meta property=\"og:type\" content=\"article\" \/>\n<meta property=\"og:title\" content=\"Grande vs. Pequeno - Stor vs. Liten p\u00e5 galiciska\" \/>\n<meta property=\"og:description\" content=\"N\u00e4r man l\u00e4r sig ett nytt spr\u00e5k \u00e4r det viktigt att f\u00f6rst\u00e5 de grundl\u00e4ggande adjektiven som beskriver storlek. P\u00e5 galiciska, ett spr\u00e5k som talas i nordv\u00e4stra\" \/>\n<meta property=\"og:url\" content=\"https:\/\/talkpal.ai\/sv\/vocabulary\/grande-vs-pequeno-stor-vs-liten-pa-galiciska\/\" \/>\n<meta property=\"og:site_name\" content=\"Talkpal\" \/>\n<meta property=\"article:publisher\" content=\"https:\/\/www.facebook.com\/profile.php?id=100090733639311\" \/>\n<meta property=\"og:image\" content=\"https:\/\/talkpal.ai\/wp-content\/uploads\/2024\/10\/talkpal_flat_illustration_of_a_employees_working_together_happi_c674ff77-e477-4e09-835a-01d30e561e99.png\" \/>\n\t<meta property=\"og:image:width\" content=\"1024\" \/>\n\t<meta property=\"og:image:height\" content=\"1024\" \/>\n\t<meta property=\"og:image:type\" content=\"image\/png\" \/>\n<meta name=\"twitter:card\" content=\"summary_large_image\" \/>\n<meta name=\"twitter:site\" content=\"@talkpalai\" \/>\n<meta name=\"twitter:label1\" content=\"Ber\u00e4knad l\u00e4stid\" \/>\n\t<meta name=\"twitter:data1\" content=\"4 minuter\" \/>\n<script type=\"application\/ld+json\" class=\"yoast-schema-graph\">{\"@context\":\"https:\/\/schema.org\",\"@graph\":[{\"@type\":\"WebPage\",\"@id\":\"https:\/\/talkpal.ai\/sv\/vocabulary\/grande-vs-pequeno-stor-vs-liten-pa-galiciska\/\",\"url\":\"https:\/\/talkpal.ai\/sv\/vocabulary\/grande-vs-pequeno-stor-vs-liten-pa-galiciska\/\",\"name\":\"Grande vs. Pequeno - Stor vs. Liten p\u00e5 galiciska - Talkpal\",\"isPartOf\":{\"@id\":\"https:\/\/talkpal.ai\/sv\/#website\"},\"primaryImageOfPage\":{\"@id\":\"https:\/\/talkpal.ai\/sv\/vocabulary\/grande-vs-pequeno-stor-vs-liten-pa-galiciska\/#primaryimage\"},\"image\":{\"@id\":\"https:\/\/talkpal.ai\/sv\/vocabulary\/grande-vs-pequeno-stor-vs-liten-pa-galiciska\/#primaryimage\"},\"thumbnailUrl\":\"https:\/\/talkpal.ai\/wp-content\/uploads\/2025\/12\/group-discusses-plans-to-learn-languages.webp\",\"datePublished\":\"2024-06-12T21:02:22+00:00\",\"description\":\"N\u00e4r man l\u00e4r sig ett nytt spr\u00e5k \u00e4r det viktigt att f\u00f6rst\u00e5 de grundl\u00e4ggande adjektiven som beskriver storlek. P\u00e5 galiciska, ett spr\u00e5k som talas i nordv\u00e4stra\",\"breadcrumb\":{\"@id\":\"https:\/\/talkpal.ai\/sv\/vocabulary\/grande-vs-pequeno-stor-vs-liten-pa-galiciska\/#breadcrumb\"},\"inLanguage\":\"sv-SE\",\"potentialAction\":[{\"@type\":\"ReadAction\",\"target\":[\"https:\/\/talkpal.ai\/sv\/vocabulary\/grande-vs-pequeno-stor-vs-liten-pa-galiciska\/\"]}]},{\"@type\":\"ImageObject\",\"inLanguage\":\"sv-SE\",\"@id\":\"https:\/\/talkpal.ai\/sv\/vocabulary\/grande-vs-pequeno-stor-vs-liten-pa-galiciska\/#primaryimage\",\"url\":\"https:\/\/talkpal.ai\/wp-content\/uploads\/2025\/12\/group-discusses-plans-to-learn-languages.webp\",\"contentUrl\":\"https:\/\/talkpal.ai\/wp-content\/uploads\/2025\/12\/group-discusses-plans-to-learn-languages.webp\",\"width\":1200,\"height\":896,\"caption\":\"Three people talk at a table while learning languages with laptops and papers.\"},{\"@type\":\"BreadcrumbList\",\"@id\":\"https:\/\/talkpal.ai\/sv\/vocabulary\/grande-vs-pequeno-stor-vs-liten-pa-galiciska\/#breadcrumb\",\"itemListElement\":[{\"@type\":\"ListItem\",\"position\":1,\"name\":\"Homepage\",\"item\":\"https:\/\/talkpal.ai\/sv\/\"},{\"@type\":\"ListItem\",\"position\":2,\"name\":\"Grande vs. Pequeno &#8211; Stor vs. Liten p\u00e5 galiciska\"}]},{\"@type\":\"WebSite\",\"@id\":\"https:\/\/talkpal.ai\/sv\/#website\",\"url\":\"https:\/\/talkpal.ai\/sv\/\",\"name\":\"Talkpal\",\"description\":\"AI Language Learning\",\"publisher\":{\"@id\":\"https:\/\/talkpal.ai\/sv\/#organization\"},\"alternateName\":\"Talkpal AI\",\"potentialAction\":[{\"@type\":\"SearchAction\",\"target\":{\"@type\":\"EntryPoint\",\"urlTemplate\":\"https:\/\/talkpal.ai\/sv\/?s={search_term_string}\"},\"query-input\":{\"@type\":\"PropertyValueSpecification\",\"valueRequired\":true,\"valueName\":\"search_term_string\"}}],\"inLanguage\":\"sv-SE\"},{\"@type\":\"Organization\",\"@id\":\"https:\/\/talkpal.ai\/sv\/#organization\",\"name\":\"Talkpal, Inc.\",\"alternateName\":\"Talkpal AI\",\"url\":\"https:\/\/talkpal.ai\/sv\/\",\"logo\":{\"@type\":\"ImageObject\",\"inLanguage\":\"sv-SE\",\"@id\":\"https:\/\/talkpal.ai\/sv\/#\/schema\/logo\/image\/\",\"url\":\"https:\/\/talkpal.ai\/wp-content\/uploads\/2024\/03\/Talkpal-Logo-Icon.png\",\"contentUrl\":\"https:\/\/talkpal.ai\/wp-content\/uploads\/2024\/03\/Talkpal-Logo-Icon.png\",\"width\":2880,\"height\":2880,\"caption\":\"Talkpal, Inc.\"},\"image\":{\"@id\":\"https:\/\/talkpal.ai\/sv\/#\/schema\/logo\/image\/\"},\"sameAs\":[\"https:\/\/www.facebook.com\/profile.php?id=100090733639311\",\"https:\/\/x.com\/talkpalai\",\"https:\/\/www.linkedin.com\/company\/talkpal\/\",\"https:\/\/www.youtube.com\/@TalkPal\/\",\"https:\/\/www.tiktok.com\/@talkpal\",\"https:\/\/www.instagram.com\/talkpal_ai\/\",\"https:\/\/www.crunchbase.com\/organization\/talkpal-9cde\",\"https:\/\/www.g2.com\/products\/talkpal-for-business\/\",\"https:\/\/www.trustpilot.com\/review\/talkpal.ai\",\"https:\/\/www.capterra.com\/p\/10006800\/TalkPal\/\"],\"description\":\"Talkpal is a language learning web and mobile education app, powered by the latest AI technologies, that provides engaging experiences to its customers in many different languages to help them improve their language skills. Users can chat about unlimited amount of topics with the app and use other modes to practice their language learning.\",\"email\":\"support@talkpal.ai\",\"legalName\":\"Talkpal, Inc.\",\"foundingDate\":\"2023-04-03\",\"duns\":\"118989042\",\"numberOfEmployees\":{\"@type\":\"QuantitativeValue\",\"minValue\":\"11\",\"maxValue\":\"50\"},\"publishingPrinciples\":\"https:\/\/talkpal.ai\/publishing-principles\/\",\"actionableFeedbackPolicy\":\"https:\/\/talkpal.ai\/actionable-feedback-policy\/\",\"correctionsPolicy\":\"https:\/\/talkpal.ai\/corrections-policy\/\",\"ethicsPolicy\":\"https:\/\/talkpal.ai\/ethics-policy\/\",\"diversityPolicy\":\"https:\/\/talkpal.ai\/diversity-policy\/\",\"diversityStaffingReport\":\"https:\/\/talkpal.ai\/diversity-policy\/\"}]}<\/script>\n<!-- \/ Yoast SEO Premium plugin. -->","yoast_head_json":{"title":"Grande vs. Pequeno - Stor vs. Liten p\u00e5 galiciska - Talkpal","description":"N\u00e4r man l\u00e4r sig ett nytt spr\u00e5k \u00e4r det viktigt att f\u00f6rst\u00e5 de grundl\u00e4ggande adjektiven som beskriver storlek. P\u00e5 galiciska, ett spr\u00e5k som talas i nordv\u00e4stra","robots":{"index":"index","follow":"follow","max-snippet":"max-snippet:-1","max-image-preview":"max-image-preview:large","max-video-preview":"max-video-preview:-1"},"canonical":"https:\/\/talkpal.ai\/sv\/vocabulary\/grande-vs-pequeno-stor-vs-liten-pa-galiciska\/","og_locale":"sv_SE","og_type":"article","og_title":"Grande vs. Pequeno - Stor vs. Liten p\u00e5 galiciska","og_description":"N\u00e4r man l\u00e4r sig ett nytt spr\u00e5k \u00e4r det viktigt att f\u00f6rst\u00e5 de grundl\u00e4ggande adjektiven som beskriver storlek. P\u00e5 galiciska, ett spr\u00e5k som talas i nordv\u00e4stra","og_url":"https:\/\/talkpal.ai\/sv\/vocabulary\/grande-vs-pequeno-stor-vs-liten-pa-galiciska\/","og_site_name":"Talkpal","article_publisher":"https:\/\/www.facebook.com\/profile.php?id=100090733639311","og_image":[{"width":1024,"height":1024,"url":"https:\/\/talkpal.ai\/wp-content\/uploads\/2024\/10\/talkpal_flat_illustration_of_a_employees_working_together_happi_c674ff77-e477-4e09-835a-01d30e561e99.png","type":"image\/png"}],"twitter_card":"summary_large_image","twitter_site":"@talkpalai","twitter_misc":{"Ber\u00e4knad l\u00e4stid":"4 minuter"},"schema":{"@context":"https:\/\/schema.org","@graph":[{"@type":"WebPage","@id":"https:\/\/talkpal.ai\/sv\/vocabulary\/grande-vs-pequeno-stor-vs-liten-pa-galiciska\/","url":"https:\/\/talkpal.ai\/sv\/vocabulary\/grande-vs-pequeno-stor-vs-liten-pa-galiciska\/","name":"Grande vs. Pequeno - Stor vs. Liten p\u00e5 galiciska - Talkpal","isPartOf":{"@id":"https:\/\/talkpal.ai\/sv\/#website"},"primaryImageOfPage":{"@id":"https:\/\/talkpal.ai\/sv\/vocabulary\/grande-vs-pequeno-stor-vs-liten-pa-galiciska\/#primaryimage"},"image":{"@id":"https:\/\/talkpal.ai\/sv\/vocabulary\/grande-vs-pequeno-stor-vs-liten-pa-galiciska\/#primaryimage"},"thumbnailUrl":"https:\/\/talkpal.ai\/wp-content\/uploads\/2025\/12\/group-discusses-plans-to-learn-languages.webp","datePublished":"2024-06-12T21:02:22+00:00","description":"N\u00e4r man l\u00e4r sig ett nytt spr\u00e5k \u00e4r det viktigt att f\u00f6rst\u00e5 de grundl\u00e4ggande adjektiven som beskriver storlek. P\u00e5 galiciska, ett spr\u00e5k som talas i nordv\u00e4stra","breadcrumb":{"@id":"https:\/\/talkpal.ai\/sv\/vocabulary\/grande-vs-pequeno-stor-vs-liten-pa-galiciska\/#breadcrumb"},"inLanguage":"sv-SE","potentialAction":[{"@type":"ReadAction","target":["https:\/\/talkpal.ai\/sv\/vocabulary\/grande-vs-pequeno-stor-vs-liten-pa-galiciska\/"]}]},{"@type":"ImageObject","inLanguage":"sv-SE","@id":"https:\/\/talkpal.ai\/sv\/vocabulary\/grande-vs-pequeno-stor-vs-liten-pa-galiciska\/#primaryimage","url":"https:\/\/talkpal.ai\/wp-content\/uploads\/2025\/12\/group-discusses-plans-to-learn-languages.webp","contentUrl":"https:\/\/talkpal.ai\/wp-content\/uploads\/2025\/12\/group-discusses-plans-to-learn-languages.webp","width":1200,"height":896,"caption":"Three people talk at a table while learning languages with laptops and papers."},{"@type":"BreadcrumbList","@id":"https:\/\/talkpal.ai\/sv\/vocabulary\/grande-vs-pequeno-stor-vs-liten-pa-galiciska\/#breadcrumb","itemListElement":[{"@type":"ListItem","position":1,"name":"Homepage","item":"https:\/\/talkpal.ai\/sv\/"},{"@type":"ListItem","position":2,"name":"Grande vs. Pequeno &#8211; Stor vs. Liten p\u00e5 galiciska"}]},{"@type":"WebSite","@id":"https:\/\/talkpal.ai\/sv\/#website","url":"https:\/\/talkpal.ai\/sv\/","name":"Talkpal","description":"AI Language Learning","publisher":{"@id":"https:\/\/talkpal.ai\/sv\/#organization"},"alternateName":"Talkpal AI","potentialAction":[{"@type":"SearchAction","target":{"@type":"EntryPoint","urlTemplate":"https:\/\/talkpal.ai\/sv\/?s={search_term_string}"},"query-input":{"@type":"PropertyValueSpecification","valueRequired":true,"valueName":"search_term_string"}}],"inLanguage":"sv-SE"},{"@type":"Organization","@id":"https:\/\/talkpal.ai\/sv\/#organization","name":"Talkpal, Inc.","alternateName":"Talkpal AI","url":"https:\/\/talkpal.ai\/sv\/","logo":{"@type":"ImageObject","inLanguage":"sv-SE","@id":"https:\/\/talkpal.ai\/sv\/#\/schema\/logo\/image\/","url":"https:\/\/talkpal.ai\/wp-content\/uploads\/2024\/03\/Talkpal-Logo-Icon.png","contentUrl":"https:\/\/talkpal.ai\/wp-content\/uploads\/2024\/03\/Talkpal-Logo-Icon.png","width":2880,"height":2880,"caption":"Talkpal, Inc."},"image":{"@id":"https:\/\/talkpal.ai\/sv\/#\/schema\/logo\/image\/"},"sameAs":["https:\/\/www.facebook.com\/profile.php?id=100090733639311","https:\/\/x.com\/talkpalai","https:\/\/www.linkedin.com\/company\/talkpal\/","https:\/\/www.youtube.com\/@TalkPal\/","https:\/\/www.tiktok.com\/@talkpal","https:\/\/www.instagram.com\/talkpal_ai\/","https:\/\/www.crunchbase.com\/organization\/talkpal-9cde","https:\/\/www.g2.com\/products\/talkpal-for-business\/","https:\/\/www.trustpilot.com\/review\/talkpal.ai","https:\/\/www.capterra.com\/p\/10006800\/TalkPal\/"],"description":"Talkpal is a language learning web and mobile education app, powered by the latest AI technologies, that provides engaging experiences to its customers in many different languages to help them improve their language skills. Users can chat about unlimited amount of topics with the app and use other modes to practice their language learning.","email":"support@talkpal.ai","legalName":"Talkpal, Inc.","foundingDate":"2023-04-03","duns":"118989042","numberOfEmployees":{"@type":"QuantitativeValue","minValue":"11","maxValue":"50"},"publishingPrinciples":"https:\/\/talkpal.ai\/publishing-principles\/","actionableFeedbackPolicy":"https:\/\/talkpal.ai\/actionable-feedback-policy\/","correctionsPolicy":"https:\/\/talkpal.ai\/corrections-policy\/","ethicsPolicy":"https:\/\/talkpal.ai\/ethics-policy\/","diversityPolicy":"https:\/\/talkpal.ai\/diversity-policy\/","diversityStaffingReport":"https:\/\/talkpal.ai\/diversity-policy\/"}]}},"_links":{"self":[{"href":"https:\/\/talkpal.ai\/sv\/wp-json\/wp\/v2\/vocabulary\/781329","targetHints":{"allow":["GET"]}}],"collection":[{"href":"https:\/\/talkpal.ai\/sv\/wp-json\/wp\/v2\/vocabulary"}],"about":[{"href":"https:\/\/talkpal.ai\/sv\/wp-json\/wp\/v2\/types\/vocabulary"}],"wp:featuredmedia":[{"embeddable":true,"href":"https:\/\/talkpal.ai\/sv\/wp-json\/wp\/v2\/media\/1527677"}],"wp:attachment":[{"href":"https:\/\/talkpal.ai\/sv\/wp-json\/wp\/v2\/media?parent=781329"}],"wp:term":[{"taxonomy":"vocabulary_language","embeddable":true,"href":"https:\/\/talkpal.ai\/sv\/wp-json\/wp\/v2\/vocabulary_language?post=781329"}],"curies":[{"name":"wp","href":"https:\/\/api.w.org\/{rel}","templated":true}]}}