{"id":781287,"date":"2024-06-12T20:59:05","date_gmt":"2024-06-12T20:59:05","guid":{"rendered":"https:\/\/talkpal.ai\/vocabulary\/coche-vs-bicicleta-bil-kontra-cykel-pa-galiciska\/"},"modified":"2024-06-12T20:59:05","modified_gmt":"2024-06-12T20:59:05","slug":"coche-vs-bicicleta-bil-kontra-cykel-pa-galiciska","status":"publish","type":"vocabulary","link":"https:\/\/talkpal.ai\/sv\/vocabulary\/coche-vs-bicicleta-bil-kontra-cykel-pa-galiciska\/","title":{"rendered":"Coche vs. Bicicleta &#8211; Bil kontra cykel p\u00e5 galiciska"},"content":{"rendered":"<p>Att l\u00e4ra sig ett nytt <b>spr\u00e5k<\/b> kan vara en <b>sp\u00e4nnande<\/b> och <b>utmanande<\/b> <b>upplevelse<\/b>. F\u00f6r <b>m\u00e5nga<\/b> <b>spr\u00e5kstudenter<\/b> \u00e4r en av de <b>sv\u00e5raste<\/b> <b>delarna<\/b> att <b>l\u00e4ra<\/b> sig <b>vokabul\u00e4r<\/b> och <b>uttryck<\/b> som <b>\u00e4r<\/b> <b>specifika<\/b> f\u00f6r <b>vardagliga<\/b> <b>\u00e4mnen<\/b>. I <b>denna<\/b> <b>artikel<\/b> ska vi <b>dyka<\/b> ner i <b>\u00e4mnet<\/b> <b>bil<\/b> kontra <b>cykel<\/b> p\u00e5 <b>galiciska<\/b> (<b>gallego<\/b>), ett <b>romanskt<\/b> <b>spr\u00e5k<\/b> som <b>talar<\/b> i <b>regionen<\/b> <b>Galicien<\/b> i <b>nordv\u00e4stra<\/b> <b>Spanien<\/b>.<\/p>\n<h2>Introduktion till galiciska<\/h2>\n<p><b>Galiciska<\/b> \u00e4r ett <b>spr\u00e5k<\/b> som <b>liknar<\/b> <b>portugisiska<\/b> och <b>spanska<\/b>, men <b>har<\/b> sina <b>egna<\/b> <b>unika<\/b> <b>egenskaper<\/b>. <b>Galiciska<\/b> har <b>tv\u00e5<\/b> <b>officiella<\/b> <b>varieteter<\/b>: <b>standard<\/b> <b>galiciska<\/b> och <b>regionala<\/b> <b>dialekter<\/b>. <b>Spr\u00e5ket<\/b> har <b>historiska<\/b> <b>r\u00f6tter<\/b> i <b>Galicien<\/b> och <b>har<\/b> en <b>rik<\/b> <b>kulturell<\/b> <b>tradition<\/b>.<\/p>\n<h3>Bil p\u00e5 galiciska<\/h3>\n<p>F\u00f6r att <b>b\u00f6rja<\/b> med, <b>l\u00e5ts<\/b> <b>oss<\/b> <b>titta<\/b> p\u00e5 <b>ordet<\/b> f\u00f6r <b>bil<\/b> p\u00e5 <b>galiciska<\/b>. <b>Ordet<\/b> f\u00f6r <b>bil<\/b> \u00e4r &#8221;<b>coche<\/b>&#8221;. <b>Det<\/b> <b>anv\u00e4nds<\/b> <b>ofta<\/b> i <b>vardagligt<\/b> <b>tal<\/b> och <b>\u00e4r<\/b> <b>l\u00e4tt<\/b> att <b>komma<\/b> ih\u00e5g, <b>speciellt<\/b> f\u00f6r <b>de<\/b> som <b>redan<\/b> <b>talar<\/b> <b>spanska<\/b> eftersom <b>ordet<\/b> <b>\u00e4r<\/b> <b>identiskt<\/b>.<\/p>\n<h3>Vanliga uttryck med &#8221;coche&#8221;<\/h3>\n<p>H\u00e4r <b>\u00e4r<\/b> <b>n\u00e5gra<\/b> <b>vanliga<\/b> <b>uttryck<\/b> som <b>anv\u00e4nder<\/b> <b>ordet<\/b> &#8221;<b>coche<\/b>&#8221;:<\/p>\n<p><b>1. Conducir<\/b> un <b>coche<\/b> &#8211; <b>K\u00f6ra<\/b> en <b>bil<\/b><br \/>\n<b>2. Alquilar<\/b> un <b>coche<\/b> &#8211; <b>Hyra<\/b> en <b>bil<\/b><br \/>\n<b>3. Comprar<\/b> un <b>coche<\/b> &#8211; <b>K\u00f6pa<\/b> en <b>bil<\/b><br \/>\n<b>4. Vender<\/b> un <b>coche<\/b> &#8211; <b>S\u00e4lja<\/b> en <b>bil<\/b><br \/>\n<b>5. Aparcar<\/b> el <b>coche<\/b> &#8211; <b>Parkera<\/b> <b>bilen<\/b><br \/>\n<b>6. Reparar<\/b> el <b>coche<\/b> &#8211; <b>Reparera<\/b> <b>bilen<\/b><\/p>\n<p><b>Exempelmeningar:<\/b><\/p>\n<p><b>1. Mi<\/b> <b>padre<\/b> <b>conduce<\/b> un <b>coche<\/b> <b>nuevo<\/b>. &#8211; <b>Min<\/b> <b>pappa<\/b> <b>k\u00f6r<\/b> en <b>ny<\/b> <b>bil<\/b>.<br \/>\n<b>2. \u00bfPuedes<\/b> <b>aparcar<\/b> el <b>coche<\/b>? &#8211; <b>Kan<\/b> du <b>parkera<\/b> <b>bilen<\/b>?<br \/>\n<b>3. Voy<\/b> a <b>alquilar<\/b> un <b>coche<\/b> para el <b>viaje<\/b>. &#8211; <b>Jag<\/b> ska <b>hyra<\/b> en <b>bil<\/b> f\u00f6r <b>resan<\/b>.<\/p>\n<h2>Cykel p\u00e5 galiciska<\/h2>\n<p><b>N\u00e4r<\/b> <b>det<\/b> <b>kommer<\/b> till <b>cyklar<\/b>, <b>anv\u00e4nder<\/b> <b>man<\/b> <b>ordet<\/b> &#8221;<b>bicicleta<\/b>&#8221; p\u00e5 <b>galiciska<\/b>. <b>Det<\/b> <b>\u00e4r<\/b> <b>ocks\u00e5<\/b> <b>l\u00e4tt<\/b> att <b>komma<\/b> ih\u00e5g <b>eftersom<\/b> <b>det<\/b> <b>\u00e4r<\/b> <b>mycket<\/b> <b>likt<\/b> <b>spanska<\/b> och <b>portugisiska<\/b>.<\/p>\n<h3>Vanliga uttryck med &#8221;bicicleta&#8221;<\/h3>\n<p>H\u00e4r <b>\u00e4r<\/b> <b>n\u00e5gra<\/b> <b>uttryck<\/b> som <b>anv\u00e4nder<\/b> <b>ordet<\/b> &#8221;<b>bicicleta<\/b>&#8221;:<\/p>\n<p><b>1. Montar<\/b> en <b>bicicleta<\/b> &#8211; <b>Cykla<\/b><br \/>\n<b>2. Comprar<\/b> una <b>bicicleta<\/b> &#8211; <b>K\u00f6pa<\/b> en <b>cykel<\/b><br \/>\n<b>3. Vender<\/b> una <b>bicicleta<\/b> &#8211; <b>S\u00e4lja<\/b> en <b>cykel<\/b><br \/>\n<b>4. Reparar<\/b> una <b>bicicleta<\/b> &#8211; <b>Reparera<\/b> en <b>cykel<\/b><br \/>\n<b>5. Aparcar<\/b> la <b>bicicleta<\/b> &#8211; <b>Parkera<\/b> <b>cykeln<\/b><\/p>\n<p><b>Exempelmeningar:<\/b><\/p>\n<p><b>1. Me<\/b> <b>gusta<\/b> <b>montar<\/b> en <b>bicicleta<\/b> los <b>fines<\/b> de <b>semana<\/b>. &#8211; <b>Jag<\/b> <b>tycker<\/b> om att <b>cykla<\/b> p\u00e5 <b>helgerna<\/b>.<br \/>\n<b>2. \u00bfD\u00f3nde<\/b> <b>puedo<\/b> <b>aparcar<\/b> mi <b>bicicleta<\/b>? &#8211; <b>Var<\/b> <b>kan<\/b> jag <b>parkera<\/b> <b>min<\/b> <b>cykel<\/b>?<br \/>\n<b>3. Quiero<\/b> <b>comprar<\/b> una <b>bicicleta<\/b> <b>nueva<\/b>. &#8211; <b>Jag<\/b> <b>vill<\/b> <b>k\u00f6pa<\/b> en <b>ny<\/b> <b>cykel<\/b>.<\/p>\n<h2>J\u00e4mf\u00f6relse av bil och cykel p\u00e5 galiciska<\/h2>\n<p>Att <b>l\u00e4ra<\/b> sig <b>skillnaderna<\/b> och <b>likheterna<\/b> <b>mellan<\/b> <b>ord<\/b> f\u00f6r <b>bil<\/b> och <b>cykel<\/b> p\u00e5 <b>galiciska<\/b> kan <b>hj\u00e4lpa<\/b> <b>spr\u00e5kstudenter<\/b> att <b>f\u00f6rb\u00e4ttra<\/b> sin <b>f\u00f6rst\u00e5else<\/b> och <b>anv\u00e4ndning<\/b> av <b>spr\u00e5ket<\/b>.<\/p>\n<p><b>1. Vokabul\u00e4r:<\/b><\/p>\n<p><b>Bil<\/b> &#8211; <b>Coche<\/b><br \/>\n<b>Cykel<\/b> &#8211; <b>Bicicleta<\/b><\/p>\n<p><b>2. Verb:<\/b><\/p>\n<p><b>K\u00f6ra<\/b> en <b>bil<\/b> &#8211; <b>Conducir<\/b> un <b>coche<\/b><br \/>\n<b>Cykla<\/b> &#8211; <b>Montar<\/b> en <b>bicicleta<\/b><\/p>\n<p><b>3. Relaterade uttryck:<\/b><\/p>\n<p><b>Parkera<\/b> <b>bilen<\/b> &#8211; <b>Aparcar<\/b> el <b>coche<\/b><br \/>\n<b>Parkera<\/b> <b>cykeln<\/b> &#8211; <b>Aparcar<\/b> la <b>bicicleta<\/b><\/p>\n<p><b>4. Fr\u00e5gor:<\/b><\/p>\n<p><b>Var<\/b> <b>\u00e4r<\/b> <b>bilen<\/b>? &#8211; \u00bf<b>D\u00f3nde<\/b> <b>est\u00e1<\/b> el <b>coche<\/b>?<br \/>\n<b>Var<\/b> <b>\u00e4r<\/b> <b>cykeln<\/b>? &#8211; \u00bf<b>D\u00f3nde<\/b> <b>est\u00e1<\/b> la <b>bicicleta<\/b>?<\/p>\n<h2>Praktiska till\u00e4mpningar<\/h2>\n<p>Att <b>l\u00e4ra<\/b> sig <b>anv\u00e4ndbara<\/b> <b>fraser<\/b> och <b>uttryck<\/b> f\u00f6r <b>bil<\/b> och <b>cykel<\/b> p\u00e5 <b>galiciska<\/b> <b>kan<\/b> <b>vara<\/b> <b>till<\/b> <b>stor<\/b> <b>hj\u00e4lp<\/b> f\u00f6r <b>resen\u00e4rer<\/b> och <b>de<\/b> som <b>planerar<\/b> att <b>bes\u00f6ka<\/b> <b>Galicien<\/b>. <b>Oavsett<\/b> om <b>du<\/b> <b>beh\u00f6ver<\/b> <b>hyra<\/b> en <b>bil<\/b> eller <b>cykel<\/b>, <b>eller<\/b> <b>bara<\/b> <b>vill<\/b> <b>fr\u00e5ga<\/b> <b>v\u00e4gen<\/b>, <b>dessa<\/b> <b>fraser<\/b> <b>kommer<\/b> <b>att<\/b> <b>vara<\/b> <b>nyttiga<\/b>.<\/p>\n<h3>Bilrelaterade fraser<\/h3>\n<p><b>1. \u00bfD\u00f3nde<\/b> <b>puedo<\/b> <b>alquilar<\/b> un <b>coche<\/b>? &#8211; <b>Var<\/b> <b>kan<\/b> jag <b>hyra<\/b> en <b>bil<\/b>?<br \/>\n<b>2. \u00bfCu\u00e1nto<\/b> <b>cuesta<\/b> <b>alquilar<\/b> un <b>coche<\/b> por un <b>d\u00eda<\/b>? &#8211; <b>Hur<\/b> <b>mycket<\/b> <b>kostar<\/b> det att <b>hyra<\/b> en <b>bil<\/b> f\u00f6r en <b>dag<\/b>?<br \/>\n<b>3. <b>Necesito<\/b> <b>reparar<\/b> mi <b>coche<\/b>. &#8211; <b>Jag<\/b> <b>beh\u00f6ver<\/b> <b>reparera<\/b> <b>min<\/b> <b>bil<\/b>.<\/p>\n<h3>Cykelrelaterade fraser<\/h3>\n<p><b>1. \u00bfD\u00f3nde<\/b> <b>puedo<\/b> <b>alquilar<\/b> una <b>bicicleta<\/b>? &#8211; <b>Var<\/b> <b>kan<\/b> jag <b>hyra<\/b> en <b>cykel<\/b>?<br \/>\n<b>2. \u00bfCu\u00e1nto<\/b> <b>cuesta<\/b> <b>alquilar<\/b> una <b>bicicleta<\/b> por un <b>d\u00eda<\/b>? &#8211; <b>Hur<\/b> <b>mycket<\/b> <b>kostar<\/b> det att <b>hyra<\/b> en <b>cykel<\/b> f\u00f6r en <b>dag<\/b>?<br \/>\n<b>3. <b>Necesito<\/b> <b>reparar<\/b> mi <b>bicicleta<\/b>. &#8211; <b>Jag<\/b> <b>beh\u00f6ver<\/b> <b>reparera<\/b> <b>min<\/b> <b>cykel<\/b>.<\/p>\n<h2>Slutsats<\/h2>\n<p>Att <b>l\u00e4ra<\/b> sig <b>spr\u00e5ket<\/b> <b>galiciska<\/b> <b>\u00f6ppnar<\/b> <b>upp<\/b> <b>f\u00f6r<\/b> en <b>rik<\/b> <b>kulturell<\/b> och <b>lingvistisk<\/b> <b>upplevelse<\/b>. <b>Genom<\/b> att <b>f\u00f6rst\u00e5<\/b> <b>skillnaderna<\/b> och <b>likheterna<\/b> <b>mellan<\/b> <b>ord<\/b> f\u00f6r <b>bil<\/b> och <b>cykel<\/b>, <b>kan<\/b> <b>spr\u00e5kstudenter<\/b> <b>f\u00f6rb\u00e4ttra<\/b> sin <b>kommunikationsf\u00f6rm\u00e5ga<\/b> och <b>f\u00f6rbereda<\/b> sig <b>b\u00e4ttre<\/b> f\u00f6r <b>resor<\/b> och <b>vardagliga<\/b> <b>interaktioner<\/b> i <b>Galicien<\/b>. <b>Med<\/b> <b>dessa<\/b> <b>fraser<\/b> och <b>uttryck<\/b> i <b>din<\/b> <b>verktygsl\u00e5da<\/b>, <b>kommer<\/b> <b>du<\/b> att <b>k\u00e4nna<\/b> dig <b>mer<\/b> <b>sj\u00e4lvs\u00e4ker<\/b> och <b>bekv\u00e4m<\/b> <b>med<\/b> <b>att<\/b> <b>anv\u00e4nda<\/b> <b>galiciska<\/b> i <b>vardagen<\/b>.<\/p>\n","protected":false},"featured_media":1527756,"template":"","vocabulary_language":[4184],"class_list":["post-781287","vocabulary","type-vocabulary","status-publish","has-post-thumbnail","hentry","vocabulary_language-galiciska"],"acf":[],"yoast_head":"<!-- This site is optimized with the Yoast SEO Premium plugin v27.2 (Yoast SEO v27.2) - https:\/\/yoast.com\/product\/yoast-seo-premium-wordpress\/ -->\n<title>Coche vs. Bicicleta - Bil kontra cykel p\u00e5 galiciska - Talkpal<\/title>\n<meta name=\"description\" content=\"Att l\u00e4ra sig ett nytt spr\u00e5k kan vara en sp\u00e4nnande och utmanande upplevelse. F\u00f6r m\u00e5nga spr\u00e5kstudenter \u00e4r en av de sv\u00e5raste delarna att l\u00e4ra sig vokabul\u00e4r\" \/>\n<meta name=\"robots\" content=\"index, follow, max-snippet:-1, max-image-preview:large, max-video-preview:-1\" \/>\n<link rel=\"canonical\" href=\"https:\/\/talkpal.ai\/sv\/vocabulary\/coche-vs-bicicleta-bil-kontra-cykel-pa-galiciska\/\" \/>\n<meta property=\"og:locale\" content=\"sv_SE\" \/>\n<meta property=\"og:type\" content=\"article\" \/>\n<meta property=\"og:title\" content=\"Coche vs. Bicicleta - Bil kontra cykel p\u00e5 galiciska\" \/>\n<meta property=\"og:description\" content=\"Att l\u00e4ra sig ett nytt spr\u00e5k kan vara en sp\u00e4nnande och utmanande upplevelse. F\u00f6r m\u00e5nga spr\u00e5kstudenter \u00e4r en av de sv\u00e5raste delarna att l\u00e4ra sig vokabul\u00e4r\" \/>\n<meta property=\"og:url\" content=\"https:\/\/talkpal.ai\/sv\/vocabulary\/coche-vs-bicicleta-bil-kontra-cykel-pa-galiciska\/\" \/>\n<meta property=\"og:site_name\" content=\"Talkpal\" \/>\n<meta property=\"article:publisher\" content=\"https:\/\/www.facebook.com\/profile.php?id=100090733639311\" \/>\n<meta property=\"og:image\" content=\"https:\/\/talkpal.ai\/wp-content\/uploads\/2024\/10\/talkpal_flat_illustration_of_a_employees_working_together_happi_c674ff77-e477-4e09-835a-01d30e561e99.png\" \/>\n\t<meta property=\"og:image:width\" content=\"1024\" \/>\n\t<meta property=\"og:image:height\" content=\"1024\" \/>\n\t<meta property=\"og:image:type\" content=\"image\/png\" \/>\n<meta name=\"twitter:card\" content=\"summary_large_image\" \/>\n<meta name=\"twitter:site\" content=\"@talkpalai\" \/>\n<meta name=\"twitter:label1\" content=\"Ber\u00e4knad l\u00e4stid\" \/>\n\t<meta name=\"twitter:data1\" content=\"4 minuter\" \/>\n<script type=\"application\/ld+json\" class=\"yoast-schema-graph\">{\"@context\":\"https:\/\/schema.org\",\"@graph\":[{\"@type\":\"WebPage\",\"@id\":\"https:\/\/talkpal.ai\/sv\/vocabulary\/coche-vs-bicicleta-bil-kontra-cykel-pa-galiciska\/\",\"url\":\"https:\/\/talkpal.ai\/sv\/vocabulary\/coche-vs-bicicleta-bil-kontra-cykel-pa-galiciska\/\",\"name\":\"Coche vs. Bicicleta - Bil kontra cykel p\u00e5 galiciska - Talkpal\",\"isPartOf\":{\"@id\":\"https:\/\/talkpal.ai\/sv\/#website\"},\"primaryImageOfPage\":{\"@id\":\"https:\/\/talkpal.ai\/sv\/vocabulary\/coche-vs-bicicleta-bil-kontra-cykel-pa-galiciska\/#primaryimage\"},\"image\":{\"@id\":\"https:\/\/talkpal.ai\/sv\/vocabulary\/coche-vs-bicicleta-bil-kontra-cykel-pa-galiciska\/#primaryimage\"},\"thumbnailUrl\":\"https:\/\/talkpal.ai\/wp-content\/uploads\/2025\/12\/library-is-visited-learning-languages.webp\",\"datePublished\":\"2024-06-12T20:59:05+00:00\",\"description\":\"Att l\u00e4ra sig ett nytt spr\u00e5k kan vara en sp\u00e4nnande och utmanande upplevelse. F\u00f6r m\u00e5nga spr\u00e5kstudenter \u00e4r en av de sv\u00e5raste delarna att l\u00e4ra sig vokabul\u00e4r\",\"breadcrumb\":{\"@id\":\"https:\/\/talkpal.ai\/sv\/vocabulary\/coche-vs-bicicleta-bil-kontra-cykel-pa-galiciska\/#breadcrumb\"},\"inLanguage\":\"sv-SE\",\"potentialAction\":[{\"@type\":\"ReadAction\",\"target\":[\"https:\/\/talkpal.ai\/sv\/vocabulary\/coche-vs-bicicleta-bil-kontra-cykel-pa-galiciska\/\"]}]},{\"@type\":\"ImageObject\",\"inLanguage\":\"sv-SE\",\"@id\":\"https:\/\/talkpal.ai\/sv\/vocabulary\/coche-vs-bicicleta-bil-kontra-cykel-pa-galiciska\/#primaryimage\",\"url\":\"https:\/\/talkpal.ai\/wp-content\/uploads\/2025\/12\/library-is-visited-learning-languages.webp\",\"contentUrl\":\"https:\/\/talkpal.ai\/wp-content\/uploads\/2025\/12\/library-is-visited-learning-languages.webp\",\"width\":1200,\"height\":896,\"caption\":\"Students sit in partitioned study booths with laptops and books for learning languages in a quiet library.\"},{\"@type\":\"BreadcrumbList\",\"@id\":\"https:\/\/talkpal.ai\/sv\/vocabulary\/coche-vs-bicicleta-bil-kontra-cykel-pa-galiciska\/#breadcrumb\",\"itemListElement\":[{\"@type\":\"ListItem\",\"position\":1,\"name\":\"Homepage\",\"item\":\"https:\/\/talkpal.ai\/sv\/\"},{\"@type\":\"ListItem\",\"position\":2,\"name\":\"Coche vs. Bicicleta &#8211; Bil kontra cykel p\u00e5 galiciska\"}]},{\"@type\":\"WebSite\",\"@id\":\"https:\/\/talkpal.ai\/sv\/#website\",\"url\":\"https:\/\/talkpal.ai\/sv\/\",\"name\":\"Talkpal\",\"description\":\"AI Language Learning\",\"publisher\":{\"@id\":\"https:\/\/talkpal.ai\/sv\/#organization\"},\"alternateName\":\"Talkpal AI\",\"potentialAction\":[{\"@type\":\"SearchAction\",\"target\":{\"@type\":\"EntryPoint\",\"urlTemplate\":\"https:\/\/talkpal.ai\/sv\/?s={search_term_string}\"},\"query-input\":{\"@type\":\"PropertyValueSpecification\",\"valueRequired\":true,\"valueName\":\"search_term_string\"}}],\"inLanguage\":\"sv-SE\"},{\"@type\":\"Organization\",\"@id\":\"https:\/\/talkpal.ai\/sv\/#organization\",\"name\":\"Talkpal, Inc.\",\"alternateName\":\"Talkpal AI\",\"url\":\"https:\/\/talkpal.ai\/sv\/\",\"logo\":{\"@type\":\"ImageObject\",\"inLanguage\":\"sv-SE\",\"@id\":\"https:\/\/talkpal.ai\/sv\/#\/schema\/logo\/image\/\",\"url\":\"https:\/\/talkpal.ai\/wp-content\/uploads\/2024\/03\/Talkpal-Logo-Icon.png\",\"contentUrl\":\"https:\/\/talkpal.ai\/wp-content\/uploads\/2024\/03\/Talkpal-Logo-Icon.png\",\"width\":2880,\"height\":2880,\"caption\":\"Talkpal, Inc.\"},\"image\":{\"@id\":\"https:\/\/talkpal.ai\/sv\/#\/schema\/logo\/image\/\"},\"sameAs\":[\"https:\/\/www.facebook.com\/profile.php?id=100090733639311\",\"https:\/\/x.com\/talkpalai\",\"https:\/\/www.linkedin.com\/company\/talkpal\/\",\"https:\/\/www.youtube.com\/@TalkPal\/\",\"https:\/\/www.tiktok.com\/@talkpal\",\"https:\/\/www.instagram.com\/talkpal_ai\/\",\"https:\/\/www.crunchbase.com\/organization\/talkpal-9cde\",\"https:\/\/www.g2.com\/products\/talkpal-for-business\/\",\"https:\/\/www.trustpilot.com\/review\/talkpal.ai\",\"https:\/\/www.capterra.com\/p\/10006800\/TalkPal\/\"],\"description\":\"Talkpal is a language learning web and mobile education app, powered by the latest AI technologies, that provides engaging experiences to its customers in many different languages to help them improve their language skills. Users can chat about unlimited amount of topics with the app and use other modes to practice their language learning.\",\"email\":\"support@talkpal.ai\",\"legalName\":\"Talkpal, Inc.\",\"foundingDate\":\"2023-04-03\",\"duns\":\"118989042\",\"numberOfEmployees\":{\"@type\":\"QuantitativeValue\",\"minValue\":\"11\",\"maxValue\":\"50\"},\"publishingPrinciples\":\"https:\/\/talkpal.ai\/publishing-principles\/\",\"actionableFeedbackPolicy\":\"https:\/\/talkpal.ai\/actionable-feedback-policy\/\",\"correctionsPolicy\":\"https:\/\/talkpal.ai\/corrections-policy\/\",\"ethicsPolicy\":\"https:\/\/talkpal.ai\/ethics-policy\/\",\"diversityPolicy\":\"https:\/\/talkpal.ai\/diversity-policy\/\",\"diversityStaffingReport\":\"https:\/\/talkpal.ai\/diversity-policy\/\"}]}<\/script>\n<!-- \/ Yoast SEO Premium plugin. -->","yoast_head_json":{"title":"Coche vs. Bicicleta - Bil kontra cykel p\u00e5 galiciska - Talkpal","description":"Att l\u00e4ra sig ett nytt spr\u00e5k kan vara en sp\u00e4nnande och utmanande upplevelse. F\u00f6r m\u00e5nga spr\u00e5kstudenter \u00e4r en av de sv\u00e5raste delarna att l\u00e4ra sig vokabul\u00e4r","robots":{"index":"index","follow":"follow","max-snippet":"max-snippet:-1","max-image-preview":"max-image-preview:large","max-video-preview":"max-video-preview:-1"},"canonical":"https:\/\/talkpal.ai\/sv\/vocabulary\/coche-vs-bicicleta-bil-kontra-cykel-pa-galiciska\/","og_locale":"sv_SE","og_type":"article","og_title":"Coche vs. Bicicleta - Bil kontra cykel p\u00e5 galiciska","og_description":"Att l\u00e4ra sig ett nytt spr\u00e5k kan vara en sp\u00e4nnande och utmanande upplevelse. F\u00f6r m\u00e5nga spr\u00e5kstudenter \u00e4r en av de sv\u00e5raste delarna att l\u00e4ra sig vokabul\u00e4r","og_url":"https:\/\/talkpal.ai\/sv\/vocabulary\/coche-vs-bicicleta-bil-kontra-cykel-pa-galiciska\/","og_site_name":"Talkpal","article_publisher":"https:\/\/www.facebook.com\/profile.php?id=100090733639311","og_image":[{"width":1024,"height":1024,"url":"https:\/\/talkpal.ai\/wp-content\/uploads\/2024\/10\/talkpal_flat_illustration_of_a_employees_working_together_happi_c674ff77-e477-4e09-835a-01d30e561e99.png","type":"image\/png"}],"twitter_card":"summary_large_image","twitter_site":"@talkpalai","twitter_misc":{"Ber\u00e4knad l\u00e4stid":"4 minuter"},"schema":{"@context":"https:\/\/schema.org","@graph":[{"@type":"WebPage","@id":"https:\/\/talkpal.ai\/sv\/vocabulary\/coche-vs-bicicleta-bil-kontra-cykel-pa-galiciska\/","url":"https:\/\/talkpal.ai\/sv\/vocabulary\/coche-vs-bicicleta-bil-kontra-cykel-pa-galiciska\/","name":"Coche vs. Bicicleta - Bil kontra cykel p\u00e5 galiciska - Talkpal","isPartOf":{"@id":"https:\/\/talkpal.ai\/sv\/#website"},"primaryImageOfPage":{"@id":"https:\/\/talkpal.ai\/sv\/vocabulary\/coche-vs-bicicleta-bil-kontra-cykel-pa-galiciska\/#primaryimage"},"image":{"@id":"https:\/\/talkpal.ai\/sv\/vocabulary\/coche-vs-bicicleta-bil-kontra-cykel-pa-galiciska\/#primaryimage"},"thumbnailUrl":"https:\/\/talkpal.ai\/wp-content\/uploads\/2025\/12\/library-is-visited-learning-languages.webp","datePublished":"2024-06-12T20:59:05+00:00","description":"Att l\u00e4ra sig ett nytt spr\u00e5k kan vara en sp\u00e4nnande och utmanande upplevelse. F\u00f6r m\u00e5nga spr\u00e5kstudenter \u00e4r en av de sv\u00e5raste delarna att l\u00e4ra sig vokabul\u00e4r","breadcrumb":{"@id":"https:\/\/talkpal.ai\/sv\/vocabulary\/coche-vs-bicicleta-bil-kontra-cykel-pa-galiciska\/#breadcrumb"},"inLanguage":"sv-SE","potentialAction":[{"@type":"ReadAction","target":["https:\/\/talkpal.ai\/sv\/vocabulary\/coche-vs-bicicleta-bil-kontra-cykel-pa-galiciska\/"]}]},{"@type":"ImageObject","inLanguage":"sv-SE","@id":"https:\/\/talkpal.ai\/sv\/vocabulary\/coche-vs-bicicleta-bil-kontra-cykel-pa-galiciska\/#primaryimage","url":"https:\/\/talkpal.ai\/wp-content\/uploads\/2025\/12\/library-is-visited-learning-languages.webp","contentUrl":"https:\/\/talkpal.ai\/wp-content\/uploads\/2025\/12\/library-is-visited-learning-languages.webp","width":1200,"height":896,"caption":"Students sit in partitioned study booths with laptops and books for learning languages in a quiet library."},{"@type":"BreadcrumbList","@id":"https:\/\/talkpal.ai\/sv\/vocabulary\/coche-vs-bicicleta-bil-kontra-cykel-pa-galiciska\/#breadcrumb","itemListElement":[{"@type":"ListItem","position":1,"name":"Homepage","item":"https:\/\/talkpal.ai\/sv\/"},{"@type":"ListItem","position":2,"name":"Coche vs. Bicicleta &#8211; Bil kontra cykel p\u00e5 galiciska"}]},{"@type":"WebSite","@id":"https:\/\/talkpal.ai\/sv\/#website","url":"https:\/\/talkpal.ai\/sv\/","name":"Talkpal","description":"AI Language Learning","publisher":{"@id":"https:\/\/talkpal.ai\/sv\/#organization"},"alternateName":"Talkpal AI","potentialAction":[{"@type":"SearchAction","target":{"@type":"EntryPoint","urlTemplate":"https:\/\/talkpal.ai\/sv\/?s={search_term_string}"},"query-input":{"@type":"PropertyValueSpecification","valueRequired":true,"valueName":"search_term_string"}}],"inLanguage":"sv-SE"},{"@type":"Organization","@id":"https:\/\/talkpal.ai\/sv\/#organization","name":"Talkpal, Inc.","alternateName":"Talkpal AI","url":"https:\/\/talkpal.ai\/sv\/","logo":{"@type":"ImageObject","inLanguage":"sv-SE","@id":"https:\/\/talkpal.ai\/sv\/#\/schema\/logo\/image\/","url":"https:\/\/talkpal.ai\/wp-content\/uploads\/2024\/03\/Talkpal-Logo-Icon.png","contentUrl":"https:\/\/talkpal.ai\/wp-content\/uploads\/2024\/03\/Talkpal-Logo-Icon.png","width":2880,"height":2880,"caption":"Talkpal, Inc."},"image":{"@id":"https:\/\/talkpal.ai\/sv\/#\/schema\/logo\/image\/"},"sameAs":["https:\/\/www.facebook.com\/profile.php?id=100090733639311","https:\/\/x.com\/talkpalai","https:\/\/www.linkedin.com\/company\/talkpal\/","https:\/\/www.youtube.com\/@TalkPal\/","https:\/\/www.tiktok.com\/@talkpal","https:\/\/www.instagram.com\/talkpal_ai\/","https:\/\/www.crunchbase.com\/organization\/talkpal-9cde","https:\/\/www.g2.com\/products\/talkpal-for-business\/","https:\/\/www.trustpilot.com\/review\/talkpal.ai","https:\/\/www.capterra.com\/p\/10006800\/TalkPal\/"],"description":"Talkpal is a language learning web and mobile education app, powered by the latest AI technologies, that provides engaging experiences to its customers in many different languages to help them improve their language skills. Users can chat about unlimited amount of topics with the app and use other modes to practice their language learning.","email":"support@talkpal.ai","legalName":"Talkpal, Inc.","foundingDate":"2023-04-03","duns":"118989042","numberOfEmployees":{"@type":"QuantitativeValue","minValue":"11","maxValue":"50"},"publishingPrinciples":"https:\/\/talkpal.ai\/publishing-principles\/","actionableFeedbackPolicy":"https:\/\/talkpal.ai\/actionable-feedback-policy\/","correctionsPolicy":"https:\/\/talkpal.ai\/corrections-policy\/","ethicsPolicy":"https:\/\/talkpal.ai\/ethics-policy\/","diversityPolicy":"https:\/\/talkpal.ai\/diversity-policy\/","diversityStaffingReport":"https:\/\/talkpal.ai\/diversity-policy\/"}]}},"_links":{"self":[{"href":"https:\/\/talkpal.ai\/sv\/wp-json\/wp\/v2\/vocabulary\/781287","targetHints":{"allow":["GET"]}}],"collection":[{"href":"https:\/\/talkpal.ai\/sv\/wp-json\/wp\/v2\/vocabulary"}],"about":[{"href":"https:\/\/talkpal.ai\/sv\/wp-json\/wp\/v2\/types\/vocabulary"}],"wp:featuredmedia":[{"embeddable":true,"href":"https:\/\/talkpal.ai\/sv\/wp-json\/wp\/v2\/media\/1527756"}],"wp:attachment":[{"href":"https:\/\/talkpal.ai\/sv\/wp-json\/wp\/v2\/media?parent=781287"}],"wp:term":[{"taxonomy":"vocabulary_language","embeddable":true,"href":"https:\/\/talkpal.ai\/sv\/wp-json\/wp\/v2\/vocabulary_language?post=781287"}],"curies":[{"name":"wp","href":"https:\/\/api.w.org\/{rel}","templated":true}]}}