{"id":781263,"date":"2024-06-12T20:56:56","date_gmt":"2024-06-12T20:56:56","guid":{"rendered":"https:\/\/talkpal.ai\/vocabulary\/dia-vs-noite-dag-mot-natt-pa-galiciska\/"},"modified":"2024-06-12T20:56:56","modified_gmt":"2024-06-12T20:56:56","slug":"dia-vs-noite-dag-mot-natt-pa-galiciska","status":"publish","type":"vocabulary","link":"https:\/\/talkpal.ai\/sv\/vocabulary\/dia-vs-noite-dag-mot-natt-pa-galiciska\/","title":{"rendered":"D\u00eda vs. Noite &#8211; Dag mot natt p\u00e5 galiciska"},"content":{"rendered":"<p>Att l\u00e4ra sig ett nytt spr\u00e5k \u00e4r alltid en sp\u00e4nnande och utmanande upplevelse. <a href=\"https:\/\/talkpal.ai\/learn-galician\/\">Galiciska<\/a>, ett romansk spr\u00e5k som <a href=\"https:\/\/talkpal.ai\/locations\/language-courses-in-talas\/\">talas<\/a> i den autonoma regionen <a href=\"https:\/\/talkpal.ai\/learn-galician\/\">Galicien<\/a> i nordv\u00e4stra Spanien, erbjuder en unik inblick i b\u00e5de kultur och historia. En av de grundl\u00e4ggande delarna av <a href=\"https:\/\/talkpal.ai\/sv\/hur-lar-man-sig-ett-sprak-via-talkpal-chat\/\">spr\u00e5kinl\u00e4rning<\/a> \u00e4r att f\u00f6rst\u00e5 skillnaden mellan dag och natt, eller p\u00e5 galiciska, <b>d\u00eda<\/b> och <b>noite<\/b>. I denna artikel kommer vi att dyka djupare in i dessa tv\u00e5 begrepp och utforska deras anv\u00e4ndning, uttal och kulturella betydelse.<\/p>\n<h2>Introduktion till galiciska<\/h2>\n<p>Galiciska \u00e4r ett spr\u00e5k som delar m\u00e5nga likheter med <a href=\"https:\/\/talkpal.ai\/learn-portuguese\/\">portugisiska<\/a>, eftersom b\u00e5da spr\u00e5ken har sitt ursprung i den medeltida regionen Galicien. I dagens Galicien talas galiciska av en majoritet av befolkningen och \u00e4r ett av de officiella spr\u00e5ken i regionen tillsammans med <a href=\"https:\/\/talkpal.ai\/learn-spanish\/\">spanska<\/a>. Att f\u00f6rst\u00e5 grundl\u00e4ggande termer som <b>d\u00eda<\/b> och <b>noite<\/b> \u00e4r avg\u00f6rande f\u00f6r alla som vill l\u00e4ra sig galiciska.<\/p>\n<h2>Uttal och grundl\u00e4ggande anv\u00e4ndning<\/h2>\n<p>L\u00e5t <a href=\"https:\/\/talkpal.ai\/locations\/language-courses-in-oss\/\">oss<\/a> b\u00f6rja med att titta p\u00e5 uttalet och den grundl\u00e4ggande anv\u00e4ndningen av orden <b>d\u00eda<\/b> och <b>noite<\/b>.<\/p>\n<h3>D\u00eda<\/h3>\n<p>Ordet <b>d\u00eda<\/b> betyder &#8221;dag&#8221; p\u00e5 <a href=\"https:\/\/talkpal.ai\/learn-swedish\/\">svenska<\/a>. Uttalet \u00e4r ganska rakt fram, och det uttalas ungef\u00e4r som &#8221;dee-ah&#8221; p\u00e5 svenska. H\u00e4r \u00e4r n\u00e5gra exempel p\u00e5 hur ordet anv\u00e4nds i meningar:<\/p>\n<p>&#8211; <b>O d\u00eda \u00e9 soleado.<\/b> (Dagen \u00e4r solig.)<br \/>\n&#8211; <b>Que d\u00eda bonito!<\/b> (Vilken vacker dag!)<\/p>\n<h3>Noite<\/h3>\n<p>Ordet <b>noite<\/b> betyder &#8221;natt&#8221; p\u00e5 svenska. Uttalet \u00e4r &#8221;no-ee-teh&#8221;. H\u00e4r \u00e4r n\u00e5gra exempel p\u00e5 hur ordet anv\u00e4nds i meningar:<\/p>\n<p>&#8211; <b>A noite \u00e9 estrelada.<\/b> (Natten \u00e4r stj\u00e4rnklar.)<br \/>\n&#8211; <b>Boa noite!<\/b> (God natt!)<\/p>\n<h2>Kulturell betydelse<\/h2>\n<p>I Galicien, liksom i m\u00e5nga andra kulturer, har dag och natt en djupg\u00e5ende kulturell betydelse. M\u00e5nga traditioner och festligheter \u00e4r kopplade till tidpunkter p\u00e5 dagen eller natten.<\/p>\n<h3>Festligheter under dagen<\/h3>\n<p>M\u00e5nga av Galiciens traditionella festligheter \u00e4ger rum under dagen. Ett exempel \u00e4r <b>Romer\u00eda<\/b>, en religi\u00f6s pilgrimsf\u00e4rd som ofta h\u00e5lls under dagen och involverar processioner, dans och mat.<\/p>\n<p>&#8211; <b>Romer\u00eda de San Benito<\/b> \u00e4r en av de mest k\u00e4nda, d\u00e4r deltagarna samlas under dagen f\u00f6r att fira.<\/p>\n<h3>Festligheter under natten<\/h3>\n<p>Natten i Galicien \u00e4r ocks\u00e5 fylld med festligheter. En av de mest k\u00e4nda nattliga firandena \u00e4r <b>Noite de San Xo\u00e1n<\/b> (Johannesnatten), som firas den 23 juni. Under denna natt t\u00e4nder folk eldar och hoppar \u00f6ver dem f\u00f6r att rena sig och f\u00f6rbereda sig f\u00f6r sommaren.<\/p>\n<p>&#8211; <b>Noite de San Xo\u00e1n<\/b> \u00e4r en natt full av magi och traditioner, d\u00e4r elden spelar en central roll.<\/p>\n<h2>Spr\u00e5kliga uttryck<\/h2>\n<p>Precis som i svenska finns det m\u00e5nga idiomatiska uttryck som anv\u00e4nder orden <b>d\u00eda<\/b> och <b>noite<\/b>. H\u00e4r \u00e4r n\u00e5gra exempel:<\/p>\n<h3>Uttryck med &#8221;d\u00eda&#8221;<\/h3>\n<p>&#8211; <b>De d\u00eda en d\u00eda<\/b>: Fr\u00e5n dag till dag<br \/>\n&#8211; <b>Pasar o d\u00eda<\/b>: Tillbringa dagen<\/p>\n<h3>Uttryck med &#8221;noite&#8221;<\/h3>\n<p>&#8211; <b>De noite<\/b>: P\u00e5 natten<br \/>\n&#8211; <b>Pasar a noite<\/b>: Tillbringa natten<\/p>\n<h2>Skillnader mellan galiciska och portugisiska<\/h2>\n<p>Eftersom galiciska och portugisiska \u00e4r s\u00e5 n\u00e4ra besl\u00e4ktade, kan det vara intressant att titta p\u00e5 hur orden <b>d\u00eda<\/b> och <b>noite<\/b> anv\u00e4nds i b\u00e5da spr\u00e5ken.<\/p>\n<h3>D\u00eda p\u00e5 portugisiska<\/h3>\n<p>P\u00e5 portugisiska \u00e4r ordet f\u00f6r dag ocks\u00e5 <b>dia<\/b>, men uttalet \u00e4r lite annorlunda. P\u00e5 portugisiska uttalas det som &#8221;dee-ah&#8221;.<\/p>\n<h3>Noite p\u00e5 portugisiska<\/h3>\n<p>Ordet f\u00f6r natt p\u00e5 portugisiska \u00e4r ocks\u00e5 <b>noite<\/b>, och uttalet \u00e4r mycket likt galiciska. P\u00e5 portugisiska uttalas det som &#8221;no-ee-teh&#8221;.<\/p>\n<h2>Dagliga rutiner och tidsuttryck<\/h2>\n<p>Att f\u00f6rst\u00e5 hur man pratar om dagliga rutiner och tidsuttryck \u00e4r en viktig del av att l\u00e4ra sig ett nytt spr\u00e5k. H\u00e4r \u00e4r n\u00e5gra exempel p\u00e5 hur man kan prata om dag och natt i galiciska.<\/p>\n<h3>Dagliga rutiner<\/h3>\n<p>&#8211; <b>Lev\u00e1ntome \u00e1s sete da ma\u00f1\u00e1.<\/b> (Jag g\u00e5r upp klockan sju p\u00e5 morgonen.)<br \/>\n&#8211; <b>Xanto ao mediod\u00eda.<\/b> (Jag \u00e4ter lunch vid middagstid.)<br \/>\n&#8211; <b>Traballo durante o d\u00eda.<\/b> (Jag arbetar under dagen.)<\/p>\n<h3>Tidsuttryck<\/h3>\n<p>&#8211; <b>Pola ma\u00f1\u00e1<\/b>: P\u00e5 morgonen<br \/>\n&#8211; <b>Pola tarde<\/b>: P\u00e5 eftermiddagen<br \/>\n&#8211; <b>Pola noite<\/b>: P\u00e5 kv\u00e4llen<\/p>\n<h2>Konversationsexempel<\/h2>\n<p>F\u00f6r att hj\u00e4lpa dig att f\u00f6rst\u00e5 hur orden <b>d\u00eda<\/b> och <b>noite<\/b> anv\u00e4nds i konversationer, h\u00e4r \u00e4r n\u00e5gra exempel p\u00e5 dialoger.<\/p>\n<h3>Exempel 1: Planera dagen<\/h3>\n<p><b>Mar\u00eda:<\/b> Que plans tes para hoxe?<br \/>\n<b>Carlos:<\/b> Pola ma\u00f1\u00e1, vou ao mercado. Pola tarde, traballo na horta.<\/p>\n<h3>Exempel 2: Prata om natten<\/h3>\n<p><b>Lu\u00eds:<\/b> Que fas pola noite?<br \/>\n<b>Laura:<\/b> Normalmente, leo un libro ou vexo a televisi\u00f3n.<\/p>\n<h2>Sammanfattning<\/h2>\n<p>Att l\u00e4ra sig skillnaden mellan <b>d\u00eda<\/b> och <b>noite<\/b> p\u00e5 galiciska \u00e4r en grundl\u00e4ggande del av spr\u00e5kinl\u00e4rningen. Genom att f\u00f6rst\u00e5 uttal, anv\u00e4ndning och kulturell betydelse av dessa ord kan du b\u00e4ttre navigera i b\u00e5de vardagliga samtal och mer formella sammanhang. Galiciska erbjuder en rik spr\u00e5klig och kulturell upplevelse, och genom att dyka djupare in i dessa grundl\u00e4ggande termer \u00f6ppnar du d\u00f6rren till en djupare f\u00f6rst\u00e5else av b\u00e5de spr\u00e5ket och kulturen.<\/p>\n<p>Forts\u00e4tt att \u00f6va och anv\u00e4nda dessa ord i dina dagliga konversationer, och du kommer snart att k\u00e4nna dig mer bekv\u00e4m och sj\u00e4lvs\u00e4ker i ditt anv\u00e4ndande av galiciska. Boa sorte! (Lycka till!)<\/p>\n","protected":false},"featured_media":1527848,"template":"","vocabulary_language":[4184],"class_list":["post-781263","vocabulary","type-vocabulary","status-publish","has-post-thumbnail","hentry","vocabulary_language-galiciska"],"acf":[],"yoast_head":"<!-- This site is optimized with the Yoast SEO Premium plugin v27.2 (Yoast SEO v27.2) - https:\/\/yoast.com\/product\/yoast-seo-premium-wordpress\/ -->\n<title>D\u00eda vs. Noite - Dag mot natt p\u00e5 galiciska - Talkpal<\/title>\n<meta name=\"description\" content=\"Att l\u00e4ra sig ett nytt spr\u00e5k \u00e4r alltid en sp\u00e4nnande och utmanande upplevelse. Galiciska, ett romansk spr\u00e5k som talas i den autonoma regionen Galicien i\" \/>\n<meta name=\"robots\" content=\"index, follow, max-snippet:-1, max-image-preview:large, max-video-preview:-1\" \/>\n<link rel=\"canonical\" href=\"https:\/\/talkpal.ai\/sv\/vocabulary\/dia-vs-noite-dag-mot-natt-pa-galiciska\/\" \/>\n<meta property=\"og:locale\" content=\"sv_SE\" \/>\n<meta property=\"og:type\" content=\"article\" \/>\n<meta property=\"og:title\" content=\"D\u00eda vs. Noite - Dag mot natt p\u00e5 galiciska\" \/>\n<meta property=\"og:description\" content=\"Att l\u00e4ra sig ett nytt spr\u00e5k \u00e4r alltid en sp\u00e4nnande och utmanande upplevelse. Galiciska, ett romansk spr\u00e5k som talas i den autonoma regionen Galicien i\" \/>\n<meta property=\"og:url\" content=\"https:\/\/talkpal.ai\/sv\/vocabulary\/dia-vs-noite-dag-mot-natt-pa-galiciska\/\" \/>\n<meta property=\"og:site_name\" content=\"Talkpal\" \/>\n<meta property=\"article:publisher\" content=\"https:\/\/www.facebook.com\/profile.php?id=100090733639311\" \/>\n<meta property=\"og:image\" content=\"https:\/\/talkpal.ai\/wp-content\/uploads\/2024\/10\/talkpal_flat_illustration_of_a_employees_working_together_happi_c674ff77-e477-4e09-835a-01d30e561e99.png\" \/>\n\t<meta property=\"og:image:width\" content=\"1024\" \/>\n\t<meta property=\"og:image:height\" content=\"1024\" \/>\n\t<meta property=\"og:image:type\" content=\"image\/png\" \/>\n<meta name=\"twitter:card\" content=\"summary_large_image\" \/>\n<meta name=\"twitter:site\" content=\"@talkpalai\" \/>\n<meta name=\"twitter:label1\" content=\"Ber\u00e4knad l\u00e4stid\" \/>\n\t<meta name=\"twitter:data1\" content=\"4 minuter\" \/>\n<script type=\"application\/ld+json\" class=\"yoast-schema-graph\">{\"@context\":\"https:\/\/schema.org\",\"@graph\":[{\"@type\":\"WebPage\",\"@id\":\"https:\/\/talkpal.ai\/sv\/vocabulary\/dia-vs-noite-dag-mot-natt-pa-galiciska\/\",\"url\":\"https:\/\/talkpal.ai\/sv\/vocabulary\/dia-vs-noite-dag-mot-natt-pa-galiciska\/\",\"name\":\"D\u00eda vs. Noite - Dag mot natt p\u00e5 galiciska - Talkpal\",\"isPartOf\":{\"@id\":\"https:\/\/talkpal.ai\/sv\/#website\"},\"primaryImageOfPage\":{\"@id\":\"https:\/\/talkpal.ai\/sv\/vocabulary\/dia-vs-noite-dag-mot-natt-pa-galiciska\/#primaryimage\"},\"image\":{\"@id\":\"https:\/\/talkpal.ai\/sv\/vocabulary\/dia-vs-noite-dag-mot-natt-pa-galiciska\/#primaryimage\"},\"thumbnailUrl\":\"https:\/\/talkpal.ai\/wp-content\/uploads\/2025\/12\/person-at-laptop-learning-languages-indoors.webp\",\"datePublished\":\"2024-06-12T20:56:56+00:00\",\"description\":\"Att l\u00e4ra sig ett nytt spr\u00e5k \u00e4r alltid en sp\u00e4nnande och utmanande upplevelse. Galiciska, ett romansk spr\u00e5k som talas i den autonoma regionen Galicien i\",\"breadcrumb\":{\"@id\":\"https:\/\/talkpal.ai\/sv\/vocabulary\/dia-vs-noite-dag-mot-natt-pa-galiciska\/#breadcrumb\"},\"inLanguage\":\"sv-SE\",\"potentialAction\":[{\"@type\":\"ReadAction\",\"target\":[\"https:\/\/talkpal.ai\/sv\/vocabulary\/dia-vs-noite-dag-mot-natt-pa-galiciska\/\"]}]},{\"@type\":\"ImageObject\",\"inLanguage\":\"sv-SE\",\"@id\":\"https:\/\/talkpal.ai\/sv\/vocabulary\/dia-vs-noite-dag-mot-natt-pa-galiciska\/#primaryimage\",\"url\":\"https:\/\/talkpal.ai\/wp-content\/uploads\/2025\/12\/person-at-laptop-learning-languages-indoors.webp\",\"contentUrl\":\"https:\/\/talkpal.ai\/wp-content\/uploads\/2025\/12\/person-at-laptop-learning-languages-indoors.webp\",\"width\":1200,\"height\":896,\"caption\":\"A person works on a laptop at a library table surrounded by books for learning languages.\"},{\"@type\":\"BreadcrumbList\",\"@id\":\"https:\/\/talkpal.ai\/sv\/vocabulary\/dia-vs-noite-dag-mot-natt-pa-galiciska\/#breadcrumb\",\"itemListElement\":[{\"@type\":\"ListItem\",\"position\":1,\"name\":\"Homepage\",\"item\":\"https:\/\/talkpal.ai\/sv\/\"},{\"@type\":\"ListItem\",\"position\":2,\"name\":\"D\u00eda vs. Noite &#8211; Dag mot natt p\u00e5 galiciska\"}]},{\"@type\":\"WebSite\",\"@id\":\"https:\/\/talkpal.ai\/sv\/#website\",\"url\":\"https:\/\/talkpal.ai\/sv\/\",\"name\":\"Talkpal\",\"description\":\"AI Language Learning\",\"publisher\":{\"@id\":\"https:\/\/talkpal.ai\/sv\/#organization\"},\"alternateName\":\"Talkpal AI\",\"potentialAction\":[{\"@type\":\"SearchAction\",\"target\":{\"@type\":\"EntryPoint\",\"urlTemplate\":\"https:\/\/talkpal.ai\/sv\/?s={search_term_string}\"},\"query-input\":{\"@type\":\"PropertyValueSpecification\",\"valueRequired\":true,\"valueName\":\"search_term_string\"}}],\"inLanguage\":\"sv-SE\"},{\"@type\":\"Organization\",\"@id\":\"https:\/\/talkpal.ai\/sv\/#organization\",\"name\":\"Talkpal, Inc.\",\"alternateName\":\"Talkpal AI\",\"url\":\"https:\/\/talkpal.ai\/sv\/\",\"logo\":{\"@type\":\"ImageObject\",\"inLanguage\":\"sv-SE\",\"@id\":\"https:\/\/talkpal.ai\/sv\/#\/schema\/logo\/image\/\",\"url\":\"https:\/\/talkpal.ai\/wp-content\/uploads\/2024\/03\/Talkpal-Logo-Icon.png\",\"contentUrl\":\"https:\/\/talkpal.ai\/wp-content\/uploads\/2024\/03\/Talkpal-Logo-Icon.png\",\"width\":2880,\"height\":2880,\"caption\":\"Talkpal, Inc.\"},\"image\":{\"@id\":\"https:\/\/talkpal.ai\/sv\/#\/schema\/logo\/image\/\"},\"sameAs\":[\"https:\/\/www.facebook.com\/profile.php?id=100090733639311\",\"https:\/\/x.com\/talkpalai\",\"https:\/\/www.linkedin.com\/company\/talkpal\/\",\"https:\/\/www.youtube.com\/@TalkPal\/\",\"https:\/\/www.tiktok.com\/@talkpal\",\"https:\/\/www.instagram.com\/talkpal_ai\/\",\"https:\/\/www.crunchbase.com\/organization\/talkpal-9cde\",\"https:\/\/www.g2.com\/products\/talkpal-for-business\/\",\"https:\/\/www.trustpilot.com\/review\/talkpal.ai\",\"https:\/\/www.capterra.com\/p\/10006800\/TalkPal\/\"],\"description\":\"Talkpal is a language learning web and mobile education app, powered by the latest AI technologies, that provides engaging experiences to its customers in many different languages to help them improve their language skills. Users can chat about unlimited amount of topics with the app and use other modes to practice their language learning.\",\"email\":\"support@talkpal.ai\",\"legalName\":\"Talkpal, Inc.\",\"foundingDate\":\"2023-04-03\",\"duns\":\"118989042\",\"numberOfEmployees\":{\"@type\":\"QuantitativeValue\",\"minValue\":\"11\",\"maxValue\":\"50\"},\"publishingPrinciples\":\"https:\/\/talkpal.ai\/publishing-principles\/\",\"actionableFeedbackPolicy\":\"https:\/\/talkpal.ai\/actionable-feedback-policy\/\",\"correctionsPolicy\":\"https:\/\/talkpal.ai\/corrections-policy\/\",\"ethicsPolicy\":\"https:\/\/talkpal.ai\/ethics-policy\/\",\"diversityPolicy\":\"https:\/\/talkpal.ai\/diversity-policy\/\",\"diversityStaffingReport\":\"https:\/\/talkpal.ai\/diversity-policy\/\"}]}<\/script>\n<!-- \/ Yoast SEO Premium plugin. -->","yoast_head_json":{"title":"D\u00eda vs. Noite - Dag mot natt p\u00e5 galiciska - Talkpal","description":"Att l\u00e4ra sig ett nytt spr\u00e5k \u00e4r alltid en sp\u00e4nnande och utmanande upplevelse. Galiciska, ett romansk spr\u00e5k som talas i den autonoma regionen Galicien i","robots":{"index":"index","follow":"follow","max-snippet":"max-snippet:-1","max-image-preview":"max-image-preview:large","max-video-preview":"max-video-preview:-1"},"canonical":"https:\/\/talkpal.ai\/sv\/vocabulary\/dia-vs-noite-dag-mot-natt-pa-galiciska\/","og_locale":"sv_SE","og_type":"article","og_title":"D\u00eda vs. Noite - Dag mot natt p\u00e5 galiciska","og_description":"Att l\u00e4ra sig ett nytt spr\u00e5k \u00e4r alltid en sp\u00e4nnande och utmanande upplevelse. Galiciska, ett romansk spr\u00e5k som talas i den autonoma regionen Galicien i","og_url":"https:\/\/talkpal.ai\/sv\/vocabulary\/dia-vs-noite-dag-mot-natt-pa-galiciska\/","og_site_name":"Talkpal","article_publisher":"https:\/\/www.facebook.com\/profile.php?id=100090733639311","og_image":[{"width":1024,"height":1024,"url":"https:\/\/talkpal.ai\/wp-content\/uploads\/2024\/10\/talkpal_flat_illustration_of_a_employees_working_together_happi_c674ff77-e477-4e09-835a-01d30e561e99.png","type":"image\/png"}],"twitter_card":"summary_large_image","twitter_site":"@talkpalai","twitter_misc":{"Ber\u00e4knad l\u00e4stid":"4 minuter"},"schema":{"@context":"https:\/\/schema.org","@graph":[{"@type":"WebPage","@id":"https:\/\/talkpal.ai\/sv\/vocabulary\/dia-vs-noite-dag-mot-natt-pa-galiciska\/","url":"https:\/\/talkpal.ai\/sv\/vocabulary\/dia-vs-noite-dag-mot-natt-pa-galiciska\/","name":"D\u00eda vs. Noite - Dag mot natt p\u00e5 galiciska - Talkpal","isPartOf":{"@id":"https:\/\/talkpal.ai\/sv\/#website"},"primaryImageOfPage":{"@id":"https:\/\/talkpal.ai\/sv\/vocabulary\/dia-vs-noite-dag-mot-natt-pa-galiciska\/#primaryimage"},"image":{"@id":"https:\/\/talkpal.ai\/sv\/vocabulary\/dia-vs-noite-dag-mot-natt-pa-galiciska\/#primaryimage"},"thumbnailUrl":"https:\/\/talkpal.ai\/wp-content\/uploads\/2025\/12\/person-at-laptop-learning-languages-indoors.webp","datePublished":"2024-06-12T20:56:56+00:00","description":"Att l\u00e4ra sig ett nytt spr\u00e5k \u00e4r alltid en sp\u00e4nnande och utmanande upplevelse. Galiciska, ett romansk spr\u00e5k som talas i den autonoma regionen Galicien i","breadcrumb":{"@id":"https:\/\/talkpal.ai\/sv\/vocabulary\/dia-vs-noite-dag-mot-natt-pa-galiciska\/#breadcrumb"},"inLanguage":"sv-SE","potentialAction":[{"@type":"ReadAction","target":["https:\/\/talkpal.ai\/sv\/vocabulary\/dia-vs-noite-dag-mot-natt-pa-galiciska\/"]}]},{"@type":"ImageObject","inLanguage":"sv-SE","@id":"https:\/\/talkpal.ai\/sv\/vocabulary\/dia-vs-noite-dag-mot-natt-pa-galiciska\/#primaryimage","url":"https:\/\/talkpal.ai\/wp-content\/uploads\/2025\/12\/person-at-laptop-learning-languages-indoors.webp","contentUrl":"https:\/\/talkpal.ai\/wp-content\/uploads\/2025\/12\/person-at-laptop-learning-languages-indoors.webp","width":1200,"height":896,"caption":"A person works on a laptop at a library table surrounded by books for learning languages."},{"@type":"BreadcrumbList","@id":"https:\/\/talkpal.ai\/sv\/vocabulary\/dia-vs-noite-dag-mot-natt-pa-galiciska\/#breadcrumb","itemListElement":[{"@type":"ListItem","position":1,"name":"Homepage","item":"https:\/\/talkpal.ai\/sv\/"},{"@type":"ListItem","position":2,"name":"D\u00eda vs. Noite &#8211; Dag mot natt p\u00e5 galiciska"}]},{"@type":"WebSite","@id":"https:\/\/talkpal.ai\/sv\/#website","url":"https:\/\/talkpal.ai\/sv\/","name":"Talkpal","description":"AI Language Learning","publisher":{"@id":"https:\/\/talkpal.ai\/sv\/#organization"},"alternateName":"Talkpal AI","potentialAction":[{"@type":"SearchAction","target":{"@type":"EntryPoint","urlTemplate":"https:\/\/talkpal.ai\/sv\/?s={search_term_string}"},"query-input":{"@type":"PropertyValueSpecification","valueRequired":true,"valueName":"search_term_string"}}],"inLanguage":"sv-SE"},{"@type":"Organization","@id":"https:\/\/talkpal.ai\/sv\/#organization","name":"Talkpal, Inc.","alternateName":"Talkpal AI","url":"https:\/\/talkpal.ai\/sv\/","logo":{"@type":"ImageObject","inLanguage":"sv-SE","@id":"https:\/\/talkpal.ai\/sv\/#\/schema\/logo\/image\/","url":"https:\/\/talkpal.ai\/wp-content\/uploads\/2024\/03\/Talkpal-Logo-Icon.png","contentUrl":"https:\/\/talkpal.ai\/wp-content\/uploads\/2024\/03\/Talkpal-Logo-Icon.png","width":2880,"height":2880,"caption":"Talkpal, Inc."},"image":{"@id":"https:\/\/talkpal.ai\/sv\/#\/schema\/logo\/image\/"},"sameAs":["https:\/\/www.facebook.com\/profile.php?id=100090733639311","https:\/\/x.com\/talkpalai","https:\/\/www.linkedin.com\/company\/talkpal\/","https:\/\/www.youtube.com\/@TalkPal\/","https:\/\/www.tiktok.com\/@talkpal","https:\/\/www.instagram.com\/talkpal_ai\/","https:\/\/www.crunchbase.com\/organization\/talkpal-9cde","https:\/\/www.g2.com\/products\/talkpal-for-business\/","https:\/\/www.trustpilot.com\/review\/talkpal.ai","https:\/\/www.capterra.com\/p\/10006800\/TalkPal\/"],"description":"Talkpal is a language learning web and mobile education app, powered by the latest AI technologies, that provides engaging experiences to its customers in many different languages to help them improve their language skills. Users can chat about unlimited amount of topics with the app and use other modes to practice their language learning.","email":"support@talkpal.ai","legalName":"Talkpal, Inc.","foundingDate":"2023-04-03","duns":"118989042","numberOfEmployees":{"@type":"QuantitativeValue","minValue":"11","maxValue":"50"},"publishingPrinciples":"https:\/\/talkpal.ai\/publishing-principles\/","actionableFeedbackPolicy":"https:\/\/talkpal.ai\/actionable-feedback-policy\/","correctionsPolicy":"https:\/\/talkpal.ai\/corrections-policy\/","ethicsPolicy":"https:\/\/talkpal.ai\/ethics-policy\/","diversityPolicy":"https:\/\/talkpal.ai\/diversity-policy\/","diversityStaffingReport":"https:\/\/talkpal.ai\/diversity-policy\/"}]}},"_links":{"self":[{"href":"https:\/\/talkpal.ai\/sv\/wp-json\/wp\/v2\/vocabulary\/781263","targetHints":{"allow":["GET"]}}],"collection":[{"href":"https:\/\/talkpal.ai\/sv\/wp-json\/wp\/v2\/vocabulary"}],"about":[{"href":"https:\/\/talkpal.ai\/sv\/wp-json\/wp\/v2\/types\/vocabulary"}],"wp:featuredmedia":[{"embeddable":true,"href":"https:\/\/talkpal.ai\/sv\/wp-json\/wp\/v2\/media\/1527848"}],"wp:attachment":[{"href":"https:\/\/talkpal.ai\/sv\/wp-json\/wp\/v2\/media?parent=781263"}],"wp:term":[{"taxonomy":"vocabulary_language","embeddable":true,"href":"https:\/\/talkpal.ai\/sv\/wp-json\/wp\/v2\/vocabulary_language?post=781263"}],"curies":[{"name":"wp","href":"https:\/\/api.w.org\/{rel}","templated":true}]}}