{"id":781027,"date":"2024-06-12T20:37:58","date_gmt":"2024-06-12T20:37:58","guid":{"rendered":"https:\/\/talkpal.ai\/vocabulary\/zeleny-vs-modry-gron-mot-bla-pa-tjeckiska\/"},"modified":"2024-06-12T20:37:58","modified_gmt":"2024-06-12T20:37:58","slug":"zeleny-vs-modry-gron-mot-bla-pa-tjeckiska","status":"publish","type":"vocabulary","link":"https:\/\/talkpal.ai\/sv\/vocabulary\/zeleny-vs-modry-gron-mot-bla-pa-tjeckiska\/","title":{"rendered":"Zelen\u00fd vs. Modr\u00fd &#8211; Gr\u00f6n mot bl\u00e5 p\u00e5 tjeckiska"},"content":{"rendered":"<p>Att <b>l\u00e4ra<\/b> sig ett <b>nytt<\/b> <b>spr\u00e5k<\/b> kan vara en <b>utmanande<\/b> men <b>otroligt<\/b> <b>givande<\/b> <b>upplevelse<\/b>. Ett av de <b>mest<\/b> <b>grundl\u00e4ggande<\/b> <b>elementen<\/b> i <b>spr\u00e5kinl\u00e4rning<\/b> \u00e4r att <b>f\u00f6rst\u00e5<\/b> <b>skillnaden<\/b> mellan <b>olika<\/b> <b>f\u00e4rger<\/b>. I <b>tjeckiska<\/b> \u00e4r detta <b>ingen<\/b> <b>undantag<\/b>. Tv\u00e5 av de <b>mest<\/b> <b>grundl\u00e4ggande<\/b> <b>f\u00e4rgerna<\/b> att <b>l\u00e4ra<\/b> sig \u00e4r <b>gr\u00f6n<\/b> (<b>zelen\u00fd<\/b>) och <b>bl\u00e5<\/b> (<b>modr\u00fd<\/b>). I <a href=\"https:\/\/talkpal.ai\/culture\/how-do-i-use-den-har-and-det-har\/\">den h\u00e4r<\/a> <b>artikeln<\/b> ska vi <b>dyka<\/b> <b>djupare<\/b> in i <b>skillnaderna<\/b> och <b>anv\u00e4ndningen<\/b> av dessa tv\u00e5 <b>f\u00e4rger<\/b> p\u00e5 <b>tjeckiska<\/b>.<\/p>\n<h2>Grundl\u00e4ggande <b>begrepp<\/b><\/h2>\n<p>L\u00e5t <a href=\"https:\/\/talkpal.ai\/locations\/language-courses-in-oss\/\">oss<\/a> <b>b\u00f6rja<\/b> med de <b>grundl\u00e4ggande<\/b> <b>begreppen<\/b>. P\u00e5 <b>tjeckiska<\/b> <b>\u00f6vers\u00e4tts<\/b> <b>gr\u00f6n<\/b> som <b>zelen\u00fd<\/b> och <b>bl\u00e5<\/b> som <b>modr\u00fd<\/b>. <b>\u00c4ven<\/b> om det <b>kan<\/b> verka <b>enkelt<\/b> vid <b>f\u00f6rsta<\/b> <b>anblicken<\/b>, finns det <b>flera<\/b> <b>nyanser<\/b> och <b>anv\u00e4ndningsomr\u00e5den<\/b> som vi <b>m\u00e5ste<\/b> <b>f\u00f6rst\u00e5<\/b> f\u00f6r att <b>anv\u00e4nda<\/b> dessa <b>f\u00e4rger<\/b> <b>korrekt<\/b>.<\/p>\n<h3><b>Gr\u00f6n<\/b> (<b>Zelen\u00fd<\/b>)<\/h3>\n<p><b>Ordet<\/b> <b>zelen\u00fd<\/b> p\u00e5 <b>tjeckiska<\/b> <b>anv\u00e4nds<\/b> f\u00f6r att <b>beskriva<\/b> <b>f\u00e4rgen<\/b> <b>gr\u00f6n<\/b>. Detta <b>ord<\/b> <b>anv\u00e4nds<\/b> i en <b>rad<\/b> av <b>olika<\/b> <b>sammanhang<\/b>, <b>inklusive<\/b> <b>natur<\/b>, <b>mat<\/b> och <b>symbolik<\/b>. H\u00e4r \u00e4r <b>n\u00e5gra<\/b> <b>exempel<\/b> p\u00e5 <b>hur<\/b> <b>zelen\u00fd<\/b> <b>anv\u00e4nds<\/b> i <b>tjeckiska<\/b>:<\/p>\n<p>1. <b>Zelen\u00fd<\/b> <b>strom<\/b> &#8211; <b>Gr\u00f6nt<\/b> <b>tr\u00e4d<\/b><br \/>\n2. <b>Zelen\u00e1<\/b> <b>zelenina<\/b> &#8211; <b>Gr\u00f6nsaker<\/b><br \/>\n3. <b>Zelen\u00e1<\/b> <b>sv\u011btla<\/b> &#8211; <b>Gr\u00f6na<\/b> <b>ljus<\/b> (i <b>trafiken<\/b>)<\/p>\n<p><b>F\u00f6rutom<\/b> <b>f\u00e4rgen<\/b> <b>gr\u00f6n<\/b> <b>kan<\/b> <b>zelen\u00fd<\/b> <b>ocks\u00e5<\/b> <b>anv\u00e4ndas<\/b> f\u00f6r att <b>beskriva<\/b> <b>n\u00e5gon<\/b> som \u00e4r <b>nyb\u00f6rjare<\/b> eller <b>ny<\/b> p\u00e5 <b>n\u00e5got<\/b>, <b>liknande<\/b> <b>engelskans<\/b> <b>green<\/b> n\u00e4r det <b>anv\u00e4nds<\/b> i <b>uttrycket<\/b> &#8221;green <b>horn<\/b>&#8221;. <\/p>\n<h3><b>Bl\u00e5<\/b> (<b>Modr\u00fd<\/b>)<\/h3>\n<p><b>Ordet<\/b> <b>modr\u00fd<\/b> p\u00e5 <b>tjeckiska<\/b> <b>anv\u00e4nds<\/b> f\u00f6r att <b>beskriva<\/b> <b>f\u00e4rgen<\/b> <b>bl\u00e5<\/b>. <b>Precis<\/b> som <b>zelen\u00fd<\/b>, <b>har<\/b> <b>modr\u00fd<\/b> <b>m\u00e5nga<\/b> <b>anv\u00e4ndningsomr\u00e5den<\/b>:<\/p>\n<p>1. <b>Modr\u00e9<\/b> <b>mo\u0159e<\/b> &#8211; <b>Bl\u00e5tt<\/b> <b>hav<\/b><br \/>\n2. <b>Modr\u00e1<\/b> <b>obloha<\/b> &#8211; <b>Bl\u00e5<\/b> <b>himmel<\/b><br \/>\n3. <b>Modr\u00e9<\/b> <b>o\u010di<\/b> &#8211; <b>Bl\u00e5<\/b> <b>\u00f6gon<\/b><\/p>\n<p><b>Modr\u00fd<\/b> <b>kan<\/b> <b>ocks\u00e5<\/b> <b>anv\u00e4ndas<\/b> i <b>symboliska<\/b> <b>sammanhang<\/b>, <b>som<\/b> i <b>politiska<\/b> <b>r\u00f6relser<\/b> eller <b>sociala<\/b> <b>grupper<\/b> d\u00e4r <b>bl\u00e5<\/b> <b>f\u00e4rgen<\/b> <b>st\u00e5r<\/b> f\u00f6r <b>konservatism<\/b> eller <b>lojalitet<\/b>.<\/p>\n<h2>Grammatisk <b>anv\u00e4ndning<\/b><\/h2>\n<p><b>En<\/b> <b>viktig<\/b> <b>aspekt<\/b> av att <b>l\u00e4ra<\/b> sig <b>tjeckiska<\/b> \u00e4r att <b>f\u00f6rst\u00e5<\/b> <b>hur<\/b> <b>adjektiv<\/b> <b>\u00e4ndras<\/b> <b>beroende<\/b> p\u00e5 <b>genus<\/b>, <b>antal<\/b> och <b>kasus<\/b>. <b>Zelen\u00fd<\/b> och <b>modr\u00fd<\/b> \u00e4r <b>inga<\/b> <b>undantag<\/b>.<\/p>\n<h3><b>Zelen\u00fd<\/b> &#8211; <b>Grammatisk<\/b> <b>anpassning<\/b><\/h3>\n<p><b>F\u00f6r<\/b> <b>maskulina<\/b> <b>substantiv<\/b> <b>anv\u00e4nds<\/b> <b>formen<\/b> <b>zelen\u00fd<\/b>:<\/p>\n<p>&#8211; <b>zelen\u00fd<\/b> <b>strom<\/b> &#8211; <b>gr\u00f6nt<\/b> <b>tr\u00e4d<\/b><\/p>\n<p><b>F\u00f6r<\/b> <b>feminina<\/b> <b>substantiv<\/b> <b>anv\u00e4nds<\/b> <b>formen<\/b> <b>zelen\u00e1<\/b>:<\/p>\n<p>&#8211; <b>zelen\u00e1<\/b> <b>tr\u00e1va<\/b> &#8211; <b>gr\u00f6nt<\/b> <b>gr\u00e4s<\/b><\/p>\n<p><b>F\u00f6r<\/b> <b>neutrala<\/b> <b>substantiv<\/b> <b>anv\u00e4nds<\/b> <b>formen<\/b> <b>zelen\u00e9<\/b>:<\/p>\n<p>&#8211; <b>zelen\u00e9<\/b> <b>jablko<\/b> &#8211; <b>gr\u00f6nt<\/b> <b>\u00e4pple<\/b><\/p>\n<h3><b>Modr\u00fd<\/b> &#8211; <b>Grammatisk<\/b> <b>anpassning<\/b><\/h3>\n<p><b>F\u00f6r<\/b> <b>maskulina<\/b> <b>substantiv<\/b> <b>anv\u00e4nds<\/b> <b>formen<\/b> <b>modr\u00fd<\/b>:<\/p>\n<p>&#8211; <b>modr\u00fd<\/b> <b>d\u016fm<\/b> &#8211; <b>bl\u00e5tt<\/b> <b>hus<\/b><\/p>\n<p><b>F\u00f6r<\/b> <b>feminina<\/b> <b>substantiv<\/b> <b>anv\u00e4nds<\/b> <b>formen<\/b> <b>modr\u00e1<\/b>:<\/p>\n<p>&#8211; <b>modr\u00e1<\/b> <b>obloha<\/b> &#8211; <b>bl\u00e5<\/b> <b>himmel<\/b><\/p>\n<p><b>F\u00f6r<\/b> <b>neutrala<\/b> <b>substantiv<\/b> <b>anv\u00e4nds<\/b> <b>formen<\/b> <b>modr\u00e9<\/b>:<\/p>\n<p>&#8211; <b>modr\u00e9<\/b> <b>auto<\/b> &#8211; <b>bl\u00e5<\/b> <b>bil<\/b><\/p>\n<h2>Kulturella <b>betydelser<\/b> och <b>symbolik<\/b><\/h2>\n<p><b>F\u00e4rger<\/b> <b>spelar<\/b> en <b>viktig<\/b> <b>roll<\/b> i <b>alla<\/b> <b>kulturer<\/b>, och <b>Tjeckien<\/b> \u00e4r <b>inte<\/b> <b>annorlunda<\/b>. <b>B\u00e5de<\/b> <b>gr\u00f6n<\/b> och <b>bl\u00e5<\/b> <b>har<\/b> <b>s\u00e4rskilda<\/b> <b>symboliska<\/b> <b>betydelser<\/b> i <b>tjeckisk<\/b> <b>kultur<\/b>.<\/p>\n<h3><b>Gr\u00f6n<\/b> (<b>Zelen\u00fd<\/b>)<\/h3>\n<p>I <b>Tjeckien<\/b> <b>symboliserar<\/b> <b>gr\u00f6n<\/b> <b>v\u00e4xande<\/b>, <b>liv<\/b>, och <b>natur<\/b>. <b>Det<\/b> \u00e4r en <b>f\u00e4rg<\/b> som <b>ofta<\/b> <b>associeras<\/b> med <b>milj\u00f6medvetenhet<\/b> och <b>h\u00e5llbarhet<\/b>. <b>Under<\/b> <b>v\u00e5ren<\/b> \u00e4r <b>landskapet<\/b> <b>t\u00e4ckt<\/b> av <b>gr\u00f6nska<\/b>, vilket <b>g\u00f6r<\/b> <b>gr\u00f6n<\/b> till en <b>mycket<\/b> <b>positiv<\/b> <b>f\u00e4rg<\/b> i <b>tjeckisk<\/b> <b>kultur<\/b>.<\/p>\n<h3><b>Bl\u00e5<\/b> (<b>Modr\u00fd<\/b>)<\/h3>\n<p><b>Bl\u00e5<\/b> <b>f\u00e4rgen<\/b> <b>symboliserar<\/b> <b>ofta<\/b> <b>lojalitet<\/b>, <b>stabilitet<\/b>, och <b>trohet<\/b> i <b>tjeckisk<\/b> <b>kultur<\/b>. <b>Den<\/b> <b>anv\u00e4nds<\/b> <b>ocks\u00e5<\/b> <b>ofta<\/b> i <b>politiska<\/b> <b>sammanhang<\/b>, <b>fr\u00e4mst<\/b> f\u00f6r att <b>representera<\/b> <b>konservativa<\/b> <b>partier<\/b>.<\/p>\n<h2>Vanliga <b>uttryck<\/b> och <b>idiom<\/b><\/h2>\n<p>Att <b>kunna<\/b> <b>anv\u00e4nda<\/b> <b>vanliga<\/b> <b>uttryck<\/b> och <b>idiom<\/b> <b>kan<\/b> <b>verkligen<\/b> <b>hj\u00e4lpa<\/b> dig att <b>f\u00f6rst\u00e5<\/b> och <b>anv\u00e4nda<\/b> <b>tjeckiska<\/b> p\u00e5 en <b>mer<\/b> <b>naturlig<\/b> <b>niv\u00e5<\/b>. H\u00e4r \u00e4r <b>n\u00e5gra<\/b> <b>vanliga<\/b> <b>uttryck<\/b> som <b>involverar<\/b> <b>gr\u00f6n<\/b> och <b>bl\u00e5<\/b>:<\/p>\n<h3><b>Gr\u00f6n<\/b> (<b>Zelen\u00fd<\/b>)<\/h3>\n<p>1. <b>Zelen\u00fd<\/b> <b>jako<\/b> <b>tr\u00e1va<\/b> &#8211; <b>Gr\u00f6n<\/b> som <b>gr\u00e4s<\/b> (anv\u00e4nds f\u00f6r att <b>beskriva<\/b> <b>n\u00e5got<\/b> som \u00e4r <b>v\u00e4ldigt<\/b> <b>gr\u00f6nt<\/b>)<br \/>\n2. <b>Zelen\u00fd<\/b> <b>\u010daj<\/b> &#8211; <b>Gr\u00f6nt<\/b> <b>te<\/b> (en <b>popul\u00e4r<\/b> <b>dryck<\/b>)<\/p>\n<h3><b>Bl\u00e5<\/b> (<b>Modr\u00fd<\/b>)<\/h3>\n<p>1. <b>Modr\u00e9<\/b> <b>z<\/b> <b>nebe<\/b> &#8211; <b>Bl\u00e5<\/b> fr\u00e5n <b>himlen<\/b> (anv\u00e4nds f\u00f6r att <b>beskriva<\/b> <b>n\u00e5got<\/b> som \u00e4r <b>v\u00e4ldigt<\/b> <b>bl\u00e5tt<\/b>)<br \/>\n2. <b>Modr\u00e1<\/b> <b>krev<\/b> &#8211; <b>Bl\u00e5tt<\/b> <b>blod<\/b> (anv\u00e4nds f\u00f6r att <b>beskriva<\/b> <b>adlighet<\/b>)<\/p>\n<h2>Praktiska <b>\u00f6vningar<\/b> och <b>tips<\/b><\/h2>\n<p>F\u00f6r att <b>bem\u00e4stra<\/b> <b>anv\u00e4ndningen<\/b> av <b>gr\u00f6n<\/b> och <b>bl\u00e5<\/b> p\u00e5 <b>tjeckiska<\/b>, <b>rekommenderar<\/b> vi <b>f\u00f6ljande<\/b> <b>\u00f6vningar<\/b> och <b>tips<\/b>:<\/p>\n<p>1. <b>F\u00e4rgl\u00e4gg<\/b> <b>bilder<\/b> och <b>ben\u00e4mn<\/b> <b>f\u00e4rgerna<\/b> p\u00e5 <b>tjeckiska<\/b>.<br \/>\n2. <b>G\u00f6r<\/b> <b>flashcards<\/b> med <b>ord<\/b> och <b>bilder<\/b> som <b>representerar<\/b> <b>gr\u00f6n<\/b> och <b>bl\u00e5<\/b>.<br \/>\n3. <b>Lyssna<\/b> p\u00e5 <b>tjeckiska<\/b> <b>s\u00e5nger<\/b> eller <b>titta<\/b> p\u00e5 <b>filmer<\/b> och <b>f\u00f6rs\u00f6k<\/b> <b>identifiera<\/b> <b>anv\u00e4ndningen<\/b> av dessa <b>f\u00e4rger<\/b>.<br \/>\n4. <b>\u00d6va<\/b> <b>med<\/b> en <b>spr\u00e5kpartner<\/b> och <b>anv\u00e4nd<\/b> <b>f\u00e4rgerna<\/b> i <b>konversation<\/b>.<\/p>\n<h2>Sammanfattning<\/h2>\n<p>Att <b>l\u00e4ra<\/b> sig <b>skillnaden<\/b> mellan <b>zelen\u00fd<\/b> och <b>modr\u00fd<\/b> p\u00e5 <b>tjeckiska<\/b> \u00e4r en <b>viktig<\/b> <b>del<\/b> av <b>spr\u00e5kinl\u00e4rningen<\/b>. <b>Genom<\/b> att <b>f\u00f6rst\u00e5<\/b> <b>deras<\/b> <b>anv\u00e4ndning<\/b>, <b>grammatiska<\/b> <b>anpassning<\/b>, <b>kulturella<\/b> <b>betydelser<\/b> och <b>vanliga<\/b> <b>uttryck<\/b> <b>kan<\/b> du <b>f\u00f6rb\u00e4ttra<\/b> din <b>f\u00f6rm\u00e5ga<\/b> att <b>kommunicera<\/b> p\u00e5 <b>tjeckiska<\/b> p\u00e5 ett <b>mer<\/b> <b>flytande<\/b> och <b>naturligt<\/b> <b>s\u00e4tt<\/b>. <b>Forts\u00e4tt<\/b> att <b>\u00f6va<\/b> och <b>anv\u00e4nd<\/b> <b>dessa<\/b> <b>f\u00e4rger<\/b> i din <b>vardagliga<\/b> <b>konversation<\/b> f\u00f6r att <b>f\u00f6rb\u00e4ttra<\/b> din <b>spr\u00e5kf\u00e4rdighet<\/b>.<\/p>\n","protected":false},"featured_media":1527834,"template":"","vocabulary_language":[4181],"class_list":["post-781027","vocabulary","type-vocabulary","status-publish","has-post-thumbnail","hentry","vocabulary_language-tjeckiska"],"acf":[],"yoast_head":"<!-- This site is optimized with the Yoast SEO Premium plugin v27.2 (Yoast SEO v27.2) - https:\/\/yoast.com\/product\/yoast-seo-premium-wordpress\/ -->\n<title>Zelen\u00fd vs. Modr\u00fd - Gr\u00f6n mot bl\u00e5 p\u00e5 tjeckiska - Talkpal<\/title>\n<meta name=\"description\" content=\"Att l\u00e4ra sig ett nytt spr\u00e5k kan vara en utmanande men otroligt givande upplevelse. Ett av de mest grundl\u00e4ggande elementen i spr\u00e5kinl\u00e4rning \u00e4r att f\u00f6rst\u00e5\" \/>\n<meta name=\"robots\" content=\"index, follow, max-snippet:-1, max-image-preview:large, max-video-preview:-1\" \/>\n<link rel=\"canonical\" href=\"https:\/\/talkpal.ai\/sv\/vocabulary\/zeleny-vs-modry-gron-mot-bla-pa-tjeckiska\/\" \/>\n<meta property=\"og:locale\" content=\"sv_SE\" \/>\n<meta property=\"og:type\" content=\"article\" \/>\n<meta property=\"og:title\" content=\"Zelen\u00fd vs. Modr\u00fd - Gr\u00f6n mot bl\u00e5 p\u00e5 tjeckiska\" \/>\n<meta property=\"og:description\" content=\"Att l\u00e4ra sig ett nytt spr\u00e5k kan vara en utmanande men otroligt givande upplevelse. Ett av de mest grundl\u00e4ggande elementen i spr\u00e5kinl\u00e4rning \u00e4r att f\u00f6rst\u00e5\" \/>\n<meta property=\"og:url\" content=\"https:\/\/talkpal.ai\/sv\/vocabulary\/zeleny-vs-modry-gron-mot-bla-pa-tjeckiska\/\" \/>\n<meta property=\"og:site_name\" content=\"Talkpal\" \/>\n<meta property=\"article:publisher\" content=\"https:\/\/www.facebook.com\/profile.php?id=100090733639311\" \/>\n<meta property=\"og:image\" content=\"https:\/\/talkpal.ai\/wp-content\/uploads\/2024\/10\/talkpal_flat_illustration_of_a_employees_working_together_happi_c674ff77-e477-4e09-835a-01d30e561e99.png\" \/>\n\t<meta property=\"og:image:width\" content=\"1024\" \/>\n\t<meta property=\"og:image:height\" content=\"1024\" \/>\n\t<meta property=\"og:image:type\" content=\"image\/png\" \/>\n<meta name=\"twitter:card\" content=\"summary_large_image\" \/>\n<meta name=\"twitter:site\" content=\"@talkpalai\" \/>\n<meta name=\"twitter:label1\" content=\"Ber\u00e4knad l\u00e4stid\" \/>\n\t<meta name=\"twitter:data1\" content=\"4 minuter\" \/>\n<script type=\"application\/ld+json\" class=\"yoast-schema-graph\">{\"@context\":\"https:\/\/schema.org\",\"@graph\":[{\"@type\":\"WebPage\",\"@id\":\"https:\/\/talkpal.ai\/sv\/vocabulary\/zeleny-vs-modry-gron-mot-bla-pa-tjeckiska\/\",\"url\":\"https:\/\/talkpal.ai\/sv\/vocabulary\/zeleny-vs-modry-gron-mot-bla-pa-tjeckiska\/\",\"name\":\"Zelen\u00fd vs. Modr\u00fd - Gr\u00f6n mot bl\u00e5 p\u00e5 tjeckiska - Talkpal\",\"isPartOf\":{\"@id\":\"https:\/\/talkpal.ai\/sv\/#website\"},\"primaryImageOfPage\":{\"@id\":\"https:\/\/talkpal.ai\/sv\/vocabulary\/zeleny-vs-modry-gron-mot-bla-pa-tjeckiska\/#primaryimage\"},\"image\":{\"@id\":\"https:\/\/talkpal.ai\/sv\/vocabulary\/zeleny-vs-modry-gron-mot-bla-pa-tjeckiska\/#primaryimage\"},\"thumbnailUrl\":\"https:\/\/talkpal.ai\/wp-content\/uploads\/2025\/12\/people-at-distant-desks-learning-languages.webp\",\"datePublished\":\"2024-06-12T20:37:58+00:00\",\"description\":\"Att l\u00e4ra sig ett nytt spr\u00e5k kan vara en utmanande men otroligt givande upplevelse. Ett av de mest grundl\u00e4ggande elementen i spr\u00e5kinl\u00e4rning \u00e4r att f\u00f6rst\u00e5\",\"breadcrumb\":{\"@id\":\"https:\/\/talkpal.ai\/sv\/vocabulary\/zeleny-vs-modry-gron-mot-bla-pa-tjeckiska\/#breadcrumb\"},\"inLanguage\":\"sv-SE\",\"potentialAction\":[{\"@type\":\"ReadAction\",\"target\":[\"https:\/\/talkpal.ai\/sv\/vocabulary\/zeleny-vs-modry-gron-mot-bla-pa-tjeckiska\/\"]}]},{\"@type\":\"ImageObject\",\"inLanguage\":\"sv-SE\",\"@id\":\"https:\/\/talkpal.ai\/sv\/vocabulary\/zeleny-vs-modry-gron-mot-bla-pa-tjeckiska\/#primaryimage\",\"url\":\"https:\/\/talkpal.ai\/wp-content\/uploads\/2025\/12\/people-at-distant-desks-learning-languages.webp\",\"contentUrl\":\"https:\/\/talkpal.ai\/wp-content\/uploads\/2025\/12\/people-at-distant-desks-learning-languages.webp\",\"width\":1200,\"height\":896,\"caption\":\"People work at various desks throughout a massive library hall while learning languages.\"},{\"@type\":\"BreadcrumbList\",\"@id\":\"https:\/\/talkpal.ai\/sv\/vocabulary\/zeleny-vs-modry-gron-mot-bla-pa-tjeckiska\/#breadcrumb\",\"itemListElement\":[{\"@type\":\"ListItem\",\"position\":1,\"name\":\"Homepage\",\"item\":\"https:\/\/talkpal.ai\/sv\/\"},{\"@type\":\"ListItem\",\"position\":2,\"name\":\"Zelen\u00fd vs. Modr\u00fd &#8211; Gr\u00f6n mot bl\u00e5 p\u00e5 tjeckiska\"}]},{\"@type\":\"WebSite\",\"@id\":\"https:\/\/talkpal.ai\/sv\/#website\",\"url\":\"https:\/\/talkpal.ai\/sv\/\",\"name\":\"Talkpal\",\"description\":\"AI Language Learning\",\"publisher\":{\"@id\":\"https:\/\/talkpal.ai\/sv\/#organization\"},\"alternateName\":\"Talkpal AI\",\"potentialAction\":[{\"@type\":\"SearchAction\",\"target\":{\"@type\":\"EntryPoint\",\"urlTemplate\":\"https:\/\/talkpal.ai\/sv\/?s={search_term_string}\"},\"query-input\":{\"@type\":\"PropertyValueSpecification\",\"valueRequired\":true,\"valueName\":\"search_term_string\"}}],\"inLanguage\":\"sv-SE\"},{\"@type\":\"Organization\",\"@id\":\"https:\/\/talkpal.ai\/sv\/#organization\",\"name\":\"Talkpal, Inc.\",\"alternateName\":\"Talkpal AI\",\"url\":\"https:\/\/talkpal.ai\/sv\/\",\"logo\":{\"@type\":\"ImageObject\",\"inLanguage\":\"sv-SE\",\"@id\":\"https:\/\/talkpal.ai\/sv\/#\/schema\/logo\/image\/\",\"url\":\"https:\/\/talkpal.ai\/wp-content\/uploads\/2024\/03\/Talkpal-Logo-Icon.png\",\"contentUrl\":\"https:\/\/talkpal.ai\/wp-content\/uploads\/2024\/03\/Talkpal-Logo-Icon.png\",\"width\":2880,\"height\":2880,\"caption\":\"Talkpal, Inc.\"},\"image\":{\"@id\":\"https:\/\/talkpal.ai\/sv\/#\/schema\/logo\/image\/\"},\"sameAs\":[\"https:\/\/www.facebook.com\/profile.php?id=100090733639311\",\"https:\/\/x.com\/talkpalai\",\"https:\/\/www.linkedin.com\/company\/talkpal\/\",\"https:\/\/www.youtube.com\/@TalkPal\/\",\"https:\/\/www.tiktok.com\/@talkpal\",\"https:\/\/www.instagram.com\/talkpal_ai\/\",\"https:\/\/www.crunchbase.com\/organization\/talkpal-9cde\",\"https:\/\/www.g2.com\/products\/talkpal-for-business\/\",\"https:\/\/www.trustpilot.com\/review\/talkpal.ai\",\"https:\/\/www.capterra.com\/p\/10006800\/TalkPal\/\"],\"description\":\"Talkpal is a language learning web and mobile education app, powered by the latest AI technologies, that provides engaging experiences to its customers in many different languages to help them improve their language skills. Users can chat about unlimited amount of topics with the app and use other modes to practice their language learning.\",\"email\":\"support@talkpal.ai\",\"legalName\":\"Talkpal, Inc.\",\"foundingDate\":\"2023-04-03\",\"duns\":\"118989042\",\"numberOfEmployees\":{\"@type\":\"QuantitativeValue\",\"minValue\":\"11\",\"maxValue\":\"50\"},\"publishingPrinciples\":\"https:\/\/talkpal.ai\/publishing-principles\/\",\"actionableFeedbackPolicy\":\"https:\/\/talkpal.ai\/actionable-feedback-policy\/\",\"correctionsPolicy\":\"https:\/\/talkpal.ai\/corrections-policy\/\",\"ethicsPolicy\":\"https:\/\/talkpal.ai\/ethics-policy\/\",\"diversityPolicy\":\"https:\/\/talkpal.ai\/diversity-policy\/\",\"diversityStaffingReport\":\"https:\/\/talkpal.ai\/diversity-policy\/\"}]}<\/script>\n<!-- \/ Yoast SEO Premium plugin. -->","yoast_head_json":{"title":"Zelen\u00fd vs. Modr\u00fd - Gr\u00f6n mot bl\u00e5 p\u00e5 tjeckiska - Talkpal","description":"Att l\u00e4ra sig ett nytt spr\u00e5k kan vara en utmanande men otroligt givande upplevelse. Ett av de mest grundl\u00e4ggande elementen i spr\u00e5kinl\u00e4rning \u00e4r att f\u00f6rst\u00e5","robots":{"index":"index","follow":"follow","max-snippet":"max-snippet:-1","max-image-preview":"max-image-preview:large","max-video-preview":"max-video-preview:-1"},"canonical":"https:\/\/talkpal.ai\/sv\/vocabulary\/zeleny-vs-modry-gron-mot-bla-pa-tjeckiska\/","og_locale":"sv_SE","og_type":"article","og_title":"Zelen\u00fd vs. Modr\u00fd - Gr\u00f6n mot bl\u00e5 p\u00e5 tjeckiska","og_description":"Att l\u00e4ra sig ett nytt spr\u00e5k kan vara en utmanande men otroligt givande upplevelse. Ett av de mest grundl\u00e4ggande elementen i spr\u00e5kinl\u00e4rning \u00e4r att f\u00f6rst\u00e5","og_url":"https:\/\/talkpal.ai\/sv\/vocabulary\/zeleny-vs-modry-gron-mot-bla-pa-tjeckiska\/","og_site_name":"Talkpal","article_publisher":"https:\/\/www.facebook.com\/profile.php?id=100090733639311","og_image":[{"width":1024,"height":1024,"url":"https:\/\/talkpal.ai\/wp-content\/uploads\/2024\/10\/talkpal_flat_illustration_of_a_employees_working_together_happi_c674ff77-e477-4e09-835a-01d30e561e99.png","type":"image\/png"}],"twitter_card":"summary_large_image","twitter_site":"@talkpalai","twitter_misc":{"Ber\u00e4knad l\u00e4stid":"4 minuter"},"schema":{"@context":"https:\/\/schema.org","@graph":[{"@type":"WebPage","@id":"https:\/\/talkpal.ai\/sv\/vocabulary\/zeleny-vs-modry-gron-mot-bla-pa-tjeckiska\/","url":"https:\/\/talkpal.ai\/sv\/vocabulary\/zeleny-vs-modry-gron-mot-bla-pa-tjeckiska\/","name":"Zelen\u00fd vs. Modr\u00fd - Gr\u00f6n mot bl\u00e5 p\u00e5 tjeckiska - Talkpal","isPartOf":{"@id":"https:\/\/talkpal.ai\/sv\/#website"},"primaryImageOfPage":{"@id":"https:\/\/talkpal.ai\/sv\/vocabulary\/zeleny-vs-modry-gron-mot-bla-pa-tjeckiska\/#primaryimage"},"image":{"@id":"https:\/\/talkpal.ai\/sv\/vocabulary\/zeleny-vs-modry-gron-mot-bla-pa-tjeckiska\/#primaryimage"},"thumbnailUrl":"https:\/\/talkpal.ai\/wp-content\/uploads\/2025\/12\/people-at-distant-desks-learning-languages.webp","datePublished":"2024-06-12T20:37:58+00:00","description":"Att l\u00e4ra sig ett nytt spr\u00e5k kan vara en utmanande men otroligt givande upplevelse. Ett av de mest grundl\u00e4ggande elementen i spr\u00e5kinl\u00e4rning \u00e4r att f\u00f6rst\u00e5","breadcrumb":{"@id":"https:\/\/talkpal.ai\/sv\/vocabulary\/zeleny-vs-modry-gron-mot-bla-pa-tjeckiska\/#breadcrumb"},"inLanguage":"sv-SE","potentialAction":[{"@type":"ReadAction","target":["https:\/\/talkpal.ai\/sv\/vocabulary\/zeleny-vs-modry-gron-mot-bla-pa-tjeckiska\/"]}]},{"@type":"ImageObject","inLanguage":"sv-SE","@id":"https:\/\/talkpal.ai\/sv\/vocabulary\/zeleny-vs-modry-gron-mot-bla-pa-tjeckiska\/#primaryimage","url":"https:\/\/talkpal.ai\/wp-content\/uploads\/2025\/12\/people-at-distant-desks-learning-languages.webp","contentUrl":"https:\/\/talkpal.ai\/wp-content\/uploads\/2025\/12\/people-at-distant-desks-learning-languages.webp","width":1200,"height":896,"caption":"People work at various desks throughout a massive library hall while learning languages."},{"@type":"BreadcrumbList","@id":"https:\/\/talkpal.ai\/sv\/vocabulary\/zeleny-vs-modry-gron-mot-bla-pa-tjeckiska\/#breadcrumb","itemListElement":[{"@type":"ListItem","position":1,"name":"Homepage","item":"https:\/\/talkpal.ai\/sv\/"},{"@type":"ListItem","position":2,"name":"Zelen\u00fd vs. Modr\u00fd &#8211; Gr\u00f6n mot bl\u00e5 p\u00e5 tjeckiska"}]},{"@type":"WebSite","@id":"https:\/\/talkpal.ai\/sv\/#website","url":"https:\/\/talkpal.ai\/sv\/","name":"Talkpal","description":"AI Language Learning","publisher":{"@id":"https:\/\/talkpal.ai\/sv\/#organization"},"alternateName":"Talkpal AI","potentialAction":[{"@type":"SearchAction","target":{"@type":"EntryPoint","urlTemplate":"https:\/\/talkpal.ai\/sv\/?s={search_term_string}"},"query-input":{"@type":"PropertyValueSpecification","valueRequired":true,"valueName":"search_term_string"}}],"inLanguage":"sv-SE"},{"@type":"Organization","@id":"https:\/\/talkpal.ai\/sv\/#organization","name":"Talkpal, Inc.","alternateName":"Talkpal AI","url":"https:\/\/talkpal.ai\/sv\/","logo":{"@type":"ImageObject","inLanguage":"sv-SE","@id":"https:\/\/talkpal.ai\/sv\/#\/schema\/logo\/image\/","url":"https:\/\/talkpal.ai\/wp-content\/uploads\/2024\/03\/Talkpal-Logo-Icon.png","contentUrl":"https:\/\/talkpal.ai\/wp-content\/uploads\/2024\/03\/Talkpal-Logo-Icon.png","width":2880,"height":2880,"caption":"Talkpal, Inc."},"image":{"@id":"https:\/\/talkpal.ai\/sv\/#\/schema\/logo\/image\/"},"sameAs":["https:\/\/www.facebook.com\/profile.php?id=100090733639311","https:\/\/x.com\/talkpalai","https:\/\/www.linkedin.com\/company\/talkpal\/","https:\/\/www.youtube.com\/@TalkPal\/","https:\/\/www.tiktok.com\/@talkpal","https:\/\/www.instagram.com\/talkpal_ai\/","https:\/\/www.crunchbase.com\/organization\/talkpal-9cde","https:\/\/www.g2.com\/products\/talkpal-for-business\/","https:\/\/www.trustpilot.com\/review\/talkpal.ai","https:\/\/www.capterra.com\/p\/10006800\/TalkPal\/"],"description":"Talkpal is a language learning web and mobile education app, powered by the latest AI technologies, that provides engaging experiences to its customers in many different languages to help them improve their language skills. Users can chat about unlimited amount of topics with the app and use other modes to practice their language learning.","email":"support@talkpal.ai","legalName":"Talkpal, Inc.","foundingDate":"2023-04-03","duns":"118989042","numberOfEmployees":{"@type":"QuantitativeValue","minValue":"11","maxValue":"50"},"publishingPrinciples":"https:\/\/talkpal.ai\/publishing-principles\/","actionableFeedbackPolicy":"https:\/\/talkpal.ai\/actionable-feedback-policy\/","correctionsPolicy":"https:\/\/talkpal.ai\/corrections-policy\/","ethicsPolicy":"https:\/\/talkpal.ai\/ethics-policy\/","diversityPolicy":"https:\/\/talkpal.ai\/diversity-policy\/","diversityStaffingReport":"https:\/\/talkpal.ai\/diversity-policy\/"}]}},"_links":{"self":[{"href":"https:\/\/talkpal.ai\/sv\/wp-json\/wp\/v2\/vocabulary\/781027","targetHints":{"allow":["GET"]}}],"collection":[{"href":"https:\/\/talkpal.ai\/sv\/wp-json\/wp\/v2\/vocabulary"}],"about":[{"href":"https:\/\/talkpal.ai\/sv\/wp-json\/wp\/v2\/types\/vocabulary"}],"wp:featuredmedia":[{"embeddable":true,"href":"https:\/\/talkpal.ai\/sv\/wp-json\/wp\/v2\/media\/1527834"}],"wp:attachment":[{"href":"https:\/\/talkpal.ai\/sv\/wp-json\/wp\/v2\/media?parent=781027"}],"wp:term":[{"taxonomy":"vocabulary_language","embeddable":true,"href":"https:\/\/talkpal.ai\/sv\/wp-json\/wp\/v2\/vocabulary_language?post=781027"}],"curies":[{"name":"wp","href":"https:\/\/api.w.org\/{rel}","templated":true}]}}