{"id":781007,"date":"2024-06-12T20:36:20","date_gmt":"2024-06-12T20:36:20","guid":{"rendered":"https:\/\/talkpal.ai\/vocabulary\/nemecky-vs-cesky-sprakskillnader-mellan-tyska-och-tjeckiska\/"},"modified":"2024-06-12T20:36:20","modified_gmt":"2024-06-12T20:36:20","slug":"nemecky-vs-cesky-sprakskillnader-mellan-tyska-och-tjeckiska","status":"publish","type":"vocabulary","link":"https:\/\/talkpal.ai\/sv\/vocabulary\/nemecky-vs-cesky-sprakskillnader-mellan-tyska-och-tjeckiska\/","title":{"rendered":"N\u011bmeck\u00fd vs. \u010cesk\u00fd &#8211; Spr\u00e5kskillnader mellan tyska och tjeckiska"},"content":{"rendered":"<p>Att <b>l\u00e4ra<\/b> sig <b>ett<\/b> <b>nytt<\/b> <b>spr\u00e5k<\/b> \u00e4r <b>alltid<\/b> <b>en<\/b> <b>utmaning<\/b>, <b>men<\/b> <b>det<\/b> <b>kan<\/b> <b>ocks\u00e5<\/b> <b>vara<\/b> <b>otroligt<\/b> <b>givande<\/b>. <b>Tv\u00e5<\/b> <b>spr\u00e5k<\/b> <b>som<\/b> <b>ibland<\/b> <b>v\u00e4cker<\/b> <b>nyfikenhet<\/b> <b>hos<\/b> <b>spr\u00e5kinl\u00e4rare<\/b> \u00e4r <b>tyska<\/b> och <b>tjeckiska<\/b>. <b>Trots<\/b> <b>att<\/b> <b>dessa<\/b> <b>spr\u00e5k<\/b> <b>tillh\u00f6r<\/b> <b>olika<\/b> <b>spr\u00e5kfamiljer<\/b>, <b>finns<\/b> <b>det<\/b> <b>intressanta<\/b> <b>skillnader<\/b> och <b>likheter<\/b> <b>mellan<\/b> <b>dem<\/b>. I <b>denna<\/b> <b>artikel<\/b> <b>ska<\/b> <b>vi<\/b> <b>utforska<\/b> <b>n\u00e5gra<\/b> <b>av<\/b> <b>dessa<\/b> <b>skillnader<\/b> och <b>likheter<\/b> <b>f\u00f6r<\/b> <b>att<\/b> <b>ge<\/b> <b>en<\/b> <b>djupare<\/b> <b>f\u00f6rst\u00e5else<\/b> <b>f\u00f6r<\/b> <b>tyska<\/b> och <b>tjeckiska<\/b>.<\/p>\n<h2>Spr\u00e5kfamiljer och Historisk Bakgrund<\/h2>\n<p><b>Tyska<\/b> <b>tillh\u00f6r<\/b> <b>den<\/b> <b>germanska<\/b> <b>spr\u00e5kfamiljen<\/b>, <b>medan<\/b> <b>tjeckiska<\/b> <b>\u00e4r<\/b> <b>en<\/b> <b>del<\/b> <b>av<\/b> <b>den<\/b> <b>slaviska<\/b> <b>spr\u00e5kfamiljen<\/b>. <b>Dessa<\/b> <b>tv\u00e5<\/b> <b>spr\u00e5k<\/b> <b>har<\/b> <b>olika<\/b> <b>historiska<\/b> <b>r\u00f6tter<\/b> och <b>har<\/b> <b>p\u00e5verkats<\/b> <b>av<\/b> <b>olika<\/b> <b>kulturella<\/b> och <b>politiska<\/b> <b>faktorer<\/b> <b>genom<\/b> <b>tiderna<\/b>. <b>Tyska<\/b> <b>har<\/b> <b>utvecklats<\/b> <b>fr\u00e5n<\/b> <b>germanska<\/b> <b>stammar<\/b> <b>som<\/b> <b>bodde<\/b> <b>i<\/b> <b>nuvarande<\/b> <b>Tyskland<\/b> och <b>delar<\/b> <b>av<\/b> <b>Skandinavien<\/b>. <b>Tjeckiska<\/b>, <b>\u00e5<\/b> <b>andra<\/b> <b>sidan<\/b>, <b>har<\/b> <b>utvecklats<\/b> <b>fr\u00e5n<\/b> <b>v\u00e4stslaviska<\/b> <b>stammar<\/b> <b>som<\/b> <b>bodde<\/b> <b>i<\/b> <b>nuvarande<\/b> <b>Tjeckien<\/b> och <b>Slovakien<\/b>.<\/p>\n<h3>Inflytande<\/h3>\n<p><b>Trots<\/b> <b>att<\/b> <b>de<\/b> <b>tillh\u00f6r<\/b> <b>olika<\/b> <b>spr\u00e5kfamiljer<\/b>, <b>har<\/b> <b>tjeckiska<\/b> och <b>tyska<\/b> <b>p\u00e5verkat<\/b> <b>varandra<\/b> <b>genom<\/b> <b>\u00e5rhundradena<\/b>. <b>Under<\/b> <b>det<\/b> <b>Habsburgska<\/b> <b>riket<\/b> <b>var<\/b> <b>tyska<\/b> <b>ett<\/b> <b>dominerande<\/b> <b>spr\u00e5k<\/b> i <b>Central-<\/b> och <b>\u00d6steuropa<\/b>, <b>vilket<\/b> <b>ledde<\/b> <b>till<\/b> <b>en<\/b> <b>stor<\/b> <b>grad<\/b> <b>av<\/b> <b>spr\u00e5kkontakt<\/b> <b>mellan<\/b> <b>tysk-<\/b> och <b>tjeckisktalande<\/b> <b>folk<\/b>.<\/p>\n<h2>Fonologi<\/h2>\n<p><b>En<\/b> <b>av<\/b> <b>de<\/b> <b>st\u00f6rsta<\/b> <b>skillnaderna<\/b> <b>mellan<\/b> <b>tyska<\/b> och <b>tjeckiska<\/b> <b>ligger<\/b> i <b>deras<\/b> <b>fonologiska<\/b> <b>system<\/b>. <b>Fonologi<\/b> <b>handlar<\/b> <b>om<\/b> <b>hur<\/b> <b>spr\u00e5kljud<\/b> <b>produceras<\/b>, <b>struktureras<\/b> och <b>f\u00f6r\u00e4ndras<\/b>.<\/p>\n<h3>Konsontljud<\/h3>\n<p><b>Tyska<\/b> \u00e4r <b>k\u00e4nt<\/b> <b>f\u00f6r<\/b> <b>sin<\/b> <b>rika<\/b> <b>anv\u00e4ndning<\/b> <b>av<\/b> <b>konsonanter<\/b>. <b>Exempelvis<\/b>, <b>har<\/b> <b>tyskan<\/b> <b>ljud<\/b> <b>som<\/b> <b>[x]<\/b> (<b>som<\/b> <b>i<\/b> <b>ordet<\/b> &#8221;<b>Bach<\/b>&#8221;) och <b>[\u00e7]<\/b> (<b>som<\/b> <b>i<\/b> &#8221;<b>ich<\/b>&#8221;), <b>vilka<\/b> <b>inte<\/b> <b>finns<\/b> i <b>tjeckiska<\/b>. <b>\u00c5<\/b> <b>andra<\/b> <b>sidan<\/b>, <b>anv\u00e4nder<\/b> <b>tjeckiska<\/b> <b>konsonantljud<\/b> <b>som<\/b> <b>[\u0159]<\/b> (<b>uttalat<\/b> <b>som<\/b> <b>en<\/b> <b>kombination<\/b> <b>av<\/b> <b>[r]<\/b> och <b>[\u0292]<\/b>), <b>vilket<\/b> <b>\u00e4r<\/b> <b>unikt<\/b> <b>f\u00f6r<\/b> <b>tjeckiska<\/b> och <b>kan<\/b> <b>vara<\/b> <b>sv\u00e5rt<\/b> <b>f\u00f6r<\/b> <b>icke-modersm\u00e5lstalare<\/b> <b>att<\/b> <b>uttala<\/b>.<\/p>\n<h3>Vokalljud<\/h3>\n<p><b>Vokalsystemet<\/b> <b>i<\/b> <b>tyska<\/b> <b>\u00e4r<\/b> <b>relativt<\/b> <b>komplext<\/b> <b>och<\/b> <b>inkluderar<\/b> <b>l\u00e5nga<\/b> och <b>korta<\/b> <b>vokaler<\/b>, <b>med<\/b> <b>skillnader<\/b> <b>som<\/b> <b>kan<\/b> <b>p\u00e5verka<\/b> <b>betydelsen<\/b> <b>av<\/b> <b>ett<\/b> <b>ord<\/b>. <b>Tjeckiska<\/b> <b>har<\/b> <b>ocks\u00e5<\/b> <b>l\u00e5nga<\/b> och <b>korta<\/b> <b>vokaler<\/b>, <b>men<\/b> <b>systemet<\/b> <b>\u00e4r<\/b> <b>mindre<\/b> <b>komplicerat<\/b> <b>\u00e4n<\/b> <b>det<\/b> <b>tyska<\/b>. <b>Tjeckiska<\/b> <b>anv\u00e4nder<\/b> <b>ocks\u00e5<\/b> <b>nasala<\/b> <b>vokaler<\/b>, <b>vilket<\/b> <b>inte<\/b> <b>\u00e4r<\/b> <b>vanligt<\/b> i <b>tyska<\/b>.<\/p>\n<h2>Grammatik<\/h2>\n<p><b>Grammatik<\/b> \u00e4r <b>ett<\/b> <b>annat<\/b> <b>omr\u00e5de<\/b> <b>d\u00e4r<\/b> <b>tyska<\/b> och <b>tjeckiska<\/b> <b>skiljer<\/b> <b>sig<\/b> <b>\u00e5t<\/b> <b>betydligt<\/b>.<\/p>\n<h3>Kasus<\/h3>\n<p><b>B\u00e5de<\/b> <b>tyska<\/b> och <b>tjeckiska<\/b> <b>anv\u00e4nder<\/b> <b>kasus<\/b> <b>f\u00f6r<\/b> <b>att<\/b> <b>markera<\/b> <b>grammatiska<\/b> <b>relationer<\/b> <b>i<\/b> <b>meningar<\/b>. <b>Tyska<\/b> <b>har<\/b> <b>fyra<\/b> <b>kasus<\/b>: <b>nominativ<\/b>, <b>ackusativ<\/b>, <b>dativ<\/b> och <b>genitiv<\/b>. <b>Tjeckiska<\/b> <b>har<\/b> <b>sju<\/b> <b>kasus<\/b>: <b>nominativ<\/b>, <b>genitiv<\/b>, <b>dativ<\/b>, <b>ackusativ<\/b>, <b>vokativ<\/b>, <b>lokativ<\/b> och <b>instrumental<\/b>. <b>Detta<\/b> <b>g\u00f6r<\/b> <b>tjeckisk<\/b> <b>grammatik<\/b> <b>mer<\/b> <b>komplex<\/b> <b>i<\/b> <b>vissa<\/b> <b>avseenden<\/b> <b>j\u00e4mf\u00f6rt<\/b> <b>med<\/b> <b>tyska<\/b>.<\/p>\n<h3>Verbkonjugation<\/h3>\n<p><b>Verbkonjugation<\/b> <b>\u00e4r<\/b> <b>ocks\u00e5<\/b> <b>olika<\/b> <b>mellan<\/b> <b>de<\/b> <b>tv\u00e5<\/b> <b>spr\u00e5ken<\/b>. <b>Tyska<\/b> <b>har<\/b> <b>tre<\/b> <b>huvudgrupper<\/b> <b>av<\/b> <b>verb<\/b>: <b>svaga<\/b>, <b>starka<\/b> och <b>oregelbundna<\/b>. <b>Tjeckiska<\/b> <b>har<\/b> <b>en<\/b> <b>mer<\/b> <b>komplex<\/b> <b>struktur<\/b> <b>med<\/b> <b>flertalet<\/b> <b>verbklasser<\/b> <b>och<\/b> <b>aspektuella<\/b> <b>skillnader<\/b> <b>som<\/b> <b>p\u00e5verkar<\/b> <b>hur<\/b> <b>verben<\/b> <b>konjugeras<\/b>.<\/p>\n<h2>Ordf\u00f6rr\u00e5d<\/h2>\n<p><b>Ordf\u00f6rr\u00e5det<\/b> <b>i<\/b> <b>tyska<\/b> och <b>tjeckiska<\/b> <b>visar<\/b> <b>ocks\u00e5<\/b> <b>intressanta<\/b> <b>skillnader<\/b> <b>och<\/b> <b>likheter<\/b>.<\/p>\n<h3>L\u00e5nord<\/h3>\n<p><b>B\u00e5de<\/b> <b>tyska<\/b> och <b>tjeckiska<\/b> <b>har<\/b> <b>l\u00e5nat<\/b> <b>ord<\/b> <b>fr\u00e5n<\/b> <b>andra<\/b> <b>spr\u00e5k<\/b>, <b>men<\/b> <b>fr\u00e5n<\/b> <b>olika<\/b> <b>k\u00e4llor<\/b>. <b>Tyska<\/b> <b>har<\/b> <b>l\u00e5nat<\/b> <b>m\u00e5nga<\/b> <b>ord<\/b> <b>fr\u00e5n<\/b> <b>latin<\/b>, <b>franska<\/b> och <b>engelska<\/b>, <b>medan<\/b> <b>tjeckiska<\/b> <b>har<\/b> <b>l\u00e5nat<\/b> <b>ord<\/b> <b>fr\u00e5n<\/b> <b>tyskt<\/b> (<b>p\u00e5<\/b> <b>grund<\/b> <b>av<\/b> <b>det<\/b> <b>historiska<\/b> <b>inflytandet<\/b>), <b>latin<\/b> och <b>ryska<\/b>.<\/p>\n<h3>Falska V\u00e4nner<\/h3>\n<p><b>En<\/b> <b>intressant<\/b> <b>aspekt<\/b> <b>av<\/b> <b>ordf\u00f6rr\u00e5det<\/b> <b>\u00e4r<\/b> <b>falska<\/b> <b>v\u00e4nner<\/b>, <b>vilket<\/b> <b>\u00e4r<\/b> <b>ord<\/b> <b>som<\/b> <b>ser<\/b> <b>lika<\/b> <b>ut<\/b> <b>men<\/b> <b>har<\/b> <b>olika<\/b> <b>betydelser<\/b> i <b>olika<\/b> <b>spr\u00e5k<\/b>. <b>Exempelvis<\/b>, <b>p\u00e5<\/b> <b>tjeckiska<\/b> <b>betyder<\/b> <b>ordet<\/b> &#8221;<b>sv\u011bt<\/b>&#8221; &#8221;<b>v\u00e4rld<\/b>&#8221;, <b>medan<\/b> <b>det<\/b> <b>p\u00e5<\/b> <b>tyska<\/b> &#8221;<b>Schwert<\/b>&#8221; <b>betyder<\/b> &#8221;<b>sv\u00e4rd<\/b>&#8221;. <b>Dessa<\/b> <b>skillnader<\/b> <b>kan<\/b> <b>leda<\/b> <b>till<\/b> <b>missf\u00f6rst\u00e5nd<\/b> <b>om<\/b> <b>man<\/b> <b>inte<\/b> <b>\u00e4r<\/b> <b>medveten<\/b> <b>om<\/b> <b>dem<\/b>.<\/p>\n<h2>Kulturella Skillnader<\/h2>\n<p><b>Spr\u00e5k<\/b> <b>\u00e4r<\/b> <b>inte<\/b> <b>bara<\/b> <b>ett<\/b> <b>verktyg<\/b> <b>f\u00f6r<\/b> <b>kommunikation<\/b>, <b>utan<\/b> <b>ocks\u00e5<\/b> <b>en<\/b> <b>reflektion<\/b> <b>av<\/b> <b>kultur<\/b> och <b>tradition<\/b>. <b>Genom<\/b> <b>att<\/b> <b>l\u00e4ra<\/b> <b>sig<\/b> <b>ett<\/b> <b>nytt<\/b> <b>spr\u00e5k<\/b>, <b>l\u00e4r<\/b> <b>man<\/b> <b>sig<\/b> <b>ocks\u00e5<\/b> <b>om<\/b> <b>den<\/b> <b>kulturen<\/b> <b>som<\/b> <b>\u00e4r<\/b> <b>kopplad<\/b> <b>till<\/b> <b>spr\u00e5ket<\/b>.<\/p>\n<h3>H\u00f6gtider<\/h3>\n<p><b>B\u00e5de<\/b> <b>tyska<\/b> och <b>tjeckiska<\/b> <b>kulturer<\/b> <b>har<\/b> <b>unika<\/b> <b>h\u00f6gtider<\/b> och <b>traditioner&lt;\/<\/p>\n","protected":false},"featured_media":1527929,"template":"","vocabulary_language":[4181],"class_list":["post-781007","vocabulary","type-vocabulary","status-publish","has-post-thumbnail","hentry","vocabulary_language-tjeckiska"],"acf":[],"yoast_head":"<!-- This site is optimized with the Yoast SEO Premium plugin v27.2 (Yoast SEO v27.2) - https:\/\/yoast.com\/product\/yoast-seo-premium-wordpress\/ -->\n<title>N\u011bmeck\u00fd vs. \u010cesk\u00fd - Spr\u00e5kskillnader mellan tyska och tjeckiska - Talkpal<\/title>\n<meta name=\"description\" content=\"Att l\u00e4ra sig ett nytt spr\u00e5k \u00e4r alltid en utmaning, men det kan ocks\u00e5 vara otroligt givande. Tv\u00e5 spr\u00e5k som ibland v\u00e4cker nyfikenhet hos spr\u00e5kinl\u00e4rare \u00e4r\" \/>\n<meta name=\"robots\" content=\"index, follow, max-snippet:-1, max-image-preview:large, max-video-preview:-1\" \/>\n<link rel=\"canonical\" href=\"https:\/\/talkpal.ai\/sv\/vocabulary\/nemecky-vs-cesky-sprakskillnader-mellan-tyska-och-tjeckiska\/\" \/>\n<meta property=\"og:locale\" content=\"sv_SE\" \/>\n<meta property=\"og:type\" content=\"article\" \/>\n<meta property=\"og:title\" content=\"N\u011bmeck\u00fd vs. \u010cesk\u00fd - Spr\u00e5kskillnader mellan tyska och tjeckiska\" \/>\n<meta property=\"og:description\" content=\"Att l\u00e4ra sig ett nytt spr\u00e5k \u00e4r alltid en utmaning, men det kan ocks\u00e5 vara otroligt givande. Tv\u00e5 spr\u00e5k som ibland v\u00e4cker nyfikenhet hos spr\u00e5kinl\u00e4rare \u00e4r\" \/>\n<meta property=\"og:url\" content=\"https:\/\/talkpal.ai\/sv\/vocabulary\/nemecky-vs-cesky-sprakskillnader-mellan-tyska-och-tjeckiska\/\" \/>\n<meta property=\"og:site_name\" content=\"Talkpal\" \/>\n<meta property=\"article:publisher\" content=\"https:\/\/www.facebook.com\/profile.php?id=100090733639311\" \/>\n<meta property=\"og:image\" content=\"https:\/\/talkpal.ai\/wp-content\/uploads\/2024\/10\/talkpal_flat_illustration_of_a_employees_working_together_happi_c674ff77-e477-4e09-835a-01d30e561e99.png\" \/>\n\t<meta property=\"og:image:width\" content=\"1024\" \/>\n\t<meta property=\"og:image:height\" content=\"1024\" \/>\n\t<meta property=\"og:image:type\" content=\"image\/png\" \/>\n<meta name=\"twitter:card\" content=\"summary_large_image\" \/>\n<meta name=\"twitter:site\" content=\"@talkpalai\" \/>\n<meta name=\"twitter:label1\" content=\"Ber\u00e4knad l\u00e4stid\" \/>\n\t<meta name=\"twitter:data1\" content=\"3 minuter\" \/>\n<script type=\"application\/ld+json\" class=\"yoast-schema-graph\">{\"@context\":\"https:\/\/schema.org\",\"@graph\":[{\"@type\":\"WebPage\",\"@id\":\"https:\/\/talkpal.ai\/sv\/vocabulary\/nemecky-vs-cesky-sprakskillnader-mellan-tyska-och-tjeckiska\/\",\"url\":\"https:\/\/talkpal.ai\/sv\/vocabulary\/nemecky-vs-cesky-sprakskillnader-mellan-tyska-och-tjeckiska\/\",\"name\":\"N\u011bmeck\u00fd vs. \u010cesk\u00fd - Spr\u00e5kskillnader mellan tyska och tjeckiska - Talkpal\",\"isPartOf\":{\"@id\":\"https:\/\/talkpal.ai\/sv\/#website\"},\"primaryImageOfPage\":{\"@id\":\"https:\/\/talkpal.ai\/sv\/vocabulary\/nemecky-vs-cesky-sprakskillnader-mellan-tyska-och-tjeckiska\/#primaryimage\"},\"image\":{\"@id\":\"https:\/\/talkpal.ai\/sv\/vocabulary\/nemecky-vs-cesky-sprakskillnader-mellan-tyska-och-tjeckiska\/#primaryimage\"},\"thumbnailUrl\":\"https:\/\/talkpal.ai\/wp-content\/uploads\/2025\/12\/students-at-night-learning-languages-quietly.webp\",\"datePublished\":\"2024-06-12T20:36:20+00:00\",\"description\":\"Att l\u00e4ra sig ett nytt spr\u00e5k \u00e4r alltid en utmaning, men det kan ocks\u00e5 vara otroligt givande. Tv\u00e5 spr\u00e5k som ibland v\u00e4cker nyfikenhet hos spr\u00e5kinl\u00e4rare \u00e4r\",\"breadcrumb\":{\"@id\":\"https:\/\/talkpal.ai\/sv\/vocabulary\/nemecky-vs-cesky-sprakskillnader-mellan-tyska-och-tjeckiska\/#breadcrumb\"},\"inLanguage\":\"sv-SE\",\"potentialAction\":[{\"@type\":\"ReadAction\",\"target\":[\"https:\/\/talkpal.ai\/sv\/vocabulary\/nemecky-vs-cesky-sprakskillnader-mellan-tyska-och-tjeckiska\/\"]}]},{\"@type\":\"ImageObject\",\"inLanguage\":\"sv-SE\",\"@id\":\"https:\/\/talkpal.ai\/sv\/vocabulary\/nemecky-vs-cesky-sprakskillnader-mellan-tyska-och-tjeckiska\/#primaryimage\",\"url\":\"https:\/\/talkpal.ai\/wp-content\/uploads\/2025\/12\/students-at-night-learning-languages-quietly.webp\",\"contentUrl\":\"https:\/\/talkpal.ai\/wp-content\/uploads\/2025\/12\/students-at-night-learning-languages-quietly.webp\",\"width\":1200,\"height\":896,\"caption\":\"Students sit at a long table with laptops and lamps in a dark library for learning languages.\"},{\"@type\":\"BreadcrumbList\",\"@id\":\"https:\/\/talkpal.ai\/sv\/vocabulary\/nemecky-vs-cesky-sprakskillnader-mellan-tyska-och-tjeckiska\/#breadcrumb\",\"itemListElement\":[{\"@type\":\"ListItem\",\"position\":1,\"name\":\"Homepage\",\"item\":\"https:\/\/talkpal.ai\/sv\/\"},{\"@type\":\"ListItem\",\"position\":2,\"name\":\"N\u011bmeck\u00fd vs. \u010cesk\u00fd &#8211; Spr\u00e5kskillnader mellan tyska och tjeckiska\"}]},{\"@type\":\"WebSite\",\"@id\":\"https:\/\/talkpal.ai\/sv\/#website\",\"url\":\"https:\/\/talkpal.ai\/sv\/\",\"name\":\"Talkpal\",\"description\":\"AI Language Learning\",\"publisher\":{\"@id\":\"https:\/\/talkpal.ai\/sv\/#organization\"},\"alternateName\":\"Talkpal AI\",\"potentialAction\":[{\"@type\":\"SearchAction\",\"target\":{\"@type\":\"EntryPoint\",\"urlTemplate\":\"https:\/\/talkpal.ai\/sv\/?s={search_term_string}\"},\"query-input\":{\"@type\":\"PropertyValueSpecification\",\"valueRequired\":true,\"valueName\":\"search_term_string\"}}],\"inLanguage\":\"sv-SE\"},{\"@type\":\"Organization\",\"@id\":\"https:\/\/talkpal.ai\/sv\/#organization\",\"name\":\"Talkpal, Inc.\",\"alternateName\":\"Talkpal AI\",\"url\":\"https:\/\/talkpal.ai\/sv\/\",\"logo\":{\"@type\":\"ImageObject\",\"inLanguage\":\"sv-SE\",\"@id\":\"https:\/\/talkpal.ai\/sv\/#\/schema\/logo\/image\/\",\"url\":\"https:\/\/talkpal.ai\/wp-content\/uploads\/2024\/03\/Talkpal-Logo-Icon.png\",\"contentUrl\":\"https:\/\/talkpal.ai\/wp-content\/uploads\/2024\/03\/Talkpal-Logo-Icon.png\",\"width\":2880,\"height\":2880,\"caption\":\"Talkpal, Inc.\"},\"image\":{\"@id\":\"https:\/\/talkpal.ai\/sv\/#\/schema\/logo\/image\/\"},\"sameAs\":[\"https:\/\/www.facebook.com\/profile.php?id=100090733639311\",\"https:\/\/x.com\/talkpalai\",\"https:\/\/www.linkedin.com\/company\/talkpal\/\",\"https:\/\/www.youtube.com\/@TalkPal\/\",\"https:\/\/www.tiktok.com\/@talkpal\",\"https:\/\/www.instagram.com\/talkpal_ai\/\",\"https:\/\/www.crunchbase.com\/organization\/talkpal-9cde\",\"https:\/\/www.g2.com\/products\/talkpal-for-business\/\",\"https:\/\/www.trustpilot.com\/review\/talkpal.ai\",\"https:\/\/www.capterra.com\/p\/10006800\/TalkPal\/\"],\"description\":\"Talkpal is a language learning web and mobile education app, powered by the latest AI technologies, that provides engaging experiences to its customers in many different languages to help them improve their language skills. Users can chat about unlimited amount of topics with the app and use other modes to practice their language learning.\",\"email\":\"support@talkpal.ai\",\"legalName\":\"Talkpal, Inc.\",\"foundingDate\":\"2023-04-03\",\"duns\":\"118989042\",\"numberOfEmployees\":{\"@type\":\"QuantitativeValue\",\"minValue\":\"11\",\"maxValue\":\"50\"},\"publishingPrinciples\":\"https:\/\/talkpal.ai\/publishing-principles\/\",\"actionableFeedbackPolicy\":\"https:\/\/talkpal.ai\/actionable-feedback-policy\/\",\"correctionsPolicy\":\"https:\/\/talkpal.ai\/corrections-policy\/\",\"ethicsPolicy\":\"https:\/\/talkpal.ai\/ethics-policy\/\",\"diversityPolicy\":\"https:\/\/talkpal.ai\/diversity-policy\/\",\"diversityStaffingReport\":\"https:\/\/talkpal.ai\/diversity-policy\/\"}]}<\/script>\n<!-- \/ Yoast SEO Premium plugin. -->","yoast_head_json":{"title":"N\u011bmeck\u00fd vs. \u010cesk\u00fd - Spr\u00e5kskillnader mellan tyska och tjeckiska - Talkpal","description":"Att l\u00e4ra sig ett nytt spr\u00e5k \u00e4r alltid en utmaning, men det kan ocks\u00e5 vara otroligt givande. Tv\u00e5 spr\u00e5k som ibland v\u00e4cker nyfikenhet hos spr\u00e5kinl\u00e4rare \u00e4r","robots":{"index":"index","follow":"follow","max-snippet":"max-snippet:-1","max-image-preview":"max-image-preview:large","max-video-preview":"max-video-preview:-1"},"canonical":"https:\/\/talkpal.ai\/sv\/vocabulary\/nemecky-vs-cesky-sprakskillnader-mellan-tyska-och-tjeckiska\/","og_locale":"sv_SE","og_type":"article","og_title":"N\u011bmeck\u00fd vs. \u010cesk\u00fd - Spr\u00e5kskillnader mellan tyska och tjeckiska","og_description":"Att l\u00e4ra sig ett nytt spr\u00e5k \u00e4r alltid en utmaning, men det kan ocks\u00e5 vara otroligt givande. Tv\u00e5 spr\u00e5k som ibland v\u00e4cker nyfikenhet hos spr\u00e5kinl\u00e4rare \u00e4r","og_url":"https:\/\/talkpal.ai\/sv\/vocabulary\/nemecky-vs-cesky-sprakskillnader-mellan-tyska-och-tjeckiska\/","og_site_name":"Talkpal","article_publisher":"https:\/\/www.facebook.com\/profile.php?id=100090733639311","og_image":[{"width":1024,"height":1024,"url":"https:\/\/talkpal.ai\/wp-content\/uploads\/2024\/10\/talkpal_flat_illustration_of_a_employees_working_together_happi_c674ff77-e477-4e09-835a-01d30e561e99.png","type":"image\/png"}],"twitter_card":"summary_large_image","twitter_site":"@talkpalai","twitter_misc":{"Ber\u00e4knad l\u00e4stid":"3 minuter"},"schema":{"@context":"https:\/\/schema.org","@graph":[{"@type":"WebPage","@id":"https:\/\/talkpal.ai\/sv\/vocabulary\/nemecky-vs-cesky-sprakskillnader-mellan-tyska-och-tjeckiska\/","url":"https:\/\/talkpal.ai\/sv\/vocabulary\/nemecky-vs-cesky-sprakskillnader-mellan-tyska-och-tjeckiska\/","name":"N\u011bmeck\u00fd vs. \u010cesk\u00fd - Spr\u00e5kskillnader mellan tyska och tjeckiska - Talkpal","isPartOf":{"@id":"https:\/\/talkpal.ai\/sv\/#website"},"primaryImageOfPage":{"@id":"https:\/\/talkpal.ai\/sv\/vocabulary\/nemecky-vs-cesky-sprakskillnader-mellan-tyska-och-tjeckiska\/#primaryimage"},"image":{"@id":"https:\/\/talkpal.ai\/sv\/vocabulary\/nemecky-vs-cesky-sprakskillnader-mellan-tyska-och-tjeckiska\/#primaryimage"},"thumbnailUrl":"https:\/\/talkpal.ai\/wp-content\/uploads\/2025\/12\/students-at-night-learning-languages-quietly.webp","datePublished":"2024-06-12T20:36:20+00:00","description":"Att l\u00e4ra sig ett nytt spr\u00e5k \u00e4r alltid en utmaning, men det kan ocks\u00e5 vara otroligt givande. Tv\u00e5 spr\u00e5k som ibland v\u00e4cker nyfikenhet hos spr\u00e5kinl\u00e4rare \u00e4r","breadcrumb":{"@id":"https:\/\/talkpal.ai\/sv\/vocabulary\/nemecky-vs-cesky-sprakskillnader-mellan-tyska-och-tjeckiska\/#breadcrumb"},"inLanguage":"sv-SE","potentialAction":[{"@type":"ReadAction","target":["https:\/\/talkpal.ai\/sv\/vocabulary\/nemecky-vs-cesky-sprakskillnader-mellan-tyska-och-tjeckiska\/"]}]},{"@type":"ImageObject","inLanguage":"sv-SE","@id":"https:\/\/talkpal.ai\/sv\/vocabulary\/nemecky-vs-cesky-sprakskillnader-mellan-tyska-och-tjeckiska\/#primaryimage","url":"https:\/\/talkpal.ai\/wp-content\/uploads\/2025\/12\/students-at-night-learning-languages-quietly.webp","contentUrl":"https:\/\/talkpal.ai\/wp-content\/uploads\/2025\/12\/students-at-night-learning-languages-quietly.webp","width":1200,"height":896,"caption":"Students sit at a long table with laptops and lamps in a dark library for learning languages."},{"@type":"BreadcrumbList","@id":"https:\/\/talkpal.ai\/sv\/vocabulary\/nemecky-vs-cesky-sprakskillnader-mellan-tyska-och-tjeckiska\/#breadcrumb","itemListElement":[{"@type":"ListItem","position":1,"name":"Homepage","item":"https:\/\/talkpal.ai\/sv\/"},{"@type":"ListItem","position":2,"name":"N\u011bmeck\u00fd vs. \u010cesk\u00fd &#8211; Spr\u00e5kskillnader mellan tyska och tjeckiska"}]},{"@type":"WebSite","@id":"https:\/\/talkpal.ai\/sv\/#website","url":"https:\/\/talkpal.ai\/sv\/","name":"Talkpal","description":"AI Language Learning","publisher":{"@id":"https:\/\/talkpal.ai\/sv\/#organization"},"alternateName":"Talkpal AI","potentialAction":[{"@type":"SearchAction","target":{"@type":"EntryPoint","urlTemplate":"https:\/\/talkpal.ai\/sv\/?s={search_term_string}"},"query-input":{"@type":"PropertyValueSpecification","valueRequired":true,"valueName":"search_term_string"}}],"inLanguage":"sv-SE"},{"@type":"Organization","@id":"https:\/\/talkpal.ai\/sv\/#organization","name":"Talkpal, Inc.","alternateName":"Talkpal AI","url":"https:\/\/talkpal.ai\/sv\/","logo":{"@type":"ImageObject","inLanguage":"sv-SE","@id":"https:\/\/talkpal.ai\/sv\/#\/schema\/logo\/image\/","url":"https:\/\/talkpal.ai\/wp-content\/uploads\/2024\/03\/Talkpal-Logo-Icon.png","contentUrl":"https:\/\/talkpal.ai\/wp-content\/uploads\/2024\/03\/Talkpal-Logo-Icon.png","width":2880,"height":2880,"caption":"Talkpal, Inc."},"image":{"@id":"https:\/\/talkpal.ai\/sv\/#\/schema\/logo\/image\/"},"sameAs":["https:\/\/www.facebook.com\/profile.php?id=100090733639311","https:\/\/x.com\/talkpalai","https:\/\/www.linkedin.com\/company\/talkpal\/","https:\/\/www.youtube.com\/@TalkPal\/","https:\/\/www.tiktok.com\/@talkpal","https:\/\/www.instagram.com\/talkpal_ai\/","https:\/\/www.crunchbase.com\/organization\/talkpal-9cde","https:\/\/www.g2.com\/products\/talkpal-for-business\/","https:\/\/www.trustpilot.com\/review\/talkpal.ai","https:\/\/www.capterra.com\/p\/10006800\/TalkPal\/"],"description":"Talkpal is a language learning web and mobile education app, powered by the latest AI technologies, that provides engaging experiences to its customers in many different languages to help them improve their language skills. Users can chat about unlimited amount of topics with the app and use other modes to practice their language learning.","email":"support@talkpal.ai","legalName":"Talkpal, Inc.","foundingDate":"2023-04-03","duns":"118989042","numberOfEmployees":{"@type":"QuantitativeValue","minValue":"11","maxValue":"50"},"publishingPrinciples":"https:\/\/talkpal.ai\/publishing-principles\/","actionableFeedbackPolicy":"https:\/\/talkpal.ai\/actionable-feedback-policy\/","correctionsPolicy":"https:\/\/talkpal.ai\/corrections-policy\/","ethicsPolicy":"https:\/\/talkpal.ai\/ethics-policy\/","diversityPolicy":"https:\/\/talkpal.ai\/diversity-policy\/","diversityStaffingReport":"https:\/\/talkpal.ai\/diversity-policy\/"}]}},"_links":{"self":[{"href":"https:\/\/talkpal.ai\/sv\/wp-json\/wp\/v2\/vocabulary\/781007","targetHints":{"allow":["GET"]}}],"collection":[{"href":"https:\/\/talkpal.ai\/sv\/wp-json\/wp\/v2\/vocabulary"}],"about":[{"href":"https:\/\/talkpal.ai\/sv\/wp-json\/wp\/v2\/types\/vocabulary"}],"wp:featuredmedia":[{"embeddable":true,"href":"https:\/\/talkpal.ai\/sv\/wp-json\/wp\/v2\/media\/1527929"}],"wp:attachment":[{"href":"https:\/\/talkpal.ai\/sv\/wp-json\/wp\/v2\/media?parent=781007"}],"wp:term":[{"taxonomy":"vocabulary_language","embeddable":true,"href":"https:\/\/talkpal.ai\/sv\/wp-json\/wp\/v2\/vocabulary_language?post=781007"}],"curies":[{"name":"wp","href":"https:\/\/api.w.org\/{rel}","templated":true}]}}