{"id":780788,"date":"2024-06-12T20:18:04","date_gmt":"2024-06-12T20:18:04","guid":{"rendered":"https:\/\/talkpal.ai\/vocabulary\/fer-olor-vs-estar-perfumat-att-lukta-kontra-att-vara-doftande-pa-katalanska\/"},"modified":"2025-12-26T13:45:58","modified_gmt":"2025-12-26T13:45:58","slug":"fer-olor-vs-estar-perfumat-att-lukta-kontra-att-vara-doftande-pa-katalanska","status":"publish","type":"vocabulary","link":"https:\/\/talkpal.ai\/sv\/vocabulary\/fer-olor-vs-estar-perfumat-att-lukta-kontra-att-vara-doftande-pa-katalanska\/","title":{"rendered":"Fer olor vs. Estar perfumat &#8211; Att lukta kontra att vara doftande p\u00e5 katalanska"},"content":{"rendered":"<p>Att l\u00e4ra sig ett nytt spr\u00e5k inneb\u00e4r ofta att st\u00f6ta p\u00e5 uttryck och ord som inte har en direkt \u00f6vers\u00e4ttning p\u00e5 ens modersm\u00e5l. <a href=\"https:\/\/talkpal.ai\/learn-catalan\/\">Katalanska<\/a> \u00e4r inget undantag, och tv\u00e5 av dessa uttryck \u00e4r <b>fer<\/b> <b>olor<\/b> och <b>estar<\/b> <b>perfumat<\/b>. P\u00e5 <a href=\"https:\/\/talkpal.ai\/learn-swedish\/\">svenska<\/a> kan b\u00e5da uttrycken \u00f6vers\u00e4ttas till n\u00e5got som har med lukt att g\u00f6ra, men de anv\u00e4nds i olika sammanhang och har olika nyanser. I <a href=\"https:\/\/talkpal.ai\/culture\/how-do-i-use-den-har-and-det-har\/\">den h\u00e4r<\/a> artikeln ska vi utforska dessa skillnader och ge dig en djupare f\u00f6rst\u00e5else f\u00f6r hur du kan anv\u00e4nda dem korrekt.<\/p>\n<h2>Fer olor<\/h2>\n<p>Uttrycket <b>fer<\/b> <b>olor<\/b> betyder bokstavligen &#8221;att g\u00f6ra lukt&#8221; och anv\u00e4nds f\u00f6r att beskriva n\u00e5got som avger en doft, vare sig den \u00e4r behaglig eller obehaglig. H\u00e4r \u00e4r n\u00e5gra exempel f\u00f6r att illustrera detta:<\/p>\n<p>1. La sopa <b>fa<\/b> <b>olor<\/b> de pollastre.<br \/>\n   (Soppan luktar kyckling.)<br \/>\n2. Aquestes flors <b>fan<\/b> <b>olor<\/b> molt bona.<br \/>\n   (Dessa blommor luktar v\u00e4ldigt gott.)<br \/>\n3. La brossa <b>fa<\/b> <b>olor<\/b> molt forta.<br \/>\n   (Soporna luktar v\u00e4ldigt starkt.)<\/p>\n<p>Som du kan se anv\u00e4nds <b>fer<\/b> <b>olor<\/b> f\u00f6r att beskriva sj\u00e4lva handlingen av att avge en doft. Det kan anv\u00e4ndas f\u00f6r b\u00e5de positiva och negativa lukter. Ett viktigt att notera \u00e4r att uttrycket kan anv\u00e4ndas f\u00f6r att beskriva olika typer av dofter, fr\u00e5n mat och blommor till sopor och andra obehagliga lukter.<\/p>\n<h3>Nyansskillnader<\/h3>\n<p>En av de viktigaste aspekterna av att anv\u00e4nda <b>fer<\/b> <b>olor<\/b> korrekt \u00e4r att f\u00f6rst\u00e5 de nyansskillnader som finns beroende p\u00e5 sammanhanget. H\u00e4r \u00e4r n\u00e5gra exempel som visar hur nyansen kan f\u00f6r\u00e4ndras beroende p\u00e5 vad som luktar:<\/p>\n<p>1. El pa acabat de fer <b>fa<\/b> <b>olor<\/b> de forn.<br \/>\n   (Det nybakade br\u00f6det luktar bageri.)<br \/>\n2. El cotxe <b>fa<\/b> <b>olor<\/b> de benzina.<br \/>\n   (Bilen luktar bensin.)<br \/>\n3. La roba mullada <b>fa<\/b> <b>olor<\/b> de humitat.<br \/>\n   (De v\u00e5ta kl\u00e4derna luktar fukt.)<\/p>\n<p>I dessa exempel ser vi hur <b>fer<\/b> <b>olor<\/b> kan anv\u00e4ndas f\u00f6r att beskriva en m\u00e4ngd olika dofter, b\u00e5de positiva och negativa, beroende p\u00e5 vad som avger lukten. Detta g\u00f6r uttrycket mycket flexibelt och anv\u00e4ndbart i vardagligt tal.<\/p>\n<h2>Estar perfumat<\/h2>\n<p>Uttrycket <b>estar<\/b> <b>perfumat<\/b> betyder bokstavligen &#8221;att vara parfymerad&#8221; och anv\u00e4nds f\u00f6r att beskriva n\u00e5got eller n\u00e5gon som har en angen\u00e4m doft, ofta tack vare anv\u00e4ndningen av parfym eller andra doftande produkter. H\u00e4r \u00e4r n\u00e5gra exempel:<\/p>\n<p>1. Ella <b>est\u00e0<\/b> <b>perfumada<\/b> amb una frag\u00e0ncia dol\u00e7a.<br \/>\n   (Hon \u00e4r parfymerad med en s\u00f6t doft.)<br \/>\n2. Les habitacions de l&#8217;hotel <b>estan<\/b> <b>perfumades<\/b> amb ess\u00e8ncies naturals.<br \/>\n   (Hotellrummen \u00e4r parfymerade med naturliga essenser.)<br \/>\n3. El seu mocador <b>est\u00e0<\/b> <b>perfumat<\/b> amb lavanda.<br \/>\n   (Hennes n\u00e4sduk \u00e4r parfymerad med lavendel.)<\/p>\n<p>Som du kan se anv\u00e4nds <b>estar<\/b> <b>perfumat<\/b> f\u00f6r att beskriva en behaglig doft som n\u00e5gon eller n\u00e5got har, ofta till f\u00f6ljd av att man aktivt har tillf\u00f6rt en doft. Detta uttryck anv\u00e4nds n\u00e4stan alltid i en positiv kontext och indikerar att doften \u00e4r avsiktlig och uppskattad.<\/p>\n<h3>Nyansskillnader<\/h3>\n<p>Precis som med <b>fer<\/b> <b>olor<\/b> finns det nyansskillnader som \u00e4r viktiga att f\u00f6rst\u00e5 n\u00e4r man anv\u00e4nder <b>estar<\/b> <b>perfumat<\/b>. H\u00e4r \u00e4r n\u00e5gra exempel som visar hur nyansen kan f\u00f6r\u00e4ndras beroende p\u00e5 sammanhanget:<\/p>\n<p>1. El jard\u00ed <b>est\u00e0<\/b> <b>perfumat<\/b> amb roses.<br \/>\n   (Tr\u00e4dg\u00e5rden \u00e4r parfymerad med rosor.)<br \/>\n2. La carta <b>est\u00e0<\/b> <b>perfumada<\/b> amb una frag\u00e0ncia subtil.<br \/>\n   (Brevet \u00e4r parfymerat med en subtil doft.)<br \/>\n3. La seva pell <b>est\u00e0<\/b> <b>perfumada<\/b> despr\u00e9s de la dutxa.<br \/>\n   (Hennes hud \u00e4r parfymerad efter duschen.)<\/p>\n<p>I dessa exempel ser vi hur <b>estar<\/b> <b>perfumat<\/b> anv\u00e4nds f\u00f6r att beskriva en behaglig doft som \u00e4r resultatet av en medveten handling. Detta g\u00f6r uttrycket mycket specifikt och oftast positivt laddat.<\/p>\n<h2>J\u00e4mf\u00f6relse mellan Fer olor och Estar perfumat<\/h2>\n<p>Nu n\u00e4r vi har g\u00e5tt igenom b\u00e5da uttrycken separat, l\u00e5t <a href=\"https:\/\/talkpal.ai\/locations\/language-courses-in-oss\/\">oss<\/a> j\u00e4mf\u00f6ra dem f\u00f6r att b\u00e4ttre f\u00f6rst\u00e5 deras skillnader och likheter.<\/p>\n<p><b>Fer<\/b> <b>olor<\/b>:<br \/>\n&#8211; Anv\u00e4nds f\u00f6r att beskriva n\u00e5got som avger en doft.<br \/>\n&#8211; Kan anv\u00e4ndas f\u00f6r b\u00e5de positiva och negativa lukter.<br \/>\n&#8211; Flexibelt och kan beskriva en m\u00e4ngd olika dofter.<\/p>\n<p><b>Estar<\/b> <b>perfumat<\/b>:<br \/>\n&#8211; Anv\u00e4nds f\u00f6r att beskriva n\u00e5got eller n\u00e5gon som har en behaglig doft.<br \/>\n&#8211; Anv\u00e4nds n\u00e4stan alltid i en positiv kontext.<br \/>\n&#8211; Indikerar att doften \u00e4r resultatet av en medveten handling.<\/p>\n<h3>Exempel p\u00e5 anv\u00e4ndning i samma kontext<\/h3>\n<p>F\u00f6r att ytterligare klarg\u00f6ra skillnaderna, l\u00e5t oss titta p\u00e5 n\u00e5gra exempel d\u00e4r b\u00e5da uttrycken kan anv\u00e4ndas i liknande kontext men med olika nyanser:<\/p>\n<p>1. La flor <b>fa<\/b> <b>olor<\/b> molt bona.<br \/>\n   (Blomman luktar v\u00e4ldigt gott.)<br \/>\n2. La flor <b>est\u00e0<\/b> <b>perfumada<\/b> amb una frag\u00e0ncia dol\u00e7a.<br \/>\n   (Blomman \u00e4r parfymerad med en s\u00f6t doft.)<\/p>\n<p>I det f\u00f6rsta exemplet beskriver vi att blomman naturligt avger en god doft. I det andra exemplet indikerar vi att blomman har en s\u00f6t doft som kan vara resultatet av en tillsatt parfym eller doftande produkt.<\/p>\n<p>1. La roba <b>fa<\/b> <b>olor<\/b> de suavitzant.<br \/>\n   (Kl\u00e4derna luktar sk\u00f6ljmedel.)<br \/>\n2. La roba <b>est\u00e0<\/b> <b>perfumada<\/b> amb lavanda.<br \/>\n   (Kl\u00e4derna \u00e4r parfymerade med lavendel.)<\/p>\n<p>I det f\u00f6rsta exemplet beskriver vi att kl\u00e4derna avger en doft av sk\u00f6ljmedel, vilket kan vara en naturlig f\u00f6ljd av tv\u00e4ttprocessen. I det andra exemplet beskriver vi att kl\u00e4derna har en lavendeldoft, vilket indikerar en medveten handling att tills\u00e4tta denna doft.<\/p>\n<h2>Praktiska tips f\u00f6r spr\u00e5kstudenter<\/h2>\n<p>N\u00e4r du <a href=\"https:\/\/talkpal.ai\/the-best-way-to-start-speaking-a-new-language\/\">l\u00e4r dig ett nytt spr\u00e5k<\/a> \u00e4r det viktigt att inte bara memorera ord och uttryck utan ocks\u00e5 f\u00f6rst\u00e5 deras anv\u00e4ndning och nyanser. H\u00e4r \u00e4r n\u00e5gra praktiska tips f\u00f6r att hj\u00e4lpa dig att anv\u00e4nda <b>fer<\/b> <b>olor<\/b> och <b>estar<\/b> <b>perfumat<\/b> korrekt:<\/p>\n<p>1. <b>Kontekst<\/b>: F\u00f6rs\u00f6k alltid att f\u00f6rst\u00e5 kontexten d\u00e4r uttrycket anv\u00e4nds. \u00c4r doften naturlig eller resultatet av en medveten handling? \u00c4r doften positiv eller negativ?<br \/>\n2. <b>Exponering<\/b>: Lyssna p\u00e5 och l\u00e4s <a href=\"https:\/\/talkpal.ai\/learn-catalan\/\">katalanska<\/a> texter, som b\u00f6cker, artiklar och filmer, f\u00f6r att se hur dessa uttryck anv\u00e4nds i olika sammanhang.<br \/>\n3. <b>Praktik<\/b>: \u00d6va p\u00e5 att anv\u00e4nda b\u00e5da uttrycken i dina egna meningar. F\u00f6rs\u00f6k att beskriva olika scenarier d\u00e4r du kan anv\u00e4nda <b>fer<\/b> <b>olor<\/b> och <b>estar<\/b> <b>perfumat<\/b>.<br \/>\n4. <b>Fr\u00e5ga<\/b>: Om du \u00e4r os\u00e4ker p\u00e5 hur du ska anv\u00e4nda ett uttryck, tveka inte att fr\u00e5ga en modersm\u00e5lstalare eller din <a href=\"https:\/\/talkpal.ai\/home\/\">spr\u00e5kl\u00e4rare<\/a> f\u00f6r att f\u00e5 klarhet.<\/p>\n<h3>\u00d6vningar<\/h3>\n<p>F\u00f6r att hj\u00e4lpa dig att bef\u00e4sta din f\u00f6rst\u00e5else av dessa uttryck, h\u00e4r \u00e4r n\u00e5gra \u00f6vningar:<\/p>\n<p>1. <b>\u00d6vers\u00e4ttnings\u00f6vning<\/b>: \u00d6vers\u00e4tt f\u00f6ljande meningar fr\u00e5n svenska till katalanska och anv\u00e4nd antingen <b>fer<\/b> <b>olor<\/b> eller <b>estar<\/b> <b>perfumat<\/b> beroende p\u00e5 kontexten.<br \/>\n   &#8211; Rummet luktar blommor.<br \/>\n   &#8211; Hennes h\u00e5r \u00e4r parfymerat med en fruktig doft.<br \/>\n   &#8211; Maten luktar fantastiskt.<br \/>\n   &#8211; Hennes kl\u00e4der \u00e4r parfymerade med vanilj.<\/p>\n<p>2. <b>Meningsbyggnad<\/b>: Bygg egna meningar d\u00e4r du anv\u00e4nder <b>fer<\/b> <b>olor<\/b> och <b>estar<\/b> <b>perfumat<\/b> i olika kontexter. F\u00f6rs\u00f6k att inkludera b\u00e5de positiva och negativa dofter.<\/p>\n<p>3. <b>Lyssnings\u00f6vning<\/b>: Lyssna p\u00e5 en katalansk <a href=\"https:\/\/talkpal.ai\/talkpal-podcast\/\">podcast<\/a> eller titta p\u00e5 en katalansk film och notera n\u00e4r och hur dessa uttryck anv\u00e4nds. F\u00f6rs\u00f6k att f\u00f6rst\u00e5 varf\u00f6r de anv\u00e4nds i just det sammanhanget.<\/p>\n<h2>Sammanfattning<\/h2>\n<p>Att f\u00f6rst\u00e5 skillnaden mellan <b>fer<\/b> <b>olor<\/b> och <b>estar<\/b> <b>perfumat<\/b> \u00e4r viktigt f\u00f6r att kunna anv\u00e4nda dessa uttryck korrekt p\u00e5 katalanska. <b>Fer<\/b> <b>olor<\/b> anv\u00e4nds f\u00f6r att beskriva n\u00e5got som avger en doft, vare sig den \u00e4r positiv eller negativ, medan <b>estar<\/b> <b>perfumat<\/b> anv\u00e4nds f\u00f6r att beskriva n\u00e5got som har en behaglig doft, ofta tack vare en medveten handling. Genom att f\u00f6rst\u00e5 dessa nyanser och \u00f6va p\u00e5 att anv\u00e4nda uttrycken i olika sammanhang kan du f\u00f6rb\u00e4ttra din katalanska och bli mer flytande i spr\u00e5ket.<\/p>\n","protected":false},"featured_media":1527969,"template":"","vocabulary_language":[4179],"class_list":["post-780788","vocabulary","type-vocabulary","status-publish","has-post-thumbnail","hentry","vocabulary_language-katalanska"],"acf":[],"yoast_head":"<!-- This site is optimized with the Yoast SEO Premium plugin v27.2 (Yoast SEO v27.2) - https:\/\/yoast.com\/product\/yoast-seo-premium-wordpress\/ -->\n<title>Fer olor vs. Estar perfumat - Att lukta kontra att vara doftande p\u00e5 katalanska - Talkpal<\/title>\n<meta name=\"description\" content=\"Att l\u00e4ra sig ett nytt spr\u00e5k inneb\u00e4r ofta att st\u00f6ta p\u00e5 uttryck och ord som inte har en direkt \u00f6vers\u00e4ttning p\u00e5 ens modersm\u00e5l. Katalanska \u00e4r inget undantag,\" \/>\n<meta name=\"robots\" content=\"index, follow, max-snippet:-1, max-image-preview:large, max-video-preview:-1\" \/>\n<link rel=\"canonical\" href=\"https:\/\/talkpal.ai\/sv\/vocabulary\/fer-olor-vs-estar-perfumat-att-lukta-kontra-att-vara-doftande-pa-katalanska\/\" \/>\n<meta property=\"og:locale\" content=\"sv_SE\" \/>\n<meta property=\"og:type\" content=\"article\" \/>\n<meta property=\"og:title\" content=\"Fer olor vs. Estar perfumat - Att lukta kontra att vara doftande p\u00e5 katalanska\" \/>\n<meta property=\"og:description\" content=\"Att l\u00e4ra sig ett nytt spr\u00e5k inneb\u00e4r ofta att st\u00f6ta p\u00e5 uttryck och ord som inte har en direkt \u00f6vers\u00e4ttning p\u00e5 ens modersm\u00e5l. Katalanska \u00e4r inget undantag,\" \/>\n<meta property=\"og:url\" content=\"https:\/\/talkpal.ai\/sv\/vocabulary\/fer-olor-vs-estar-perfumat-att-lukta-kontra-att-vara-doftande-pa-katalanska\/\" \/>\n<meta property=\"og:site_name\" content=\"Talkpal\" \/>\n<meta property=\"article:publisher\" content=\"https:\/\/www.facebook.com\/profile.php?id=100090733639311\" \/>\n<meta property=\"article:modified_time\" content=\"2025-12-26T13:45:58+00:00\" \/>\n<meta property=\"og:image\" content=\"https:\/\/talkpal.ai\/wp-content\/uploads\/2024\/10\/talkpal_flat_illustration_of_a_employees_working_together_happi_c674ff77-e477-4e09-835a-01d30e561e99.png\" \/>\n\t<meta property=\"og:image:width\" content=\"1024\" \/>\n\t<meta property=\"og:image:height\" content=\"1024\" \/>\n\t<meta property=\"og:image:type\" content=\"image\/png\" \/>\n<meta name=\"twitter:card\" content=\"summary_large_image\" \/>\n<meta name=\"twitter:site\" content=\"@talkpalai\" \/>\n<meta name=\"twitter:label1\" content=\"Ber\u00e4knad l\u00e4stid\" \/>\n\t<meta name=\"twitter:data1\" content=\"7 minuter\" \/>\n<script type=\"application\/ld+json\" class=\"yoast-schema-graph\">{\"@context\":\"https:\/\/schema.org\",\"@graph\":[{\"@type\":\"WebPage\",\"@id\":\"https:\/\/talkpal.ai\/sv\/vocabulary\/fer-olor-vs-estar-perfumat-att-lukta-kontra-att-vara-doftande-pa-katalanska\/\",\"url\":\"https:\/\/talkpal.ai\/sv\/vocabulary\/fer-olor-vs-estar-perfumat-att-lukta-kontra-att-vara-doftande-pa-katalanska\/\",\"name\":\"Fer olor vs. Estar perfumat - Att lukta kontra att vara doftande p\u00e5 katalanska - Talkpal\",\"isPartOf\":{\"@id\":\"https:\/\/talkpal.ai\/sv\/#website\"},\"primaryImageOfPage\":{\"@id\":\"https:\/\/talkpal.ai\/sv\/vocabulary\/fer-olor-vs-estar-perfumat-att-lukta-kontra-att-vara-doftande-pa-katalanska\/#primaryimage\"},\"image\":{\"@id\":\"https:\/\/talkpal.ai\/sv\/vocabulary\/fer-olor-vs-estar-perfumat-att-lukta-kontra-att-vara-doftande-pa-katalanska\/#primaryimage\"},\"thumbnailUrl\":\"https:\/\/talkpal.ai\/wp-content\/uploads\/2025\/12\/students-sit-at-desks-to-learn-languages.webp\",\"datePublished\":\"2024-06-12T20:18:04+00:00\",\"dateModified\":\"2025-12-26T13:45:58+00:00\",\"description\":\"Att l\u00e4ra sig ett nytt spr\u00e5k inneb\u00e4r ofta att st\u00f6ta p\u00e5 uttryck och ord som inte har en direkt \u00f6vers\u00e4ttning p\u00e5 ens modersm\u00e5l. Katalanska \u00e4r inget undantag,\",\"breadcrumb\":{\"@id\":\"https:\/\/talkpal.ai\/sv\/vocabulary\/fer-olor-vs-estar-perfumat-att-lukta-kontra-att-vara-doftande-pa-katalanska\/#breadcrumb\"},\"inLanguage\":\"sv-SE\",\"potentialAction\":[{\"@type\":\"ReadAction\",\"target\":[\"https:\/\/talkpal.ai\/sv\/vocabulary\/fer-olor-vs-estar-perfumat-att-lukta-kontra-att-vara-doftande-pa-katalanska\/\"]}]},{\"@type\":\"ImageObject\",\"inLanguage\":\"sv-SE\",\"@id\":\"https:\/\/talkpal.ai\/sv\/vocabulary\/fer-olor-vs-estar-perfumat-att-lukta-kontra-att-vara-doftande-pa-katalanska\/#primaryimage\",\"url\":\"https:\/\/talkpal.ai\/wp-content\/uploads\/2025\/12\/students-sit-at-desks-to-learn-languages.webp\",\"contentUrl\":\"https:\/\/talkpal.ai\/wp-content\/uploads\/2025\/12\/students-sit-at-desks-to-learn-languages.webp\",\"width\":1200,\"height\":896,\"caption\":\"Several students sit at desks in a library while learning languages using computers and books.\"},{\"@type\":\"BreadcrumbList\",\"@id\":\"https:\/\/talkpal.ai\/sv\/vocabulary\/fer-olor-vs-estar-perfumat-att-lukta-kontra-att-vara-doftande-pa-katalanska\/#breadcrumb\",\"itemListElement\":[{\"@type\":\"ListItem\",\"position\":1,\"name\":\"Homepage\",\"item\":\"https:\/\/talkpal.ai\/sv\/\"},{\"@type\":\"ListItem\",\"position\":2,\"name\":\"Fer olor vs. Estar perfumat &#8211; Att lukta kontra att vara doftande p\u00e5 katalanska\"}]},{\"@type\":\"WebSite\",\"@id\":\"https:\/\/talkpal.ai\/sv\/#website\",\"url\":\"https:\/\/talkpal.ai\/sv\/\",\"name\":\"Talkpal\",\"description\":\"AI Language Learning\",\"publisher\":{\"@id\":\"https:\/\/talkpal.ai\/sv\/#organization\"},\"alternateName\":\"Talkpal AI\",\"potentialAction\":[{\"@type\":\"SearchAction\",\"target\":{\"@type\":\"EntryPoint\",\"urlTemplate\":\"https:\/\/talkpal.ai\/sv\/?s={search_term_string}\"},\"query-input\":{\"@type\":\"PropertyValueSpecification\",\"valueRequired\":true,\"valueName\":\"search_term_string\"}}],\"inLanguage\":\"sv-SE\"},{\"@type\":\"Organization\",\"@id\":\"https:\/\/talkpal.ai\/sv\/#organization\",\"name\":\"Talkpal, Inc.\",\"alternateName\":\"Talkpal AI\",\"url\":\"https:\/\/talkpal.ai\/sv\/\",\"logo\":{\"@type\":\"ImageObject\",\"inLanguage\":\"sv-SE\",\"@id\":\"https:\/\/talkpal.ai\/sv\/#\/schema\/logo\/image\/\",\"url\":\"https:\/\/talkpal.ai\/wp-content\/uploads\/2024\/03\/Talkpal-Logo-Icon.png\",\"contentUrl\":\"https:\/\/talkpal.ai\/wp-content\/uploads\/2024\/03\/Talkpal-Logo-Icon.png\",\"width\":2880,\"height\":2880,\"caption\":\"Talkpal, Inc.\"},\"image\":{\"@id\":\"https:\/\/talkpal.ai\/sv\/#\/schema\/logo\/image\/\"},\"sameAs\":[\"https:\/\/www.facebook.com\/profile.php?id=100090733639311\",\"https:\/\/x.com\/talkpalai\",\"https:\/\/www.linkedin.com\/company\/talkpal\/\",\"https:\/\/www.youtube.com\/@TalkPal\/\",\"https:\/\/www.tiktok.com\/@talkpal\",\"https:\/\/www.instagram.com\/talkpal_ai\/\",\"https:\/\/www.crunchbase.com\/organization\/talkpal-9cde\",\"https:\/\/www.g2.com\/products\/talkpal-for-business\/\",\"https:\/\/www.trustpilot.com\/review\/talkpal.ai\",\"https:\/\/www.capterra.com\/p\/10006800\/TalkPal\/\"],\"description\":\"Talkpal is a language learning web and mobile education app, powered by the latest AI technologies, that provides engaging experiences to its customers in many different languages to help them improve their language skills. Users can chat about unlimited amount of topics with the app and use other modes to practice their language learning.\",\"email\":\"support@talkpal.ai\",\"legalName\":\"Talkpal, Inc.\",\"foundingDate\":\"2023-04-03\",\"duns\":\"118989042\",\"numberOfEmployees\":{\"@type\":\"QuantitativeValue\",\"minValue\":\"11\",\"maxValue\":\"50\"},\"publishingPrinciples\":\"https:\/\/talkpal.ai\/publishing-principles\/\",\"actionableFeedbackPolicy\":\"https:\/\/talkpal.ai\/actionable-feedback-policy\/\",\"correctionsPolicy\":\"https:\/\/talkpal.ai\/corrections-policy\/\",\"ethicsPolicy\":\"https:\/\/talkpal.ai\/ethics-policy\/\",\"diversityPolicy\":\"https:\/\/talkpal.ai\/diversity-policy\/\",\"diversityStaffingReport\":\"https:\/\/talkpal.ai\/diversity-policy\/\"}]}<\/script>\n<!-- \/ Yoast SEO Premium plugin. -->","yoast_head_json":{"title":"Fer olor vs. Estar perfumat - Att lukta kontra att vara doftande p\u00e5 katalanska - Talkpal","description":"Att l\u00e4ra sig ett nytt spr\u00e5k inneb\u00e4r ofta att st\u00f6ta p\u00e5 uttryck och ord som inte har en direkt \u00f6vers\u00e4ttning p\u00e5 ens modersm\u00e5l. Katalanska \u00e4r inget undantag,","robots":{"index":"index","follow":"follow","max-snippet":"max-snippet:-1","max-image-preview":"max-image-preview:large","max-video-preview":"max-video-preview:-1"},"canonical":"https:\/\/talkpal.ai\/sv\/vocabulary\/fer-olor-vs-estar-perfumat-att-lukta-kontra-att-vara-doftande-pa-katalanska\/","og_locale":"sv_SE","og_type":"article","og_title":"Fer olor vs. Estar perfumat - Att lukta kontra att vara doftande p\u00e5 katalanska","og_description":"Att l\u00e4ra sig ett nytt spr\u00e5k inneb\u00e4r ofta att st\u00f6ta p\u00e5 uttryck och ord som inte har en direkt \u00f6vers\u00e4ttning p\u00e5 ens modersm\u00e5l. Katalanska \u00e4r inget undantag,","og_url":"https:\/\/talkpal.ai\/sv\/vocabulary\/fer-olor-vs-estar-perfumat-att-lukta-kontra-att-vara-doftande-pa-katalanska\/","og_site_name":"Talkpal","article_publisher":"https:\/\/www.facebook.com\/profile.php?id=100090733639311","article_modified_time":"2025-12-26T13:45:58+00:00","og_image":[{"width":1024,"height":1024,"url":"https:\/\/talkpal.ai\/wp-content\/uploads\/2024\/10\/talkpal_flat_illustration_of_a_employees_working_together_happi_c674ff77-e477-4e09-835a-01d30e561e99.png","type":"image\/png"}],"twitter_card":"summary_large_image","twitter_site":"@talkpalai","twitter_misc":{"Ber\u00e4knad l\u00e4stid":"7 minuter"},"schema":{"@context":"https:\/\/schema.org","@graph":[{"@type":"WebPage","@id":"https:\/\/talkpal.ai\/sv\/vocabulary\/fer-olor-vs-estar-perfumat-att-lukta-kontra-att-vara-doftande-pa-katalanska\/","url":"https:\/\/talkpal.ai\/sv\/vocabulary\/fer-olor-vs-estar-perfumat-att-lukta-kontra-att-vara-doftande-pa-katalanska\/","name":"Fer olor vs. Estar perfumat - Att lukta kontra att vara doftande p\u00e5 katalanska - Talkpal","isPartOf":{"@id":"https:\/\/talkpal.ai\/sv\/#website"},"primaryImageOfPage":{"@id":"https:\/\/talkpal.ai\/sv\/vocabulary\/fer-olor-vs-estar-perfumat-att-lukta-kontra-att-vara-doftande-pa-katalanska\/#primaryimage"},"image":{"@id":"https:\/\/talkpal.ai\/sv\/vocabulary\/fer-olor-vs-estar-perfumat-att-lukta-kontra-att-vara-doftande-pa-katalanska\/#primaryimage"},"thumbnailUrl":"https:\/\/talkpal.ai\/wp-content\/uploads\/2025\/12\/students-sit-at-desks-to-learn-languages.webp","datePublished":"2024-06-12T20:18:04+00:00","dateModified":"2025-12-26T13:45:58+00:00","description":"Att l\u00e4ra sig ett nytt spr\u00e5k inneb\u00e4r ofta att st\u00f6ta p\u00e5 uttryck och ord som inte har en direkt \u00f6vers\u00e4ttning p\u00e5 ens modersm\u00e5l. Katalanska \u00e4r inget undantag,","breadcrumb":{"@id":"https:\/\/talkpal.ai\/sv\/vocabulary\/fer-olor-vs-estar-perfumat-att-lukta-kontra-att-vara-doftande-pa-katalanska\/#breadcrumb"},"inLanguage":"sv-SE","potentialAction":[{"@type":"ReadAction","target":["https:\/\/talkpal.ai\/sv\/vocabulary\/fer-olor-vs-estar-perfumat-att-lukta-kontra-att-vara-doftande-pa-katalanska\/"]}]},{"@type":"ImageObject","inLanguage":"sv-SE","@id":"https:\/\/talkpal.ai\/sv\/vocabulary\/fer-olor-vs-estar-perfumat-att-lukta-kontra-att-vara-doftande-pa-katalanska\/#primaryimage","url":"https:\/\/talkpal.ai\/wp-content\/uploads\/2025\/12\/students-sit-at-desks-to-learn-languages.webp","contentUrl":"https:\/\/talkpal.ai\/wp-content\/uploads\/2025\/12\/students-sit-at-desks-to-learn-languages.webp","width":1200,"height":896,"caption":"Several students sit at desks in a library while learning languages using computers and books."},{"@type":"BreadcrumbList","@id":"https:\/\/talkpal.ai\/sv\/vocabulary\/fer-olor-vs-estar-perfumat-att-lukta-kontra-att-vara-doftande-pa-katalanska\/#breadcrumb","itemListElement":[{"@type":"ListItem","position":1,"name":"Homepage","item":"https:\/\/talkpal.ai\/sv\/"},{"@type":"ListItem","position":2,"name":"Fer olor vs. Estar perfumat &#8211; Att lukta kontra att vara doftande p\u00e5 katalanska"}]},{"@type":"WebSite","@id":"https:\/\/talkpal.ai\/sv\/#website","url":"https:\/\/talkpal.ai\/sv\/","name":"Talkpal","description":"AI Language Learning","publisher":{"@id":"https:\/\/talkpal.ai\/sv\/#organization"},"alternateName":"Talkpal AI","potentialAction":[{"@type":"SearchAction","target":{"@type":"EntryPoint","urlTemplate":"https:\/\/talkpal.ai\/sv\/?s={search_term_string}"},"query-input":{"@type":"PropertyValueSpecification","valueRequired":true,"valueName":"search_term_string"}}],"inLanguage":"sv-SE"},{"@type":"Organization","@id":"https:\/\/talkpal.ai\/sv\/#organization","name":"Talkpal, Inc.","alternateName":"Talkpal AI","url":"https:\/\/talkpal.ai\/sv\/","logo":{"@type":"ImageObject","inLanguage":"sv-SE","@id":"https:\/\/talkpal.ai\/sv\/#\/schema\/logo\/image\/","url":"https:\/\/talkpal.ai\/wp-content\/uploads\/2024\/03\/Talkpal-Logo-Icon.png","contentUrl":"https:\/\/talkpal.ai\/wp-content\/uploads\/2024\/03\/Talkpal-Logo-Icon.png","width":2880,"height":2880,"caption":"Talkpal, Inc."},"image":{"@id":"https:\/\/talkpal.ai\/sv\/#\/schema\/logo\/image\/"},"sameAs":["https:\/\/www.facebook.com\/profile.php?id=100090733639311","https:\/\/x.com\/talkpalai","https:\/\/www.linkedin.com\/company\/talkpal\/","https:\/\/www.youtube.com\/@TalkPal\/","https:\/\/www.tiktok.com\/@talkpal","https:\/\/www.instagram.com\/talkpal_ai\/","https:\/\/www.crunchbase.com\/organization\/talkpal-9cde","https:\/\/www.g2.com\/products\/talkpal-for-business\/","https:\/\/www.trustpilot.com\/review\/talkpal.ai","https:\/\/www.capterra.com\/p\/10006800\/TalkPal\/"],"description":"Talkpal is a language learning web and mobile education app, powered by the latest AI technologies, that provides engaging experiences to its customers in many different languages to help them improve their language skills. Users can chat about unlimited amount of topics with the app and use other modes to practice their language learning.","email":"support@talkpal.ai","legalName":"Talkpal, Inc.","foundingDate":"2023-04-03","duns":"118989042","numberOfEmployees":{"@type":"QuantitativeValue","minValue":"11","maxValue":"50"},"publishingPrinciples":"https:\/\/talkpal.ai\/publishing-principles\/","actionableFeedbackPolicy":"https:\/\/talkpal.ai\/actionable-feedback-policy\/","correctionsPolicy":"https:\/\/talkpal.ai\/corrections-policy\/","ethicsPolicy":"https:\/\/talkpal.ai\/ethics-policy\/","diversityPolicy":"https:\/\/talkpal.ai\/diversity-policy\/","diversityStaffingReport":"https:\/\/talkpal.ai\/diversity-policy\/"}]}},"_links":{"self":[{"href":"https:\/\/talkpal.ai\/sv\/wp-json\/wp\/v2\/vocabulary\/780788","targetHints":{"allow":["GET"]}}],"collection":[{"href":"https:\/\/talkpal.ai\/sv\/wp-json\/wp\/v2\/vocabulary"}],"about":[{"href":"https:\/\/talkpal.ai\/sv\/wp-json\/wp\/v2\/types\/vocabulary"}],"wp:featuredmedia":[{"embeddable":true,"href":"https:\/\/talkpal.ai\/sv\/wp-json\/wp\/v2\/media\/1527969"}],"wp:attachment":[{"href":"https:\/\/talkpal.ai\/sv\/wp-json\/wp\/v2\/media?parent=780788"}],"wp:term":[{"taxonomy":"vocabulary_language","embeddable":true,"href":"https:\/\/talkpal.ai\/sv\/wp-json\/wp\/v2\/vocabulary_language?post=780788"}],"curies":[{"name":"wp","href":"https:\/\/api.w.org\/{rel}","templated":true}]}}