{"id":780749,"date":"2024-06-12T20:14:49","date_gmt":"2024-06-12T20:14:49","guid":{"rendered":"https:\/\/talkpal.ai\/vocabulary\/ser-vs-estar-navigera-verben-att-vara-pa-katalanska\/"},"modified":"2024-06-12T20:14:49","modified_gmt":"2024-06-12T20:14:49","slug":"ser-vs-estar-navigera-verben-att-vara-pa-katalanska","status":"publish","type":"vocabulary","link":"https:\/\/talkpal.ai\/sv\/vocabulary\/ser-vs-estar-navigera-verben-att-vara-pa-katalanska\/","title":{"rendered":"Ser vs. Estar &#8211; Navigera verben &#8221;Att vara&#8221; p\u00e5 katalanska"},"content":{"rendered":"<p>Att l\u00e4ra sig ett nytt <b>spr\u00e5k<\/b> kan vara en utmaning, s\u00e4rskilt n\u00e4r det kommer till <b>grammatiska<\/b> aspekter som inte finns i ens <b>modersm\u00e5l<\/b>. Ett s\u00e5dant exempel \u00e4r de <a href=\"https:\/\/talkpal.ai\/learn-catalan\/\">katalanska<\/a> <b>verben<\/b> &#8221;ser&#8221; och &#8221;estar&#8221;, som b\u00e5da \u00f6vers\u00e4tts till <b>svenska<\/b> som &#8221;att vara&#8221;. Trots att de verkar likadana, anv\u00e4nds de i olika <b>sammanhang<\/b> och har olika <b>nyanser<\/b>. I denna artikel kommer vi att dyka djupt in i <b>anv\u00e4ndningen<\/b> av &#8221;ser&#8221; och &#8221;estar&#8221; och ge dig <b>verktygen<\/b> du beh\u00f6ver f\u00f6r att <b>navigera<\/b> dessa tv\u00e5 <b>verb<\/b> p\u00e5 katalanska.<\/p>\n<h2>Grundl\u00e4ggande skillnader mellan &#8221;ser&#8221; och &#8221;estar&#8221;<\/h2>\n<p>Det f\u00f6rsta steget i att f\u00f6rst\u00e5 <b>skillnaden<\/b> mellan &#8221;ser&#8221; och &#8221;estar&#8221; \u00e4r att veta att de anv\u00e4nds f\u00f6r att uttrycka olika typer av &#8221;att vara&#8221;. &#8221;Ser&#8221; anv\u00e4nds f\u00f6r att beskriva <b>permanenta<\/b> eller <b>l\u00e5ngvariga<\/b> <b>tillst\u00e5nd<\/b>, medan &#8221;estar&#8221; anv\u00e4nds f\u00f6r att beskriva <b>tillf\u00e4lliga<\/b> eller <b>\u00f6verg\u00e5ende<\/b> <b>tillst\u00e5nd<\/b>.<\/p>\n<h3>Anv\u00e4ndning av &#8221;ser&#8221;<\/h3>\n<p><b>Ser<\/b> anv\u00e4nds f\u00f6r att beskriva:<br \/>\n&#8211; <b>Identitet<\/b>: Exempel: &#8221;Jo <b>soc<\/b> en <b>estudiant<\/b>&#8221; (Jag \u00e4r en student).<br \/>\n&#8211; <b>Ursprung<\/b>: Exempel: &#8221;Ell <b>\u00e9s<\/b> de <b>Barcelona<\/b>&#8221; (Han \u00e4r fr\u00e5n <a href=\"https:\/\/talkpal.ai\/locations\/language-courses-in-barcelona\/\">Barcelona<\/a>).<br \/>\n&#8211; <b>Yrken<\/b>: Exempel: &#8221;Ella <b>\u00e9s<\/b> <b>metgessa<\/b>&#8221; (Hon \u00e4r l\u00e4kare).<br \/>\n&#8211; <b>Tid<\/b> och <b>datum<\/b>: Exempel: &#8221;Avui <b>\u00e9s<\/b> <b>dilluns<\/b>&#8221; (Idag \u00e4r det m\u00e5ndag).<br \/>\n&#8211; <b>Fysiska<\/b> eller <b>karakteristiska<\/b> <b>egenskaper<\/b>: Exempel: &#8221;Ell <b>\u00e9s<\/b> <b>alt<\/b>&#8221; (Han \u00e4r l\u00e5ng).<\/p>\n<h3>Anv\u00e4ndning av &#8221;estar&#8221;<\/h3>\n<p><b>Estar<\/b> anv\u00e4nds f\u00f6r att beskriva:<br \/>\n&#8211; <b>Plats<\/b>: Exempel: &#8221;La <b>botiga<\/b> <b>\u00e9s<\/b> a <b>prop<\/b> del <b>parc<\/b>&#8221; (Butiken \u00e4r n\u00e4ra parken).<br \/>\n&#8211; <b>Fysiska<\/b> eller <b>tillf\u00e4lliga<\/b> <b>tillst\u00e5nd<\/b>: Exempel: &#8221;Estic <b>cansat<\/b>&#8221; (Jag \u00e4r tr\u00f6tt).<br \/>\n&#8211; <b>Emotionella<\/b> <b>tillst\u00e5nd<\/b>: Exempel: &#8221;Est\u00e0 <b>content<\/b>&#8221; (Han\/hon \u00e4r glad).<br \/>\n&#8211; <b>Progressiva<\/b> <b>handlingar<\/b>: Exempel: &#8221;Estic <b>menjant<\/b>&#8221; (Jag \u00e4ter).<\/p>\n<h2>Ser vs. Estar &#8211; Konkreta exempel<\/h2>\n<p>F\u00f6r att ytterligare <b>f\u00f6rtydliga<\/b> skillnaderna mellan &#8221;ser&#8221; och &#8221;estar&#8221;, l\u00e5t <a href=\"https:\/\/talkpal.ai\/locations\/language-courses-in-oss\/\">oss<\/a> titta p\u00e5 n\u00e5gra konkreta <b>exempel<\/b>:<\/p>\n<p>1. <b>La Maria \u00e9s professora<\/b> (Maria \u00e4r <a href=\"https:\/\/talkpal.ai\/talkpal-discount-for-teachers\/\">l\u00e4rare<\/a>) vs. <b>La Maria est\u00e0 malalta<\/b> (Maria \u00e4r sjuk).<br \/>\n   &#8211; H\u00e4r anv\u00e4nds &#8221;ser&#8221; f\u00f6r att beskriva Marias <b>yrke<\/b>, n\u00e5got som \u00e4r en <b>permanent<\/b> <b>del<\/b> av hennes <b>identitet<\/b>. &#8221;Estar&#8221; anv\u00e4nds f\u00f6r att beskriva hennes <b>h\u00e4lsotillst\u00e5nd<\/b>, som \u00e4r <b>tillf\u00e4lligt<\/b>.<\/p>\n<p>2. <b>El cotxe \u00e9s vermell<\/b> (Bilen \u00e4r r\u00f6d) vs. <b>El cotxe est\u00e0 a l&#8217;aparcament<\/b> (Bilen \u00e4r p\u00e5 parkeringen).<br \/>\n   &#8211; &#8221;Ser&#8221; beskriver bilens <b>f\u00e4rg<\/b>, en <b>permanent<\/b> <b>egenskap<\/b>, medan &#8221;estar&#8221; beskriver dess <b>plats<\/b>, som \u00e4r <b>tillf\u00e4llig<\/b>.<\/p>\n<p>3. <b>S\u00f3n les cinc de la tarda<\/b> (Klockan \u00e4r fem p\u00e5 eftermiddagen) vs. <b>Estem a l&#8217;any 2023<\/b> (Vi \u00e4r i \u00e5r 2023).<br \/>\n   &#8211; &#8221;Ser&#8221; anv\u00e4nds f\u00f6r att beskriva <b>tid<\/b>, medan &#8221;estar&#8221; anv\u00e4nds f\u00f6r att beskriva en <b>specifik<\/b> <b>tidpunkt<\/b> inom ett <b>tidsram<\/b>.<\/p>\n<h2>Vanliga misstag och hur man undviker dem<\/h2>\n<p>Det \u00e4r l\u00e4tt att g\u00f6ra <b>misstag<\/b> n\u00e4r man l\u00e4r sig anv\u00e4nda &#8221;ser&#8221; och &#8221;estar&#8221;. H\u00e4r \u00e4r n\u00e5gra vanliga <b>fel<\/b> och hur man kan undvika dem:<\/p>\n<p>&#8211; <b>F\u00f6rv\u00e4xla<\/b> &#8221;ser&#8221; och &#8221;estar&#8221; n\u00e4r man beskriver <b>tillf\u00e4lliga<\/b> <b>tillst\u00e5nd<\/b>. Kom ih\u00e5g att &#8221;estar&#8221; anv\u00e4nds f\u00f6r att beskriva <b>tillst\u00e5nd<\/b> som \u00e4r <b>\u00f6verg\u00e5ende<\/b>.<br \/>\n  &#8211; Exempel: &#8221;Estic <b>feli\u00e7<\/b>&#8221; (Jag \u00e4r glad) \u00e4r korrekt, medan &#8221;S\u00f3c <b>feli\u00e7<\/b>&#8221; (Jag \u00e4r glad) skulle vara felaktigt i de flesta <b>sammanhang<\/b>.<\/p>\n<p>&#8211; Anv\u00e4nda &#8221;ser&#8221; f\u00f6r att beskriva <b>platser<\/b>. Platser \u00e4r <b>tillf\u00e4lliga<\/b> och kr\u00e4ver d\u00e4rf\u00f6r &#8221;estar&#8221;.<br \/>\n  &#8211; Exempel: &#8221;El <b>restaurant<\/b> est\u00e0 a la cantonada&#8221; (Restaurangen \u00e4r p\u00e5 h\u00f6rnet) \u00e4r korrekt, medan &#8221;El <b>restaurant<\/b> \u00e9s a la cantonada&#8221; skulle vara felaktigt.<\/p>\n<h2>Tips f\u00f6r att bem\u00e4stra &#8221;ser&#8221; och &#8221;estar&#8221;<\/h2>\n<p>Att bem\u00e4stra anv\u00e4ndningen av &#8221;ser&#8221; och &#8221;estar&#8221; kr\u00e4ver <b>\u00f6vning<\/b> och <b>exponering<\/b>. H\u00e4r \u00e4r n\u00e5gra tips som kan hj\u00e4lpa dig:<\/p>\n<p>&#8211; <b>\u00d6va<\/b> med <b>exempelmeningar<\/b> och <b>fr\u00e5gesporter<\/b>. Ju mer du anv\u00e4nder &#8221;ser&#8221; och &#8221;estar&#8221; i <b>sammanhang<\/b>, desto l\u00e4ttare blir det att komma ih\u00e5g n\u00e4r man ska anv\u00e4nda vilket <b>verb<\/b>.<\/p>\n<p>&#8211; Lyssna p\u00e5 <b>katalanska<\/b> <b>inspelningar<\/b> och <b>konversationer<\/b>. Att h\u00f6ra <b>inf\u00f6dda<\/b> <b>talare<\/b> anv\u00e4nda &#8221;ser&#8221; och &#8221;estar&#8221; kan ge dig en b\u00e4ttre <b>f\u00f6rst\u00e5else<\/b> f\u00f6r nyanserna mellan de tv\u00e5 <b>verben<\/b>.<\/p>\n<p>&#8211; Be om <b>feedback<\/b> fr\u00e5n en <b>spr\u00e5kl\u00e4rare<\/b> eller <b>inf\u00f6dd<\/b> <b>talare<\/b>. De kan hj\u00e4lpa dig att <b>korrigera<\/b> eventuella <b>misstag<\/b> och ge dig <b>tips<\/b> p\u00e5 hur du kan f\u00f6rb\u00e4ttra din <b>anv\u00e4ndning<\/b> av &#8221;ser&#8221; och &#8221;estar&#8221;.<\/p>\n<h3>\u00d6vningar f\u00f6r att praktisera &#8221;ser&#8221; och &#8221;estar&#8221;<\/h3>\n<p>F\u00f6r att hj\u00e4lpa dig att praktisera anv\u00e4ndningen av &#8221;ser&#8221; och &#8221;estar&#8221;, h\u00e4r \u00e4r n\u00e5gra \u00f6vningar du kan g\u00f6ra:<\/p>\n<p>1. <b>Fyll i<\/b> de <b>r\u00e4tta<\/b> <b>verben<\/b> (ser eller estar) i f\u00f6ljande <b>meningar<\/b>:<br \/>\n   &#8211; El meu amic ___ de <a href=\"https:\/\/talkpal.ai\/locations\/language-courses-in-madrid\/\">Madrid<\/a>.<br \/>\n   &#8211; Avui ___ cansat despr\u00e9s de treballar tot el dia.<br \/>\n   &#8211; La festa ___ molt divertida.<br \/>\n   &#8211; Ell ___ alt i prim.<br \/>\n   &#8211; Nosaltres ___ <a href=\"https:\/\/talkpal.ai\/talkpal-discount-for-students\/\">estudiants<\/a> a la universitat.<\/p>\n<p>2. <b>\u00d6vers\u00e4tt<\/b> f\u00f6ljande <b>meningar<\/b> till <b>katalanska<\/b> och anv\u00e4nd &#8221;ser&#8221; eller &#8221;estar&#8221; d\u00e4r det \u00e4r <b>n\u00f6dv\u00e4ndigt<\/b>:<br \/>\n   &#8211; Jag \u00e4r hemma nu.<br \/>\n   &#8211; Hon \u00e4r l\u00e4kare.<br \/>\n   &#8211; Vi \u00e4r glada idag.<br \/>\n   &#8211; Det \u00e4r m\u00e5ndag.<br \/>\n   &#8211; Boken \u00e4r p\u00e5 bordet.<\/p>\n<p>3. <b>Skapa<\/b> egna <b>meningar<\/b> d\u00e4r du anv\u00e4nder b\u00e5de &#8221;ser&#8221; och &#8221;estar&#8221; f\u00f6r att beskriva samma <b>subjekt<\/b> i olika <b>sammanhang<\/b>. Exempel: &#8221;El llibre \u00e9s interessant&#8221; (Boken \u00e4r intressant) vs. &#8221;El llibre est\u00e0 a la taula&#8221; (Boken \u00e4r p\u00e5 bordet).<\/p>\n<h2>Sammanfattning<\/h2>\n<p>Att f\u00f6rst\u00e5 och korrekt anv\u00e4nda &#8221;ser&#8221; och &#8221;estar&#8221; \u00e4r en av de mest <b>utmanande<\/b> aspekterna av att l\u00e4ra sig <b>katalanska<\/b>. Genom att komma ih\u00e5g att &#8221;ser&#8221; anv\u00e4nds f\u00f6r <b>permanenta<\/b> eller <b>l\u00e5ngvariga<\/b> <b>tillst\u00e5nd<\/b> och &#8221;estar&#8221; f\u00f6r <b>tillf\u00e4lliga<\/b> eller <b>\u00f6verg\u00e5ende<\/b> <b>tillst\u00e5nd<\/b>, kan du b\u00f6rja anv\u00e4nda dessa tv\u00e5 <b>verb<\/b> korrekt. Med <b>\u00f6vning<\/b> och <b>exponering<\/b> kommer du att bli mer <b>s\u00e4ker<\/b> p\u00e5 din <b>anv\u00e4ndning<\/b> av &#8221;ser&#8221; och &#8221;estar&#8221; och f\u00f6rb\u00e4ttra din <b>flytande<\/b> i <b>katalanska<\/b>.<\/p>\n","protected":false},"featured_media":1527640,"template":"","vocabulary_language":[4179],"class_list":["post-780749","vocabulary","type-vocabulary","status-publish","has-post-thumbnail","hentry","vocabulary_language-katalanska"],"acf":[],"yoast_head":"<!-- This site is optimized with the Yoast SEO Premium plugin v27.2 (Yoast SEO v27.2) - https:\/\/yoast.com\/product\/yoast-seo-premium-wordpress\/ -->\n<title>Ser vs. Estar - Navigera verben &quot;Att vara&quot; p\u00e5 katalanska - Talkpal<\/title>\n<meta name=\"description\" content=\"Att l\u00e4ra sig ett nytt spr\u00e5k kan vara en utmaning, s\u00e4rskilt n\u00e4r det kommer till grammatiska aspekter som inte finns i ens modersm\u00e5l. Ett s\u00e5dant exempel \u00e4r\" \/>\n<meta name=\"robots\" content=\"index, follow, max-snippet:-1, max-image-preview:large, max-video-preview:-1\" \/>\n<link rel=\"canonical\" href=\"https:\/\/talkpal.ai\/sv\/vocabulary\/ser-vs-estar-navigera-verben-att-vara-pa-katalanska\/\" \/>\n<meta property=\"og:locale\" content=\"sv_SE\" \/>\n<meta property=\"og:type\" content=\"article\" \/>\n<meta property=\"og:title\" content=\"Ser vs. Estar - Navigera verben &quot;Att vara&quot; p\u00e5 katalanska\" \/>\n<meta property=\"og:description\" content=\"Att l\u00e4ra sig ett nytt spr\u00e5k kan vara en utmaning, s\u00e4rskilt n\u00e4r det kommer till grammatiska aspekter som inte finns i ens modersm\u00e5l. Ett s\u00e5dant exempel \u00e4r\" \/>\n<meta property=\"og:url\" content=\"https:\/\/talkpal.ai\/sv\/vocabulary\/ser-vs-estar-navigera-verben-att-vara-pa-katalanska\/\" \/>\n<meta property=\"og:site_name\" content=\"Talkpal\" \/>\n<meta property=\"article:publisher\" content=\"https:\/\/www.facebook.com\/profile.php?id=100090733639311\" \/>\n<meta property=\"og:image\" content=\"https:\/\/talkpal.ai\/wp-content\/uploads\/2024\/10\/talkpal_flat_illustration_of_a_employees_working_together_happi_c674ff77-e477-4e09-835a-01d30e561e99.png\" \/>\n\t<meta property=\"og:image:width\" content=\"1024\" \/>\n\t<meta property=\"og:image:height\" content=\"1024\" \/>\n\t<meta property=\"og:image:type\" content=\"image\/png\" \/>\n<meta name=\"twitter:card\" content=\"summary_large_image\" \/>\n<meta name=\"twitter:site\" content=\"@talkpalai\" \/>\n<meta name=\"twitter:label1\" content=\"Ber\u00e4knad l\u00e4stid\" \/>\n\t<meta name=\"twitter:data1\" content=\"5 minuter\" \/>\n<script type=\"application\/ld+json\" class=\"yoast-schema-graph\">{\"@context\":\"https:\/\/schema.org\",\"@graph\":[{\"@type\":\"WebPage\",\"@id\":\"https:\/\/talkpal.ai\/sv\/vocabulary\/ser-vs-estar-navigera-verben-att-vara-pa-katalanska\/\",\"url\":\"https:\/\/talkpal.ai\/sv\/vocabulary\/ser-vs-estar-navigera-verben-att-vara-pa-katalanska\/\",\"name\":\"Ser vs. Estar - Navigera verben \\\"Att vara\\\" p\u00e5 katalanska - Talkpal\",\"isPartOf\":{\"@id\":\"https:\/\/talkpal.ai\/sv\/#website\"},\"primaryImageOfPage\":{\"@id\":\"https:\/\/talkpal.ai\/sv\/vocabulary\/ser-vs-estar-navigera-verben-att-vara-pa-katalanska\/#primaryimage\"},\"image\":{\"@id\":\"https:\/\/talkpal.ai\/sv\/vocabulary\/ser-vs-estar-navigera-verben-att-vara-pa-katalanska\/#primaryimage\"},\"thumbnailUrl\":\"https:\/\/talkpal.ai\/wp-content\/uploads\/2025\/12\/diverse-students-writing-to-learn-languages.webp\",\"datePublished\":\"2024-06-12T20:14:49+00:00\",\"description\":\"Att l\u00e4ra sig ett nytt spr\u00e5k kan vara en utmaning, s\u00e4rskilt n\u00e4r det kommer till grammatiska aspekter som inte finns i ens modersm\u00e5l. Ett s\u00e5dant exempel \u00e4r\",\"breadcrumb\":{\"@id\":\"https:\/\/talkpal.ai\/sv\/vocabulary\/ser-vs-estar-navigera-verben-att-vara-pa-katalanska\/#breadcrumb\"},\"inLanguage\":\"sv-SE\",\"potentialAction\":[{\"@type\":\"ReadAction\",\"target\":[\"https:\/\/talkpal.ai\/sv\/vocabulary\/ser-vs-estar-navigera-verben-att-vara-pa-katalanska\/\"]}]},{\"@type\":\"ImageObject\",\"inLanguage\":\"sv-SE\",\"@id\":\"https:\/\/talkpal.ai\/sv\/vocabulary\/ser-vs-estar-navigera-verben-att-vara-pa-katalanska\/#primaryimage\",\"url\":\"https:\/\/talkpal.ai\/wp-content\/uploads\/2025\/12\/diverse-students-writing-to-learn-languages.webp\",\"contentUrl\":\"https:\/\/talkpal.ai\/wp-content\/uploads\/2025\/12\/diverse-students-writing-to-learn-languages.webp\",\"width\":1200,\"height\":896,\"caption\":\"Six students sit at a table with papers and pens for the purpose of learning languages together.\"},{\"@type\":\"BreadcrumbList\",\"@id\":\"https:\/\/talkpal.ai\/sv\/vocabulary\/ser-vs-estar-navigera-verben-att-vara-pa-katalanska\/#breadcrumb\",\"itemListElement\":[{\"@type\":\"ListItem\",\"position\":1,\"name\":\"Homepage\",\"item\":\"https:\/\/talkpal.ai\/sv\/\"},{\"@type\":\"ListItem\",\"position\":2,\"name\":\"Ser vs. Estar &#8211; Navigera verben &#8220;Att vara&#8221; p\u00e5 katalanska\"}]},{\"@type\":\"WebSite\",\"@id\":\"https:\/\/talkpal.ai\/sv\/#website\",\"url\":\"https:\/\/talkpal.ai\/sv\/\",\"name\":\"Talkpal\",\"description\":\"AI Language Learning\",\"publisher\":{\"@id\":\"https:\/\/talkpal.ai\/sv\/#organization\"},\"alternateName\":\"Talkpal AI\",\"potentialAction\":[{\"@type\":\"SearchAction\",\"target\":{\"@type\":\"EntryPoint\",\"urlTemplate\":\"https:\/\/talkpal.ai\/sv\/?s={search_term_string}\"},\"query-input\":{\"@type\":\"PropertyValueSpecification\",\"valueRequired\":true,\"valueName\":\"search_term_string\"}}],\"inLanguage\":\"sv-SE\"},{\"@type\":\"Organization\",\"@id\":\"https:\/\/talkpal.ai\/sv\/#organization\",\"name\":\"Talkpal, Inc.\",\"alternateName\":\"Talkpal AI\",\"url\":\"https:\/\/talkpal.ai\/sv\/\",\"logo\":{\"@type\":\"ImageObject\",\"inLanguage\":\"sv-SE\",\"@id\":\"https:\/\/talkpal.ai\/sv\/#\/schema\/logo\/image\/\",\"url\":\"https:\/\/talkpal.ai\/wp-content\/uploads\/2024\/03\/Talkpal-Logo-Icon.png\",\"contentUrl\":\"https:\/\/talkpal.ai\/wp-content\/uploads\/2024\/03\/Talkpal-Logo-Icon.png\",\"width\":2880,\"height\":2880,\"caption\":\"Talkpal, Inc.\"},\"image\":{\"@id\":\"https:\/\/talkpal.ai\/sv\/#\/schema\/logo\/image\/\"},\"sameAs\":[\"https:\/\/www.facebook.com\/profile.php?id=100090733639311\",\"https:\/\/x.com\/talkpalai\",\"https:\/\/www.linkedin.com\/company\/talkpal\/\",\"https:\/\/www.youtube.com\/@TalkPal\/\",\"https:\/\/www.tiktok.com\/@talkpal\",\"https:\/\/www.instagram.com\/talkpal_ai\/\",\"https:\/\/www.crunchbase.com\/organization\/talkpal-9cde\",\"https:\/\/www.g2.com\/products\/talkpal-for-business\/\",\"https:\/\/www.trustpilot.com\/review\/talkpal.ai\",\"https:\/\/www.capterra.com\/p\/10006800\/TalkPal\/\"],\"description\":\"Talkpal is a language learning web and mobile education app, powered by the latest AI technologies, that provides engaging experiences to its customers in many different languages to help them improve their language skills. Users can chat about unlimited amount of topics with the app and use other modes to practice their language learning.\",\"email\":\"support@talkpal.ai\",\"legalName\":\"Talkpal, Inc.\",\"foundingDate\":\"2023-04-03\",\"duns\":\"118989042\",\"numberOfEmployees\":{\"@type\":\"QuantitativeValue\",\"minValue\":\"11\",\"maxValue\":\"50\"},\"publishingPrinciples\":\"https:\/\/talkpal.ai\/publishing-principles\/\",\"actionableFeedbackPolicy\":\"https:\/\/talkpal.ai\/actionable-feedback-policy\/\",\"correctionsPolicy\":\"https:\/\/talkpal.ai\/corrections-policy\/\",\"ethicsPolicy\":\"https:\/\/talkpal.ai\/ethics-policy\/\",\"diversityPolicy\":\"https:\/\/talkpal.ai\/diversity-policy\/\",\"diversityStaffingReport\":\"https:\/\/talkpal.ai\/diversity-policy\/\"}]}<\/script>\n<!-- \/ Yoast SEO Premium plugin. -->","yoast_head_json":{"title":"Ser vs. Estar - Navigera verben \"Att vara\" p\u00e5 katalanska - Talkpal","description":"Att l\u00e4ra sig ett nytt spr\u00e5k kan vara en utmaning, s\u00e4rskilt n\u00e4r det kommer till grammatiska aspekter som inte finns i ens modersm\u00e5l. Ett s\u00e5dant exempel \u00e4r","robots":{"index":"index","follow":"follow","max-snippet":"max-snippet:-1","max-image-preview":"max-image-preview:large","max-video-preview":"max-video-preview:-1"},"canonical":"https:\/\/talkpal.ai\/sv\/vocabulary\/ser-vs-estar-navigera-verben-att-vara-pa-katalanska\/","og_locale":"sv_SE","og_type":"article","og_title":"Ser vs. Estar - Navigera verben \"Att vara\" p\u00e5 katalanska","og_description":"Att l\u00e4ra sig ett nytt spr\u00e5k kan vara en utmaning, s\u00e4rskilt n\u00e4r det kommer till grammatiska aspekter som inte finns i ens modersm\u00e5l. Ett s\u00e5dant exempel \u00e4r","og_url":"https:\/\/talkpal.ai\/sv\/vocabulary\/ser-vs-estar-navigera-verben-att-vara-pa-katalanska\/","og_site_name":"Talkpal","article_publisher":"https:\/\/www.facebook.com\/profile.php?id=100090733639311","og_image":[{"width":1024,"height":1024,"url":"https:\/\/talkpal.ai\/wp-content\/uploads\/2024\/10\/talkpal_flat_illustration_of_a_employees_working_together_happi_c674ff77-e477-4e09-835a-01d30e561e99.png","type":"image\/png"}],"twitter_card":"summary_large_image","twitter_site":"@talkpalai","twitter_misc":{"Ber\u00e4knad l\u00e4stid":"5 minuter"},"schema":{"@context":"https:\/\/schema.org","@graph":[{"@type":"WebPage","@id":"https:\/\/talkpal.ai\/sv\/vocabulary\/ser-vs-estar-navigera-verben-att-vara-pa-katalanska\/","url":"https:\/\/talkpal.ai\/sv\/vocabulary\/ser-vs-estar-navigera-verben-att-vara-pa-katalanska\/","name":"Ser vs. Estar - Navigera verben \"Att vara\" p\u00e5 katalanska - Talkpal","isPartOf":{"@id":"https:\/\/talkpal.ai\/sv\/#website"},"primaryImageOfPage":{"@id":"https:\/\/talkpal.ai\/sv\/vocabulary\/ser-vs-estar-navigera-verben-att-vara-pa-katalanska\/#primaryimage"},"image":{"@id":"https:\/\/talkpal.ai\/sv\/vocabulary\/ser-vs-estar-navigera-verben-att-vara-pa-katalanska\/#primaryimage"},"thumbnailUrl":"https:\/\/talkpal.ai\/wp-content\/uploads\/2025\/12\/diverse-students-writing-to-learn-languages.webp","datePublished":"2024-06-12T20:14:49+00:00","description":"Att l\u00e4ra sig ett nytt spr\u00e5k kan vara en utmaning, s\u00e4rskilt n\u00e4r det kommer till grammatiska aspekter som inte finns i ens modersm\u00e5l. Ett s\u00e5dant exempel \u00e4r","breadcrumb":{"@id":"https:\/\/talkpal.ai\/sv\/vocabulary\/ser-vs-estar-navigera-verben-att-vara-pa-katalanska\/#breadcrumb"},"inLanguage":"sv-SE","potentialAction":[{"@type":"ReadAction","target":["https:\/\/talkpal.ai\/sv\/vocabulary\/ser-vs-estar-navigera-verben-att-vara-pa-katalanska\/"]}]},{"@type":"ImageObject","inLanguage":"sv-SE","@id":"https:\/\/talkpal.ai\/sv\/vocabulary\/ser-vs-estar-navigera-verben-att-vara-pa-katalanska\/#primaryimage","url":"https:\/\/talkpal.ai\/wp-content\/uploads\/2025\/12\/diverse-students-writing-to-learn-languages.webp","contentUrl":"https:\/\/talkpal.ai\/wp-content\/uploads\/2025\/12\/diverse-students-writing-to-learn-languages.webp","width":1200,"height":896,"caption":"Six students sit at a table with papers and pens for the purpose of learning languages together."},{"@type":"BreadcrumbList","@id":"https:\/\/talkpal.ai\/sv\/vocabulary\/ser-vs-estar-navigera-verben-att-vara-pa-katalanska\/#breadcrumb","itemListElement":[{"@type":"ListItem","position":1,"name":"Homepage","item":"https:\/\/talkpal.ai\/sv\/"},{"@type":"ListItem","position":2,"name":"Ser vs. Estar &#8211; Navigera verben &#8220;Att vara&#8221; p\u00e5 katalanska"}]},{"@type":"WebSite","@id":"https:\/\/talkpal.ai\/sv\/#website","url":"https:\/\/talkpal.ai\/sv\/","name":"Talkpal","description":"AI Language Learning","publisher":{"@id":"https:\/\/talkpal.ai\/sv\/#organization"},"alternateName":"Talkpal AI","potentialAction":[{"@type":"SearchAction","target":{"@type":"EntryPoint","urlTemplate":"https:\/\/talkpal.ai\/sv\/?s={search_term_string}"},"query-input":{"@type":"PropertyValueSpecification","valueRequired":true,"valueName":"search_term_string"}}],"inLanguage":"sv-SE"},{"@type":"Organization","@id":"https:\/\/talkpal.ai\/sv\/#organization","name":"Talkpal, Inc.","alternateName":"Talkpal AI","url":"https:\/\/talkpal.ai\/sv\/","logo":{"@type":"ImageObject","inLanguage":"sv-SE","@id":"https:\/\/talkpal.ai\/sv\/#\/schema\/logo\/image\/","url":"https:\/\/talkpal.ai\/wp-content\/uploads\/2024\/03\/Talkpal-Logo-Icon.png","contentUrl":"https:\/\/talkpal.ai\/wp-content\/uploads\/2024\/03\/Talkpal-Logo-Icon.png","width":2880,"height":2880,"caption":"Talkpal, Inc."},"image":{"@id":"https:\/\/talkpal.ai\/sv\/#\/schema\/logo\/image\/"},"sameAs":["https:\/\/www.facebook.com\/profile.php?id=100090733639311","https:\/\/x.com\/talkpalai","https:\/\/www.linkedin.com\/company\/talkpal\/","https:\/\/www.youtube.com\/@TalkPal\/","https:\/\/www.tiktok.com\/@talkpal","https:\/\/www.instagram.com\/talkpal_ai\/","https:\/\/www.crunchbase.com\/organization\/talkpal-9cde","https:\/\/www.g2.com\/products\/talkpal-for-business\/","https:\/\/www.trustpilot.com\/review\/talkpal.ai","https:\/\/www.capterra.com\/p\/10006800\/TalkPal\/"],"description":"Talkpal is a language learning web and mobile education app, powered by the latest AI technologies, that provides engaging experiences to its customers in many different languages to help them improve their language skills. Users can chat about unlimited amount of topics with the app and use other modes to practice their language learning.","email":"support@talkpal.ai","legalName":"Talkpal, Inc.","foundingDate":"2023-04-03","duns":"118989042","numberOfEmployees":{"@type":"QuantitativeValue","minValue":"11","maxValue":"50"},"publishingPrinciples":"https:\/\/talkpal.ai\/publishing-principles\/","actionableFeedbackPolicy":"https:\/\/talkpal.ai\/actionable-feedback-policy\/","correctionsPolicy":"https:\/\/talkpal.ai\/corrections-policy\/","ethicsPolicy":"https:\/\/talkpal.ai\/ethics-policy\/","diversityPolicy":"https:\/\/talkpal.ai\/diversity-policy\/","diversityStaffingReport":"https:\/\/talkpal.ai\/diversity-policy\/"}]}},"_links":{"self":[{"href":"https:\/\/talkpal.ai\/sv\/wp-json\/wp\/v2\/vocabulary\/780749","targetHints":{"allow":["GET"]}}],"collection":[{"href":"https:\/\/talkpal.ai\/sv\/wp-json\/wp\/v2\/vocabulary"}],"about":[{"href":"https:\/\/talkpal.ai\/sv\/wp-json\/wp\/v2\/types\/vocabulary"}],"wp:featuredmedia":[{"embeddable":true,"href":"https:\/\/talkpal.ai\/sv\/wp-json\/wp\/v2\/media\/1527640"}],"wp:attachment":[{"href":"https:\/\/talkpal.ai\/sv\/wp-json\/wp\/v2\/media?parent=780749"}],"wp:term":[{"taxonomy":"vocabulary_language","embeddable":true,"href":"https:\/\/talkpal.ai\/sv\/wp-json\/wp\/v2\/vocabulary_language?post=780749"}],"curies":[{"name":"wp","href":"https:\/\/api.w.org\/{rel}","templated":true}]}}