{"id":780643,"date":"2024-06-12T20:06:03","date_gmt":"2024-06-12T20:06:03","guid":{"rendered":"https:\/\/talkpal.ai\/vocabulary\/govoriti-vs-sutjeti-att-tala-vs-att-vara-tyst-pa-bosniska\/"},"modified":"2024-06-12T20:06:03","modified_gmt":"2024-06-12T20:06:03","slug":"govoriti-vs-sutjeti-att-tala-vs-att-vara-tyst-pa-bosniska","status":"publish","type":"vocabulary","link":"https:\/\/talkpal.ai\/sv\/vocabulary\/govoriti-vs-sutjeti-att-tala-vs-att-vara-tyst-pa-bosniska\/","title":{"rendered":"Govoriti vs \u0160utjeti &#8211; Att tala vs att vara tyst p\u00e5 bosniska"},"content":{"rendered":"<p>Att <b>l\u00e4ra<\/b> sig ett <b>nytt<\/b> <b>spr\u00e5k<\/b> kan vara en <b>utmanande<\/b> men <b>otroligt<\/b> <b>givande<\/b> <b>upplevelse<\/b>. Om du har <b>valt<\/b> att <b>l\u00e4ra<\/b> dig <b>bosniska<\/b>, har du <b>kanske<\/b> <b>redan<\/b> <b>uppt\u00e4ckt<\/b> att <b>spr\u00e5ket<\/b> har <b>m\u00e5nga<\/b> <b>intressanta<\/b> <b>nyanser<\/b> och <b>uttryck<\/b>. En av de <b>grundl\u00e4ggande<\/b> <b>aspekterna<\/b> av <b>spr\u00e5kinl\u00e4rning<\/b> \u00e4r att <b>f\u00f6rst\u00e5<\/b> <b>skillnaden<\/b> mellan <b>att<\/b> <b>tala<\/b> och <b>att<\/b> <b>vara<\/b> <b>tyst<\/b>. P\u00e5 <b>bosniska<\/b> <b>anv\u00e4nds<\/b> <b>orden<\/b> <b>govoriti<\/b> och <b>\u0161utjeti<\/b> f\u00f6r att <b>beskriva<\/b> dessa <b>handlingar<\/b>. L\u00e5t <a href=\"https:\/\/talkpal.ai\/locations\/language-courses-in-oss\/\">oss<\/a> <b>utforska<\/b> dessa <b>begrepp<\/b> <b>n\u00e4rmare<\/b> och <b>f\u00f6rst\u00e5<\/b> hur de <b>anv\u00e4nds<\/b> i <b>vardagligt<\/b> <b>bosniskt<\/b> <b>spr\u00e5k<\/b>.<\/p>\n<h2>Vad <b>betyder<\/b> <b>govoriti<\/b>?<\/h2>\n<p><b>Ordet<\/b> <b>govoriti<\/b> <b>betyder<\/b> <b>att<\/b> <b>tala<\/b> eller <b>att<\/b> <b>prata<\/b>. Det <b>anv\u00e4nds<\/b> i <b>m\u00e5nga<\/b> <b>olika<\/b> <b>sammanhang<\/b> och <b>kan<\/b> <b>anpassas<\/b> <b>beroende<\/b> p\u00e5 <b>vem<\/b> du <b>talar<\/b> med och <b>vilken<\/b> <b>typ<\/b> av <b>kommunikation<\/b> du <b>vill<\/b> <b>uppn\u00e5<\/b>. H\u00e4r \u00e4r <b>n\u00e5gra<\/b> <b>exempel<\/b> p\u00e5 hur <b>govoriti<\/b> <b>kan<\/b> <b>anv\u00e4ndas<\/b>:<\/p>\n<p>1. Jag <b>vill<\/b> <b>tala<\/b> med dig. &#8211; <b>\u017delim<\/b> <b>govoriti<\/b> <b>s<\/b> <b>tobom<\/b>.<br \/>\n2. Han <b>talar<\/b> <b>flytande<\/b> <b>bosniska<\/b>. &#8211; <b>On<\/b> <b>govori<\/b> <b>te\u010dno<\/b> <b>bosanski<\/b>.<br \/>\n3. Vi <b>m\u00e5ste<\/b> <b>tala<\/b> om <b>detta<\/b>. &#8211; <b>Moramo<\/b> <b>govoriti<\/b> <b>o<\/b> <b>tome<\/b>.<\/p>\n<p><b>Govorit<\/b> \u00e4r ett <b>verb<\/b> som <b>\u00e4ndras<\/b> <b>beroende<\/b> p\u00e5 <b>subjektet<\/b> och <b>tidsformen<\/b>. Till <b>exempel<\/b>, f\u00f6r <b>jag<\/b> <b>anv\u00e4nds<\/b> <b>govorim<\/b>, f\u00f6r <b>du<\/b> <b>anv\u00e4nds<\/b> <b>govori\u0161<\/b>, och f\u00f6r <b>han\/hon<\/b> <b>anv\u00e4nds<\/b> <b>govori<\/b>.<\/p>\n<h3>Vanliga <b>uttryck<\/b> med <b>govoriti<\/b><\/h3>\n<p>Det <b>finns<\/b> <b>m\u00e5nga<\/b> <b>uttryck<\/b> och <b>idiom<\/b> som <b>anv\u00e4nder<\/b> <b>govoriti<\/b>. H\u00e4r \u00e4r <b>n\u00e5gra<\/b> <b>exempel<\/b>:<\/p>\n<p>1. <b>Govori<\/b> <b>istinu<\/b> &#8211; <b>Tala<\/b> <b>sanning<\/b>.<br \/>\n2. <b>Govori<\/b> <b>glasno<\/b> &#8211; <b>Tala<\/b> <b>h\u00f6gt<\/b>.<br \/>\n3. <b>Govori<\/b> <b>o<\/b> <b>sebi<\/b> &#8211; <b>Tala<\/b> om <b>dig<\/b> <b>sj\u00e4lv<\/b>.<\/p>\n<h2>Vad <b>betyder<\/b> <b>\u0161utjeti<\/b>?<\/h2>\n<p><b>Ordet<\/b> <b>\u0161utjeti<\/b> <b>betyder<\/b> <b>att<\/b> <b>vara<\/b> <b>tyst<\/b>. Det <b>anv\u00e4nds<\/b> n\u00e4r <b>n\u00e5gon<\/b> <b>inte<\/b> <b>talar<\/b> eller <b>v\u00e4ljer<\/b> <b>att<\/b> <b>vara<\/b> <b>tyst<\/b>. H\u00e4r \u00e4r <b>n\u00e5gra<\/b> <b>exempel<\/b> p\u00e5 hur <b>\u0161utjeti<\/b> <b>kan<\/b> <b>anv\u00e4ndas<\/b>:<\/p>\n<p>1. <b>Var<\/b> <b>tyst<\/b>! &#8211; <b>\u0160uti<\/b>!<br \/>\n2. Han <b>var<\/b> <b>tyst<\/b> <b>hela<\/b> <b>tiden<\/b>. &#8211; <b>On<\/b> <b>je<\/b> <b>\u0161utio<\/b> <b>cijelo<\/b> <b>vrijeme<\/b>.<br \/>\n3. <b>De<\/b> <b>valde<\/b> <b>att<\/b> <b>vara<\/b> <b>tysta<\/b>. &#8211; <b>Oni<\/b> <b>su<\/b> <b>odlu\u010dili<\/b> <b>\u0161utjeti<\/b>.<\/p>\n<p><b>\u0160utjeti<\/b> \u00e4r <b>ocks\u00e5<\/b> ett <b>verb<\/b> som <b>\u00e4ndras<\/b> <b>beroende<\/b> p\u00e5 <b>subjektet<\/b> och <b>tidsformen<\/b>. F\u00f6r <b>jag<\/b> <b>anv\u00e4nds<\/b> <b>\u0161utim<\/b>, f\u00f6r <b>du<\/b> <b>anv\u00e4nds<\/b> <b>\u0161uti\u0161<\/b>, och f\u00f6r <b>han\/hon<\/b> <b>anv\u00e4nds<\/b> <b>\u0161uti<\/b>.<\/p>\n<h3>Vanliga <b>uttryck<\/b> med <b>\u0161utjeti<\/b><\/h3>\n<p>H\u00e4r \u00e4r <b>n\u00e5gra<\/b> <b>vanliga<\/b> <b>uttryck<\/b> med <b>\u0161utjeti<\/b>:<\/p>\n<p>1. <b>\u0160uti<\/b> <b>kao<\/b> <b>riba<\/b> &#8211; <b>Tyst<\/b> som en <b>fisk<\/b>.<br \/>\n2. <b>\u0160uti<\/b> <b>i<\/b> <b>slu\u0161aj<\/b> &#8211; <b>Var<\/b> <b>tyst<\/b> och <b>lyssna<\/b>.<br \/>\n3. <b>Bolje<\/b> <b>\u0161utjeti<\/b> <b>nego<\/b> <b>re\u0107i<\/b> <b>glupost<\/b> &#8211; <b>B\u00e4ttre<\/b> att <b>vara<\/b> <b>tyst<\/b> \u00e4n att <b>s\u00e4g<\/b> en <b>dumhet<\/b>.<\/p>\n<h2>Skillnader mellan <b>govoriti<\/b> och <b>\u0161utjeti<\/b><\/h2>\n<p><b>Govorit<\/b> och <b>\u0161utjeti<\/b> <b>\u00e4r<\/b> <b>motsatser<\/b> men <b>kan<\/b> <b>komplettera<\/b> <b>varandra<\/b> i <b>konversationer<\/b>. Att <b>f\u00f6rst\u00e5<\/b> n\u00e4r <b>man<\/b> <b>ska<\/b> <b>tala<\/b> och n\u00e4r <b>man<\/b> <b>ska<\/b> <b>vara<\/b> <b>tyst<\/b> \u00e4r <b>en<\/b> <b>viktig<\/b> <b>del<\/b> av <b>kommunikationsf\u00f6rm\u00e5gan<\/b>. H\u00e4r \u00e4r <b>n\u00e5gra<\/b> <b>exempel<\/b> p\u00e5 <b>hur<\/b> <b>dessa<\/b> <b>ord<\/b> <b>kan<\/b> <b>anv\u00e4ndas<\/b> i <b>kontext<\/b>:<\/p>\n<p>1. N\u00e4r <b>n\u00e5gon<\/b> <b>ber<\/b> dig att <b>vara<\/b> <b>tyst<\/b> (<b>\u0161utjeti<\/b>) f\u00f6r att <b>lyssna<\/b> p\u00e5 <b>vad<\/b> <b>n\u00e5gon<\/b> <b>annat<\/b> <b>s\u00e4ger<\/b> (<b>govoriti<\/b>).<br \/>\n2. N\u00e4r <b>du<\/b> <b>v\u00e4ntar<\/b> p\u00e5 din <b>tur<\/b> att <b>tala<\/b> (<b>govoriti<\/b>) i en <b>diskussion<\/b> och <b>v\u00e4ljer<\/b> att <b>vara<\/b> <b>tyst<\/b> (<b>\u0161utjeti<\/b>) tills <b>det<\/b> <b>\u00e4r<\/b> <b>din<\/b> <b>tur<\/b>.<\/p>\n<h2>Hur <b>man<\/b> <b>kan<\/b> <b>\u00f6v<\/b>a <b>govoriti<\/b> och <b>\u0161utjeti<\/b><\/h2>\n<p>F\u00f6r att <b>bem\u00e4stra<\/b> <b>anv\u00e4ndningen<\/b> av <b>govoriti<\/b> och <b>\u0161utjeti<\/b> <b>beh\u00f6ver<\/b> du <b>\u00f6vning<\/b>. H\u00e4r \u00e4r <b>n\u00e5gra<\/b> <b>tips<\/b> f\u00f6r att <b>f\u00f6rb\u00e4ttra<\/b> din <b>f\u00f6rm\u00e5ga<\/b> att <b>tala<\/b> och <b>vara<\/b> <b>tyst<\/b> p\u00e5 <b>bosniska<\/b>:<\/p>\n<p>1. <b>Lyssna<\/b> p\u00e5 <b>bosnisk<\/b> <b>musik<\/b> och <b>f\u00f6rs\u00f6k<\/b> att <b>sjunga<\/b> <b>med<\/b> f\u00f6r att <b>\u00f6v<\/b>a <b>uttal<\/b> och <b>talf\u00e4rdigheter<\/b>.<br \/>\n2. <b>Titta<\/b> p\u00e5 <b>bosniska<\/b> <b>filmer<\/b> och <b>TV-program<\/b> f\u00f6r att <b>h\u00f6ra<\/b> <b>hur<\/b> <b>govoriti<\/b> och <b>\u0161utjeti<\/b> <b>anv\u00e4nds<\/b> i <b>vardagligt<\/b> <b>tal<\/b>.<br \/>\n3. <b>\u00d6va<\/b> <b>konversationer<\/b> med <b>modersm\u00e5lstalare<\/b> eller <b>andra<\/b> <b>spr\u00e5kelever<\/b> f\u00f6r att <b>f\u00e5<\/b> <b>praktisk<\/b> <b>erfarenhet<\/b> av <b>govoriti<\/b> och <b>\u0161utjeti<\/b>.<br \/>\n4. <b>Delta<\/b> i <b>spr\u00e5k<\/b> <b>utbytesprogram<\/b> eller <b>bosniska<\/b> <b>spr\u00e5kkurser<\/b> f\u00f6r att <b>f\u00f6rb\u00e4ttra<\/b> din <b>kommunikationsf\u00f6rm\u00e5ga<\/b>.<\/p>\n<h2>Slutsats<\/h2>\n<p>Att <b>f\u00f6rst\u00e5<\/b> <b>skillnaden<\/b> mellan <b>govoriti<\/b> och <b>\u0161utjeti<\/b> \u00e4r <b>avg\u00f6rande<\/b> f\u00f6r <b>effektiv<\/b> <b>kommunikation<\/b> p\u00e5 <b>bosniska<\/b>. Genom att <b>\u00f6v<\/b>a och <b>anv\u00e4nda<\/b> <b>dessa<\/b> <b>ord<\/b> i <b>r\u00e4tt<\/b> <b>sammanhang<\/b> <b>kan<\/b> du <b>f\u00f6rb\u00e4ttra<\/b> din <b>f\u00f6rm\u00e5ga<\/b> att <b>tala<\/b> och <b>vara<\/b> <b>tyst<\/b> n\u00e4r <b>det<\/b> <b>beh\u00f6vs<\/b>. <b>Forts\u00e4tt<\/b> att <b>\u00f6v<\/b>a och <b>utforska<\/b> <b>bosniska<\/b> <b>spr\u00e5ket<\/b> f\u00f6r att <b>bli<\/b> en <b>mer<\/b> <b>sj\u00e4lvs\u00e4ker<\/b> och <b>kompetent<\/b> <b>talare<\/b>.<\/p>\n","protected":false},"featured_media":1528085,"template":"","vocabulary_language":[4177],"class_list":["post-780643","vocabulary","type-vocabulary","status-publish","has-post-thumbnail","hentry","vocabulary_language-bosniska"],"acf":[],"yoast_head":"<!-- This site is optimized with the Yoast SEO Premium plugin v27.2 (Yoast SEO v27.2) - https:\/\/yoast.com\/product\/yoast-seo-premium-wordpress\/ -->\n<title>Govoriti vs \u0160utjeti - Att tala vs att vara tyst p\u00e5 bosniska - Talkpal<\/title>\n<meta name=\"description\" content=\"Att l\u00e4ra sig ett nytt spr\u00e5k kan vara en utmanande men otroligt givande upplevelse. Om du har valt att l\u00e4ra dig bosniska, har du kanske redan uppt\u00e4ckt att\" \/>\n<meta name=\"robots\" content=\"index, follow, max-snippet:-1, max-image-preview:large, max-video-preview:-1\" \/>\n<link rel=\"canonical\" href=\"https:\/\/talkpal.ai\/sv\/vocabulary\/govoriti-vs-sutjeti-att-tala-vs-att-vara-tyst-pa-bosniska\/\" \/>\n<meta property=\"og:locale\" content=\"sv_SE\" \/>\n<meta property=\"og:type\" content=\"article\" \/>\n<meta property=\"og:title\" content=\"Govoriti vs \u0160utjeti - Att tala vs att vara tyst p\u00e5 bosniska\" \/>\n<meta property=\"og:description\" content=\"Att l\u00e4ra sig ett nytt spr\u00e5k kan vara en utmanande men otroligt givande upplevelse. Om du har valt att l\u00e4ra dig bosniska, har du kanske redan uppt\u00e4ckt att\" \/>\n<meta property=\"og:url\" content=\"https:\/\/talkpal.ai\/sv\/vocabulary\/govoriti-vs-sutjeti-att-tala-vs-att-vara-tyst-pa-bosniska\/\" \/>\n<meta property=\"og:site_name\" content=\"Talkpal\" \/>\n<meta property=\"article:publisher\" content=\"https:\/\/www.facebook.com\/profile.php?id=100090733639311\" \/>\n<meta property=\"og:image\" content=\"https:\/\/talkpal.ai\/wp-content\/uploads\/2024\/10\/talkpal_flat_illustration_of_a_employees_working_together_happi_c674ff77-e477-4e09-835a-01d30e561e99.png\" \/>\n\t<meta property=\"og:image:width\" content=\"1024\" \/>\n\t<meta property=\"og:image:height\" content=\"1024\" \/>\n\t<meta property=\"og:image:type\" content=\"image\/png\" \/>\n<meta name=\"twitter:card\" content=\"summary_large_image\" \/>\n<meta name=\"twitter:site\" content=\"@talkpalai\" \/>\n<meta name=\"twitter:label1\" content=\"Ber\u00e4knad l\u00e4stid\" \/>\n\t<meta name=\"twitter:data1\" content=\"3 minuter\" \/>\n<script type=\"application\/ld+json\" class=\"yoast-schema-graph\">{\"@context\":\"https:\/\/schema.org\",\"@graph\":[{\"@type\":\"WebPage\",\"@id\":\"https:\/\/talkpal.ai\/sv\/vocabulary\/govoriti-vs-sutjeti-att-tala-vs-att-vara-tyst-pa-bosniska\/\",\"url\":\"https:\/\/talkpal.ai\/sv\/vocabulary\/govoriti-vs-sutjeti-att-tala-vs-att-vara-tyst-pa-bosniska\/\",\"name\":\"Govoriti vs \u0160utjeti - Att tala vs att vara tyst p\u00e5 bosniska - Talkpal\",\"isPartOf\":{\"@id\":\"https:\/\/talkpal.ai\/sv\/#website\"},\"primaryImageOfPage\":{\"@id\":\"https:\/\/talkpal.ai\/sv\/vocabulary\/govoriti-vs-sutjeti-att-tala-vs-att-vara-tyst-pa-bosniska\/#primaryimage\"},\"image\":{\"@id\":\"https:\/\/talkpal.ai\/sv\/vocabulary\/govoriti-vs-sutjeti-att-tala-vs-att-vara-tyst-pa-bosniska\/#primaryimage\"},\"thumbnailUrl\":\"https:\/\/talkpal.ai\/wp-content\/uploads\/2025\/12\/woman-is-taking-notes-while-learning-languages.webp\",\"datePublished\":\"2024-06-12T20:06:03+00:00\",\"description\":\"Att l\u00e4ra sig ett nytt spr\u00e5k kan vara en utmanande men otroligt givande upplevelse. Om du har valt att l\u00e4ra dig bosniska, har du kanske redan uppt\u00e4ckt att\",\"breadcrumb\":{\"@id\":\"https:\/\/talkpal.ai\/sv\/vocabulary\/govoriti-vs-sutjeti-att-tala-vs-att-vara-tyst-pa-bosniska\/#breadcrumb\"},\"inLanguage\":\"sv-SE\",\"potentialAction\":[{\"@type\":\"ReadAction\",\"target\":[\"https:\/\/talkpal.ai\/sv\/vocabulary\/govoriti-vs-sutjeti-att-tala-vs-att-vara-tyst-pa-bosniska\/\"]}]},{\"@type\":\"ImageObject\",\"inLanguage\":\"sv-SE\",\"@id\":\"https:\/\/talkpal.ai\/sv\/vocabulary\/govoriti-vs-sutjeti-att-tala-vs-att-vara-tyst-pa-bosniska\/#primaryimage\",\"url\":\"https:\/\/talkpal.ai\/wp-content\/uploads\/2025\/12\/woman-is-taking-notes-while-learning-languages.webp\",\"contentUrl\":\"https:\/\/talkpal.ai\/wp-content\/uploads\/2025\/12\/woman-is-taking-notes-while-learning-languages.webp\",\"width\":1200,\"height\":896,\"caption\":\"A woman with dark curly hair takes notes while learning languages at a cafe table.\"},{\"@type\":\"BreadcrumbList\",\"@id\":\"https:\/\/talkpal.ai\/sv\/vocabulary\/govoriti-vs-sutjeti-att-tala-vs-att-vara-tyst-pa-bosniska\/#breadcrumb\",\"itemListElement\":[{\"@type\":\"ListItem\",\"position\":1,\"name\":\"Homepage\",\"item\":\"https:\/\/talkpal.ai\/sv\/\"},{\"@type\":\"ListItem\",\"position\":2,\"name\":\"Govoriti vs \u0160utjeti &#8211; Att tala vs att vara tyst p\u00e5 bosniska\"}]},{\"@type\":\"WebSite\",\"@id\":\"https:\/\/talkpal.ai\/sv\/#website\",\"url\":\"https:\/\/talkpal.ai\/sv\/\",\"name\":\"Talkpal\",\"description\":\"AI Language Learning\",\"publisher\":{\"@id\":\"https:\/\/talkpal.ai\/sv\/#organization\"},\"alternateName\":\"Talkpal AI\",\"potentialAction\":[{\"@type\":\"SearchAction\",\"target\":{\"@type\":\"EntryPoint\",\"urlTemplate\":\"https:\/\/talkpal.ai\/sv\/?s={search_term_string}\"},\"query-input\":{\"@type\":\"PropertyValueSpecification\",\"valueRequired\":true,\"valueName\":\"search_term_string\"}}],\"inLanguage\":\"sv-SE\"},{\"@type\":\"Organization\",\"@id\":\"https:\/\/talkpal.ai\/sv\/#organization\",\"name\":\"Talkpal, Inc.\",\"alternateName\":\"Talkpal AI\",\"url\":\"https:\/\/talkpal.ai\/sv\/\",\"logo\":{\"@type\":\"ImageObject\",\"inLanguage\":\"sv-SE\",\"@id\":\"https:\/\/talkpal.ai\/sv\/#\/schema\/logo\/image\/\",\"url\":\"https:\/\/talkpal.ai\/wp-content\/uploads\/2024\/03\/Talkpal-Logo-Icon.png\",\"contentUrl\":\"https:\/\/talkpal.ai\/wp-content\/uploads\/2024\/03\/Talkpal-Logo-Icon.png\",\"width\":2880,\"height\":2880,\"caption\":\"Talkpal, Inc.\"},\"image\":{\"@id\":\"https:\/\/talkpal.ai\/sv\/#\/schema\/logo\/image\/\"},\"sameAs\":[\"https:\/\/www.facebook.com\/profile.php?id=100090733639311\",\"https:\/\/x.com\/talkpalai\",\"https:\/\/www.linkedin.com\/company\/talkpal\/\",\"https:\/\/www.youtube.com\/@TalkPal\/\",\"https:\/\/www.tiktok.com\/@talkpal\",\"https:\/\/www.instagram.com\/talkpal_ai\/\",\"https:\/\/www.crunchbase.com\/organization\/talkpal-9cde\",\"https:\/\/www.g2.com\/products\/talkpal-for-business\/\",\"https:\/\/www.trustpilot.com\/review\/talkpal.ai\",\"https:\/\/www.capterra.com\/p\/10006800\/TalkPal\/\"],\"description\":\"Talkpal is a language learning web and mobile education app, powered by the latest AI technologies, that provides engaging experiences to its customers in many different languages to help them improve their language skills. Users can chat about unlimited amount of topics with the app and use other modes to practice their language learning.\",\"email\":\"support@talkpal.ai\",\"legalName\":\"Talkpal, Inc.\",\"foundingDate\":\"2023-04-03\",\"duns\":\"118989042\",\"numberOfEmployees\":{\"@type\":\"QuantitativeValue\",\"minValue\":\"11\",\"maxValue\":\"50\"},\"publishingPrinciples\":\"https:\/\/talkpal.ai\/publishing-principles\/\",\"actionableFeedbackPolicy\":\"https:\/\/talkpal.ai\/actionable-feedback-policy\/\",\"correctionsPolicy\":\"https:\/\/talkpal.ai\/corrections-policy\/\",\"ethicsPolicy\":\"https:\/\/talkpal.ai\/ethics-policy\/\",\"diversityPolicy\":\"https:\/\/talkpal.ai\/diversity-policy\/\",\"diversityStaffingReport\":\"https:\/\/talkpal.ai\/diversity-policy\/\"}]}<\/script>\n<!-- \/ Yoast SEO Premium plugin. -->","yoast_head_json":{"title":"Govoriti vs \u0160utjeti - Att tala vs att vara tyst p\u00e5 bosniska - Talkpal","description":"Att l\u00e4ra sig ett nytt spr\u00e5k kan vara en utmanande men otroligt givande upplevelse. Om du har valt att l\u00e4ra dig bosniska, har du kanske redan uppt\u00e4ckt att","robots":{"index":"index","follow":"follow","max-snippet":"max-snippet:-1","max-image-preview":"max-image-preview:large","max-video-preview":"max-video-preview:-1"},"canonical":"https:\/\/talkpal.ai\/sv\/vocabulary\/govoriti-vs-sutjeti-att-tala-vs-att-vara-tyst-pa-bosniska\/","og_locale":"sv_SE","og_type":"article","og_title":"Govoriti vs \u0160utjeti - Att tala vs att vara tyst p\u00e5 bosniska","og_description":"Att l\u00e4ra sig ett nytt spr\u00e5k kan vara en utmanande men otroligt givande upplevelse. Om du har valt att l\u00e4ra dig bosniska, har du kanske redan uppt\u00e4ckt att","og_url":"https:\/\/talkpal.ai\/sv\/vocabulary\/govoriti-vs-sutjeti-att-tala-vs-att-vara-tyst-pa-bosniska\/","og_site_name":"Talkpal","article_publisher":"https:\/\/www.facebook.com\/profile.php?id=100090733639311","og_image":[{"width":1024,"height":1024,"url":"https:\/\/talkpal.ai\/wp-content\/uploads\/2024\/10\/talkpal_flat_illustration_of_a_employees_working_together_happi_c674ff77-e477-4e09-835a-01d30e561e99.png","type":"image\/png"}],"twitter_card":"summary_large_image","twitter_site":"@talkpalai","twitter_misc":{"Ber\u00e4knad l\u00e4stid":"3 minuter"},"schema":{"@context":"https:\/\/schema.org","@graph":[{"@type":"WebPage","@id":"https:\/\/talkpal.ai\/sv\/vocabulary\/govoriti-vs-sutjeti-att-tala-vs-att-vara-tyst-pa-bosniska\/","url":"https:\/\/talkpal.ai\/sv\/vocabulary\/govoriti-vs-sutjeti-att-tala-vs-att-vara-tyst-pa-bosniska\/","name":"Govoriti vs \u0160utjeti - Att tala vs att vara tyst p\u00e5 bosniska - Talkpal","isPartOf":{"@id":"https:\/\/talkpal.ai\/sv\/#website"},"primaryImageOfPage":{"@id":"https:\/\/talkpal.ai\/sv\/vocabulary\/govoriti-vs-sutjeti-att-tala-vs-att-vara-tyst-pa-bosniska\/#primaryimage"},"image":{"@id":"https:\/\/talkpal.ai\/sv\/vocabulary\/govoriti-vs-sutjeti-att-tala-vs-att-vara-tyst-pa-bosniska\/#primaryimage"},"thumbnailUrl":"https:\/\/talkpal.ai\/wp-content\/uploads\/2025\/12\/woman-is-taking-notes-while-learning-languages.webp","datePublished":"2024-06-12T20:06:03+00:00","description":"Att l\u00e4ra sig ett nytt spr\u00e5k kan vara en utmanande men otroligt givande upplevelse. Om du har valt att l\u00e4ra dig bosniska, har du kanske redan uppt\u00e4ckt att","breadcrumb":{"@id":"https:\/\/talkpal.ai\/sv\/vocabulary\/govoriti-vs-sutjeti-att-tala-vs-att-vara-tyst-pa-bosniska\/#breadcrumb"},"inLanguage":"sv-SE","potentialAction":[{"@type":"ReadAction","target":["https:\/\/talkpal.ai\/sv\/vocabulary\/govoriti-vs-sutjeti-att-tala-vs-att-vara-tyst-pa-bosniska\/"]}]},{"@type":"ImageObject","inLanguage":"sv-SE","@id":"https:\/\/talkpal.ai\/sv\/vocabulary\/govoriti-vs-sutjeti-att-tala-vs-att-vara-tyst-pa-bosniska\/#primaryimage","url":"https:\/\/talkpal.ai\/wp-content\/uploads\/2025\/12\/woman-is-taking-notes-while-learning-languages.webp","contentUrl":"https:\/\/talkpal.ai\/wp-content\/uploads\/2025\/12\/woman-is-taking-notes-while-learning-languages.webp","width":1200,"height":896,"caption":"A woman with dark curly hair takes notes while learning languages at a cafe table."},{"@type":"BreadcrumbList","@id":"https:\/\/talkpal.ai\/sv\/vocabulary\/govoriti-vs-sutjeti-att-tala-vs-att-vara-tyst-pa-bosniska\/#breadcrumb","itemListElement":[{"@type":"ListItem","position":1,"name":"Homepage","item":"https:\/\/talkpal.ai\/sv\/"},{"@type":"ListItem","position":2,"name":"Govoriti vs \u0160utjeti &#8211; Att tala vs att vara tyst p\u00e5 bosniska"}]},{"@type":"WebSite","@id":"https:\/\/talkpal.ai\/sv\/#website","url":"https:\/\/talkpal.ai\/sv\/","name":"Talkpal","description":"AI Language Learning","publisher":{"@id":"https:\/\/talkpal.ai\/sv\/#organization"},"alternateName":"Talkpal AI","potentialAction":[{"@type":"SearchAction","target":{"@type":"EntryPoint","urlTemplate":"https:\/\/talkpal.ai\/sv\/?s={search_term_string}"},"query-input":{"@type":"PropertyValueSpecification","valueRequired":true,"valueName":"search_term_string"}}],"inLanguage":"sv-SE"},{"@type":"Organization","@id":"https:\/\/talkpal.ai\/sv\/#organization","name":"Talkpal, Inc.","alternateName":"Talkpal AI","url":"https:\/\/talkpal.ai\/sv\/","logo":{"@type":"ImageObject","inLanguage":"sv-SE","@id":"https:\/\/talkpal.ai\/sv\/#\/schema\/logo\/image\/","url":"https:\/\/talkpal.ai\/wp-content\/uploads\/2024\/03\/Talkpal-Logo-Icon.png","contentUrl":"https:\/\/talkpal.ai\/wp-content\/uploads\/2024\/03\/Talkpal-Logo-Icon.png","width":2880,"height":2880,"caption":"Talkpal, Inc."},"image":{"@id":"https:\/\/talkpal.ai\/sv\/#\/schema\/logo\/image\/"},"sameAs":["https:\/\/www.facebook.com\/profile.php?id=100090733639311","https:\/\/x.com\/talkpalai","https:\/\/www.linkedin.com\/company\/talkpal\/","https:\/\/www.youtube.com\/@TalkPal\/","https:\/\/www.tiktok.com\/@talkpal","https:\/\/www.instagram.com\/talkpal_ai\/","https:\/\/www.crunchbase.com\/organization\/talkpal-9cde","https:\/\/www.g2.com\/products\/talkpal-for-business\/","https:\/\/www.trustpilot.com\/review\/talkpal.ai","https:\/\/www.capterra.com\/p\/10006800\/TalkPal\/"],"description":"Talkpal is a language learning web and mobile education app, powered by the latest AI technologies, that provides engaging experiences to its customers in many different languages to help them improve their language skills. Users can chat about unlimited amount of topics with the app and use other modes to practice their language learning.","email":"support@talkpal.ai","legalName":"Talkpal, Inc.","foundingDate":"2023-04-03","duns":"118989042","numberOfEmployees":{"@type":"QuantitativeValue","minValue":"11","maxValue":"50"},"publishingPrinciples":"https:\/\/talkpal.ai\/publishing-principles\/","actionableFeedbackPolicy":"https:\/\/talkpal.ai\/actionable-feedback-policy\/","correctionsPolicy":"https:\/\/talkpal.ai\/corrections-policy\/","ethicsPolicy":"https:\/\/talkpal.ai\/ethics-policy\/","diversityPolicy":"https:\/\/talkpal.ai\/diversity-policy\/","diversityStaffingReport":"https:\/\/talkpal.ai\/diversity-policy\/"}]}},"_links":{"self":[{"href":"https:\/\/talkpal.ai\/sv\/wp-json\/wp\/v2\/vocabulary\/780643","targetHints":{"allow":["GET"]}}],"collection":[{"href":"https:\/\/talkpal.ai\/sv\/wp-json\/wp\/v2\/vocabulary"}],"about":[{"href":"https:\/\/talkpal.ai\/sv\/wp-json\/wp\/v2\/types\/vocabulary"}],"wp:featuredmedia":[{"embeddable":true,"href":"https:\/\/talkpal.ai\/sv\/wp-json\/wp\/v2\/media\/1528085"}],"wp:attachment":[{"href":"https:\/\/talkpal.ai\/sv\/wp-json\/wp\/v2\/media?parent=780643"}],"wp:term":[{"taxonomy":"vocabulary_language","embeddable":true,"href":"https:\/\/talkpal.ai\/sv\/wp-json\/wp\/v2\/vocabulary_language?post=780643"}],"curies":[{"name":"wp","href":"https:\/\/api.w.org\/{rel}","templated":true}]}}