{"id":718417,"date":"2024-06-08T20:55:25","date_gmt":"2024-06-08T20:55:25","guid":{"rendered":"https:\/\/talkpal.ai\/vocabulary\/fraser-for-att-uttrycka-asikter-och-tankar-pa-walesiska\/"},"modified":"2024-06-08T20:55:25","modified_gmt":"2024-06-08T20:55:25","slug":"fraser-for-att-uttrycka-asikter-och-tankar-pa-walesiska","status":"publish","type":"vocabulary","link":"https:\/\/talkpal.ai\/sv\/vocabulary\/fraser-for-att-uttrycka-asikter-och-tankar-pa-walesiska\/","title":{"rendered":"Fraser f\u00f6r att uttrycka \u00e5sikter och tankar p\u00e5 walesiska"},"content":{"rendered":"<p>Att l\u00e4ra sig uttrycka sina \u00e5sikter och tankar p\u00e5 ett nytt spr\u00e5k \u00e4r en av de mest utmanande men samtidigt mest givande aspekterna av <a href=\"https:\/\/talkpal.ai\/sv\/hur-lar-man-sig-ett-sprak-via-talkpal-chat\/\">spr\u00e5kinl\u00e4rning<\/a>. Om du <a href=\"https:\/\/talkpal.ai\/learn-welsh\/\">l\u00e4r dig walesiska<\/a> och vill kunna dela dina tankar och \u00e5sikter, \u00e4r det viktigt att bem\u00e4stra ett urval av fraser och ord som hj\u00e4lper dig att uttrycka dig p\u00e5 ett autentiskt s\u00e4tt. H\u00e4r \u00e4r en omfattande guide till fraser och ord p\u00e5 <a href=\"https:\/\/talkpal.ai\/learn-welsh\/\">walesiska<\/a> f\u00f6r att uttrycka \u00e5sikter och tankar.<\/p>\n<h2>Grundl\u00e4ggande fraser f\u00f6r att uttrycka \u00e5sikter<\/h2>\n<p><b>Rwy&#8217;n meddwl<\/b> &#8211; Jag tycker<br \/>\nDetta \u00e4r en grundl\u00e4ggande fras f\u00f6r att uttrycka en \u00e5sikt. Det kan anv\u00e4ndas i m\u00e5nga olika sammanhang.<br \/>\n<font color=\"#2D3AC7\">Rwy&#8217;n meddwl bod y g\u00e2n hon yn hyfryd.<\/font><\/p>\n<p><b>Rwy&#8217;n credu<\/b> &#8211; Jag tror<br \/>\nDenna fras anv\u00e4nds f\u00f6r att uttrycka en tro eller \u00f6vertygelse.<br \/>\n<font color=\"#2D3AC7\">Rwy&#8217;n credu bod hwn yn bwysig iawn.<\/font><\/p>\n<p><b>Yn fy marn i<\/b> &#8211; Enligt min \u00e5sikt<br \/>\nDenna fras \u00e4r anv\u00e4ndbar f\u00f6r att betona att det du s\u00e4ger \u00e4r din personliga \u00e5sikt.<br \/>\n<font color=\"#2D3AC7\">Yn fy marn i, mae&#8217;r llyfr hwn yn anhygoel.<\/font><\/p>\n<p><b>Rwy&#8217;n teimlo<\/b> &#8211; Jag k\u00e4nner<br \/>\nDetta anv\u00e4nds f\u00f6r att uttrycka en k\u00e4nsla eller emotionell \u00e5sikt.<br \/>\n<font color=\"#2D3AC7\">Rwy&#8217;n teimlo&#8217;n hapus heddiw.<\/font><\/p>\n<h2>Uttrycka enighet och oenighet<\/h2>\n<p><b>Rwy&#8217;n cytuno<\/b> &#8211; Jag h\u00e5ller med<br \/>\nAnv\u00e4nds f\u00f6r att uttrycka enighet med n\u00e5gon annans \u00e5sikt.<br \/>\n<font color=\"#2D3AC7\">Rwy&#8217;n cytuno \u00e2&#8217;r hyn rydych chi&#8217;n ei ddweud.<\/font><\/p>\n<p><b>Rwy&#8217;n anghytuno<\/b> &#8211; Jag h\u00e5ller inte med<br \/>\nAnv\u00e4nds f\u00f6r att uttrycka oenighet med n\u00e5gon annans \u00e5sikt.<br \/>\n<font color=\"#2D3AC7\">Rwy&#8217;n anghytuno \u00e2 hynny.<\/font><\/p>\n<p><b>Rwy&#8217;n cytuno&#8217;n llwyr<\/b> &#8211; Jag h\u00e5ller helt med<br \/>\nDenna fras f\u00f6rst\u00e4rker ditt samtycke och anv\u00e4nds n\u00e4r du \u00e4r helt \u00f6verens med n\u00e5gon.<br \/>\n<font color=\"#2D3AC7\">Rwy&#8217;n cytuno&#8217;n llwyr gyda chi.<\/font><\/p>\n<p><b>Rwy&#8217;n anghytuno&#8217;n gryf<\/b> &#8211; Jag h\u00e5ller starkt inte med<br \/>\nDenna fras f\u00f6rst\u00e4rker din oenighet och anv\u00e4nds n\u00e4r du \u00e4r starkt oense med n\u00e5gon.<br \/>\n<font color=\"#2D3AC7\">Rwy&#8217;n anghytuno&#8217;n gryf \u00e2&#8217;r penderfyniad hwnnw.<\/font><\/p>\n<h2>Uttrycka os\u00e4kerhet och s\u00e4kerhet<\/h2>\n<p><b>Efallai<\/b> &#8211; Kanske<br \/>\nAnv\u00e4nds f\u00f6r att uttrycka os\u00e4kerhet eller tvivel.<br \/>\n<font color=\"#2D3AC7\">Efallai y byddaf yn mynd yno yfory.<\/font><\/p>\n<p><b>Rwy&#8217;n si\u0175r<\/b> &#8211; Jag \u00e4r s\u00e4ker<br \/>\nAnv\u00e4nds f\u00f6r att uttrycka s\u00e4kerhet eller \u00f6vertygelse.<br \/>\n<font color=\"#2D3AC7\">Rwy&#8217;n si\u0175r y bydd popeth yn iawn.<\/font><\/p>\n<p><b>Rwy&#8217;n amheus<\/b> &#8211; Jag \u00e4r tveksam<br \/>\nAnv\u00e4nds f\u00f6r att uttrycka tvekan eller skepsis.<br \/>\n<font color=\"#2D3AC7\">Rwy&#8217;n amheus yngl\u0177n \u00e2 hynny.<\/font><\/p>\n<p><b>Mae&#8217;n bosib<\/b> &#8211; Det \u00e4r m\u00f6jligt<br \/>\nAnv\u00e4nds f\u00f6r att uttrycka m\u00f6jligheten av n\u00e5got.<br \/>\n<font color=\"#2D3AC7\">Mae&#8217;n bosib y bydd hi&#8217;n bwrw glaw.<\/font><\/p>\n<h2>Fr\u00e5ga efter andras \u00e5sikter<\/h2>\n<p><b>Beth rwyt ti&#8217;n feddwl?<\/b> &#8211; Vad tycker du?<br \/>\nEn enkel och direkt fras f\u00f6r att fr\u00e5ga n\u00e5gon om deras \u00e5sikt.<br \/>\n<font color=\"#2D3AC7\">Beth rwyt ti&#8217;n feddwl am y ffilm hon?<\/font><\/p>\n<p><b>Wyt ti&#8217;n cytuno?<\/b> &#8211; H\u00e5ller du med?<br \/>\nAnv\u00e4nds f\u00f6r att fr\u00e5ga n\u00e5gon om de h\u00e5ller med om n\u00e5got.<br \/>\n<font color=\"#2D3AC7\">Wyt ti&#8217;n cytuno \u00e2&#8217;r penderfyniad hwnnw?<\/font><\/p>\n<p><b>Pa farn sydd gennyt ti?<\/b> &#8211; Vilken \u00e5sikt har du?<br \/>\nEn annan fras f\u00f6r att fr\u00e5ga n\u00e5gon om deras \u00e5sikt.<br \/>\n<font color=\"#2D3AC7\">Pa farn sydd gennyt ti am y pwnc hwn?<\/font><\/p>\n<p><b>Sut wyt ti&#8217;n teimlo?<\/b> &#8211; Hur k\u00e4nner du?<br \/>\nAnv\u00e4nds f\u00f6r att fr\u00e5ga n\u00e5gon om deras k\u00e4nslor eller tankar.<br \/>\n<font color=\"#2D3AC7\">Sut wyt ti&#8217;n teimlo am y newyddion?<\/font><\/p>\n<h2>Uttrycka preferenser<\/h2>\n<p><b>Rwy&#8217;n hoffi<\/b> &#8211; Jag gillar<br \/>\nAnv\u00e4nds f\u00f6r att uttrycka vad du gillar.<br \/>\n<font color=\"#2D3AC7\">Rwy&#8217;n hoffi&#8217;r lliw hwn.<\/font><\/p>\n<p><b>Rwy&#8217;n well gen i<\/b> &#8211; Jag f\u00f6redrar<br \/>\nAnv\u00e4nds f\u00f6r att uttrycka en preferens f\u00f6r n\u00e5got \u00f6ver n\u00e5got annat.<br \/>\n<font color=\"#2D3AC7\">Rwy&#8217;n well gen i de dros goffi.<\/font><\/p>\n<p><b>Dydw i ddim yn hoffi<\/b> &#8211; Jag gillar inte<br \/>\nAnv\u00e4nds f\u00f6r att uttrycka vad du inte gillar.<br \/>\n<font color=\"#2D3AC7\">Dydw i ddim yn hoffi&#8217;r bwyd hwn.<\/font><\/p>\n<p><b>Mae&#8217;n well gen i<\/b> &#8211; Jag f\u00f6redrar<br \/>\nEn annan fras f\u00f6r att uttrycka en preferens.<br \/>\n<font color=\"#2D3AC7\">Mae&#8217;n well gen i fynd am dro.<\/font><\/p>\n<h2>Uttrycka \u00f6verraskning och f\u00f6rv\u00e5ning<\/h2>\n<p><b>Rwy&#8217;n synnu<\/b> &#8211; Jag \u00e4r f\u00f6rv\u00e5nad<br \/>\nAnv\u00e4nds f\u00f6r att uttrycka f\u00f6rv\u00e5ning eller chock.<br \/>\n<font color=\"#2D3AC7\">Rwy&#8217;n synnu bod ti yma!<\/font><\/p>\n<p><b>Mae&#8217;n anhygoel<\/b> &#8211; Det \u00e4r otroligt<br \/>\nAnv\u00e4nds f\u00f6r att uttrycka att n\u00e5got \u00e4r otroligt eller fantastiskt.<br \/>\n<font color=\"#2D3AC7\">Mae&#8217;n anhygoel pa mor gyflym yr amser yn hedfan.<\/font><\/p>\n<p><b>Yn anhygoel<\/b> &#8211; Otroligt<br \/>\nAnv\u00e4nds f\u00f6r att uttrycka en k\u00e4nsla av f\u00f6rv\u00e5ning.<br \/>\n<font color=\"#2D3AC7\">Yn anhygoel, gwelais fy ffrind hen ysgol.<\/font><\/p>\n<p><b>Rwy&#8217;n methu credu<\/b> &#8211; Jag kan inte tro<br \/>\nAnv\u00e4nds f\u00f6r att uttrycka att n\u00e5got \u00e4r sv\u00e5rt att tro.<br \/>\n<font color=\"#2D3AC7\">Rwy&#8217;n methu credu&#8217;r newyddion.<\/font><\/p>\n<h2>Uttrycka besvikelse och missn\u00f6je<\/h2>\n<p><b>Rwy&#8217;n siomedig<\/b> &#8211; Jag \u00e4r besviken<br \/>\nAnv\u00e4nds f\u00f6r att uttrycka besvikelse.<br \/>\n<font color=\"#2D3AC7\">Rwy&#8217;n siomedig yn y canlyniadau.<\/font><\/p>\n<p><b>Mae&#8217;n drueni<\/b> &#8211; Det \u00e4r synd<br \/>\nAnv\u00e4nds f\u00f6r att uttrycka sympati eller besvikelse.<br \/>\n<font color=\"#2D3AC7\">Mae&#8217;n drueni na allai ddod.<\/font><\/p>\n<p><b>Rwy&#8217;n anghysur<\/b> &#8211; Jag \u00e4r obekv\u00e4m<br \/>\nAnv\u00e4nds f\u00f6r att uttrycka obehag eller missn\u00f6je.<br \/>\n<font color=\"#2D3AC7\">Rwy&#8217;n anghysur gyda&#8217;r sefyllfa hon.<\/font><\/p>\n<p><b>Dydw i ddim yn hoffi hyn<\/b> &#8211; Jag gillar inte detta<br \/>\nAnv\u00e4nds f\u00f6r att uttrycka missn\u00f6je med n\u00e5got.<br \/>\n<font color=\"#2D3AC7\">Dydw i ddim yn hoffi hyn o gwbl.<\/font><\/p>\n<h2>Uttrycka gl\u00e4dje och entusiasm<\/h2>\n<p><b>Rwy&#8217;n hapus<\/b> &#8211; Jag \u00e4r glad<br \/>\nAnv\u00e4nds f\u00f6r att uttrycka gl\u00e4dje.<br \/>\n<font color=\"#2D3AC7\">Rwy&#8217;n hapus iawn heddiw.<\/font><\/p>\n<p><b>Mae&#8217;n wych<\/b> &#8211; Det \u00e4r fantastiskt<br \/>\nAnv\u00e4nds f\u00f6r att uttrycka att n\u00e5got \u00e4r fantastiskt eller underbart.<br \/>\n<font color=\"#2D3AC7\">Mae&#8217;n wych clywed hynny!<\/font><\/p>\n<p><b>Rwy&#8217;n gyffrous<\/b> &#8211; Jag \u00e4r exalterad<br \/>\nAnv\u00e4nds f\u00f6r att uttrycka entusiasm eller sp\u00e4nning.<br \/>\n<font color=\"#2D3AC7\">Rwy&#8217;n gyffrous am y gwyliau.<\/font><\/p>\n<p><b>Rwy&#8217;n mwynhau<\/b> &#8211; Jag njuter<br \/>\nAnv\u00e4nds f\u00f6r att uttrycka att du njuter av n\u00e5got.<br \/>\n<font color=\"#2D3AC7\">Rwy&#8217;n mwynhau&#8217;r cyngerdd.<\/font><\/p>\n<h3>Avslutande tankar<\/h3>\n<p>Att kunna uttrycka sina \u00e5sikter och tankar p\u00e5 walesiska kommer inte bara att f\u00f6rb\u00e4ttra din spr\u00e5kkunskap utan ocks\u00e5 g\u00f6ra dina samtal mer meningsfulla och autentiska. Genom att \u00f6va dessa fraser och anv\u00e4nda dem i olika sammanhang kan du bli mer sj\u00e4lvs\u00e4ker i att dela dina tankar och k\u00e4nslor p\u00e5 walesiska. Kom ih\u00e5g att \u00f6vning \u00e4r nyckeln, s\u00e5 anv\u00e4nd dessa fraser s\u00e5 ofta som m\u00f6jligt i dina dagliga samtal. Lycka till med ditt spr\u00e5kliga \u00e4ventyr!<\/p>\n","protected":false},"featured_media":1528099,"template":"","vocabulary_language":[4214],"class_list":["post-718417","vocabulary","type-vocabulary","status-publish","has-post-thumbnail","hentry","vocabulary_language-walesiska"],"acf":[],"yoast_head":"<!-- This site is optimized with the Yoast SEO Premium plugin v27.2 (Yoast SEO v27.2) - https:\/\/yoast.com\/product\/yoast-seo-premium-wordpress\/ -->\n<title>Fraser f\u00f6r att uttrycka \u00e5sikter och tankar p\u00e5 walesiska - Talkpal<\/title>\n<meta name=\"description\" content=\"Att l\u00e4ra sig uttrycka sina \u00e5sikter och tankar p\u00e5 ett nytt spr\u00e5k \u00e4r en av de mest utmanande men samtidigt mest givande aspekterna av spr\u00e5kinl\u00e4rning. Om du\" \/>\n<meta name=\"robots\" content=\"index, follow, max-snippet:-1, max-image-preview:large, max-video-preview:-1\" \/>\n<link rel=\"canonical\" href=\"https:\/\/talkpal.ai\/sv\/vocabulary\/fraser-for-att-uttrycka-asikter-och-tankar-pa-walesiska\/\" \/>\n<meta property=\"og:locale\" content=\"sv_SE\" \/>\n<meta property=\"og:type\" content=\"article\" \/>\n<meta property=\"og:title\" content=\"Fraser f\u00f6r att uttrycka \u00e5sikter och tankar p\u00e5 walesiska\" \/>\n<meta property=\"og:description\" content=\"Att l\u00e4ra sig uttrycka sina \u00e5sikter och tankar p\u00e5 ett nytt spr\u00e5k \u00e4r en av de mest utmanande men samtidigt mest givande aspekterna av spr\u00e5kinl\u00e4rning. Om du\" \/>\n<meta property=\"og:url\" content=\"https:\/\/talkpal.ai\/sv\/vocabulary\/fraser-for-att-uttrycka-asikter-och-tankar-pa-walesiska\/\" \/>\n<meta property=\"og:site_name\" content=\"Talkpal\" \/>\n<meta property=\"article:publisher\" content=\"https:\/\/www.facebook.com\/profile.php?id=100090733639311\" \/>\n<meta property=\"og:image\" content=\"https:\/\/talkpal.ai\/wp-content\/uploads\/2024\/10\/talkpal_flat_illustration_of_a_employees_working_together_happi_c674ff77-e477-4e09-835a-01d30e561e99.png\" \/>\n\t<meta property=\"og:image:width\" content=\"1024\" \/>\n\t<meta property=\"og:image:height\" content=\"1024\" \/>\n\t<meta property=\"og:image:type\" content=\"image\/png\" \/>\n<meta name=\"twitter:card\" content=\"summary_large_image\" \/>\n<meta name=\"twitter:site\" content=\"@talkpalai\" \/>\n<meta name=\"twitter:label1\" content=\"Ber\u00e4knad l\u00e4stid\" \/>\n\t<meta name=\"twitter:data1\" content=\"5 minuter\" \/>\n<script type=\"application\/ld+json\" class=\"yoast-schema-graph\">{\"@context\":\"https:\/\/schema.org\",\"@graph\":[{\"@type\":\"WebPage\",\"@id\":\"https:\/\/talkpal.ai\/sv\/vocabulary\/fraser-for-att-uttrycka-asikter-och-tankar-pa-walesiska\/\",\"url\":\"https:\/\/talkpal.ai\/sv\/vocabulary\/fraser-for-att-uttrycka-asikter-och-tankar-pa-walesiska\/\",\"name\":\"Fraser f\u00f6r att uttrycka \u00e5sikter och tankar p\u00e5 walesiska - Talkpal\",\"isPartOf\":{\"@id\":\"https:\/\/talkpal.ai\/sv\/#website\"},\"primaryImageOfPage\":{\"@id\":\"https:\/\/talkpal.ai\/sv\/vocabulary\/fraser-for-att-uttrycka-asikter-och-tankar-pa-walesiska\/#primaryimage\"},\"image\":{\"@id\":\"https:\/\/talkpal.ai\/sv\/vocabulary\/fraser-for-att-uttrycka-asikter-och-tankar-pa-walesiska\/#primaryimage\"},\"thumbnailUrl\":\"https:\/\/talkpal.ai\/wp-content\/uploads\/2025\/12\/woman-takes-notes-while-learning-languages.webp\",\"datePublished\":\"2024-06-08T20:55:25+00:00\",\"description\":\"Att l\u00e4ra sig uttrycka sina \u00e5sikter och tankar p\u00e5 ett nytt spr\u00e5k \u00e4r en av de mest utmanande men samtidigt mest givande aspekterna av spr\u00e5kinl\u00e4rning. Om du\",\"breadcrumb\":{\"@id\":\"https:\/\/talkpal.ai\/sv\/vocabulary\/fraser-for-att-uttrycka-asikter-och-tankar-pa-walesiska\/#breadcrumb\"},\"inLanguage\":\"sv-SE\",\"potentialAction\":[{\"@type\":\"ReadAction\",\"target\":[\"https:\/\/talkpal.ai\/sv\/vocabulary\/fraser-for-att-uttrycka-asikter-och-tankar-pa-walesiska\/\"]}]},{\"@type\":\"ImageObject\",\"inLanguage\":\"sv-SE\",\"@id\":\"https:\/\/talkpal.ai\/sv\/vocabulary\/fraser-for-att-uttrycka-asikter-och-tankar-pa-walesiska\/#primaryimage\",\"url\":\"https:\/\/talkpal.ai\/wp-content\/uploads\/2025\/12\/woman-takes-notes-while-learning-languages.webp\",\"contentUrl\":\"https:\/\/talkpal.ai\/wp-content\/uploads\/2025\/12\/woman-takes-notes-while-learning-languages.webp\",\"width\":1200,\"height\":896,\"caption\":\"A woman with her hair in a bun writes in a notebook while learning languages at a desk.\"},{\"@type\":\"BreadcrumbList\",\"@id\":\"https:\/\/talkpal.ai\/sv\/vocabulary\/fraser-for-att-uttrycka-asikter-och-tankar-pa-walesiska\/#breadcrumb\",\"itemListElement\":[{\"@type\":\"ListItem\",\"position\":1,\"name\":\"Homepage\",\"item\":\"https:\/\/talkpal.ai\/sv\/\"},{\"@type\":\"ListItem\",\"position\":2,\"name\":\"Fraser f\u00f6r att uttrycka \u00e5sikter och tankar p\u00e5 walesiska\"}]},{\"@type\":\"WebSite\",\"@id\":\"https:\/\/talkpal.ai\/sv\/#website\",\"url\":\"https:\/\/talkpal.ai\/sv\/\",\"name\":\"Talkpal\",\"description\":\"AI Language Learning\",\"publisher\":{\"@id\":\"https:\/\/talkpal.ai\/sv\/#organization\"},\"alternateName\":\"Talkpal AI\",\"potentialAction\":[{\"@type\":\"SearchAction\",\"target\":{\"@type\":\"EntryPoint\",\"urlTemplate\":\"https:\/\/talkpal.ai\/sv\/?s={search_term_string}\"},\"query-input\":{\"@type\":\"PropertyValueSpecification\",\"valueRequired\":true,\"valueName\":\"search_term_string\"}}],\"inLanguage\":\"sv-SE\"},{\"@type\":\"Organization\",\"@id\":\"https:\/\/talkpal.ai\/sv\/#organization\",\"name\":\"Talkpal, Inc.\",\"alternateName\":\"Talkpal AI\",\"url\":\"https:\/\/talkpal.ai\/sv\/\",\"logo\":{\"@type\":\"ImageObject\",\"inLanguage\":\"sv-SE\",\"@id\":\"https:\/\/talkpal.ai\/sv\/#\/schema\/logo\/image\/\",\"url\":\"https:\/\/talkpal.ai\/wp-content\/uploads\/2024\/03\/Talkpal-Logo-Icon.png\",\"contentUrl\":\"https:\/\/talkpal.ai\/wp-content\/uploads\/2024\/03\/Talkpal-Logo-Icon.png\",\"width\":2880,\"height\":2880,\"caption\":\"Talkpal, Inc.\"},\"image\":{\"@id\":\"https:\/\/talkpal.ai\/sv\/#\/schema\/logo\/image\/\"},\"sameAs\":[\"https:\/\/www.facebook.com\/profile.php?id=100090733639311\",\"https:\/\/x.com\/talkpalai\",\"https:\/\/www.linkedin.com\/company\/talkpal\/\",\"https:\/\/www.youtube.com\/@TalkPal\/\",\"https:\/\/www.tiktok.com\/@talkpal\",\"https:\/\/www.instagram.com\/talkpal_ai\/\",\"https:\/\/www.crunchbase.com\/organization\/talkpal-9cde\",\"https:\/\/www.g2.com\/products\/talkpal-for-business\/\",\"https:\/\/www.trustpilot.com\/review\/talkpal.ai\",\"https:\/\/www.capterra.com\/p\/10006800\/TalkPal\/\"],\"description\":\"Talkpal is a language learning web and mobile education app, powered by the latest AI technologies, that provides engaging experiences to its customers in many different languages to help them improve their language skills. Users can chat about unlimited amount of topics with the app and use other modes to practice their language learning.\",\"email\":\"support@talkpal.ai\",\"legalName\":\"Talkpal, Inc.\",\"foundingDate\":\"2023-04-03\",\"duns\":\"118989042\",\"numberOfEmployees\":{\"@type\":\"QuantitativeValue\",\"minValue\":\"11\",\"maxValue\":\"50\"},\"publishingPrinciples\":\"https:\/\/talkpal.ai\/publishing-principles\/\",\"actionableFeedbackPolicy\":\"https:\/\/talkpal.ai\/actionable-feedback-policy\/\",\"correctionsPolicy\":\"https:\/\/talkpal.ai\/corrections-policy\/\",\"ethicsPolicy\":\"https:\/\/talkpal.ai\/ethics-policy\/\",\"diversityPolicy\":\"https:\/\/talkpal.ai\/diversity-policy\/\",\"diversityStaffingReport\":\"https:\/\/talkpal.ai\/diversity-policy\/\"}]}<\/script>\n<!-- \/ Yoast SEO Premium plugin. -->","yoast_head_json":{"title":"Fraser f\u00f6r att uttrycka \u00e5sikter och tankar p\u00e5 walesiska - Talkpal","description":"Att l\u00e4ra sig uttrycka sina \u00e5sikter och tankar p\u00e5 ett nytt spr\u00e5k \u00e4r en av de mest utmanande men samtidigt mest givande aspekterna av spr\u00e5kinl\u00e4rning. Om du","robots":{"index":"index","follow":"follow","max-snippet":"max-snippet:-1","max-image-preview":"max-image-preview:large","max-video-preview":"max-video-preview:-1"},"canonical":"https:\/\/talkpal.ai\/sv\/vocabulary\/fraser-for-att-uttrycka-asikter-och-tankar-pa-walesiska\/","og_locale":"sv_SE","og_type":"article","og_title":"Fraser f\u00f6r att uttrycka \u00e5sikter och tankar p\u00e5 walesiska","og_description":"Att l\u00e4ra sig uttrycka sina \u00e5sikter och tankar p\u00e5 ett nytt spr\u00e5k \u00e4r en av de mest utmanande men samtidigt mest givande aspekterna av spr\u00e5kinl\u00e4rning. Om du","og_url":"https:\/\/talkpal.ai\/sv\/vocabulary\/fraser-for-att-uttrycka-asikter-och-tankar-pa-walesiska\/","og_site_name":"Talkpal","article_publisher":"https:\/\/www.facebook.com\/profile.php?id=100090733639311","og_image":[{"width":1024,"height":1024,"url":"https:\/\/talkpal.ai\/wp-content\/uploads\/2024\/10\/talkpal_flat_illustration_of_a_employees_working_together_happi_c674ff77-e477-4e09-835a-01d30e561e99.png","type":"image\/png"}],"twitter_card":"summary_large_image","twitter_site":"@talkpalai","twitter_misc":{"Ber\u00e4knad l\u00e4stid":"5 minuter"},"schema":{"@context":"https:\/\/schema.org","@graph":[{"@type":"WebPage","@id":"https:\/\/talkpal.ai\/sv\/vocabulary\/fraser-for-att-uttrycka-asikter-och-tankar-pa-walesiska\/","url":"https:\/\/talkpal.ai\/sv\/vocabulary\/fraser-for-att-uttrycka-asikter-och-tankar-pa-walesiska\/","name":"Fraser f\u00f6r att uttrycka \u00e5sikter och tankar p\u00e5 walesiska - Talkpal","isPartOf":{"@id":"https:\/\/talkpal.ai\/sv\/#website"},"primaryImageOfPage":{"@id":"https:\/\/talkpal.ai\/sv\/vocabulary\/fraser-for-att-uttrycka-asikter-och-tankar-pa-walesiska\/#primaryimage"},"image":{"@id":"https:\/\/talkpal.ai\/sv\/vocabulary\/fraser-for-att-uttrycka-asikter-och-tankar-pa-walesiska\/#primaryimage"},"thumbnailUrl":"https:\/\/talkpal.ai\/wp-content\/uploads\/2025\/12\/woman-takes-notes-while-learning-languages.webp","datePublished":"2024-06-08T20:55:25+00:00","description":"Att l\u00e4ra sig uttrycka sina \u00e5sikter och tankar p\u00e5 ett nytt spr\u00e5k \u00e4r en av de mest utmanande men samtidigt mest givande aspekterna av spr\u00e5kinl\u00e4rning. Om du","breadcrumb":{"@id":"https:\/\/talkpal.ai\/sv\/vocabulary\/fraser-for-att-uttrycka-asikter-och-tankar-pa-walesiska\/#breadcrumb"},"inLanguage":"sv-SE","potentialAction":[{"@type":"ReadAction","target":["https:\/\/talkpal.ai\/sv\/vocabulary\/fraser-for-att-uttrycka-asikter-och-tankar-pa-walesiska\/"]}]},{"@type":"ImageObject","inLanguage":"sv-SE","@id":"https:\/\/talkpal.ai\/sv\/vocabulary\/fraser-for-att-uttrycka-asikter-och-tankar-pa-walesiska\/#primaryimage","url":"https:\/\/talkpal.ai\/wp-content\/uploads\/2025\/12\/woman-takes-notes-while-learning-languages.webp","contentUrl":"https:\/\/talkpal.ai\/wp-content\/uploads\/2025\/12\/woman-takes-notes-while-learning-languages.webp","width":1200,"height":896,"caption":"A woman with her hair in a bun writes in a notebook while learning languages at a desk."},{"@type":"BreadcrumbList","@id":"https:\/\/talkpal.ai\/sv\/vocabulary\/fraser-for-att-uttrycka-asikter-och-tankar-pa-walesiska\/#breadcrumb","itemListElement":[{"@type":"ListItem","position":1,"name":"Homepage","item":"https:\/\/talkpal.ai\/sv\/"},{"@type":"ListItem","position":2,"name":"Fraser f\u00f6r att uttrycka \u00e5sikter och tankar p\u00e5 walesiska"}]},{"@type":"WebSite","@id":"https:\/\/talkpal.ai\/sv\/#website","url":"https:\/\/talkpal.ai\/sv\/","name":"Talkpal","description":"AI Language Learning","publisher":{"@id":"https:\/\/talkpal.ai\/sv\/#organization"},"alternateName":"Talkpal AI","potentialAction":[{"@type":"SearchAction","target":{"@type":"EntryPoint","urlTemplate":"https:\/\/talkpal.ai\/sv\/?s={search_term_string}"},"query-input":{"@type":"PropertyValueSpecification","valueRequired":true,"valueName":"search_term_string"}}],"inLanguage":"sv-SE"},{"@type":"Organization","@id":"https:\/\/talkpal.ai\/sv\/#organization","name":"Talkpal, Inc.","alternateName":"Talkpal AI","url":"https:\/\/talkpal.ai\/sv\/","logo":{"@type":"ImageObject","inLanguage":"sv-SE","@id":"https:\/\/talkpal.ai\/sv\/#\/schema\/logo\/image\/","url":"https:\/\/talkpal.ai\/wp-content\/uploads\/2024\/03\/Talkpal-Logo-Icon.png","contentUrl":"https:\/\/talkpal.ai\/wp-content\/uploads\/2024\/03\/Talkpal-Logo-Icon.png","width":2880,"height":2880,"caption":"Talkpal, Inc."},"image":{"@id":"https:\/\/talkpal.ai\/sv\/#\/schema\/logo\/image\/"},"sameAs":["https:\/\/www.facebook.com\/profile.php?id=100090733639311","https:\/\/x.com\/talkpalai","https:\/\/www.linkedin.com\/company\/talkpal\/","https:\/\/www.youtube.com\/@TalkPal\/","https:\/\/www.tiktok.com\/@talkpal","https:\/\/www.instagram.com\/talkpal_ai\/","https:\/\/www.crunchbase.com\/organization\/talkpal-9cde","https:\/\/www.g2.com\/products\/talkpal-for-business\/","https:\/\/www.trustpilot.com\/review\/talkpal.ai","https:\/\/www.capterra.com\/p\/10006800\/TalkPal\/"],"description":"Talkpal is a language learning web and mobile education app, powered by the latest AI technologies, that provides engaging experiences to its customers in many different languages to help them improve their language skills. Users can chat about unlimited amount of topics with the app and use other modes to practice their language learning.","email":"support@talkpal.ai","legalName":"Talkpal, Inc.","foundingDate":"2023-04-03","duns":"118989042","numberOfEmployees":{"@type":"QuantitativeValue","minValue":"11","maxValue":"50"},"publishingPrinciples":"https:\/\/talkpal.ai\/publishing-principles\/","actionableFeedbackPolicy":"https:\/\/talkpal.ai\/actionable-feedback-policy\/","correctionsPolicy":"https:\/\/talkpal.ai\/corrections-policy\/","ethicsPolicy":"https:\/\/talkpal.ai\/ethics-policy\/","diversityPolicy":"https:\/\/talkpal.ai\/diversity-policy\/","diversityStaffingReport":"https:\/\/talkpal.ai\/diversity-policy\/"}]}},"_links":{"self":[{"href":"https:\/\/talkpal.ai\/sv\/wp-json\/wp\/v2\/vocabulary\/718417","targetHints":{"allow":["GET"]}}],"collection":[{"href":"https:\/\/talkpal.ai\/sv\/wp-json\/wp\/v2\/vocabulary"}],"about":[{"href":"https:\/\/talkpal.ai\/sv\/wp-json\/wp\/v2\/types\/vocabulary"}],"wp:featuredmedia":[{"embeddable":true,"href":"https:\/\/talkpal.ai\/sv\/wp-json\/wp\/v2\/media\/1528099"}],"wp:attachment":[{"href":"https:\/\/talkpal.ai\/sv\/wp-json\/wp\/v2\/media?parent=718417"}],"wp:term":[{"taxonomy":"vocabulary_language","embeddable":true,"href":"https:\/\/talkpal.ai\/sv\/wp-json\/wp\/v2\/vocabulary_language?post=718417"}],"curies":[{"name":"wp","href":"https:\/\/api.w.org\/{rel}","templated":true}]}}