{"id":718029,"date":"2024-06-08T20:23:07","date_gmt":"2024-06-08T20:23:07","guid":{"rendered":"https:\/\/talkpal.ai\/vocabulary\/slovenska-fraser-for-att-uttrycka-asikter\/"},"modified":"2024-06-08T20:23:07","modified_gmt":"2024-06-08T20:23:07","slug":"slovenska-fraser-for-att-uttrycka-asikter","status":"publish","type":"vocabulary","link":"https:\/\/talkpal.ai\/sv\/vocabulary\/slovenska-fraser-for-att-uttrycka-asikter\/","title":{"rendered":"Slovenska fraser f\u00f6r att uttrycka \u00e5sikter"},"content":{"rendered":"<p>Att kunna uttrycka sina \u00e5sikter p\u00e5 ett nytt spr\u00e5k \u00e4r en viktig f\u00e4rdighet som kan f\u00f6rb\u00e4ttra din f\u00f6rm\u00e5ga att kommunicera effektivt. N\u00e4r du <a href=\"https:\/\/talkpal.ai\/learn-slovenian\/\">l\u00e4r dig slovenska<\/a> kan det vara mycket anv\u00e4ndbart att k\u00e4nna till n\u00e5gra vanliga fraser och ord som hj\u00e4lper dig att dela dina tankar och \u00e5sikter. I <a href=\"https:\/\/talkpal.ai\/culture\/how-do-i-use-den-har-and-det-har\/\">den h\u00e4r<\/a> artikeln kommer vi att utforska n\u00e5gra av de mest anv\u00e4ndbara fraserna och orden f\u00f6r att uttrycka \u00e5sikter p\u00e5 slovenska.<\/p>\n<h2>Grundl\u00e4ggande fraser f\u00f6r att uttrycka \u00e5sikter<\/h2>\n<p><b>Mislim da<\/b> &#8211; &#8221;Jag tror att&#8221;<br \/>\nDenna fras anv\u00e4nds f\u00f6r att uttrycka en personlig \u00e5sikt eller tro.<br \/>\n<font color=\"#2D3AC7\">Mislim da je ta knjiga zelo zanimiva.<\/font><\/p>\n<p><b>Po mojem mnenju<\/b> &#8211; &#8221;Enligt min \u00e5sikt&#8221;<br \/>\nAnv\u00e4nds f\u00f6r att tydligt indikera att du delar din egen \u00e5sikt.<br \/>\n<font color=\"#2D3AC7\">Po mojem mnenju je ta film najbolj\u0161i tega leta.<\/font><\/p>\n<p><b>Jaz verjamem, da<\/b> &#8211; &#8221;Jag tror att&#8221;<br \/>\nEn annan fras f\u00f6r att uttrycka en tro eller \u00f6vertygelse.<br \/>\n<font color=\"#2D3AC7\">Jaz verjamem, da bo vreme jutri lepo.<\/font><\/p>\n<p><b>Menim, da<\/b> &#8211; &#8221;Jag anser att&#8221;<br \/>\nAnv\u00e4nds f\u00f6r att uttrycka en v\u00e4lgrundad \u00e5sikt.<br \/>\n<font color=\"#2D3AC7\">Menim, da bi morali ve\u010d vlagati v <a href=\"https:\/\/talkpal.ai\/talkpal-for-education\/\">izobra\u017eevanje<\/a>.<\/font><\/p>\n<h2>Uttrycka samtycke eller oenighet<\/h2>\n<p><b>Se strinjam<\/b> &#8211; &#8221;Jag h\u00e5ller med&#8221;<br \/>\nAnv\u00e4nds f\u00f6r att uttrycka samtycke med n\u00e5gon annans \u00e5sikt.<br \/>\n<font color=\"#2D3AC7\">Se strinjam s tvojo oceno filma.<\/font><\/p>\n<p><b>Ne strinjam se<\/b> &#8211; &#8221;Jag h\u00e5ller inte med&#8221;<br \/>\nAnv\u00e4nds f\u00f6r att uttrycka oenighet med n\u00e5gon annans \u00e5sikt.<br \/>\n<font color=\"#2D3AC7\">Ne strinjam se s tvojo odlo\u010ditvijo.<\/font><\/p>\n<p><b>To je res<\/b> &#8211; &#8221;Det \u00e4r sant&#8221;<br \/>\nAnv\u00e4nds f\u00f6r att bekr\u00e4fta att n\u00e5got \u00e4r korrekt.<br \/>\n<font color=\"#2D3AC7\">To je res, danes je zelo vro\u010de.<\/font><\/p>\n<p><b>To ni res<\/b> &#8211; &#8221;Det \u00e4r inte sant&#8221;<br \/>\nAnv\u00e4nds f\u00f6r att f\u00f6rneka n\u00e5got.<br \/>\n<font color=\"#2D3AC7\">To ni res, nisem jaz rekel tega.<\/font><\/p>\n<h2>Uttrycka os\u00e4kerhet eller tvivel<\/h2>\n<p><b>Nisem prepri\u010dan<\/b> &#8211; &#8221;Jag \u00e4r inte s\u00e4ker&#8221;<br \/>\nAnv\u00e4nds f\u00f6r att uttrycka os\u00e4kerhet.<br \/>\n<font color=\"#2D3AC7\">Nisem prepri\u010dan, \u010de bo to delovalo.<\/font><\/p>\n<p><b>Dvomi<\/b> &#8211; &#8221;Jag tvivlar&#8221;<br \/>\nAnv\u00e4nds f\u00f6r att uttrycka tvivel.<br \/>\n<font color=\"#2D3AC7\">Dvomi, da bo to dobra ideja.<\/font><\/p>\n<p><b>Morda<\/b> &#8211; &#8221;Kanske&#8221;<br \/>\nAnv\u00e4nds f\u00f6r att uttrycka m\u00f6jlighet eller os\u00e4kerhet.<br \/>\n<font color=\"#2D3AC7\">Morda bi lahko poskusili druga\u010den pristop.<\/font><\/p>\n<p><b>Verjetno<\/b> &#8211; &#8221;F\u00f6rmodligen&#8221;<br \/>\nAnv\u00e4nds f\u00f6r att uttrycka n\u00e5got som \u00e4r troligt men inte s\u00e4kert.<br \/>\n<font color=\"#2D3AC7\">Verjetno bo de\u017eevalo jutri.<\/font><\/p>\n<h2>Uttrycka preferenser<\/h2>\n<p><b>Raje imam<\/b> &#8211; &#8221;Jag f\u00f6redrar&#8221;<br \/>\nAnv\u00e4nds f\u00f6r att uttrycka en preferens.<br \/>\n<font color=\"#2D3AC7\">Raje imam kavo kot \u010daj.<\/font><\/p>\n<p><b>Najraje imam<\/b> &#8211; &#8221;Jag gillar mest&#8221;<br \/>\nAnv\u00e4nds f\u00f6r att uttrycka vad du tycker mest om.<br \/>\n<font color=\"#2D3AC7\">Najraje imam \u010dokoladni sladoled.<\/font><\/p>\n<p><b>V\u0161e\u010d mi je<\/b> &#8211; &#8221;Jag gillar&#8221;<br \/>\nAnv\u00e4nds f\u00f6r att uttrycka att du gillar n\u00e5got.<br \/>\n<font color=\"#2D3AC7\">V\u0161e\u010d mi je ta pesem.<\/font><\/p>\n<p><b>Ne maram<\/b> &#8211; &#8221;Jag gillar inte&#8221;<br \/>\nAnv\u00e4nds f\u00f6r att uttrycka att du inte gillar n\u00e5got.<br \/>\n<font color=\"#2D3AC7\">Ne maram hitre hrane.<\/font><\/p>\n<h2>Starka \u00e5sikter och \u00f6vertygelser<\/h2>\n<p><b>Prepri\u010dan sem<\/b> &#8211; &#8221;Jag \u00e4r \u00f6vertygad&#8221;<br \/>\nAnv\u00e4nds f\u00f6r att uttrycka stark \u00f6vertygelse.<br \/>\n<font color=\"#2D3AC7\">Prepri\u010dan sem, da bomo uspeli.<\/font><\/p>\n<p><b>Trdno verjamem<\/b> &#8211; &#8221;Jag tror starkt&#8221;<br \/>\nAnv\u00e4nds f\u00f6r att uttrycka en stark tro eller \u00f6vertygelse.<br \/>\n<font color=\"#2D3AC7\">Trdno verjamem, da je izobra\u017eevanje klju\u010d do uspeha.<\/font><\/p>\n<p><b>Nedvomno<\/b> &#8211; &#8221;Utan tvekan&#8221;<br \/>\nAnv\u00e4nds f\u00f6r att uttrycka n\u00e5got med s\u00e4kerhet.<br \/>\n<font color=\"#2D3AC7\">Nedvomno je to najbolj\u0161a re\u0161itev.<\/font><\/p>\n<p><b>Popolnoma se strinjam<\/b> &#8211; &#8221;Jag h\u00e5ller helt med&#8221;<br \/>\nAnv\u00e4nds f\u00f6r att uttrycka fullst\u00e4ndigt samtycke.<br \/>\n<font color=\"#2D3AC7\">Popolnoma se strinjam s tem, kar si rekel.<\/font><\/p>\n<h2>H\u00f6ra andras \u00e5sikter<\/h2>\n<p><b>Kaj misli\u0161?<\/b> &#8211; &#8221;Vad tycker du?&#8221;<br \/>\nAnv\u00e4nds f\u00f6r att fr\u00e5ga n\u00e5gon om deras \u00e5sikt.<br \/>\n<font color=\"#2D3AC7\">Kaj misli\u0161 o tej ideji?<\/font><\/p>\n<p><b>Kaj meni\u0161?<\/b> &#8211; &#8221;Vad anser du?&#8221;<br \/>\nEn annan fras f\u00f6r att fr\u00e5ga om n\u00e5gon annans \u00e5sikt.<br \/>\n<font color=\"#2D3AC7\">Kaj meni\u0161 o tem filmu?<\/font><\/p>\n<p><b>Se strinja\u0161?<\/b> &#8211; &#8221;H\u00e5ller du med?&#8221;<br \/>\nAnv\u00e4nds f\u00f6r att fr\u00e5ga om n\u00e5gon h\u00e5ller med dig.<br \/>\n<font color=\"#2D3AC7\">Se strinja\u0161 z mano?<\/font><\/p>\n<p><b>Kak\u0161no je tvoje mnenje?<\/b> &#8211; &#8221;Vad \u00e4r din \u00e5sikt?&#8221;<br \/>\nAnv\u00e4nds f\u00f6r att fr\u00e5ga om n\u00e5gons \u00e5sikt p\u00e5 ett mer formellt s\u00e4tt.<br \/>\n<font color=\"#2D3AC7\">Kak\u0161no je tvoje mnenje o tej zadevi?<\/font><\/p>\n<h3>Sammanfattning<\/h3>\n<p>Att kunna uttrycka sina \u00e5sikter \u00e4r en grundl\u00e4ggande del av att beh\u00e4rska ett nytt spr\u00e5k. Genom att l\u00e4ra dig och \u00f6va dessa slovenska fraser och ord kommer du att kunna kommunicera mer effektivt och sj\u00e4lvf\u00f6rtroende. Oavsett om du h\u00e5ller med eller inte, \u00e4r s\u00e4ker eller os\u00e4ker, eller om du f\u00f6redrar n\u00e5got framf\u00f6r n\u00e5got annat, finns det en m\u00e4ngd s\u00e4tt att uttrycka dina tankar p\u00e5 slovenska. Forts\u00e4tt \u00f6va och anv\u00e4nd dessa fraser i ditt dagliga liv f\u00f6r att f\u00f6rb\u00e4ttra din spr\u00e5kliga f\u00e4rdighet!<\/p>\n","protected":false},"featured_media":1527760,"template":"","vocabulary_language":[4206],"class_list":["post-718029","vocabulary","type-vocabulary","status-publish","has-post-thumbnail","hentry","vocabulary_language-slovenska"],"acf":[],"yoast_head":"<!-- This site is optimized with the Yoast SEO Premium plugin v27.2 (Yoast SEO v27.2) - https:\/\/yoast.com\/product\/yoast-seo-premium-wordpress\/ -->\n<title>Slovenska fraser f\u00f6r att uttrycka \u00e5sikter - Talkpal<\/title>\n<meta name=\"description\" content=\"Att kunna uttrycka sina \u00e5sikter p\u00e5 ett nytt spr\u00e5k \u00e4r en viktig f\u00e4rdighet som kan f\u00f6rb\u00e4ttra din f\u00f6rm\u00e5ga att kommunicera effektivt. N\u00e4r du l\u00e4r dig slovenska\" \/>\n<meta name=\"robots\" content=\"index, follow, max-snippet:-1, max-image-preview:large, max-video-preview:-1\" \/>\n<link rel=\"canonical\" href=\"https:\/\/talkpal.ai\/sv\/vocabulary\/slovenska-fraser-for-att-uttrycka-asikter\/\" \/>\n<meta property=\"og:locale\" content=\"sv_SE\" \/>\n<meta property=\"og:type\" content=\"article\" \/>\n<meta property=\"og:title\" content=\"Slovenska fraser f\u00f6r att uttrycka \u00e5sikter\" \/>\n<meta property=\"og:description\" content=\"Att kunna uttrycka sina \u00e5sikter p\u00e5 ett nytt spr\u00e5k \u00e4r en viktig f\u00e4rdighet som kan f\u00f6rb\u00e4ttra din f\u00f6rm\u00e5ga att kommunicera effektivt. N\u00e4r du l\u00e4r dig slovenska\" \/>\n<meta property=\"og:url\" content=\"https:\/\/talkpal.ai\/sv\/vocabulary\/slovenska-fraser-for-att-uttrycka-asikter\/\" \/>\n<meta property=\"og:site_name\" content=\"Talkpal\" \/>\n<meta property=\"article:publisher\" content=\"https:\/\/www.facebook.com\/profile.php?id=100090733639311\" \/>\n<meta property=\"og:image\" content=\"https:\/\/talkpal.ai\/wp-content\/uploads\/2024\/10\/talkpal_flat_illustration_of_a_employees_working_together_happi_c674ff77-e477-4e09-835a-01d30e561e99.png\" \/>\n\t<meta property=\"og:image:width\" content=\"1024\" \/>\n\t<meta property=\"og:image:height\" content=\"1024\" \/>\n\t<meta property=\"og:image:type\" content=\"image\/png\" \/>\n<meta name=\"twitter:card\" content=\"summary_large_image\" \/>\n<meta name=\"twitter:site\" content=\"@talkpalai\" \/>\n<meta name=\"twitter:label1\" content=\"Ber\u00e4knad l\u00e4stid\" \/>\n\t<meta name=\"twitter:data1\" content=\"4 minuter\" \/>\n<script type=\"application\/ld+json\" class=\"yoast-schema-graph\">{\"@context\":\"https:\/\/schema.org\",\"@graph\":[{\"@type\":\"WebPage\",\"@id\":\"https:\/\/talkpal.ai\/sv\/vocabulary\/slovenska-fraser-for-att-uttrycka-asikter\/\",\"url\":\"https:\/\/talkpal.ai\/sv\/vocabulary\/slovenska-fraser-for-att-uttrycka-asikter\/\",\"name\":\"Slovenska fraser f\u00f6r att uttrycka \u00e5sikter - Talkpal\",\"isPartOf\":{\"@id\":\"https:\/\/talkpal.ai\/sv\/#website\"},\"primaryImageOfPage\":{\"@id\":\"https:\/\/talkpal.ai\/sv\/vocabulary\/slovenska-fraser-for-att-uttrycka-asikter\/#primaryimage\"},\"image\":{\"@id\":\"https:\/\/talkpal.ai\/sv\/vocabulary\/slovenska-fraser-for-att-uttrycka-asikter\/#primaryimage\"},\"thumbnailUrl\":\"https:\/\/talkpal.ai\/wp-content\/uploads\/2025\/12\/library-used-to-learn-languages-at-night.webp\",\"datePublished\":\"2024-06-08T20:23:07+00:00\",\"description\":\"Att kunna uttrycka sina \u00e5sikter p\u00e5 ett nytt spr\u00e5k \u00e4r en viktig f\u00e4rdighet som kan f\u00f6rb\u00e4ttra din f\u00f6rm\u00e5ga att kommunicera effektivt. N\u00e4r du l\u00e4r dig slovenska\",\"breadcrumb\":{\"@id\":\"https:\/\/talkpal.ai\/sv\/vocabulary\/slovenska-fraser-for-att-uttrycka-asikter\/#breadcrumb\"},\"inLanguage\":\"sv-SE\",\"potentialAction\":[{\"@type\":\"ReadAction\",\"target\":[\"https:\/\/talkpal.ai\/sv\/vocabulary\/slovenska-fraser-for-att-uttrycka-asikter\/\"]}]},{\"@type\":\"ImageObject\",\"inLanguage\":\"sv-SE\",\"@id\":\"https:\/\/talkpal.ai\/sv\/vocabulary\/slovenska-fraser-for-att-uttrycka-asikter\/#primaryimage\",\"url\":\"https:\/\/talkpal.ai\/wp-content\/uploads\/2025\/12\/library-used-to-learn-languages-at-night.webp\",\"contentUrl\":\"https:\/\/talkpal.ai\/wp-content\/uploads\/2025\/12\/library-used-to-learn-languages-at-night.webp\",\"width\":1200,\"height\":896,\"caption\":\"Four people sit at a table with laptops while learning languages in a dimly lit library.\"},{\"@type\":\"BreadcrumbList\",\"@id\":\"https:\/\/talkpal.ai\/sv\/vocabulary\/slovenska-fraser-for-att-uttrycka-asikter\/#breadcrumb\",\"itemListElement\":[{\"@type\":\"ListItem\",\"position\":1,\"name\":\"Homepage\",\"item\":\"https:\/\/talkpal.ai\/sv\/\"},{\"@type\":\"ListItem\",\"position\":2,\"name\":\"Slovenska fraser f\u00f6r att uttrycka \u00e5sikter\"}]},{\"@type\":\"WebSite\",\"@id\":\"https:\/\/talkpal.ai\/sv\/#website\",\"url\":\"https:\/\/talkpal.ai\/sv\/\",\"name\":\"Talkpal\",\"description\":\"AI Language Learning\",\"publisher\":{\"@id\":\"https:\/\/talkpal.ai\/sv\/#organization\"},\"alternateName\":\"Talkpal AI\",\"potentialAction\":[{\"@type\":\"SearchAction\",\"target\":{\"@type\":\"EntryPoint\",\"urlTemplate\":\"https:\/\/talkpal.ai\/sv\/?s={search_term_string}\"},\"query-input\":{\"@type\":\"PropertyValueSpecification\",\"valueRequired\":true,\"valueName\":\"search_term_string\"}}],\"inLanguage\":\"sv-SE\"},{\"@type\":\"Organization\",\"@id\":\"https:\/\/talkpal.ai\/sv\/#organization\",\"name\":\"Talkpal, Inc.\",\"alternateName\":\"Talkpal AI\",\"url\":\"https:\/\/talkpal.ai\/sv\/\",\"logo\":{\"@type\":\"ImageObject\",\"inLanguage\":\"sv-SE\",\"@id\":\"https:\/\/talkpal.ai\/sv\/#\/schema\/logo\/image\/\",\"url\":\"https:\/\/talkpal.ai\/wp-content\/uploads\/2024\/03\/Talkpal-Logo-Icon.png\",\"contentUrl\":\"https:\/\/talkpal.ai\/wp-content\/uploads\/2024\/03\/Talkpal-Logo-Icon.png\",\"width\":2880,\"height\":2880,\"caption\":\"Talkpal, Inc.\"},\"image\":{\"@id\":\"https:\/\/talkpal.ai\/sv\/#\/schema\/logo\/image\/\"},\"sameAs\":[\"https:\/\/www.facebook.com\/profile.php?id=100090733639311\",\"https:\/\/x.com\/talkpalai\",\"https:\/\/www.linkedin.com\/company\/talkpal\/\",\"https:\/\/www.youtube.com\/@TalkPal\/\",\"https:\/\/www.tiktok.com\/@talkpal\",\"https:\/\/www.instagram.com\/talkpal_ai\/\",\"https:\/\/www.crunchbase.com\/organization\/talkpal-9cde\",\"https:\/\/www.g2.com\/products\/talkpal-for-business\/\",\"https:\/\/www.trustpilot.com\/review\/talkpal.ai\",\"https:\/\/www.capterra.com\/p\/10006800\/TalkPal\/\"],\"description\":\"Talkpal is a language learning web and mobile education app, powered by the latest AI technologies, that provides engaging experiences to its customers in many different languages to help them improve their language skills. Users can chat about unlimited amount of topics with the app and use other modes to practice their language learning.\",\"email\":\"support@talkpal.ai\",\"legalName\":\"Talkpal, Inc.\",\"foundingDate\":\"2023-04-03\",\"duns\":\"118989042\",\"numberOfEmployees\":{\"@type\":\"QuantitativeValue\",\"minValue\":\"11\",\"maxValue\":\"50\"},\"publishingPrinciples\":\"https:\/\/talkpal.ai\/publishing-principles\/\",\"actionableFeedbackPolicy\":\"https:\/\/talkpal.ai\/actionable-feedback-policy\/\",\"correctionsPolicy\":\"https:\/\/talkpal.ai\/corrections-policy\/\",\"ethicsPolicy\":\"https:\/\/talkpal.ai\/ethics-policy\/\",\"diversityPolicy\":\"https:\/\/talkpal.ai\/diversity-policy\/\",\"diversityStaffingReport\":\"https:\/\/talkpal.ai\/diversity-policy\/\"}]}<\/script>\n<!-- \/ Yoast SEO Premium plugin. -->","yoast_head_json":{"title":"Slovenska fraser f\u00f6r att uttrycka \u00e5sikter - Talkpal","description":"Att kunna uttrycka sina \u00e5sikter p\u00e5 ett nytt spr\u00e5k \u00e4r en viktig f\u00e4rdighet som kan f\u00f6rb\u00e4ttra din f\u00f6rm\u00e5ga att kommunicera effektivt. N\u00e4r du l\u00e4r dig slovenska","robots":{"index":"index","follow":"follow","max-snippet":"max-snippet:-1","max-image-preview":"max-image-preview:large","max-video-preview":"max-video-preview:-1"},"canonical":"https:\/\/talkpal.ai\/sv\/vocabulary\/slovenska-fraser-for-att-uttrycka-asikter\/","og_locale":"sv_SE","og_type":"article","og_title":"Slovenska fraser f\u00f6r att uttrycka \u00e5sikter","og_description":"Att kunna uttrycka sina \u00e5sikter p\u00e5 ett nytt spr\u00e5k \u00e4r en viktig f\u00e4rdighet som kan f\u00f6rb\u00e4ttra din f\u00f6rm\u00e5ga att kommunicera effektivt. N\u00e4r du l\u00e4r dig slovenska","og_url":"https:\/\/talkpal.ai\/sv\/vocabulary\/slovenska-fraser-for-att-uttrycka-asikter\/","og_site_name":"Talkpal","article_publisher":"https:\/\/www.facebook.com\/profile.php?id=100090733639311","og_image":[{"width":1024,"height":1024,"url":"https:\/\/talkpal.ai\/wp-content\/uploads\/2024\/10\/talkpal_flat_illustration_of_a_employees_working_together_happi_c674ff77-e477-4e09-835a-01d30e561e99.png","type":"image\/png"}],"twitter_card":"summary_large_image","twitter_site":"@talkpalai","twitter_misc":{"Ber\u00e4knad l\u00e4stid":"4 minuter"},"schema":{"@context":"https:\/\/schema.org","@graph":[{"@type":"WebPage","@id":"https:\/\/talkpal.ai\/sv\/vocabulary\/slovenska-fraser-for-att-uttrycka-asikter\/","url":"https:\/\/talkpal.ai\/sv\/vocabulary\/slovenska-fraser-for-att-uttrycka-asikter\/","name":"Slovenska fraser f\u00f6r att uttrycka \u00e5sikter - Talkpal","isPartOf":{"@id":"https:\/\/talkpal.ai\/sv\/#website"},"primaryImageOfPage":{"@id":"https:\/\/talkpal.ai\/sv\/vocabulary\/slovenska-fraser-for-att-uttrycka-asikter\/#primaryimage"},"image":{"@id":"https:\/\/talkpal.ai\/sv\/vocabulary\/slovenska-fraser-for-att-uttrycka-asikter\/#primaryimage"},"thumbnailUrl":"https:\/\/talkpal.ai\/wp-content\/uploads\/2025\/12\/library-used-to-learn-languages-at-night.webp","datePublished":"2024-06-08T20:23:07+00:00","description":"Att kunna uttrycka sina \u00e5sikter p\u00e5 ett nytt spr\u00e5k \u00e4r en viktig f\u00e4rdighet som kan f\u00f6rb\u00e4ttra din f\u00f6rm\u00e5ga att kommunicera effektivt. N\u00e4r du l\u00e4r dig slovenska","breadcrumb":{"@id":"https:\/\/talkpal.ai\/sv\/vocabulary\/slovenska-fraser-for-att-uttrycka-asikter\/#breadcrumb"},"inLanguage":"sv-SE","potentialAction":[{"@type":"ReadAction","target":["https:\/\/talkpal.ai\/sv\/vocabulary\/slovenska-fraser-for-att-uttrycka-asikter\/"]}]},{"@type":"ImageObject","inLanguage":"sv-SE","@id":"https:\/\/talkpal.ai\/sv\/vocabulary\/slovenska-fraser-for-att-uttrycka-asikter\/#primaryimage","url":"https:\/\/talkpal.ai\/wp-content\/uploads\/2025\/12\/library-used-to-learn-languages-at-night.webp","contentUrl":"https:\/\/talkpal.ai\/wp-content\/uploads\/2025\/12\/library-used-to-learn-languages-at-night.webp","width":1200,"height":896,"caption":"Four people sit at a table with laptops while learning languages in a dimly lit library."},{"@type":"BreadcrumbList","@id":"https:\/\/talkpal.ai\/sv\/vocabulary\/slovenska-fraser-for-att-uttrycka-asikter\/#breadcrumb","itemListElement":[{"@type":"ListItem","position":1,"name":"Homepage","item":"https:\/\/talkpal.ai\/sv\/"},{"@type":"ListItem","position":2,"name":"Slovenska fraser f\u00f6r att uttrycka \u00e5sikter"}]},{"@type":"WebSite","@id":"https:\/\/talkpal.ai\/sv\/#website","url":"https:\/\/talkpal.ai\/sv\/","name":"Talkpal","description":"AI Language Learning","publisher":{"@id":"https:\/\/talkpal.ai\/sv\/#organization"},"alternateName":"Talkpal AI","potentialAction":[{"@type":"SearchAction","target":{"@type":"EntryPoint","urlTemplate":"https:\/\/talkpal.ai\/sv\/?s={search_term_string}"},"query-input":{"@type":"PropertyValueSpecification","valueRequired":true,"valueName":"search_term_string"}}],"inLanguage":"sv-SE"},{"@type":"Organization","@id":"https:\/\/talkpal.ai\/sv\/#organization","name":"Talkpal, Inc.","alternateName":"Talkpal AI","url":"https:\/\/talkpal.ai\/sv\/","logo":{"@type":"ImageObject","inLanguage":"sv-SE","@id":"https:\/\/talkpal.ai\/sv\/#\/schema\/logo\/image\/","url":"https:\/\/talkpal.ai\/wp-content\/uploads\/2024\/03\/Talkpal-Logo-Icon.png","contentUrl":"https:\/\/talkpal.ai\/wp-content\/uploads\/2024\/03\/Talkpal-Logo-Icon.png","width":2880,"height":2880,"caption":"Talkpal, Inc."},"image":{"@id":"https:\/\/talkpal.ai\/sv\/#\/schema\/logo\/image\/"},"sameAs":["https:\/\/www.facebook.com\/profile.php?id=100090733639311","https:\/\/x.com\/talkpalai","https:\/\/www.linkedin.com\/company\/talkpal\/","https:\/\/www.youtube.com\/@TalkPal\/","https:\/\/www.tiktok.com\/@talkpal","https:\/\/www.instagram.com\/talkpal_ai\/","https:\/\/www.crunchbase.com\/organization\/talkpal-9cde","https:\/\/www.g2.com\/products\/talkpal-for-business\/","https:\/\/www.trustpilot.com\/review\/talkpal.ai","https:\/\/www.capterra.com\/p\/10006800\/TalkPal\/"],"description":"Talkpal is a language learning web and mobile education app, powered by the latest AI technologies, that provides engaging experiences to its customers in many different languages to help them improve their language skills. Users can chat about unlimited amount of topics with the app and use other modes to practice their language learning.","email":"support@talkpal.ai","legalName":"Talkpal, Inc.","foundingDate":"2023-04-03","duns":"118989042","numberOfEmployees":{"@type":"QuantitativeValue","minValue":"11","maxValue":"50"},"publishingPrinciples":"https:\/\/talkpal.ai\/publishing-principles\/","actionableFeedbackPolicy":"https:\/\/talkpal.ai\/actionable-feedback-policy\/","correctionsPolicy":"https:\/\/talkpal.ai\/corrections-policy\/","ethicsPolicy":"https:\/\/talkpal.ai\/ethics-policy\/","diversityPolicy":"https:\/\/talkpal.ai\/diversity-policy\/","diversityStaffingReport":"https:\/\/talkpal.ai\/diversity-policy\/"}]}},"_links":{"self":[{"href":"https:\/\/talkpal.ai\/sv\/wp-json\/wp\/v2\/vocabulary\/718029","targetHints":{"allow":["GET"]}}],"collection":[{"href":"https:\/\/talkpal.ai\/sv\/wp-json\/wp\/v2\/vocabulary"}],"about":[{"href":"https:\/\/talkpal.ai\/sv\/wp-json\/wp\/v2\/types\/vocabulary"}],"wp:featuredmedia":[{"embeddable":true,"href":"https:\/\/talkpal.ai\/sv\/wp-json\/wp\/v2\/media\/1527760"}],"wp:attachment":[{"href":"https:\/\/talkpal.ai\/sv\/wp-json\/wp\/v2\/media?parent=718029"}],"wp:term":[{"taxonomy":"vocabulary_language","embeddable":true,"href":"https:\/\/talkpal.ai\/sv\/wp-json\/wp\/v2\/vocabulary_language?post=718029"}],"curies":[{"name":"wp","href":"https:\/\/api.w.org\/{rel}","templated":true}]}}