{"id":717983,"date":"2024-06-08T20:18:53","date_gmt":"2024-06-08T20:18:53","guid":{"rendered":"https:\/\/talkpal.ai\/vocabulary\/uttryck-for-tid-och-datum-pa-slovakiska\/"},"modified":"2024-06-08T20:18:53","modified_gmt":"2024-06-08T20:18:53","slug":"uttryck-for-tid-och-datum-pa-slovakiska","status":"publish","type":"vocabulary","link":"https:\/\/talkpal.ai\/sv\/vocabulary\/uttryck-for-tid-och-datum-pa-slovakiska\/","title":{"rendered":"Uttryck f\u00f6r tid och datum p\u00e5 slovakiska"},"content":{"rendered":"<p>Att l\u00e4ra sig ett nytt spr\u00e5k inneb\u00e4r ofta att f\u00f6rst\u00e5 hur man uttrycker tid och datum korrekt. <a href=\"https:\/\/talkpal.ai\/learn-slovak\/\">Slovakiska<\/a>, som \u00e4r ett v\u00e4stslaviskt spr\u00e5k, har sina egna unika s\u00e4tt att hantera detta. <a href=\"https:\/\/talkpal.ai\/culture\/how-do-i-use-den-har-and-det-har\/\">Den h\u00e4r<\/a> artikeln kommer att ge en omfattande guide till de vanligaste uttrycken f\u00f6r tid och datum p\u00e5 <a href=\"https:\/\/talkpal.ai\/learn-slovak\/\">slovakiska<\/a>, komplett med exempelmeningar. S\u00e5 l\u00e5t <a href=\"https:\/\/talkpal.ai\/locations\/language-courses-in-oss\/\">oss<\/a> dyka in i denna fascinerande aspekt av spr\u00e5ket!<\/p>\n<h2>Grundl\u00e4ggande tidsuttryck<\/h2>\n<p><b>Hodina<\/b> &#8211; timme<br \/>\n<font color=\"#2D3AC7\">M\u00e1m hodinu na pr\u00edpravu.<\/font><br \/>\nJag har en timme f\u00f6r f\u00f6rberedelser.<\/p>\n<p><b>Min\u00fata<\/b> &#8211; minut<br \/>\n<font color=\"#2D3AC7\">O p\u00e4\u0165 min\u00fat p\u00f4jdeme.<\/font><br \/>\nVi g\u00e5r om fem minuter.<\/p>\n<p><b>Sekunda<\/b> &#8211; sekund<br \/>\n<font color=\"#2D3AC7\">Po\u010dkaj sekundu!<\/font><br \/>\nV\u00e4nta en sekund!<\/p>\n<h3>Delar av dagen<\/h3>\n<p><b>R\u00e1no<\/b> &#8211; morgon<br \/>\n<font color=\"#2D3AC7\">Dobr\u00e9 r\u00e1no!<\/font><br \/>\n<a href=\"https:\/\/talkpal.ai\/culture\/what-is-the-difference-between-god-morgon-and-god-dag\/\">God morgon<\/a>!<\/p>\n<p><b>Doobedie<\/b> &#8211; f\u00f6rmiddag<br \/>\n<font color=\"#2D3AC7\">M\u00e1m sch\u00f4dzku doobeda.<\/font><br \/>\nJag har ett m\u00f6te p\u00e5 f\u00f6rmiddagen.<\/p>\n<p><b>Popoludnie<\/b> &#8211; eftermiddag<br \/>\n<font color=\"#2D3AC7\">Popoludn\u00ed p\u00f4jdeme na prech\u00e1dzku.<\/font><br \/>\nP\u00e5 eftermiddagen ska vi ta en promenad.<\/p>\n<p><b>Ve\u010der<\/b> &#8211; kv\u00e4ll<br \/>\n<font color=\"#2D3AC7\">\u010co rob\u00ed\u0161 dnes ve\u010der?<\/font><br \/>\nVad g\u00f6r du ikv\u00e4ll?<\/p>\n<p><b>Noc<\/b> &#8211; natt<br \/>\n<font color=\"#2D3AC7\">V noci som nemohol spa\u0165.<\/font><br \/>\nJag kunde inte sova p\u00e5 natten.<\/p>\n<h3>Veckodagar<\/h3>\n<p><b>Pondelok<\/b> &#8211; m\u00e5ndag<br \/>\n<font color=\"#2D3AC7\">V pondelok m\u00e1m vo\u013eno.<\/font><br \/>\nJag \u00e4r ledig p\u00e5 m\u00e5ndag.<\/p>\n<p><b>Utorok<\/b> &#8211; tisdag<br \/>\n<font color=\"#2D3AC7\">V utorok m\u00e1me stretnutie.<\/font><br \/>\nVi har ett m\u00f6te p\u00e5 tisdag.<\/p>\n<p><b>Streda<\/b> &#8211; onsdag<br \/>\n<font color=\"#2D3AC7\">Streda je uprostred t\u00fd\u017ed\u0148a.<\/font><br \/>\nOnsdag \u00e4r mitt i veckan.<\/p>\n<p><b>\u0160tvrtok<\/b> &#8211; torsdag<br \/>\n<font color=\"#2D3AC7\">\u0160tvrtok je m\u00f4j ob\u013e\u00faben\u00fd de\u0148.<\/font><br \/>\nTorsdag \u00e4r min favoritdag.<\/p>\n<p><b>Piatok<\/b> &#8211; fredag<br \/>\n<font color=\"#2D3AC7\">Piatok je de\u0148, ke\u010f sa za\u010d\u00edna v\u00edkend.<\/font><br \/>\nFredag \u00e4r dagen d\u00e5 helgen b\u00f6rjar.<\/p>\n<p><b>Sobota<\/b> &#8211; l\u00f6rdag<br \/>\n<font color=\"#2D3AC7\">Sobotu str\u00e1vime v pr\u00edrode.<\/font><br \/>\nVi kommer att tillbringa l\u00f6rdagen i naturen.<\/p>\n<p><b>Nede\u013ea<\/b> &#8211; s\u00f6ndag<br \/>\n<font color=\"#2D3AC7\">V nede\u013eu odpo\u010d\u00edvame.<\/font><br \/>\nVi vilar p\u00e5 s\u00f6ndagar.<\/p>\n<h2>Datumuttryck<\/h2>\n<p><b>D\u00e1tum<\/b> &#8211; datum<br \/>\n<font color=\"#2D3AC7\">Ak\u00fd je dne\u0161n\u00fd d\u00e1tum?<\/font><br \/>\nVad \u00e4r dagens datum?<\/p>\n<p><b>De\u0148<\/b> &#8211; dag<br \/>\n<font color=\"#2D3AC7\">Dnes je kr\u00e1sny de\u0148.<\/font><br \/>\nIdag \u00e4r en vacker dag.<\/p>\n<p><b>Mesiac<\/b> &#8211; m\u00e5nad<br \/>\n<font color=\"#2D3AC7\">M\u00e1m narodeniny bud\u00faci mesiac.<\/font><br \/>\nJag har f\u00f6delsedag n\u00e4sta m\u00e5nad.<\/p>\n<p><b>Rok<\/b> &#8211; \u00e5r<br \/>\n<font color=\"#2D3AC7\">Tento rok bol n\u00e1ro\u010dn\u00fd.<\/font><br \/>\nDet h\u00e4r \u00e5ret <a href=\"https:\/\/talkpal.ai\/culture\/when-do-i-use-har-varit-versus-var\/\">har varit<\/a> utmanande.<\/p>\n<p><b>Dnes<\/b> &#8211; idag<br \/>\n<font color=\"#2D3AC7\">Dnes je pondelok.<\/font><br \/>\nIdag \u00e4r det m\u00e5ndag.<\/p>\n<p><b>V\u010dera<\/b> &#8211; ig\u00e5r<br \/>\n<font color=\"#2D3AC7\">V\u010dera som bol v kine.<\/font><br \/>\nIg\u00e5r var jag p\u00e5 bio.<\/p>\n<p><b>Zajtra<\/b> &#8211; imorgon<br \/>\n<font color=\"#2D3AC7\">Zajtra m\u00e1m d\u00f4le\u017eit\u00e9 stretnutie.<\/font><br \/>\nImorgon har jag ett viktigt m\u00f6te.<\/p>\n<h3>M\u00e5nader<\/h3>\n<p><b>Janu\u00e1r<\/b> &#8211; januari<br \/>\n<font color=\"#2D3AC7\">Janu\u00e1r je prv\u00fd mesiac v roku.<\/font><br \/>\nJanuari \u00e4r \u00e5rets f\u00f6rsta m\u00e5nad.<\/p>\n<p><b>Febru\u00e1r<\/b> &#8211; februari<br \/>\n<font color=\"#2D3AC7\">Febru\u00e1r je najkrat\u0161\u00ed mesiac.<\/font><br \/>\nFebruari \u00e4r den kortaste m\u00e5naden.<\/p>\n<p><b>Marec<\/b> &#8211; mars<br \/>\n<font color=\"#2D3AC7\">Marec prin\u00e1\u0161a jar.<\/font><br \/>\nMars f\u00f6r med sig v\u00e5ren.<\/p>\n<p><b>Apr\u00edl<\/b> &#8211; april<br \/>\n<font color=\"#2D3AC7\">Apr\u00edl je zn\u00e1my pre svoje \u017eart\u00edky.<\/font><br \/>\nApril \u00e4r k\u00e4nd f\u00f6r sina sk\u00e4mt.<\/p>\n<p><b>M\u00e1j<\/b> &#8211; maj<br \/>\n<font color=\"#2D3AC7\">M\u00e1j je mesiac l\u00e1sky.<\/font><br \/>\nMaj \u00e4r k\u00e4rlekens m\u00e5nad.<\/p>\n<p><b>J\u00fan<\/b> &#8211; juni<br \/>\n<font color=\"#2D3AC7\">J\u00fan je za\u010diatok leta.<\/font><br \/>\nJuni \u00e4r b\u00f6rjan p\u00e5 sommaren.<\/p>\n<p><b>J\u00fal<\/b> &#8211; juli<br \/>\n<font color=\"#2D3AC7\">J\u00fal je najteplej\u0161\u00ed mesiac.<\/font><br \/>\nJuli \u00e4r den varmaste m\u00e5naden.<\/p>\n<p><b>August<\/b> &#8211; augusti<br \/>\n<font color=\"#2D3AC7\">August je \u010das dovoleniek.<\/font><br \/>\nAugusti \u00e4r semestertid.<\/p>\n<p><b>September<\/b> &#8211; september<br \/>\n<font color=\"#2D3AC7\">September znamen\u00e1 n\u00e1vrat do \u0161koly.<\/font><br \/>\nSeptember inneb\u00e4r \u00e5terg\u00e5ng till skolan.<\/p>\n<p><b>Okt\u00f3ber<\/b> &#8211; oktober<br \/>\n<font color=\"#2D3AC7\">Okt\u00f3ber prin\u00e1\u0161a jese\u0148.<\/font><br \/>\nOktober f\u00f6r med sig h\u00f6sten.<\/p>\n<p><b>November<\/b> &#8211; november<br \/>\n<font color=\"#2D3AC7\">November je mesiac v\u010fakyvzdania.<\/font><br \/>\nNovember \u00e4r tacks\u00e4gelsem\u00e5nad.<\/p>\n<p><b>December<\/b> &#8211; december<br \/>\n<font color=\"#2D3AC7\">December je mesiac Vianoc.<\/font><br \/>\nDecember \u00e4r julm\u00e5naden.<\/p>\n<h2>Uttryck f\u00f6r tid<\/h2>\n<p><b>Teraz<\/b> &#8211; nu<br \/>\n<font color=\"#2D3AC7\">Teraz je \u010das na obed.<\/font><br \/>\nNu \u00e4r det dags f\u00f6r lunch.<\/p>\n<p><b>Hne\u010f<\/b> &#8211; genast<br \/>\n<font color=\"#2D3AC7\">Hne\u010f pr\u00eddem.<\/font><br \/>\nJag kommer genast.<\/p>\n<p><b>O chv\u00ed\u013eu<\/b> &#8211; om en stund<br \/>\n<font color=\"#2D3AC7\">O chv\u00ed\u013eu sa vr\u00e1ti.<\/font><br \/>\nHan kommer tillbaka om en stund.<\/p>\n<p><b>\u010coskoro<\/b> &#8211; snart<br \/>\n<font color=\"#2D3AC7\">\u010coskoro budeme doma.<\/font><br \/>\nVi \u00e4r snart hemma.<\/p>\n<p><b>V\u010das<\/b> &#8211; i tid<br \/>\n<font color=\"#2D3AC7\">Pri\u0161iel som v\u010das.<\/font><br \/>\nJag kom i tid.<\/p>\n<p><b>Neskoro<\/b> &#8211; sent<br \/>\n<font color=\"#2D3AC7\">Pri\u0161li sme neskoro.<\/font><br \/>\nVi kom sent.<\/p>\n<p><b>V\u017edy<\/b> &#8211; alltid<br \/>\n<font color=\"#2D3AC7\">V\u017edy prich\u00e1dza na\u010das.<\/font><br \/>\nHan kommer alltid i tid.<\/p>\n<p><b>Ob\u010das<\/b> &#8211; ibland<br \/>\n<font color=\"#2D3AC7\">Ob\u010das chod\u00edm na prech\u00e1dzku.<\/font><br \/>\nJag tar ibland promenader.<\/p>\n<p><b>\u010casto<\/b> &#8211; ofta<br \/>\n<font color=\"#2D3AC7\">\u010casto nav\u0161tevujem rodinu.<\/font><br \/>\nJag bes\u00f6ker ofta min familj.<\/p>\n<p><b>Zriedka<\/b> &#8211; s\u00e4llan<br \/>\n<font color=\"#2D3AC7\">Zriedka pozer\u00e1m telev\u00edziu.<\/font><br \/>\nJag tittar s\u00e4llan p\u00e5 TV.<\/p>\n<p><b>Nikdy<\/b> &#8211; aldrig<br \/>\n<font color=\"#2D3AC7\">Nikdy neme\u0161k\u00e1.<\/font><br \/>\nHan \u00e4r aldrig sen.<\/p>\n<h2>Specifika datumuttryck<\/h2>\n<p><b>Dnes r\u00e1no<\/b> &#8211; i morse<br \/>\n<font color=\"#2D3AC7\">Dnes r\u00e1no som zaspal.<\/font><br \/>\nJag f\u00f6rsov mig i morse.<\/p>\n<p><b>V\u010dera ve\u010der<\/b> &#8211; ig\u00e5r kv\u00e4ll<br \/>\n<font color=\"#2D3AC7\">V\u010dera ve\u010der som pozeral film.<\/font><br \/>\nJag s\u00e5g en film ig\u00e5r kv\u00e4ll.<\/p>\n<p><b>Zajtra r\u00e1no<\/b> &#8211; imorgon bitti<br \/>\n<font color=\"#2D3AC7\">Zajtra r\u00e1no odch\u00e1dzam.<\/font><br \/>\nJag \u00e5ker imorgon bitti.<\/p>\n<p><b>Predv\u010derom<\/b> &#8211; i f\u00f6rrg\u00e5r<br \/>\n<font color=\"#2D3AC7\">Predv\u010derom sme boli na v\u00fdlete.<\/font><br \/>\nVi var p\u00e5 utflykt i f\u00f6rrg\u00e5r.<\/p>\n<p><b>Pozajtra<\/b> &#8211; i \u00f6vermorgon<br \/>\n<font color=\"#2D3AC7\">Pozajtra m\u00e1me oslavu.<\/font><br \/>\nVi har en fest i \u00f6vermorgon.<\/p>\n<p><b>Bud\u00faci t\u00fd\u017ede\u0148<\/b> &#8211; n\u00e4sta vecka<br \/>\n<font color=\"#2D3AC7\">Bud\u00faci t\u00fd\u017ede\u0148 ideme na dovolenku.<\/font><br \/>\nVi \u00e5ker p\u00e5 semester n\u00e4sta vecka.<\/p>\n<p><b>Minul\u00fd t\u00fd\u017ede\u0148<\/b> &#8211; f\u00f6rra veckan<br \/>\n<font color=\"#2D3AC7\">Minul\u00fd t\u00fd\u017ede\u0148 som bol chor\u00fd.<\/font><br \/>\nJag var sjuk f\u00f6rra veckan.<\/p>\n<p><b>Bud\u00faci mesiac<\/b> &#8211; n\u00e4sta m\u00e5nad<br \/>\n<font color=\"#2D3AC7\">Bud\u00faci mesiac m\u00e1me svadbu.<\/font><br \/>\nVi har ett br\u00f6llop n\u00e4sta m\u00e5nad.<\/p>\n<p><b>Minul\u00fd mesiac<\/b> &#8211; f\u00f6rra m\u00e5naden<br \/>\n<font color=\"#2D3AC7\">Minul\u00fd mesiac som za\u010dal nov\u00fd kurz.<\/font><br \/>\nJag b\u00f6rjade en <a href=\"https:\/\/talkpal.ai\/talkpal-new-years-discount\/\">ny<\/a> <a href=\"https:\/\/talkpal.ai\/courses\/\">kurs<\/a> f\u00f6rra m\u00e5naden.<\/p>\n<p><b>Bud\u00faci rok<\/b> &#8211; n\u00e4sta \u00e5r<br \/>\n<font color=\"#2D3AC7\">Bud\u00faci rok budeme cestova\u0165.<\/font><br \/>\nVi kommer att resa n\u00e4sta \u00e5r.<\/p>\n<p><b>Minul\u00fd rok<\/b> &#8211; f\u00f6rra \u00e5ret<br \/>\n<font color=\"#2D3AC7\">Minul\u00fd rok bol ve\u013emi \u00faspe\u0161n\u00fd.<\/font><br \/>\nF\u00f6rra \u00e5ret var mycket framg\u00e5ngsrikt.<\/p>\n<h2>S\u00e4rskilda h\u00f6gtider och datum<\/h2>\n<p><b>Vianoce<\/b> &#8211; <a href=\"https:\/\/talkpal.ai\/talkpal-christmas-discount\/\">jul<\/a><br \/>\n<font color=\"#2D3AC7\"><a href=\"https:\/\/talkpal.ai\/talkpal-christmas-discount\/\">Vianoce<\/a> s\u00fa \u010das rodiny.<\/font><br \/>\nJulen \u00e4r familjens tid.<\/p>\n<p><b>Nov\u00fd rok<\/b> &#8211; ny\u00e5r<br \/>\n<font color=\"#2D3AC7\">Oslavujeme Nov\u00fd rok.<\/font><br \/>\nVi firar ny\u00e5r.<\/p>\n<p><b>Ve\u013ek\u00e1 noc<\/b> &#8211; p\u00e5sk<br \/>\n<font color=\"#2D3AC7\">Ve\u013ek\u00e1 noc je pohybliv\u00fd sviatok.<\/font><br \/>\nP\u00e5sken \u00e4r en r\u00f6rlig h\u00f6gtid.<\/p>\n<p><b>Sviatok pr\u00e1ce<\/b> &#8211; arbetarnas dag<br \/>\n<font color=\"#2D3AC7\">Sviatok pr\u00e1ce je 1. m\u00e1ja.<\/font><br \/>\nArbetarnas dag \u00e4r den 1 maj.<\/p>\n<p><b>De\u0148 \u00fastavy<\/b> &#8211; konstitutionsdagen<br \/>\n<font color=\"#2D3AC7\">De\u0148 \u00fastavy oslavujeme 1. septembra.<\/font><br \/>\nKonstitutionsdagen firar vi den 1 september.<\/p>\n<p><b>\u0160tedr\u00fd de\u0148<\/b> &#8211; julafton<br \/>\n<font color=\"#2D3AC7\">\u0160tedr\u00fd de\u0148 je 24. decembra.<\/font><br \/>\nJulafton \u00e4r den 24 december.<\/p>\n<h2>Vanliga fraser f\u00f6r att fr\u00e5ga om tid och datum<\/h2>\n<p><b>Ko\u013eko je hod\u00edn?<\/b> &#8211; Vad \u00e4r klockan?<br \/>\n<font color=\"#2D3AC7\">Ko\u013eko je hod\u00edn?<\/font><\/p>\n<p><b>Ak\u00fd je dnes de\u0148?<\/b> &#8211; Vilken dag \u00e4r det idag?<br \/>\n<font color=\"#2D3AC7\">Ak\u00fd je dnes de\u0148?<\/font><\/p>\n<p><b>Kedy m\u00e1\u0161 narodeniny?<\/b> &#8211; N\u00e4r har du f\u00f6delsedag?<br \/>\n<font color=\"#2D3AC7\">Kedy m\u00e1\u0161 narodeniny?<\/font><\/p>\n<p><b>Kedy je sch\u00f4dzka?<\/b> &#8211; N\u00e4r \u00e4r m\u00f6tet?<br \/>\n<font color=\"#2D3AC7\">Kedy je sch\u00f4dzka?<\/font><\/p>\n<p><b>V ktor\u00fd de\u0148 pr\u00eddete?<\/b> &#8211; Vilken dag kommer ni?<br \/>\n<font color=\"#2D3AC7\">V ktor\u00fd de\u0148 pr\u00eddete?<\/font><\/p>\n<p>Att l\u00e4ra sig dessa uttryck och fraser kommer att hj\u00e4lpa dig att kommunicera mer effektivt p\u00e5 slovakiska n\u00e4r det g\u00e4ller tid och datum. \u00d6va regelbundet och anv\u00e4nd dem i dina dagliga samtal f\u00f6r att bli mer flytande. Lycka till med din spr\u00e5kinl\u00e4rning!<\/p>\n","protected":false},"featured_media":1529912,"template":"","vocabulary_language":[4205],"class_list":["post-717983","vocabulary","type-vocabulary","status-publish","has-post-thumbnail","hentry","vocabulary_language-slovakiska"],"acf":[],"yoast_head":"<!-- This site is optimized with the Yoast SEO Premium plugin v27.2 (Yoast SEO v27.2) - https:\/\/yoast.com\/product\/yoast-seo-premium-wordpress\/ -->\n<title>Uttryck f\u00f6r tid och datum p\u00e5 slovakiska - Talkpal<\/title>\n<meta name=\"description\" content=\"Att l\u00e4ra sig ett nytt spr\u00e5k inneb\u00e4r ofta att f\u00f6rst\u00e5 hur man uttrycker tid och datum korrekt. Slovakiska, som \u00e4r ett v\u00e4stslaviskt spr\u00e5k, har sina egna\" \/>\n<meta name=\"robots\" content=\"index, follow, max-snippet:-1, max-image-preview:large, max-video-preview:-1\" \/>\n<link rel=\"canonical\" href=\"https:\/\/talkpal.ai\/sv\/vocabulary\/uttryck-for-tid-och-datum-pa-slovakiska\/\" \/>\n<meta property=\"og:locale\" content=\"sv_SE\" \/>\n<meta property=\"og:type\" content=\"article\" \/>\n<meta property=\"og:title\" content=\"Uttryck f\u00f6r tid och datum p\u00e5 slovakiska\" \/>\n<meta property=\"og:description\" content=\"Att l\u00e4ra sig ett nytt spr\u00e5k inneb\u00e4r ofta att f\u00f6rst\u00e5 hur man uttrycker tid och datum korrekt. Slovakiska, som \u00e4r ett v\u00e4stslaviskt spr\u00e5k, har sina egna\" \/>\n<meta property=\"og:url\" content=\"https:\/\/talkpal.ai\/sv\/vocabulary\/uttryck-for-tid-och-datum-pa-slovakiska\/\" \/>\n<meta property=\"og:site_name\" content=\"Talkpal\" \/>\n<meta property=\"article:publisher\" content=\"https:\/\/www.facebook.com\/profile.php?id=100090733639311\" \/>\n<meta property=\"og:image\" content=\"https:\/\/talkpal.ai\/wp-content\/uploads\/2024\/10\/talkpal_flat_illustration_of_a_employees_working_together_happi_c674ff77-e477-4e09-835a-01d30e561e99.png\" \/>\n\t<meta property=\"og:image:width\" content=\"1024\" \/>\n\t<meta property=\"og:image:height\" content=\"1024\" \/>\n\t<meta property=\"og:image:type\" content=\"image\/png\" \/>\n<meta name=\"twitter:card\" content=\"summary_large_image\" \/>\n<meta name=\"twitter:site\" content=\"@talkpalai\" \/>\n<meta name=\"twitter:label1\" content=\"Ber\u00e4knad l\u00e4stid\" \/>\n\t<meta name=\"twitter:data1\" content=\"6 minuter\" \/>\n<script type=\"application\/ld+json\" class=\"yoast-schema-graph\">{\"@context\":\"https:\/\/schema.org\",\"@graph\":[{\"@type\":\"WebPage\",\"@id\":\"https:\/\/talkpal.ai\/sv\/vocabulary\/uttryck-for-tid-och-datum-pa-slovakiska\/\",\"url\":\"https:\/\/talkpal.ai\/sv\/vocabulary\/uttryck-for-tid-och-datum-pa-slovakiska\/\",\"name\":\"Uttryck f\u00f6r tid och datum p\u00e5 slovakiska - Talkpal\",\"isPartOf\":{\"@id\":\"https:\/\/talkpal.ai\/sv\/#website\"},\"primaryImageOfPage\":{\"@id\":\"https:\/\/talkpal.ai\/sv\/vocabulary\/uttryck-for-tid-och-datum-pa-slovakiska\/#primaryimage\"},\"image\":{\"@id\":\"https:\/\/talkpal.ai\/sv\/vocabulary\/uttryck-for-tid-och-datum-pa-slovakiska\/#primaryimage\"},\"thumbnailUrl\":\"https:\/\/talkpal.ai\/wp-content\/uploads\/2025\/12\/textbook-is-read-to-learn-languages.webp\",\"datePublished\":\"2024-06-08T20:18:53+00:00\",\"description\":\"Att l\u00e4ra sig ett nytt spr\u00e5k inneb\u00e4r ofta att f\u00f6rst\u00e5 hur man uttrycker tid och datum korrekt. Slovakiska, som \u00e4r ett v\u00e4stslaviskt spr\u00e5k, har sina egna\",\"breadcrumb\":{\"@id\":\"https:\/\/talkpal.ai\/sv\/vocabulary\/uttryck-for-tid-och-datum-pa-slovakiska\/#breadcrumb\"},\"inLanguage\":\"sv-SE\",\"potentialAction\":[{\"@type\":\"ReadAction\",\"target\":[\"https:\/\/talkpal.ai\/sv\/vocabulary\/uttryck-for-tid-och-datum-pa-slovakiska\/\"]}]},{\"@type\":\"ImageObject\",\"inLanguage\":\"sv-SE\",\"@id\":\"https:\/\/talkpal.ai\/sv\/vocabulary\/uttryck-for-tid-och-datum-pa-slovakiska\/#primaryimage\",\"url\":\"https:\/\/talkpal.ai\/wp-content\/uploads\/2025\/12\/textbook-is-read-to-learn-languages.webp\",\"contentUrl\":\"https:\/\/talkpal.ai\/wp-content\/uploads\/2025\/12\/textbook-is-read-to-learn-languages.webp\",\"width\":1200,\"height\":896,\"caption\":\"A focused woman sits at a cafe table and takes notes in a workbook for learning languages during the day.\"},{\"@type\":\"BreadcrumbList\",\"@id\":\"https:\/\/talkpal.ai\/sv\/vocabulary\/uttryck-for-tid-och-datum-pa-slovakiska\/#breadcrumb\",\"itemListElement\":[{\"@type\":\"ListItem\",\"position\":1,\"name\":\"Homepage\",\"item\":\"https:\/\/talkpal.ai\/sv\/\"},{\"@type\":\"ListItem\",\"position\":2,\"name\":\"Uttryck f\u00f6r tid och datum p\u00e5 slovakiska\"}]},{\"@type\":\"WebSite\",\"@id\":\"https:\/\/talkpal.ai\/sv\/#website\",\"url\":\"https:\/\/talkpal.ai\/sv\/\",\"name\":\"Talkpal\",\"description\":\"AI Language Learning\",\"publisher\":{\"@id\":\"https:\/\/talkpal.ai\/sv\/#organization\"},\"alternateName\":\"Talkpal AI\",\"potentialAction\":[{\"@type\":\"SearchAction\",\"target\":{\"@type\":\"EntryPoint\",\"urlTemplate\":\"https:\/\/talkpal.ai\/sv\/?s={search_term_string}\"},\"query-input\":{\"@type\":\"PropertyValueSpecification\",\"valueRequired\":true,\"valueName\":\"search_term_string\"}}],\"inLanguage\":\"sv-SE\"},{\"@type\":\"Organization\",\"@id\":\"https:\/\/talkpal.ai\/sv\/#organization\",\"name\":\"Talkpal, Inc.\",\"alternateName\":\"Talkpal AI\",\"url\":\"https:\/\/talkpal.ai\/sv\/\",\"logo\":{\"@type\":\"ImageObject\",\"inLanguage\":\"sv-SE\",\"@id\":\"https:\/\/talkpal.ai\/sv\/#\/schema\/logo\/image\/\",\"url\":\"https:\/\/talkpal.ai\/wp-content\/uploads\/2024\/03\/Talkpal-Logo-Icon.png\",\"contentUrl\":\"https:\/\/talkpal.ai\/wp-content\/uploads\/2024\/03\/Talkpal-Logo-Icon.png\",\"width\":2880,\"height\":2880,\"caption\":\"Talkpal, Inc.\"},\"image\":{\"@id\":\"https:\/\/talkpal.ai\/sv\/#\/schema\/logo\/image\/\"},\"sameAs\":[\"https:\/\/www.facebook.com\/profile.php?id=100090733639311\",\"https:\/\/x.com\/talkpalai\",\"https:\/\/www.linkedin.com\/company\/talkpal\/\",\"https:\/\/www.youtube.com\/@TalkPal\/\",\"https:\/\/www.tiktok.com\/@talkpal\",\"https:\/\/www.instagram.com\/talkpal_ai\/\",\"https:\/\/www.crunchbase.com\/organization\/talkpal-9cde\",\"https:\/\/www.g2.com\/products\/talkpal-for-business\/\",\"https:\/\/www.trustpilot.com\/review\/talkpal.ai\",\"https:\/\/www.capterra.com\/p\/10006800\/TalkPal\/\"],\"description\":\"Talkpal is a language learning web and mobile education app, powered by the latest AI technologies, that provides engaging experiences to its customers in many different languages to help them improve their language skills. Users can chat about unlimited amount of topics with the app and use other modes to practice their language learning.\",\"email\":\"support@talkpal.ai\",\"legalName\":\"Talkpal, Inc.\",\"foundingDate\":\"2023-04-03\",\"duns\":\"118989042\",\"numberOfEmployees\":{\"@type\":\"QuantitativeValue\",\"minValue\":\"11\",\"maxValue\":\"50\"},\"publishingPrinciples\":\"https:\/\/talkpal.ai\/publishing-principles\/\",\"actionableFeedbackPolicy\":\"https:\/\/talkpal.ai\/actionable-feedback-policy\/\",\"correctionsPolicy\":\"https:\/\/talkpal.ai\/corrections-policy\/\",\"ethicsPolicy\":\"https:\/\/talkpal.ai\/ethics-policy\/\",\"diversityPolicy\":\"https:\/\/talkpal.ai\/diversity-policy\/\",\"diversityStaffingReport\":\"https:\/\/talkpal.ai\/diversity-policy\/\"}]}<\/script>\n<!-- \/ Yoast SEO Premium plugin. -->","yoast_head_json":{"title":"Uttryck f\u00f6r tid och datum p\u00e5 slovakiska - Talkpal","description":"Att l\u00e4ra sig ett nytt spr\u00e5k inneb\u00e4r ofta att f\u00f6rst\u00e5 hur man uttrycker tid och datum korrekt. Slovakiska, som \u00e4r ett v\u00e4stslaviskt spr\u00e5k, har sina egna","robots":{"index":"index","follow":"follow","max-snippet":"max-snippet:-1","max-image-preview":"max-image-preview:large","max-video-preview":"max-video-preview:-1"},"canonical":"https:\/\/talkpal.ai\/sv\/vocabulary\/uttryck-for-tid-och-datum-pa-slovakiska\/","og_locale":"sv_SE","og_type":"article","og_title":"Uttryck f\u00f6r tid och datum p\u00e5 slovakiska","og_description":"Att l\u00e4ra sig ett nytt spr\u00e5k inneb\u00e4r ofta att f\u00f6rst\u00e5 hur man uttrycker tid och datum korrekt. Slovakiska, som \u00e4r ett v\u00e4stslaviskt spr\u00e5k, har sina egna","og_url":"https:\/\/talkpal.ai\/sv\/vocabulary\/uttryck-for-tid-och-datum-pa-slovakiska\/","og_site_name":"Talkpal","article_publisher":"https:\/\/www.facebook.com\/profile.php?id=100090733639311","og_image":[{"width":1024,"height":1024,"url":"https:\/\/talkpal.ai\/wp-content\/uploads\/2024\/10\/talkpal_flat_illustration_of_a_employees_working_together_happi_c674ff77-e477-4e09-835a-01d30e561e99.png","type":"image\/png"}],"twitter_card":"summary_large_image","twitter_site":"@talkpalai","twitter_misc":{"Ber\u00e4knad l\u00e4stid":"6 minuter"},"schema":{"@context":"https:\/\/schema.org","@graph":[{"@type":"WebPage","@id":"https:\/\/talkpal.ai\/sv\/vocabulary\/uttryck-for-tid-och-datum-pa-slovakiska\/","url":"https:\/\/talkpal.ai\/sv\/vocabulary\/uttryck-for-tid-och-datum-pa-slovakiska\/","name":"Uttryck f\u00f6r tid och datum p\u00e5 slovakiska - Talkpal","isPartOf":{"@id":"https:\/\/talkpal.ai\/sv\/#website"},"primaryImageOfPage":{"@id":"https:\/\/talkpal.ai\/sv\/vocabulary\/uttryck-for-tid-och-datum-pa-slovakiska\/#primaryimage"},"image":{"@id":"https:\/\/talkpal.ai\/sv\/vocabulary\/uttryck-for-tid-och-datum-pa-slovakiska\/#primaryimage"},"thumbnailUrl":"https:\/\/talkpal.ai\/wp-content\/uploads\/2025\/12\/textbook-is-read-to-learn-languages.webp","datePublished":"2024-06-08T20:18:53+00:00","description":"Att l\u00e4ra sig ett nytt spr\u00e5k inneb\u00e4r ofta att f\u00f6rst\u00e5 hur man uttrycker tid och datum korrekt. Slovakiska, som \u00e4r ett v\u00e4stslaviskt spr\u00e5k, har sina egna","breadcrumb":{"@id":"https:\/\/talkpal.ai\/sv\/vocabulary\/uttryck-for-tid-och-datum-pa-slovakiska\/#breadcrumb"},"inLanguage":"sv-SE","potentialAction":[{"@type":"ReadAction","target":["https:\/\/talkpal.ai\/sv\/vocabulary\/uttryck-for-tid-och-datum-pa-slovakiska\/"]}]},{"@type":"ImageObject","inLanguage":"sv-SE","@id":"https:\/\/talkpal.ai\/sv\/vocabulary\/uttryck-for-tid-och-datum-pa-slovakiska\/#primaryimage","url":"https:\/\/talkpal.ai\/wp-content\/uploads\/2025\/12\/textbook-is-read-to-learn-languages.webp","contentUrl":"https:\/\/talkpal.ai\/wp-content\/uploads\/2025\/12\/textbook-is-read-to-learn-languages.webp","width":1200,"height":896,"caption":"A focused woman sits at a cafe table and takes notes in a workbook for learning languages during the day."},{"@type":"BreadcrumbList","@id":"https:\/\/talkpal.ai\/sv\/vocabulary\/uttryck-for-tid-och-datum-pa-slovakiska\/#breadcrumb","itemListElement":[{"@type":"ListItem","position":1,"name":"Homepage","item":"https:\/\/talkpal.ai\/sv\/"},{"@type":"ListItem","position":2,"name":"Uttryck f\u00f6r tid och datum p\u00e5 slovakiska"}]},{"@type":"WebSite","@id":"https:\/\/talkpal.ai\/sv\/#website","url":"https:\/\/talkpal.ai\/sv\/","name":"Talkpal","description":"AI Language Learning","publisher":{"@id":"https:\/\/talkpal.ai\/sv\/#organization"},"alternateName":"Talkpal AI","potentialAction":[{"@type":"SearchAction","target":{"@type":"EntryPoint","urlTemplate":"https:\/\/talkpal.ai\/sv\/?s={search_term_string}"},"query-input":{"@type":"PropertyValueSpecification","valueRequired":true,"valueName":"search_term_string"}}],"inLanguage":"sv-SE"},{"@type":"Organization","@id":"https:\/\/talkpal.ai\/sv\/#organization","name":"Talkpal, Inc.","alternateName":"Talkpal AI","url":"https:\/\/talkpal.ai\/sv\/","logo":{"@type":"ImageObject","inLanguage":"sv-SE","@id":"https:\/\/talkpal.ai\/sv\/#\/schema\/logo\/image\/","url":"https:\/\/talkpal.ai\/wp-content\/uploads\/2024\/03\/Talkpal-Logo-Icon.png","contentUrl":"https:\/\/talkpal.ai\/wp-content\/uploads\/2024\/03\/Talkpal-Logo-Icon.png","width":2880,"height":2880,"caption":"Talkpal, Inc."},"image":{"@id":"https:\/\/talkpal.ai\/sv\/#\/schema\/logo\/image\/"},"sameAs":["https:\/\/www.facebook.com\/profile.php?id=100090733639311","https:\/\/x.com\/talkpalai","https:\/\/www.linkedin.com\/company\/talkpal\/","https:\/\/www.youtube.com\/@TalkPal\/","https:\/\/www.tiktok.com\/@talkpal","https:\/\/www.instagram.com\/talkpal_ai\/","https:\/\/www.crunchbase.com\/organization\/talkpal-9cde","https:\/\/www.g2.com\/products\/talkpal-for-business\/","https:\/\/www.trustpilot.com\/review\/talkpal.ai","https:\/\/www.capterra.com\/p\/10006800\/TalkPal\/"],"description":"Talkpal is a language learning web and mobile education app, powered by the latest AI technologies, that provides engaging experiences to its customers in many different languages to help them improve their language skills. Users can chat about unlimited amount of topics with the app and use other modes to practice their language learning.","email":"support@talkpal.ai","legalName":"Talkpal, Inc.","foundingDate":"2023-04-03","duns":"118989042","numberOfEmployees":{"@type":"QuantitativeValue","minValue":"11","maxValue":"50"},"publishingPrinciples":"https:\/\/talkpal.ai\/publishing-principles\/","actionableFeedbackPolicy":"https:\/\/talkpal.ai\/actionable-feedback-policy\/","correctionsPolicy":"https:\/\/talkpal.ai\/corrections-policy\/","ethicsPolicy":"https:\/\/talkpal.ai\/ethics-policy\/","diversityPolicy":"https:\/\/talkpal.ai\/diversity-policy\/","diversityStaffingReport":"https:\/\/talkpal.ai\/diversity-policy\/"}]}},"_links":{"self":[{"href":"https:\/\/talkpal.ai\/sv\/wp-json\/wp\/v2\/vocabulary\/717983","targetHints":{"allow":["GET"]}}],"collection":[{"href":"https:\/\/talkpal.ai\/sv\/wp-json\/wp\/v2\/vocabulary"}],"about":[{"href":"https:\/\/talkpal.ai\/sv\/wp-json\/wp\/v2\/types\/vocabulary"}],"wp:featuredmedia":[{"embeddable":true,"href":"https:\/\/talkpal.ai\/sv\/wp-json\/wp\/v2\/media\/1529912"}],"wp:attachment":[{"href":"https:\/\/talkpal.ai\/sv\/wp-json\/wp\/v2\/media?parent=717983"}],"wp:term":[{"taxonomy":"vocabulary_language","embeddable":true,"href":"https:\/\/talkpal.ai\/sv\/wp-json\/wp\/v2\/vocabulary_language?post=717983"}],"curies":[{"name":"wp","href":"https:\/\/api.w.org\/{rel}","templated":true}]}}