{"id":717975,"date":"2024-06-08T20:18:32","date_gmt":"2024-06-08T20:18:32","guid":{"rendered":"https:\/\/talkpal.ai\/vocabulary\/ordforrad-for-personlig-vard-och-hygien-i-slovakiska\/"},"modified":"2024-06-08T20:18:32","modified_gmt":"2024-06-08T20:18:32","slug":"ordforrad-for-personlig-vard-och-hygien-i-slovakiska","status":"publish","type":"vocabulary","link":"https:\/\/talkpal.ai\/sv\/vocabulary\/ordforrad-for-personlig-vard-och-hygien-i-slovakiska\/","title":{"rendered":"Ordf\u00f6rr\u00e5d f\u00f6r personlig v\u00e5rd och hygien i slovakiska"},"content":{"rendered":"<p>Att l\u00e4ra sig ett nytt spr\u00e5k inneb\u00e4r ofta att bem\u00e4stra b\u00e5de grundl\u00e4ggande och specifika ordf\u00f6rr\u00e5d. Personlig v\u00e5rd och hygien \u00e4r en viktig del av vardagen, och att kunna kommunicera om dessa \u00e4mnen p\u00e5 ett nytt spr\u00e5k \u00e4r avg\u00f6rande. H\u00e4r \u00e4r en omfattande guide till n\u00e5gra av de vanligaste orden och fraserna relaterade till personlig v\u00e5rd och hygien p\u00e5 <a href=\"https:\/\/talkpal.ai\/learn-slovak\/\">slovakiska<\/a>, tillsammans med deras definitioner och exempel p\u00e5 hur de anv\u00e4nds i meningar.<\/p>\n<h2>Personlig v\u00e5rd och hygien p\u00e5 slovakiska<\/h2>\n<p><b>zubn\u00e1 kefka<\/b> &#8211; tandborste<br \/>\nEn tandborste \u00e4r ett verktyg som anv\u00e4nds f\u00f6r att reng\u00f6ra t\u00e4nderna.<br \/>\n<font color=\"#2D3AC7\">Ka\u017ed\u00e9 r\u00e1no pou\u017e\u00edvam nov\u00fa <b>zubn\u00fa kefku<\/b>.<\/font><\/p>\n<p><b>zubn\u00e1 pasta<\/b> &#8211; tandkr\u00e4m<br \/>\nTandkr\u00e4m \u00e4r en produkt som anv\u00e4nds tillsammans med tandborsten f\u00f6r att reng\u00f6ra t\u00e4nderna och fr\u00e4scha upp andedr\u00e4kten.<br \/>\n<font color=\"#2D3AC7\">K\u00fapila som si nov\u00fa <b>zubn\u00fa pastu<\/b> s m\u00e4tovou pr\u00edchu\u0165ou.<\/font><\/p>\n<p><b>mydlo<\/b> &#8211; tv\u00e5l<br \/>\nTv\u00e5l \u00e4r en produkt som anv\u00e4nds f\u00f6r att reng\u00f6ra kroppen och h\u00e4nderna.<br \/>\n<font color=\"#2D3AC7\">Potrebuje\u0161 viac <b>mydla<\/b> na umytie r\u00fak.<\/font><\/p>\n<p><b>\u0161amp\u00f3n<\/b> &#8211; schampo<br \/>\nSchampo \u00e4r en produkt som anv\u00e4nds f\u00f6r att reng\u00f6ra h\u00e5ret.<br \/>\n<font color=\"#2D3AC7\"><a href=\"https:\/\/talkpal.ai\/culture\/how-to-say-i-like-in-slovak-using-mam-rad\/\">M\u00e1m r\u00e1d<\/a> tento <b>\u0161amp\u00f3n<\/b> preto\u017ee vonia pekne.<\/font><\/p>\n<p><b>kondicion\u00e9r<\/b> &#8211; balsam<br \/>\nBalsam \u00e4r en produkt som anv\u00e4nds efter schampo f\u00f6r att g\u00f6ra h\u00e5ret mjukt och l\u00e4tt att <a href=\"https:\/\/talkpal.ai\/locations\/learn-english-in-reda\/\">reda<\/a> ut.<br \/>\n<font color=\"#2D3AC7\">Pou\u017e\u00edvam <b>kondicion\u00e9r<\/b> po ka\u017edom umyt\u00ed vlasov.<\/font><\/p>\n<p><b>sprchov\u00fd g\u00e9l<\/b> &#8211; duschgel<br \/>\nDuschgel \u00e4r en flytande tv\u00e5l som anv\u00e4nds f\u00f6r att reng\u00f6ra kroppen i duschen.<br \/>\n<font color=\"#2D3AC7\">Tento <b>sprchov\u00fd g\u00e9l<\/b> m\u00e1 ve\u013emi pr\u00edjemn\u00fa v\u00f4\u0148u.<\/font><\/p>\n<p><b>dezodorant<\/b> &#8211; deodorant<br \/>\nDeodorant \u00e4r en produkt som anv\u00e4nds f\u00f6r att f\u00f6rhindra kroppslukt.<br \/>\n<font color=\"#2D3AC7\">Ka\u017ed\u00fd de\u0148 pou\u017e\u00edvam <b>dezodorant<\/b> po sprche.<\/font><\/p>\n<p><b>holiaci stroj\u010dek<\/b> &#8211; rakapparat<br \/>\nEn rakapparat \u00e4r ett verktyg som anv\u00e4nds f\u00f6r att raka bort h\u00e5r fr\u00e5n kroppen.<br \/>\n<font color=\"#2D3AC7\">M\u00f4j <b>holiaci stroj\u010dek<\/b> potrebuje nov\u00e9 \u010depele.<\/font><\/p>\n<p><b>holiaca pena<\/b> &#8211; rakskum<br \/>\nRakskum \u00e4r en produkt som anv\u00e4nds tillsammans med rakapparaten f\u00f6r att g\u00f6ra rakningen l\u00e4ttare och smidigare.<br \/>\n<font color=\"#2D3AC7\">Pou\u017e\u00edvam <b>holiacu penu<\/b> na zjemnenie poko\u017eky pred holen\u00edm.<\/font><\/p>\n<p><b>kr\u00e9m na tv\u00e1r<\/b> &#8211; ansiktskr\u00e4m<br \/>\nAnsiktskr\u00e4m \u00e4r en produkt som appliceras p\u00e5 ansiktet f\u00f6r att \u00e5terfukta huden.<br \/>\n<font color=\"#2D3AC7\">Ka\u017ed\u00e9 r\u00e1no si nan\u00e1\u0161am <b>kr\u00e9m na tv\u00e1r<\/b>.<\/font><\/p>\n<p><b>telov\u00fd kr\u00e9m<\/b> &#8211; kroppskr\u00e4m<br \/>\nKroppskr\u00e4m \u00e4r en produkt som anv\u00e4nds f\u00f6r att \u00e5terfukta och mjukg\u00f6ra huden p\u00e5 kroppen.<br \/>\n<font color=\"#2D3AC7\">Po sprche pou\u017e\u00edvam <b>telov\u00fd kr\u00e9m<\/b>.<\/font><\/p>\n<p><b>vatov\u00e9 tamp\u00f3ny<\/b> &#8211; bomullsrondeller<br \/>\nBomullsrondeller anv\u00e4nds f\u00f6r att applicera eller ta bort kosmetiska produkter.<br \/>\n<font color=\"#2D3AC7\">Na \u010distenie tv\u00e1re pou\u017e\u00edvam <b>vatov\u00e9 tamp\u00f3ny<\/b>.<\/font><\/p>\n<p><b>zubn\u00e1 ni\u0165<\/b> &#8211; tandtr\u00e5d<br \/>\nTandtr\u00e5d \u00e4r en tunn tr\u00e5d som anv\u00e4nds f\u00f6r att reng\u00f6ra mellan t\u00e4nderna.<br \/>\n<font color=\"#2D3AC7\">Pou\u017e\u00edvam <b>zubn\u00fa ni\u0165<\/b> ka\u017ed\u00fd ve\u010der.<\/font><\/p>\n<p><b>\u00fastna voda<\/b> &#8211; munvatten<br \/>\nMunvatten \u00e4r en flytande produkt som anv\u00e4nds f\u00f6r att sk\u00f6lja munnen och fr\u00e4scha upp andedr\u00e4kten.<br \/>\n<font color=\"#2D3AC7\">R\u00e1no pou\u017e\u00edvam <b>\u00fastnu vodu<\/b>.<\/font><\/p>\n<p><b>hrebe\u0148<\/b> &#8211; kam<br \/>\nEn kam \u00e4r ett verktyg som anv\u00e4nds f\u00f6r att reda ut och styla h\u00e5ret.<br \/>\n<font color=\"#2D3AC7\">Ka\u017ed\u00e9 r\u00e1no si \u010de\u0161em vlasy <b>hrebe\u0148om<\/b>.<\/font><\/p>\n<p><b>kefa na vlasy<\/b> &#8211; h\u00e5rborste<br \/>\nEn h\u00e5rborste \u00e4r ett verktyg som anv\u00e4nds f\u00f6r att borsta och styla h\u00e5ret.<br \/>\n<font color=\"#2D3AC7\">M\u00e1m nov\u00fa <b>kefu na vlasy<\/b>.<\/font><\/p>\n<p><b>manik\u00fara<\/b> &#8211; manikyr<br \/>\nManikyr \u00e4r en behandling f\u00f6r h\u00e4nder och naglar.<br \/>\n<font color=\"#2D3AC7\">Dnes m\u00e1m napl\u00e1novan\u00fa <b>manik\u00faru<\/b>.<\/font><\/p>\n<p><b>pedik\u00fara<\/b> &#8211; pedikyr<br \/>\nPedikyr \u00e4r en behandling f\u00f6r f\u00f6tter och t\u00e5naglar.<br \/>\n<font color=\"#2D3AC7\">Potrebujem <b>pedik\u00faru<\/b> pred letom.<\/font><\/p>\n<p><b>no\u017eni\u010dky na nechty<\/b> &#8211; nagelsax<br \/>\nEn nagelsax \u00e4r ett verktyg som anv\u00e4nds f\u00f6r att klippa naglarna.<br \/>\n<font color=\"#2D3AC7\">M\u00e1m nov\u00e9 <b>no\u017eni\u010dky na nechty<\/b>.<\/font><\/p>\n<p><b>pinzeta<\/b> &#8211; pincett<br \/>\nEn pincett \u00e4r ett verktyg som anv\u00e4nds f\u00f6r att plocka bort sm\u00e5 h\u00e5r eller f\u00f6rem\u00e5l.<br \/>\n<font color=\"#2D3AC7\">Pou\u017e\u00edvam <b>pinzetu<\/b> na \u00fapravu obo\u010dia.<\/font><\/p>\n<p><b>vatov\u00e1 ty\u010dinka<\/b> &#8211; bomullspinne<br \/>\nEn bomullspinne \u00e4r ett verktyg som anv\u00e4nds f\u00f6r att reng\u00f6ra sm\u00e5 omr\u00e5den, ofta \u00f6ronen.<br \/>\n<font color=\"#2D3AC7\">Na \u010distenie u\u0161\u00ed pou\u017e\u00edvam <b>vatov\u00e9 ty\u010dinky<\/b>.<\/font><\/p>\n<p><b>r\u00fa\u017e<\/b> &#8211; l\u00e4ppstift<br \/>\nL\u00e4ppstift \u00e4r en kosmetisk produkt som anv\u00e4nds f\u00f6r att f\u00e4rga l\u00e4pparna.<br \/>\n<font color=\"#2D3AC7\">M\u00e1m nov\u00fd \u010derven\u00fd <b>r\u00fa\u017e<\/b>.<\/font><\/p>\n<p><b>o\u010dn\u00e1 linka<\/b> &#8211; eyeliner<br \/>\nEyeliner \u00e4r en kosmetisk produkt som anv\u00e4nds f\u00f6r att markera \u00f6gonens kontur.<br \/>\n<font color=\"#2D3AC7\">Ka\u017ed\u00e9 r\u00e1no si nan\u00e1\u0161am <b>o\u010dn\u00fa linku<\/b>.<\/font><\/p>\n<p><b>maskara<\/b> &#8211; mascara<br \/>\nMascara \u00e4r en kosmetisk produkt som anv\u00e4nds f\u00f6r att f\u00f6rl\u00e4nga och f\u00f6rtjocka \u00f6gonfransarna.<br \/>\n<font color=\"#2D3AC7\">Pou\u017e\u00edvam <b>maskaru<\/b> na zv\u00fdraznenie rias.<\/font><\/p>\n<p><b>make-up<\/b> &#8211; smink<br \/>\nSmink \u00e4r en generell term f\u00f6r kosmetiska produkter som anv\u00e4nds f\u00f6r att f\u00f6rb\u00e4ttra eller f\u00f6r\u00e4ndra utseendet.<br \/>\n<font color=\"#2D3AC7\">R\u00e1no si nan\u00e1\u0161am <b>make-up<\/b>.<\/font><\/p>\n<p><b>kr\u00e9m na ruky<\/b> &#8211; handkr\u00e4m<br \/>\nHandkr\u00e4m \u00e4r en produkt som anv\u00e4nds f\u00f6r att \u00e5terfukta och skydda h\u00e4nderna.<br \/>\n<font color=\"#2D3AC7\">V zime pou\u017e\u00edvam <b>kr\u00e9m na ruky<\/b>.<\/font><\/p>\n<p><b>kr\u00e9m na opa\u013eovanie<\/b> &#8211; solkr\u00e4m<br \/>\nSolkr\u00e4m \u00e4r en produkt som anv\u00e4nds f\u00f6r att skydda huden mot solens skadliga str\u00e5lar.<br \/>\n<font color=\"#2D3AC7\">Pred pl\u00e1\u017eou si nan\u00e1\u0161am <b>kr\u00e9m na opa\u013eovanie<\/b>.<\/font><\/p>\n<p><b>pasta na zuby<\/b> &#8211; tandkr\u00e4m<br \/>\nTandkr\u00e4m \u00e4r en produkt som anv\u00e4nds tillsammans med tandborsten f\u00f6r att reng\u00f6ra t\u00e4nderna och fr\u00e4scha upp andedr\u00e4kten.<br \/>\n<font color=\"#2D3AC7\">K\u00fapila som si nov\u00fa <b>pasta na zuby<\/b> s m\u00e4tovou pr\u00edchu\u0165ou.<\/font><\/p>\n<p><b>zubn\u00e1 kefka<\/b> &#8211; tandborste<br \/>\nEn tandborste \u00e4r ett verktyg som anv\u00e4nds f\u00f6r att reng\u00f6ra t\u00e4nderna.<br \/>\n<font color=\"#2D3AC7\">Ka\u017ed\u00e9 r\u00e1no pou\u017e\u00edvam nov\u00fa <b>zubn\u00fa kefku<\/b>.<\/font><\/p>\n<p><b>zubn\u00e1 ni\u0165<\/b> &#8211; tandtr\u00e5d<br \/>\nTandtr\u00e5d \u00e4r en tunn tr\u00e5d som anv\u00e4nds f\u00f6r att reng\u00f6ra mellan t\u00e4nderna.<br \/>\n<font color=\"#2D3AC7\">Pou\u017e\u00edvam <b>zubn\u00fa ni\u0165<\/b> ka\u017ed\u00fd ve\u010der.<\/font><\/p>\n<p><b>voda po holen\u00ed<\/b> &#8211; aftershave<br \/>\nAftershave \u00e4r en produkt som appliceras efter rakning f\u00f6r att lugna och fr\u00e4scha upp huden.<br \/>\n<font color=\"#2D3AC7\">Po holen\u00ed pou\u017e\u00edvam <b>vodu po holen\u00ed<\/b>.<\/font><\/p>\n<p>Att ha ett omfattande ordf\u00f6rr\u00e5d inom personlig v\u00e5rd och hygien \u00e4r viktigt f\u00f6r att kunna uttrycka sig korrekt och f\u00f6rst\u00e5s av andra n\u00e4r man talar slovakiska. Genom att l\u00e4ra sig och \u00f6va p\u00e5 dessa ord kan man bli mer sj\u00e4lvs\u00e4ker i att hantera dagliga hygien- och v\u00e5rdrutiner p\u00e5 slovakiska.<\/p>\n<h2>Slutsats<\/h2>\n<p>Genom att bem\u00e4stra dessa ord och fraser kommer du att kunna hantera en m\u00e4ngd olika situationer relaterade till personlig v\u00e5rd och hygien p\u00e5 slovakiska. \u00d6vning ger f\u00e4rdighet, s\u00e5 f\u00f6rs\u00f6k att anv\u00e4nda dessa ord i dina dagliga rutiner och samtal. Lycka till med din <a href=\"https:\/\/talkpal.ai\/sv\/hur-lar-man-sig-ett-sprak-via-talkpal-chat\/\">spr\u00e5kinl\u00e4rning<\/a>!<\/p>\n","protected":false},"featured_media":1527668,"template":"","vocabulary_language":[4205],"class_list":["post-717975","vocabulary","type-vocabulary","status-publish","has-post-thumbnail","hentry","vocabulary_language-slovakiska"],"acf":[],"yoast_head":"<!-- This site is optimized with the Yoast SEO Premium plugin v27.2 (Yoast SEO v27.2) - https:\/\/yoast.com\/product\/yoast-seo-premium-wordpress\/ -->\n<title>Ordf\u00f6rr\u00e5d f\u00f6r personlig v\u00e5rd och hygien i slovakiska - Talkpal<\/title>\n<meta name=\"description\" content=\"Att l\u00e4ra sig ett nytt spr\u00e5k inneb\u00e4r ofta att bem\u00e4stra b\u00e5de grundl\u00e4ggande och specifika ordf\u00f6rr\u00e5d. Personlig v\u00e5rd och hygien \u00e4r en viktig del av vardagen,\" \/>\n<meta name=\"robots\" content=\"index, follow, max-snippet:-1, max-image-preview:large, max-video-preview:-1\" \/>\n<link rel=\"canonical\" href=\"https:\/\/talkpal.ai\/sv\/vocabulary\/ordforrad-for-personlig-vard-och-hygien-i-slovakiska\/\" \/>\n<meta property=\"og:locale\" content=\"sv_SE\" \/>\n<meta property=\"og:type\" content=\"article\" \/>\n<meta property=\"og:title\" content=\"Ordf\u00f6rr\u00e5d f\u00f6r personlig v\u00e5rd och hygien i slovakiska\" \/>\n<meta property=\"og:description\" content=\"Att l\u00e4ra sig ett nytt spr\u00e5k inneb\u00e4r ofta att bem\u00e4stra b\u00e5de grundl\u00e4ggande och specifika ordf\u00f6rr\u00e5d. Personlig v\u00e5rd och hygien \u00e4r en viktig del av vardagen,\" \/>\n<meta property=\"og:url\" content=\"https:\/\/talkpal.ai\/sv\/vocabulary\/ordforrad-for-personlig-vard-och-hygien-i-slovakiska\/\" \/>\n<meta property=\"og:site_name\" content=\"Talkpal\" \/>\n<meta property=\"article:publisher\" content=\"https:\/\/www.facebook.com\/profile.php?id=100090733639311\" \/>\n<meta property=\"og:image\" content=\"https:\/\/talkpal.ai\/wp-content\/uploads\/2024\/10\/talkpal_flat_illustration_of_a_employees_working_together_happi_c674ff77-e477-4e09-835a-01d30e561e99.png\" \/>\n\t<meta property=\"og:image:width\" content=\"1024\" \/>\n\t<meta property=\"og:image:height\" content=\"1024\" \/>\n\t<meta property=\"og:image:type\" content=\"image\/png\" \/>\n<meta name=\"twitter:card\" content=\"summary_large_image\" \/>\n<meta name=\"twitter:site\" content=\"@talkpalai\" \/>\n<meta name=\"twitter:label1\" content=\"Ber\u00e4knad l\u00e4stid\" \/>\n\t<meta name=\"twitter:data1\" content=\"6 minuter\" \/>\n<script type=\"application\/ld+json\" class=\"yoast-schema-graph\">{\"@context\":\"https:\/\/schema.org\",\"@graph\":[{\"@type\":\"WebPage\",\"@id\":\"https:\/\/talkpal.ai\/sv\/vocabulary\/ordforrad-for-personlig-vard-och-hygien-i-slovakiska\/\",\"url\":\"https:\/\/talkpal.ai\/sv\/vocabulary\/ordforrad-for-personlig-vard-och-hygien-i-slovakiska\/\",\"name\":\"Ordf\u00f6rr\u00e5d f\u00f6r personlig v\u00e5rd och hygien i slovakiska - Talkpal\",\"isPartOf\":{\"@id\":\"https:\/\/talkpal.ai\/sv\/#website\"},\"primaryImageOfPage\":{\"@id\":\"https:\/\/talkpal.ai\/sv\/vocabulary\/ordforrad-for-personlig-vard-och-hygien-i-slovakiska\/#primaryimage\"},\"image\":{\"@id\":\"https:\/\/talkpal.ai\/sv\/vocabulary\/ordforrad-for-personlig-vard-och-hygien-i-slovakiska\/#primaryimage\"},\"thumbnailUrl\":\"https:\/\/talkpal.ai\/wp-content\/uploads\/2025\/12\/girl-studying-books-to-learn-languages.webp\",\"datePublished\":\"2024-06-08T20:18:32+00:00\",\"description\":\"Att l\u00e4ra sig ett nytt spr\u00e5k inneb\u00e4r ofta att bem\u00e4stra b\u00e5de grundl\u00e4ggande och specifika ordf\u00f6rr\u00e5d. Personlig v\u00e5rd och hygien \u00e4r en viktig del av vardagen,\",\"breadcrumb\":{\"@id\":\"https:\/\/talkpal.ai\/sv\/vocabulary\/ordforrad-for-personlig-vard-och-hygien-i-slovakiska\/#breadcrumb\"},\"inLanguage\":\"sv-SE\",\"potentialAction\":[{\"@type\":\"ReadAction\",\"target\":[\"https:\/\/talkpal.ai\/sv\/vocabulary\/ordforrad-for-personlig-vard-och-hygien-i-slovakiska\/\"]}]},{\"@type\":\"ImageObject\",\"inLanguage\":\"sv-SE\",\"@id\":\"https:\/\/talkpal.ai\/sv\/vocabulary\/ordforrad-for-personlig-vard-och-hygien-i-slovakiska\/#primaryimage\",\"url\":\"https:\/\/talkpal.ai\/wp-content\/uploads\/2025\/12\/girl-studying-books-to-learn-languages.webp\",\"contentUrl\":\"https:\/\/talkpal.ai\/wp-content\/uploads\/2025\/12\/girl-studying-books-to-learn-languages.webp\",\"width\":1200,\"height\":896,\"caption\":\"A young woman wears glasses and studies an open book to learn languages in a library.\"},{\"@type\":\"BreadcrumbList\",\"@id\":\"https:\/\/talkpal.ai\/sv\/vocabulary\/ordforrad-for-personlig-vard-och-hygien-i-slovakiska\/#breadcrumb\",\"itemListElement\":[{\"@type\":\"ListItem\",\"position\":1,\"name\":\"Homepage\",\"item\":\"https:\/\/talkpal.ai\/sv\/\"},{\"@type\":\"ListItem\",\"position\":2,\"name\":\"Ordf\u00f6rr\u00e5d f\u00f6r personlig v\u00e5rd och hygien i slovakiska\"}]},{\"@type\":\"WebSite\",\"@id\":\"https:\/\/talkpal.ai\/sv\/#website\",\"url\":\"https:\/\/talkpal.ai\/sv\/\",\"name\":\"Talkpal\",\"description\":\"AI Language Learning\",\"publisher\":{\"@id\":\"https:\/\/talkpal.ai\/sv\/#organization\"},\"alternateName\":\"Talkpal AI\",\"potentialAction\":[{\"@type\":\"SearchAction\",\"target\":{\"@type\":\"EntryPoint\",\"urlTemplate\":\"https:\/\/talkpal.ai\/sv\/?s={search_term_string}\"},\"query-input\":{\"@type\":\"PropertyValueSpecification\",\"valueRequired\":true,\"valueName\":\"search_term_string\"}}],\"inLanguage\":\"sv-SE\"},{\"@type\":\"Organization\",\"@id\":\"https:\/\/talkpal.ai\/sv\/#organization\",\"name\":\"Talkpal, Inc.\",\"alternateName\":\"Talkpal AI\",\"url\":\"https:\/\/talkpal.ai\/sv\/\",\"logo\":{\"@type\":\"ImageObject\",\"inLanguage\":\"sv-SE\",\"@id\":\"https:\/\/talkpal.ai\/sv\/#\/schema\/logo\/image\/\",\"url\":\"https:\/\/talkpal.ai\/wp-content\/uploads\/2024\/03\/Talkpal-Logo-Icon.png\",\"contentUrl\":\"https:\/\/talkpal.ai\/wp-content\/uploads\/2024\/03\/Talkpal-Logo-Icon.png\",\"width\":2880,\"height\":2880,\"caption\":\"Talkpal, Inc.\"},\"image\":{\"@id\":\"https:\/\/talkpal.ai\/sv\/#\/schema\/logo\/image\/\"},\"sameAs\":[\"https:\/\/www.facebook.com\/profile.php?id=100090733639311\",\"https:\/\/x.com\/talkpalai\",\"https:\/\/www.linkedin.com\/company\/talkpal\/\",\"https:\/\/www.youtube.com\/@TalkPal\/\",\"https:\/\/www.tiktok.com\/@talkpal\",\"https:\/\/www.instagram.com\/talkpal_ai\/\",\"https:\/\/www.crunchbase.com\/organization\/talkpal-9cde\",\"https:\/\/www.g2.com\/products\/talkpal-for-business\/\",\"https:\/\/www.trustpilot.com\/review\/talkpal.ai\",\"https:\/\/www.capterra.com\/p\/10006800\/TalkPal\/\"],\"description\":\"Talkpal is a language learning web and mobile education app, powered by the latest AI technologies, that provides engaging experiences to its customers in many different languages to help them improve their language skills. Users can chat about unlimited amount of topics with the app and use other modes to practice their language learning.\",\"email\":\"support@talkpal.ai\",\"legalName\":\"Talkpal, Inc.\",\"foundingDate\":\"2023-04-03\",\"duns\":\"118989042\",\"numberOfEmployees\":{\"@type\":\"QuantitativeValue\",\"minValue\":\"11\",\"maxValue\":\"50\"},\"publishingPrinciples\":\"https:\/\/talkpal.ai\/publishing-principles\/\",\"actionableFeedbackPolicy\":\"https:\/\/talkpal.ai\/actionable-feedback-policy\/\",\"correctionsPolicy\":\"https:\/\/talkpal.ai\/corrections-policy\/\",\"ethicsPolicy\":\"https:\/\/talkpal.ai\/ethics-policy\/\",\"diversityPolicy\":\"https:\/\/talkpal.ai\/diversity-policy\/\",\"diversityStaffingReport\":\"https:\/\/talkpal.ai\/diversity-policy\/\"}]}<\/script>\n<!-- \/ Yoast SEO Premium plugin. -->","yoast_head_json":{"title":"Ordf\u00f6rr\u00e5d f\u00f6r personlig v\u00e5rd och hygien i slovakiska - Talkpal","description":"Att l\u00e4ra sig ett nytt spr\u00e5k inneb\u00e4r ofta att bem\u00e4stra b\u00e5de grundl\u00e4ggande och specifika ordf\u00f6rr\u00e5d. Personlig v\u00e5rd och hygien \u00e4r en viktig del av vardagen,","robots":{"index":"index","follow":"follow","max-snippet":"max-snippet:-1","max-image-preview":"max-image-preview:large","max-video-preview":"max-video-preview:-1"},"canonical":"https:\/\/talkpal.ai\/sv\/vocabulary\/ordforrad-for-personlig-vard-och-hygien-i-slovakiska\/","og_locale":"sv_SE","og_type":"article","og_title":"Ordf\u00f6rr\u00e5d f\u00f6r personlig v\u00e5rd och hygien i slovakiska","og_description":"Att l\u00e4ra sig ett nytt spr\u00e5k inneb\u00e4r ofta att bem\u00e4stra b\u00e5de grundl\u00e4ggande och specifika ordf\u00f6rr\u00e5d. Personlig v\u00e5rd och hygien \u00e4r en viktig del av vardagen,","og_url":"https:\/\/talkpal.ai\/sv\/vocabulary\/ordforrad-for-personlig-vard-och-hygien-i-slovakiska\/","og_site_name":"Talkpal","article_publisher":"https:\/\/www.facebook.com\/profile.php?id=100090733639311","og_image":[{"width":1024,"height":1024,"url":"https:\/\/talkpal.ai\/wp-content\/uploads\/2024\/10\/talkpal_flat_illustration_of_a_employees_working_together_happi_c674ff77-e477-4e09-835a-01d30e561e99.png","type":"image\/png"}],"twitter_card":"summary_large_image","twitter_site":"@talkpalai","twitter_misc":{"Ber\u00e4knad l\u00e4stid":"6 minuter"},"schema":{"@context":"https:\/\/schema.org","@graph":[{"@type":"WebPage","@id":"https:\/\/talkpal.ai\/sv\/vocabulary\/ordforrad-for-personlig-vard-och-hygien-i-slovakiska\/","url":"https:\/\/talkpal.ai\/sv\/vocabulary\/ordforrad-for-personlig-vard-och-hygien-i-slovakiska\/","name":"Ordf\u00f6rr\u00e5d f\u00f6r personlig v\u00e5rd och hygien i slovakiska - Talkpal","isPartOf":{"@id":"https:\/\/talkpal.ai\/sv\/#website"},"primaryImageOfPage":{"@id":"https:\/\/talkpal.ai\/sv\/vocabulary\/ordforrad-for-personlig-vard-och-hygien-i-slovakiska\/#primaryimage"},"image":{"@id":"https:\/\/talkpal.ai\/sv\/vocabulary\/ordforrad-for-personlig-vard-och-hygien-i-slovakiska\/#primaryimage"},"thumbnailUrl":"https:\/\/talkpal.ai\/wp-content\/uploads\/2025\/12\/girl-studying-books-to-learn-languages.webp","datePublished":"2024-06-08T20:18:32+00:00","description":"Att l\u00e4ra sig ett nytt spr\u00e5k inneb\u00e4r ofta att bem\u00e4stra b\u00e5de grundl\u00e4ggande och specifika ordf\u00f6rr\u00e5d. Personlig v\u00e5rd och hygien \u00e4r en viktig del av vardagen,","breadcrumb":{"@id":"https:\/\/talkpal.ai\/sv\/vocabulary\/ordforrad-for-personlig-vard-och-hygien-i-slovakiska\/#breadcrumb"},"inLanguage":"sv-SE","potentialAction":[{"@type":"ReadAction","target":["https:\/\/talkpal.ai\/sv\/vocabulary\/ordforrad-for-personlig-vard-och-hygien-i-slovakiska\/"]}]},{"@type":"ImageObject","inLanguage":"sv-SE","@id":"https:\/\/talkpal.ai\/sv\/vocabulary\/ordforrad-for-personlig-vard-och-hygien-i-slovakiska\/#primaryimage","url":"https:\/\/talkpal.ai\/wp-content\/uploads\/2025\/12\/girl-studying-books-to-learn-languages.webp","contentUrl":"https:\/\/talkpal.ai\/wp-content\/uploads\/2025\/12\/girl-studying-books-to-learn-languages.webp","width":1200,"height":896,"caption":"A young woman wears glasses and studies an open book to learn languages in a library."},{"@type":"BreadcrumbList","@id":"https:\/\/talkpal.ai\/sv\/vocabulary\/ordforrad-for-personlig-vard-och-hygien-i-slovakiska\/#breadcrumb","itemListElement":[{"@type":"ListItem","position":1,"name":"Homepage","item":"https:\/\/talkpal.ai\/sv\/"},{"@type":"ListItem","position":2,"name":"Ordf\u00f6rr\u00e5d f\u00f6r personlig v\u00e5rd och hygien i slovakiska"}]},{"@type":"WebSite","@id":"https:\/\/talkpal.ai\/sv\/#website","url":"https:\/\/talkpal.ai\/sv\/","name":"Talkpal","description":"AI Language Learning","publisher":{"@id":"https:\/\/talkpal.ai\/sv\/#organization"},"alternateName":"Talkpal AI","potentialAction":[{"@type":"SearchAction","target":{"@type":"EntryPoint","urlTemplate":"https:\/\/talkpal.ai\/sv\/?s={search_term_string}"},"query-input":{"@type":"PropertyValueSpecification","valueRequired":true,"valueName":"search_term_string"}}],"inLanguage":"sv-SE"},{"@type":"Organization","@id":"https:\/\/talkpal.ai\/sv\/#organization","name":"Talkpal, Inc.","alternateName":"Talkpal AI","url":"https:\/\/talkpal.ai\/sv\/","logo":{"@type":"ImageObject","inLanguage":"sv-SE","@id":"https:\/\/talkpal.ai\/sv\/#\/schema\/logo\/image\/","url":"https:\/\/talkpal.ai\/wp-content\/uploads\/2024\/03\/Talkpal-Logo-Icon.png","contentUrl":"https:\/\/talkpal.ai\/wp-content\/uploads\/2024\/03\/Talkpal-Logo-Icon.png","width":2880,"height":2880,"caption":"Talkpal, Inc."},"image":{"@id":"https:\/\/talkpal.ai\/sv\/#\/schema\/logo\/image\/"},"sameAs":["https:\/\/www.facebook.com\/profile.php?id=100090733639311","https:\/\/x.com\/talkpalai","https:\/\/www.linkedin.com\/company\/talkpal\/","https:\/\/www.youtube.com\/@TalkPal\/","https:\/\/www.tiktok.com\/@talkpal","https:\/\/www.instagram.com\/talkpal_ai\/","https:\/\/www.crunchbase.com\/organization\/talkpal-9cde","https:\/\/www.g2.com\/products\/talkpal-for-business\/","https:\/\/www.trustpilot.com\/review\/talkpal.ai","https:\/\/www.capterra.com\/p\/10006800\/TalkPal\/"],"description":"Talkpal is a language learning web and mobile education app, powered by the latest AI technologies, that provides engaging experiences to its customers in many different languages to help them improve their language skills. Users can chat about unlimited amount of topics with the app and use other modes to practice their language learning.","email":"support@talkpal.ai","legalName":"Talkpal, Inc.","foundingDate":"2023-04-03","duns":"118989042","numberOfEmployees":{"@type":"QuantitativeValue","minValue":"11","maxValue":"50"},"publishingPrinciples":"https:\/\/talkpal.ai\/publishing-principles\/","actionableFeedbackPolicy":"https:\/\/talkpal.ai\/actionable-feedback-policy\/","correctionsPolicy":"https:\/\/talkpal.ai\/corrections-policy\/","ethicsPolicy":"https:\/\/talkpal.ai\/ethics-policy\/","diversityPolicy":"https:\/\/talkpal.ai\/diversity-policy\/","diversityStaffingReport":"https:\/\/talkpal.ai\/diversity-policy\/"}]}},"_links":{"self":[{"href":"https:\/\/talkpal.ai\/sv\/wp-json\/wp\/v2\/vocabulary\/717975","targetHints":{"allow":["GET"]}}],"collection":[{"href":"https:\/\/talkpal.ai\/sv\/wp-json\/wp\/v2\/vocabulary"}],"about":[{"href":"https:\/\/talkpal.ai\/sv\/wp-json\/wp\/v2\/types\/vocabulary"}],"wp:featuredmedia":[{"embeddable":true,"href":"https:\/\/talkpal.ai\/sv\/wp-json\/wp\/v2\/media\/1527668"}],"wp:attachment":[{"href":"https:\/\/talkpal.ai\/sv\/wp-json\/wp\/v2\/media?parent=717975"}],"wp:term":[{"taxonomy":"vocabulary_language","embeddable":true,"href":"https:\/\/talkpal.ai\/sv\/wp-json\/wp\/v2\/vocabulary_language?post=717975"}],"curies":[{"name":"wp","href":"https:\/\/api.w.org\/{rel}","templated":true}]}}