{"id":717842,"date":"2024-06-08T20:07:32","date_gmt":"2024-06-08T20:07:32","guid":{"rendered":"https:\/\/talkpal.ai\/vocabulary\/rumanska-tidsuttryck\/"},"modified":"2024-06-08T20:07:32","modified_gmt":"2024-06-08T20:07:32","slug":"rumanska-tidsuttryck","status":"publish","type":"vocabulary","link":"https:\/\/talkpal.ai\/sv\/vocabulary\/rumanska-tidsuttryck\/","title":{"rendered":"Rum\u00e4nska tidsuttryck"},"content":{"rendered":"<p>Att l\u00e4ra sig ett nytt spr\u00e5k kan vara en sp\u00e4nnande resa, och en av de mest grundl\u00e4ggande aspekterna av att bem\u00e4stra ett spr\u00e5k \u00e4r att f\u00f6rst\u00e5 och korrekt anv\u00e4nda tidsuttryck. Tidsuttryck hj\u00e4lper <a href=\"https:\/\/talkpal.ai\/locations\/language-courses-in-oss\/\">oss<\/a> att kommunicera n\u00e4r n\u00e5got h\u00e4nder, har h\u00e4nt eller kommer att h\u00e4nda. I denna artikel kommer vi att utforska n\u00e5gra av de vanligaste tidsuttrycken p\u00e5 <a href=\"https:\/\/talkpal.ai\/learn-romanian\/\">rum\u00e4nska<\/a> och ge exempel p\u00e5 hur de anv\u00e4nds i meningar.<\/p>\n<h2>Grundl\u00e4ggande tidsuttryck<\/h2>\n<p><b>acum<\/b> &#8211; nu<br \/>\nDetta ord anv\u00e4nds f\u00f6r att h\u00e4nvisa till den aktuella tiden.<\/p>\n<p><font color=\"#2D3AC7\">Acum citesc o carte interesant\u0103.<\/font><\/p>\n<p><b>ast\u0103zi<\/b> &#8211; idag<br \/>\nDetta ord anv\u00e4nds f\u00f6r att <a href=\"https:\/\/talkpal.ai\/locations\/language-courses-in-prata\/\">prata<\/a> om den nuvarande dagen.<\/p>\n<p><font color=\"#2D3AC7\">Ast\u0103zi merg la cump\u0103r\u0103turi.<\/font><\/p>\n<p><b>m\u00e2ine<\/b> &#8211; imorgon<br \/>\nDetta ord anv\u00e4nds f\u00f6r att h\u00e4nvisa till n\u00e4sta dag.<\/p>\n<p><font color=\"#2D3AC7\">M\u00e2ine voi vizita bunicii.<\/font><\/p>\n<p><b>ieri<\/b> &#8211; ig\u00e5r<br \/>\nDetta ord anv\u00e4nds f\u00f6r att prata om dagen f\u00f6re idag.<\/p>\n<p><font color=\"#2D3AC7\">Ieri am fost la cinema.<\/font><\/p>\n<h3>Veckodagar<\/h3>\n<p><b>luni<\/b> &#8211; m\u00e5ndag<br \/>\nDen f\u00f6rsta dagen i veckan.<\/p>\n<p><font color=\"#2D3AC7\">Luni \u00eencepe s\u0103pt\u0103m\u00e2na de lucru.<\/font><\/p>\n<p><b>mar\u021bi<\/b> &#8211; tisdag<br \/>\nDen andra dagen i veckan.<\/p>\n<p><font color=\"#2D3AC7\">Mar\u021bi am o \u00eent\u00e2lnire important\u0103.<\/font><\/p>\n<p><b>miercuri<\/b> &#8211; onsdag<br \/>\nDen tredje dagen i veckan.<\/p>\n<p><font color=\"#2D3AC7\">Miercuri merg la sal\u0103.<\/font><\/p>\n<p><b>joi<\/b> &#8211; torsdag<br \/>\nDen fj\u00e4rde dagen i veckan.<\/p>\n<p><font color=\"#2D3AC7\">Joi avem \u0219edin\u021ba de echip\u0103.<\/font><\/p>\n<p><b>vineri<\/b> &#8211; fredag<br \/>\nDen femte dagen i veckan.<\/p>\n<p><font color=\"#2D3AC7\">Vineri este ziua mea preferat\u0103.<\/font><\/p>\n<p><b>s\u00e2mb\u0103t\u0103<\/b> &#8211; l\u00f6rdag<br \/>\nDen sj\u00e4tte dagen i veckan.<\/p>\n<p><font color=\"#2D3AC7\">S\u00e2mb\u0103t\u0103 m\u0103 relaxez acas\u0103.<\/font><\/p>\n<p><b>duminic\u0103<\/b> &#8211; s\u00f6ndag<br \/>\nDen sjunde dagen i veckan.<\/p>\n<p><font color=\"#2D3AC7\">Duminic\u0103 ies cu prietenii.<\/font><\/p>\n<h3>M\u00e5nader och \u00e5rstider<\/h3>\n<p><b>ianuarie<\/b> &#8211; januari<br \/>\nDen f\u00f6rsta m\u00e5naden p\u00e5 \u00e5ret.<\/p>\n<p><font color=\"#2D3AC7\">\u00cen ianuarie este foarte frig.<\/font><\/p>\n<p><b>februarie<\/b> &#8211; februari<br \/>\nDen andra m\u00e5naden p\u00e5 \u00e5ret.<\/p>\n<p><font color=\"#2D3AC7\">\u00cen februarie s\u0103rb\u0103torim <a href=\"https:\/\/talkpal.ai\/talkpal-valentines-day-discount\/\">Ziua \u00cendr\u0103gosti\u021bilor<\/a>.<\/font><\/p>\n<p><b>martie<\/b> &#8211; mars<br \/>\nDen tredje m\u00e5naden p\u00e5 \u00e5ret.<\/p>\n<p><font color=\"#2D3AC7\">Martie aduce primele semne de prim\u0103var\u0103.<\/font><\/p>\n<p><b>aprilie<\/b> &#8211; april<br \/>\nDen fj\u00e4rde m\u00e5naden p\u00e5 \u00e5ret.<\/p>\n<p><font color=\"#2D3AC7\">\u00cen aprilie \u00eenfloresc pomii.<\/font><\/p>\n<p><b>mai<\/b> &#8211; maj<br \/>\nDen femte m\u00e5naden p\u00e5 \u00e5ret.<\/p>\n<p><font color=\"#2D3AC7\">\u00cen mai vremea este minunat\u0103.<\/font><\/p>\n<p><b>iunie<\/b> &#8211; juni<br \/>\nDen sj\u00e4tte m\u00e5naden p\u00e5 \u00e5ret.<\/p>\n<p><font color=\"#2D3AC7\">Iunie marcheaz\u0103 \u00eenceputul verii.<\/font><\/p>\n<p><b>iulie<\/b> &#8211; juli<br \/>\nDen sjunde m\u00e5naden p\u00e5 \u00e5ret.<\/p>\n<p><font color=\"#2D3AC7\">\u00cen iulie este foarte cald.<\/font><\/p>\n<p><b>august<\/b> &#8211; augusti<br \/>\nDen \u00e5ttonde m\u00e5naden p\u00e5 \u00e5ret.<\/p>\n<p><font color=\"#2D3AC7\">August este luna vacan\u021belor.<\/font><\/p>\n<p><b>septembrie<\/b> &#8211; september<br \/>\nDen nionde m\u00e5naden p\u00e5 \u00e5ret.<\/p>\n<p><font color=\"#2D3AC7\">\u00cen septembrie \u00eencepe \u0219coala.<\/font><\/p>\n<p><b>octombrie<\/b> &#8211; oktober<br \/>\nDen tionde m\u00e5naden p\u00e5 \u00e5ret.<\/p>\n<p><font color=\"#2D3AC7\">Octombrie aduce frunzele c\u0103z\u0103toare.<\/font><\/p>\n<p><b>noiembrie<\/b> &#8211; november<br \/>\nDen elfte m\u00e5naden p\u00e5 \u00e5ret.<\/p>\n<p><font color=\"#2D3AC7\">\u00cen noiembrie se r\u0103ce\u0219te vremea.<\/font><\/p>\n<p><b>decembrie<\/b> &#8211; december<br \/>\nDen tolfte m\u00e5naden p\u00e5 \u00e5ret.<\/p>\n<p><font color=\"#2D3AC7\">Decembrie este luna s\u0103rb\u0103torilor.<\/font><\/p>\n<p><b>prim\u0103var\u0103<\/b> &#8211; v\u00e5r<br \/>\nDen \u00e5rstid som f\u00f6ljer efter vintern.<\/p>\n<p><font color=\"#2D3AC7\">\u00cemi place prim\u0103vara pentru c\u0103 totul \u00eenflore\u0219te.<\/font><\/p>\n<p><b>var\u0103<\/b> &#8211; sommar<br \/>\nDen varmaste \u00e5rstiden.<\/p>\n<p><font color=\"#2D3AC7\">Vara mergem la plaj\u0103.<\/font><\/p>\n<p><b>toamn\u0103<\/b> &#8211; h\u00f6st<br \/>\nDen \u00e5rstid som f\u00f6ljer efter sommaren.<\/p>\n<p><font color=\"#2D3AC7\">Toamna culegem fructele.<\/font><\/p>\n<p><b>iarn\u0103<\/b> &#8211; vinter<br \/>\nDen kallaste \u00e5rstiden.<\/p>\n<p><font color=\"#2D3AC7\">Iarna este plin\u0103 de z\u0103pad\u0103.<\/font><\/p>\n<h2>Specifika tidsuttryck<\/h2>\n<p><b>diminea\u021b\u0103<\/b> &#8211; morgon<br \/>\nDen tidiga delen av dagen.<\/p>\n<p><font color=\"#2D3AC7\">Diminea\u021b\u0103 beau cafea.<\/font><\/p>\n<p><b>dup\u0103-amiaz\u0103<\/b> &#8211; eftermiddag<br \/>\nDen del av dagen som f\u00f6ljer efter morgonen och varar fram till kv\u00e4llen.<\/p>\n<p><font color=\"#2D3AC7\">Dup\u0103-amiaz\u0103 m\u0103 odihnesc.<\/font><\/p>\n<p><b>sear\u0103<\/b> &#8211; kv\u00e4ll<br \/>\nDen del av dagen n\u00e4r solen g\u00e5r ner.<\/p>\n<p><font color=\"#2D3AC7\">Seara \u00eemi place s\u0103 citesc.<\/font><\/p>\n<p><b>noapte<\/b> &#8211; natt<br \/>\nDen m\u00f6rka delen av dygnet n\u00e4r de flesta m\u00e4nniskor sover.<\/p>\n<p><font color=\"#2D3AC7\">Noaptea este lini\u0219tit\u0103.<\/font><\/p>\n<p><b>ceas<\/b> &#8211; klocka<br \/>\nEtt instrument som anv\u00e4nds f\u00f6r att m\u00e4ta tid.<\/p>\n<p><font color=\"#2D3AC7\">Ceasul arat\u0103 ora exact\u0103.<\/font><\/p>\n<h3>Relativa tidsuttryck<\/h3>\n<p><b>de cur\u00e2nd<\/b> &#8211; nyligen<br \/>\nAnv\u00e4nds f\u00f6r att beskriva n\u00e5got som h\u00e4nde f\u00f6r inte s\u00e5 l\u00e4nge sedan.<\/p>\n<p><font color=\"#2D3AC7\">Am fost de cur\u00e2nd la doctor.<\/font><\/p>\n<p><b>mai t\u00e2rziu<\/b> &#8211; senare<br \/>\nAnv\u00e4nds f\u00f6r att h\u00e4nvisa till en tidpunkt efter den nuvarande.<\/p>\n<p><font color=\"#2D3AC7\">Vom vorbi mai t\u00e2rziu.<\/font><\/p>\n<p><b>mai devreme<\/b> &#8211; tidigare<br \/>\nAnv\u00e4nds f\u00f6r att h\u00e4nvisa till en tidpunkt innan den nuvarande.<\/p>\n<p><font color=\"#2D3AC7\">Am ajuns mai devreme la \u00eent\u00e2lnire.<\/font><\/p>\n<p><b>\u00een cur\u00e2nd<\/b> &#8211; snart<br \/>\nAnv\u00e4nds f\u00f6r att beskriva n\u00e5got som kommer att h\u00e4nda inom kort tid.<\/p>\n<p><font color=\"#2D3AC7\">\u00cen cur\u00e2nd vom pleca \u00een vacan\u021b\u0103.<\/font><\/p>\n<p><b>imediat<\/b> &#8211; omedelbart<br \/>\nAnv\u00e4nds f\u00f6r att beskriva n\u00e5got som h\u00e4nder utan f\u00f6rdr\u00f6jning.<\/p>\n<p><font color=\"#2D3AC7\">Vin imediat!<\/font><\/p>\n<p><b>\u00eentotdeauna<\/b> &#8211; alltid<br \/>\nAnv\u00e4nds f\u00f6r att beskriva n\u00e5got som sker vid varje tillf\u00e4lle.<\/p>\n<p><font color=\"#2D3AC7\">\u00centotdeauna m\u0103 trezesc devreme.<\/font><\/p>\n<p><b>niciodat\u0103<\/b> &#8211; aldrig<br \/>\nAnv\u00e4nds f\u00f6r att beskriva n\u00e5got som inte sker vid n\u00e5got tillf\u00e4lle.<\/p>\n<p><font color=\"#2D3AC7\">Niciodat\u0103 nu \u00eent\u00e2rzii.<\/font><\/p>\n<p><b>uneori<\/b> &#8211; ibland<br \/>\nAnv\u00e4nds f\u00f6r att beskriva n\u00e5got som sker vid vissa tillf\u00e4llen.<\/p>\n<p><font color=\"#2D3AC7\">Uneori merg la teatru.<\/font><\/p>\n<p><b>rar<\/b> &#8211; s\u00e4llan<br \/>\nAnv\u00e4nds f\u00f6r att beskriva n\u00e5got som sker vid f\u00e5 tillf\u00e4llen.<\/p>\n<p><font color=\"#2D3AC7\">Rar m\u0103n\u00e2nc dulciuri.<\/font><\/p>\n<p><b>des<\/b> &#8211; ofta<br \/>\nAnv\u00e4nds f\u00f6r att beskriva n\u00e5got som sker vid m\u00e5nga tillf\u00e4llen.<\/p>\n<p><font color=\"#2D3AC7\">Des merg la sal\u0103.<\/font><\/p>\n<h3>Frekvensuttryck<\/h3>\n<p><b>o dat\u0103<\/b> &#8211; en g\u00e5ng<br \/>\nAnv\u00e4nds f\u00f6r att beskriva n\u00e5got som sker vid ett tillf\u00e4lle.<\/p>\n<p><font color=\"#2D3AC7\">O dat\u0103 pe s\u0103pt\u0103m\u00e2n\u0103 merg la pia\u021b\u0103.<\/font><\/p>\n<p><b>de dou\u0103 ori<\/b> &#8211; tv\u00e5 g\u00e5nger<br \/>\nAnv\u00e4nds f\u00f6r att beskriva n\u00e5got som sker vid tv\u00e5 tillf\u00e4llen.<\/p>\n<p><font color=\"#2D3AC7\">De dou\u0103 ori pe lun\u0103 m\u0103 \u00eent\u00e2lnesc cu prietenii.<\/font><\/p>\n<p><b>de mai multe ori<\/b> &#8211; flera g\u00e5nger<br \/>\nAnv\u00e4nds f\u00f6r att beskriva n\u00e5got som sker vid flera tillf\u00e4llen.<\/p>\n<p><font color=\"#2D3AC7\">Am \u00eencercat de mai multe ori s\u0103 te sun.<\/font><\/p>\n<p><b>zilnic<\/b> &#8211; dagligen<br \/>\nAnv\u00e4nds f\u00f6r att beskriva n\u00e5got som sker varje dag.<\/p>\n<p><font color=\"#2D3AC7\">Fac sport zilnic.<\/font><\/p>\n<p><b>s\u0103pt\u0103m\u00e2nal<\/b> &#8211; veckovis<br \/>\nAnv\u00e4nds f\u00f6r att beskriva n\u00e5got som sker varje vecka.<\/p>\n<p><font color=\"#2D3AC7\">S\u0103pt\u0103m\u00e2nal facem \u0219edin\u021be.<\/font><\/p>\n<p><b>lunar<\/b> &#8211; m\u00e5nadsvis<br \/>\nAnv\u00e4nds f\u00f6r att beskriva n\u00e5got som sker varje m\u00e5nad.<\/p>\n<p><font color=\"#2D3AC7\">Lunar pl\u0103tesc factura la electricitate.<\/font><\/p>\n<p><b>anual<\/b> &#8211; \u00e5rligen<br \/>\nAnv\u00e4nds f\u00f6r att beskriva n\u00e5got som sker varje \u00e5r.<\/p>\n<p><font color=\"#2D3AC7\">Anual mergem \u00een vacan\u021b\u0103.<\/font><\/p>\n<h2>Uttryck f\u00f6r specifika tidpunkter<\/h2>\n<p><b>la pr\u00e2nz<\/b> &#8211; vid lunchtid<br \/>\nAnv\u00e4nds f\u00f6r att beskriva tiden n\u00e4r man \u00e4ter lunch.<\/p>\n<p><font color=\"#2D3AC7\">La pr\u00e2nz m\u0103 \u00eent\u00e2lnesc cu colegii.<\/font><\/p>\n<p><b>\u00een zori<\/b> &#8211; i gryningen<br \/>\nAnv\u00e4nds f\u00f6r att beskriva den tidiga morgonen n\u00e4r solen g\u00e5r upp.<\/p>\n<p><font color=\"#2D3AC7\">\u00cen zori m\u0103 trezesc \u0219i fac jogging.<\/font><\/p>\n<p><b>la miezul nop\u021bii<\/b> &#8211; vid midnatt<br \/>\nAnv\u00e4nds f\u00f6r att beskriva tiden n\u00e4r det \u00e4r exakt tolv p\u00e5 natten.<\/p>\n<p><font color=\"#2D3AC7\">La miezul nop\u021bii am ajuns acas\u0103.<\/font><\/p>\n<p><b>\u00een jurul orei<\/b> &#8211; runt klockan<br \/>\nAnv\u00e4nds f\u00f6r att beskriva en ungef\u00e4rlig tidpunkt.<\/p>\n<p><font color=\"#2D3AC7\">\u00cen jurul orei 8 plec de acas\u0103.<\/font><\/p>\n<p><b>de la<\/b> &#8211; fr\u00e5n<br \/>\nAnv\u00e4nds f\u00f6r att beskriva starttid f\u00f6r en h\u00e4ndelse.<\/p>\n<p><font color=\"#2D3AC7\">De la 9 la 5 sunt la serviciu.<\/font><\/p>\n<p><b>p\u00e2n\u0103 la<\/b> &#8211; till<br \/>\nAnv\u00e4nds f\u00f6r att beskriva sluttid f\u00f6r en h\u00e4ndelse.<\/p>\n<p><font color=\"#2D3AC7\">Lucrez p\u00e2n\u0103 la ora 18.<\/font><\/p>\n<h3>Uttryck f\u00f6r historisk och framtida tid<\/h3>\n<p><b>\u00een trecut<\/b> &#8211; i det f\u00f6rflutna<br \/>\nAnv\u00e4nds f\u00f6r att beskriva n\u00e5got som h\u00e4nde tidigare.<\/p>\n<p><font color=\"#2D3AC7\">\u00cen trecut, oamenii foloseau tr\u0103suri.<\/font><\/p>\n<p><b>\u00een prezent<\/b> &#8211; i nutid<br \/>\nAnv\u00e4nds f\u00f6r att beskriva vad som h\u00e4nder just nu.<\/p>\n<p><font color=\"#2D3AC7\">\u00cen prezent, tehnologia este foarte avansat\u0103.<\/font><\/p>\n<p><b>\u00een viitor<\/b> &#8211; i framtiden<br \/>\nAnv\u00e4nds f\u00f6r att beskriva n\u00e5got som kommer att h\u00e4nda senare.<\/p>\n<p><font color=\"#2D3AC7\">\u00cen viitor, sper s\u0103 c\u0103l\u0103toresc mai mult.<\/font><\/p>\n<p>Att f\u00f6rst\u00e5 och anv\u00e4nda dessa tidsuttryck p\u00e5 rum\u00e4nska kommer att hj\u00e4lpa dig att f\u00f6rb\u00e4ttra din f\u00f6rm\u00e5ga att kommunicera p\u00e5 detta vackra spr\u00e5k. Genom att \u00f6va och anv\u00e4nda dessa uttryck i dina dagliga konversationer kommer du att bli alltmer flytande och sj\u00e4lvs\u00e4ker i din anv\u00e4ndning av rum\u00e4nska. Lycka till!<\/p>\n","protected":false},"featured_media":1527773,"template":"","vocabulary_language":[4202],"class_list":["post-717842","vocabulary","type-vocabulary","status-publish","has-post-thumbnail","hentry","vocabulary_language-rumanska"],"acf":[],"yoast_head":"<!-- This site is optimized with the Yoast SEO Premium plugin v27.2 (Yoast SEO v27.2) - https:\/\/yoast.com\/product\/yoast-seo-premium-wordpress\/ -->\n<title>Rum\u00e4nska tidsuttryck - Talkpal<\/title>\n<meta name=\"description\" content=\"Att l\u00e4ra sig ett nytt spr\u00e5k kan vara en sp\u00e4nnande resa, och en av de mest grundl\u00e4ggande aspekterna av att bem\u00e4stra ett spr\u00e5k \u00e4r att f\u00f6rst\u00e5 och korrekt\" \/>\n<meta name=\"robots\" content=\"index, follow, max-snippet:-1, max-image-preview:large, max-video-preview:-1\" \/>\n<link rel=\"canonical\" href=\"https:\/\/talkpal.ai\/sv\/vocabulary\/rumanska-tidsuttryck\/\" \/>\n<meta property=\"og:locale\" content=\"sv_SE\" \/>\n<meta property=\"og:type\" content=\"article\" \/>\n<meta property=\"og:title\" content=\"Rum\u00e4nska tidsuttryck\" \/>\n<meta property=\"og:description\" content=\"Att l\u00e4ra sig ett nytt spr\u00e5k kan vara en sp\u00e4nnande resa, och en av de mest grundl\u00e4ggande aspekterna av att bem\u00e4stra ett spr\u00e5k \u00e4r att f\u00f6rst\u00e5 och korrekt\" \/>\n<meta property=\"og:url\" content=\"https:\/\/talkpal.ai\/sv\/vocabulary\/rumanska-tidsuttryck\/\" \/>\n<meta property=\"og:site_name\" content=\"Talkpal\" \/>\n<meta property=\"article:publisher\" content=\"https:\/\/www.facebook.com\/profile.php?id=100090733639311\" \/>\n<meta property=\"og:image\" content=\"https:\/\/talkpal.ai\/wp-content\/uploads\/2024\/10\/talkpal_flat_illustration_of_a_employees_working_together_happi_c674ff77-e477-4e09-835a-01d30e561e99.png\" \/>\n\t<meta property=\"og:image:width\" content=\"1024\" \/>\n\t<meta property=\"og:image:height\" content=\"1024\" \/>\n\t<meta property=\"og:image:type\" content=\"image\/png\" \/>\n<meta name=\"twitter:card\" content=\"summary_large_image\" \/>\n<meta name=\"twitter:site\" content=\"@talkpalai\" \/>\n<meta name=\"twitter:label1\" content=\"Ber\u00e4knad l\u00e4stid\" \/>\n\t<meta name=\"twitter:data1\" content=\"7 minuter\" \/>\n<script type=\"application\/ld+json\" class=\"yoast-schema-graph\">{\"@context\":\"https:\/\/schema.org\",\"@graph\":[{\"@type\":\"WebPage\",\"@id\":\"https:\/\/talkpal.ai\/sv\/vocabulary\/rumanska-tidsuttryck\/\",\"url\":\"https:\/\/talkpal.ai\/sv\/vocabulary\/rumanska-tidsuttryck\/\",\"name\":\"Rum\u00e4nska tidsuttryck - Talkpal\",\"isPartOf\":{\"@id\":\"https:\/\/talkpal.ai\/sv\/#website\"},\"primaryImageOfPage\":{\"@id\":\"https:\/\/talkpal.ai\/sv\/vocabulary\/rumanska-tidsuttryck\/#primaryimage\"},\"image\":{\"@id\":\"https:\/\/talkpal.ai\/sv\/vocabulary\/rumanska-tidsuttryck\/#primaryimage\"},\"thumbnailUrl\":\"https:\/\/talkpal.ai\/wp-content\/uploads\/2025\/12\/man-is-using-laptop-learning-languages.webp\",\"datePublished\":\"2024-06-08T20:07:32+00:00\",\"description\":\"Att l\u00e4ra sig ett nytt spr\u00e5k kan vara en sp\u00e4nnande resa, och en av de mest grundl\u00e4ggande aspekterna av att bem\u00e4stra ett spr\u00e5k \u00e4r att f\u00f6rst\u00e5 och korrekt\",\"breadcrumb\":{\"@id\":\"https:\/\/talkpal.ai\/sv\/vocabulary\/rumanska-tidsuttryck\/#breadcrumb\"},\"inLanguage\":\"sv-SE\",\"potentialAction\":[{\"@type\":\"ReadAction\",\"target\":[\"https:\/\/talkpal.ai\/sv\/vocabulary\/rumanska-tidsuttryck\/\"]}]},{\"@type\":\"ImageObject\",\"inLanguage\":\"sv-SE\",\"@id\":\"https:\/\/talkpal.ai\/sv\/vocabulary\/rumanska-tidsuttryck\/#primaryimage\",\"url\":\"https:\/\/talkpal.ai\/wp-content\/uploads\/2025\/12\/man-is-using-laptop-learning-languages.webp\",\"contentUrl\":\"https:\/\/talkpal.ai\/wp-content\/uploads\/2025\/12\/man-is-using-laptop-learning-languages.webp\",\"width\":1200,\"height\":896,\"caption\":\"A man works at a desk to learn languages with various browser windows open on his laptop.\"},{\"@type\":\"BreadcrumbList\",\"@id\":\"https:\/\/talkpal.ai\/sv\/vocabulary\/rumanska-tidsuttryck\/#breadcrumb\",\"itemListElement\":[{\"@type\":\"ListItem\",\"position\":1,\"name\":\"Homepage\",\"item\":\"https:\/\/talkpal.ai\/sv\/\"},{\"@type\":\"ListItem\",\"position\":2,\"name\":\"Rum\u00e4nska tidsuttryck\"}]},{\"@type\":\"WebSite\",\"@id\":\"https:\/\/talkpal.ai\/sv\/#website\",\"url\":\"https:\/\/talkpal.ai\/sv\/\",\"name\":\"Talkpal\",\"description\":\"AI Language Learning\",\"publisher\":{\"@id\":\"https:\/\/talkpal.ai\/sv\/#organization\"},\"alternateName\":\"Talkpal AI\",\"potentialAction\":[{\"@type\":\"SearchAction\",\"target\":{\"@type\":\"EntryPoint\",\"urlTemplate\":\"https:\/\/talkpal.ai\/sv\/?s={search_term_string}\"},\"query-input\":{\"@type\":\"PropertyValueSpecification\",\"valueRequired\":true,\"valueName\":\"search_term_string\"}}],\"inLanguage\":\"sv-SE\"},{\"@type\":\"Organization\",\"@id\":\"https:\/\/talkpal.ai\/sv\/#organization\",\"name\":\"Talkpal, Inc.\",\"alternateName\":\"Talkpal AI\",\"url\":\"https:\/\/talkpal.ai\/sv\/\",\"logo\":{\"@type\":\"ImageObject\",\"inLanguage\":\"sv-SE\",\"@id\":\"https:\/\/talkpal.ai\/sv\/#\/schema\/logo\/image\/\",\"url\":\"https:\/\/talkpal.ai\/wp-content\/uploads\/2024\/03\/Talkpal-Logo-Icon.png\",\"contentUrl\":\"https:\/\/talkpal.ai\/wp-content\/uploads\/2024\/03\/Talkpal-Logo-Icon.png\",\"width\":2880,\"height\":2880,\"caption\":\"Talkpal, Inc.\"},\"image\":{\"@id\":\"https:\/\/talkpal.ai\/sv\/#\/schema\/logo\/image\/\"},\"sameAs\":[\"https:\/\/www.facebook.com\/profile.php?id=100090733639311\",\"https:\/\/x.com\/talkpalai\",\"https:\/\/www.linkedin.com\/company\/talkpal\/\",\"https:\/\/www.youtube.com\/@TalkPal\/\",\"https:\/\/www.tiktok.com\/@talkpal\",\"https:\/\/www.instagram.com\/talkpal_ai\/\",\"https:\/\/www.crunchbase.com\/organization\/talkpal-9cde\",\"https:\/\/www.g2.com\/products\/talkpal-for-business\/\",\"https:\/\/www.trustpilot.com\/review\/talkpal.ai\",\"https:\/\/www.capterra.com\/p\/10006800\/TalkPal\/\"],\"description\":\"Talkpal is a language learning web and mobile education app, powered by the latest AI technologies, that provides engaging experiences to its customers in many different languages to help them improve their language skills. Users can chat about unlimited amount of topics with the app and use other modes to practice their language learning.\",\"email\":\"support@talkpal.ai\",\"legalName\":\"Talkpal, Inc.\",\"foundingDate\":\"2023-04-03\",\"duns\":\"118989042\",\"numberOfEmployees\":{\"@type\":\"QuantitativeValue\",\"minValue\":\"11\",\"maxValue\":\"50\"},\"publishingPrinciples\":\"https:\/\/talkpal.ai\/publishing-principles\/\",\"actionableFeedbackPolicy\":\"https:\/\/talkpal.ai\/actionable-feedback-policy\/\",\"correctionsPolicy\":\"https:\/\/talkpal.ai\/corrections-policy\/\",\"ethicsPolicy\":\"https:\/\/talkpal.ai\/ethics-policy\/\",\"diversityPolicy\":\"https:\/\/talkpal.ai\/diversity-policy\/\",\"diversityStaffingReport\":\"https:\/\/talkpal.ai\/diversity-policy\/\"}]}<\/script>\n<!-- \/ Yoast SEO Premium plugin. -->","yoast_head_json":{"title":"Rum\u00e4nska tidsuttryck - Talkpal","description":"Att l\u00e4ra sig ett nytt spr\u00e5k kan vara en sp\u00e4nnande resa, och en av de mest grundl\u00e4ggande aspekterna av att bem\u00e4stra ett spr\u00e5k \u00e4r att f\u00f6rst\u00e5 och korrekt","robots":{"index":"index","follow":"follow","max-snippet":"max-snippet:-1","max-image-preview":"max-image-preview:large","max-video-preview":"max-video-preview:-1"},"canonical":"https:\/\/talkpal.ai\/sv\/vocabulary\/rumanska-tidsuttryck\/","og_locale":"sv_SE","og_type":"article","og_title":"Rum\u00e4nska tidsuttryck","og_description":"Att l\u00e4ra sig ett nytt spr\u00e5k kan vara en sp\u00e4nnande resa, och en av de mest grundl\u00e4ggande aspekterna av att bem\u00e4stra ett spr\u00e5k \u00e4r att f\u00f6rst\u00e5 och korrekt","og_url":"https:\/\/talkpal.ai\/sv\/vocabulary\/rumanska-tidsuttryck\/","og_site_name":"Talkpal","article_publisher":"https:\/\/www.facebook.com\/profile.php?id=100090733639311","og_image":[{"width":1024,"height":1024,"url":"https:\/\/talkpal.ai\/wp-content\/uploads\/2024\/10\/talkpal_flat_illustration_of_a_employees_working_together_happi_c674ff77-e477-4e09-835a-01d30e561e99.png","type":"image\/png"}],"twitter_card":"summary_large_image","twitter_site":"@talkpalai","twitter_misc":{"Ber\u00e4knad l\u00e4stid":"7 minuter"},"schema":{"@context":"https:\/\/schema.org","@graph":[{"@type":"WebPage","@id":"https:\/\/talkpal.ai\/sv\/vocabulary\/rumanska-tidsuttryck\/","url":"https:\/\/talkpal.ai\/sv\/vocabulary\/rumanska-tidsuttryck\/","name":"Rum\u00e4nska tidsuttryck - Talkpal","isPartOf":{"@id":"https:\/\/talkpal.ai\/sv\/#website"},"primaryImageOfPage":{"@id":"https:\/\/talkpal.ai\/sv\/vocabulary\/rumanska-tidsuttryck\/#primaryimage"},"image":{"@id":"https:\/\/talkpal.ai\/sv\/vocabulary\/rumanska-tidsuttryck\/#primaryimage"},"thumbnailUrl":"https:\/\/talkpal.ai\/wp-content\/uploads\/2025\/12\/man-is-using-laptop-learning-languages.webp","datePublished":"2024-06-08T20:07:32+00:00","description":"Att l\u00e4ra sig ett nytt spr\u00e5k kan vara en sp\u00e4nnande resa, och en av de mest grundl\u00e4ggande aspekterna av att bem\u00e4stra ett spr\u00e5k \u00e4r att f\u00f6rst\u00e5 och korrekt","breadcrumb":{"@id":"https:\/\/talkpal.ai\/sv\/vocabulary\/rumanska-tidsuttryck\/#breadcrumb"},"inLanguage":"sv-SE","potentialAction":[{"@type":"ReadAction","target":["https:\/\/talkpal.ai\/sv\/vocabulary\/rumanska-tidsuttryck\/"]}]},{"@type":"ImageObject","inLanguage":"sv-SE","@id":"https:\/\/talkpal.ai\/sv\/vocabulary\/rumanska-tidsuttryck\/#primaryimage","url":"https:\/\/talkpal.ai\/wp-content\/uploads\/2025\/12\/man-is-using-laptop-learning-languages.webp","contentUrl":"https:\/\/talkpal.ai\/wp-content\/uploads\/2025\/12\/man-is-using-laptop-learning-languages.webp","width":1200,"height":896,"caption":"A man works at a desk to learn languages with various browser windows open on his laptop."},{"@type":"BreadcrumbList","@id":"https:\/\/talkpal.ai\/sv\/vocabulary\/rumanska-tidsuttryck\/#breadcrumb","itemListElement":[{"@type":"ListItem","position":1,"name":"Homepage","item":"https:\/\/talkpal.ai\/sv\/"},{"@type":"ListItem","position":2,"name":"Rum\u00e4nska tidsuttryck"}]},{"@type":"WebSite","@id":"https:\/\/talkpal.ai\/sv\/#website","url":"https:\/\/talkpal.ai\/sv\/","name":"Talkpal","description":"AI Language Learning","publisher":{"@id":"https:\/\/talkpal.ai\/sv\/#organization"},"alternateName":"Talkpal AI","potentialAction":[{"@type":"SearchAction","target":{"@type":"EntryPoint","urlTemplate":"https:\/\/talkpal.ai\/sv\/?s={search_term_string}"},"query-input":{"@type":"PropertyValueSpecification","valueRequired":true,"valueName":"search_term_string"}}],"inLanguage":"sv-SE"},{"@type":"Organization","@id":"https:\/\/talkpal.ai\/sv\/#organization","name":"Talkpal, Inc.","alternateName":"Talkpal AI","url":"https:\/\/talkpal.ai\/sv\/","logo":{"@type":"ImageObject","inLanguage":"sv-SE","@id":"https:\/\/talkpal.ai\/sv\/#\/schema\/logo\/image\/","url":"https:\/\/talkpal.ai\/wp-content\/uploads\/2024\/03\/Talkpal-Logo-Icon.png","contentUrl":"https:\/\/talkpal.ai\/wp-content\/uploads\/2024\/03\/Talkpal-Logo-Icon.png","width":2880,"height":2880,"caption":"Talkpal, Inc."},"image":{"@id":"https:\/\/talkpal.ai\/sv\/#\/schema\/logo\/image\/"},"sameAs":["https:\/\/www.facebook.com\/profile.php?id=100090733639311","https:\/\/x.com\/talkpalai","https:\/\/www.linkedin.com\/company\/talkpal\/","https:\/\/www.youtube.com\/@TalkPal\/","https:\/\/www.tiktok.com\/@talkpal","https:\/\/www.instagram.com\/talkpal_ai\/","https:\/\/www.crunchbase.com\/organization\/talkpal-9cde","https:\/\/www.g2.com\/products\/talkpal-for-business\/","https:\/\/www.trustpilot.com\/review\/talkpal.ai","https:\/\/www.capterra.com\/p\/10006800\/TalkPal\/"],"description":"Talkpal is a language learning web and mobile education app, powered by the latest AI technologies, that provides engaging experiences to its customers in many different languages to help them improve their language skills. Users can chat about unlimited amount of topics with the app and use other modes to practice their language learning.","email":"support@talkpal.ai","legalName":"Talkpal, Inc.","foundingDate":"2023-04-03","duns":"118989042","numberOfEmployees":{"@type":"QuantitativeValue","minValue":"11","maxValue":"50"},"publishingPrinciples":"https:\/\/talkpal.ai\/publishing-principles\/","actionableFeedbackPolicy":"https:\/\/talkpal.ai\/actionable-feedback-policy\/","correctionsPolicy":"https:\/\/talkpal.ai\/corrections-policy\/","ethicsPolicy":"https:\/\/talkpal.ai\/ethics-policy\/","diversityPolicy":"https:\/\/talkpal.ai\/diversity-policy\/","diversityStaffingReport":"https:\/\/talkpal.ai\/diversity-policy\/"}]}},"_links":{"self":[{"href":"https:\/\/talkpal.ai\/sv\/wp-json\/wp\/v2\/vocabulary\/717842","targetHints":{"allow":["GET"]}}],"collection":[{"href":"https:\/\/talkpal.ai\/sv\/wp-json\/wp\/v2\/vocabulary"}],"about":[{"href":"https:\/\/talkpal.ai\/sv\/wp-json\/wp\/v2\/types\/vocabulary"}],"wp:featuredmedia":[{"embeddable":true,"href":"https:\/\/talkpal.ai\/sv\/wp-json\/wp\/v2\/media\/1527773"}],"wp:attachment":[{"href":"https:\/\/talkpal.ai\/sv\/wp-json\/wp\/v2\/media?parent=717842"}],"wp:term":[{"taxonomy":"vocabulary_language","embeddable":true,"href":"https:\/\/talkpal.ai\/sv\/wp-json\/wp\/v2\/vocabulary_language?post=717842"}],"curies":[{"name":"wp","href":"https:\/\/api.w.org\/{rel}","templated":true}]}}