{"id":717826,"date":"2024-06-08T20:06:07","date_gmt":"2024-06-08T20:06:07","guid":{"rendered":"https:\/\/talkpal.ai\/vocabulary\/rumanska-fraser-for-att-uttrycka-asikter\/"},"modified":"2024-06-08T20:06:07","modified_gmt":"2024-06-08T20:06:07","slug":"rumanska-fraser-for-att-uttrycka-asikter","status":"publish","type":"vocabulary","link":"https:\/\/talkpal.ai\/sv\/vocabulary\/rumanska-fraser-for-att-uttrycka-asikter\/","title":{"rendered":"Rum\u00e4nska fraser f\u00f6r att uttrycka \u00e5sikter"},"content":{"rendered":"<p>Att uttrycka \u00e5sikter p\u00e5 ett fr\u00e4mmande spr\u00e5k \u00e4r en av de mest utmanande men ocks\u00e5 mest givande aspekterna av <a href=\"https:\/\/talkpal.ai\/sv\/hur-lar-man-sig-ett-sprak-via-talkpal-chat\/\">spr\u00e5kinl\u00e4rning<\/a>. Genom att l\u00e4ra sig fraser och ord f\u00f6r att uttrycka \u00e5sikter p\u00e5 <a href=\"https:\/\/talkpal.ai\/learn-romanian\/\">rum\u00e4nska<\/a> kan du f\u00f6rb\u00e4ttra din f\u00f6rm\u00e5ga att <a href=\"https:\/\/talkpal.ai\/locations\/language-courses-in-delta\/\">delta<\/a> i meningsfulla konversationer och f\u00f6rst\u00e5 kulturella nyanser. H\u00e4r \u00e4r n\u00e5gra viktiga rum\u00e4nska fraser och ord som hj\u00e4lper dig att uttrycka dina \u00e5sikter.<\/p>\n<h2>Grundl\u00e4ggande uttryck f\u00f6r \u00e5sikter<\/h2>\n<p><b>Eu cred c\u0103<\/b> \u2013 Jag tror att<br \/>\nEn av de mest grundl\u00e4ggande och anv\u00e4ndbara fraserna f\u00f6r att uttrycka en \u00e5sikt.<\/p>\n<p><font color=\"#2D3AC7\">Eu cred c\u0103 acest film este foarte bun.<\/font><\/p>\n<p><b>Eu consider c\u0103<\/b> \u2013 Jag anser att<br \/>\nEn formell fras som ofta anv\u00e4nds i skriftliga sammanhang eller formella diskussioner.<\/p>\n<p><font color=\"#2D3AC7\">Eu consider c\u0103 educa\u021bia este foarte important\u0103.<\/font><\/p>\n<p><b>Eu sunt de p\u0103rere c\u0103<\/b> \u2013 Jag \u00e4r av \u00e5sikten att<br \/>\nAnv\u00e4nds f\u00f6r att uttrycka en personlig \u00e5sikt p\u00e5 ett mer formellt s\u00e4tt.<\/p>\n<p><font color=\"#2D3AC7\">Eu sunt de p\u0103rere c\u0103 ar trebui s\u0103 protej\u0103m mediul \u00eenconjur\u0103tor.<\/font><\/p>\n<p><b>Mi se pare c\u0103<\/b> \u2013 Det verkar f\u00f6r mig att<br \/>\nAnv\u00e4nds f\u00f6r att uttrycka en uppfattning eller intryck.<\/p>\n<p><font color=\"#2D3AC7\">Mi se pare c\u0103 vremea se va schimba \u00een cur\u00e2nd.<\/font><\/p>\n<h2>Uttryck f\u00f6r att h\u00e5lla med<\/h2>\n<p><b>Sunt de acord<\/b> \u2013 Jag h\u00e5ller med<br \/>\nEn enkel och direkt fras f\u00f6r att visa att du delar n\u00e5gon annans \u00e5sikt.<\/p>\n<p><font color=\"#2D3AC7\">Sunt de acord cu tine \u00een aceast\u0103 privin\u021b\u0103.<\/font><\/p>\n<p><b>Ai dreptate<\/b> \u2013 Du har r\u00e4tt<br \/>\nAnv\u00e4nds f\u00f6r att bekr\u00e4fta att n\u00e5gon annans \u00e5sikt \u00e4r korrekt.<\/p>\n<p><font color=\"#2D3AC7\"><a href=\"https:\/\/talkpal.ai\/speaking-with-ai\/\">Ai<\/a> dreptate, aceasta este cea mai bun\u0103 solu\u021bie.<\/font><\/p>\n<p><b>\u00cemp\u0103rt\u0103\u0219esc aceea\u0219i p\u0103rere<\/b> \u2013 Jag delar samma \u00e5sikt<br \/>\nEn mer formell fras f\u00f6r att uttrycka \u00f6verenskommelse.<\/p>\n<p><font color=\"#2D3AC7\">\u00cemp\u0103rt\u0103\u0219esc aceea\u0219i p\u0103rere cu tine despre acest subiect.<\/font><\/p>\n<h2>Uttryck f\u00f6r att inte h\u00e5lla med<\/h2>\n<p><b>Nu sunt de acord<\/b> \u2013 Jag h\u00e5ller inte med<br \/>\nEn vanlig fras f\u00f6r att visa att du har en annan \u00e5sikt.<\/p>\n<p><font color=\"#2D3AC7\">Nu sunt de acord cu aceast\u0103 propunere.<\/font><\/p>\n<p><b>Nu cred c\u0103<\/b> \u2013 Jag tror inte att<br \/>\nAnv\u00e4nds f\u00f6r att uttrycka skepsis eller oenighet.<\/p>\n<p><font color=\"#2D3AC7\">Nu cred c\u0103 aceasta este cea mai bun\u0103 idee.<\/font><\/p>\n<p><b>Nu mi se pare corect<\/b> \u2013 Det verkar inte r\u00e4tt f\u00f6r mig<br \/>\nAnv\u00e4nds f\u00f6r att uttrycka att du inte tycker n\u00e5got \u00e4r r\u00e4ttvist eller korrekt.<\/p>\n<p><font color=\"#2D3AC7\">Nu mi se pare corect s\u0103 facem asta.<\/font><\/p>\n<p><b>M\u0103 \u00eendoiesc c\u0103<\/b> \u2013 Jag tvivlar p\u00e5 att<br \/>\nAnv\u00e4nds f\u00f6r att uttrycka tvivel om n\u00e5got.<\/p>\n<p><font color=\"#2D3AC7\">M\u0103 \u00eendoiesc c\u0103 va func\u021biona.<\/font><\/p>\n<h2>Nyansrika uttryck f\u00f6r \u00e5sikter<\/h2>\n<p><b>Din punctul meu de vedere<\/b> \u2013 Ur min synvinkel<br \/>\nAnv\u00e4nds f\u00f6r att presentera en \u00e5sikt ur ett personligt perspektiv.<\/p>\n<p><font color=\"#2D3AC7\">Din punctul meu de vedere, aceasta este o idee excelent\u0103.<\/font><\/p>\n<p><b>Dup\u0103 p\u0103rerea mea<\/b> \u2013 Enligt min mening<br \/>\nEn annan fras f\u00f6r att uttrycka en personlig \u00e5sikt.<\/p>\n<p><font color=\"#2D3AC7\">Dup\u0103 p\u0103rerea mea, ar trebui s\u0103 \u00eencepem imediat.<\/font><\/p>\n<p><b>\u00cen opinia mea<\/b> \u2013 Enligt min \u00e5sikt<br \/>\nEn mer formell fras f\u00f6r att uttrycka en \u00e5sikt.<\/p>\n<p><font color=\"#2D3AC7\">\u00cen opinia mea, acest proiect este foarte important.<\/font><\/p>\n<p><b>Cred c\u0103 ar trebui s\u0103<\/b> \u2013 Jag tror att vi borde<br \/>\nAnv\u00e4nds f\u00f6r att f\u00f6resl\u00e5 n\u00e5got baserat p\u00e5 din \u00e5sikt.<\/p>\n<p><font color=\"#2D3AC7\">Cred c\u0103 ar trebui s\u0103 discut\u0103m mai \u00eent\u00e2i.<\/font><\/p>\n<h2>Uttryck f\u00f6r att st\u00e4rka din \u00e5sikt<\/h2>\n<p><b>Sunt convins c\u0103<\/b> \u2013 Jag \u00e4r \u00f6vertygad om att<br \/>\nAnv\u00e4nds f\u00f6r att uttrycka en stark \u00f6vertygelse.<\/p>\n<p><font color=\"#2D3AC7\">Sunt convins c\u0103 vom reu\u0219i.<\/font><\/p>\n<p><b>Sunt sigur c\u0103<\/b> \u2013 Jag \u00e4r s\u00e4ker p\u00e5 att<br \/>\nEn annan fras f\u00f6r att uttrycka s\u00e4kerhet.<\/p>\n<p><font color=\"#2D3AC7\">Sunt sigur c\u0103 vei reu\u0219i.<\/font><\/p>\n<p><b>Nu am nicio \u00eendoial\u0103 c\u0103<\/b> \u2013 Jag har ingen tvekan om att<br \/>\nAnv\u00e4nds f\u00f6r att uttrycka fullst\u00e4ndig s\u00e4kerhet.<\/p>\n<p><font color=\"#2D3AC7\">Nu am nicio \u00eendoial\u0103 c\u0103 este adev\u0103rat.<\/font><\/p>\n<p><b>Pot s\u0103 garantez c\u0103<\/b> \u2013 Jag kan garantera att<br \/>\nAnv\u00e4nds f\u00f6r att uttrycka stor s\u00e4kerhet och \u00f6vertygelse.<\/p>\n<p><font color=\"#2D3AC7\">Pot s\u0103 garantez c\u0103 acest produs este de calitate.<\/font><\/p>\n<h2>Uttryck f\u00f6r att mildra din \u00e5sikt<\/h2>\n<p><b>Cred c\u0103 este posibil s\u0103<\/b> \u2013 Jag tror att det \u00e4r m\u00f6jligt att<br \/>\nAnv\u00e4nds f\u00f6r att uttrycka en \u00e5sikt p\u00e5 ett mer f\u00f6rsiktigt s\u00e4tt.<\/p>\n<p><font color=\"#2D3AC7\">Cred c\u0103 este posibil s\u0103 avem nevoie de mai mult timp.<\/font><\/p>\n<p><b>Probabil c\u0103<\/b> \u2013 F\u00f6rmodligen<br \/>\nAnv\u00e4nds f\u00f6r att uttrycka os\u00e4kerhet eller spekulation.<\/p>\n<p><font color=\"#2D3AC7\">Probabil c\u0103 va ploua m\u00e2ine.<\/font><\/p>\n<p><b>Poate c\u0103<\/b> \u2013 Kanske<br \/>\nEn annan fras f\u00f6r att uttrycka os\u00e4kerhet.<\/p>\n<p><font color=\"#2D3AC7\">Poate c\u0103 ar trebui s\u0103 \u00eencerc\u0103m din <a href=\"https:\/\/talkpal.ai\/talkpal-new-years-discount\/\">nou<\/a>.<\/font><\/p>\n<p><b>Nu sunt sigur, dar<\/b> \u2013 Jag \u00e4r inte s\u00e4ker, men<br \/>\nAnv\u00e4nds f\u00f6r att mildra en \u00e5sikt eller ett uttalande.<\/p>\n<p><font color=\"#2D3AC7\">Nu sunt sigur, dar cred c\u0103 ar putea func\u021biona.<\/font><\/p>\n<h2>Uttryck f\u00f6r att fr\u00e5ga om \u00e5sikter<\/h2>\n<p><b>Ce p\u0103rere ai despre<\/b> \u2013 Vad tycker du om<br \/>\nAnv\u00e4nds f\u00f6r att be n\u00e5gon annan om deras \u00e5sikt.<\/p>\n<p><font color=\"#2D3AC7\">Ce p\u0103rere ai despre acest film?<\/font><\/p>\n<p><b>Ce crezi despre<\/b> \u2013 Vad tror du om<br \/>\nEn annan fras f\u00f6r att fr\u00e5ga n\u00e5gon om deras \u00e5sikt.<\/p>\n<p><font color=\"#2D3AC7\">Ce crezi despre aceast\u0103 idee?<\/font><\/p>\n<p><b>Care este opinia ta despre<\/b> \u2013 Vad \u00e4r din \u00e5sikt om<br \/>\nEn mer formell fr\u00e5ga f\u00f6r att be om n\u00e5gons \u00e5sikt.<\/p>\n<p><font color=\"#2D3AC7\">Care este opinia ta despre aceast\u0103 propunere?<\/font><\/p>\n<p><b>Te rog s\u0103 \u00eemi spui ce crezi despre<\/b> \u2013 Sn\u00e4lla ber\u00e4tta vad du tycker om<br \/>\nAnv\u00e4nds f\u00f6r att uttrycka en artig f\u00f6rfr\u00e5gan om n\u00e5gons \u00e5sikt.<\/p>\n<p><font color=\"#2D3AC7\">Te rog s\u0103 \u00eemi spui ce crezi despre acest proiect.<\/font><\/p>\n<h2>Avslutande tankar<\/h2>\n<p>Att kunna uttrycka sina \u00e5sikter p\u00e5 rum\u00e4nska \u00e4r en viktig f\u00e4rdighet f\u00f6r att delta i meningsfulla konversationer och f\u00f6rst\u00e5 kulturella nyanser. Genom att \u00f6va dessa fraser och ord kan du f\u00f6rb\u00e4ttra din f\u00f6rm\u00e5ga att kommunicera effektivt och artigt p\u00e5 rum\u00e4nska. Kom ih\u00e5g att det \u00e4r viktigt att inte bara l\u00e4ra sig orden, utan ocks\u00e5 att f\u00f6rst\u00e5 hur och n\u00e4r de anv\u00e4nds f\u00f6r att uttrycka olika nyanser och k\u00e4nslor.<\/p>\n<p>Att \u00f6va dessa fraser i olika sammanhang, till exempel i samtal med v\u00e4nner, kollegor eller i skriftliga uppgifter, kan hj\u00e4lpa dig att bli mer sj\u00e4lvs\u00e4ker och flytande i ditt spr\u00e5kbruk. Lycka till med din spr\u00e5kinl\u00e4rning!<\/p>\n","protected":false},"featured_media":1527856,"template":"","vocabulary_language":[4202],"class_list":["post-717826","vocabulary","type-vocabulary","status-publish","has-post-thumbnail","hentry","vocabulary_language-rumanska"],"acf":[],"yoast_head":"<!-- This site is optimized with the Yoast SEO Premium plugin v27.2 (Yoast SEO v27.2) - https:\/\/yoast.com\/product\/yoast-seo-premium-wordpress\/ -->\n<title>Rum\u00e4nska fraser f\u00f6r att uttrycka \u00e5sikter - Talkpal<\/title>\n<meta name=\"description\" content=\"Att uttrycka \u00e5sikter p\u00e5 ett fr\u00e4mmande spr\u00e5k \u00e4r en av de mest utmanande men ocks\u00e5 mest givande aspekterna av spr\u00e5kinl\u00e4rning. Genom att l\u00e4ra sig fraser och\" \/>\n<meta name=\"robots\" content=\"index, follow, max-snippet:-1, max-image-preview:large, max-video-preview:-1\" \/>\n<link rel=\"canonical\" href=\"https:\/\/talkpal.ai\/sv\/vocabulary\/rumanska-fraser-for-att-uttrycka-asikter\/\" \/>\n<meta property=\"og:locale\" content=\"sv_SE\" \/>\n<meta property=\"og:type\" content=\"article\" \/>\n<meta property=\"og:title\" content=\"Rum\u00e4nska fraser f\u00f6r att uttrycka \u00e5sikter\" \/>\n<meta property=\"og:description\" content=\"Att uttrycka \u00e5sikter p\u00e5 ett fr\u00e4mmande spr\u00e5k \u00e4r en av de mest utmanande men ocks\u00e5 mest givande aspekterna av spr\u00e5kinl\u00e4rning. Genom att l\u00e4ra sig fraser och\" \/>\n<meta property=\"og:url\" content=\"https:\/\/talkpal.ai\/sv\/vocabulary\/rumanska-fraser-for-att-uttrycka-asikter\/\" \/>\n<meta property=\"og:site_name\" content=\"Talkpal\" \/>\n<meta property=\"article:publisher\" content=\"https:\/\/www.facebook.com\/profile.php?id=100090733639311\" \/>\n<meta property=\"og:image\" content=\"https:\/\/talkpal.ai\/wp-content\/uploads\/2024\/10\/talkpal_flat_illustration_of_a_employees_working_together_happi_c674ff77-e477-4e09-835a-01d30e561e99.png\" \/>\n\t<meta property=\"og:image:width\" content=\"1024\" \/>\n\t<meta property=\"og:image:height\" content=\"1024\" \/>\n\t<meta property=\"og:image:type\" content=\"image\/png\" \/>\n<meta name=\"twitter:card\" content=\"summary_large_image\" \/>\n<meta name=\"twitter:site\" content=\"@talkpalai\" \/>\n<meta name=\"twitter:label1\" content=\"Ber\u00e4knad l\u00e4stid\" \/>\n\t<meta name=\"twitter:data1\" content=\"5 minuter\" \/>\n<script type=\"application\/ld+json\" class=\"yoast-schema-graph\">{\"@context\":\"https:\/\/schema.org\",\"@graph\":[{\"@type\":\"WebPage\",\"@id\":\"https:\/\/talkpal.ai\/sv\/vocabulary\/rumanska-fraser-for-att-uttrycka-asikter\/\",\"url\":\"https:\/\/talkpal.ai\/sv\/vocabulary\/rumanska-fraser-for-att-uttrycka-asikter\/\",\"name\":\"Rum\u00e4nska fraser f\u00f6r att uttrycka \u00e5sikter - Talkpal\",\"isPartOf\":{\"@id\":\"https:\/\/talkpal.ai\/sv\/#website\"},\"primaryImageOfPage\":{\"@id\":\"https:\/\/talkpal.ai\/sv\/vocabulary\/rumanska-fraser-for-att-uttrycka-asikter\/#primaryimage\"},\"image\":{\"@id\":\"https:\/\/talkpal.ai\/sv\/vocabulary\/rumanska-fraser-for-att-uttrycka-asikter\/#primaryimage\"},\"thumbnailUrl\":\"https:\/\/talkpal.ai\/wp-content\/uploads\/2025\/12\/person-is-learning-languages-in-cafe.webp\",\"datePublished\":\"2024-06-08T20:06:07+00:00\",\"description\":\"Att uttrycka \u00e5sikter p\u00e5 ett fr\u00e4mmande spr\u00e5k \u00e4r en av de mest utmanande men ocks\u00e5 mest givande aspekterna av spr\u00e5kinl\u00e4rning. Genom att l\u00e4ra sig fraser och\",\"breadcrumb\":{\"@id\":\"https:\/\/talkpal.ai\/sv\/vocabulary\/rumanska-fraser-for-att-uttrycka-asikter\/#breadcrumb\"},\"inLanguage\":\"sv-SE\",\"potentialAction\":[{\"@type\":\"ReadAction\",\"target\":[\"https:\/\/talkpal.ai\/sv\/vocabulary\/rumanska-fraser-for-att-uttrycka-asikter\/\"]}]},{\"@type\":\"ImageObject\",\"inLanguage\":\"sv-SE\",\"@id\":\"https:\/\/talkpal.ai\/sv\/vocabulary\/rumanska-fraser-for-att-uttrycka-asikter\/#primaryimage\",\"url\":\"https:\/\/talkpal.ai\/wp-content\/uploads\/2025\/12\/person-is-learning-languages-in-cafe.webp\",\"contentUrl\":\"https:\/\/talkpal.ai\/wp-content\/uploads\/2025\/12\/person-is-learning-languages-in-cafe.webp\",\"width\":1200,\"height\":896,\"caption\":\"A man with glasses and headphones works on a laptop to learn languages in a coffee shop.\"},{\"@type\":\"BreadcrumbList\",\"@id\":\"https:\/\/talkpal.ai\/sv\/vocabulary\/rumanska-fraser-for-att-uttrycka-asikter\/#breadcrumb\",\"itemListElement\":[{\"@type\":\"ListItem\",\"position\":1,\"name\":\"Homepage\",\"item\":\"https:\/\/talkpal.ai\/sv\/\"},{\"@type\":\"ListItem\",\"position\":2,\"name\":\"Rum\u00e4nska fraser f\u00f6r att uttrycka \u00e5sikter\"}]},{\"@type\":\"WebSite\",\"@id\":\"https:\/\/talkpal.ai\/sv\/#website\",\"url\":\"https:\/\/talkpal.ai\/sv\/\",\"name\":\"Talkpal\",\"description\":\"AI Language Learning\",\"publisher\":{\"@id\":\"https:\/\/talkpal.ai\/sv\/#organization\"},\"alternateName\":\"Talkpal AI\",\"potentialAction\":[{\"@type\":\"SearchAction\",\"target\":{\"@type\":\"EntryPoint\",\"urlTemplate\":\"https:\/\/talkpal.ai\/sv\/?s={search_term_string}\"},\"query-input\":{\"@type\":\"PropertyValueSpecification\",\"valueRequired\":true,\"valueName\":\"search_term_string\"}}],\"inLanguage\":\"sv-SE\"},{\"@type\":\"Organization\",\"@id\":\"https:\/\/talkpal.ai\/sv\/#organization\",\"name\":\"Talkpal, Inc.\",\"alternateName\":\"Talkpal AI\",\"url\":\"https:\/\/talkpal.ai\/sv\/\",\"logo\":{\"@type\":\"ImageObject\",\"inLanguage\":\"sv-SE\",\"@id\":\"https:\/\/talkpal.ai\/sv\/#\/schema\/logo\/image\/\",\"url\":\"https:\/\/talkpal.ai\/wp-content\/uploads\/2024\/03\/Talkpal-Logo-Icon.png\",\"contentUrl\":\"https:\/\/talkpal.ai\/wp-content\/uploads\/2024\/03\/Talkpal-Logo-Icon.png\",\"width\":2880,\"height\":2880,\"caption\":\"Talkpal, Inc.\"},\"image\":{\"@id\":\"https:\/\/talkpal.ai\/sv\/#\/schema\/logo\/image\/\"},\"sameAs\":[\"https:\/\/www.facebook.com\/profile.php?id=100090733639311\",\"https:\/\/x.com\/talkpalai\",\"https:\/\/www.linkedin.com\/company\/talkpal\/\",\"https:\/\/www.youtube.com\/@TalkPal\/\",\"https:\/\/www.tiktok.com\/@talkpal\",\"https:\/\/www.instagram.com\/talkpal_ai\/\",\"https:\/\/www.crunchbase.com\/organization\/talkpal-9cde\",\"https:\/\/www.g2.com\/products\/talkpal-for-business\/\",\"https:\/\/www.trustpilot.com\/review\/talkpal.ai\",\"https:\/\/www.capterra.com\/p\/10006800\/TalkPal\/\"],\"description\":\"Talkpal is a language learning web and mobile education app, powered by the latest AI technologies, that provides engaging experiences to its customers in many different languages to help them improve their language skills. Users can chat about unlimited amount of topics with the app and use other modes to practice their language learning.\",\"email\":\"support@talkpal.ai\",\"legalName\":\"Talkpal, Inc.\",\"foundingDate\":\"2023-04-03\",\"duns\":\"118989042\",\"numberOfEmployees\":{\"@type\":\"QuantitativeValue\",\"minValue\":\"11\",\"maxValue\":\"50\"},\"publishingPrinciples\":\"https:\/\/talkpal.ai\/publishing-principles\/\",\"actionableFeedbackPolicy\":\"https:\/\/talkpal.ai\/actionable-feedback-policy\/\",\"correctionsPolicy\":\"https:\/\/talkpal.ai\/corrections-policy\/\",\"ethicsPolicy\":\"https:\/\/talkpal.ai\/ethics-policy\/\",\"diversityPolicy\":\"https:\/\/talkpal.ai\/diversity-policy\/\",\"diversityStaffingReport\":\"https:\/\/talkpal.ai\/diversity-policy\/\"}]}<\/script>\n<!-- \/ Yoast SEO Premium plugin. -->","yoast_head_json":{"title":"Rum\u00e4nska fraser f\u00f6r att uttrycka \u00e5sikter - Talkpal","description":"Att uttrycka \u00e5sikter p\u00e5 ett fr\u00e4mmande spr\u00e5k \u00e4r en av de mest utmanande men ocks\u00e5 mest givande aspekterna av spr\u00e5kinl\u00e4rning. Genom att l\u00e4ra sig fraser och","robots":{"index":"index","follow":"follow","max-snippet":"max-snippet:-1","max-image-preview":"max-image-preview:large","max-video-preview":"max-video-preview:-1"},"canonical":"https:\/\/talkpal.ai\/sv\/vocabulary\/rumanska-fraser-for-att-uttrycka-asikter\/","og_locale":"sv_SE","og_type":"article","og_title":"Rum\u00e4nska fraser f\u00f6r att uttrycka \u00e5sikter","og_description":"Att uttrycka \u00e5sikter p\u00e5 ett fr\u00e4mmande spr\u00e5k \u00e4r en av de mest utmanande men ocks\u00e5 mest givande aspekterna av spr\u00e5kinl\u00e4rning. Genom att l\u00e4ra sig fraser och","og_url":"https:\/\/talkpal.ai\/sv\/vocabulary\/rumanska-fraser-for-att-uttrycka-asikter\/","og_site_name":"Talkpal","article_publisher":"https:\/\/www.facebook.com\/profile.php?id=100090733639311","og_image":[{"width":1024,"height":1024,"url":"https:\/\/talkpal.ai\/wp-content\/uploads\/2024\/10\/talkpal_flat_illustration_of_a_employees_working_together_happi_c674ff77-e477-4e09-835a-01d30e561e99.png","type":"image\/png"}],"twitter_card":"summary_large_image","twitter_site":"@talkpalai","twitter_misc":{"Ber\u00e4knad l\u00e4stid":"5 minuter"},"schema":{"@context":"https:\/\/schema.org","@graph":[{"@type":"WebPage","@id":"https:\/\/talkpal.ai\/sv\/vocabulary\/rumanska-fraser-for-att-uttrycka-asikter\/","url":"https:\/\/talkpal.ai\/sv\/vocabulary\/rumanska-fraser-for-att-uttrycka-asikter\/","name":"Rum\u00e4nska fraser f\u00f6r att uttrycka \u00e5sikter - Talkpal","isPartOf":{"@id":"https:\/\/talkpal.ai\/sv\/#website"},"primaryImageOfPage":{"@id":"https:\/\/talkpal.ai\/sv\/vocabulary\/rumanska-fraser-for-att-uttrycka-asikter\/#primaryimage"},"image":{"@id":"https:\/\/talkpal.ai\/sv\/vocabulary\/rumanska-fraser-for-att-uttrycka-asikter\/#primaryimage"},"thumbnailUrl":"https:\/\/talkpal.ai\/wp-content\/uploads\/2025\/12\/person-is-learning-languages-in-cafe.webp","datePublished":"2024-06-08T20:06:07+00:00","description":"Att uttrycka \u00e5sikter p\u00e5 ett fr\u00e4mmande spr\u00e5k \u00e4r en av de mest utmanande men ocks\u00e5 mest givande aspekterna av spr\u00e5kinl\u00e4rning. Genom att l\u00e4ra sig fraser och","breadcrumb":{"@id":"https:\/\/talkpal.ai\/sv\/vocabulary\/rumanska-fraser-for-att-uttrycka-asikter\/#breadcrumb"},"inLanguage":"sv-SE","potentialAction":[{"@type":"ReadAction","target":["https:\/\/talkpal.ai\/sv\/vocabulary\/rumanska-fraser-for-att-uttrycka-asikter\/"]}]},{"@type":"ImageObject","inLanguage":"sv-SE","@id":"https:\/\/talkpal.ai\/sv\/vocabulary\/rumanska-fraser-for-att-uttrycka-asikter\/#primaryimage","url":"https:\/\/talkpal.ai\/wp-content\/uploads\/2025\/12\/person-is-learning-languages-in-cafe.webp","contentUrl":"https:\/\/talkpal.ai\/wp-content\/uploads\/2025\/12\/person-is-learning-languages-in-cafe.webp","width":1200,"height":896,"caption":"A man with glasses and headphones works on a laptop to learn languages in a coffee shop."},{"@type":"BreadcrumbList","@id":"https:\/\/talkpal.ai\/sv\/vocabulary\/rumanska-fraser-for-att-uttrycka-asikter\/#breadcrumb","itemListElement":[{"@type":"ListItem","position":1,"name":"Homepage","item":"https:\/\/talkpal.ai\/sv\/"},{"@type":"ListItem","position":2,"name":"Rum\u00e4nska fraser f\u00f6r att uttrycka \u00e5sikter"}]},{"@type":"WebSite","@id":"https:\/\/talkpal.ai\/sv\/#website","url":"https:\/\/talkpal.ai\/sv\/","name":"Talkpal","description":"AI Language Learning","publisher":{"@id":"https:\/\/talkpal.ai\/sv\/#organization"},"alternateName":"Talkpal AI","potentialAction":[{"@type":"SearchAction","target":{"@type":"EntryPoint","urlTemplate":"https:\/\/talkpal.ai\/sv\/?s={search_term_string}"},"query-input":{"@type":"PropertyValueSpecification","valueRequired":true,"valueName":"search_term_string"}}],"inLanguage":"sv-SE"},{"@type":"Organization","@id":"https:\/\/talkpal.ai\/sv\/#organization","name":"Talkpal, Inc.","alternateName":"Talkpal AI","url":"https:\/\/talkpal.ai\/sv\/","logo":{"@type":"ImageObject","inLanguage":"sv-SE","@id":"https:\/\/talkpal.ai\/sv\/#\/schema\/logo\/image\/","url":"https:\/\/talkpal.ai\/wp-content\/uploads\/2024\/03\/Talkpal-Logo-Icon.png","contentUrl":"https:\/\/talkpal.ai\/wp-content\/uploads\/2024\/03\/Talkpal-Logo-Icon.png","width":2880,"height":2880,"caption":"Talkpal, Inc."},"image":{"@id":"https:\/\/talkpal.ai\/sv\/#\/schema\/logo\/image\/"},"sameAs":["https:\/\/www.facebook.com\/profile.php?id=100090733639311","https:\/\/x.com\/talkpalai","https:\/\/www.linkedin.com\/company\/talkpal\/","https:\/\/www.youtube.com\/@TalkPal\/","https:\/\/www.tiktok.com\/@talkpal","https:\/\/www.instagram.com\/talkpal_ai\/","https:\/\/www.crunchbase.com\/organization\/talkpal-9cde","https:\/\/www.g2.com\/products\/talkpal-for-business\/","https:\/\/www.trustpilot.com\/review\/talkpal.ai","https:\/\/www.capterra.com\/p\/10006800\/TalkPal\/"],"description":"Talkpal is a language learning web and mobile education app, powered by the latest AI technologies, that provides engaging experiences to its customers in many different languages to help them improve their language skills. Users can chat about unlimited amount of topics with the app and use other modes to practice their language learning.","email":"support@talkpal.ai","legalName":"Talkpal, Inc.","foundingDate":"2023-04-03","duns":"118989042","numberOfEmployees":{"@type":"QuantitativeValue","minValue":"11","maxValue":"50"},"publishingPrinciples":"https:\/\/talkpal.ai\/publishing-principles\/","actionableFeedbackPolicy":"https:\/\/talkpal.ai\/actionable-feedback-policy\/","correctionsPolicy":"https:\/\/talkpal.ai\/corrections-policy\/","ethicsPolicy":"https:\/\/talkpal.ai\/ethics-policy\/","diversityPolicy":"https:\/\/talkpal.ai\/diversity-policy\/","diversityStaffingReport":"https:\/\/talkpal.ai\/diversity-policy\/"}]}},"_links":{"self":[{"href":"https:\/\/talkpal.ai\/sv\/wp-json\/wp\/v2\/vocabulary\/717826","targetHints":{"allow":["GET"]}}],"collection":[{"href":"https:\/\/talkpal.ai\/sv\/wp-json\/wp\/v2\/vocabulary"}],"about":[{"href":"https:\/\/talkpal.ai\/sv\/wp-json\/wp\/v2\/types\/vocabulary"}],"wp:featuredmedia":[{"embeddable":true,"href":"https:\/\/talkpal.ai\/sv\/wp-json\/wp\/v2\/media\/1527856"}],"wp:attachment":[{"href":"https:\/\/talkpal.ai\/sv\/wp-json\/wp\/v2\/media?parent=717826"}],"wp:term":[{"taxonomy":"vocabulary_language","embeddable":true,"href":"https:\/\/talkpal.ai\/sv\/wp-json\/wp\/v2\/vocabulary_language?post=717826"}],"curies":[{"name":"wp","href":"https:\/\/api.w.org\/{rel}","templated":true}]}}