{"id":717815,"date":"2024-06-08T20:05:13","date_gmt":"2024-06-08T20:05:13","guid":{"rendered":"https:\/\/talkpal.ai\/vocabulary\/rumanska-fraser-som-anvands-vid-festivaler-och-kulturevenemang\/"},"modified":"2024-06-08T20:05:13","modified_gmt":"2024-06-08T20:05:13","slug":"rumanska-fraser-som-anvands-vid-festivaler-och-kulturevenemang","status":"publish","type":"vocabulary","link":"https:\/\/talkpal.ai\/sv\/vocabulary\/rumanska-fraser-som-anvands-vid-festivaler-och-kulturevenemang\/","title":{"rendered":"Rum\u00e4nska fraser som anv\u00e4nds vid festivaler och kulturevenemang"},"content":{"rendered":"<p>Att <a href=\"https:\/\/talkpal.ai\/locations\/language-courses-in-delta\/\">delta<\/a> i festivaler och kulturevenemang \u00e4r ett fantastiskt s\u00e4tt att f\u00f6rdjupa sig i ett lands kultur och samh\u00e4lle. Rum\u00e4nien \u00e4r k\u00e4nt f\u00f6r sina livliga festivaler och rika kulturella traditioner. F\u00f6r att verkligen kunna njuta av dessa evenemang och kommunicera effektivt med lokalbefolkningen, \u00e4r det anv\u00e4ndbart att l\u00e4ra sig n\u00e5gra vanliga <a href=\"https:\/\/talkpal.ai\/learn-romanian\/\">rum\u00e4nska<\/a> fraser. I denna artikel kommer vi att utforska n\u00e5gra av de mest anv\u00e4ndbara fraserna och orden som du kan st\u00f6ta p\u00e5 vid s\u00e5dana tillf\u00e4llen.<\/p>\n<h2>Grundl\u00e4ggande h\u00e4lsningsfraser<\/h2>\n<p><b>Bun\u0103 ziua<\/b> &#8211; God dag.<br \/>\nAtt <a href=\"https:\/\/talkpal.ai\/culture\/what-is-the-difference-between-halsa-pa-and-halsa\/\">h\u00e4lsa p\u00e5<\/a> folk \u00e4r grundl\u00e4ggande i alla sociala sammanhang.<br \/>\n<font color=\"#2D3AC7\">Bun\u0103 ziua! Cum v\u0103 sim\u021bi\u021bi ast\u0103zi?<\/font><\/p>\n<p><b>Salut<\/b> &#8211; Hej.<br \/>\nEn informell h\u00e4lsningsfras som anv\u00e4nds bland v\u00e4nner och bekanta.<br \/>\n<font color=\"#2D3AC7\">Salut! E\u0219ti preg\u0103tit pentru festival?<\/font><\/p>\n<p><b>Bun\u0103 seara<\/b> &#8211; God kv\u00e4ll.<br \/>\nAnv\u00e4nds f\u00f6r att h\u00e4lsa p\u00e5 n\u00e5gon p\u00e5 kv\u00e4llen.<br \/>\n<font color=\"#2D3AC7\">Bun\u0103 seara! Ce planuri ave\u021bi pentru seara aceasta?<\/font><\/p>\n<h2>Vanliga fraser vid festivaler<\/h2>\n<p><b>Unde este festivalul?<\/b> &#8211; Var \u00e4r festivalen?<br \/>\nEn fr\u00e5ga som hj\u00e4lper dig att hitta till festivalplatsen.<br \/>\n<font color=\"#2D3AC7\">Unde este festivalul de muzic\u0103 tradi\u021bional\u0103?<\/font><\/p>\n<p><b>C\u00e2t cost\u0103 biletul?<\/b> &#8211; Hur mycket kostar biljetten?<br \/>\nAnv\u00e4ndbar n\u00e4r du ska k\u00f6pa entr\u00e9biljetter.<br \/>\n<font color=\"#2D3AC7\">C\u00e2t cost\u0103 biletul pentru concertul de disear\u0103?<\/font><\/p>\n<p><b>Programul<\/b> &#8211; Programmet.<br \/>\nDetta ord \u00e4r anv\u00e4ndbart n\u00e4r du vill veta n\u00e4r och var olika aktiviteter \u00e4ger rum.<br \/>\n<font color=\"#2D3AC7\">Pute\u021bi s\u0103-mi ar\u0103ta\u021bi programul festivalului?<\/font><\/p>\n<p><b>Ce activit\u0103\u021bi sunt disponibile?<\/b> &#8211; Vilka aktiviteter \u00e4r tillg\u00e4ngliga?<br \/>\nEn fr\u00e5ga som hj\u00e4lper dig att f\u00e5 en \u00f6verblick \u00f6ver vad som erbjuds.<br \/>\n<font color=\"#2D3AC7\">Ce activit\u0103\u021bi sunt disponibile pentru copii?<\/font><\/p>\n<h2>Mat och dryck<\/h2>\n<p><b>M\u00e2ncare<\/b> &#8211; Mat.<br \/>\nDetta ord kommer du att st\u00f6ta p\u00e5 ofta vid matst\u00e5nd och restauranger.<br \/>\n<font color=\"#2D3AC7\">Ce fel de m\u00e2ncare tradi\u021bional\u0103 ave\u021bi?<\/font><\/p>\n<p><b>B\u0103utur\u0103<\/b> &#8211; Dryck.<br \/>\nAnv\u00e4ndbart n\u00e4r du vill best\u00e4lla n\u00e5got att dricka.<br \/>\n<font color=\"#2D3AC7\">Ce b\u0103utur\u0103 recomanda\u021bi?<\/font><\/p>\n<p><b>Delicios<\/b> &#8211; Uts\u00f6kt.<br \/>\nEtt <a href=\"https:\/\/talkpal.ai\/locations\/learn-english-in-bra\/\">bra<\/a> ord att anv\u00e4nda n\u00e4r du vill ber\u00f6mma maten.<br \/>\n<font color=\"#2D3AC7\">Aceast\u0103 m\u00e2ncare este absolut delicioas\u0103!<\/font><\/p>\n<p><b>Poft\u0103 bun\u0103<\/b> &#8211; Smaklig m\u00e5ltid.<br \/>\nEn vanlig fras som anv\u00e4nds innan man b\u00f6rjar \u00e4ta.<br \/>\n<font color=\"#2D3AC7\">Poft\u0103 bun\u0103! S\u0103 ave\u021bi o mas\u0103 minunat\u0103.<\/font><\/p>\n<h2>Kulturella uttryck<\/h2>\n<p><b>Tradi\u021bie<\/b> &#8211; Tradition.<br \/>\nAnv\u00e4nds ofta f\u00f6r att beskriva kulturella vanor och sedv\u00e4njor.<br \/>\n<font color=\"#2D3AC7\">Festivalul acesta p\u0103streaz\u0103 o tradi\u021bie veche de secole.<\/font><\/p>\n<p><b>Dans popular<\/b> &#8211; Folkdans.<br \/>\nFolkdans \u00e4r en viktig del av m\u00e5nga rum\u00e4nska festivaler.<br \/>\n<font color=\"#2D3AC7\">\u00ce\u021bi place s\u0103 prive\u0219ti dansul popular?<\/font><\/p>\n<p><b>Costum tradi\u021bional<\/b> &#8211; <a href=\"https:\/\/talkpal.ai\/will-ai-kill-traditional-language-learning\/\">Traditionell<\/a> dr\u00e4kt.<br \/>\nM\u00e5nga festivaldeltagare b\u00e4r traditionella kl\u00e4der.<br \/>\n<font color=\"#2D3AC7\">Costumele tradi\u021bionale sunt foarte frumoase.<\/font><\/p>\n<p><b>Muzic\u0103 live<\/b> &#8211; Levande musik.<br \/>\nLevande musik \u00e4r ofta en h\u00f6jdpunkt p\u00e5 festivaler.<br \/>\n<font color=\"#2D3AC7\">Vom avea muzic\u0103 live \u00een aceast\u0103 sear\u0103.<\/font><\/p>\n<h2>Anv\u00e4ndbara fr\u00e5gor och uttryck<\/h2>\n<p><b>\u00cemi pute\u021bi spune mai multe despre acest eveniment?<\/b> &#8211; Kan du ber\u00e4tta mer om detta evenemang?<br \/>\nEn anv\u00e4ndbar fr\u00e5ga f\u00f6r att f\u00e5 mer information.<br \/>\n<font color=\"#2D3AC7\">\u00cemi pute\u021bi spune mai multe despre acest eveniment cultural?<\/font><\/p>\n<p><b>Unde pot g\u0103si un loc de parcare?<\/b> &#8211; Var kan jag hitta en parkeringsplats?<br \/>\nEn praktisk fr\u00e5ga om du k\u00f6r till evenemanget.<br \/>\n<font color=\"#2D3AC7\">Unde pot g\u0103si un loc de parcare aproape de festival?<\/font><\/p>\n<p><b>Exist\u0103 reduceri pentru copii?<\/b> &#8211; Finns det rabatter f\u00f6r barn?<br \/>\n<a href=\"https:\/\/talkpal.ai\/locations\/learn-english-in-bra\/\">Bra<\/a> att veta om du g\u00e5r p\u00e5 festivalen med familjen.<br \/>\n<font color=\"#2D3AC7\">Exist\u0103 reduceri pentru copii la acest eveniment?<\/font><\/p>\n<p><b>Ce recomanda\u021bi s\u0103 vizit\u0103m?<\/b> &#8211; Vad rekommenderar ni att vi bes\u00f6ker?<br \/>\nFr\u00e5ga n\u00e5gon lokal f\u00f6r att f\u00e5 de b\u00e4sta tipsen.<br \/>\n<font color=\"#2D3AC7\">Ce recomanda\u021bi s\u0103 vizit\u0103m \u00een timpul festivalului?<\/font><\/p>\n<h2>Avslutande fraser<\/h2>\n<p><b>Mul\u021bumesc<\/b> &#8211; Tack.<br \/>\nEn enkel men viktig fras att anv\u00e4nda f\u00f6r att visa uppskattning.<br \/>\n<font color=\"#2D3AC7\">Mul\u021bumesc pentru informa\u021bii!<\/font><\/p>\n<p><b>La revedere<\/b> &#8211; Adj\u00f6.<br \/>\nAnv\u00e4nds n\u00e4r du ska s\u00e4ga adj\u00f6 till n\u00e5gon.<br \/>\n<font color=\"#2D3AC7\">La revedere! S\u0103 ave\u021bi o zi frumoas\u0103.<\/font><\/p>\n<p><b>Ne vedem mai t\u00e2rziu<\/b> &#8211; Vi ses senare.<br \/>\nEn bra fras n\u00e4r du planerar att tr\u00e4ffas igen senare.<br \/>\n<font color=\"#2D3AC7\">Ne vedem mai t\u00e2rziu la concert.<\/font><\/p>\n<p>Att l\u00e4ra sig dessa fraser och ord kommer inte bara att g\u00f6ra ditt festivalbes\u00f6k roligare, utan ocks\u00e5 hj\u00e4lpa dig att f\u00e5 en djupare f\u00f6rst\u00e5else f\u00f6r den rum\u00e4nska kulturen. Kom ih\u00e5g att \u00f6vning ger f\u00e4rdighet, s\u00e5 f\u00f6rs\u00f6k att anv\u00e4nda dessa fraser s\u00e5 ofta som m\u00f6jligt. Lycka till och ha kul p\u00e5 din n\u00e4sta rum\u00e4nska festival!<\/p>\n","protected":false},"featured_media":1527795,"template":"","vocabulary_language":[4202],"class_list":["post-717815","vocabulary","type-vocabulary","status-publish","has-post-thumbnail","hentry","vocabulary_language-rumanska"],"acf":[],"yoast_head":"<!-- This site is optimized with the Yoast SEO Premium plugin v27.2 (Yoast SEO v27.2) - https:\/\/yoast.com\/product\/yoast-seo-premium-wordpress\/ -->\n<title>Rum\u00e4nska fraser som anv\u00e4nds vid festivaler och kulturevenemang - Talkpal<\/title>\n<meta name=\"description\" content=\"Att delta i festivaler och kulturevenemang \u00e4r ett fantastiskt s\u00e4tt att f\u00f6rdjupa sig i ett lands kultur och samh\u00e4lle. Rum\u00e4nien \u00e4r k\u00e4nt f\u00f6r sina livliga\" \/>\n<meta name=\"robots\" content=\"index, follow, max-snippet:-1, max-image-preview:large, max-video-preview:-1\" \/>\n<link rel=\"canonical\" href=\"https:\/\/talkpal.ai\/sv\/vocabulary\/rumanska-fraser-som-anvands-vid-festivaler-och-kulturevenemang\/\" \/>\n<meta property=\"og:locale\" content=\"sv_SE\" \/>\n<meta property=\"og:type\" content=\"article\" \/>\n<meta property=\"og:title\" content=\"Rum\u00e4nska fraser som anv\u00e4nds vid festivaler och kulturevenemang\" \/>\n<meta property=\"og:description\" content=\"Att delta i festivaler och kulturevenemang \u00e4r ett fantastiskt s\u00e4tt att f\u00f6rdjupa sig i ett lands kultur och samh\u00e4lle. Rum\u00e4nien \u00e4r k\u00e4nt f\u00f6r sina livliga\" \/>\n<meta property=\"og:url\" content=\"https:\/\/talkpal.ai\/sv\/vocabulary\/rumanska-fraser-som-anvands-vid-festivaler-och-kulturevenemang\/\" \/>\n<meta property=\"og:site_name\" content=\"Talkpal\" \/>\n<meta property=\"article:publisher\" content=\"https:\/\/www.facebook.com\/profile.php?id=100090733639311\" \/>\n<meta property=\"og:image\" content=\"https:\/\/talkpal.ai\/wp-content\/uploads\/2024\/10\/talkpal_flat_illustration_of_a_employees_working_together_happi_c674ff77-e477-4e09-835a-01d30e561e99.png\" \/>\n\t<meta property=\"og:image:width\" content=\"1024\" \/>\n\t<meta property=\"og:image:height\" content=\"1024\" \/>\n\t<meta property=\"og:image:type\" content=\"image\/png\" \/>\n<meta name=\"twitter:card\" content=\"summary_large_image\" \/>\n<meta name=\"twitter:site\" content=\"@talkpalai\" \/>\n<meta name=\"twitter:label1\" content=\"Ber\u00e4knad l\u00e4stid\" \/>\n\t<meta name=\"twitter:data1\" content=\"4 minuter\" \/>\n<script type=\"application\/ld+json\" class=\"yoast-schema-graph\">{\"@context\":\"https:\/\/schema.org\",\"@graph\":[{\"@type\":\"WebPage\",\"@id\":\"https:\/\/talkpal.ai\/sv\/vocabulary\/rumanska-fraser-som-anvands-vid-festivaler-och-kulturevenemang\/\",\"url\":\"https:\/\/talkpal.ai\/sv\/vocabulary\/rumanska-fraser-som-anvands-vid-festivaler-och-kulturevenemang\/\",\"name\":\"Rum\u00e4nska fraser som anv\u00e4nds vid festivaler och kulturevenemang - Talkpal\",\"isPartOf\":{\"@id\":\"https:\/\/talkpal.ai\/sv\/#website\"},\"primaryImageOfPage\":{\"@id\":\"https:\/\/talkpal.ai\/sv\/vocabulary\/rumanska-fraser-som-anvands-vid-festivaler-och-kulturevenemang\/#primaryimage\"},\"image\":{\"@id\":\"https:\/\/talkpal.ai\/sv\/vocabulary\/rumanska-fraser-som-anvands-vid-festivaler-och-kulturevenemang\/#primaryimage\"},\"thumbnailUrl\":\"https:\/\/talkpal.ai\/wp-content\/uploads\/2025\/12\/man-writes-to-learn-languages.webp\",\"datePublished\":\"2024-06-08T20:05:13+00:00\",\"description\":\"Att delta i festivaler och kulturevenemang \u00e4r ett fantastiskt s\u00e4tt att f\u00f6rdjupa sig i ett lands kultur och samh\u00e4lle. Rum\u00e4nien \u00e4r k\u00e4nt f\u00f6r sina livliga\",\"breadcrumb\":{\"@id\":\"https:\/\/talkpal.ai\/sv\/vocabulary\/rumanska-fraser-som-anvands-vid-festivaler-och-kulturevenemang\/#breadcrumb\"},\"inLanguage\":\"sv-SE\",\"potentialAction\":[{\"@type\":\"ReadAction\",\"target\":[\"https:\/\/talkpal.ai\/sv\/vocabulary\/rumanska-fraser-som-anvands-vid-festivaler-och-kulturevenemang\/\"]}]},{\"@type\":\"ImageObject\",\"inLanguage\":\"sv-SE\",\"@id\":\"https:\/\/talkpal.ai\/sv\/vocabulary\/rumanska-fraser-som-anvands-vid-festivaler-och-kulturevenemang\/#primaryimage\",\"url\":\"https:\/\/talkpal.ai\/wp-content\/uploads\/2025\/12\/man-writes-to-learn-languages.webp\",\"contentUrl\":\"https:\/\/talkpal.ai\/wp-content\/uploads\/2025\/12\/man-writes-to-learn-languages.webp\",\"width\":1200,\"height\":896,\"caption\":\"A man in a blue shirt sits at a sunny desk by a window to learn languages with a mountain view.\"},{\"@type\":\"BreadcrumbList\",\"@id\":\"https:\/\/talkpal.ai\/sv\/vocabulary\/rumanska-fraser-som-anvands-vid-festivaler-och-kulturevenemang\/#breadcrumb\",\"itemListElement\":[{\"@type\":\"ListItem\",\"position\":1,\"name\":\"Homepage\",\"item\":\"https:\/\/talkpal.ai\/sv\/\"},{\"@type\":\"ListItem\",\"position\":2,\"name\":\"Rum\u00e4nska fraser som anv\u00e4nds vid festivaler och kulturevenemang\"}]},{\"@type\":\"WebSite\",\"@id\":\"https:\/\/talkpal.ai\/sv\/#website\",\"url\":\"https:\/\/talkpal.ai\/sv\/\",\"name\":\"Talkpal\",\"description\":\"AI Language Learning\",\"publisher\":{\"@id\":\"https:\/\/talkpal.ai\/sv\/#organization\"},\"alternateName\":\"Talkpal AI\",\"potentialAction\":[{\"@type\":\"SearchAction\",\"target\":{\"@type\":\"EntryPoint\",\"urlTemplate\":\"https:\/\/talkpal.ai\/sv\/?s={search_term_string}\"},\"query-input\":{\"@type\":\"PropertyValueSpecification\",\"valueRequired\":true,\"valueName\":\"search_term_string\"}}],\"inLanguage\":\"sv-SE\"},{\"@type\":\"Organization\",\"@id\":\"https:\/\/talkpal.ai\/sv\/#organization\",\"name\":\"Talkpal, Inc.\",\"alternateName\":\"Talkpal AI\",\"url\":\"https:\/\/talkpal.ai\/sv\/\",\"logo\":{\"@type\":\"ImageObject\",\"inLanguage\":\"sv-SE\",\"@id\":\"https:\/\/talkpal.ai\/sv\/#\/schema\/logo\/image\/\",\"url\":\"https:\/\/talkpal.ai\/wp-content\/uploads\/2024\/03\/Talkpal-Logo-Icon.png\",\"contentUrl\":\"https:\/\/talkpal.ai\/wp-content\/uploads\/2024\/03\/Talkpal-Logo-Icon.png\",\"width\":2880,\"height\":2880,\"caption\":\"Talkpal, Inc.\"},\"image\":{\"@id\":\"https:\/\/talkpal.ai\/sv\/#\/schema\/logo\/image\/\"},\"sameAs\":[\"https:\/\/www.facebook.com\/profile.php?id=100090733639311\",\"https:\/\/x.com\/talkpalai\",\"https:\/\/www.linkedin.com\/company\/talkpal\/\",\"https:\/\/www.youtube.com\/@TalkPal\/\",\"https:\/\/www.tiktok.com\/@talkpal\",\"https:\/\/www.instagram.com\/talkpal_ai\/\",\"https:\/\/www.crunchbase.com\/organization\/talkpal-9cde\",\"https:\/\/www.g2.com\/products\/talkpal-for-business\/\",\"https:\/\/www.trustpilot.com\/review\/talkpal.ai\",\"https:\/\/www.capterra.com\/p\/10006800\/TalkPal\/\"],\"description\":\"Talkpal is a language learning web and mobile education app, powered by the latest AI technologies, that provides engaging experiences to its customers in many different languages to help them improve their language skills. Users can chat about unlimited amount of topics with the app and use other modes to practice their language learning.\",\"email\":\"support@talkpal.ai\",\"legalName\":\"Talkpal, Inc.\",\"foundingDate\":\"2023-04-03\",\"duns\":\"118989042\",\"numberOfEmployees\":{\"@type\":\"QuantitativeValue\",\"minValue\":\"11\",\"maxValue\":\"50\"},\"publishingPrinciples\":\"https:\/\/talkpal.ai\/publishing-principles\/\",\"actionableFeedbackPolicy\":\"https:\/\/talkpal.ai\/actionable-feedback-policy\/\",\"correctionsPolicy\":\"https:\/\/talkpal.ai\/corrections-policy\/\",\"ethicsPolicy\":\"https:\/\/talkpal.ai\/ethics-policy\/\",\"diversityPolicy\":\"https:\/\/talkpal.ai\/diversity-policy\/\",\"diversityStaffingReport\":\"https:\/\/talkpal.ai\/diversity-policy\/\"}]}<\/script>\n<!-- \/ Yoast SEO Premium plugin. -->","yoast_head_json":{"title":"Rum\u00e4nska fraser som anv\u00e4nds vid festivaler och kulturevenemang - Talkpal","description":"Att delta i festivaler och kulturevenemang \u00e4r ett fantastiskt s\u00e4tt att f\u00f6rdjupa sig i ett lands kultur och samh\u00e4lle. Rum\u00e4nien \u00e4r k\u00e4nt f\u00f6r sina livliga","robots":{"index":"index","follow":"follow","max-snippet":"max-snippet:-1","max-image-preview":"max-image-preview:large","max-video-preview":"max-video-preview:-1"},"canonical":"https:\/\/talkpal.ai\/sv\/vocabulary\/rumanska-fraser-som-anvands-vid-festivaler-och-kulturevenemang\/","og_locale":"sv_SE","og_type":"article","og_title":"Rum\u00e4nska fraser som anv\u00e4nds vid festivaler och kulturevenemang","og_description":"Att delta i festivaler och kulturevenemang \u00e4r ett fantastiskt s\u00e4tt att f\u00f6rdjupa sig i ett lands kultur och samh\u00e4lle. Rum\u00e4nien \u00e4r k\u00e4nt f\u00f6r sina livliga","og_url":"https:\/\/talkpal.ai\/sv\/vocabulary\/rumanska-fraser-som-anvands-vid-festivaler-och-kulturevenemang\/","og_site_name":"Talkpal","article_publisher":"https:\/\/www.facebook.com\/profile.php?id=100090733639311","og_image":[{"width":1024,"height":1024,"url":"https:\/\/talkpal.ai\/wp-content\/uploads\/2024\/10\/talkpal_flat_illustration_of_a_employees_working_together_happi_c674ff77-e477-4e09-835a-01d30e561e99.png","type":"image\/png"}],"twitter_card":"summary_large_image","twitter_site":"@talkpalai","twitter_misc":{"Ber\u00e4knad l\u00e4stid":"4 minuter"},"schema":{"@context":"https:\/\/schema.org","@graph":[{"@type":"WebPage","@id":"https:\/\/talkpal.ai\/sv\/vocabulary\/rumanska-fraser-som-anvands-vid-festivaler-och-kulturevenemang\/","url":"https:\/\/talkpal.ai\/sv\/vocabulary\/rumanska-fraser-som-anvands-vid-festivaler-och-kulturevenemang\/","name":"Rum\u00e4nska fraser som anv\u00e4nds vid festivaler och kulturevenemang - Talkpal","isPartOf":{"@id":"https:\/\/talkpal.ai\/sv\/#website"},"primaryImageOfPage":{"@id":"https:\/\/talkpal.ai\/sv\/vocabulary\/rumanska-fraser-som-anvands-vid-festivaler-och-kulturevenemang\/#primaryimage"},"image":{"@id":"https:\/\/talkpal.ai\/sv\/vocabulary\/rumanska-fraser-som-anvands-vid-festivaler-och-kulturevenemang\/#primaryimage"},"thumbnailUrl":"https:\/\/talkpal.ai\/wp-content\/uploads\/2025\/12\/man-writes-to-learn-languages.webp","datePublished":"2024-06-08T20:05:13+00:00","description":"Att delta i festivaler och kulturevenemang \u00e4r ett fantastiskt s\u00e4tt att f\u00f6rdjupa sig i ett lands kultur och samh\u00e4lle. Rum\u00e4nien \u00e4r k\u00e4nt f\u00f6r sina livliga","breadcrumb":{"@id":"https:\/\/talkpal.ai\/sv\/vocabulary\/rumanska-fraser-som-anvands-vid-festivaler-och-kulturevenemang\/#breadcrumb"},"inLanguage":"sv-SE","potentialAction":[{"@type":"ReadAction","target":["https:\/\/talkpal.ai\/sv\/vocabulary\/rumanska-fraser-som-anvands-vid-festivaler-och-kulturevenemang\/"]}]},{"@type":"ImageObject","inLanguage":"sv-SE","@id":"https:\/\/talkpal.ai\/sv\/vocabulary\/rumanska-fraser-som-anvands-vid-festivaler-och-kulturevenemang\/#primaryimage","url":"https:\/\/talkpal.ai\/wp-content\/uploads\/2025\/12\/man-writes-to-learn-languages.webp","contentUrl":"https:\/\/talkpal.ai\/wp-content\/uploads\/2025\/12\/man-writes-to-learn-languages.webp","width":1200,"height":896,"caption":"A man in a blue shirt sits at a sunny desk by a window to learn languages with a mountain view."},{"@type":"BreadcrumbList","@id":"https:\/\/talkpal.ai\/sv\/vocabulary\/rumanska-fraser-som-anvands-vid-festivaler-och-kulturevenemang\/#breadcrumb","itemListElement":[{"@type":"ListItem","position":1,"name":"Homepage","item":"https:\/\/talkpal.ai\/sv\/"},{"@type":"ListItem","position":2,"name":"Rum\u00e4nska fraser som anv\u00e4nds vid festivaler och kulturevenemang"}]},{"@type":"WebSite","@id":"https:\/\/talkpal.ai\/sv\/#website","url":"https:\/\/talkpal.ai\/sv\/","name":"Talkpal","description":"AI Language Learning","publisher":{"@id":"https:\/\/talkpal.ai\/sv\/#organization"},"alternateName":"Talkpal AI","potentialAction":[{"@type":"SearchAction","target":{"@type":"EntryPoint","urlTemplate":"https:\/\/talkpal.ai\/sv\/?s={search_term_string}"},"query-input":{"@type":"PropertyValueSpecification","valueRequired":true,"valueName":"search_term_string"}}],"inLanguage":"sv-SE"},{"@type":"Organization","@id":"https:\/\/talkpal.ai\/sv\/#organization","name":"Talkpal, Inc.","alternateName":"Talkpal AI","url":"https:\/\/talkpal.ai\/sv\/","logo":{"@type":"ImageObject","inLanguage":"sv-SE","@id":"https:\/\/talkpal.ai\/sv\/#\/schema\/logo\/image\/","url":"https:\/\/talkpal.ai\/wp-content\/uploads\/2024\/03\/Talkpal-Logo-Icon.png","contentUrl":"https:\/\/talkpal.ai\/wp-content\/uploads\/2024\/03\/Talkpal-Logo-Icon.png","width":2880,"height":2880,"caption":"Talkpal, Inc."},"image":{"@id":"https:\/\/talkpal.ai\/sv\/#\/schema\/logo\/image\/"},"sameAs":["https:\/\/www.facebook.com\/profile.php?id=100090733639311","https:\/\/x.com\/talkpalai","https:\/\/www.linkedin.com\/company\/talkpal\/","https:\/\/www.youtube.com\/@TalkPal\/","https:\/\/www.tiktok.com\/@talkpal","https:\/\/www.instagram.com\/talkpal_ai\/","https:\/\/www.crunchbase.com\/organization\/talkpal-9cde","https:\/\/www.g2.com\/products\/talkpal-for-business\/","https:\/\/www.trustpilot.com\/review\/talkpal.ai","https:\/\/www.capterra.com\/p\/10006800\/TalkPal\/"],"description":"Talkpal is a language learning web and mobile education app, powered by the latest AI technologies, that provides engaging experiences to its customers in many different languages to help them improve their language skills. Users can chat about unlimited amount of topics with the app and use other modes to practice their language learning.","email":"support@talkpal.ai","legalName":"Talkpal, Inc.","foundingDate":"2023-04-03","duns":"118989042","numberOfEmployees":{"@type":"QuantitativeValue","minValue":"11","maxValue":"50"},"publishingPrinciples":"https:\/\/talkpal.ai\/publishing-principles\/","actionableFeedbackPolicy":"https:\/\/talkpal.ai\/actionable-feedback-policy\/","correctionsPolicy":"https:\/\/talkpal.ai\/corrections-policy\/","ethicsPolicy":"https:\/\/talkpal.ai\/ethics-policy\/","diversityPolicy":"https:\/\/talkpal.ai\/diversity-policy\/","diversityStaffingReport":"https:\/\/talkpal.ai\/diversity-policy\/"}]}},"_links":{"self":[{"href":"https:\/\/talkpal.ai\/sv\/wp-json\/wp\/v2\/vocabulary\/717815","targetHints":{"allow":["GET"]}}],"collection":[{"href":"https:\/\/talkpal.ai\/sv\/wp-json\/wp\/v2\/vocabulary"}],"about":[{"href":"https:\/\/talkpal.ai\/sv\/wp-json\/wp\/v2\/types\/vocabulary"}],"wp:featuredmedia":[{"embeddable":true,"href":"https:\/\/talkpal.ai\/sv\/wp-json\/wp\/v2\/media\/1527795"}],"wp:attachment":[{"href":"https:\/\/talkpal.ai\/sv\/wp-json\/wp\/v2\/media?parent=717815"}],"wp:term":[{"taxonomy":"vocabulary_language","embeddable":true,"href":"https:\/\/talkpal.ai\/sv\/wp-json\/wp\/v2\/vocabulary_language?post=717815"}],"curies":[{"name":"wp","href":"https:\/\/api.w.org\/{rel}","templated":true}]}}