{"id":717798,"date":"2024-06-08T20:03:50","date_gmt":"2024-06-08T20:03:50","guid":{"rendered":"https:\/\/talkpal.ai\/vocabulary\/ord-for-att-beskriva-vadret-pa-rumanska\/"},"modified":"2024-06-08T20:03:50","modified_gmt":"2024-06-08T20:03:50","slug":"ord-for-att-beskriva-vadret-pa-rumanska","status":"publish","type":"vocabulary","link":"https:\/\/talkpal.ai\/sv\/vocabulary\/ord-for-att-beskriva-vadret-pa-rumanska\/","title":{"rendered":"Ord f\u00f6r att beskriva v\u00e4dret p\u00e5 rum\u00e4nska"},"content":{"rendered":"<p>Att beskriva v\u00e4dret \u00e4r en viktig del av vardagskommunikationen, oavsett vilket spr\u00e5k du anv\u00e4nder. Om du planerar att l\u00e4ra dig <a href=\"https:\/\/talkpal.ai\/learn-romanian\/\">rum\u00e4nska<\/a> eller om du <a href=\"https:\/\/talkpal.ai\/locations\/learn-english-in-redan\/\">redan<\/a> har b\u00f6rjat, \u00e4r det <a href=\"https:\/\/talkpal.ai\/locations\/learn-english-in-bra\/\">bra<\/a> att k\u00e4nna till de vanligaste orden och uttrycken f\u00f6r att beskriva v\u00e4dret. H\u00e4r \u00e4r en omfattande guide f\u00f6r att hj\u00e4lpa dig att f\u00f6rst\u00e5 och anv\u00e4nda v\u00e4derrelaterade termer p\u00e5 rum\u00e4nska.<\/p>\n<h2>Grundl\u00e4ggande v\u00e4derord<\/h2>\n<p><b>vreme<\/b> &#8211; V\u00e4der<br \/>\nDetta \u00e4r det grundl\u00e4ggande ordet f\u00f6r &#8221;v\u00e4der&#8221; p\u00e5 rum\u00e4nska. Det anv\u00e4nds f\u00f6r att <a href=\"https:\/\/talkpal.ai\/locations\/language-courses-in-prata\/\">prata<\/a> om v\u00e4dret generellt.<\/p>\n<p><font color=\"#2D3AC7\">&#8221;Cum este vremea ast\u0103zi?&#8221;<\/font><\/p>\n<p><b>soare<\/b> &#8211; Sol<br \/>\nDetta ord beskriver solen eller soligt v\u00e4der. Det anv\u00e4nds ofta f\u00f6r att beskriva klart och varmt v\u00e4der.<\/p>\n<p><font color=\"#2D3AC7\">&#8221;Ast\u0103zi este soare \u0219i cald.&#8221;<\/font><\/p>\n<p><b>cer<\/b> &#8211; Himmel<br \/>\nOrdet &#8221;cer&#8221; anv\u00e4nds f\u00f6r att beskriva himlen, oavsett om den \u00e4r klar, molnig eller n\u00e5got annat.<\/p>\n<p><font color=\"#2D3AC7\">&#8221;Cerul este senin ast\u0103zi.&#8221;<\/font><\/p>\n<h3>Olika typer av v\u00e4der<\/h3>\n<p><b>ploaie<\/b> &#8211; Regn<br \/>\nDetta ord anv\u00e4nds f\u00f6r att beskriva regnigt v\u00e4der. Det kan ocks\u00e5 anv\u00e4ndas i olika former f\u00f6r att beskriva intensiteten av regnet.<\/p>\n<p><font color=\"#2D3AC7\">&#8221;M\u00e2ine va fi ploaie toat\u0103 ziua.&#8221;<\/font><\/p>\n<p><b>ninsoare<\/b> &#8211; Sn\u00f6<br \/>\nDetta ord anv\u00e4nds f\u00f6r att beskriva sn\u00f6fall. Det kan anv\u00e4ndas oavsett om det sn\u00f6ar mycket eller lite.<\/p>\n<p><font color=\"#2D3AC7\">&#8221;\u00cen decembrie avem mult\u0103 ninsoare.&#8221;<\/font><\/p>\n<p><b>v\u00e2nt<\/b> &#8211; Vind<br \/>\nOrdet &#8221;v\u00e2nt&#8221; anv\u00e4nds f\u00f6r att beskriva vind. Det kan beskriva allt fr\u00e5n en l\u00e4tt bris till en stark storm.<\/p>\n<p><font color=\"#2D3AC7\">&#8221;Ast\u0103zi este mult v\u00e2nt afar\u0103.&#8221;<\/font><\/p>\n<p><b>cea\u021b\u0103<\/b> &#8211; Dimma<br \/>\nDetta ord anv\u00e4nds f\u00f6r att beskriva dimmigt v\u00e4der, n\u00e4r sikten \u00e4r begr\u00e4nsad p\u00e5 grund av \u00e5nga eller sm\u00e5 vattendroppar i luften.<\/p>\n<p><font color=\"#2D3AC7\">&#8221;Diminea\u021ba a fost mult\u0103 cea\u021b\u0103.&#8221;<\/font><\/p>\n<p><b>furtun\u0103<\/b> &#8211; Storm<br \/>\nOrdet &#8221;furtun\u0103&#8221; anv\u00e4nds f\u00f6r att beskriva stormigt v\u00e4der, ofta med kraftiga vindar och ibland \u00e5ska och blixtar.<\/p>\n<p><font color=\"#2D3AC7\">&#8221;Seara trecut\u0103 a fost o furtun\u0103 puternic\u0103.&#8221;<\/font><\/p>\n<h2>Temperatur och klimat<\/h2>\n<p><b>cald<\/b> &#8211; Varmt<br \/>\nDetta ord anv\u00e4nds f\u00f6r att beskriva varmt v\u00e4der eller h\u00f6g temperatur.<\/p>\n<p><font color=\"#2D3AC7\">&#8221;Este foarte cald ast\u0103zi.&#8221;<\/font><\/p>\n<p><b>rece<\/b> &#8211; Kallt<br \/>\nOrdet &#8221;rece&#8221; anv\u00e4nds f\u00f6r att beskriva kallt v\u00e4der eller l\u00e5g temperatur.<\/p>\n<p><font color=\"#2D3AC7\">&#8221;Iarna este foarte rece aici.&#8221;<\/font><\/p>\n<p><b>fierbinte<\/b> &#8211; Het<br \/>\nDetta ord anv\u00e4nds f\u00f6r att beskriva extrem v\u00e4rme, ofta obehagligt varmt.<\/p>\n<p><font color=\"#2D3AC7\">&#8221;Vara aceasta este fierbinte.&#8221;<\/font><\/p>\n<p><b>r\u0103coros<\/b> &#8211; Svalt<br \/>\nDetta ord anv\u00e4nds f\u00f6r att beskriva svalt eller kyligt v\u00e4der, ofta behagligt kyligt.<\/p>\n<p><font color=\"#2D3AC7\">&#8221;Diminea\u021ba este r\u0103coros.&#8221;<\/font><\/p>\n<p><b>umid<\/b> &#8211; Fuktigt<br \/>\nOrdet &#8221;umid&#8221; anv\u00e4nds f\u00f6r att beskriva fuktigt v\u00e4der, n\u00e4r luften \u00e4r m\u00e4ttad med fukt.<\/p>\n<p><font color=\"#2D3AC7\">&#8221;Clima este foarte umid\u0103 vara.&#8221;<\/font><\/p>\n<p><b>uscat<\/b> &#8211; Torrt<br \/>\nDetta ord anv\u00e4nds f\u00f6r att beskriva torrt v\u00e4der eller l\u00e5g luftfuktighet.<\/p>\n<p><font color=\"#2D3AC7\">&#8221;Desertul este foarte uscat.&#8221;<\/font><\/p>\n<h2>Specifika v\u00e4derfenomen<\/h2>\n<p><b>curcubeu<\/b> &#8211; Regnb\u00e5ge<br \/>\nDetta ord beskriver den f\u00e4rgglada b\u00e5gen som uppst\u00e5r efter regn n\u00e4r solen skiner.<\/p>\n<p><font color=\"#2D3AC7\">&#8221;Dup\u0103 ploaie a ap\u0103rut un curcubeu.&#8221;<\/font><\/p>\n<p><b>fulger<\/b> &#8211; Blixt<br \/>\nDetta ord anv\u00e4nds f\u00f6r att beskriva de elektriska urladdningarna som syns som ljusstr\u00e5lar under en storm.<\/p>\n<p><font color=\"#2D3AC7\">&#8221;Am v\u0103zut un fulger \u00een dep\u0103rtare.&#8221;<\/font><\/p>\n<p><b>tunet<\/b> &#8211; \u00c5ska<br \/>\nOrdet &#8221;tunet&#8221; anv\u00e4nds f\u00f6r att beskriva det mullrande ljudet som f\u00f6ljer blixtar under en storm.<\/p>\n<p><font color=\"#2D3AC7\">&#8221;Tunetele m-au speriat noaptea trecut\u0103.&#8221;<\/font><\/p>\n<p><b>z\u0103pad\u0103<\/b> &#8211; Sn\u00f6 (p\u00e5 marken)<br \/>\nDetta ord beskriver sn\u00f6n som ligger p\u00e5 marken, till skillnad fr\u00e5n &#8221;ninsoare&#8221; som beskriver sj\u00e4lva sn\u00f6fallet.<\/p>\n<p><font color=\"#2D3AC7\">&#8221;Copiii se joac\u0103 \u00een z\u0103pad\u0103.&#8221;<\/font><\/p>\n<p><b>grindin\u0103<\/b> &#8211; Hagel<br \/>\nDetta ord anv\u00e4nds f\u00f6r att beskriva iskulor som faller fr\u00e5n himlen under vissa stormar.<\/p>\n<p><font color=\"#2D3AC7\">&#8221;A c\u0103zut grindin\u0103 mare ieri.&#8221;<\/font><\/p>\n<p><b>\u00eenghe\u021b<\/b> &#8211; Frost<br \/>\nOrdet &#8221;\u00eenghe\u021b&#8221; anv\u00e4nds f\u00f6r att beskriva frost, n\u00e4r temperaturen \u00e4r tillr\u00e4ckligt l\u00e5g f\u00f6r att vatten ska frysa.<\/p>\n<p><font color=\"#2D3AC7\">&#8221;Diminea\u021ba este \u00eenghe\u021b pe ma\u0219ini.&#8221;<\/font><\/p>\n<h2>Beskriva v\u00e4dret i samtal<\/h2>\n<p>Att kunna beskriva v\u00e4dret \u00e4r viktigt i m\u00e5nga vardagliga samtal. H\u00e4r \u00e4r n\u00e5gra anv\u00e4ndbara fraser och ord f\u00f6r att g\u00f6ra detta p\u00e5 rum\u00e4nska.<\/p>\n<p><b>frumos<\/b> &#8211; Vackert<br \/>\nDetta ord anv\u00e4nds f\u00f6r att beskriva vackert v\u00e4der, ofta soligt och behagligt.<\/p>\n<p><font color=\"#2D3AC7\">&#8221;Ast\u0103zi este o zi frumoas\u0103.&#8221;<\/font><\/p>\n<p><b>ur\u00e2t<\/b> &#8211; Fult<br \/>\nDetta ord anv\u00e4nds f\u00f6r att beskriva d\u00e5ligt v\u00e4der, ofta regnigt, molnigt eller stormigt.<\/p>\n<p><font color=\"#2D3AC7\">&#8221;Este un timp ur\u00e2t afar\u0103.&#8221;<\/font><\/p>\n<p><b>senin<\/b> &#8211; Klar<br \/>\nOrdet &#8221;senin&#8221; anv\u00e4nds f\u00f6r att beskriva en klar himmel utan moln.<\/p>\n<p><font color=\"#2D3AC7\">&#8221;Cerul este senin ast\u0103zi.&#8221;<\/font><\/p>\n<p><b>\u00eennorat<\/b> &#8211; Molnigt<br \/>\nDetta ord anv\u00e4nds f\u00f6r att beskriva molnigt v\u00e4der, n\u00e4r himlen \u00e4r t\u00e4ckt av moln.<\/p>\n<p><font color=\"#2D3AC7\">&#8221;Este foarte \u00eennorat afar\u0103.&#8221;<\/font><\/p>\n<p><b>ploios<\/b> &#8211; Regnigt<br \/>\nDetta ord anv\u00e4nds f\u00f6r att beskriva regnigt v\u00e4der.<\/p>\n<p><font color=\"#2D3AC7\">&#8221;Este o zi ploioas\u0103.&#8221;<\/font><\/p>\n<p><b>nins<\/b> &#8211; Sn\u00f6igt<br \/>\nDetta ord anv\u00e4nds f\u00f6r att beskriva sn\u00f6igt v\u00e4der.<\/p>\n<p><font color=\"#2D3AC7\">&#8221;Iarna este foarte nins\u0103 aici.&#8221;<\/font><\/p>\n<p><b>v\u00e2ntos<\/b> &#8211; Bl\u00e5sigt<br \/>\nDetta ord anv\u00e4nds f\u00f6r att beskriva bl\u00e5sigt v\u00e4der.<\/p>\n<p><font color=\"#2D3AC7\">&#8221;Este o zi v\u00e2ntoas\u0103.&#8221;<\/font><\/p>\n<h3>Fr\u00e5gor och svar om v\u00e4dret<\/h3>\n<p>H\u00e4r \u00e4r n\u00e5gra vanliga fr\u00e5gor och svar om v\u00e4dret p\u00e5 rum\u00e4nska som kan vara anv\u00e4ndbara i samtal.<\/p>\n<p><b>Ce vreme este afar\u0103?<\/b> &#8211; Hur \u00e4r v\u00e4dret ute?<br \/>\nDetta \u00e4r en vanlig fr\u00e5ga f\u00f6r att ta <a href=\"https:\/\/talkpal.ai\/locations\/learn-english-in-reda\/\">reda<\/a> p\u00e5 hur v\u00e4dret \u00e4r.<\/p>\n<p><font color=\"#2D3AC7\">&#8221;Ce vreme este afar\u0103?&#8221;<\/font><\/p>\n<p><b>Este soare.<\/b> &#8211; Det \u00e4r soligt.<br \/>\nDetta \u00e4r ett enkelt svar om det \u00e4r soligt v\u00e4der.<\/p>\n<p><font color=\"#2D3AC7\">&#8221;Este soare.&#8221;<\/font><\/p>\n<p><b>Este \u00eennorat.<\/b> &#8211; Det \u00e4r molnigt.<br \/>\nDetta \u00e4r ett enkelt svar om det \u00e4r molnigt v\u00e4der.<\/p>\n<p><font color=\"#2D3AC7\">&#8221;Este \u00eennorat.&#8221;<\/font><\/p>\n<p><b>Plou\u0103.<\/b> &#8211; Det regnar.<br \/>\nDetta \u00e4r ett enkelt svar om det regnar.<\/p>\n<p><font color=\"#2D3AC7\">&#8221;Plou\u0103.&#8221;<\/font><\/p>\n<p><b>Ninge.<\/b> &#8211; Det sn\u00f6ar.<br \/>\nDetta \u00e4r ett enkelt svar om det sn\u00f6ar.<\/p>\n<p><font color=\"#2D3AC7\">&#8221;Ninge.&#8221;<\/font><\/p>\n<p><b>Este v\u00e2nt.<\/b> &#8211; Det bl\u00e5ser.<br \/>\nDetta \u00e4r ett enkelt svar om det bl\u00e5ser.<\/p>\n<p><font color=\"#2D3AC7\">&#8221;Este v\u00e2nt.&#8221;<\/font><\/p>\n<h2>Slutsats<\/h2>\n<p>Att beskriva v\u00e4dret p\u00e5 rum\u00e4nska \u00e4r en viktig f\u00e4rdighet som kan hj\u00e4lpa dig i m\u00e5nga vardagliga situationer. Genom att l\u00e4ra dig dessa grundl\u00e4ggande ord och fraser kommer du att kunna <a href=\"https:\/\/talkpal.ai\/locations\/language-courses-in-delta\/\">delta<\/a> i konversationer om v\u00e4dret och f\u00f6rst\u00e5 v\u00e4derprognoser. \u00d6va dessa ord regelbundet och f\u00f6rs\u00f6k anv\u00e4nda dem i dina dagliga samtal f\u00f6r att f\u00f6rb\u00e4ttra din rum\u00e4nska.<\/p>\n","protected":false},"featured_media":1527646,"template":"","vocabulary_language":[4202],"class_list":["post-717798","vocabulary","type-vocabulary","status-publish","has-post-thumbnail","hentry","vocabulary_language-rumanska"],"acf":[],"yoast_head":"<!-- This site is optimized with the Yoast SEO Premium plugin v27.2 (Yoast SEO v27.2) - https:\/\/yoast.com\/product\/yoast-seo-premium-wordpress\/ -->\n<title>Ord f\u00f6r att beskriva v\u00e4dret p\u00e5 rum\u00e4nska - Talkpal<\/title>\n<meta name=\"description\" content=\"Att beskriva v\u00e4dret \u00e4r en viktig del av vardagskommunikationen, oavsett vilket spr\u00e5k du anv\u00e4nder. Om du planerar att l\u00e4ra dig rum\u00e4nska eller om du redan\" \/>\n<meta name=\"robots\" content=\"index, follow, max-snippet:-1, max-image-preview:large, max-video-preview:-1\" \/>\n<link rel=\"canonical\" href=\"https:\/\/talkpal.ai\/sv\/vocabulary\/ord-for-att-beskriva-vadret-pa-rumanska\/\" \/>\n<meta property=\"og:locale\" content=\"sv_SE\" \/>\n<meta property=\"og:type\" content=\"article\" \/>\n<meta property=\"og:title\" content=\"Ord f\u00f6r att beskriva v\u00e4dret p\u00e5 rum\u00e4nska\" \/>\n<meta property=\"og:description\" content=\"Att beskriva v\u00e4dret \u00e4r en viktig del av vardagskommunikationen, oavsett vilket spr\u00e5k du anv\u00e4nder. Om du planerar att l\u00e4ra dig rum\u00e4nska eller om du redan\" \/>\n<meta property=\"og:url\" content=\"https:\/\/talkpal.ai\/sv\/vocabulary\/ord-for-att-beskriva-vadret-pa-rumanska\/\" \/>\n<meta property=\"og:site_name\" content=\"Talkpal\" \/>\n<meta property=\"article:publisher\" content=\"https:\/\/www.facebook.com\/profile.php?id=100090733639311\" \/>\n<meta property=\"og:image\" content=\"https:\/\/talkpal.ai\/wp-content\/uploads\/2024\/10\/talkpal_flat_illustration_of_a_employees_working_together_happi_c674ff77-e477-4e09-835a-01d30e561e99.png\" \/>\n\t<meta property=\"og:image:width\" content=\"1024\" \/>\n\t<meta property=\"og:image:height\" content=\"1024\" \/>\n\t<meta property=\"og:image:type\" content=\"image\/png\" \/>\n<meta name=\"twitter:card\" content=\"summary_large_image\" \/>\n<meta name=\"twitter:site\" content=\"@talkpalai\" \/>\n<meta name=\"twitter:label1\" content=\"Ber\u00e4knad l\u00e4stid\" \/>\n\t<meta name=\"twitter:data1\" content=\"5 minuter\" \/>\n<script type=\"application\/ld+json\" class=\"yoast-schema-graph\">{\"@context\":\"https:\/\/schema.org\",\"@graph\":[{\"@type\":\"WebPage\",\"@id\":\"https:\/\/talkpal.ai\/sv\/vocabulary\/ord-for-att-beskriva-vadret-pa-rumanska\/\",\"url\":\"https:\/\/talkpal.ai\/sv\/vocabulary\/ord-for-att-beskriva-vadret-pa-rumanska\/\",\"name\":\"Ord f\u00f6r att beskriva v\u00e4dret p\u00e5 rum\u00e4nska - Talkpal\",\"isPartOf\":{\"@id\":\"https:\/\/talkpal.ai\/sv\/#website\"},\"primaryImageOfPage\":{\"@id\":\"https:\/\/talkpal.ai\/sv\/vocabulary\/ord-for-att-beskriva-vadret-pa-rumanska\/#primaryimage\"},\"image\":{\"@id\":\"https:\/\/talkpal.ai\/sv\/vocabulary\/ord-for-att-beskriva-vadret-pa-rumanska\/#primaryimage\"},\"thumbnailUrl\":\"https:\/\/talkpal.ai\/wp-content\/uploads\/2025\/12\/five-students-at-table-learning-languages.webp\",\"datePublished\":\"2024-06-08T20:03:50+00:00\",\"description\":\"Att beskriva v\u00e4dret \u00e4r en viktig del av vardagskommunikationen, oavsett vilket spr\u00e5k du anv\u00e4nder. Om du planerar att l\u00e4ra dig rum\u00e4nska eller om du redan\",\"breadcrumb\":{\"@id\":\"https:\/\/talkpal.ai\/sv\/vocabulary\/ord-for-att-beskriva-vadret-pa-rumanska\/#breadcrumb\"},\"inLanguage\":\"sv-SE\",\"potentialAction\":[{\"@type\":\"ReadAction\",\"target\":[\"https:\/\/talkpal.ai\/sv\/vocabulary\/ord-for-att-beskriva-vadret-pa-rumanska\/\"]}]},{\"@type\":\"ImageObject\",\"inLanguage\":\"sv-SE\",\"@id\":\"https:\/\/talkpal.ai\/sv\/vocabulary\/ord-for-att-beskriva-vadret-pa-rumanska\/#primaryimage\",\"url\":\"https:\/\/talkpal.ai\/wp-content\/uploads\/2025\/12\/five-students-at-table-learning-languages.webp\",\"contentUrl\":\"https:\/\/talkpal.ai\/wp-content\/uploads\/2025\/12\/five-students-at-table-learning-languages.webp\",\"width\":1200,\"height\":896,\"caption\":\"Five students study with books and laptops under hanging library lamps while learning languages.\"},{\"@type\":\"BreadcrumbList\",\"@id\":\"https:\/\/talkpal.ai\/sv\/vocabulary\/ord-for-att-beskriva-vadret-pa-rumanska\/#breadcrumb\",\"itemListElement\":[{\"@type\":\"ListItem\",\"position\":1,\"name\":\"Homepage\",\"item\":\"https:\/\/talkpal.ai\/sv\/\"},{\"@type\":\"ListItem\",\"position\":2,\"name\":\"Ord f\u00f6r att beskriva v\u00e4dret p\u00e5 rum\u00e4nska\"}]},{\"@type\":\"WebSite\",\"@id\":\"https:\/\/talkpal.ai\/sv\/#website\",\"url\":\"https:\/\/talkpal.ai\/sv\/\",\"name\":\"Talkpal\",\"description\":\"AI Language Learning\",\"publisher\":{\"@id\":\"https:\/\/talkpal.ai\/sv\/#organization\"},\"alternateName\":\"Talkpal AI\",\"potentialAction\":[{\"@type\":\"SearchAction\",\"target\":{\"@type\":\"EntryPoint\",\"urlTemplate\":\"https:\/\/talkpal.ai\/sv\/?s={search_term_string}\"},\"query-input\":{\"@type\":\"PropertyValueSpecification\",\"valueRequired\":true,\"valueName\":\"search_term_string\"}}],\"inLanguage\":\"sv-SE\"},{\"@type\":\"Organization\",\"@id\":\"https:\/\/talkpal.ai\/sv\/#organization\",\"name\":\"Talkpal, Inc.\",\"alternateName\":\"Talkpal AI\",\"url\":\"https:\/\/talkpal.ai\/sv\/\",\"logo\":{\"@type\":\"ImageObject\",\"inLanguage\":\"sv-SE\",\"@id\":\"https:\/\/talkpal.ai\/sv\/#\/schema\/logo\/image\/\",\"url\":\"https:\/\/talkpal.ai\/wp-content\/uploads\/2024\/03\/Talkpal-Logo-Icon.png\",\"contentUrl\":\"https:\/\/talkpal.ai\/wp-content\/uploads\/2024\/03\/Talkpal-Logo-Icon.png\",\"width\":2880,\"height\":2880,\"caption\":\"Talkpal, Inc.\"},\"image\":{\"@id\":\"https:\/\/talkpal.ai\/sv\/#\/schema\/logo\/image\/\"},\"sameAs\":[\"https:\/\/www.facebook.com\/profile.php?id=100090733639311\",\"https:\/\/x.com\/talkpalai\",\"https:\/\/www.linkedin.com\/company\/talkpal\/\",\"https:\/\/www.youtube.com\/@TalkPal\/\",\"https:\/\/www.tiktok.com\/@talkpal\",\"https:\/\/www.instagram.com\/talkpal_ai\/\",\"https:\/\/www.crunchbase.com\/organization\/talkpal-9cde\",\"https:\/\/www.g2.com\/products\/talkpal-for-business\/\",\"https:\/\/www.trustpilot.com\/review\/talkpal.ai\",\"https:\/\/www.capterra.com\/p\/10006800\/TalkPal\/\"],\"description\":\"Talkpal is a language learning web and mobile education app, powered by the latest AI technologies, that provides engaging experiences to its customers in many different languages to help them improve their language skills. Users can chat about unlimited amount of topics with the app and use other modes to practice their language learning.\",\"email\":\"support@talkpal.ai\",\"legalName\":\"Talkpal, Inc.\",\"foundingDate\":\"2023-04-03\",\"duns\":\"118989042\",\"numberOfEmployees\":{\"@type\":\"QuantitativeValue\",\"minValue\":\"11\",\"maxValue\":\"50\"},\"publishingPrinciples\":\"https:\/\/talkpal.ai\/publishing-principles\/\",\"actionableFeedbackPolicy\":\"https:\/\/talkpal.ai\/actionable-feedback-policy\/\",\"correctionsPolicy\":\"https:\/\/talkpal.ai\/corrections-policy\/\",\"ethicsPolicy\":\"https:\/\/talkpal.ai\/ethics-policy\/\",\"diversityPolicy\":\"https:\/\/talkpal.ai\/diversity-policy\/\",\"diversityStaffingReport\":\"https:\/\/talkpal.ai\/diversity-policy\/\"}]}<\/script>\n<!-- \/ Yoast SEO Premium plugin. -->","yoast_head_json":{"title":"Ord f\u00f6r att beskriva v\u00e4dret p\u00e5 rum\u00e4nska - Talkpal","description":"Att beskriva v\u00e4dret \u00e4r en viktig del av vardagskommunikationen, oavsett vilket spr\u00e5k du anv\u00e4nder. Om du planerar att l\u00e4ra dig rum\u00e4nska eller om du redan","robots":{"index":"index","follow":"follow","max-snippet":"max-snippet:-1","max-image-preview":"max-image-preview:large","max-video-preview":"max-video-preview:-1"},"canonical":"https:\/\/talkpal.ai\/sv\/vocabulary\/ord-for-att-beskriva-vadret-pa-rumanska\/","og_locale":"sv_SE","og_type":"article","og_title":"Ord f\u00f6r att beskriva v\u00e4dret p\u00e5 rum\u00e4nska","og_description":"Att beskriva v\u00e4dret \u00e4r en viktig del av vardagskommunikationen, oavsett vilket spr\u00e5k du anv\u00e4nder. Om du planerar att l\u00e4ra dig rum\u00e4nska eller om du redan","og_url":"https:\/\/talkpal.ai\/sv\/vocabulary\/ord-for-att-beskriva-vadret-pa-rumanska\/","og_site_name":"Talkpal","article_publisher":"https:\/\/www.facebook.com\/profile.php?id=100090733639311","og_image":[{"width":1024,"height":1024,"url":"https:\/\/talkpal.ai\/wp-content\/uploads\/2024\/10\/talkpal_flat_illustration_of_a_employees_working_together_happi_c674ff77-e477-4e09-835a-01d30e561e99.png","type":"image\/png"}],"twitter_card":"summary_large_image","twitter_site":"@talkpalai","twitter_misc":{"Ber\u00e4knad l\u00e4stid":"5 minuter"},"schema":{"@context":"https:\/\/schema.org","@graph":[{"@type":"WebPage","@id":"https:\/\/talkpal.ai\/sv\/vocabulary\/ord-for-att-beskriva-vadret-pa-rumanska\/","url":"https:\/\/talkpal.ai\/sv\/vocabulary\/ord-for-att-beskriva-vadret-pa-rumanska\/","name":"Ord f\u00f6r att beskriva v\u00e4dret p\u00e5 rum\u00e4nska - Talkpal","isPartOf":{"@id":"https:\/\/talkpal.ai\/sv\/#website"},"primaryImageOfPage":{"@id":"https:\/\/talkpal.ai\/sv\/vocabulary\/ord-for-att-beskriva-vadret-pa-rumanska\/#primaryimage"},"image":{"@id":"https:\/\/talkpal.ai\/sv\/vocabulary\/ord-for-att-beskriva-vadret-pa-rumanska\/#primaryimage"},"thumbnailUrl":"https:\/\/talkpal.ai\/wp-content\/uploads\/2025\/12\/five-students-at-table-learning-languages.webp","datePublished":"2024-06-08T20:03:50+00:00","description":"Att beskriva v\u00e4dret \u00e4r en viktig del av vardagskommunikationen, oavsett vilket spr\u00e5k du anv\u00e4nder. Om du planerar att l\u00e4ra dig rum\u00e4nska eller om du redan","breadcrumb":{"@id":"https:\/\/talkpal.ai\/sv\/vocabulary\/ord-for-att-beskriva-vadret-pa-rumanska\/#breadcrumb"},"inLanguage":"sv-SE","potentialAction":[{"@type":"ReadAction","target":["https:\/\/talkpal.ai\/sv\/vocabulary\/ord-for-att-beskriva-vadret-pa-rumanska\/"]}]},{"@type":"ImageObject","inLanguage":"sv-SE","@id":"https:\/\/talkpal.ai\/sv\/vocabulary\/ord-for-att-beskriva-vadret-pa-rumanska\/#primaryimage","url":"https:\/\/talkpal.ai\/wp-content\/uploads\/2025\/12\/five-students-at-table-learning-languages.webp","contentUrl":"https:\/\/talkpal.ai\/wp-content\/uploads\/2025\/12\/five-students-at-table-learning-languages.webp","width":1200,"height":896,"caption":"Five students study with books and laptops under hanging library lamps while learning languages."},{"@type":"BreadcrumbList","@id":"https:\/\/talkpal.ai\/sv\/vocabulary\/ord-for-att-beskriva-vadret-pa-rumanska\/#breadcrumb","itemListElement":[{"@type":"ListItem","position":1,"name":"Homepage","item":"https:\/\/talkpal.ai\/sv\/"},{"@type":"ListItem","position":2,"name":"Ord f\u00f6r att beskriva v\u00e4dret p\u00e5 rum\u00e4nska"}]},{"@type":"WebSite","@id":"https:\/\/talkpal.ai\/sv\/#website","url":"https:\/\/talkpal.ai\/sv\/","name":"Talkpal","description":"AI Language Learning","publisher":{"@id":"https:\/\/talkpal.ai\/sv\/#organization"},"alternateName":"Talkpal AI","potentialAction":[{"@type":"SearchAction","target":{"@type":"EntryPoint","urlTemplate":"https:\/\/talkpal.ai\/sv\/?s={search_term_string}"},"query-input":{"@type":"PropertyValueSpecification","valueRequired":true,"valueName":"search_term_string"}}],"inLanguage":"sv-SE"},{"@type":"Organization","@id":"https:\/\/talkpal.ai\/sv\/#organization","name":"Talkpal, Inc.","alternateName":"Talkpal AI","url":"https:\/\/talkpal.ai\/sv\/","logo":{"@type":"ImageObject","inLanguage":"sv-SE","@id":"https:\/\/talkpal.ai\/sv\/#\/schema\/logo\/image\/","url":"https:\/\/talkpal.ai\/wp-content\/uploads\/2024\/03\/Talkpal-Logo-Icon.png","contentUrl":"https:\/\/talkpal.ai\/wp-content\/uploads\/2024\/03\/Talkpal-Logo-Icon.png","width":2880,"height":2880,"caption":"Talkpal, Inc."},"image":{"@id":"https:\/\/talkpal.ai\/sv\/#\/schema\/logo\/image\/"},"sameAs":["https:\/\/www.facebook.com\/profile.php?id=100090733639311","https:\/\/x.com\/talkpalai","https:\/\/www.linkedin.com\/company\/talkpal\/","https:\/\/www.youtube.com\/@TalkPal\/","https:\/\/www.tiktok.com\/@talkpal","https:\/\/www.instagram.com\/talkpal_ai\/","https:\/\/www.crunchbase.com\/organization\/talkpal-9cde","https:\/\/www.g2.com\/products\/talkpal-for-business\/","https:\/\/www.trustpilot.com\/review\/talkpal.ai","https:\/\/www.capterra.com\/p\/10006800\/TalkPal\/"],"description":"Talkpal is a language learning web and mobile education app, powered by the latest AI technologies, that provides engaging experiences to its customers in many different languages to help them improve their language skills. Users can chat about unlimited amount of topics with the app and use other modes to practice their language learning.","email":"support@talkpal.ai","legalName":"Talkpal, Inc.","foundingDate":"2023-04-03","duns":"118989042","numberOfEmployees":{"@type":"QuantitativeValue","minValue":"11","maxValue":"50"},"publishingPrinciples":"https:\/\/talkpal.ai\/publishing-principles\/","actionableFeedbackPolicy":"https:\/\/talkpal.ai\/actionable-feedback-policy\/","correctionsPolicy":"https:\/\/talkpal.ai\/corrections-policy\/","ethicsPolicy":"https:\/\/talkpal.ai\/ethics-policy\/","diversityPolicy":"https:\/\/talkpal.ai\/diversity-policy\/","diversityStaffingReport":"https:\/\/talkpal.ai\/diversity-policy\/"}]}},"_links":{"self":[{"href":"https:\/\/talkpal.ai\/sv\/wp-json\/wp\/v2\/vocabulary\/717798","targetHints":{"allow":["GET"]}}],"collection":[{"href":"https:\/\/talkpal.ai\/sv\/wp-json\/wp\/v2\/vocabulary"}],"about":[{"href":"https:\/\/talkpal.ai\/sv\/wp-json\/wp\/v2\/types\/vocabulary"}],"wp:featuredmedia":[{"embeddable":true,"href":"https:\/\/talkpal.ai\/sv\/wp-json\/wp\/v2\/media\/1527646"}],"wp:attachment":[{"href":"https:\/\/talkpal.ai\/sv\/wp-json\/wp\/v2\/media?parent=717798"}],"wp:term":[{"taxonomy":"vocabulary_language","embeddable":true,"href":"https:\/\/talkpal.ai\/sv\/wp-json\/wp\/v2\/vocabulary_language?post=717798"}],"curies":[{"name":"wp","href":"https:\/\/api.w.org\/{rel}","templated":true}]}}