{"id":717776,"date":"2024-06-08T20:01:47","date_gmt":"2024-06-08T20:01:47","guid":{"rendered":"https:\/\/talkpal.ai\/vocabulary\/ord-for-farger-och-former-pa-polska\/"},"modified":"2024-06-08T20:01:47","modified_gmt":"2024-06-08T20:01:47","slug":"ord-for-farger-och-former-pa-polska","status":"publish","type":"vocabulary","link":"https:\/\/talkpal.ai\/sv\/vocabulary\/ord-for-farger-och-former-pa-polska\/","title":{"rendered":"Ord f\u00f6r f\u00e4rger och former p\u00e5 polska"},"content":{"rendered":"<p>Att l\u00e4ra sig ett nytt spr\u00e5k inneb\u00e4r att f\u00f6rst\u00e5 och kunna anv\u00e4nda ett brett spektrum av ord och uttryck. N\u00e4r det g\u00e4ller <a href=\"https:\/\/talkpal.ai\/learn-polish\/\">polska<\/a>, som \u00e4r ett rikt och vackert spr\u00e5k, \u00e4r det viktigt att b\u00f6rja med grundl\u00e4ggande ord och fraser. I <a href=\"https:\/\/talkpal.ai\/culture\/how-do-i-use-den-har-and-det-har\/\">den h\u00e4r<\/a> artikeln kommer vi att fokusera p\u00e5 ord f\u00f6r f\u00e4rger och former p\u00e5 polska. Genom att f\u00f6rst\u00e5 dessa ord kommer du att kunna beskriva din omgivning mer detaljerat och uttrycka dig mer exakt.<\/p>\n<h2>F\u00e4rger p\u00e5 polska<\/h2>\n<p>Att kunna f\u00e4rgerna \u00e4r en grundl\u00e4ggande del av spr\u00e5kf\u00f6rst\u00e5else. H\u00e4r \u00e4r n\u00e5gra av de mest anv\u00e4nda f\u00e4rgerna p\u00e5 polska:<\/p>\n<p><b>czerwony<\/b> &#8211; r\u00f6d<br \/>\n<font color=\"#2D3AC7\">Moja sukienka jest <b>czerwona<\/b>.<\/font><\/p>\n<p><b>niebieski<\/b> &#8211; bl\u00e5<br \/>\n<font color=\"#2D3AC7\">On nosi <b>niebiesk\u0105<\/b> koszul\u0119.<\/font><\/p>\n<p><b>zielony<\/b> &#8211; gr\u00f6n<br \/>\n<font color=\"#2D3AC7\">Lubi\u0119 <b>zielone<\/b> jab\u0142ka.<\/font><\/p>\n<p><b>\u017c\u00f3\u0142ty<\/b> &#8211; gul<br \/>\n<font color=\"#2D3AC7\">S\u0142o\u0144ce jest <b>\u017c\u00f3\u0142te<\/b>.<\/font><\/p>\n<p><b>czarny<\/b> &#8211; svart<br \/>\n<font color=\"#2D3AC7\">Mam <b>czarny<\/b> samoch\u00f3d.<\/font><\/p>\n<p><b>bia\u0142y<\/b> &#8211; vit<br \/>\n<font color=\"#2D3AC7\">Jej kot jest <b>bia\u0142y<\/b>.<\/font><\/p>\n<p><b>pomara\u0144czowy<\/b> &#8211; <a href=\"https:\/\/talkpal.ai\/locations\/language-courses-in-orange\/\">orange<\/a><br \/>\n<font color=\"#2D3AC7\">Kupi\u0142em <b>pomara\u0144czowy<\/b> sweter.<\/font><\/p>\n<p><b>r\u00f3\u017cowy<\/b> &#8211; rosa<br \/>\n<font color=\"#2D3AC7\">Ona ma <b>r\u00f3\u017cowy<\/b> telefon.<\/font><\/p>\n<p><b>fioletowy<\/b> &#8211; lila<br \/>\n<font color=\"#2D3AC7\">M\u00f3j plecak jest <b>fioletowy<\/b>.<\/font><\/p>\n<p><b>szary<\/b> &#8211; gr\u00e5<br \/>\n<font color=\"#2D3AC7\">Pies jest <b>szary<\/b>.<\/font><\/p>\n<h3>Specifika nyanser<\/h3>\n<p>F\u00f6rutom de grundl\u00e4ggande f\u00e4rgerna finns det ocks\u00e5 specifika nyanser som kan vara anv\u00e4ndbara att k\u00e4nna till.<\/p>\n<p><b>jasny<\/b> &#8211; ljus<br \/>\n<font color=\"#2D3AC7\">Mam <b>jasnoniebiesk\u0105<\/b> bluz\u0119.<\/font><\/p>\n<p><b>ciemny<\/b> &#8211; m\u00f6rk<br \/>\n<font color=\"#2D3AC7\">To jest <b>ciemnozielony<\/b> koc.<\/font><\/p>\n<p><b>turkusowy<\/b> &#8211; turkos<br \/>\n<font color=\"#2D3AC7\">Lubi\u0119 <b>turkusowe<\/b> morze.<\/font><\/p>\n<p><b>be\u017cowy<\/b> &#8211; beige<br \/>\n<font color=\"#2D3AC7\">Ona ma <b>be\u017cowy<\/b> p\u0142aszcz.<\/font><\/p>\n<p><b>br\u0105zowy<\/b> &#8211; brun<br \/>\n<font color=\"#2D3AC7\">Mam <b>br\u0105zowe<\/b> buty.<\/font><\/p>\n<h2>Former p\u00e5 polska<\/h2>\n<p>F\u00f6rutom f\u00e4rger \u00e4r det ocks\u00e5 viktigt att kunna beskriva former. H\u00e4r \u00e4r n\u00e5gra vanliga ord f\u00f6r former p\u00e5 polska:<\/p>\n<p><b>ko\u0142o<\/b> &#8211; cirkel<br \/>\n<font color=\"#2D3AC7\">Dzieci rysuj\u0105 <b>ko\u0142a<\/b>.<\/font><\/p>\n<p><b>kwadrat<\/b> &#8211; kvadrat<br \/>\n<font color=\"#2D3AC7\">To jest <b>kwadratowy<\/b> st\u00f3\u0142.<\/font><\/p>\n<p><b>tr\u00f3jk\u0105t<\/b> &#8211; triangel<br \/>\n<font color=\"#2D3AC7\">Znalaz\u0142em <b>tr\u00f3jk\u0105tny<\/b> kamie\u0144.<\/font><\/p>\n<p><b>prostok\u0105t<\/b> &#8211; rektangel<br \/>\n<font color=\"#2D3AC7\">Mam <b>prostok\u0105tn\u0105<\/b> ramk\u0119 na zdj\u0119cia.<\/font><\/p>\n<p><b>owal<\/b> &#8211; oval<br \/>\n<font color=\"#2D3AC7\">St\u00f3\u0142 jest <b>owalny<\/b>.<\/font><\/p>\n<p><b>romboid<\/b> &#8211; romb<br \/>\n<font color=\"#2D3AC7\">To jest <b>romboidalny<\/b> wz\u00f3r.<\/font><\/p>\n<p><b>pi\u0119ciok\u0105t<\/b> &#8211; femh\u00f6rning<br \/>\n<font color=\"#2D3AC7\">Budowla ma <b>pi\u0119ciok\u0105tny<\/b> dach.<\/font><\/p>\n<p><b>sze\u015bciok\u0105t<\/b> &#8211; sexh\u00f6rning<br \/>\n<font color=\"#2D3AC7\">P\u0142atek \u015bniegu ma <b>sze\u015bciok\u0105tn\u0105<\/b> struktur\u0119.<\/font><\/p>\n<h3>Komplexa former<\/h3>\n<p>F\u00f6rutom de grundl\u00e4ggande formerna finns det ocks\u00e5 mer komplexa former som du kanske beh\u00f6ver beskriva.<\/p>\n<p><b>gwiazda<\/b> &#8211; stj\u00e4rna<br \/>\n<font color=\"#2D3AC7\">Narysowa\u0142em <b>gwiazd\u0119<\/b> na papierze.<\/font><\/p>\n<p><b>serce<\/b> &#8211; hj\u00e4rta<br \/>\n<font color=\"#2D3AC7\">Ona ma <b>serce<\/b> z kamienia.<\/font><\/p>\n<p><b>krzy\u017c<\/b> &#8211; kors<br \/>\n<font color=\"#2D3AC7\">Na \u015bcianie wisi <b>krzy\u017c<\/b>.<\/font><\/p>\n<p><b>spirala<\/b> &#8211; spiral<br \/>\n<font color=\"#2D3AC7\">Zobaczy\u0142em <b>spiraln\u0105<\/b> muszl\u0119.<\/font><\/p>\n<p><b>sto\u017cek<\/b> &#8211; kon<br \/>\n<font color=\"#2D3AC7\">To jest <b>sto\u017ckowa<\/b> g\u00f3ra.<\/font><\/p>\n<p><b>walec<\/b> &#8211; cylinder<br \/>\n<font color=\"#2D3AC7\">M\u00f3j o\u0142\u00f3wek jest <b>walcowaty<\/b>.<\/font><\/p>\n<p>Att kunna f\u00e4rger och former p\u00e5 polska hj\u00e4lper dig att beskriva din omgivning mer exakt och f\u00f6rst\u00e5 vad andra beskriver. Genom att \u00f6va dessa ord och anv\u00e4nda dem i meningar kommer du att snabbt f\u00f6rb\u00e4ttra din polska. Lycka till med dina studier!<\/p>\n","protected":false},"featured_media":1527826,"template":"","vocabulary_language":[4201],"class_list":["post-717776","vocabulary","type-vocabulary","status-publish","has-post-thumbnail","hentry","vocabulary_language-putsa"],"acf":[],"yoast_head":"<!-- This site is optimized with the Yoast SEO Premium plugin v27.2 (Yoast SEO v27.2) - https:\/\/yoast.com\/product\/yoast-seo-premium-wordpress\/ -->\n<title>Ord f\u00f6r f\u00e4rger och former p\u00e5 polska - Talkpal<\/title>\n<meta name=\"description\" content=\"Att l\u00e4ra sig ett nytt spr\u00e5k inneb\u00e4r att f\u00f6rst\u00e5 och kunna anv\u00e4nda ett brett spektrum av ord och uttryck. N\u00e4r det g\u00e4ller polska, som \u00e4r ett rikt och vackert\" \/>\n<meta name=\"robots\" content=\"index, follow, max-snippet:-1, max-image-preview:large, max-video-preview:-1\" \/>\n<link rel=\"canonical\" href=\"https:\/\/talkpal.ai\/sv\/vocabulary\/ord-for-farger-och-former-pa-polska\/\" \/>\n<meta property=\"og:locale\" content=\"sv_SE\" \/>\n<meta property=\"og:type\" content=\"article\" \/>\n<meta property=\"og:title\" content=\"Ord f\u00f6r f\u00e4rger och former p\u00e5 polska\" \/>\n<meta property=\"og:description\" content=\"Att l\u00e4ra sig ett nytt spr\u00e5k inneb\u00e4r att f\u00f6rst\u00e5 och kunna anv\u00e4nda ett brett spektrum av ord och uttryck. N\u00e4r det g\u00e4ller polska, som \u00e4r ett rikt och vackert\" \/>\n<meta property=\"og:url\" content=\"https:\/\/talkpal.ai\/sv\/vocabulary\/ord-for-farger-och-former-pa-polska\/\" \/>\n<meta property=\"og:site_name\" content=\"Talkpal\" \/>\n<meta property=\"article:publisher\" content=\"https:\/\/www.facebook.com\/profile.php?id=100090733639311\" \/>\n<meta property=\"og:image\" content=\"https:\/\/talkpal.ai\/wp-content\/uploads\/2024\/10\/talkpal_flat_illustration_of_a_employees_working_together_happi_c674ff77-e477-4e09-835a-01d30e561e99.png\" \/>\n\t<meta property=\"og:image:width\" content=\"1024\" \/>\n\t<meta property=\"og:image:height\" content=\"1024\" \/>\n\t<meta property=\"og:image:type\" content=\"image\/png\" \/>\n<meta name=\"twitter:card\" content=\"summary_large_image\" \/>\n<meta name=\"twitter:site\" content=\"@talkpalai\" \/>\n<meta name=\"twitter:label1\" content=\"Ber\u00e4knad l\u00e4stid\" \/>\n\t<meta name=\"twitter:data1\" content=\"2 minuter\" \/>\n<script type=\"application\/ld+json\" class=\"yoast-schema-graph\">{\"@context\":\"https:\/\/schema.org\",\"@graph\":[{\"@type\":\"WebPage\",\"@id\":\"https:\/\/talkpal.ai\/sv\/vocabulary\/ord-for-farger-och-former-pa-polska\/\",\"url\":\"https:\/\/talkpal.ai\/sv\/vocabulary\/ord-for-farger-och-former-pa-polska\/\",\"name\":\"Ord f\u00f6r f\u00e4rger och former p\u00e5 polska - Talkpal\",\"isPartOf\":{\"@id\":\"https:\/\/talkpal.ai\/sv\/#website\"},\"primaryImageOfPage\":{\"@id\":\"https:\/\/talkpal.ai\/sv\/vocabulary\/ord-for-farger-och-former-pa-polska\/#primaryimage\"},\"image\":{\"@id\":\"https:\/\/talkpal.ai\/sv\/vocabulary\/ord-for-farger-och-former-pa-polska\/#primaryimage\"},\"thumbnailUrl\":\"https:\/\/talkpal.ai\/wp-content\/uploads\/2025\/12\/pair-uses-headsets-to-learn-languages.webp\",\"datePublished\":\"2024-06-08T20:01:47+00:00\",\"description\":\"Att l\u00e4ra sig ett nytt spr\u00e5k inneb\u00e4r att f\u00f6rst\u00e5 och kunna anv\u00e4nda ett brett spektrum av ord och uttryck. N\u00e4r det g\u00e4ller polska, som \u00e4r ett rikt och vackert\",\"breadcrumb\":{\"@id\":\"https:\/\/talkpal.ai\/sv\/vocabulary\/ord-for-farger-och-former-pa-polska\/#breadcrumb\"},\"inLanguage\":\"sv-SE\",\"potentialAction\":[{\"@type\":\"ReadAction\",\"target\":[\"https:\/\/talkpal.ai\/sv\/vocabulary\/ord-for-farger-och-former-pa-polska\/\"]}]},{\"@type\":\"ImageObject\",\"inLanguage\":\"sv-SE\",\"@id\":\"https:\/\/talkpal.ai\/sv\/vocabulary\/ord-for-farger-och-former-pa-polska\/#primaryimage\",\"url\":\"https:\/\/talkpal.ai\/wp-content\/uploads\/2025\/12\/pair-uses-headsets-to-learn-languages.webp\",\"contentUrl\":\"https:\/\/talkpal.ai\/wp-content\/uploads\/2025\/12\/pair-uses-headsets-to-learn-languages.webp\",\"width\":1200,\"height\":896,\"caption\":\"Two students wearing headsets sit in a library aisle while focused on learning languages with their textbooks.\"},{\"@type\":\"BreadcrumbList\",\"@id\":\"https:\/\/talkpal.ai\/sv\/vocabulary\/ord-for-farger-och-former-pa-polska\/#breadcrumb\",\"itemListElement\":[{\"@type\":\"ListItem\",\"position\":1,\"name\":\"Homepage\",\"item\":\"https:\/\/talkpal.ai\/sv\/\"},{\"@type\":\"ListItem\",\"position\":2,\"name\":\"Ord f\u00f6r f\u00e4rger och former p\u00e5 polska\"}]},{\"@type\":\"WebSite\",\"@id\":\"https:\/\/talkpal.ai\/sv\/#website\",\"url\":\"https:\/\/talkpal.ai\/sv\/\",\"name\":\"Talkpal\",\"description\":\"AI Language Learning\",\"publisher\":{\"@id\":\"https:\/\/talkpal.ai\/sv\/#organization\"},\"alternateName\":\"Talkpal AI\",\"potentialAction\":[{\"@type\":\"SearchAction\",\"target\":{\"@type\":\"EntryPoint\",\"urlTemplate\":\"https:\/\/talkpal.ai\/sv\/?s={search_term_string}\"},\"query-input\":{\"@type\":\"PropertyValueSpecification\",\"valueRequired\":true,\"valueName\":\"search_term_string\"}}],\"inLanguage\":\"sv-SE\"},{\"@type\":\"Organization\",\"@id\":\"https:\/\/talkpal.ai\/sv\/#organization\",\"name\":\"Talkpal, Inc.\",\"alternateName\":\"Talkpal AI\",\"url\":\"https:\/\/talkpal.ai\/sv\/\",\"logo\":{\"@type\":\"ImageObject\",\"inLanguage\":\"sv-SE\",\"@id\":\"https:\/\/talkpal.ai\/sv\/#\/schema\/logo\/image\/\",\"url\":\"https:\/\/talkpal.ai\/wp-content\/uploads\/2024\/03\/Talkpal-Logo-Icon.png\",\"contentUrl\":\"https:\/\/talkpal.ai\/wp-content\/uploads\/2024\/03\/Talkpal-Logo-Icon.png\",\"width\":2880,\"height\":2880,\"caption\":\"Talkpal, Inc.\"},\"image\":{\"@id\":\"https:\/\/talkpal.ai\/sv\/#\/schema\/logo\/image\/\"},\"sameAs\":[\"https:\/\/www.facebook.com\/profile.php?id=100090733639311\",\"https:\/\/x.com\/talkpalai\",\"https:\/\/www.linkedin.com\/company\/talkpal\/\",\"https:\/\/www.youtube.com\/@TalkPal\/\",\"https:\/\/www.tiktok.com\/@talkpal\",\"https:\/\/www.instagram.com\/talkpal_ai\/\",\"https:\/\/www.crunchbase.com\/organization\/talkpal-9cde\",\"https:\/\/www.g2.com\/products\/talkpal-for-business\/\",\"https:\/\/www.trustpilot.com\/review\/talkpal.ai\",\"https:\/\/www.capterra.com\/p\/10006800\/TalkPal\/\"],\"description\":\"Talkpal is a language learning web and mobile education app, powered by the latest AI technologies, that provides engaging experiences to its customers in many different languages to help them improve their language skills. Users can chat about unlimited amount of topics with the app and use other modes to practice their language learning.\",\"email\":\"support@talkpal.ai\",\"legalName\":\"Talkpal, Inc.\",\"foundingDate\":\"2023-04-03\",\"duns\":\"118989042\",\"numberOfEmployees\":{\"@type\":\"QuantitativeValue\",\"minValue\":\"11\",\"maxValue\":\"50\"},\"publishingPrinciples\":\"https:\/\/talkpal.ai\/publishing-principles\/\",\"actionableFeedbackPolicy\":\"https:\/\/talkpal.ai\/actionable-feedback-policy\/\",\"correctionsPolicy\":\"https:\/\/talkpal.ai\/corrections-policy\/\",\"ethicsPolicy\":\"https:\/\/talkpal.ai\/ethics-policy\/\",\"diversityPolicy\":\"https:\/\/talkpal.ai\/diversity-policy\/\",\"diversityStaffingReport\":\"https:\/\/talkpal.ai\/diversity-policy\/\"}]}<\/script>\n<!-- \/ Yoast SEO Premium plugin. -->","yoast_head_json":{"title":"Ord f\u00f6r f\u00e4rger och former p\u00e5 polska - Talkpal","description":"Att l\u00e4ra sig ett nytt spr\u00e5k inneb\u00e4r att f\u00f6rst\u00e5 och kunna anv\u00e4nda ett brett spektrum av ord och uttryck. N\u00e4r det g\u00e4ller polska, som \u00e4r ett rikt och vackert","robots":{"index":"index","follow":"follow","max-snippet":"max-snippet:-1","max-image-preview":"max-image-preview:large","max-video-preview":"max-video-preview:-1"},"canonical":"https:\/\/talkpal.ai\/sv\/vocabulary\/ord-for-farger-och-former-pa-polska\/","og_locale":"sv_SE","og_type":"article","og_title":"Ord f\u00f6r f\u00e4rger och former p\u00e5 polska","og_description":"Att l\u00e4ra sig ett nytt spr\u00e5k inneb\u00e4r att f\u00f6rst\u00e5 och kunna anv\u00e4nda ett brett spektrum av ord och uttryck. N\u00e4r det g\u00e4ller polska, som \u00e4r ett rikt och vackert","og_url":"https:\/\/talkpal.ai\/sv\/vocabulary\/ord-for-farger-och-former-pa-polska\/","og_site_name":"Talkpal","article_publisher":"https:\/\/www.facebook.com\/profile.php?id=100090733639311","og_image":[{"width":1024,"height":1024,"url":"https:\/\/talkpal.ai\/wp-content\/uploads\/2024\/10\/talkpal_flat_illustration_of_a_employees_working_together_happi_c674ff77-e477-4e09-835a-01d30e561e99.png","type":"image\/png"}],"twitter_card":"summary_large_image","twitter_site":"@talkpalai","twitter_misc":{"Ber\u00e4knad l\u00e4stid":"2 minuter"},"schema":{"@context":"https:\/\/schema.org","@graph":[{"@type":"WebPage","@id":"https:\/\/talkpal.ai\/sv\/vocabulary\/ord-for-farger-och-former-pa-polska\/","url":"https:\/\/talkpal.ai\/sv\/vocabulary\/ord-for-farger-och-former-pa-polska\/","name":"Ord f\u00f6r f\u00e4rger och former p\u00e5 polska - Talkpal","isPartOf":{"@id":"https:\/\/talkpal.ai\/sv\/#website"},"primaryImageOfPage":{"@id":"https:\/\/talkpal.ai\/sv\/vocabulary\/ord-for-farger-och-former-pa-polska\/#primaryimage"},"image":{"@id":"https:\/\/talkpal.ai\/sv\/vocabulary\/ord-for-farger-och-former-pa-polska\/#primaryimage"},"thumbnailUrl":"https:\/\/talkpal.ai\/wp-content\/uploads\/2025\/12\/pair-uses-headsets-to-learn-languages.webp","datePublished":"2024-06-08T20:01:47+00:00","description":"Att l\u00e4ra sig ett nytt spr\u00e5k inneb\u00e4r att f\u00f6rst\u00e5 och kunna anv\u00e4nda ett brett spektrum av ord och uttryck. N\u00e4r det g\u00e4ller polska, som \u00e4r ett rikt och vackert","breadcrumb":{"@id":"https:\/\/talkpal.ai\/sv\/vocabulary\/ord-for-farger-och-former-pa-polska\/#breadcrumb"},"inLanguage":"sv-SE","potentialAction":[{"@type":"ReadAction","target":["https:\/\/talkpal.ai\/sv\/vocabulary\/ord-for-farger-och-former-pa-polska\/"]}]},{"@type":"ImageObject","inLanguage":"sv-SE","@id":"https:\/\/talkpal.ai\/sv\/vocabulary\/ord-for-farger-och-former-pa-polska\/#primaryimage","url":"https:\/\/talkpal.ai\/wp-content\/uploads\/2025\/12\/pair-uses-headsets-to-learn-languages.webp","contentUrl":"https:\/\/talkpal.ai\/wp-content\/uploads\/2025\/12\/pair-uses-headsets-to-learn-languages.webp","width":1200,"height":896,"caption":"Two students wearing headsets sit in a library aisle while focused on learning languages with their textbooks."},{"@type":"BreadcrumbList","@id":"https:\/\/talkpal.ai\/sv\/vocabulary\/ord-for-farger-och-former-pa-polska\/#breadcrumb","itemListElement":[{"@type":"ListItem","position":1,"name":"Homepage","item":"https:\/\/talkpal.ai\/sv\/"},{"@type":"ListItem","position":2,"name":"Ord f\u00f6r f\u00e4rger och former p\u00e5 polska"}]},{"@type":"WebSite","@id":"https:\/\/talkpal.ai\/sv\/#website","url":"https:\/\/talkpal.ai\/sv\/","name":"Talkpal","description":"AI Language Learning","publisher":{"@id":"https:\/\/talkpal.ai\/sv\/#organization"},"alternateName":"Talkpal AI","potentialAction":[{"@type":"SearchAction","target":{"@type":"EntryPoint","urlTemplate":"https:\/\/talkpal.ai\/sv\/?s={search_term_string}"},"query-input":{"@type":"PropertyValueSpecification","valueRequired":true,"valueName":"search_term_string"}}],"inLanguage":"sv-SE"},{"@type":"Organization","@id":"https:\/\/talkpal.ai\/sv\/#organization","name":"Talkpal, Inc.","alternateName":"Talkpal AI","url":"https:\/\/talkpal.ai\/sv\/","logo":{"@type":"ImageObject","inLanguage":"sv-SE","@id":"https:\/\/talkpal.ai\/sv\/#\/schema\/logo\/image\/","url":"https:\/\/talkpal.ai\/wp-content\/uploads\/2024\/03\/Talkpal-Logo-Icon.png","contentUrl":"https:\/\/talkpal.ai\/wp-content\/uploads\/2024\/03\/Talkpal-Logo-Icon.png","width":2880,"height":2880,"caption":"Talkpal, Inc."},"image":{"@id":"https:\/\/talkpal.ai\/sv\/#\/schema\/logo\/image\/"},"sameAs":["https:\/\/www.facebook.com\/profile.php?id=100090733639311","https:\/\/x.com\/talkpalai","https:\/\/www.linkedin.com\/company\/talkpal\/","https:\/\/www.youtube.com\/@TalkPal\/","https:\/\/www.tiktok.com\/@talkpal","https:\/\/www.instagram.com\/talkpal_ai\/","https:\/\/www.crunchbase.com\/organization\/talkpal-9cde","https:\/\/www.g2.com\/products\/talkpal-for-business\/","https:\/\/www.trustpilot.com\/review\/talkpal.ai","https:\/\/www.capterra.com\/p\/10006800\/TalkPal\/"],"description":"Talkpal is a language learning web and mobile education app, powered by the latest AI technologies, that provides engaging experiences to its customers in many different languages to help them improve their language skills. Users can chat about unlimited amount of topics with the app and use other modes to practice their language learning.","email":"support@talkpal.ai","legalName":"Talkpal, Inc.","foundingDate":"2023-04-03","duns":"118989042","numberOfEmployees":{"@type":"QuantitativeValue","minValue":"11","maxValue":"50"},"publishingPrinciples":"https:\/\/talkpal.ai\/publishing-principles\/","actionableFeedbackPolicy":"https:\/\/talkpal.ai\/actionable-feedback-policy\/","correctionsPolicy":"https:\/\/talkpal.ai\/corrections-policy\/","ethicsPolicy":"https:\/\/talkpal.ai\/ethics-policy\/","diversityPolicy":"https:\/\/talkpal.ai\/diversity-policy\/","diversityStaffingReport":"https:\/\/talkpal.ai\/diversity-policy\/"}]}},"_links":{"self":[{"href":"https:\/\/talkpal.ai\/sv\/wp-json\/wp\/v2\/vocabulary\/717776","targetHints":{"allow":["GET"]}}],"collection":[{"href":"https:\/\/talkpal.ai\/sv\/wp-json\/wp\/v2\/vocabulary"}],"about":[{"href":"https:\/\/talkpal.ai\/sv\/wp-json\/wp\/v2\/types\/vocabulary"}],"wp:featuredmedia":[{"embeddable":true,"href":"https:\/\/talkpal.ai\/sv\/wp-json\/wp\/v2\/media\/1527826"}],"wp:attachment":[{"href":"https:\/\/talkpal.ai\/sv\/wp-json\/wp\/v2\/media?parent=717776"}],"wp:term":[{"taxonomy":"vocabulary_language","embeddable":true,"href":"https:\/\/talkpal.ai\/sv\/wp-json\/wp\/v2\/vocabulary_language?post=717776"}],"curies":[{"name":"wp","href":"https:\/\/api.w.org\/{rel}","templated":true}]}}