{"id":717773,"date":"2024-06-08T20:01:38","date_gmt":"2024-06-08T20:01:38","guid":{"rendered":"https:\/\/talkpal.ai\/vocabulary\/polskt-ordforrad-relaterat-till-religion\/"},"modified":"2024-06-08T20:01:38","modified_gmt":"2024-06-08T20:01:38","slug":"polskt-ordforrad-relaterat-till-religion","status":"publish","type":"vocabulary","link":"https:\/\/talkpal.ai\/sv\/vocabulary\/polskt-ordforrad-relaterat-till-religion\/","title":{"rendered":"Polskt ordf\u00f6rr\u00e5d relaterat till religion"},"content":{"rendered":"<p>Att l\u00e4ra sig ett nytt spr\u00e5k inneb\u00e4r inte bara att f\u00f6rst\u00e5 dess <a href=\"https:\/\/talkpal.ai\/fr\/les\/\">grammatik<\/a> och syntax, utan ocks\u00e5 att f\u00f6rv\u00e4rva ett rikt ordf\u00f6rr\u00e5d som speglar olika aspekter av kulturen. Religion \u00e4r en viktig del av m\u00e5nga kulturer, och att f\u00f6rst\u00e5 religi\u00f6st ordf\u00f6rr\u00e5d kan ge djupare insikter i samh\u00e4llets v\u00e4rderingar och traditioner. I denna artikel kommer vi att utforska polskt ordf\u00f6rr\u00e5d relaterat till religion. Vi kommer att g\u00e5 igenom viktiga termer och deras betydelser, samt ge exempel p\u00e5 hur dessa ord anv\u00e4nds i meningar.<\/p>\n<h2>Grundl\u00e4ggande termer<\/h2>\n<p><b>Ko\u015bci\u00f3\u0142<\/b><br \/>\nEn byggnad d\u00e4r kristna samlas f\u00f6r att fira gudstj\u00e4nst.<br \/>\n<font color=\"#2D3AC7\">Poszli\u015bmy do <b>ko\u015bcio\u0142a<\/b> na msz\u0119 \u015bwi\u0119t\u0105.<\/font><\/p>\n<p><b>Msza<\/b><br \/>\nEn religi\u00f6s ceremoni inom den katolska kyrkan.<br \/>\n<font color=\"#2D3AC7\">Niedzielna <b>msza<\/b> zaczyna si\u0119 o dziesi\u0105tej rano.<\/font><\/p>\n<p><b>Modlitwa<\/b><br \/>\nEn handling d\u00e4r man kommunicerar med en gud eller gudar.<br \/>\n<font color=\"#2D3AC7\">Ka\u017cdego wieczoru odmawiamy <b>modlitw\u0119<\/b> przed snem.<\/font><\/p>\n<p><b>Biblia<\/b><br \/>\nDen heliga skriften inom kristendomen.<br \/>\n<font color=\"#2D3AC7\">Czyta\u0142em dzisiaj fragment z <b>Biblii<\/b>.<\/font><\/p>\n<p><b>Ksi\u0105dz<\/b><br \/>\nEn pr\u00e4st inom den katolska kyrkan.<br \/>\n<font color=\"#2D3AC7\"><b>Ksi\u0105dz<\/b> wyg\u0142osi\u0142 poruszaj\u0105ce kazanie.<\/font><\/p>\n<h2>H\u00f6gtider och ceremonier<\/h2>\n<p><b>Wielkanoc<\/b><br \/>\n<a href=\"https:\/\/talkpal.ai\/talkpal-easter-discount\/\">P\u00e5sk<\/a>, en av de viktigaste kristna h\u00f6gtiderna som firar Jesu uppst\u00e5ndelse.<br \/>\n<font color=\"#2D3AC7\"><b>Wielkanoc<\/b> jest obchodzona w kwietniu.<\/font><\/p>\n<p><b>Bo\u017ce Narodzenie<\/b><br \/>\n<a href=\"https:\/\/talkpal.ai\/talkpal-christmas-discount\/\">Jul<\/a>, en h\u00f6gtid som firar Jesu f\u00f6delse.<br \/>\n<font color=\"#2D3AC7\"><b>Bo\u017ce Narodzenie<\/b> to czas sp\u0119dzany z rodzin\u0105.<\/font><\/p>\n<p><b>Chrzest<\/b><br \/>\nDop, en ceremoni d\u00e4r en person officiellt tas upp i den kristna kyrkan.<br \/>\n<font><b>Chrzest<\/b> mojego brata odby\u0142 si\u0119 w zesz\u0142ym tygodniu.<\/font><\/p>\n<p><b>Komunia<\/b><br \/>\nEn helig ceremoni d\u00e4r troende tar emot nattvarden.<br \/>\n<font>M\u00f3j syn przyst\u0105pi\u0142 do pierwszej <b>komunii<\/b> \u015bwi\u0119tej w maju.<\/font><\/p>\n<p><b>Bierzmowanie<\/b><br \/>\nBekr\u00e4ftelse, en ceremoni d\u00e4r en person bekr\u00e4ftar sin tro och mottar den heliga Anden.<br \/>\n<font><b>Bierzmowanie<\/b> odby\u0142o si\u0119 w naszej parafii.<\/font><\/p>\n<h2>Religi\u00f6sa roller och titlar<\/h2>\n<p><b>Papie\u017c<\/b><br \/>\nP\u00e5ven, den h\u00f6gsta ledaren inom den katolska kyrkan.<br \/>\n<font><b>Papie\u017c<\/b> odwiedzi\u0142 Polsk\u0119 w zesz\u0142ym roku.<\/font><\/p>\n<p><b>Zakonnica<\/b><br \/>\nEn nunna, en kvinna som har avlagt l\u00f6ften om att leva ett religi\u00f6st liv.<br \/>\n<font><b>Zakonnica<\/b> pomaga\u0142a w szkole przez wiele lat.<\/font><\/p>\n<p><b>Mnich<\/b><br \/>\nEn munk, en man som har avlagt l\u00f6ften om att leva ett religi\u00f6st liv.<br \/>\n<font><b>Mnich<\/b> sp\u0119dza\u0142 wi\u0119kszo\u015b\u0107 czasu na modlitwie.<\/font><\/p>\n<p><b>Biskup<\/b><br \/>\nEn biskop, en h\u00f6gre pr\u00e4st inom den katolska kyrkan.<br \/>\n<font><b>Biskup<\/b> przewodniczy\u0142 ceremonii.<\/font><\/p>\n<p><b>Diakon<\/b><br \/>\nEn diakon, en tj\u00e4nare inom kyrkan som hj\u00e4lper pr\u00e4sten.<br \/>\n<font><b>Diakon<\/b> pomaga\u0142 przy rozdawaniu komunii.<\/font><\/p>\n<h2>Platser och objekt<\/h2>\n<p><b>Klasztor<\/b><br \/>\nEn kloster, en plats d\u00e4r munkar eller nunnor lever och arbetar.<br \/>\n<font><b>Klasztor<\/b> znajduje si\u0119 na wzg\u00f3rzu.<\/font><\/p>\n<p><b>Kaplica<\/b><br \/>\nEn kapell, en liten kyrka eller ett rum f\u00f6r b\u00f6n.<br \/>\n<font><b>Kaplica<\/b> by\u0142a pi\u0119knie ozdobiona kwiatami.<\/font><\/p>\n<p><b>O\u0142tarz<\/b><br \/>\nEtt altare, en plats i kyrkan d\u00e4r religi\u00f6sa ceremonier utf\u00f6rs.<br \/>\n<font>Ksi\u0105dz sta\u0142 przy <b>o\u0142tarzu<\/b> podczas mszy.<\/font><\/p>\n<p><b>Krzy\u017c<\/b><br \/>\nEtt kors, en symbol f\u00f6r kristendomen.<br \/>\n<font>Wisi <b>krzy\u017c<\/b> nad drzwiami.<\/font><\/p>\n<p><b>Ikona<\/b><br \/>\nEn ikon, en religi\u00f6s bild som ofta anv\u00e4nds i ortodoxa kyrkor.<br \/>\n<font>W domu mamy wiele <b>ikon<\/b>.<\/font><\/p>\n<h2>Andra viktiga termer<\/h2>\n<p><b>Duszpasterz<\/b><br \/>\nEn sj\u00e4las\u00f6rjare, en pr\u00e4st som tar hand om f\u00f6rsamlingsmedlemmarnas andliga behov.<br \/>\n<font>Parafianie lubi\u0105 swojego <b>duszpasterza<\/b>.<\/font><\/p>\n<p><b>Parafia<\/b><br \/>\nEn f\u00f6rsamling, en grupp m\u00e4nniskor som tillh\u00f6r samma kyrka.<br \/>\n<font>Nasza <b>parafia<\/b> organizuje wiele wydarze\u0144.<\/font><\/p>\n<p><b>Spowied\u017a<\/b><br \/>\nBikt, en ceremoni d\u00e4r en person bek\u00e4nner sina synder f\u00f6r en pr\u00e4st.<br \/>\n<font>Poszed\u0142em na <b>spowied\u017a<\/b> przed Wielkanoc\u0105.<\/font><\/p>\n<p><b>R\u00f3\u017caniec<\/b><br \/>\nEn radband som anv\u00e4nds vid b\u00f6n inom katolicismen.<br \/>\n<font>Moja babcia zawsze nosi <b>r\u00f3\u017caniec<\/b> w torebce.<\/font><\/p>\n<p><b>\u015awi\u0119ty<\/b><br \/>\nEn helgon, en person som har blivit kanoniserad av kyrkan f\u00f6r sitt heliga liv.<br \/>\n<font>\u015awi\u0119ty Franciszek jest patronem zwierz\u0105t.<\/font><\/p>\n<h2>Avslutande tankar<\/h2>\n<p>Att f\u00f6rst\u00e5 religi\u00f6st ordf\u00f6rr\u00e5d kan ge dig en djupare insikt i den <a href=\"https:\/\/talkpal.ai\/learn-polish\/\">polska<\/a> kulturen och dess traditioner. Genom att l\u00e4ra dig dessa ord och deras betydelser kan du b\u00e4ttre f\u00f6rst\u00e5 samtal och texter som handlar om religion. Dessutom kan det hj\u00e4lpa dig att <a href=\"https:\/\/talkpal.ai\/locations\/language-courses-in-delta\/\">delta<\/a> i diskussioner om religi\u00f6sa \u00e4mnen och att visa respekt f\u00f6r de religi\u00f6sa \u00f6vertygelser som \u00e4r viktiga f\u00f6r m\u00e5nga m\u00e4nniskor.<\/p>\n<p>Oavsett din egen tro kan en f\u00f6rst\u00e5else f\u00f6r religi\u00f6st spr\u00e5kbruk berika din spr\u00e5kliga och kulturella kompetens. Forts\u00e4tt att utforska och l\u00e4ra dig, och l\u00e5t dessa ord bli en del av ditt v\u00e4xande polska ordf\u00f6rr\u00e5d.<\/p>\n","protected":false},"featured_media":1527982,"template":"","vocabulary_language":[4201],"class_list":["post-717773","vocabulary","type-vocabulary","status-publish","has-post-thumbnail","hentry","vocabulary_language-putsa"],"acf":[],"yoast_head":"<!-- This site is optimized with the Yoast SEO Premium plugin v27.2 (Yoast SEO v27.2) - https:\/\/yoast.com\/product\/yoast-seo-premium-wordpress\/ -->\n<title>Polskt ordf\u00f6rr\u00e5d relaterat till religion - Talkpal<\/title>\n<meta name=\"description\" content=\"Att l\u00e4ra sig ett nytt spr\u00e5k inneb\u00e4r inte bara att f\u00f6rst\u00e5 dess grammatik och syntax, utan ocks\u00e5 att f\u00f6rv\u00e4rva ett rikt ordf\u00f6rr\u00e5d som speglar olika aspekter\" \/>\n<meta name=\"robots\" content=\"index, follow, max-snippet:-1, max-image-preview:large, max-video-preview:-1\" \/>\n<link rel=\"canonical\" href=\"https:\/\/talkpal.ai\/sv\/vocabulary\/polskt-ordforrad-relaterat-till-religion\/\" \/>\n<meta property=\"og:locale\" content=\"sv_SE\" \/>\n<meta property=\"og:type\" content=\"article\" \/>\n<meta property=\"og:title\" content=\"Polskt ordf\u00f6rr\u00e5d relaterat till religion\" \/>\n<meta property=\"og:description\" content=\"Att l\u00e4ra sig ett nytt spr\u00e5k inneb\u00e4r inte bara att f\u00f6rst\u00e5 dess grammatik och syntax, utan ocks\u00e5 att f\u00f6rv\u00e4rva ett rikt ordf\u00f6rr\u00e5d som speglar olika aspekter\" \/>\n<meta property=\"og:url\" content=\"https:\/\/talkpal.ai\/sv\/vocabulary\/polskt-ordforrad-relaterat-till-religion\/\" \/>\n<meta property=\"og:site_name\" content=\"Talkpal\" \/>\n<meta property=\"article:publisher\" content=\"https:\/\/www.facebook.com\/profile.php?id=100090733639311\" \/>\n<meta property=\"og:image\" content=\"https:\/\/talkpal.ai\/wp-content\/uploads\/2024\/10\/talkpal_flat_illustration_of_a_employees_working_together_happi_c674ff77-e477-4e09-835a-01d30e561e99.png\" \/>\n\t<meta property=\"og:image:width\" content=\"1024\" \/>\n\t<meta property=\"og:image:height\" content=\"1024\" \/>\n\t<meta property=\"og:image:type\" content=\"image\/png\" \/>\n<meta name=\"twitter:card\" content=\"summary_large_image\" \/>\n<meta name=\"twitter:site\" content=\"@talkpalai\" \/>\n<meta name=\"twitter:label1\" content=\"Ber\u00e4knad l\u00e4stid\" \/>\n\t<meta name=\"twitter:data1\" content=\"4 minuter\" \/>\n<script type=\"application\/ld+json\" class=\"yoast-schema-graph\">{\"@context\":\"https:\/\/schema.org\",\"@graph\":[{\"@type\":\"WebPage\",\"@id\":\"https:\/\/talkpal.ai\/sv\/vocabulary\/polskt-ordforrad-relaterat-till-religion\/\",\"url\":\"https:\/\/talkpal.ai\/sv\/vocabulary\/polskt-ordforrad-relaterat-till-religion\/\",\"name\":\"Polskt ordf\u00f6rr\u00e5d relaterat till religion - Talkpal\",\"isPartOf\":{\"@id\":\"https:\/\/talkpal.ai\/sv\/#website\"},\"primaryImageOfPage\":{\"@id\":\"https:\/\/talkpal.ai\/sv\/vocabulary\/polskt-ordforrad-relaterat-till-religion\/#primaryimage\"},\"image\":{\"@id\":\"https:\/\/talkpal.ai\/sv\/vocabulary\/polskt-ordforrad-relaterat-till-religion\/#primaryimage\"},\"thumbnailUrl\":\"https:\/\/talkpal.ai\/wp-content\/uploads\/2025\/12\/students-studying-notes-to-learn-languages.webp\",\"datePublished\":\"2024-06-08T20:01:38+00:00\",\"description\":\"Att l\u00e4ra sig ett nytt spr\u00e5k inneb\u00e4r inte bara att f\u00f6rst\u00e5 dess grammatik och syntax, utan ocks\u00e5 att f\u00f6rv\u00e4rva ett rikt ordf\u00f6rr\u00e5d som speglar olika aspekter\",\"breadcrumb\":{\"@id\":\"https:\/\/talkpal.ai\/sv\/vocabulary\/polskt-ordforrad-relaterat-till-religion\/#breadcrumb\"},\"inLanguage\":\"sv-SE\",\"potentialAction\":[{\"@type\":\"ReadAction\",\"target\":[\"https:\/\/talkpal.ai\/sv\/vocabulary\/polskt-ordforrad-relaterat-till-religion\/\"]}]},{\"@type\":\"ImageObject\",\"inLanguage\":\"sv-SE\",\"@id\":\"https:\/\/talkpal.ai\/sv\/vocabulary\/polskt-ordforrad-relaterat-till-religion\/#primaryimage\",\"url\":\"https:\/\/talkpal.ai\/wp-content\/uploads\/2025\/12\/students-studying-notes-to-learn-languages.webp\",\"contentUrl\":\"https:\/\/talkpal.ai\/wp-content\/uploads\/2025\/12\/students-studying-notes-to-learn-languages.webp\",\"width\":1200,\"height\":896,\"caption\":\"Five students sit around a table in a dimly lit library to learn languages from handouts.\"},{\"@type\":\"BreadcrumbList\",\"@id\":\"https:\/\/talkpal.ai\/sv\/vocabulary\/polskt-ordforrad-relaterat-till-religion\/#breadcrumb\",\"itemListElement\":[{\"@type\":\"ListItem\",\"position\":1,\"name\":\"Homepage\",\"item\":\"https:\/\/talkpal.ai\/sv\/\"},{\"@type\":\"ListItem\",\"position\":2,\"name\":\"Polskt ordf\u00f6rr\u00e5d relaterat till religion\"}]},{\"@type\":\"WebSite\",\"@id\":\"https:\/\/talkpal.ai\/sv\/#website\",\"url\":\"https:\/\/talkpal.ai\/sv\/\",\"name\":\"Talkpal\",\"description\":\"AI Language Learning\",\"publisher\":{\"@id\":\"https:\/\/talkpal.ai\/sv\/#organization\"},\"alternateName\":\"Talkpal AI\",\"potentialAction\":[{\"@type\":\"SearchAction\",\"target\":{\"@type\":\"EntryPoint\",\"urlTemplate\":\"https:\/\/talkpal.ai\/sv\/?s={search_term_string}\"},\"query-input\":{\"@type\":\"PropertyValueSpecification\",\"valueRequired\":true,\"valueName\":\"search_term_string\"}}],\"inLanguage\":\"sv-SE\"},{\"@type\":\"Organization\",\"@id\":\"https:\/\/talkpal.ai\/sv\/#organization\",\"name\":\"Talkpal, Inc.\",\"alternateName\":\"Talkpal AI\",\"url\":\"https:\/\/talkpal.ai\/sv\/\",\"logo\":{\"@type\":\"ImageObject\",\"inLanguage\":\"sv-SE\",\"@id\":\"https:\/\/talkpal.ai\/sv\/#\/schema\/logo\/image\/\",\"url\":\"https:\/\/talkpal.ai\/wp-content\/uploads\/2024\/03\/Talkpal-Logo-Icon.png\",\"contentUrl\":\"https:\/\/talkpal.ai\/wp-content\/uploads\/2024\/03\/Talkpal-Logo-Icon.png\",\"width\":2880,\"height\":2880,\"caption\":\"Talkpal, Inc.\"},\"image\":{\"@id\":\"https:\/\/talkpal.ai\/sv\/#\/schema\/logo\/image\/\"},\"sameAs\":[\"https:\/\/www.facebook.com\/profile.php?id=100090733639311\",\"https:\/\/x.com\/talkpalai\",\"https:\/\/www.linkedin.com\/company\/talkpal\/\",\"https:\/\/www.youtube.com\/@TalkPal\/\",\"https:\/\/www.tiktok.com\/@talkpal\",\"https:\/\/www.instagram.com\/talkpal_ai\/\",\"https:\/\/www.crunchbase.com\/organization\/talkpal-9cde\",\"https:\/\/www.g2.com\/products\/talkpal-for-business\/\",\"https:\/\/www.trustpilot.com\/review\/talkpal.ai\",\"https:\/\/www.capterra.com\/p\/10006800\/TalkPal\/\"],\"description\":\"Talkpal is a language learning web and mobile education app, powered by the latest AI technologies, that provides engaging experiences to its customers in many different languages to help them improve their language skills. Users can chat about unlimited amount of topics with the app and use other modes to practice their language learning.\",\"email\":\"support@talkpal.ai\",\"legalName\":\"Talkpal, Inc.\",\"foundingDate\":\"2023-04-03\",\"duns\":\"118989042\",\"numberOfEmployees\":{\"@type\":\"QuantitativeValue\",\"minValue\":\"11\",\"maxValue\":\"50\"},\"publishingPrinciples\":\"https:\/\/talkpal.ai\/publishing-principles\/\",\"actionableFeedbackPolicy\":\"https:\/\/talkpal.ai\/actionable-feedback-policy\/\",\"correctionsPolicy\":\"https:\/\/talkpal.ai\/corrections-policy\/\",\"ethicsPolicy\":\"https:\/\/talkpal.ai\/ethics-policy\/\",\"diversityPolicy\":\"https:\/\/talkpal.ai\/diversity-policy\/\",\"diversityStaffingReport\":\"https:\/\/talkpal.ai\/diversity-policy\/\"}]}<\/script>\n<!-- \/ Yoast SEO Premium plugin. -->","yoast_head_json":{"title":"Polskt ordf\u00f6rr\u00e5d relaterat till religion - Talkpal","description":"Att l\u00e4ra sig ett nytt spr\u00e5k inneb\u00e4r inte bara att f\u00f6rst\u00e5 dess grammatik och syntax, utan ocks\u00e5 att f\u00f6rv\u00e4rva ett rikt ordf\u00f6rr\u00e5d som speglar olika aspekter","robots":{"index":"index","follow":"follow","max-snippet":"max-snippet:-1","max-image-preview":"max-image-preview:large","max-video-preview":"max-video-preview:-1"},"canonical":"https:\/\/talkpal.ai\/sv\/vocabulary\/polskt-ordforrad-relaterat-till-religion\/","og_locale":"sv_SE","og_type":"article","og_title":"Polskt ordf\u00f6rr\u00e5d relaterat till religion","og_description":"Att l\u00e4ra sig ett nytt spr\u00e5k inneb\u00e4r inte bara att f\u00f6rst\u00e5 dess grammatik och syntax, utan ocks\u00e5 att f\u00f6rv\u00e4rva ett rikt ordf\u00f6rr\u00e5d som speglar olika aspekter","og_url":"https:\/\/talkpal.ai\/sv\/vocabulary\/polskt-ordforrad-relaterat-till-religion\/","og_site_name":"Talkpal","article_publisher":"https:\/\/www.facebook.com\/profile.php?id=100090733639311","og_image":[{"width":1024,"height":1024,"url":"https:\/\/talkpal.ai\/wp-content\/uploads\/2024\/10\/talkpal_flat_illustration_of_a_employees_working_together_happi_c674ff77-e477-4e09-835a-01d30e561e99.png","type":"image\/png"}],"twitter_card":"summary_large_image","twitter_site":"@talkpalai","twitter_misc":{"Ber\u00e4knad l\u00e4stid":"4 minuter"},"schema":{"@context":"https:\/\/schema.org","@graph":[{"@type":"WebPage","@id":"https:\/\/talkpal.ai\/sv\/vocabulary\/polskt-ordforrad-relaterat-till-religion\/","url":"https:\/\/talkpal.ai\/sv\/vocabulary\/polskt-ordforrad-relaterat-till-religion\/","name":"Polskt ordf\u00f6rr\u00e5d relaterat till religion - Talkpal","isPartOf":{"@id":"https:\/\/talkpal.ai\/sv\/#website"},"primaryImageOfPage":{"@id":"https:\/\/talkpal.ai\/sv\/vocabulary\/polskt-ordforrad-relaterat-till-religion\/#primaryimage"},"image":{"@id":"https:\/\/talkpal.ai\/sv\/vocabulary\/polskt-ordforrad-relaterat-till-religion\/#primaryimage"},"thumbnailUrl":"https:\/\/talkpal.ai\/wp-content\/uploads\/2025\/12\/students-studying-notes-to-learn-languages.webp","datePublished":"2024-06-08T20:01:38+00:00","description":"Att l\u00e4ra sig ett nytt spr\u00e5k inneb\u00e4r inte bara att f\u00f6rst\u00e5 dess grammatik och syntax, utan ocks\u00e5 att f\u00f6rv\u00e4rva ett rikt ordf\u00f6rr\u00e5d som speglar olika aspekter","breadcrumb":{"@id":"https:\/\/talkpal.ai\/sv\/vocabulary\/polskt-ordforrad-relaterat-till-religion\/#breadcrumb"},"inLanguage":"sv-SE","potentialAction":[{"@type":"ReadAction","target":["https:\/\/talkpal.ai\/sv\/vocabulary\/polskt-ordforrad-relaterat-till-religion\/"]}]},{"@type":"ImageObject","inLanguage":"sv-SE","@id":"https:\/\/talkpal.ai\/sv\/vocabulary\/polskt-ordforrad-relaterat-till-religion\/#primaryimage","url":"https:\/\/talkpal.ai\/wp-content\/uploads\/2025\/12\/students-studying-notes-to-learn-languages.webp","contentUrl":"https:\/\/talkpal.ai\/wp-content\/uploads\/2025\/12\/students-studying-notes-to-learn-languages.webp","width":1200,"height":896,"caption":"Five students sit around a table in a dimly lit library to learn languages from handouts."},{"@type":"BreadcrumbList","@id":"https:\/\/talkpal.ai\/sv\/vocabulary\/polskt-ordforrad-relaterat-till-religion\/#breadcrumb","itemListElement":[{"@type":"ListItem","position":1,"name":"Homepage","item":"https:\/\/talkpal.ai\/sv\/"},{"@type":"ListItem","position":2,"name":"Polskt ordf\u00f6rr\u00e5d relaterat till religion"}]},{"@type":"WebSite","@id":"https:\/\/talkpal.ai\/sv\/#website","url":"https:\/\/talkpal.ai\/sv\/","name":"Talkpal","description":"AI Language Learning","publisher":{"@id":"https:\/\/talkpal.ai\/sv\/#organization"},"alternateName":"Talkpal AI","potentialAction":[{"@type":"SearchAction","target":{"@type":"EntryPoint","urlTemplate":"https:\/\/talkpal.ai\/sv\/?s={search_term_string}"},"query-input":{"@type":"PropertyValueSpecification","valueRequired":true,"valueName":"search_term_string"}}],"inLanguage":"sv-SE"},{"@type":"Organization","@id":"https:\/\/talkpal.ai\/sv\/#organization","name":"Talkpal, Inc.","alternateName":"Talkpal AI","url":"https:\/\/talkpal.ai\/sv\/","logo":{"@type":"ImageObject","inLanguage":"sv-SE","@id":"https:\/\/talkpal.ai\/sv\/#\/schema\/logo\/image\/","url":"https:\/\/talkpal.ai\/wp-content\/uploads\/2024\/03\/Talkpal-Logo-Icon.png","contentUrl":"https:\/\/talkpal.ai\/wp-content\/uploads\/2024\/03\/Talkpal-Logo-Icon.png","width":2880,"height":2880,"caption":"Talkpal, Inc."},"image":{"@id":"https:\/\/talkpal.ai\/sv\/#\/schema\/logo\/image\/"},"sameAs":["https:\/\/www.facebook.com\/profile.php?id=100090733639311","https:\/\/x.com\/talkpalai","https:\/\/www.linkedin.com\/company\/talkpal\/","https:\/\/www.youtube.com\/@TalkPal\/","https:\/\/www.tiktok.com\/@talkpal","https:\/\/www.instagram.com\/talkpal_ai\/","https:\/\/www.crunchbase.com\/organization\/talkpal-9cde","https:\/\/www.g2.com\/products\/talkpal-for-business\/","https:\/\/www.trustpilot.com\/review\/talkpal.ai","https:\/\/www.capterra.com\/p\/10006800\/TalkPal\/"],"description":"Talkpal is a language learning web and mobile education app, powered by the latest AI technologies, that provides engaging experiences to its customers in many different languages to help them improve their language skills. Users can chat about unlimited amount of topics with the app and use other modes to practice their language learning.","email":"support@talkpal.ai","legalName":"Talkpal, Inc.","foundingDate":"2023-04-03","duns":"118989042","numberOfEmployees":{"@type":"QuantitativeValue","minValue":"11","maxValue":"50"},"publishingPrinciples":"https:\/\/talkpal.ai\/publishing-principles\/","actionableFeedbackPolicy":"https:\/\/talkpal.ai\/actionable-feedback-policy\/","correctionsPolicy":"https:\/\/talkpal.ai\/corrections-policy\/","ethicsPolicy":"https:\/\/talkpal.ai\/ethics-policy\/","diversityPolicy":"https:\/\/talkpal.ai\/diversity-policy\/","diversityStaffingReport":"https:\/\/talkpal.ai\/diversity-policy\/"}]}},"_links":{"self":[{"href":"https:\/\/talkpal.ai\/sv\/wp-json\/wp\/v2\/vocabulary\/717773","targetHints":{"allow":["GET"]}}],"collection":[{"href":"https:\/\/talkpal.ai\/sv\/wp-json\/wp\/v2\/vocabulary"}],"about":[{"href":"https:\/\/talkpal.ai\/sv\/wp-json\/wp\/v2\/types\/vocabulary"}],"wp:featuredmedia":[{"embeddable":true,"href":"https:\/\/talkpal.ai\/sv\/wp-json\/wp\/v2\/media\/1527982"}],"wp:attachment":[{"href":"https:\/\/talkpal.ai\/sv\/wp-json\/wp\/v2\/media?parent=717773"}],"wp:term":[{"taxonomy":"vocabulary_language","embeddable":true,"href":"https:\/\/talkpal.ai\/sv\/wp-json\/wp\/v2\/vocabulary_language?post=717773"}],"curies":[{"name":"wp","href":"https:\/\/api.w.org\/{rel}","templated":true}]}}