{"id":717552,"date":"2024-06-08T19:43:27","date_gmt":"2024-06-08T19:43:27","guid":{"rendered":"https:\/\/talkpal.ai\/vocabulary\/sasongsvillkor-och-festivaler-i-marathi\/"},"modified":"2024-06-08T19:43:27","modified_gmt":"2024-06-08T19:43:27","slug":"sasongsvillkor-och-festivaler-i-marathi","status":"publish","type":"vocabulary","link":"https:\/\/talkpal.ai\/sv\/vocabulary\/sasongsvillkor-och-festivaler-i-marathi\/","title":{"rendered":"S\u00e4songsvillkor och festivaler i Marathi"},"content":{"rendered":"<p>Att l\u00e4ra sig om s\u00e4songsvillkor och festivaler i <a href=\"https:\/\/talkpal.ai\/learn-marathi\/\">Marathi<\/a> \u00e4r inte bara ett s\u00e4tt att f\u00f6rb\u00e4ttra din spr\u00e5kf\u00f6rm\u00e5ga, utan ocks\u00e5 ett fantastiskt s\u00e4tt att f\u00f6rdjupa dig i den rika kultur som finns i Maharashtra, Indien. Marathi, som \u00e4r det officiella spr\u00e5ket i Maharashtra, har en m\u00e4ngd unika ord och uttryck som beskriver de olika \u00e5rstiderna och festivalerna. I <a href=\"https:\/\/talkpal.ai\/culture\/how-do-i-use-den-har-and-det-har\/\">den h\u00e4r<\/a> artikeln kommer vi att utforska n\u00e5gra av dessa termer och ge dig exempel p\u00e5 hur de anv\u00e4nds i vardagliga konversationer.<\/p>\n<h2>S\u00e4songsvillkor i Marathi<\/h2>\n<h3>\u090b\u0924\u0942 (\u090b\u0924\u0941) &#8211; \u00c5rstider<\/h3>\n<p><b>\u090b\u0924\u0942<\/b> (\u090b\u0924\u0941) \u00e4r ordet f\u00f6r &#8217;\u00e5rstid&#8217; p\u00e5 Marathi. Precis som p\u00e5 <a href=\"https:\/\/talkpal.ai\/learn-swedish\/\">svenska<\/a> har Marathi olika termer f\u00f6r de olika \u00e5rstiderna. <\/p>\n<p><font color=\"#2D3AC7\">\u0935\u0930\u094d\u0937\u093e \u090b\u0924\u0942 \u092e\u0927\u094d\u092f\u0947 \u0916\u0942\u092a \u092a\u093e\u090a\u0938 \u092a\u0921\u0924\u094b.<\/font><\/p>\n<h3>\u0935\u0938\u0902\u0924 \u090b\u0924\u0942 (\u0935\u0938\u0928\u094d\u0924 \u090b\u0924\u0941) &#8211; V\u00e5r<\/h3>\n<p><b>\u0935\u0938\u0902\u0924 \u090b\u0924\u0942<\/b> (\u0935\u0938\u0928\u094d\u0924 \u090b\u0924\u0941) motsvarar v\u00e5ren och k\u00e4nnetecknas av blommande blommor och behaglig temperatur.<\/p>\n<p><font color=\"#2D3AC7\">\u0935\u0938\u0902\u0924 \u090b\u0924\u0942 \u092e\u0927\u094d\u092f\u0947 \u091d\u093e\u0921\u093e\u0902\u091a\u0940 \u092b\u0941\u0932\u0947 \u092b\u0941\u0932\u0924\u093e\u0924.<\/font><\/p>\n<h3>\u0917\u094d\u0930\u0940\u0937\u094d\u092e \u090b\u0924\u0942 (\u0917\u094d\u0930\u0940\u0937\u094d\u092e \u090b\u0924\u0941) &#8211; Sommar<\/h3>\n<p><b>\u0917\u094d\u0930\u0940\u0937\u094d\u092e \u090b\u0924\u0942<\/b> (\u0917\u094d\u0930\u0940\u0937\u094d\u092e \u090b\u0924\u0941) \u00e4r termen f\u00f6r sommar, en tid d\u00e5 temperaturen stiger och det blir mycket varmt.<\/p>\n<p><font color=\"#2D3AC7\">\u0917\u094d\u0930\u0940\u0937\u094d\u092e \u090b\u0924\u0942 \u092e\u0927\u094d\u092f\u0947 \u0916\u0942\u092a \u0909\u0937\u094d\u0923\u0924\u093e \u0905\u0938\u0924\u0947.<\/font><\/p>\n<h3>\u0935\u0930\u094d\u0937\u093e \u090b\u0924\u0942 (\u0935\u0930\u094d\u0937\u093e \u090b\u0924\u0941) &#8211; Monsun<\/h3>\n<p><b>\u0935\u0930\u094d\u0937\u093e \u090b\u0924\u0942<\/b> (\u0935\u0930\u094d\u0937\u093e \u090b\u0924\u0941) \u00e4r regnperioden eller monsunen, en viktig \u00e5rstid i Maharashtra d\u00e4r jordbruk \u00e4r en stor del av livet.<\/p>\n<p><font color=\"#2D3AC7\">\u0935\u0930\u094d\u0937\u093e \u090b\u0924\u0942 \u092e\u0927\u094d\u092f\u0947 \u0936\u0947\u0924\u0915\u0930\u0940 \u0924\u094d\u092f\u093e\u0902\u091a\u094d\u092f\u093e \u0936\u0947\u0924\u093e\u0924 \u0915\u093e\u092e \u0915\u0930\u0924\u093e\u0924.<\/font><\/p>\n<h3>\u0936\u0930\u0926 \u090b\u0924\u0942 (\u0936\u0930\u0926 \u090b\u0924\u0941) &#8211; H\u00f6st<\/h3>\n<p><b>\u0936\u0930\u0926 \u090b\u0924\u0942<\/b> (\u0936\u0930\u0926 \u090b\u0924\u0941) motsvarar h\u00f6sten och \u00e4r en svalare period efter monsunen.<\/p>\n<p><font color=\"#2D3AC7\">\u0936\u0930\u0926 \u090b\u0924\u0942 \u092e\u0927\u094d\u092f\u0947 \u0939\u0935\u093e\u092e\u093e\u0928 \u0916\u0942\u092a \u0938\u0941\u0902\u0926\u0930 \u0905\u0938\u0924\u0947.<\/font><\/p>\n<h3>\u0939\u0947\u092e\u0902\u0924 \u090b\u0924\u0942 (\u0939\u0947\u092e\u0928\u094d\u0924 \u090b\u0924\u0941) &#8211; F\u00f6rvinter<\/h3>\n<p><b>\u0939\u0947\u092e\u0902\u0924 \u090b\u0924\u0942<\/b> (\u0939\u0947\u092e\u0928\u094d\u0924 \u090b\u0924\u0941) \u00e4r perioden mellan h\u00f6st och vinter, en tid d\u00e5 temperaturen b\u00f6rjar sjunka.<\/p>\n<p><font color=\"#2D3AC7\">\u0939\u0947\u092e\u0902\u0924 \u090b\u0924\u0942 \u092e\u0927\u094d\u092f\u0947 \u0938\u0930\u094d\u0926\u0940 \u0935\u093e\u0922\u0924\u0947.<\/font><\/p>\n<h3>\u0936\u093f\u0936\u093f\u0930 \u090b\u0924\u0942 (\u0936\u093f\u0936\u093f\u0930 \u090b\u0924\u0941) &#8211; Vinter<\/h3>\n<p><b>\u0936\u093f\u0936\u093f\u0930 \u090b\u0924\u0942<\/b> (\u0936\u093f\u0936\u093f\u0930 \u090b\u0924\u0941) \u00e4r vintern, en kylig period i Maharashtra.<\/p>\n<p><font color=\"#2D3AC7\">\u0936\u093f\u0936\u093f\u0930 \u090b\u0924\u0942 \u092e\u0927\u094d\u092f\u0947 \u0916\u0942\u092a \u0925\u0902\u0921\u0940 \u0905\u0938\u0924\u0947.<\/font><\/p>\n<h2>Festivaler i Marathi<\/h2>\n<h3>\u0926\u093f\u0935\u093e\u0933\u0940 (\u0926\u093f\u0935\u093e\u0932\u0940) &#8211; Diwali<\/h3>\n<p><b>\u0926\u093f\u0935\u093e\u0933\u0940<\/b> (\u0926\u093f\u0935\u093e\u0932\u0940) \u00e4r ljusfestivalen och en av de mest popul\u00e4ra festivalerna i Maharashtra. Den firas med ljus, fyrverkerier och god mat.<\/p>\n<p><font color=\"#2D3AC7\">\u0926\u093f\u0935\u093e\u0933\u0940 \u092e\u0927\u094d\u092f\u0947 \u0906\u092e\u094d\u0939\u0940 \u0926\u093f\u0935\u0947 \u0932\u093e\u0935\u0924\u094b \u0906\u0923\u093f \u092b\u091f\u093e\u0915\u0947 \u092b\u094b\u0921\u0924\u094b.<\/font><\/p>\n<h3>\u0917\u0923\u0947\u0936 \u091a\u0924\u0941\u0930\u094d\u0925\u0940 (\u0917\u0923\u0947\u0936 \u091a\u0924\u0941\u0930\u094d\u0925\u0940) &#8211; Ganesh Chaturthi<\/h3>\n<p><b>\u0917\u0923\u0947\u0936 \u091a\u0924\u0941\u0930\u094d\u0925\u0940<\/b> (\u0917\u0923\u0947\u0936 \u091a\u0924\u0941\u0930\u094d\u0925\u0940) \u00e4r en festival som firar Lord Ganeshas f\u00f6delse. Det \u00e4r en tid f\u00f6r gl\u00e4dje, musik och dans.<\/p>\n<p><font color=\"#2D3AC7\">\u0917\u0923\u0947\u0936 \u091a\u0924\u0941\u0930\u094d\u0925\u0940 \u092e\u0927\u094d\u092f\u0947 \u0906\u092e\u094d\u0939\u0940 \u0917\u0923\u092a\u0924\u0940\u091a\u0940 \u0938\u094d\u0925\u093e\u092a\u0928\u093e \u0915\u0930\u0924\u094b.<\/font><\/p>\n<h3>\u0917\u0941\u0922\u0940 \u092a\u093e\u0921\u0935\u093e (\u0917\u0941\u0922\u0940 \u092a\u093e\u0921\u0935\u093e) &#8211; Gudi Padwa<\/h3>\n<p><b>\u0917\u0941\u0922\u0940 \u092a\u093e\u0921\u0935\u093e<\/b> (\u0917\u0941\u0922\u0940 \u092a\u093e\u0921\u0935\u093e) \u00e4r det marathiska ny\u00e5ret och firas med stor entusiasm. Det \u00e4r en tid f\u00f6r nya b\u00f6rjan och festligheter.<\/p>\n<p><font color=\"#2D3AC7\">\u0917\u0941\u0922\u0940 \u092a\u093e\u0921\u0935\u093e \u092e\u0927\u094d\u092f\u0947 \u0906\u092e\u094d\u0939\u0940 \u0917\u0941\u0922\u0940 \u0909\u092d\u093e\u0930\u0924\u094b.<\/font><\/p>\n<h3>\u092e\u0915\u0930 \u0938\u0902\u0915\u094d\u0930\u093e\u0902\u0924\u0940 (\u092e\u0915\u0930 \u0938\u0902\u0915\u094d\u0930\u093e\u0902\u0924\u093f) &#8211; Makar Sankranti<\/h3>\n<p><b>\u092e\u0915\u0930 \u0938\u0902\u0915\u094d\u0930\u093e\u0902\u0924\u0940<\/b> (\u092e\u0915\u0930 \u0938\u0902\u0915\u094d\u0930\u093e\u0902\u0924\u093f) \u00e4r en sk\u00f6rdefestival som markerar \u00f6verg\u00e5ngen av solen till stj\u00e4rntecknet Stenbocken. Det \u00e4r en tid f\u00f6r att fira jordbrukets v\u00e4lst\u00e5nd.<\/p>\n<p><font color=\"#2D3AC7\">\u092e\u0915\u0930 \u0938\u0902\u0915\u094d\u0930\u093e\u0902\u0924\u0940 \u092e\u0927\u094d\u092f\u0947 \u0906\u092e\u094d\u0939\u0940 \u0924\u093f\u0933\u0917\u0942\u0933 \u0916\u093e\u0924\u094b.<\/font><\/p>\n<h3>\u0939\u094b\u0933\u0940 (\u0939\u094b\u0932\u0940) &#8211; Holi<\/h3>\n<p><b>\u0939\u094b\u0933\u0940<\/b> (\u0939\u094b\u0932\u0940) \u00e4r f\u00e4rgernas festival och firas med att kasta f\u00e4rgpulver och vatten p\u00e5 varandra. Det symboliserar v\u00e5rens ankomst och det godas seger \u00f6ver det <a href=\"https:\/\/talkpal.ai\/locations\/language-courses-in-onda\/\">onda<\/a>.<\/p>\n<p><font color=\"#2D3AC7\">\u0939\u094b\u0933\u0940 \u092e\u0927\u094d\u092f\u0947 \u0906\u092e\u094d\u0939\u0940 \u0930\u0902\u0917 \u0916\u0947\u0933\u0924\u094b.<\/font><\/p>\n<h3>\u0928\u0935\u0930\u093e\u0924\u094d\u0930\u093f (\u0928\u0935\u0930\u093e\u0924\u094d\u0930\u093f) &#8211; Navratri<\/h3>\n<p><b>\u0928\u0935\u0930\u093e\u0924\u094d\u0930\u093f<\/b> (\u0928\u0935\u0930\u093e\u0924\u094d\u0930\u093f) \u00e4r en nio dagar l\u00e5ng festival som firar gudinnan Durga. Det \u00e4r en tid f\u00f6r dans, musik och b\u00f6n.<\/p>\n<p><font color=\"#2D3AC7\">\u0928\u0935\u0930\u093e\u0924\u094d\u0930\u093f \u092e\u0927\u094d\u092f\u0947 \u0906\u092e\u094d\u0939\u0940 \u0917\u0930\u092c\u093e \u0906\u0923\u093f \u0926\u093e\u0902\u0921\u093f\u092f\u093e \u0916\u0947\u0933\u0924\u094b.<\/font><\/p>\n<h3>\u0930\u0915\u094d\u0937\u093e\u092c\u0902\u0927\u0928 (\u0930\u0915\u094d\u0937\u093e\u092c\u0902\u0927\u0928) &#8211; Raksha Bandhan<\/h3>\n<p><b>\u0930\u0915\u094d\u0937\u093e\u092c\u0902\u0927\u0928<\/b> (\u0930\u0915\u094d\u0937\u093e\u092c\u0902\u0927\u0928) \u00e4r en festival som firar bandet mellan br\u00f6der och systrar. Systrar binder en helig tr\u00e5d runt sina br\u00f6ders handleder f\u00f6r att uttrycka sin k\u00e4rlek och omsorg.<\/p>\n<p><font color=\"#2D3AC7\">\u0930\u0915\u094d\u0937\u093e\u092c\u0902\u0927\u0928 \u092e\u0927\u094d\u092f\u0947 \u092c\u0939\u093f\u0923 \u092d\u093e\u090a\u091a\u094d\u092f\u093e \u0939\u093e\u0924\u093e\u0924 \u0930\u093e\u0916\u0940 \u092c\u093e\u0902\u0927\u0924\u0947.<\/font><\/p>\n<h2>Vanliga ord och uttryck relaterade till festivaler<\/h2>\n<h3>\u0938\u0923 (\u0938\u0923) &#8211; Festival<\/h3>\n<p><b>\u0938\u0923<\/b> (\u0938\u0923) \u00e4r det allm\u00e4nna ordet f\u00f6r &#8217;festival&#8217; p\u00e5 Marathi. Det anv\u00e4nds f\u00f6r att beskriva alla typer av festligheter.<\/p>\n<p><font color=\"#2D3AC7\">\u0938\u0923 \u092e\u0927\u094d\u092f\u0947 \u0906\u092e\u094d\u0939\u0940 \u0916\u0942\u092a \u092e\u091c\u093e \u0915\u0930\u0924\u094b.<\/font><\/p>\n<h3>\u0909\u0924\u094d\u0938\u0935 (\u0909\u0924\u094d\u0938\u0935) &#8211; Fest<\/h3>\n<p><b>\u0909\u0924\u094d\u0938\u0935<\/b> (\u0909\u0924\u094d\u0938\u0935) betyder &#8217;fest&#8217; eller &#8217;firande&#8217;. Det anv\u00e4nds ofta f\u00f6r att beskriva st\u00f6rre och mer formella festligheter.<\/p>\n<p><font color=\"#2D3AC7\">\u0917\u0923\u0947\u0936 \u0909\u0924\u094d\u0938\u0935 \u0916\u0942\u092a \u092e\u094b\u0920\u093e \u0938\u0923 \u0906\u0939\u0947.<\/font><\/p>\n<h3>\u092a\u0942\u091c\u093e (\u092a\u0942\u091c\u093e) &#8211; B\u00f6n<\/h3>\n<p><b>\u092a\u0942\u091c\u093e<\/b> (\u092a\u0942\u091c\u093e) \u00e4r ordet f\u00f6r &#8217;b\u00f6n&#8217; eller &#8217;dyrkan&#8217;. Det \u00e4r en viktig del av m\u00e5nga marathiska festivaler.<\/p>\n<p><font color=\"#2D3AC7\">\u0926\u093f\u0935\u093e\u0933\u0940 \u092e\u0927\u094d\u092f\u0947 \u0906\u092e\u094d\u0939\u0940 \u0932\u0915\u094d\u0937\u094d\u092e\u0940 \u092a\u0942\u091c\u0947\u091a\u0947 \u0906\u092f\u094b\u091c\u0928 \u0915\u0930\u0924\u094b.<\/font><\/p>\n<h3>\u092a\u094d\u0930\u0938\u093e\u0926 (\u092a\u094d\u0930\u0938\u093e\u0926) &#8211; Helig mat<\/h3>\n<p><b>\u092a\u094d\u0930\u0938\u093e\u0926<\/b> (\u092a\u094d\u0930\u0938\u093e\u0926) \u00e4r helig mat som delas ut efter en b\u00f6n eller ritual. Det anses vara v\u00e4lsignat.<\/p>\n<p><font color=\"#2D3AC7\">\u092e\u0902\u0926\u093f\u0930\u093e\u0924 \u091c\u093e\u090a\u0928 \u0906\u092e\u094d\u0939\u0940 \u092a\u094d\u0930\u0938\u093e\u0926 \u0918\u0947\u0924\u094b.<\/font><\/p>\n<h3>\u0930\u093e\u0902\u0917\u094b\u0933\u0940 (\u0930\u0902\u0917\u094b\u0932\u0940) &#8211; Rangoli<\/h3>\n<p><b>\u0930\u093e\u0902\u0917\u094b\u0933\u0940<\/b> (\u0930\u0902\u0917\u094b\u0932\u0940) \u00e4r en konstform d\u00e4r f\u00e4rgglada m\u00f6nster skapas p\u00e5 marken med hj\u00e4lp av f\u00e4rgpulver. Det \u00e4r en vanlig aktivitet under m\u00e5nga festivaler.<\/p>\n<p><font color=\"#2D3AC7\">\u0926\u093f\u0935\u093e\u0933\u0940 \u092e\u0927\u094d\u092f\u0947 \u0906\u092e\u094d\u0939\u0940 \u0918\u0930\u093e\u091a\u094d\u092f\u093e \u0905\u0902\u0917\u0923\u093e\u0924 \u0930\u093e\u0902\u0917\u094b\u0933\u0940 \u0915\u093e\u0922\u0924\u094b.<\/font><\/p>\n<h3>\u0905\u092d\u093f\u0928\u0902\u0926\u0928 (\u0905\u092d\u093f\u0928\u0902\u0926\u0928) &#8211; Gratulationer<\/h3>\n<p><b>\u0905\u092d\u093f\u0928\u0902\u0926\u0928<\/b> (\u0905\u092d\u093f\u0928\u0902\u0926\u0928) betyder &#8217;gratulationer&#8217; och anv\u00e4nds f\u00f6r att \u00f6nska n\u00e5gon lycka till p\u00e5 en festival eller speciell h\u00e4ndelse.<\/p>\n<p><font color=\"#2D3AC7\">\u0917\u0941\u0922\u0940 \u092a\u093e\u0921\u0935\u093e \u0928\u093f\u092e\u093f\u0924\u094d\u0924 \u0906\u092e\u094d\u0939\u0940 \u090f\u0915\u092e\u0947\u0915\u093e\u0902\u0928\u093e \u0905\u092d\u093f\u0928\u0902\u0926\u0928 \u0915\u0930\u0924\u094b.<\/font><\/p>\n<h3>\u0928\u0935\u0935\u0930\u094d\u0937 (\u0928\u0935\u0935\u0930\u094d\u0937) &#8211; Ny\u00e5r<\/h3>\n<p><b>\u0928\u0935\u0935\u0930\u094d\u0937<\/b> (\u0928\u0935\u0935\u0930\u094d\u0937) betyder &#8217;<a href=\"https:\/\/talkpal.ai\/talkpal-new-years-discount\/\">nytt \u00e5r<\/a>&#8217; och anv\u00e4nds s\u00e4rskilt under Gudi Padwa f\u00f6r att \u00f6nska varandra ett gott nytt \u00e5r.<\/p>\n<p><font color=\"#2D3AC7\">\u0917\u0941\u0922\u0940 \u092a\u093e\u0921\u0935\u093e \u092e\u094d\u0939\u0923\u091c\u0947 \u092e\u0930\u093e\u0920\u0940 \u0928\u0935\u0935\u0930\u094d\u0937.<\/font><\/p>\n<p>Genom att l\u00e4ra sig dessa ord och uttryck kan du inte bara f\u00f6rb\u00e4ttra din f\u00f6rst\u00e5else av Marathi utan ocks\u00e5 uppskatta de rika kulturella traditionerna i Maharashtra. Varje \u00e5rstid och festival har sina egna unika seder och bruk, och att f\u00f6rst\u00e5 dessa kan ge dig en djupare insikt i den marathiska kulturen. <\/p>\n<p>Om du vill f\u00f6rdjupa dig ytterligare i Marathi och dess kulturella aspekter, rekommenderar jag att du deltar i lokala festivaler och evenemang, samt pratar med modersm\u00e5lstalare f\u00f6r att f\u00e5 en autentisk upplevelse. Lycka till med dina spr\u00e5kstudier och njut av den kulturella resan!<\/p>\n","protected":false},"featured_media":1527755,"template":"","vocabulary_language":[4197],"class_list":["post-717552","vocabulary","type-vocabulary","status-publish","has-post-thumbnail","hentry","vocabulary_language-marathi-sv"],"acf":[],"yoast_head":"<!-- This site is optimized with the Yoast SEO Premium plugin v27.2 (Yoast SEO v27.2) - https:\/\/yoast.com\/product\/yoast-seo-premium-wordpress\/ -->\n<title>S\u00e4songsvillkor och festivaler i Marathi - Talkpal<\/title>\n<meta name=\"description\" content=\"Att l\u00e4ra sig om s\u00e4songsvillkor och festivaler i Marathi \u00e4r inte bara ett s\u00e4tt att f\u00f6rb\u00e4ttra din spr\u00e5kf\u00f6rm\u00e5ga, utan ocks\u00e5 ett fantastiskt s\u00e4tt att f\u00f6rdjupa\" \/>\n<meta name=\"robots\" content=\"index, follow, max-snippet:-1, max-image-preview:large, max-video-preview:-1\" \/>\n<link rel=\"canonical\" href=\"https:\/\/talkpal.ai\/sv\/vocabulary\/sasongsvillkor-och-festivaler-i-marathi\/\" \/>\n<meta property=\"og:locale\" content=\"sv_SE\" \/>\n<meta property=\"og:type\" content=\"article\" \/>\n<meta property=\"og:title\" content=\"S\u00e4songsvillkor och festivaler i Marathi\" \/>\n<meta property=\"og:description\" content=\"Att l\u00e4ra sig om s\u00e4songsvillkor och festivaler i Marathi \u00e4r inte bara ett s\u00e4tt att f\u00f6rb\u00e4ttra din spr\u00e5kf\u00f6rm\u00e5ga, utan ocks\u00e5 ett fantastiskt s\u00e4tt att f\u00f6rdjupa\" \/>\n<meta property=\"og:url\" content=\"https:\/\/talkpal.ai\/sv\/vocabulary\/sasongsvillkor-och-festivaler-i-marathi\/\" \/>\n<meta property=\"og:site_name\" content=\"Talkpal\" \/>\n<meta property=\"article:publisher\" content=\"https:\/\/www.facebook.com\/profile.php?id=100090733639311\" \/>\n<meta property=\"og:image\" content=\"https:\/\/talkpal.ai\/wp-content\/uploads\/2024\/10\/talkpal_flat_illustration_of_a_employees_working_together_happi_c674ff77-e477-4e09-835a-01d30e561e99.png\" \/>\n\t<meta property=\"og:image:width\" content=\"1024\" \/>\n\t<meta property=\"og:image:height\" content=\"1024\" \/>\n\t<meta property=\"og:image:type\" content=\"image\/png\" \/>\n<meta name=\"twitter:card\" content=\"summary_large_image\" \/>\n<meta name=\"twitter:site\" content=\"@talkpalai\" \/>\n<meta name=\"twitter:label1\" content=\"Ber\u00e4knad l\u00e4stid\" \/>\n\t<meta name=\"twitter:data1\" content=\"3 minuter\" \/>\n<script type=\"application\/ld+json\" class=\"yoast-schema-graph\">{\"@context\":\"https:\/\/schema.org\",\"@graph\":[{\"@type\":\"WebPage\",\"@id\":\"https:\/\/talkpal.ai\/sv\/vocabulary\/sasongsvillkor-och-festivaler-i-marathi\/\",\"url\":\"https:\/\/talkpal.ai\/sv\/vocabulary\/sasongsvillkor-och-festivaler-i-marathi\/\",\"name\":\"S\u00e4songsvillkor och festivaler i Marathi - Talkpal\",\"isPartOf\":{\"@id\":\"https:\/\/talkpal.ai\/sv\/#website\"},\"primaryImageOfPage\":{\"@id\":\"https:\/\/talkpal.ai\/sv\/vocabulary\/sasongsvillkor-och-festivaler-i-marathi\/#primaryimage\"},\"image\":{\"@id\":\"https:\/\/talkpal.ai\/sv\/vocabulary\/sasongsvillkor-och-festivaler-i-marathi\/#primaryimage\"},\"thumbnailUrl\":\"https:\/\/talkpal.ai\/wp-content\/uploads\/2025\/12\/library-is-lit-to-learn-languages.webp\",\"datePublished\":\"2024-06-08T19:43:27+00:00\",\"description\":\"Att l\u00e4ra sig om s\u00e4songsvillkor och festivaler i Marathi \u00e4r inte bara ett s\u00e4tt att f\u00f6rb\u00e4ttra din spr\u00e5kf\u00f6rm\u00e5ga, utan ocks\u00e5 ett fantastiskt s\u00e4tt att f\u00f6rdjupa\",\"breadcrumb\":{\"@id\":\"https:\/\/talkpal.ai\/sv\/vocabulary\/sasongsvillkor-och-festivaler-i-marathi\/#breadcrumb\"},\"inLanguage\":\"sv-SE\",\"potentialAction\":[{\"@type\":\"ReadAction\",\"target\":[\"https:\/\/talkpal.ai\/sv\/vocabulary\/sasongsvillkor-och-festivaler-i-marathi\/\"]}]},{\"@type\":\"ImageObject\",\"inLanguage\":\"sv-SE\",\"@id\":\"https:\/\/talkpal.ai\/sv\/vocabulary\/sasongsvillkor-och-festivaler-i-marathi\/#primaryimage\",\"url\":\"https:\/\/talkpal.ai\/wp-content\/uploads\/2025\/12\/library-is-lit-to-learn-languages.webp\",\"contentUrl\":\"https:\/\/talkpal.ai\/wp-content\/uploads\/2025\/12\/library-is-lit-to-learn-languages.webp\",\"width\":1200,\"height\":896,\"caption\":\"Students are seen through a window working on computers while learning languages at night in a library.\"},{\"@type\":\"BreadcrumbList\",\"@id\":\"https:\/\/talkpal.ai\/sv\/vocabulary\/sasongsvillkor-och-festivaler-i-marathi\/#breadcrumb\",\"itemListElement\":[{\"@type\":\"ListItem\",\"position\":1,\"name\":\"Homepage\",\"item\":\"https:\/\/talkpal.ai\/sv\/\"},{\"@type\":\"ListItem\",\"position\":2,\"name\":\"S\u00e4songsvillkor och festivaler i Marathi\"}]},{\"@type\":\"WebSite\",\"@id\":\"https:\/\/talkpal.ai\/sv\/#website\",\"url\":\"https:\/\/talkpal.ai\/sv\/\",\"name\":\"Talkpal\",\"description\":\"AI Language Learning\",\"publisher\":{\"@id\":\"https:\/\/talkpal.ai\/sv\/#organization\"},\"alternateName\":\"Talkpal AI\",\"potentialAction\":[{\"@type\":\"SearchAction\",\"target\":{\"@type\":\"EntryPoint\",\"urlTemplate\":\"https:\/\/talkpal.ai\/sv\/?s={search_term_string}\"},\"query-input\":{\"@type\":\"PropertyValueSpecification\",\"valueRequired\":true,\"valueName\":\"search_term_string\"}}],\"inLanguage\":\"sv-SE\"},{\"@type\":\"Organization\",\"@id\":\"https:\/\/talkpal.ai\/sv\/#organization\",\"name\":\"Talkpal, Inc.\",\"alternateName\":\"Talkpal AI\",\"url\":\"https:\/\/talkpal.ai\/sv\/\",\"logo\":{\"@type\":\"ImageObject\",\"inLanguage\":\"sv-SE\",\"@id\":\"https:\/\/talkpal.ai\/sv\/#\/schema\/logo\/image\/\",\"url\":\"https:\/\/talkpal.ai\/wp-content\/uploads\/2024\/03\/Talkpal-Logo-Icon.png\",\"contentUrl\":\"https:\/\/talkpal.ai\/wp-content\/uploads\/2024\/03\/Talkpal-Logo-Icon.png\",\"width\":2880,\"height\":2880,\"caption\":\"Talkpal, Inc.\"},\"image\":{\"@id\":\"https:\/\/talkpal.ai\/sv\/#\/schema\/logo\/image\/\"},\"sameAs\":[\"https:\/\/www.facebook.com\/profile.php?id=100090733639311\",\"https:\/\/x.com\/talkpalai\",\"https:\/\/www.linkedin.com\/company\/talkpal\/\",\"https:\/\/www.youtube.com\/@TalkPal\/\",\"https:\/\/www.tiktok.com\/@talkpal\",\"https:\/\/www.instagram.com\/talkpal_ai\/\",\"https:\/\/www.crunchbase.com\/organization\/talkpal-9cde\",\"https:\/\/www.g2.com\/products\/talkpal-for-business\/\",\"https:\/\/www.trustpilot.com\/review\/talkpal.ai\",\"https:\/\/www.capterra.com\/p\/10006800\/TalkPal\/\"],\"description\":\"Talkpal is a language learning web and mobile education app, powered by the latest AI technologies, that provides engaging experiences to its customers in many different languages to help them improve their language skills. Users can chat about unlimited amount of topics with the app and use other modes to practice their language learning.\",\"email\":\"support@talkpal.ai\",\"legalName\":\"Talkpal, Inc.\",\"foundingDate\":\"2023-04-03\",\"duns\":\"118989042\",\"numberOfEmployees\":{\"@type\":\"QuantitativeValue\",\"minValue\":\"11\",\"maxValue\":\"50\"},\"publishingPrinciples\":\"https:\/\/talkpal.ai\/publishing-principles\/\",\"actionableFeedbackPolicy\":\"https:\/\/talkpal.ai\/actionable-feedback-policy\/\",\"correctionsPolicy\":\"https:\/\/talkpal.ai\/corrections-policy\/\",\"ethicsPolicy\":\"https:\/\/talkpal.ai\/ethics-policy\/\",\"diversityPolicy\":\"https:\/\/talkpal.ai\/diversity-policy\/\",\"diversityStaffingReport\":\"https:\/\/talkpal.ai\/diversity-policy\/\"}]}<\/script>\n<!-- \/ Yoast SEO Premium plugin. -->","yoast_head_json":{"title":"S\u00e4songsvillkor och festivaler i Marathi - Talkpal","description":"Att l\u00e4ra sig om s\u00e4songsvillkor och festivaler i Marathi \u00e4r inte bara ett s\u00e4tt att f\u00f6rb\u00e4ttra din spr\u00e5kf\u00f6rm\u00e5ga, utan ocks\u00e5 ett fantastiskt s\u00e4tt att f\u00f6rdjupa","robots":{"index":"index","follow":"follow","max-snippet":"max-snippet:-1","max-image-preview":"max-image-preview:large","max-video-preview":"max-video-preview:-1"},"canonical":"https:\/\/talkpal.ai\/sv\/vocabulary\/sasongsvillkor-och-festivaler-i-marathi\/","og_locale":"sv_SE","og_type":"article","og_title":"S\u00e4songsvillkor och festivaler i Marathi","og_description":"Att l\u00e4ra sig om s\u00e4songsvillkor och festivaler i Marathi \u00e4r inte bara ett s\u00e4tt att f\u00f6rb\u00e4ttra din spr\u00e5kf\u00f6rm\u00e5ga, utan ocks\u00e5 ett fantastiskt s\u00e4tt att f\u00f6rdjupa","og_url":"https:\/\/talkpal.ai\/sv\/vocabulary\/sasongsvillkor-och-festivaler-i-marathi\/","og_site_name":"Talkpal","article_publisher":"https:\/\/www.facebook.com\/profile.php?id=100090733639311","og_image":[{"width":1024,"height":1024,"url":"https:\/\/talkpal.ai\/wp-content\/uploads\/2024\/10\/talkpal_flat_illustration_of_a_employees_working_together_happi_c674ff77-e477-4e09-835a-01d30e561e99.png","type":"image\/png"}],"twitter_card":"summary_large_image","twitter_site":"@talkpalai","twitter_misc":{"Ber\u00e4knad l\u00e4stid":"3 minuter"},"schema":{"@context":"https:\/\/schema.org","@graph":[{"@type":"WebPage","@id":"https:\/\/talkpal.ai\/sv\/vocabulary\/sasongsvillkor-och-festivaler-i-marathi\/","url":"https:\/\/talkpal.ai\/sv\/vocabulary\/sasongsvillkor-och-festivaler-i-marathi\/","name":"S\u00e4songsvillkor och festivaler i Marathi - Talkpal","isPartOf":{"@id":"https:\/\/talkpal.ai\/sv\/#website"},"primaryImageOfPage":{"@id":"https:\/\/talkpal.ai\/sv\/vocabulary\/sasongsvillkor-och-festivaler-i-marathi\/#primaryimage"},"image":{"@id":"https:\/\/talkpal.ai\/sv\/vocabulary\/sasongsvillkor-och-festivaler-i-marathi\/#primaryimage"},"thumbnailUrl":"https:\/\/talkpal.ai\/wp-content\/uploads\/2025\/12\/library-is-lit-to-learn-languages.webp","datePublished":"2024-06-08T19:43:27+00:00","description":"Att l\u00e4ra sig om s\u00e4songsvillkor och festivaler i Marathi \u00e4r inte bara ett s\u00e4tt att f\u00f6rb\u00e4ttra din spr\u00e5kf\u00f6rm\u00e5ga, utan ocks\u00e5 ett fantastiskt s\u00e4tt att f\u00f6rdjupa","breadcrumb":{"@id":"https:\/\/talkpal.ai\/sv\/vocabulary\/sasongsvillkor-och-festivaler-i-marathi\/#breadcrumb"},"inLanguage":"sv-SE","potentialAction":[{"@type":"ReadAction","target":["https:\/\/talkpal.ai\/sv\/vocabulary\/sasongsvillkor-och-festivaler-i-marathi\/"]}]},{"@type":"ImageObject","inLanguage":"sv-SE","@id":"https:\/\/talkpal.ai\/sv\/vocabulary\/sasongsvillkor-och-festivaler-i-marathi\/#primaryimage","url":"https:\/\/talkpal.ai\/wp-content\/uploads\/2025\/12\/library-is-lit-to-learn-languages.webp","contentUrl":"https:\/\/talkpal.ai\/wp-content\/uploads\/2025\/12\/library-is-lit-to-learn-languages.webp","width":1200,"height":896,"caption":"Students are seen through a window working on computers while learning languages at night in a library."},{"@type":"BreadcrumbList","@id":"https:\/\/talkpal.ai\/sv\/vocabulary\/sasongsvillkor-och-festivaler-i-marathi\/#breadcrumb","itemListElement":[{"@type":"ListItem","position":1,"name":"Homepage","item":"https:\/\/talkpal.ai\/sv\/"},{"@type":"ListItem","position":2,"name":"S\u00e4songsvillkor och festivaler i Marathi"}]},{"@type":"WebSite","@id":"https:\/\/talkpal.ai\/sv\/#website","url":"https:\/\/talkpal.ai\/sv\/","name":"Talkpal","description":"AI Language Learning","publisher":{"@id":"https:\/\/talkpal.ai\/sv\/#organization"},"alternateName":"Talkpal AI","potentialAction":[{"@type":"SearchAction","target":{"@type":"EntryPoint","urlTemplate":"https:\/\/talkpal.ai\/sv\/?s={search_term_string}"},"query-input":{"@type":"PropertyValueSpecification","valueRequired":true,"valueName":"search_term_string"}}],"inLanguage":"sv-SE"},{"@type":"Organization","@id":"https:\/\/talkpal.ai\/sv\/#organization","name":"Talkpal, Inc.","alternateName":"Talkpal AI","url":"https:\/\/talkpal.ai\/sv\/","logo":{"@type":"ImageObject","inLanguage":"sv-SE","@id":"https:\/\/talkpal.ai\/sv\/#\/schema\/logo\/image\/","url":"https:\/\/talkpal.ai\/wp-content\/uploads\/2024\/03\/Talkpal-Logo-Icon.png","contentUrl":"https:\/\/talkpal.ai\/wp-content\/uploads\/2024\/03\/Talkpal-Logo-Icon.png","width":2880,"height":2880,"caption":"Talkpal, Inc."},"image":{"@id":"https:\/\/talkpal.ai\/sv\/#\/schema\/logo\/image\/"},"sameAs":["https:\/\/www.facebook.com\/profile.php?id=100090733639311","https:\/\/x.com\/talkpalai","https:\/\/www.linkedin.com\/company\/talkpal\/","https:\/\/www.youtube.com\/@TalkPal\/","https:\/\/www.tiktok.com\/@talkpal","https:\/\/www.instagram.com\/talkpal_ai\/","https:\/\/www.crunchbase.com\/organization\/talkpal-9cde","https:\/\/www.g2.com\/products\/talkpal-for-business\/","https:\/\/www.trustpilot.com\/review\/talkpal.ai","https:\/\/www.capterra.com\/p\/10006800\/TalkPal\/"],"description":"Talkpal is a language learning web and mobile education app, powered by the latest AI technologies, that provides engaging experiences to its customers in many different languages to help them improve their language skills. Users can chat about unlimited amount of topics with the app and use other modes to practice their language learning.","email":"support@talkpal.ai","legalName":"Talkpal, Inc.","foundingDate":"2023-04-03","duns":"118989042","numberOfEmployees":{"@type":"QuantitativeValue","minValue":"11","maxValue":"50"},"publishingPrinciples":"https:\/\/talkpal.ai\/publishing-principles\/","actionableFeedbackPolicy":"https:\/\/talkpal.ai\/actionable-feedback-policy\/","correctionsPolicy":"https:\/\/talkpal.ai\/corrections-policy\/","ethicsPolicy":"https:\/\/talkpal.ai\/ethics-policy\/","diversityPolicy":"https:\/\/talkpal.ai\/diversity-policy\/","diversityStaffingReport":"https:\/\/talkpal.ai\/diversity-policy\/"}]}},"_links":{"self":[{"href":"https:\/\/talkpal.ai\/sv\/wp-json\/wp\/v2\/vocabulary\/717552","targetHints":{"allow":["GET"]}}],"collection":[{"href":"https:\/\/talkpal.ai\/sv\/wp-json\/wp\/v2\/vocabulary"}],"about":[{"href":"https:\/\/talkpal.ai\/sv\/wp-json\/wp\/v2\/types\/vocabulary"}],"wp:featuredmedia":[{"embeddable":true,"href":"https:\/\/talkpal.ai\/sv\/wp-json\/wp\/v2\/media\/1527755"}],"wp:attachment":[{"href":"https:\/\/talkpal.ai\/sv\/wp-json\/wp\/v2\/media?parent=717552"}],"wp:term":[{"taxonomy":"vocabulary_language","embeddable":true,"href":"https:\/\/talkpal.ai\/sv\/wp-json\/wp\/v2\/vocabulary_language?post=717552"}],"curies":[{"name":"wp","href":"https:\/\/api.w.org\/{rel}","templated":true}]}}