{"id":717427,"date":"2024-06-08T19:32:58","date_gmt":"2024-06-08T19:32:58","guid":{"rendered":"https:\/\/talkpal.ai\/vocabulary\/miljo-och-naturvokabular-pa-makedonska\/"},"modified":"2024-06-08T19:32:58","modified_gmt":"2024-06-08T19:32:58","slug":"miljo-och-naturvokabular-pa-makedonska","status":"publish","type":"vocabulary","link":"https:\/\/talkpal.ai\/sv\/vocabulary\/miljo-och-naturvokabular-pa-makedonska\/","title":{"rendered":"Milj\u00f6- och naturvokabul\u00e4r p\u00e5 makedonska"},"content":{"rendered":"<p>Att l\u00e4ra sig ett nytt spr\u00e5k \u00e4r en fascinerande resa, och en viktig del av den resan \u00e4r att bygga upp ett starkt ordf\u00f6rr\u00e5d. F\u00f6r dem som \u00e4r intresserade av milj\u00f6- och naturrelaterade termer p\u00e5 makedonska, erbjuder denna artikel en omfattande lista \u00f6ver relevanta ord tillsammans med deras definitioner och exempel. Att f\u00f6rst\u00e5 dessa termer kan inte bara f\u00f6rb\u00e4ttra din spr\u00e5kf\u00f6rm\u00e5ga utan ocks\u00e5 \u00f6ka din medvetenhet om milj\u00f6- och naturfr\u00e5gor.<\/p>\n<h2>Milj\u00f6relaterade ord p\u00e5 makedonska<\/h2>\n<p><b>\u0415\u043a\u043e\u043b\u043e\u0433\u0438\u0458\u0430<\/b> &#8211; Ekologi<br \/>\nEkologi \u00e4r studiet av relationerna mellan levande organismer och deras milj\u00f6. Det \u00e4r ett viktigt \u00e4mne f\u00f6r att f\u00f6rst\u00e5 hur vi kan skydda v\u00e5r planet.<\/p>\n<p><font color=\"#2D3AC7\">\u0415\u043a\u043e\u043b\u043e\u0433\u0438\u0458\u0430\u0442\u0430 \u0435 \u0432\u0430\u0436\u043d\u0430 \u0437\u0430 \u043e\u0434\u0440\u0436\u0443\u0432\u0430\u045a\u0435 \u043d\u0430 \u0440\u0430\u043c\u043d\u043e\u0442\u0435\u0436\u0430\u0442\u0430 \u0432\u043e \u043f\u0440\u0438\u0440\u043e\u0434\u0430\u0442\u0430.<\/font><\/p>\n<p><b>\u0417\u0430\u0433\u0430\u0434\u0443\u0432\u0430\u045a\u0435<\/b> &#8211; F\u00f6rorening<br \/>\nF\u00f6rorening h\u00e4nvisar till inf\u00f6randet av skadliga \u00e4mnen i milj\u00f6n, vilket kan p\u00e5verka luft, vatten och mark negativt.<\/p>\n<p><font color=\"#2D3AC7\">\u0417\u0430\u0433\u0430\u0434\u0443\u0432\u0430\u045a\u0435\u0442\u043e \u043d\u0430 \u0432\u043e\u0437\u0434\u0443\u0445\u043e\u0442 \u0435 \u0441\u0435\u0440\u0438\u043e\u0437\u0435\u043d \u043f\u0440\u043e\u0431\u043b\u0435\u043c \u0432\u043e \u0433\u043e\u043b\u0435\u043c\u0438\u0442\u0435 \u0433\u0440\u0430\u0434\u043e\u0432\u0438.<\/font><\/p>\n<p><b>\u041e\u0442\u043f\u0430\u0434<\/b> &#8211; Avfall<br \/>\nAvfall \u00e4r material som kasseras eftersom de inte l\u00e4ngre anses anv\u00e4ndbara eller \u00f6nskv\u00e4rda.<\/p>\n<p><font color=\"#2D3AC7\">\u0422\u0440\u0435\u0431\u0430 \u0434\u0430 \u0433\u043e \u043d\u0430\u043c\u0430\u043b\u0438\u043c\u0435 \u043e\u0442\u043f\u0430\u0434\u043e\u0442 \u0448\u0442\u043e \u0433\u043e \u0441\u043e\u0437\u0434\u0430\u0432\u0430\u0435\u043c\u0435 \u0441\u0435\u043a\u043e\u0458\u0434\u043d\u0435\u0432\u043d\u043e.<\/font><\/p>\n<p><b>\u0420\u0435\u0446\u0438\u043a\u043b\u0438\u0440\u0430\u045a\u0435<\/b> &#8211; \u00c5tervinning<br \/>\n\u00c5tervinning inneb\u00e4r att omvandla avfall till \u00e5teranv\u00e4ndbara material f\u00f6r att minska milj\u00f6p\u00e5verkan.<\/p>\n<p><font color=\"#2D3AC7\">\u0420\u0435\u0446\u0438\u043a\u043b\u0438\u0440\u0430\u045a\u0435\u0442\u043e \u043d\u0430 \u043f\u043b\u0430\u0441\u0442\u0438\u043a\u0430 \u0435 \u0432\u0430\u0436\u043d\u043e \u0437\u0430 \u0437\u0430\u0448\u0442\u0438\u0442\u0430 \u043d\u0430 \u0436\u0438\u0432\u043e\u0442\u043d\u0430\u0442\u0430 \u0441\u0440\u0435\u0434\u0438\u043d\u0430.<\/font><\/p>\n<p><b>\u041e\u0431\u043d\u043e\u0432\u043b\u0438\u0432\u0430 \u0435\u043d\u0435\u0440\u0433\u0438\u0458\u0430<\/b> &#8211; F\u00f6rnybar energi<br \/>\nF\u00f6rnybar energi kommer fr\u00e5n naturliga k\u00e4llor som kan \u00e5terfyllas, s\u00e5som sol, vind och vattenkraft.<\/p>\n<p><font color=\"#2D3AC7\">\u0421\u043e\u043d\u0447\u0435\u0432\u0430\u0442\u0430 \u0435\u043d\u0435\u0440\u0433\u0438\u0458\u0430 \u0435 \u0435\u0434\u0435\u043d \u043e\u0434 \u043d\u0430\u0458\u043f\u043e\u043f\u0443\u043b\u0430\u0440\u043d\u0438\u0442\u0435 \u0438\u0437\u0432\u043e\u0440\u0438 \u043d\u0430 \u043e\u0431\u043d\u043e\u0432\u043b\u0438\u0432\u0430 \u0435\u043d\u0435\u0440\u0433\u0438\u0458\u0430.<\/font><\/p>\n<p><b>\u041a\u043b\u0438\u043c\u0430\u0442\u0441\u043a\u0438 \u043f\u0440\u043e\u043c\u0435\u043d\u0438<\/b> &#8211; Klimatf\u00f6r\u00e4ndringar<br \/>\nKlimatf\u00f6r\u00e4ndringar refererar till l\u00e5ngsiktiga f\u00f6r\u00e4ndringar i v\u00e4derm\u00f6nster, ofta orsakade av m\u00e4nsklig aktivitet.<\/p>\n<p><font color=\"#2D3AC7\">\u041a\u043b\u0438\u043c\u0430\u0442\u0441\u043a\u0438\u0442\u0435 \u043f\u0440\u043e\u043c\u0435\u043d\u0438 \u0441\u0435 \u0437\u0430\u043a\u0430\u043d\u0430 \u0437\u0430 \u0438\u0434\u043d\u0438\u043d\u0430\u0442\u0430 \u043d\u0430 \u043d\u0430\u0448\u0430\u0442\u0430 \u043f\u043b\u0430\u043d\u0435\u0442\u0430.<\/font><\/p>\n<p><b>\u0415\u043d\u0435\u0440\u0433\u0435\u0442\u0441\u043a\u0430 \u0435\u0444\u0438\u043a\u0430\u0441\u043d\u043e\u0441\u0442<\/b> &#8211; Energieffektivitet<br \/>\nEnergieffektivitet inneb\u00e4r att anv\u00e4nda mindre energi f\u00f6r att utf\u00f6ra samma uppgift, vilket minskar energisl\u00f6seri.<\/p>\n<p><font color=\"#2D3AC7\">\u0415\u043d\u0435\u0440\u0433\u0435\u0442\u0441\u043a\u0430\u0442\u0430 \u0435\u0444\u0438\u043a\u0430\u0441\u043d\u043e\u0441\u0442 \u043c\u043e\u0436\u0435 \u0434\u0430 \u043f\u043e\u043c\u043e\u0433\u043d\u0435 \u0432\u043e \u043d\u0430\u043c\u0430\u043b\u0443\u0432\u0430\u045a\u0435\u0442\u043e \u043d\u0430 \u0442\u0440\u043e\u0448\u043e\u0446\u0438\u0442\u0435 \u0437\u0430 \u0434\u043e\u043c\u0430\u045c\u0438\u043d\u0441\u0442\u0432\u0430\u0442\u0430.<\/font><\/p>\n<p><b>\u0411\u0438\u043e\u0434\u0438\u0432\u0435\u0440\u0437\u0438\u0442\u0435\u0442<\/b> &#8211; Biologisk m\u00e5ngfald<br \/>\nBiologisk m\u00e5ngfald avser variationen av liv inom ett visst ekosystem eller p\u00e5 hela planeten.<\/p>\n<p><font color=\"#2D3AC7\">\u0417\u0430\u0447\u0443\u0432\u0443\u0432\u0430\u045a\u0435\u0442\u043e \u043d\u0430 \u0431\u0438\u043e\u0434\u0438\u0432\u0435\u0440\u0437\u0438\u0442\u0435\u0442\u043e\u0442 \u0435 \u043a\u043b\u0443\u0447\u043d\u043e \u0437\u0430 \u043e\u0434\u0440\u0436\u0443\u0432\u0430\u045a\u0435\u0442\u043e \u043d\u0430 \u0437\u0434\u0440\u0430\u0432\u0430 \u0435\u043a\u043e\u0441\u0438\u0441\u0442\u0435\u043c\u0430.<\/font><\/p>\n<h2>Naturrelaterade ord p\u00e5 makedonska<\/h2>\n<p><b>\u041f\u043b\u0430\u043d\u0438\u043d\u0430<\/b> &#8211; Berg<br \/>\nEtt berg \u00e4r en stor naturlig upph\u00f6jning av jordens yta, vanligtvis med branta sidor och en topp.<\/p>\n<p><font color=\"#2D3AC7\">\u041f\u043b\u0430\u043d\u0438\u043d\u0430\u0442\u0430 \u0412\u043e\u0434\u043d\u043e \u0435 \u043f\u043e\u043f\u0443\u043b\u0430\u0440\u043d\u043e \u043c\u0435\u0441\u0442\u043e \u0437\u0430 \u043f\u043b\u0430\u043d\u0438\u043d\u0430\u0440\u0435\u045a\u0435.<\/font><\/p>\n<p><b>\u0420\u0435\u043a\u0430<\/b> &#8211; Flod<br \/>\nEn flod \u00e4r en stor naturlig str\u00f6m av vatten som rinner genom marken och vanligtvis mynnar ut i ett hav eller en sj\u00f6.<\/p>\n<p><font color=\"#2D3AC7\">\u0420\u0435\u043a\u0430\u0442\u0430 \u0412\u0430\u0440\u0434\u0430\u0440 \u0435 \u043d\u0430\u0458\u0434\u043e\u043b\u0433\u0430\u0442\u0430 \u0440\u0435\u043a\u0430 \u0432\u043e \u041c\u0430\u043a\u0435\u0434\u043e\u043d\u0438\u0458\u0430.<\/font><\/p>\n<p><b>\u0415\u0437\u0435\u0440\u043e<\/b> &#8211; Sj\u00f6<br \/>\nEn sj\u00f6 \u00e4r en stor vattensamling som omges av land.<\/p>\n<p><font color=\"#2D3AC7\">\u041e\u0445\u0440\u0438\u0434\u0441\u043a\u043e\u0442\u043e \u0415\u0437\u0435\u0440\u043e \u0435 \u0435\u0434\u043d\u043e \u043e\u0434 \u043d\u0430\u0458\u0441\u0442\u0430\u0440\u0438\u0442\u0435 \u0438 \u043d\u0430\u0458\u0434\u043b\u0430\u0431\u043e\u043a\u0438\u0442\u0435 \u0435\u0437\u0435\u0440\u0430 \u0432\u043e \u0415\u0432\u0440\u043e\u043f\u0430.<\/font><\/p>\n<p><b>\u0428\u0443\u043c\u0430<\/b> &#8211; Skog<br \/>\nEn skog \u00e4r ett stort omr\u00e5de t\u00e4ckt av tr\u00e4d och annan vegetation.<\/p>\n<p><font color=\"#2D3AC7\">\u0428\u0443\u043c\u0438\u0442\u0435 \u0441\u0435 \u0434\u043e\u043c \u043d\u0430 \u043c\u043d\u043e\u0433\u0443 \u0432\u0438\u0434\u043e\u0432\u0438 \u043d\u0430 \u0436\u0438\u0432\u043e\u0442\u043d\u0438 \u0438 \u0440\u0430\u0441\u0442\u0435\u043d\u0438\u0458\u0430.<\/font><\/p>\n<p><b>\u041f\u0443\u0441\u0442\u0438\u043d\u0430<\/b> &#8211; \u00d6ken<br \/>\nEn \u00f6ken \u00e4r ett stort, torrt omr\u00e5de med lite nederb\u00f6rd och sparsamt med vegetation.<\/p>\n<p><font color=\"#2D3AC7\">\u0421\u0430\u0445\u0430\u0440\u0430 \u0435 \u043d\u0430\u0458\u0433\u043e\u043b\u0435\u043c\u0430\u0442\u0430 \u043f\u0443\u0441\u0442\u0438\u043d\u0430 \u0432\u043e \u0441\u0432\u0435\u0442\u043e\u0442.<\/font><\/p>\n<p><b>\u041f\u043b\u0430\u0436\u0430<\/b> &#8211; Strand<br \/>\nEn strand \u00e4r ett omr\u00e5de med sand eller sm\u00e5sten l\u00e4ngs en kustlinje, ofta vid havet eller en sj\u00f6.<\/p>\n<p><font color=\"#2D3AC7\">\u041f\u043b\u0430\u0436\u0430\u0442\u0430 \u0432\u043e \u041e\u0445\u0440\u0438\u0434 \u0435 \u043c\u043d\u043e\u0433\u0443 \u043f\u043e\u0441\u0435\u0442\u0435\u043d\u0430 \u0432\u043e \u043b\u0435\u0442\u043d\u0438\u0442\u0435 \u043c\u0435\u0441\u0435\u0446\u0438.<\/font><\/p>\n<p><b>\u0412\u0443\u043b\u043a\u0430\u043d<\/b> &#8211; Vulkan<br \/>\nEn vulkan \u00e4r en \u00f6ppning i jordens yta som kan spruta ut lava, aska och gaser.<\/p>\n<p><font color=\"#2D3AC7\">\u0412\u0443\u043b\u043a\u0430\u043d\u043e\u0442 \u0412\u0435\u0437\u0443\u0432 \u0435 \u043f\u043e\u0437\u043d\u0430\u0442 \u043f\u043e \u043d\u0435\u0433\u043e\u0432\u0430\u0442\u0430 \u0435\u0440\u0443\u043f\u0446\u0438\u0458\u0430 \u0448\u0442\u043e \u0433\u043e \u0443\u043d\u0438\u0448\u0442\u0438 \u041f\u043e\u043c\u043f\u0435\u0458\u0430.<\/font><\/p>\n<p><b>\u041e\u0441\u0442\u0440\u043e\u0432<\/b> &#8211; \u00d6<br \/>\nEn \u00f6 \u00e4r ett landomr\u00e5de som \u00e4r helt omgivet av vatten.<\/p>\n<p><font color=\"#2D3AC7\">\u041e\u0441\u0442\u0440\u043e\u0432\u043e\u0442 \u041a\u0440\u0444 \u0435 \u043f\u043e\u043f\u0443\u043b\u0430\u0440\u043d\u0430 \u0442\u0443\u0440\u0438\u0441\u0442\u0438\u0447\u043a\u0430 \u0434\u0435\u0441\u0442\u0438\u043d\u0430\u0446\u0438\u0458\u0430.<\/font><\/p>\n<h3>Andra viktiga termer<\/h3>\n<p><b>\u041a\u043b\u0438\u043c\u0430<\/b> &#8211; Klimat<br \/>\nKlimat refererar till de genomsnittliga v\u00e4derf\u00f6rh\u00e5llandena i ett omr\u00e5de \u00f6ver en l\u00e4ngre tidsperiod.<\/p>\n<p><font color=\"#2D3AC7\">\u041a\u043b\u0438\u043c\u0430\u0442\u0430 \u0432\u043e \u041c\u0430\u043a\u0435\u0434\u043e\u043d\u0438\u0458\u0430 \u0435 \u0443\u043c\u0435\u0440\u0435\u043d\u043e-\u043a\u043e\u043d\u0442\u0438\u043d\u0435\u043d\u0442\u0430\u043b\u043d\u0430.<\/font><\/p>\n<p><b>\u0412\u0440\u0435\u043c\u0435<\/b> &#8211; V\u00e4der<br \/>\nV\u00e4der h\u00e4nvisar till de dagliga atmosf\u00e4riska f\u00f6rh\u00e5llandena, s\u00e5som temperatur, nederb\u00f6rd och vind.<\/p>\n<p><font color=\"#2D3AC7\">\u0412\u0440\u0435\u043c\u0435\u0442\u043e \u0434\u0435\u043d\u0435\u0441\u043a\u0430 \u0435 \u0441\u043e\u043d\u0447\u0435\u0432\u043e \u0438 \u0442\u043e\u043f\u043b\u043e.<\/font><\/p>\n<p><b>\u0422\u0435\u043c\u043f\u0435\u0440\u0430\u0442\u0443\u0440\u0430<\/b> &#8211; Temperatur<br \/>\nTemperatur \u00e4r ett m\u00e5tt p\u00e5 hur varmt eller kallt n\u00e5got \u00e4r.<\/p>\n<p><font color=\"#2D3AC7\">\u0422\u0435\u043c\u043f\u0435\u0440\u0430\u0442\u0443\u0440\u0430\u0442\u0430 \u0432\u043e \u0442\u0435\u043a\u043e\u0442 \u043d\u0430 \u043b\u0435\u0442\u043e\u0442\u043e \u0434\u043e\u0441\u0442\u0438\u0433\u043d\u0443\u0432\u0430 \u043d\u0430\u0434 30 \u0441\u0442\u0435\u043f\u0435\u043d\u0438 \u0426\u0435\u043b\u0437\u0438\u0443\u0441\u043e\u0432\u0438.<\/font><\/p>\n<p><b>\u0412\u0435\u0442\u0435\u0440<\/b> &#8211; Vind<br \/>\nVind \u00e4r luftens r\u00f6relse i atmosf\u00e4ren, ofta orsakad av skillnader i lufttryck.<\/p>\n<p><font color=\"#2D3AC7\">\u0412\u0435\u0442\u0430\u0440\u043e\u0442 \u0434\u0443\u0432\u0430 \u0441\u0438\u043b\u043d\u043e \u0432\u043e \u0442\u0435\u043a\u043e\u0442 \u043d\u0430 \u0435\u0441\u0435\u043d\u0442\u0430.<\/font><\/p>\n<p><b>\u0421\u043e\u043d\u0446\u0435<\/b> &#8211; Sol<br \/>\nSolen \u00e4r den stj\u00e4rna som jorden och andra planeter kretsar kring, och som ger ljus och v\u00e4rme.<\/p>\n<p><font color=\"#2D3AC7\">\u0421\u043e\u043d\u0446\u0435\u0442\u043e \u0438\u0437\u0433\u0440\u0435\u0432\u0430 \u043d\u0430 \u0438\u0441\u0442\u043e\u043a \u0438 \u0437\u0430\u043e\u0453\u0430 \u043d\u0430 \u0437\u0430\u043f\u0430\u0434.<\/font><\/p>\n<p><b>\u041c\u0435\u0441\u0435\u0447\u0438\u043d\u0430<\/b> &#8211; M\u00e5ne<br \/>\nM\u00e5nen \u00e4r jordens naturliga satellit som kretsar runt v\u00e5r planet.<\/p>\n<p><font color=\"#2D3AC7\">\u041c\u0435\u0441\u0435\u0447\u0438\u043d\u0430\u0442\u0430 \u0441\u0432\u0435\u0442\u0438 \u0458\u0430\u0441\u043d\u043e \u043d\u0430 \u043d\u043e\u045c\u043d\u043e\u0442\u043e \u043d\u0435\u0431\u043e.<\/font><\/p>\n<p><b>\u0414\u043e\u0436\u0434<\/b> &#8211; Regn<br \/>\nRegn \u00e4r nederb\u00f6rd i form av vatten som faller fr\u00e5n molnen.<\/p>\n<p><font color=\"#2D3AC7\">\u0414\u0435\u043d\u0435\u0441\u043a\u0430 \u0432\u0440\u043d\u0435 \u0434\u043e\u0436\u0434 \u0438 \u0442\u0440\u0435\u0431\u0430 \u0434\u0430 \u043d\u043e\u0441\u0438\u043c\u0435 \u0447\u0430\u0434\u043e\u0440.<\/font><\/p>\n<p><b>\u0421\u043d\u0435\u0433<\/b> &#8211; Sn\u00f6<br \/>\nSn\u00f6 \u00e4r frusna vattenkristaller som faller fr\u00e5n molnen och t\u00e4cker marken.<\/p>\n<p><font color=\"#2D3AC7\">\u0412\u043e \u0437\u0438\u043c\u0430\u0442\u0430, \u043f\u043b\u0430\u043d\u0438\u043d\u0438\u0442\u0435 \u0441\u0435 \u043f\u043e\u043a\u0440\u0438\u0435\u043d\u0438 \u0441\u043e \u0441\u043d\u0435\u0433.<\/font><\/p>\n<p><b>\u0415\u043a\u043e-\u0441\u0438\u0441\u0442\u0435\u043c<\/b> &#8211; Ekosystem<br \/>\nEtt ekosystem \u00e4r ett samh\u00e4lle av levande organismer och deras fysiska milj\u00f6 som samverkar som en enhet.<\/p>\n<p><font color=\"#2D3AC7\">\u0415\u043a\u043e-\u0441\u0438\u0441\u0442\u0435\u043c\u0438\u0442\u0435 \u0441\u0435 \u043a\u0440\u0435\u0432\u043a\u0438 \u0438 \u0442\u0440\u0435\u0431\u0430 \u0434\u0430 \u0433\u0438 \u0437\u0430\u0448\u0442\u0438\u0442\u0438\u043c\u0435.<\/font><\/p>\n<h2>Sammanfattning<\/h2>\n<p>Att l\u00e4ra sig milj\u00f6- och naturvokabul\u00e4r p\u00e5 makedonska kan vara b\u00e5de utmanande och givande. Genom att f\u00f6rst\u00e5 och anv\u00e4nda dessa termer kan du inte bara f\u00f6rb\u00e4ttra din spr\u00e5kkunskap utan ocks\u00e5 bidra till en st\u00f6rre medvetenhet om milj\u00f6- och naturfr\u00e5gor. Oavsett om du \u00e4r en nyb\u00f6rjare eller en avancerad spr\u00e5kstudent, hoppas vi att denna artikel har gett dig v\u00e4rdefull insikt och inspiration f\u00f6r din fortsatta inl\u00e4rning.<\/p>\n<p>Kom ih\u00e5g att \u00f6vning ger f\u00e4rdighet. F\u00f6rs\u00f6k att anv\u00e4nda dessa ord i dina dagliga samtal och skrivande f\u00f6r att bef\u00e4sta din f\u00f6rst\u00e5else och flyt. Lycka till med din <a href=\"https:\/\/talkpal.ai\/sv\/hur-lar-man-sig-ett-sprak-via-talkpal-chat\/\">spr\u00e5kinl\u00e4rning<\/a>!<\/p>\n","protected":false},"featured_media":1527631,"template":"","vocabulary_language":[4194],"class_list":["post-717427","vocabulary","type-vocabulary","status-publish","has-post-thumbnail","hentry","vocabulary_language-makedonska"],"acf":[],"yoast_head":"<!-- This site is optimized with the Yoast SEO Premium plugin v27.2 (Yoast SEO v27.2) - https:\/\/yoast.com\/product\/yoast-seo-premium-wordpress\/ -->\n<title>Milj\u00f6- och naturvokabul\u00e4r p\u00e5 makedonska - Talkpal<\/title>\n<meta name=\"description\" content=\"Att l\u00e4ra sig ett nytt spr\u00e5k \u00e4r en fascinerande resa, och en viktig del av den resan \u00e4r att bygga upp ett starkt ordf\u00f6rr\u00e5d. F\u00f6r dem som \u00e4r intresserade av\" \/>\n<meta name=\"robots\" content=\"index, follow, max-snippet:-1, max-image-preview:large, max-video-preview:-1\" \/>\n<link rel=\"canonical\" href=\"https:\/\/talkpal.ai\/sv\/vocabulary\/miljo-och-naturvokabular-pa-makedonska\/\" \/>\n<meta property=\"og:locale\" content=\"sv_SE\" \/>\n<meta property=\"og:type\" content=\"article\" \/>\n<meta property=\"og:title\" content=\"Milj\u00f6- och naturvokabul\u00e4r p\u00e5 makedonska\" \/>\n<meta property=\"og:description\" content=\"Att l\u00e4ra sig ett nytt spr\u00e5k \u00e4r en fascinerande resa, och en viktig del av den resan \u00e4r att bygga upp ett starkt ordf\u00f6rr\u00e5d. F\u00f6r dem som \u00e4r intresserade av\" \/>\n<meta property=\"og:url\" content=\"https:\/\/talkpal.ai\/sv\/vocabulary\/miljo-och-naturvokabular-pa-makedonska\/\" \/>\n<meta property=\"og:site_name\" content=\"Talkpal\" \/>\n<meta property=\"article:publisher\" content=\"https:\/\/www.facebook.com\/profile.php?id=100090733639311\" \/>\n<meta property=\"og:image\" content=\"https:\/\/talkpal.ai\/wp-content\/uploads\/2024\/10\/talkpal_flat_illustration_of_a_employees_working_together_happi_c674ff77-e477-4e09-835a-01d30e561e99.png\" \/>\n\t<meta property=\"og:image:width\" content=\"1024\" \/>\n\t<meta property=\"og:image:height\" content=\"1024\" \/>\n\t<meta property=\"og:image:type\" content=\"image\/png\" \/>\n<meta name=\"twitter:card\" content=\"summary_large_image\" \/>\n<meta name=\"twitter:site\" content=\"@talkpalai\" \/>\n<meta name=\"twitter:label1\" content=\"Ber\u00e4knad l\u00e4stid\" \/>\n\t<meta name=\"twitter:data1\" content=\"4 minuter\" \/>\n<script type=\"application\/ld+json\" class=\"yoast-schema-graph\">{\"@context\":\"https:\/\/schema.org\",\"@graph\":[{\"@type\":\"WebPage\",\"@id\":\"https:\/\/talkpal.ai\/sv\/vocabulary\/miljo-och-naturvokabular-pa-makedonska\/\",\"url\":\"https:\/\/talkpal.ai\/sv\/vocabulary\/miljo-och-naturvokabular-pa-makedonska\/\",\"name\":\"Milj\u00f6- och naturvokabul\u00e4r p\u00e5 makedonska - Talkpal\",\"isPartOf\":{\"@id\":\"https:\/\/talkpal.ai\/sv\/#website\"},\"primaryImageOfPage\":{\"@id\":\"https:\/\/talkpal.ai\/sv\/vocabulary\/miljo-och-naturvokabular-pa-makedonska\/#primaryimage\"},\"image\":{\"@id\":\"https:\/\/talkpal.ai\/sv\/vocabulary\/miljo-och-naturvokabular-pa-makedonska\/#primaryimage\"},\"thumbnailUrl\":\"https:\/\/talkpal.ai\/wp-content\/uploads\/2025\/12\/device-is-used-learning-languages.webp\",\"datePublished\":\"2024-06-08T19:32:58+00:00\",\"description\":\"Att l\u00e4ra sig ett nytt spr\u00e5k \u00e4r en fascinerande resa, och en viktig del av den resan \u00e4r att bygga upp ett starkt ordf\u00f6rr\u00e5d. F\u00f6r dem som \u00e4r intresserade av\",\"breadcrumb\":{\"@id\":\"https:\/\/talkpal.ai\/sv\/vocabulary\/miljo-och-naturvokabular-pa-makedonska\/#breadcrumb\"},\"inLanguage\":\"sv-SE\",\"potentialAction\":[{\"@type\":\"ReadAction\",\"target\":[\"https:\/\/talkpal.ai\/sv\/vocabulary\/miljo-och-naturvokabular-pa-makedonska\/\"]}]},{\"@type\":\"ImageObject\",\"inLanguage\":\"sv-SE\",\"@id\":\"https:\/\/talkpal.ai\/sv\/vocabulary\/miljo-och-naturvokabular-pa-makedonska\/#primaryimage\",\"url\":\"https:\/\/talkpal.ai\/wp-content\/uploads\/2025\/12\/device-is-used-learning-languages.webp\",\"contentUrl\":\"https:\/\/talkpal.ai\/wp-content\/uploads\/2025\/12\/device-is-used-learning-languages.webp\",\"width\":1200,\"height\":896,\"caption\":\"A laptop is operated by a group of students sitting at a caf\u00e9 table while learning languages.\"},{\"@type\":\"BreadcrumbList\",\"@id\":\"https:\/\/talkpal.ai\/sv\/vocabulary\/miljo-och-naturvokabular-pa-makedonska\/#breadcrumb\",\"itemListElement\":[{\"@type\":\"ListItem\",\"position\":1,\"name\":\"Homepage\",\"item\":\"https:\/\/talkpal.ai\/sv\/\"},{\"@type\":\"ListItem\",\"position\":2,\"name\":\"Milj\u00f6- och naturvokabul\u00e4r p\u00e5 makedonska\"}]},{\"@type\":\"WebSite\",\"@id\":\"https:\/\/talkpal.ai\/sv\/#website\",\"url\":\"https:\/\/talkpal.ai\/sv\/\",\"name\":\"Talkpal\",\"description\":\"AI Language Learning\",\"publisher\":{\"@id\":\"https:\/\/talkpal.ai\/sv\/#organization\"},\"alternateName\":\"Talkpal AI\",\"potentialAction\":[{\"@type\":\"SearchAction\",\"target\":{\"@type\":\"EntryPoint\",\"urlTemplate\":\"https:\/\/talkpal.ai\/sv\/?s={search_term_string}\"},\"query-input\":{\"@type\":\"PropertyValueSpecification\",\"valueRequired\":true,\"valueName\":\"search_term_string\"}}],\"inLanguage\":\"sv-SE\"},{\"@type\":\"Organization\",\"@id\":\"https:\/\/talkpal.ai\/sv\/#organization\",\"name\":\"Talkpal, Inc.\",\"alternateName\":\"Talkpal AI\",\"url\":\"https:\/\/talkpal.ai\/sv\/\",\"logo\":{\"@type\":\"ImageObject\",\"inLanguage\":\"sv-SE\",\"@id\":\"https:\/\/talkpal.ai\/sv\/#\/schema\/logo\/image\/\",\"url\":\"https:\/\/talkpal.ai\/wp-content\/uploads\/2024\/03\/Talkpal-Logo-Icon.png\",\"contentUrl\":\"https:\/\/talkpal.ai\/wp-content\/uploads\/2024\/03\/Talkpal-Logo-Icon.png\",\"width\":2880,\"height\":2880,\"caption\":\"Talkpal, Inc.\"},\"image\":{\"@id\":\"https:\/\/talkpal.ai\/sv\/#\/schema\/logo\/image\/\"},\"sameAs\":[\"https:\/\/www.facebook.com\/profile.php?id=100090733639311\",\"https:\/\/x.com\/talkpalai\",\"https:\/\/www.linkedin.com\/company\/talkpal\/\",\"https:\/\/www.youtube.com\/@TalkPal\/\",\"https:\/\/www.tiktok.com\/@talkpal\",\"https:\/\/www.instagram.com\/talkpal_ai\/\",\"https:\/\/www.crunchbase.com\/organization\/talkpal-9cde\",\"https:\/\/www.g2.com\/products\/talkpal-for-business\/\",\"https:\/\/www.trustpilot.com\/review\/talkpal.ai\",\"https:\/\/www.capterra.com\/p\/10006800\/TalkPal\/\"],\"description\":\"Talkpal is a language learning web and mobile education app, powered by the latest AI technologies, that provides engaging experiences to its customers in many different languages to help them improve their language skills. Users can chat about unlimited amount of topics with the app and use other modes to practice their language learning.\",\"email\":\"support@talkpal.ai\",\"legalName\":\"Talkpal, Inc.\",\"foundingDate\":\"2023-04-03\",\"duns\":\"118989042\",\"numberOfEmployees\":{\"@type\":\"QuantitativeValue\",\"minValue\":\"11\",\"maxValue\":\"50\"},\"publishingPrinciples\":\"https:\/\/talkpal.ai\/publishing-principles\/\",\"actionableFeedbackPolicy\":\"https:\/\/talkpal.ai\/actionable-feedback-policy\/\",\"correctionsPolicy\":\"https:\/\/talkpal.ai\/corrections-policy\/\",\"ethicsPolicy\":\"https:\/\/talkpal.ai\/ethics-policy\/\",\"diversityPolicy\":\"https:\/\/talkpal.ai\/diversity-policy\/\",\"diversityStaffingReport\":\"https:\/\/talkpal.ai\/diversity-policy\/\"}]}<\/script>\n<!-- \/ Yoast SEO Premium plugin. -->","yoast_head_json":{"title":"Milj\u00f6- och naturvokabul\u00e4r p\u00e5 makedonska - Talkpal","description":"Att l\u00e4ra sig ett nytt spr\u00e5k \u00e4r en fascinerande resa, och en viktig del av den resan \u00e4r att bygga upp ett starkt ordf\u00f6rr\u00e5d. F\u00f6r dem som \u00e4r intresserade av","robots":{"index":"index","follow":"follow","max-snippet":"max-snippet:-1","max-image-preview":"max-image-preview:large","max-video-preview":"max-video-preview:-1"},"canonical":"https:\/\/talkpal.ai\/sv\/vocabulary\/miljo-och-naturvokabular-pa-makedonska\/","og_locale":"sv_SE","og_type":"article","og_title":"Milj\u00f6- och naturvokabul\u00e4r p\u00e5 makedonska","og_description":"Att l\u00e4ra sig ett nytt spr\u00e5k \u00e4r en fascinerande resa, och en viktig del av den resan \u00e4r att bygga upp ett starkt ordf\u00f6rr\u00e5d. F\u00f6r dem som \u00e4r intresserade av","og_url":"https:\/\/talkpal.ai\/sv\/vocabulary\/miljo-och-naturvokabular-pa-makedonska\/","og_site_name":"Talkpal","article_publisher":"https:\/\/www.facebook.com\/profile.php?id=100090733639311","og_image":[{"width":1024,"height":1024,"url":"https:\/\/talkpal.ai\/wp-content\/uploads\/2024\/10\/talkpal_flat_illustration_of_a_employees_working_together_happi_c674ff77-e477-4e09-835a-01d30e561e99.png","type":"image\/png"}],"twitter_card":"summary_large_image","twitter_site":"@talkpalai","twitter_misc":{"Ber\u00e4knad l\u00e4stid":"4 minuter"},"schema":{"@context":"https:\/\/schema.org","@graph":[{"@type":"WebPage","@id":"https:\/\/talkpal.ai\/sv\/vocabulary\/miljo-och-naturvokabular-pa-makedonska\/","url":"https:\/\/talkpal.ai\/sv\/vocabulary\/miljo-och-naturvokabular-pa-makedonska\/","name":"Milj\u00f6- och naturvokabul\u00e4r p\u00e5 makedonska - Talkpal","isPartOf":{"@id":"https:\/\/talkpal.ai\/sv\/#website"},"primaryImageOfPage":{"@id":"https:\/\/talkpal.ai\/sv\/vocabulary\/miljo-och-naturvokabular-pa-makedonska\/#primaryimage"},"image":{"@id":"https:\/\/talkpal.ai\/sv\/vocabulary\/miljo-och-naturvokabular-pa-makedonska\/#primaryimage"},"thumbnailUrl":"https:\/\/talkpal.ai\/wp-content\/uploads\/2025\/12\/device-is-used-learning-languages.webp","datePublished":"2024-06-08T19:32:58+00:00","description":"Att l\u00e4ra sig ett nytt spr\u00e5k \u00e4r en fascinerande resa, och en viktig del av den resan \u00e4r att bygga upp ett starkt ordf\u00f6rr\u00e5d. F\u00f6r dem som \u00e4r intresserade av","breadcrumb":{"@id":"https:\/\/talkpal.ai\/sv\/vocabulary\/miljo-och-naturvokabular-pa-makedonska\/#breadcrumb"},"inLanguage":"sv-SE","potentialAction":[{"@type":"ReadAction","target":["https:\/\/talkpal.ai\/sv\/vocabulary\/miljo-och-naturvokabular-pa-makedonska\/"]}]},{"@type":"ImageObject","inLanguage":"sv-SE","@id":"https:\/\/talkpal.ai\/sv\/vocabulary\/miljo-och-naturvokabular-pa-makedonska\/#primaryimage","url":"https:\/\/talkpal.ai\/wp-content\/uploads\/2025\/12\/device-is-used-learning-languages.webp","contentUrl":"https:\/\/talkpal.ai\/wp-content\/uploads\/2025\/12\/device-is-used-learning-languages.webp","width":1200,"height":896,"caption":"A laptop is operated by a group of students sitting at a caf\u00e9 table while learning languages."},{"@type":"BreadcrumbList","@id":"https:\/\/talkpal.ai\/sv\/vocabulary\/miljo-och-naturvokabular-pa-makedonska\/#breadcrumb","itemListElement":[{"@type":"ListItem","position":1,"name":"Homepage","item":"https:\/\/talkpal.ai\/sv\/"},{"@type":"ListItem","position":2,"name":"Milj\u00f6- och naturvokabul\u00e4r p\u00e5 makedonska"}]},{"@type":"WebSite","@id":"https:\/\/talkpal.ai\/sv\/#website","url":"https:\/\/talkpal.ai\/sv\/","name":"Talkpal","description":"AI Language Learning","publisher":{"@id":"https:\/\/talkpal.ai\/sv\/#organization"},"alternateName":"Talkpal AI","potentialAction":[{"@type":"SearchAction","target":{"@type":"EntryPoint","urlTemplate":"https:\/\/talkpal.ai\/sv\/?s={search_term_string}"},"query-input":{"@type":"PropertyValueSpecification","valueRequired":true,"valueName":"search_term_string"}}],"inLanguage":"sv-SE"},{"@type":"Organization","@id":"https:\/\/talkpal.ai\/sv\/#organization","name":"Talkpal, Inc.","alternateName":"Talkpal AI","url":"https:\/\/talkpal.ai\/sv\/","logo":{"@type":"ImageObject","inLanguage":"sv-SE","@id":"https:\/\/talkpal.ai\/sv\/#\/schema\/logo\/image\/","url":"https:\/\/talkpal.ai\/wp-content\/uploads\/2024\/03\/Talkpal-Logo-Icon.png","contentUrl":"https:\/\/talkpal.ai\/wp-content\/uploads\/2024\/03\/Talkpal-Logo-Icon.png","width":2880,"height":2880,"caption":"Talkpal, Inc."},"image":{"@id":"https:\/\/talkpal.ai\/sv\/#\/schema\/logo\/image\/"},"sameAs":["https:\/\/www.facebook.com\/profile.php?id=100090733639311","https:\/\/x.com\/talkpalai","https:\/\/www.linkedin.com\/company\/talkpal\/","https:\/\/www.youtube.com\/@TalkPal\/","https:\/\/www.tiktok.com\/@talkpal","https:\/\/www.instagram.com\/talkpal_ai\/","https:\/\/www.crunchbase.com\/organization\/talkpal-9cde","https:\/\/www.g2.com\/products\/talkpal-for-business\/","https:\/\/www.trustpilot.com\/review\/talkpal.ai","https:\/\/www.capterra.com\/p\/10006800\/TalkPal\/"],"description":"Talkpal is a language learning web and mobile education app, powered by the latest AI technologies, that provides engaging experiences to its customers in many different languages to help them improve their language skills. Users can chat about unlimited amount of topics with the app and use other modes to practice their language learning.","email":"support@talkpal.ai","legalName":"Talkpal, Inc.","foundingDate":"2023-04-03","duns":"118989042","numberOfEmployees":{"@type":"QuantitativeValue","minValue":"11","maxValue":"50"},"publishingPrinciples":"https:\/\/talkpal.ai\/publishing-principles\/","actionableFeedbackPolicy":"https:\/\/talkpal.ai\/actionable-feedback-policy\/","correctionsPolicy":"https:\/\/talkpal.ai\/corrections-policy\/","ethicsPolicy":"https:\/\/talkpal.ai\/ethics-policy\/","diversityPolicy":"https:\/\/talkpal.ai\/diversity-policy\/","diversityStaffingReport":"https:\/\/talkpal.ai\/diversity-policy\/"}]}},"_links":{"self":[{"href":"https:\/\/talkpal.ai\/sv\/wp-json\/wp\/v2\/vocabulary\/717427","targetHints":{"allow":["GET"]}}],"collection":[{"href":"https:\/\/talkpal.ai\/sv\/wp-json\/wp\/v2\/vocabulary"}],"about":[{"href":"https:\/\/talkpal.ai\/sv\/wp-json\/wp\/v2\/types\/vocabulary"}],"wp:featuredmedia":[{"embeddable":true,"href":"https:\/\/talkpal.ai\/sv\/wp-json\/wp\/v2\/media\/1527631"}],"wp:attachment":[{"href":"https:\/\/talkpal.ai\/sv\/wp-json\/wp\/v2\/media?parent=717427"}],"wp:term":[{"taxonomy":"vocabulary_language","embeddable":true,"href":"https:\/\/talkpal.ai\/sv\/wp-json\/wp\/v2\/vocabulary_language?post=717427"}],"curies":[{"name":"wp","href":"https:\/\/api.w.org\/{rel}","templated":true}]}}