{"id":717154,"date":"2024-06-08T19:10:08","date_gmt":"2024-06-08T19:10:08","guid":{"rendered":"https:\/\/talkpal.ai\/vocabulary\/kulturella-idiom-och-islandska-ordsprak\/"},"modified":"2025-12-26T13:45:47","modified_gmt":"2025-12-26T13:45:47","slug":"kulturella-idiom-och-islandska-ordsprak","status":"publish","type":"vocabulary","link":"https:\/\/talkpal.ai\/sv\/vocabulary\/kulturella-idiom-och-islandska-ordsprak\/","title":{"rendered":"Kulturella idiom och isl\u00e4ndska ordspr\u00e5k"},"content":{"rendered":"<p>Att l\u00e4ra sig ett nytt spr\u00e5k inneb\u00e4r ofta att f\u00f6rst\u00e5 b\u00e5de dess <a href=\"https:\/\/talkpal.ai\/fr\/les\/\">grammatik<\/a> och dess kulturella kontext. <a href=\"https:\/\/talkpal.ai\/learn-icelandic\/\">Isl\u00e4ndska<\/a> \u00e4r ett spr\u00e5k rikt p\u00e5 historia och traditioner, och en av de mest fascinerande aspekterna av <a href=\"https:\/\/talkpal.ai\/learn-icelandic\/\">isl\u00e4ndska<\/a> \u00e4r dess idiom och ordspr\u00e5k. Dessa uttryck ger inte bara insikt i det isl\u00e4ndska samh\u00e4llet utan berikar ocks\u00e5 din spr\u00e5kf\u00f6rst\u00e5else och g\u00f6r ditt tal mer naturligt och autentiskt.<\/p>\n<h2>Isl\u00e4ndska idiom<\/h2>\n<p>Idiomen i ett spr\u00e5k \u00e4r ofta de sv\u00e5raste att f\u00f6rst\u00e5 f\u00f6r en nyb\u00f6rjare eftersom de inte alltid kan \u00f6vers\u00e4ttas ord f\u00f6r ord. H\u00e4r \u00e4r n\u00e5gra vanliga isl\u00e4ndska idiom och deras betydelser.<\/p>\n<p><b>\u00c1 morgun<\/b> &#8211; Imorgon<br \/>\n<b>\u00c1 morgun<\/b> betyder bokstavligen &#8221;imorgon&#8221; men anv\u00e4nds ofta f\u00f6r att indikera att n\u00e5got kommer att ske i en ospecificerad framtid.<br \/>\n<font color=\"#2D3AC7\">Vi\u00f0 munum hitta lausn <b>\u00e1 morgun<\/b>.<\/font><\/p>\n<p><b>\u00deetta reddast<\/b> &#8211; Det kommer att ordna sig<br \/>\nDetta uttryck \u00e4r mycket typiskt f\u00f6r den isl\u00e4ndska mentaliteten. Det anv\u00e4nds f\u00f6r att uttrycka tron att allt kommer att l\u00f6sa sig, \u00e4ven om situationen verkar sv\u00e5r.<br \/>\n<font color=\"#2D3AC7\">Ekki hafa \u00e1hyggjur, <b>\u00feetta reddast<\/b>.<\/font><\/p>\n<p><b>A\u00f0 vera kominn \u00e1 kort<\/b> &#8211; Att ha n\u00e5tt sitt m\u00e5l<br \/>\nDetta idiom anv\u00e4nds n\u00e4r n\u00e5gon har uppn\u00e5tt n\u00e5got de l\u00e4nge str\u00e4vat efter.<br \/>\n<font color=\"#2D3AC7\">\u00c9g er loksins <b>kominn \u00e1 kort<\/b> me\u00f0 verkefni\u00f0 mitt.<\/font><\/p>\n<p><b>Ekki vera me\u00f0 st\u00e6la<\/b> &#8211; Att inte vara arrogant eller skrytsam<br \/>\nDetta uttryck anv\u00e4nds f\u00f6r att uppmana n\u00e5gon att vara \u00f6dmjuk.<br \/>\n<font color=\"#2D3AC7\">Ekki vera me\u00f0 <b>st\u00e6la<\/b>, vi\u00f0 vitum \u00f6ll hva\u00f0 \u00fe\u00fa kannt.<\/font><\/p>\n<h2>Isl\u00e4ndska ordspr\u00e5k<\/h2>\n<p>Ordspr\u00e5k \u00e4r en annan viktig del av det isl\u00e4ndska spr\u00e5ket. De \u00e4r ofta gamla och reflekterar den kollektiva visdomen i det isl\u00e4ndska samh\u00e4llet. H\u00e4r \u00e4r n\u00e5gra exempel:<\/p>\n<p><b>Margur er kn\u00e1r \u00fe\u00f3tt hann s\u00e9 sm\u00e1r<\/b> &#8211; M\u00e5nga \u00e4r starka trots att de \u00e4r sm\u00e5<br \/>\nDetta ordspr\u00e5k betonar att storlek inte alltid \u00e4r en indikator p\u00e5 styrka eller f\u00f6rm\u00e5ga.<br \/>\n<font color=\"#2D3AC7\"><b>Margur er kn\u00e1r \u00fe\u00f3tt hann s\u00e9 sm\u00e1r<\/b>, sag\u00f0i amma m\u00edn oft.<\/font><\/p>\n<p><b>Betra er seint en aldrei<\/b> &#8211; B\u00e4ttre sent \u00e4n aldrig<br \/>\nDetta \u00e4r ett v\u00e4lk\u00e4nt ordspr\u00e5k som uppmanar till att det \u00e4r b\u00e4ttre att g\u00f6ra n\u00e5got sent \u00e4n att aldrig g\u00f6ra det alls.<br \/>\n<font color=\"#2D3AC7\">H\u00fan kom loksins, <b>betra er seint en aldrei<\/b>.<\/font><\/p>\n<p><b>Enginn veit hva\u00f0 \u00e1tt hefur fyrr en misst hefur<\/b> &#8211; Ingen vet vad de har f\u00f6rr\u00e4n de har f\u00f6rlorat det<br \/>\nDetta ordspr\u00e5k p\u00e5minner <a href=\"https:\/\/talkpal.ai\/locations\/language-courses-in-oss\/\">oss<\/a> om att uppskatta det vi har innan det \u00e4r f\u00f6r sent.<br \/>\n<font color=\"#2D3AC7\"><b>Enginn veit hva\u00f0 \u00e1tt hefur fyrr en misst hefur<\/b>, sag\u00f0i hann me\u00f0 sorg \u00ed r\u00f6ddinni.<\/font><\/p>\n<p><b>A\u00f0 vera \u00ed essinu s\u00ednu<\/b> &#8211; Att vara i sitt r\u00e4tta element<br \/>\nDetta uttryck anv\u00e4nds n\u00e4r n\u00e5gon \u00e4r mycket bekv\u00e4m och sj\u00e4lvs\u00e4ker i en viss situation.<br \/>\n<font color=\"#2D3AC7\">\u00de\u00fa ert svo g\u00f3\u00f0 \u00ed \u00feessu, \u00fe\u00fa ert alveg <b>\u00ed essinu \u00fe\u00ednu<\/b>.<\/font><\/p>\n<h3>Praktiska tips f\u00f6r att l\u00e4ra sig isl\u00e4ndska idiom och ordspr\u00e5k<\/h3>\n<p>Att l\u00e4ra sig idiom och ordspr\u00e5k kan vara en utmaning, men <a href=\"https:\/\/talkpal.ai\/culture\/how-do-i-use-det-finns-correctly\/\">det finns<\/a> flera strategier som kan hj\u00e4lpa dig att bem\u00e4stra dem:<\/p>\n<p>1. <b>L\u00e4s och lyssna mycket<\/b>: Ju mer du exponeras f\u00f6r spr\u00e5ket, desto l\u00e4ttare blir det att f\u00f6rst\u00e5 hur idiom och ordspr\u00e5k anv\u00e4nds i olika sammanhang.<br \/>\n2. <b>Anv\u00e4nd dem aktivt<\/b>: F\u00f6rs\u00f6k att anv\u00e4nda de nya uttrycken n\u00e4r du talar eller skriver. Detta hj\u00e4lper dig att internalisera dem.<br \/>\n3. <b>Fr\u00e5ga modersm\u00e5lstalare<\/b>: Om du \u00e4r os\u00e4ker p\u00e5 betydelsen eller anv\u00e4ndningen av ett idiom eller ordspr\u00e5k, fr\u00e5ga en person som talar isl\u00e4ndska som modersm\u00e5l.<br \/>\n4. <b>H\u00e5ll en anteckningsbok<\/b>: Skriv ner nya idiom och ordspr\u00e5k tillsammans med deras betydelser och exempelmeningar.<\/p>\n<h3>F\u00f6rst\u00e5else f\u00f6r kulturella referenser<\/h3>\n<p>M\u00e5nga isl\u00e4ndska idiom och ordspr\u00e5k har kulturella referenser som kan vara sv\u00e5ra att f\u00f6rst\u00e5 om du inte \u00e4r bekant med den isl\u00e4ndska kulturen. H\u00e4r \u00e4r n\u00e5gra exempel:<\/p>\n<p><b>Bl\u00f3\u00f0 er \u00feykkara en vatn<\/b> &#8211; Blod \u00e4r tjockare \u00e4n vatten<br \/>\nDetta uttryck betyder att familjeband \u00e4r starkare \u00e4n andra relationer.<br \/>\n<font color=\"#2D3AC7\"><b>Bl\u00f3\u00f0 er \u00feykkara en vatn<\/b>, svo \u00e9g mun alltaf vera h\u00e9r fyrir \u00feig.<\/font><\/p>\n<p><b>A\u00f0 vera \u00e1 gr\u00e6nni grein<\/b> &#8211; Att vara i en b\u00e4ttre situation<br \/>\nDetta idiom anv\u00e4nds n\u00e4r n\u00e5gon har det <a href=\"https:\/\/talkpal.ai\/locations\/learn-english-in-bra\/\">bra<\/a> eller har f\u00f6rb\u00e4ttrat sin situation.<br \/>\n<font>N\u00fa er h\u00fan <b>\u00e1 gr\u00e6nni grein<\/b> eftir <a href=\"https:\/\/talkpal.ai\/culture\/what-is-the-verb-ad-hafa-and-when-is-it-used\/\">a\u00f0 hafa<\/a> fengi\u00f0 n\u00fdja vinnu.<\/font><\/p>\n<p><b>Hafa eitthva\u00f0 \u00e1 hornum s\u00e9r<\/b> &#8211; Att ha n\u00e5got att klaga p\u00e5<br \/>\nDetta idiom anv\u00e4nds n\u00e4r n\u00e5gon \u00e4r missn\u00f6jd eller har n\u00e5got att anm\u00e4rka p\u00e5.<br \/>\n<font>Hann hefur alltaf eitthva\u00f0 <b>\u00e1 hornum s\u00e9r<\/b>.<\/font><\/p>\n<h2>Sammanfattning<\/h2>\n<p>Isl\u00e4ndska idiom och ordspr\u00e5k \u00e4r inte bara spr\u00e5kverktyg utan ocks\u00e5 f\u00f6nster till den isl\u00e4ndska kulturen och mentaliteten. Genom att l\u00e4ra sig dessa uttryck f\u00e5r du en djupare f\u00f6rst\u00e5else f\u00f6r spr\u00e5ket och kan kommunicera mer effektivt och naturligt med modersm\u00e5lstalare. S\u00e5 n\u00e4sta g\u00e5ng du studerar isl\u00e4ndska, gl\u00f6m inte att inkludera n\u00e5gra idiom och ordspr\u00e5k i din inl\u00e4rningsprocess!<\/p>\n","protected":false},"featured_media":1527864,"template":"","vocabulary_language":[4188],"class_list":["post-717154","vocabulary","type-vocabulary","status-publish","has-post-thumbnail","hentry","vocabulary_language-islandska"],"acf":[],"yoast_head":"<!-- This site is optimized with the Yoast SEO Premium plugin v27.2 (Yoast SEO v27.2) - https:\/\/yoast.com\/product\/yoast-seo-premium-wordpress\/ -->\n<title>Kulturella idiom och isl\u00e4ndska ordspr\u00e5k - Talkpal<\/title>\n<meta name=\"description\" content=\"Att l\u00e4ra sig ett nytt spr\u00e5k inneb\u00e4r ofta att f\u00f6rst\u00e5 b\u00e5de dess grammatik och dess kulturella kontext. Isl\u00e4ndska \u00e4r ett spr\u00e5k rikt p\u00e5 historia och\" \/>\n<meta name=\"robots\" content=\"index, follow, max-snippet:-1, max-image-preview:large, max-video-preview:-1\" \/>\n<link rel=\"canonical\" href=\"https:\/\/talkpal.ai\/sv\/vocabulary\/kulturella-idiom-och-islandska-ordsprak\/\" \/>\n<meta property=\"og:locale\" content=\"sv_SE\" \/>\n<meta property=\"og:type\" content=\"article\" \/>\n<meta property=\"og:title\" content=\"Kulturella idiom och isl\u00e4ndska ordspr\u00e5k\" \/>\n<meta property=\"og:description\" content=\"Att l\u00e4ra sig ett nytt spr\u00e5k inneb\u00e4r ofta att f\u00f6rst\u00e5 b\u00e5de dess grammatik och dess kulturella kontext. Isl\u00e4ndska \u00e4r ett spr\u00e5k rikt p\u00e5 historia och\" \/>\n<meta property=\"og:url\" content=\"https:\/\/talkpal.ai\/sv\/vocabulary\/kulturella-idiom-och-islandska-ordsprak\/\" \/>\n<meta property=\"og:site_name\" content=\"Talkpal\" \/>\n<meta property=\"article:publisher\" content=\"https:\/\/www.facebook.com\/profile.php?id=100090733639311\" \/>\n<meta property=\"article:modified_time\" content=\"2025-12-26T13:45:47+00:00\" \/>\n<meta property=\"og:image\" content=\"https:\/\/talkpal.ai\/wp-content\/uploads\/2024\/10\/talkpal_flat_illustration_of_a_employees_working_together_happi_c674ff77-e477-4e09-835a-01d30e561e99.png\" \/>\n\t<meta property=\"og:image:width\" content=\"1024\" \/>\n\t<meta property=\"og:image:height\" content=\"1024\" \/>\n\t<meta property=\"og:image:type\" content=\"image\/png\" \/>\n<meta name=\"twitter:card\" content=\"summary_large_image\" \/>\n<meta name=\"twitter:site\" content=\"@talkpalai\" \/>\n<meta name=\"twitter:label1\" content=\"Ber\u00e4knad l\u00e4stid\" \/>\n\t<meta name=\"twitter:data1\" content=\"4 minuter\" \/>\n<script type=\"application\/ld+json\" class=\"yoast-schema-graph\">{\"@context\":\"https:\/\/schema.org\",\"@graph\":[{\"@type\":\"WebPage\",\"@id\":\"https:\/\/talkpal.ai\/sv\/vocabulary\/kulturella-idiom-och-islandska-ordsprak\/\",\"url\":\"https:\/\/talkpal.ai\/sv\/vocabulary\/kulturella-idiom-och-islandska-ordsprak\/\",\"name\":\"Kulturella idiom och isl\u00e4ndska ordspr\u00e5k - Talkpal\",\"isPartOf\":{\"@id\":\"https:\/\/talkpal.ai\/sv\/#website\"},\"primaryImageOfPage\":{\"@id\":\"https:\/\/talkpal.ai\/sv\/vocabulary\/kulturella-idiom-och-islandska-ordsprak\/#primaryimage\"},\"image\":{\"@id\":\"https:\/\/talkpal.ai\/sv\/vocabulary\/kulturella-idiom-och-islandska-ordsprak\/#primaryimage\"},\"thumbnailUrl\":\"https:\/\/talkpal.ai\/wp-content\/uploads\/2025\/12\/person-researches-culture-to-learn-languages.webp\",\"datePublished\":\"2024-06-08T19:10:08+00:00\",\"dateModified\":\"2025-12-26T13:45:47+00:00\",\"description\":\"Att l\u00e4ra sig ett nytt spr\u00e5k inneb\u00e4r ofta att f\u00f6rst\u00e5 b\u00e5de dess grammatik och dess kulturella kontext. Isl\u00e4ndska \u00e4r ett spr\u00e5k rikt p\u00e5 historia och\",\"breadcrumb\":{\"@id\":\"https:\/\/talkpal.ai\/sv\/vocabulary\/kulturella-idiom-och-islandska-ordsprak\/#breadcrumb\"},\"inLanguage\":\"sv-SE\",\"potentialAction\":[{\"@type\":\"ReadAction\",\"target\":[\"https:\/\/talkpal.ai\/sv\/vocabulary\/kulturella-idiom-och-islandska-ordsprak\/\"]}]},{\"@type\":\"ImageObject\",\"inLanguage\":\"sv-SE\",\"@id\":\"https:\/\/talkpal.ai\/sv\/vocabulary\/kulturella-idiom-och-islandska-ordsprak\/#primaryimage\",\"url\":\"https:\/\/talkpal.ai\/wp-content\/uploads\/2025\/12\/person-researches-culture-to-learn-languages.webp\",\"contentUrl\":\"https:\/\/talkpal.ai\/wp-content\/uploads\/2025\/12\/person-researches-culture-to-learn-languages.webp\",\"width\":1200,\"height\":896,\"caption\":\"A woman reads several open books while learning languages at a table during a golden sunset.\"},{\"@type\":\"BreadcrumbList\",\"@id\":\"https:\/\/talkpal.ai\/sv\/vocabulary\/kulturella-idiom-och-islandska-ordsprak\/#breadcrumb\",\"itemListElement\":[{\"@type\":\"ListItem\",\"position\":1,\"name\":\"Homepage\",\"item\":\"https:\/\/talkpal.ai\/sv\/\"},{\"@type\":\"ListItem\",\"position\":2,\"name\":\"Kulturella idiom och isl\u00e4ndska ordspr\u00e5k\"}]},{\"@type\":\"WebSite\",\"@id\":\"https:\/\/talkpal.ai\/sv\/#website\",\"url\":\"https:\/\/talkpal.ai\/sv\/\",\"name\":\"Talkpal\",\"description\":\"AI Language Learning\",\"publisher\":{\"@id\":\"https:\/\/talkpal.ai\/sv\/#organization\"},\"alternateName\":\"Talkpal AI\",\"potentialAction\":[{\"@type\":\"SearchAction\",\"target\":{\"@type\":\"EntryPoint\",\"urlTemplate\":\"https:\/\/talkpal.ai\/sv\/?s={search_term_string}\"},\"query-input\":{\"@type\":\"PropertyValueSpecification\",\"valueRequired\":true,\"valueName\":\"search_term_string\"}}],\"inLanguage\":\"sv-SE\"},{\"@type\":\"Organization\",\"@id\":\"https:\/\/talkpal.ai\/sv\/#organization\",\"name\":\"Talkpal, Inc.\",\"alternateName\":\"Talkpal AI\",\"url\":\"https:\/\/talkpal.ai\/sv\/\",\"logo\":{\"@type\":\"ImageObject\",\"inLanguage\":\"sv-SE\",\"@id\":\"https:\/\/talkpal.ai\/sv\/#\/schema\/logo\/image\/\",\"url\":\"https:\/\/talkpal.ai\/wp-content\/uploads\/2024\/03\/Talkpal-Logo-Icon.png\",\"contentUrl\":\"https:\/\/talkpal.ai\/wp-content\/uploads\/2024\/03\/Talkpal-Logo-Icon.png\",\"width\":2880,\"height\":2880,\"caption\":\"Talkpal, Inc.\"},\"image\":{\"@id\":\"https:\/\/talkpal.ai\/sv\/#\/schema\/logo\/image\/\"},\"sameAs\":[\"https:\/\/www.facebook.com\/profile.php?id=100090733639311\",\"https:\/\/x.com\/talkpalai\",\"https:\/\/www.linkedin.com\/company\/talkpal\/\",\"https:\/\/www.youtube.com\/@TalkPal\/\",\"https:\/\/www.tiktok.com\/@talkpal\",\"https:\/\/www.instagram.com\/talkpal_ai\/\",\"https:\/\/www.crunchbase.com\/organization\/talkpal-9cde\",\"https:\/\/www.g2.com\/products\/talkpal-for-business\/\",\"https:\/\/www.trustpilot.com\/review\/talkpal.ai\",\"https:\/\/www.capterra.com\/p\/10006800\/TalkPal\/\"],\"description\":\"Talkpal is a language learning web and mobile education app, powered by the latest AI technologies, that provides engaging experiences to its customers in many different languages to help them improve their language skills. Users can chat about unlimited amount of topics with the app and use other modes to practice their language learning.\",\"email\":\"support@talkpal.ai\",\"legalName\":\"Talkpal, Inc.\",\"foundingDate\":\"2023-04-03\",\"duns\":\"118989042\",\"numberOfEmployees\":{\"@type\":\"QuantitativeValue\",\"minValue\":\"11\",\"maxValue\":\"50\"},\"publishingPrinciples\":\"https:\/\/talkpal.ai\/publishing-principles\/\",\"actionableFeedbackPolicy\":\"https:\/\/talkpal.ai\/actionable-feedback-policy\/\",\"correctionsPolicy\":\"https:\/\/talkpal.ai\/corrections-policy\/\",\"ethicsPolicy\":\"https:\/\/talkpal.ai\/ethics-policy\/\",\"diversityPolicy\":\"https:\/\/talkpal.ai\/diversity-policy\/\",\"diversityStaffingReport\":\"https:\/\/talkpal.ai\/diversity-policy\/\"}]}<\/script>\n<!-- \/ Yoast SEO Premium plugin. -->","yoast_head_json":{"title":"Kulturella idiom och isl\u00e4ndska ordspr\u00e5k - Talkpal","description":"Att l\u00e4ra sig ett nytt spr\u00e5k inneb\u00e4r ofta att f\u00f6rst\u00e5 b\u00e5de dess grammatik och dess kulturella kontext. Isl\u00e4ndska \u00e4r ett spr\u00e5k rikt p\u00e5 historia och","robots":{"index":"index","follow":"follow","max-snippet":"max-snippet:-1","max-image-preview":"max-image-preview:large","max-video-preview":"max-video-preview:-1"},"canonical":"https:\/\/talkpal.ai\/sv\/vocabulary\/kulturella-idiom-och-islandska-ordsprak\/","og_locale":"sv_SE","og_type":"article","og_title":"Kulturella idiom och isl\u00e4ndska ordspr\u00e5k","og_description":"Att l\u00e4ra sig ett nytt spr\u00e5k inneb\u00e4r ofta att f\u00f6rst\u00e5 b\u00e5de dess grammatik och dess kulturella kontext. Isl\u00e4ndska \u00e4r ett spr\u00e5k rikt p\u00e5 historia och","og_url":"https:\/\/talkpal.ai\/sv\/vocabulary\/kulturella-idiom-och-islandska-ordsprak\/","og_site_name":"Talkpal","article_publisher":"https:\/\/www.facebook.com\/profile.php?id=100090733639311","article_modified_time":"2025-12-26T13:45:47+00:00","og_image":[{"width":1024,"height":1024,"url":"https:\/\/talkpal.ai\/wp-content\/uploads\/2024\/10\/talkpal_flat_illustration_of_a_employees_working_together_happi_c674ff77-e477-4e09-835a-01d30e561e99.png","type":"image\/png"}],"twitter_card":"summary_large_image","twitter_site":"@talkpalai","twitter_misc":{"Ber\u00e4knad l\u00e4stid":"4 minuter"},"schema":{"@context":"https:\/\/schema.org","@graph":[{"@type":"WebPage","@id":"https:\/\/talkpal.ai\/sv\/vocabulary\/kulturella-idiom-och-islandska-ordsprak\/","url":"https:\/\/talkpal.ai\/sv\/vocabulary\/kulturella-idiom-och-islandska-ordsprak\/","name":"Kulturella idiom och isl\u00e4ndska ordspr\u00e5k - Talkpal","isPartOf":{"@id":"https:\/\/talkpal.ai\/sv\/#website"},"primaryImageOfPage":{"@id":"https:\/\/talkpal.ai\/sv\/vocabulary\/kulturella-idiom-och-islandska-ordsprak\/#primaryimage"},"image":{"@id":"https:\/\/talkpal.ai\/sv\/vocabulary\/kulturella-idiom-och-islandska-ordsprak\/#primaryimage"},"thumbnailUrl":"https:\/\/talkpal.ai\/wp-content\/uploads\/2025\/12\/person-researches-culture-to-learn-languages.webp","datePublished":"2024-06-08T19:10:08+00:00","dateModified":"2025-12-26T13:45:47+00:00","description":"Att l\u00e4ra sig ett nytt spr\u00e5k inneb\u00e4r ofta att f\u00f6rst\u00e5 b\u00e5de dess grammatik och dess kulturella kontext. Isl\u00e4ndska \u00e4r ett spr\u00e5k rikt p\u00e5 historia och","breadcrumb":{"@id":"https:\/\/talkpal.ai\/sv\/vocabulary\/kulturella-idiom-och-islandska-ordsprak\/#breadcrumb"},"inLanguage":"sv-SE","potentialAction":[{"@type":"ReadAction","target":["https:\/\/talkpal.ai\/sv\/vocabulary\/kulturella-idiom-och-islandska-ordsprak\/"]}]},{"@type":"ImageObject","inLanguage":"sv-SE","@id":"https:\/\/talkpal.ai\/sv\/vocabulary\/kulturella-idiom-och-islandska-ordsprak\/#primaryimage","url":"https:\/\/talkpal.ai\/wp-content\/uploads\/2025\/12\/person-researches-culture-to-learn-languages.webp","contentUrl":"https:\/\/talkpal.ai\/wp-content\/uploads\/2025\/12\/person-researches-culture-to-learn-languages.webp","width":1200,"height":896,"caption":"A woman reads several open books while learning languages at a table during a golden sunset."},{"@type":"BreadcrumbList","@id":"https:\/\/talkpal.ai\/sv\/vocabulary\/kulturella-idiom-och-islandska-ordsprak\/#breadcrumb","itemListElement":[{"@type":"ListItem","position":1,"name":"Homepage","item":"https:\/\/talkpal.ai\/sv\/"},{"@type":"ListItem","position":2,"name":"Kulturella idiom och isl\u00e4ndska ordspr\u00e5k"}]},{"@type":"WebSite","@id":"https:\/\/talkpal.ai\/sv\/#website","url":"https:\/\/talkpal.ai\/sv\/","name":"Talkpal","description":"AI Language Learning","publisher":{"@id":"https:\/\/talkpal.ai\/sv\/#organization"},"alternateName":"Talkpal AI","potentialAction":[{"@type":"SearchAction","target":{"@type":"EntryPoint","urlTemplate":"https:\/\/talkpal.ai\/sv\/?s={search_term_string}"},"query-input":{"@type":"PropertyValueSpecification","valueRequired":true,"valueName":"search_term_string"}}],"inLanguage":"sv-SE"},{"@type":"Organization","@id":"https:\/\/talkpal.ai\/sv\/#organization","name":"Talkpal, Inc.","alternateName":"Talkpal AI","url":"https:\/\/talkpal.ai\/sv\/","logo":{"@type":"ImageObject","inLanguage":"sv-SE","@id":"https:\/\/talkpal.ai\/sv\/#\/schema\/logo\/image\/","url":"https:\/\/talkpal.ai\/wp-content\/uploads\/2024\/03\/Talkpal-Logo-Icon.png","contentUrl":"https:\/\/talkpal.ai\/wp-content\/uploads\/2024\/03\/Talkpal-Logo-Icon.png","width":2880,"height":2880,"caption":"Talkpal, Inc."},"image":{"@id":"https:\/\/talkpal.ai\/sv\/#\/schema\/logo\/image\/"},"sameAs":["https:\/\/www.facebook.com\/profile.php?id=100090733639311","https:\/\/x.com\/talkpalai","https:\/\/www.linkedin.com\/company\/talkpal\/","https:\/\/www.youtube.com\/@TalkPal\/","https:\/\/www.tiktok.com\/@talkpal","https:\/\/www.instagram.com\/talkpal_ai\/","https:\/\/www.crunchbase.com\/organization\/talkpal-9cde","https:\/\/www.g2.com\/products\/talkpal-for-business\/","https:\/\/www.trustpilot.com\/review\/talkpal.ai","https:\/\/www.capterra.com\/p\/10006800\/TalkPal\/"],"description":"Talkpal is a language learning web and mobile education app, powered by the latest AI technologies, that provides engaging experiences to its customers in many different languages to help them improve their language skills. Users can chat about unlimited amount of topics with the app and use other modes to practice their language learning.","email":"support@talkpal.ai","legalName":"Talkpal, Inc.","foundingDate":"2023-04-03","duns":"118989042","numberOfEmployees":{"@type":"QuantitativeValue","minValue":"11","maxValue":"50"},"publishingPrinciples":"https:\/\/talkpal.ai\/publishing-principles\/","actionableFeedbackPolicy":"https:\/\/talkpal.ai\/actionable-feedback-policy\/","correctionsPolicy":"https:\/\/talkpal.ai\/corrections-policy\/","ethicsPolicy":"https:\/\/talkpal.ai\/ethics-policy\/","diversityPolicy":"https:\/\/talkpal.ai\/diversity-policy\/","diversityStaffingReport":"https:\/\/talkpal.ai\/diversity-policy\/"}]}},"_links":{"self":[{"href":"https:\/\/talkpal.ai\/sv\/wp-json\/wp\/v2\/vocabulary\/717154","targetHints":{"allow":["GET"]}}],"collection":[{"href":"https:\/\/talkpal.ai\/sv\/wp-json\/wp\/v2\/vocabulary"}],"about":[{"href":"https:\/\/talkpal.ai\/sv\/wp-json\/wp\/v2\/types\/vocabulary"}],"wp:featuredmedia":[{"embeddable":true,"href":"https:\/\/talkpal.ai\/sv\/wp-json\/wp\/v2\/media\/1527864"}],"wp:attachment":[{"href":"https:\/\/talkpal.ai\/sv\/wp-json\/wp\/v2\/media?parent=717154"}],"wp:term":[{"taxonomy":"vocabulary_language","embeddable":true,"href":"https:\/\/talkpal.ai\/sv\/wp-json\/wp\/v2\/vocabulary_language?post=717154"}],"curies":[{"name":"wp","href":"https:\/\/api.w.org\/{rel}","templated":true}]}}