{"id":717143,"date":"2024-06-08T19:09:11","date_gmt":"2024-06-08T19:09:11","guid":{"rendered":"https:\/\/talkpal.ai\/vocabulary\/politiskt-och-elektoriskt-ordforrad-pa-islandska\/"},"modified":"2024-06-08T19:09:11","modified_gmt":"2024-06-08T19:09:11","slug":"politiskt-och-elektoriskt-ordforrad-pa-islandska","status":"publish","type":"vocabulary","link":"https:\/\/talkpal.ai\/sv\/vocabulary\/politiskt-och-elektoriskt-ordforrad-pa-islandska\/","title":{"rendered":"Politiskt och elektoriskt ordf\u00f6rr\u00e5d p\u00e5 isl\u00e4ndska"},"content":{"rendered":"<p>Att l\u00e4ra sig ett nytt spr\u00e5k kan vara en sp\u00e4nnande och givande upplevelse, s\u00e4rskilt n\u00e4r det g\u00e4ller att f\u00f6rst\u00e5 de mer komplexa aspekterna av ett samh\u00e4lle, som politik och valprocesser. <a href=\"https:\/\/talkpal.ai\/learn-icelandic\/\">Isl\u00e4ndska<\/a>, med sina unika grammatiska och fonetiska egenskaper, erbjuder en s\u00e4rskild utmaning och bel\u00f6ning f\u00f6r spr\u00e5kintresserade. I denna artikel kommer vi att utforska n\u00e5gra av de viktigaste termerna inom det politiska och elektoriska ordf\u00f6rr\u00e5det p\u00e5 <a href=\"https:\/\/talkpal.ai\/learn-icelandic\/\">isl\u00e4ndska<\/a>, med f\u00f6rklaringar och exempelmeningar f\u00f6r att hj\u00e4lpa dig att b\u00e4ttre f\u00f6rst\u00e5 och anv\u00e4nda dessa ord i kontext.<\/p>\n<h2>Politiska termer<\/h2>\n<p><b>Forseti<\/b> &#8211; President<br \/>\nP\u00e5 isl\u00e4ndska anv\u00e4nds ordet <b>forseti<\/b> f\u00f6r att referera till landets president, som \u00e4r statschef och har en representativ roll.<br \/>\n<font color=\"#2D3AC7\">Forseti \u00cdslands hefur mikilv\u00e6g hlutverk \u00ed stj\u00f3rnm\u00e1lum landsins.<\/font><\/p>\n<p><b>Stj\u00f3rnarskr\u00e1<\/b> &#8211; Konstitution<br \/>\nEn <b>stj\u00f3rnarskr\u00e1<\/b> \u00e4r den grundl\u00e4ggande lagen som definierar de politiska principerna och fastst\u00e4ller regeringens struktur och funktioner.<br \/>\n<font color=\"#2D3AC7\">Stj\u00f3rnarskr\u00e1 \u00cdslands var fyrst sam\u00feykkt \u00e1ri\u00f0 1944.<\/font><\/p>\n<p><b>\u00deingma\u00f0ur<\/b> &#8211; Parlamentsledamot<br \/>\nEn <b>\u00feingma\u00f0ur<\/b> \u00e4r en medlem av parlamentet, Althingi, som \u00e4r Islands nationella lagstiftande f\u00f6rsamling.<br \/>\n<font color=\"#2D3AC7\">Hver \u00feingma\u00f0ur hefur r\u00e9tt til a\u00f0 leggja fram lagafrumv\u00f6rp.<\/font><\/p>\n<p><b>R\u00edkisstj\u00f3rn<\/b> &#8211; Regering<br \/>\nEn <b>r\u00edkisstj\u00f3rn<\/b> \u00e4r det organ som styr en nation och best\u00e5r av statsministern och andra ministrar.<br \/>\n<font color=\"#2D3AC7\">N\u00fd r\u00edkisstj\u00f3rn var myndu\u00f0 eftir kosningarnar.<\/font><\/p>\n<p><b>Fj\u00e1rm\u00e1lar\u00e1\u00f0herra<\/b> &#8211; Finansminister<br \/>\n<b>Fj\u00e1rm\u00e1lar\u00e1\u00f0herra<\/b> \u00e4r den minister som ansvarar f\u00f6r nationens ekonomi och finanspolitik.<br \/>\n<font color=\"#2D3AC7\">Fj\u00e1rm\u00e1lar\u00e1\u00f0herra kynnti n\u00fdtt fj\u00e1rlagafrumvarp \u00ed dag.<\/font><\/p>\n<h3>Valprocesser<\/h3>\n<p><b>Kosningar<\/b> &#8211; Val<br \/>\nOrdet <b>kosningar<\/b> refererar till processen d\u00e4r medborgarna r\u00f6star f\u00f6r att v\u00e4lja sina representanter eller fatta beslut i specifika fr\u00e5gor.<br \/>\n<font color=\"#2D3AC7\">Kosningar fara fram \u00e1 fj\u00f6gurra \u00e1ra fresti \u00e1 \u00cdslandi.<\/font><\/p>\n<p><b>Kj\u00f3sandi<\/b> &#8211; V\u00e4ljare<br \/>\nEn <b>kj\u00f3sandi<\/b> \u00e4r en person som har r\u00e4tt att <a href=\"https:\/\/talkpal.ai\/locations\/language-courses-in-delta\/\">delta<\/a> i valet genom att r\u00f6sta.<br \/>\n<font color=\"#2D3AC7\">Hver kj\u00f3sandi hefur eitt atkv\u00e6\u00f0i.<\/font><\/p>\n<p><b>Atkv\u00e6\u00f0i<\/b> &#8211; R\u00f6st<br \/>\nEtt <b>atkv\u00e6\u00f0i<\/b> \u00e4r den handling att r\u00f6sta eller sj\u00e4lva r\u00f6stsedeln som anv\u00e4nds i en omr\u00f6stning.<br \/>\n<font color=\"#2D3AC7\">Hann f\u00e9kk flest atkv\u00e6\u00f0i \u00ed kosningunum.<\/font><\/p>\n<p><b>Kj\u00f6rsta\u00f0ur<\/b> &#8211; Vallokal<br \/>\nEn <b>kj\u00f6rsta\u00f0ur<\/b> \u00e4r den plats d\u00e4r v\u00e4ljare g\u00e5r f\u00f6r att avl\u00e4gga sina r\u00f6ster.<br \/>\n<font color=\"#2D3AC7\">Kj\u00f6rsta\u00f0ir opna klukkan \u00e1tta \u00e1 morgnana.<\/font><\/p>\n<p><b>Kj\u00f6rklefi<\/b> &#8211; Valb\u00e5s<br \/>\n<b>Kj\u00f6rklefi<\/b> \u00e4r en avskild plats i en vallokal d\u00e4r v\u00e4ljare kan avl\u00e4gga sina r\u00f6ster i hemlighet.<br \/>\n<font color=\"#2D3AC7\">Hann f\u00f3r \u00ed kj\u00f6rklefann til a\u00f0 merkja vi\u00f0 sinn frambj\u00f3\u00f0anda.<\/font><\/p>\n<h2>Partipolitik<\/h2>\n<p><b>Flokkur<\/b> &#8211; Parti<br \/>\nEtt <b>flokkur<\/b> \u00e4r en organiserad grupp som f\u00f6rs\u00f6ker f\u00e5 politisk makt genom att delta i val.<br \/>\n<font color=\"#2D3AC7\">Sj\u00e1lfst\u00e6\u00f0isflokkurinn er einn st\u00e6rsti flokkurinn \u00e1 \u00cdslandi.<\/font><\/p>\n<p><b>Frambj\u00f3\u00f0andi<\/b> &#8211; Kandidat<br \/>\nEn <b>frambj\u00f3\u00f0andi<\/b> \u00e4r en person som st\u00e4ller upp i ett val f\u00f6r att bli vald till en politisk position.<br \/>\n<font color=\"#2D3AC7\">H\u00fan er frambj\u00f3\u00f0andi fyrir Vinstri gr\u00e6na.<\/font><\/p>\n<p><b>Stj\u00f3rnarandsta\u00f0a<\/b> &#8211; Opposition<br \/>\n<b>Stj\u00f3rnarandsta\u00f0a<\/b> \u00e4r de politiska partier eller grupper som inte \u00e4r en del av den sittande regeringen och som ofta kritiserar och ifr\u00e5gas\u00e4tter dess politik.<br \/>\n<font color=\"#2D3AC7\">Stj\u00f3rnarandsta\u00f0an gagnr\u00fdndi n\u00fdju l\u00f6gin.<\/font><\/p>\n<p><b>\u00deingflokkur<\/b> &#8211; Partigrupp<br \/>\nEn <b>\u00feingflokkur<\/b> \u00e4r en grupp parlamentsledam\u00f6ter som tillh\u00f6r samma parti och samarbetar inom parlamentet.<br \/>\n<font color=\"#2D3AC7\">\u00deingflokkur Frams\u00f3knarflokksins funda\u00f0i \u00ed dag.<\/font><\/p>\n<p><b>Kosningabar\u00e1tta<\/b> &#8211; Valr\u00f6relse<br \/>\nEn <b>kosningabar\u00e1tta<\/b> \u00e4r den period och de aktiviteter som <a href=\"https:\/\/talkpal.ai\/talkpal-discount-for-graduate-students\/\">kandidater<\/a> och partier genomf\u00f6r f\u00f6r att \u00f6vertyga v\u00e4ljare att r\u00f6sta p\u00e5 dem.<br \/>\n<font color=\"#2D3AC7\">Kosningabar\u00e1ttan var mj\u00f6g h\u00f6r\u00f0 \u00ed \u00e1r.<\/font><\/p>\n<h3>Lagstiftning och beslut<\/h3>\n<p><b>Lagafrumvarp<\/b> &#8211; Lagf\u00f6rslag<br \/>\nEtt <b>lagafrumvarp<\/b> \u00e4r ett f\u00f6rslag till en <a href=\"https:\/\/talkpal.ai\/talkpal-new-years-discount\/\">ny<\/a> lag eller en \u00e4ndring av en befintlig lag som l\u00e4ggs fram f\u00f6r parlamentet.<br \/>\n<font color=\"#2D3AC7\">Lagafrumvarpi\u00f0 var sam\u00feykkt me\u00f0 miklum meirihluta.<\/font><\/p>\n<p><b>L\u00f6g<\/b> &#8211; Lagar<br \/>\nOrdet <b>l\u00f6g<\/b> refererar till de regler som stiftas av parlamentet och som alla medborgare m\u00e5ste f\u00f6lja.<br \/>\n<font color=\"#2D3AC7\">N\u00fd l\u00f6g um umhverfisvernd voru sam\u00feykkt \u00e1 Al\u00feingi.<\/font><\/p>\n<p><b>\u00deings\u00e1lyktun<\/b> &#8211; Parlamentsbeslut<br \/>\nEn <b>\u00feings\u00e1lyktun<\/b> \u00e4r ett formellt beslut som fattas av parlamentet, ofta utan att det blir en lag.<br \/>\n<font color=\"#2D3AC7\">\u00deings\u00e1lyktun um n\u00fdja menntastefnu var sam\u00feykkt \u00ed g\u00e6r.<\/font><\/p>\n<p><b>\u00deingkosningar<\/b> &#8211; Parlamentsval<br \/>\n<b>\u00deingkosningar<\/b> \u00e4r de val d\u00e4r medborgarna r\u00f6star f\u00f6r att v\u00e4lja medlemmar till parlamentet.<br \/>\n<font color=\"#2D3AC7\">\u00deingkosningar fara fram \u00e1 fj\u00f6gurra \u00e1ra fresti.<\/font><\/p>\n<p><b>\u00dej\u00f3\u00f0aratkv\u00e6\u00f0agrei\u00f0sla<\/b> &#8211; Folkomr\u00f6stning<br \/>\nEn <b>\u00fej\u00f3\u00f0aratkv\u00e6\u00f0agrei\u00f0sla<\/b> \u00e4r en omr\u00f6stning d\u00e4r hela befolkningen f\u00e5r r\u00f6sta om en specifik fr\u00e5ga.<br \/>\n<font color=\"#2D3AC7\">\u00dea\u00f0 var haldin \u00fej\u00f3\u00f0aratkv\u00e6\u00f0agrei\u00f0sla um n\u00fdju stj\u00f3rnarskr\u00e1na.<\/font><\/p>\n<h2>Internationella relationer<\/h2>\n<p><b>Sendiherra<\/b> &#8211; Ambassad\u00f6r<br \/>\nEn <b>sendiherra<\/b> \u00e4r en diplomatisk representant f\u00f6r ett land som arbetar i ett annat land.<br \/>\n<font color=\"#2D3AC7\">Sendiherra \u00cdslands \u00ed Bandar\u00edkjunum \u00e1tti fund me\u00f0 forsetanum.<\/font><\/p>\n<p><b>Stj\u00f3rnm\u00e1lasamband<\/b> &#8211; Diplomatiska relationer<br \/>\n<b>Stj\u00f3rnm\u00e1lasamband<\/b> refererar till de officiella relationerna mellan tv\u00e5 eller flera l\u00e4nder.<br \/>\n<font color=\"#2D3AC7\">\u00cdsland hefur stj\u00f3rnm\u00e1lasamband vi\u00f0 m\u00f6rg l\u00f6nd.<\/font><\/p>\n<p><b>S\u00e1ttm\u00e1li<\/b> &#8211; F\u00f6rdrag<br \/>\nEtt <b>s\u00e1ttm\u00e1li<\/b> \u00e4r ett formellt avtal mellan tv\u00e5 eller flera l\u00e4nder.<br \/>\n<font color=\"#2D3AC7\">N\u00fdi s\u00e1ttm\u00e1linn var undirrita\u00f0ur \u00ed g\u00e6r.<\/font><\/p>\n<p><b>Sameinu\u00f0u \u00fej\u00f3\u00f0irnar<\/b> &#8211; F\u00f6renta Nationerna (FN)<br \/>\n<b>Sameinu\u00f0u \u00fej\u00f3\u00f0irnar<\/b> \u00e4r en internationell <a href=\"https:\/\/talkpal.ai\/talkpal-discount-for-cultural-organization-members\/\">organisation<\/a> som arbetar f\u00f6r att fr\u00e4mja fred och s\u00e4kerhet i v\u00e4rlden.<br \/>\n<font color=\"#2D3AC7\">\u00cdsland er a\u00f0ili a\u00f0 Sameinu\u00f0u \u00fej\u00f3\u00f0unum s\u00ed\u00f0an 1946.<\/font><\/p>\n<p><b>Fj\u00f6l\u00fej\u00f3\u00f0legur<\/b> &#8211; Multinationell<br \/>\nOrdet <b>fj\u00f6l\u00fej\u00f3\u00f0legur<\/b> anv\u00e4nds f\u00f6r att beskriva n\u00e5got som involverar flera l\u00e4nder eller nationaliteter.<br \/>\n<font color=\"#2D3AC7\">Fj\u00f6l\u00fej\u00f3\u00f0legur fundur var haldinn \u00ed <a href=\"https:\/\/talkpal.ai\/locations\/language-courses-in-reykjavik\/\">Reykjav\u00edk<\/a>.<\/font><\/p>\n<h3>Ytterligare viktiga termer<\/h3>\n<p><b>L\u00fd\u00f0r\u00e6\u00f0i<\/b> &#8211; Demokrati<br \/>\n<b>L\u00fd\u00f0r\u00e6\u00f0i<\/b> \u00e4r en politisk system d\u00e4r makten utg\u00e5r fr\u00e5n folket, som f\u00e5r p\u00e5verka beslut genom val.<br \/>\n<font color=\"#2D3AC7\">\u00cdsland er l\u00fd\u00f0r\u00e6\u00f0isr\u00edki \u00fear sem allir hafa r\u00e9tt til a\u00f0 kj\u00f3sa.<\/font><\/p>\n<p><b>Efnahagsstefna<\/b> &#8211; Ekonomisk politik<br \/>\n<b>Efnahagsstefna<\/b> refererar till de \u00e5tg\u00e4rder som en regering tar f\u00f6r att p\u00e5verka landets ekonomi.<br \/>\n<font color=\"#2D3AC7\">N\u00fd efnahagsstefna var kynnt af fj\u00e1rm\u00e1lar\u00e1\u00f0herra.<\/font><\/p>\n<p><b>Mannr\u00e9ttindi<\/b> &#8211; M\u00e4nskliga r\u00e4ttigheter<br \/>\n<b>Mannr\u00e9ttindi<\/b> \u00e4r de grundl\u00e4ggande r\u00e4ttigheter och friheter som varje m\u00e4nniska har r\u00e4tt till.<br \/>\n<font color=\"#2D3AC7\">Mannr\u00e9ttindi eru verndu\u00f0 \u00ed stj\u00f3rnarskr\u00e1 \u00cdslands.<\/font><\/p>\n<p><b>R\u00edkisborgari<\/b> &#8211; Medborgare<br \/>\nEn <b>r\u00edkisborgari<\/b> \u00e4r en person som har laglig r\u00e4tt att bo i ett land och har vissa r\u00e4ttigheter och skyldigheter.<br \/>\n<font color=\"#2D3AC7\">Hann er \u00edslenskur r\u00edkisborgari.<\/font><\/p>\n<p><b>R\u00edkisstj\u00f3rnarskrifstofur<\/b> &#8211; Regeringskontor<br \/>\n<b>R\u00edkisstj\u00f3rnarskrifstofur<\/b> \u00e4r de kontor och avdelningar d\u00e4r regeringens arbete utf\u00f6rs.<br \/>\n<font color=\"#2D3AC7\">R\u00edkisstj\u00f3rnarskrifstofurnar eru sta\u00f0settar \u00ed mi\u00f0b\u00e6num.<\/font><\/p>\n<p>Genom att f\u00f6rst\u00e5 dessa termer och hur de anv\u00e4nds i isl\u00e4ndskt politiskt och elektoriskt sammanhang, kan du f\u00e5 en djupare insikt i hur det isl\u00e4ndska samh\u00e4llet fungerar. Att kunna anv\u00e4nda och f\u00f6rst\u00e5 detta ordf\u00f6rr\u00e5d hj\u00e4lper dig inte bara att delta i politiska diskussioner, utan ocks\u00e5 att b\u00e4ttre f\u00f6rst\u00e5 nyheter och andra media som rapporterar om politik och val. Forts\u00e4tt \u00f6va och utforska spr\u00e5ket f\u00f6r att f\u00f6rb\u00e4ttra din isl\u00e4ndska!<\/p>\n","protected":false},"featured_media":1528022,"template":"","vocabulary_language":[4188],"class_list":["post-717143","vocabulary","type-vocabulary","status-publish","has-post-thumbnail","hentry","vocabulary_language-islandska"],"acf":[],"yoast_head":"<!-- This site is optimized with the Yoast SEO Premium plugin v27.2 (Yoast SEO v27.2) - https:\/\/yoast.com\/product\/yoast-seo-premium-wordpress\/ -->\n<title>Politiskt och elektoriskt ordf\u00f6rr\u00e5d p\u00e5 isl\u00e4ndska - Talkpal<\/title>\n<meta name=\"description\" content=\"Att l\u00e4ra sig ett nytt spr\u00e5k kan vara en sp\u00e4nnande och givande upplevelse, s\u00e4rskilt n\u00e4r det g\u00e4ller att f\u00f6rst\u00e5 de mer komplexa aspekterna av ett samh\u00e4lle,\" \/>\n<meta name=\"robots\" content=\"index, follow, max-snippet:-1, max-image-preview:large, max-video-preview:-1\" \/>\n<link rel=\"canonical\" href=\"https:\/\/talkpal.ai\/sv\/vocabulary\/politiskt-och-elektoriskt-ordforrad-pa-islandska\/\" \/>\n<meta property=\"og:locale\" content=\"sv_SE\" \/>\n<meta property=\"og:type\" content=\"article\" \/>\n<meta property=\"og:title\" content=\"Politiskt och elektoriskt ordf\u00f6rr\u00e5d p\u00e5 isl\u00e4ndska\" \/>\n<meta property=\"og:description\" content=\"Att l\u00e4ra sig ett nytt spr\u00e5k kan vara en sp\u00e4nnande och givande upplevelse, s\u00e4rskilt n\u00e4r det g\u00e4ller att f\u00f6rst\u00e5 de mer komplexa aspekterna av ett samh\u00e4lle,\" \/>\n<meta property=\"og:url\" content=\"https:\/\/talkpal.ai\/sv\/vocabulary\/politiskt-och-elektoriskt-ordforrad-pa-islandska\/\" \/>\n<meta property=\"og:site_name\" content=\"Talkpal\" \/>\n<meta property=\"article:publisher\" content=\"https:\/\/www.facebook.com\/profile.php?id=100090733639311\" \/>\n<meta property=\"og:image\" content=\"https:\/\/talkpal.ai\/wp-content\/uploads\/2024\/10\/talkpal_flat_illustration_of_a_employees_working_together_happi_c674ff77-e477-4e09-835a-01d30e561e99.png\" \/>\n\t<meta property=\"og:image:width\" content=\"1024\" \/>\n\t<meta property=\"og:image:height\" content=\"1024\" \/>\n\t<meta property=\"og:image:type\" content=\"image\/png\" \/>\n<meta name=\"twitter:card\" content=\"summary_large_image\" \/>\n<meta name=\"twitter:site\" content=\"@talkpalai\" \/>\n<meta name=\"twitter:label1\" content=\"Ber\u00e4knad l\u00e4stid\" \/>\n\t<meta name=\"twitter:data1\" content=\"6 minuter\" \/>\n<script type=\"application\/ld+json\" class=\"yoast-schema-graph\">{\"@context\":\"https:\/\/schema.org\",\"@graph\":[{\"@type\":\"WebPage\",\"@id\":\"https:\/\/talkpal.ai\/sv\/vocabulary\/politiskt-och-elektoriskt-ordforrad-pa-islandska\/\",\"url\":\"https:\/\/talkpal.ai\/sv\/vocabulary\/politiskt-och-elektoriskt-ordforrad-pa-islandska\/\",\"name\":\"Politiskt och elektoriskt ordf\u00f6rr\u00e5d p\u00e5 isl\u00e4ndska - Talkpal\",\"isPartOf\":{\"@id\":\"https:\/\/talkpal.ai\/sv\/#website\"},\"primaryImageOfPage\":{\"@id\":\"https:\/\/talkpal.ai\/sv\/vocabulary\/politiskt-och-elektoriskt-ordforrad-pa-islandska\/#primaryimage\"},\"image\":{\"@id\":\"https:\/\/talkpal.ai\/sv\/vocabulary\/politiskt-och-elektoriskt-ordforrad-pa-islandska\/#primaryimage\"},\"thumbnailUrl\":\"https:\/\/talkpal.ai\/wp-content\/uploads\/2025\/12\/tablets-are-read-to-learn-languages.webp\",\"datePublished\":\"2024-06-08T19:09:11+00:00\",\"description\":\"Att l\u00e4ra sig ett nytt spr\u00e5k kan vara en sp\u00e4nnande och givande upplevelse, s\u00e4rskilt n\u00e4r det g\u00e4ller att f\u00f6rst\u00e5 de mer komplexa aspekterna av ett samh\u00e4lle,\",\"breadcrumb\":{\"@id\":\"https:\/\/talkpal.ai\/sv\/vocabulary\/politiskt-och-elektoriskt-ordforrad-pa-islandska\/#breadcrumb\"},\"inLanguage\":\"sv-SE\",\"potentialAction\":[{\"@type\":\"ReadAction\",\"target\":[\"https:\/\/talkpal.ai\/sv\/vocabulary\/politiskt-och-elektoriskt-ordforrad-pa-islandska\/\"]}]},{\"@type\":\"ImageObject\",\"inLanguage\":\"sv-SE\",\"@id\":\"https:\/\/talkpal.ai\/sv\/vocabulary\/politiskt-och-elektoriskt-ordforrad-pa-islandska\/#primaryimage\",\"url\":\"https:\/\/talkpal.ai\/wp-content\/uploads\/2025\/12\/tablets-are-read-to-learn-languages.webp\",\"contentUrl\":\"https:\/\/talkpal.ai\/wp-content\/uploads\/2025\/12\/tablets-are-read-to-learn-languages.webp\",\"width\":1200,\"height\":896,\"caption\":\"Students sit in a bright library with high ceilings while using tablets and books for learning languages.\"},{\"@type\":\"BreadcrumbList\",\"@id\":\"https:\/\/talkpal.ai\/sv\/vocabulary\/politiskt-och-elektoriskt-ordforrad-pa-islandska\/#breadcrumb\",\"itemListElement\":[{\"@type\":\"ListItem\",\"position\":1,\"name\":\"Homepage\",\"item\":\"https:\/\/talkpal.ai\/sv\/\"},{\"@type\":\"ListItem\",\"position\":2,\"name\":\"Politiskt och elektoriskt ordf\u00f6rr\u00e5d p\u00e5 isl\u00e4ndska\"}]},{\"@type\":\"WebSite\",\"@id\":\"https:\/\/talkpal.ai\/sv\/#website\",\"url\":\"https:\/\/talkpal.ai\/sv\/\",\"name\":\"Talkpal\",\"description\":\"AI Language Learning\",\"publisher\":{\"@id\":\"https:\/\/talkpal.ai\/sv\/#organization\"},\"alternateName\":\"Talkpal AI\",\"potentialAction\":[{\"@type\":\"SearchAction\",\"target\":{\"@type\":\"EntryPoint\",\"urlTemplate\":\"https:\/\/talkpal.ai\/sv\/?s={search_term_string}\"},\"query-input\":{\"@type\":\"PropertyValueSpecification\",\"valueRequired\":true,\"valueName\":\"search_term_string\"}}],\"inLanguage\":\"sv-SE\"},{\"@type\":\"Organization\",\"@id\":\"https:\/\/talkpal.ai\/sv\/#organization\",\"name\":\"Talkpal, Inc.\",\"alternateName\":\"Talkpal AI\",\"url\":\"https:\/\/talkpal.ai\/sv\/\",\"logo\":{\"@type\":\"ImageObject\",\"inLanguage\":\"sv-SE\",\"@id\":\"https:\/\/talkpal.ai\/sv\/#\/schema\/logo\/image\/\",\"url\":\"https:\/\/talkpal.ai\/wp-content\/uploads\/2024\/03\/Talkpal-Logo-Icon.png\",\"contentUrl\":\"https:\/\/talkpal.ai\/wp-content\/uploads\/2024\/03\/Talkpal-Logo-Icon.png\",\"width\":2880,\"height\":2880,\"caption\":\"Talkpal, Inc.\"},\"image\":{\"@id\":\"https:\/\/talkpal.ai\/sv\/#\/schema\/logo\/image\/\"},\"sameAs\":[\"https:\/\/www.facebook.com\/profile.php?id=100090733639311\",\"https:\/\/x.com\/talkpalai\",\"https:\/\/www.linkedin.com\/company\/talkpal\/\",\"https:\/\/www.youtube.com\/@TalkPal\/\",\"https:\/\/www.tiktok.com\/@talkpal\",\"https:\/\/www.instagram.com\/talkpal_ai\/\",\"https:\/\/www.crunchbase.com\/organization\/talkpal-9cde\",\"https:\/\/www.g2.com\/products\/talkpal-for-business\/\",\"https:\/\/www.trustpilot.com\/review\/talkpal.ai\",\"https:\/\/www.capterra.com\/p\/10006800\/TalkPal\/\"],\"description\":\"Talkpal is a language learning web and mobile education app, powered by the latest AI technologies, that provides engaging experiences to its customers in many different languages to help them improve their language skills. Users can chat about unlimited amount of topics with the app and use other modes to practice their language learning.\",\"email\":\"support@talkpal.ai\",\"legalName\":\"Talkpal, Inc.\",\"foundingDate\":\"2023-04-03\",\"duns\":\"118989042\",\"numberOfEmployees\":{\"@type\":\"QuantitativeValue\",\"minValue\":\"11\",\"maxValue\":\"50\"},\"publishingPrinciples\":\"https:\/\/talkpal.ai\/publishing-principles\/\",\"actionableFeedbackPolicy\":\"https:\/\/talkpal.ai\/actionable-feedback-policy\/\",\"correctionsPolicy\":\"https:\/\/talkpal.ai\/corrections-policy\/\",\"ethicsPolicy\":\"https:\/\/talkpal.ai\/ethics-policy\/\",\"diversityPolicy\":\"https:\/\/talkpal.ai\/diversity-policy\/\",\"diversityStaffingReport\":\"https:\/\/talkpal.ai\/diversity-policy\/\"}]}<\/script>\n<!-- \/ Yoast SEO Premium plugin. -->","yoast_head_json":{"title":"Politiskt och elektoriskt ordf\u00f6rr\u00e5d p\u00e5 isl\u00e4ndska - Talkpal","description":"Att l\u00e4ra sig ett nytt spr\u00e5k kan vara en sp\u00e4nnande och givande upplevelse, s\u00e4rskilt n\u00e4r det g\u00e4ller att f\u00f6rst\u00e5 de mer komplexa aspekterna av ett samh\u00e4lle,","robots":{"index":"index","follow":"follow","max-snippet":"max-snippet:-1","max-image-preview":"max-image-preview:large","max-video-preview":"max-video-preview:-1"},"canonical":"https:\/\/talkpal.ai\/sv\/vocabulary\/politiskt-och-elektoriskt-ordforrad-pa-islandska\/","og_locale":"sv_SE","og_type":"article","og_title":"Politiskt och elektoriskt ordf\u00f6rr\u00e5d p\u00e5 isl\u00e4ndska","og_description":"Att l\u00e4ra sig ett nytt spr\u00e5k kan vara en sp\u00e4nnande och givande upplevelse, s\u00e4rskilt n\u00e4r det g\u00e4ller att f\u00f6rst\u00e5 de mer komplexa aspekterna av ett samh\u00e4lle,","og_url":"https:\/\/talkpal.ai\/sv\/vocabulary\/politiskt-och-elektoriskt-ordforrad-pa-islandska\/","og_site_name":"Talkpal","article_publisher":"https:\/\/www.facebook.com\/profile.php?id=100090733639311","og_image":[{"width":1024,"height":1024,"url":"https:\/\/talkpal.ai\/wp-content\/uploads\/2024\/10\/talkpal_flat_illustration_of_a_employees_working_together_happi_c674ff77-e477-4e09-835a-01d30e561e99.png","type":"image\/png"}],"twitter_card":"summary_large_image","twitter_site":"@talkpalai","twitter_misc":{"Ber\u00e4knad l\u00e4stid":"6 minuter"},"schema":{"@context":"https:\/\/schema.org","@graph":[{"@type":"WebPage","@id":"https:\/\/talkpal.ai\/sv\/vocabulary\/politiskt-och-elektoriskt-ordforrad-pa-islandska\/","url":"https:\/\/talkpal.ai\/sv\/vocabulary\/politiskt-och-elektoriskt-ordforrad-pa-islandska\/","name":"Politiskt och elektoriskt ordf\u00f6rr\u00e5d p\u00e5 isl\u00e4ndska - Talkpal","isPartOf":{"@id":"https:\/\/talkpal.ai\/sv\/#website"},"primaryImageOfPage":{"@id":"https:\/\/talkpal.ai\/sv\/vocabulary\/politiskt-och-elektoriskt-ordforrad-pa-islandska\/#primaryimage"},"image":{"@id":"https:\/\/talkpal.ai\/sv\/vocabulary\/politiskt-och-elektoriskt-ordforrad-pa-islandska\/#primaryimage"},"thumbnailUrl":"https:\/\/talkpal.ai\/wp-content\/uploads\/2025\/12\/tablets-are-read-to-learn-languages.webp","datePublished":"2024-06-08T19:09:11+00:00","description":"Att l\u00e4ra sig ett nytt spr\u00e5k kan vara en sp\u00e4nnande och givande upplevelse, s\u00e4rskilt n\u00e4r det g\u00e4ller att f\u00f6rst\u00e5 de mer komplexa aspekterna av ett samh\u00e4lle,","breadcrumb":{"@id":"https:\/\/talkpal.ai\/sv\/vocabulary\/politiskt-och-elektoriskt-ordforrad-pa-islandska\/#breadcrumb"},"inLanguage":"sv-SE","potentialAction":[{"@type":"ReadAction","target":["https:\/\/talkpal.ai\/sv\/vocabulary\/politiskt-och-elektoriskt-ordforrad-pa-islandska\/"]}]},{"@type":"ImageObject","inLanguage":"sv-SE","@id":"https:\/\/talkpal.ai\/sv\/vocabulary\/politiskt-och-elektoriskt-ordforrad-pa-islandska\/#primaryimage","url":"https:\/\/talkpal.ai\/wp-content\/uploads\/2025\/12\/tablets-are-read-to-learn-languages.webp","contentUrl":"https:\/\/talkpal.ai\/wp-content\/uploads\/2025\/12\/tablets-are-read-to-learn-languages.webp","width":1200,"height":896,"caption":"Students sit in a bright library with high ceilings while using tablets and books for learning languages."},{"@type":"BreadcrumbList","@id":"https:\/\/talkpal.ai\/sv\/vocabulary\/politiskt-och-elektoriskt-ordforrad-pa-islandska\/#breadcrumb","itemListElement":[{"@type":"ListItem","position":1,"name":"Homepage","item":"https:\/\/talkpal.ai\/sv\/"},{"@type":"ListItem","position":2,"name":"Politiskt och elektoriskt ordf\u00f6rr\u00e5d p\u00e5 isl\u00e4ndska"}]},{"@type":"WebSite","@id":"https:\/\/talkpal.ai\/sv\/#website","url":"https:\/\/talkpal.ai\/sv\/","name":"Talkpal","description":"AI Language Learning","publisher":{"@id":"https:\/\/talkpal.ai\/sv\/#organization"},"alternateName":"Talkpal AI","potentialAction":[{"@type":"SearchAction","target":{"@type":"EntryPoint","urlTemplate":"https:\/\/talkpal.ai\/sv\/?s={search_term_string}"},"query-input":{"@type":"PropertyValueSpecification","valueRequired":true,"valueName":"search_term_string"}}],"inLanguage":"sv-SE"},{"@type":"Organization","@id":"https:\/\/talkpal.ai\/sv\/#organization","name":"Talkpal, Inc.","alternateName":"Talkpal AI","url":"https:\/\/talkpal.ai\/sv\/","logo":{"@type":"ImageObject","inLanguage":"sv-SE","@id":"https:\/\/talkpal.ai\/sv\/#\/schema\/logo\/image\/","url":"https:\/\/talkpal.ai\/wp-content\/uploads\/2024\/03\/Talkpal-Logo-Icon.png","contentUrl":"https:\/\/talkpal.ai\/wp-content\/uploads\/2024\/03\/Talkpal-Logo-Icon.png","width":2880,"height":2880,"caption":"Talkpal, Inc."},"image":{"@id":"https:\/\/talkpal.ai\/sv\/#\/schema\/logo\/image\/"},"sameAs":["https:\/\/www.facebook.com\/profile.php?id=100090733639311","https:\/\/x.com\/talkpalai","https:\/\/www.linkedin.com\/company\/talkpal\/","https:\/\/www.youtube.com\/@TalkPal\/","https:\/\/www.tiktok.com\/@talkpal","https:\/\/www.instagram.com\/talkpal_ai\/","https:\/\/www.crunchbase.com\/organization\/talkpal-9cde","https:\/\/www.g2.com\/products\/talkpal-for-business\/","https:\/\/www.trustpilot.com\/review\/talkpal.ai","https:\/\/www.capterra.com\/p\/10006800\/TalkPal\/"],"description":"Talkpal is a language learning web and mobile education app, powered by the latest AI technologies, that provides engaging experiences to its customers in many different languages to help them improve their language skills. Users can chat about unlimited amount of topics with the app and use other modes to practice their language learning.","email":"support@talkpal.ai","legalName":"Talkpal, Inc.","foundingDate":"2023-04-03","duns":"118989042","numberOfEmployees":{"@type":"QuantitativeValue","minValue":"11","maxValue":"50"},"publishingPrinciples":"https:\/\/talkpal.ai\/publishing-principles\/","actionableFeedbackPolicy":"https:\/\/talkpal.ai\/actionable-feedback-policy\/","correctionsPolicy":"https:\/\/talkpal.ai\/corrections-policy\/","ethicsPolicy":"https:\/\/talkpal.ai\/ethics-policy\/","diversityPolicy":"https:\/\/talkpal.ai\/diversity-policy\/","diversityStaffingReport":"https:\/\/talkpal.ai\/diversity-policy\/"}]}},"_links":{"self":[{"href":"https:\/\/talkpal.ai\/sv\/wp-json\/wp\/v2\/vocabulary\/717143","targetHints":{"allow":["GET"]}}],"collection":[{"href":"https:\/\/talkpal.ai\/sv\/wp-json\/wp\/v2\/vocabulary"}],"about":[{"href":"https:\/\/talkpal.ai\/sv\/wp-json\/wp\/v2\/types\/vocabulary"}],"wp:featuredmedia":[{"embeddable":true,"href":"https:\/\/talkpal.ai\/sv\/wp-json\/wp\/v2\/media\/1528022"}],"wp:attachment":[{"href":"https:\/\/talkpal.ai\/sv\/wp-json\/wp\/v2\/media?parent=717143"}],"wp:term":[{"taxonomy":"vocabulary_language","embeddable":true,"href":"https:\/\/talkpal.ai\/sv\/wp-json\/wp\/v2\/vocabulary_language?post=717143"}],"curies":[{"name":"wp","href":"https:\/\/api.w.org\/{rel}","templated":true}]}}