{"id":717088,"date":"2024-06-08T19:04:47","date_gmt":"2024-06-08T19:04:47","guid":{"rendered":"https:\/\/talkpal.ai\/vocabulary\/tid-och-datum-relaterade-ord-pa-ungerska\/"},"modified":"2024-06-08T19:04:47","modified_gmt":"2024-06-08T19:04:47","slug":"tid-och-datum-relaterade-ord-pa-ungerska","status":"publish","type":"vocabulary","link":"https:\/\/talkpal.ai\/sv\/vocabulary\/tid-och-datum-relaterade-ord-pa-ungerska\/","title":{"rendered":"Tid och datum relaterade ord p\u00e5 ungerska"},"content":{"rendered":"<p>Att l\u00e4ra sig ett nytt spr\u00e5k inneb\u00e4r att f\u00f6rst\u00e5 och kunna anv\u00e4nda de mest grundl\u00e4ggande delarna av det spr\u00e5ket. En av dessa grundl\u00e4ggande delar \u00e4r ord och fraser relaterade till tid och datum. I <a href=\"https:\/\/talkpal.ai\/culture\/how-do-i-use-den-har-and-det-har\/\">den h\u00e4r<\/a> artikeln kommer vi att dyka djupt in i <a href=\"https:\/\/talkpal.ai\/learn-hungarian\/\">ungerska<\/a> ord och uttryck som anv\u00e4nds f\u00f6r att <a href=\"https:\/\/talkpal.ai\/locations\/language-courses-in-tala\/\">tala<\/a> om tid och datum.<\/p>\n<h2>Grundl\u00e4ggande tidsenheter<\/h2>\n<p><b>\u00d3ra<\/b> &#8211; Betyder &#8221;timme&#8221; p\u00e5 <a href=\"https:\/\/talkpal.ai\/learn-swedish\/\">svenska<\/a>. Anv\u00e4nds f\u00f6r att tala om specifika timmar p\u00e5 dagen.<\/p>\n<p><font color=\"#2D3AC7\">Mennyi az id\u0151? Most k\u00e9t \u00f3ra <a href=\"https:\/\/talkpal.ai\/locations\/language-courses-in-van\/\">van<\/a>.<\/font><\/p>\n<p><b>Perc<\/b> &#8211; Betyder &#8221;minut&#8221; p\u00e5 svenska. Anv\u00e4nds f\u00f6r att specificera minuter.<\/p>\n<p><font color=\"#2D3AC7\">V\u00e1rj egy percet, mindj\u00e1rt j\u00f6v\u00f6k.<\/font><\/p>\n<p><b>M\u00e1sodperc<\/b> &#8211; Betyder &#8221;sekund&#8221; p\u00e5 svenska. Anv\u00e4nds f\u00f6r att specificera sekunder.<\/p>\n<p><font color=\"#2D3AC7\">T\u00edz m\u00e1sodperc m\u00falva kezd\u0151dik a film.<\/font><\/p>\n<h2>Veckodagar<\/h2>\n<p><b>H\u00e9tf\u0151<\/b> &#8211; Betyder &#8221;m\u00e5ndag&#8221; p\u00e5 svenska. Den f\u00f6rsta dagen i veckan enligt ungersk kalender.<\/p>\n<p><font color=\"#2D3AC7\">H\u00e9tf\u0151n van az els\u0151 \u00f3r\u00e1m az egyetemen.<\/font><\/p>\n<p><b>Kedd<\/b> &#8211; Betyder &#8221;tisdag&#8221; p\u00e5 svenska. Den andra dagen i veckan.<\/p>\n<p><font color=\"#2D3AC7\">Kedden tal\u00e1lkozunk a k\u00e1v\u00e9z\u00f3ban.<\/font><\/p>\n<p><b>Szerda<\/b> &#8211; Betyder &#8221;onsdag&#8221; p\u00e5 svenska. Den tredje dagen i veckan.<\/p>\n<p><font color=\"#2D3AC7\">Szerd\u00e1n megy\u00fcnk moziba.<\/font><\/p>\n<p><b>Cs\u00fct\u00f6rt\u00f6k<\/b> &#8211; Betyder &#8221;torsdag&#8221; p\u00e5 svenska. Den fj\u00e4rde dagen i veckan.<\/p>\n<p><font color=\"#2D3AC7\">Cs\u00fct\u00f6rt\u00f6k\u00f6n van a sz\u00fclet\u00e9snapom.<\/font><\/p>\n<p><b>P\u00e9ntek<\/b> &#8211; Betyder &#8221;fredag&#8221; p\u00e5 svenska. Den femte dagen i veckan.<\/p>\n<p><font color=\"#2D3AC7\">P\u00e9nteken bulizunk a bar\u00e1tokkal.<\/font><\/p>\n<p><b>Szombat<\/b> &#8211; Betyder &#8221;l\u00f6rdag&#8221; p\u00e5 svenska. Den sj\u00e4tte dagen i veckan.<\/p>\n<p><font color=\"#2D3AC7\">Szombaton kir\u00e1ndulni megy\u00fcnk.<\/font><\/p>\n<p><b>Vas\u00e1rnap<\/b> &#8211; Betyder &#8221;s\u00f6ndag&#8221; p\u00e5 svenska. Den sjunde dagen i veckan.<\/p>\n<p><font color=\"#2D3AC7\">Vas\u00e1rnap pihen\u00fcnk otthon.<\/font><\/p>\n<h2>M\u00e5nader<\/h2>\n<p><b>Janu\u00e1r<\/b> &#8211; Betyder &#8221;januari&#8221; p\u00e5 svenska. \u00c5rets f\u00f6rsta m\u00e5nad.<\/p>\n<p><font color=\"#2D3AC7\">Janu\u00e1rban kezd\u0151dik az <a href=\"https:\/\/talkpal.ai\/talkpal-new-years-discount\/\">\u00faj \u00e9v<\/a>.<\/font><\/p>\n<p><b>Febru\u00e1r<\/b> &#8211; Betyder &#8221;februari&#8221; p\u00e5 svenska. \u00c5rets andra m\u00e5nad.<\/p>\n<p><font color=\"#2D3AC7\">Febru\u00e1rban van <a href=\"https:\/\/talkpal.ai\/talkpal-valentines-day-discount\/\">Valentin-nap<\/a>.<\/font><\/p>\n<p><b>M\u00e1rcius<\/b> &#8211; Betyder &#8221;mars&#8221; p\u00e5 svenska. \u00c5rets tredje m\u00e5nad.<\/p>\n<p><font color=\"#2D3AC7\">M\u00e1rciusban m\u00e1r kezd\u0151dik a tavasz.<\/font><\/p>\n<p><b>\u00c1prilis<\/b> &#8211; Betyder &#8221;april&#8221; p\u00e5 svenska. \u00c5rets fj\u00e4rde m\u00e5nad.<\/p>\n<p><font color=\"#2D3AC7\">\u00c1prilisban van a bolondok napja.<\/font><\/p>\n<p><b>M\u00e1jus<\/b> &#8211; Betyder &#8221;maj&#8221; p\u00e5 svenska. \u00c5rets femte m\u00e5nad.<\/p>\n<p><font color=\"#2D3AC7\">M\u00e1jusban sok vir\u00e1g ny\u00edlik.<\/font><\/p>\n<p><b>J\u00fanius<\/b> &#8211; Betyder &#8221;juni&#8221; p\u00e5 svenska. \u00c5rets sj\u00e4tte m\u00e5nad.<\/p>\n<p><font color=\"#2D3AC7\">J\u00faniusban kezd\u0151dik a ny\u00e1ri sz\u00fcnet.<\/font><\/p>\n<p><b>J\u00falius<\/b> &#8211; Betyder &#8221;juli&#8221; p\u00e5 svenska. \u00c5rets sjunde m\u00e5nad.<\/p>\n<p><font color=\"#2D3AC7\">J\u00faliusban megy\u00fcnk nyaralni.<\/font><\/p>\n<p><b>Augusztus<\/b> &#8211; Betyder &#8221;augusti&#8221; p\u00e5 svenska. \u00c5rets \u00e5ttonde m\u00e5nad.<\/p>\n<p><font color=\"#2D3AC7\">Augusztusban van a legmelegebb id\u0151.<\/font><\/p>\n<p><b>Szeptember<\/b> &#8211; Betyder &#8221;september&#8221; p\u00e5 svenska. \u00c5rets nionde m\u00e5nad.<\/p>\n<p><font color=\"#2D3AC7\">Szeptemberben kezd\u0151dik az iskola.<\/font><\/p>\n<p><b>Okt\u00f3ber<\/b> &#8211; Betyder &#8221;oktober&#8221; p\u00e5 svenska. \u00c5rets tionde m\u00e5nad.<\/p>\n<p><font color=\"#2D3AC7\">Okt\u00f3berben van a Halloween.<\/font><\/p>\n<p><b>November<\/b> &#8211; Betyder &#8221;november&#8221; p\u00e5 svenska. \u00c5rets elfte m\u00e5nad.<\/p>\n<p><font color=\"#2D3AC7\">Novemberben m\u00e1r hideg van.<\/font><\/p>\n<p><b>December<\/b> &#8211; Betyder &#8221;december&#8221; p\u00e5 svenska. \u00c5rets tolfte m\u00e5nad.<\/p>\n<p><font color=\"#2D3AC7\">Decemberben van kar\u00e1csony.<\/font><\/p>\n<h2>\u00c5rstider<\/h2>\n<p><b>Tavasz<\/b> &#8211; Betyder &#8221;v\u00e5r&#8221; p\u00e5 svenska. En av de fyra \u00e5rstiderna.<\/p>\n<p><font color=\"#2D3AC7\">Tavasszal sok vir\u00e1g ny\u00edlik.<\/font><\/p>\n<p><b>Ny\u00e1r<\/b> &#8211; Betyder &#8221;sommar&#8221; p\u00e5 svenska. En av de fyra \u00e5rstiderna.<\/p>\n<p><font color=\"#2D3AC7\">Ny\u00e1ron megy\u00fcnk a tengerpartra.<\/font><\/p>\n<p><b>\u0150sz<\/b> &#8211; Betyder &#8221;h\u00f6st&#8221; p\u00e5 svenska. En av de fyra \u00e5rstiderna.<\/p>\n<p><font color=\"#2D3AC7\">\u0150sszel hullanak a levelek.<\/font><\/p>\n<p><b>T\u00e9l<\/b> &#8211; Betyder &#8221;vinter&#8221; p\u00e5 svenska. En av de fyra \u00e5rstiderna.<\/p>\n<p><font color=\"#2D3AC7\">T\u00e9len esik a h\u00f3.<\/font><\/p>\n<h2>Specifika datum och tidpunkter<\/h2>\n<p><b>D\u00e1tum<\/b> &#8211; Betyder &#8221;datum&#8221; p\u00e5 svenska. Anv\u00e4nds f\u00f6r att specificera ett specifikt datum.<\/p>\n<p><font color=\"#2D3AC7\">Mi a mai d\u00e1tum? Ma m\u00e1rcius 15-e van.<\/font><\/p>\n<p><b>Napt\u00e1r<\/b> &#8211; Betyder &#8221;kalender&#8221; p\u00e5 svenska. Ett system f\u00f6r att h\u00e5lla reda p\u00e5 dagar och datum.<\/p>\n<p><font color=\"#2D3AC7\">A napt\u00e1rban be van jel\u00f6lve az \u00fcnnepnap.<\/font><\/p>\n<p><b>\u00c9v<\/b> &#8211; Betyder &#8221;\u00e5r&#8221; p\u00e5 svenska. En period p\u00e5 12 m\u00e5nader.<\/p>\n<p><font color=\"#2D3AC7\">Egy \u00e9v 365 napb\u00f3l \u00e1ll.<\/font><\/p>\n<p><b>H\u00f3nap<\/b> &#8211; Betyder &#8221;m\u00e5nad&#8221; p\u00e5 svenska. En period p\u00e5 ungef\u00e4r 30 dagar.<\/p>\n<p><font color=\"#2D3AC7\">Egy h\u00f3napban n\u00e9gy h\u00e9t van.<\/font><\/p>\n<p><b>Nap<\/b> &#8211; Betyder &#8221;dag&#8221; p\u00e5 svenska. En period p\u00e5 24 timmar.<\/p>\n<p><font color=\"#2D3AC7\">Egy nap 24 \u00f3r\u00e1b\u00f3l \u00e1ll.<\/font><\/p>\n<p><b>H\u00e9t<\/b> &#8211; Betyder &#8221;vecka&#8221; p\u00e5 svenska. En period p\u00e5 7 dagar.<\/p>\n<p><font color=\"#2D3AC7\">Egy h\u00e9t h\u00e9t napb\u00f3l \u00e1ll.<\/font><\/p>\n<p><b>H\u00e9tv\u00e9ge<\/b> &#8211; Betyder &#8221;helg&#8221; p\u00e5 svenska. Best\u00e5r av l\u00f6rdag och s\u00f6ndag.<\/p>\n<p><font color=\"#2D3AC7\">A h\u00e9tv\u00e9g\u00e9n pihen\u00fcnk.<\/font><\/p>\n<p><b>\u00c9vszak<\/b> &#8211; Betyder &#8221;\u00e5rstid&#8221; p\u00e5 svenska. En av de fyra perioderna p\u00e5 \u00e5ret: v\u00e5r, sommar, h\u00f6st, vinter.<\/p>\n<p><font color=\"#2D3AC7\">N\u00e9gy \u00e9vszak van egy \u00e9vben.<\/font><\/p>\n<h2>Vanliga fraser och uttryck<\/h2>\n<p><b>Mikor?<\/b> &#8211; Betyder &#8221;n\u00e4r?&#8221; p\u00e5 svenska. Fr\u00e5ga om tidpunkt.<\/p>\n<p><font color=\"#2D3AC7\">Mikor kezd\u0151dik a film?<\/font><\/p>\n<p><b>H\u00e1ny \u00f3ra van?<\/b> &#8211; Betyder &#8221;Vad \u00e4r klockan?&#8221; p\u00e5 svenska. Fr\u00e5ga om aktuell tid.<\/p>\n<p><font color=\"#2D3AC7\">H\u00e1ny \u00f3ra van? Most h\u00e1rom \u00f3ra.<\/font><\/p>\n<p><b>H\u00e1nyadik\u00e1n?<\/b> &#8211; Betyder &#8221;Vilken dag?&#8221; p\u00e5 svenska. Fr\u00e5ga om specifikt datum.<\/p>\n<p><font color=\"#2D3AC7\">H\u00e1nyadik\u00e1n van a sz\u00fclet\u00e9snapod?<\/font><\/p>\n<p><b>Reggel<\/b> &#8211; Betyder &#8221;morgon&#8221; p\u00e5 svenska. Tidigt p\u00e5 dagen.<\/p>\n<p><font color=\"#2D3AC7\">Reggel hatkor kelek fel.<\/font><\/p>\n<p><b>D\u00e9l<\/b> &#8211; Betyder &#8221;middag&#8221; p\u00e5 svenska. Mitt p\u00e5 dagen.<\/p>\n<p><font color=\"#2D3AC7\">D\u00e9lben eb\u00e9del\u00fcnk.<\/font><\/p>\n<p><b>D\u00e9lut\u00e1n<\/b> &#8211; Betyder &#8221;eftermiddag&#8221; p\u00e5 svenska. Tiden efter middag.<\/p>\n<p><font color=\"#2D3AC7\">D\u00e9lut\u00e1n tal\u00e1lkozunk a parkban.<\/font><\/p>\n<p><b>Este<\/b> &#8211; Betyder &#8221;kv\u00e4ll&#8221; p\u00e5 svenska. Tiden efter eftermiddag.<\/p>\n<p><font color=\"#2D3AC7\">Este megy\u00fcnk sz\u00ednh\u00e1zba.<\/font><\/p>\n<p><b>\u00c9jszaka<\/b> &#8211; Betyder &#8221;natt&#8221; p\u00e5 svenska. Tiden n\u00e4r det \u00e4r m\u00f6rkt ute.<\/p>\n<p><font color=\"#2D3AC7\">\u00c9jszaka alszunk.<\/font><\/p>\n<p><b>Ma<\/b> &#8211; Betyder &#8221;idag&#8221; p\u00e5 svenska. Den aktuella dagen.<\/p>\n<p><font color=\"#2D3AC7\">Ma van a sz\u00fclet\u00e9snapom.<\/font><\/p>\n<p><b>Holnap<\/b> &#8211; Betyder &#8221;imorgon&#8221; p\u00e5 svenska. Dagen efter idag.<\/p>\n<p><font color=\"#2D3AC7\">Holnap tal\u00e1lkozunk.<\/font><\/p>\n<p><b>Tegnap<\/b> &#8211; Betyder &#8221;ig\u00e5r&#8221; p\u00e5 svenska. Dagen innan idag.<\/p>\n<p><font color=\"#2D3AC7\">Tegnap moziban voltunk.<\/font><\/p>\n<p>Att f\u00f6rst\u00e5 och kunna anv\u00e4nda dessa ungerska ord och fraser relaterade till tid och datum kommer att g\u00f6ra din resa att l\u00e4ra dig ungerska mycket enklare och mer effektiv. Genom att \u00f6va dessa ord och uttryck dagligen kommer du snabbt att bli bekv\u00e4m med att tala om tid och datum p\u00e5 ungerska. Lycka till!<\/p>\n","protected":false},"featured_media":1527870,"template":"","vocabulary_language":[4187],"class_list":["post-717088","vocabulary","type-vocabulary","status-publish","has-post-thumbnail","hentry","vocabulary_language-ungerska"],"acf":[],"yoast_head":"<!-- This site is optimized with the Yoast SEO Premium plugin v27.2 (Yoast SEO v27.2) - https:\/\/yoast.com\/product\/yoast-seo-premium-wordpress\/ -->\n<title>Tid och datum relaterade ord p\u00e5 ungerska - Talkpal<\/title>\n<meta name=\"description\" content=\"Att l\u00e4ra sig ett nytt spr\u00e5k inneb\u00e4r att f\u00f6rst\u00e5 och kunna anv\u00e4nda de mest grundl\u00e4ggande delarna av det spr\u00e5ket. En av dessa grundl\u00e4ggande delar \u00e4r ord och\" \/>\n<meta name=\"robots\" content=\"index, follow, max-snippet:-1, max-image-preview:large, max-video-preview:-1\" \/>\n<link rel=\"canonical\" href=\"https:\/\/talkpal.ai\/sv\/vocabulary\/tid-och-datum-relaterade-ord-pa-ungerska\/\" \/>\n<meta property=\"og:locale\" content=\"sv_SE\" \/>\n<meta property=\"og:type\" content=\"article\" \/>\n<meta property=\"og:title\" content=\"Tid och datum relaterade ord p\u00e5 ungerska\" \/>\n<meta property=\"og:description\" content=\"Att l\u00e4ra sig ett nytt spr\u00e5k inneb\u00e4r att f\u00f6rst\u00e5 och kunna anv\u00e4nda de mest grundl\u00e4ggande delarna av det spr\u00e5ket. En av dessa grundl\u00e4ggande delar \u00e4r ord och\" \/>\n<meta property=\"og:url\" content=\"https:\/\/talkpal.ai\/sv\/vocabulary\/tid-och-datum-relaterade-ord-pa-ungerska\/\" \/>\n<meta property=\"og:site_name\" content=\"Talkpal\" \/>\n<meta property=\"article:publisher\" content=\"https:\/\/www.facebook.com\/profile.php?id=100090733639311\" \/>\n<meta property=\"og:image\" content=\"https:\/\/talkpal.ai\/wp-content\/uploads\/2024\/10\/talkpal_flat_illustration_of_a_employees_working_together_happi_c674ff77-e477-4e09-835a-01d30e561e99.png\" \/>\n\t<meta property=\"og:image:width\" content=\"1024\" \/>\n\t<meta property=\"og:image:height\" content=\"1024\" \/>\n\t<meta property=\"og:image:type\" content=\"image\/png\" \/>\n<meta name=\"twitter:card\" content=\"summary_large_image\" \/>\n<meta name=\"twitter:site\" content=\"@talkpalai\" \/>\n<meta name=\"twitter:label1\" content=\"Ber\u00e4knad l\u00e4stid\" \/>\n\t<meta name=\"twitter:data1\" content=\"5 minuter\" \/>\n<script type=\"application\/ld+json\" class=\"yoast-schema-graph\">{\"@context\":\"https:\/\/schema.org\",\"@graph\":[{\"@type\":\"WebPage\",\"@id\":\"https:\/\/talkpal.ai\/sv\/vocabulary\/tid-och-datum-relaterade-ord-pa-ungerska\/\",\"url\":\"https:\/\/talkpal.ai\/sv\/vocabulary\/tid-och-datum-relaterade-ord-pa-ungerska\/\",\"name\":\"Tid och datum relaterade ord p\u00e5 ungerska - Talkpal\",\"isPartOf\":{\"@id\":\"https:\/\/talkpal.ai\/sv\/#website\"},\"primaryImageOfPage\":{\"@id\":\"https:\/\/talkpal.ai\/sv\/vocabulary\/tid-och-datum-relaterade-ord-pa-ungerska\/#primaryimage\"},\"image\":{\"@id\":\"https:\/\/talkpal.ai\/sv\/vocabulary\/tid-och-datum-relaterade-ord-pa-ungerska\/#primaryimage\"},\"thumbnailUrl\":\"https:\/\/talkpal.ai\/wp-content\/uploads\/2025\/12\/person-wearing-headphones-learning-languages.webp\",\"datePublished\":\"2024-06-08T19:04:47+00:00\",\"description\":\"Att l\u00e4ra sig ett nytt spr\u00e5k inneb\u00e4r att f\u00f6rst\u00e5 och kunna anv\u00e4nda de mest grundl\u00e4ggande delarna av det spr\u00e5ket. En av dessa grundl\u00e4ggande delar \u00e4r ord och\",\"breadcrumb\":{\"@id\":\"https:\/\/talkpal.ai\/sv\/vocabulary\/tid-och-datum-relaterade-ord-pa-ungerska\/#breadcrumb\"},\"inLanguage\":\"sv-SE\",\"potentialAction\":[{\"@type\":\"ReadAction\",\"target\":[\"https:\/\/talkpal.ai\/sv\/vocabulary\/tid-och-datum-relaterade-ord-pa-ungerska\/\"]}]},{\"@type\":\"ImageObject\",\"inLanguage\":\"sv-SE\",\"@id\":\"https:\/\/talkpal.ai\/sv\/vocabulary\/tid-och-datum-relaterade-ord-pa-ungerska\/#primaryimage\",\"url\":\"https:\/\/talkpal.ai\/wp-content\/uploads\/2025\/12\/person-wearing-headphones-learning-languages.webp\",\"contentUrl\":\"https:\/\/talkpal.ai\/wp-content\/uploads\/2025\/12\/person-wearing-headphones-learning-languages.webp\",\"width\":1200,\"height\":896,\"caption\":\"A young person wearing headphones writes in a notebook at a desk while learning languages in a bright hall.\"},{\"@type\":\"BreadcrumbList\",\"@id\":\"https:\/\/talkpal.ai\/sv\/vocabulary\/tid-och-datum-relaterade-ord-pa-ungerska\/#breadcrumb\",\"itemListElement\":[{\"@type\":\"ListItem\",\"position\":1,\"name\":\"Homepage\",\"item\":\"https:\/\/talkpal.ai\/sv\/\"},{\"@type\":\"ListItem\",\"position\":2,\"name\":\"Tid och datum relaterade ord p\u00e5 ungerska\"}]},{\"@type\":\"WebSite\",\"@id\":\"https:\/\/talkpal.ai\/sv\/#website\",\"url\":\"https:\/\/talkpal.ai\/sv\/\",\"name\":\"Talkpal\",\"description\":\"AI Language Learning\",\"publisher\":{\"@id\":\"https:\/\/talkpal.ai\/sv\/#organization\"},\"alternateName\":\"Talkpal AI\",\"potentialAction\":[{\"@type\":\"SearchAction\",\"target\":{\"@type\":\"EntryPoint\",\"urlTemplate\":\"https:\/\/talkpal.ai\/sv\/?s={search_term_string}\"},\"query-input\":{\"@type\":\"PropertyValueSpecification\",\"valueRequired\":true,\"valueName\":\"search_term_string\"}}],\"inLanguage\":\"sv-SE\"},{\"@type\":\"Organization\",\"@id\":\"https:\/\/talkpal.ai\/sv\/#organization\",\"name\":\"Talkpal, Inc.\",\"alternateName\":\"Talkpal AI\",\"url\":\"https:\/\/talkpal.ai\/sv\/\",\"logo\":{\"@type\":\"ImageObject\",\"inLanguage\":\"sv-SE\",\"@id\":\"https:\/\/talkpal.ai\/sv\/#\/schema\/logo\/image\/\",\"url\":\"https:\/\/talkpal.ai\/wp-content\/uploads\/2024\/03\/Talkpal-Logo-Icon.png\",\"contentUrl\":\"https:\/\/talkpal.ai\/wp-content\/uploads\/2024\/03\/Talkpal-Logo-Icon.png\",\"width\":2880,\"height\":2880,\"caption\":\"Talkpal, Inc.\"},\"image\":{\"@id\":\"https:\/\/talkpal.ai\/sv\/#\/schema\/logo\/image\/\"},\"sameAs\":[\"https:\/\/www.facebook.com\/profile.php?id=100090733639311\",\"https:\/\/x.com\/talkpalai\",\"https:\/\/www.linkedin.com\/company\/talkpal\/\",\"https:\/\/www.youtube.com\/@TalkPal\/\",\"https:\/\/www.tiktok.com\/@talkpal\",\"https:\/\/www.instagram.com\/talkpal_ai\/\",\"https:\/\/www.crunchbase.com\/organization\/talkpal-9cde\",\"https:\/\/www.g2.com\/products\/talkpal-for-business\/\",\"https:\/\/www.trustpilot.com\/review\/talkpal.ai\",\"https:\/\/www.capterra.com\/p\/10006800\/TalkPal\/\"],\"description\":\"Talkpal is a language learning web and mobile education app, powered by the latest AI technologies, that provides engaging experiences to its customers in many different languages to help them improve their language skills. Users can chat about unlimited amount of topics with the app and use other modes to practice their language learning.\",\"email\":\"support@talkpal.ai\",\"legalName\":\"Talkpal, Inc.\",\"foundingDate\":\"2023-04-03\",\"duns\":\"118989042\",\"numberOfEmployees\":{\"@type\":\"QuantitativeValue\",\"minValue\":\"11\",\"maxValue\":\"50\"},\"publishingPrinciples\":\"https:\/\/talkpal.ai\/publishing-principles\/\",\"actionableFeedbackPolicy\":\"https:\/\/talkpal.ai\/actionable-feedback-policy\/\",\"correctionsPolicy\":\"https:\/\/talkpal.ai\/corrections-policy\/\",\"ethicsPolicy\":\"https:\/\/talkpal.ai\/ethics-policy\/\",\"diversityPolicy\":\"https:\/\/talkpal.ai\/diversity-policy\/\",\"diversityStaffingReport\":\"https:\/\/talkpal.ai\/diversity-policy\/\"}]}<\/script>\n<!-- \/ Yoast SEO Premium plugin. -->","yoast_head_json":{"title":"Tid och datum relaterade ord p\u00e5 ungerska - Talkpal","description":"Att l\u00e4ra sig ett nytt spr\u00e5k inneb\u00e4r att f\u00f6rst\u00e5 och kunna anv\u00e4nda de mest grundl\u00e4ggande delarna av det spr\u00e5ket. En av dessa grundl\u00e4ggande delar \u00e4r ord och","robots":{"index":"index","follow":"follow","max-snippet":"max-snippet:-1","max-image-preview":"max-image-preview:large","max-video-preview":"max-video-preview:-1"},"canonical":"https:\/\/talkpal.ai\/sv\/vocabulary\/tid-och-datum-relaterade-ord-pa-ungerska\/","og_locale":"sv_SE","og_type":"article","og_title":"Tid och datum relaterade ord p\u00e5 ungerska","og_description":"Att l\u00e4ra sig ett nytt spr\u00e5k inneb\u00e4r att f\u00f6rst\u00e5 och kunna anv\u00e4nda de mest grundl\u00e4ggande delarna av det spr\u00e5ket. En av dessa grundl\u00e4ggande delar \u00e4r ord och","og_url":"https:\/\/talkpal.ai\/sv\/vocabulary\/tid-och-datum-relaterade-ord-pa-ungerska\/","og_site_name":"Talkpal","article_publisher":"https:\/\/www.facebook.com\/profile.php?id=100090733639311","og_image":[{"width":1024,"height":1024,"url":"https:\/\/talkpal.ai\/wp-content\/uploads\/2024\/10\/talkpal_flat_illustration_of_a_employees_working_together_happi_c674ff77-e477-4e09-835a-01d30e561e99.png","type":"image\/png"}],"twitter_card":"summary_large_image","twitter_site":"@talkpalai","twitter_misc":{"Ber\u00e4knad l\u00e4stid":"5 minuter"},"schema":{"@context":"https:\/\/schema.org","@graph":[{"@type":"WebPage","@id":"https:\/\/talkpal.ai\/sv\/vocabulary\/tid-och-datum-relaterade-ord-pa-ungerska\/","url":"https:\/\/talkpal.ai\/sv\/vocabulary\/tid-och-datum-relaterade-ord-pa-ungerska\/","name":"Tid och datum relaterade ord p\u00e5 ungerska - Talkpal","isPartOf":{"@id":"https:\/\/talkpal.ai\/sv\/#website"},"primaryImageOfPage":{"@id":"https:\/\/talkpal.ai\/sv\/vocabulary\/tid-och-datum-relaterade-ord-pa-ungerska\/#primaryimage"},"image":{"@id":"https:\/\/talkpal.ai\/sv\/vocabulary\/tid-och-datum-relaterade-ord-pa-ungerska\/#primaryimage"},"thumbnailUrl":"https:\/\/talkpal.ai\/wp-content\/uploads\/2025\/12\/person-wearing-headphones-learning-languages.webp","datePublished":"2024-06-08T19:04:47+00:00","description":"Att l\u00e4ra sig ett nytt spr\u00e5k inneb\u00e4r att f\u00f6rst\u00e5 och kunna anv\u00e4nda de mest grundl\u00e4ggande delarna av det spr\u00e5ket. En av dessa grundl\u00e4ggande delar \u00e4r ord och","breadcrumb":{"@id":"https:\/\/talkpal.ai\/sv\/vocabulary\/tid-och-datum-relaterade-ord-pa-ungerska\/#breadcrumb"},"inLanguage":"sv-SE","potentialAction":[{"@type":"ReadAction","target":["https:\/\/talkpal.ai\/sv\/vocabulary\/tid-och-datum-relaterade-ord-pa-ungerska\/"]}]},{"@type":"ImageObject","inLanguage":"sv-SE","@id":"https:\/\/talkpal.ai\/sv\/vocabulary\/tid-och-datum-relaterade-ord-pa-ungerska\/#primaryimage","url":"https:\/\/talkpal.ai\/wp-content\/uploads\/2025\/12\/person-wearing-headphones-learning-languages.webp","contentUrl":"https:\/\/talkpal.ai\/wp-content\/uploads\/2025\/12\/person-wearing-headphones-learning-languages.webp","width":1200,"height":896,"caption":"A young person wearing headphones writes in a notebook at a desk while learning languages in a bright hall."},{"@type":"BreadcrumbList","@id":"https:\/\/talkpal.ai\/sv\/vocabulary\/tid-och-datum-relaterade-ord-pa-ungerska\/#breadcrumb","itemListElement":[{"@type":"ListItem","position":1,"name":"Homepage","item":"https:\/\/talkpal.ai\/sv\/"},{"@type":"ListItem","position":2,"name":"Tid och datum relaterade ord p\u00e5 ungerska"}]},{"@type":"WebSite","@id":"https:\/\/talkpal.ai\/sv\/#website","url":"https:\/\/talkpal.ai\/sv\/","name":"Talkpal","description":"AI Language Learning","publisher":{"@id":"https:\/\/talkpal.ai\/sv\/#organization"},"alternateName":"Talkpal AI","potentialAction":[{"@type":"SearchAction","target":{"@type":"EntryPoint","urlTemplate":"https:\/\/talkpal.ai\/sv\/?s={search_term_string}"},"query-input":{"@type":"PropertyValueSpecification","valueRequired":true,"valueName":"search_term_string"}}],"inLanguage":"sv-SE"},{"@type":"Organization","@id":"https:\/\/talkpal.ai\/sv\/#organization","name":"Talkpal, Inc.","alternateName":"Talkpal AI","url":"https:\/\/talkpal.ai\/sv\/","logo":{"@type":"ImageObject","inLanguage":"sv-SE","@id":"https:\/\/talkpal.ai\/sv\/#\/schema\/logo\/image\/","url":"https:\/\/talkpal.ai\/wp-content\/uploads\/2024\/03\/Talkpal-Logo-Icon.png","contentUrl":"https:\/\/talkpal.ai\/wp-content\/uploads\/2024\/03\/Talkpal-Logo-Icon.png","width":2880,"height":2880,"caption":"Talkpal, Inc."},"image":{"@id":"https:\/\/talkpal.ai\/sv\/#\/schema\/logo\/image\/"},"sameAs":["https:\/\/www.facebook.com\/profile.php?id=100090733639311","https:\/\/x.com\/talkpalai","https:\/\/www.linkedin.com\/company\/talkpal\/","https:\/\/www.youtube.com\/@TalkPal\/","https:\/\/www.tiktok.com\/@talkpal","https:\/\/www.instagram.com\/talkpal_ai\/","https:\/\/www.crunchbase.com\/organization\/talkpal-9cde","https:\/\/www.g2.com\/products\/talkpal-for-business\/","https:\/\/www.trustpilot.com\/review\/talkpal.ai","https:\/\/www.capterra.com\/p\/10006800\/TalkPal\/"],"description":"Talkpal is a language learning web and mobile education app, powered by the latest AI technologies, that provides engaging experiences to its customers in many different languages to help them improve their language skills. Users can chat about unlimited amount of topics with the app and use other modes to practice their language learning.","email":"support@talkpal.ai","legalName":"Talkpal, Inc.","foundingDate":"2023-04-03","duns":"118989042","numberOfEmployees":{"@type":"QuantitativeValue","minValue":"11","maxValue":"50"},"publishingPrinciples":"https:\/\/talkpal.ai\/publishing-principles\/","actionableFeedbackPolicy":"https:\/\/talkpal.ai\/actionable-feedback-policy\/","correctionsPolicy":"https:\/\/talkpal.ai\/corrections-policy\/","ethicsPolicy":"https:\/\/talkpal.ai\/ethics-policy\/","diversityPolicy":"https:\/\/talkpal.ai\/diversity-policy\/","diversityStaffingReport":"https:\/\/talkpal.ai\/diversity-policy\/"}]}},"_links":{"self":[{"href":"https:\/\/talkpal.ai\/sv\/wp-json\/wp\/v2\/vocabulary\/717088","targetHints":{"allow":["GET"]}}],"collection":[{"href":"https:\/\/talkpal.ai\/sv\/wp-json\/wp\/v2\/vocabulary"}],"about":[{"href":"https:\/\/talkpal.ai\/sv\/wp-json\/wp\/v2\/types\/vocabulary"}],"wp:featuredmedia":[{"embeddable":true,"href":"https:\/\/talkpal.ai\/sv\/wp-json\/wp\/v2\/media\/1527870"}],"wp:attachment":[{"href":"https:\/\/talkpal.ai\/sv\/wp-json\/wp\/v2\/media?parent=717088"}],"wp:term":[{"taxonomy":"vocabulary_language","embeddable":true,"href":"https:\/\/talkpal.ai\/sv\/wp-json\/wp\/v2\/vocabulary_language?post=717088"}],"curies":[{"name":"wp","href":"https:\/\/api.w.org\/{rel}","templated":true}]}}