{"id":717080,"date":"2024-06-08T19:04:05","date_gmt":"2024-06-08T19:04:05","guid":{"rendered":"https:\/\/talkpal.ai\/vocabulary\/forsta-ungerska-idiom\/"},"modified":"2024-06-08T19:04:05","modified_gmt":"2024-06-08T19:04:05","slug":"forsta-ungerska-idiom","status":"publish","type":"vocabulary","link":"https:\/\/talkpal.ai\/sv\/vocabulary\/forsta-ungerska-idiom\/","title":{"rendered":"F\u00f6rst\u00e5 ungerska idiom"},"content":{"rendered":"<p>Att l\u00e4ra sig ett nytt spr\u00e5k inneb\u00e4r ofta att st\u00f6ta p\u00e5 idiomatiska uttryck som kan vara sv\u00e5ra att f\u00f6rst\u00e5. Idiom \u00e4r fraser vars mening inte kan h\u00e4rledas direkt fr\u00e5n de enskilda orden. <a href=\"https:\/\/talkpal.ai\/learn-hungarian\/\">Ungerska<\/a>, med sin rika och unika kultur, har m\u00e5nga s\u00e5dana uttryck som kan f\u00f6rvirra en spr\u00e5kstudent. I denna artikel kommer vi att utforska n\u00e5gra vanliga <a href=\"https:\/\/talkpal.ai\/learn-hungarian\/\">ungerska<\/a> idiom, deras betydelser och hur de anv\u00e4nds i meningar. Detta kommer att hj\u00e4lpa dig att b\u00e4ttre f\u00f6rst\u00e5 och anv\u00e4nda dessa uttryck i ditt eget spr\u00e5kbruk.<\/p>\n<h2>Vanliga ungerska idiom<\/h2>\n<h3>1. &#8221;Felh\u0151k f\u00f6l\u00f6tt j\u00e1r&#8221;<\/h3>\n<p><b>Felh\u0151k f\u00f6l\u00f6tt j\u00e1r<\/b> betyder bokstavligen &#8221;g\u00e5 ovanf\u00f6r molnen&#8221; och anv\u00e4nds f\u00f6r att beskriva n\u00e5gon som \u00e4r v\u00e4ldigt glad eller sv\u00e4var p\u00e5 moln.<\/p>\n<p><font color=\"#2D3AC7\">Miut\u00e1n megkapta az \u00faj \u00e1ll\u00e1s\u00e1t, P\u00e9ter felh\u0151k f\u00f6l\u00f6tt j\u00e1r.<\/font><\/p>\n<h3>2. &#8221;T\u0171zbe hoz&#8221;<\/h3>\n<p><b>T\u0171zbe hoz<\/b> betyder &#8221;att s\u00e4tta i eld&#8221; och anv\u00e4nds f\u00f6r att beskriva n\u00e5got eller n\u00e5gon som g\u00f6r en person v\u00e4ldigt upphetsad eller passionerad.<\/p>\n<p><font color=\"#2D3AC7\">A koncert annyira t\u0171zbe hozta a k\u00f6z\u00f6ns\u00e9get, hogy m\u00e9g \u00f3r\u00e1kig tapsoltak.<\/font><\/p>\n<h3>3. &#8221;K\u00e9z kezet mos&#8221;<\/h3>\n<p><b>K\u00e9z kezet mos<\/b> betyder bokstavligen &#8221;hand tv\u00e4ttar hand&#8221; och anv\u00e4nds f\u00f6r att beskriva en situation d\u00e4r tv\u00e5 personer hj\u00e4lper varandra f\u00f6r att b\u00e5da ska dra nytta av det.<\/p>\n<p><font color=\"#2D3AC7\">A politik\u00e1ban gyakran el\u0151fordul, hogy k\u00e9z kezet mos.<\/font><\/p>\n<h3>4. &#8221;Elgurult a gy\u00f3gyszere&#8221;<\/h3>\n<p><b>Elgurult a gy\u00f3gyszere<\/b> betyder bokstavligen &#8221;hans\/hennes medicin har rullat iv\u00e4g&#8221; och anv\u00e4nds f\u00f6r att beskriva n\u00e5gon som beter sig galet eller irrationellt.<\/p>\n<p><font color=\"#2D3AC7\">Amikor elkezdett kiab\u00e1lni az utc\u00e1n, mindenki azt hitte, hogy elgurult a gy\u00f3gyszere.<\/font><\/p>\n<h3>5. &#8221;V\u00e9res verejt\u00e9kkel&#8221;<\/h3>\n<p><b>V\u00e9res verejt\u00e9kkel<\/b> betyder &#8221;med blodig svett&#8221; och anv\u00e4nds f\u00f6r att beskriva n\u00e5got som uppn\u00e5tts genom h\u00e5rt arbete och stora anstr\u00e4ngningar.<\/p>\n<p><font color=\"#2D3AC7\">Az olimpiai bajnok v\u00e9res verejt\u00e9kkel \u00e9rte el a gy\u0151zelm\u00e9t.<\/font><\/p>\n<h3>6. &#8221;Kuty\u00e1b\u00f3l nem lesz szalonna&#8221;<\/h3>\n<p><b>Kuty\u00e1b\u00f3l nem lesz szalonna<\/b> betyder bokstavligen &#8221;en hund kan inte bli bacon&#8221; och anv\u00e4nds f\u00f6r att beskriva n\u00e5gon eller n\u00e5got som inte kan f\u00f6r\u00e4ndras fr\u00e5n sin natur.<\/p>\n<p><font color=\"#2D3AC7\">B\u00e1rmit is pr\u00f3b\u00e1l, kuty\u00e1b\u00f3l nem lesz szalonna.<\/font><\/p>\n<h3>7. &#8221;Szerelem els\u0151 l\u00e1t\u00e1sra&#8221;<\/h3>\n<p><b>Szerelem els\u0151 l\u00e1t\u00e1sra<\/b> betyder &#8221;k\u00e4rlek vid f\u00f6rsta \u00f6gonkastet&#8221; och anv\u00e4nds f\u00f6r att beskriva en omedelbar och stark romantisk attraktion.<\/p>\n<p><font color=\"#2D3AC7\">Amikor megl\u00e1tt\u00e1k egym\u00e1st a buliban, az szerelem els\u0151 l\u00e1t\u00e1sra volt.<\/font><\/p>\n<h3>8. &#8221;Meg\u00fcti a bok\u00e1j\u00e1t&#8221;<\/h3>\n<p><b>Meg\u00fcti a bok\u00e1j\u00e1t<\/b> betyder bokstavligen &#8221;sl\u00e5 sin ankel&#8221; och anv\u00e4nds f\u00f6r att beskriva n\u00e5gon som r\u00e5kar i trubbel eller f\u00e5r problem.<\/p>\n<p><font color=\"#2D3AC7\">Ha tov\u00e1bbra is \u00edgy viselkedsz, meg\u00fct\u00f6d a bok\u00e1dat.<\/font><\/p>\n<h3>9. &#8221;Nem esik messze az alma a f\u00e1j\u00e1t\u00f3l&#8221;<\/h3>\n<p><b>Nem esik messze az alma a f\u00e1j\u00e1t\u00f3l<\/b> betyder &#8221;\u00e4pplet faller inte l\u00e5ngt fr\u00e5n tr\u00e4det&#8221; och anv\u00e4nds f\u00f6r att beskriva att ett barn liknar sina f\u00f6r\u00e4ldrar i beteende eller karakt\u00e4r.<\/p>\n<p><font color=\"#2D3AC7\">Ahogy az apja, \u00fagy \u0151 is nagyon t\u00fcrelmetlen. Nem <a href=\"https:\/\/talkpal.ai\/locations\/language-courses-in-esik\/\">esik<\/a> messze az <a href=\"https:\/\/talkpal.ai\/locations\/language-courses-in-alma\/\">alma<\/a> a f\u00e1j\u00e1t\u00f3l.<\/font><\/p>\n<h3>10. &#8221;F\u00e9lrebesz\u00e9l&#8221;<\/h3>\n<p><b>F\u00e9lrebesz\u00e9l<\/b> betyder &#8221;prata nonsens&#8221; eller &#8221;prata osammanh\u00e4ngande&#8221; och anv\u00e4nds f\u00f6r att beskriva n\u00e5gon som inte \u00e4r klar eller logisk i sitt tal.<\/p>\n<p><font color=\"#2D3AC7\">Amikor f\u00e1radt, gyakran f\u00e9lrebesz\u00e9l.<\/font><\/p>\n<h3>11. &#8221;K\u00e9t vasat tart a t\u0171zben&#8221;<\/h3>\n<p><b>K\u00e9t vasat tart a t\u0171zben<\/b> betyder bokstavligen &#8221;ha tv\u00e5 j\u00e4rn i elden&#8221; och anv\u00e4nds f\u00f6r att beskriva n\u00e5gon som har flera projekt eller planer p\u00e5 g\u00e5ng samtidigt.<\/p>\n<p><font color=\"#2D3AC7\">P\u00e9ter mindig k\u00e9t vasat tart a t\u0171zben, ez\u00e9rt soha nem unatkozik.<\/font><\/p>\n<h3>12. &#8221;Sok h\u0171h\u00f3 semmi\u00e9rt&#8221;<\/h3>\n<p><b>Sok h\u0171h\u00f3 semmi\u00e9rt<\/b> betyder &#8221;mycket v\u00e4sen f\u00f6r ingenting&#8221; och anv\u00e4nds f\u00f6r att beskriva en situation d\u00e4r mycket uppst\u00e5ndelse g\u00f6rs \u00f6ver n\u00e5got oviktigt.<\/p>\n<p><font color=\"#2D3AC7\">A vita v\u00e9g\u00e9n kider\u00fclt, hogy sok h\u0171h\u00f3 semmi\u00e9rt volt.<\/font><\/p>\n<h3>13. &#8221;Kider\u00fcl az \u00e9g&#8221;<\/h3>\n<p><b>Kider\u00fcl az \u00e9g<\/b> betyder bokstavligen &#8221;himlen klarnar&#8221; och anv\u00e4nds f\u00f6r att beskriva att en situation f\u00f6rb\u00e4ttras eller att saker och ting blir tydligare.<\/p>\n<p><font color=\"#2D3AC7\"><a href=\"https:\/\/talkpal.ai\/locations\/language-courses-in-minden\/\">Minden<\/a> rossz h\u00edr ut\u00e1n v\u00e9gre kider\u00fcl az \u00e9g.<\/font><\/p>\n<h3>14. &#8221;A macska r\u00fagja meg&#8221;<\/h3>\n<p><b>A macska r\u00fagja meg<\/b> \u00e4r ett uttryck f\u00f6r f\u00f6rv\u00e5ning eller irritation och kan \u00f6vers\u00e4ttas till &#8221;katten sparkar mig&#8221;.<\/p>\n<p><font color=\"#2D3AC7\">A macska r\u00fagja meg, hogy elfelejtettem a tal\u00e1lkoz\u00f3t!<\/font><\/p>\n<h3>15. &#8221;\u00c9hes diszn\u00f3 makkal \u00e1lmodik&#8221;<\/h3>\n<p><b>\u00c9hes diszn\u00f3 makkal \u00e1lmodik<\/b> betyder bokstavligen &#8221;en hungrig gris dr\u00f6mmer om ekollon&#8221; och anv\u00e4nds f\u00f6r att beskriva n\u00e5gon som \u00f6nskar n\u00e5got mycket starkt.<\/p>\n<p><font color=\"#2D3AC7\">Az \u00e9hes diszn\u00f3 makkal \u00e1lmodik, amikor arr\u00f3l besz\u00e9lsz, hogy veszel egy \u00faj aut\u00f3t.<\/font><\/p>\n<h3>16. &#8221;Bagoly mondja ver\u00e9bnek, hogy nagyfej\u0171&#8221;<\/h3>\n<p><b>Bagoly mondja ver\u00e9bnek, hogy nagyfej\u0171<\/b> betyder bokstavligen &#8221;ugglan s\u00e4ger till sparven att den har stort huvud&#8221; och anv\u00e4nds f\u00f6r att beskriva n\u00e5gon som kritiserar andra f\u00f6r n\u00e5got de sj\u00e4lva g\u00f6r.<\/p>\n<p><font color=\"#2D3AC7\">Ne mondd meg nekem, hogy hogyan kell vezetni, bagoly mondja ver\u00e9bnek, hogy nagyfej\u0171.<\/font><\/p>\n<h3>17. &#8221;F\u00e1b\u00f3l vaskarika&#8221;<\/h3>\n<p><b>F\u00e1b\u00f3l vaskarika<\/b> betyder bokstavligen &#8221;j\u00e4rnring av tr\u00e4&#8221; och anv\u00e4nds f\u00f6r att beskriva n\u00e5got som \u00e4r om\u00f6jligt eller absurt.<\/p>\n<p><font color=\"#2D3AC7\">Az az \u00f6tlet, hogy a v\u00edz alatt t\u00fczet rakjunk, f\u00e1b\u00f3l vaskarika.<\/font><\/p>\n<h3>18. &#8221;N\u00e9ma gyereknek anyja sem \u00e9rti a szav\u00e1t&#8221;<\/h3>\n<p><b>N\u00e9ma gyereknek anyja sem \u00e9rti a szav\u00e1t<\/b> betyder &#8221;en tyst barn <a href=\"https:\/\/talkpal.ai\/culture\/how-do-i-say-i-dont-understand-in-swedish\/\">f\u00f6rst\u00e5r inte<\/a> ens sin mor&#8221; och anv\u00e4nds f\u00f6r att beskriva n\u00e5gon som inte uttrycker sina behov eller \u00f6nskem\u00e5l och d\u00e4rf\u00f6r inte f\u00e5r hj\u00e4lp.<\/p>\n<p><font color=\"#2D3AC7\">Ha seg\u00edts\u00e9get akarsz, mond meg, mert n\u00e9ma gyereknek anyja sem \u00e9rti a szav\u00e1t.<\/font><\/p>\n<h3>19. &#8221;El\u0151re iszik a medve b\u0151r\u00e9re&#8221;<\/h3>\n<p><b>El\u0151re iszik a medve b\u0151r\u00e9re<\/b> betyder bokstavligen &#8221;dricka f\u00f6r bj\u00f6rnens skinn i f\u00f6rv\u00e4g&#8221; och anv\u00e4nds f\u00f6r att beskriva n\u00e5gon som firar eller tar ut en seger i f\u00f6rskott.<\/p>\n<p><font color=\"#2D3AC7\">Ne \u00f6r\u00fclj m\u00e9g, el\u0151re iszol a medve b\u0151r\u00e9re.<\/font><\/p>\n<h3>20. &#8221;Nem l\u00e1tja a f\u00e1t\u00f3l az erd\u0151t&#8221;<\/h3>\n<p><b>Nem l\u00e1tja a f\u00e1t\u00f3l az erd\u0151t<\/b> betyder &#8221;kan inte se skogen f\u00f6r alla tr\u00e4d&#8221; och anv\u00e4nds f\u00f6r att beskriva n\u00e5gon som \u00e4r s\u00e5 fokuserad p\u00e5 detaljer att de missar helheten.<\/p>\n<p><font color=\"#2D3AC7\">Annyira belemer\u00fclt a r\u00e9szletekbe, hogy nem l\u00e1tja a f\u00e1t\u00f3l az erd\u0151t.<\/font><\/p>\n<h2>Hur man l\u00e4r sig och anv\u00e4nder idiom<\/h2>\n<p>F\u00f6r att verkligen f\u00f6rst\u00e5 och anv\u00e4nda idiom p\u00e5 ett naturligt s\u00e4tt i ett nytt spr\u00e5k, \u00e4r det viktigt att:<\/p>\n<h3>1. Kontextrik inl\u00e4rning<\/h3>\n<p>Att l\u00e4ra sig idiom i kontext hj\u00e4lper dig att f\u00f6rst\u00e5 hur och n\u00e4r de anv\u00e4nds. F\u00f6rs\u00f6k att l\u00e4sa b\u00f6cker, titta p\u00e5 filmer eller lyssna p\u00e5 musik p\u00e5 ungerska f\u00f6r att se hur dessa uttryck anv\u00e4nds i olika situationer.<\/p>\n<h3>2. Praktik<\/h3>\n<p>Anv\u00e4nd idiomen aktivt i ditt tal och skrift. Ju mer du \u00f6var, desto mer naturligt kommer det att k\u00e4nnas att anv\u00e4nda dem.<\/p>\n<h3>3. Fr\u00e5ga modersm\u00e5lstalare<\/h3>\n<p>Om du k\u00e4nner dig os\u00e4ker p\u00e5 hur ett idiom anv\u00e4nds, tveka inte att fr\u00e5ga en modersm\u00e5lstalare. De kan ge dig insikter och exempel som hj\u00e4lper dig att f\u00f6rst\u00e5 uttrycket b\u00e4ttre.<\/p>\n<h3>4. Anteckna<\/h3>\n<p>H\u00e5ll en anteckningsbok f\u00f6r idiom d\u00e4r du skriver ner nya uttryck du l\u00e4r dig, tillsammans med deras betydelser och exempelmeningar. Detta kommer att hj\u00e4lpa dig att repetera och komma ih\u00e5g dem.<\/p>\n<p>Att f\u00f6rst\u00e5 och anv\u00e4nda idiom \u00e4r en viktig del av att bli flytande i ett nytt spr\u00e5k. Genom att l\u00e4ra dig dessa vanliga ungerska idiom och \u00f6va dem regelbundet kommer du att kunna kommunicera mer naturligt och effektivt p\u00e5 ungerska.<\/p>\n","protected":false},"featured_media":1527607,"template":"","vocabulary_language":[4187],"class_list":["post-717080","vocabulary","type-vocabulary","status-publish","has-post-thumbnail","hentry","vocabulary_language-ungerska"],"acf":[],"yoast_head":"<!-- This site is optimized with the Yoast SEO Premium plugin v27.2 (Yoast SEO v27.2) - https:\/\/yoast.com\/product\/yoast-seo-premium-wordpress\/ -->\n<title>F\u00f6rst\u00e5 ungerska idiom - Talkpal<\/title>\n<meta name=\"description\" content=\"Att l\u00e4ra sig ett nytt spr\u00e5k inneb\u00e4r ofta att st\u00f6ta p\u00e5 idiomatiska uttryck som kan vara sv\u00e5ra att f\u00f6rst\u00e5. Idiom \u00e4r fraser vars mening inte kan h\u00e4rledas\" \/>\n<meta name=\"robots\" content=\"index, follow, max-snippet:-1, max-image-preview:large, max-video-preview:-1\" \/>\n<link rel=\"canonical\" href=\"https:\/\/talkpal.ai\/sv\/vocabulary\/forsta-ungerska-idiom\/\" \/>\n<meta property=\"og:locale\" content=\"sv_SE\" \/>\n<meta property=\"og:type\" content=\"article\" \/>\n<meta property=\"og:title\" content=\"F\u00f6rst\u00e5 ungerska idiom\" \/>\n<meta property=\"og:description\" content=\"Att l\u00e4ra sig ett nytt spr\u00e5k inneb\u00e4r ofta att st\u00f6ta p\u00e5 idiomatiska uttryck som kan vara sv\u00e5ra att f\u00f6rst\u00e5. Idiom \u00e4r fraser vars mening inte kan h\u00e4rledas\" \/>\n<meta property=\"og:url\" content=\"https:\/\/talkpal.ai\/sv\/vocabulary\/forsta-ungerska-idiom\/\" \/>\n<meta property=\"og:site_name\" content=\"Talkpal\" \/>\n<meta property=\"article:publisher\" content=\"https:\/\/www.facebook.com\/profile.php?id=100090733639311\" \/>\n<meta property=\"og:image\" content=\"https:\/\/talkpal.ai\/wp-content\/uploads\/2024\/10\/talkpal_flat_illustration_of_a_employees_working_together_happi_c674ff77-e477-4e09-835a-01d30e561e99.png\" \/>\n\t<meta property=\"og:image:width\" content=\"1024\" \/>\n\t<meta property=\"og:image:height\" content=\"1024\" \/>\n\t<meta property=\"og:image:type\" content=\"image\/png\" \/>\n<meta name=\"twitter:card\" content=\"summary_large_image\" \/>\n<meta name=\"twitter:site\" content=\"@talkpalai\" \/>\n<meta name=\"twitter:label1\" content=\"Ber\u00e4knad l\u00e4stid\" \/>\n\t<meta name=\"twitter:data1\" content=\"7 minuter\" \/>\n<script type=\"application\/ld+json\" class=\"yoast-schema-graph\">{\"@context\":\"https:\/\/schema.org\",\"@graph\":[{\"@type\":\"WebPage\",\"@id\":\"https:\/\/talkpal.ai\/sv\/vocabulary\/forsta-ungerska-idiom\/\",\"url\":\"https:\/\/talkpal.ai\/sv\/vocabulary\/forsta-ungerska-idiom\/\",\"name\":\"F\u00f6rst\u00e5 ungerska idiom - Talkpal\",\"isPartOf\":{\"@id\":\"https:\/\/talkpal.ai\/sv\/#website\"},\"primaryImageOfPage\":{\"@id\":\"https:\/\/talkpal.ai\/sv\/vocabulary\/forsta-ungerska-idiom\/#primaryimage\"},\"image\":{\"@id\":\"https:\/\/talkpal.ai\/sv\/vocabulary\/forsta-ungerska-idiom\/#primaryimage\"},\"thumbnailUrl\":\"https:\/\/talkpal.ai\/wp-content\/uploads\/2025\/12\/book-is-written-in-to-learn-languages.webp\",\"datePublished\":\"2024-06-08T19:04:05+00:00\",\"description\":\"Att l\u00e4ra sig ett nytt spr\u00e5k inneb\u00e4r ofta att st\u00f6ta p\u00e5 idiomatiska uttryck som kan vara sv\u00e5ra att f\u00f6rst\u00e5. Idiom \u00e4r fraser vars mening inte kan h\u00e4rledas\",\"breadcrumb\":{\"@id\":\"https:\/\/talkpal.ai\/sv\/vocabulary\/forsta-ungerska-idiom\/#breadcrumb\"},\"inLanguage\":\"sv-SE\",\"potentialAction\":[{\"@type\":\"ReadAction\",\"target\":[\"https:\/\/talkpal.ai\/sv\/vocabulary\/forsta-ungerska-idiom\/\"]}]},{\"@type\":\"ImageObject\",\"inLanguage\":\"sv-SE\",\"@id\":\"https:\/\/talkpal.ai\/sv\/vocabulary\/forsta-ungerska-idiom\/#primaryimage\",\"url\":\"https:\/\/talkpal.ai\/wp-content\/uploads\/2025\/12\/book-is-written-in-to-learn-languages.webp\",\"contentUrl\":\"https:\/\/talkpal.ai\/wp-content\/uploads\/2025\/12\/book-is-written-in-to-learn-languages.webp\",\"width\":1200,\"height\":896,\"caption\":\"A man with a hair bun writes in a book while learning languages at a desk in the evening.\"},{\"@type\":\"BreadcrumbList\",\"@id\":\"https:\/\/talkpal.ai\/sv\/vocabulary\/forsta-ungerska-idiom\/#breadcrumb\",\"itemListElement\":[{\"@type\":\"ListItem\",\"position\":1,\"name\":\"Homepage\",\"item\":\"https:\/\/talkpal.ai\/sv\/\"},{\"@type\":\"ListItem\",\"position\":2,\"name\":\"F\u00f6rst\u00e5 ungerska idiom\"}]},{\"@type\":\"WebSite\",\"@id\":\"https:\/\/talkpal.ai\/sv\/#website\",\"url\":\"https:\/\/talkpal.ai\/sv\/\",\"name\":\"Talkpal\",\"description\":\"AI Language Learning\",\"publisher\":{\"@id\":\"https:\/\/talkpal.ai\/sv\/#organization\"},\"alternateName\":\"Talkpal AI\",\"potentialAction\":[{\"@type\":\"SearchAction\",\"target\":{\"@type\":\"EntryPoint\",\"urlTemplate\":\"https:\/\/talkpal.ai\/sv\/?s={search_term_string}\"},\"query-input\":{\"@type\":\"PropertyValueSpecification\",\"valueRequired\":true,\"valueName\":\"search_term_string\"}}],\"inLanguage\":\"sv-SE\"},{\"@type\":\"Organization\",\"@id\":\"https:\/\/talkpal.ai\/sv\/#organization\",\"name\":\"Talkpal, Inc.\",\"alternateName\":\"Talkpal AI\",\"url\":\"https:\/\/talkpal.ai\/sv\/\",\"logo\":{\"@type\":\"ImageObject\",\"inLanguage\":\"sv-SE\",\"@id\":\"https:\/\/talkpal.ai\/sv\/#\/schema\/logo\/image\/\",\"url\":\"https:\/\/talkpal.ai\/wp-content\/uploads\/2024\/03\/Talkpal-Logo-Icon.png\",\"contentUrl\":\"https:\/\/talkpal.ai\/wp-content\/uploads\/2024\/03\/Talkpal-Logo-Icon.png\",\"width\":2880,\"height\":2880,\"caption\":\"Talkpal, Inc.\"},\"image\":{\"@id\":\"https:\/\/talkpal.ai\/sv\/#\/schema\/logo\/image\/\"},\"sameAs\":[\"https:\/\/www.facebook.com\/profile.php?id=100090733639311\",\"https:\/\/x.com\/talkpalai\",\"https:\/\/www.linkedin.com\/company\/talkpal\/\",\"https:\/\/www.youtube.com\/@TalkPal\/\",\"https:\/\/www.tiktok.com\/@talkpal\",\"https:\/\/www.instagram.com\/talkpal_ai\/\",\"https:\/\/www.crunchbase.com\/organization\/talkpal-9cde\",\"https:\/\/www.g2.com\/products\/talkpal-for-business\/\",\"https:\/\/www.trustpilot.com\/review\/talkpal.ai\",\"https:\/\/www.capterra.com\/p\/10006800\/TalkPal\/\"],\"description\":\"Talkpal is a language learning web and mobile education app, powered by the latest AI technologies, that provides engaging experiences to its customers in many different languages to help them improve their language skills. Users can chat about unlimited amount of topics with the app and use other modes to practice their language learning.\",\"email\":\"support@talkpal.ai\",\"legalName\":\"Talkpal, Inc.\",\"foundingDate\":\"2023-04-03\",\"duns\":\"118989042\",\"numberOfEmployees\":{\"@type\":\"QuantitativeValue\",\"minValue\":\"11\",\"maxValue\":\"50\"},\"publishingPrinciples\":\"https:\/\/talkpal.ai\/publishing-principles\/\",\"actionableFeedbackPolicy\":\"https:\/\/talkpal.ai\/actionable-feedback-policy\/\",\"correctionsPolicy\":\"https:\/\/talkpal.ai\/corrections-policy\/\",\"ethicsPolicy\":\"https:\/\/talkpal.ai\/ethics-policy\/\",\"diversityPolicy\":\"https:\/\/talkpal.ai\/diversity-policy\/\",\"diversityStaffingReport\":\"https:\/\/talkpal.ai\/diversity-policy\/\"}]}<\/script>\n<!-- \/ Yoast SEO Premium plugin. -->","yoast_head_json":{"title":"F\u00f6rst\u00e5 ungerska idiom - Talkpal","description":"Att l\u00e4ra sig ett nytt spr\u00e5k inneb\u00e4r ofta att st\u00f6ta p\u00e5 idiomatiska uttryck som kan vara sv\u00e5ra att f\u00f6rst\u00e5. Idiom \u00e4r fraser vars mening inte kan h\u00e4rledas","robots":{"index":"index","follow":"follow","max-snippet":"max-snippet:-1","max-image-preview":"max-image-preview:large","max-video-preview":"max-video-preview:-1"},"canonical":"https:\/\/talkpal.ai\/sv\/vocabulary\/forsta-ungerska-idiom\/","og_locale":"sv_SE","og_type":"article","og_title":"F\u00f6rst\u00e5 ungerska idiom","og_description":"Att l\u00e4ra sig ett nytt spr\u00e5k inneb\u00e4r ofta att st\u00f6ta p\u00e5 idiomatiska uttryck som kan vara sv\u00e5ra att f\u00f6rst\u00e5. Idiom \u00e4r fraser vars mening inte kan h\u00e4rledas","og_url":"https:\/\/talkpal.ai\/sv\/vocabulary\/forsta-ungerska-idiom\/","og_site_name":"Talkpal","article_publisher":"https:\/\/www.facebook.com\/profile.php?id=100090733639311","og_image":[{"width":1024,"height":1024,"url":"https:\/\/talkpal.ai\/wp-content\/uploads\/2024\/10\/talkpal_flat_illustration_of_a_employees_working_together_happi_c674ff77-e477-4e09-835a-01d30e561e99.png","type":"image\/png"}],"twitter_card":"summary_large_image","twitter_site":"@talkpalai","twitter_misc":{"Ber\u00e4knad l\u00e4stid":"7 minuter"},"schema":{"@context":"https:\/\/schema.org","@graph":[{"@type":"WebPage","@id":"https:\/\/talkpal.ai\/sv\/vocabulary\/forsta-ungerska-idiom\/","url":"https:\/\/talkpal.ai\/sv\/vocabulary\/forsta-ungerska-idiom\/","name":"F\u00f6rst\u00e5 ungerska idiom - Talkpal","isPartOf":{"@id":"https:\/\/talkpal.ai\/sv\/#website"},"primaryImageOfPage":{"@id":"https:\/\/talkpal.ai\/sv\/vocabulary\/forsta-ungerska-idiom\/#primaryimage"},"image":{"@id":"https:\/\/talkpal.ai\/sv\/vocabulary\/forsta-ungerska-idiom\/#primaryimage"},"thumbnailUrl":"https:\/\/talkpal.ai\/wp-content\/uploads\/2025\/12\/book-is-written-in-to-learn-languages.webp","datePublished":"2024-06-08T19:04:05+00:00","description":"Att l\u00e4ra sig ett nytt spr\u00e5k inneb\u00e4r ofta att st\u00f6ta p\u00e5 idiomatiska uttryck som kan vara sv\u00e5ra att f\u00f6rst\u00e5. Idiom \u00e4r fraser vars mening inte kan h\u00e4rledas","breadcrumb":{"@id":"https:\/\/talkpal.ai\/sv\/vocabulary\/forsta-ungerska-idiom\/#breadcrumb"},"inLanguage":"sv-SE","potentialAction":[{"@type":"ReadAction","target":["https:\/\/talkpal.ai\/sv\/vocabulary\/forsta-ungerska-idiom\/"]}]},{"@type":"ImageObject","inLanguage":"sv-SE","@id":"https:\/\/talkpal.ai\/sv\/vocabulary\/forsta-ungerska-idiom\/#primaryimage","url":"https:\/\/talkpal.ai\/wp-content\/uploads\/2025\/12\/book-is-written-in-to-learn-languages.webp","contentUrl":"https:\/\/talkpal.ai\/wp-content\/uploads\/2025\/12\/book-is-written-in-to-learn-languages.webp","width":1200,"height":896,"caption":"A man with a hair bun writes in a book while learning languages at a desk in the evening."},{"@type":"BreadcrumbList","@id":"https:\/\/talkpal.ai\/sv\/vocabulary\/forsta-ungerska-idiom\/#breadcrumb","itemListElement":[{"@type":"ListItem","position":1,"name":"Homepage","item":"https:\/\/talkpal.ai\/sv\/"},{"@type":"ListItem","position":2,"name":"F\u00f6rst\u00e5 ungerska idiom"}]},{"@type":"WebSite","@id":"https:\/\/talkpal.ai\/sv\/#website","url":"https:\/\/talkpal.ai\/sv\/","name":"Talkpal","description":"AI Language Learning","publisher":{"@id":"https:\/\/talkpal.ai\/sv\/#organization"},"alternateName":"Talkpal AI","potentialAction":[{"@type":"SearchAction","target":{"@type":"EntryPoint","urlTemplate":"https:\/\/talkpal.ai\/sv\/?s={search_term_string}"},"query-input":{"@type":"PropertyValueSpecification","valueRequired":true,"valueName":"search_term_string"}}],"inLanguage":"sv-SE"},{"@type":"Organization","@id":"https:\/\/talkpal.ai\/sv\/#organization","name":"Talkpal, Inc.","alternateName":"Talkpal AI","url":"https:\/\/talkpal.ai\/sv\/","logo":{"@type":"ImageObject","inLanguage":"sv-SE","@id":"https:\/\/talkpal.ai\/sv\/#\/schema\/logo\/image\/","url":"https:\/\/talkpal.ai\/wp-content\/uploads\/2024\/03\/Talkpal-Logo-Icon.png","contentUrl":"https:\/\/talkpal.ai\/wp-content\/uploads\/2024\/03\/Talkpal-Logo-Icon.png","width":2880,"height":2880,"caption":"Talkpal, Inc."},"image":{"@id":"https:\/\/talkpal.ai\/sv\/#\/schema\/logo\/image\/"},"sameAs":["https:\/\/www.facebook.com\/profile.php?id=100090733639311","https:\/\/x.com\/talkpalai","https:\/\/www.linkedin.com\/company\/talkpal\/","https:\/\/www.youtube.com\/@TalkPal\/","https:\/\/www.tiktok.com\/@talkpal","https:\/\/www.instagram.com\/talkpal_ai\/","https:\/\/www.crunchbase.com\/organization\/talkpal-9cde","https:\/\/www.g2.com\/products\/talkpal-for-business\/","https:\/\/www.trustpilot.com\/review\/talkpal.ai","https:\/\/www.capterra.com\/p\/10006800\/TalkPal\/"],"description":"Talkpal is a language learning web and mobile education app, powered by the latest AI technologies, that provides engaging experiences to its customers in many different languages to help them improve their language skills. Users can chat about unlimited amount of topics with the app and use other modes to practice their language learning.","email":"support@talkpal.ai","legalName":"Talkpal, Inc.","foundingDate":"2023-04-03","duns":"118989042","numberOfEmployees":{"@type":"QuantitativeValue","minValue":"11","maxValue":"50"},"publishingPrinciples":"https:\/\/talkpal.ai\/publishing-principles\/","actionableFeedbackPolicy":"https:\/\/talkpal.ai\/actionable-feedback-policy\/","correctionsPolicy":"https:\/\/talkpal.ai\/corrections-policy\/","ethicsPolicy":"https:\/\/talkpal.ai\/ethics-policy\/","diversityPolicy":"https:\/\/talkpal.ai\/diversity-policy\/","diversityStaffingReport":"https:\/\/talkpal.ai\/diversity-policy\/"}]}},"_links":{"self":[{"href":"https:\/\/talkpal.ai\/sv\/wp-json\/wp\/v2\/vocabulary\/717080","targetHints":{"allow":["GET"]}}],"collection":[{"href":"https:\/\/talkpal.ai\/sv\/wp-json\/wp\/v2\/vocabulary"}],"about":[{"href":"https:\/\/talkpal.ai\/sv\/wp-json\/wp\/v2\/types\/vocabulary"}],"wp:featuredmedia":[{"embeddable":true,"href":"https:\/\/talkpal.ai\/sv\/wp-json\/wp\/v2\/media\/1527607"}],"wp:attachment":[{"href":"https:\/\/talkpal.ai\/sv\/wp-json\/wp\/v2\/media?parent=717080"}],"wp:term":[{"taxonomy":"vocabulary_language","embeddable":true,"href":"https:\/\/talkpal.ai\/sv\/wp-json\/wp\/v2\/vocabulary_language?post=717080"}],"curies":[{"name":"wp","href":"https:\/\/api.w.org\/{rel}","templated":true}]}}