{"id":717074,"date":"2024-06-08T19:03:36","date_gmt":"2024-06-08T19:03:36","guid":{"rendered":"https:\/\/talkpal.ai\/vocabulary\/miljo-och-naturvillkor-pa-ungerska\/"},"modified":"2024-06-08T19:03:36","modified_gmt":"2024-06-08T19:03:36","slug":"miljo-och-naturvillkor-pa-ungerska","status":"publish","type":"vocabulary","link":"https:\/\/talkpal.ai\/sv\/vocabulary\/miljo-och-naturvillkor-pa-ungerska\/","title":{"rendered":"Milj\u00f6- och naturvillkor p\u00e5 ungerska"},"content":{"rendered":"<p>Att l\u00e4ra sig ett nytt spr\u00e5k inneb\u00e4r att man ska kunna f\u00f6rst\u00e5 och anv\u00e4nda ett brett spektrum av ord och uttryck. N\u00e4r det g\u00e4ller att diskutera milj\u00f6- och naturvillkor p\u00e5 <a href=\"https:\/\/talkpal.ai\/learn-hungarian\/\">ungerska<\/a>, \u00e4r det viktigt att ha en upps\u00e4ttning specifika ord och termer till hands. Denna artikel kommer att t\u00e4cka n\u00e5gra av de mest anv\u00e4ndbara ungerska orden och fraserna inom detta \u00e4mne, tillsammans med deras <a href=\"https:\/\/talkpal.ai\/learn-swedish\/\">svenska<\/a> definitioner och exempelmeningar.<\/p>\n<h2>Grundl\u00e4ggande Milj\u00f6ord<\/h2>\n<p><b>K\u00f6rnyezet<\/b> &#8211; Milj\u00f6<br \/>\n<font color=\"#2D3AC7\">A k\u00f6rnyezet v\u00e9delme mindannyiunk feladata.<\/font><br \/>\nAtt skydda milj\u00f6n \u00e4r allas v\u00e5r uppgift.<\/p>\n<p><b>Term\u00e9szet<\/b> &#8211; Natur<br \/>\n<font color=\"#2D3AC7\">A term\u00e9szet sz\u00e9ps\u00e9ge leny\u0171g\u00f6z\u0151.<\/font><br \/>\nNaturens sk\u00f6nhet \u00e4r f\u00f6rbluffande.<\/p>\n<p><b>Leveg\u0151<\/b> &#8211; Luft<br \/>\n<font color=\"#2D3AC7\">A leveg\u0151 min\u0151s\u00e9ge romlik a v\u00e1rosban.<\/font><br \/>\nLuftkvaliteten f\u00f6rs\u00e4mras i staden.<\/p>\n<p><b>V\u00edz<\/b> &#8211; Vatten<br \/>\n<font color=\"#2D3AC7\">A v\u00edz a legfontosabb er\u0151forr\u00e1s.<\/font><br \/>\nVatten \u00e4r den viktigaste resursen.<\/p>\n<p><b>F\u00f6ld<\/b> &#8211; Jord<br \/>\n<font color=\"#2D3AC7\">A f\u00f6ld a n\u00f6v\u00e9nyek sz\u00e1m\u00e1ra n\u00e9lk\u00fcl\u00f6zhetetlen.<\/font><br \/>\nJorden \u00e4r oumb\u00e4rlig f\u00f6r v\u00e4xterna.<\/p>\n<h2>Milj\u00f6skydd och Bevarande<\/h2>\n<p><b>K\u00f6rnyezetv\u00e9delem<\/b> &#8211; Milj\u00f6skydd<br \/>\n<font color=\"#2D3AC7\">A k\u00f6rnyezetv\u00e9delem \u00e9rdek\u00e9ben cs\u00f6kkenteni kell a hullad\u00e9k mennyis\u00e9g\u00e9t.<\/font><br \/>\nF\u00f6r att skydda milj\u00f6n m\u00e5ste vi minska m\u00e4ngden avfall.<\/p>\n<p><b>\u00dajrahasznos\u00edt\u00e1s<\/b> &#8211; \u00c5tervinning<br \/>\n<font color=\"#2D3AC7\">Az \u00fajrahasznos\u00edt\u00e1s seg\u00edt cs\u00f6kkenteni a szem\u00e9t mennyis\u00e9g\u00e9t.<\/font><br \/>\n\u00c5tervinning hj\u00e4lper till att minska m\u00e4ngden skr\u00e4p.<\/p>\n<p><b>Meg\u00fajul\u00f3 energia<\/b> &#8211; F\u00f6rnybar energi<br \/>\n<font color=\"#2D3AC7\">A meg\u00fajul\u00f3 energiaforr\u00e1sok haszn\u00e1lata egyre gyakoribb.<\/font><br \/>\nAnv\u00e4ndningen av f\u00f6rnybara energik\u00e4llor blir allt vanligare.<\/p>\n<p><b>Vesz\u00e9lyeztetett fajok<\/b> &#8211; Hotade arter<br \/>\n<font color=\"#2D3AC7\">A vesz\u00e9lyeztetett fajok v\u00e9delme kiemelten fontos.<\/font><br \/>\nSkyddet av hotade arter \u00e4r av yttersta vikt.<\/p>\n<p><b>Term\u00e9szetv\u00e9delmi ter\u00fclet<\/b> &#8211; Naturreservat<br \/>\n<font color=\"#2D3AC7\">A term\u00e9szetv\u00e9delmi ter\u00fcletek meg\u0151rz\u00e9se els\u0151dleges feladat.<\/font><br \/>\nBevarandet av naturreservat \u00e4r en prioriterad uppgift.<\/p>\n<h2>Klimatf\u00f6r\u00e4ndringar och F\u00f6roreningar<\/h2>\n<p><b>Kl\u00edmav\u00e1ltoz\u00e1s<\/b> &#8211; Klimatf\u00f6r\u00e4ndring<br \/>\n<font color=\"#2D3AC7\">A kl\u00edmav\u00e1ltoz\u00e1s hat\u00e1sai vil\u00e1gszerte \u00e9rezhet\u0151k.<\/font><br \/>\nEffekterna av klimatf\u00f6r\u00e4ndringarna k\u00e4nns \u00f6ver hela v\u00e4rlden.<\/p>\n<p><b>\u00dcvegh\u00e1zhat\u00e1s<\/b> &#8211; V\u00e4xthuseffekt<br \/>\n<font color=\"#2D3AC7\">Az \u00fcvegh\u00e1zhat\u00e1s fokozza a glob\u00e1lis felmeleged\u00e9st.<\/font><br \/>\nV\u00e4xthuseffekten f\u00f6rst\u00e4rker den globala uppv\u00e4rmningen.<\/p>\n<p><b>Sz\u00e9n-dioxid<\/b> &#8211; Koldioxid<br \/>\n<font color=\"#2D3AC7\">A sz\u00e9n-dioxid kibocs\u00e1t\u00e1s cs\u00f6kkent\u00e9se \u00e9rdek\u00e9ben t\u00f6bb f\u00e1t kell \u00fcltetni.<\/font><br \/>\nF\u00f6r att minska koldioxidutsl\u00e4ppen m\u00e5ste fler tr\u00e4d planteras.<\/p>\n<p><b>L\u00e9gszennyez\u00e9s<\/b> &#8211; Luftf\u00f6rorening<br \/>\n<font color=\"#2D3AC7\">A l\u00e9gszennyez\u00e9s s\u00falyos eg\u00e9szs\u00e9g\u00fcgyi probl\u00e9m\u00e1kat okozhat.<\/font><br \/>\nLuftf\u00f6roreningar kan orsaka allvarliga h\u00e4lsoproblem.<\/p>\n<p><b>V\u00edzszennyez\u00e9s<\/b> &#8211; Vattenf\u00f6rorening<br \/>\n<font color=\"#2D3AC7\">A v\u00edzszennyez\u00e9s megakad\u00e1lyoz\u00e1sa k\u00f6z\u00f6s \u00e9rdek\u00fcnk.<\/font><br \/>\nAtt f\u00f6rhindra vattenf\u00f6roreningar \u00e4r v\u00e5rt gemensamma intresse.<\/p>\n<h2>Naturliga Fenomen och Resurser<\/h2>\n<p><b>Er\u0151forr\u00e1s<\/b> &#8211; Resurs<br \/>\n<font color=\"#2D3AC7\">A term\u00e9szeti er\u0151forr\u00e1sok v\u00e9delme fenntarthat\u00f3 fejl\u0151d\u00e9s alapja.<\/font><br \/>\nSkyddet av naturresurser \u00e4r grunden f\u00f6r h\u00e5llbar utveckling.<\/p>\n<p><b>\u00c1rv\u00edz<\/b> &#8211; \u00d6versv\u00e4mning<br \/>\n<font color=\"#2D3AC7\">Az \u00e1rv\u00edz s\u00falyos k\u00e1rokat okozott a t\u00e9rs\u00e9gben.<\/font><br \/>\n\u00d6versv\u00e4mningen orsakade allvarliga skador i omr\u00e5det.<\/p>\n<p><b>Sz\u00e1razs\u00e1g<\/b> &#8211; Torka<br \/>\n<font color=\"#2D3AC7\">A sz\u00e1razs\u00e1g miatt a term\u00e9s jelent\u0151sen cs\u00f6kkent.<\/font><br \/>\nP\u00e5 grund av torkan minskade sk\u00f6rden avsev\u00e4rt.<\/p>\n<p><b>F\u00f6ldreng\u00e9s<\/b> &#8211; Jordb\u00e4vning<br \/>\n<font color=\"#2D3AC7\">A f\u00f6ldreng\u00e9s hatalmas puszt\u00edt\u00e1st v\u00e9gzett a v\u00e1rosban.<\/font><br \/>\nJordb\u00e4vningen orsakade enorm f\u00f6r\u00f6delse i staden.<\/p>\n<p><b>Vulk\u00e1nkit\u00f6r\u00e9s<\/b> &#8211; Vulkanutbrott<br \/>\n<font color=\"#2D3AC7\">A vulk\u00e1nkit\u00f6r\u00e9s k\u00f6vetkezt\u00e9ben evaku\u00e1lni kellett a lakoss\u00e1got.<\/font><br \/>\nP\u00e5 grund av vulkanutbrottet var man tvungen att evakuera befolkningen.<\/p>\n<h2>V\u00e4xter och Djur<\/h2>\n<p><b>N\u00f6v\u00e9ny<\/b> &#8211; V\u00e4xt<br \/>\n<font color=\"#2D3AC7\">A n\u00f6v\u00e9nyek fotoszint\u00e9zise oxig\u00e9nt termel.<\/font><br \/>\nV\u00e4xternas fotosyntes producerar syre.<\/p>\n<p><b>\u00c1llat<\/b> &#8211; Djur<br \/>\n<font color=\"#2D3AC7\">Az \u00e1llatok sokf\u00e9les\u00e9ge leny\u0171g\u00f6z\u0151.<\/font><br \/>\nM\u00e5ngfalden av djur \u00e4r fascinerande.<\/p>\n<p><b>Erd\u0151<\/b> &#8211; Skog<br \/>\n<font color=\"#2D3AC7\">Az erd\u0151k az \u00f6kosziszt\u00e9m\u00e1k fontos r\u00e9sz\u00e9t k\u00e9pezik.<\/font><br \/>\nSkogarna utg\u00f6r en viktig del av ekosystemen.<\/p>\n<p><b>F\u0171<\/b> &#8211; Gr\u00e4s<br \/>\n<font color=\"#2D3AC7\">A f\u0171 gyorsan n\u0151 a tavaszi es\u0151z\u00e9sek ut\u00e1n.<\/font><br \/>\nGr\u00e4set v\u00e4xer snabbt efter v\u00e5rens regn.<\/p>\n<p><b>Mad\u00e1r<\/b> &#8211; F\u00e5gel<br \/>\n<font color=\"#2D3AC7\">A madarak \u00e9nek\u00e9t hallgatni megnyugtat\u00f3.<\/font><br \/>\nDet \u00e4r lugnande att lyssna p\u00e5 f\u00e5glarnas s\u00e5ng.<\/p>\n<h2>H\u00e5llbar Utveckling<\/h2>\n<p><b>Fenntarthat\u00f3 fejl\u0151d\u00e9s<\/b> &#8211; H\u00e5llbar utveckling<br \/>\n<font color=\"#2D3AC7\">A fenntarthat\u00f3 fejl\u0151d\u00e9s \u00e9rdek\u00e9ben v\u00e1ltoztatnunk kell \u00e9letm\u00f3dunkon.<\/font><br \/>\nF\u00f6r att uppn\u00e5 h\u00e5llbar utveckling m\u00e5ste vi \u00e4ndra v\u00e5r livsstil.<\/p>\n<p><b>Energiatakar\u00e9koss\u00e1g<\/b> &#8211; Energibesparing<br \/>\n<font color=\"#2D3AC7\">Az energiatakar\u00e9koss\u00e1g cs\u00f6kkenti a k\u00f6lts\u00e9geket \u00e9s a k\u00f6rnyezeti terhel\u00e9st.<\/font><br \/>\nEnergibesparing minskar kostnaderna och milj\u00f6belastningen.<\/p>\n<p><b>Z\u00f6ld energia<\/b> &#8211; Gr\u00f6n energi<br \/>\n<font color=\"#2D3AC7\">A z\u00f6ld energia haszn\u00e1lata hozz\u00e1j\u00e1rul a k\u00f6rnyezet v\u00e9delm\u00e9hez.<\/font><br \/>\nAnv\u00e4ndningen av gr\u00f6n energi bidrar till att skydda milj\u00f6n.<\/p>\n<p><b>Biodiverzit\u00e1s<\/b> &#8211; Biologisk m\u00e5ngfald<br \/>\n<font color=\"#2D3AC7\">A biodiverzit\u00e1s meg\u0151rz\u00e9se l\u00e9tfontoss\u00e1g\u00fa az \u00f6kosziszt\u00e9m\u00e1k sz\u00e1m\u00e1ra.<\/font><br \/>\nBevarandet av biologisk m\u00e5ngfald \u00e4r avg\u00f6rande f\u00f6r ekosystemen.<\/p>\n<p><b>K\u00f6rnyezetbar\u00e1t<\/b> &#8211; Milj\u00f6v\u00e4nlig<br \/>\n<font color=\"#2D3AC7\">A k\u00f6rnyezetbar\u00e1t term\u00e9kek haszn\u00e1lata cs\u00f6kkenti a szennyez\u00e9st.<\/font><br \/>\nAnv\u00e4ndningen av milj\u00f6v\u00e4nliga produkter minskar f\u00f6roreningarna.<\/p>\n<h2>Globala Insatser och Organisationer<\/h2>\n<p><b>K\u00f6rnyezetv\u00e9delmi szervezet<\/b> &#8211; Milj\u00f6organisation<br \/>\n<font color=\"#2D3AC7\">A k\u00f6rnyezetv\u00e9delmi szervezetek fontos szerepet j\u00e1tszanak a term\u00e9szet v\u00e9delm\u00e9ben.<\/font><br \/>\nMilj\u00f6organisationer spelar en viktig roll i att skydda naturen.<\/p>\n<p><b>Nemzetk\u00f6zi egyezm\u00e9ny<\/b> &#8211; Internationellt avtal<br \/>\n<font color=\"#2D3AC7\">A nemzetk\u00f6zi egyezm\u00e9nyek seg\u00edtenek a k\u00f6rnyezeti probl\u00e9m\u00e1k megold\u00e1s\u00e1ban.<\/font><br \/>\nInternationella avtal hj\u00e4lper till att l\u00f6sa milj\u00f6problem.<\/p>\n<p><b>K\u00f6rnyezetv\u00e9delmi politika<\/b> &#8211; Milj\u00f6politik<br \/>\n<font color=\"#2D3AC7\">A k\u00f6rnyezetv\u00e9delmi politika c\u00e9lja a fenntarthat\u00f3 fejl\u0151d\u00e9s el\u0151seg\u00edt\u00e9se.<\/font><br \/>\nMilj\u00f6politikens m\u00e5l \u00e4r att fr\u00e4mja h\u00e5llbar utveckling.<\/p>\n<p><b>Fenntarthat\u00f3s\u00e1gi c\u00e9lok<\/b> &#8211; H\u00e5llbarhetsm\u00e5l<br \/>\n<font color=\"#2D3AC7\">A fenntarthat\u00f3s\u00e1gi c\u00e9lok el\u00e9r\u00e9se k\u00f6z\u00f6s er\u0151fesz\u00edt\u00e9st ig\u00e9nyel.<\/font><br \/>\nAtt uppn\u00e5 h\u00e5llbarhetsm\u00e5len kr\u00e4ver gemensamma anstr\u00e4ngningar.<\/p>\n<p><b>Glob\u00e1lis felmeleged\u00e9s<\/b> &#8211; Global uppv\u00e4rmning<br \/>\n<font color=\"#2D3AC7\">A glob\u00e1lis felmeleged\u00e9s k\u00f6vetkezm\u00e9nyei drasztikusak lehetnek.<\/font><br \/>\nKonsekvenserna av den globala uppv\u00e4rmningen kan vara drastiska.<\/p>\n<p>Genom att l\u00e4ra sig och f\u00f6rst\u00e5 dessa ungerska termer och fraser kan du inte bara f\u00f6rb\u00e4ttra ditt ordf\u00f6rr\u00e5d utan ocks\u00e5 f\u00e5 en djupare insikt i hur man diskuterar och hanterar milj\u00f6- och naturfr\u00e5gor p\u00e5 ungerska. <a href=\"https:\/\/talkpal.ai\/sv\/hur-lar-man-sig-ett-sprak-via-talkpal-chat\/\">Spr\u00e5kinl\u00e4rning<\/a> \u00e4r en l\u00e5ng resa, men med dessa verktyg \u00e4r du b\u00e4ttre rustad att ta dig an \u00e4mnen som \u00e4r viktiga f\u00f6r v\u00e5r v\u00e4rld.<\/p>\n","protected":false},"featured_media":1527716,"template":"","vocabulary_language":[4187],"class_list":["post-717074","vocabulary","type-vocabulary","status-publish","has-post-thumbnail","hentry","vocabulary_language-ungerska"],"acf":[],"yoast_head":"<!-- This site is optimized with the Yoast SEO Premium plugin v27.2 (Yoast SEO v27.2) - https:\/\/yoast.com\/product\/yoast-seo-premium-wordpress\/ -->\n<title>Milj\u00f6- och naturvillkor p\u00e5 ungerska - Talkpal<\/title>\n<meta name=\"description\" content=\"Att l\u00e4ra sig ett nytt spr\u00e5k inneb\u00e4r att man ska kunna f\u00f6rst\u00e5 och anv\u00e4nda ett brett spektrum av ord och uttryck. N\u00e4r det g\u00e4ller att diskutera milj\u00f6- och\" \/>\n<meta name=\"robots\" content=\"index, follow, max-snippet:-1, max-image-preview:large, max-video-preview:-1\" \/>\n<link rel=\"canonical\" href=\"https:\/\/talkpal.ai\/sv\/vocabulary\/miljo-och-naturvillkor-pa-ungerska\/\" \/>\n<meta property=\"og:locale\" content=\"sv_SE\" \/>\n<meta property=\"og:type\" content=\"article\" \/>\n<meta property=\"og:title\" content=\"Milj\u00f6- och naturvillkor p\u00e5 ungerska\" \/>\n<meta property=\"og:description\" content=\"Att l\u00e4ra sig ett nytt spr\u00e5k inneb\u00e4r att man ska kunna f\u00f6rst\u00e5 och anv\u00e4nda ett brett spektrum av ord och uttryck. N\u00e4r det g\u00e4ller att diskutera milj\u00f6- och\" \/>\n<meta property=\"og:url\" content=\"https:\/\/talkpal.ai\/sv\/vocabulary\/miljo-och-naturvillkor-pa-ungerska\/\" \/>\n<meta property=\"og:site_name\" content=\"Talkpal\" \/>\n<meta property=\"article:publisher\" content=\"https:\/\/www.facebook.com\/profile.php?id=100090733639311\" \/>\n<meta property=\"og:image\" content=\"https:\/\/talkpal.ai\/wp-content\/uploads\/2024\/10\/talkpal_flat_illustration_of_a_employees_working_together_happi_c674ff77-e477-4e09-835a-01d30e561e99.png\" \/>\n\t<meta property=\"og:image:width\" content=\"1024\" \/>\n\t<meta property=\"og:image:height\" content=\"1024\" \/>\n\t<meta property=\"og:image:type\" content=\"image\/png\" \/>\n<meta name=\"twitter:card\" content=\"summary_large_image\" \/>\n<meta name=\"twitter:site\" content=\"@talkpalai\" \/>\n<meta name=\"twitter:label1\" content=\"Ber\u00e4knad l\u00e4stid\" \/>\n\t<meta name=\"twitter:data1\" content=\"6 minuter\" \/>\n<script type=\"application\/ld+json\" class=\"yoast-schema-graph\">{\"@context\":\"https:\/\/schema.org\",\"@graph\":[{\"@type\":\"WebPage\",\"@id\":\"https:\/\/talkpal.ai\/sv\/vocabulary\/miljo-och-naturvillkor-pa-ungerska\/\",\"url\":\"https:\/\/talkpal.ai\/sv\/vocabulary\/miljo-och-naturvillkor-pa-ungerska\/\",\"name\":\"Milj\u00f6- och naturvillkor p\u00e5 ungerska - Talkpal\",\"isPartOf\":{\"@id\":\"https:\/\/talkpal.ai\/sv\/#website\"},\"primaryImageOfPage\":{\"@id\":\"https:\/\/talkpal.ai\/sv\/vocabulary\/miljo-och-naturvillkor-pa-ungerska\/#primaryimage\"},\"image\":{\"@id\":\"https:\/\/talkpal.ai\/sv\/vocabulary\/miljo-och-naturvillkor-pa-ungerska\/#primaryimage\"},\"thumbnailUrl\":\"https:\/\/talkpal.ai\/wp-content\/uploads\/2025\/12\/laptop-is-used-to-learn-languages.webp\",\"datePublished\":\"2024-06-08T19:03:36+00:00\",\"description\":\"Att l\u00e4ra sig ett nytt spr\u00e5k inneb\u00e4r att man ska kunna f\u00f6rst\u00e5 och anv\u00e4nda ett brett spektrum av ord och uttryck. N\u00e4r det g\u00e4ller att diskutera milj\u00f6- och\",\"breadcrumb\":{\"@id\":\"https:\/\/talkpal.ai\/sv\/vocabulary\/miljo-och-naturvillkor-pa-ungerska\/#breadcrumb\"},\"inLanguage\":\"sv-SE\",\"potentialAction\":[{\"@type\":\"ReadAction\",\"target\":[\"https:\/\/talkpal.ai\/sv\/vocabulary\/miljo-och-naturvillkor-pa-ungerska\/\"]}]},{\"@type\":\"ImageObject\",\"inLanguage\":\"sv-SE\",\"@id\":\"https:\/\/talkpal.ai\/sv\/vocabulary\/miljo-och-naturvillkor-pa-ungerska\/#primaryimage\",\"url\":\"https:\/\/talkpal.ai\/wp-content\/uploads\/2025\/12\/laptop-is-used-to-learn-languages.webp\",\"contentUrl\":\"https:\/\/talkpal.ai\/wp-content\/uploads\/2025\/12\/laptop-is-used-to-learn-languages.webp\",\"width\":1200,\"height\":896,\"caption\":\"A person wearing headphones uses a laptop for learning languages in a modern coworking space.\"},{\"@type\":\"BreadcrumbList\",\"@id\":\"https:\/\/talkpal.ai\/sv\/vocabulary\/miljo-och-naturvillkor-pa-ungerska\/#breadcrumb\",\"itemListElement\":[{\"@type\":\"ListItem\",\"position\":1,\"name\":\"Homepage\",\"item\":\"https:\/\/talkpal.ai\/sv\/\"},{\"@type\":\"ListItem\",\"position\":2,\"name\":\"Milj\u00f6- och naturvillkor p\u00e5 ungerska\"}]},{\"@type\":\"WebSite\",\"@id\":\"https:\/\/talkpal.ai\/sv\/#website\",\"url\":\"https:\/\/talkpal.ai\/sv\/\",\"name\":\"Talkpal\",\"description\":\"AI Language Learning\",\"publisher\":{\"@id\":\"https:\/\/talkpal.ai\/sv\/#organization\"},\"alternateName\":\"Talkpal AI\",\"potentialAction\":[{\"@type\":\"SearchAction\",\"target\":{\"@type\":\"EntryPoint\",\"urlTemplate\":\"https:\/\/talkpal.ai\/sv\/?s={search_term_string}\"},\"query-input\":{\"@type\":\"PropertyValueSpecification\",\"valueRequired\":true,\"valueName\":\"search_term_string\"}}],\"inLanguage\":\"sv-SE\"},{\"@type\":\"Organization\",\"@id\":\"https:\/\/talkpal.ai\/sv\/#organization\",\"name\":\"Talkpal, Inc.\",\"alternateName\":\"Talkpal AI\",\"url\":\"https:\/\/talkpal.ai\/sv\/\",\"logo\":{\"@type\":\"ImageObject\",\"inLanguage\":\"sv-SE\",\"@id\":\"https:\/\/talkpal.ai\/sv\/#\/schema\/logo\/image\/\",\"url\":\"https:\/\/talkpal.ai\/wp-content\/uploads\/2024\/03\/Talkpal-Logo-Icon.png\",\"contentUrl\":\"https:\/\/talkpal.ai\/wp-content\/uploads\/2024\/03\/Talkpal-Logo-Icon.png\",\"width\":2880,\"height\":2880,\"caption\":\"Talkpal, Inc.\"},\"image\":{\"@id\":\"https:\/\/talkpal.ai\/sv\/#\/schema\/logo\/image\/\"},\"sameAs\":[\"https:\/\/www.facebook.com\/profile.php?id=100090733639311\",\"https:\/\/x.com\/talkpalai\",\"https:\/\/www.linkedin.com\/company\/talkpal\/\",\"https:\/\/www.youtube.com\/@TalkPal\/\",\"https:\/\/www.tiktok.com\/@talkpal\",\"https:\/\/www.instagram.com\/talkpal_ai\/\",\"https:\/\/www.crunchbase.com\/organization\/talkpal-9cde\",\"https:\/\/www.g2.com\/products\/talkpal-for-business\/\",\"https:\/\/www.trustpilot.com\/review\/talkpal.ai\",\"https:\/\/www.capterra.com\/p\/10006800\/TalkPal\/\"],\"description\":\"Talkpal is a language learning web and mobile education app, powered by the latest AI technologies, that provides engaging experiences to its customers in many different languages to help them improve their language skills. Users can chat about unlimited amount of topics with the app and use other modes to practice their language learning.\",\"email\":\"support@talkpal.ai\",\"legalName\":\"Talkpal, Inc.\",\"foundingDate\":\"2023-04-03\",\"duns\":\"118989042\",\"numberOfEmployees\":{\"@type\":\"QuantitativeValue\",\"minValue\":\"11\",\"maxValue\":\"50\"},\"publishingPrinciples\":\"https:\/\/talkpal.ai\/publishing-principles\/\",\"actionableFeedbackPolicy\":\"https:\/\/talkpal.ai\/actionable-feedback-policy\/\",\"correctionsPolicy\":\"https:\/\/talkpal.ai\/corrections-policy\/\",\"ethicsPolicy\":\"https:\/\/talkpal.ai\/ethics-policy\/\",\"diversityPolicy\":\"https:\/\/talkpal.ai\/diversity-policy\/\",\"diversityStaffingReport\":\"https:\/\/talkpal.ai\/diversity-policy\/\"}]}<\/script>\n<!-- \/ Yoast SEO Premium plugin. -->","yoast_head_json":{"title":"Milj\u00f6- och naturvillkor p\u00e5 ungerska - Talkpal","description":"Att l\u00e4ra sig ett nytt spr\u00e5k inneb\u00e4r att man ska kunna f\u00f6rst\u00e5 och anv\u00e4nda ett brett spektrum av ord och uttryck. N\u00e4r det g\u00e4ller att diskutera milj\u00f6- och","robots":{"index":"index","follow":"follow","max-snippet":"max-snippet:-1","max-image-preview":"max-image-preview:large","max-video-preview":"max-video-preview:-1"},"canonical":"https:\/\/talkpal.ai\/sv\/vocabulary\/miljo-och-naturvillkor-pa-ungerska\/","og_locale":"sv_SE","og_type":"article","og_title":"Milj\u00f6- och naturvillkor p\u00e5 ungerska","og_description":"Att l\u00e4ra sig ett nytt spr\u00e5k inneb\u00e4r att man ska kunna f\u00f6rst\u00e5 och anv\u00e4nda ett brett spektrum av ord och uttryck. N\u00e4r det g\u00e4ller att diskutera milj\u00f6- och","og_url":"https:\/\/talkpal.ai\/sv\/vocabulary\/miljo-och-naturvillkor-pa-ungerska\/","og_site_name":"Talkpal","article_publisher":"https:\/\/www.facebook.com\/profile.php?id=100090733639311","og_image":[{"width":1024,"height":1024,"url":"https:\/\/talkpal.ai\/wp-content\/uploads\/2024\/10\/talkpal_flat_illustration_of_a_employees_working_together_happi_c674ff77-e477-4e09-835a-01d30e561e99.png","type":"image\/png"}],"twitter_card":"summary_large_image","twitter_site":"@talkpalai","twitter_misc":{"Ber\u00e4knad l\u00e4stid":"6 minuter"},"schema":{"@context":"https:\/\/schema.org","@graph":[{"@type":"WebPage","@id":"https:\/\/talkpal.ai\/sv\/vocabulary\/miljo-och-naturvillkor-pa-ungerska\/","url":"https:\/\/talkpal.ai\/sv\/vocabulary\/miljo-och-naturvillkor-pa-ungerska\/","name":"Milj\u00f6- och naturvillkor p\u00e5 ungerska - Talkpal","isPartOf":{"@id":"https:\/\/talkpal.ai\/sv\/#website"},"primaryImageOfPage":{"@id":"https:\/\/talkpal.ai\/sv\/vocabulary\/miljo-och-naturvillkor-pa-ungerska\/#primaryimage"},"image":{"@id":"https:\/\/talkpal.ai\/sv\/vocabulary\/miljo-och-naturvillkor-pa-ungerska\/#primaryimage"},"thumbnailUrl":"https:\/\/talkpal.ai\/wp-content\/uploads\/2025\/12\/laptop-is-used-to-learn-languages.webp","datePublished":"2024-06-08T19:03:36+00:00","description":"Att l\u00e4ra sig ett nytt spr\u00e5k inneb\u00e4r att man ska kunna f\u00f6rst\u00e5 och anv\u00e4nda ett brett spektrum av ord och uttryck. N\u00e4r det g\u00e4ller att diskutera milj\u00f6- och","breadcrumb":{"@id":"https:\/\/talkpal.ai\/sv\/vocabulary\/miljo-och-naturvillkor-pa-ungerska\/#breadcrumb"},"inLanguage":"sv-SE","potentialAction":[{"@type":"ReadAction","target":["https:\/\/talkpal.ai\/sv\/vocabulary\/miljo-och-naturvillkor-pa-ungerska\/"]}]},{"@type":"ImageObject","inLanguage":"sv-SE","@id":"https:\/\/talkpal.ai\/sv\/vocabulary\/miljo-och-naturvillkor-pa-ungerska\/#primaryimage","url":"https:\/\/talkpal.ai\/wp-content\/uploads\/2025\/12\/laptop-is-used-to-learn-languages.webp","contentUrl":"https:\/\/talkpal.ai\/wp-content\/uploads\/2025\/12\/laptop-is-used-to-learn-languages.webp","width":1200,"height":896,"caption":"A person wearing headphones uses a laptop for learning languages in a modern coworking space."},{"@type":"BreadcrumbList","@id":"https:\/\/talkpal.ai\/sv\/vocabulary\/miljo-och-naturvillkor-pa-ungerska\/#breadcrumb","itemListElement":[{"@type":"ListItem","position":1,"name":"Homepage","item":"https:\/\/talkpal.ai\/sv\/"},{"@type":"ListItem","position":2,"name":"Milj\u00f6- och naturvillkor p\u00e5 ungerska"}]},{"@type":"WebSite","@id":"https:\/\/talkpal.ai\/sv\/#website","url":"https:\/\/talkpal.ai\/sv\/","name":"Talkpal","description":"AI Language Learning","publisher":{"@id":"https:\/\/talkpal.ai\/sv\/#organization"},"alternateName":"Talkpal AI","potentialAction":[{"@type":"SearchAction","target":{"@type":"EntryPoint","urlTemplate":"https:\/\/talkpal.ai\/sv\/?s={search_term_string}"},"query-input":{"@type":"PropertyValueSpecification","valueRequired":true,"valueName":"search_term_string"}}],"inLanguage":"sv-SE"},{"@type":"Organization","@id":"https:\/\/talkpal.ai\/sv\/#organization","name":"Talkpal, Inc.","alternateName":"Talkpal AI","url":"https:\/\/talkpal.ai\/sv\/","logo":{"@type":"ImageObject","inLanguage":"sv-SE","@id":"https:\/\/talkpal.ai\/sv\/#\/schema\/logo\/image\/","url":"https:\/\/talkpal.ai\/wp-content\/uploads\/2024\/03\/Talkpal-Logo-Icon.png","contentUrl":"https:\/\/talkpal.ai\/wp-content\/uploads\/2024\/03\/Talkpal-Logo-Icon.png","width":2880,"height":2880,"caption":"Talkpal, Inc."},"image":{"@id":"https:\/\/talkpal.ai\/sv\/#\/schema\/logo\/image\/"},"sameAs":["https:\/\/www.facebook.com\/profile.php?id=100090733639311","https:\/\/x.com\/talkpalai","https:\/\/www.linkedin.com\/company\/talkpal\/","https:\/\/www.youtube.com\/@TalkPal\/","https:\/\/www.tiktok.com\/@talkpal","https:\/\/www.instagram.com\/talkpal_ai\/","https:\/\/www.crunchbase.com\/organization\/talkpal-9cde","https:\/\/www.g2.com\/products\/talkpal-for-business\/","https:\/\/www.trustpilot.com\/review\/talkpal.ai","https:\/\/www.capterra.com\/p\/10006800\/TalkPal\/"],"description":"Talkpal is a language learning web and mobile education app, powered by the latest AI technologies, that provides engaging experiences to its customers in many different languages to help them improve their language skills. Users can chat about unlimited amount of topics with the app and use other modes to practice their language learning.","email":"support@talkpal.ai","legalName":"Talkpal, Inc.","foundingDate":"2023-04-03","duns":"118989042","numberOfEmployees":{"@type":"QuantitativeValue","minValue":"11","maxValue":"50"},"publishingPrinciples":"https:\/\/talkpal.ai\/publishing-principles\/","actionableFeedbackPolicy":"https:\/\/talkpal.ai\/actionable-feedback-policy\/","correctionsPolicy":"https:\/\/talkpal.ai\/corrections-policy\/","ethicsPolicy":"https:\/\/talkpal.ai\/ethics-policy\/","diversityPolicy":"https:\/\/talkpal.ai\/diversity-policy\/","diversityStaffingReport":"https:\/\/talkpal.ai\/diversity-policy\/"}]}},"_links":{"self":[{"href":"https:\/\/talkpal.ai\/sv\/wp-json\/wp\/v2\/vocabulary\/717074","targetHints":{"allow":["GET"]}}],"collection":[{"href":"https:\/\/talkpal.ai\/sv\/wp-json\/wp\/v2\/vocabulary"}],"about":[{"href":"https:\/\/talkpal.ai\/sv\/wp-json\/wp\/v2\/types\/vocabulary"}],"wp:featuredmedia":[{"embeddable":true,"href":"https:\/\/talkpal.ai\/sv\/wp-json\/wp\/v2\/media\/1527716"}],"wp:attachment":[{"href":"https:\/\/talkpal.ai\/sv\/wp-json\/wp\/v2\/media?parent=717074"}],"wp:term":[{"taxonomy":"vocabulary_language","embeddable":true,"href":"https:\/\/talkpal.ai\/sv\/wp-json\/wp\/v2\/vocabulary_language?post=717074"}],"curies":[{"name":"wp","href":"https:\/\/api.w.org\/{rel}","templated":true}]}}