{"id":717067,"date":"2024-06-08T19:03:04","date_gmt":"2024-06-08T19:03:04","guid":{"rendered":"https:\/\/talkpal.ai\/vocabulary\/vaderrelaterade-ungerska-ord\/"},"modified":"2024-06-08T19:03:04","modified_gmt":"2024-06-08T19:03:04","slug":"vaderrelaterade-ungerska-ord","status":"publish","type":"vocabulary","link":"https:\/\/talkpal.ai\/sv\/vocabulary\/vaderrelaterade-ungerska-ord\/","title":{"rendered":"V\u00e4derrelaterade ungerska ord"},"content":{"rendered":"<p><a href=\"https:\/\/talkpal.ai\/learn-hungarian\/\">Ungerska<\/a> \u00e4r ett fascinerande spr\u00e5k med m\u00e5nga unika ord och uttryck. Att l\u00e4ra sig v\u00e4derrelaterade ord kan vara s\u00e4rskilt anv\u00e4ndbart, inte bara f\u00f6r dagliga konversationer, utan ocks\u00e5 f\u00f6r att f\u00f6rst\u00e5 nyheter och v\u00e4derleksrapporter. H\u00e4r \u00e4r en omfattande lista \u00f6ver v\u00e4derrelaterade <a href=\"https:\/\/talkpal.ai\/learn-hungarian\/\">ungerska<\/a> ord, deras definitioner och exempelmeningar f\u00f6r att hj\u00e4lpa dig p\u00e5 din spr\u00e5kinl\u00e4rningsresa.<\/p>\n<h2>Grundl\u00e4ggande V\u00e4derord<\/h2>\n<p><b>id\u0151j\u00e1r\u00e1s<\/b> &#8211; v\u00e4der<\/p>\n<p><font color=\"#2D3AC7\">Az id\u0151j\u00e1r\u00e1s ma napos \u00e9s meleg.<\/font><\/p>\n<p><b>naps\u00fct\u00e9s<\/b> &#8211; solsken<\/p>\n<p><font color=\"#2D3AC7\">A naps\u00fct\u00e9s er\u0151s volt d\u00e9lut\u00e1n.<\/font><\/p>\n<p><b>es\u0151<\/b> &#8211; regn<\/p>\n<p><font color=\"#2D3AC7\">Holnap es\u0151 v\u00e1rhat\u00f3.<\/font><\/p>\n<p><b>h\u00f3<\/b> &#8211; sn\u00f6<\/p>\n<p><font color=\"#2D3AC7\">T\u00e9len sok h\u00f3 <a href=\"https:\/\/talkpal.ai\/locations\/language-courses-in-esik\/\">esik<\/a> a hegyekben.<\/font><\/p>\n<p><b>felh\u0151<\/b> &#8211; moln<\/p>\n<p><font color=\"#2D3AC7\">Az \u00e9gen s\u00f6t\u00e9t felh\u0151k gy\u00fclekeznek.<\/font><\/p>\n<p><b>sz\u00e9l<\/b> &#8211; vind<\/p>\n<p><font color=\"#2D3AC7\">A sz\u00e9l er\u0151sen f\u00fajt az \u00e9jjel.<\/font><\/p>\n<p><b>vihar<\/b> &#8211; storm<\/p>\n<p><font color=\"#2D3AC7\">Er\u0151s vihar k\u00f6zeledik a v\u00e1ros fel\u00e9.<\/font><\/p>\n<p><b>k\u00f6d<\/b> &#8211; dimma<\/p>\n<p><font color=\"#2D3AC7\">S\u0171r\u0171 k\u00f6d bor\u00edtja a t\u00e1jat reggelente.<\/font><\/p>\n<h2>Specifika och Fenomen<\/h2>\n<p><b>h\u0151m\u00e9rs\u00e9klet<\/b> &#8211; temperatur<\/p>\n<p><font color=\"#2D3AC7\">A h\u0151m\u00e9rs\u00e9klet ma 25 fok.<\/font><\/p>\n<p><b>p\u00e1ra<\/b> &#8211; fuktighet<\/p>\n<p><font color=\"#2D3AC7\">A magas p\u00e1ra miatt nagyon melegnek \u00e9rezz\u00fck az id\u0151t.<\/font><\/p>\n<p><b>j\u00e9ges\u0151<\/b> &#8211; hagel<\/p>\n<p><font color=\"#2D3AC7\">Tegnap nagy j\u00e9ges\u0151 esett a faluban.<\/font><\/p>\n<p><b>zivatar<\/b> &#8211; \u00e5skv\u00e4der<\/p>\n<p><font color=\"#2D3AC7\">Este zivatar v\u00e1rhat\u00f3.<\/font><\/p>\n<p><b>sziv\u00e1rv\u00e1ny<\/b> &#8211; regnb\u00e5ge<\/p>\n<p><font color=\"#2D3AC7\">Az es\u0151 ut\u00e1n sz\u00e9p sziv\u00e1rv\u00e1ny jelent meg az \u00e9gen.<\/font><\/p>\n<p><b>der\u00fclt<\/b> &#8211; klar (himmel)<\/p>\n<p><font color=\"#2D3AC7\">Ma der\u00fclt az \u00e9g.<\/font><\/p>\n<p><b>borult<\/b> &#8211; molnig (himmel)<\/p>\n<p><font color=\"#2D3AC7\">Eg\u00e9sz nap borult id\u0151 lesz.<\/font><\/p>\n<h2>S\u00e4songsrelaterade Ord<\/h2>\n<p><b>tavasz<\/b> &#8211; v\u00e5r<\/p>\n<p><font color=\"#2D3AC7\">A tavasz az egyik legszebb \u00e9vszak.<\/font><\/p>\n<p><b>ny\u00e1r<\/b> &#8211; sommar<\/p>\n<p><font color=\"#2D3AC7\">A ny\u00e1r forr\u00f3 \u00e9s napos.<\/font><\/p>\n<p><b>\u0151sz<\/b> &#8211; h\u00f6st<\/p>\n<p><font color=\"#2D3AC7\">\u0150sszel lehullanak a levelek a f\u00e1kr\u00f3l.<\/font><\/p>\n<p><b>t\u00e9l<\/b> &#8211; vinter<\/p>\n<p><font color=\"#2D3AC7\">A t\u00e9l hideg \u00e9s havas.<\/font><\/p>\n<h3>Ytterligare v\u00e4derrelaterade uttryck<\/h3>\n<p><b>h\u0151s\u00e9g<\/b> &#8211; hetta<\/p>\n<p><font color=\"#2D3AC7\">A h\u0151s\u00e9g miatt sokan mennek a strandra.<\/font><\/p>\n<p><b>fagy<\/b> &#8211; frost<\/p>\n<p><font color=\"#2D3AC7\">Reggelre fagy bor\u00edtotta a kerteket.<\/font><\/p>\n<p><b>havaz\u00e1s<\/b> &#8211; sn\u00f6fall<\/p>\n<p><font color=\"#2D3AC7\">Tegnap este er\u0151s havaz\u00e1s volt.<\/font><\/p>\n<p><b>sz\u00e9lvihar<\/b> &#8211; stormvind<\/p>\n<p><font color=\"#2D3AC7\">Az er\u0151s sz\u00e9lvihar f\u00e1kat d\u00f6nt\u00f6tt ki.<\/font><\/p>\n<p><b>csapad\u00e9k<\/b> &#8211; nederb\u00f6rd<\/p>\n<p><font color=\"#2D3AC7\">A csapad\u00e9k mennyis\u00e9ge ebben a h\u00f3napban magas volt.<\/font><\/p>\n<p><b>id\u0151j\u00e1r\u00e1s-jelent\u00e9s<\/b> &#8211; v\u00e4derleksrapport<\/p>\n<p><font color=\"#2D3AC7\">Az id\u0151j\u00e1r\u00e1s-jelent\u00e9s szerint holnap esni fog.<\/font><\/p>\n<p><b>front<\/b> &#8211; front (v\u00e4derfront)<\/p>\n<p><font color=\"#2D3AC7\">Hidegfront \u00e9rkezik \u00e9s leh\u0171l\u00e9st hoz.<\/font><\/p>\n<p><b>h\u0151hull\u00e1m<\/b> &#8211; v\u00e4rmeb\u00f6lja<\/p>\n<p><font color=\"#2D3AC7\">A h\u0151hull\u00e1m miatt sokan szenvednek a melegt\u0151l.<\/font><\/p>\n<h2>V\u00e4derrelaterade verb<\/h2>\n<p><b>esik<\/b> &#8211; att regna<\/p>\n<p><font color=\"#2D3AC7\">Ma eg\u00e9sz nap esik.<\/font><\/p>\n<p><b>havazik<\/b> &#8211; att sn\u00f6a<\/p>\n<p><font color=\"#2D3AC7\">Janu\u00e1rban gyakran havazik.<\/font><\/p>\n<p><b>f\u00faj<\/b> &#8211; att bl\u00e5sa<\/p>\n<p><font color=\"#2D3AC7\">Er\u0151s sz\u00e9l f\u00faj a tengerparton.<\/font><\/p>\n<p><b>d\u00f6r\u00f6g<\/b> &#8211; att \u00e5ska<\/p>\n<p><font color=\"#2D3AC7\">Este d\u00f6r\u00f6g \u00e9s vill\u00e1mlik.<\/font><\/p>\n<p><b>melegszik<\/b> &#8211; att bli varmare<\/p>\n<p><font color=\"#2D3AC7\">Ny\u00e1ron gyorsan melegszik az id\u0151.<\/font><\/p>\n<p><b>h\u0171l<\/b> &#8211; att bli kallare<\/p>\n<p><font color=\"#2D3AC7\">\u0150sszel h\u0171lni kezd az id\u0151.<\/font><\/p>\n<p><b>borul<\/b> &#8211; att mulna<\/p>\n<p><font color=\"#2D3AC7\">D\u00e9lut\u00e1nra borul az \u00e9g.<\/font><\/p>\n<p><b>tisztul<\/b> &#8211; att klarna upp<\/p>\n<p><font color=\"#2D3AC7\">Vihar ut\u00e1n tisztul az \u00e9g.<\/font><\/p>\n<h3>Ytterligare anv\u00e4ndbara fraser<\/h3>\n<p><b>szeles id\u0151<\/b> &#8211; bl\u00e5sigt v\u00e4der<\/p>\n<p><font color=\"#2D3AC7\">Ma szeles id\u0151 <a href=\"https:\/\/talkpal.ai\/locations\/language-courses-in-van\/\">van<\/a>.<\/font><\/p>\n<p><b>csendes id\u0151<\/b> &#8211; lugnt v\u00e4der<\/p>\n<p><font color=\"#2D3AC7\">Holnap csendes id\u0151 lesz.<\/font><\/p>\n<p><b>naps\u00fct\u00e9ses id\u0151<\/b> &#8211; soligt v\u00e4der<\/p>\n<p><font color=\"#2D3AC7\">Ny\u00e1ron gyakran van naps\u00fct\u00e9ses id\u0151.<\/font><\/p>\n<p><b>felh\u0151s id\u0151<\/b> &#8211; molnigt v\u00e4der<\/p>\n<p><font color=\"#2D3AC7\">\u0150sszel sokszor van felh\u0151s id\u0151.<\/font><\/p>\n<p><b>id\u0151j\u00e1r\u00e1si viszonyok<\/b> &#8211; v\u00e4derf\u00f6rh\u00e5llanden<\/p>\n<p><font color=\"#2D3AC7\">Az id\u0151j\u00e1r\u00e1si viszonyok nehezek a hegyekben.<\/font><\/p>\n<p>Att l\u00e4ra sig dessa ungerska ord och uttryck kan hj\u00e4lpa dig att navigera v\u00e4derleksrapporter, f\u00f6rst\u00e5 samtal om v\u00e4dret och till och med <a href=\"https:\/\/talkpal.ai\/locations\/language-courses-in-delta\/\">delta<\/a> i diskussioner om olika v\u00e4derfenomen. Genom att regelbundet \u00f6va dessa ord i kontext kommer du snart att k\u00e4nna dig bekv\u00e4m med att <a href=\"https:\/\/talkpal.ai\/locations\/language-courses-in-prata\/\">prata<\/a> om v\u00e4dret p\u00e5 ungerska. Lycka till med dina studier!<\/p>\n","protected":false},"featured_media":1527903,"template":"","vocabulary_language":[4187],"class_list":["post-717067","vocabulary","type-vocabulary","status-publish","has-post-thumbnail","hentry","vocabulary_language-ungerska"],"acf":[],"yoast_head":"<!-- This site is optimized with the Yoast SEO Premium plugin v27.2 (Yoast SEO v27.2) - https:\/\/yoast.com\/product\/yoast-seo-premium-wordpress\/ -->\n<title>V\u00e4derrelaterade ungerska ord - Talkpal<\/title>\n<meta name=\"description\" content=\"Ungerska \u00e4r ett fascinerande spr\u00e5k med m\u00e5nga unika ord och uttryck. Att l\u00e4ra sig v\u00e4derrelaterade ord kan vara s\u00e4rskilt anv\u00e4ndbart, inte bara f\u00f6r dagliga\" \/>\n<meta name=\"robots\" content=\"index, follow, max-snippet:-1, max-image-preview:large, max-video-preview:-1\" \/>\n<link rel=\"canonical\" href=\"https:\/\/talkpal.ai\/sv\/vocabulary\/vaderrelaterade-ungerska-ord\/\" \/>\n<meta property=\"og:locale\" content=\"sv_SE\" \/>\n<meta property=\"og:type\" content=\"article\" \/>\n<meta property=\"og:title\" content=\"V\u00e4derrelaterade ungerska ord\" \/>\n<meta property=\"og:description\" content=\"Ungerska \u00e4r ett fascinerande spr\u00e5k med m\u00e5nga unika ord och uttryck. Att l\u00e4ra sig v\u00e4derrelaterade ord kan vara s\u00e4rskilt anv\u00e4ndbart, inte bara f\u00f6r dagliga\" \/>\n<meta property=\"og:url\" content=\"https:\/\/talkpal.ai\/sv\/vocabulary\/vaderrelaterade-ungerska-ord\/\" \/>\n<meta property=\"og:site_name\" content=\"Talkpal\" \/>\n<meta property=\"article:publisher\" content=\"https:\/\/www.facebook.com\/profile.php?id=100090733639311\" \/>\n<meta property=\"og:image\" content=\"https:\/\/talkpal.ai\/wp-content\/uploads\/2024\/10\/talkpal_flat_illustration_of_a_employees_working_together_happi_c674ff77-e477-4e09-835a-01d30e561e99.png\" \/>\n\t<meta property=\"og:image:width\" content=\"1024\" \/>\n\t<meta property=\"og:image:height\" content=\"1024\" \/>\n\t<meta property=\"og:image:type\" content=\"image\/png\" \/>\n<meta name=\"twitter:card\" content=\"summary_large_image\" \/>\n<meta name=\"twitter:site\" content=\"@talkpalai\" \/>\n<meta name=\"twitter:label1\" content=\"Ber\u00e4knad l\u00e4stid\" \/>\n\t<meta name=\"twitter:data1\" content=\"3 minuter\" \/>\n<script type=\"application\/ld+json\" class=\"yoast-schema-graph\">{\"@context\":\"https:\/\/schema.org\",\"@graph\":[{\"@type\":\"WebPage\",\"@id\":\"https:\/\/talkpal.ai\/sv\/vocabulary\/vaderrelaterade-ungerska-ord\/\",\"url\":\"https:\/\/talkpal.ai\/sv\/vocabulary\/vaderrelaterade-ungerska-ord\/\",\"name\":\"V\u00e4derrelaterade ungerska ord - Talkpal\",\"isPartOf\":{\"@id\":\"https:\/\/talkpal.ai\/sv\/#website\"},\"primaryImageOfPage\":{\"@id\":\"https:\/\/talkpal.ai\/sv\/vocabulary\/vaderrelaterade-ungerska-ord\/#primaryimage\"},\"image\":{\"@id\":\"https:\/\/talkpal.ai\/sv\/vocabulary\/vaderrelaterade-ungerska-ord\/#primaryimage\"},\"thumbnailUrl\":\"https:\/\/talkpal.ai\/wp-content\/uploads\/2025\/12\/student-is-reading-to-learn-languages.webp\",\"datePublished\":\"2024-06-08T19:03:04+00:00\",\"description\":\"Ungerska \u00e4r ett fascinerande spr\u00e5k med m\u00e5nga unika ord och uttryck. Att l\u00e4ra sig v\u00e4derrelaterade ord kan vara s\u00e4rskilt anv\u00e4ndbart, inte bara f\u00f6r dagliga\",\"breadcrumb\":{\"@id\":\"https:\/\/talkpal.ai\/sv\/vocabulary\/vaderrelaterade-ungerska-ord\/#breadcrumb\"},\"inLanguage\":\"sv-SE\",\"potentialAction\":[{\"@type\":\"ReadAction\",\"target\":[\"https:\/\/talkpal.ai\/sv\/vocabulary\/vaderrelaterade-ungerska-ord\/\"]}]},{\"@type\":\"ImageObject\",\"inLanguage\":\"sv-SE\",\"@id\":\"https:\/\/talkpal.ai\/sv\/vocabulary\/vaderrelaterade-ungerska-ord\/#primaryimage\",\"url\":\"https:\/\/talkpal.ai\/wp-content\/uploads\/2025\/12\/student-is-reading-to-learn-languages.webp\",\"contentUrl\":\"https:\/\/talkpal.ai\/wp-content\/uploads\/2025\/12\/student-is-reading-to-learn-languages.webp\",\"width\":1200,\"height\":896,\"caption\":\"A student smiles while using a laptop to learn languages in a library filled with books.\"},{\"@type\":\"BreadcrumbList\",\"@id\":\"https:\/\/talkpal.ai\/sv\/vocabulary\/vaderrelaterade-ungerska-ord\/#breadcrumb\",\"itemListElement\":[{\"@type\":\"ListItem\",\"position\":1,\"name\":\"Homepage\",\"item\":\"https:\/\/talkpal.ai\/sv\/\"},{\"@type\":\"ListItem\",\"position\":2,\"name\":\"V\u00e4derrelaterade ungerska ord\"}]},{\"@type\":\"WebSite\",\"@id\":\"https:\/\/talkpal.ai\/sv\/#website\",\"url\":\"https:\/\/talkpal.ai\/sv\/\",\"name\":\"Talkpal\",\"description\":\"AI Language Learning\",\"publisher\":{\"@id\":\"https:\/\/talkpal.ai\/sv\/#organization\"},\"alternateName\":\"Talkpal AI\",\"potentialAction\":[{\"@type\":\"SearchAction\",\"target\":{\"@type\":\"EntryPoint\",\"urlTemplate\":\"https:\/\/talkpal.ai\/sv\/?s={search_term_string}\"},\"query-input\":{\"@type\":\"PropertyValueSpecification\",\"valueRequired\":true,\"valueName\":\"search_term_string\"}}],\"inLanguage\":\"sv-SE\"},{\"@type\":\"Organization\",\"@id\":\"https:\/\/talkpal.ai\/sv\/#organization\",\"name\":\"Talkpal, Inc.\",\"alternateName\":\"Talkpal AI\",\"url\":\"https:\/\/talkpal.ai\/sv\/\",\"logo\":{\"@type\":\"ImageObject\",\"inLanguage\":\"sv-SE\",\"@id\":\"https:\/\/talkpal.ai\/sv\/#\/schema\/logo\/image\/\",\"url\":\"https:\/\/talkpal.ai\/wp-content\/uploads\/2024\/03\/Talkpal-Logo-Icon.png\",\"contentUrl\":\"https:\/\/talkpal.ai\/wp-content\/uploads\/2024\/03\/Talkpal-Logo-Icon.png\",\"width\":2880,\"height\":2880,\"caption\":\"Talkpal, Inc.\"},\"image\":{\"@id\":\"https:\/\/talkpal.ai\/sv\/#\/schema\/logo\/image\/\"},\"sameAs\":[\"https:\/\/www.facebook.com\/profile.php?id=100090733639311\",\"https:\/\/x.com\/talkpalai\",\"https:\/\/www.linkedin.com\/company\/talkpal\/\",\"https:\/\/www.youtube.com\/@TalkPal\/\",\"https:\/\/www.tiktok.com\/@talkpal\",\"https:\/\/www.instagram.com\/talkpal_ai\/\",\"https:\/\/www.crunchbase.com\/organization\/talkpal-9cde\",\"https:\/\/www.g2.com\/products\/talkpal-for-business\/\",\"https:\/\/www.trustpilot.com\/review\/talkpal.ai\",\"https:\/\/www.capterra.com\/p\/10006800\/TalkPal\/\"],\"description\":\"Talkpal is a language learning web and mobile education app, powered by the latest AI technologies, that provides engaging experiences to its customers in many different languages to help them improve their language skills. Users can chat about unlimited amount of topics with the app and use other modes to practice their language learning.\",\"email\":\"support@talkpal.ai\",\"legalName\":\"Talkpal, Inc.\",\"foundingDate\":\"2023-04-03\",\"duns\":\"118989042\",\"numberOfEmployees\":{\"@type\":\"QuantitativeValue\",\"minValue\":\"11\",\"maxValue\":\"50\"},\"publishingPrinciples\":\"https:\/\/talkpal.ai\/publishing-principles\/\",\"actionableFeedbackPolicy\":\"https:\/\/talkpal.ai\/actionable-feedback-policy\/\",\"correctionsPolicy\":\"https:\/\/talkpal.ai\/corrections-policy\/\",\"ethicsPolicy\":\"https:\/\/talkpal.ai\/ethics-policy\/\",\"diversityPolicy\":\"https:\/\/talkpal.ai\/diversity-policy\/\",\"diversityStaffingReport\":\"https:\/\/talkpal.ai\/diversity-policy\/\"}]}<\/script>\n<!-- \/ Yoast SEO Premium plugin. -->","yoast_head_json":{"title":"V\u00e4derrelaterade ungerska ord - Talkpal","description":"Ungerska \u00e4r ett fascinerande spr\u00e5k med m\u00e5nga unika ord och uttryck. Att l\u00e4ra sig v\u00e4derrelaterade ord kan vara s\u00e4rskilt anv\u00e4ndbart, inte bara f\u00f6r dagliga","robots":{"index":"index","follow":"follow","max-snippet":"max-snippet:-1","max-image-preview":"max-image-preview:large","max-video-preview":"max-video-preview:-1"},"canonical":"https:\/\/talkpal.ai\/sv\/vocabulary\/vaderrelaterade-ungerska-ord\/","og_locale":"sv_SE","og_type":"article","og_title":"V\u00e4derrelaterade ungerska ord","og_description":"Ungerska \u00e4r ett fascinerande spr\u00e5k med m\u00e5nga unika ord och uttryck. Att l\u00e4ra sig v\u00e4derrelaterade ord kan vara s\u00e4rskilt anv\u00e4ndbart, inte bara f\u00f6r dagliga","og_url":"https:\/\/talkpal.ai\/sv\/vocabulary\/vaderrelaterade-ungerska-ord\/","og_site_name":"Talkpal","article_publisher":"https:\/\/www.facebook.com\/profile.php?id=100090733639311","og_image":[{"width":1024,"height":1024,"url":"https:\/\/talkpal.ai\/wp-content\/uploads\/2024\/10\/talkpal_flat_illustration_of_a_employees_working_together_happi_c674ff77-e477-4e09-835a-01d30e561e99.png","type":"image\/png"}],"twitter_card":"summary_large_image","twitter_site":"@talkpalai","twitter_misc":{"Ber\u00e4knad l\u00e4stid":"3 minuter"},"schema":{"@context":"https:\/\/schema.org","@graph":[{"@type":"WebPage","@id":"https:\/\/talkpal.ai\/sv\/vocabulary\/vaderrelaterade-ungerska-ord\/","url":"https:\/\/talkpal.ai\/sv\/vocabulary\/vaderrelaterade-ungerska-ord\/","name":"V\u00e4derrelaterade ungerska ord - Talkpal","isPartOf":{"@id":"https:\/\/talkpal.ai\/sv\/#website"},"primaryImageOfPage":{"@id":"https:\/\/talkpal.ai\/sv\/vocabulary\/vaderrelaterade-ungerska-ord\/#primaryimage"},"image":{"@id":"https:\/\/talkpal.ai\/sv\/vocabulary\/vaderrelaterade-ungerska-ord\/#primaryimage"},"thumbnailUrl":"https:\/\/talkpal.ai\/wp-content\/uploads\/2025\/12\/student-is-reading-to-learn-languages.webp","datePublished":"2024-06-08T19:03:04+00:00","description":"Ungerska \u00e4r ett fascinerande spr\u00e5k med m\u00e5nga unika ord och uttryck. Att l\u00e4ra sig v\u00e4derrelaterade ord kan vara s\u00e4rskilt anv\u00e4ndbart, inte bara f\u00f6r dagliga","breadcrumb":{"@id":"https:\/\/talkpal.ai\/sv\/vocabulary\/vaderrelaterade-ungerska-ord\/#breadcrumb"},"inLanguage":"sv-SE","potentialAction":[{"@type":"ReadAction","target":["https:\/\/talkpal.ai\/sv\/vocabulary\/vaderrelaterade-ungerska-ord\/"]}]},{"@type":"ImageObject","inLanguage":"sv-SE","@id":"https:\/\/talkpal.ai\/sv\/vocabulary\/vaderrelaterade-ungerska-ord\/#primaryimage","url":"https:\/\/talkpal.ai\/wp-content\/uploads\/2025\/12\/student-is-reading-to-learn-languages.webp","contentUrl":"https:\/\/talkpal.ai\/wp-content\/uploads\/2025\/12\/student-is-reading-to-learn-languages.webp","width":1200,"height":896,"caption":"A student smiles while using a laptop to learn languages in a library filled with books."},{"@type":"BreadcrumbList","@id":"https:\/\/talkpal.ai\/sv\/vocabulary\/vaderrelaterade-ungerska-ord\/#breadcrumb","itemListElement":[{"@type":"ListItem","position":1,"name":"Homepage","item":"https:\/\/talkpal.ai\/sv\/"},{"@type":"ListItem","position":2,"name":"V\u00e4derrelaterade ungerska ord"}]},{"@type":"WebSite","@id":"https:\/\/talkpal.ai\/sv\/#website","url":"https:\/\/talkpal.ai\/sv\/","name":"Talkpal","description":"AI Language Learning","publisher":{"@id":"https:\/\/talkpal.ai\/sv\/#organization"},"alternateName":"Talkpal AI","potentialAction":[{"@type":"SearchAction","target":{"@type":"EntryPoint","urlTemplate":"https:\/\/talkpal.ai\/sv\/?s={search_term_string}"},"query-input":{"@type":"PropertyValueSpecification","valueRequired":true,"valueName":"search_term_string"}}],"inLanguage":"sv-SE"},{"@type":"Organization","@id":"https:\/\/talkpal.ai\/sv\/#organization","name":"Talkpal, Inc.","alternateName":"Talkpal AI","url":"https:\/\/talkpal.ai\/sv\/","logo":{"@type":"ImageObject","inLanguage":"sv-SE","@id":"https:\/\/talkpal.ai\/sv\/#\/schema\/logo\/image\/","url":"https:\/\/talkpal.ai\/wp-content\/uploads\/2024\/03\/Talkpal-Logo-Icon.png","contentUrl":"https:\/\/talkpal.ai\/wp-content\/uploads\/2024\/03\/Talkpal-Logo-Icon.png","width":2880,"height":2880,"caption":"Talkpal, Inc."},"image":{"@id":"https:\/\/talkpal.ai\/sv\/#\/schema\/logo\/image\/"},"sameAs":["https:\/\/www.facebook.com\/profile.php?id=100090733639311","https:\/\/x.com\/talkpalai","https:\/\/www.linkedin.com\/company\/talkpal\/","https:\/\/www.youtube.com\/@TalkPal\/","https:\/\/www.tiktok.com\/@talkpal","https:\/\/www.instagram.com\/talkpal_ai\/","https:\/\/www.crunchbase.com\/organization\/talkpal-9cde","https:\/\/www.g2.com\/products\/talkpal-for-business\/","https:\/\/www.trustpilot.com\/review\/talkpal.ai","https:\/\/www.capterra.com\/p\/10006800\/TalkPal\/"],"description":"Talkpal is a language learning web and mobile education app, powered by the latest AI technologies, that provides engaging experiences to its customers in many different languages to help them improve their language skills. Users can chat about unlimited amount of topics with the app and use other modes to practice their language learning.","email":"support@talkpal.ai","legalName":"Talkpal, Inc.","foundingDate":"2023-04-03","duns":"118989042","numberOfEmployees":{"@type":"QuantitativeValue","minValue":"11","maxValue":"50"},"publishingPrinciples":"https:\/\/talkpal.ai\/publishing-principles\/","actionableFeedbackPolicy":"https:\/\/talkpal.ai\/actionable-feedback-policy\/","correctionsPolicy":"https:\/\/talkpal.ai\/corrections-policy\/","ethicsPolicy":"https:\/\/talkpal.ai\/ethics-policy\/","diversityPolicy":"https:\/\/talkpal.ai\/diversity-policy\/","diversityStaffingReport":"https:\/\/talkpal.ai\/diversity-policy\/"}]}},"_links":{"self":[{"href":"https:\/\/talkpal.ai\/sv\/wp-json\/wp\/v2\/vocabulary\/717067","targetHints":{"allow":["GET"]}}],"collection":[{"href":"https:\/\/talkpal.ai\/sv\/wp-json\/wp\/v2\/vocabulary"}],"about":[{"href":"https:\/\/talkpal.ai\/sv\/wp-json\/wp\/v2\/types\/vocabulary"}],"wp:featuredmedia":[{"embeddable":true,"href":"https:\/\/talkpal.ai\/sv\/wp-json\/wp\/v2\/media\/1527903"}],"wp:attachment":[{"href":"https:\/\/talkpal.ai\/sv\/wp-json\/wp\/v2\/media?parent=717067"}],"wp:term":[{"taxonomy":"vocabulary_language","embeddable":true,"href":"https:\/\/talkpal.ai\/sv\/wp-json\/wp\/v2\/vocabulary_language?post=717067"}],"curies":[{"name":"wp","href":"https:\/\/api.w.org\/{rel}","templated":true}]}}