{"id":716933,"date":"2024-06-08T18:52:04","date_gmt":"2024-06-08T18:52:04","guid":{"rendered":"https:\/\/talkpal.ai\/vocabulary\/ord-for-klader-och-accessoarer-pa-galiciska\/"},"modified":"2024-06-08T18:52:04","modified_gmt":"2024-06-08T18:52:04","slug":"ord-for-klader-och-accessoarer-pa-galiciska","status":"publish","type":"vocabulary","link":"https:\/\/talkpal.ai\/sv\/vocabulary\/ord-for-klader-och-accessoarer-pa-galiciska\/","title":{"rendered":"Ord f\u00f6r kl\u00e4der och accessoarer p\u00e5 galiciska"},"content":{"rendered":"<p>Att l\u00e4ra sig nya ord f\u00f6r kl\u00e4der och accessoarer kan vara b\u00e5de roligt och anv\u00e4ndbart, s\u00e4rskilt n\u00e4r du reser eller kommunicerar med inf\u00f6dda talare. I denna artikel ska vi utforska en m\u00e4ngd olika <a href=\"https:\/\/talkpal.ai\/learn-galician\/\">galiciska<\/a> ord som r\u00f6r kl\u00e4der och accessoarer. Genom att f\u00f6rst\u00e5 dessa ord kan du f\u00f6rb\u00e4ttra ditt ordf\u00f6rr\u00e5d och k\u00e4nna dig mer sj\u00e4lvs\u00e4ker i konversationer.<\/p>\n<h2>Kl\u00e4der p\u00e5 galiciska<\/h2>\n<h3>Ropa<\/h3>\n<p><b>Ropa<\/b> \u00e4r det galiciska ordet f\u00f6r kl\u00e4der i allm\u00e4nhet.<br \/>\n<font color=\"#2D3AC7\">G\u00fastame a t\u00faa <b>ropa<\/b>.<\/font><\/p>\n<h3>Camisa<\/h3>\n<p><b>Camisa<\/b> betyder skjorta.<br \/>\n<font color=\"#2D3AC7\">El leva unha <b>camisa<\/b> branca.<\/font><\/p>\n<h3>Pantal\u00f3ns<\/h3>\n<p><b>Pantal\u00f3ns<\/b> \u00e4r ordet f\u00f6r byxor.<br \/>\n<font color=\"#2D3AC7\">Necesito uns novos <b>pantal\u00f3ns<\/b>.<\/font><\/p>\n<h3>Falda<\/h3>\n<p><b>Falda<\/b> betyder kjol.<br \/>\n<font color=\"#2D3AC7\">Ela mercou unha nova <b>falda<\/b>.<\/font><\/p>\n<h3>Vestido<\/h3>\n<p><b>Vestido<\/b> \u00e4r ordet f\u00f6r kl\u00e4nning.<br \/>\n<font color=\"#2D3AC7\">O <b>vestido<\/b> \u00e9 moi elegante.<\/font><\/p>\n<h3>Chaqueta<\/h3>\n<p><b>Chaqueta<\/b> betyder jacka.<br \/>\n<font color=\"#2D3AC7\">Necesitas unha <b>chaqueta<\/b> para o fr\u00edo.<\/font><\/p>\n<h3>Su\u00e9ter<\/h3>\n<p><b>Su\u00e9ter<\/b> \u00e4r ordet f\u00f6r tr\u00f6ja.<br \/>\n<font color=\"#2D3AC7\">Este <b>su\u00e9ter<\/b> \u00e9 moi c\u00f3modo.<\/font><\/p>\n<h3>Abrigo<\/h3>\n<p><b>Abrigo<\/b> betyder kappa eller rock.<br \/>\n<font color=\"#2D3AC7\">Este <b>abrigo<\/b> \u00e9 perfecto para o inverno.<\/font><\/p>\n<h3>Pantal\u00f3ns curtos<\/h3>\n<p><b>Pantal\u00f3ns curtos<\/b> \u00e4r ordet f\u00f6r shorts.<br \/>\n<font color=\"#2D3AC7\">G\u00fastame levar <b>pantal\u00f3ns curtos<\/b> no ver\u00e1n.<\/font><\/p>\n<h3>Traxe<\/h3>\n<p><b>Traxe<\/b> betyder kostym.<br \/>\n<font color=\"#2D3AC7\">O seu <b>traxe<\/b> \u00e9 moi formal.<\/font><\/p>\n<h2>Accessoarer p\u00e5 galiciska<\/h2>\n<h3>Sombrero<\/h3>\n<p><b>Sombrero<\/b> \u00e4r det galiciska ordet f\u00f6r hatt.<br \/>\n<font color=\"#2D3AC7\">Leva un <b>sombrero<\/b> de palla.<\/font><\/p>\n<h3>Bufanda<\/h3>\n<p><b>Bufanda<\/b> betyder halsduk.<br \/>\n<font color=\"#2D3AC7\">Necesito unha <b>bufanda<\/b> para o inverno.<\/font><\/p>\n<h3>Luvas<\/h3>\n<p><b>Luvas<\/b> \u00e4r ordet f\u00f6r handskar.<br \/>\n<font color=\"#2D3AC7\">As <b>luvas<\/b> son de coiro.<\/font><\/p>\n<h3>Zapatos<\/h3>\n<p><b>Zapatos<\/b> betyder skor.<br \/>\n<font color=\"#2D3AC7\">G\u00fastanche os meus <b>zapatos<\/b> novos?<\/font><\/p>\n<h3>Bolsillo<\/h3>\n<p><b>Bolsillo<\/b> \u00e4r ordet f\u00f6r ficka.<br \/>\n<font color=\"#2D3AC7\">Este <b>bolsillo<\/b> \u00e9 moi fondo.<\/font><\/p>\n<h3>Reloxo<\/h3>\n<p><b>Reloxo<\/b> betyder klocka.<br \/>\n<font color=\"#2D3AC7\">O <b>reloxo<\/b> marca as tres.<\/font><\/p>\n<h3>Gafas<\/h3>\n<p><b>Gafas<\/b> \u00e4r ordet f\u00f6r glas\u00f6gon.<br \/>\n<font color=\"#2D3AC7\">Necesito as mi\u00f1as <b>gafas<\/b> para ler.<\/font><\/p>\n<h3>Pulsera<\/h3>\n<p><b>Pulsera<\/b> betyder armband.<br \/>\n<font color=\"#2D3AC7\">A <b>pulsera<\/b> \u00e9 de <a href=\"https:\/\/talkpal.ai\/locations\/language-courses-in-prata\/\">prata<\/a>.<\/font><\/p>\n<h3>Bolso<\/h3>\n<p><b>Bolso<\/b> \u00e4r ordet f\u00f6r handv\u00e4ska.<br \/>\n<font color=\"#2D3AC7\">Ela leva un <b>bolso<\/b> moi <a href=\"https:\/\/talkpal.ai\/locations\/language-courses-in-bonito\/\">bonito<\/a>.<\/font><\/p>\n<h3>Paraugas<\/h3>\n<p><b>Paraugas<\/b> betyder paraply.<br \/>\n<font color=\"#2D3AC7\">Non esquezas o <b>paraugas<\/b>.<\/font><\/p>\n<h3>Pendentes<\/h3>\n<p><b>Pendentes<\/b> \u00e4r ordet f\u00f6r \u00f6rh\u00e4ngen.<br \/>\n<font color=\"#2D3AC7\">Os <b>pendentes<\/b> son moi elegantes.<\/font><\/p>\n<h2>Fler ord f\u00f6r kl\u00e4der och accessoarer<\/h2>\n<h3>Sandalias<\/h3>\n<p><b>Sandalias<\/b> betyder sandaler.<br \/>\n<font color=\"#2D3AC7\">Prefiro levar <b>sandalias<\/b> no ver\u00e1n.<\/font><\/p>\n<h3>Calcet\u00edns<\/h3>\n<p><b>Calcet\u00edns<\/b> \u00e4r ordet f\u00f6r strumpor.<br \/>\n<font color=\"#2D3AC7\">Os <b>calcet\u00edns<\/b> son de la.<\/font><\/p>\n<h3>Calz\u00f3ns<\/h3>\n<p><b>Calz\u00f3ns<\/b> betyder kalsonger.<br \/>\n<font color=\"#2D3AC7\">Necesito mercar novos <b>calz\u00f3ns<\/b>.<\/font><\/p>\n<h3>Sost\u00e9n<\/h3>\n<p><b>Sost\u00e9n<\/b> \u00e4r ordet f\u00f6r bh.<br \/>\n<font color=\"#2D3AC7\">O <b>sost\u00e9n<\/b> \u00e9 moi c\u00f3modo.<\/font><\/p>\n<h3>Chap\u00e9u<\/h3>\n<p><b>Chap\u00e9u<\/b> betyder hatt.<br \/>\n<font color=\"#2D3AC7\">Ela leva un <b>chap\u00e9u<\/b> de ver\u00e1n.<\/font><\/p>\n<h3>Cinto<\/h3>\n<p><b>Cinto<\/b> \u00e4r ordet f\u00f6r b\u00e4lte.<br \/>\n<font color=\"#2D3AC7\">O <b>cinto<\/b> \u00e9 de coiro.<\/font><\/p>\n<h3>Bata<\/h3>\n<p><b>Bata<\/b> betyder morgonrock eller rock.<br \/>\n<font color=\"#2D3AC7\">G\u00fastame levar a mi\u00f1a <b>bata<\/b> pola ma\u00f1\u00e1.<\/font><\/p>\n<h3>Chaleco<\/h3>\n<p><b>Chaleco<\/b> \u00e4r ordet f\u00f6r v\u00e4st.<br \/>\n<font color=\"#2D3AC7\">O <b>chaleco<\/b> fai xogo co traxe.<\/font><\/p>\n<h3>Pijama<\/h3>\n<p><b>Pijama<\/b> betyder pyjamas.<br \/>\n<font color=\"#2D3AC7\">O meu <b>pijama<\/b> \u00e9 de seda.<\/font><\/p>\n<h3>Gorro<\/h3>\n<p><b>Gorro<\/b> \u00e4r ordet f\u00f6r m\u00f6ssa.<br \/>\n<font color=\"#2D3AC7\">Necesitas un <b>gorro<\/b> para o fr\u00edo.<\/font><\/p>\n<h3>Traxe de ba\u00f1o<\/h3>\n<p><b>Traxe de ba\u00f1o<\/b> betyder baddr\u00e4kt.<br \/>\n<font color=\"#2D3AC7\">O <b>traxe de ba\u00f1o<\/b> \u00e9 moi colorido.<\/font><\/p>\n<h3>Chanclas<\/h3>\n<p><b>Chanclas<\/b> \u00e4r ordet f\u00f6r flip-flops.<br \/>\n<font color=\"#2D3AC7\">Levo <b>chanclas<\/b> \u00e1 praia.<\/font><\/p>\n<h3>Medias<\/h3>\n<p><b>Medias<\/b> betyder strumpbyxor.<br \/>\n<font color=\"#2D3AC7\">As <b>medias<\/b> son de nylon.<\/font><\/p>\n<h3>Botas<\/h3>\n<p><b>Botas<\/b> \u00e4r ordet f\u00f6r st\u00f6vlar.<br \/>\n<font color=\"#2D3AC7\">As <b>botas<\/b> son impermeables.<\/font><\/p>\n<h3>Ch\u00e1ndal<\/h3>\n<p><b>Ch\u00e1ndal<\/b> betyder tr\u00e4ningsdr\u00e4kt.<br \/>\n<font color=\"#2D3AC7\">Leva un <b>ch\u00e1ndal<\/b> para facer deporte.<\/font><\/p>\n<h3>Camiseta<\/h3>\n<p><b>Camiseta<\/b> \u00e4r ordet f\u00f6r t-shirt.<br \/>\n<font color=\"#2D3AC7\">A <b>camiseta<\/b> \u00e9 de algod\u00f3n.<\/font><\/p>\n<h3>Bragas<\/h3>\n<p><b>Bragas<\/b> betyder trosor.<br \/>\n<font color=\"#2D3AC7\">Necesito mercar novas <b>bragas<\/b>.<\/font><\/p>\n<h3>Mono<\/h3>\n<p><b>Mono<\/b> \u00e4r ordet f\u00f6r overall.<br \/>\n<font color=\"#2D3AC7\">El traballa cun <b>mono<\/b>.<\/font><\/p>\n<h3>Delantal<\/h3>\n<p><b>Delantal<\/b> betyder f\u00f6rkl\u00e4de.<br \/>\n<font color=\"#2D3AC7\">Ela leva un <b>delantal<\/b> para coci\u00f1ar.<\/font><\/p>\n<h2>Sammanfattning<\/h2>\n<p>Att l\u00e4ra sig ord f\u00f6r kl\u00e4der och accessoarer p\u00e5 galiciska \u00e4r ett utm\u00e4rkt s\u00e4tt att f\u00f6rb\u00e4ttra ditt ordf\u00f6rr\u00e5d och g\u00f6ra dig mer flytande i spr\u00e5ket. Genom att anv\u00e4nda dessa ord i vardagliga konversationer kan du inte bara f\u00f6rst\u00e5 andra b\u00e4ttre, utan \u00e4ven uttrycka dig mer exakt. Forts\u00e4tt \u00f6va och utforska spr\u00e5ket f\u00f6r att uppt\u00e4cka \u00e4nnu fler anv\u00e4ndbara ord och fraser. Lycka till med din <a href=\"https:\/\/talkpal.ai\/sv\/hur-lar-man-sig-ett-sprak-via-talkpal-chat\/\">spr\u00e5kinl\u00e4rning<\/a>!<\/p>\n","protected":false},"featured_media":1527662,"template":"","vocabulary_language":[4184],"class_list":["post-716933","vocabulary","type-vocabulary","status-publish","has-post-thumbnail","hentry","vocabulary_language-galiciska"],"acf":[],"yoast_head":"<!-- This site is optimized with the Yoast SEO Premium plugin v27.2 (Yoast SEO v27.2) - https:\/\/yoast.com\/product\/yoast-seo-premium-wordpress\/ -->\n<title>Ord f\u00f6r kl\u00e4der och accessoarer p\u00e5 galiciska - Talkpal<\/title>\n<meta name=\"description\" content=\"Att l\u00e4ra sig nya ord f\u00f6r kl\u00e4der och accessoarer kan vara b\u00e5de roligt och anv\u00e4ndbart, s\u00e4rskilt n\u00e4r du reser eller kommunicerar med inf\u00f6dda talare. I denna\" \/>\n<meta name=\"robots\" content=\"index, follow, max-snippet:-1, max-image-preview:large, max-video-preview:-1\" \/>\n<link rel=\"canonical\" href=\"https:\/\/talkpal.ai\/sv\/vocabulary\/ord-for-klader-och-accessoarer-pa-galiciska\/\" \/>\n<meta property=\"og:locale\" content=\"sv_SE\" \/>\n<meta property=\"og:type\" content=\"article\" \/>\n<meta property=\"og:title\" content=\"Ord f\u00f6r kl\u00e4der och accessoarer p\u00e5 galiciska\" \/>\n<meta property=\"og:description\" content=\"Att l\u00e4ra sig nya ord f\u00f6r kl\u00e4der och accessoarer kan vara b\u00e5de roligt och anv\u00e4ndbart, s\u00e4rskilt n\u00e4r du reser eller kommunicerar med inf\u00f6dda talare. I denna\" \/>\n<meta property=\"og:url\" content=\"https:\/\/talkpal.ai\/sv\/vocabulary\/ord-for-klader-och-accessoarer-pa-galiciska\/\" \/>\n<meta property=\"og:site_name\" content=\"Talkpal\" \/>\n<meta property=\"article:publisher\" content=\"https:\/\/www.facebook.com\/profile.php?id=100090733639311\" \/>\n<meta property=\"og:image\" content=\"https:\/\/talkpal.ai\/wp-content\/uploads\/2024\/10\/talkpal_flat_illustration_of_a_employees_working_together_happi_c674ff77-e477-4e09-835a-01d30e561e99.png\" \/>\n\t<meta property=\"og:image:width\" content=\"1024\" \/>\n\t<meta property=\"og:image:height\" content=\"1024\" \/>\n\t<meta property=\"og:image:type\" content=\"image\/png\" \/>\n<meta name=\"twitter:card\" content=\"summary_large_image\" \/>\n<meta name=\"twitter:site\" content=\"@talkpalai\" \/>\n<meta name=\"twitter:label1\" content=\"Ber\u00e4knad l\u00e4stid\" \/>\n\t<meta name=\"twitter:data1\" content=\"3 minuter\" \/>\n<script type=\"application\/ld+json\" class=\"yoast-schema-graph\">{\"@context\":\"https:\/\/schema.org\",\"@graph\":[{\"@type\":\"WebPage\",\"@id\":\"https:\/\/talkpal.ai\/sv\/vocabulary\/ord-for-klader-och-accessoarer-pa-galiciska\/\",\"url\":\"https:\/\/talkpal.ai\/sv\/vocabulary\/ord-for-klader-och-accessoarer-pa-galiciska\/\",\"name\":\"Ord f\u00f6r kl\u00e4der och accessoarer p\u00e5 galiciska - Talkpal\",\"isPartOf\":{\"@id\":\"https:\/\/talkpal.ai\/sv\/#website\"},\"primaryImageOfPage\":{\"@id\":\"https:\/\/talkpal.ai\/sv\/vocabulary\/ord-for-klader-och-accessoarer-pa-galiciska\/#primaryimage\"},\"image\":{\"@id\":\"https:\/\/talkpal.ai\/sv\/vocabulary\/ord-for-klader-och-accessoarer-pa-galiciska\/#primaryimage\"},\"thumbnailUrl\":\"https:\/\/talkpal.ai\/wp-content\/uploads\/2025\/12\/friends-share-screen-to-learn-languages.webp\",\"datePublished\":\"2024-06-08T18:52:04+00:00\",\"description\":\"Att l\u00e4ra sig nya ord f\u00f6r kl\u00e4der och accessoarer kan vara b\u00e5de roligt och anv\u00e4ndbart, s\u00e4rskilt n\u00e4r du reser eller kommunicerar med inf\u00f6dda talare. I denna\",\"breadcrumb\":{\"@id\":\"https:\/\/talkpal.ai\/sv\/vocabulary\/ord-for-klader-och-accessoarer-pa-galiciska\/#breadcrumb\"},\"inLanguage\":\"sv-SE\",\"potentialAction\":[{\"@type\":\"ReadAction\",\"target\":[\"https:\/\/talkpal.ai\/sv\/vocabulary\/ord-for-klader-och-accessoarer-pa-galiciska\/\"]}]},{\"@type\":\"ImageObject\",\"inLanguage\":\"sv-SE\",\"@id\":\"https:\/\/talkpal.ai\/sv\/vocabulary\/ord-for-klader-och-accessoarer-pa-galiciska\/#primaryimage\",\"url\":\"https:\/\/talkpal.ai\/wp-content\/uploads\/2025\/12\/friends-share-screen-to-learn-languages.webp\",\"contentUrl\":\"https:\/\/talkpal.ai\/wp-content\/uploads\/2025\/12\/friends-share-screen-to-learn-languages.webp\",\"width\":1200,\"height\":896,\"caption\":\"A small group of friends looks at a laptop while learning languages in a library.\"},{\"@type\":\"BreadcrumbList\",\"@id\":\"https:\/\/talkpal.ai\/sv\/vocabulary\/ord-for-klader-och-accessoarer-pa-galiciska\/#breadcrumb\",\"itemListElement\":[{\"@type\":\"ListItem\",\"position\":1,\"name\":\"Homepage\",\"item\":\"https:\/\/talkpal.ai\/sv\/\"},{\"@type\":\"ListItem\",\"position\":2,\"name\":\"Ord f\u00f6r kl\u00e4der och accessoarer p\u00e5 galiciska\"}]},{\"@type\":\"WebSite\",\"@id\":\"https:\/\/talkpal.ai\/sv\/#website\",\"url\":\"https:\/\/talkpal.ai\/sv\/\",\"name\":\"Talkpal\",\"description\":\"AI Language Learning\",\"publisher\":{\"@id\":\"https:\/\/talkpal.ai\/sv\/#organization\"},\"alternateName\":\"Talkpal AI\",\"potentialAction\":[{\"@type\":\"SearchAction\",\"target\":{\"@type\":\"EntryPoint\",\"urlTemplate\":\"https:\/\/talkpal.ai\/sv\/?s={search_term_string}\"},\"query-input\":{\"@type\":\"PropertyValueSpecification\",\"valueRequired\":true,\"valueName\":\"search_term_string\"}}],\"inLanguage\":\"sv-SE\"},{\"@type\":\"Organization\",\"@id\":\"https:\/\/talkpal.ai\/sv\/#organization\",\"name\":\"Talkpal, Inc.\",\"alternateName\":\"Talkpal AI\",\"url\":\"https:\/\/talkpal.ai\/sv\/\",\"logo\":{\"@type\":\"ImageObject\",\"inLanguage\":\"sv-SE\",\"@id\":\"https:\/\/talkpal.ai\/sv\/#\/schema\/logo\/image\/\",\"url\":\"https:\/\/talkpal.ai\/wp-content\/uploads\/2024\/03\/Talkpal-Logo-Icon.png\",\"contentUrl\":\"https:\/\/talkpal.ai\/wp-content\/uploads\/2024\/03\/Talkpal-Logo-Icon.png\",\"width\":2880,\"height\":2880,\"caption\":\"Talkpal, Inc.\"},\"image\":{\"@id\":\"https:\/\/talkpal.ai\/sv\/#\/schema\/logo\/image\/\"},\"sameAs\":[\"https:\/\/www.facebook.com\/profile.php?id=100090733639311\",\"https:\/\/x.com\/talkpalai\",\"https:\/\/www.linkedin.com\/company\/talkpal\/\",\"https:\/\/www.youtube.com\/@TalkPal\/\",\"https:\/\/www.tiktok.com\/@talkpal\",\"https:\/\/www.instagram.com\/talkpal_ai\/\",\"https:\/\/www.crunchbase.com\/organization\/talkpal-9cde\",\"https:\/\/www.g2.com\/products\/talkpal-for-business\/\",\"https:\/\/www.trustpilot.com\/review\/talkpal.ai\",\"https:\/\/www.capterra.com\/p\/10006800\/TalkPal\/\"],\"description\":\"Talkpal is a language learning web and mobile education app, powered by the latest AI technologies, that provides engaging experiences to its customers in many different languages to help them improve their language skills. Users can chat about unlimited amount of topics with the app and use other modes to practice their language learning.\",\"email\":\"support@talkpal.ai\",\"legalName\":\"Talkpal, Inc.\",\"foundingDate\":\"2023-04-03\",\"duns\":\"118989042\",\"numberOfEmployees\":{\"@type\":\"QuantitativeValue\",\"minValue\":\"11\",\"maxValue\":\"50\"},\"publishingPrinciples\":\"https:\/\/talkpal.ai\/publishing-principles\/\",\"actionableFeedbackPolicy\":\"https:\/\/talkpal.ai\/actionable-feedback-policy\/\",\"correctionsPolicy\":\"https:\/\/talkpal.ai\/corrections-policy\/\",\"ethicsPolicy\":\"https:\/\/talkpal.ai\/ethics-policy\/\",\"diversityPolicy\":\"https:\/\/talkpal.ai\/diversity-policy\/\",\"diversityStaffingReport\":\"https:\/\/talkpal.ai\/diversity-policy\/\"}]}<\/script>\n<!-- \/ Yoast SEO Premium plugin. -->","yoast_head_json":{"title":"Ord f\u00f6r kl\u00e4der och accessoarer p\u00e5 galiciska - Talkpal","description":"Att l\u00e4ra sig nya ord f\u00f6r kl\u00e4der och accessoarer kan vara b\u00e5de roligt och anv\u00e4ndbart, s\u00e4rskilt n\u00e4r du reser eller kommunicerar med inf\u00f6dda talare. I denna","robots":{"index":"index","follow":"follow","max-snippet":"max-snippet:-1","max-image-preview":"max-image-preview:large","max-video-preview":"max-video-preview:-1"},"canonical":"https:\/\/talkpal.ai\/sv\/vocabulary\/ord-for-klader-och-accessoarer-pa-galiciska\/","og_locale":"sv_SE","og_type":"article","og_title":"Ord f\u00f6r kl\u00e4der och accessoarer p\u00e5 galiciska","og_description":"Att l\u00e4ra sig nya ord f\u00f6r kl\u00e4der och accessoarer kan vara b\u00e5de roligt och anv\u00e4ndbart, s\u00e4rskilt n\u00e4r du reser eller kommunicerar med inf\u00f6dda talare. I denna","og_url":"https:\/\/talkpal.ai\/sv\/vocabulary\/ord-for-klader-och-accessoarer-pa-galiciska\/","og_site_name":"Talkpal","article_publisher":"https:\/\/www.facebook.com\/profile.php?id=100090733639311","og_image":[{"width":1024,"height":1024,"url":"https:\/\/talkpal.ai\/wp-content\/uploads\/2024\/10\/talkpal_flat_illustration_of_a_employees_working_together_happi_c674ff77-e477-4e09-835a-01d30e561e99.png","type":"image\/png"}],"twitter_card":"summary_large_image","twitter_site":"@talkpalai","twitter_misc":{"Ber\u00e4knad l\u00e4stid":"3 minuter"},"schema":{"@context":"https:\/\/schema.org","@graph":[{"@type":"WebPage","@id":"https:\/\/talkpal.ai\/sv\/vocabulary\/ord-for-klader-och-accessoarer-pa-galiciska\/","url":"https:\/\/talkpal.ai\/sv\/vocabulary\/ord-for-klader-och-accessoarer-pa-galiciska\/","name":"Ord f\u00f6r kl\u00e4der och accessoarer p\u00e5 galiciska - Talkpal","isPartOf":{"@id":"https:\/\/talkpal.ai\/sv\/#website"},"primaryImageOfPage":{"@id":"https:\/\/talkpal.ai\/sv\/vocabulary\/ord-for-klader-och-accessoarer-pa-galiciska\/#primaryimage"},"image":{"@id":"https:\/\/talkpal.ai\/sv\/vocabulary\/ord-for-klader-och-accessoarer-pa-galiciska\/#primaryimage"},"thumbnailUrl":"https:\/\/talkpal.ai\/wp-content\/uploads\/2025\/12\/friends-share-screen-to-learn-languages.webp","datePublished":"2024-06-08T18:52:04+00:00","description":"Att l\u00e4ra sig nya ord f\u00f6r kl\u00e4der och accessoarer kan vara b\u00e5de roligt och anv\u00e4ndbart, s\u00e4rskilt n\u00e4r du reser eller kommunicerar med inf\u00f6dda talare. I denna","breadcrumb":{"@id":"https:\/\/talkpal.ai\/sv\/vocabulary\/ord-for-klader-och-accessoarer-pa-galiciska\/#breadcrumb"},"inLanguage":"sv-SE","potentialAction":[{"@type":"ReadAction","target":["https:\/\/talkpal.ai\/sv\/vocabulary\/ord-for-klader-och-accessoarer-pa-galiciska\/"]}]},{"@type":"ImageObject","inLanguage":"sv-SE","@id":"https:\/\/talkpal.ai\/sv\/vocabulary\/ord-for-klader-och-accessoarer-pa-galiciska\/#primaryimage","url":"https:\/\/talkpal.ai\/wp-content\/uploads\/2025\/12\/friends-share-screen-to-learn-languages.webp","contentUrl":"https:\/\/talkpal.ai\/wp-content\/uploads\/2025\/12\/friends-share-screen-to-learn-languages.webp","width":1200,"height":896,"caption":"A small group of friends looks at a laptop while learning languages in a library."},{"@type":"BreadcrumbList","@id":"https:\/\/talkpal.ai\/sv\/vocabulary\/ord-for-klader-och-accessoarer-pa-galiciska\/#breadcrumb","itemListElement":[{"@type":"ListItem","position":1,"name":"Homepage","item":"https:\/\/talkpal.ai\/sv\/"},{"@type":"ListItem","position":2,"name":"Ord f\u00f6r kl\u00e4der och accessoarer p\u00e5 galiciska"}]},{"@type":"WebSite","@id":"https:\/\/talkpal.ai\/sv\/#website","url":"https:\/\/talkpal.ai\/sv\/","name":"Talkpal","description":"AI Language Learning","publisher":{"@id":"https:\/\/talkpal.ai\/sv\/#organization"},"alternateName":"Talkpal AI","potentialAction":[{"@type":"SearchAction","target":{"@type":"EntryPoint","urlTemplate":"https:\/\/talkpal.ai\/sv\/?s={search_term_string}"},"query-input":{"@type":"PropertyValueSpecification","valueRequired":true,"valueName":"search_term_string"}}],"inLanguage":"sv-SE"},{"@type":"Organization","@id":"https:\/\/talkpal.ai\/sv\/#organization","name":"Talkpal, Inc.","alternateName":"Talkpal AI","url":"https:\/\/talkpal.ai\/sv\/","logo":{"@type":"ImageObject","inLanguage":"sv-SE","@id":"https:\/\/talkpal.ai\/sv\/#\/schema\/logo\/image\/","url":"https:\/\/talkpal.ai\/wp-content\/uploads\/2024\/03\/Talkpal-Logo-Icon.png","contentUrl":"https:\/\/talkpal.ai\/wp-content\/uploads\/2024\/03\/Talkpal-Logo-Icon.png","width":2880,"height":2880,"caption":"Talkpal, Inc."},"image":{"@id":"https:\/\/talkpal.ai\/sv\/#\/schema\/logo\/image\/"},"sameAs":["https:\/\/www.facebook.com\/profile.php?id=100090733639311","https:\/\/x.com\/talkpalai","https:\/\/www.linkedin.com\/company\/talkpal\/","https:\/\/www.youtube.com\/@TalkPal\/","https:\/\/www.tiktok.com\/@talkpal","https:\/\/www.instagram.com\/talkpal_ai\/","https:\/\/www.crunchbase.com\/organization\/talkpal-9cde","https:\/\/www.g2.com\/products\/talkpal-for-business\/","https:\/\/www.trustpilot.com\/review\/talkpal.ai","https:\/\/www.capterra.com\/p\/10006800\/TalkPal\/"],"description":"Talkpal is a language learning web and mobile education app, powered by the latest AI technologies, that provides engaging experiences to its customers in many different languages to help them improve their language skills. Users can chat about unlimited amount of topics with the app and use other modes to practice their language learning.","email":"support@talkpal.ai","legalName":"Talkpal, Inc.","foundingDate":"2023-04-03","duns":"118989042","numberOfEmployees":{"@type":"QuantitativeValue","minValue":"11","maxValue":"50"},"publishingPrinciples":"https:\/\/talkpal.ai\/publishing-principles\/","actionableFeedbackPolicy":"https:\/\/talkpal.ai\/actionable-feedback-policy\/","correctionsPolicy":"https:\/\/talkpal.ai\/corrections-policy\/","ethicsPolicy":"https:\/\/talkpal.ai\/ethics-policy\/","diversityPolicy":"https:\/\/talkpal.ai\/diversity-policy\/","diversityStaffingReport":"https:\/\/talkpal.ai\/diversity-policy\/"}]}},"_links":{"self":[{"href":"https:\/\/talkpal.ai\/sv\/wp-json\/wp\/v2\/vocabulary\/716933","targetHints":{"allow":["GET"]}}],"collection":[{"href":"https:\/\/talkpal.ai\/sv\/wp-json\/wp\/v2\/vocabulary"}],"about":[{"href":"https:\/\/talkpal.ai\/sv\/wp-json\/wp\/v2\/types\/vocabulary"}],"wp:featuredmedia":[{"embeddable":true,"href":"https:\/\/talkpal.ai\/sv\/wp-json\/wp\/v2\/media\/1527662"}],"wp:attachment":[{"href":"https:\/\/talkpal.ai\/sv\/wp-json\/wp\/v2\/media?parent=716933"}],"wp:term":[{"taxonomy":"vocabulary_language","embeddable":true,"href":"https:\/\/talkpal.ai\/sv\/wp-json\/wp\/v2\/vocabulary_language?post=716933"}],"curies":[{"name":"wp","href":"https:\/\/api.w.org\/{rel}","templated":true}]}}