{"id":716932,"date":"2024-06-08T18:52:00","date_gmt":"2024-06-08T18:52:00","guid":{"rendered":"https:\/\/talkpal.ai\/vocabulary\/fraser-for-att-diskutera-tid-och-datum-pa-galiciska\/"},"modified":"2024-06-08T18:52:00","modified_gmt":"2024-06-08T18:52:00","slug":"fraser-for-att-diskutera-tid-och-datum-pa-galiciska","status":"publish","type":"vocabulary","link":"https:\/\/talkpal.ai\/sv\/vocabulary\/fraser-for-att-diskutera-tid-och-datum-pa-galiciska\/","title":{"rendered":"Fraser f\u00f6r att diskutera tid och datum p\u00e5 galiciska"},"content":{"rendered":"<p>Att diskutera tid och datum \u00e4r en grundl\u00e4ggande del av <a href=\"https:\/\/talkpal.ai\/fr\/langues\/\">alla spr\u00e5k<\/a>, inklusive <a href=\"https:\/\/talkpal.ai\/learn-galician\/\">galiciska<\/a>. Genom att l\u00e4ra dig dessa fraser kan du l\u00e4ttare navigera genom samtal, g\u00f6ra planer och f\u00f6rst\u00e5 dagliga aktiviteter. H\u00e4r \u00e4r en omfattande guide till fraser och ord som du kan anv\u00e4nda f\u00f6r att diskutera tid och datum p\u00e5 galiciska.<\/p>\n<h2>Grundl\u00e4ggande tidsuttryck<\/h2>\n<p><b>Hora<\/b> &#8211; Timme<br \/>\nAtt veta hur man uttrycker timmar \u00e4r grundl\u00e4ggande f\u00f6r att kunna <a href=\"https:\/\/talkpal.ai\/locations\/language-courses-in-prata\/\">prata<\/a> om tid.<br \/>\n<font color=\"#2D3AC7\">&#8221;Que hora \u00e9?&#8221;<\/font><\/p>\n<p><b>Minuto<\/b> &#8211; Minut<br \/>\nAnv\u00e4nds f\u00f6r att prata om minuter.<br \/>\n<font color=\"#2D3AC7\">&#8221;Espera un minuto, por favor.&#8221;<\/font><\/p>\n<p><b>Segundo<\/b> &#8211; Sekund<br \/>\n<a href=\"https:\/\/talkpal.ai\/locations\/learn-english-in-bra\/\">Bra<\/a> att kunna n\u00e4r du pratar om v\u00e4ldigt korta tidsperioder.<br \/>\n<font color=\"#2D3AC7\">&#8221;S\u00f3 un segundo.&#8221;<\/font><\/p>\n<h2>Att fr\u00e5ga och svara om tid<\/h2>\n<p><b>Que hora \u00e9?<\/b> &#8211; Vad \u00e4r klockan?<br \/>\nEn grundl\u00e4ggande fr\u00e5ga n\u00e4r du vill veta tiden.<br \/>\n<font color=\"#2D3AC7\">&#8221;Que hora \u00e9 agora?&#8221;<\/font><\/p>\n<p><b>Son as&#8230;<\/b> &#8211; Klockan \u00e4r&#8230;<br \/>\nAnv\u00e4nds f\u00f6r att svara p\u00e5 fr\u00e5gan om vad klockan \u00e4r.<br \/>\n<font color=\"#2D3AC7\">&#8221;Son as tres.&#8221;<\/font><\/p>\n<p><b>A que hora?<\/b> &#8211; Vilken tid?<br \/>\nAnv\u00e4nds f\u00f6r att fr\u00e5ga om en specifik tid f\u00f6r en h\u00e4ndelse.<br \/>\n<font color=\"#2D3AC7\">&#8221;A que hora comezamos?&#8221;<\/font><\/p>\n<h2>Delar av dagen<\/h2>\n<p><b>Ma\u00f1\u00e1<\/b> &#8211; Morgon<br \/>\nAnv\u00e4nds f\u00f6r att prata om tidigt p\u00e5 dagen.<br \/>\n<font color=\"#2D3AC7\">&#8221;V\u00e9monos pola ma\u00f1\u00e1.&#8221;<\/font><\/p>\n<p><b>Tarde<\/b> &#8211; Eftermiddag<br \/>\nAnv\u00e4nds f\u00f6r att prata om tiden efter lunch.<br \/>\n<font color=\"#2D3AC7\">&#8221;Chegar\u00e1n pola tarde.&#8221;<\/font><\/p>\n<p><b>Noite<\/b> &#8211; Kv\u00e4ll\/Natt<br \/>\nAnv\u00e4nds f\u00f6r att prata om sena timmar.<br \/>\n<font color=\"#2D3AC7\">&#8221;Festa na noite.&#8221;<\/font><\/p>\n<h2>Veckodagar<\/h2>\n<p><b>Luns<\/b> &#8211; M\u00e5ndag<br \/>\nF\u00f6r att prata om den f\u00f6rsta dagen i arbetsveckan.<br \/>\n<font color=\"#2D3AC7\">&#8221;O luns te\u00f1o unha reuni\u00f3n.&#8221;<\/font><\/p>\n<p><b>Martes<\/b> &#8211; Tisdag<br \/>\nF\u00f6r att prata om den andra dagen i arbetsveckan.<br \/>\n<font color=\"#2D3AC7\">&#8221;O martes imos ao cine.&#8221;<\/font><\/p>\n<p><b>M\u00e9rcores<\/b> &#8211; Onsdag<br \/>\nF\u00f6r att prata om mitten av veckan.<br \/>\n<font color=\"#2D3AC7\">&#8221;O m\u00e9rcores hai clase de galego.&#8221;<\/font><\/p>\n<p><b>Xoves<\/b> &#8211; Torsdag<br \/>\nF\u00f6r att prata om dagen f\u00f6re fredag.<br \/>\n<font color=\"#2D3AC7\">&#8221;O xoves \u00e9 o meu d\u00eda favorito.&#8221;<\/font><\/p>\n<p><b>Venres<\/b> &#8211; Fredag<br \/>\nF\u00f6r att prata om slutet p\u00e5 arbetsveckan.<br \/>\n<font color=\"#2D3AC7\">&#8221;O venres sa\u00edmos de festa.&#8221;<\/font><\/p>\n<p><b>S\u00e1bado<\/b> &#8211; L\u00f6rdag<br \/>\nF\u00f6r att prata om helgen.<br \/>\n<font color=\"#2D3AC7\">&#8221;O s\u00e1bado vou descansar.&#8221;<\/font><\/p>\n<p><b>Domingo<\/b> &#8211; S\u00f6ndag<br \/>\nF\u00f6r att prata om den sista dagen i veckan.<br \/>\n<font color=\"#2D3AC7\">&#8221;O domingo imos \u00e1 misa.&#8221;<\/font><\/p>\n<h2>M\u00e5nader p\u00e5 \u00e5ret<\/h2>\n<p><b>Xaneiro<\/b> &#8211; Januari<br \/>\nF\u00f6r att prata om \u00e5rets f\u00f6rsta m\u00e5nad.<br \/>\n<font color=\"#2D3AC7\">&#8221;Xaneiro \u00e9 un mes fr\u00edo.&#8221;<\/font><\/p>\n<p><b>Febreiro<\/b> &#8211; Februari<br \/>\nF\u00f6r att prata om \u00e5rets andra m\u00e5nad.<br \/>\n<font color=\"#2D3AC7\">&#8221;En febreiro celebramos o Entroido.&#8221;<\/font><\/p>\n<p><b>Marzo<\/b> &#8211; Mars<br \/>\nF\u00f6r att prata om \u00e5rets tredje m\u00e5nad.<br \/>\n<font color=\"#2D3AC7\">&#8221;Marzo marca o inicio da primavera.&#8221;<\/font><\/p>\n<p><b>Abril<\/b> &#8211; April<br \/>\nF\u00f6r att prata om \u00e5rets fj\u00e4rde m\u00e5nad.<br \/>\n<font color=\"#2D3AC7\">&#8221;Abril \u00e9 un mes chuvioso.&#8221;<\/font><\/p>\n<p><b>Maio<\/b> &#8211; Maj<br \/>\nF\u00f6r att prata om \u00e5rets femte m\u00e5nad.<br \/>\n<font color=\"#2D3AC7\">&#8221;En maio celebramos o D\u00eda das Letras Galegas.&#8221;<\/font><\/p>\n<p><b>Xu\u00f1o<\/b> &#8211; Juni<br \/>\nF\u00f6r att prata om \u00e5rets sj\u00e4tte m\u00e5nad.<br \/>\n<font color=\"#2D3AC7\">&#8221;Xu\u00f1o \u00e9 o comezo do ver\u00e1n.&#8221;<\/font><\/p>\n<p><b>Xullo<\/b> &#8211; Juli<br \/>\nF\u00f6r att prata om \u00e5rets sjunde m\u00e5nad.<br \/>\n<font color=\"#2D3AC7\">&#8221;Xullo \u00e9 un mes caloroso.&#8221;<\/font><\/p>\n<p><b>Agosto<\/b> &#8211; Augusti<br \/>\nF\u00f6r att prata om \u00e5rets \u00e5ttonde m\u00e5nad.<br \/>\n<font color=\"#2D3AC7\">&#8221;En agosto imos de vacaci\u00f3ns.&#8221;<\/font><\/p>\n<p><b>Setembro<\/b> &#8211; September<br \/>\nF\u00f6r att prata om \u00e5rets nionde m\u00e5nad.<br \/>\n<font color=\"#2D3AC7\">&#8221;Setembro marca o inicio do outono.&#8221;<\/font><\/p>\n<p><b>Outubro<\/b> &#8211; Oktober<br \/>\nF\u00f6r att prata om \u00e5rets tionde m\u00e5nad.<br \/>\n<font color=\"#2D3AC7\">&#8221;Outubro \u00e9 un mes de <a href=\"https:\/\/talkpal.ai\/locations\/language-courses-in-moita\/\">moita<\/a> choiva.&#8221;<\/font><\/p>\n<p><b>Novembro<\/b> &#8211; November<br \/>\nF\u00f6r att prata om \u00e5rets elfte m\u00e5nad.<br \/>\n<font color=\"#2D3AC7\">&#8221;Novembro \u00e9 un mes fr\u00edo.&#8221;<\/font><\/p>\n<p><b>Decembro<\/b> &#8211; December<br \/>\nF\u00f6r att prata om \u00e5rets tolfte m\u00e5nad.<br \/>\n<font color=\"#2D3AC7\">&#8221;Decembro \u00e9 o mes do <a href=\"https:\/\/talkpal.ai\/talkpal-christmas-discount\/\">Nadal<\/a>.&#8221;<\/font><\/p>\n<h2>\u00c5rstider<\/h2>\n<p><b>Primavera<\/b> &#8211; V\u00e5r<br \/>\nF\u00f6r att prata om tiden d\u00e5 blommorna b\u00f6rjar blomma.<br \/>\n<font color=\"#2D3AC7\">&#8221;Na primavera as flores comezan a brotar.&#8221;<\/font><\/p>\n<p><b>Ver\u00e1n<\/b> &#8211; Sommar<br \/>\nF\u00f6r att prata om den varmaste perioden p\u00e5 \u00e5ret.<br \/>\n<font color=\"#2D3AC7\">&#8221;No ver\u00e1n g\u00fastame ir \u00e1 praia.&#8221;<\/font><\/p>\n<p><b>Outono<\/b> &#8211; H\u00f6st<br \/>\nF\u00f6r att prata om tiden d\u00e5 l\u00f6ven faller.<br \/>\n<font color=\"#2D3AC7\">&#8221;No outono rec\u00f3llense as casta\u00f1as.&#8221;<\/font><\/p>\n<p><b>Inverno<\/b> &#8211; Vinter<br \/>\nF\u00f6r att prata om den kallaste perioden p\u00e5 \u00e5ret.<br \/>\n<font color=\"#2D3AC7\">&#8221;No inverno neva nas monta\u00f1as.&#8221;<\/font><\/p>\n<h2>Specifika datum<\/h2>\n<p><b>Hoxe<\/b> &#8211; Idag<br \/>\nF\u00f6r att prata om den nuvarande dagen.<br \/>\n<font color=\"#2D3AC7\">&#8221;Hoxe \u00e9 un bo d\u00eda.&#8221;<\/font><\/p>\n<p><b>Onte<\/b> &#8211; Ig\u00e5r<br \/>\nF\u00f6r att prata om dagen innan idag.<br \/>\n<font color=\"#2D3AC7\">&#8221;Onte fixen moitas cousas.&#8221;<\/font><\/p>\n<p><b>Ma\u00f1\u00e1<\/b> &#8211; Imorgon<br \/>\nF\u00f6r att prata om dagen efter idag.<br \/>\n<font color=\"#2D3AC7\">&#8221;Ma\u00f1\u00e1 te\u00f1o unha cita.&#8221;<\/font><\/p>\n<p><b>Pasado ma\u00f1\u00e1<\/b> &#8211; \u00d6vermorgon<br \/>\nF\u00f6r att prata om tv\u00e5 dagar fr\u00e5n idag.<br \/>\n<font color=\"#2D3AC7\">&#8221;Pasado ma\u00f1\u00e1 imos de viaxe.&#8221;<\/font><\/p>\n<p><b>Esta semana<\/b> &#8211; Denna vecka<br \/>\nF\u00f6r att prata om den nuvarande veckan.<br \/>\n<font color=\"#2D3AC7\">&#8221;Esta semana te\u00f1o moito traballo.&#8221;<\/font><\/p>\n<p><b>A pr\u00f3xima semana<\/b> &#8211; N\u00e4sta vecka<br \/>\nF\u00f6r att prata om veckan efter den nuvarande.<br \/>\n<font color=\"#2D3AC7\">&#8221;A pr\u00f3xima semana vou de vacaci\u00f3ns.&#8221;<\/font><\/p>\n<p><b>O mes pasado<\/b> &#8211; F\u00f6rra m\u00e5naden<br \/>\nF\u00f6r att prata om m\u00e5naden innan den nuvarande.<br \/>\n<font color=\"#2D3AC7\">&#8221;O mes pasado foi moi ocupado.&#8221;<\/font><\/p>\n<p><b>O pr\u00f3ximo mes<\/b> &#8211; N\u00e4sta m\u00e5nad<br \/>\nF\u00f6r att prata om m\u00e5naden efter den nuvarande.<br \/>\n<font color=\"#2D3AC7\">&#8221;O pr\u00f3ximo mes celebramos o Nadal.&#8221;<\/font><\/p>\n<h2>Att g\u00f6ra planer<\/h2>\n<p><b>Que d\u00eda \u00e9 hoxe?<\/b> &#8211; Vilken dag \u00e4r det idag?<br \/>\nEn vanlig fr\u00e5ga n\u00e4r du vill veta dagens datum.<br \/>\n<font color=\"#2D3AC7\">&#8221;Que d\u00eda \u00e9 hoxe? \u00c9 m\u00e9rcores.&#8221;<\/font><\/p>\n<p><b>Cal \u00e9 a data?<\/b> &#8211; Vilket datum \u00e4r det?<br \/>\nEn annan vanlig fr\u00e5ga n\u00e4r du vill veta dagens datum.<br \/>\n<font color=\"#2D3AC7\">&#8221;Cal \u00e9 a data? \u00c9 o 15 de maio.&#8221;<\/font><\/p>\n<p><b>Te\u00f1o unha cita&#8230;<\/b> &#8211; Jag har ett m\u00f6te&#8230;<br \/>\nEn anv\u00e4ndbar fras n\u00e4r du vill ber\u00e4tta om en planerad aktivitet.<br \/>\n<font color=\"#2D3AC7\">&#8221;Te\u00f1o unha cita co m\u00e9dico ma\u00f1\u00e1.&#8221;<\/font><\/p>\n<p><b>Podemos vernos o&#8230;<\/b> &#8211; Kan vi tr\u00e4ffas p\u00e5&#8230;<br \/>\nAnv\u00e4nds f\u00f6r att f\u00f6resl\u00e5 en tid f\u00f6r att tr\u00e4ffas.<br \/>\n<font color=\"#2D3AC7\">&#8221;Podemos vernos o venres pola tarde?&#8221;<\/font><\/p>\n<p><b>Cando est\u00e1s libre?<\/b> &#8211; N\u00e4r \u00e4r du ledig?<br \/>\nEn <a href=\"https:\/\/talkpal.ai\/locations\/learn-english-in-bra\/\">bra<\/a> fras f\u00f6r att planera en tr\u00e4ff.<br \/>\n<font color=\"#2D3AC7\">&#8221;Cando est\u00e1s libre para tomar un caf\u00e9?&#8221;<\/font><\/p>\n<p><b>Estarei libre a&#8230;<\/b> &#8211; Jag kommer vara ledig p\u00e5&#8230;<br \/>\nAnv\u00e4nds f\u00f6r att tala om n\u00e4r du \u00e4r tillg\u00e4nglig.<br \/>\n<font color=\"#2D3AC7\">&#8221;Estarei libre a partir das cinco.&#8221;<\/font><\/p>\n<p>Genom att bem\u00e4stra dessa fraser och ord kommer du att vara b\u00e4ttre utrustad f\u00f6r att prata om tid och datum p\u00e5 galiciska. \u00d6va regelbundet och f\u00f6rs\u00f6k anv\u00e4nda dem i samtal f\u00f6r att f\u00f6rb\u00e4ttra din flytande. Lycka till med ditt spr\u00e5kstudium!<\/p>\n","protected":false},"featured_media":1527771,"template":"","vocabulary_language":[4184],"class_list":["post-716932","vocabulary","type-vocabulary","status-publish","has-post-thumbnail","hentry","vocabulary_language-galiciska"],"acf":[],"yoast_head":"<!-- This site is optimized with the Yoast SEO Premium plugin v27.2 (Yoast SEO v27.2) - https:\/\/yoast.com\/product\/yoast-seo-premium-wordpress\/ -->\n<title>Fraser f\u00f6r att diskutera tid och datum p\u00e5 galiciska - Talkpal<\/title>\n<meta name=\"description\" content=\"Att diskutera tid och datum \u00e4r en grundl\u00e4ggande del av alla spr\u00e5k, inklusive galiciska. Genom att l\u00e4ra dig dessa fraser kan du l\u00e4ttare navigera genom\" \/>\n<meta name=\"robots\" content=\"index, follow, max-snippet:-1, max-image-preview:large, max-video-preview:-1\" \/>\n<link rel=\"canonical\" href=\"https:\/\/talkpal.ai\/sv\/vocabulary\/fraser-for-att-diskutera-tid-och-datum-pa-galiciska\/\" \/>\n<meta property=\"og:locale\" content=\"sv_SE\" \/>\n<meta property=\"og:type\" content=\"article\" \/>\n<meta property=\"og:title\" content=\"Fraser f\u00f6r att diskutera tid och datum p\u00e5 galiciska\" \/>\n<meta property=\"og:description\" content=\"Att diskutera tid och datum \u00e4r en grundl\u00e4ggande del av alla spr\u00e5k, inklusive galiciska. Genom att l\u00e4ra dig dessa fraser kan du l\u00e4ttare navigera genom\" \/>\n<meta property=\"og:url\" content=\"https:\/\/talkpal.ai\/sv\/vocabulary\/fraser-for-att-diskutera-tid-och-datum-pa-galiciska\/\" \/>\n<meta property=\"og:site_name\" content=\"Talkpal\" \/>\n<meta property=\"article:publisher\" content=\"https:\/\/www.facebook.com\/profile.php?id=100090733639311\" \/>\n<meta property=\"og:image\" content=\"https:\/\/talkpal.ai\/wp-content\/uploads\/2024\/10\/talkpal_flat_illustration_of_a_employees_working_together_happi_c674ff77-e477-4e09-835a-01d30e561e99.png\" \/>\n\t<meta property=\"og:image:width\" content=\"1024\" \/>\n\t<meta property=\"og:image:height\" content=\"1024\" \/>\n\t<meta property=\"og:image:type\" content=\"image\/png\" \/>\n<meta name=\"twitter:card\" content=\"summary_large_image\" \/>\n<meta name=\"twitter:site\" content=\"@talkpalai\" \/>\n<meta name=\"twitter:label1\" content=\"Ber\u00e4knad l\u00e4stid\" \/>\n\t<meta name=\"twitter:data1\" content=\"5 minuter\" \/>\n<script type=\"application\/ld+json\" class=\"yoast-schema-graph\">{\"@context\":\"https:\/\/schema.org\",\"@graph\":[{\"@type\":\"WebPage\",\"@id\":\"https:\/\/talkpal.ai\/sv\/vocabulary\/fraser-for-att-diskutera-tid-och-datum-pa-galiciska\/\",\"url\":\"https:\/\/talkpal.ai\/sv\/vocabulary\/fraser-for-att-diskutera-tid-och-datum-pa-galiciska\/\",\"name\":\"Fraser f\u00f6r att diskutera tid och datum p\u00e5 galiciska - Talkpal\",\"isPartOf\":{\"@id\":\"https:\/\/talkpal.ai\/sv\/#website\"},\"primaryImageOfPage\":{\"@id\":\"https:\/\/talkpal.ai\/sv\/vocabulary\/fraser-for-att-diskutera-tid-och-datum-pa-galiciska\/#primaryimage\"},\"image\":{\"@id\":\"https:\/\/talkpal.ai\/sv\/vocabulary\/fraser-for-att-diskutera-tid-och-datum-pa-galiciska\/#primaryimage\"},\"thumbnailUrl\":\"https:\/\/talkpal.ai\/wp-content\/uploads\/2025\/12\/man-is-smiling-to-learn-languages.webp\",\"datePublished\":\"2024-06-08T18:52:00+00:00\",\"description\":\"Att diskutera tid och datum \u00e4r en grundl\u00e4ggande del av alla spr\u00e5k, inklusive galiciska. Genom att l\u00e4ra dig dessa fraser kan du l\u00e4ttare navigera genom\",\"breadcrumb\":{\"@id\":\"https:\/\/talkpal.ai\/sv\/vocabulary\/fraser-for-att-diskutera-tid-och-datum-pa-galiciska\/#breadcrumb\"},\"inLanguage\":\"sv-SE\",\"potentialAction\":[{\"@type\":\"ReadAction\",\"target\":[\"https:\/\/talkpal.ai\/sv\/vocabulary\/fraser-for-att-diskutera-tid-och-datum-pa-galiciska\/\"]}]},{\"@type\":\"ImageObject\",\"inLanguage\":\"sv-SE\",\"@id\":\"https:\/\/talkpal.ai\/sv\/vocabulary\/fraser-for-att-diskutera-tid-och-datum-pa-galiciska\/#primaryimage\",\"url\":\"https:\/\/talkpal.ai\/wp-content\/uploads\/2025\/12\/man-is-smiling-to-learn-languages.webp\",\"contentUrl\":\"https:\/\/talkpal.ai\/wp-content\/uploads\/2025\/12\/man-is-smiling-to-learn-languages.webp\",\"width\":1200,\"height\":896,\"caption\":\"A young man smiles at his laptop screen while learning languages at a library desk.\"},{\"@type\":\"BreadcrumbList\",\"@id\":\"https:\/\/talkpal.ai\/sv\/vocabulary\/fraser-for-att-diskutera-tid-och-datum-pa-galiciska\/#breadcrumb\",\"itemListElement\":[{\"@type\":\"ListItem\",\"position\":1,\"name\":\"Homepage\",\"item\":\"https:\/\/talkpal.ai\/sv\/\"},{\"@type\":\"ListItem\",\"position\":2,\"name\":\"Fraser f\u00f6r att diskutera tid och datum p\u00e5 galiciska\"}]},{\"@type\":\"WebSite\",\"@id\":\"https:\/\/talkpal.ai\/sv\/#website\",\"url\":\"https:\/\/talkpal.ai\/sv\/\",\"name\":\"Talkpal\",\"description\":\"AI Language Learning\",\"publisher\":{\"@id\":\"https:\/\/talkpal.ai\/sv\/#organization\"},\"alternateName\":\"Talkpal AI\",\"potentialAction\":[{\"@type\":\"SearchAction\",\"target\":{\"@type\":\"EntryPoint\",\"urlTemplate\":\"https:\/\/talkpal.ai\/sv\/?s={search_term_string}\"},\"query-input\":{\"@type\":\"PropertyValueSpecification\",\"valueRequired\":true,\"valueName\":\"search_term_string\"}}],\"inLanguage\":\"sv-SE\"},{\"@type\":\"Organization\",\"@id\":\"https:\/\/talkpal.ai\/sv\/#organization\",\"name\":\"Talkpal, Inc.\",\"alternateName\":\"Talkpal AI\",\"url\":\"https:\/\/talkpal.ai\/sv\/\",\"logo\":{\"@type\":\"ImageObject\",\"inLanguage\":\"sv-SE\",\"@id\":\"https:\/\/talkpal.ai\/sv\/#\/schema\/logo\/image\/\",\"url\":\"https:\/\/talkpal.ai\/wp-content\/uploads\/2024\/03\/Talkpal-Logo-Icon.png\",\"contentUrl\":\"https:\/\/talkpal.ai\/wp-content\/uploads\/2024\/03\/Talkpal-Logo-Icon.png\",\"width\":2880,\"height\":2880,\"caption\":\"Talkpal, Inc.\"},\"image\":{\"@id\":\"https:\/\/talkpal.ai\/sv\/#\/schema\/logo\/image\/\"},\"sameAs\":[\"https:\/\/www.facebook.com\/profile.php?id=100090733639311\",\"https:\/\/x.com\/talkpalai\",\"https:\/\/www.linkedin.com\/company\/talkpal\/\",\"https:\/\/www.youtube.com\/@TalkPal\/\",\"https:\/\/www.tiktok.com\/@talkpal\",\"https:\/\/www.instagram.com\/talkpal_ai\/\",\"https:\/\/www.crunchbase.com\/organization\/talkpal-9cde\",\"https:\/\/www.g2.com\/products\/talkpal-for-business\/\",\"https:\/\/www.trustpilot.com\/review\/talkpal.ai\",\"https:\/\/www.capterra.com\/p\/10006800\/TalkPal\/\"],\"description\":\"Talkpal is a language learning web and mobile education app, powered by the latest AI technologies, that provides engaging experiences to its customers in many different languages to help them improve their language skills. Users can chat about unlimited amount of topics with the app and use other modes to practice their language learning.\",\"email\":\"support@talkpal.ai\",\"legalName\":\"Talkpal, Inc.\",\"foundingDate\":\"2023-04-03\",\"duns\":\"118989042\",\"numberOfEmployees\":{\"@type\":\"QuantitativeValue\",\"minValue\":\"11\",\"maxValue\":\"50\"},\"publishingPrinciples\":\"https:\/\/talkpal.ai\/publishing-principles\/\",\"actionableFeedbackPolicy\":\"https:\/\/talkpal.ai\/actionable-feedback-policy\/\",\"correctionsPolicy\":\"https:\/\/talkpal.ai\/corrections-policy\/\",\"ethicsPolicy\":\"https:\/\/talkpal.ai\/ethics-policy\/\",\"diversityPolicy\":\"https:\/\/talkpal.ai\/diversity-policy\/\",\"diversityStaffingReport\":\"https:\/\/talkpal.ai\/diversity-policy\/\"}]}<\/script>\n<!-- \/ Yoast SEO Premium plugin. -->","yoast_head_json":{"title":"Fraser f\u00f6r att diskutera tid och datum p\u00e5 galiciska - Talkpal","description":"Att diskutera tid och datum \u00e4r en grundl\u00e4ggande del av alla spr\u00e5k, inklusive galiciska. Genom att l\u00e4ra dig dessa fraser kan du l\u00e4ttare navigera genom","robots":{"index":"index","follow":"follow","max-snippet":"max-snippet:-1","max-image-preview":"max-image-preview:large","max-video-preview":"max-video-preview:-1"},"canonical":"https:\/\/talkpal.ai\/sv\/vocabulary\/fraser-for-att-diskutera-tid-och-datum-pa-galiciska\/","og_locale":"sv_SE","og_type":"article","og_title":"Fraser f\u00f6r att diskutera tid och datum p\u00e5 galiciska","og_description":"Att diskutera tid och datum \u00e4r en grundl\u00e4ggande del av alla spr\u00e5k, inklusive galiciska. Genom att l\u00e4ra dig dessa fraser kan du l\u00e4ttare navigera genom","og_url":"https:\/\/talkpal.ai\/sv\/vocabulary\/fraser-for-att-diskutera-tid-och-datum-pa-galiciska\/","og_site_name":"Talkpal","article_publisher":"https:\/\/www.facebook.com\/profile.php?id=100090733639311","og_image":[{"width":1024,"height":1024,"url":"https:\/\/talkpal.ai\/wp-content\/uploads\/2024\/10\/talkpal_flat_illustration_of_a_employees_working_together_happi_c674ff77-e477-4e09-835a-01d30e561e99.png","type":"image\/png"}],"twitter_card":"summary_large_image","twitter_site":"@talkpalai","twitter_misc":{"Ber\u00e4knad l\u00e4stid":"5 minuter"},"schema":{"@context":"https:\/\/schema.org","@graph":[{"@type":"WebPage","@id":"https:\/\/talkpal.ai\/sv\/vocabulary\/fraser-for-att-diskutera-tid-och-datum-pa-galiciska\/","url":"https:\/\/talkpal.ai\/sv\/vocabulary\/fraser-for-att-diskutera-tid-och-datum-pa-galiciska\/","name":"Fraser f\u00f6r att diskutera tid och datum p\u00e5 galiciska - Talkpal","isPartOf":{"@id":"https:\/\/talkpal.ai\/sv\/#website"},"primaryImageOfPage":{"@id":"https:\/\/talkpal.ai\/sv\/vocabulary\/fraser-for-att-diskutera-tid-och-datum-pa-galiciska\/#primaryimage"},"image":{"@id":"https:\/\/talkpal.ai\/sv\/vocabulary\/fraser-for-att-diskutera-tid-och-datum-pa-galiciska\/#primaryimage"},"thumbnailUrl":"https:\/\/talkpal.ai\/wp-content\/uploads\/2025\/12\/man-is-smiling-to-learn-languages.webp","datePublished":"2024-06-08T18:52:00+00:00","description":"Att diskutera tid och datum \u00e4r en grundl\u00e4ggande del av alla spr\u00e5k, inklusive galiciska. Genom att l\u00e4ra dig dessa fraser kan du l\u00e4ttare navigera genom","breadcrumb":{"@id":"https:\/\/talkpal.ai\/sv\/vocabulary\/fraser-for-att-diskutera-tid-och-datum-pa-galiciska\/#breadcrumb"},"inLanguage":"sv-SE","potentialAction":[{"@type":"ReadAction","target":["https:\/\/talkpal.ai\/sv\/vocabulary\/fraser-for-att-diskutera-tid-och-datum-pa-galiciska\/"]}]},{"@type":"ImageObject","inLanguage":"sv-SE","@id":"https:\/\/talkpal.ai\/sv\/vocabulary\/fraser-for-att-diskutera-tid-och-datum-pa-galiciska\/#primaryimage","url":"https:\/\/talkpal.ai\/wp-content\/uploads\/2025\/12\/man-is-smiling-to-learn-languages.webp","contentUrl":"https:\/\/talkpal.ai\/wp-content\/uploads\/2025\/12\/man-is-smiling-to-learn-languages.webp","width":1200,"height":896,"caption":"A young man smiles at his laptop screen while learning languages at a library desk."},{"@type":"BreadcrumbList","@id":"https:\/\/talkpal.ai\/sv\/vocabulary\/fraser-for-att-diskutera-tid-och-datum-pa-galiciska\/#breadcrumb","itemListElement":[{"@type":"ListItem","position":1,"name":"Homepage","item":"https:\/\/talkpal.ai\/sv\/"},{"@type":"ListItem","position":2,"name":"Fraser f\u00f6r att diskutera tid och datum p\u00e5 galiciska"}]},{"@type":"WebSite","@id":"https:\/\/talkpal.ai\/sv\/#website","url":"https:\/\/talkpal.ai\/sv\/","name":"Talkpal","description":"AI Language Learning","publisher":{"@id":"https:\/\/talkpal.ai\/sv\/#organization"},"alternateName":"Talkpal AI","potentialAction":[{"@type":"SearchAction","target":{"@type":"EntryPoint","urlTemplate":"https:\/\/talkpal.ai\/sv\/?s={search_term_string}"},"query-input":{"@type":"PropertyValueSpecification","valueRequired":true,"valueName":"search_term_string"}}],"inLanguage":"sv-SE"},{"@type":"Organization","@id":"https:\/\/talkpal.ai\/sv\/#organization","name":"Talkpal, Inc.","alternateName":"Talkpal AI","url":"https:\/\/talkpal.ai\/sv\/","logo":{"@type":"ImageObject","inLanguage":"sv-SE","@id":"https:\/\/talkpal.ai\/sv\/#\/schema\/logo\/image\/","url":"https:\/\/talkpal.ai\/wp-content\/uploads\/2024\/03\/Talkpal-Logo-Icon.png","contentUrl":"https:\/\/talkpal.ai\/wp-content\/uploads\/2024\/03\/Talkpal-Logo-Icon.png","width":2880,"height":2880,"caption":"Talkpal, Inc."},"image":{"@id":"https:\/\/talkpal.ai\/sv\/#\/schema\/logo\/image\/"},"sameAs":["https:\/\/www.facebook.com\/profile.php?id=100090733639311","https:\/\/x.com\/talkpalai","https:\/\/www.linkedin.com\/company\/talkpal\/","https:\/\/www.youtube.com\/@TalkPal\/","https:\/\/www.tiktok.com\/@talkpal","https:\/\/www.instagram.com\/talkpal_ai\/","https:\/\/www.crunchbase.com\/organization\/talkpal-9cde","https:\/\/www.g2.com\/products\/talkpal-for-business\/","https:\/\/www.trustpilot.com\/review\/talkpal.ai","https:\/\/www.capterra.com\/p\/10006800\/TalkPal\/"],"description":"Talkpal is a language learning web and mobile education app, powered by the latest AI technologies, that provides engaging experiences to its customers in many different languages to help them improve their language skills. Users can chat about unlimited amount of topics with the app and use other modes to practice their language learning.","email":"support@talkpal.ai","legalName":"Talkpal, Inc.","foundingDate":"2023-04-03","duns":"118989042","numberOfEmployees":{"@type":"QuantitativeValue","minValue":"11","maxValue":"50"},"publishingPrinciples":"https:\/\/talkpal.ai\/publishing-principles\/","actionableFeedbackPolicy":"https:\/\/talkpal.ai\/actionable-feedback-policy\/","correctionsPolicy":"https:\/\/talkpal.ai\/corrections-policy\/","ethicsPolicy":"https:\/\/talkpal.ai\/ethics-policy\/","diversityPolicy":"https:\/\/talkpal.ai\/diversity-policy\/","diversityStaffingReport":"https:\/\/talkpal.ai\/diversity-policy\/"}]}},"_links":{"self":[{"href":"https:\/\/talkpal.ai\/sv\/wp-json\/wp\/v2\/vocabulary\/716932","targetHints":{"allow":["GET"]}}],"collection":[{"href":"https:\/\/talkpal.ai\/sv\/wp-json\/wp\/v2\/vocabulary"}],"about":[{"href":"https:\/\/talkpal.ai\/sv\/wp-json\/wp\/v2\/types\/vocabulary"}],"wp:featuredmedia":[{"embeddable":true,"href":"https:\/\/talkpal.ai\/sv\/wp-json\/wp\/v2\/media\/1527771"}],"wp:attachment":[{"href":"https:\/\/talkpal.ai\/sv\/wp-json\/wp\/v2\/media?parent=716932"}],"wp:term":[{"taxonomy":"vocabulary_language","embeddable":true,"href":"https:\/\/talkpal.ai\/sv\/wp-json\/wp\/v2\/vocabulary_language?post=716932"}],"curies":[{"name":"wp","href":"https:\/\/api.w.org\/{rel}","templated":true}]}}